{"id":82,"date":"2010-03-05T18:03:13","date_gmt":"2010-03-05T17:03:13","guid":{"rendered":"http:\/\/kontesadora.com\/?page_id=82"},"modified":"2022-04-29T10:59:14","modified_gmt":"2022-04-29T08:59:14","slug":"zicani","status":"publish","type":"page","link":"https:\/\/kontesadora.hr\/stara\/odjeli\/zicani","title":{"rendered":"Odjel \u017ei\u010danih instrumenata"},"content":{"rendered":"<p style=\"text-align: left;\"><strong>Violina, gitara, bisernica, bra\u010d<\/strong><\/p>\n<p style=\"text-align: left;\"><img loading=\"lazy\" class=\"alignnone wp-image-61 size-full\" title=\"Daniel Kopri\" src=\"https:\/\/kontesadora.hr\/stara\/wp-content\/uploads\/2010\/02\/danijel_kopri.jpg\" alt=\"\" width=\"113\" height=\"150\"\/>&nbsp; <span style=\"color: #000000;\">P<\/span><span style=\"color: #993366;\"><span style=\"color: #000000;\">ro\u010delnik odjela i voditelj orkestra<\/span>&nbsp; &nbsp;<\/span>Daniel Kopri \u2013 u\u010ditelj tambure<\/p>\n<p style=\"text-align: left;\"><img loading=\"lazy\" class=\"alignnone wp-image-290 size-full\" title=\"dean_kopri\" src=\"https:\/\/kontesadora.hr\/stara\/wp-content\/uploads\/2010\/03\/dean_kopri.jpg\" alt=\"\" width=\"113\" height=\"150\"\/>&nbsp;&nbsp;Dean Kopri &#8211; u\u010ditelj tambure<\/p>\n<p style=\"text-align: left;\">&nbsp;<\/p>\n<p style=\"text-align: left;\"><img loading=\"lazy\" class=\"alignnone wp-image-1146 size-full\" title=\"mario_huj\" src=\"https:\/\/kontesadora.hr\/stara\/wp-content\/uploads\/2010\/03\/mario_huj.jpg\" alt=\"\" width=\"113\" height=\"150\"\/>&nbsp;Mario Huj &#8211; u\u010ditelj gitare<\/p>\n<p style=\"text-align: left;\"><span style=\"color: #0000ff;\">&nbsp; &nbsp; &nbsp; &nbsp; &nbsp; &nbsp; &nbsp; &nbsp; &nbsp; &nbsp; &nbsp; &nbsp; &nbsp; &nbsp; &nbsp; &nbsp;od \u0161kolske godine 2015.\/2016.<\/span><\/p>\n<p style=\"text-align: left;\"><a href=\"http:\/\/kontesadora.hr\/wp-content\/uploads\/2010\/03\/DSC_3073.jpg\"><img loading=\"lazy\" class=\"alignnone wp-image-5932\" src=\"http:\/\/kontesadora.hr\/wp-content\/uploads\/2010\/03\/DSC_3073-199x300.jpg\" alt=\"dsc_3073\" width=\"115\" height=\"174\" srcset=\"https:\/\/kontesadora.hr\/stara\/wp-content\/uploads\/2010\/03\/DSC_3073-199x300.jpg 199w, https:\/\/kontesadora.hr\/stara\/wp-content\/uploads\/2010\/03\/DSC_3073-768x1160.jpg 768w, https:\/\/kontesadora.hr\/stara\/wp-content\/uploads\/2010\/03\/DSC_3073-678x1024.jpg 678w\" sizes=\"(max-width: 115px) 100vw, 115px\" \/><\/a>&nbsp;&nbsp;Luka Pavlekovi\u0107, mag.mus -u\u010dtelj tambure i voditelj zbora<\/p>\n<div>&nbsp;<\/div>\n<div>&nbsp;<\/div>\n<div><a href=\"http:\/\/kontesadora.hr\/wp-content\/uploads\/2010\/03\/DSC_3061.jpg\"><img loading=\"lazy\" class=\"wp-image-5933 alignnone\" src=\"http:\/\/kontesadora.hr\/wp-content\/uploads\/2010\/03\/DSC_3061-199x300.jpg\" alt=\"dsc_3061\" width=\"115\" height=\"174\" srcset=\"https:\/\/kontesadora.hr\/stara\/wp-content\/uploads\/2010\/03\/DSC_3061-199x300.jpg 199w, https:\/\/kontesadora.hr\/stara\/wp-content\/uploads\/2010\/03\/DSC_3061-768x1160.jpg 768w, https:\/\/kontesadora.hr\/stara\/wp-content\/uploads\/2010\/03\/DSC_3061-678x1024.jpg 678w\" sizes=\"(max-width: 115px) 100vw, 115px\" \/><\/a>&nbsp;&nbsp;Matija Medverec, univ.bacc.mus. &#8211; u\u010ditelj tambure<\/div>\n<div>&nbsp;<\/div>\n<div>&nbsp;<\/div>\n<div><a href=\"http:\/\/kontesadora.hr\/wp-content\/uploads\/2010\/03\/DSC_3070.jpg\"><img loading=\"lazy\" class=\"wp-image-5946 alignnone\" src=\"http:\/\/kontesadora.hr\/wp-content\/uploads\/2010\/03\/DSC_3070-199x300.jpg\" alt=\"dsc_3070\" width=\"116\" height=\"175\" srcset=\"https:\/\/kontesadora.hr\/stara\/wp-content\/uploads\/2010\/03\/DSC_3070-199x300.jpg 199w, https:\/\/kontesadora.hr\/stara\/wp-content\/uploads\/2010\/03\/DSC_3070-768x1160.jpg 768w, https:\/\/kontesadora.hr\/stara\/wp-content\/uploads\/2010\/03\/DSC_3070-678x1024.jpg 678w\" sizes=\"(max-width: 116px) 100vw, 116px\" \/><\/a>&nbsp;&nbsp;Ariana \u0160krinjar, mag.mus. &#8211; u\u010diteljica violine<\/div>\n<div>&nbsp;<\/div>\n<div>&nbsp;<\/div>\n<p style=\"text-align: left;\"><strong>BIV\u0160I ZAPOSLENICI<\/strong><\/p>\n<p><img loading=\"lazy\" class=\"alignnone\" title=\"ivana_nikolin\" src=\"http:\/\/kontesadora.hr\/wp-content\/uploads\/2010\/03\/ivana_nikolin.jpg\" alt=\"\" width=\"113\" height=\"150\"\/>&nbsp;&nbsp;Ivana Nikolin \u2013 u\u010diteljica gitare do \u0161k.god. 2010.\/2011.<\/p>\n<p><img loading=\"lazy\" title=\"Ileana Sucala\" src=\"http:\/\/kontesadora.com\/wp-content\/uploads\/2010\/02\/Ileana_sucala.jpg\" alt=\"\" width=\"113\" height=\"150\"\/>&nbsp;&nbsp;Ileana Sucala Matei &#8211; u\u010diteljica violine do \u0161k.god. 2011.\/2012.<\/p>\n<p><img loading=\"lazy\" class=\"alignnone\" src=\"http:\/\/kontesadora.com\/wp-content\/uploads\/2010\/02\/andrea_kopri.jpg\" width=\"113\" height=\"150\"\/>&nbsp; Andrea Kopri \u2013 u\u010diteljica tambure<\/p>\n<p><a href=\"http:\/\/kontesadora.hr\/wp-content\/uploads\/2010\/03\/unnamed.jpg\"><img loading=\"lazy\" class=\"alignnone wp-image-5966\" src=\"http:\/\/kontesadora.hr\/wp-content\/uploads\/2010\/03\/unnamed-150x150.jpg\" alt=\"unnamed\" width=\"118\" height=\"150\" srcset=\"https:\/\/kontesadora.hr\/stara\/wp-content\/uploads\/2010\/03\/unnamed-236x300.jpg 236w, https:\/\/kontesadora.hr\/stara\/wp-content\/uploads\/2010\/03\/unnamed.jpg 747w\" sizes=\"(max-width: 118px) 100vw, 118px\" \/><\/a>&nbsp;&nbsp;Dubravka Balent, mag.mus &#8211; u\u010diteljica violine<\/p>\n<p><img src=\"http:\/\/kontesadora.hr\/wp-content\/uploads\/2010\/03\/tatjana_stehlik.jpg\"\/>&nbsp; Tatjana Stehlik &#8211; u\u010diteljica violine &nbsp;1981-2016.<\/p>\n<p>&nbsp;<\/p>\n<p>Lovro Mato\u0161evi\u0107 &#8211; &nbsp;u\u010ditelj violine<\/p>\n<p>&nbsp;<\/p>\n","protected":false},"excerpt":{"rendered":"<p>Violina, gitara, bisernica, bra\u010d &nbsp; Pro\u010delnik odjela i voditelj orkestra&nbsp; &nbsp;Daniel Kopri \u2013 u\u010ditelj tambure &nbsp;&nbsp;Dean Kopri &#8211; u\u010ditelj tambure &nbsp; &nbsp;Mario Huj &#8211; u\u010ditelj gitare &nbsp; &nbsp; &nbsp; &nbsp; &nbsp; &nbsp; &nbsp; &nbsp; &nbsp; &nbsp; &nbsp; &nbsp; &nbsp; &nbsp; &nbsp; &nbsp;od \u0161kolske godine 2015.\/2016. &nbsp;&nbsp;Luka Pavlekovi\u0107, mag.mus -u\u010dtelj tambure i voditelj zbora &nbsp; &nbsp; &nbsp;&nbsp;Matija Medverec, univ.bacc.mus. &#8211; u\u010ditelj [&hellip;]<\/p>\n","protected":false},"author":254,"featured_media":0,"parent":17,"menu_order":2,"comment_status":"closed","ping_status":"open","template":"","meta":{"ngg_post_thumbnail":0},"_links":{"self":[{"href":"https:\/\/kontesadora.hr\/stara\/wp-json\/wp\/v2\/pages\/82"}],"collection":[{"href":"https:\/\/kontesadora.hr\/stara\/wp-json\/wp\/v2\/pages"}],"about":[{"href":"https:\/\/kontesadora.hr\/stara\/wp-json\/wp\/v2\/types\/page"}],"author":[{"embeddable":true,"href":"https:\/\/kontesadora.hr\/stara\/wp-json\/wp\/v2\/users\/254"}],"replies":[{"embeddable":true,"href":"https:\/\/kontesadora.hr\/stara\/wp-json\/wp\/v2\/comments?post=82"}],"version-history":[{"count":34,"href":"https:\/\/kontesadora.hr\/stara\/wp-json\/wp\/v2\/pages\/82\/revisions"}],"predecessor-version":[{"id":13584,"href":"https:\/\/kontesadora.hr\/stara\/wp-json\/wp\/v2\/pages\/82\/revisions\/13584"}],"up":[{"embeddable":true,"href":"https:\/\/kontesadora.hr\/stara\/wp-json\/wp\/v2\/pages\/17"}],"wp:attachment":[{"href":"https:\/\/kontesadora.hr\/stara\/wp-json\/wp\/v2\/media?parent=82"}],"curies":[{"name":"wp","href":"https:\/\/api.w.org\/{rel}","templated":true}]}}