{"id":80,"date":"2010-03-05T18:02:29","date_gmt":"2010-03-05T17:02:29","guid":{"rendered":"http:\/\/kontesadora.com\/?page_id=80"},"modified":"2022-04-29T10:58:23","modified_gmt":"2022-04-29T08:58:23","slug":"glasovirski","status":"publish","type":"page","link":"https:\/\/kontesadora.hr\/stara\/odjeli\/glasovirski","title":{"rendered":"Odjel instrumenata sa tipkama"},"content":{"rendered":"<p><span style=\"text-decoration: underline;\"><strong>Klavir<\/strong><\/span><\/p>\n<p>&nbsp;<\/p>\n<p><img loading=\"lazy\" class=\"alignnone wp-image-62 size-full\" title=\"Darija Vlajni\u0107\" src=\"https:\/\/kontesadora.hr\/stara\/wp-content\/uploads\/2010\/02\/darija_vlajnic.jpg\" alt=\"\" width=\"113\" height=\"150\"\/>&nbsp;<span style=\"color: #993366;\">pro\u010delnica odjela&nbsp;<\/span>Darija Vlajni\u0107 \u2013 mentorica i u\u010diteljica klavira<\/p>\n<p>&nbsp;<\/p>\n<p><img loading=\"lazy\" class=\"alignnone wp-image-292 size-full\" title=\"sanja_petrovic\" src=\"https:\/\/kontesadora.hr\/stara\/wp-content\/uploads\/2010\/03\/sanja_petrovic.jpg\" alt=\"\" width=\"113\" height=\"150\"\/>&nbsp;Sanja Vazdar \u2013 u\u010diteljica klavira<\/p>\n<p><span style=\"color: #0000ff;\">&nbsp; &nbsp; &nbsp; &nbsp; &nbsp; &nbsp; &nbsp; &nbsp; &nbsp; &nbsp; &nbsp; &nbsp; &nbsp; &nbsp; &nbsp; &nbsp; od \u0161kolske godine 2015.\/2016.<\/span><\/p>\n<p><a href=\"http:\/\/kontesadora.hr\/stara\/wp-content\/uploads\/2010\/03\/DSC_3066.jpg\"><img loading=\"lazy\" class=\"alignnone wp-image-5943\" src=\"http:\/\/kontesadora.hr\/wp-content\/uploads\/2010\/03\/DSC_3066-199x300.jpg\" alt=\"dsc_3066\" width=\"115\" height=\"174\" srcset=\"https:\/\/kontesadora.hr\/stara\/wp-content\/uploads\/2010\/03\/DSC_3066-199x300.jpg 199w, https:\/\/kontesadora.hr\/stara\/wp-content\/uploads\/2010\/03\/DSC_3066-768x1160.jpg 768w, https:\/\/kontesadora.hr\/stara\/wp-content\/uploads\/2010\/03\/DSC_3066-678x1024.jpg 678w\" sizes=\"(max-width: 115px) 100vw, 115px\" \/><\/a>&nbsp;&nbsp;Miroslav Maji\u0107, prof. &#8211; u\u010ditelj klavira<\/p>\n<p>&nbsp;<\/p>\n<p><span style=\"text-decoration: underline;\"><strong>Harmonika<\/strong><\/span><\/p>\n<p><img src=\"http:\/\/kontesadora.com\/wp-content\/uploads\/2010\/02\/marijan_slakic.jpg\" alt=\"\"\/><\/p>\n<p>Marijan Slaki\u0107 \u2013 u\u010ditelj harmonike<\/p>\n<p>&nbsp;<\/p>\n<p><strong><span style=\"text-decoration: underline;\">BIV\u0160I ZAPOSLENICI:<\/span><\/strong><\/p>\n<p><img src=\"http:\/\/kontesadora.com\/wp-content\/uploads\/2010\/02\/rajko_loncaric.jpg\" alt=\"\"\/><\/p>\n<p>Rajko Lon\u010dari\u0107 \u2013 u\u010ditelj klavira<\/p>\n<p>&nbsp;<\/p>\n","protected":false},"excerpt":{"rendered":"<p>Klavir &nbsp; &nbsp;pro\u010delnica odjela&nbsp;Darija Vlajni\u0107 \u2013 mentorica i u\u010diteljica klavira &nbsp; &nbsp;Sanja Vazdar \u2013 u\u010diteljica klavira &nbsp; &nbsp; &nbsp; &nbsp; &nbsp; &nbsp; &nbsp; &nbsp; &nbsp; &nbsp; &nbsp; &nbsp; &nbsp; &nbsp; &nbsp; &nbsp; od \u0161kolske godine 2015.\/2016. &nbsp;&nbsp;Miroslav Maji\u0107, prof. &#8211; u\u010ditelj klavira &nbsp; Harmonika Marijan Slaki\u0107 \u2013 u\u010ditelj harmonike &nbsp; BIV\u0160I ZAPOSLENICI: Rajko Lon\u010dari\u0107 \u2013 u\u010ditelj klavira &nbsp;<\/p>\n","protected":false},"author":254,"featured_media":0,"parent":17,"menu_order":1,"comment_status":"closed","ping_status":"open","template":"","meta":{"ngg_post_thumbnail":0},"_links":{"self":[{"href":"https:\/\/kontesadora.hr\/stara\/wp-json\/wp\/v2\/pages\/80"}],"collection":[{"href":"https:\/\/kontesadora.hr\/stara\/wp-json\/wp\/v2\/pages"}],"about":[{"href":"https:\/\/kontesadora.hr\/stara\/wp-json\/wp\/v2\/types\/page"}],"author":[{"embeddable":true,"href":"https:\/\/kontesadora.hr\/stara\/wp-json\/wp\/v2\/users\/254"}],"replies":[{"embeddable":true,"href":"https:\/\/kontesadora.hr\/stara\/wp-json\/wp\/v2\/comments?post=80"}],"version-history":[{"count":21,"href":"https:\/\/kontesadora.hr\/stara\/wp-json\/wp\/v2\/pages\/80\/revisions"}],"predecessor-version":[{"id":13583,"href":"https:\/\/kontesadora.hr\/stara\/wp-json\/wp\/v2\/pages\/80\/revisions\/13583"}],"up":[{"embeddable":true,"href":"https:\/\/kontesadora.hr\/stara\/wp-json\/wp\/v2\/pages\/17"}],"wp:attachment":[{"href":"https:\/\/kontesadora.hr\/stara\/wp-json\/wp\/v2\/media?parent=80"}],"curies":[{"name":"wp","href":"https:\/\/api.w.org\/{rel}","templated":true}]}}