{"id":22,"date":"2010-02-18T09:07:41","date_gmt":"2010-02-18T08:07:41","guid":{"rendered":"http:\/\/kontesadora.com\/galerija"},"modified":"2022-02-22T13:13:39","modified_gmt":"2022-02-22T12:13:39","slug":"galerija","status":"publish","type":"page","link":"https:\/\/kontesadora.hr\/stara\/galerija","title":{"rendered":"galerija"},"content":{"rendered":"<!-- index.php -->\n<div\n\tclass=\"ngg-galleryoverview ngg-ajax-pagination-none\"\n\tid=\"ngg-gallery-d2ef873bc2f0ca40f9198043c73ab8dc-1\">\n\n    \t<div class=\"slideshowlink\">\n        <a href='https:\/\/kontesadora.hr\/stara\/galerija\/nggallery\/slideshow'>[Show as slideshow]<\/a>\n\t\t\n\t<\/div>\n\t\t\t<!-- Thumbnails -->\n\t\t\t\t<div id=\"ngg-image-0\" class=\"ngg-gallery-thumbnail-box\" >\n\t\t\t\t        <div class=\"ngg-gallery-thumbnail\">\n            <a href=\"https:\/\/kontesadora.hr\/stara\/wp-content\/gallery\/maske-trece-vece\/IMG-f8c7e855ef2d0be9a298b7da1b662966-V.jpg\"\n               title=\"\"\n               data-src=\"https:\/\/kontesadora.hr\/stara\/wp-content\/gallery\/maske-trece-vece\/IMG-f8c7e855ef2d0be9a298b7da1b662966-V.jpg\"\n               data-thumbnail=\"https:\/\/kontesadora.hr\/stara\/wp-content\/gallery\/maske-trece-vece\/thumbs\/thumbs_IMG-f8c7e855ef2d0be9a298b7da1b662966-V.jpg\"\n               data-image-id=\"5679\"\n               data-title=\"IMG-f8c7e855ef2d0be9a298b7da1b662966-V\"\n               data-description=\"\"\n               data-image-slug=\"img-f8c7e855ef2d0be9a298b7da1b662966-v\"\n               class=\"shutterset_d2ef873bc2f0ca40f9198043c73ab8dc\">\n                <img\n                    title=\"IMG-f8c7e855ef2d0be9a298b7da1b662966-V\"\n                    alt=\"IMG-f8c7e855ef2d0be9a298b7da1b662966-V\"\n                    src=\"https:\/\/kontesadora.hr\/stara\/wp-content\/gallery\/maske-trece-vece\/thumbs\/thumbs_IMG-f8c7e855ef2d0be9a298b7da1b662966-V.jpg\"\n                    width=\"100\"\n                    height=\"75\"\n                    style=\"max-width:100%;\"\n                \/>\n            <\/a>\n        <\/div>\n\t\t\t\t\t\t\t<\/div> \n\t\t\t\n        \n\t\t\t\t<div id=\"ngg-image-1\" class=\"ngg-gallery-thumbnail-box\" >\n\t\t\t\t        <div class=\"ngg-gallery-thumbnail\">\n            <a href=\"https:\/\/kontesadora.hr\/stara\/wp-content\/gallery\/maske-trece-vece\/IMG-734f840a1b57ebeaef1905f09ee394fd-V.jpg\"\n               title=\"\"\n               data-src=\"https:\/\/kontesadora.hr\/stara\/wp-content\/gallery\/maske-trece-vece\/IMG-734f840a1b57ebeaef1905f09ee394fd-V.jpg\"\n               data-thumbnail=\"https:\/\/kontesadora.hr\/stara\/wp-content\/gallery\/maske-trece-vece\/thumbs\/thumbs_IMG-734f840a1b57ebeaef1905f09ee394fd-V.jpg\"\n               data-image-id=\"5680\"\n               data-title=\"IMG-734f840a1b57ebeaef1905f09ee394fd-V\"\n               data-description=\"\"\n               data-image-slug=\"img-734f840a1b57ebeaef1905f09ee394fd-v\"\n               class=\"shutterset_d2ef873bc2f0ca40f9198043c73ab8dc\">\n                <img\n                    title=\"IMG-734f840a1b57ebeaef1905f09ee394fd-V\"\n                    alt=\"IMG-734f840a1b57ebeaef1905f09ee394fd-V\"\n                    src=\"https:\/\/kontesadora.hr\/stara\/wp-content\/gallery\/maske-trece-vece\/thumbs\/thumbs_IMG-734f840a1b57ebeaef1905f09ee394fd-V.jpg\"\n                    width=\"100\"\n                    height=\"75\"\n                    style=\"max-width:100%;\"\n                \/>\n            <\/a>\n        <\/div>\n\t\t\t\t\t\t\t<\/div> \n\t\t\t\n        \n\t\t\t\t<div id=\"ngg-image-2\" class=\"ngg-gallery-thumbnail-box\" >\n\t\t\t\t        <div class=\"ngg-gallery-thumbnail\">\n            <a href=\"https:\/\/kontesadora.hr\/stara\/wp-content\/gallery\/maske-trece-vece\/DEAN-MASKARE-2022..jpg\"\n               title=\"\"\n               data-src=\"https:\/\/kontesadora.hr\/stara\/wp-content\/gallery\/maske-trece-vece\/DEAN-MASKARE-2022..jpg\"\n               data-thumbnail=\"https:\/\/kontesadora.hr\/stara\/wp-content\/gallery\/maske-trece-vece\/thumbs\/thumbs_DEAN-MASKARE-2022..jpg\"\n               data-image-id=\"5637\"\n               data-title=\"DEAN-MASKARE-2022.\"\n               data-description=\"\"\n               data-image-slug=\"dean-maskare-2022\"\n               class=\"shutterset_d2ef873bc2f0ca40f9198043c73ab8dc\">\n                <img\n                    title=\"DEAN-MASKARE-2022.\"\n                    alt=\"DEAN-MASKARE-2022.\"\n                    src=\"https:\/\/kontesadora.hr\/stara\/wp-content\/gallery\/maske-trece-vece\/thumbs\/thumbs_DEAN-MASKARE-2022..jpg\"\n                    width=\"100\"\n                    height=\"75\"\n                    style=\"max-width:100%;\"\n                \/>\n            <\/a>\n        <\/div>\n\t\t\t\t\t\t\t<\/div> \n\t\t\t\n        \n\t\t\t\t<div id=\"ngg-image-3\" class=\"ngg-gallery-thumbnail-box\" >\n\t\t\t\t        <div class=\"ngg-gallery-thumbnail\">\n            <a href=\"https:\/\/kontesadora.hr\/stara\/wp-content\/gallery\/maske-trece-vece\/DEAN-I-LANA-MASKARE-2022..jpg\"\n               title=\"\"\n               data-src=\"https:\/\/kontesadora.hr\/stara\/wp-content\/gallery\/maske-trece-vece\/DEAN-I-LANA-MASKARE-2022..jpg\"\n               data-thumbnail=\"https:\/\/kontesadora.hr\/stara\/wp-content\/gallery\/maske-trece-vece\/thumbs\/thumbs_DEAN-I-LANA-MASKARE-2022..jpg\"\n               data-image-id=\"5636\"\n               data-title=\"DEAN-I-LANA-MASKARE-2022.\"\n               data-description=\"\"\n               data-image-slug=\"dean-i-lana-maskare-2022\"\n               class=\"shutterset_d2ef873bc2f0ca40f9198043c73ab8dc\">\n                <img\n                    title=\"DEAN-I-LANA-MASKARE-2022.\"\n                    alt=\"DEAN-I-LANA-MASKARE-2022.\"\n                    src=\"https:\/\/kontesadora.hr\/stara\/wp-content\/gallery\/maske-trece-vece\/thumbs\/thumbs_DEAN-I-LANA-MASKARE-2022..jpg\"\n                    width=\"100\"\n                    height=\"75\"\n                    style=\"max-width:100%;\"\n                \/>\n            <\/a>\n        <\/div>\n\t\t\t\t\t\t\t<\/div> \n\t\t\t\n        \n\t\t\t\t<div id=\"ngg-image-4\" class=\"ngg-gallery-thumbnail-box\" >\n\t\t\t\t        <div class=\"ngg-gallery-thumbnail\">\n            <a href=\"https:\/\/kontesadora.hr\/stara\/wp-content\/gallery\/maske-trece-vece\/IMG_20220218_192154.jpg\"\n               title=\"\"\n               data-src=\"https:\/\/kontesadora.hr\/stara\/wp-content\/gallery\/maske-trece-vece\/IMG_20220218_192154.jpg\"\n               data-thumbnail=\"https:\/\/kontesadora.hr\/stara\/wp-content\/gallery\/maske-trece-vece\/thumbs\/thumbs_IMG_20220218_192154.jpg\"\n               data-image-id=\"5682\"\n               data-title=\"IMG_20220218_192154\"\n               data-description=\"\"\n               data-image-slug=\"img_20220218_192154\"\n               class=\"shutterset_d2ef873bc2f0ca40f9198043c73ab8dc\">\n                <img\n                    title=\"IMG_20220218_192154\"\n                    alt=\"IMG_20220218_192154\"\n                    src=\"https:\/\/kontesadora.hr\/stara\/wp-content\/gallery\/maske-trece-vece\/thumbs\/thumbs_IMG_20220218_192154.jpg\"\n                    width=\"100\"\n                    height=\"75\"\n                    style=\"max-width:100%;\"\n                \/>\n            <\/a>\n        <\/div>\n\t\t\t\t\t\t\t<\/div> \n\t\t\t\n        \n\t\t\t\t<div id=\"ngg-image-5\" class=\"ngg-gallery-thumbnail-box\" >\n\t\t\t\t        <div class=\"ngg-gallery-thumbnail\">\n            <a href=\"https:\/\/kontesadora.hr\/stara\/wp-content\/gallery\/maske-trece-vece\/IMG_20220218_191744.jpg\"\n               title=\"\"\n               data-src=\"https:\/\/kontesadora.hr\/stara\/wp-content\/gallery\/maske-trece-vece\/IMG_20220218_191744.jpg\"\n               data-thumbnail=\"https:\/\/kontesadora.hr\/stara\/wp-content\/gallery\/maske-trece-vece\/thumbs\/thumbs_IMG_20220218_191744.jpg\"\n               data-image-id=\"5681\"\n               data-title=\"IMG_20220218_191744\"\n               data-description=\"\"\n               data-image-slug=\"img_20220218_191744\"\n               class=\"shutterset_d2ef873bc2f0ca40f9198043c73ab8dc\">\n                <img\n                    title=\"IMG_20220218_191744\"\n                    alt=\"IMG_20220218_191744\"\n                    src=\"https:\/\/kontesadora.hr\/stara\/wp-content\/gallery\/maske-trece-vece\/thumbs\/thumbs_IMG_20220218_191744.jpg\"\n                    width=\"100\"\n                    height=\"75\"\n                    style=\"max-width:100%;\"\n                \/>\n            <\/a>\n        <\/div>\n\t\t\t\t\t\t\t<\/div> \n\t\t\t\n        \n\t\t\t\t<div id=\"ngg-image-6\" class=\"ngg-gallery-thumbnail-box\" >\n\t\t\t\t        <div class=\"ngg-gallery-thumbnail\">\n            <a href=\"https:\/\/kontesadora.hr\/stara\/wp-content\/gallery\/maske-trece-vece\/IMG_20220218_191702.jpg\"\n               title=\"\"\n               data-src=\"https:\/\/kontesadora.hr\/stara\/wp-content\/gallery\/maske-trece-vece\/IMG_20220218_191702.jpg\"\n               data-thumbnail=\"https:\/\/kontesadora.hr\/stara\/wp-content\/gallery\/maske-trece-vece\/thumbs\/thumbs_IMG_20220218_191702.jpg\"\n               data-image-id=\"5677\"\n               data-title=\"IMG_20220218_191702\"\n               data-description=\"\"\n               data-image-slug=\"img_20220218_191702\"\n               class=\"shutterset_d2ef873bc2f0ca40f9198043c73ab8dc\">\n                <img\n                    title=\"IMG_20220218_191702\"\n                    alt=\"IMG_20220218_191702\"\n                    src=\"https:\/\/kontesadora.hr\/stara\/wp-content\/gallery\/maske-trece-vece\/thumbs\/thumbs_IMG_20220218_191702.jpg\"\n                    width=\"100\"\n                    height=\"75\"\n                    style=\"max-width:100%;\"\n                \/>\n            <\/a>\n        <\/div>\n\t\t\t\t\t\t\t<\/div> \n\t\t\t\n        \n\t\t\t\t<div id=\"ngg-image-7\" class=\"ngg-gallery-thumbnail-box\" >\n\t\t\t\t        <div class=\"ngg-gallery-thumbnail\">\n            <a href=\"https:\/\/kontesadora.hr\/stara\/wp-content\/gallery\/maske-trece-vece\/IMG_20220218_191614.jpg\"\n               title=\"\"\n               data-src=\"https:\/\/kontesadora.hr\/stara\/wp-content\/gallery\/maske-trece-vece\/IMG_20220218_191614.jpg\"\n               data-thumbnail=\"https:\/\/kontesadora.hr\/stara\/wp-content\/gallery\/maske-trece-vece\/thumbs\/thumbs_IMG_20220218_191614.jpg\"\n               data-image-id=\"5678\"\n               data-title=\"IMG_20220218_191614\"\n               data-description=\"\"\n               data-image-slug=\"img_20220218_191614\"\n               class=\"shutterset_d2ef873bc2f0ca40f9198043c73ab8dc\">\n                <img\n                    title=\"IMG_20220218_191614\"\n                    alt=\"IMG_20220218_191614\"\n                    src=\"https:\/\/kontesadora.hr\/stara\/wp-content\/gallery\/maske-trece-vece\/thumbs\/thumbs_IMG_20220218_191614.jpg\"\n                    width=\"100\"\n                    height=\"75\"\n                    style=\"max-width:100%;\"\n                \/>\n            <\/a>\n        <\/div>\n\t\t\t\t\t\t\t<\/div> \n\t\t\t\n        \n\t\t\t\t<div id=\"ngg-image-8\" class=\"ngg-gallery-thumbnail-box\" >\n\t\t\t\t        <div class=\"ngg-gallery-thumbnail\">\n            <a href=\"https:\/\/kontesadora.hr\/stara\/wp-content\/gallery\/maske-trece-vece\/IMG_20220218_191041.jpg\"\n               title=\"\"\n               data-src=\"https:\/\/kontesadora.hr\/stara\/wp-content\/gallery\/maske-trece-vece\/IMG_20220218_191041.jpg\"\n               data-thumbnail=\"https:\/\/kontesadora.hr\/stara\/wp-content\/gallery\/maske-trece-vece\/thumbs\/thumbs_IMG_20220218_191041.jpg\"\n               data-image-id=\"5676\"\n               data-title=\"IMG_20220218_191041\"\n               data-description=\"\"\n               data-image-slug=\"img_20220218_191041\"\n               class=\"shutterset_d2ef873bc2f0ca40f9198043c73ab8dc\">\n                <img\n                    title=\"IMG_20220218_191041\"\n                    alt=\"IMG_20220218_191041\"\n                    src=\"https:\/\/kontesadora.hr\/stara\/wp-content\/gallery\/maske-trece-vece\/thumbs\/thumbs_IMG_20220218_191041.jpg\"\n                    width=\"100\"\n                    height=\"75\"\n                    style=\"max-width:100%;\"\n                \/>\n            <\/a>\n        <\/div>\n\t\t\t\t\t\t\t<\/div> \n\t\t\t\n        \n\t\t\t\t<div id=\"ngg-image-9\" class=\"ngg-gallery-thumbnail-box\" >\n\t\t\t\t        <div class=\"ngg-gallery-thumbnail\">\n            <a href=\"https:\/\/kontesadora.hr\/stara\/wp-content\/gallery\/maske-trece-vece\/IMG_20220218_191033.jpg\"\n               title=\"\"\n               data-src=\"https:\/\/kontesadora.hr\/stara\/wp-content\/gallery\/maske-trece-vece\/IMG_20220218_191033.jpg\"\n               data-thumbnail=\"https:\/\/kontesadora.hr\/stara\/wp-content\/gallery\/maske-trece-vece\/thumbs\/thumbs_IMG_20220218_191033.jpg\"\n               data-image-id=\"5675\"\n               data-title=\"IMG_20220218_191033\"\n               data-description=\"\"\n               data-image-slug=\"img_20220218_191033\"\n               class=\"shutterset_d2ef873bc2f0ca40f9198043c73ab8dc\">\n                <img\n                    title=\"IMG_20220218_191033\"\n                    alt=\"IMG_20220218_191033\"\n                    src=\"https:\/\/kontesadora.hr\/stara\/wp-content\/gallery\/maske-trece-vece\/thumbs\/thumbs_IMG_20220218_191033.jpg\"\n                    width=\"100\"\n                    height=\"75\"\n                    style=\"max-width:100%;\"\n                \/>\n            <\/a>\n        <\/div>\n\t\t\t\t\t\t\t<\/div> \n\t\t\t\n        \n\t\t\t\t<div id=\"ngg-image-10\" class=\"ngg-gallery-thumbnail-box\" >\n\t\t\t\t        <div class=\"ngg-gallery-thumbnail\">\n            <a href=\"https:\/\/kontesadora.hr\/stara\/wp-content\/gallery\/maske-trece-vece\/IMG_20220218_191027.jpg\"\n               title=\"\"\n               data-src=\"https:\/\/kontesadora.hr\/stara\/wp-content\/gallery\/maske-trece-vece\/IMG_20220218_191027.jpg\"\n               data-thumbnail=\"https:\/\/kontesadora.hr\/stara\/wp-content\/gallery\/maske-trece-vece\/thumbs\/thumbs_IMG_20220218_191027.jpg\"\n               data-image-id=\"5674\"\n               data-title=\"IMG_20220218_191027\"\n               data-description=\"\"\n               data-image-slug=\"img_20220218_191027\"\n               class=\"shutterset_d2ef873bc2f0ca40f9198043c73ab8dc\">\n                <img\n                    title=\"IMG_20220218_191027\"\n                    alt=\"IMG_20220218_191027\"\n                    src=\"https:\/\/kontesadora.hr\/stara\/wp-content\/gallery\/maske-trece-vece\/thumbs\/thumbs_IMG_20220218_191027.jpg\"\n                    width=\"100\"\n                    height=\"75\"\n                    style=\"max-width:100%;\"\n                \/>\n            <\/a>\n        <\/div>\n\t\t\t\t\t\t\t<\/div> \n\t\t\t\n        \n\t\t\t\t<div id=\"ngg-image-11\" class=\"ngg-gallery-thumbnail-box\" >\n\t\t\t\t        <div class=\"ngg-gallery-thumbnail\">\n            <a href=\"https:\/\/kontesadora.hr\/stara\/wp-content\/gallery\/maske-trece-vece\/IMG_20220218_190856.jpg\"\n               title=\"\"\n               data-src=\"https:\/\/kontesadora.hr\/stara\/wp-content\/gallery\/maske-trece-vece\/IMG_20220218_190856.jpg\"\n               data-thumbnail=\"https:\/\/kontesadora.hr\/stara\/wp-content\/gallery\/maske-trece-vece\/thumbs\/thumbs_IMG_20220218_190856.jpg\"\n               data-image-id=\"5672\"\n               data-title=\"IMG_20220218_190856\"\n               data-description=\"\"\n               data-image-slug=\"img_20220218_190856\"\n               class=\"shutterset_d2ef873bc2f0ca40f9198043c73ab8dc\">\n                <img\n                    title=\"IMG_20220218_190856\"\n                    alt=\"IMG_20220218_190856\"\n                    src=\"https:\/\/kontesadora.hr\/stara\/wp-content\/gallery\/maske-trece-vece\/thumbs\/thumbs_IMG_20220218_190856.jpg\"\n                    width=\"100\"\n                    height=\"75\"\n                    style=\"max-width:100%;\"\n                \/>\n            <\/a>\n        <\/div>\n\t\t\t\t\t\t\t<\/div> \n\t\t\t\n        \n\t\t\t\t<div id=\"ngg-image-12\" class=\"ngg-gallery-thumbnail-box\" >\n\t\t\t\t        <div class=\"ngg-gallery-thumbnail\">\n            <a href=\"https:\/\/kontesadora.hr\/stara\/wp-content\/gallery\/maske-trece-vece\/IMG_20220218_190736.jpg\"\n               title=\"\"\n               data-src=\"https:\/\/kontesadora.hr\/stara\/wp-content\/gallery\/maske-trece-vece\/IMG_20220218_190736.jpg\"\n               data-thumbnail=\"https:\/\/kontesadora.hr\/stara\/wp-content\/gallery\/maske-trece-vece\/thumbs\/thumbs_IMG_20220218_190736.jpg\"\n               data-image-id=\"5671\"\n               data-title=\"IMG_20220218_190736\"\n               data-description=\"\"\n               data-image-slug=\"img_20220218_190736\"\n               class=\"shutterset_d2ef873bc2f0ca40f9198043c73ab8dc\">\n                <img\n                    title=\"IMG_20220218_190736\"\n                    alt=\"IMG_20220218_190736\"\n                    src=\"https:\/\/kontesadora.hr\/stara\/wp-content\/gallery\/maske-trece-vece\/thumbs\/thumbs_IMG_20220218_190736.jpg\"\n                    width=\"100\"\n                    height=\"75\"\n                    style=\"max-width:100%;\"\n                \/>\n            <\/a>\n        <\/div>\n\t\t\t\t\t\t\t<\/div> \n\t\t\t\n        \n\t\t\t\t<div id=\"ngg-image-13\" class=\"ngg-gallery-thumbnail-box\" >\n\t\t\t\t        <div class=\"ngg-gallery-thumbnail\">\n            <a href=\"https:\/\/kontesadora.hr\/stara\/wp-content\/gallery\/maske-trece-vece\/IMG_20220218_190730.jpg\"\n               title=\"\"\n               data-src=\"https:\/\/kontesadora.hr\/stara\/wp-content\/gallery\/maske-trece-vece\/IMG_20220218_190730.jpg\"\n               data-thumbnail=\"https:\/\/kontesadora.hr\/stara\/wp-content\/gallery\/maske-trece-vece\/thumbs\/thumbs_IMG_20220218_190730.jpg\"\n               data-image-id=\"5670\"\n               data-title=\"IMG_20220218_190730\"\n               data-description=\"\"\n               data-image-slug=\"img_20220218_190730\"\n               class=\"shutterset_d2ef873bc2f0ca40f9198043c73ab8dc\">\n                <img\n                    title=\"IMG_20220218_190730\"\n                    alt=\"IMG_20220218_190730\"\n                    src=\"https:\/\/kontesadora.hr\/stara\/wp-content\/gallery\/maske-trece-vece\/thumbs\/thumbs_IMG_20220218_190730.jpg\"\n                    width=\"100\"\n                    height=\"75\"\n                    style=\"max-width:100%;\"\n                \/>\n            <\/a>\n        <\/div>\n\t\t\t\t\t\t\t<\/div> \n\t\t\t\n        \n\t\t\t\t<div id=\"ngg-image-14\" class=\"ngg-gallery-thumbnail-box\" >\n\t\t\t\t        <div class=\"ngg-gallery-thumbnail\">\n            <a href=\"https:\/\/kontesadora.hr\/stara\/wp-content\/gallery\/maske-trece-vece\/IMG_20220218_190703.jpg\"\n               title=\"\"\n               data-src=\"https:\/\/kontesadora.hr\/stara\/wp-content\/gallery\/maske-trece-vece\/IMG_20220218_190703.jpg\"\n               data-thumbnail=\"https:\/\/kontesadora.hr\/stara\/wp-content\/gallery\/maske-trece-vece\/thumbs\/thumbs_IMG_20220218_190703.jpg\"\n               data-image-id=\"5673\"\n               data-title=\"IMG_20220218_190703\"\n               data-description=\"\"\n               data-image-slug=\"img_20220218_190703\"\n               class=\"shutterset_d2ef873bc2f0ca40f9198043c73ab8dc\">\n                <img\n                    title=\"IMG_20220218_190703\"\n                    alt=\"IMG_20220218_190703\"\n                    src=\"https:\/\/kontesadora.hr\/stara\/wp-content\/gallery\/maske-trece-vece\/thumbs\/thumbs_IMG_20220218_190703.jpg\"\n                    width=\"100\"\n                    height=\"75\"\n                    style=\"max-width:100%;\"\n                \/>\n            <\/a>\n        <\/div>\n\t\t\t\t\t\t\t<\/div> \n\t\t\t\n        \n\t\t\t\t<div id=\"ngg-image-15\" class=\"ngg-gallery-thumbnail-box\" >\n\t\t\t\t        <div class=\"ngg-gallery-thumbnail\">\n            <a href=\"https:\/\/kontesadora.hr\/stara\/wp-content\/gallery\/maske-trece-vece\/IMG_20220218_190526.jpg\"\n               title=\"\"\n               data-src=\"https:\/\/kontesadora.hr\/stara\/wp-content\/gallery\/maske-trece-vece\/IMG_20220218_190526.jpg\"\n               data-thumbnail=\"https:\/\/kontesadora.hr\/stara\/wp-content\/gallery\/maske-trece-vece\/thumbs\/thumbs_IMG_20220218_190526.jpg\"\n               data-image-id=\"5669\"\n               data-title=\"IMG_20220218_190526\"\n               data-description=\"\"\n               data-image-slug=\"img_20220218_190526\"\n               class=\"shutterset_d2ef873bc2f0ca40f9198043c73ab8dc\">\n                <img\n                    title=\"IMG_20220218_190526\"\n                    alt=\"IMG_20220218_190526\"\n                    src=\"https:\/\/kontesadora.hr\/stara\/wp-content\/gallery\/maske-trece-vece\/thumbs\/thumbs_IMG_20220218_190526.jpg\"\n                    width=\"100\"\n                    height=\"75\"\n                    style=\"max-width:100%;\"\n                \/>\n            <\/a>\n        <\/div>\n\t\t\t\t\t\t\t<\/div> \n\t\t\t\n        \n\t\t\t\t<div id=\"ngg-image-16\" class=\"ngg-gallery-thumbnail-box\" >\n\t\t\t\t        <div class=\"ngg-gallery-thumbnail\">\n            <a href=\"https:\/\/kontesadora.hr\/stara\/wp-content\/gallery\/maske-trece-vece\/IMG_20220218_190236.jpg\"\n               title=\"\"\n               data-src=\"https:\/\/kontesadora.hr\/stara\/wp-content\/gallery\/maske-trece-vece\/IMG_20220218_190236.jpg\"\n               data-thumbnail=\"https:\/\/kontesadora.hr\/stara\/wp-content\/gallery\/maske-trece-vece\/thumbs\/thumbs_IMG_20220218_190236.jpg\"\n               data-image-id=\"5668\"\n               data-title=\"IMG_20220218_190236\"\n               data-description=\"\"\n               data-image-slug=\"img_20220218_190236\"\n               class=\"shutterset_d2ef873bc2f0ca40f9198043c73ab8dc\">\n                <img\n                    title=\"IMG_20220218_190236\"\n                    alt=\"IMG_20220218_190236\"\n                    src=\"https:\/\/kontesadora.hr\/stara\/wp-content\/gallery\/maske-trece-vece\/thumbs\/thumbs_IMG_20220218_190236.jpg\"\n                    width=\"100\"\n                    height=\"75\"\n                    style=\"max-width:100%;\"\n                \/>\n            <\/a>\n        <\/div>\n\t\t\t\t\t\t\t<\/div> \n\t\t\t\n        \n\t\t\t\t<div id=\"ngg-image-17\" class=\"ngg-gallery-thumbnail-box\" >\n\t\t\t\t        <div class=\"ngg-gallery-thumbnail\">\n            <a href=\"https:\/\/kontesadora.hr\/stara\/wp-content\/gallery\/maske-trece-vece\/IMG_20220218_190048.jpg\"\n               title=\"\"\n               data-src=\"https:\/\/kontesadora.hr\/stara\/wp-content\/gallery\/maske-trece-vece\/IMG_20220218_190048.jpg\"\n               data-thumbnail=\"https:\/\/kontesadora.hr\/stara\/wp-content\/gallery\/maske-trece-vece\/thumbs\/thumbs_IMG_20220218_190048.jpg\"\n               data-image-id=\"5666\"\n               data-title=\"IMG_20220218_190048\"\n               data-description=\"\"\n               data-image-slug=\"img_20220218_190048\"\n               class=\"shutterset_d2ef873bc2f0ca40f9198043c73ab8dc\">\n                <img\n                    title=\"IMG_20220218_190048\"\n                    alt=\"IMG_20220218_190048\"\n                    src=\"https:\/\/kontesadora.hr\/stara\/wp-content\/gallery\/maske-trece-vece\/thumbs\/thumbs_IMG_20220218_190048.jpg\"\n                    width=\"100\"\n                    height=\"75\"\n                    style=\"max-width:100%;\"\n                \/>\n            <\/a>\n        <\/div>\n\t\t\t\t\t\t\t<\/div> \n\t\t\t\n        \n\t\t\t\t<div id=\"ngg-image-18\" class=\"ngg-gallery-thumbnail-box\" >\n\t\t\t\t        <div class=\"ngg-gallery-thumbnail\">\n            <a href=\"https:\/\/kontesadora.hr\/stara\/wp-content\/gallery\/maske-trece-vece\/IMG_20220218_185835.jpg\"\n               title=\"\"\n               data-src=\"https:\/\/kontesadora.hr\/stara\/wp-content\/gallery\/maske-trece-vece\/IMG_20220218_185835.jpg\"\n               data-thumbnail=\"https:\/\/kontesadora.hr\/stara\/wp-content\/gallery\/maske-trece-vece\/thumbs\/thumbs_IMG_20220218_185835.jpg\"\n               data-image-id=\"5667\"\n               data-title=\"IMG_20220218_185835\"\n               data-description=\"\"\n               data-image-slug=\"img_20220218_185835\"\n               class=\"shutterset_d2ef873bc2f0ca40f9198043c73ab8dc\">\n                <img\n                    title=\"IMG_20220218_185835\"\n                    alt=\"IMG_20220218_185835\"\n                    src=\"https:\/\/kontesadora.hr\/stara\/wp-content\/gallery\/maske-trece-vece\/thumbs\/thumbs_IMG_20220218_185835.jpg\"\n                    width=\"100\"\n                    height=\"75\"\n                    style=\"max-width:100%;\"\n                \/>\n            <\/a>\n        <\/div>\n\t\t\t\t\t\t\t<\/div> \n\t\t\t\n        \n\t\t\t\t<div id=\"ngg-image-19\" class=\"ngg-gallery-thumbnail-box\" >\n\t\t\t\t        <div class=\"ngg-gallery-thumbnail\">\n            <a href=\"https:\/\/kontesadora.hr\/stara\/wp-content\/gallery\/maske-trece-vece\/IMG_20220218_185726.jpg\"\n               title=\"\"\n               data-src=\"https:\/\/kontesadora.hr\/stara\/wp-content\/gallery\/maske-trece-vece\/IMG_20220218_185726.jpg\"\n               data-thumbnail=\"https:\/\/kontesadora.hr\/stara\/wp-content\/gallery\/maske-trece-vece\/thumbs\/thumbs_IMG_20220218_185726.jpg\"\n               data-image-id=\"5665\"\n               data-title=\"IMG_20220218_185726\"\n               data-description=\"\"\n               data-image-slug=\"img_20220218_185726\"\n               class=\"shutterset_d2ef873bc2f0ca40f9198043c73ab8dc\">\n                <img\n                    title=\"IMG_20220218_185726\"\n                    alt=\"IMG_20220218_185726\"\n                    src=\"https:\/\/kontesadora.hr\/stara\/wp-content\/gallery\/maske-trece-vece\/thumbs\/thumbs_IMG_20220218_185726.jpg\"\n                    width=\"100\"\n                    height=\"75\"\n                    style=\"max-width:100%;\"\n                \/>\n            <\/a>\n        <\/div>\n\t\t\t\t\t\t\t<\/div> \n\t\t\t\n        \n\t\t\n\t\t<!-- Pagination -->\n\t<div class='ngg-navigation'><span class='current'>1<\/span>\n<a class='page-numbers' data-pageid='2' href='https:\/\/kontesadora.hr\/stara\/galerija\/nggallery\/page\/2'>2<\/a>\n<a class='page-numbers' data-pageid='3' href='https:\/\/kontesadora.hr\/stara\/galerija\/nggallery\/page\/3'>3<\/a>\n<a class='prev' href='https:\/\/kontesadora.hr\/stara\/galerija\/nggallery\/page\/2' data-pageid=2>&#9658;<\/a><\/div>\t<\/div>\n<!-- index.php -->\n<div\n\tclass=\"ngg-galleryoverview ngg-ajax-pagination-none\"\n\tid=\"ngg-gallery-34b6f742c7aa4486582ba0409b23dd4b-1\">\n\n    \t<div class=\"slideshowlink\">\n        <a href='https:\/\/kontesadora.hr\/stara\/galerija\/nggallery\/slideshow'>[Show as slideshow]<\/a>\n\t\t\n\t<\/div>\n\t\t\t<!-- Thumbnails -->\n\t\t\t\t<div id=\"ngg-image-0\" class=\"ngg-gallery-thumbnail-box\" >\n\t\t\t\t        <div class=\"ngg-gallery-thumbnail\">\n            <a href=\"https:\/\/kontesadora.hr\/stara\/wp-content\/gallery\/1-2-maskare\/DEAN-MASKARE-2022..jpg\"\n               title=\"\"\n               data-src=\"https:\/\/kontesadora.hr\/stara\/wp-content\/gallery\/1-2-maskare\/DEAN-MASKARE-2022..jpg\"\n               data-thumbnail=\"https:\/\/kontesadora.hr\/stara\/wp-content\/gallery\/1-2-maskare\/thumbs\/thumbs_DEAN-MASKARE-2022..jpg\"\n               data-image-id=\"5716\"\n               data-title=\"DEAN-MASKARE-2022.\"\n               data-description=\"\"\n               data-image-slug=\"dean-maskare-2022-1\"\n               class=\"shutterset_34b6f742c7aa4486582ba0409b23dd4b\">\n                <img\n                    title=\"DEAN-MASKARE-2022.\"\n                    alt=\"DEAN-MASKARE-2022.\"\n                    src=\"https:\/\/kontesadora.hr\/stara\/wp-content\/gallery\/1-2-maskare\/thumbs\/thumbs_DEAN-MASKARE-2022..jpg\"\n                    width=\"100\"\n                    height=\"75\"\n                    style=\"max-width:100%;\"\n                \/>\n            <\/a>\n        <\/div>\n\t\t\t\t\t\t\t<\/div> \n\t\t\t\n        \n\t\t\t\t<div id=\"ngg-image-1\" class=\"ngg-gallery-thumbnail-box\" >\n\t\t\t\t        <div class=\"ngg-gallery-thumbnail\">\n            <a href=\"https:\/\/kontesadora.hr\/stara\/wp-content\/gallery\/1-2-maskare\/DEAN-I-LANA-MASKARE-2022..jpg\"\n               title=\"\"\n               data-src=\"https:\/\/kontesadora.hr\/stara\/wp-content\/gallery\/1-2-maskare\/DEAN-I-LANA-MASKARE-2022..jpg\"\n               data-thumbnail=\"https:\/\/kontesadora.hr\/stara\/wp-content\/gallery\/1-2-maskare\/thumbs\/thumbs_DEAN-I-LANA-MASKARE-2022..jpg\"\n               data-image-id=\"5715\"\n               data-title=\"DEAN-I-LANA-MASKARE-2022.\"\n               data-description=\"\"\n               data-image-slug=\"dean-i-lana-maskare-2022-1\"\n               class=\"shutterset_34b6f742c7aa4486582ba0409b23dd4b\">\n                <img\n                    title=\"DEAN-I-LANA-MASKARE-2022.\"\n                    alt=\"DEAN-I-LANA-MASKARE-2022.\"\n                    src=\"https:\/\/kontesadora.hr\/stara\/wp-content\/gallery\/1-2-maskare\/thumbs\/thumbs_DEAN-I-LANA-MASKARE-2022..jpg\"\n                    width=\"100\"\n                    height=\"75\"\n                    style=\"max-width:100%;\"\n                \/>\n            <\/a>\n        <\/div>\n\t\t\t\t\t\t\t<\/div> \n\t\t\t\n        \n\t\t\t\t<div id=\"ngg-image-2\" class=\"ngg-gallery-thumbnail-box\" >\n\t\t\t\t        <div class=\"ngg-gallery-thumbnail\">\n            <a href=\"https:\/\/kontesadora.hr\/stara\/wp-content\/gallery\/1-2-maskare\/IMG-734f840a1b57ebeaef1905f09ee394fd-V.jpg\"\n               title=\"\"\n               data-src=\"https:\/\/kontesadora.hr\/stara\/wp-content\/gallery\/1-2-maskare\/IMG-734f840a1b57ebeaef1905f09ee394fd-V.jpg\"\n               data-thumbnail=\"https:\/\/kontesadora.hr\/stara\/wp-content\/gallery\/1-2-maskare\/thumbs\/thumbs_IMG-734f840a1b57ebeaef1905f09ee394fd-V.jpg\"\n               data-image-id=\"5714\"\n               data-title=\"IMG-734f840a1b57ebeaef1905f09ee394fd-V\"\n               data-description=\"\"\n               data-image-slug=\"img-734f840a1b57ebeaef1905f09ee394fd-v-1\"\n               class=\"shutterset_34b6f742c7aa4486582ba0409b23dd4b\">\n                <img\n                    title=\"IMG-734f840a1b57ebeaef1905f09ee394fd-V\"\n                    alt=\"IMG-734f840a1b57ebeaef1905f09ee394fd-V\"\n                    src=\"https:\/\/kontesadora.hr\/stara\/wp-content\/gallery\/1-2-maskare\/thumbs\/thumbs_IMG-734f840a1b57ebeaef1905f09ee394fd-V.jpg\"\n                    width=\"100\"\n                    height=\"75\"\n                    style=\"max-width:100%;\"\n                \/>\n            <\/a>\n        <\/div>\n\t\t\t\t\t\t\t<\/div> \n\t\t\t\n        \n\t\t\t\t<div id=\"ngg-image-3\" class=\"ngg-gallery-thumbnail-box\" >\n\t\t\t\t        <div class=\"ngg-gallery-thumbnail\">\n            <a href=\"https:\/\/kontesadora.hr\/stara\/wp-content\/gallery\/1-2-maskare\/IMG-f8c7e855ef2d0be9a298b7da1b662966-V.jpg\"\n               title=\"\"\n               data-src=\"https:\/\/kontesadora.hr\/stara\/wp-content\/gallery\/1-2-maskare\/IMG-f8c7e855ef2d0be9a298b7da1b662966-V.jpg\"\n               data-thumbnail=\"https:\/\/kontesadora.hr\/stara\/wp-content\/gallery\/1-2-maskare\/thumbs\/thumbs_IMG-f8c7e855ef2d0be9a298b7da1b662966-V.jpg\"\n               data-image-id=\"5713\"\n               data-title=\"IMG-f8c7e855ef2d0be9a298b7da1b662966-V\"\n               data-description=\"\"\n               data-image-slug=\"img-f8c7e855ef2d0be9a298b7da1b662966-v-1\"\n               class=\"shutterset_34b6f742c7aa4486582ba0409b23dd4b\">\n                <img\n                    title=\"IMG-f8c7e855ef2d0be9a298b7da1b662966-V\"\n                    alt=\"IMG-f8c7e855ef2d0be9a298b7da1b662966-V\"\n                    src=\"https:\/\/kontesadora.hr\/stara\/wp-content\/gallery\/1-2-maskare\/thumbs\/thumbs_IMG-f8c7e855ef2d0be9a298b7da1b662966-V.jpg\"\n                    width=\"100\"\n                    height=\"75\"\n                    style=\"max-width:100%;\"\n                \/>\n            <\/a>\n        <\/div>\n\t\t\t\t\t\t\t<\/div> \n\t\t\t\n        \n\t\t\t\t<div id=\"ngg-image-4\" class=\"ngg-gallery-thumbnail-box\" >\n\t\t\t\t        <div class=\"ngg-gallery-thumbnail\">\n            <a href=\"https:\/\/kontesadora.hr\/stara\/wp-content\/gallery\/1-2-maskare\/IMG_20220218_192154.jpg\"\n               title=\"\"\n               data-src=\"https:\/\/kontesadora.hr\/stara\/wp-content\/gallery\/1-2-maskare\/IMG_20220218_192154.jpg\"\n               data-thumbnail=\"https:\/\/kontesadora.hr\/stara\/wp-content\/gallery\/1-2-maskare\/thumbs\/thumbs_IMG_20220218_192154.jpg\"\n               data-image-id=\"5718\"\n               data-title=\"IMG_20220218_192154\"\n               data-description=\"\"\n               data-image-slug=\"img_20220218_192154-1\"\n               class=\"shutterset_34b6f742c7aa4486582ba0409b23dd4b\">\n                <img\n                    title=\"IMG_20220218_192154\"\n                    alt=\"IMG_20220218_192154\"\n                    src=\"https:\/\/kontesadora.hr\/stara\/wp-content\/gallery\/1-2-maskare\/thumbs\/thumbs_IMG_20220218_192154.jpg\"\n                    width=\"100\"\n                    height=\"75\"\n                    style=\"max-width:100%;\"\n                \/>\n            <\/a>\n        <\/div>\n\t\t\t\t\t\t\t<\/div> \n\t\t\t\n        \n\t\t\t\t<div id=\"ngg-image-5\" class=\"ngg-gallery-thumbnail-box\" >\n\t\t\t\t        <div class=\"ngg-gallery-thumbnail\">\n            <a href=\"https:\/\/kontesadora.hr\/stara\/wp-content\/gallery\/1-2-maskare\/IMG_20220218_191744.jpg\"\n               title=\"\"\n               data-src=\"https:\/\/kontesadora.hr\/stara\/wp-content\/gallery\/1-2-maskare\/IMG_20220218_191744.jpg\"\n               data-thumbnail=\"https:\/\/kontesadora.hr\/stara\/wp-content\/gallery\/1-2-maskare\/thumbs\/thumbs_IMG_20220218_191744.jpg\"\n               data-image-id=\"5759\"\n               data-title=\"IMG_20220218_191744\"\n               data-description=\"\"\n               data-image-slug=\"img_20220218_191744-1\"\n               class=\"shutterset_34b6f742c7aa4486582ba0409b23dd4b\">\n                <img\n                    title=\"IMG_20220218_191744\"\n                    alt=\"IMG_20220218_191744\"\n                    src=\"https:\/\/kontesadora.hr\/stara\/wp-content\/gallery\/1-2-maskare\/thumbs\/thumbs_IMG_20220218_191744.jpg\"\n                    width=\"100\"\n                    height=\"75\"\n                    style=\"max-width:100%;\"\n                \/>\n            <\/a>\n        <\/div>\n\t\t\t\t\t\t\t<\/div> \n\t\t\t\n        \n\t\t\t\t<div id=\"ngg-image-6\" class=\"ngg-gallery-thumbnail-box\" >\n\t\t\t\t        <div class=\"ngg-gallery-thumbnail\">\n            <a href=\"https:\/\/kontesadora.hr\/stara\/wp-content\/gallery\/1-2-maskare\/IMG_20220218_191702.jpg\"\n               title=\"\"\n               data-src=\"https:\/\/kontesadora.hr\/stara\/wp-content\/gallery\/1-2-maskare\/IMG_20220218_191702.jpg\"\n               data-thumbnail=\"https:\/\/kontesadora.hr\/stara\/wp-content\/gallery\/1-2-maskare\/thumbs\/thumbs_IMG_20220218_191702.jpg\"\n               data-image-id=\"5758\"\n               data-title=\"IMG_20220218_191702\"\n               data-description=\"\"\n               data-image-slug=\"img_20220218_191702-1\"\n               class=\"shutterset_34b6f742c7aa4486582ba0409b23dd4b\">\n                <img\n                    title=\"IMG_20220218_191702\"\n                    alt=\"IMG_20220218_191702\"\n                    src=\"https:\/\/kontesadora.hr\/stara\/wp-content\/gallery\/1-2-maskare\/thumbs\/thumbs_IMG_20220218_191702.jpg\"\n                    width=\"100\"\n                    height=\"75\"\n                    style=\"max-width:100%;\"\n                \/>\n            <\/a>\n        <\/div>\n\t\t\t\t\t\t\t<\/div> \n\t\t\t\n        \n\t\t\t\t<div id=\"ngg-image-7\" class=\"ngg-gallery-thumbnail-box\" >\n\t\t\t\t        <div class=\"ngg-gallery-thumbnail\">\n            <a href=\"https:\/\/kontesadora.hr\/stara\/wp-content\/gallery\/1-2-maskare\/IMG_20220218_191614.jpg\"\n               title=\"\"\n               data-src=\"https:\/\/kontesadora.hr\/stara\/wp-content\/gallery\/1-2-maskare\/IMG_20220218_191614.jpg\"\n               data-thumbnail=\"https:\/\/kontesadora.hr\/stara\/wp-content\/gallery\/1-2-maskare\/thumbs\/thumbs_IMG_20220218_191614.jpg\"\n               data-image-id=\"5757\"\n               data-title=\"IMG_20220218_191614\"\n               data-description=\"\"\n               data-image-slug=\"img_20220218_191614-1\"\n               class=\"shutterset_34b6f742c7aa4486582ba0409b23dd4b\">\n                <img\n                    title=\"IMG_20220218_191614\"\n                    alt=\"IMG_20220218_191614\"\n                    src=\"https:\/\/kontesadora.hr\/stara\/wp-content\/gallery\/1-2-maskare\/thumbs\/thumbs_IMG_20220218_191614.jpg\"\n                    width=\"100\"\n                    height=\"75\"\n                    style=\"max-width:100%;\"\n                \/>\n            <\/a>\n        <\/div>\n\t\t\t\t\t\t\t<\/div> \n\t\t\t\n        \n\t\t\t\t<div id=\"ngg-image-8\" class=\"ngg-gallery-thumbnail-box\" >\n\t\t\t\t        <div class=\"ngg-gallery-thumbnail\">\n            <a href=\"https:\/\/kontesadora.hr\/stara\/wp-content\/gallery\/1-2-maskare\/IMG_20220218_191041.jpg\"\n               title=\"\"\n               data-src=\"https:\/\/kontesadora.hr\/stara\/wp-content\/gallery\/1-2-maskare\/IMG_20220218_191041.jpg\"\n               data-thumbnail=\"https:\/\/kontesadora.hr\/stara\/wp-content\/gallery\/1-2-maskare\/thumbs\/thumbs_IMG_20220218_191041.jpg\"\n               data-image-id=\"5754\"\n               data-title=\"IMG_20220218_191041\"\n               data-description=\"\"\n               data-image-slug=\"img_20220218_191041-1\"\n               class=\"shutterset_34b6f742c7aa4486582ba0409b23dd4b\">\n                <img\n                    title=\"IMG_20220218_191041\"\n                    alt=\"IMG_20220218_191041\"\n                    src=\"https:\/\/kontesadora.hr\/stara\/wp-content\/gallery\/1-2-maskare\/thumbs\/thumbs_IMG_20220218_191041.jpg\"\n                    width=\"100\"\n                    height=\"75\"\n                    style=\"max-width:100%;\"\n                \/>\n            <\/a>\n        <\/div>\n\t\t\t\t\t\t\t<\/div> \n\t\t\t\n        \n\t\t\t\t<div id=\"ngg-image-9\" class=\"ngg-gallery-thumbnail-box\" >\n\t\t\t\t        <div class=\"ngg-gallery-thumbnail\">\n            <a href=\"https:\/\/kontesadora.hr\/stara\/wp-content\/gallery\/1-2-maskare\/IMG_20220218_191033.jpg\"\n               title=\"\"\n               data-src=\"https:\/\/kontesadora.hr\/stara\/wp-content\/gallery\/1-2-maskare\/IMG_20220218_191033.jpg\"\n               data-thumbnail=\"https:\/\/kontesadora.hr\/stara\/wp-content\/gallery\/1-2-maskare\/thumbs\/thumbs_IMG_20220218_191033.jpg\"\n               data-image-id=\"5756\"\n               data-title=\"IMG_20220218_191033\"\n               data-description=\"\"\n               data-image-slug=\"img_20220218_191033-1\"\n               class=\"shutterset_34b6f742c7aa4486582ba0409b23dd4b\">\n                <img\n                    title=\"IMG_20220218_191033\"\n                    alt=\"IMG_20220218_191033\"\n                    src=\"https:\/\/kontesadora.hr\/stara\/wp-content\/gallery\/1-2-maskare\/thumbs\/thumbs_IMG_20220218_191033.jpg\"\n                    width=\"100\"\n                    height=\"75\"\n                    style=\"max-width:100%;\"\n                \/>\n            <\/a>\n        <\/div>\n\t\t\t\t\t\t\t<\/div> \n\t\t\t\n        \n\t\t\t\t<div id=\"ngg-image-10\" class=\"ngg-gallery-thumbnail-box\" >\n\t\t\t\t        <div class=\"ngg-gallery-thumbnail\">\n            <a href=\"https:\/\/kontesadora.hr\/stara\/wp-content\/gallery\/1-2-maskare\/IMG_20220218_191027.jpg\"\n               title=\"\"\n               data-src=\"https:\/\/kontesadora.hr\/stara\/wp-content\/gallery\/1-2-maskare\/IMG_20220218_191027.jpg\"\n               data-thumbnail=\"https:\/\/kontesadora.hr\/stara\/wp-content\/gallery\/1-2-maskare\/thumbs\/thumbs_IMG_20220218_191027.jpg\"\n               data-image-id=\"5755\"\n               data-title=\"IMG_20220218_191027\"\n               data-description=\"\"\n               data-image-slug=\"img_20220218_191027-1\"\n               class=\"shutterset_34b6f742c7aa4486582ba0409b23dd4b\">\n                <img\n                    title=\"IMG_20220218_191027\"\n                    alt=\"IMG_20220218_191027\"\n                    src=\"https:\/\/kontesadora.hr\/stara\/wp-content\/gallery\/1-2-maskare\/thumbs\/thumbs_IMG_20220218_191027.jpg\"\n                    width=\"100\"\n                    height=\"75\"\n                    style=\"max-width:100%;\"\n                \/>\n            <\/a>\n        <\/div>\n\t\t\t\t\t\t\t<\/div> \n\t\t\t\n        \n\t\t\t\t<div id=\"ngg-image-11\" class=\"ngg-gallery-thumbnail-box\" >\n\t\t\t\t        <div class=\"ngg-gallery-thumbnail\">\n            <a href=\"https:\/\/kontesadora.hr\/stara\/wp-content\/gallery\/1-2-maskare\/IMG_20220218_190856.jpg\"\n               title=\"\"\n               data-src=\"https:\/\/kontesadora.hr\/stara\/wp-content\/gallery\/1-2-maskare\/IMG_20220218_190856.jpg\"\n               data-thumbnail=\"https:\/\/kontesadora.hr\/stara\/wp-content\/gallery\/1-2-maskare\/thumbs\/thumbs_IMG_20220218_190856.jpg\"\n               data-image-id=\"5752\"\n               data-title=\"IMG_20220218_190856\"\n               data-description=\"\"\n               data-image-slug=\"img_20220218_190856-1\"\n               class=\"shutterset_34b6f742c7aa4486582ba0409b23dd4b\">\n                <img\n                    title=\"IMG_20220218_190856\"\n                    alt=\"IMG_20220218_190856\"\n                    src=\"https:\/\/kontesadora.hr\/stara\/wp-content\/gallery\/1-2-maskare\/thumbs\/thumbs_IMG_20220218_190856.jpg\"\n                    width=\"100\"\n                    height=\"75\"\n                    style=\"max-width:100%;\"\n                \/>\n            <\/a>\n        <\/div>\n\t\t\t\t\t\t\t<\/div> \n\t\t\t\n        \n\t\t\t\t<div id=\"ngg-image-12\" class=\"ngg-gallery-thumbnail-box\" >\n\t\t\t\t        <div class=\"ngg-gallery-thumbnail\">\n            <a href=\"https:\/\/kontesadora.hr\/stara\/wp-content\/gallery\/1-2-maskare\/IMG_20220218_190736.jpg\"\n               title=\"\"\n               data-src=\"https:\/\/kontesadora.hr\/stara\/wp-content\/gallery\/1-2-maskare\/IMG_20220218_190736.jpg\"\n               data-thumbnail=\"https:\/\/kontesadora.hr\/stara\/wp-content\/gallery\/1-2-maskare\/thumbs\/thumbs_IMG_20220218_190736.jpg\"\n               data-image-id=\"5753\"\n               data-title=\"IMG_20220218_190736\"\n               data-description=\"\"\n               data-image-slug=\"img_20220218_190736-1\"\n               class=\"shutterset_34b6f742c7aa4486582ba0409b23dd4b\">\n                <img\n                    title=\"IMG_20220218_190736\"\n                    alt=\"IMG_20220218_190736\"\n                    src=\"https:\/\/kontesadora.hr\/stara\/wp-content\/gallery\/1-2-maskare\/thumbs\/thumbs_IMG_20220218_190736.jpg\"\n                    width=\"100\"\n                    height=\"75\"\n                    style=\"max-width:100%;\"\n                \/>\n            <\/a>\n        <\/div>\n\t\t\t\t\t\t\t<\/div> \n\t\t\t\n        \n\t\t\t\t<div id=\"ngg-image-13\" class=\"ngg-gallery-thumbnail-box\" >\n\t\t\t\t        <div class=\"ngg-gallery-thumbnail\">\n            <a href=\"https:\/\/kontesadora.hr\/stara\/wp-content\/gallery\/1-2-maskare\/IMG_20220218_190730.jpg\"\n               title=\"\"\n               data-src=\"https:\/\/kontesadora.hr\/stara\/wp-content\/gallery\/1-2-maskare\/IMG_20220218_190730.jpg\"\n               data-thumbnail=\"https:\/\/kontesadora.hr\/stara\/wp-content\/gallery\/1-2-maskare\/thumbs\/thumbs_IMG_20220218_190730.jpg\"\n               data-image-id=\"5751\"\n               data-title=\"IMG_20220218_190730\"\n               data-description=\"\"\n               data-image-slug=\"img_20220218_190730-1\"\n               class=\"shutterset_34b6f742c7aa4486582ba0409b23dd4b\">\n                <img\n                    title=\"IMG_20220218_190730\"\n                    alt=\"IMG_20220218_190730\"\n                    src=\"https:\/\/kontesadora.hr\/stara\/wp-content\/gallery\/1-2-maskare\/thumbs\/thumbs_IMG_20220218_190730.jpg\"\n                    width=\"100\"\n                    height=\"75\"\n                    style=\"max-width:100%;\"\n                \/>\n            <\/a>\n        <\/div>\n\t\t\t\t\t\t\t<\/div> \n\t\t\t\n        \n\t\t\t\t<div id=\"ngg-image-14\" class=\"ngg-gallery-thumbnail-box\" >\n\t\t\t\t        <div class=\"ngg-gallery-thumbnail\">\n            <a href=\"https:\/\/kontesadora.hr\/stara\/wp-content\/gallery\/1-2-maskare\/IMG_20220218_190703.jpg\"\n               title=\"\"\n               data-src=\"https:\/\/kontesadora.hr\/stara\/wp-content\/gallery\/1-2-maskare\/IMG_20220218_190703.jpg\"\n               data-thumbnail=\"https:\/\/kontesadora.hr\/stara\/wp-content\/gallery\/1-2-maskare\/thumbs\/thumbs_IMG_20220218_190703.jpg\"\n               data-image-id=\"5750\"\n               data-title=\"IMG_20220218_190703\"\n               data-description=\"\"\n               data-image-slug=\"img_20220218_190703-1\"\n               class=\"shutterset_34b6f742c7aa4486582ba0409b23dd4b\">\n                <img\n                    title=\"IMG_20220218_190703\"\n                    alt=\"IMG_20220218_190703\"\n                    src=\"https:\/\/kontesadora.hr\/stara\/wp-content\/gallery\/1-2-maskare\/thumbs\/thumbs_IMG_20220218_190703.jpg\"\n                    width=\"100\"\n                    height=\"75\"\n                    style=\"max-width:100%;\"\n                \/>\n            <\/a>\n        <\/div>\n\t\t\t\t\t\t\t<\/div> \n\t\t\t\n        \n\t\t\t\t<div id=\"ngg-image-15\" class=\"ngg-gallery-thumbnail-box\" >\n\t\t\t\t        <div class=\"ngg-gallery-thumbnail\">\n            <a href=\"https:\/\/kontesadora.hr\/stara\/wp-content\/gallery\/1-2-maskare\/IMG_20220218_190526.jpg\"\n               title=\"\"\n               data-src=\"https:\/\/kontesadora.hr\/stara\/wp-content\/gallery\/1-2-maskare\/IMG_20220218_190526.jpg\"\n               data-thumbnail=\"https:\/\/kontesadora.hr\/stara\/wp-content\/gallery\/1-2-maskare\/thumbs\/thumbs_IMG_20220218_190526.jpg\"\n               data-image-id=\"5748\"\n               data-title=\"IMG_20220218_190526\"\n               data-description=\"\"\n               data-image-slug=\"img_20220218_190526-1\"\n               class=\"shutterset_34b6f742c7aa4486582ba0409b23dd4b\">\n                <img\n                    title=\"IMG_20220218_190526\"\n                    alt=\"IMG_20220218_190526\"\n                    src=\"https:\/\/kontesadora.hr\/stara\/wp-content\/gallery\/1-2-maskare\/thumbs\/thumbs_IMG_20220218_190526.jpg\"\n                    width=\"100\"\n                    height=\"75\"\n                    style=\"max-width:100%;\"\n                \/>\n            <\/a>\n        <\/div>\n\t\t\t\t\t\t\t<\/div> \n\t\t\t\n        \n\t\t\t\t<div id=\"ngg-image-16\" class=\"ngg-gallery-thumbnail-box\" >\n\t\t\t\t        <div class=\"ngg-gallery-thumbnail\">\n            <a href=\"https:\/\/kontesadora.hr\/stara\/wp-content\/gallery\/1-2-maskare\/IMG_20220218_190236.jpg\"\n               title=\"\"\n               data-src=\"https:\/\/kontesadora.hr\/stara\/wp-content\/gallery\/1-2-maskare\/IMG_20220218_190236.jpg\"\n               data-thumbnail=\"https:\/\/kontesadora.hr\/stara\/wp-content\/gallery\/1-2-maskare\/thumbs\/thumbs_IMG_20220218_190236.jpg\"\n               data-image-id=\"5749\"\n               data-title=\"IMG_20220218_190236\"\n               data-description=\"\"\n               data-image-slug=\"img_20220218_190236-1\"\n               class=\"shutterset_34b6f742c7aa4486582ba0409b23dd4b\">\n                <img\n                    title=\"IMG_20220218_190236\"\n                    alt=\"IMG_20220218_190236\"\n                    src=\"https:\/\/kontesadora.hr\/stara\/wp-content\/gallery\/1-2-maskare\/thumbs\/thumbs_IMG_20220218_190236.jpg\"\n                    width=\"100\"\n                    height=\"75\"\n                    style=\"max-width:100%;\"\n                \/>\n            <\/a>\n        <\/div>\n\t\t\t\t\t\t\t<\/div> \n\t\t\t\n        \n\t\t\t\t<div id=\"ngg-image-17\" class=\"ngg-gallery-thumbnail-box\" >\n\t\t\t\t        <div class=\"ngg-gallery-thumbnail\">\n            <a href=\"https:\/\/kontesadora.hr\/stara\/wp-content\/gallery\/1-2-maskare\/IMG_20220218_190048.jpg\"\n               title=\"\"\n               data-src=\"https:\/\/kontesadora.hr\/stara\/wp-content\/gallery\/1-2-maskare\/IMG_20220218_190048.jpg\"\n               data-thumbnail=\"https:\/\/kontesadora.hr\/stara\/wp-content\/gallery\/1-2-maskare\/thumbs\/thumbs_IMG_20220218_190048.jpg\"\n               data-image-id=\"5746\"\n               data-title=\"IMG_20220218_190048\"\n               data-description=\"\"\n               data-image-slug=\"img_20220218_190048-1\"\n               class=\"shutterset_34b6f742c7aa4486582ba0409b23dd4b\">\n                <img\n                    title=\"IMG_20220218_190048\"\n                    alt=\"IMG_20220218_190048\"\n                    src=\"https:\/\/kontesadora.hr\/stara\/wp-content\/gallery\/1-2-maskare\/thumbs\/thumbs_IMG_20220218_190048.jpg\"\n                    width=\"100\"\n                    height=\"75\"\n                    style=\"max-width:100%;\"\n                \/>\n            <\/a>\n        <\/div>\n\t\t\t\t\t\t\t<\/div> \n\t\t\t\n        \n\t\t\t\t<div id=\"ngg-image-18\" class=\"ngg-gallery-thumbnail-box\" >\n\t\t\t\t        <div class=\"ngg-gallery-thumbnail\">\n            <a href=\"https:\/\/kontesadora.hr\/stara\/wp-content\/gallery\/1-2-maskare\/IMG_20220218_185835.jpg\"\n               title=\"\"\n               data-src=\"https:\/\/kontesadora.hr\/stara\/wp-content\/gallery\/1-2-maskare\/IMG_20220218_185835.jpg\"\n               data-thumbnail=\"https:\/\/kontesadora.hr\/stara\/wp-content\/gallery\/1-2-maskare\/thumbs\/thumbs_IMG_20220218_185835.jpg\"\n               data-image-id=\"5747\"\n               data-title=\"IMG_20220218_185835\"\n               data-description=\"\"\n               data-image-slug=\"img_20220218_185835-1\"\n               class=\"shutterset_34b6f742c7aa4486582ba0409b23dd4b\">\n                <img\n                    title=\"IMG_20220218_185835\"\n                    alt=\"IMG_20220218_185835\"\n                    src=\"https:\/\/kontesadora.hr\/stara\/wp-content\/gallery\/1-2-maskare\/thumbs\/thumbs_IMG_20220218_185835.jpg\"\n                    width=\"100\"\n                    height=\"75\"\n                    style=\"max-width:100%;\"\n                \/>\n            <\/a>\n        <\/div>\n\t\t\t\t\t\t\t<\/div> \n\t\t\t\n        \n\t\t\t\t<div id=\"ngg-image-19\" class=\"ngg-gallery-thumbnail-box\" >\n\t\t\t\t        <div class=\"ngg-gallery-thumbnail\">\n            <a href=\"https:\/\/kontesadora.hr\/stara\/wp-content\/gallery\/1-2-maskare\/IMG_20220218_185726.jpg\"\n               title=\"\"\n               data-src=\"https:\/\/kontesadora.hr\/stara\/wp-content\/gallery\/1-2-maskare\/IMG_20220218_185726.jpg\"\n               data-thumbnail=\"https:\/\/kontesadora.hr\/stara\/wp-content\/gallery\/1-2-maskare\/thumbs\/thumbs_IMG_20220218_185726.jpg\"\n               data-image-id=\"5745\"\n               data-title=\"IMG_20220218_185726\"\n               data-description=\"\"\n               data-image-slug=\"img_20220218_185726-1\"\n               class=\"shutterset_34b6f742c7aa4486582ba0409b23dd4b\">\n                <img\n                    title=\"IMG_20220218_185726\"\n                    alt=\"IMG_20220218_185726\"\n                    src=\"https:\/\/kontesadora.hr\/stara\/wp-content\/gallery\/1-2-maskare\/thumbs\/thumbs_IMG_20220218_185726.jpg\"\n                    width=\"100\"\n                    height=\"75\"\n                    style=\"max-width:100%;\"\n                \/>\n            <\/a>\n        <\/div>\n\t\t\t\t\t\t\t<\/div> \n\t\t\t\n        \n\t\t\n\t\t<!-- Pagination -->\n\t<div class='ngg-navigation'><span class='current'>1<\/span>\n<a class='page-numbers' data-pageid='2' href='https:\/\/kontesadora.hr\/stara\/galerija\/nggallery\/page\/2'>2<\/a>\n<span class='ellipsis'>...<\/span>\n<a class='page-numbers' data-pageid='4' href='https:\/\/kontesadora.hr\/stara\/galerija\/nggallery\/page\/4'>4<\/a>\n<a class='prev' href='https:\/\/kontesadora.hr\/stara\/galerija\/nggallery\/page\/2' data-pageid=2>&#9658;<\/a><\/div>\t<\/div>\n<!-- index.php -->\n<div\n\tclass=\"ngg-galleryoverview ngg-ajax-pagination-none\"\n\tid=\"ngg-gallery-2a4a3ca1b09e5f95f80a2ed7271cdbc4-1\">\n\n    \t<div class=\"slideshowlink\">\n        <a href='https:\/\/kontesadora.hr\/stara\/galerija\/nggallery\/slideshow'>[Show as slideshow]<\/a>\n\t\t\n\t<\/div>\n\t\t\t<!-- Thumbnails -->\n\t\t\t\t<div id=\"ngg-image-0\" class=\"ngg-gallery-thumbnail-box\" >\n\t\t\t\t        <div class=\"ngg-gallery-thumbnail\">\n            <a href=\"https:\/\/kontesadora.hr\/stara\/wp-content\/gallery\/na-livadi-na-jankovcu\/Na-livadi...Tereza-Sabo-2021..jpg\"\n               title=\"\"\n               data-src=\"https:\/\/kontesadora.hr\/stara\/wp-content\/gallery\/na-livadi-na-jankovcu\/Na-livadi...Tereza-Sabo-2021..jpg\"\n               data-thumbnail=\"https:\/\/kontesadora.hr\/stara\/wp-content\/gallery\/na-livadi-na-jankovcu\/thumbs\/thumbs_Na-livadi...Tereza-Sabo-2021..jpg\"\n               data-image-id=\"5320\"\n               data-title=\"Na-livadi...Tereza-Sabo-2021.\"\n               data-description=\"\"\n               data-image-slug=\"na-livadi-tereza-sabo-2021\"\n               class=\"shutterset_2a4a3ca1b09e5f95f80a2ed7271cdbc4\">\n                <img\n                    title=\"Na-livadi...Tereza-Sabo-2021.\"\n                    alt=\"Na-livadi...Tereza-Sabo-2021.\"\n                    src=\"https:\/\/kontesadora.hr\/stara\/wp-content\/gallery\/na-livadi-na-jankovcu\/thumbs\/thumbs_Na-livadi...Tereza-Sabo-2021..jpg\"\n                    width=\"100\"\n                    height=\"75\"\n                    style=\"max-width:100%;\"\n                \/>\n            <\/a>\n        <\/div>\n\t\t\t\t\t\t\t<\/div> \n\t\t\t\n        \n\t\t\t\t<div id=\"ngg-image-1\" class=\"ngg-gallery-thumbnail-box\" >\n\t\t\t\t        <div class=\"ngg-gallery-thumbnail\">\n            <a href=\"https:\/\/kontesadora.hr\/stara\/wp-content\/gallery\/na-livadi-na-jankovcu\/Na-livadi...-2021.-trio-Jankovac.jpg\"\n               title=\"\"\n               data-src=\"https:\/\/kontesadora.hr\/stara\/wp-content\/gallery\/na-livadi-na-jankovcu\/Na-livadi...-2021.-trio-Jankovac.jpg\"\n               data-thumbnail=\"https:\/\/kontesadora.hr\/stara\/wp-content\/gallery\/na-livadi-na-jankovcu\/thumbs\/thumbs_Na-livadi...-2021.-trio-Jankovac.jpg\"\n               data-image-id=\"5321\"\n               data-title=\"Na-livadi...-2021.-trio-Jankovac\"\n               data-description=\"\"\n               data-image-slug=\"na-livadi-2021-trio-jankovac\"\n               class=\"shutterset_2a4a3ca1b09e5f95f80a2ed7271cdbc4\">\n                <img\n                    title=\"Na-livadi...-2021.-trio-Jankovac\"\n                    alt=\"Na-livadi...-2021.-trio-Jankovac\"\n                    src=\"https:\/\/kontesadora.hr\/stara\/wp-content\/gallery\/na-livadi-na-jankovcu\/thumbs\/thumbs_Na-livadi...-2021.-trio-Jankovac.jpg\"\n                    width=\"100\"\n                    height=\"75\"\n                    style=\"max-width:100%;\"\n                \/>\n            <\/a>\n        <\/div>\n\t\t\t\t\t\t\t<\/div> \n\t\t\t\n        \n\t\t\t\t<div id=\"ngg-image-2\" class=\"ngg-gallery-thumbnail-box\" >\n\t\t\t\t        <div class=\"ngg-gallery-thumbnail\">\n            <a href=\"https:\/\/kontesadora.hr\/stara\/wp-content\/gallery\/na-livadi-na-jankovcu\/Na-livadi...-Jankovac-2021..jpg\"\n               title=\"\"\n               data-src=\"https:\/\/kontesadora.hr\/stara\/wp-content\/gallery\/na-livadi-na-jankovcu\/Na-livadi...-Jankovac-2021..jpg\"\n               data-thumbnail=\"https:\/\/kontesadora.hr\/stara\/wp-content\/gallery\/na-livadi-na-jankovcu\/thumbs\/thumbs_Na-livadi...-Jankovac-2021..jpg\"\n               data-image-id=\"5319\"\n               data-title=\"Na-livadi...-Jankovac-2021.\"\n               data-description=\"\"\n               data-image-slug=\"na-livadi-jankovac-2021\"\n               class=\"shutterset_2a4a3ca1b09e5f95f80a2ed7271cdbc4\">\n                <img\n                    title=\"Na-livadi...-Jankovac-2021.\"\n                    alt=\"Na-livadi...-Jankovac-2021.\"\n                    src=\"https:\/\/kontesadora.hr\/stara\/wp-content\/gallery\/na-livadi-na-jankovcu\/thumbs\/thumbs_Na-livadi...-Jankovac-2021..jpg\"\n                    width=\"100\"\n                    height=\"75\"\n                    style=\"max-width:100%;\"\n                \/>\n            <\/a>\n        <\/div>\n\t\t\t\t\t\t\t<\/div> \n\t\t\t\n        \n\t\t\t\t<div id=\"ngg-image-3\" class=\"ngg-gallery-thumbnail-box\" >\n\t\t\t\t        <div class=\"ngg-gallery-thumbnail\">\n            <a href=\"https:\/\/kontesadora.hr\/stara\/wp-content\/gallery\/na-livadi-na-jankovcu\/Na-livadi-na-Jankovcu-34.jpg\"\n               title=\"\"\n               data-src=\"https:\/\/kontesadora.hr\/stara\/wp-content\/gallery\/na-livadi-na-jankovcu\/Na-livadi-na-Jankovcu-34.jpg\"\n               data-thumbnail=\"https:\/\/kontesadora.hr\/stara\/wp-content\/gallery\/na-livadi-na-jankovcu\/thumbs\/thumbs_Na-livadi-na-Jankovcu-34.jpg\"\n               data-image-id=\"5318\"\n               data-title=\"Na-livadi-na-Jankovcu-34\"\n               data-description=\"\"\n               data-image-slug=\"na-livadi-na-jankovcu-34\"\n               class=\"shutterset_2a4a3ca1b09e5f95f80a2ed7271cdbc4\">\n                <img\n                    title=\"Na-livadi-na-Jankovcu-34\"\n                    alt=\"Na-livadi-na-Jankovcu-34\"\n                    src=\"https:\/\/kontesadora.hr\/stara\/wp-content\/gallery\/na-livadi-na-jankovcu\/thumbs\/thumbs_Na-livadi-na-Jankovcu-34.jpg\"\n                    width=\"100\"\n                    height=\"75\"\n                    style=\"max-width:100%;\"\n                \/>\n            <\/a>\n        <\/div>\n\t\t\t\t\t\t\t<\/div> \n\t\t\t\n        \n\t\t\t\t<div id=\"ngg-image-4\" class=\"ngg-gallery-thumbnail-box\" >\n\t\t\t\t        <div class=\"ngg-gallery-thumbnail\">\n            <a href=\"https:\/\/kontesadora.hr\/stara\/wp-content\/gallery\/na-livadi-na-jankovcu\/Na-livadi-na-Jankovcu-33.jpg\"\n               title=\"\"\n               data-src=\"https:\/\/kontesadora.hr\/stara\/wp-content\/gallery\/na-livadi-na-jankovcu\/Na-livadi-na-Jankovcu-33.jpg\"\n               data-thumbnail=\"https:\/\/kontesadora.hr\/stara\/wp-content\/gallery\/na-livadi-na-jankovcu\/thumbs\/thumbs_Na-livadi-na-Jankovcu-33.jpg\"\n               data-image-id=\"5317\"\n               data-title=\"Na-livadi-na-Jankovcu-33\"\n               data-description=\"\"\n               data-image-slug=\"na-livadi-na-jankovcu-33\"\n               class=\"shutterset_2a4a3ca1b09e5f95f80a2ed7271cdbc4\">\n                <img\n                    title=\"Na-livadi-na-Jankovcu-33\"\n                    alt=\"Na-livadi-na-Jankovcu-33\"\n                    src=\"https:\/\/kontesadora.hr\/stara\/wp-content\/gallery\/na-livadi-na-jankovcu\/thumbs\/thumbs_Na-livadi-na-Jankovcu-33.jpg\"\n                    width=\"100\"\n                    height=\"75\"\n                    style=\"max-width:100%;\"\n                \/>\n            <\/a>\n        <\/div>\n\t\t\t\t\t\t\t<\/div> \n\t\t\t\n        \n\t\t\t\t<div id=\"ngg-image-5\" class=\"ngg-gallery-thumbnail-box\" >\n\t\t\t\t        <div class=\"ngg-gallery-thumbnail\">\n            <a href=\"https:\/\/kontesadora.hr\/stara\/wp-content\/gallery\/na-livadi-na-jankovcu\/Na-livadi-na-Jankovcu-32.jpg\"\n               title=\"\"\n               data-src=\"https:\/\/kontesadora.hr\/stara\/wp-content\/gallery\/na-livadi-na-jankovcu\/Na-livadi-na-Jankovcu-32.jpg\"\n               data-thumbnail=\"https:\/\/kontesadora.hr\/stara\/wp-content\/gallery\/na-livadi-na-jankovcu\/thumbs\/thumbs_Na-livadi-na-Jankovcu-32.jpg\"\n               data-image-id=\"5316\"\n               data-title=\"Na-livadi-na-Jankovcu-32\"\n               data-description=\"\"\n               data-image-slug=\"na-livadi-na-jankovcu-32\"\n               class=\"shutterset_2a4a3ca1b09e5f95f80a2ed7271cdbc4\">\n                <img\n                    title=\"Na-livadi-na-Jankovcu-32\"\n                    alt=\"Na-livadi-na-Jankovcu-32\"\n                    src=\"https:\/\/kontesadora.hr\/stara\/wp-content\/gallery\/na-livadi-na-jankovcu\/thumbs\/thumbs_Na-livadi-na-Jankovcu-32.jpg\"\n                    width=\"100\"\n                    height=\"75\"\n                    style=\"max-width:100%;\"\n                \/>\n            <\/a>\n        <\/div>\n\t\t\t\t\t\t\t<\/div> \n\t\t\t\n        \n\t\t\t\t<div id=\"ngg-image-6\" class=\"ngg-gallery-thumbnail-box\" >\n\t\t\t\t        <div class=\"ngg-gallery-thumbnail\">\n            <a href=\"https:\/\/kontesadora.hr\/stara\/wp-content\/gallery\/na-livadi-na-jankovcu\/Na-livadi-na-Jankovcu-29.jpg\"\n               title=\"\"\n               data-src=\"https:\/\/kontesadora.hr\/stara\/wp-content\/gallery\/na-livadi-na-jankovcu\/Na-livadi-na-Jankovcu-29.jpg\"\n               data-thumbnail=\"https:\/\/kontesadora.hr\/stara\/wp-content\/gallery\/na-livadi-na-jankovcu\/thumbs\/thumbs_Na-livadi-na-Jankovcu-29.jpg\"\n               data-image-id=\"5313\"\n               data-title=\"Na-livadi-na-Jankovcu-29\"\n               data-description=\"\"\n               data-image-slug=\"na-livadi-na-jankovcu-29\"\n               class=\"shutterset_2a4a3ca1b09e5f95f80a2ed7271cdbc4\">\n                <img\n                    title=\"Na-livadi-na-Jankovcu-29\"\n                    alt=\"Na-livadi-na-Jankovcu-29\"\n                    src=\"https:\/\/kontesadora.hr\/stara\/wp-content\/gallery\/na-livadi-na-jankovcu\/thumbs\/thumbs_Na-livadi-na-Jankovcu-29.jpg\"\n                    width=\"100\"\n                    height=\"75\"\n                    style=\"max-width:100%;\"\n                \/>\n            <\/a>\n        <\/div>\n\t\t\t\t\t\t\t<\/div> \n\t\t\t\n        \n\t\t\t\t<div id=\"ngg-image-7\" class=\"ngg-gallery-thumbnail-box\" >\n\t\t\t\t        <div class=\"ngg-gallery-thumbnail\">\n            <a href=\"https:\/\/kontesadora.hr\/stara\/wp-content\/gallery\/na-livadi-na-jankovcu\/Na-livadi-na-Jankovcu-30.jpg\"\n               title=\"\"\n               data-src=\"https:\/\/kontesadora.hr\/stara\/wp-content\/gallery\/na-livadi-na-jankovcu\/Na-livadi-na-Jankovcu-30.jpg\"\n               data-thumbnail=\"https:\/\/kontesadora.hr\/stara\/wp-content\/gallery\/na-livadi-na-jankovcu\/thumbs\/thumbs_Na-livadi-na-Jankovcu-30.jpg\"\n               data-image-id=\"5315\"\n               data-title=\"Na-livadi-na-Jankovcu-30\"\n               data-description=\"\"\n               data-image-slug=\"na-livadi-na-jankovcu-30\"\n               class=\"shutterset_2a4a3ca1b09e5f95f80a2ed7271cdbc4\">\n                <img\n                    title=\"Na-livadi-na-Jankovcu-30\"\n                    alt=\"Na-livadi-na-Jankovcu-30\"\n                    src=\"https:\/\/kontesadora.hr\/stara\/wp-content\/gallery\/na-livadi-na-jankovcu\/thumbs\/thumbs_Na-livadi-na-Jankovcu-30.jpg\"\n                    width=\"100\"\n                    height=\"75\"\n                    style=\"max-width:100%;\"\n                \/>\n            <\/a>\n        <\/div>\n\t\t\t\t\t\t\t<\/div> \n\t\t\t\n        \n\t\t\t\t<div id=\"ngg-image-8\" class=\"ngg-gallery-thumbnail-box\" >\n\t\t\t\t        <div class=\"ngg-gallery-thumbnail\">\n            <a href=\"https:\/\/kontesadora.hr\/stara\/wp-content\/gallery\/na-livadi-na-jankovcu\/Na-livadi-na-Jankovcu-31.jpg\"\n               title=\"\"\n               data-src=\"https:\/\/kontesadora.hr\/stara\/wp-content\/gallery\/na-livadi-na-jankovcu\/Na-livadi-na-Jankovcu-31.jpg\"\n               data-thumbnail=\"https:\/\/kontesadora.hr\/stara\/wp-content\/gallery\/na-livadi-na-jankovcu\/thumbs\/thumbs_Na-livadi-na-Jankovcu-31.jpg\"\n               data-image-id=\"5314\"\n               data-title=\"Na-livadi-na-Jankovcu-31\"\n               data-description=\"\"\n               data-image-slug=\"na-livadi-na-jankovcu-31\"\n               class=\"shutterset_2a4a3ca1b09e5f95f80a2ed7271cdbc4\">\n                <img\n                    title=\"Na-livadi-na-Jankovcu-31\"\n                    alt=\"Na-livadi-na-Jankovcu-31\"\n                    src=\"https:\/\/kontesadora.hr\/stara\/wp-content\/gallery\/na-livadi-na-jankovcu\/thumbs\/thumbs_Na-livadi-na-Jankovcu-31.jpg\"\n                    width=\"100\"\n                    height=\"75\"\n                    style=\"max-width:100%;\"\n                \/>\n            <\/a>\n        <\/div>\n\t\t\t\t\t\t\t<\/div> \n\t\t\t\n        \n\t\t\t\t<div id=\"ngg-image-9\" class=\"ngg-gallery-thumbnail-box\" >\n\t\t\t\t        <div class=\"ngg-gallery-thumbnail\">\n            <a href=\"https:\/\/kontesadora.hr\/stara\/wp-content\/gallery\/na-livadi-na-jankovcu\/Na-livadi-na-Jankovcu-28.jpg\"\n               title=\"\"\n               data-src=\"https:\/\/kontesadora.hr\/stara\/wp-content\/gallery\/na-livadi-na-jankovcu\/Na-livadi-na-Jankovcu-28.jpg\"\n               data-thumbnail=\"https:\/\/kontesadora.hr\/stara\/wp-content\/gallery\/na-livadi-na-jankovcu\/thumbs\/thumbs_Na-livadi-na-Jankovcu-28.jpg\"\n               data-image-id=\"5312\"\n               data-title=\"Na-livadi-na-Jankovcu-28\"\n               data-description=\"\"\n               data-image-slug=\"na-livadi-na-jankovcu-28\"\n               class=\"shutterset_2a4a3ca1b09e5f95f80a2ed7271cdbc4\">\n                <img\n                    title=\"Na-livadi-na-Jankovcu-28\"\n                    alt=\"Na-livadi-na-Jankovcu-28\"\n                    src=\"https:\/\/kontesadora.hr\/stara\/wp-content\/gallery\/na-livadi-na-jankovcu\/thumbs\/thumbs_Na-livadi-na-Jankovcu-28.jpg\"\n                    width=\"100\"\n                    height=\"75\"\n                    style=\"max-width:100%;\"\n                \/>\n            <\/a>\n        <\/div>\n\t\t\t\t\t\t\t<\/div> \n\t\t\t\n        \n\t\t\t\t<div id=\"ngg-image-10\" class=\"ngg-gallery-thumbnail-box\" >\n\t\t\t\t        <div class=\"ngg-gallery-thumbnail\">\n            <a href=\"https:\/\/kontesadora.hr\/stara\/wp-content\/gallery\/na-livadi-na-jankovcu\/Na-livadi-na-Jankovcu-25.jpg\"\n               title=\"\"\n               data-src=\"https:\/\/kontesadora.hr\/stara\/wp-content\/gallery\/na-livadi-na-jankovcu\/Na-livadi-na-Jankovcu-25.jpg\"\n               data-thumbnail=\"https:\/\/kontesadora.hr\/stara\/wp-content\/gallery\/na-livadi-na-jankovcu\/thumbs\/thumbs_Na-livadi-na-Jankovcu-25.jpg\"\n               data-image-id=\"5310\"\n               data-title=\"Na-livadi-na-Jankovcu-25\"\n               data-description=\"\"\n               data-image-slug=\"na-livadi-na-jankovcu-25\"\n               class=\"shutterset_2a4a3ca1b09e5f95f80a2ed7271cdbc4\">\n                <img\n                    title=\"Na-livadi-na-Jankovcu-25\"\n                    alt=\"Na-livadi-na-Jankovcu-25\"\n                    src=\"https:\/\/kontesadora.hr\/stara\/wp-content\/gallery\/na-livadi-na-jankovcu\/thumbs\/thumbs_Na-livadi-na-Jankovcu-25.jpg\"\n                    width=\"100\"\n                    height=\"75\"\n                    style=\"max-width:100%;\"\n                \/>\n            <\/a>\n        <\/div>\n\t\t\t\t\t\t\t<\/div> \n\t\t\t\n        \n\t\t\t\t<div id=\"ngg-image-11\" class=\"ngg-gallery-thumbnail-box\" >\n\t\t\t\t        <div class=\"ngg-gallery-thumbnail\">\n            <a href=\"https:\/\/kontesadora.hr\/stara\/wp-content\/gallery\/na-livadi-na-jankovcu\/Na-livadi-na-Jankovcu-26.jpg\"\n               title=\"\"\n               data-src=\"https:\/\/kontesadora.hr\/stara\/wp-content\/gallery\/na-livadi-na-jankovcu\/Na-livadi-na-Jankovcu-26.jpg\"\n               data-thumbnail=\"https:\/\/kontesadora.hr\/stara\/wp-content\/gallery\/na-livadi-na-jankovcu\/thumbs\/thumbs_Na-livadi-na-Jankovcu-26.jpg\"\n               data-image-id=\"5311\"\n               data-title=\"Na-livadi-na-Jankovcu-26\"\n               data-description=\"\"\n               data-image-slug=\"na-livadi-na-jankovcu-26\"\n               class=\"shutterset_2a4a3ca1b09e5f95f80a2ed7271cdbc4\">\n                <img\n                    title=\"Na-livadi-na-Jankovcu-26\"\n                    alt=\"Na-livadi-na-Jankovcu-26\"\n                    src=\"https:\/\/kontesadora.hr\/stara\/wp-content\/gallery\/na-livadi-na-jankovcu\/thumbs\/thumbs_Na-livadi-na-Jankovcu-26.jpg\"\n                    width=\"100\"\n                    height=\"75\"\n                    style=\"max-width:100%;\"\n                \/>\n            <\/a>\n        <\/div>\n\t\t\t\t\t\t\t<\/div> \n\t\t\t\n        \n\t\t\t\t<div id=\"ngg-image-12\" class=\"ngg-gallery-thumbnail-box\" >\n\t\t\t\t        <div class=\"ngg-gallery-thumbnail\">\n            <a href=\"https:\/\/kontesadora.hr\/stara\/wp-content\/gallery\/na-livadi-na-jankovcu\/Na-livadi-na-Jankovcu-24.jpg\"\n               title=\"\"\n               data-src=\"https:\/\/kontesadora.hr\/stara\/wp-content\/gallery\/na-livadi-na-jankovcu\/Na-livadi-na-Jankovcu-24.jpg\"\n               data-thumbnail=\"https:\/\/kontesadora.hr\/stara\/wp-content\/gallery\/na-livadi-na-jankovcu\/thumbs\/thumbs_Na-livadi-na-Jankovcu-24.jpg\"\n               data-image-id=\"5309\"\n               data-title=\"Na-livadi-na-Jankovcu-24\"\n               data-description=\"\"\n               data-image-slug=\"na-livadi-na-jankovcu-24\"\n               class=\"shutterset_2a4a3ca1b09e5f95f80a2ed7271cdbc4\">\n                <img\n                    title=\"Na-livadi-na-Jankovcu-24\"\n                    alt=\"Na-livadi-na-Jankovcu-24\"\n                    src=\"https:\/\/kontesadora.hr\/stara\/wp-content\/gallery\/na-livadi-na-jankovcu\/thumbs\/thumbs_Na-livadi-na-Jankovcu-24.jpg\"\n                    width=\"100\"\n                    height=\"75\"\n                    style=\"max-width:100%;\"\n                \/>\n            <\/a>\n        <\/div>\n\t\t\t\t\t\t\t<\/div> \n\t\t\t\n        \n\t\t\t\t<div id=\"ngg-image-13\" class=\"ngg-gallery-thumbnail-box\" >\n\t\t\t\t        <div class=\"ngg-gallery-thumbnail\">\n            <a href=\"https:\/\/kontesadora.hr\/stara\/wp-content\/gallery\/na-livadi-na-jankovcu\/Na-livadi-na-Jankovcu-22.jpg\"\n               title=\"\"\n               data-src=\"https:\/\/kontesadora.hr\/stara\/wp-content\/gallery\/na-livadi-na-jankovcu\/Na-livadi-na-Jankovcu-22.jpg\"\n               data-thumbnail=\"https:\/\/kontesadora.hr\/stara\/wp-content\/gallery\/na-livadi-na-jankovcu\/thumbs\/thumbs_Na-livadi-na-Jankovcu-22.jpg\"\n               data-image-id=\"5307\"\n               data-title=\"Na-livadi-na-Jankovcu-22\"\n               data-description=\"\"\n               data-image-slug=\"na-livadi-na-jankovcu-22\"\n               class=\"shutterset_2a4a3ca1b09e5f95f80a2ed7271cdbc4\">\n                <img\n                    title=\"Na-livadi-na-Jankovcu-22\"\n                    alt=\"Na-livadi-na-Jankovcu-22\"\n                    src=\"https:\/\/kontesadora.hr\/stara\/wp-content\/gallery\/na-livadi-na-jankovcu\/thumbs\/thumbs_Na-livadi-na-Jankovcu-22.jpg\"\n                    width=\"100\"\n                    height=\"75\"\n                    style=\"max-width:100%;\"\n                \/>\n            <\/a>\n        <\/div>\n\t\t\t\t\t\t\t<\/div> \n\t\t\t\n        \n\t\t\t\t<div id=\"ngg-image-14\" class=\"ngg-gallery-thumbnail-box\" >\n\t\t\t\t        <div class=\"ngg-gallery-thumbnail\">\n            <a href=\"https:\/\/kontesadora.hr\/stara\/wp-content\/gallery\/na-livadi-na-jankovcu\/Na-livadi-na-Jankovcu-23.jpg\"\n               title=\"\"\n               data-src=\"https:\/\/kontesadora.hr\/stara\/wp-content\/gallery\/na-livadi-na-jankovcu\/Na-livadi-na-Jankovcu-23.jpg\"\n               data-thumbnail=\"https:\/\/kontesadora.hr\/stara\/wp-content\/gallery\/na-livadi-na-jankovcu\/thumbs\/thumbs_Na-livadi-na-Jankovcu-23.jpg\"\n               data-image-id=\"5308\"\n               data-title=\"Na-livadi-na-Jankovcu-23\"\n               data-description=\"\"\n               data-image-slug=\"na-livadi-na-jankovcu-23\"\n               class=\"shutterset_2a4a3ca1b09e5f95f80a2ed7271cdbc4\">\n                <img\n                    title=\"Na-livadi-na-Jankovcu-23\"\n                    alt=\"Na-livadi-na-Jankovcu-23\"\n                    src=\"https:\/\/kontesadora.hr\/stara\/wp-content\/gallery\/na-livadi-na-jankovcu\/thumbs\/thumbs_Na-livadi-na-Jankovcu-23.jpg\"\n                    width=\"100\"\n                    height=\"75\"\n                    style=\"max-width:100%;\"\n                \/>\n            <\/a>\n        <\/div>\n\t\t\t\t\t\t\t<\/div> \n\t\t\t\n        \n\t\t\t\t<div id=\"ngg-image-15\" class=\"ngg-gallery-thumbnail-box\" >\n\t\t\t\t        <div class=\"ngg-gallery-thumbnail\">\n            <a href=\"https:\/\/kontesadora.hr\/stara\/wp-content\/gallery\/na-livadi-na-jankovcu\/Na-livadi-na-Jankovcu-21.jpg\"\n               title=\"\"\n               data-src=\"https:\/\/kontesadora.hr\/stara\/wp-content\/gallery\/na-livadi-na-jankovcu\/Na-livadi-na-Jankovcu-21.jpg\"\n               data-thumbnail=\"https:\/\/kontesadora.hr\/stara\/wp-content\/gallery\/na-livadi-na-jankovcu\/thumbs\/thumbs_Na-livadi-na-Jankovcu-21.jpg\"\n               data-image-id=\"5306\"\n               data-title=\"Na-livadi-na-Jankovcu-21\"\n               data-description=\"\"\n               data-image-slug=\"na-livadi-na-jankovcu-21\"\n               class=\"shutterset_2a4a3ca1b09e5f95f80a2ed7271cdbc4\">\n                <img\n                    title=\"Na-livadi-na-Jankovcu-21\"\n                    alt=\"Na-livadi-na-Jankovcu-21\"\n                    src=\"https:\/\/kontesadora.hr\/stara\/wp-content\/gallery\/na-livadi-na-jankovcu\/thumbs\/thumbs_Na-livadi-na-Jankovcu-21.jpg\"\n                    width=\"100\"\n                    height=\"75\"\n                    style=\"max-width:100%;\"\n                \/>\n            <\/a>\n        <\/div>\n\t\t\t\t\t\t\t<\/div> \n\t\t\t\n        \n\t\t\t\t<div id=\"ngg-image-16\" class=\"ngg-gallery-thumbnail-box\" >\n\t\t\t\t        <div class=\"ngg-gallery-thumbnail\">\n            <a href=\"https:\/\/kontesadora.hr\/stara\/wp-content\/gallery\/na-livadi-na-jankovcu\/Na-livadi-na-Jankovcu-19.jpg\"\n               title=\"\"\n               data-src=\"https:\/\/kontesadora.hr\/stara\/wp-content\/gallery\/na-livadi-na-jankovcu\/Na-livadi-na-Jankovcu-19.jpg\"\n               data-thumbnail=\"https:\/\/kontesadora.hr\/stara\/wp-content\/gallery\/na-livadi-na-jankovcu\/thumbs\/thumbs_Na-livadi-na-Jankovcu-19.jpg\"\n               data-image-id=\"5303\"\n               data-title=\"Na-livadi-na-Jankovcu-19\"\n               data-description=\"\"\n               data-image-slug=\"na-livadi-na-jankovcu-19\"\n               class=\"shutterset_2a4a3ca1b09e5f95f80a2ed7271cdbc4\">\n                <img\n                    title=\"Na-livadi-na-Jankovcu-19\"\n                    alt=\"Na-livadi-na-Jankovcu-19\"\n                    src=\"https:\/\/kontesadora.hr\/stara\/wp-content\/gallery\/na-livadi-na-jankovcu\/thumbs\/thumbs_Na-livadi-na-Jankovcu-19.jpg\"\n                    width=\"100\"\n                    height=\"75\"\n                    style=\"max-width:100%;\"\n                \/>\n            <\/a>\n        <\/div>\n\t\t\t\t\t\t\t<\/div> \n\t\t\t\n        \n\t\t\t\t<div id=\"ngg-image-17\" class=\"ngg-gallery-thumbnail-box\" >\n\t\t\t\t        <div class=\"ngg-gallery-thumbnail\">\n            <a href=\"https:\/\/kontesadora.hr\/stara\/wp-content\/gallery\/na-livadi-na-jankovcu\/Na-livadi-na-Jankovcu-17.jpg\"\n               title=\"\"\n               data-src=\"https:\/\/kontesadora.hr\/stara\/wp-content\/gallery\/na-livadi-na-jankovcu\/Na-livadi-na-Jankovcu-17.jpg\"\n               data-thumbnail=\"https:\/\/kontesadora.hr\/stara\/wp-content\/gallery\/na-livadi-na-jankovcu\/thumbs\/thumbs_Na-livadi-na-Jankovcu-17.jpg\"\n               data-image-id=\"5304\"\n               data-title=\"Na-livadi-na-Jankovcu-17\"\n               data-description=\"\"\n               data-image-slug=\"na-livadi-na-jankovcu-17\"\n               class=\"shutterset_2a4a3ca1b09e5f95f80a2ed7271cdbc4\">\n                <img\n                    title=\"Na-livadi-na-Jankovcu-17\"\n                    alt=\"Na-livadi-na-Jankovcu-17\"\n                    src=\"https:\/\/kontesadora.hr\/stara\/wp-content\/gallery\/na-livadi-na-jankovcu\/thumbs\/thumbs_Na-livadi-na-Jankovcu-17.jpg\"\n                    width=\"100\"\n                    height=\"75\"\n                    style=\"max-width:100%;\"\n                \/>\n            <\/a>\n        <\/div>\n\t\t\t\t\t\t\t<\/div> \n\t\t\t\n        \n\t\t\t\t<div id=\"ngg-image-18\" class=\"ngg-gallery-thumbnail-box\" >\n\t\t\t\t        <div class=\"ngg-gallery-thumbnail\">\n            <a href=\"https:\/\/kontesadora.hr\/stara\/wp-content\/gallery\/na-livadi-na-jankovcu\/Na-livadi-na-Jankovcu-20.jpg\"\n               title=\"\"\n               data-src=\"https:\/\/kontesadora.hr\/stara\/wp-content\/gallery\/na-livadi-na-jankovcu\/Na-livadi-na-Jankovcu-20.jpg\"\n               data-thumbnail=\"https:\/\/kontesadora.hr\/stara\/wp-content\/gallery\/na-livadi-na-jankovcu\/thumbs\/thumbs_Na-livadi-na-Jankovcu-20.jpg\"\n               data-image-id=\"5305\"\n               data-title=\"Na-livadi-na-Jankovcu-20\"\n               data-description=\"\"\n               data-image-slug=\"na-livadi-na-jankovcu-20\"\n               class=\"shutterset_2a4a3ca1b09e5f95f80a2ed7271cdbc4\">\n                <img\n                    title=\"Na-livadi-na-Jankovcu-20\"\n                    alt=\"Na-livadi-na-Jankovcu-20\"\n                    src=\"https:\/\/kontesadora.hr\/stara\/wp-content\/gallery\/na-livadi-na-jankovcu\/thumbs\/thumbs_Na-livadi-na-Jankovcu-20.jpg\"\n                    width=\"100\"\n                    height=\"75\"\n                    style=\"max-width:100%;\"\n                \/>\n            <\/a>\n        <\/div>\n\t\t\t\t\t\t\t<\/div> \n\t\t\t\n        \n\t\t\t\t<div id=\"ngg-image-19\" class=\"ngg-gallery-thumbnail-box\" >\n\t\t\t\t        <div class=\"ngg-gallery-thumbnail\">\n            <a href=\"https:\/\/kontesadora.hr\/stara\/wp-content\/gallery\/na-livadi-na-jankovcu\/Na-livadi-na-Jankovcu-16.jpg\"\n               title=\"\"\n               data-src=\"https:\/\/kontesadora.hr\/stara\/wp-content\/gallery\/na-livadi-na-jankovcu\/Na-livadi-na-Jankovcu-16.jpg\"\n               data-thumbnail=\"https:\/\/kontesadora.hr\/stara\/wp-content\/gallery\/na-livadi-na-jankovcu\/thumbs\/thumbs_Na-livadi-na-Jankovcu-16.jpg\"\n               data-image-id=\"5301\"\n               data-title=\"Na-livadi-na-Jankovcu-16\"\n               data-description=\"\"\n               data-image-slug=\"na-livadi-na-jankovcu-16\"\n               class=\"shutterset_2a4a3ca1b09e5f95f80a2ed7271cdbc4\">\n                <img\n                    title=\"Na-livadi-na-Jankovcu-16\"\n                    alt=\"Na-livadi-na-Jankovcu-16\"\n                    src=\"https:\/\/kontesadora.hr\/stara\/wp-content\/gallery\/na-livadi-na-jankovcu\/thumbs\/thumbs_Na-livadi-na-Jankovcu-16.jpg\"\n                    width=\"100\"\n                    height=\"75\"\n                    style=\"max-width:100%;\"\n                \/>\n            <\/a>\n        <\/div>\n\t\t\t\t\t\t\t<\/div> \n\t\t\t\n        \n\t\t\n\t\t<!-- Pagination -->\n\t<div class='ngg-navigation'><span class='current'>1<\/span>\n<a class='page-numbers' data-pageid='2' href='https:\/\/kontesadora.hr\/stara\/galerija\/nggallery\/page\/2'>2<\/a>\n<a class='prev' href='https:\/\/kontesadora.hr\/stara\/galerija\/nggallery\/page\/2' data-pageid=2>&#9658;<\/a><\/div>\t<\/div>\n<!-- index.php -->\n<div\n\tclass=\"ngg-galleryoverview ngg-ajax-pagination-none\"\n\tid=\"ngg-gallery-336dd18ab2113280b2e1cdfea96a62f5-1\">\n\n    \t<div class=\"slideshowlink\">\n        <a href='https:\/\/kontesadora.hr\/stara\/galerija\/nggallery\/slideshow'>[Show as slideshow]<\/a>\n\t\t\n\t<\/div>\n\t\t\t<!-- Thumbnails -->\n\t\t\t\t<div id=\"ngg-image-0\" class=\"ngg-gallery-thumbnail-box\" >\n\t\t\t\t        <div class=\"ngg-gallery-thumbnail\">\n            <a href=\"https:\/\/kontesadora.hr\/stara\/wp-content\/gallery\/dragoljub\/199998617_1615556541967156_2817452653589015996_n.jpg\"\n               title=\"\"\n               data-src=\"https:\/\/kontesadora.hr\/stara\/wp-content\/gallery\/dragoljub\/199998617_1615556541967156_2817452653589015996_n.jpg\"\n               data-thumbnail=\"https:\/\/kontesadora.hr\/stara\/wp-content\/gallery\/dragoljub\/thumbs\/thumbs_199998617_1615556541967156_2817452653589015996_n.jpg\"\n               data-image-id=\"5272\"\n               data-title=\"199998617_1615556541967156_2817452653589015996_n\"\n               data-description=\"\"\n               data-image-slug=\"199998617_1615556541967156_2817452653589015996_n\"\n               class=\"shutterset_336dd18ab2113280b2e1cdfea96a62f5\">\n                <img\n                    title=\"199998617_1615556541967156_2817452653589015996_n\"\n                    alt=\"199998617_1615556541967156_2817452653589015996_n\"\n                    src=\"https:\/\/kontesadora.hr\/stara\/wp-content\/gallery\/dragoljub\/thumbs\/thumbs_199998617_1615556541967156_2817452653589015996_n.jpg\"\n                    width=\"100\"\n                    height=\"75\"\n                    style=\"max-width:100%;\"\n                \/>\n            <\/a>\n        <\/div>\n\t\t\t\t\t\t\t<\/div> \n\t\t\t\n        \n\t\t\t\t<div id=\"ngg-image-1\" class=\"ngg-gallery-thumbnail-box\" >\n\t\t\t\t        <div class=\"ngg-gallery-thumbnail\">\n            <a href=\"https:\/\/kontesadora.hr\/stara\/wp-content\/gallery\/dragoljub\/200064854_1615556401967170_3482798519834670685_n.jpg\"\n               title=\"\"\n               data-src=\"https:\/\/kontesadora.hr\/stara\/wp-content\/gallery\/dragoljub\/200064854_1615556401967170_3482798519834670685_n.jpg\"\n               data-thumbnail=\"https:\/\/kontesadora.hr\/stara\/wp-content\/gallery\/dragoljub\/thumbs\/thumbs_200064854_1615556401967170_3482798519834670685_n.jpg\"\n               data-image-id=\"5273\"\n               data-title=\"200064854_1615556401967170_3482798519834670685_n\"\n               data-description=\"\"\n               data-image-slug=\"200064854_1615556401967170_3482798519834670685_n\"\n               class=\"shutterset_336dd18ab2113280b2e1cdfea96a62f5\">\n                <img\n                    title=\"200064854_1615556401967170_3482798519834670685_n\"\n                    alt=\"200064854_1615556401967170_3482798519834670685_n\"\n                    src=\"https:\/\/kontesadora.hr\/stara\/wp-content\/gallery\/dragoljub\/thumbs\/thumbs_200064854_1615556401967170_3482798519834670685_n.jpg\"\n                    width=\"100\"\n                    height=\"75\"\n                    style=\"max-width:100%;\"\n                \/>\n            <\/a>\n        <\/div>\n\t\t\t\t\t\t\t<\/div> \n\t\t\t\n        \n\t\t\t\t<div id=\"ngg-image-2\" class=\"ngg-gallery-thumbnail-box\" >\n\t\t\t\t        <div class=\"ngg-gallery-thumbnail\">\n            <a href=\"https:\/\/kontesadora.hr\/stara\/wp-content\/gallery\/dragoljub\/200112117_1615556581967152_6819615962513964030_n.jpg\"\n               title=\"\"\n               data-src=\"https:\/\/kontesadora.hr\/stara\/wp-content\/gallery\/dragoljub\/200112117_1615556581967152_6819615962513964030_n.jpg\"\n               data-thumbnail=\"https:\/\/kontesadora.hr\/stara\/wp-content\/gallery\/dragoljub\/thumbs\/thumbs_200112117_1615556581967152_6819615962513964030_n.jpg\"\n               data-image-id=\"5270\"\n               data-title=\"200112117_1615556581967152_6819615962513964030_n\"\n               data-description=\"\"\n               data-image-slug=\"200112117_1615556581967152_6819615962513964030_n\"\n               class=\"shutterset_336dd18ab2113280b2e1cdfea96a62f5\">\n                <img\n                    title=\"200112117_1615556581967152_6819615962513964030_n\"\n                    alt=\"200112117_1615556581967152_6819615962513964030_n\"\n                    src=\"https:\/\/kontesadora.hr\/stara\/wp-content\/gallery\/dragoljub\/thumbs\/thumbs_200112117_1615556581967152_6819615962513964030_n.jpg\"\n                    width=\"100\"\n                    height=\"75\"\n                    style=\"max-width:100%;\"\n                \/>\n            <\/a>\n        <\/div>\n\t\t\t\t\t\t\t<\/div> \n\t\t\t\n        \n\t\t\t\t<div id=\"ngg-image-3\" class=\"ngg-gallery-thumbnail-box\" >\n\t\t\t\t        <div class=\"ngg-gallery-thumbnail\">\n            <a href=\"https:\/\/kontesadora.hr\/stara\/wp-content\/gallery\/dragoljub\/200326705_1615556485300495_3204170476091507972_n.jpg\"\n               title=\"\"\n               data-src=\"https:\/\/kontesadora.hr\/stara\/wp-content\/gallery\/dragoljub\/200326705_1615556485300495_3204170476091507972_n.jpg\"\n               data-thumbnail=\"https:\/\/kontesadora.hr\/stara\/wp-content\/gallery\/dragoljub\/thumbs\/thumbs_200326705_1615556485300495_3204170476091507972_n.jpg\"\n               data-image-id=\"5271\"\n               data-title=\"200326705_1615556485300495_3204170476091507972_n\"\n               data-description=\"\"\n               data-image-slug=\"200326705_1615556485300495_3204170476091507972_n\"\n               class=\"shutterset_336dd18ab2113280b2e1cdfea96a62f5\">\n                <img\n                    title=\"200326705_1615556485300495_3204170476091507972_n\"\n                    alt=\"200326705_1615556485300495_3204170476091507972_n\"\n                    src=\"https:\/\/kontesadora.hr\/stara\/wp-content\/gallery\/dragoljub\/thumbs\/thumbs_200326705_1615556485300495_3204170476091507972_n.jpg\"\n                    width=\"100\"\n                    height=\"75\"\n                    style=\"max-width:100%;\"\n                \/>\n            <\/a>\n        <\/div>\n\t\t\t\t\t\t\t<\/div> \n\t\t\t\n        \n\t\t\t\t<div id=\"ngg-image-4\" class=\"ngg-gallery-thumbnail-box\" >\n\t\t\t\t        <div class=\"ngg-gallery-thumbnail\">\n            <a href=\"https:\/\/kontesadora.hr\/stara\/wp-content\/gallery\/dragoljub\/200346825_1615556351967175_4746254901196789075_n.jpg\"\n               title=\"\"\n               data-src=\"https:\/\/kontesadora.hr\/stara\/wp-content\/gallery\/dragoljub\/200346825_1615556351967175_4746254901196789075_n.jpg\"\n               data-thumbnail=\"https:\/\/kontesadora.hr\/stara\/wp-content\/gallery\/dragoljub\/thumbs\/thumbs_200346825_1615556351967175_4746254901196789075_n.jpg\"\n               data-image-id=\"5267\"\n               data-title=\"200346825_1615556351967175_4746254901196789075_n\"\n               data-description=\"\"\n               data-image-slug=\"200346825_1615556351967175_4746254901196789075_n\"\n               class=\"shutterset_336dd18ab2113280b2e1cdfea96a62f5\">\n                <img\n                    title=\"200346825_1615556351967175_4746254901196789075_n\"\n                    alt=\"200346825_1615556351967175_4746254901196789075_n\"\n                    src=\"https:\/\/kontesadora.hr\/stara\/wp-content\/gallery\/dragoljub\/thumbs\/thumbs_200346825_1615556351967175_4746254901196789075_n.jpg\"\n                    width=\"100\"\n                    height=\"75\"\n                    style=\"max-width:100%;\"\n                \/>\n            <\/a>\n        <\/div>\n\t\t\t\t\t\t\t<\/div> \n\t\t\t\n        \n\t\t\t\t<div id=\"ngg-image-5\" class=\"ngg-gallery-thumbnail-box\" >\n\t\t\t\t        <div class=\"ngg-gallery-thumbnail\">\n            <a href=\"https:\/\/kontesadora.hr\/stara\/wp-content\/gallery\/dragoljub\/200859642_1615556298633847_1782332515074560950_n.jpg\"\n               title=\"\"\n               data-src=\"https:\/\/kontesadora.hr\/stara\/wp-content\/gallery\/dragoljub\/200859642_1615556298633847_1782332515074560950_n.jpg\"\n               data-thumbnail=\"https:\/\/kontesadora.hr\/stara\/wp-content\/gallery\/dragoljub\/thumbs\/thumbs_200859642_1615556298633847_1782332515074560950_n.jpg\"\n               data-image-id=\"5268\"\n               data-title=\"200859642_1615556298633847_1782332515074560950_n\"\n               data-description=\"\"\n               data-image-slug=\"200859642_1615556298633847_1782332515074560950_n\"\n               class=\"shutterset_336dd18ab2113280b2e1cdfea96a62f5\">\n                <img\n                    title=\"200859642_1615556298633847_1782332515074560950_n\"\n                    alt=\"200859642_1615556298633847_1782332515074560950_n\"\n                    src=\"https:\/\/kontesadora.hr\/stara\/wp-content\/gallery\/dragoljub\/thumbs\/thumbs_200859642_1615556298633847_1782332515074560950_n.jpg\"\n                    width=\"100\"\n                    height=\"75\"\n                    style=\"max-width:100%;\"\n                \/>\n            <\/a>\n        <\/div>\n\t\t\t\t\t\t\t<\/div> \n\t\t\t\n        \n\t\t\t\t<div id=\"ngg-image-6\" class=\"ngg-gallery-thumbnail-box\" >\n\t\t\t\t        <div class=\"ngg-gallery-thumbnail\">\n            <a href=\"https:\/\/kontesadora.hr\/stara\/wp-content\/gallery\/dragoljub\/200437508_1615556631967147_7857340670694645691_n.jpg\"\n               title=\"\"\n               data-src=\"https:\/\/kontesadora.hr\/stara\/wp-content\/gallery\/dragoljub\/200437508_1615556631967147_7857340670694645691_n.jpg\"\n               data-thumbnail=\"https:\/\/kontesadora.hr\/stara\/wp-content\/gallery\/dragoljub\/thumbs\/thumbs_200437508_1615556631967147_7857340670694645691_n.jpg\"\n               data-image-id=\"5269\"\n               data-title=\"200437508_1615556631967147_7857340670694645691_n\"\n               data-description=\"\"\n               data-image-slug=\"200437508_1615556631967147_7857340670694645691_n\"\n               class=\"shutterset_336dd18ab2113280b2e1cdfea96a62f5\">\n                <img\n                    title=\"200437508_1615556631967147_7857340670694645691_n\"\n                    alt=\"200437508_1615556631967147_7857340670694645691_n\"\n                    src=\"https:\/\/kontesadora.hr\/stara\/wp-content\/gallery\/dragoljub\/thumbs\/thumbs_200437508_1615556631967147_7857340670694645691_n.jpg\"\n                    width=\"100\"\n                    height=\"75\"\n                    style=\"max-width:100%;\"\n                \/>\n            <\/a>\n        <\/div>\n\t\t\t\t\t\t\t<\/div> \n\t\t\t\n        \n\t\t\t\t<div id=\"ngg-image-7\" class=\"ngg-gallery-thumbnail-box\" >\n\t\t\t\t        <div class=\"ngg-gallery-thumbnail\">\n            <a href=\"https:\/\/kontesadora.hr\/stara\/wp-content\/gallery\/dragoljub\/201471012_1615556685300475_7343452497731426929_n.jpg\"\n               title=\"\"\n               data-src=\"https:\/\/kontesadora.hr\/stara\/wp-content\/gallery\/dragoljub\/201471012_1615556685300475_7343452497731426929_n.jpg\"\n               data-thumbnail=\"https:\/\/kontesadora.hr\/stara\/wp-content\/gallery\/dragoljub\/thumbs\/thumbs_201471012_1615556685300475_7343452497731426929_n.jpg\"\n               data-image-id=\"5266\"\n               data-title=\"201471012_1615556685300475_7343452497731426929_n\"\n               data-description=\"\"\n               data-image-slug=\"201471012_1615556685300475_7343452497731426929_n\"\n               class=\"shutterset_336dd18ab2113280b2e1cdfea96a62f5\">\n                <img\n                    title=\"201471012_1615556685300475_7343452497731426929_n\"\n                    alt=\"201471012_1615556685300475_7343452497731426929_n\"\n                    src=\"https:\/\/kontesadora.hr\/stara\/wp-content\/gallery\/dragoljub\/thumbs\/thumbs_201471012_1615556685300475_7343452497731426929_n.jpg\"\n                    width=\"100\"\n                    height=\"75\"\n                    style=\"max-width:100%;\"\n                \/>\n            <\/a>\n        <\/div>\n\t\t\t\t\t\t\t<\/div> \n\t\t\t\n        \n\t\t\n\t\t<!-- Pagination -->\n\t<div class='ngg-clear'><\/div>\t<\/div>\n<!-- index.php -->\n<div\n\tclass=\"ngg-galleryoverview ngg-ajax-pagination-none\"\n\tid=\"ngg-gallery-1b37029ee59e886844a619d63e0ef8c8-1\">\n\n    \t<div class=\"slideshowlink\">\n        <a href='https:\/\/kontesadora.hr\/stara\/galerija\/nggallery\/slideshow'>[Show as slideshow]<\/a>\n\t\t\n\t<\/div>\n\t\t\t<!-- Thumbnails -->\n\t\t\t\t<div id=\"ngg-image-0\" class=\"ngg-gallery-thumbnail-box\" >\n\t\t\t\t        <div class=\"ngg-gallery-thumbnail\">\n            <a href=\"https:\/\/kontesadora.hr\/stara\/wp-content\/gallery\/g-igraonica\/IMG-ed068e476ac618e0d4cf628e057c4cb7-V.jpg\"\n               title=\"\"\n               data-src=\"https:\/\/kontesadora.hr\/stara\/wp-content\/gallery\/g-igraonica\/IMG-ed068e476ac618e0d4cf628e057c4cb7-V.jpg\"\n               data-thumbnail=\"https:\/\/kontesadora.hr\/stara\/wp-content\/gallery\/g-igraonica\/thumbs\/thumbs_IMG-ed068e476ac618e0d4cf628e057c4cb7-V.jpg\"\n               data-image-id=\"5255\"\n               data-title=\"IMG-ed068e476ac618e0d4cf628e057c4cb7-V\"\n               data-description=\"\"\n               data-image-slug=\"img-ed068e476ac618e0d4cf628e057c4cb7-v\"\n               class=\"shutterset_1b37029ee59e886844a619d63e0ef8c8\">\n                <img\n                    title=\"IMG-ed068e476ac618e0d4cf628e057c4cb7-V\"\n                    alt=\"IMG-ed068e476ac618e0d4cf628e057c4cb7-V\"\n                    src=\"https:\/\/kontesadora.hr\/stara\/wp-content\/gallery\/g-igraonica\/thumbs\/thumbs_IMG-ed068e476ac618e0d4cf628e057c4cb7-V.jpg\"\n                    width=\"100\"\n                    height=\"75\"\n                    style=\"max-width:100%;\"\n                \/>\n            <\/a>\n        <\/div>\n\t\t\t\t\t\t\t<\/div> \n\t\t\t\n        \n\t\t\t\t<div id=\"ngg-image-1\" class=\"ngg-gallery-thumbnail-box\" >\n\t\t\t\t        <div class=\"ngg-gallery-thumbnail\">\n            <a href=\"https:\/\/kontesadora.hr\/stara\/wp-content\/gallery\/g-igraonica\/IMG-7079565db2772fe62b5e7889bd701cfd-V.jpg\"\n               title=\"\"\n               data-src=\"https:\/\/kontesadora.hr\/stara\/wp-content\/gallery\/g-igraonica\/IMG-7079565db2772fe62b5e7889bd701cfd-V.jpg\"\n               data-thumbnail=\"https:\/\/kontesadora.hr\/stara\/wp-content\/gallery\/g-igraonica\/thumbs\/thumbs_IMG-7079565db2772fe62b5e7889bd701cfd-V.jpg\"\n               data-image-id=\"5256\"\n               data-title=\"IMG-7079565db2772fe62b5e7889bd701cfd-V\"\n               data-description=\"\"\n               data-image-slug=\"img-7079565db2772fe62b5e7889bd701cfd-v\"\n               class=\"shutterset_1b37029ee59e886844a619d63e0ef8c8\">\n                <img\n                    title=\"IMG-7079565db2772fe62b5e7889bd701cfd-V\"\n                    alt=\"IMG-7079565db2772fe62b5e7889bd701cfd-V\"\n                    src=\"https:\/\/kontesadora.hr\/stara\/wp-content\/gallery\/g-igraonica\/thumbs\/thumbs_IMG-7079565db2772fe62b5e7889bd701cfd-V.jpg\"\n                    width=\"100\"\n                    height=\"75\"\n                    style=\"max-width:100%;\"\n                \/>\n            <\/a>\n        <\/div>\n\t\t\t\t\t\t\t<\/div> \n\t\t\t\n        \n\t\t\t\t<div id=\"ngg-image-2\" class=\"ngg-gallery-thumbnail-box\" >\n\t\t\t\t        <div class=\"ngg-gallery-thumbnail\">\n            <a href=\"https:\/\/kontesadora.hr\/stara\/wp-content\/gallery\/g-igraonica\/20210616_083805.jpg\"\n               title=\"\"\n               data-src=\"https:\/\/kontesadora.hr\/stara\/wp-content\/gallery\/g-igraonica\/20210616_083805.jpg\"\n               data-thumbnail=\"https:\/\/kontesadora.hr\/stara\/wp-content\/gallery\/g-igraonica\/thumbs\/thumbs_20210616_083805.jpg\"\n               data-image-id=\"5257\"\n               data-title=\"20210616_083805\"\n               data-description=\"\"\n               data-image-slug=\"20210616_083805\"\n               class=\"shutterset_1b37029ee59e886844a619d63e0ef8c8\">\n                <img\n                    title=\"20210616_083805\"\n                    alt=\"20210616_083805\"\n                    src=\"https:\/\/kontesadora.hr\/stara\/wp-content\/gallery\/g-igraonica\/thumbs\/thumbs_20210616_083805.jpg\"\n                    width=\"100\"\n                    height=\"75\"\n                    style=\"max-width:100%;\"\n                \/>\n            <\/a>\n        <\/div>\n\t\t\t\t\t\t\t<\/div> \n\t\t\t\n        \n\t\t\t\t<div id=\"ngg-image-3\" class=\"ngg-gallery-thumbnail-box\" >\n\t\t\t\t        <div class=\"ngg-gallery-thumbnail\">\n            <a href=\"https:\/\/kontesadora.hr\/stara\/wp-content\/gallery\/g-igraonica\/IMG-be503922bcbe9a1a67cb1db046eeff6e-V.jpg\"\n               title=\"\"\n               data-src=\"https:\/\/kontesadora.hr\/stara\/wp-content\/gallery\/g-igraonica\/IMG-be503922bcbe9a1a67cb1db046eeff6e-V.jpg\"\n               data-thumbnail=\"https:\/\/kontesadora.hr\/stara\/wp-content\/gallery\/g-igraonica\/thumbs\/thumbs_IMG-be503922bcbe9a1a67cb1db046eeff6e-V.jpg\"\n               data-image-id=\"5261\"\n               data-title=\"IMG-be503922bcbe9a1a67cb1db046eeff6e-V\"\n               data-description=\"\"\n               data-image-slug=\"img-be503922bcbe9a1a67cb1db046eeff6e-v\"\n               class=\"shutterset_1b37029ee59e886844a619d63e0ef8c8\">\n                <img\n                    title=\"IMG-be503922bcbe9a1a67cb1db046eeff6e-V\"\n                    alt=\"IMG-be503922bcbe9a1a67cb1db046eeff6e-V\"\n                    src=\"https:\/\/kontesadora.hr\/stara\/wp-content\/gallery\/g-igraonica\/thumbs\/thumbs_IMG-be503922bcbe9a1a67cb1db046eeff6e-V.jpg\"\n                    width=\"100\"\n                    height=\"75\"\n                    style=\"max-width:100%;\"\n                \/>\n            <\/a>\n        <\/div>\n\t\t\t\t\t\t\t<\/div> \n\t\t\t\n        \n\t\t\t\t<div id=\"ngg-image-4\" class=\"ngg-gallery-thumbnail-box\" >\n\t\t\t\t        <div class=\"ngg-gallery-thumbnail\">\n            <a href=\"https:\/\/kontesadora.hr\/stara\/wp-content\/gallery\/g-igraonica\/IMG-cca410b93367c751a8416d3d91e94aee-V.jpg\"\n               title=\"\"\n               data-src=\"https:\/\/kontesadora.hr\/stara\/wp-content\/gallery\/g-igraonica\/IMG-cca410b93367c751a8416d3d91e94aee-V.jpg\"\n               data-thumbnail=\"https:\/\/kontesadora.hr\/stara\/wp-content\/gallery\/g-igraonica\/thumbs\/thumbs_IMG-cca410b93367c751a8416d3d91e94aee-V.jpg\"\n               data-image-id=\"5259\"\n               data-title=\"IMG-cca410b93367c751a8416d3d91e94aee-V\"\n               data-description=\"\"\n               data-image-slug=\"img-cca410b93367c751a8416d3d91e94aee-v\"\n               class=\"shutterset_1b37029ee59e886844a619d63e0ef8c8\">\n                <img\n                    title=\"IMG-cca410b93367c751a8416d3d91e94aee-V\"\n                    alt=\"IMG-cca410b93367c751a8416d3d91e94aee-V\"\n                    src=\"https:\/\/kontesadora.hr\/stara\/wp-content\/gallery\/g-igraonica\/thumbs\/thumbs_IMG-cca410b93367c751a8416d3d91e94aee-V.jpg\"\n                    width=\"100\"\n                    height=\"75\"\n                    style=\"max-width:100%;\"\n                \/>\n            <\/a>\n        <\/div>\n\t\t\t\t\t\t\t<\/div> \n\t\t\t\n        \n\t\t\t\t<div id=\"ngg-image-5\" class=\"ngg-gallery-thumbnail-box\" >\n\t\t\t\t        <div class=\"ngg-gallery-thumbnail\">\n            <a href=\"https:\/\/kontesadora.hr\/stara\/wp-content\/gallery\/g-igraonica\/IMG-c761ab1bceff9dff17abdf57b4b6ba50-V.jpg\"\n               title=\"\"\n               data-src=\"https:\/\/kontesadora.hr\/stara\/wp-content\/gallery\/g-igraonica\/IMG-c761ab1bceff9dff17abdf57b4b6ba50-V.jpg\"\n               data-thumbnail=\"https:\/\/kontesadora.hr\/stara\/wp-content\/gallery\/g-igraonica\/thumbs\/thumbs_IMG-c761ab1bceff9dff17abdf57b4b6ba50-V.jpg\"\n               data-image-id=\"5262\"\n               data-title=\"IMG-c761ab1bceff9dff17abdf57b4b6ba50-V\"\n               data-description=\"\"\n               data-image-slug=\"img-c761ab1bceff9dff17abdf57b4b6ba50-v\"\n               class=\"shutterset_1b37029ee59e886844a619d63e0ef8c8\">\n                <img\n                    title=\"IMG-c761ab1bceff9dff17abdf57b4b6ba50-V\"\n                    alt=\"IMG-c761ab1bceff9dff17abdf57b4b6ba50-V\"\n                    src=\"https:\/\/kontesadora.hr\/stara\/wp-content\/gallery\/g-igraonica\/thumbs\/thumbs_IMG-c761ab1bceff9dff17abdf57b4b6ba50-V.jpg\"\n                    width=\"100\"\n                    height=\"75\"\n                    style=\"max-width:100%;\"\n                \/>\n            <\/a>\n        <\/div>\n\t\t\t\t\t\t\t<\/div> \n\t\t\t\n        \n\t\t\t\t<div id=\"ngg-image-6\" class=\"ngg-gallery-thumbnail-box\" >\n\t\t\t\t        <div class=\"ngg-gallery-thumbnail\">\n            <a href=\"https:\/\/kontesadora.hr\/stara\/wp-content\/gallery\/g-igraonica\/IMG-aca120c4d3a5329551c3300cd133774d-V.jpg\"\n               title=\"\"\n               data-src=\"https:\/\/kontesadora.hr\/stara\/wp-content\/gallery\/g-igraonica\/IMG-aca120c4d3a5329551c3300cd133774d-V.jpg\"\n               data-thumbnail=\"https:\/\/kontesadora.hr\/stara\/wp-content\/gallery\/g-igraonica\/thumbs\/thumbs_IMG-aca120c4d3a5329551c3300cd133774d-V.jpg\"\n               data-image-id=\"5264\"\n               data-title=\"IMG-aca120c4d3a5329551c3300cd133774d-V\"\n               data-description=\"\"\n               data-image-slug=\"img-aca120c4d3a5329551c3300cd133774d-v\"\n               class=\"shutterset_1b37029ee59e886844a619d63e0ef8c8\">\n                <img\n                    title=\"IMG-aca120c4d3a5329551c3300cd133774d-V\"\n                    alt=\"IMG-aca120c4d3a5329551c3300cd133774d-V\"\n                    src=\"https:\/\/kontesadora.hr\/stara\/wp-content\/gallery\/g-igraonica\/thumbs\/thumbs_IMG-aca120c4d3a5329551c3300cd133774d-V.jpg\"\n                    width=\"100\"\n                    height=\"75\"\n                    style=\"max-width:100%;\"\n                \/>\n            <\/a>\n        <\/div>\n\t\t\t\t\t\t\t<\/div> \n\t\t\t\n        \n\t\t\t\t<div id=\"ngg-image-7\" class=\"ngg-gallery-thumbnail-box\" >\n\t\t\t\t        <div class=\"ngg-gallery-thumbnail\">\n            <a href=\"https:\/\/kontesadora.hr\/stara\/wp-content\/gallery\/g-igraonica\/IMG-75b1e786169a695dcfbc76242cd01d0a-V.jpg\"\n               title=\"\"\n               data-src=\"https:\/\/kontesadora.hr\/stara\/wp-content\/gallery\/g-igraonica\/IMG-75b1e786169a695dcfbc76242cd01d0a-V.jpg\"\n               data-thumbnail=\"https:\/\/kontesadora.hr\/stara\/wp-content\/gallery\/g-igraonica\/thumbs\/thumbs_IMG-75b1e786169a695dcfbc76242cd01d0a-V.jpg\"\n               data-image-id=\"5258\"\n               data-title=\"IMG-75b1e786169a695dcfbc76242cd01d0a-V\"\n               data-description=\"\"\n               data-image-slug=\"img-75b1e786169a695dcfbc76242cd01d0a-v\"\n               class=\"shutterset_1b37029ee59e886844a619d63e0ef8c8\">\n                <img\n                    title=\"IMG-75b1e786169a695dcfbc76242cd01d0a-V\"\n                    alt=\"IMG-75b1e786169a695dcfbc76242cd01d0a-V\"\n                    src=\"https:\/\/kontesadora.hr\/stara\/wp-content\/gallery\/g-igraonica\/thumbs\/thumbs_IMG-75b1e786169a695dcfbc76242cd01d0a-V.jpg\"\n                    width=\"100\"\n                    height=\"75\"\n                    style=\"max-width:100%;\"\n                \/>\n            <\/a>\n        <\/div>\n\t\t\t\t\t\t\t<\/div> \n\t\t\t\n        \n\t\t\t\t<div id=\"ngg-image-8\" class=\"ngg-gallery-thumbnail-box\" >\n\t\t\t\t        <div class=\"ngg-gallery-thumbnail\">\n            <a href=\"https:\/\/kontesadora.hr\/stara\/wp-content\/gallery\/g-igraonica\/20210615_194506.jpg\"\n               title=\"\"\n               data-src=\"https:\/\/kontesadora.hr\/stara\/wp-content\/gallery\/g-igraonica\/20210615_194506.jpg\"\n               data-thumbnail=\"https:\/\/kontesadora.hr\/stara\/wp-content\/gallery\/g-igraonica\/thumbs\/thumbs_20210615_194506.jpg\"\n               data-image-id=\"5260\"\n               data-title=\"20210615_194506\"\n               data-description=\"\"\n               data-image-slug=\"20210615_194506\"\n               class=\"shutterset_1b37029ee59e886844a619d63e0ef8c8\">\n                <img\n                    title=\"20210615_194506\"\n                    alt=\"20210615_194506\"\n                    src=\"https:\/\/kontesadora.hr\/stara\/wp-content\/gallery\/g-igraonica\/thumbs\/thumbs_20210615_194506.jpg\"\n                    width=\"100\"\n                    height=\"75\"\n                    style=\"max-width:100%;\"\n                \/>\n            <\/a>\n        <\/div>\n\t\t\t\t\t\t\t<\/div> \n\t\t\t\n        \n\t\t\t\t<div id=\"ngg-image-9\" class=\"ngg-gallery-thumbnail-box\" >\n\t\t\t\t        <div class=\"ngg-gallery-thumbnail\">\n            <a href=\"https:\/\/kontesadora.hr\/stara\/wp-content\/gallery\/g-igraonica\/20210615_194445.jpg\"\n               title=\"\"\n               data-src=\"https:\/\/kontesadora.hr\/stara\/wp-content\/gallery\/g-igraonica\/20210615_194445.jpg\"\n               data-thumbnail=\"https:\/\/kontesadora.hr\/stara\/wp-content\/gallery\/g-igraonica\/thumbs\/thumbs_20210615_194445.jpg\"\n               data-image-id=\"5263\"\n               data-title=\"20210615_194445\"\n               data-description=\"\"\n               data-image-slug=\"20210615_194445\"\n               class=\"shutterset_1b37029ee59e886844a619d63e0ef8c8\">\n                <img\n                    title=\"20210615_194445\"\n                    alt=\"20210615_194445\"\n                    src=\"https:\/\/kontesadora.hr\/stara\/wp-content\/gallery\/g-igraonica\/thumbs\/thumbs_20210615_194445.jpg\"\n                    width=\"100\"\n                    height=\"75\"\n                    style=\"max-width:100%;\"\n                \/>\n            <\/a>\n        <\/div>\n\t\t\t\t\t\t\t<\/div> \n\t\t\t\n        \n\t\t\n\t\t<!-- Pagination -->\n\t<div class='ngg-clear'><\/div>\t<\/div>\n<!-- index.php -->\n<div\n\tclass=\"ngg-galleryoverview ngg-ajax-pagination-none\"\n\tid=\"ngg-gallery-317a7f694c75ce0f8d3bace7962dd05a-1\">\n\n    \t<div class=\"slideshowlink\">\n        <a href='https:\/\/kontesadora.hr\/stara\/galerija\/nggallery\/slideshow'>[Show as slideshow]<\/a>\n\t\t\n\t<\/div>\n\t\t\t<!-- Thumbnails -->\n\t\t\t\t<div id=\"ngg-image-0\" class=\"ngg-gallery-thumbnail-box\" >\n\t\t\t\t        <div class=\"ngg-gallery-thumbnail\">\n            <a href=\"https:\/\/kontesadora.hr\/stara\/wp-content\/gallery\/harmonikasi-daruvar1\/slike-3-Daruvar-Gabriel-Bracko-i-Novica-Todic.jpg\"\n               title=\"\"\n               data-src=\"https:\/\/kontesadora.hr\/stara\/wp-content\/gallery\/harmonikasi-daruvar1\/slike-3-Daruvar-Gabriel-Bracko-i-Novica-Todic.jpg\"\n               data-thumbnail=\"https:\/\/kontesadora.hr\/stara\/wp-content\/gallery\/harmonikasi-daruvar1\/thumbs\/thumbs_slike-3-Daruvar-Gabriel-Bracko-i-Novica-Todic.jpg\"\n               data-image-id=\"5246\"\n               data-title=\"slike-3-Daruvar-Gabriel-Bracko-i-Novica-Todic\"\n               data-description=\"\"\n               data-image-slug=\"slike-3-daruvar-gabriel-bracko-i-novica-todic\"\n               class=\"shutterset_317a7f694c75ce0f8d3bace7962dd05a\">\n                <img\n                    title=\"slike-3-Daruvar-Gabriel-Bracko-i-Novica-Todic\"\n                    alt=\"slike-3-Daruvar-Gabriel-Bracko-i-Novica-Todic\"\n                    src=\"https:\/\/kontesadora.hr\/stara\/wp-content\/gallery\/harmonikasi-daruvar1\/thumbs\/thumbs_slike-3-Daruvar-Gabriel-Bracko-i-Novica-Todic.jpg\"\n                    width=\"100\"\n                    height=\"75\"\n                    style=\"max-width:100%;\"\n                \/>\n            <\/a>\n        <\/div>\n\t\t\t\t\t\t\t<\/div> \n\t\t\t\n        \n\t\t\t\t<div id=\"ngg-image-1\" class=\"ngg-gallery-thumbnail-box\" >\n\t\t\t\t        <div class=\"ngg-gallery-thumbnail\">\n            <a href=\"https:\/\/kontesadora.hr\/stara\/wp-content\/gallery\/harmonikasi-daruvar1\/slike-2-2021.-DARUVAR-KOM.SAST_.HARM_.-Novica-Todic.jpg\"\n               title=\"\"\n               data-src=\"https:\/\/kontesadora.hr\/stara\/wp-content\/gallery\/harmonikasi-daruvar1\/slike-2-2021.-DARUVAR-KOM.SAST_.HARM_.-Novica-Todic.jpg\"\n               data-thumbnail=\"https:\/\/kontesadora.hr\/stara\/wp-content\/gallery\/harmonikasi-daruvar1\/thumbs\/thumbs_slike-2-2021.-DARUVAR-KOM.SAST_.HARM_.-Novica-Todic.jpg\"\n               data-image-id=\"5247\"\n               data-title=\"slike-2-2021.-DARUVAR-KOM.SAST_.HARM_.-Novica-Todic\"\n               data-description=\"\"\n               data-image-slug=\"slike-2-2021-daruvar-kom-sast_-harm_-novica-todic\"\n               class=\"shutterset_317a7f694c75ce0f8d3bace7962dd05a\">\n                <img\n                    title=\"slike-2-2021.-DARUVAR-KOM.SAST_.HARM_.-Novica-Todic\"\n                    alt=\"slike-2-2021.-DARUVAR-KOM.SAST_.HARM_.-Novica-Todic\"\n                    src=\"https:\/\/kontesadora.hr\/stara\/wp-content\/gallery\/harmonikasi-daruvar1\/thumbs\/thumbs_slike-2-2021.-DARUVAR-KOM.SAST_.HARM_.-Novica-Todic.jpg\"\n                    width=\"100\"\n                    height=\"75\"\n                    style=\"max-width:100%;\"\n                \/>\n            <\/a>\n        <\/div>\n\t\t\t\t\t\t\t<\/div> \n\t\t\t\n        \n\t\t\t\t<div id=\"ngg-image-2\" class=\"ngg-gallery-thumbnail-box\" >\n\t\t\t\t        <div class=\"ngg-gallery-thumbnail\">\n            <a href=\"https:\/\/kontesadora.hr\/stara\/wp-content\/gallery\/harmonikasi-daruvar1\/slike-1-2021.-Daruvar-KOMORNI-SAST.HARMONIKA.jpg\"\n               title=\"\"\n               data-src=\"https:\/\/kontesadora.hr\/stara\/wp-content\/gallery\/harmonikasi-daruvar1\/slike-1-2021.-Daruvar-KOMORNI-SAST.HARMONIKA.jpg\"\n               data-thumbnail=\"https:\/\/kontesadora.hr\/stara\/wp-content\/gallery\/harmonikasi-daruvar1\/thumbs\/thumbs_slike-1-2021.-Daruvar-KOMORNI-SAST.HARMONIKA.jpg\"\n               data-image-id=\"5248\"\n               data-title=\"slike-1-2021.-Daruvar-KOMORNI-SAST.HARMONIKA\"\n               data-description=\"\"\n               data-image-slug=\"slike-1-2021-daruvar-komorni-sast-harmonika\"\n               class=\"shutterset_317a7f694c75ce0f8d3bace7962dd05a\">\n                <img\n                    title=\"slike-1-2021.-Daruvar-KOMORNI-SAST.HARMONIKA\"\n                    alt=\"slike-1-2021.-Daruvar-KOMORNI-SAST.HARMONIKA\"\n                    src=\"https:\/\/kontesadora.hr\/stara\/wp-content\/gallery\/harmonikasi-daruvar1\/thumbs\/thumbs_slike-1-2021.-Daruvar-KOMORNI-SAST.HARMONIKA.jpg\"\n                    width=\"100\"\n                    height=\"75\"\n                    style=\"max-width:100%;\"\n                \/>\n            <\/a>\n        <\/div>\n\t\t\t\t\t\t\t<\/div> \n\t\t\t\n        \n\t\t\t\t<div id=\"ngg-image-3\" class=\"ngg-gallery-thumbnail-box\" >\n\t\t\t\t        <div class=\"ngg-gallery-thumbnail\">\n            <a href=\"https:\/\/kontesadora.hr\/stara\/wp-content\/gallery\/harmonikasi-daruvar1\/slike-4-2021.-DARUVAR-David-Amidzic.jpg\"\n               title=\"\"\n               data-src=\"https:\/\/kontesadora.hr\/stara\/wp-content\/gallery\/harmonikasi-daruvar1\/slike-4-2021.-DARUVAR-David-Amidzic.jpg\"\n               data-thumbnail=\"https:\/\/kontesadora.hr\/stara\/wp-content\/gallery\/harmonikasi-daruvar1\/thumbs\/thumbs_slike-4-2021.-DARUVAR-David-Amidzic.jpg\"\n               data-image-id=\"5249\"\n               data-title=\"slike-4-2021.-DARUVAR-David-Amidzic\"\n               data-description=\"\"\n               data-image-slug=\"slike-4-2021-daruvar-david-amidzic\"\n               class=\"shutterset_317a7f694c75ce0f8d3bace7962dd05a\">\n                <img\n                    title=\"slike-4-2021.-DARUVAR-David-Amidzic\"\n                    alt=\"slike-4-2021.-DARUVAR-David-Amidzic\"\n                    src=\"https:\/\/kontesadora.hr\/stara\/wp-content\/gallery\/harmonikasi-daruvar1\/thumbs\/thumbs_slike-4-2021.-DARUVAR-David-Amidzic.jpg\"\n                    width=\"100\"\n                    height=\"75\"\n                    style=\"max-width:100%;\"\n                \/>\n            <\/a>\n        <\/div>\n\t\t\t\t\t\t\t<\/div> \n\t\t\t\n        \n\t\t\t\t<div id=\"ngg-image-4\" class=\"ngg-gallery-thumbnail-box\" >\n\t\t\t\t        <div class=\"ngg-gallery-thumbnail\">\n            <a href=\"https:\/\/kontesadora.hr\/stara\/wp-content\/gallery\/harmonikasi-daruvar1\/slike-6-DARUVAR-Matej-Muljan-i-Novica-Todic.jpg\"\n               title=\"\"\n               data-src=\"https:\/\/kontesadora.hr\/stara\/wp-content\/gallery\/harmonikasi-daruvar1\/slike-6-DARUVAR-Matej-Muljan-i-Novica-Todic.jpg\"\n               data-thumbnail=\"https:\/\/kontesadora.hr\/stara\/wp-content\/gallery\/harmonikasi-daruvar1\/thumbs\/thumbs_slike-6-DARUVAR-Matej-Muljan-i-Novica-Todic.jpg\"\n               data-image-id=\"5245\"\n               data-title=\"slike-6-DARUVAR-Matej-Muljan-i-Novica-Todic\"\n               data-description=\"\"\n               data-image-slug=\"slike-6-daruvar-matej-muljan-i-novica-todic\"\n               class=\"shutterset_317a7f694c75ce0f8d3bace7962dd05a\">\n                <img\n                    title=\"slike-6-DARUVAR-Matej-Muljan-i-Novica-Todic\"\n                    alt=\"slike-6-DARUVAR-Matej-Muljan-i-Novica-Todic\"\n                    src=\"https:\/\/kontesadora.hr\/stara\/wp-content\/gallery\/harmonikasi-daruvar1\/thumbs\/thumbs_slike-6-DARUVAR-Matej-Muljan-i-Novica-Todic.jpg\"\n                    width=\"100\"\n                    height=\"75\"\n                    style=\"max-width:100%;\"\n                \/>\n            <\/a>\n        <\/div>\n\t\t\t\t\t\t\t<\/div> \n\t\t\t\n        \n\t\t\n\t\t<!-- Pagination -->\n\t<div class='ngg-clear'><\/div>\t<\/div>\n<!-- index.php -->\n<div\n\tclass=\"ngg-galleryoverview ngg-ajax-pagination-none\"\n\tid=\"ngg-gallery-c4f27319b3d7d5be1e8ec06fc36e2e97-1\">\n\n    \t<div class=\"slideshowlink\">\n        <a href='https:\/\/kontesadora.hr\/stara\/galerija\/nggallery\/slideshow'>[Show as slideshow]<\/a>\n\t\t\n\t<\/div>\n\t\t\t<!-- Thumbnails -->\n\t\t\t\t<div id=\"ngg-image-0\" class=\"ngg-gallery-thumbnail-box\" >\n\t\t\t\t        <div class=\"ngg-gallery-thumbnail\">\n            <a href=\"https:\/\/kontesadora.hr\/stara\/wp-content\/gallery\/sirmium2\/TAMB.ORK_.-59.-2021.Ema-Korbar-klavir.jpg\"\n               title=\"\"\n               data-src=\"https:\/\/kontesadora.hr\/stara\/wp-content\/gallery\/sirmium2\/TAMB.ORK_.-59.-2021.Ema-Korbar-klavir.jpg\"\n               data-thumbnail=\"https:\/\/kontesadora.hr\/stara\/wp-content\/gallery\/sirmium2\/thumbs\/thumbs_TAMB.ORK_.-59.-2021.Ema-Korbar-klavir.jpg\"\n               data-image-id=\"5240\"\n               data-title=\"TAMB.ORK_.-59.-2021.Ema-Korbar-klavir\"\n               data-description=\"\"\n               data-image-slug=\"tamb-ork_-59-2021-ema-korbar-klavir-2\"\n               class=\"shutterset_c4f27319b3d7d5be1e8ec06fc36e2e97\">\n                <img\n                    title=\"TAMB.ORK_.-59.-2021.Ema-Korbar-klavir\"\n                    alt=\"TAMB.ORK_.-59.-2021.Ema-Korbar-klavir\"\n                    src=\"https:\/\/kontesadora.hr\/stara\/wp-content\/gallery\/sirmium2\/thumbs\/thumbs_TAMB.ORK_.-59.-2021.Ema-Korbar-klavir.jpg\"\n                    width=\"100\"\n                    height=\"75\"\n                    style=\"max-width:100%;\"\n                \/>\n            <\/a>\n        <\/div>\n\t\t\t\t\t\t\t<\/div> \n\t\t\t\n        \n\t\t\t\t<div id=\"ngg-image-1\" class=\"ngg-gallery-thumbnail-box\" >\n\t\t\t\t        <div class=\"ngg-gallery-thumbnail\">\n            <a href=\"https:\/\/kontesadora.hr\/stara\/wp-content\/gallery\/sirmium2\/foto-srca-SIRMIUM-MUSIC-FEST.jpg\"\n               title=\"\"\n               data-src=\"https:\/\/kontesadora.hr\/stara\/wp-content\/gallery\/sirmium2\/foto-srca-SIRMIUM-MUSIC-FEST.jpg\"\n               data-thumbnail=\"https:\/\/kontesadora.hr\/stara\/wp-content\/gallery\/sirmium2\/thumbs\/thumbs_foto-srca-SIRMIUM-MUSIC-FEST.jpg\"\n               data-image-id=\"5241\"\n               data-title=\"foto-srca-SIRMIUM-MUSIC-FEST\"\n               data-description=\"\"\n               data-image-slug=\"foto-srca-sirmium-music-fest\"\n               class=\"shutterset_c4f27319b3d7d5be1e8ec06fc36e2e97\">\n                <img\n                    title=\"foto-srca-SIRMIUM-MUSIC-FEST\"\n                    alt=\"foto-srca-SIRMIUM-MUSIC-FEST\"\n                    src=\"https:\/\/kontesadora.hr\/stara\/wp-content\/gallery\/sirmium2\/thumbs\/thumbs_foto-srca-SIRMIUM-MUSIC-FEST.jpg\"\n                    width=\"100\"\n                    height=\"75\"\n                    style=\"max-width:100%;\"\n                \/>\n            <\/a>\n        <\/div>\n\t\t\t\t\t\t\t<\/div> \n\t\t\t\n        \n\t\t\t\t<div id=\"ngg-image-2\" class=\"ngg-gallery-thumbnail-box\" >\n\t\t\t\t        <div class=\"ngg-gallery-thumbnail\">\n            <a href=\"https:\/\/kontesadora.hr\/stara\/wp-content\/gallery\/sirmium2\/GLAZBENA-CIPKA-Fran-Zavada-i-Sanja-V..jpg\"\n               title=\"\"\n               data-src=\"https:\/\/kontesadora.hr\/stara\/wp-content\/gallery\/sirmium2\/GLAZBENA-CIPKA-Fran-Zavada-i-Sanja-V..jpg\"\n               data-thumbnail=\"https:\/\/kontesadora.hr\/stara\/wp-content\/gallery\/sirmium2\/thumbs\/thumbs_GLAZBENA-CIPKA-Fran-Zavada-i-Sanja-V..jpg\"\n               data-image-id=\"5244\"\n               data-title=\"GLAZBENA-CIPKA-Fran-Zavada-i-Sanja-V.\"\n               data-description=\"\"\n               data-image-slug=\"glazbena-cipka-fran-zavada-i-sanja-v\"\n               class=\"shutterset_c4f27319b3d7d5be1e8ec06fc36e2e97\">\n                <img\n                    title=\"GLAZBENA-CIPKA-Fran-Zavada-i-Sanja-V.\"\n                    alt=\"GLAZBENA-CIPKA-Fran-Zavada-i-Sanja-V.\"\n                    src=\"https:\/\/kontesadora.hr\/stara\/wp-content\/gallery\/sirmium2\/thumbs\/thumbs_GLAZBENA-CIPKA-Fran-Zavada-i-Sanja-V..jpg\"\n                    width=\"100\"\n                    height=\"75\"\n                    style=\"max-width:100%;\"\n                \/>\n            <\/a>\n        <\/div>\n\t\t\t\t\t\t\t<\/div> \n\t\t\t\n        \n\t\t\t\t<div id=\"ngg-image-3\" class=\"ngg-gallery-thumbnail-box\" >\n\t\t\t\t        <div class=\"ngg-gallery-thumbnail\">\n            <a href=\"https:\/\/kontesadora.hr\/stara\/wp-content\/gallery\/sirmium2\/Glazbena-cipka-TRIO-ucenici-Sanja-V-.jpg\"\n               title=\"\"\n               data-src=\"https:\/\/kontesadora.hr\/stara\/wp-content\/gallery\/sirmium2\/Glazbena-cipka-TRIO-ucenici-Sanja-V-.jpg\"\n               data-thumbnail=\"https:\/\/kontesadora.hr\/stara\/wp-content\/gallery\/sirmium2\/thumbs\/thumbs_Glazbena-cipka-TRIO-ucenici-Sanja-V-.jpg\"\n               data-image-id=\"5242\"\n               data-title=\"Glazbena-cipka-TRIO-ucenici-Sanja-V-\"\n               data-description=\"\"\n               data-image-slug=\"glazbena-cipka-trio-ucenici-sanja-v-1\"\n               class=\"shutterset_c4f27319b3d7d5be1e8ec06fc36e2e97\">\n                <img\n                    title=\"Glazbena-cipka-TRIO-ucenici-Sanja-V-\"\n                    alt=\"Glazbena-cipka-TRIO-ucenici-Sanja-V-\"\n                    src=\"https:\/\/kontesadora.hr\/stara\/wp-content\/gallery\/sirmium2\/thumbs\/thumbs_Glazbena-cipka-TRIO-ucenici-Sanja-V-.jpg\"\n                    width=\"100\"\n                    height=\"75\"\n                    style=\"max-width:100%;\"\n                \/>\n            <\/a>\n        <\/div>\n\t\t\t\t\t\t\t<\/div> \n\t\t\t\n        \n\t\t\t\t<div id=\"ngg-image-4\" class=\"ngg-gallery-thumbnail-box\" >\n\t\t\t\t        <div class=\"ngg-gallery-thumbnail\">\n            <a href=\"https:\/\/kontesadora.hr\/stara\/wp-content\/gallery\/sirmium2\/TRIO-FOTO-Lana-FilipLejla-2021.-58.zup_..jpg\"\n               title=\"\"\n               data-src=\"https:\/\/kontesadora.hr\/stara\/wp-content\/gallery\/sirmium2\/TRIO-FOTO-Lana-FilipLejla-2021.-58.zup_..jpg\"\n               data-thumbnail=\"https:\/\/kontesadora.hr\/stara\/wp-content\/gallery\/sirmium2\/thumbs\/thumbs_TRIO-FOTO-Lana-FilipLejla-2021.-58.zup_..jpg\"\n               data-image-id=\"5243\"\n               data-title=\"TRIO-FOTO-Lana-FilipLejla-2021.-58.zup_.\"\n               data-description=\"\"\n               data-image-slug=\"trio-foto-lana-filiplejla-2021-58-zup_-1\"\n               class=\"shutterset_c4f27319b3d7d5be1e8ec06fc36e2e97\">\n                <img\n                    title=\"TRIO-FOTO-Lana-FilipLejla-2021.-58.zup_.\"\n                    alt=\"TRIO-FOTO-Lana-FilipLejla-2021.-58.zup_.\"\n                    src=\"https:\/\/kontesadora.hr\/stara\/wp-content\/gallery\/sirmium2\/thumbs\/thumbs_TRIO-FOTO-Lana-FilipLejla-2021.-58.zup_..jpg\"\n                    width=\"100\"\n                    height=\"75\"\n                    style=\"max-width:100%;\"\n                \/>\n            <\/a>\n        <\/div>\n\t\t\t\t\t\t\t<\/div> \n\t\t\t\n        \n\t\t\n\t\t<!-- Pagination -->\n\t<div class='ngg-clear'><\/div>\t<\/div>\n<!-- index.php -->\n<div\n\tclass=\"ngg-galleryoverview ngg-ajax-pagination-none\"\n\tid=\"ngg-gallery-0bac01ef3243bff44a14aaa2bab93edd-1\">\n\n    \t<div class=\"slideshowlink\">\n        <a href='https:\/\/kontesadora.hr\/stara\/galerija\/nggallery\/slideshow'>[Show as slideshow]<\/a>\n\t\t\n\t<\/div>\n\t\t\t<!-- Thumbnails -->\n\t\t\t\t<div id=\"ngg-image-0\" class=\"ngg-gallery-thumbnail-box\" >\n\t\t\t\t        <div class=\"ngg-gallery-thumbnail\">\n            <a href=\"https:\/\/kontesadora.hr\/stara\/wp-content\/gallery\/sirmium-klavir\/Leopold-Jurcevic-2021..jpg\"\n               title=\"\"\n               data-src=\"https:\/\/kontesadora.hr\/stara\/wp-content\/gallery\/sirmium-klavir\/Leopold-Jurcevic-2021..jpg\"\n               data-thumbnail=\"https:\/\/kontesadora.hr\/stara\/wp-content\/gallery\/sirmium-klavir\/thumbs\/thumbs_Leopold-Jurcevic-2021..jpg\"\n               data-image-id=\"5237\"\n               data-title=\"Leopold-Jurcevic-2021.\"\n               data-description=\"\"\n               data-image-slug=\"leopold-jurcevic-2021\"\n               class=\"shutterset_0bac01ef3243bff44a14aaa2bab93edd\">\n                <img\n                    title=\"Leopold-Jurcevic-2021.\"\n                    alt=\"Leopold-Jurcevic-2021.\"\n                    src=\"https:\/\/kontesadora.hr\/stara\/wp-content\/gallery\/sirmium-klavir\/thumbs\/thumbs_Leopold-Jurcevic-2021..jpg\"\n                    width=\"100\"\n                    height=\"75\"\n                    style=\"max-width:100%;\"\n                \/>\n            <\/a>\n        <\/div>\n\t\t\t\t\t\t\t<\/div> \n\t\t\t\n        \n\t\t\t\t<div id=\"ngg-image-1\" class=\"ngg-gallery-thumbnail-box\" >\n\t\t\t\t        <div class=\"ngg-gallery-thumbnail\">\n            <a href=\"https:\/\/kontesadora.hr\/stara\/wp-content\/gallery\/sirmium-klavir\/Nuo-Cheng-2021..jpg\"\n               title=\"\"\n               data-src=\"https:\/\/kontesadora.hr\/stara\/wp-content\/gallery\/sirmium-klavir\/Nuo-Cheng-2021..jpg\"\n               data-thumbnail=\"https:\/\/kontesadora.hr\/stara\/wp-content\/gallery\/sirmium-klavir\/thumbs\/thumbs_Nuo-Cheng-2021..jpg\"\n               data-image-id=\"5238\"\n               data-title=\"Nuo-Cheng-2021.\"\n               data-description=\"\"\n               data-image-slug=\"nuo-cheng-2021-1\"\n               class=\"shutterset_0bac01ef3243bff44a14aaa2bab93edd\">\n                <img\n                    title=\"Nuo-Cheng-2021.\"\n                    alt=\"Nuo-Cheng-2021.\"\n                    src=\"https:\/\/kontesadora.hr\/stara\/wp-content\/gallery\/sirmium-klavir\/thumbs\/thumbs_Nuo-Cheng-2021..jpg\"\n                    width=\"100\"\n                    height=\"75\"\n                    style=\"max-width:100%;\"\n                \/>\n            <\/a>\n        <\/div>\n\t\t\t\t\t\t\t<\/div> \n\t\t\t\n        \n\t\t\t\t<div id=\"ngg-image-2\" class=\"ngg-gallery-thumbnail-box\" >\n\t\t\t\t        <div class=\"ngg-gallery-thumbnail\">\n            <a href=\"https:\/\/kontesadora.hr\/stara\/wp-content\/gallery\/sirmium-klavir\/Marko-Balentic-2021..jpg\"\n               title=\"\"\n               data-src=\"https:\/\/kontesadora.hr\/stara\/wp-content\/gallery\/sirmium-klavir\/Marko-Balentic-2021..jpg\"\n               data-thumbnail=\"https:\/\/kontesadora.hr\/stara\/wp-content\/gallery\/sirmium-klavir\/thumbs\/thumbs_Marko-Balentic-2021..jpg\"\n               data-image-id=\"5239\"\n               data-title=\"Marko-Balentic-2021.\"\n               data-description=\"\"\n               data-image-slug=\"marko-balentic-2021\"\n               class=\"shutterset_0bac01ef3243bff44a14aaa2bab93edd\">\n                <img\n                    title=\"Marko-Balentic-2021.\"\n                    alt=\"Marko-Balentic-2021.\"\n                    src=\"https:\/\/kontesadora.hr\/stara\/wp-content\/gallery\/sirmium-klavir\/thumbs\/thumbs_Marko-Balentic-2021..jpg\"\n                    width=\"100\"\n                    height=\"75\"\n                    style=\"max-width:100%;\"\n                \/>\n            <\/a>\n        <\/div>\n\t\t\t\t\t\t\t<\/div> \n\t\t\t\n        \n\t\t\n\t\t<!-- Pagination -->\n\t<div class='ngg-clear'><\/div>\t<\/div>\n<!-- index.php -->\n<div\n\tclass=\"ngg-galleryoverview ngg-ajax-pagination-none\"\n\tid=\"ngg-gallery-b7bbd82feebf1df049789eba1bd8a5bd-1\">\n\n    \t<div class=\"slideshowlink\">\n        <a href='https:\/\/kontesadora.hr\/stara\/galerija\/nggallery\/slideshow'>[Show as slideshow]<\/a>\n\t\t\n\t<\/div>\n\t\t\t<!-- Thumbnails -->\n\t\t\t\t<div id=\"ngg-image-0\" class=\"ngg-gallery-thumbnail-box\" >\n\t\t\t\t        <div class=\"ngg-gallery-thumbnail\">\n            <a href=\"https:\/\/kontesadora.hr\/stara\/wp-content\/gallery\/bistricki-zvukolik\/David-Amidzic-ACCORDION-FEST-2021.-Varazdin1.jpg\"\n               title=\"\"\n               data-src=\"https:\/\/kontesadora.hr\/stara\/wp-content\/gallery\/bistricki-zvukolik\/David-Amidzic-ACCORDION-FEST-2021.-Varazdin1.jpg\"\n               data-thumbnail=\"https:\/\/kontesadora.hr\/stara\/wp-content\/gallery\/bistricki-zvukolik\/thumbs\/thumbs_David-Amidzic-ACCORDION-FEST-2021.-Varazdin1.jpg\"\n               data-image-id=\"5235\"\n               data-title=\"David-Amidzic-ACCORDION-FEST-2021.-Varazdin1\"\n               data-description=\"\"\n               data-image-slug=\"david-amidzic-accordion-fest-2021-varazdin1\"\n               class=\"shutterset_b7bbd82feebf1df049789eba1bd8a5bd\">\n                <img\n                    title=\"David-Amidzic-ACCORDION-FEST-2021.-Varazdin1\"\n                    alt=\"David-Amidzic-ACCORDION-FEST-2021.-Varazdin1\"\n                    src=\"https:\/\/kontesadora.hr\/stara\/wp-content\/gallery\/bistricki-zvukolik\/thumbs\/thumbs_David-Amidzic-ACCORDION-FEST-2021.-Varazdin1.jpg\"\n                    width=\"100\"\n                    height=\"75\"\n                    style=\"max-width:100%;\"\n                \/>\n            <\/a>\n        <\/div>\n\t\t\t\t\t\t\t<\/div> \n\t\t\t\n        \n\t\t\t\t<div id=\"ngg-image-1\" class=\"ngg-gallery-thumbnail-box\" >\n\t\t\t\t        <div class=\"ngg-gallery-thumbnail\">\n            <a href=\"https:\/\/kontesadora.hr\/stara\/wp-content\/gallery\/bistricki-zvukolik\/BISTRICKI-ZVUKOLIK-David-Amiddic-2.nagrada-s-8267-bodova-III.kat_..jpg\"\n               title=\"\"\n               data-src=\"https:\/\/kontesadora.hr\/stara\/wp-content\/gallery\/bistricki-zvukolik\/BISTRICKI-ZVUKOLIK-David-Amiddic-2.nagrada-s-8267-bodova-III.kat_..jpg\"\n               data-thumbnail=\"https:\/\/kontesadora.hr\/stara\/wp-content\/gallery\/bistricki-zvukolik\/thumbs\/thumbs_BISTRICKI-ZVUKOLIK-David-Amiddic-2.nagrada-s-8267-bodova-III.kat_..jpg\"\n               data-image-id=\"5236\"\n               data-title=\"BISTRICKI-ZVUKOLIK-David-Amiddic-2.nagrada-s-8267-bodova-III.kat_.\"\n               data-description=\"\"\n               data-image-slug=\"bistricki-zvukolik-david-amiddic-2-nagrada-s-8267-bodova-iii-kat_\"\n               class=\"shutterset_b7bbd82feebf1df049789eba1bd8a5bd\">\n                <img\n                    title=\"BISTRICKI-ZVUKOLIK-David-Amiddic-2.nagrada-s-8267-bodova-III.kat_.\"\n                    alt=\"BISTRICKI-ZVUKOLIK-David-Amiddic-2.nagrada-s-8267-bodova-III.kat_.\"\n                    src=\"https:\/\/kontesadora.hr\/stara\/wp-content\/gallery\/bistricki-zvukolik\/thumbs\/thumbs_BISTRICKI-ZVUKOLIK-David-Amiddic-2.nagrada-s-8267-bodova-III.kat_..jpg\"\n                    width=\"100\"\n                    height=\"75\"\n                    style=\"max-width:100%;\"\n                \/>\n            <\/a>\n        <\/div>\n\t\t\t\t\t\t\t<\/div> \n\t\t\t\n        \n\t\t\t\t<div id=\"ngg-image-2\" class=\"ngg-gallery-thumbnail-box\" >\n\t\t\t\t        <div class=\"ngg-gallery-thumbnail\">\n            <a href=\"https:\/\/kontesadora.hr\/stara\/wp-content\/gallery\/bistricki-zvukolik\/BISTRICKI-ZVUKOLIK-David-Amiddic-2.nagrada-s-8267-bodova-.jpg\"\n               title=\"\"\n               data-src=\"https:\/\/kontesadora.hr\/stara\/wp-content\/gallery\/bistricki-zvukolik\/BISTRICKI-ZVUKOLIK-David-Amiddic-2.nagrada-s-8267-bodova-.jpg\"\n               data-thumbnail=\"https:\/\/kontesadora.hr\/stara\/wp-content\/gallery\/bistricki-zvukolik\/thumbs\/thumbs_BISTRICKI-ZVUKOLIK-David-Amiddic-2.nagrada-s-8267-bodova-.jpg\"\n               data-image-id=\"5234\"\n               data-title=\"BISTRICKI-ZVUKOLIK-David-Amiddic-2.nagrada-s-8267-bodova-\"\n               data-description=\"\"\n               data-image-slug=\"bistricki-zvukolik-david-amiddic-2-nagrada-s-8267-bodova\"\n               class=\"shutterset_b7bbd82feebf1df049789eba1bd8a5bd\">\n                <img\n                    title=\"BISTRICKI-ZVUKOLIK-David-Amiddic-2.nagrada-s-8267-bodova-\"\n                    alt=\"BISTRICKI-ZVUKOLIK-David-Amiddic-2.nagrada-s-8267-bodova-\"\n                    src=\"https:\/\/kontesadora.hr\/stara\/wp-content\/gallery\/bistricki-zvukolik\/thumbs\/thumbs_BISTRICKI-ZVUKOLIK-David-Amiddic-2.nagrada-s-8267-bodova-.jpg\"\n                    width=\"100\"\n                    height=\"75\"\n                    style=\"max-width:100%;\"\n                \/>\n            <\/a>\n        <\/div>\n\t\t\t\t\t\t\t<\/div> \n\t\t\t\n        \n\t\t\t\t<div id=\"ngg-image-3\" class=\"ngg-gallery-thumbnail-box\" >\n\t\t\t\t        <div class=\"ngg-gallery-thumbnail\">\n            <a href=\"https:\/\/kontesadora.hr\/stara\/wp-content\/gallery\/bistricki-zvukolik\/BISTRICKI-ZVUKOLIK-Davod-Amidzic.jpg\"\n               title=\"\"\n               data-src=\"https:\/\/kontesadora.hr\/stara\/wp-content\/gallery\/bistricki-zvukolik\/BISTRICKI-ZVUKOLIK-Davod-Amidzic.jpg\"\n               data-thumbnail=\"https:\/\/kontesadora.hr\/stara\/wp-content\/gallery\/bistricki-zvukolik\/thumbs\/thumbs_BISTRICKI-ZVUKOLIK-Davod-Amidzic.jpg\"\n               data-image-id=\"5233\"\n               data-title=\"BISTRICKI-ZVUKOLIK-Davod-Amidzic\"\n               data-description=\"\"\n               data-image-slug=\"bistricki-zvukolik-davod-amidzic\"\n               class=\"shutterset_b7bbd82feebf1df049789eba1bd8a5bd\">\n                <img\n                    title=\"BISTRICKI-ZVUKOLIK-Davod-Amidzic\"\n                    alt=\"BISTRICKI-ZVUKOLIK-Davod-Amidzic\"\n                    src=\"https:\/\/kontesadora.hr\/stara\/wp-content\/gallery\/bistricki-zvukolik\/thumbs\/thumbs_BISTRICKI-ZVUKOLIK-Davod-Amidzic.jpg\"\n                    width=\"100\"\n                    height=\"75\"\n                    style=\"max-width:100%;\"\n                \/>\n            <\/a>\n        <\/div>\n\t\t\t\t\t\t\t<\/div> \n\t\t\t\n        \n\t\t\n\t\t<!-- Pagination -->\n\t<div class='ngg-clear'><\/div>\t<\/div>\n<!-- index.php -->\n<div\n\tclass=\"ngg-galleryoverview ngg-ajax-pagination-none\"\n\tid=\"ngg-gallery-0e0a8823d4bfcbd6f0557b0d70ff156d-1\">\n\n    \t<div class=\"slideshowlink\">\n        <a href='https:\/\/kontesadora.hr\/stara\/galerija\/nggallery\/slideshow'>[Show as slideshow]<\/a>\n\t\t\n\t<\/div>\n\t\t\t<!-- Thumbnails -->\n\t\t\t\t<div id=\"ngg-image-0\" class=\"ngg-gallery-thumbnail-box\" >\n\t\t\t\t        <div class=\"ngg-gallery-thumbnail\">\n            <a href=\"https:\/\/kontesadora.hr\/stara\/wp-content\/gallery\/accordion-fest-21\/Gabriel-Bracko-Varazdin-2021..jpg\"\n               title=\"\"\n               data-src=\"https:\/\/kontesadora.hr\/stara\/wp-content\/gallery\/accordion-fest-21\/Gabriel-Bracko-Varazdin-2021..jpg\"\n               data-thumbnail=\"https:\/\/kontesadora.hr\/stara\/wp-content\/gallery\/accordion-fest-21\/thumbs\/thumbs_Gabriel-Bracko-Varazdin-2021..jpg\"\n               data-image-id=\"5232\"\n               data-title=\"Gabriel-Bracko-Varazdin-2021.\"\n               data-description=\"\"\n               data-image-slug=\"gabriel-bracko-varazdin-2021\"\n               class=\"shutterset_0e0a8823d4bfcbd6f0557b0d70ff156d\">\n                <img\n                    title=\"Gabriel-Bracko-Varazdin-2021.\"\n                    alt=\"Gabriel-Bracko-Varazdin-2021.\"\n                    src=\"https:\/\/kontesadora.hr\/stara\/wp-content\/gallery\/accordion-fest-21\/thumbs\/thumbs_Gabriel-Bracko-Varazdin-2021..jpg\"\n                    width=\"100\"\n                    height=\"75\"\n                    style=\"max-width:100%;\"\n                \/>\n            <\/a>\n        <\/div>\n\t\t\t\t\t\t\t<\/div> \n\t\t\t\n        \n\t\t\t\t<div id=\"ngg-image-1\" class=\"ngg-gallery-thumbnail-box\" >\n\t\t\t\t        <div class=\"ngg-gallery-thumbnail\">\n            <a href=\"https:\/\/kontesadora.hr\/stara\/wp-content\/gallery\/accordion-fest-21\/Matej-Buljan-Marko-Flanjak-Varazdin-ACCORDION-FEST-2021..jpg\"\n               title=\"\"\n               data-src=\"https:\/\/kontesadora.hr\/stara\/wp-content\/gallery\/accordion-fest-21\/Matej-Buljan-Marko-Flanjak-Varazdin-ACCORDION-FEST-2021..jpg\"\n               data-thumbnail=\"https:\/\/kontesadora.hr\/stara\/wp-content\/gallery\/accordion-fest-21\/thumbs\/thumbs_Matej-Buljan-Marko-Flanjak-Varazdin-ACCORDION-FEST-2021..jpg\"\n               data-image-id=\"5231\"\n               data-title=\"Matej-Buljan-Marko-Flanjak-Varazdin-ACCORDION-FEST-2021.\"\n               data-description=\"\"\n               data-image-slug=\"matej-buljan-marko-flanjak-varazdin-accordion-fest-2021\"\n               class=\"shutterset_0e0a8823d4bfcbd6f0557b0d70ff156d\">\n                <img\n                    title=\"Matej-Buljan-Marko-Flanjak-Varazdin-ACCORDION-FEST-2021.\"\n                    alt=\"Matej-Buljan-Marko-Flanjak-Varazdin-ACCORDION-FEST-2021.\"\n                    src=\"https:\/\/kontesadora.hr\/stara\/wp-content\/gallery\/accordion-fest-21\/thumbs\/thumbs_Matej-Buljan-Marko-Flanjak-Varazdin-ACCORDION-FEST-2021..jpg\"\n                    width=\"100\"\n                    height=\"75\"\n                    style=\"max-width:100%;\"\n                \/>\n            <\/a>\n        <\/div>\n\t\t\t\t\t\t\t<\/div> \n\t\t\t\n        \n\t\t\t\t<div id=\"ngg-image-2\" class=\"ngg-gallery-thumbnail-box\" >\n\t\t\t\t        <div class=\"ngg-gallery-thumbnail\">\n            <a href=\"https:\/\/kontesadora.hr\/stara\/wp-content\/gallery\/accordion-fest-21\/David-Amidzic-ACCORDION-FEST-2021.-Varazdin.jpg\"\n               title=\"\"\n               data-src=\"https:\/\/kontesadora.hr\/stara\/wp-content\/gallery\/accordion-fest-21\/David-Amidzic-ACCORDION-FEST-2021.-Varazdin.jpg\"\n               data-thumbnail=\"https:\/\/kontesadora.hr\/stara\/wp-content\/gallery\/accordion-fest-21\/thumbs\/thumbs_David-Amidzic-ACCORDION-FEST-2021.-Varazdin.jpg\"\n               data-image-id=\"5230\"\n               data-title=\"David-Amidzic-ACCORDION-FEST-2021.-Varazdin\"\n               data-description=\"\"\n               data-image-slug=\"david-amidzic-accordion-fest-2021-varazdin\"\n               class=\"shutterset_0e0a8823d4bfcbd6f0557b0d70ff156d\">\n                <img\n                    title=\"David-Amidzic-ACCORDION-FEST-2021.-Varazdin\"\n                    alt=\"David-Amidzic-ACCORDION-FEST-2021.-Varazdin\"\n                    src=\"https:\/\/kontesadora.hr\/stara\/wp-content\/gallery\/accordion-fest-21\/thumbs\/thumbs_David-Amidzic-ACCORDION-FEST-2021.-Varazdin.jpg\"\n                    width=\"100\"\n                    height=\"75\"\n                    style=\"max-width:100%;\"\n                \/>\n            <\/a>\n        <\/div>\n\t\t\t\t\t\t\t<\/div> \n\t\t\t\n        \n\t\t\n\t\t<!-- Pagination -->\n\t<div class='ngg-clear'><\/div>\t<\/div>\n<!-- index.php -->\n<div\n\tclass=\"ngg-galleryoverview ngg-ajax-pagination-none\"\n\tid=\"ngg-gallery-cad855ba97f147b53ab8ab7c2184909c-1\">\n\n    \t<div class=\"slideshowlink\">\n        <a href='https:\/\/kontesadora.hr\/stara\/galerija\/nggallery\/slideshow'>[Show as slideshow]<\/a>\n\t\t\n\t<\/div>\n\t\t\t<!-- Thumbnails -->\n\t\t\t\t<div id=\"ngg-image-0\" class=\"ngg-gallery-thumbnail-box\" >\n\t\t\t\t        <div class=\"ngg-gallery-thumbnail\">\n            <a href=\"https:\/\/kontesadora.hr\/stara\/wp-content\/gallery\/stv-fotografije\/BeautyPlus_20210414130646590_save.jpg\"\n               title=\"\"\n               data-src=\"https:\/\/kontesadora.hr\/stara\/wp-content\/gallery\/stv-fotografije\/BeautyPlus_20210414130646590_save.jpg\"\n               data-thumbnail=\"https:\/\/kontesadora.hr\/stara\/wp-content\/gallery\/stv-fotografije\/thumbs\/thumbs_BeautyPlus_20210414130646590_save.jpg\"\n               data-image-id=\"5228\"\n               data-title=\"BeautyPlus_20210414130646590_save\"\n               data-description=\"\"\n               data-image-slug=\"beautyplus_20210414130646590_save\"\n               class=\"shutterset_cad855ba97f147b53ab8ab7c2184909c\">\n                <img\n                    title=\"BeautyPlus_20210414130646590_save\"\n                    alt=\"BeautyPlus_20210414130646590_save\"\n                    src=\"https:\/\/kontesadora.hr\/stara\/wp-content\/gallery\/stv-fotografije\/thumbs\/thumbs_BeautyPlus_20210414130646590_save.jpg\"\n                    width=\"100\"\n                    height=\"75\"\n                    style=\"max-width:100%;\"\n                \/>\n            <\/a>\n        <\/div>\n\t\t\t\t\t\t\t<\/div> \n\t\t\t\n        \n\t\t\t\t<div id=\"ngg-image-1\" class=\"ngg-gallery-thumbnail-box\" >\n\t\t\t\t        <div class=\"ngg-gallery-thumbnail\">\n            <a href=\"https:\/\/kontesadora.hr\/stara\/wp-content\/gallery\/stv-fotografije\/BeautyPlus_20210414131009735_save.jpg\"\n               title=\"\"\n               data-src=\"https:\/\/kontesadora.hr\/stara\/wp-content\/gallery\/stv-fotografije\/BeautyPlus_20210414131009735_save.jpg\"\n               data-thumbnail=\"https:\/\/kontesadora.hr\/stara\/wp-content\/gallery\/stv-fotografije\/thumbs\/thumbs_BeautyPlus_20210414131009735_save.jpg\"\n               data-image-id=\"5229\"\n               data-title=\"BeautyPlus_20210414131009735_save\"\n               data-description=\"\"\n               data-image-slug=\"beautyplus_20210414131009735_save\"\n               class=\"shutterset_cad855ba97f147b53ab8ab7c2184909c\">\n                <img\n                    title=\"BeautyPlus_20210414131009735_save\"\n                    alt=\"BeautyPlus_20210414131009735_save\"\n                    src=\"https:\/\/kontesadora.hr\/stara\/wp-content\/gallery\/stv-fotografije\/thumbs\/thumbs_BeautyPlus_20210414131009735_save.jpg\"\n                    width=\"100\"\n                    height=\"75\"\n                    style=\"max-width:100%;\"\n                \/>\n            <\/a>\n        <\/div>\n\t\t\t\t\t\t\t<\/div> \n\t\t\t\n        \n\t\t\t\t<div id=\"ngg-image-2\" class=\"ngg-gallery-thumbnail-box\" >\n\t\t\t\t        <div class=\"ngg-gallery-thumbnail\">\n            <a href=\"https:\/\/kontesadora.hr\/stara\/wp-content\/gallery\/stv-fotografije\/BeautyPlus_20210414160656399_save.jpg\"\n               title=\"\"\n               data-src=\"https:\/\/kontesadora.hr\/stara\/wp-content\/gallery\/stv-fotografije\/BeautyPlus_20210414160656399_save.jpg\"\n               data-thumbnail=\"https:\/\/kontesadora.hr\/stara\/wp-content\/gallery\/stv-fotografije\/thumbs\/thumbs_BeautyPlus_20210414160656399_save.jpg\"\n               data-image-id=\"5227\"\n               data-title=\"BeautyPlus_20210414160656399_save\"\n               data-description=\"\"\n               data-image-slug=\"beautyplus_20210414160656399_save\"\n               class=\"shutterset_cad855ba97f147b53ab8ab7c2184909c\">\n                <img\n                    title=\"BeautyPlus_20210414160656399_save\"\n                    alt=\"BeautyPlus_20210414160656399_save\"\n                    src=\"https:\/\/kontesadora.hr\/stara\/wp-content\/gallery\/stv-fotografije\/thumbs\/thumbs_BeautyPlus_20210414160656399_save.jpg\"\n                    width=\"100\"\n                    height=\"75\"\n                    style=\"max-width:100%;\"\n                \/>\n            <\/a>\n        <\/div>\n\t\t\t\t\t\t\t<\/div> \n\t\t\t\n        \n\t\t\n\t\t<!-- Pagination -->\n\t<div class='ngg-clear'><\/div>\t<\/div>\n<!-- index.php -->\n<div\n\tclass=\"ngg-galleryoverview ngg-ajax-pagination-none\"\n\tid=\"ngg-gallery-c65ea86335339dffd31bc2417dc106c5-1\">\n\n    \t<div class=\"slideshowlink\">\n        <a href='https:\/\/kontesadora.hr\/stara\/galerija\/nggallery\/slideshow'>[Show as slideshow]<\/a>\n\t\t\n\t<\/div>\n\t\t\t<!-- Thumbnails -->\n\t\t\t\t<div id=\"ngg-image-0\" class=\"ngg-gallery-thumbnail-box\" >\n\t\t\t\t        <div class=\"ngg-gallery-thumbnail\">\n            <a href=\"https:\/\/kontesadora.hr\/stara\/wp-content\/gallery\/domaci-skladatelji\/ae6cd5ee0_opt.jpg\"\n               title=\"\"\n               data-src=\"https:\/\/kontesadora.hr\/stara\/wp-content\/gallery\/domaci-skladatelji\/ae6cd5ee0_opt.jpg\"\n               data-thumbnail=\"https:\/\/kontesadora.hr\/stara\/wp-content\/gallery\/domaci-skladatelji\/thumbs\/thumbs_ae6cd5ee0_opt.jpg\"\n               data-image-id=\"5224\"\n               data-title=\"ae6cd5ee0_opt\"\n               data-description=\"\"\n               data-image-slug=\"ae6cd5ee0_opt\"\n               class=\"shutterset_c65ea86335339dffd31bc2417dc106c5\">\n                <img\n                    title=\"ae6cd5ee0_opt\"\n                    alt=\"ae6cd5ee0_opt\"\n                    src=\"https:\/\/kontesadora.hr\/stara\/wp-content\/gallery\/domaci-skladatelji\/thumbs\/thumbs_ae6cd5ee0_opt.jpg\"\n                    width=\"100\"\n                    height=\"75\"\n                    style=\"max-width:100%;\"\n                \/>\n            <\/a>\n        <\/div>\n\t\t\t\t\t\t\t<\/div> \n\t\t\t\n        \n\t\t\t\t<div id=\"ngg-image-1\" class=\"ngg-gallery-thumbnail-box\" >\n\t\t\t\t        <div class=\"ngg-gallery-thumbnail\">\n            <a href=\"https:\/\/kontesadora.hr\/stara\/wp-content\/gallery\/domaci-skladatelji\/af6dca0a0_opt.jpg\"\n               title=\"\"\n               data-src=\"https:\/\/kontesadora.hr\/stara\/wp-content\/gallery\/domaci-skladatelji\/af6dca0a0_opt.jpg\"\n               data-thumbnail=\"https:\/\/kontesadora.hr\/stara\/wp-content\/gallery\/domaci-skladatelji\/thumbs\/thumbs_af6dca0a0_opt.jpg\"\n               data-image-id=\"5225\"\n               data-title=\"af6dca0a0_opt\"\n               data-description=\"\"\n               data-image-slug=\"af6dca0a0_opt\"\n               class=\"shutterset_c65ea86335339dffd31bc2417dc106c5\">\n                <img\n                    title=\"af6dca0a0_opt\"\n                    alt=\"af6dca0a0_opt\"\n                    src=\"https:\/\/kontesadora.hr\/stara\/wp-content\/gallery\/domaci-skladatelji\/thumbs\/thumbs_af6dca0a0_opt.jpg\"\n                    width=\"100\"\n                    height=\"75\"\n                    style=\"max-width:100%;\"\n                \/>\n            <\/a>\n        <\/div>\n\t\t\t\t\t\t\t<\/div> \n\t\t\t\n        \n\t\t\t\t<div id=\"ngg-image-2\" class=\"ngg-gallery-thumbnail-box\" >\n\t\t\t\t        <div class=\"ngg-gallery-thumbnail\">\n            <a href=\"https:\/\/kontesadora.hr\/stara\/wp-content\/gallery\/domaci-skladatelji\/b06f99e80_opt.jpg\"\n               title=\"\"\n               data-src=\"https:\/\/kontesadora.hr\/stara\/wp-content\/gallery\/domaci-skladatelji\/b06f99e80_opt.jpg\"\n               data-thumbnail=\"https:\/\/kontesadora.hr\/stara\/wp-content\/gallery\/domaci-skladatelji\/thumbs\/thumbs_b06f99e80_opt.jpg\"\n               data-image-id=\"5226\"\n               data-title=\"b06f99e80_opt\"\n               data-description=\"\"\n               data-image-slug=\"b06f99e80_opt\"\n               class=\"shutterset_c65ea86335339dffd31bc2417dc106c5\">\n                <img\n                    title=\"b06f99e80_opt\"\n                    alt=\"b06f99e80_opt\"\n                    src=\"https:\/\/kontesadora.hr\/stara\/wp-content\/gallery\/domaci-skladatelji\/thumbs\/thumbs_b06f99e80_opt.jpg\"\n                    width=\"100\"\n                    height=\"75\"\n                    style=\"max-width:100%;\"\n                \/>\n            <\/a>\n        <\/div>\n\t\t\t\t\t\t\t<\/div> \n\t\t\t\n        \n\t\t\t\t<div id=\"ngg-image-3\" class=\"ngg-gallery-thumbnail-box\" >\n\t\t\t\t        <div class=\"ngg-gallery-thumbnail\">\n            <a href=\"https:\/\/kontesadora.hr\/stara\/wp-content\/gallery\/domaci-skladatelji\/b2793bda0_opt.jpg\"\n               title=\"\"\n               data-src=\"https:\/\/kontesadora.hr\/stara\/wp-content\/gallery\/domaci-skladatelji\/b2793bda0_opt.jpg\"\n               data-thumbnail=\"https:\/\/kontesadora.hr\/stara\/wp-content\/gallery\/domaci-skladatelji\/thumbs\/thumbs_b2793bda0_opt.jpg\"\n               data-image-id=\"5222\"\n               data-title=\"b2793bda0_opt\"\n               data-description=\"\"\n               data-image-slug=\"b2793bda0_opt\"\n               class=\"shutterset_c65ea86335339dffd31bc2417dc106c5\">\n                <img\n                    title=\"b2793bda0_opt\"\n                    alt=\"b2793bda0_opt\"\n                    src=\"https:\/\/kontesadora.hr\/stara\/wp-content\/gallery\/domaci-skladatelji\/thumbs\/thumbs_b2793bda0_opt.jpg\"\n                    width=\"100\"\n                    height=\"75\"\n                    style=\"max-width:100%;\"\n                \/>\n            <\/a>\n        <\/div>\n\t\t\t\t\t\t\t<\/div> \n\t\t\t\n        \n\t\t\t\t<div id=\"ngg-image-4\" class=\"ngg-gallery-thumbnail-box\" >\n\t\t\t\t        <div class=\"ngg-gallery-thumbnail\">\n            <a href=\"https:\/\/kontesadora.hr\/stara\/wp-content\/gallery\/domaci-skladatelji\/b6a03d3c0_opt.jpg\"\n               title=\"\"\n               data-src=\"https:\/\/kontesadora.hr\/stara\/wp-content\/gallery\/domaci-skladatelji\/b6a03d3c0_opt.jpg\"\n               data-thumbnail=\"https:\/\/kontesadora.hr\/stara\/wp-content\/gallery\/domaci-skladatelji\/thumbs\/thumbs_b6a03d3c0_opt.jpg\"\n               data-image-id=\"5223\"\n               data-title=\"b6a03d3c0_opt\"\n               data-description=\"\"\n               data-image-slug=\"b6a03d3c0_opt\"\n               class=\"shutterset_c65ea86335339dffd31bc2417dc106c5\">\n                <img\n                    title=\"b6a03d3c0_opt\"\n                    alt=\"b6a03d3c0_opt\"\n                    src=\"https:\/\/kontesadora.hr\/stara\/wp-content\/gallery\/domaci-skladatelji\/thumbs\/thumbs_b6a03d3c0_opt.jpg\"\n                    width=\"100\"\n                    height=\"75\"\n                    style=\"max-width:100%;\"\n                \/>\n            <\/a>\n        <\/div>\n\t\t\t\t\t\t\t<\/div> \n\t\t\t\n        \n\t\t\n\t\t<!-- Pagination -->\n\t<div class='ngg-clear'><\/div>\t<\/div>\n<!-- index.php -->\n<div\n\tclass=\"ngg-galleryoverview ngg-ajax-pagination-none\"\n\tid=\"ngg-gallery-c4c66523f33e21906c8df2b674463fcc-1\">\n\n    \t<div class=\"slideshowlink\">\n        <a href='https:\/\/kontesadora.hr\/stara\/galerija\/nggallery\/slideshow'>[Show as slideshow]<\/a>\n\t\t\n\t<\/div>\n\t\t\t<!-- Thumbnails -->\n\t\t\t\t<div id=\"ngg-image-0\" class=\"ngg-gallery-thumbnail-box\" >\n\t\t\t\t        <div class=\"ngg-gallery-thumbnail\">\n            <a href=\"https:\/\/kontesadora.hr\/stara\/wp-content\/gallery\/prvaci\/TAMB.ORK_.-59.-2021.Ema-Korbar-klavir.jpg\"\n               title=\"\"\n               data-src=\"https:\/\/kontesadora.hr\/stara\/wp-content\/gallery\/prvaci\/TAMB.ORK_.-59.-2021.Ema-Korbar-klavir.jpg\"\n               data-thumbnail=\"https:\/\/kontesadora.hr\/stara\/wp-content\/gallery\/prvaci\/thumbs\/thumbs_TAMB.ORK_.-59.-2021.Ema-Korbar-klavir.jpg\"\n               data-image-id=\"5220\"\n               data-title=\"TAMB.ORK_.-59.-2021.Ema-Korbar-klavir\"\n               data-description=\"\"\n               data-image-slug=\"tamb-ork_-59-2021-ema-korbar-klavir-1\"\n               class=\"shutterset_c4c66523f33e21906c8df2b674463fcc\">\n                <img\n                    title=\"TAMB.ORK_.-59.-2021.Ema-Korbar-klavir\"\n                    alt=\"TAMB.ORK_.-59.-2021.Ema-Korbar-klavir\"\n                    src=\"https:\/\/kontesadora.hr\/stara\/wp-content\/gallery\/prvaci\/thumbs\/thumbs_TAMB.ORK_.-59.-2021.Ema-Korbar-klavir.jpg\"\n                    width=\"100\"\n                    height=\"75\"\n                    style=\"max-width:100%;\"\n                \/>\n            <\/a>\n        <\/div>\n\t\t\t\t\t\t\t<\/div> \n\t\t\t\n        \n\t\t\t\t<div id=\"ngg-image-1\" class=\"ngg-gallery-thumbnail-box\" >\n\t\t\t\t        <div class=\"ngg-gallery-thumbnail\">\n            <a href=\"https:\/\/kontesadora.hr\/stara\/wp-content\/gallery\/prvaci\/59.ORK_.DRZ_.-1.nagr_.2021.6.jpg\"\n               title=\"\"\n               data-src=\"https:\/\/kontesadora.hr\/stara\/wp-content\/gallery\/prvaci\/59.ORK_.DRZ_.-1.nagr_.2021.6.jpg\"\n               data-thumbnail=\"https:\/\/kontesadora.hr\/stara\/wp-content\/gallery\/prvaci\/thumbs\/thumbs_59.ORK_.DRZ_.-1.nagr_.2021.6.jpg\"\n               data-image-id=\"5221\"\n               data-title=\"59.ORK_.DRZ_.-1.nagr_.2021.6\"\n               data-description=\"\"\n               data-image-slug=\"59-ork_-drz_-1-nagr_-2021-6\"\n               class=\"shutterset_c4c66523f33e21906c8df2b674463fcc\">\n                <img\n                    title=\"59.ORK_.DRZ_.-1.nagr_.2021.6\"\n                    alt=\"59.ORK_.DRZ_.-1.nagr_.2021.6\"\n                    src=\"https:\/\/kontesadora.hr\/stara\/wp-content\/gallery\/prvaci\/thumbs\/thumbs_59.ORK_.DRZ_.-1.nagr_.2021.6.jpg\"\n                    width=\"100\"\n                    height=\"75\"\n                    style=\"max-width:100%;\"\n                \/>\n            <\/a>\n        <\/div>\n\t\t\t\t\t\t\t<\/div> \n\t\t\t\n        \n\t\t\t\t<div id=\"ngg-image-2\" class=\"ngg-gallery-thumbnail-box\" >\n\t\t\t\t        <div class=\"ngg-gallery-thumbnail\">\n            <a href=\"https:\/\/kontesadora.hr\/stara\/wp-content\/gallery\/prvaci\/59.ORK_.DRZ_.-1.nagr_.2021.5.jpg\"\n               title=\"\"\n               data-src=\"https:\/\/kontesadora.hr\/stara\/wp-content\/gallery\/prvaci\/59.ORK_.DRZ_.-1.nagr_.2021.5.jpg\"\n               data-thumbnail=\"https:\/\/kontesadora.hr\/stara\/wp-content\/gallery\/prvaci\/thumbs\/thumbs_59.ORK_.DRZ_.-1.nagr_.2021.5.jpg\"\n               data-image-id=\"5219\"\n               data-title=\"59.ORK_.DRZ_.-1.nagr_.2021.5\"\n               data-description=\"\"\n               data-image-slug=\"59-ork_-drz_-1-nagr_-2021-5\"\n               class=\"shutterset_c4c66523f33e21906c8df2b674463fcc\">\n                <img\n                    title=\"59.ORK_.DRZ_.-1.nagr_.2021.5\"\n                    alt=\"59.ORK_.DRZ_.-1.nagr_.2021.5\"\n                    src=\"https:\/\/kontesadora.hr\/stara\/wp-content\/gallery\/prvaci\/thumbs\/thumbs_59.ORK_.DRZ_.-1.nagr_.2021.5.jpg\"\n                    width=\"100\"\n                    height=\"75\"\n                    style=\"max-width:100%;\"\n                \/>\n            <\/a>\n        <\/div>\n\t\t\t\t\t\t\t<\/div> \n\t\t\t\n        \n\t\t\t\t<div id=\"ngg-image-3\" class=\"ngg-gallery-thumbnail-box\" >\n\t\t\t\t        <div class=\"ngg-gallery-thumbnail\">\n            <a href=\"https:\/\/kontesadora.hr\/stara\/wp-content\/gallery\/prvaci\/59.ORK_.DRZ_.-1.nagr_.2021.-11.jpg\"\n               title=\"\"\n               data-src=\"https:\/\/kontesadora.hr\/stara\/wp-content\/gallery\/prvaci\/59.ORK_.DRZ_.-1.nagr_.2021.-11.jpg\"\n               data-thumbnail=\"https:\/\/kontesadora.hr\/stara\/wp-content\/gallery\/prvaci\/thumbs\/thumbs_59.ORK_.DRZ_.-1.nagr_.2021.-11.jpg\"\n               data-image-id=\"5217\"\n               data-title=\"59.ORK_.DRZ_.-1.nagr_.2021.-11\"\n               data-description=\"\"\n               data-image-slug=\"59-ork_-drz_-1-nagr_-2021-11\"\n               class=\"shutterset_c4c66523f33e21906c8df2b674463fcc\">\n                <img\n                    title=\"59.ORK_.DRZ_.-1.nagr_.2021.-11\"\n                    alt=\"59.ORK_.DRZ_.-1.nagr_.2021.-11\"\n                    src=\"https:\/\/kontesadora.hr\/stara\/wp-content\/gallery\/prvaci\/thumbs\/thumbs_59.ORK_.DRZ_.-1.nagr_.2021.-11.jpg\"\n                    width=\"100\"\n                    height=\"75\"\n                    style=\"max-width:100%;\"\n                \/>\n            <\/a>\n        <\/div>\n\t\t\t\t\t\t\t<\/div> \n\t\t\t\n        \n\t\t\t\t<div id=\"ngg-image-4\" class=\"ngg-gallery-thumbnail-box\" >\n\t\t\t\t        <div class=\"ngg-gallery-thumbnail\">\n            <a href=\"https:\/\/kontesadora.hr\/stara\/wp-content\/gallery\/prvaci\/59.ORK_.DRZ_.-1.nagr_.2021..jpg\"\n               title=\"\"\n               data-src=\"https:\/\/kontesadora.hr\/stara\/wp-content\/gallery\/prvaci\/59.ORK_.DRZ_.-1.nagr_.2021..jpg\"\n               data-thumbnail=\"https:\/\/kontesadora.hr\/stara\/wp-content\/gallery\/prvaci\/thumbs\/thumbs_59.ORK_.DRZ_.-1.nagr_.2021..jpg\"\n               data-image-id=\"5218\"\n               data-title=\"59.ORK_.DRZ_.-1.nagr_.2021.\"\n               data-description=\"\"\n               data-image-slug=\"59-ork_-drz_-1-nagr_-2021-11\"\n               class=\"shutterset_c4c66523f33e21906c8df2b674463fcc\">\n                <img\n                    title=\"59.ORK_.DRZ_.-1.nagr_.2021.\"\n                    alt=\"59.ORK_.DRZ_.-1.nagr_.2021.\"\n                    src=\"https:\/\/kontesadora.hr\/stara\/wp-content\/gallery\/prvaci\/thumbs\/thumbs_59.ORK_.DRZ_.-1.nagr_.2021..jpg\"\n                    width=\"100\"\n                    height=\"75\"\n                    style=\"max-width:100%;\"\n                \/>\n            <\/a>\n        <\/div>\n\t\t\t\t\t\t\t<\/div> \n\t\t\t\n        \n\t\t\t\t<div id=\"ngg-image-5\" class=\"ngg-gallery-thumbnail-box\" >\n\t\t\t\t        <div class=\"ngg-gallery-thumbnail\">\n            <a href=\"https:\/\/kontesadora.hr\/stara\/wp-content\/gallery\/prvaci\/59.ORK_.DRZ_.-1.nagr_.2021.-10.jpg\"\n               title=\"\"\n               data-src=\"https:\/\/kontesadora.hr\/stara\/wp-content\/gallery\/prvaci\/59.ORK_.DRZ_.-1.nagr_.2021.-10.jpg\"\n               data-thumbnail=\"https:\/\/kontesadora.hr\/stara\/wp-content\/gallery\/prvaci\/thumbs\/thumbs_59.ORK_.DRZ_.-1.nagr_.2021.-10.jpg\"\n               data-image-id=\"5215\"\n               data-title=\"59.ORK_.DRZ_.-1.nagr_.2021.-10\"\n               data-description=\"\"\n               data-image-slug=\"59-ork_-drz_-1-nagr_-2021-10\"\n               class=\"shutterset_c4c66523f33e21906c8df2b674463fcc\">\n                <img\n                    title=\"59.ORK_.DRZ_.-1.nagr_.2021.-10\"\n                    alt=\"59.ORK_.DRZ_.-1.nagr_.2021.-10\"\n                    src=\"https:\/\/kontesadora.hr\/stara\/wp-content\/gallery\/prvaci\/thumbs\/thumbs_59.ORK_.DRZ_.-1.nagr_.2021.-10.jpg\"\n                    width=\"100\"\n                    height=\"75\"\n                    style=\"max-width:100%;\"\n                \/>\n            <\/a>\n        <\/div>\n\t\t\t\t\t\t\t<\/div> \n\t\t\t\n        \n\t\t\t\t<div id=\"ngg-image-6\" class=\"ngg-gallery-thumbnail-box\" >\n\t\t\t\t        <div class=\"ngg-gallery-thumbnail\">\n            <a href=\"https:\/\/kontesadora.hr\/stara\/wp-content\/gallery\/prvaci\/59.ORK_.DRZ_.-1.nagr_.2021.-7.jpg\"\n               title=\"\"\n               data-src=\"https:\/\/kontesadora.hr\/stara\/wp-content\/gallery\/prvaci\/59.ORK_.DRZ_.-1.nagr_.2021.-7.jpg\"\n               data-thumbnail=\"https:\/\/kontesadora.hr\/stara\/wp-content\/gallery\/prvaci\/thumbs\/thumbs_59.ORK_.DRZ_.-1.nagr_.2021.-7.jpg\"\n               data-image-id=\"5216\"\n               data-title=\"59.ORK_.DRZ_.-1.nagr_.2021.-7\"\n               data-description=\"\"\n               data-image-slug=\"59-ork_-drz_-1-nagr_-2021-7\"\n               class=\"shutterset_c4c66523f33e21906c8df2b674463fcc\">\n                <img\n                    title=\"59.ORK_.DRZ_.-1.nagr_.2021.-7\"\n                    alt=\"59.ORK_.DRZ_.-1.nagr_.2021.-7\"\n                    src=\"https:\/\/kontesadora.hr\/stara\/wp-content\/gallery\/prvaci\/thumbs\/thumbs_59.ORK_.DRZ_.-1.nagr_.2021.-7.jpg\"\n                    width=\"100\"\n                    height=\"75\"\n                    style=\"max-width:100%;\"\n                \/>\n            <\/a>\n        <\/div>\n\t\t\t\t\t\t\t<\/div> \n\t\t\t\n        \n\t\t\t\t<div id=\"ngg-image-7\" class=\"ngg-gallery-thumbnail-box\" >\n\t\t\t\t        <div class=\"ngg-gallery-thumbnail\">\n            <a href=\"https:\/\/kontesadora.hr\/stara\/wp-content\/gallery\/prvaci\/59.ORK_.DRZ_.-1.nagr_.2021.-4.jpg\"\n               title=\"\"\n               data-src=\"https:\/\/kontesadora.hr\/stara\/wp-content\/gallery\/prvaci\/59.ORK_.DRZ_.-1.nagr_.2021.-4.jpg\"\n               data-thumbnail=\"https:\/\/kontesadora.hr\/stara\/wp-content\/gallery\/prvaci\/thumbs\/thumbs_59.ORK_.DRZ_.-1.nagr_.2021.-4.jpg\"\n               data-image-id=\"5212\"\n               data-title=\"59.ORK_.DRZ_.-1.nagr_.2021.-4\"\n               data-description=\"\"\n               data-image-slug=\"59-ork_-drz_-1-nagr_-2021-4\"\n               class=\"shutterset_c4c66523f33e21906c8df2b674463fcc\">\n                <img\n                    title=\"59.ORK_.DRZ_.-1.nagr_.2021.-4\"\n                    alt=\"59.ORK_.DRZ_.-1.nagr_.2021.-4\"\n                    src=\"https:\/\/kontesadora.hr\/stara\/wp-content\/gallery\/prvaci\/thumbs\/thumbs_59.ORK_.DRZ_.-1.nagr_.2021.-4.jpg\"\n                    width=\"100\"\n                    height=\"75\"\n                    style=\"max-width:100%;\"\n                \/>\n            <\/a>\n        <\/div>\n\t\t\t\t\t\t\t<\/div> \n\t\t\t\n        \n\t\t\t\t<div id=\"ngg-image-8\" class=\"ngg-gallery-thumbnail-box\" >\n\t\t\t\t        <div class=\"ngg-gallery-thumbnail\">\n            <a href=\"https:\/\/kontesadora.hr\/stara\/wp-content\/gallery\/prvaci\/59.ORK_.DRZ_.-1.nagr_.2021.-9.jpg\"\n               title=\"\"\n               data-src=\"https:\/\/kontesadora.hr\/stara\/wp-content\/gallery\/prvaci\/59.ORK_.DRZ_.-1.nagr_.2021.-9.jpg\"\n               data-thumbnail=\"https:\/\/kontesadora.hr\/stara\/wp-content\/gallery\/prvaci\/thumbs\/thumbs_59.ORK_.DRZ_.-1.nagr_.2021.-9.jpg\"\n               data-image-id=\"5213\"\n               data-title=\"59.ORK_.DRZ_.-1.nagr_.2021.-9\"\n               data-description=\"\"\n               data-image-slug=\"59-ork_-drz_-1-nagr_-2021-9\"\n               class=\"shutterset_c4c66523f33e21906c8df2b674463fcc\">\n                <img\n                    title=\"59.ORK_.DRZ_.-1.nagr_.2021.-9\"\n                    alt=\"59.ORK_.DRZ_.-1.nagr_.2021.-9\"\n                    src=\"https:\/\/kontesadora.hr\/stara\/wp-content\/gallery\/prvaci\/thumbs\/thumbs_59.ORK_.DRZ_.-1.nagr_.2021.-9.jpg\"\n                    width=\"100\"\n                    height=\"75\"\n                    style=\"max-width:100%;\"\n                \/>\n            <\/a>\n        <\/div>\n\t\t\t\t\t\t\t<\/div> \n\t\t\t\n        \n\t\t\t\t<div id=\"ngg-image-9\" class=\"ngg-gallery-thumbnail-box\" >\n\t\t\t\t        <div class=\"ngg-gallery-thumbnail\">\n            <a href=\"https:\/\/kontesadora.hr\/stara\/wp-content\/gallery\/prvaci\/59.ORK_.DRZ_.-1.nagr_.2021.-8.jpg\"\n               title=\"\"\n               data-src=\"https:\/\/kontesadora.hr\/stara\/wp-content\/gallery\/prvaci\/59.ORK_.DRZ_.-1.nagr_.2021.-8.jpg\"\n               data-thumbnail=\"https:\/\/kontesadora.hr\/stara\/wp-content\/gallery\/prvaci\/thumbs\/thumbs_59.ORK_.DRZ_.-1.nagr_.2021.-8.jpg\"\n               data-image-id=\"5214\"\n               data-title=\"59.ORK_.DRZ_.-1.nagr_.2021.-8\"\n               data-description=\"\"\n               data-image-slug=\"59-ork_-drz_-1-nagr_-2021-8\"\n               class=\"shutterset_c4c66523f33e21906c8df2b674463fcc\">\n                <img\n                    title=\"59.ORK_.DRZ_.-1.nagr_.2021.-8\"\n                    alt=\"59.ORK_.DRZ_.-1.nagr_.2021.-8\"\n                    src=\"https:\/\/kontesadora.hr\/stara\/wp-content\/gallery\/prvaci\/thumbs\/thumbs_59.ORK_.DRZ_.-1.nagr_.2021.-8.jpg\"\n                    width=\"100\"\n                    height=\"75\"\n                    style=\"max-width:100%;\"\n                \/>\n            <\/a>\n        <\/div>\n\t\t\t\t\t\t\t<\/div> \n\t\t\t\n        \n\t\t\t\t<div id=\"ngg-image-10\" class=\"ngg-gallery-thumbnail-box\" >\n\t\t\t\t        <div class=\"ngg-gallery-thumbnail\">\n            <a href=\"https:\/\/kontesadora.hr\/stara\/wp-content\/gallery\/prvaci\/59.ORK_.DRZ_.-1.nagr_.2021.-2.jpg\"\n               title=\"\"\n               data-src=\"https:\/\/kontesadora.hr\/stara\/wp-content\/gallery\/prvaci\/59.ORK_.DRZ_.-1.nagr_.2021.-2.jpg\"\n               data-thumbnail=\"https:\/\/kontesadora.hr\/stara\/wp-content\/gallery\/prvaci\/thumbs\/thumbs_59.ORK_.DRZ_.-1.nagr_.2021.-2.jpg\"\n               data-image-id=\"5211\"\n               data-title=\"59.ORK_.DRZ_.-1.nagr_.2021.-2\"\n               data-description=\"\"\n               data-image-slug=\"59-ork_-drz_-1-nagr_-2021-2\"\n               class=\"shutterset_c4c66523f33e21906c8df2b674463fcc\">\n                <img\n                    title=\"59.ORK_.DRZ_.-1.nagr_.2021.-2\"\n                    alt=\"59.ORK_.DRZ_.-1.nagr_.2021.-2\"\n                    src=\"https:\/\/kontesadora.hr\/stara\/wp-content\/gallery\/prvaci\/thumbs\/thumbs_59.ORK_.DRZ_.-1.nagr_.2021.-2.jpg\"\n                    width=\"100\"\n                    height=\"75\"\n                    style=\"max-width:100%;\"\n                \/>\n            <\/a>\n        <\/div>\n\t\t\t\t\t\t\t<\/div> \n\t\t\t\n        \n\t\t\n\t\t<!-- Pagination -->\n\t<div class='ngg-clear'><\/div>\t<\/div>\n<!-- index.php -->\n<div\n\tclass=\"ngg-galleryoverview ngg-ajax-pagination-none\"\n\tid=\"ngg-gallery-b0fa01be13102cbea29ff90859e0b6cf-1\">\n\n    \t<div class=\"slideshowlink\">\n        <a href='https:\/\/kontesadora.hr\/stara\/galerija\/nggallery\/slideshow'>[Show as slideshow]<\/a>\n\t\t\n\t<\/div>\n\t\t\t<!-- Thumbnails -->\n\t\t\t\t<div id=\"ngg-image-0\" class=\"ngg-gallery-thumbnail-box\" >\n\t\t\t\t        <div class=\"ngg-gallery-thumbnail\">\n            <a href=\"https:\/\/kontesadora.hr\/stara\/wp-content\/gallery\/59-drzavno\/164773898_10223112869304562_2552444416877713486_o.jpg\"\n               title=\"\"\n               data-src=\"https:\/\/kontesadora.hr\/stara\/wp-content\/gallery\/59-drzavno\/164773898_10223112869304562_2552444416877713486_o.jpg\"\n               data-thumbnail=\"https:\/\/kontesadora.hr\/stara\/wp-content\/gallery\/59-drzavno\/thumbs\/thumbs_164773898_10223112869304562_2552444416877713486_o.jpg\"\n               data-image-id=\"5208\"\n               data-title=\"164773898_10223112869304562_2552444416877713486_o\"\n               data-description=\"\"\n               data-image-slug=\"164773898_10223112869304562_2552444416877713486_o\"\n               class=\"shutterset_b0fa01be13102cbea29ff90859e0b6cf\">\n                <img\n                    title=\"164773898_10223112869304562_2552444416877713486_o\"\n                    alt=\"164773898_10223112869304562_2552444416877713486_o\"\n                    src=\"https:\/\/kontesadora.hr\/stara\/wp-content\/gallery\/59-drzavno\/thumbs\/thumbs_164773898_10223112869304562_2552444416877713486_o.jpg\"\n                    width=\"100\"\n                    height=\"75\"\n                    style=\"max-width:100%;\"\n                \/>\n            <\/a>\n        <\/div>\n\t\t\t\t\t\t\t<\/div> \n\t\t\t\n        \n\t\t\t\t<div id=\"ngg-image-1\" class=\"ngg-gallery-thumbnail-box\" >\n\t\t\t\t        <div class=\"ngg-gallery-thumbnail\">\n            <a href=\"https:\/\/kontesadora.hr\/stara\/wp-content\/gallery\/59-drzavno\/164205564_4275879549112588_804710020668258302_n.jpg\"\n               title=\"\"\n               data-src=\"https:\/\/kontesadora.hr\/stara\/wp-content\/gallery\/59-drzavno\/164205564_4275879549112588_804710020668258302_n.jpg\"\n               data-thumbnail=\"https:\/\/kontesadora.hr\/stara\/wp-content\/gallery\/59-drzavno\/thumbs\/thumbs_164205564_4275879549112588_804710020668258302_n.jpg\"\n               data-image-id=\"5209\"\n               data-title=\"164205564_4275879549112588_804710020668258302_n\"\n               data-description=\"\"\n               data-image-slug=\"164205564_4275879549112588_804710020668258302_n\"\n               class=\"shutterset_b0fa01be13102cbea29ff90859e0b6cf\">\n                <img\n                    title=\"164205564_4275879549112588_804710020668258302_n\"\n                    alt=\"164205564_4275879549112588_804710020668258302_n\"\n                    src=\"https:\/\/kontesadora.hr\/stara\/wp-content\/gallery\/59-drzavno\/thumbs\/thumbs_164205564_4275879549112588_804710020668258302_n.jpg\"\n                    width=\"100\"\n                    height=\"75\"\n                    style=\"max-width:100%;\"\n                \/>\n            <\/a>\n        <\/div>\n\t\t\t\t\t\t\t<\/div> \n\t\t\t\n        \n\t\t\t\t<div id=\"ngg-image-2\" class=\"ngg-gallery-thumbnail-box\" >\n\t\t\t\t        <div class=\"ngg-gallery-thumbnail\">\n            <a href=\"https:\/\/kontesadora.hr\/stara\/wp-content\/gallery\/59-drzavno\/164611853_10223112869624570_1137123757528947702_o.jpg\"\n               title=\"\"\n               data-src=\"https:\/\/kontesadora.hr\/stara\/wp-content\/gallery\/59-drzavno\/164611853_10223112869624570_1137123757528947702_o.jpg\"\n               data-thumbnail=\"https:\/\/kontesadora.hr\/stara\/wp-content\/gallery\/59-drzavno\/thumbs\/thumbs_164611853_10223112869624570_1137123757528947702_o.jpg\"\n               data-image-id=\"5210\"\n               data-title=\"164611853_10223112869624570_1137123757528947702_o\"\n               data-description=\"\"\n               data-image-slug=\"164611853_10223112869624570_1137123757528947702_o\"\n               class=\"shutterset_b0fa01be13102cbea29ff90859e0b6cf\">\n                <img\n                    title=\"164611853_10223112869624570_1137123757528947702_o\"\n                    alt=\"164611853_10223112869624570_1137123757528947702_o\"\n                    src=\"https:\/\/kontesadora.hr\/stara\/wp-content\/gallery\/59-drzavno\/thumbs\/thumbs_164611853_10223112869624570_1137123757528947702_o.jpg\"\n                    width=\"100\"\n                    height=\"75\"\n                    style=\"max-width:100%;\"\n                \/>\n            <\/a>\n        <\/div>\n\t\t\t\t\t\t\t<\/div> \n\t\t\t\n        \n\t\t\t\t<div id=\"ngg-image-3\" class=\"ngg-gallery-thumbnail-box\" >\n\t\t\t\t        <div class=\"ngg-gallery-thumbnail\">\n            <a href=\"https:\/\/kontesadora.hr\/stara\/wp-content\/gallery\/59-drzavno\/164422559_4275879655779244_2810741697795707811_n.jpg\"\n               title=\"\"\n               data-src=\"https:\/\/kontesadora.hr\/stara\/wp-content\/gallery\/59-drzavno\/164422559_4275879655779244_2810741697795707811_n.jpg\"\n               data-thumbnail=\"https:\/\/kontesadora.hr\/stara\/wp-content\/gallery\/59-drzavno\/thumbs\/thumbs_164422559_4275879655779244_2810741697795707811_n.jpg\"\n               data-image-id=\"5207\"\n               data-title=\"164422559_4275879655779244_2810741697795707811_n\"\n               data-description=\"\"\n               data-image-slug=\"164422559_4275879655779244_2810741697795707811_n\"\n               class=\"shutterset_b0fa01be13102cbea29ff90859e0b6cf\">\n                <img\n                    title=\"164422559_4275879655779244_2810741697795707811_n\"\n                    alt=\"164422559_4275879655779244_2810741697795707811_n\"\n                    src=\"https:\/\/kontesadora.hr\/stara\/wp-content\/gallery\/59-drzavno\/thumbs\/thumbs_164422559_4275879655779244_2810741697795707811_n.jpg\"\n                    width=\"100\"\n                    height=\"75\"\n                    style=\"max-width:100%;\"\n                \/>\n            <\/a>\n        <\/div>\n\t\t\t\t\t\t\t<\/div> \n\t\t\t\n        \n\t\t\n\t\t<!-- Pagination -->\n\t<div class='ngg-clear'><\/div>\t<\/div>\n<!-- index.php -->\n<div\n\tclass=\"ngg-galleryoverview ngg-ajax-pagination-none\"\n\tid=\"ngg-gallery-3da0410d1a7ce996c2d29fdab8679334-1\">\n\n    \t<div class=\"slideshowlink\">\n        <a href='https:\/\/kontesadora.hr\/stara\/galerija\/nggallery\/slideshow'>[Show as slideshow]<\/a>\n\t\t\n\t<\/div>\n\t\t\t<!-- Thumbnails -->\n\t\t\t\t<div id=\"ngg-image-0\" class=\"ngg-gallery-thumbnail-box\" >\n\t\t\t\t        <div class=\"ngg-gallery-thumbnail\">\n            <a href=\"https:\/\/kontesadora.hr\/stara\/wp-content\/gallery\/sonos-op6\/bisernica-1.kat-bodovi-po-clanovima-ocj.suda_.jpg\"\n               title=\"\"\n               data-src=\"https:\/\/kontesadora.hr\/stara\/wp-content\/gallery\/sonos-op6\/bisernica-1.kat-bodovi-po-clanovima-ocj.suda_.jpg\"\n               data-thumbnail=\"https:\/\/kontesadora.hr\/stara\/wp-content\/gallery\/sonos-op6\/thumbs\/thumbs_bisernica-1.kat-bodovi-po-clanovima-ocj.suda_.jpg\"\n               data-image-id=\"5205\"\n               data-title=\"bisernica-1.kat-bodovi-po-clanovima-ocj.suda_\"\n               data-description=\"\"\n               data-image-slug=\"bisernica-1-kat-bodovi-po-clanovima-ocj-suda_\"\n               class=\"shutterset_3da0410d1a7ce996c2d29fdab8679334\">\n                <img\n                    title=\"bisernica-1.kat-bodovi-po-clanovima-ocj.suda_\"\n                    alt=\"bisernica-1.kat-bodovi-po-clanovima-ocj.suda_\"\n                    src=\"https:\/\/kontesadora.hr\/stara\/wp-content\/gallery\/sonos-op6\/thumbs\/thumbs_bisernica-1.kat-bodovi-po-clanovima-ocj.suda_.jpg\"\n                    width=\"100\"\n                    height=\"75\"\n                    style=\"max-width:100%;\"\n                \/>\n            <\/a>\n        <\/div>\n\t\t\t\t\t\t\t<\/div> \n\t\t\t\n        \n\t\t\t\t<div id=\"ngg-image-1\" class=\"ngg-gallery-thumbnail-box\" >\n\t\t\t\t        <div class=\"ngg-gallery-thumbnail\">\n            <a href=\"https:\/\/kontesadora.hr\/stara\/wp-content\/gallery\/sonos-op6\/bisernica-3.kat_.-bodovi-po-clanovima-ocj.suda_.jpg\"\n               title=\"\"\n               data-src=\"https:\/\/kontesadora.hr\/stara\/wp-content\/gallery\/sonos-op6\/bisernica-3.kat_.-bodovi-po-clanovima-ocj.suda_.jpg\"\n               data-thumbnail=\"https:\/\/kontesadora.hr\/stara\/wp-content\/gallery\/sonos-op6\/thumbs\/thumbs_bisernica-3.kat_.-bodovi-po-clanovima-ocj.suda_.jpg\"\n               data-image-id=\"5206\"\n               data-title=\"bisernica-3.kat_.-bodovi-po-clanovima-ocj.suda_\"\n               data-description=\"\"\n               data-image-slug=\"bisernica-3-kat_-bodovi-po-clanovima-ocj-suda_\"\n               class=\"shutterset_3da0410d1a7ce996c2d29fdab8679334\">\n                <img\n                    title=\"bisernica-3.kat_.-bodovi-po-clanovima-ocj.suda_\"\n                    alt=\"bisernica-3.kat_.-bodovi-po-clanovima-ocj.suda_\"\n                    src=\"https:\/\/kontesadora.hr\/stara\/wp-content\/gallery\/sonos-op6\/thumbs\/thumbs_bisernica-3.kat_.-bodovi-po-clanovima-ocj.suda_.jpg\"\n                    width=\"100\"\n                    height=\"75\"\n                    style=\"max-width:100%;\"\n                \/>\n            <\/a>\n        <\/div>\n\t\t\t\t\t\t\t<\/div> \n\t\t\t\n        \n\t\t\t\t<div id=\"ngg-image-2\" class=\"ngg-gallery-thumbnail-box\" >\n\t\t\t\t        <div class=\"ngg-gallery-thumbnail\">\n            <a href=\"https:\/\/kontesadora.hr\/stara\/wp-content\/gallery\/sonos-op6\/medalja-sonus.jpg\"\n               title=\"\"\n               data-src=\"https:\/\/kontesadora.hr\/stara\/wp-content\/gallery\/sonos-op6\/medalja-sonus.jpg\"\n               data-thumbnail=\"https:\/\/kontesadora.hr\/stara\/wp-content\/gallery\/sonos-op6\/thumbs\/thumbs_medalja-sonus.jpg\"\n               data-image-id=\"5202\"\n               data-title=\"medalja-sonus\"\n               data-description=\"\"\n               data-image-slug=\"medalja-sonus\"\n               class=\"shutterset_3da0410d1a7ce996c2d29fdab8679334\">\n                <img\n                    title=\"medalja-sonus\"\n                    alt=\"medalja-sonus\"\n                    src=\"https:\/\/kontesadora.hr\/stara\/wp-content\/gallery\/sonos-op6\/thumbs\/thumbs_medalja-sonus.jpg\"\n                    width=\"100\"\n                    height=\"75\"\n                    style=\"max-width:100%;\"\n                \/>\n            <\/a>\n        <\/div>\n\t\t\t\t\t\t\t<\/div> \n\t\t\t\n        \n\t\t\t\t<div id=\"ngg-image-3\" class=\"ngg-gallery-thumbnail-box\" >\n\t\t\t\t        <div class=\"ngg-gallery-thumbnail\">\n            <a href=\"https:\/\/kontesadora.hr\/stara\/wp-content\/gallery\/sonos-op6\/Dean-Lana.jpg\"\n               title=\"\"\n               data-src=\"https:\/\/kontesadora.hr\/stara\/wp-content\/gallery\/sonos-op6\/Dean-Lana.jpg\"\n               data-thumbnail=\"https:\/\/kontesadora.hr\/stara\/wp-content\/gallery\/sonos-op6\/thumbs\/thumbs_Dean-Lana.jpg\"\n               data-image-id=\"5200\"\n               data-title=\"Dean-Lana\"\n               data-description=\"\"\n               data-image-slug=\"dean-lana-2022\"\n               class=\"shutterset_3da0410d1a7ce996c2d29fdab8679334\">\n                <img\n                    title=\"Dean-Lana\"\n                    alt=\"Dean-Lana\"\n                    src=\"https:\/\/kontesadora.hr\/stara\/wp-content\/gallery\/sonos-op6\/thumbs\/thumbs_Dean-Lana.jpg\"\n                    width=\"100\"\n                    height=\"75\"\n                    style=\"max-width:100%;\"\n                \/>\n            <\/a>\n        <\/div>\n\t\t\t\t\t\t\t<\/div> \n\t\t\t\n        \n\t\t\t\t<div id=\"ngg-image-4\" class=\"ngg-gallery-thumbnail-box\" >\n\t\t\t\t        <div class=\"ngg-gallery-thumbnail\">\n            <a href=\"https:\/\/kontesadora.hr\/stara\/wp-content\/gallery\/sonos-op6\/Lana.jpg\"\n               title=\"\"\n               data-src=\"https:\/\/kontesadora.hr\/stara\/wp-content\/gallery\/sonos-op6\/Lana.jpg\"\n               data-thumbnail=\"https:\/\/kontesadora.hr\/stara\/wp-content\/gallery\/sonos-op6\/thumbs\/thumbs_Lana.jpg\"\n               data-image-id=\"5201\"\n               data-title=\"Lana\"\n               data-description=\"\"\n               data-image-slug=\"lana\"\n               class=\"shutterset_3da0410d1a7ce996c2d29fdab8679334\">\n                <img\n                    title=\"Lana\"\n                    alt=\"Lana\"\n                    src=\"https:\/\/kontesadora.hr\/stara\/wp-content\/gallery\/sonos-op6\/thumbs\/thumbs_Lana.jpg\"\n                    width=\"100\"\n                    height=\"75\"\n                    style=\"max-width:100%;\"\n                \/>\n            <\/a>\n        <\/div>\n\t\t\t\t\t\t\t<\/div> \n\t\t\t\n        \n\t\t\t\t<div id=\"ngg-image-5\" class=\"ngg-gallery-thumbnail-box\" >\n\t\t\t\t        <div class=\"ngg-gallery-thumbnail\">\n            <a href=\"https:\/\/kontesadora.hr\/stara\/wp-content\/gallery\/sonos-op6\/Dean-i-Lana.jpg\"\n               title=\"\"\n               data-src=\"https:\/\/kontesadora.hr\/stara\/wp-content\/gallery\/sonos-op6\/Dean-i-Lana.jpg\"\n               data-thumbnail=\"https:\/\/kontesadora.hr\/stara\/wp-content\/gallery\/sonos-op6\/thumbs\/thumbs_Dean-i-Lana.jpg\"\n               data-image-id=\"5199\"\n               data-title=\"Dean-i-Lana\"\n               data-description=\"\"\n               data-image-slug=\"dean-i-lana\"\n               class=\"shutterset_3da0410d1a7ce996c2d29fdab8679334\">\n                <img\n                    title=\"Dean-i-Lana\"\n                    alt=\"Dean-i-Lana\"\n                    src=\"https:\/\/kontesadora.hr\/stara\/wp-content\/gallery\/sonos-op6\/thumbs\/thumbs_Dean-i-Lana.jpg\"\n                    width=\"100\"\n                    height=\"75\"\n                    style=\"max-width:100%;\"\n                \/>\n            <\/a>\n        <\/div>\n\t\t\t\t\t\t\t<\/div> \n\t\t\t\n        \n\t\t\t\t<div id=\"ngg-image-6\" class=\"ngg-gallery-thumbnail-box\" >\n\t\t\t\t        <div class=\"ngg-gallery-thumbnail\">\n            <a href=\"https:\/\/kontesadora.hr\/stara\/wp-content\/gallery\/sonos-op6\/Lorna.jpg\"\n               title=\"\"\n               data-src=\"https:\/\/kontesadora.hr\/stara\/wp-content\/gallery\/sonos-op6\/Lorna.jpg\"\n               data-thumbnail=\"https:\/\/kontesadora.hr\/stara\/wp-content\/gallery\/sonos-op6\/thumbs\/thumbs_Lorna.jpg\"\n               data-image-id=\"5203\"\n               data-title=\"Lorna\"\n               data-description=\"\"\n               data-image-slug=\"lorna\"\n               class=\"shutterset_3da0410d1a7ce996c2d29fdab8679334\">\n                <img\n                    title=\"Lorna\"\n                    alt=\"Lorna\"\n                    src=\"https:\/\/kontesadora.hr\/stara\/wp-content\/gallery\/sonos-op6\/thumbs\/thumbs_Lorna.jpg\"\n                    width=\"100\"\n                    height=\"75\"\n                    style=\"max-width:100%;\"\n                \/>\n            <\/a>\n        <\/div>\n\t\t\t\t\t\t\t<\/div> \n\t\t\t\n        \n\t\t\t\t<div id=\"ngg-image-7\" class=\"ngg-gallery-thumbnail-box\" >\n\t\t\t\t        <div class=\"ngg-gallery-thumbnail\">\n            <a href=\"https:\/\/kontesadora.hr\/stara\/wp-content\/gallery\/sonos-op6\/Sanja-i-Lorna.jpg\"\n               title=\"\"\n               data-src=\"https:\/\/kontesadora.hr\/stara\/wp-content\/gallery\/sonos-op6\/Sanja-i-Lorna.jpg\"\n               data-thumbnail=\"https:\/\/kontesadora.hr\/stara\/wp-content\/gallery\/sonos-op6\/thumbs\/thumbs_Sanja-i-Lorna.jpg\"\n               data-image-id=\"5204\"\n               data-title=\"Sanja-i-Lorna\"\n               data-description=\"\"\n               data-image-slug=\"sanja-i-lorna\"\n               class=\"shutterset_3da0410d1a7ce996c2d29fdab8679334\">\n                <img\n                    title=\"Sanja-i-Lorna\"\n                    alt=\"Sanja-i-Lorna\"\n                    src=\"https:\/\/kontesadora.hr\/stara\/wp-content\/gallery\/sonos-op6\/thumbs\/thumbs_Sanja-i-Lorna.jpg\"\n                    width=\"100\"\n                    height=\"75\"\n                    style=\"max-width:100%;\"\n                \/>\n            <\/a>\n        <\/div>\n\t\t\t\t\t\t\t<\/div> \n\t\t\t\n        \n\t\t\n\t\t<!-- Pagination -->\n\t<div class='ngg-clear'><\/div>\t<\/div>\n<!-- index.php -->\n<div\n\tclass=\"ngg-galleryoverview ngg-ajax-pagination-none\"\n\tid=\"ngg-gallery-6a177f753560d70a32c21747b83a9424-1\">\n\n    \t<div class=\"slideshowlink\">\n        <a href='https:\/\/kontesadora.hr\/stara\/galerija\/nggallery\/slideshow'>[Show as slideshow]<\/a>\n\t\t\n\t<\/div>\n\t\t\t<!-- Thumbnails -->\n\t\t\t\t<div id=\"ngg-image-0\" class=\"ngg-gallery-thumbnail-box\" >\n\t\t\t\t        <div class=\"ngg-gallery-thumbnail\">\n            <a href=\"https:\/\/kontesadora.hr\/stara\/wp-content\/gallery\/slovenija3\/Gabriel-Bracko-2021..jpg\"\n               title=\"\"\n               data-src=\"https:\/\/kontesadora.hr\/stara\/wp-content\/gallery\/slovenija3\/Gabriel-Bracko-2021..jpg\"\n               data-thumbnail=\"https:\/\/kontesadora.hr\/stara\/wp-content\/gallery\/slovenija3\/thumbs\/thumbs_Gabriel-Bracko-2021..jpg\"\n               data-image-id=\"5196\"\n               data-title=\"Gabriel-Bracko-2021.\"\n               data-description=\"\"\n               data-image-slug=\"gabriel-bracko-2021\"\n               class=\"shutterset_6a177f753560d70a32c21747b83a9424\">\n                <img\n                    title=\"Gabriel-Bracko-2021.\"\n                    alt=\"Gabriel-Bracko-2021.\"\n                    src=\"https:\/\/kontesadora.hr\/stara\/wp-content\/gallery\/slovenija3\/thumbs\/thumbs_Gabriel-Bracko-2021..jpg\"\n                    width=\"100\"\n                    height=\"75\"\n                    style=\"max-width:100%;\"\n                \/>\n            <\/a>\n        <\/div>\n\t\t\t\t\t\t\t<\/div> \n\t\t\t\n        \n\t\t\t\t<div id=\"ngg-image-1\" class=\"ngg-gallery-thumbnail-box\" >\n\t\t\t\t        <div class=\"ngg-gallery-thumbnail\">\n            <a href=\"https:\/\/kontesadora.hr\/stara\/wp-content\/gallery\/slovenija3\/HARMONIKE.jpg\"\n               title=\"\"\n               data-src=\"https:\/\/kontesadora.hr\/stara\/wp-content\/gallery\/slovenija3\/HARMONIKE.jpg\"\n               data-thumbnail=\"https:\/\/kontesadora.hr\/stara\/wp-content\/gallery\/slovenija3\/thumbs\/thumbs_HARMONIKE.jpg\"\n               data-image-id=\"5197\"\n               data-title=\"HARMONIKE\"\n               data-description=\"\"\n               data-image-slug=\"harmonike\"\n               class=\"shutterset_6a177f753560d70a32c21747b83a9424\">\n                <img\n                    title=\"HARMONIKE\"\n                    alt=\"HARMONIKE\"\n                    src=\"https:\/\/kontesadora.hr\/stara\/wp-content\/gallery\/slovenija3\/thumbs\/thumbs_HARMONIKE.jpg\"\n                    width=\"100\"\n                    height=\"75\"\n                    style=\"max-width:100%;\"\n                \/>\n            <\/a>\n        <\/div>\n\t\t\t\t\t\t\t<\/div> \n\t\t\t\n        \n\t\t\t\t<div id=\"ngg-image-2\" class=\"ngg-gallery-thumbnail-box\" >\n\t\t\t\t        <div class=\"ngg-gallery-thumbnail\">\n            <a href=\"https:\/\/kontesadora.hr\/stara\/wp-content\/gallery\/slovenija3\/FESTIVAL-VUKOVAR-Gabriel-Bracko-24.10.2020..jpg\"\n               title=\"\"\n               data-src=\"https:\/\/kontesadora.hr\/stara\/wp-content\/gallery\/slovenija3\/FESTIVAL-VUKOVAR-Gabriel-Bracko-24.10.2020..jpg\"\n               data-thumbnail=\"https:\/\/kontesadora.hr\/stara\/wp-content\/gallery\/slovenija3\/thumbs\/thumbs_FESTIVAL-VUKOVAR-Gabriel-Bracko-24.10.2020..jpg\"\n               data-image-id=\"5194\"\n               data-title=\"FESTIVAL-VUKOVAR-Gabriel-Bracko-24.10.2020.\"\n               data-description=\"\"\n               data-image-slug=\"festival-vukovar-gabriel-bracko-24-10-2020\"\n               class=\"shutterset_6a177f753560d70a32c21747b83a9424\">\n                <img\n                    title=\"FESTIVAL-VUKOVAR-Gabriel-Bracko-24.10.2020.\"\n                    alt=\"FESTIVAL-VUKOVAR-Gabriel-Bracko-24.10.2020.\"\n                    src=\"https:\/\/kontesadora.hr\/stara\/wp-content\/gallery\/slovenija3\/thumbs\/thumbs_FESTIVAL-VUKOVAR-Gabriel-Bracko-24.10.2020..jpg\"\n                    width=\"100\"\n                    height=\"75\"\n                    style=\"max-width:100%;\"\n                \/>\n            <\/a>\n        <\/div>\n\t\t\t\t\t\t\t<\/div> \n\t\t\t\n        \n\t\t\t\t<div id=\"ngg-image-3\" class=\"ngg-gallery-thumbnail-box\" >\n\t\t\t\t        <div class=\"ngg-gallery-thumbnail\">\n            <a href=\"https:\/\/kontesadora.hr\/stara\/wp-content\/gallery\/slovenija3\/Matej-Buljan-2021..jpg\"\n               title=\"\"\n               data-src=\"https:\/\/kontesadora.hr\/stara\/wp-content\/gallery\/slovenija3\/Matej-Buljan-2021..jpg\"\n               data-thumbnail=\"https:\/\/kontesadora.hr\/stara\/wp-content\/gallery\/slovenija3\/thumbs\/thumbs_Matej-Buljan-2021..jpg\"\n               data-image-id=\"5195\"\n               data-title=\"Matej-Buljan-2021.\"\n               data-description=\"\"\n               data-image-slug=\"matej-buljan-2021\"\n               class=\"shutterset_6a177f753560d70a32c21747b83a9424\">\n                <img\n                    title=\"Matej-Buljan-2021.\"\n                    alt=\"Matej-Buljan-2021.\"\n                    src=\"https:\/\/kontesadora.hr\/stara\/wp-content\/gallery\/slovenija3\/thumbs\/thumbs_Matej-Buljan-2021..jpg\"\n                    width=\"100\"\n                    height=\"75\"\n                    style=\"max-width:100%;\"\n                \/>\n            <\/a>\n        <\/div>\n\t\t\t\t\t\t\t<\/div> \n\t\t\t\n        \n\t\t\t\t<div id=\"ngg-image-4\" class=\"ngg-gallery-thumbnail-box\" >\n\t\t\t\t        <div class=\"ngg-gallery-thumbnail\">\n            <a href=\"https:\/\/kontesadora.hr\/stara\/wp-content\/gallery\/slovenija3\/Novica-Todic-i-Matej-Buljan-2021..jpg\"\n               title=\"\"\n               data-src=\"https:\/\/kontesadora.hr\/stara\/wp-content\/gallery\/slovenija3\/Novica-Todic-i-Matej-Buljan-2021..jpg\"\n               data-thumbnail=\"https:\/\/kontesadora.hr\/stara\/wp-content\/gallery\/slovenija3\/thumbs\/thumbs_Novica-Todic-i-Matej-Buljan-2021..jpg\"\n               data-image-id=\"5198\"\n               data-title=\"Novica-Todic-i-Matej-Buljan-2021.\"\n               data-description=\"\"\n               data-image-slug=\"novica-todic-i-matej-buljan-2021\"\n               class=\"shutterset_6a177f753560d70a32c21747b83a9424\">\n                <img\n                    title=\"Novica-Todic-i-Matej-Buljan-2021.\"\n                    alt=\"Novica-Todic-i-Matej-Buljan-2021.\"\n                    src=\"https:\/\/kontesadora.hr\/stara\/wp-content\/gallery\/slovenija3\/thumbs\/thumbs_Novica-Todic-i-Matej-Buljan-2021..jpg\"\n                    width=\"100\"\n                    height=\"75\"\n                    style=\"max-width:100%;\"\n                \/>\n            <\/a>\n        <\/div>\n\t\t\t\t\t\t\t<\/div> \n\t\t\t\n        \n\t\t\n\t\t<!-- Pagination -->\n\t<div class='ngg-clear'><\/div>\t<\/div>\n<!-- index.php -->\n<div\n\tclass=\"ngg-galleryoverview ngg-ajax-pagination-none\"\n\tid=\"ngg-gallery-08c98c1852118e4437b33117c70dac1d-1\">\n\n    \t<div class=\"slideshowlink\">\n        <a href='https:\/\/kontesadora.hr\/stara\/galerija\/nggallery\/slideshow'>[Show as slideshow]<\/a>\n\t\t\n\t<\/div>\n\t\t\t<!-- Thumbnails -->\n\t\t\t\t<div id=\"ngg-image-0\" class=\"ngg-gallery-thumbnail-box\" >\n\t\t\t\t        <div class=\"ngg-gallery-thumbnail\">\n            <a href=\"https:\/\/kontesadora.hr\/stara\/wp-content\/gallery\/slovenija2\/PLAKAT-GLAZBENA-CIPKA.jpg\"\n               title=\"\"\n               data-src=\"https:\/\/kontesadora.hr\/stara\/wp-content\/gallery\/slovenija2\/PLAKAT-GLAZBENA-CIPKA.jpg\"\n               data-thumbnail=\"https:\/\/kontesadora.hr\/stara\/wp-content\/gallery\/slovenija2\/thumbs\/thumbs_PLAKAT-GLAZBENA-CIPKA.jpg\"\n               data-image-id=\"5193\"\n               data-title=\"PLAKAT-GLAZBENA-CIPKA\"\n               data-description=\"\"\n               data-image-slug=\"plakat-glazbena-cipka\"\n               class=\"shutterset_08c98c1852118e4437b33117c70dac1d\">\n                <img\n                    title=\"PLAKAT-GLAZBENA-CIPKA\"\n                    alt=\"PLAKAT-GLAZBENA-CIPKA\"\n                    src=\"https:\/\/kontesadora.hr\/stara\/wp-content\/gallery\/slovenija2\/thumbs\/thumbs_PLAKAT-GLAZBENA-CIPKA.jpg\"\n                    width=\"100\"\n                    height=\"75\"\n                    style=\"max-width:100%;\"\n                \/>\n            <\/a>\n        <\/div>\n\t\t\t\t\t\t\t<\/div> \n\t\t\t\n        \n\t\t\t\t<div id=\"ngg-image-1\" class=\"ngg-gallery-thumbnail-box\" >\n\t\t\t\t        <div class=\"ngg-gallery-thumbnail\">\n            <a href=\"https:\/\/kontesadora.hr\/stara\/wp-content\/gallery\/slovenija2\/NUO-Cheng-2020..jpg\"\n               title=\"\"\n               data-src=\"https:\/\/kontesadora.hr\/stara\/wp-content\/gallery\/slovenija2\/NUO-Cheng-2020..jpg\"\n               data-thumbnail=\"https:\/\/kontesadora.hr\/stara\/wp-content\/gallery\/slovenija2\/thumbs\/thumbs_NUO-Cheng-2020..jpg\"\n               data-image-id=\"5191\"\n               data-title=\"NUO-Cheng-2020.\"\n               data-description=\"\"\n               data-image-slug=\"nuo-cheng-2020-1\"\n               class=\"shutterset_08c98c1852118e4437b33117c70dac1d\">\n                <img\n                    title=\"NUO-Cheng-2020.\"\n                    alt=\"NUO-Cheng-2020.\"\n                    src=\"https:\/\/kontesadora.hr\/stara\/wp-content\/gallery\/slovenija2\/thumbs\/thumbs_NUO-Cheng-2020..jpg\"\n                    width=\"100\"\n                    height=\"75\"\n                    style=\"max-width:100%;\"\n                \/>\n            <\/a>\n        <\/div>\n\t\t\t\t\t\t\t<\/div> \n\t\t\t\n        \n\t\t\t\t<div id=\"ngg-image-2\" class=\"ngg-gallery-thumbnail-box\" >\n\t\t\t\t        <div class=\"ngg-gallery-thumbnail\">\n            <a href=\"https:\/\/kontesadora.hr\/stara\/wp-content\/gallery\/slovenija2\/59.ZUP_.-GLsovir-1.nagr_.-1.mjesto-Nuo-i-Darija.jpg\"\n               title=\"\"\n               data-src=\"https:\/\/kontesadora.hr\/stara\/wp-content\/gallery\/slovenija2\/59.ZUP_.-GLsovir-1.nagr_.-1.mjesto-Nuo-i-Darija.jpg\"\n               data-thumbnail=\"https:\/\/kontesadora.hr\/stara\/wp-content\/gallery\/slovenija2\/thumbs\/thumbs_59.ZUP_.-GLsovir-1.nagr_.-1.mjesto-Nuo-i-Darija.jpg\"\n               data-image-id=\"5185\"\n               data-title=\"59.ZUP_.-GLsovir-1.nagr_.-1.mjesto-Nuo-i-Darija\"\n               data-description=\"\"\n               data-image-slug=\"59-zup_-glsovir-1-nagr_-1-mjesto-nuo-i-darija\"\n               class=\"shutterset_08c98c1852118e4437b33117c70dac1d\">\n                <img\n                    title=\"59.ZUP_.-GLsovir-1.nagr_.-1.mjesto-Nuo-i-Darija\"\n                    alt=\"59.ZUP_.-GLsovir-1.nagr_.-1.mjesto-Nuo-i-Darija\"\n                    src=\"https:\/\/kontesadora.hr\/stara\/wp-content\/gallery\/slovenija2\/thumbs\/thumbs_59.ZUP_.-GLsovir-1.nagr_.-1.mjesto-Nuo-i-Darija.jpg\"\n                    width=\"100\"\n                    height=\"75\"\n                    style=\"max-width:100%;\"\n                \/>\n            <\/a>\n        <\/div>\n\t\t\t\t\t\t\t<\/div> \n\t\t\t\n        \n\t\t\t\t<div id=\"ngg-image-3\" class=\"ngg-gallery-thumbnail-box\" >\n\t\t\t\t        <div class=\"ngg-gallery-thumbnail\">\n            <a href=\"https:\/\/kontesadora.hr\/stara\/wp-content\/gallery\/slovenija2\/59.ZUP_.-GLsovir-1.nagr_.-1.mjesto-Nuo-i-Darija_1.jpg\"\n               title=\"\"\n               data-src=\"https:\/\/kontesadora.hr\/stara\/wp-content\/gallery\/slovenija2\/59.ZUP_.-GLsovir-1.nagr_.-1.mjesto-Nuo-i-Darija_1.jpg\"\n               data-thumbnail=\"https:\/\/kontesadora.hr\/stara\/wp-content\/gallery\/slovenija2\/thumbs\/thumbs_59.ZUP_.-GLsovir-1.nagr_.-1.mjesto-Nuo-i-Darija_1.jpg\"\n               data-image-id=\"5186\"\n               data-title=\"59.ZUP_.-GLsovir-1.nagr_.-1.mjesto-Nuo-i-Darija_1\"\n               data-description=\"\"\n               data-image-slug=\"59-zup_-glsovir-1-nagr_-1-mjesto-nuo-i-darija_1\"\n               class=\"shutterset_08c98c1852118e4437b33117c70dac1d\">\n                <img\n                    title=\"59.ZUP_.-GLsovir-1.nagr_.-1.mjesto-Nuo-i-Darija_1\"\n                    alt=\"59.ZUP_.-GLsovir-1.nagr_.-1.mjesto-Nuo-i-Darija_1\"\n                    src=\"https:\/\/kontesadora.hr\/stara\/wp-content\/gallery\/slovenija2\/thumbs\/thumbs_59.ZUP_.-GLsovir-1.nagr_.-1.mjesto-Nuo-i-Darija_1.jpg\"\n                    width=\"100\"\n                    height=\"75\"\n                    style=\"max-width:100%;\"\n                \/>\n            <\/a>\n        <\/div>\n\t\t\t\t\t\t\t<\/div> \n\t\t\t\n        \n\t\t\t\t<div id=\"ngg-image-4\" class=\"ngg-gallery-thumbnail-box\" >\n\t\t\t\t        <div class=\"ngg-gallery-thumbnail\">\n            <a href=\"https:\/\/kontesadora.hr\/stara\/wp-content\/gallery\/slovenija2\/Danubia-talents-2020-3.jpg\"\n               title=\"\"\n               data-src=\"https:\/\/kontesadora.hr\/stara\/wp-content\/gallery\/slovenija2\/Danubia-talents-2020-3.jpg\"\n               data-thumbnail=\"https:\/\/kontesadora.hr\/stara\/wp-content\/gallery\/slovenija2\/thumbs\/thumbs_Danubia-talents-2020-3.jpg\"\n               data-image-id=\"5187\"\n               data-title=\"Danubia-talents-2020-3\"\n               data-description=\"\"\n               data-image-slug=\"danubia-talents-2020-3\"\n               class=\"shutterset_08c98c1852118e4437b33117c70dac1d\">\n                <img\n                    title=\"Danubia-talents-2020-3\"\n                    alt=\"Danubia-talents-2020-3\"\n                    src=\"https:\/\/kontesadora.hr\/stara\/wp-content\/gallery\/slovenija2\/thumbs\/thumbs_Danubia-talents-2020-3.jpg\"\n                    width=\"100\"\n                    height=\"75\"\n                    style=\"max-width:100%;\"\n                \/>\n            <\/a>\n        <\/div>\n\t\t\t\t\t\t\t<\/div> \n\t\t\t\n        \n\t\t\t\t<div id=\"ngg-image-5\" class=\"ngg-gallery-thumbnail-box\" >\n\t\t\t\t        <div class=\"ngg-gallery-thumbnail\">\n            <a href=\"https:\/\/kontesadora.hr\/stara\/wp-content\/gallery\/slovenija2\/59.ZUP_.NATJ_.-NUO-CHENG-5.03.2021..jpg\"\n               title=\"\"\n               data-src=\"https:\/\/kontesadora.hr\/stara\/wp-content\/gallery\/slovenija2\/59.ZUP_.NATJ_.-NUO-CHENG-5.03.2021..jpg\"\n               data-thumbnail=\"https:\/\/kontesadora.hr\/stara\/wp-content\/gallery\/slovenija2\/thumbs\/thumbs_59.ZUP_.NATJ_.-NUO-CHENG-5.03.2021..jpg\"\n               data-image-id=\"5188\"\n               data-title=\"59.ZUP_.NATJ_.-NUO-CHENG-5.03.2021.\"\n               data-description=\"\"\n               data-image-slug=\"59-zup_-natj_-nuo-cheng-5-03-2021\"\n               class=\"shutterset_08c98c1852118e4437b33117c70dac1d\">\n                <img\n                    title=\"59.ZUP_.NATJ_.-NUO-CHENG-5.03.2021.\"\n                    alt=\"59.ZUP_.NATJ_.-NUO-CHENG-5.03.2021.\"\n                    src=\"https:\/\/kontesadora.hr\/stara\/wp-content\/gallery\/slovenija2\/thumbs\/thumbs_59.ZUP_.NATJ_.-NUO-CHENG-5.03.2021..jpg\"\n                    width=\"100\"\n                    height=\"75\"\n                    style=\"max-width:100%;\"\n                \/>\n            <\/a>\n        <\/div>\n\t\t\t\t\t\t\t<\/div> \n\t\t\t\n        \n\t\t\t\t<div id=\"ngg-image-6\" class=\"ngg-gallery-thumbnail-box\" >\n\t\t\t\t        <div class=\"ngg-gallery-thumbnail\">\n            <a href=\"https:\/\/kontesadora.hr\/stara\/wp-content\/gallery\/slovenija2\/59.natj_.Nuo-Cheng.jpg\"\n               title=\"\"\n               data-src=\"https:\/\/kontesadora.hr\/stara\/wp-content\/gallery\/slovenija2\/59.natj_.Nuo-Cheng.jpg\"\n               data-thumbnail=\"https:\/\/kontesadora.hr\/stara\/wp-content\/gallery\/slovenija2\/thumbs\/thumbs_59.natj_.Nuo-Cheng.jpg\"\n               data-image-id=\"5189\"\n               data-title=\"59.natj_.Nuo-Cheng\"\n               data-description=\"\"\n               data-image-slug=\"59-natj_-nuo-cheng\"\n               class=\"shutterset_08c98c1852118e4437b33117c70dac1d\">\n                <img\n                    title=\"59.natj_.Nuo-Cheng\"\n                    alt=\"59.natj_.Nuo-Cheng\"\n                    src=\"https:\/\/kontesadora.hr\/stara\/wp-content\/gallery\/slovenija2\/thumbs\/thumbs_59.natj_.Nuo-Cheng.jpg\"\n                    width=\"100\"\n                    height=\"75\"\n                    style=\"max-width:100%;\"\n                \/>\n            <\/a>\n        <\/div>\n\t\t\t\t\t\t\t<\/div> \n\t\t\t\n        \n\t\t\t\t<div id=\"ngg-image-7\" class=\"ngg-gallery-thumbnail-box\" >\n\t\t\t\t        <div class=\"ngg-gallery-thumbnail\">\n            <a href=\"https:\/\/kontesadora.hr\/stara\/wp-content\/gallery\/slovenija2\/NUO-klavir-solo.jpg\"\n               title=\"\"\n               data-src=\"https:\/\/kontesadora.hr\/stara\/wp-content\/gallery\/slovenija2\/NUO-klavir-solo.jpg\"\n               data-thumbnail=\"https:\/\/kontesadora.hr\/stara\/wp-content\/gallery\/slovenija2\/thumbs\/thumbs_NUO-klavir-solo.jpg\"\n               data-image-id=\"5190\"\n               data-title=\"NUO-klavir-solo\"\n               data-description=\"\"\n               data-image-slug=\"nuo-klavir-solo\"\n               class=\"shutterset_08c98c1852118e4437b33117c70dac1d\">\n                <img\n                    title=\"NUO-klavir-solo\"\n                    alt=\"NUO-klavir-solo\"\n                    src=\"https:\/\/kontesadora.hr\/stara\/wp-content\/gallery\/slovenija2\/thumbs\/thumbs_NUO-klavir-solo.jpg\"\n                    width=\"100\"\n                    height=\"75\"\n                    style=\"max-width:100%;\"\n                \/>\n            <\/a>\n        <\/div>\n\t\t\t\t\t\t\t<\/div> \n\t\t\t\n        \n\t\t\t\t<div id=\"ngg-image-8\" class=\"ngg-gallery-thumbnail-box\" >\n\t\t\t\t        <div class=\"ngg-gallery-thumbnail\">\n            <a href=\"https:\/\/kontesadora.hr\/stara\/wp-content\/gallery\/slovenija2\/NUO-CHENG.jpg\"\n               title=\"\"\n               data-src=\"https:\/\/kontesadora.hr\/stara\/wp-content\/gallery\/slovenija2\/NUO-CHENG.jpg\"\n               data-thumbnail=\"https:\/\/kontesadora.hr\/stara\/wp-content\/gallery\/slovenija2\/thumbs\/thumbs_NUO-CHENG.jpg\"\n               data-image-id=\"5192\"\n               data-title=\"NUO-CHENG\"\n               data-description=\"\"\n               data-image-slug=\"nuo-cheng-2021\"\n               class=\"shutterset_08c98c1852118e4437b33117c70dac1d\">\n                <img\n                    title=\"NUO-CHENG\"\n                    alt=\"NUO-CHENG\"\n                    src=\"https:\/\/kontesadora.hr\/stara\/wp-content\/gallery\/slovenija2\/thumbs\/thumbs_NUO-CHENG.jpg\"\n                    width=\"100\"\n                    height=\"75\"\n                    style=\"max-width:100%;\"\n                \/>\n            <\/a>\n        <\/div>\n\t\t\t\t\t\t\t<\/div> \n\t\t\t\n        \n\t\t\n\t\t<!-- Pagination -->\n\t<div class='ngg-clear'><\/div>\t<\/div>\n<!-- index.php -->\n<div\n\tclass=\"ngg-galleryoverview ngg-ajax-pagination-none\"\n\tid=\"ngg-gallery-03fad4c256f287aa26c8526893895987-1\">\n\n    \t<div class=\"slideshowlink\">\n        <a href='https:\/\/kontesadora.hr\/stara\/galerija\/nggallery\/slideshow'>[Show as slideshow]<\/a>\n\t\t\n\t<\/div>\n\t\t\t<!-- Thumbnails -->\n\t\t\t\t<div id=\"ngg-image-0\" class=\"ngg-gallery-thumbnail-box\" >\n\t\t\t\t        <div class=\"ngg-gallery-thumbnail\">\n            <a href=\"https:\/\/kontesadora.hr\/stara\/wp-content\/gallery\/slovenija-cipka\/Fran-Zavada-Glazbena-cipka.jpg\"\n               title=\"\"\n               data-src=\"https:\/\/kontesadora.hr\/stara\/wp-content\/gallery\/slovenija-cipka\/Fran-Zavada-Glazbena-cipka.jpg\"\n               data-thumbnail=\"https:\/\/kontesadora.hr\/stara\/wp-content\/gallery\/slovenija-cipka\/thumbs\/thumbs_Fran-Zavada-Glazbena-cipka.jpg\"\n               data-image-id=\"5182\"\n               data-title=\"Fran-Zavada-Glazbena-cipka\"\n               data-description=\"\"\n               data-image-slug=\"fran-zavada-glazbena-cipka\"\n               class=\"shutterset_03fad4c256f287aa26c8526893895987\">\n                <img\n                    title=\"Fran-Zavada-Glazbena-cipka\"\n                    alt=\"Fran-Zavada-Glazbena-cipka\"\n                    src=\"https:\/\/kontesadora.hr\/stara\/wp-content\/gallery\/slovenija-cipka\/thumbs\/thumbs_Fran-Zavada-Glazbena-cipka.jpg\"\n                    width=\"100\"\n                    height=\"75\"\n                    style=\"max-width:100%;\"\n                \/>\n            <\/a>\n        <\/div>\n\t\t\t\t\t\t\t<\/div> \n\t\t\t\n        \n\t\t\t\t<div id=\"ngg-image-1\" class=\"ngg-gallery-thumbnail-box\" >\n\t\t\t\t        <div class=\"ngg-gallery-thumbnail\">\n            <a href=\"https:\/\/kontesadora.hr\/stara\/wp-content\/gallery\/slovenija-cipka\/TRIO-KOMORNI-SASTAVI.jpg\"\n               title=\"\"\n               data-src=\"https:\/\/kontesadora.hr\/stara\/wp-content\/gallery\/slovenija-cipka\/TRIO-KOMORNI-SASTAVI.jpg\"\n               data-thumbnail=\"https:\/\/kontesadora.hr\/stara\/wp-content\/gallery\/slovenija-cipka\/thumbs\/thumbs_TRIO-KOMORNI-SASTAVI.jpg\"\n               data-image-id=\"5183\"\n               data-title=\"TRIO-KOMORNI-SASTAVI\"\n               data-description=\"\"\n               data-image-slug=\"trio-komorni-sastavi\"\n               class=\"shutterset_03fad4c256f287aa26c8526893895987\">\n                <img\n                    title=\"TRIO-KOMORNI-SASTAVI\"\n                    alt=\"TRIO-KOMORNI-SASTAVI\"\n                    src=\"https:\/\/kontesadora.hr\/stara\/wp-content\/gallery\/slovenija-cipka\/thumbs\/thumbs_TRIO-KOMORNI-SASTAVI.jpg\"\n                    width=\"100\"\n                    height=\"75\"\n                    style=\"max-width:100%;\"\n                \/>\n            <\/a>\n        <\/div>\n\t\t\t\t\t\t\t<\/div> \n\t\t\t\n        \n\t\t\t\t<div id=\"ngg-image-2\" class=\"ngg-gallery-thumbnail-box\" >\n\t\t\t\t        <div class=\"ngg-gallery-thumbnail\">\n            <a href=\"https:\/\/kontesadora.hr\/stara\/wp-content\/gallery\/slovenija-cipka\/NUO-Cheng-2020..jpg\"\n               title=\"\"\n               data-src=\"https:\/\/kontesadora.hr\/stara\/wp-content\/gallery\/slovenija-cipka\/NUO-Cheng-2020..jpg\"\n               data-thumbnail=\"https:\/\/kontesadora.hr\/stara\/wp-content\/gallery\/slovenija-cipka\/thumbs\/thumbs_NUO-Cheng-2020..jpg\"\n               data-image-id=\"5179\"\n               data-title=\"NUO-Cheng-2020.\"\n               data-description=\"\"\n               data-image-slug=\"nuo-cheng-2020\"\n               class=\"shutterset_03fad4c256f287aa26c8526893895987\">\n                <img\n                    title=\"NUO-Cheng-2020.\"\n                    alt=\"NUO-Cheng-2020.\"\n                    src=\"https:\/\/kontesadora.hr\/stara\/wp-content\/gallery\/slovenija-cipka\/thumbs\/thumbs_NUO-Cheng-2020..jpg\"\n                    width=\"100\"\n                    height=\"75\"\n                    style=\"max-width:100%;\"\n                \/>\n            <\/a>\n        <\/div>\n\t\t\t\t\t\t\t<\/div> \n\t\t\t\n        \n\t\t\t\t<div id=\"ngg-image-3\" class=\"ngg-gallery-thumbnail-box\" >\n\t\t\t\t        <div class=\"ngg-gallery-thumbnail\">\n            <a href=\"https:\/\/kontesadora.hr\/stara\/wp-content\/gallery\/slovenija-cipka\/PREDKATEGORIJA-Fran-Zavada.jpg\"\n               title=\"\"\n               data-src=\"https:\/\/kontesadora.hr\/stara\/wp-content\/gallery\/slovenija-cipka\/PREDKATEGORIJA-Fran-Zavada.jpg\"\n               data-thumbnail=\"https:\/\/kontesadora.hr\/stara\/wp-content\/gallery\/slovenija-cipka\/thumbs\/thumbs_PREDKATEGORIJA-Fran-Zavada.jpg\"\n               data-image-id=\"5175\"\n               data-title=\"PREDKATEGORIJA-Fran-Zavada\"\n               data-description=\"\"\n               data-image-slug=\"predkategorija-fran-zavada\"\n               class=\"shutterset_03fad4c256f287aa26c8526893895987\">\n                <img\n                    title=\"PREDKATEGORIJA-Fran-Zavada\"\n                    alt=\"PREDKATEGORIJA-Fran-Zavada\"\n                    src=\"https:\/\/kontesadora.hr\/stara\/wp-content\/gallery\/slovenija-cipka\/thumbs\/thumbs_PREDKATEGORIJA-Fran-Zavada.jpg\"\n                    width=\"100\"\n                    height=\"75\"\n                    style=\"max-width:100%;\"\n                \/>\n            <\/a>\n        <\/div>\n\t\t\t\t\t\t\t<\/div> \n\t\t\t\n        \n\t\t\t\t<div id=\"ngg-image-4\" class=\"ngg-gallery-thumbnail-box\" >\n\t\t\t\t        <div class=\"ngg-gallery-thumbnail\">\n            <a href=\"https:\/\/kontesadora.hr\/stara\/wp-content\/gallery\/slovenija-cipka\/Glazbena-cipka-Fran-i-Sanj-V..jpg\"\n               title=\"\"\n               data-src=\"https:\/\/kontesadora.hr\/stara\/wp-content\/gallery\/slovenija-cipka\/Glazbena-cipka-Fran-i-Sanj-V..jpg\"\n               data-thumbnail=\"https:\/\/kontesadora.hr\/stara\/wp-content\/gallery\/slovenija-cipka\/thumbs\/thumbs_Glazbena-cipka-Fran-i-Sanj-V..jpg\"\n               data-image-id=\"5173\"\n               data-title=\"Glazbena-cipka-Fran-i-Sanj-V.\"\n               data-description=\"\"\n               data-image-slug=\"glazbena-cipka-fran-i-sanj-v\"\n               class=\"shutterset_03fad4c256f287aa26c8526893895987\">\n                <img\n                    title=\"Glazbena-cipka-Fran-i-Sanj-V.\"\n                    alt=\"Glazbena-cipka-Fran-i-Sanj-V.\"\n                    src=\"https:\/\/kontesadora.hr\/stara\/wp-content\/gallery\/slovenija-cipka\/thumbs\/thumbs_Glazbena-cipka-Fran-i-Sanj-V..jpg\"\n                    width=\"100\"\n                    height=\"75\"\n                    style=\"max-width:100%;\"\n                \/>\n            <\/a>\n        <\/div>\n\t\t\t\t\t\t\t<\/div> \n\t\t\t\n        \n\t\t\t\t<div id=\"ngg-image-5\" class=\"ngg-gallery-thumbnail-box\" >\n\t\t\t\t        <div class=\"ngg-gallery-thumbnail\">\n            <a href=\"https:\/\/kontesadora.hr\/stara\/wp-content\/gallery\/slovenija-cipka\/Glazbena-cipka-2021.-Filip-Sanja-V.-Lejla-Daniel-K.-Lana.jpg\"\n               title=\"\"\n               data-src=\"https:\/\/kontesadora.hr\/stara\/wp-content\/gallery\/slovenija-cipka\/Glazbena-cipka-2021.-Filip-Sanja-V.-Lejla-Daniel-K.-Lana.jpg\"\n               data-thumbnail=\"https:\/\/kontesadora.hr\/stara\/wp-content\/gallery\/slovenija-cipka\/thumbs\/thumbs_Glazbena-cipka-2021.-Filip-Sanja-V.-Lejla-Daniel-K.-Lana.jpg\"\n               data-image-id=\"5184\"\n               data-title=\"Glazbena-cipka-2021.-Filip-Sanja-V.-Lejla-Daniel-K.-Lana\"\n               data-description=\"\"\n               data-image-slug=\"glazbena-cipka-2021-filip-sanja-v-lejla-daniel-k-lana\"\n               class=\"shutterset_03fad4c256f287aa26c8526893895987\">\n                <img\n                    title=\"Glazbena-cipka-2021.-Filip-Sanja-V.-Lejla-Daniel-K.-Lana\"\n                    alt=\"Glazbena-cipka-2021.-Filip-Sanja-V.-Lejla-Daniel-K.-Lana\"\n                    src=\"https:\/\/kontesadora.hr\/stara\/wp-content\/gallery\/slovenija-cipka\/thumbs\/thumbs_Glazbena-cipka-2021.-Filip-Sanja-V.-Lejla-Daniel-K.-Lana.jpg\"\n                    width=\"100\"\n                    height=\"75\"\n                    style=\"max-width:100%;\"\n                \/>\n            <\/a>\n        <\/div>\n\t\t\t\t\t\t\t<\/div> \n\t\t\t\n        \n\t\t\t\t<div id=\"ngg-image-6\" class=\"ngg-gallery-thumbnail-box\" >\n\t\t\t\t        <div class=\"ngg-gallery-thumbnail\">\n            <a href=\"https:\/\/kontesadora.hr\/stara\/wp-content\/gallery\/slovenija-cipka\/Glazbena-cipka-TRIO-ucenici-Sanja-V-.jpg\"\n               title=\"\"\n               data-src=\"https:\/\/kontesadora.hr\/stara\/wp-content\/gallery\/slovenija-cipka\/Glazbena-cipka-TRIO-ucenici-Sanja-V-.jpg\"\n               data-thumbnail=\"https:\/\/kontesadora.hr\/stara\/wp-content\/gallery\/slovenija-cipka\/thumbs\/thumbs_Glazbena-cipka-TRIO-ucenici-Sanja-V-.jpg\"\n               data-image-id=\"5171\"\n               data-title=\"Glazbena-cipka-TRIO-ucenici-Sanja-V-\"\n               data-description=\"\"\n               data-image-slug=\"glazbena-cipka-trio-ucenici-sanja-v\"\n               class=\"shutterset_03fad4c256f287aa26c8526893895987\">\n                <img\n                    title=\"Glazbena-cipka-TRIO-ucenici-Sanja-V-\"\n                    alt=\"Glazbena-cipka-TRIO-ucenici-Sanja-V-\"\n                    src=\"https:\/\/kontesadora.hr\/stara\/wp-content\/gallery\/slovenija-cipka\/thumbs\/thumbs_Glazbena-cipka-TRIO-ucenici-Sanja-V-.jpg\"\n                    width=\"100\"\n                    height=\"75\"\n                    style=\"max-width:100%;\"\n                \/>\n            <\/a>\n        <\/div>\n\t\t\t\t\t\t\t<\/div> \n\t\t\t\n        \n\t\t\t\t<div id=\"ngg-image-7\" class=\"ngg-gallery-thumbnail-box\" >\n\t\t\t\t        <div class=\"ngg-gallery-thumbnail\">\n            <a href=\"https:\/\/kontesadora.hr\/stara\/wp-content\/gallery\/slovenija-cipka\/TRIO-FOTO-Lana-FilipLejla-2021.u-Pozegi-2.JPG\"\n               title=\"\"\n               data-src=\"https:\/\/kontesadora.hr\/stara\/wp-content\/gallery\/slovenija-cipka\/TRIO-FOTO-Lana-FilipLejla-2021.u-Pozegi-2.JPG\"\n               data-thumbnail=\"https:\/\/kontesadora.hr\/stara\/wp-content\/gallery\/slovenija-cipka\/thumbs\/thumbs_TRIO-FOTO-Lana-FilipLejla-2021.u-Pozegi-2.JPG\"\n               data-image-id=\"5172\"\n               data-title=\"TRIO-FOTO-Lana-FilipLejla-2021.u-Pozegi-2\"\n               data-description=\"\"\n               data-image-slug=\"trio-foto-lana-filiplejla-2021-u-pozegi-2\"\n               class=\"shutterset_03fad4c256f287aa26c8526893895987\">\n                <img\n                    title=\"TRIO-FOTO-Lana-FilipLejla-2021.u-Pozegi-2\"\n                    alt=\"TRIO-FOTO-Lana-FilipLejla-2021.u-Pozegi-2\"\n                    src=\"https:\/\/kontesadora.hr\/stara\/wp-content\/gallery\/slovenija-cipka\/thumbs\/thumbs_TRIO-FOTO-Lana-FilipLejla-2021.u-Pozegi-2.JPG\"\n                    width=\"100\"\n                    height=\"75\"\n                    style=\"max-width:100%;\"\n                \/>\n            <\/a>\n        <\/div>\n\t\t\t\t\t\t\t<\/div> \n\t\t\t\n        \n\t\t\t\t<div id=\"ngg-image-8\" class=\"ngg-gallery-thumbnail-box\" >\n\t\t\t\t        <div class=\"ngg-gallery-thumbnail\">\n            <a href=\"https:\/\/kontesadora.hr\/stara\/wp-content\/gallery\/slovenija-cipka\/TRIO-FOTO-Lana-FilipLejla-2021.-58.zup_..jpg\"\n               title=\"\"\n               data-src=\"https:\/\/kontesadora.hr\/stara\/wp-content\/gallery\/slovenija-cipka\/TRIO-FOTO-Lana-FilipLejla-2021.-58.zup_..jpg\"\n               data-thumbnail=\"https:\/\/kontesadora.hr\/stara\/wp-content\/gallery\/slovenija-cipka\/thumbs\/thumbs_TRIO-FOTO-Lana-FilipLejla-2021.-58.zup_..jpg\"\n               data-image-id=\"5176\"\n               data-title=\"TRIO-FOTO-Lana-FilipLejla-2021.-58.zup_.\"\n               data-description=\"\"\n               data-image-slug=\"trio-foto-lana-filiplejla-2021-58-zup_\"\n               class=\"shutterset_03fad4c256f287aa26c8526893895987\">\n                <img\n                    title=\"TRIO-FOTO-Lana-FilipLejla-2021.-58.zup_.\"\n                    alt=\"TRIO-FOTO-Lana-FilipLejla-2021.-58.zup_.\"\n                    src=\"https:\/\/kontesadora.hr\/stara\/wp-content\/gallery\/slovenija-cipka\/thumbs\/thumbs_TRIO-FOTO-Lana-FilipLejla-2021.-58.zup_..jpg\"\n                    width=\"100\"\n                    height=\"75\"\n                    style=\"max-width:100%;\"\n                \/>\n            <\/a>\n        <\/div>\n\t\t\t\t\t\t\t<\/div> \n\t\t\t\n        \n\t\t\n\t\t<!-- Pagination -->\n\t<div class='ngg-clear'><\/div>\t<\/div>\n<!-- index.php -->\n<div\n\tclass=\"ngg-galleryoverview ngg-ajax-pagination-none\"\n\tid=\"ngg-gallery-877a4c4af8e4cac4415144c0759a12b8-1\">\n\n    \t<div class=\"slideshowlink\">\n        <a href='https:\/\/kontesadora.hr\/stara\/galerija\/nggallery\/slideshow'>[Show as slideshow]<\/a>\n\t\t\n\t<\/div>\n\t\t\t<!-- Thumbnails -->\n\t\t\t\t<div id=\"ngg-image-0\" class=\"ngg-gallery-thumbnail-box\" >\n\t\t\t\t        <div class=\"ngg-gallery-thumbnail\">\n            <a href=\"https:\/\/kontesadora.hr\/stara\/wp-content\/gallery\/nuo\/Rezultati-Novska.jpg\"\n               title=\"\"\n               data-src=\"https:\/\/kontesadora.hr\/stara\/wp-content\/gallery\/nuo\/Rezultati-Novska.jpg\"\n               data-thumbnail=\"https:\/\/kontesadora.hr\/stara\/wp-content\/gallery\/nuo\/thumbs\/thumbs_Rezultati-Novska.jpg\"\n               data-image-id=\"5145\"\n               data-title=\"Rezultati-Novska\"\n               data-description=\"\"\n               data-image-slug=\"rezultati-novska\"\n               class=\"shutterset_877a4c4af8e4cac4415144c0759a12b8\">\n                <img\n                    title=\"Rezultati-Novska\"\n                    alt=\"Rezultati-Novska\"\n                    src=\"https:\/\/kontesadora.hr\/stara\/wp-content\/gallery\/nuo\/thumbs\/thumbs_Rezultati-Novska.jpg\"\n                    width=\"100\"\n                    height=\"75\"\n                    style=\"max-width:100%;\"\n                \/>\n            <\/a>\n        <\/div>\n\t\t\t\t\t\t\t<\/div> \n\t\t\t\n        \n\t\t\t\t<div id=\"ngg-image-1\" class=\"ngg-gallery-thumbnail-box\" >\n\t\t\t\t        <div class=\"ngg-gallery-thumbnail\">\n            <a href=\"https:\/\/kontesadora.hr\/stara\/wp-content\/gallery\/nuo\/Novska.jpg\"\n               title=\"\"\n               data-src=\"https:\/\/kontesadora.hr\/stara\/wp-content\/gallery\/nuo\/Novska.jpg\"\n               data-thumbnail=\"https:\/\/kontesadora.hr\/stara\/wp-content\/gallery\/nuo\/thumbs\/thumbs_Novska.jpg\"\n               data-image-id=\"5142\"\n               data-title=\"Novska\"\n               data-description=\"\"\n               data-image-slug=\"novska\"\n               class=\"shutterset_877a4c4af8e4cac4415144c0759a12b8\">\n                <img\n                    title=\"Novska\"\n                    alt=\"Novska\"\n                    src=\"https:\/\/kontesadora.hr\/stara\/wp-content\/gallery\/nuo\/thumbs\/thumbs_Novska.jpg\"\n                    width=\"100\"\n                    height=\"75\"\n                    style=\"max-width:100%;\"\n                \/>\n            <\/a>\n        <\/div>\n\t\t\t\t\t\t\t<\/div> \n\t\t\t\n        \n\t\t\t\t<div id=\"ngg-image-2\" class=\"ngg-gallery-thumbnail-box\" >\n\t\t\t\t        <div class=\"ngg-gallery-thumbnail\">\n            <a href=\"https:\/\/kontesadora.hr\/stara\/wp-content\/gallery\/nuo\/natjecanje.jpg\"\n               title=\"\"\n               data-src=\"https:\/\/kontesadora.hr\/stara\/wp-content\/gallery\/nuo\/natjecanje.jpg\"\n               data-thumbnail=\"https:\/\/kontesadora.hr\/stara\/wp-content\/gallery\/nuo\/thumbs\/thumbs_natjecanje.jpg\"\n               data-image-id=\"5143\"\n               data-title=\"natjecanje\"\n               data-description=\"\"\n               data-image-slug=\"natjecanje\"\n               class=\"shutterset_877a4c4af8e4cac4415144c0759a12b8\">\n                <img\n                    title=\"natjecanje\"\n                    alt=\"natjecanje\"\n                    src=\"https:\/\/kontesadora.hr\/stara\/wp-content\/gallery\/nuo\/thumbs\/thumbs_natjecanje.jpg\"\n                    width=\"100\"\n                    height=\"75\"\n                    style=\"max-width:100%;\"\n                \/>\n            <\/a>\n        <\/div>\n\t\t\t\t\t\t\t<\/div> \n\t\t\t\n        \n\t\t\t\t<div id=\"ngg-image-3\" class=\"ngg-gallery-thumbnail-box\" >\n\t\t\t\t        <div class=\"ngg-gallery-thumbnail\">\n            <a href=\"https:\/\/kontesadora.hr\/stara\/wp-content\/gallery\/nuo\/Nuo-Novska.jpg\"\n               title=\"\"\n               data-src=\"https:\/\/kontesadora.hr\/stara\/wp-content\/gallery\/nuo\/Nuo-Novska.jpg\"\n               data-thumbnail=\"https:\/\/kontesadora.hr\/stara\/wp-content\/gallery\/nuo\/thumbs\/thumbs_Nuo-Novska.jpg\"\n               data-image-id=\"5144\"\n               data-title=\"Nuo-Novska\"\n               data-description=\"\"\n               data-image-slug=\"nuo-novska\"\n               class=\"shutterset_877a4c4af8e4cac4415144c0759a12b8\">\n                <img\n                    title=\"Nuo-Novska\"\n                    alt=\"Nuo-Novska\"\n                    src=\"https:\/\/kontesadora.hr\/stara\/wp-content\/gallery\/nuo\/thumbs\/thumbs_Nuo-Novska.jpg\"\n                    width=\"100\"\n                    height=\"75\"\n                    style=\"max-width:100%;\"\n                \/>\n            <\/a>\n        <\/div>\n\t\t\t\t\t\t\t<\/div> \n\t\t\t\n        \n\t\t\n\t\t<!-- Pagination -->\n\t<div class='ngg-clear'><\/div>\t<\/div>\n<!-- index.php -->\n<div\n\tclass=\"ngg-galleryoverview ngg-ajax-pagination-none\"\n\tid=\"ngg-gallery-72b5d3dc2a0799f0bff02e5e901c6c99-1\">\n\n    \t<div class=\"slideshowlink\">\n        <a href='https:\/\/kontesadora.hr\/stara\/galerija\/nggallery\/slideshow'>[Show as slideshow]<\/a>\n\t\t\n\t<\/div>\n\t\t\t<!-- Thumbnails -->\n\t\t\t\t<div id=\"ngg-image-0\" class=\"ngg-gallery-thumbnail-box\" >\n\t\t\t\t        <div class=\"ngg-gallery-thumbnail\">\n            <a href=\"https:\/\/kontesadora.hr\/stara\/wp-content\/gallery\/rezultati-59-hrvatskog-natjecanja-ucenika-i-studenata-glazbe\/TAMB.ORK_.-59.2021.-UCENICI.jpg\"\n               title=\"\"\n               data-src=\"https:\/\/kontesadora.hr\/stara\/wp-content\/gallery\/rezultati-59-hrvatskog-natjecanja-ucenika-i-studenata-glazbe\/TAMB.ORK_.-59.2021.-UCENICI.jpg\"\n               data-thumbnail=\"https:\/\/kontesadora.hr\/stara\/wp-content\/gallery\/rezultati-59-hrvatskog-natjecanja-ucenika-i-studenata-glazbe\/thumbs\/thumbs_TAMB.ORK_.-59.2021.-UCENICI.jpg\"\n               data-image-id=\"5140\"\n               data-title=\"TAMB.ORK_.-59.2021.-UCENICI\"\n               data-description=\"\"\n               data-image-slug=\"tamb-ork_-59-2021-ucenici-4\"\n               class=\"shutterset_72b5d3dc2a0799f0bff02e5e901c6c99\">\n                <img\n                    title=\"TAMB.ORK_.-59.2021.-UCENICI\"\n                    alt=\"TAMB.ORK_.-59.2021.-UCENICI\"\n                    src=\"https:\/\/kontesadora.hr\/stara\/wp-content\/gallery\/rezultati-59-hrvatskog-natjecanja-ucenika-i-studenata-glazbe\/thumbs\/thumbs_TAMB.ORK_.-59.2021.-UCENICI.jpg\"\n                    width=\"100\"\n                    height=\"75\"\n                    style=\"max-width:100%;\"\n                \/>\n            <\/a>\n        <\/div>\n\t\t\t\t\t\t\t<\/div> \n\t\t\t\n        \n\t\t\t\t<div id=\"ngg-image-1\" class=\"ngg-gallery-thumbnail-box\" >\n\t\t\t\t        <div class=\"ngg-gallery-thumbnail\">\n            <a href=\"https:\/\/kontesadora.hr\/stara\/wp-content\/gallery\/rezultati-59-hrvatskog-natjecanja-ucenika-i-studenata-glazbe\/TAMB.ORK_.59.natj_.2021..jpg\"\n               title=\"\"\n               data-src=\"https:\/\/kontesadora.hr\/stara\/wp-content\/gallery\/rezultati-59-hrvatskog-natjecanja-ucenika-i-studenata-glazbe\/TAMB.ORK_.59.natj_.2021..jpg\"\n               data-thumbnail=\"https:\/\/kontesadora.hr\/stara\/wp-content\/gallery\/rezultati-59-hrvatskog-natjecanja-ucenika-i-studenata-glazbe\/thumbs\/thumbs_TAMB.ORK_.59.natj_.2021..jpg\"\n               data-image-id=\"5141\"\n               data-title=\"TAMB.ORK_.59.natj_.2021.\"\n               data-description=\"\"\n               data-image-slug=\"tamb-ork_-59-natj_-2021\"\n               class=\"shutterset_72b5d3dc2a0799f0bff02e5e901c6c99\">\n                <img\n                    title=\"TAMB.ORK_.59.natj_.2021.\"\n                    alt=\"TAMB.ORK_.59.natj_.2021.\"\n                    src=\"https:\/\/kontesadora.hr\/stara\/wp-content\/gallery\/rezultati-59-hrvatskog-natjecanja-ucenika-i-studenata-glazbe\/thumbs\/thumbs_TAMB.ORK_.59.natj_.2021..jpg\"\n                    width=\"100\"\n                    height=\"75\"\n                    style=\"max-width:100%;\"\n                \/>\n            <\/a>\n        <\/div>\n\t\t\t\t\t\t\t<\/div> \n\t\t\t\n        \n\t\t\t\t<div id=\"ngg-image-2\" class=\"ngg-gallery-thumbnail-box\" >\n\t\t\t\t        <div class=\"ngg-gallery-thumbnail\">\n            <a href=\"https:\/\/kontesadora.hr\/stara\/wp-content\/gallery\/rezultati-59-hrvatskog-natjecanja-ucenika-i-studenata-glazbe\/TAMB.ORK_.-59.2021.-ucenici-2.jpg\"\n               title=\"\"\n               data-src=\"https:\/\/kontesadora.hr\/stara\/wp-content\/gallery\/rezultati-59-hrvatskog-natjecanja-ucenika-i-studenata-glazbe\/TAMB.ORK_.-59.2021.-ucenici-2.jpg\"\n               data-thumbnail=\"https:\/\/kontesadora.hr\/stara\/wp-content\/gallery\/rezultati-59-hrvatskog-natjecanja-ucenika-i-studenata-glazbe\/thumbs\/thumbs_TAMB.ORK_.-59.2021.-ucenici-2.jpg\"\n               data-image-id=\"5138\"\n               data-title=\"TAMB.ORK_.-59.2021.-ucenici-2\"\n               data-description=\"\"\n               data-image-slug=\"tamb-ork_-59-2021-ucenici-2\"\n               class=\"shutterset_72b5d3dc2a0799f0bff02e5e901c6c99\">\n                <img\n                    title=\"TAMB.ORK_.-59.2021.-ucenici-2\"\n                    alt=\"TAMB.ORK_.-59.2021.-ucenici-2\"\n                    src=\"https:\/\/kontesadora.hr\/stara\/wp-content\/gallery\/rezultati-59-hrvatskog-natjecanja-ucenika-i-studenata-glazbe\/thumbs\/thumbs_TAMB.ORK_.-59.2021.-ucenici-2.jpg\"\n                    width=\"100\"\n                    height=\"75\"\n                    style=\"max-width:100%;\"\n                \/>\n            <\/a>\n        <\/div>\n\t\t\t\t\t\t\t<\/div> \n\t\t\t\n        \n\t\t\t\t<div id=\"ngg-image-3\" class=\"ngg-gallery-thumbnail-box\" >\n\t\t\t\t        <div class=\"ngg-gallery-thumbnail\">\n            <a href=\"https:\/\/kontesadora.hr\/stara\/wp-content\/gallery\/rezultati-59-hrvatskog-natjecanja-ucenika-i-studenata-glazbe\/TAMB.ORK_.-59.2021.-ucenici-3.jpg\"\n               title=\"\"\n               data-src=\"https:\/\/kontesadora.hr\/stara\/wp-content\/gallery\/rezultati-59-hrvatskog-natjecanja-ucenika-i-studenata-glazbe\/TAMB.ORK_.-59.2021.-ucenici-3.jpg\"\n               data-thumbnail=\"https:\/\/kontesadora.hr\/stara\/wp-content\/gallery\/rezultati-59-hrvatskog-natjecanja-ucenika-i-studenata-glazbe\/thumbs\/thumbs_TAMB.ORK_.-59.2021.-ucenici-3.jpg\"\n               data-image-id=\"5139\"\n               data-title=\"TAMB.ORK_.-59.2021.-ucenici-3\"\n               data-description=\"\"\n               data-image-slug=\"tamb-ork_-59-2021-ucenici-3\"\n               class=\"shutterset_72b5d3dc2a0799f0bff02e5e901c6c99\">\n                <img\n                    title=\"TAMB.ORK_.-59.2021.-ucenici-3\"\n                    alt=\"TAMB.ORK_.-59.2021.-ucenici-3\"\n                    src=\"https:\/\/kontesadora.hr\/stara\/wp-content\/gallery\/rezultati-59-hrvatskog-natjecanja-ucenika-i-studenata-glazbe\/thumbs\/thumbs_TAMB.ORK_.-59.2021.-ucenici-3.jpg\"\n                    width=\"100\"\n                    height=\"75\"\n                    style=\"max-width:100%;\"\n                \/>\n            <\/a>\n        <\/div>\n\t\t\t\t\t\t\t<\/div> \n\t\t\t\n        \n\t\t\t\t<div id=\"ngg-image-4\" class=\"ngg-gallery-thumbnail-box\" >\n\t\t\t\t        <div class=\"ngg-gallery-thumbnail\">\n            <a href=\"https:\/\/kontesadora.hr\/stara\/wp-content\/gallery\/rezultati-59-hrvatskog-natjecanja-ucenika-i-studenata-glazbe\/TAMB.ORK_.-59.-2021.SVI_.jpg\"\n               title=\"\"\n               data-src=\"https:\/\/kontesadora.hr\/stara\/wp-content\/gallery\/rezultati-59-hrvatskog-natjecanja-ucenika-i-studenata-glazbe\/TAMB.ORK_.-59.-2021.SVI_.jpg\"\n               data-thumbnail=\"https:\/\/kontesadora.hr\/stara\/wp-content\/gallery\/rezultati-59-hrvatskog-natjecanja-ucenika-i-studenata-glazbe\/thumbs\/thumbs_TAMB.ORK_.-59.-2021.SVI_.jpg\"\n               data-image-id=\"5137\"\n               data-title=\"TAMB.ORK_.-59.-2021.SVI_\"\n               data-description=\"\"\n               data-image-slug=\"tamb-ork_-59-2021-svi_\"\n               class=\"shutterset_72b5d3dc2a0799f0bff02e5e901c6c99\">\n                <img\n                    title=\"TAMB.ORK_.-59.-2021.SVI_\"\n                    alt=\"TAMB.ORK_.-59.-2021.SVI_\"\n                    src=\"https:\/\/kontesadora.hr\/stara\/wp-content\/gallery\/rezultati-59-hrvatskog-natjecanja-ucenika-i-studenata-glazbe\/thumbs\/thumbs_TAMB.ORK_.-59.-2021.SVI_.jpg\"\n                    width=\"100\"\n                    height=\"75\"\n                    style=\"max-width:100%;\"\n                \/>\n            <\/a>\n        <\/div>\n\t\t\t\t\t\t\t<\/div> \n\t\t\t\n        \n\t\t\t\t<div id=\"ngg-image-5\" class=\"ngg-gallery-thumbnail-box\" >\n\t\t\t\t        <div class=\"ngg-gallery-thumbnail\">\n            <a href=\"https:\/\/kontesadora.hr\/stara\/wp-content\/gallery\/rezultati-59-hrvatskog-natjecanja-ucenika-i-studenata-glazbe\/DEAN-LANA-2021..jpg\"\n               title=\"\"\n               data-src=\"https:\/\/kontesadora.hr\/stara\/wp-content\/gallery\/rezultati-59-hrvatskog-natjecanja-ucenika-i-studenata-glazbe\/DEAN-LANA-2021..jpg\"\n               data-thumbnail=\"https:\/\/kontesadora.hr\/stara\/wp-content\/gallery\/rezultati-59-hrvatskog-natjecanja-ucenika-i-studenata-glazbe\/thumbs\/thumbs_DEAN-LANA-2021..jpg\"\n               data-image-id=\"5134\"\n               data-title=\"DEAN-LANA-2021.\"\n               data-description=\"\"\n               data-image-slug=\"dean-lana-2021-1\"\n               class=\"shutterset_72b5d3dc2a0799f0bff02e5e901c6c99\">\n                <img\n                    title=\"DEAN-LANA-2021.\"\n                    alt=\"DEAN-LANA-2021.\"\n                    src=\"https:\/\/kontesadora.hr\/stara\/wp-content\/gallery\/rezultati-59-hrvatskog-natjecanja-ucenika-i-studenata-glazbe\/thumbs\/thumbs_DEAN-LANA-2021..jpg\"\n                    width=\"100\"\n                    height=\"75\"\n                    style=\"max-width:100%;\"\n                \/>\n            <\/a>\n        <\/div>\n\t\t\t\t\t\t\t<\/div> \n\t\t\t\n        \n\t\t\t\t<div id=\"ngg-image-6\" class=\"ngg-gallery-thumbnail-box\" >\n\t\t\t\t        <div class=\"ngg-gallery-thumbnail\">\n            <a href=\"https:\/\/kontesadora.hr\/stara\/wp-content\/gallery\/rezultati-59-hrvatskog-natjecanja-ucenika-i-studenata-glazbe\/59.Luka-LornaJosip-2.nagr_..jpeg\"\n               title=\"\"\n               data-src=\"https:\/\/kontesadora.hr\/stara\/wp-content\/gallery\/rezultati-59-hrvatskog-natjecanja-ucenika-i-studenata-glazbe\/59.Luka-LornaJosip-2.nagr_..jpeg\"\n               data-thumbnail=\"https:\/\/kontesadora.hr\/stara\/wp-content\/gallery\/rezultati-59-hrvatskog-natjecanja-ucenika-i-studenata-glazbe\/thumbs\/thumbs_59.Luka-LornaJosip-2.nagr_..jpeg\"\n               data-image-id=\"5135\"\n               data-title=\"59.Luka-LornaJosip-2.nagr_.\"\n               data-description=\"\"\n               data-image-slug=\"59-luka-lornajosip-2-nagr_\"\n               class=\"shutterset_72b5d3dc2a0799f0bff02e5e901c6c99\">\n                <img\n                    title=\"59.Luka-LornaJosip-2.nagr_.\"\n                    alt=\"59.Luka-LornaJosip-2.nagr_.\"\n                    src=\"https:\/\/kontesadora.hr\/stara\/wp-content\/gallery\/rezultati-59-hrvatskog-natjecanja-ucenika-i-studenata-glazbe\/thumbs\/thumbs_59.Luka-LornaJosip-2.nagr_..jpeg\"\n                    width=\"100\"\n                    height=\"75\"\n                    style=\"max-width:100%;\"\n                \/>\n            <\/a>\n        <\/div>\n\t\t\t\t\t\t\t<\/div> \n\t\t\t\n        \n\t\t\t\t<div id=\"ngg-image-7\" class=\"ngg-gallery-thumbnail-box\" >\n\t\t\t\t        <div class=\"ngg-gallery-thumbnail\">\n            <a href=\"https:\/\/kontesadora.hr\/stara\/wp-content\/gallery\/rezultati-59-hrvatskog-natjecanja-ucenika-i-studenata-glazbe\/TAMB.ORK_.-59.-2021..jpg\"\n               title=\"\"\n               data-src=\"https:\/\/kontesadora.hr\/stara\/wp-content\/gallery\/rezultati-59-hrvatskog-natjecanja-ucenika-i-studenata-glazbe\/TAMB.ORK_.-59.-2021..jpg\"\n               data-thumbnail=\"https:\/\/kontesadora.hr\/stara\/wp-content\/gallery\/rezultati-59-hrvatskog-natjecanja-ucenika-i-studenata-glazbe\/thumbs\/thumbs_TAMB.ORK_.-59.-2021..jpg\"\n               data-image-id=\"5136\"\n               data-title=\"TAMB.ORK_.-59.-2021.\"\n               data-description=\"\"\n               data-image-slug=\"tamb-ork_-59-2021\"\n               class=\"shutterset_72b5d3dc2a0799f0bff02e5e901c6c99\">\n                <img\n                    title=\"TAMB.ORK_.-59.-2021.\"\n                    alt=\"TAMB.ORK_.-59.-2021.\"\n                    src=\"https:\/\/kontesadora.hr\/stara\/wp-content\/gallery\/rezultati-59-hrvatskog-natjecanja-ucenika-i-studenata-glazbe\/thumbs\/thumbs_TAMB.ORK_.-59.-2021..jpg\"\n                    width=\"100\"\n                    height=\"75\"\n                    style=\"max-width:100%;\"\n                \/>\n            <\/a>\n        <\/div>\n\t\t\t\t\t\t\t<\/div> \n\t\t\t\n        \n\t\t\t\t<div id=\"ngg-image-8\" class=\"ngg-gallery-thumbnail-box\" >\n\t\t\t\t        <div class=\"ngg-gallery-thumbnail\">\n            <a href=\"https:\/\/kontesadora.hr\/stara\/wp-content\/gallery\/rezultati-59-hrvatskog-natjecanja-ucenika-i-studenata-glazbe\/TAMB.ORK_.-59.-2021.Ema-Korbar-klavir.jpg\"\n               title=\"\"\n               data-src=\"https:\/\/kontesadora.hr\/stara\/wp-content\/gallery\/rezultati-59-hrvatskog-natjecanja-ucenika-i-studenata-glazbe\/TAMB.ORK_.-59.-2021.Ema-Korbar-klavir.jpg\"\n               data-thumbnail=\"https:\/\/kontesadora.hr\/stara\/wp-content\/gallery\/rezultati-59-hrvatskog-natjecanja-ucenika-i-studenata-glazbe\/thumbs\/thumbs_TAMB.ORK_.-59.-2021.Ema-Korbar-klavir.jpg\"\n               data-image-id=\"5133\"\n               data-title=\"TAMB.ORK_.-59.-2021.Ema-Korbar-klavir\"\n               data-description=\"\"\n               data-image-slug=\"tamb-ork_-59-2021-ema-korbar-klavir\"\n               class=\"shutterset_72b5d3dc2a0799f0bff02e5e901c6c99\">\n                <img\n                    title=\"TAMB.ORK_.-59.-2021.Ema-Korbar-klavir\"\n                    alt=\"TAMB.ORK_.-59.-2021.Ema-Korbar-klavir\"\n                    src=\"https:\/\/kontesadora.hr\/stara\/wp-content\/gallery\/rezultati-59-hrvatskog-natjecanja-ucenika-i-studenata-glazbe\/thumbs\/thumbs_TAMB.ORK_.-59.-2021.Ema-Korbar-klavir.jpg\"\n                    width=\"100\"\n                    height=\"75\"\n                    style=\"max-width:100%;\"\n                \/>\n            <\/a>\n        <\/div>\n\t\t\t\t\t\t\t<\/div> \n\t\t\t\n        \n\t\t\t\t<div id=\"ngg-image-9\" class=\"ngg-gallery-thumbnail-box\" >\n\t\t\t\t        <div class=\"ngg-gallery-thumbnail\">\n            <a href=\"https:\/\/kontesadora.hr\/stara\/wp-content\/gallery\/rezultati-59-hrvatskog-natjecanja-ucenika-i-studenata-glazbe\/59.natj_.Lorna-LukaJosip.jpeg\"\n               title=\"\"\n               data-src=\"https:\/\/kontesadora.hr\/stara\/wp-content\/gallery\/rezultati-59-hrvatskog-natjecanja-ucenika-i-studenata-glazbe\/59.natj_.Lorna-LukaJosip.jpeg\"\n               data-thumbnail=\"https:\/\/kontesadora.hr\/stara\/wp-content\/gallery\/rezultati-59-hrvatskog-natjecanja-ucenika-i-studenata-glazbe\/thumbs\/thumbs_59.natj_.Lorna-LukaJosip.jpeg\"\n               data-image-id=\"5131\"\n               data-title=\"59.natj_.Lorna-LukaJosip\"\n               data-description=\"\"\n               data-image-slug=\"59-natj_-lorna-lukajosip\"\n               class=\"shutterset_72b5d3dc2a0799f0bff02e5e901c6c99\">\n                <img\n                    title=\"59.natj_.Lorna-LukaJosip\"\n                    alt=\"59.natj_.Lorna-LukaJosip\"\n                    src=\"https:\/\/kontesadora.hr\/stara\/wp-content\/gallery\/rezultati-59-hrvatskog-natjecanja-ucenika-i-studenata-glazbe\/thumbs\/thumbs_59.natj_.Lorna-LukaJosip.jpeg\"\n                    width=\"100\"\n                    height=\"75\"\n                    style=\"max-width:100%;\"\n                \/>\n            <\/a>\n        <\/div>\n\t\t\t\t\t\t\t<\/div> \n\t\t\t\n        \n\t\t\t\t<div id=\"ngg-image-10\" class=\"ngg-gallery-thumbnail-box\" >\n\t\t\t\t        <div class=\"ngg-gallery-thumbnail\">\n            <a href=\"https:\/\/kontesadora.hr\/stara\/wp-content\/gallery\/rezultati-59-hrvatskog-natjecanja-ucenika-i-studenata-glazbe\/59.Luka-Lorna-Josip.jpeg\"\n               title=\"\"\n               data-src=\"https:\/\/kontesadora.hr\/stara\/wp-content\/gallery\/rezultati-59-hrvatskog-natjecanja-ucenika-i-studenata-glazbe\/59.Luka-Lorna-Josip.jpeg\"\n               data-thumbnail=\"https:\/\/kontesadora.hr\/stara\/wp-content\/gallery\/rezultati-59-hrvatskog-natjecanja-ucenika-i-studenata-glazbe\/thumbs\/thumbs_59.Luka-Lorna-Josip.jpeg\"\n               data-image-id=\"5132\"\n               data-title=\"59.Luka-Lorna-Josip\"\n               data-description=\"\"\n               data-image-slug=\"59-luka-lorna-josip\"\n               class=\"shutterset_72b5d3dc2a0799f0bff02e5e901c6c99\">\n                <img\n                    title=\"59.Luka-Lorna-Josip\"\n                    alt=\"59.Luka-Lorna-Josip\"\n                    src=\"https:\/\/kontesadora.hr\/stara\/wp-content\/gallery\/rezultati-59-hrvatskog-natjecanja-ucenika-i-studenata-glazbe\/thumbs\/thumbs_59.Luka-Lorna-Josip.jpeg\"\n                    width=\"100\"\n                    height=\"75\"\n                    style=\"max-width:100%;\"\n                \/>\n            <\/a>\n        <\/div>\n\t\t\t\t\t\t\t<\/div> \n\t\t\t\n        \n\t\t\n\t\t<!-- Pagination -->\n\t<div class='ngg-clear'><\/div>\t<\/div>\n<!-- index.php -->\n<div\n\tclass=\"ngg-galleryoverview ngg-ajax-pagination-none\"\n\tid=\"ngg-gallery-4a1f651d8553941e4200a0ecdf16d05b-1\">\n\n    \t<div class=\"slideshowlink\">\n        <a href='https:\/\/kontesadora.hr\/stara\/galerija\/nggallery\/slideshow'>[Show as slideshow]<\/a>\n\t\t\n\t<\/div>\n\t\t\t<!-- Thumbnails -->\n\t\t\t\t<div id=\"ngg-image-0\" class=\"ngg-gallery-thumbnail-box\" >\n\t\t\t\t        <div class=\"ngg-gallery-thumbnail\">\n            <a href=\"https:\/\/kontesadora.hr\/stara\/wp-content\/gallery\/natjecanje\/Nuo.jpg\"\n               title=\"\"\n               data-src=\"https:\/\/kontesadora.hr\/stara\/wp-content\/gallery\/natjecanje\/Nuo.jpg\"\n               data-thumbnail=\"https:\/\/kontesadora.hr\/stara\/wp-content\/gallery\/natjecanje\/thumbs\/thumbs_Nuo.jpg\"\n               data-image-id=\"5126\"\n               data-title=\"Nuo\"\n               data-description=\"\"\n               data-image-slug=\"nuo\"\n               class=\"shutterset_4a1f651d8553941e4200a0ecdf16d05b\">\n                <img\n                    title=\"Nuo\"\n                    alt=\"Nuo\"\n                    src=\"https:\/\/kontesadora.hr\/stara\/wp-content\/gallery\/natjecanje\/thumbs\/thumbs_Nuo.jpg\"\n                    width=\"100\"\n                    height=\"75\"\n                    style=\"max-width:100%;\"\n                \/>\n            <\/a>\n        <\/div>\n\t\t\t\t\t\t\t<\/div> \n\t\t\t\n        \n\t\t\t\t<div id=\"ngg-image-1\" class=\"ngg-gallery-thumbnail-box\" >\n\t\t\t\t        <div class=\"ngg-gallery-thumbnail\">\n            <a href=\"https:\/\/kontesadora.hr\/stara\/wp-content\/gallery\/natjecanje\/DEAN-LANA-2021..jpg\"\n               title=\"\"\n               data-src=\"https:\/\/kontesadora.hr\/stara\/wp-content\/gallery\/natjecanje\/DEAN-LANA-2021..jpg\"\n               data-thumbnail=\"https:\/\/kontesadora.hr\/stara\/wp-content\/gallery\/natjecanje\/thumbs\/thumbs_DEAN-LANA-2021..jpg\"\n               data-image-id=\"5127\"\n               data-title=\"DEAN-LANA-2021.\"\n               data-description=\"\"\n               data-image-slug=\"dean-lana-2021\"\n               class=\"shutterset_4a1f651d8553941e4200a0ecdf16d05b\">\n                <img\n                    title=\"DEAN-LANA-2021.\"\n                    alt=\"DEAN-LANA-2021.\"\n                    src=\"https:\/\/kontesadora.hr\/stara\/wp-content\/gallery\/natjecanje\/thumbs\/thumbs_DEAN-LANA-2021..jpg\"\n                    width=\"100\"\n                    height=\"75\"\n                    style=\"max-width:100%;\"\n                \/>\n            <\/a>\n        <\/div>\n\t\t\t\t\t\t\t<\/div> \n\t\t\t\n        \n\t\t\t\t<div id=\"ngg-image-2\" class=\"ngg-gallery-thumbnail-box\" >\n\t\t\t\t        <div class=\"ngg-gallery-thumbnail\">\n            <a href=\"https:\/\/kontesadora.hr\/stara\/wp-content\/gallery\/natjecanje\/LORNA-BENIC-bisernica.jpg\"\n               title=\"\"\n               data-src=\"https:\/\/kontesadora.hr\/stara\/wp-content\/gallery\/natjecanje\/LORNA-BENIC-bisernica.jpg\"\n               data-thumbnail=\"https:\/\/kontesadora.hr\/stara\/wp-content\/gallery\/natjecanje\/thumbs\/thumbs_LORNA-BENIC-bisernica.jpg\"\n               data-image-id=\"5125\"\n               data-title=\"LORNA-BENIC-bisernica\"\n               data-description=\"\"\n               data-image-slug=\"lorna-benic-bisernica\"\n               class=\"shutterset_4a1f651d8553941e4200a0ecdf16d05b\">\n                <img\n                    title=\"LORNA-BENIC-bisernica\"\n                    alt=\"LORNA-BENIC-bisernica\"\n                    src=\"https:\/\/kontesadora.hr\/stara\/wp-content\/gallery\/natjecanje\/thumbs\/thumbs_LORNA-BENIC-bisernica.jpg\"\n                    width=\"100\"\n                    height=\"75\"\n                    style=\"max-width:100%;\"\n                \/>\n            <\/a>\n        <\/div>\n\t\t\t\t\t\t\t<\/div> \n\t\t\t\n        \n\t\t\t\t<div id=\"ngg-image-3\" class=\"ngg-gallery-thumbnail-box\" >\n\t\t\t\t        <div class=\"ngg-gallery-thumbnail\">\n            <a href=\"https:\/\/kontesadora.hr\/stara\/wp-content\/gallery\/natjecanje\/josip-blazevic-2021..jpg\"\n               title=\"\"\n               data-src=\"https:\/\/kontesadora.hr\/stara\/wp-content\/gallery\/natjecanje\/josip-blazevic-2021..jpg\"\n               data-thumbnail=\"https:\/\/kontesadora.hr\/stara\/wp-content\/gallery\/natjecanje\/thumbs\/thumbs_josip-blazevic-2021..jpg\"\n               data-image-id=\"5130\"\n               data-title=\"josip-blazevic-2021.\"\n               data-description=\"\"\n               data-image-slug=\"josip-blazevic-2021\"\n               class=\"shutterset_4a1f651d8553941e4200a0ecdf16d05b\">\n                <img\n                    title=\"josip-blazevic-2021.\"\n                    alt=\"josip-blazevic-2021.\"\n                    src=\"https:\/\/kontesadora.hr\/stara\/wp-content\/gallery\/natjecanje\/thumbs\/thumbs_josip-blazevic-2021..jpg\"\n                    width=\"100\"\n                    height=\"75\"\n                    style=\"max-width:100%;\"\n                \/>\n            <\/a>\n        <\/div>\n\t\t\t\t\t\t\t<\/div> \n\t\t\t\n        \n\t\t\t\t<div id=\"ngg-image-4\" class=\"ngg-gallery-thumbnail-box\" >\n\t\t\t\t        <div class=\"ngg-gallery-thumbnail\">\n            <a href=\"https:\/\/kontesadora.hr\/stara\/wp-content\/gallery\/natjecanje\/Seminar-J.-Kuzmin-30.-i-31.01.2018.-Sanja-V.i-Darija-V..jpg\"\n               title=\"\"\n               data-src=\"https:\/\/kontesadora.hr\/stara\/wp-content\/gallery\/natjecanje\/Seminar-J.-Kuzmin-30.-i-31.01.2018.-Sanja-V.i-Darija-V..jpg\"\n               data-thumbnail=\"https:\/\/kontesadora.hr\/stara\/wp-content\/gallery\/natjecanje\/thumbs\/thumbs_Seminar-J.-Kuzmin-30.-i-31.01.2018.-Sanja-V.i-Darija-V..jpg\"\n               data-image-id=\"5128\"\n               data-title=\"Seminar-J.-Kuzmin-30.-i-31.01.2018.-Sanja-V.i-Darija-V.\"\n               data-description=\"\"\n               data-image-slug=\"seminar-j-kuzmin-30-i-31-01-2018-sanja-v-i-darija-v\"\n               class=\"shutterset_4a1f651d8553941e4200a0ecdf16d05b\">\n                <img\n                    title=\"Seminar-J.-Kuzmin-30.-i-31.01.2018.-Sanja-V.i-Darija-V.\"\n                    alt=\"Seminar-J.-Kuzmin-30.-i-31.01.2018.-Sanja-V.i-Darija-V.\"\n                    src=\"https:\/\/kontesadora.hr\/stara\/wp-content\/gallery\/natjecanje\/thumbs\/thumbs_Seminar-J.-Kuzmin-30.-i-31.01.2018.-Sanja-V.i-Darija-V..jpg\"\n                    width=\"100\"\n                    height=\"75\"\n                    style=\"max-width:100%;\"\n                \/>\n            <\/a>\n        <\/div>\n\t\t\t\t\t\t\t<\/div> \n\t\t\t\n        \n\t\t\t\t<div id=\"ngg-image-5\" class=\"ngg-gallery-thumbnail-box\" >\n\t\t\t\t        <div class=\"ngg-gallery-thumbnail\">\n            <a href=\"https:\/\/kontesadora.hr\/stara\/wp-content\/gallery\/natjecanje\/LUKA-PAVLEKOVIC-an-face.jpg\"\n               title=\"\"\n               data-src=\"https:\/\/kontesadora.hr\/stara\/wp-content\/gallery\/natjecanje\/LUKA-PAVLEKOVIC-an-face.jpg\"\n               data-thumbnail=\"https:\/\/kontesadora.hr\/stara\/wp-content\/gallery\/natjecanje\/thumbs\/thumbs_LUKA-PAVLEKOVIC-an-face.jpg\"\n               data-image-id=\"5129\"\n               data-title=\"LUKA-PAVLEKOVIC-an-face\"\n               data-description=\"\"\n               data-image-slug=\"luka-pavlekovic-an-face\"\n               class=\"shutterset_4a1f651d8553941e4200a0ecdf16d05b\">\n                <img\n                    title=\"LUKA-PAVLEKOVIC-an-face\"\n                    alt=\"LUKA-PAVLEKOVIC-an-face\"\n                    src=\"https:\/\/kontesadora.hr\/stara\/wp-content\/gallery\/natjecanje\/thumbs\/thumbs_LUKA-PAVLEKOVIC-an-face.jpg\"\n                    width=\"100\"\n                    height=\"75\"\n                    style=\"max-width:100%;\"\n                \/>\n            <\/a>\n        <\/div>\n\t\t\t\t\t\t\t<\/div> \n\t\t\t\n        \n\t\t\n\t\t<!-- Pagination -->\n\t<div class='ngg-clear'><\/div>\t<\/div>\n<!-- index.php -->\n<div\n\tclass=\"ngg-galleryoverview ngg-ajax-pagination-none\"\n\tid=\"ngg-gallery-97680e89564d3ae88ea465b41db2c9b7-1\">\n\n    \t<div class=\"slideshowlink\">\n        <a href='https:\/\/kontesadora.hr\/stara\/galerija\/nggallery\/slideshow'>[Show as slideshow]<\/a>\n\t\t\n\t<\/div>\n\t\t\t<!-- Thumbnails -->\n\t\t\t\t<div id=\"ngg-image-0\" class=\"ngg-gallery-thumbnail-box\" >\n\t\t\t\t        <div class=\"ngg-gallery-thumbnail\">\n            <a href=\"https:\/\/kontesadora.hr\/stara\/wp-content\/gallery\/glazbos\/Djecji-zbor-OGS-2020.-prosinac.png\"\n               title=\"\"\n               data-src=\"https:\/\/kontesadora.hr\/stara\/wp-content\/gallery\/glazbos\/Djecji-zbor-OGS-2020.-prosinac.png\"\n               data-thumbnail=\"https:\/\/kontesadora.hr\/stara\/wp-content\/gallery\/glazbos\/thumbs\/thumbs_Djecji-zbor-OGS-2020.-prosinac.png\"\n               data-image-id=\"5124\"\n               data-title=\"Djecji-zbor-OGS-2020.-prosinac\"\n               data-description=\"\"\n               data-image-slug=\"djecji-zbor-ogs-2020-prosinac-5\"\n               class=\"shutterset_97680e89564d3ae88ea465b41db2c9b7\">\n                <img\n                    title=\"Djecji-zbor-OGS-2020.-prosinac\"\n                    alt=\"Djecji-zbor-OGS-2020.-prosinac\"\n                    src=\"https:\/\/kontesadora.hr\/stara\/wp-content\/gallery\/glazbos\/thumbs\/thumbs_Djecji-zbor-OGS-2020.-prosinac.png\"\n                    width=\"100\"\n                    height=\"75\"\n                    style=\"max-width:100%;\"\n                \/>\n            <\/a>\n        <\/div>\n\t\t\t\t\t\t\t<\/div> \n\t\t\t\n        \n\t\t\t\t<div id=\"ngg-image-1\" class=\"ngg-gallery-thumbnail-box\" >\n\t\t\t\t        <div class=\"ngg-gallery-thumbnail\">\n            <a href=\"https:\/\/kontesadora.hr\/stara\/wp-content\/gallery\/glazbos\/svi2.jpg\"\n               title=\"\"\n               data-src=\"https:\/\/kontesadora.hr\/stara\/wp-content\/gallery\/glazbos\/svi2.jpg\"\n               data-thumbnail=\"https:\/\/kontesadora.hr\/stara\/wp-content\/gallery\/glazbos\/thumbs\/thumbs_svi2.jpg\"\n               data-image-id=\"5123\"\n               data-title=\"svi2\"\n               data-description=\"\"\n               data-image-slug=\"svi2-5\"\n               class=\"shutterset_97680e89564d3ae88ea465b41db2c9b7\">\n                <img\n                    title=\"svi2\"\n                    alt=\"svi2\"\n                    src=\"https:\/\/kontesadora.hr\/stara\/wp-content\/gallery\/glazbos\/thumbs\/thumbs_svi2.jpg\"\n                    width=\"100\"\n                    height=\"75\"\n                    style=\"max-width:100%;\"\n                \/>\n            <\/a>\n        <\/div>\n\t\t\t\t\t\t\t<\/div> \n\t\t\t\n        \n\t\t\t\t<div id=\"ngg-image-2\" class=\"ngg-gallery-thumbnail-box\" >\n\t\t\t\t        <div class=\"ngg-gallery-thumbnail\">\n            <a href=\"https:\/\/kontesadora.hr\/stara\/wp-content\/gallery\/glazbos\/GLAZBOS-2020.jpg\"\n               title=\"\"\n               data-src=\"https:\/\/kontesadora.hr\/stara\/wp-content\/gallery\/glazbos\/GLAZBOS-2020.jpg\"\n               data-thumbnail=\"https:\/\/kontesadora.hr\/stara\/wp-content\/gallery\/glazbos\/thumbs\/thumbs_GLAZBOS-2020.jpg\"\n               data-image-id=\"5121\"\n               data-title=\"GLAZBOS-2020\"\n               data-description=\"\"\n               data-image-slug=\"glazbos-2020-5\"\n               class=\"shutterset_97680e89564d3ae88ea465b41db2c9b7\">\n                <img\n                    title=\"GLAZBOS-2020\"\n                    alt=\"GLAZBOS-2020\"\n                    src=\"https:\/\/kontesadora.hr\/stara\/wp-content\/gallery\/glazbos\/thumbs\/thumbs_GLAZBOS-2020.jpg\"\n                    width=\"100\"\n                    height=\"75\"\n                    style=\"max-width:100%;\"\n                \/>\n            <\/a>\n        <\/div>\n\t\t\t\t\t\t\t<\/div> \n\t\t\t\n        \n\t\t\t\t<div id=\"ngg-image-3\" class=\"ngg-gallery-thumbnail-box\" >\n\t\t\t\t        <div class=\"ngg-gallery-thumbnail\">\n            <a href=\"https:\/\/kontesadora.hr\/stara\/wp-content\/gallery\/glazbos\/GLAZBOS-2020-REZULTATI.jpg\"\n               title=\"\"\n               data-src=\"https:\/\/kontesadora.hr\/stara\/wp-content\/gallery\/glazbos\/GLAZBOS-2020-REZULTATI.jpg\"\n               data-thumbnail=\"https:\/\/kontesadora.hr\/stara\/wp-content\/gallery\/glazbos\/thumbs\/thumbs_GLAZBOS-2020-REZULTATI.jpg\"\n               data-image-id=\"5122\"\n               data-title=\"GLAZBOS-2020-REZULTATI\"\n               data-description=\"\"\n               data-image-slug=\"glazbos-2020-rezultati-5\"\n               class=\"shutterset_97680e89564d3ae88ea465b41db2c9b7\">\n                <img\n                    title=\"GLAZBOS-2020-REZULTATI\"\n                    alt=\"GLAZBOS-2020-REZULTATI\"\n                    src=\"https:\/\/kontesadora.hr\/stara\/wp-content\/gallery\/glazbos\/thumbs\/thumbs_GLAZBOS-2020-REZULTATI.jpg\"\n                    width=\"100\"\n                    height=\"75\"\n                    style=\"max-width:100%;\"\n                \/>\n            <\/a>\n        <\/div>\n\t\t\t\t\t\t\t<\/div> \n\t\t\t\n        \n\t\t\n\t\t<!-- Pagination -->\n\t<div class='ngg-clear'><\/div>\t<\/div>\n\n<!-- index.php -->\n<div\n\tclass=\"ngg-galleryoverview ngg-ajax-pagination-none\"\n\tid=\"ngg-gallery-0f47a3811188ab7a7ea66b7d84db9838-1\">\n\n    \t<div class=\"slideshowlink\">\n        <a href='https:\/\/kontesadora.hr\/stara\/galerija\/nggallery\/slideshow'>[Show as slideshow]<\/a>\n\t\t\n\t<\/div>\n\t\t\t<!-- Thumbnails -->\n\t\t\t\t<div id=\"ngg-image-0\" class=\"ngg-gallery-thumbnail-box\" >\n\t\t\t\t        <div class=\"ngg-gallery-thumbnail\">\n            <a href=\"https:\/\/kontesadora.hr\/stara\/wp-content\/gallery\/fotke-sa-snimanja-vesela-igra\/vlcsnap-2020-12-13-13h24m57s324.png\"\n               title=\"\"\n               data-src=\"https:\/\/kontesadora.hr\/stara\/wp-content\/gallery\/fotke-sa-snimanja-vesela-igra\/vlcsnap-2020-12-13-13h24m57s324.png\"\n               data-thumbnail=\"https:\/\/kontesadora.hr\/stara\/wp-content\/gallery\/fotke-sa-snimanja-vesela-igra\/thumbs\/thumbs_vlcsnap-2020-12-13-13h24m57s324.png\"\n               data-image-id=\"5120\"\n               data-title=\"vlcsnap-2020-12-13-13h24m57s324\"\n               data-description=\"\"\n               data-image-slug=\"vlcsnap-2020-12-13-13h24m57s324\"\n               class=\"shutterset_0f47a3811188ab7a7ea66b7d84db9838\">\n                <img\n                    title=\"vlcsnap-2020-12-13-13h24m57s324\"\n                    alt=\"vlcsnap-2020-12-13-13h24m57s324\"\n                    src=\"https:\/\/kontesadora.hr\/stara\/wp-content\/gallery\/fotke-sa-snimanja-vesela-igra\/thumbs\/thumbs_vlcsnap-2020-12-13-13h24m57s324.png\"\n                    width=\"100\"\n                    height=\"75\"\n                    style=\"max-width:100%;\"\n                \/>\n            <\/a>\n        <\/div>\n\t\t\t\t\t\t\t<\/div> \n\t\t\t\n        \n\t\t\t\t<div id=\"ngg-image-1\" class=\"ngg-gallery-thumbnail-box\" >\n\t\t\t\t        <div class=\"ngg-gallery-thumbnail\">\n            <a href=\"https:\/\/kontesadora.hr\/stara\/wp-content\/gallery\/fotke-sa-snimanja-vesela-igra\/vlcsnap-2020-12-13-13h20m36s498.png\"\n               title=\"\"\n               data-src=\"https:\/\/kontesadora.hr\/stara\/wp-content\/gallery\/fotke-sa-snimanja-vesela-igra\/vlcsnap-2020-12-13-13h20m36s498.png\"\n               data-thumbnail=\"https:\/\/kontesadora.hr\/stara\/wp-content\/gallery\/fotke-sa-snimanja-vesela-igra\/thumbs\/thumbs_vlcsnap-2020-12-13-13h20m36s498.png\"\n               data-image-id=\"5119\"\n               data-title=\"vlcsnap-2020-12-13-13h20m36s498\"\n               data-description=\"\"\n               data-image-slug=\"vlcsnap-2020-12-13-13h20m36s498\"\n               class=\"shutterset_0f47a3811188ab7a7ea66b7d84db9838\">\n                <img\n                    title=\"vlcsnap-2020-12-13-13h20m36s498\"\n                    alt=\"vlcsnap-2020-12-13-13h20m36s498\"\n                    src=\"https:\/\/kontesadora.hr\/stara\/wp-content\/gallery\/fotke-sa-snimanja-vesela-igra\/thumbs\/thumbs_vlcsnap-2020-12-13-13h20m36s498.png\"\n                    width=\"100\"\n                    height=\"75\"\n                    style=\"max-width:100%;\"\n                \/>\n            <\/a>\n        <\/div>\n\t\t\t\t\t\t\t<\/div> \n\t\t\t\n        \n\t\t\t\t<div id=\"ngg-image-2\" class=\"ngg-gallery-thumbnail-box\" >\n\t\t\t\t        <div class=\"ngg-gallery-thumbnail\">\n            <a href=\"https:\/\/kontesadora.hr\/stara\/wp-content\/gallery\/fotke-sa-snimanja-vesela-igra\/vlcsnap-2020-12-13-13h21m18s247.png\"\n               title=\"\"\n               data-src=\"https:\/\/kontesadora.hr\/stara\/wp-content\/gallery\/fotke-sa-snimanja-vesela-igra\/vlcsnap-2020-12-13-13h21m18s247.png\"\n               data-thumbnail=\"https:\/\/kontesadora.hr\/stara\/wp-content\/gallery\/fotke-sa-snimanja-vesela-igra\/thumbs\/thumbs_vlcsnap-2020-12-13-13h21m18s247.png\"\n               data-image-id=\"5118\"\n               data-title=\"vlcsnap-2020-12-13-13h21m18s247\"\n               data-description=\"\"\n               data-image-slug=\"vlcsnap-2020-12-13-13h21m18s247\"\n               class=\"shutterset_0f47a3811188ab7a7ea66b7d84db9838\">\n                <img\n                    title=\"vlcsnap-2020-12-13-13h21m18s247\"\n                    alt=\"vlcsnap-2020-12-13-13h21m18s247\"\n                    src=\"https:\/\/kontesadora.hr\/stara\/wp-content\/gallery\/fotke-sa-snimanja-vesela-igra\/thumbs\/thumbs_vlcsnap-2020-12-13-13h21m18s247.png\"\n                    width=\"100\"\n                    height=\"75\"\n                    style=\"max-width:100%;\"\n                \/>\n            <\/a>\n        <\/div>\n\t\t\t\t\t\t\t<\/div> \n\t\t\t\n        \n\t\t\t\t<div id=\"ngg-image-3\" class=\"ngg-gallery-thumbnail-box\" >\n\t\t\t\t        <div class=\"ngg-gallery-thumbnail\">\n            <a href=\"https:\/\/kontesadora.hr\/stara\/wp-content\/gallery\/fotke-sa-snimanja-vesela-igra\/vlcsnap-2020-12-13-13h20m48s978.png\"\n               title=\"\"\n               data-src=\"https:\/\/kontesadora.hr\/stara\/wp-content\/gallery\/fotke-sa-snimanja-vesela-igra\/vlcsnap-2020-12-13-13h20m48s978.png\"\n               data-thumbnail=\"https:\/\/kontesadora.hr\/stara\/wp-content\/gallery\/fotke-sa-snimanja-vesela-igra\/thumbs\/thumbs_vlcsnap-2020-12-13-13h20m48s978.png\"\n               data-image-id=\"5117\"\n               data-title=\"vlcsnap-2020-12-13-13h20m48s978\"\n               data-description=\"\"\n               data-image-slug=\"vlcsnap-2020-12-13-13h20m48s978\"\n               class=\"shutterset_0f47a3811188ab7a7ea66b7d84db9838\">\n                <img\n                    title=\"vlcsnap-2020-12-13-13h20m48s978\"\n                    alt=\"vlcsnap-2020-12-13-13h20m48s978\"\n                    src=\"https:\/\/kontesadora.hr\/stara\/wp-content\/gallery\/fotke-sa-snimanja-vesela-igra\/thumbs\/thumbs_vlcsnap-2020-12-13-13h20m48s978.png\"\n                    width=\"100\"\n                    height=\"75\"\n                    style=\"max-width:100%;\"\n                \/>\n            <\/a>\n        <\/div>\n\t\t\t\t\t\t\t<\/div> \n\t\t\t\n        \n\t\t\t\t<div id=\"ngg-image-4\" class=\"ngg-gallery-thumbnail-box\" >\n\t\t\t\t        <div class=\"ngg-gallery-thumbnail\">\n            <a href=\"https:\/\/kontesadora.hr\/stara\/wp-content\/gallery\/fotke-sa-snimanja-vesela-igra\/vlcsnap-2020-12-13-13h21m51s015.png\"\n               title=\"\"\n               data-src=\"https:\/\/kontesadora.hr\/stara\/wp-content\/gallery\/fotke-sa-snimanja-vesela-igra\/vlcsnap-2020-12-13-13h21m51s015.png\"\n               data-thumbnail=\"https:\/\/kontesadora.hr\/stara\/wp-content\/gallery\/fotke-sa-snimanja-vesela-igra\/thumbs\/thumbs_vlcsnap-2020-12-13-13h21m51s015.png\"\n               data-image-id=\"5116\"\n               data-title=\"vlcsnap-2020-12-13-13h21m51s015\"\n               data-description=\"\"\n               data-image-slug=\"vlcsnap-2020-12-13-13h21m51s015\"\n               class=\"shutterset_0f47a3811188ab7a7ea66b7d84db9838\">\n                <img\n                    title=\"vlcsnap-2020-12-13-13h21m51s015\"\n                    alt=\"vlcsnap-2020-12-13-13h21m51s015\"\n                    src=\"https:\/\/kontesadora.hr\/stara\/wp-content\/gallery\/fotke-sa-snimanja-vesela-igra\/thumbs\/thumbs_vlcsnap-2020-12-13-13h21m51s015.png\"\n                    width=\"100\"\n                    height=\"75\"\n                    style=\"max-width:100%;\"\n                \/>\n            <\/a>\n        <\/div>\n\t\t\t\t\t\t\t<\/div> \n\t\t\t\n        \n\t\t\t\t<div id=\"ngg-image-5\" class=\"ngg-gallery-thumbnail-box\" >\n\t\t\t\t        <div class=\"ngg-gallery-thumbnail\">\n            <a href=\"https:\/\/kontesadora.hr\/stara\/wp-content\/gallery\/fotke-sa-snimanja-vesela-igra\/vlcsnap-2020-12-13-13h26m48s487.png\"\n               title=\"\"\n               data-src=\"https:\/\/kontesadora.hr\/stara\/wp-content\/gallery\/fotke-sa-snimanja-vesela-igra\/vlcsnap-2020-12-13-13h26m48s487.png\"\n               data-thumbnail=\"https:\/\/kontesadora.hr\/stara\/wp-content\/gallery\/fotke-sa-snimanja-vesela-igra\/thumbs\/thumbs_vlcsnap-2020-12-13-13h26m48s487.png\"\n               data-image-id=\"5114\"\n               data-title=\"vlcsnap-2020-12-13-13h26m48s487\"\n               data-description=\"\"\n               data-image-slug=\"vlcsnap-2020-12-13-13h26m48s487\"\n               class=\"shutterset_0f47a3811188ab7a7ea66b7d84db9838\">\n                <img\n                    title=\"vlcsnap-2020-12-13-13h26m48s487\"\n                    alt=\"vlcsnap-2020-12-13-13h26m48s487\"\n                    src=\"https:\/\/kontesadora.hr\/stara\/wp-content\/gallery\/fotke-sa-snimanja-vesela-igra\/thumbs\/thumbs_vlcsnap-2020-12-13-13h26m48s487.png\"\n                    width=\"100\"\n                    height=\"75\"\n                    style=\"max-width:100%;\"\n                \/>\n            <\/a>\n        <\/div>\n\t\t\t\t\t\t\t<\/div> \n\t\t\t\n        \n\t\t\t\t<div id=\"ngg-image-6\" class=\"ngg-gallery-thumbnail-box\" >\n\t\t\t\t        <div class=\"ngg-gallery-thumbnail\">\n            <a href=\"https:\/\/kontesadora.hr\/stara\/wp-content\/gallery\/fotke-sa-snimanja-vesela-igra\/2020-12-11-21-42-59-262.jpg\"\n               title=\"\"\n               data-src=\"https:\/\/kontesadora.hr\/stara\/wp-content\/gallery\/fotke-sa-snimanja-vesela-igra\/2020-12-11-21-42-59-262.jpg\"\n               data-thumbnail=\"https:\/\/kontesadora.hr\/stara\/wp-content\/gallery\/fotke-sa-snimanja-vesela-igra\/thumbs\/thumbs_2020-12-11-21-42-59-262.jpg\"\n               data-image-id=\"5115\"\n               data-title=\"2020-12-11-21-42-59-262\"\n               data-description=\"\"\n               data-image-slug=\"2020-12-11-21-42-59-262\"\n               class=\"shutterset_0f47a3811188ab7a7ea66b7d84db9838\">\n                <img\n                    title=\"2020-12-11-21-42-59-262\"\n                    alt=\"2020-12-11-21-42-59-262\"\n                    src=\"https:\/\/kontesadora.hr\/stara\/wp-content\/gallery\/fotke-sa-snimanja-vesela-igra\/thumbs\/thumbs_2020-12-11-21-42-59-262.jpg\"\n                    width=\"100\"\n                    height=\"75\"\n                    style=\"max-width:100%;\"\n                \/>\n            <\/a>\n        <\/div>\n\t\t\t\t\t\t\t<\/div> \n\t\t\t\n        \n\t\t\t\t<div id=\"ngg-image-7\" class=\"ngg-gallery-thumbnail-box\" >\n\t\t\t\t        <div class=\"ngg-gallery-thumbnail\">\n            <a href=\"https:\/\/kontesadora.hr\/stara\/wp-content\/gallery\/fotke-sa-snimanja-vesela-igra\/2020-12-11-21-43-51-316.jpg\"\n               title=\"\"\n               data-src=\"https:\/\/kontesadora.hr\/stara\/wp-content\/gallery\/fotke-sa-snimanja-vesela-igra\/2020-12-11-21-43-51-316.jpg\"\n               data-thumbnail=\"https:\/\/kontesadora.hr\/stara\/wp-content\/gallery\/fotke-sa-snimanja-vesela-igra\/thumbs\/thumbs_2020-12-11-21-43-51-316.jpg\"\n               data-image-id=\"5113\"\n               data-title=\"2020-12-11-21-43-51-316\"\n               data-description=\"\"\n               data-image-slug=\"2020-12-11-21-43-51-316\"\n               class=\"shutterset_0f47a3811188ab7a7ea66b7d84db9838\">\n                <img\n                    title=\"2020-12-11-21-43-51-316\"\n                    alt=\"2020-12-11-21-43-51-316\"\n                    src=\"https:\/\/kontesadora.hr\/stara\/wp-content\/gallery\/fotke-sa-snimanja-vesela-igra\/thumbs\/thumbs_2020-12-11-21-43-51-316.jpg\"\n                    width=\"100\"\n                    height=\"75\"\n                    style=\"max-width:100%;\"\n                \/>\n            <\/a>\n        <\/div>\n\t\t\t\t\t\t\t<\/div> \n\t\t\t\n        \n\t\t\t\t<div id=\"ngg-image-8\" class=\"ngg-gallery-thumbnail-box\" >\n\t\t\t\t        <div class=\"ngg-gallery-thumbnail\">\n            <a href=\"https:\/\/kontesadora.hr\/stara\/wp-content\/gallery\/fotke-sa-snimanja-vesela-igra\/2020-12-11-20-27-29-850.jpg\"\n               title=\"\"\n               data-src=\"https:\/\/kontesadora.hr\/stara\/wp-content\/gallery\/fotke-sa-snimanja-vesela-igra\/2020-12-11-20-27-29-850.jpg\"\n               data-thumbnail=\"https:\/\/kontesadora.hr\/stara\/wp-content\/gallery\/fotke-sa-snimanja-vesela-igra\/thumbs\/thumbs_2020-12-11-20-27-29-850.jpg\"\n               data-image-id=\"5112\"\n               data-title=\"2020-12-11-20-27-29-850\"\n               data-description=\"\"\n               data-image-slug=\"2020-12-11-20-27-29-850\"\n               class=\"shutterset_0f47a3811188ab7a7ea66b7d84db9838\">\n                <img\n                    title=\"2020-12-11-20-27-29-850\"\n                    alt=\"2020-12-11-20-27-29-850\"\n                    src=\"https:\/\/kontesadora.hr\/stara\/wp-content\/gallery\/fotke-sa-snimanja-vesela-igra\/thumbs\/thumbs_2020-12-11-20-27-29-850.jpg\"\n                    width=\"100\"\n                    height=\"75\"\n                    style=\"max-width:100%;\"\n                \/>\n            <\/a>\n        <\/div>\n\t\t\t\t\t\t\t<\/div> \n\t\t\t\n        \n\t\t\t\t<div id=\"ngg-image-9\" class=\"ngg-gallery-thumbnail-box\" >\n\t\t\t\t        <div class=\"ngg-gallery-thumbnail\">\n            <a href=\"https:\/\/kontesadora.hr\/stara\/wp-content\/gallery\/fotke-sa-snimanja-vesela-igra\/2020-12-11-21-30-17-151.jpg\"\n               title=\"\"\n               data-src=\"https:\/\/kontesadora.hr\/stara\/wp-content\/gallery\/fotke-sa-snimanja-vesela-igra\/2020-12-11-21-30-17-151.jpg\"\n               data-thumbnail=\"https:\/\/kontesadora.hr\/stara\/wp-content\/gallery\/fotke-sa-snimanja-vesela-igra\/thumbs\/thumbs_2020-12-11-21-30-17-151.jpg\"\n               data-image-id=\"5111\"\n               data-title=\"2020-12-11-21-30-17-151\"\n               data-description=\"\"\n               data-image-slug=\"2020-12-11-21-30-17-151\"\n               class=\"shutterset_0f47a3811188ab7a7ea66b7d84db9838\">\n                <img\n                    title=\"2020-12-11-21-30-17-151\"\n                    alt=\"2020-12-11-21-30-17-151\"\n                    src=\"https:\/\/kontesadora.hr\/stara\/wp-content\/gallery\/fotke-sa-snimanja-vesela-igra\/thumbs\/thumbs_2020-12-11-21-30-17-151.jpg\"\n                    width=\"100\"\n                    height=\"75\"\n                    style=\"max-width:100%;\"\n                \/>\n            <\/a>\n        <\/div>\n\t\t\t\t\t\t\t<\/div> \n\t\t\t\n        \n\t\t\t\t<div id=\"ngg-image-10\" class=\"ngg-gallery-thumbnail-box\" >\n\t\t\t\t        <div class=\"ngg-gallery-thumbnail\">\n            <a href=\"https:\/\/kontesadora.hr\/stara\/wp-content\/gallery\/fotke-sa-snimanja-vesela-igra\/2020-12-11-21-36-03-143.jpg\"\n               title=\"\"\n               data-src=\"https:\/\/kontesadora.hr\/stara\/wp-content\/gallery\/fotke-sa-snimanja-vesela-igra\/2020-12-11-21-36-03-143.jpg\"\n               data-thumbnail=\"https:\/\/kontesadora.hr\/stara\/wp-content\/gallery\/fotke-sa-snimanja-vesela-igra\/thumbs\/thumbs_2020-12-11-21-36-03-143.jpg\"\n               data-image-id=\"5110\"\n               data-title=\"2020-12-11-21-36-03-143\"\n               data-description=\"\"\n               data-image-slug=\"2020-12-11-21-36-03-143\"\n               class=\"shutterset_0f47a3811188ab7a7ea66b7d84db9838\">\n                <img\n                    title=\"2020-12-11-21-36-03-143\"\n                    alt=\"2020-12-11-21-36-03-143\"\n                    src=\"https:\/\/kontesadora.hr\/stara\/wp-content\/gallery\/fotke-sa-snimanja-vesela-igra\/thumbs\/thumbs_2020-12-11-21-36-03-143.jpg\"\n                    width=\"100\"\n                    height=\"75\"\n                    style=\"max-width:100%;\"\n                \/>\n            <\/a>\n        <\/div>\n\t\t\t\t\t\t\t<\/div> \n\t\t\t\n        \n\t\t\t\t<div id=\"ngg-image-11\" class=\"ngg-gallery-thumbnail-box\" >\n\t\t\t\t        <div class=\"ngg-gallery-thumbnail\">\n            <a href=\"https:\/\/kontesadora.hr\/stara\/wp-content\/gallery\/fotke-sa-snimanja-vesela-igra\/2020-12-11-21-33-40-221.jpg\"\n               title=\"\"\n               data-src=\"https:\/\/kontesadora.hr\/stara\/wp-content\/gallery\/fotke-sa-snimanja-vesela-igra\/2020-12-11-21-33-40-221.jpg\"\n               data-thumbnail=\"https:\/\/kontesadora.hr\/stara\/wp-content\/gallery\/fotke-sa-snimanja-vesela-igra\/thumbs\/thumbs_2020-12-11-21-33-40-221.jpg\"\n               data-image-id=\"5109\"\n               data-title=\"2020-12-11-21-33-40-221\"\n               data-description=\"\"\n               data-image-slug=\"2020-12-11-21-33-40-221\"\n               class=\"shutterset_0f47a3811188ab7a7ea66b7d84db9838\">\n                <img\n                    title=\"2020-12-11-21-33-40-221\"\n                    alt=\"2020-12-11-21-33-40-221\"\n                    src=\"https:\/\/kontesadora.hr\/stara\/wp-content\/gallery\/fotke-sa-snimanja-vesela-igra\/thumbs\/thumbs_2020-12-11-21-33-40-221.jpg\"\n                    width=\"100\"\n                    height=\"75\"\n                    style=\"max-width:100%;\"\n                \/>\n            <\/a>\n        <\/div>\n\t\t\t\t\t\t\t<\/div> \n\t\t\t\n        \n\t\t\t\t<div id=\"ngg-image-12\" class=\"ngg-gallery-thumbnail-box\" >\n\t\t\t\t        <div class=\"ngg-gallery-thumbnail\">\n            <a href=\"https:\/\/kontesadora.hr\/stara\/wp-content\/gallery\/fotke-sa-snimanja-vesela-igra\/2020-12-11-21-40-15-629.jpg\"\n               title=\"\"\n               data-src=\"https:\/\/kontesadora.hr\/stara\/wp-content\/gallery\/fotke-sa-snimanja-vesela-igra\/2020-12-11-21-40-15-629.jpg\"\n               data-thumbnail=\"https:\/\/kontesadora.hr\/stara\/wp-content\/gallery\/fotke-sa-snimanja-vesela-igra\/thumbs\/thumbs_2020-12-11-21-40-15-629.jpg\"\n               data-image-id=\"5108\"\n               data-title=\"2020-12-11-21-40-15-629\"\n               data-description=\"\"\n               data-image-slug=\"2020-12-11-21-40-15-629\"\n               class=\"shutterset_0f47a3811188ab7a7ea66b7d84db9838\">\n                <img\n                    title=\"2020-12-11-21-40-15-629\"\n                    alt=\"2020-12-11-21-40-15-629\"\n                    src=\"https:\/\/kontesadora.hr\/stara\/wp-content\/gallery\/fotke-sa-snimanja-vesela-igra\/thumbs\/thumbs_2020-12-11-21-40-15-629.jpg\"\n                    width=\"100\"\n                    height=\"75\"\n                    style=\"max-width:100%;\"\n                \/>\n            <\/a>\n        <\/div>\n\t\t\t\t\t\t\t<\/div> \n\t\t\t\n        \n\t\t\n\t\t<!-- Pagination -->\n\t<div class='ngg-clear'><\/div>\t<\/div>\n Fotke sa snimanja &#8211; Vesela igra<\/p>\n<!-- index.php -->\n<div\n\tclass=\"ngg-galleryoverview ngg-ajax-pagination-none\"\n\tid=\"ngg-gallery-23c8ec6d5307ecd608a02509823e3d95-1\">\n\n    \t<div class=\"slideshowlink\">\n        <a href='https:\/\/kontesadora.hr\/stara\/galerija\/nggallery\/slideshow'>[Show as slideshow]<\/a>\n\t\t\n\t<\/div>\n\t\t\t<!-- Thumbnails -->\n\t\t\t\t<div id=\"ngg-image-0\" class=\"ngg-gallery-thumbnail-box\" >\n\t\t\t\t        <div class=\"ngg-gallery-thumbnail\">\n            <a href=\"https:\/\/kontesadora.hr\/stara\/wp-content\/gallery\/koncert-zivjeti-ljubav-25-06-2020\/IMG_7850.JPG\"\n               title=\"\"\n               data-src=\"https:\/\/kontesadora.hr\/stara\/wp-content\/gallery\/koncert-zivjeti-ljubav-25-06-2020\/IMG_7850.JPG\"\n               data-thumbnail=\"https:\/\/kontesadora.hr\/stara\/wp-content\/gallery\/koncert-zivjeti-ljubav-25-06-2020\/thumbs\/thumbs_IMG_7850.JPG\"\n               data-image-id=\"5101\"\n               data-title=\"IMG_7850\"\n               data-description=\"\"\n               data-image-slug=\"img_7850\"\n               class=\"shutterset_23c8ec6d5307ecd608a02509823e3d95\">\n                <img\n                    title=\"IMG_7850\"\n                    alt=\"IMG_7850\"\n                    src=\"https:\/\/kontesadora.hr\/stara\/wp-content\/gallery\/koncert-zivjeti-ljubav-25-06-2020\/thumbs\/thumbs_IMG_7850.JPG\"\n                    width=\"100\"\n                    height=\"75\"\n                    style=\"max-width:100%;\"\n                \/>\n            <\/a>\n        <\/div>\n\t\t\t\t\t\t\t<\/div> \n\t\t\t\n        \n\t\t\t\t<div id=\"ngg-image-1\" class=\"ngg-gallery-thumbnail-box\" >\n\t\t\t\t        <div class=\"ngg-gallery-thumbnail\">\n            <a href=\"https:\/\/kontesadora.hr\/stara\/wp-content\/gallery\/koncert-zivjeti-ljubav-25-06-2020\/IMG_7849.JPG\"\n               title=\"\"\n               data-src=\"https:\/\/kontesadora.hr\/stara\/wp-content\/gallery\/koncert-zivjeti-ljubav-25-06-2020\/IMG_7849.JPG\"\n               data-thumbnail=\"https:\/\/kontesadora.hr\/stara\/wp-content\/gallery\/koncert-zivjeti-ljubav-25-06-2020\/thumbs\/thumbs_IMG_7849.JPG\"\n               data-image-id=\"5100\"\n               data-title=\"IMG_7849\"\n               data-description=\"\"\n               data-image-slug=\"img_7849\"\n               class=\"shutterset_23c8ec6d5307ecd608a02509823e3d95\">\n                <img\n                    title=\"IMG_7849\"\n                    alt=\"IMG_7849\"\n                    src=\"https:\/\/kontesadora.hr\/stara\/wp-content\/gallery\/koncert-zivjeti-ljubav-25-06-2020\/thumbs\/thumbs_IMG_7849.JPG\"\n                    width=\"100\"\n                    height=\"75\"\n                    style=\"max-width:100%;\"\n                \/>\n            <\/a>\n        <\/div>\n\t\t\t\t\t\t\t<\/div> \n\t\t\t\n        \n\t\t\t\t<div id=\"ngg-image-2\" class=\"ngg-gallery-thumbnail-box\" >\n\t\t\t\t        <div class=\"ngg-gallery-thumbnail\">\n            <a href=\"https:\/\/kontesadora.hr\/stara\/wp-content\/gallery\/koncert-zivjeti-ljubav-25-06-2020\/IMG_7848.JPG\"\n               title=\"\"\n               data-src=\"https:\/\/kontesadora.hr\/stara\/wp-content\/gallery\/koncert-zivjeti-ljubav-25-06-2020\/IMG_7848.JPG\"\n               data-thumbnail=\"https:\/\/kontesadora.hr\/stara\/wp-content\/gallery\/koncert-zivjeti-ljubav-25-06-2020\/thumbs\/thumbs_IMG_7848.JPG\"\n               data-image-id=\"5099\"\n               data-title=\"IMG_7848\"\n               data-description=\"\"\n               data-image-slug=\"img_7848\"\n               class=\"shutterset_23c8ec6d5307ecd608a02509823e3d95\">\n                <img\n                    title=\"IMG_7848\"\n                    alt=\"IMG_7848\"\n                    src=\"https:\/\/kontesadora.hr\/stara\/wp-content\/gallery\/koncert-zivjeti-ljubav-25-06-2020\/thumbs\/thumbs_IMG_7848.JPG\"\n                    width=\"100\"\n                    height=\"75\"\n                    style=\"max-width:100%;\"\n                \/>\n            <\/a>\n        <\/div>\n\t\t\t\t\t\t\t<\/div> \n\t\t\t\n        \n\t\t\t\t<div id=\"ngg-image-3\" class=\"ngg-gallery-thumbnail-box\" >\n\t\t\t\t        <div class=\"ngg-gallery-thumbnail\">\n            <a href=\"https:\/\/kontesadora.hr\/stara\/wp-content\/gallery\/koncert-zivjeti-ljubav-25-06-2020\/IMG_7847.JPG\"\n               title=\"\"\n               data-src=\"https:\/\/kontesadora.hr\/stara\/wp-content\/gallery\/koncert-zivjeti-ljubav-25-06-2020\/IMG_7847.JPG\"\n               data-thumbnail=\"https:\/\/kontesadora.hr\/stara\/wp-content\/gallery\/koncert-zivjeti-ljubav-25-06-2020\/thumbs\/thumbs_IMG_7847.JPG\"\n               data-image-id=\"5098\"\n               data-title=\"IMG_7847\"\n               data-description=\"\"\n               data-image-slug=\"img_7847\"\n               class=\"shutterset_23c8ec6d5307ecd608a02509823e3d95\">\n                <img\n                    title=\"IMG_7847\"\n                    alt=\"IMG_7847\"\n                    src=\"https:\/\/kontesadora.hr\/stara\/wp-content\/gallery\/koncert-zivjeti-ljubav-25-06-2020\/thumbs\/thumbs_IMG_7847.JPG\"\n                    width=\"100\"\n                    height=\"75\"\n                    style=\"max-width:100%;\"\n                \/>\n            <\/a>\n        <\/div>\n\t\t\t\t\t\t\t<\/div> \n\t\t\t\n        \n\t\t\t\t<div id=\"ngg-image-4\" class=\"ngg-gallery-thumbnail-box\" >\n\t\t\t\t        <div class=\"ngg-gallery-thumbnail\">\n            <a href=\"https:\/\/kontesadora.hr\/stara\/wp-content\/gallery\/koncert-zivjeti-ljubav-25-06-2020\/IMG_7846.JPG\"\n               title=\"\"\n               data-src=\"https:\/\/kontesadora.hr\/stara\/wp-content\/gallery\/koncert-zivjeti-ljubav-25-06-2020\/IMG_7846.JPG\"\n               data-thumbnail=\"https:\/\/kontesadora.hr\/stara\/wp-content\/gallery\/koncert-zivjeti-ljubav-25-06-2020\/thumbs\/thumbs_IMG_7846.JPG\"\n               data-image-id=\"5097\"\n               data-title=\"IMG_7846\"\n               data-description=\"\"\n               data-image-slug=\"img_7846\"\n               class=\"shutterset_23c8ec6d5307ecd608a02509823e3d95\">\n                <img\n                    title=\"IMG_7846\"\n                    alt=\"IMG_7846\"\n                    src=\"https:\/\/kontesadora.hr\/stara\/wp-content\/gallery\/koncert-zivjeti-ljubav-25-06-2020\/thumbs\/thumbs_IMG_7846.JPG\"\n                    width=\"100\"\n                    height=\"75\"\n                    style=\"max-width:100%;\"\n                \/>\n            <\/a>\n        <\/div>\n\t\t\t\t\t\t\t<\/div> \n\t\t\t\n        \n\t\t\t\t<div id=\"ngg-image-5\" class=\"ngg-gallery-thumbnail-box\" >\n\t\t\t\t        <div class=\"ngg-gallery-thumbnail\">\n            <a href=\"https:\/\/kontesadora.hr\/stara\/wp-content\/gallery\/koncert-zivjeti-ljubav-25-06-2020\/IMG_7845.JPG\"\n               title=\"\"\n               data-src=\"https:\/\/kontesadora.hr\/stara\/wp-content\/gallery\/koncert-zivjeti-ljubav-25-06-2020\/IMG_7845.JPG\"\n               data-thumbnail=\"https:\/\/kontesadora.hr\/stara\/wp-content\/gallery\/koncert-zivjeti-ljubav-25-06-2020\/thumbs\/thumbs_IMG_7845.JPG\"\n               data-image-id=\"5096\"\n               data-title=\"IMG_7845\"\n               data-description=\"\"\n               data-image-slug=\"img_7845\"\n               class=\"shutterset_23c8ec6d5307ecd608a02509823e3d95\">\n                <img\n                    title=\"IMG_7845\"\n                    alt=\"IMG_7845\"\n                    src=\"https:\/\/kontesadora.hr\/stara\/wp-content\/gallery\/koncert-zivjeti-ljubav-25-06-2020\/thumbs\/thumbs_IMG_7845.JPG\"\n                    width=\"100\"\n                    height=\"75\"\n                    style=\"max-width:100%;\"\n                \/>\n            <\/a>\n        <\/div>\n\t\t\t\t\t\t\t<\/div> \n\t\t\t\n        \n\t\t\t\t<div id=\"ngg-image-6\" class=\"ngg-gallery-thumbnail-box\" >\n\t\t\t\t        <div class=\"ngg-gallery-thumbnail\">\n            <a href=\"https:\/\/kontesadora.hr\/stara\/wp-content\/gallery\/koncert-zivjeti-ljubav-25-06-2020\/IMG_7844.JPG\"\n               title=\"\"\n               data-src=\"https:\/\/kontesadora.hr\/stara\/wp-content\/gallery\/koncert-zivjeti-ljubav-25-06-2020\/IMG_7844.JPG\"\n               data-thumbnail=\"https:\/\/kontesadora.hr\/stara\/wp-content\/gallery\/koncert-zivjeti-ljubav-25-06-2020\/thumbs\/thumbs_IMG_7844.JPG\"\n               data-image-id=\"5095\"\n               data-title=\"IMG_7844\"\n               data-description=\"\"\n               data-image-slug=\"img_7844\"\n               class=\"shutterset_23c8ec6d5307ecd608a02509823e3d95\">\n                <img\n                    title=\"IMG_7844\"\n                    alt=\"IMG_7844\"\n                    src=\"https:\/\/kontesadora.hr\/stara\/wp-content\/gallery\/koncert-zivjeti-ljubav-25-06-2020\/thumbs\/thumbs_IMG_7844.JPG\"\n                    width=\"100\"\n                    height=\"75\"\n                    style=\"max-width:100%;\"\n                \/>\n            <\/a>\n        <\/div>\n\t\t\t\t\t\t\t<\/div> \n\t\t\t\n        \n\t\t\t\t<div id=\"ngg-image-7\" class=\"ngg-gallery-thumbnail-box\" >\n\t\t\t\t        <div class=\"ngg-gallery-thumbnail\">\n            <a href=\"https:\/\/kontesadora.hr\/stara\/wp-content\/gallery\/koncert-zivjeti-ljubav-25-06-2020\/IMG_7843.JPG\"\n               title=\"\"\n               data-src=\"https:\/\/kontesadora.hr\/stara\/wp-content\/gallery\/koncert-zivjeti-ljubav-25-06-2020\/IMG_7843.JPG\"\n               data-thumbnail=\"https:\/\/kontesadora.hr\/stara\/wp-content\/gallery\/koncert-zivjeti-ljubav-25-06-2020\/thumbs\/thumbs_IMG_7843.JPG\"\n               data-image-id=\"5094\"\n               data-title=\"IMG_7843\"\n               data-description=\"\"\n               data-image-slug=\"img_7843\"\n               class=\"shutterset_23c8ec6d5307ecd608a02509823e3d95\">\n                <img\n                    title=\"IMG_7843\"\n                    alt=\"IMG_7843\"\n                    src=\"https:\/\/kontesadora.hr\/stara\/wp-content\/gallery\/koncert-zivjeti-ljubav-25-06-2020\/thumbs\/thumbs_IMG_7843.JPG\"\n                    width=\"100\"\n                    height=\"75\"\n                    style=\"max-width:100%;\"\n                \/>\n            <\/a>\n        <\/div>\n\t\t\t\t\t\t\t<\/div> \n\t\t\t\n        \n\t\t\t\t<div id=\"ngg-image-8\" class=\"ngg-gallery-thumbnail-box\" >\n\t\t\t\t        <div class=\"ngg-gallery-thumbnail\">\n            <a href=\"https:\/\/kontesadora.hr\/stara\/wp-content\/gallery\/koncert-zivjeti-ljubav-25-06-2020\/IMG_7842.JPG\"\n               title=\"\"\n               data-src=\"https:\/\/kontesadora.hr\/stara\/wp-content\/gallery\/koncert-zivjeti-ljubav-25-06-2020\/IMG_7842.JPG\"\n               data-thumbnail=\"https:\/\/kontesadora.hr\/stara\/wp-content\/gallery\/koncert-zivjeti-ljubav-25-06-2020\/thumbs\/thumbs_IMG_7842.JPG\"\n               data-image-id=\"5093\"\n               data-title=\"IMG_7842\"\n               data-description=\"\"\n               data-image-slug=\"img_7842\"\n               class=\"shutterset_23c8ec6d5307ecd608a02509823e3d95\">\n                <img\n                    title=\"IMG_7842\"\n                    alt=\"IMG_7842\"\n                    src=\"https:\/\/kontesadora.hr\/stara\/wp-content\/gallery\/koncert-zivjeti-ljubav-25-06-2020\/thumbs\/thumbs_IMG_7842.JPG\"\n                    width=\"100\"\n                    height=\"75\"\n                    style=\"max-width:100%;\"\n                \/>\n            <\/a>\n        <\/div>\n\t\t\t\t\t\t\t<\/div> \n\t\t\t\n        \n\t\t\t\t<div id=\"ngg-image-9\" class=\"ngg-gallery-thumbnail-box\" >\n\t\t\t\t        <div class=\"ngg-gallery-thumbnail\">\n            <a href=\"https:\/\/kontesadora.hr\/stara\/wp-content\/gallery\/koncert-zivjeti-ljubav-25-06-2020\/IMG_7841.JPG\"\n               title=\"\"\n               data-src=\"https:\/\/kontesadora.hr\/stara\/wp-content\/gallery\/koncert-zivjeti-ljubav-25-06-2020\/IMG_7841.JPG\"\n               data-thumbnail=\"https:\/\/kontesadora.hr\/stara\/wp-content\/gallery\/koncert-zivjeti-ljubav-25-06-2020\/thumbs\/thumbs_IMG_7841.JPG\"\n               data-image-id=\"5092\"\n               data-title=\"IMG_7841\"\n               data-description=\"\"\n               data-image-slug=\"img_7841\"\n               class=\"shutterset_23c8ec6d5307ecd608a02509823e3d95\">\n                <img\n                    title=\"IMG_7841\"\n                    alt=\"IMG_7841\"\n                    src=\"https:\/\/kontesadora.hr\/stara\/wp-content\/gallery\/koncert-zivjeti-ljubav-25-06-2020\/thumbs\/thumbs_IMG_7841.JPG\"\n                    width=\"100\"\n                    height=\"75\"\n                    style=\"max-width:100%;\"\n                \/>\n            <\/a>\n        <\/div>\n\t\t\t\t\t\t\t<\/div> \n\t\t\t\n        \n\t\t\t\t<div id=\"ngg-image-10\" class=\"ngg-gallery-thumbnail-box\" >\n\t\t\t\t        <div class=\"ngg-gallery-thumbnail\">\n            <a href=\"https:\/\/kontesadora.hr\/stara\/wp-content\/gallery\/koncert-zivjeti-ljubav-25-06-2020\/IMG_7840.JPG\"\n               title=\"\"\n               data-src=\"https:\/\/kontesadora.hr\/stara\/wp-content\/gallery\/koncert-zivjeti-ljubav-25-06-2020\/IMG_7840.JPG\"\n               data-thumbnail=\"https:\/\/kontesadora.hr\/stara\/wp-content\/gallery\/koncert-zivjeti-ljubav-25-06-2020\/thumbs\/thumbs_IMG_7840.JPG\"\n               data-image-id=\"5091\"\n               data-title=\"IMG_7840\"\n               data-description=\"\"\n               data-image-slug=\"img_7840\"\n               class=\"shutterset_23c8ec6d5307ecd608a02509823e3d95\">\n                <img\n                    title=\"IMG_7840\"\n                    alt=\"IMG_7840\"\n                    src=\"https:\/\/kontesadora.hr\/stara\/wp-content\/gallery\/koncert-zivjeti-ljubav-25-06-2020\/thumbs\/thumbs_IMG_7840.JPG\"\n                    width=\"100\"\n                    height=\"75\"\n                    style=\"max-width:100%;\"\n                \/>\n            <\/a>\n        <\/div>\n\t\t\t\t\t\t\t<\/div> \n\t\t\t\n        \n\t\t\t\t<div id=\"ngg-image-11\" class=\"ngg-gallery-thumbnail-box\" >\n\t\t\t\t        <div class=\"ngg-gallery-thumbnail\">\n            <a href=\"https:\/\/kontesadora.hr\/stara\/wp-content\/gallery\/koncert-zivjeti-ljubav-25-06-2020\/IMG_7839.JPG\"\n               title=\"\"\n               data-src=\"https:\/\/kontesadora.hr\/stara\/wp-content\/gallery\/koncert-zivjeti-ljubav-25-06-2020\/IMG_7839.JPG\"\n               data-thumbnail=\"https:\/\/kontesadora.hr\/stara\/wp-content\/gallery\/koncert-zivjeti-ljubav-25-06-2020\/thumbs\/thumbs_IMG_7839.JPG\"\n               data-image-id=\"5090\"\n               data-title=\"IMG_7839\"\n               data-description=\"\"\n               data-image-slug=\"img_7839\"\n               class=\"shutterset_23c8ec6d5307ecd608a02509823e3d95\">\n                <img\n                    title=\"IMG_7839\"\n                    alt=\"IMG_7839\"\n                    src=\"https:\/\/kontesadora.hr\/stara\/wp-content\/gallery\/koncert-zivjeti-ljubav-25-06-2020\/thumbs\/thumbs_IMG_7839.JPG\"\n                    width=\"100\"\n                    height=\"75\"\n                    style=\"max-width:100%;\"\n                \/>\n            <\/a>\n        <\/div>\n\t\t\t\t\t\t\t<\/div> \n\t\t\t\n        \n\t\t\t\t<div id=\"ngg-image-12\" class=\"ngg-gallery-thumbnail-box\" >\n\t\t\t\t        <div class=\"ngg-gallery-thumbnail\">\n            <a href=\"https:\/\/kontesadora.hr\/stara\/wp-content\/gallery\/koncert-zivjeti-ljubav-25-06-2020\/IMG_7838.JPG\"\n               title=\"\"\n               data-src=\"https:\/\/kontesadora.hr\/stara\/wp-content\/gallery\/koncert-zivjeti-ljubav-25-06-2020\/IMG_7838.JPG\"\n               data-thumbnail=\"https:\/\/kontesadora.hr\/stara\/wp-content\/gallery\/koncert-zivjeti-ljubav-25-06-2020\/thumbs\/thumbs_IMG_7838.JPG\"\n               data-image-id=\"5089\"\n               data-title=\"IMG_7838\"\n               data-description=\"\"\n               data-image-slug=\"img_7838\"\n               class=\"shutterset_23c8ec6d5307ecd608a02509823e3d95\">\n                <img\n                    title=\"IMG_7838\"\n                    alt=\"IMG_7838\"\n                    src=\"https:\/\/kontesadora.hr\/stara\/wp-content\/gallery\/koncert-zivjeti-ljubav-25-06-2020\/thumbs\/thumbs_IMG_7838.JPG\"\n                    width=\"100\"\n                    height=\"75\"\n                    style=\"max-width:100%;\"\n                \/>\n            <\/a>\n        <\/div>\n\t\t\t\t\t\t\t<\/div> \n\t\t\t\n        \n\t\t\t\t<div id=\"ngg-image-13\" class=\"ngg-gallery-thumbnail-box\" >\n\t\t\t\t        <div class=\"ngg-gallery-thumbnail\">\n            <a href=\"https:\/\/kontesadora.hr\/stara\/wp-content\/gallery\/koncert-zivjeti-ljubav-25-06-2020\/IMG_7837.JPG\"\n               title=\"\"\n               data-src=\"https:\/\/kontesadora.hr\/stara\/wp-content\/gallery\/koncert-zivjeti-ljubav-25-06-2020\/IMG_7837.JPG\"\n               data-thumbnail=\"https:\/\/kontesadora.hr\/stara\/wp-content\/gallery\/koncert-zivjeti-ljubav-25-06-2020\/thumbs\/thumbs_IMG_7837.JPG\"\n               data-image-id=\"5088\"\n               data-title=\"IMG_7837\"\n               data-description=\"\"\n               data-image-slug=\"img_7837\"\n               class=\"shutterset_23c8ec6d5307ecd608a02509823e3d95\">\n                <img\n                    title=\"IMG_7837\"\n                    alt=\"IMG_7837\"\n                    src=\"https:\/\/kontesadora.hr\/stara\/wp-content\/gallery\/koncert-zivjeti-ljubav-25-06-2020\/thumbs\/thumbs_IMG_7837.JPG\"\n                    width=\"100\"\n                    height=\"75\"\n                    style=\"max-width:100%;\"\n                \/>\n            <\/a>\n        <\/div>\n\t\t\t\t\t\t\t<\/div> \n\t\t\t\n        \n\t\t\t\t<div id=\"ngg-image-14\" class=\"ngg-gallery-thumbnail-box\" >\n\t\t\t\t        <div class=\"ngg-gallery-thumbnail\">\n            <a href=\"https:\/\/kontesadora.hr\/stara\/wp-content\/gallery\/koncert-zivjeti-ljubav-25-06-2020\/IMG_7836.JPG\"\n               title=\"\"\n               data-src=\"https:\/\/kontesadora.hr\/stara\/wp-content\/gallery\/koncert-zivjeti-ljubav-25-06-2020\/IMG_7836.JPG\"\n               data-thumbnail=\"https:\/\/kontesadora.hr\/stara\/wp-content\/gallery\/koncert-zivjeti-ljubav-25-06-2020\/thumbs\/thumbs_IMG_7836.JPG\"\n               data-image-id=\"5087\"\n               data-title=\"IMG_7836\"\n               data-description=\"\"\n               data-image-slug=\"img_7836\"\n               class=\"shutterset_23c8ec6d5307ecd608a02509823e3d95\">\n                <img\n                    title=\"IMG_7836\"\n                    alt=\"IMG_7836\"\n                    src=\"https:\/\/kontesadora.hr\/stara\/wp-content\/gallery\/koncert-zivjeti-ljubav-25-06-2020\/thumbs\/thumbs_IMG_7836.JPG\"\n                    width=\"100\"\n                    height=\"75\"\n                    style=\"max-width:100%;\"\n                \/>\n            <\/a>\n        <\/div>\n\t\t\t\t\t\t\t<\/div> \n\t\t\t\n        \n\t\t\t\t<div id=\"ngg-image-15\" class=\"ngg-gallery-thumbnail-box\" >\n\t\t\t\t        <div class=\"ngg-gallery-thumbnail\">\n            <a href=\"https:\/\/kontesadora.hr\/stara\/wp-content\/gallery\/koncert-zivjeti-ljubav-25-06-2020\/IMG_7835.JPG\"\n               title=\"\"\n               data-src=\"https:\/\/kontesadora.hr\/stara\/wp-content\/gallery\/koncert-zivjeti-ljubav-25-06-2020\/IMG_7835.JPG\"\n               data-thumbnail=\"https:\/\/kontesadora.hr\/stara\/wp-content\/gallery\/koncert-zivjeti-ljubav-25-06-2020\/thumbs\/thumbs_IMG_7835.JPG\"\n               data-image-id=\"5086\"\n               data-title=\"IMG_7835\"\n               data-description=\"\"\n               data-image-slug=\"img_7835\"\n               class=\"shutterset_23c8ec6d5307ecd608a02509823e3d95\">\n                <img\n                    title=\"IMG_7835\"\n                    alt=\"IMG_7835\"\n                    src=\"https:\/\/kontesadora.hr\/stara\/wp-content\/gallery\/koncert-zivjeti-ljubav-25-06-2020\/thumbs\/thumbs_IMG_7835.JPG\"\n                    width=\"100\"\n                    height=\"75\"\n                    style=\"max-width:100%;\"\n                \/>\n            <\/a>\n        <\/div>\n\t\t\t\t\t\t\t<\/div> \n\t\t\t\n        \n\t\t\t\t<div id=\"ngg-image-16\" class=\"ngg-gallery-thumbnail-box\" >\n\t\t\t\t        <div class=\"ngg-gallery-thumbnail\">\n            <a href=\"https:\/\/kontesadora.hr\/stara\/wp-content\/gallery\/koncert-zivjeti-ljubav-25-06-2020\/IMG_7834.JPG\"\n               title=\"\"\n               data-src=\"https:\/\/kontesadora.hr\/stara\/wp-content\/gallery\/koncert-zivjeti-ljubav-25-06-2020\/IMG_7834.JPG\"\n               data-thumbnail=\"https:\/\/kontesadora.hr\/stara\/wp-content\/gallery\/koncert-zivjeti-ljubav-25-06-2020\/thumbs\/thumbs_IMG_7834.JPG\"\n               data-image-id=\"5085\"\n               data-title=\"IMG_7834\"\n               data-description=\"\"\n               data-image-slug=\"img_7834\"\n               class=\"shutterset_23c8ec6d5307ecd608a02509823e3d95\">\n                <img\n                    title=\"IMG_7834\"\n                    alt=\"IMG_7834\"\n                    src=\"https:\/\/kontesadora.hr\/stara\/wp-content\/gallery\/koncert-zivjeti-ljubav-25-06-2020\/thumbs\/thumbs_IMG_7834.JPG\"\n                    width=\"100\"\n                    height=\"75\"\n                    style=\"max-width:100%;\"\n                \/>\n            <\/a>\n        <\/div>\n\t\t\t\t\t\t\t<\/div> \n\t\t\t\n        \n\t\t\t\t<div id=\"ngg-image-17\" class=\"ngg-gallery-thumbnail-box\" >\n\t\t\t\t        <div class=\"ngg-gallery-thumbnail\">\n            <a href=\"https:\/\/kontesadora.hr\/stara\/wp-content\/gallery\/koncert-zivjeti-ljubav-25-06-2020\/IMG_7833.JPG\"\n               title=\"\"\n               data-src=\"https:\/\/kontesadora.hr\/stara\/wp-content\/gallery\/koncert-zivjeti-ljubav-25-06-2020\/IMG_7833.JPG\"\n               data-thumbnail=\"https:\/\/kontesadora.hr\/stara\/wp-content\/gallery\/koncert-zivjeti-ljubav-25-06-2020\/thumbs\/thumbs_IMG_7833.JPG\"\n               data-image-id=\"5084\"\n               data-title=\"IMG_7833\"\n               data-description=\"\"\n               data-image-slug=\"img_7833\"\n               class=\"shutterset_23c8ec6d5307ecd608a02509823e3d95\">\n                <img\n                    title=\"IMG_7833\"\n                    alt=\"IMG_7833\"\n                    src=\"https:\/\/kontesadora.hr\/stara\/wp-content\/gallery\/koncert-zivjeti-ljubav-25-06-2020\/thumbs\/thumbs_IMG_7833.JPG\"\n                    width=\"100\"\n                    height=\"75\"\n                    style=\"max-width:100%;\"\n                \/>\n            <\/a>\n        <\/div>\n\t\t\t\t\t\t\t<\/div> \n\t\t\t\n        \n\t\t\t\t<div id=\"ngg-image-18\" class=\"ngg-gallery-thumbnail-box\" >\n\t\t\t\t        <div class=\"ngg-gallery-thumbnail\">\n            <a href=\"https:\/\/kontesadora.hr\/stara\/wp-content\/gallery\/koncert-zivjeti-ljubav-25-06-2020\/IMG_7832.JPG\"\n               title=\"\"\n               data-src=\"https:\/\/kontesadora.hr\/stara\/wp-content\/gallery\/koncert-zivjeti-ljubav-25-06-2020\/IMG_7832.JPG\"\n               data-thumbnail=\"https:\/\/kontesadora.hr\/stara\/wp-content\/gallery\/koncert-zivjeti-ljubav-25-06-2020\/thumbs\/thumbs_IMG_7832.JPG\"\n               data-image-id=\"5083\"\n               data-title=\"IMG_7832\"\n               data-description=\"\"\n               data-image-slug=\"img_7832\"\n               class=\"shutterset_23c8ec6d5307ecd608a02509823e3d95\">\n                <img\n                    title=\"IMG_7832\"\n                    alt=\"IMG_7832\"\n                    src=\"https:\/\/kontesadora.hr\/stara\/wp-content\/gallery\/koncert-zivjeti-ljubav-25-06-2020\/thumbs\/thumbs_IMG_7832.JPG\"\n                    width=\"100\"\n                    height=\"75\"\n                    style=\"max-width:100%;\"\n                \/>\n            <\/a>\n        <\/div>\n\t\t\t\t\t\t\t<\/div> \n\t\t\t\n        \n\t\t\t\t<div id=\"ngg-image-19\" class=\"ngg-gallery-thumbnail-box\" >\n\t\t\t\t        <div class=\"ngg-gallery-thumbnail\">\n            <a href=\"https:\/\/kontesadora.hr\/stara\/wp-content\/gallery\/koncert-zivjeti-ljubav-25-06-2020\/IMG_7831.JPG\"\n               title=\"\"\n               data-src=\"https:\/\/kontesadora.hr\/stara\/wp-content\/gallery\/koncert-zivjeti-ljubav-25-06-2020\/IMG_7831.JPG\"\n               data-thumbnail=\"https:\/\/kontesadora.hr\/stara\/wp-content\/gallery\/koncert-zivjeti-ljubav-25-06-2020\/thumbs\/thumbs_IMG_7831.JPG\"\n               data-image-id=\"5082\"\n               data-title=\"IMG_7831\"\n               data-description=\"\"\n               data-image-slug=\"img_7831\"\n               class=\"shutterset_23c8ec6d5307ecd608a02509823e3d95\">\n                <img\n                    title=\"IMG_7831\"\n                    alt=\"IMG_7831\"\n                    src=\"https:\/\/kontesadora.hr\/stara\/wp-content\/gallery\/koncert-zivjeti-ljubav-25-06-2020\/thumbs\/thumbs_IMG_7831.JPG\"\n                    width=\"100\"\n                    height=\"75\"\n                    style=\"max-width:100%;\"\n                \/>\n            <\/a>\n        <\/div>\n\t\t\t\t\t\t\t<\/div> \n\t\t\t\n        \n\t\t\n\t\t<!-- Pagination -->\n\t<div class='ngg-navigation'><span class='current'>1<\/span>\n<a class='page-numbers' data-pageid='2' href='https:\/\/kontesadora.hr\/stara\/galerija\/nggallery\/page\/2'>2<\/a>\n<span class='ellipsis'>...<\/span>\n<a class='page-numbers' data-pageid='5' href='https:\/\/kontesadora.hr\/stara\/galerija\/nggallery\/page\/5'>5<\/a>\n<a class='prev' href='https:\/\/kontesadora.hr\/stara\/galerija\/nggallery\/page\/2' data-pageid=2>&#9658;<\/a><\/div>\t<\/div>\n Koncert \u017divjeti ljubav, 25. lipnja 2020.godine<\/p>\n<!-- index.php -->\n<div\n\tclass=\"ngg-galleryoverview ngg-ajax-pagination-none\"\n\tid=\"ngg-gallery-a1cb80f0736a3565e2bb2510b7c1f06a-1\">\n\n    \t<div class=\"slideshowlink\">\n        <a href='https:\/\/kontesadora.hr\/stara\/galerija\/nggallery\/slideshow'>[Show as slideshow]<\/a>\n\t\t\n\t<\/div>\n\t\t\t<!-- Thumbnails -->\n\t\t\t\t<div id=\"ngg-image-0\" class=\"ngg-gallery-thumbnail-box\" >\n\t\t\t\t        <div class=\"ngg-gallery-thumbnail\">\n            <a href=\"https:\/\/kontesadora.hr\/stara\/wp-content\/gallery\/tamburaski-orkestra-osnovne-glazbene-skole-kontesa-dora-i-tamburasko-drustvo-dora-pejacevic-nasice-u-ljubljani\/DSC_2179.JPG\"\n               title=\"\"\n               data-src=\"https:\/\/kontesadora.hr\/stara\/wp-content\/gallery\/tamburaski-orkestra-osnovne-glazbene-skole-kontesa-dora-i-tamburasko-drustvo-dora-pejacevic-nasice-u-ljubljani\/DSC_2179.JPG\"\n               data-thumbnail=\"https:\/\/kontesadora.hr\/stara\/wp-content\/gallery\/tamburaski-orkestra-osnovne-glazbene-skole-kontesa-dora-i-tamburasko-drustvo-dora-pejacevic-nasice-u-ljubljani\/thumbs\/thumbs_DSC_2179.JPG\"\n               data-image-id=\"5014\"\n               data-title=\"DSC_2179\"\n               data-description=\"\"\n               data-image-slug=\"dsc_2179\"\n               class=\"shutterset_a1cb80f0736a3565e2bb2510b7c1f06a\">\n                <img\n                    title=\"DSC_2179\"\n                    alt=\"DSC_2179\"\n                    src=\"https:\/\/kontesadora.hr\/stara\/wp-content\/gallery\/tamburaski-orkestra-osnovne-glazbene-skole-kontesa-dora-i-tamburasko-drustvo-dora-pejacevic-nasice-u-ljubljani\/thumbs\/thumbs_DSC_2179.JPG\"\n                    width=\"100\"\n                    height=\"75\"\n                    style=\"max-width:100%;\"\n                \/>\n            <\/a>\n        <\/div>\n\t\t\t\t\t\t\t<\/div> \n\t\t\t\n        \n\t\t\t\t<div id=\"ngg-image-1\" class=\"ngg-gallery-thumbnail-box\" >\n\t\t\t\t        <div class=\"ngg-gallery-thumbnail\">\n            <a href=\"https:\/\/kontesadora.hr\/stara\/wp-content\/gallery\/tamburaski-orkestra-osnovne-glazbene-skole-kontesa-dora-i-tamburasko-drustvo-dora-pejacevic-nasice-u-ljubljani\/DSC_2178.JPG\"\n               title=\"\"\n               data-src=\"https:\/\/kontesadora.hr\/stara\/wp-content\/gallery\/tamburaski-orkestra-osnovne-glazbene-skole-kontesa-dora-i-tamburasko-drustvo-dora-pejacevic-nasice-u-ljubljani\/DSC_2178.JPG\"\n               data-thumbnail=\"https:\/\/kontesadora.hr\/stara\/wp-content\/gallery\/tamburaski-orkestra-osnovne-glazbene-skole-kontesa-dora-i-tamburasko-drustvo-dora-pejacevic-nasice-u-ljubljani\/thumbs\/thumbs_DSC_2178.JPG\"\n               data-image-id=\"5013\"\n               data-title=\"DSC_2178\"\n               data-description=\"\"\n               data-image-slug=\"dsc_2178\"\n               class=\"shutterset_a1cb80f0736a3565e2bb2510b7c1f06a\">\n                <img\n                    title=\"DSC_2178\"\n                    alt=\"DSC_2178\"\n                    src=\"https:\/\/kontesadora.hr\/stara\/wp-content\/gallery\/tamburaski-orkestra-osnovne-glazbene-skole-kontesa-dora-i-tamburasko-drustvo-dora-pejacevic-nasice-u-ljubljani\/thumbs\/thumbs_DSC_2178.JPG\"\n                    width=\"100\"\n                    height=\"75\"\n                    style=\"max-width:100%;\"\n                \/>\n            <\/a>\n        <\/div>\n\t\t\t\t\t\t\t<\/div> \n\t\t\t\n        \n\t\t\t\t<div id=\"ngg-image-2\" class=\"ngg-gallery-thumbnail-box\" >\n\t\t\t\t        <div class=\"ngg-gallery-thumbnail\">\n            <a href=\"https:\/\/kontesadora.hr\/stara\/wp-content\/gallery\/tamburaski-orkestra-osnovne-glazbene-skole-kontesa-dora-i-tamburasko-drustvo-dora-pejacevic-nasice-u-ljubljani\/DSC_2177.JPG\"\n               title=\"\"\n               data-src=\"https:\/\/kontesadora.hr\/stara\/wp-content\/gallery\/tamburaski-orkestra-osnovne-glazbene-skole-kontesa-dora-i-tamburasko-drustvo-dora-pejacevic-nasice-u-ljubljani\/DSC_2177.JPG\"\n               data-thumbnail=\"https:\/\/kontesadora.hr\/stara\/wp-content\/gallery\/tamburaski-orkestra-osnovne-glazbene-skole-kontesa-dora-i-tamburasko-drustvo-dora-pejacevic-nasice-u-ljubljani\/thumbs\/thumbs_DSC_2177.JPG\"\n               data-image-id=\"5012\"\n               data-title=\"DSC_2177\"\n               data-description=\"\"\n               data-image-slug=\"dsc_2177\"\n               class=\"shutterset_a1cb80f0736a3565e2bb2510b7c1f06a\">\n                <img\n                    title=\"DSC_2177\"\n                    alt=\"DSC_2177\"\n                    src=\"https:\/\/kontesadora.hr\/stara\/wp-content\/gallery\/tamburaski-orkestra-osnovne-glazbene-skole-kontesa-dora-i-tamburasko-drustvo-dora-pejacevic-nasice-u-ljubljani\/thumbs\/thumbs_DSC_2177.JPG\"\n                    width=\"100\"\n                    height=\"75\"\n                    style=\"max-width:100%;\"\n                \/>\n            <\/a>\n        <\/div>\n\t\t\t\t\t\t\t<\/div> \n\t\t\t\n        \n\t\t\t\t<div id=\"ngg-image-3\" class=\"ngg-gallery-thumbnail-box\" >\n\t\t\t\t        <div class=\"ngg-gallery-thumbnail\">\n            <a href=\"https:\/\/kontesadora.hr\/stara\/wp-content\/gallery\/tamburaski-orkestra-osnovne-glazbene-skole-kontesa-dora-i-tamburasko-drustvo-dora-pejacevic-nasice-u-ljubljani\/DSC_2175.JPG\"\n               title=\"\"\n               data-src=\"https:\/\/kontesadora.hr\/stara\/wp-content\/gallery\/tamburaski-orkestra-osnovne-glazbene-skole-kontesa-dora-i-tamburasko-drustvo-dora-pejacevic-nasice-u-ljubljani\/DSC_2175.JPG\"\n               data-thumbnail=\"https:\/\/kontesadora.hr\/stara\/wp-content\/gallery\/tamburaski-orkestra-osnovne-glazbene-skole-kontesa-dora-i-tamburasko-drustvo-dora-pejacevic-nasice-u-ljubljani\/thumbs\/thumbs_DSC_2175.JPG\"\n               data-image-id=\"5011\"\n               data-title=\"DSC_2175\"\n               data-description=\"\"\n               data-image-slug=\"dsc_2175\"\n               class=\"shutterset_a1cb80f0736a3565e2bb2510b7c1f06a\">\n                <img\n                    title=\"DSC_2175\"\n                    alt=\"DSC_2175\"\n                    src=\"https:\/\/kontesadora.hr\/stara\/wp-content\/gallery\/tamburaski-orkestra-osnovne-glazbene-skole-kontesa-dora-i-tamburasko-drustvo-dora-pejacevic-nasice-u-ljubljani\/thumbs\/thumbs_DSC_2175.JPG\"\n                    width=\"100\"\n                    height=\"75\"\n                    style=\"max-width:100%;\"\n                \/>\n            <\/a>\n        <\/div>\n\t\t\t\t\t\t\t<\/div> \n\t\t\t\n        \n\t\t\t\t<div id=\"ngg-image-4\" class=\"ngg-gallery-thumbnail-box\" >\n\t\t\t\t        <div class=\"ngg-gallery-thumbnail\">\n            <a href=\"https:\/\/kontesadora.hr\/stara\/wp-content\/gallery\/tamburaski-orkestra-osnovne-glazbene-skole-kontesa-dora-i-tamburasko-drustvo-dora-pejacevic-nasice-u-ljubljani\/DSC_2173.JPG\"\n               title=\"\"\n               data-src=\"https:\/\/kontesadora.hr\/stara\/wp-content\/gallery\/tamburaski-orkestra-osnovne-glazbene-skole-kontesa-dora-i-tamburasko-drustvo-dora-pejacevic-nasice-u-ljubljani\/DSC_2173.JPG\"\n               data-thumbnail=\"https:\/\/kontesadora.hr\/stara\/wp-content\/gallery\/tamburaski-orkestra-osnovne-glazbene-skole-kontesa-dora-i-tamburasko-drustvo-dora-pejacevic-nasice-u-ljubljani\/thumbs\/thumbs_DSC_2173.JPG\"\n               data-image-id=\"5010\"\n               data-title=\"DSC_2173\"\n               data-description=\"\"\n               data-image-slug=\"dsc_2173\"\n               class=\"shutterset_a1cb80f0736a3565e2bb2510b7c1f06a\">\n                <img\n                    title=\"DSC_2173\"\n                    alt=\"DSC_2173\"\n                    src=\"https:\/\/kontesadora.hr\/stara\/wp-content\/gallery\/tamburaski-orkestra-osnovne-glazbene-skole-kontesa-dora-i-tamburasko-drustvo-dora-pejacevic-nasice-u-ljubljani\/thumbs\/thumbs_DSC_2173.JPG\"\n                    width=\"100\"\n                    height=\"75\"\n                    style=\"max-width:100%;\"\n                \/>\n            <\/a>\n        <\/div>\n\t\t\t\t\t\t\t<\/div> \n\t\t\t\n        \n\t\t\t\t<div id=\"ngg-image-5\" class=\"ngg-gallery-thumbnail-box\" >\n\t\t\t\t        <div class=\"ngg-gallery-thumbnail\">\n            <a href=\"https:\/\/kontesadora.hr\/stara\/wp-content\/gallery\/tamburaski-orkestra-osnovne-glazbene-skole-kontesa-dora-i-tamburasko-drustvo-dora-pejacevic-nasice-u-ljubljani\/DSC_2170.JPG\"\n               title=\"\"\n               data-src=\"https:\/\/kontesadora.hr\/stara\/wp-content\/gallery\/tamburaski-orkestra-osnovne-glazbene-skole-kontesa-dora-i-tamburasko-drustvo-dora-pejacevic-nasice-u-ljubljani\/DSC_2170.JPG\"\n               data-thumbnail=\"https:\/\/kontesadora.hr\/stara\/wp-content\/gallery\/tamburaski-orkestra-osnovne-glazbene-skole-kontesa-dora-i-tamburasko-drustvo-dora-pejacevic-nasice-u-ljubljani\/thumbs\/thumbs_DSC_2170.JPG\"\n               data-image-id=\"5009\"\n               data-title=\"DSC_2170\"\n               data-description=\"\"\n               data-image-slug=\"dsc_2170\"\n               class=\"shutterset_a1cb80f0736a3565e2bb2510b7c1f06a\">\n                <img\n                    title=\"DSC_2170\"\n                    alt=\"DSC_2170\"\n                    src=\"https:\/\/kontesadora.hr\/stara\/wp-content\/gallery\/tamburaski-orkestra-osnovne-glazbene-skole-kontesa-dora-i-tamburasko-drustvo-dora-pejacevic-nasice-u-ljubljani\/thumbs\/thumbs_DSC_2170.JPG\"\n                    width=\"100\"\n                    height=\"75\"\n                    style=\"max-width:100%;\"\n                \/>\n            <\/a>\n        <\/div>\n\t\t\t\t\t\t\t<\/div> \n\t\t\t\n        \n\t\t\t\t<div id=\"ngg-image-6\" class=\"ngg-gallery-thumbnail-box\" >\n\t\t\t\t        <div class=\"ngg-gallery-thumbnail\">\n            <a href=\"https:\/\/kontesadora.hr\/stara\/wp-content\/gallery\/tamburaski-orkestra-osnovne-glazbene-skole-kontesa-dora-i-tamburasko-drustvo-dora-pejacevic-nasice-u-ljubljani\/DSC_2169.JPG\"\n               title=\"\"\n               data-src=\"https:\/\/kontesadora.hr\/stara\/wp-content\/gallery\/tamburaski-orkestra-osnovne-glazbene-skole-kontesa-dora-i-tamburasko-drustvo-dora-pejacevic-nasice-u-ljubljani\/DSC_2169.JPG\"\n               data-thumbnail=\"https:\/\/kontesadora.hr\/stara\/wp-content\/gallery\/tamburaski-orkestra-osnovne-glazbene-skole-kontesa-dora-i-tamburasko-drustvo-dora-pejacevic-nasice-u-ljubljani\/thumbs\/thumbs_DSC_2169.JPG\"\n               data-image-id=\"5008\"\n               data-title=\"DSC_2169\"\n               data-description=\"\"\n               data-image-slug=\"dsc_2169\"\n               class=\"shutterset_a1cb80f0736a3565e2bb2510b7c1f06a\">\n                <img\n                    title=\"DSC_2169\"\n                    alt=\"DSC_2169\"\n                    src=\"https:\/\/kontesadora.hr\/stara\/wp-content\/gallery\/tamburaski-orkestra-osnovne-glazbene-skole-kontesa-dora-i-tamburasko-drustvo-dora-pejacevic-nasice-u-ljubljani\/thumbs\/thumbs_DSC_2169.JPG\"\n                    width=\"100\"\n                    height=\"75\"\n                    style=\"max-width:100%;\"\n                \/>\n            <\/a>\n        <\/div>\n\t\t\t\t\t\t\t<\/div> \n\t\t\t\n        \n\t\t\t\t<div id=\"ngg-image-7\" class=\"ngg-gallery-thumbnail-box\" >\n\t\t\t\t        <div class=\"ngg-gallery-thumbnail\">\n            <a href=\"https:\/\/kontesadora.hr\/stara\/wp-content\/gallery\/tamburaski-orkestra-osnovne-glazbene-skole-kontesa-dora-i-tamburasko-drustvo-dora-pejacevic-nasice-u-ljubljani\/DSC_2168.JPG\"\n               title=\"\"\n               data-src=\"https:\/\/kontesadora.hr\/stara\/wp-content\/gallery\/tamburaski-orkestra-osnovne-glazbene-skole-kontesa-dora-i-tamburasko-drustvo-dora-pejacevic-nasice-u-ljubljani\/DSC_2168.JPG\"\n               data-thumbnail=\"https:\/\/kontesadora.hr\/stara\/wp-content\/gallery\/tamburaski-orkestra-osnovne-glazbene-skole-kontesa-dora-i-tamburasko-drustvo-dora-pejacevic-nasice-u-ljubljani\/thumbs\/thumbs_DSC_2168.JPG\"\n               data-image-id=\"5007\"\n               data-title=\"DSC_2168\"\n               data-description=\"\"\n               data-image-slug=\"dsc_2168\"\n               class=\"shutterset_a1cb80f0736a3565e2bb2510b7c1f06a\">\n                <img\n                    title=\"DSC_2168\"\n                    alt=\"DSC_2168\"\n                    src=\"https:\/\/kontesadora.hr\/stara\/wp-content\/gallery\/tamburaski-orkestra-osnovne-glazbene-skole-kontesa-dora-i-tamburasko-drustvo-dora-pejacevic-nasice-u-ljubljani\/thumbs\/thumbs_DSC_2168.JPG\"\n                    width=\"100\"\n                    height=\"75\"\n                    style=\"max-width:100%;\"\n                \/>\n            <\/a>\n        <\/div>\n\t\t\t\t\t\t\t<\/div> \n\t\t\t\n        \n\t\t\t\t<div id=\"ngg-image-8\" class=\"ngg-gallery-thumbnail-box\" >\n\t\t\t\t        <div class=\"ngg-gallery-thumbnail\">\n            <a href=\"https:\/\/kontesadora.hr\/stara\/wp-content\/gallery\/tamburaski-orkestra-osnovne-glazbene-skole-kontesa-dora-i-tamburasko-drustvo-dora-pejacevic-nasice-u-ljubljani\/DSC_2167.JPG\"\n               title=\"\"\n               data-src=\"https:\/\/kontesadora.hr\/stara\/wp-content\/gallery\/tamburaski-orkestra-osnovne-glazbene-skole-kontesa-dora-i-tamburasko-drustvo-dora-pejacevic-nasice-u-ljubljani\/DSC_2167.JPG\"\n               data-thumbnail=\"https:\/\/kontesadora.hr\/stara\/wp-content\/gallery\/tamburaski-orkestra-osnovne-glazbene-skole-kontesa-dora-i-tamburasko-drustvo-dora-pejacevic-nasice-u-ljubljani\/thumbs\/thumbs_DSC_2167.JPG\"\n               data-image-id=\"5006\"\n               data-title=\"DSC_2167\"\n               data-description=\"\"\n               data-image-slug=\"dsc_2167\"\n               class=\"shutterset_a1cb80f0736a3565e2bb2510b7c1f06a\">\n                <img\n                    title=\"DSC_2167\"\n                    alt=\"DSC_2167\"\n                    src=\"https:\/\/kontesadora.hr\/stara\/wp-content\/gallery\/tamburaski-orkestra-osnovne-glazbene-skole-kontesa-dora-i-tamburasko-drustvo-dora-pejacevic-nasice-u-ljubljani\/thumbs\/thumbs_DSC_2167.JPG\"\n                    width=\"100\"\n                    height=\"75\"\n                    style=\"max-width:100%;\"\n                \/>\n            <\/a>\n        <\/div>\n\t\t\t\t\t\t\t<\/div> \n\t\t\t\n        \n\t\t\t\t<div id=\"ngg-image-9\" class=\"ngg-gallery-thumbnail-box\" >\n\t\t\t\t        <div class=\"ngg-gallery-thumbnail\">\n            <a href=\"https:\/\/kontesadora.hr\/stara\/wp-content\/gallery\/tamburaski-orkestra-osnovne-glazbene-skole-kontesa-dora-i-tamburasko-drustvo-dora-pejacevic-nasice-u-ljubljani\/DSC_2166.JPG\"\n               title=\"\"\n               data-src=\"https:\/\/kontesadora.hr\/stara\/wp-content\/gallery\/tamburaski-orkestra-osnovne-glazbene-skole-kontesa-dora-i-tamburasko-drustvo-dora-pejacevic-nasice-u-ljubljani\/DSC_2166.JPG\"\n               data-thumbnail=\"https:\/\/kontesadora.hr\/stara\/wp-content\/gallery\/tamburaski-orkestra-osnovne-glazbene-skole-kontesa-dora-i-tamburasko-drustvo-dora-pejacevic-nasice-u-ljubljani\/thumbs\/thumbs_DSC_2166.JPG\"\n               data-image-id=\"5005\"\n               data-title=\"DSC_2166\"\n               data-description=\"\"\n               data-image-slug=\"dsc_2166\"\n               class=\"shutterset_a1cb80f0736a3565e2bb2510b7c1f06a\">\n                <img\n                    title=\"DSC_2166\"\n                    alt=\"DSC_2166\"\n                    src=\"https:\/\/kontesadora.hr\/stara\/wp-content\/gallery\/tamburaski-orkestra-osnovne-glazbene-skole-kontesa-dora-i-tamburasko-drustvo-dora-pejacevic-nasice-u-ljubljani\/thumbs\/thumbs_DSC_2166.JPG\"\n                    width=\"100\"\n                    height=\"75\"\n                    style=\"max-width:100%;\"\n                \/>\n            <\/a>\n        <\/div>\n\t\t\t\t\t\t\t<\/div> \n\t\t\t\n        \n\t\t\t\t<div id=\"ngg-image-10\" class=\"ngg-gallery-thumbnail-box\" >\n\t\t\t\t        <div class=\"ngg-gallery-thumbnail\">\n            <a href=\"https:\/\/kontesadora.hr\/stara\/wp-content\/gallery\/tamburaski-orkestra-osnovne-glazbene-skole-kontesa-dora-i-tamburasko-drustvo-dora-pejacevic-nasice-u-ljubljani\/DSC_2165.JPG\"\n               title=\"\"\n               data-src=\"https:\/\/kontesadora.hr\/stara\/wp-content\/gallery\/tamburaski-orkestra-osnovne-glazbene-skole-kontesa-dora-i-tamburasko-drustvo-dora-pejacevic-nasice-u-ljubljani\/DSC_2165.JPG\"\n               data-thumbnail=\"https:\/\/kontesadora.hr\/stara\/wp-content\/gallery\/tamburaski-orkestra-osnovne-glazbene-skole-kontesa-dora-i-tamburasko-drustvo-dora-pejacevic-nasice-u-ljubljani\/thumbs\/thumbs_DSC_2165.JPG\"\n               data-image-id=\"5004\"\n               data-title=\"DSC_2165\"\n               data-description=\"\"\n               data-image-slug=\"dsc_2165\"\n               class=\"shutterset_a1cb80f0736a3565e2bb2510b7c1f06a\">\n                <img\n                    title=\"DSC_2165\"\n                    alt=\"DSC_2165\"\n                    src=\"https:\/\/kontesadora.hr\/stara\/wp-content\/gallery\/tamburaski-orkestra-osnovne-glazbene-skole-kontesa-dora-i-tamburasko-drustvo-dora-pejacevic-nasice-u-ljubljani\/thumbs\/thumbs_DSC_2165.JPG\"\n                    width=\"100\"\n                    height=\"75\"\n                    style=\"max-width:100%;\"\n                \/>\n            <\/a>\n        <\/div>\n\t\t\t\t\t\t\t<\/div> \n\t\t\t\n        \n\t\t\t\t<div id=\"ngg-image-11\" class=\"ngg-gallery-thumbnail-box\" >\n\t\t\t\t        <div class=\"ngg-gallery-thumbnail\">\n            <a href=\"https:\/\/kontesadora.hr\/stara\/wp-content\/gallery\/tamburaski-orkestra-osnovne-glazbene-skole-kontesa-dora-i-tamburasko-drustvo-dora-pejacevic-nasice-u-ljubljani\/DSC_2159.JPG\"\n               title=\"\"\n               data-src=\"https:\/\/kontesadora.hr\/stara\/wp-content\/gallery\/tamburaski-orkestra-osnovne-glazbene-skole-kontesa-dora-i-tamburasko-drustvo-dora-pejacevic-nasice-u-ljubljani\/DSC_2159.JPG\"\n               data-thumbnail=\"https:\/\/kontesadora.hr\/stara\/wp-content\/gallery\/tamburaski-orkestra-osnovne-glazbene-skole-kontesa-dora-i-tamburasko-drustvo-dora-pejacevic-nasice-u-ljubljani\/thumbs\/thumbs_DSC_2159.JPG\"\n               data-image-id=\"5003\"\n               data-title=\"DSC_2159\"\n               data-description=\"\"\n               data-image-slug=\"dsc_2159\"\n               class=\"shutterset_a1cb80f0736a3565e2bb2510b7c1f06a\">\n                <img\n                    title=\"DSC_2159\"\n                    alt=\"DSC_2159\"\n                    src=\"https:\/\/kontesadora.hr\/stara\/wp-content\/gallery\/tamburaski-orkestra-osnovne-glazbene-skole-kontesa-dora-i-tamburasko-drustvo-dora-pejacevic-nasice-u-ljubljani\/thumbs\/thumbs_DSC_2159.JPG\"\n                    width=\"100\"\n                    height=\"75\"\n                    style=\"max-width:100%;\"\n                \/>\n            <\/a>\n        <\/div>\n\t\t\t\t\t\t\t<\/div> \n\t\t\t\n        \n\t\t\t\t<div id=\"ngg-image-12\" class=\"ngg-gallery-thumbnail-box\" >\n\t\t\t\t        <div class=\"ngg-gallery-thumbnail\">\n            <a href=\"https:\/\/kontesadora.hr\/stara\/wp-content\/gallery\/tamburaski-orkestra-osnovne-glazbene-skole-kontesa-dora-i-tamburasko-drustvo-dora-pejacevic-nasice-u-ljubljani\/DSC5907_resize.JPG\"\n               title=\"\"\n               data-src=\"https:\/\/kontesadora.hr\/stara\/wp-content\/gallery\/tamburaski-orkestra-osnovne-glazbene-skole-kontesa-dora-i-tamburasko-drustvo-dora-pejacevic-nasice-u-ljubljani\/DSC5907_resize.JPG\"\n               data-thumbnail=\"https:\/\/kontesadora.hr\/stara\/wp-content\/gallery\/tamburaski-orkestra-osnovne-glazbene-skole-kontesa-dora-i-tamburasko-drustvo-dora-pejacevic-nasice-u-ljubljani\/thumbs\/thumbs_DSC5907_resize.JPG\"\n               data-image-id=\"4965\"\n               data-title=\"DSC5907_resize\"\n               data-description=\"\"\n               data-image-slug=\"dsc5907_resize\"\n               class=\"shutterset_a1cb80f0736a3565e2bb2510b7c1f06a\">\n                <img\n                    title=\"DSC5907_resize\"\n                    alt=\"DSC5907_resize\"\n                    src=\"https:\/\/kontesadora.hr\/stara\/wp-content\/gallery\/tamburaski-orkestra-osnovne-glazbene-skole-kontesa-dora-i-tamburasko-drustvo-dora-pejacevic-nasice-u-ljubljani\/thumbs\/thumbs_DSC5907_resize.JPG\"\n                    width=\"100\"\n                    height=\"75\"\n                    style=\"max-width:100%;\"\n                \/>\n            <\/a>\n        <\/div>\n\t\t\t\t\t\t\t<\/div> \n\t\t\t\n        \n\t\t\t\t<div id=\"ngg-image-13\" class=\"ngg-gallery-thumbnail-box\" >\n\t\t\t\t        <div class=\"ngg-gallery-thumbnail\">\n            <a href=\"https:\/\/kontesadora.hr\/stara\/wp-content\/gallery\/tamburaski-orkestra-osnovne-glazbene-skole-kontesa-dora-i-tamburasko-drustvo-dora-pejacevic-nasice-u-ljubljani\/DSC5897_resize.JPG\"\n               title=\"\"\n               data-src=\"https:\/\/kontesadora.hr\/stara\/wp-content\/gallery\/tamburaski-orkestra-osnovne-glazbene-skole-kontesa-dora-i-tamburasko-drustvo-dora-pejacevic-nasice-u-ljubljani\/DSC5897_resize.JPG\"\n               data-thumbnail=\"https:\/\/kontesadora.hr\/stara\/wp-content\/gallery\/tamburaski-orkestra-osnovne-glazbene-skole-kontesa-dora-i-tamburasko-drustvo-dora-pejacevic-nasice-u-ljubljani\/thumbs\/thumbs_DSC5897_resize.JPG\"\n               data-image-id=\"4993\"\n               data-title=\"DSC5897_resize\"\n               data-description=\"\"\n               data-image-slug=\"dsc5897_resize\"\n               class=\"shutterset_a1cb80f0736a3565e2bb2510b7c1f06a\">\n                <img\n                    title=\"DSC5897_resize\"\n                    alt=\"DSC5897_resize\"\n                    src=\"https:\/\/kontesadora.hr\/stara\/wp-content\/gallery\/tamburaski-orkestra-osnovne-glazbene-skole-kontesa-dora-i-tamburasko-drustvo-dora-pejacevic-nasice-u-ljubljani\/thumbs\/thumbs_DSC5897_resize.JPG\"\n                    width=\"100\"\n                    height=\"75\"\n                    style=\"max-width:100%;\"\n                \/>\n            <\/a>\n        <\/div>\n\t\t\t\t\t\t\t<\/div> \n\t\t\t\n        \n\t\t\t\t<div id=\"ngg-image-14\" class=\"ngg-gallery-thumbnail-box\" >\n\t\t\t\t        <div class=\"ngg-gallery-thumbnail\">\n            <a href=\"https:\/\/kontesadora.hr\/stara\/wp-content\/gallery\/tamburaski-orkestra-osnovne-glazbene-skole-kontesa-dora-i-tamburasko-drustvo-dora-pejacevic-nasice-u-ljubljani\/DSC5882_resize.JPG\"\n               title=\"\"\n               data-src=\"https:\/\/kontesadora.hr\/stara\/wp-content\/gallery\/tamburaski-orkestra-osnovne-glazbene-skole-kontesa-dora-i-tamburasko-drustvo-dora-pejacevic-nasice-u-ljubljani\/DSC5882_resize.JPG\"\n               data-thumbnail=\"https:\/\/kontesadora.hr\/stara\/wp-content\/gallery\/tamburaski-orkestra-osnovne-glazbene-skole-kontesa-dora-i-tamburasko-drustvo-dora-pejacevic-nasice-u-ljubljani\/thumbs\/thumbs_DSC5882_resize.JPG\"\n               data-image-id=\"4992\"\n               data-title=\"DSC5882_resize\"\n               data-description=\"\"\n               data-image-slug=\"dsc5882_resize\"\n               class=\"shutterset_a1cb80f0736a3565e2bb2510b7c1f06a\">\n                <img\n                    title=\"DSC5882_resize\"\n                    alt=\"DSC5882_resize\"\n                    src=\"https:\/\/kontesadora.hr\/stara\/wp-content\/gallery\/tamburaski-orkestra-osnovne-glazbene-skole-kontesa-dora-i-tamburasko-drustvo-dora-pejacevic-nasice-u-ljubljani\/thumbs\/thumbs_DSC5882_resize.JPG\"\n                    width=\"100\"\n                    height=\"75\"\n                    style=\"max-width:100%;\"\n                \/>\n            <\/a>\n        <\/div>\n\t\t\t\t\t\t\t<\/div> \n\t\t\t\n        \n\t\t\t\t<div id=\"ngg-image-15\" class=\"ngg-gallery-thumbnail-box\" >\n\t\t\t\t        <div class=\"ngg-gallery-thumbnail\">\n            <a href=\"https:\/\/kontesadora.hr\/stara\/wp-content\/gallery\/tamburaski-orkestra-osnovne-glazbene-skole-kontesa-dora-i-tamburasko-drustvo-dora-pejacevic-nasice-u-ljubljani\/DSC5878_resize.JPG\"\n               title=\"\"\n               data-src=\"https:\/\/kontesadora.hr\/stara\/wp-content\/gallery\/tamburaski-orkestra-osnovne-glazbene-skole-kontesa-dora-i-tamburasko-drustvo-dora-pejacevic-nasice-u-ljubljani\/DSC5878_resize.JPG\"\n               data-thumbnail=\"https:\/\/kontesadora.hr\/stara\/wp-content\/gallery\/tamburaski-orkestra-osnovne-glazbene-skole-kontesa-dora-i-tamburasko-drustvo-dora-pejacevic-nasice-u-ljubljani\/thumbs\/thumbs_DSC5878_resize.JPG\"\n               data-image-id=\"4991\"\n               data-title=\"DSC5878_resize\"\n               data-description=\"\"\n               data-image-slug=\"dsc5878_resize\"\n               class=\"shutterset_a1cb80f0736a3565e2bb2510b7c1f06a\">\n                <img\n                    title=\"DSC5878_resize\"\n                    alt=\"DSC5878_resize\"\n                    src=\"https:\/\/kontesadora.hr\/stara\/wp-content\/gallery\/tamburaski-orkestra-osnovne-glazbene-skole-kontesa-dora-i-tamburasko-drustvo-dora-pejacevic-nasice-u-ljubljani\/thumbs\/thumbs_DSC5878_resize.JPG\"\n                    width=\"100\"\n                    height=\"75\"\n                    style=\"max-width:100%;\"\n                \/>\n            <\/a>\n        <\/div>\n\t\t\t\t\t\t\t<\/div> \n\t\t\t\n        \n\t\t\t\t<div id=\"ngg-image-16\" class=\"ngg-gallery-thumbnail-box\" >\n\t\t\t\t        <div class=\"ngg-gallery-thumbnail\">\n            <a href=\"https:\/\/kontesadora.hr\/stara\/wp-content\/gallery\/tamburaski-orkestra-osnovne-glazbene-skole-kontesa-dora-i-tamburasko-drustvo-dora-pejacevic-nasice-u-ljubljani\/DSC5872_resize.JPG\"\n               title=\"\"\n               data-src=\"https:\/\/kontesadora.hr\/stara\/wp-content\/gallery\/tamburaski-orkestra-osnovne-glazbene-skole-kontesa-dora-i-tamburasko-drustvo-dora-pejacevic-nasice-u-ljubljani\/DSC5872_resize.JPG\"\n               data-thumbnail=\"https:\/\/kontesadora.hr\/stara\/wp-content\/gallery\/tamburaski-orkestra-osnovne-glazbene-skole-kontesa-dora-i-tamburasko-drustvo-dora-pejacevic-nasice-u-ljubljani\/thumbs\/thumbs_DSC5872_resize.JPG\"\n               data-image-id=\"4990\"\n               data-title=\"DSC5872_resize\"\n               data-description=\"\"\n               data-image-slug=\"dsc5872_resize\"\n               class=\"shutterset_a1cb80f0736a3565e2bb2510b7c1f06a\">\n                <img\n                    title=\"DSC5872_resize\"\n                    alt=\"DSC5872_resize\"\n                    src=\"https:\/\/kontesadora.hr\/stara\/wp-content\/gallery\/tamburaski-orkestra-osnovne-glazbene-skole-kontesa-dora-i-tamburasko-drustvo-dora-pejacevic-nasice-u-ljubljani\/thumbs\/thumbs_DSC5872_resize.JPG\"\n                    width=\"100\"\n                    height=\"75\"\n                    style=\"max-width:100%;\"\n                \/>\n            <\/a>\n        <\/div>\n\t\t\t\t\t\t\t<\/div> \n\t\t\t\n        \n\t\t\t\t<div id=\"ngg-image-17\" class=\"ngg-gallery-thumbnail-box\" >\n\t\t\t\t        <div class=\"ngg-gallery-thumbnail\">\n            <a href=\"https:\/\/kontesadora.hr\/stara\/wp-content\/gallery\/tamburaski-orkestra-osnovne-glazbene-skole-kontesa-dora-i-tamburasko-drustvo-dora-pejacevic-nasice-u-ljubljani\/DSC5869_resize.JPG\"\n               title=\"\"\n               data-src=\"https:\/\/kontesadora.hr\/stara\/wp-content\/gallery\/tamburaski-orkestra-osnovne-glazbene-skole-kontesa-dora-i-tamburasko-drustvo-dora-pejacevic-nasice-u-ljubljani\/DSC5869_resize.JPG\"\n               data-thumbnail=\"https:\/\/kontesadora.hr\/stara\/wp-content\/gallery\/tamburaski-orkestra-osnovne-glazbene-skole-kontesa-dora-i-tamburasko-drustvo-dora-pejacevic-nasice-u-ljubljani\/thumbs\/thumbs_DSC5869_resize.JPG\"\n               data-image-id=\"5002\"\n               data-title=\"DSC5869_resize\"\n               data-description=\"\"\n               data-image-slug=\"dsc5869_resize\"\n               class=\"shutterset_a1cb80f0736a3565e2bb2510b7c1f06a\">\n                <img\n                    title=\"DSC5869_resize\"\n                    alt=\"DSC5869_resize\"\n                    src=\"https:\/\/kontesadora.hr\/stara\/wp-content\/gallery\/tamburaski-orkestra-osnovne-glazbene-skole-kontesa-dora-i-tamburasko-drustvo-dora-pejacevic-nasice-u-ljubljani\/thumbs\/thumbs_DSC5869_resize.JPG\"\n                    width=\"100\"\n                    height=\"75\"\n                    style=\"max-width:100%;\"\n                \/>\n            <\/a>\n        <\/div>\n\t\t\t\t\t\t\t<\/div> \n\t\t\t\n        \n\t\t\t\t<div id=\"ngg-image-18\" class=\"ngg-gallery-thumbnail-box\" >\n\t\t\t\t        <div class=\"ngg-gallery-thumbnail\">\n            <a href=\"https:\/\/kontesadora.hr\/stara\/wp-content\/gallery\/tamburaski-orkestra-osnovne-glazbene-skole-kontesa-dora-i-tamburasko-drustvo-dora-pejacevic-nasice-u-ljubljani\/DSC5866_resize.JPG\"\n               title=\"\"\n               data-src=\"https:\/\/kontesadora.hr\/stara\/wp-content\/gallery\/tamburaski-orkestra-osnovne-glazbene-skole-kontesa-dora-i-tamburasko-drustvo-dora-pejacevic-nasice-u-ljubljani\/DSC5866_resize.JPG\"\n               data-thumbnail=\"https:\/\/kontesadora.hr\/stara\/wp-content\/gallery\/tamburaski-orkestra-osnovne-glazbene-skole-kontesa-dora-i-tamburasko-drustvo-dora-pejacevic-nasice-u-ljubljani\/thumbs\/thumbs_DSC5866_resize.JPG\"\n               data-image-id=\"4964\"\n               data-title=\"DSC5866_resize\"\n               data-description=\"\"\n               data-image-slug=\"dsc5866_resize\"\n               class=\"shutterset_a1cb80f0736a3565e2bb2510b7c1f06a\">\n                <img\n                    title=\"DSC5866_resize\"\n                    alt=\"DSC5866_resize\"\n                    src=\"https:\/\/kontesadora.hr\/stara\/wp-content\/gallery\/tamburaski-orkestra-osnovne-glazbene-skole-kontesa-dora-i-tamburasko-drustvo-dora-pejacevic-nasice-u-ljubljani\/thumbs\/thumbs_DSC5866_resize.JPG\"\n                    width=\"100\"\n                    height=\"75\"\n                    style=\"max-width:100%;\"\n                \/>\n            <\/a>\n        <\/div>\n\t\t\t\t\t\t\t<\/div> \n\t\t\t\n        \n\t\t\t\t<div id=\"ngg-image-19\" class=\"ngg-gallery-thumbnail-box\" >\n\t\t\t\t        <div class=\"ngg-gallery-thumbnail\">\n            <a href=\"https:\/\/kontesadora.hr\/stara\/wp-content\/gallery\/tamburaski-orkestra-osnovne-glazbene-skole-kontesa-dora-i-tamburasko-drustvo-dora-pejacevic-nasice-u-ljubljani\/DSC5863_resize.JPG\"\n               title=\"\"\n               data-src=\"https:\/\/kontesadora.hr\/stara\/wp-content\/gallery\/tamburaski-orkestra-osnovne-glazbene-skole-kontesa-dora-i-tamburasko-drustvo-dora-pejacevic-nasice-u-ljubljani\/DSC5863_resize.JPG\"\n               data-thumbnail=\"https:\/\/kontesadora.hr\/stara\/wp-content\/gallery\/tamburaski-orkestra-osnovne-glazbene-skole-kontesa-dora-i-tamburasko-drustvo-dora-pejacevic-nasice-u-ljubljani\/thumbs\/thumbs_DSC5863_resize.JPG\"\n               data-image-id=\"4963\"\n               data-title=\"DSC5863_resize\"\n               data-description=\"\"\n               data-image-slug=\"dsc5863_resize\"\n               class=\"shutterset_a1cb80f0736a3565e2bb2510b7c1f06a\">\n                <img\n                    title=\"DSC5863_resize\"\n                    alt=\"DSC5863_resize\"\n                    src=\"https:\/\/kontesadora.hr\/stara\/wp-content\/gallery\/tamburaski-orkestra-osnovne-glazbene-skole-kontesa-dora-i-tamburasko-drustvo-dora-pejacevic-nasice-u-ljubljani\/thumbs\/thumbs_DSC5863_resize.JPG\"\n                    width=\"100\"\n                    height=\"75\"\n                    style=\"max-width:100%;\"\n                \/>\n            <\/a>\n        <\/div>\n\t\t\t\t\t\t\t<\/div> \n\t\t\t\n        \n\t\t\n\t\t<!-- Pagination -->\n\t<div class='ngg-navigation'><span class='current'>1<\/span>\n<a class='page-numbers' data-pageid='2' href='https:\/\/kontesadora.hr\/stara\/galerija\/nggallery\/page\/2'>2<\/a>\n<span class='ellipsis'>...<\/span>\n<a class='page-numbers' data-pageid='4' href='https:\/\/kontesadora.hr\/stara\/galerija\/nggallery\/page\/4'>4<\/a>\n<a class='prev' href='https:\/\/kontesadora.hr\/stara\/galerija\/nggallery\/page\/2' data-pageid=2>&#9658;<\/a><\/div>\t<\/div>\n Tambura\u0161ki orkestra Osnovne glazbene \u0161kole Kontesa Dora i Tambura\u0161ko dru\u0161tvo &#8220;Dora Peja\u010devi\u0107&#8221; Na\u0161ice u Ljubljani, 30. i 31. sije\u010dnja 2020.godine<\/p>\n<!-- index.php -->\n<div\n\tclass=\"ngg-galleryoverview ngg-ajax-pagination-none\"\n\tid=\"ngg-gallery-12a17a234af647cc00baec3a6be239a2-1\">\n\n    \t<div class=\"slideshowlink\">\n        <a href='https:\/\/kontesadora.hr\/stara\/galerija\/nggallery\/slideshow'>[Show as slideshow]<\/a>\n\t\t\n\t<\/div>\n\t\t\t<!-- Thumbnails -->\n\t\t\t\t<div id=\"ngg-image-0\" class=\"ngg-gallery-thumbnail-box\" >\n\t\t\t\t        <div class=\"ngg-gallery-thumbnail\">\n            <a href=\"https:\/\/kontesadora.hr\/stara\/wp-content\/gallery\/57-hrvatsko-natjecanje-ucenika-i-studenata-glazbe-muzicka-akademija-zagreb-4-7-12-2019\/IMG_4020.JPG\"\n               title=\"\"\n               data-src=\"https:\/\/kontesadora.hr\/stara\/wp-content\/gallery\/57-hrvatsko-natjecanje-ucenika-i-studenata-glazbe-muzicka-akademija-zagreb-4-7-12-2019\/IMG_4020.JPG\"\n               data-thumbnail=\"https:\/\/kontesadora.hr\/stara\/wp-content\/gallery\/57-hrvatsko-natjecanje-ucenika-i-studenata-glazbe-muzicka-akademija-zagreb-4-7-12-2019\/thumbs\/thumbs_IMG_4020.JPG\"\n               data-image-id=\"4943\"\n               data-title=\"IMG_4020\"\n               data-description=\"\"\n               data-image-slug=\"img_4020\"\n               class=\"shutterset_12a17a234af647cc00baec3a6be239a2\">\n                <img\n                    title=\"IMG_4020\"\n                    alt=\"IMG_4020\"\n                    src=\"https:\/\/kontesadora.hr\/stara\/wp-content\/gallery\/57-hrvatsko-natjecanje-ucenika-i-studenata-glazbe-muzicka-akademija-zagreb-4-7-12-2019\/thumbs\/thumbs_IMG_4020.JPG\"\n                    width=\"100\"\n                    height=\"75\"\n                    style=\"max-width:100%;\"\n                \/>\n            <\/a>\n        <\/div>\n\t\t\t\t\t\t\t<\/div> \n\t\t\t\n        \n\t\t\t\t<div id=\"ngg-image-1\" class=\"ngg-gallery-thumbnail-box\" >\n\t\t\t\t        <div class=\"ngg-gallery-thumbnail\">\n            <a href=\"https:\/\/kontesadora.hr\/stara\/wp-content\/gallery\/57-hrvatsko-natjecanje-ucenika-i-studenata-glazbe-muzicka-akademija-zagreb-4-7-12-2019\/IMG_4011.JPG\"\n               title=\"\"\n               data-src=\"https:\/\/kontesadora.hr\/stara\/wp-content\/gallery\/57-hrvatsko-natjecanje-ucenika-i-studenata-glazbe-muzicka-akademija-zagreb-4-7-12-2019\/IMG_4011.JPG\"\n               data-thumbnail=\"https:\/\/kontesadora.hr\/stara\/wp-content\/gallery\/57-hrvatsko-natjecanje-ucenika-i-studenata-glazbe-muzicka-akademija-zagreb-4-7-12-2019\/thumbs\/thumbs_IMG_4011.JPG\"\n               data-image-id=\"4942\"\n               data-title=\"IMG_4011\"\n               data-description=\"\"\n               data-image-slug=\"img_4011\"\n               class=\"shutterset_12a17a234af647cc00baec3a6be239a2\">\n                <img\n                    title=\"IMG_4011\"\n                    alt=\"IMG_4011\"\n                    src=\"https:\/\/kontesadora.hr\/stara\/wp-content\/gallery\/57-hrvatsko-natjecanje-ucenika-i-studenata-glazbe-muzicka-akademija-zagreb-4-7-12-2019\/thumbs\/thumbs_IMG_4011.JPG\"\n                    width=\"100\"\n                    height=\"75\"\n                    style=\"max-width:100%;\"\n                \/>\n            <\/a>\n        <\/div>\n\t\t\t\t\t\t\t<\/div> \n\t\t\t\n        \n\t\t\t\t<div id=\"ngg-image-2\" class=\"ngg-gallery-thumbnail-box\" >\n\t\t\t\t        <div class=\"ngg-gallery-thumbnail\">\n            <a href=\"https:\/\/kontesadora.hr\/stara\/wp-content\/gallery\/57-hrvatsko-natjecanje-ucenika-i-studenata-glazbe-muzicka-akademija-zagreb-4-7-12-2019\/IMG_4007.JPG\"\n               title=\"\"\n               data-src=\"https:\/\/kontesadora.hr\/stara\/wp-content\/gallery\/57-hrvatsko-natjecanje-ucenika-i-studenata-glazbe-muzicka-akademija-zagreb-4-7-12-2019\/IMG_4007.JPG\"\n               data-thumbnail=\"https:\/\/kontesadora.hr\/stara\/wp-content\/gallery\/57-hrvatsko-natjecanje-ucenika-i-studenata-glazbe-muzicka-akademija-zagreb-4-7-12-2019\/thumbs\/thumbs_IMG_4007.JPG\"\n               data-image-id=\"4941\"\n               data-title=\"IMG_4007\"\n               data-description=\"\"\n               data-image-slug=\"img_4007\"\n               class=\"shutterset_12a17a234af647cc00baec3a6be239a2\">\n                <img\n                    title=\"IMG_4007\"\n                    alt=\"IMG_4007\"\n                    src=\"https:\/\/kontesadora.hr\/stara\/wp-content\/gallery\/57-hrvatsko-natjecanje-ucenika-i-studenata-glazbe-muzicka-akademija-zagreb-4-7-12-2019\/thumbs\/thumbs_IMG_4007.JPG\"\n                    width=\"100\"\n                    height=\"75\"\n                    style=\"max-width:100%;\"\n                \/>\n            <\/a>\n        <\/div>\n\t\t\t\t\t\t\t<\/div> \n\t\t\t\n        \n\t\t\t\t<div id=\"ngg-image-3\" class=\"ngg-gallery-thumbnail-box\" >\n\t\t\t\t        <div class=\"ngg-gallery-thumbnail\">\n            <a href=\"https:\/\/kontesadora.hr\/stara\/wp-content\/gallery\/57-hrvatsko-natjecanje-ucenika-i-studenata-glazbe-muzicka-akademija-zagreb-4-7-12-2019\/IMG_4001.JPG\"\n               title=\"\"\n               data-src=\"https:\/\/kontesadora.hr\/stara\/wp-content\/gallery\/57-hrvatsko-natjecanje-ucenika-i-studenata-glazbe-muzicka-akademija-zagreb-4-7-12-2019\/IMG_4001.JPG\"\n               data-thumbnail=\"https:\/\/kontesadora.hr\/stara\/wp-content\/gallery\/57-hrvatsko-natjecanje-ucenika-i-studenata-glazbe-muzicka-akademija-zagreb-4-7-12-2019\/thumbs\/thumbs_IMG_4001.JPG\"\n               data-image-id=\"4940\"\n               data-title=\"IMG_4001\"\n               data-description=\"\"\n               data-image-slug=\"img_4001\"\n               class=\"shutterset_12a17a234af647cc00baec3a6be239a2\">\n                <img\n                    title=\"IMG_4001\"\n                    alt=\"IMG_4001\"\n                    src=\"https:\/\/kontesadora.hr\/stara\/wp-content\/gallery\/57-hrvatsko-natjecanje-ucenika-i-studenata-glazbe-muzicka-akademija-zagreb-4-7-12-2019\/thumbs\/thumbs_IMG_4001.JPG\"\n                    width=\"100\"\n                    height=\"75\"\n                    style=\"max-width:100%;\"\n                \/>\n            <\/a>\n        <\/div>\n\t\t\t\t\t\t\t<\/div> \n\t\t\t\n        \n\t\t\t\t<div id=\"ngg-image-4\" class=\"ngg-gallery-thumbnail-box\" >\n\t\t\t\t        <div class=\"ngg-gallery-thumbnail\">\n            <a href=\"https:\/\/kontesadora.hr\/stara\/wp-content\/gallery\/57-hrvatsko-natjecanje-ucenika-i-studenata-glazbe-muzicka-akademija-zagreb-4-7-12-2019\/IMG_3997.JPG\"\n               title=\"\"\n               data-src=\"https:\/\/kontesadora.hr\/stara\/wp-content\/gallery\/57-hrvatsko-natjecanje-ucenika-i-studenata-glazbe-muzicka-akademija-zagreb-4-7-12-2019\/IMG_3997.JPG\"\n               data-thumbnail=\"https:\/\/kontesadora.hr\/stara\/wp-content\/gallery\/57-hrvatsko-natjecanje-ucenika-i-studenata-glazbe-muzicka-akademija-zagreb-4-7-12-2019\/thumbs\/thumbs_IMG_3997.JPG\"\n               data-image-id=\"4939\"\n               data-title=\"IMG_3997\"\n               data-description=\"\"\n               data-image-slug=\"img_3997\"\n               class=\"shutterset_12a17a234af647cc00baec3a6be239a2\">\n                <img\n                    title=\"IMG_3997\"\n                    alt=\"IMG_3997\"\n                    src=\"https:\/\/kontesadora.hr\/stara\/wp-content\/gallery\/57-hrvatsko-natjecanje-ucenika-i-studenata-glazbe-muzicka-akademija-zagreb-4-7-12-2019\/thumbs\/thumbs_IMG_3997.JPG\"\n                    width=\"100\"\n                    height=\"75\"\n                    style=\"max-width:100%;\"\n                \/>\n            <\/a>\n        <\/div>\n\t\t\t\t\t\t\t<\/div> \n\t\t\t\n        \n\t\t\t\t<div id=\"ngg-image-5\" class=\"ngg-gallery-thumbnail-box\" >\n\t\t\t\t        <div class=\"ngg-gallery-thumbnail\">\n            <a href=\"https:\/\/kontesadora.hr\/stara\/wp-content\/gallery\/57-hrvatsko-natjecanje-ucenika-i-studenata-glazbe-muzicka-akademija-zagreb-4-7-12-2019\/IMG_3989.JPG\"\n               title=\"\"\n               data-src=\"https:\/\/kontesadora.hr\/stara\/wp-content\/gallery\/57-hrvatsko-natjecanje-ucenika-i-studenata-glazbe-muzicka-akademija-zagreb-4-7-12-2019\/IMG_3989.JPG\"\n               data-thumbnail=\"https:\/\/kontesadora.hr\/stara\/wp-content\/gallery\/57-hrvatsko-natjecanje-ucenika-i-studenata-glazbe-muzicka-akademija-zagreb-4-7-12-2019\/thumbs\/thumbs_IMG_3989.JPG\"\n               data-image-id=\"4938\"\n               data-title=\"IMG_3989\"\n               data-description=\"\"\n               data-image-slug=\"img_3989\"\n               class=\"shutterset_12a17a234af647cc00baec3a6be239a2\">\n                <img\n                    title=\"IMG_3989\"\n                    alt=\"IMG_3989\"\n                    src=\"https:\/\/kontesadora.hr\/stara\/wp-content\/gallery\/57-hrvatsko-natjecanje-ucenika-i-studenata-glazbe-muzicka-akademija-zagreb-4-7-12-2019\/thumbs\/thumbs_IMG_3989.JPG\"\n                    width=\"100\"\n                    height=\"75\"\n                    style=\"max-width:100%;\"\n                \/>\n            <\/a>\n        <\/div>\n\t\t\t\t\t\t\t<\/div> \n\t\t\t\n        \n\t\t\t\t<div id=\"ngg-image-6\" class=\"ngg-gallery-thumbnail-box\" >\n\t\t\t\t        <div class=\"ngg-gallery-thumbnail\">\n            <a href=\"https:\/\/kontesadora.hr\/stara\/wp-content\/gallery\/57-hrvatsko-natjecanje-ucenika-i-studenata-glazbe-muzicka-akademija-zagreb-4-7-12-2019\/IMG_3988.JPG\"\n               title=\"\"\n               data-src=\"https:\/\/kontesadora.hr\/stara\/wp-content\/gallery\/57-hrvatsko-natjecanje-ucenika-i-studenata-glazbe-muzicka-akademija-zagreb-4-7-12-2019\/IMG_3988.JPG\"\n               data-thumbnail=\"https:\/\/kontesadora.hr\/stara\/wp-content\/gallery\/57-hrvatsko-natjecanje-ucenika-i-studenata-glazbe-muzicka-akademija-zagreb-4-7-12-2019\/thumbs\/thumbs_IMG_3988.JPG\"\n               data-image-id=\"4937\"\n               data-title=\"IMG_3988\"\n               data-description=\"\"\n               data-image-slug=\"img_3988\"\n               class=\"shutterset_12a17a234af647cc00baec3a6be239a2\">\n                <img\n                    title=\"IMG_3988\"\n                    alt=\"IMG_3988\"\n                    src=\"https:\/\/kontesadora.hr\/stara\/wp-content\/gallery\/57-hrvatsko-natjecanje-ucenika-i-studenata-glazbe-muzicka-akademija-zagreb-4-7-12-2019\/thumbs\/thumbs_IMG_3988.JPG\"\n                    width=\"100\"\n                    height=\"75\"\n                    style=\"max-width:100%;\"\n                \/>\n            <\/a>\n        <\/div>\n\t\t\t\t\t\t\t<\/div> \n\t\t\t\n        \n\t\t\t\t<div id=\"ngg-image-7\" class=\"ngg-gallery-thumbnail-box\" >\n\t\t\t\t        <div class=\"ngg-gallery-thumbnail\">\n            <a href=\"https:\/\/kontesadora.hr\/stara\/wp-content\/gallery\/57-hrvatsko-natjecanje-ucenika-i-studenata-glazbe-muzicka-akademija-zagreb-4-7-12-2019\/IMG_3986.JPG\"\n               title=\"\"\n               data-src=\"https:\/\/kontesadora.hr\/stara\/wp-content\/gallery\/57-hrvatsko-natjecanje-ucenika-i-studenata-glazbe-muzicka-akademija-zagreb-4-7-12-2019\/IMG_3986.JPG\"\n               data-thumbnail=\"https:\/\/kontesadora.hr\/stara\/wp-content\/gallery\/57-hrvatsko-natjecanje-ucenika-i-studenata-glazbe-muzicka-akademija-zagreb-4-7-12-2019\/thumbs\/thumbs_IMG_3986.JPG\"\n               data-image-id=\"4936\"\n               data-title=\"IMG_3986\"\n               data-description=\"\"\n               data-image-slug=\"img_3986\"\n               class=\"shutterset_12a17a234af647cc00baec3a6be239a2\">\n                <img\n                    title=\"IMG_3986\"\n                    alt=\"IMG_3986\"\n                    src=\"https:\/\/kontesadora.hr\/stara\/wp-content\/gallery\/57-hrvatsko-natjecanje-ucenika-i-studenata-glazbe-muzicka-akademija-zagreb-4-7-12-2019\/thumbs\/thumbs_IMG_3986.JPG\"\n                    width=\"100\"\n                    height=\"75\"\n                    style=\"max-width:100%;\"\n                \/>\n            <\/a>\n        <\/div>\n\t\t\t\t\t\t\t<\/div> \n\t\t\t\n        \n\t\t\t\t<div id=\"ngg-image-8\" class=\"ngg-gallery-thumbnail-box\" >\n\t\t\t\t        <div class=\"ngg-gallery-thumbnail\">\n            <a href=\"https:\/\/kontesadora.hr\/stara\/wp-content\/gallery\/57-hrvatsko-natjecanje-ucenika-i-studenata-glazbe-muzicka-akademija-zagreb-4-7-12-2019\/IMG_3967.JPG\"\n               title=\"\"\n               data-src=\"https:\/\/kontesadora.hr\/stara\/wp-content\/gallery\/57-hrvatsko-natjecanje-ucenika-i-studenata-glazbe-muzicka-akademija-zagreb-4-7-12-2019\/IMG_3967.JPG\"\n               data-thumbnail=\"https:\/\/kontesadora.hr\/stara\/wp-content\/gallery\/57-hrvatsko-natjecanje-ucenika-i-studenata-glazbe-muzicka-akademija-zagreb-4-7-12-2019\/thumbs\/thumbs_IMG_3967.JPG\"\n               data-image-id=\"4935\"\n               data-title=\"IMG_3967\"\n               data-description=\"\"\n               data-image-slug=\"img_3967\"\n               class=\"shutterset_12a17a234af647cc00baec3a6be239a2\">\n                <img\n                    title=\"IMG_3967\"\n                    alt=\"IMG_3967\"\n                    src=\"https:\/\/kontesadora.hr\/stara\/wp-content\/gallery\/57-hrvatsko-natjecanje-ucenika-i-studenata-glazbe-muzicka-akademija-zagreb-4-7-12-2019\/thumbs\/thumbs_IMG_3967.JPG\"\n                    width=\"100\"\n                    height=\"75\"\n                    style=\"max-width:100%;\"\n                \/>\n            <\/a>\n        <\/div>\n\t\t\t\t\t\t\t<\/div> \n\t\t\t\n        \n\t\t\t\t<div id=\"ngg-image-9\" class=\"ngg-gallery-thumbnail-box\" >\n\t\t\t\t        <div class=\"ngg-gallery-thumbnail\">\n            <a href=\"https:\/\/kontesadora.hr\/stara\/wp-content\/gallery\/57-hrvatsko-natjecanje-ucenika-i-studenata-glazbe-muzicka-akademija-zagreb-4-7-12-2019\/IMG_3963.JPG\"\n               title=\"\"\n               data-src=\"https:\/\/kontesadora.hr\/stara\/wp-content\/gallery\/57-hrvatsko-natjecanje-ucenika-i-studenata-glazbe-muzicka-akademija-zagreb-4-7-12-2019\/IMG_3963.JPG\"\n               data-thumbnail=\"https:\/\/kontesadora.hr\/stara\/wp-content\/gallery\/57-hrvatsko-natjecanje-ucenika-i-studenata-glazbe-muzicka-akademija-zagreb-4-7-12-2019\/thumbs\/thumbs_IMG_3963.JPG\"\n               data-image-id=\"4934\"\n               data-title=\"IMG_3963\"\n               data-description=\"\"\n               data-image-slug=\"img_3963\"\n               class=\"shutterset_12a17a234af647cc00baec3a6be239a2\">\n                <img\n                    title=\"IMG_3963\"\n                    alt=\"IMG_3963\"\n                    src=\"https:\/\/kontesadora.hr\/stara\/wp-content\/gallery\/57-hrvatsko-natjecanje-ucenika-i-studenata-glazbe-muzicka-akademija-zagreb-4-7-12-2019\/thumbs\/thumbs_IMG_3963.JPG\"\n                    width=\"100\"\n                    height=\"75\"\n                    style=\"max-width:100%;\"\n                \/>\n            <\/a>\n        <\/div>\n\t\t\t\t\t\t\t<\/div> \n\t\t\t\n        \n\t\t\t\t<div id=\"ngg-image-10\" class=\"ngg-gallery-thumbnail-box\" >\n\t\t\t\t        <div class=\"ngg-gallery-thumbnail\">\n            <a href=\"https:\/\/kontesadora.hr\/stara\/wp-content\/gallery\/57-hrvatsko-natjecanje-ucenika-i-studenata-glazbe-muzicka-akademija-zagreb-4-7-12-2019\/IMG_3960.JPG\"\n               title=\"\"\n               data-src=\"https:\/\/kontesadora.hr\/stara\/wp-content\/gallery\/57-hrvatsko-natjecanje-ucenika-i-studenata-glazbe-muzicka-akademija-zagreb-4-7-12-2019\/IMG_3960.JPG\"\n               data-thumbnail=\"https:\/\/kontesadora.hr\/stara\/wp-content\/gallery\/57-hrvatsko-natjecanje-ucenika-i-studenata-glazbe-muzicka-akademija-zagreb-4-7-12-2019\/thumbs\/thumbs_IMG_3960.JPG\"\n               data-image-id=\"4933\"\n               data-title=\"IMG_3960\"\n               data-description=\"\"\n               data-image-slug=\"img_3960\"\n               class=\"shutterset_12a17a234af647cc00baec3a6be239a2\">\n                <img\n                    title=\"IMG_3960\"\n                    alt=\"IMG_3960\"\n                    src=\"https:\/\/kontesadora.hr\/stara\/wp-content\/gallery\/57-hrvatsko-natjecanje-ucenika-i-studenata-glazbe-muzicka-akademija-zagreb-4-7-12-2019\/thumbs\/thumbs_IMG_3960.JPG\"\n                    width=\"100\"\n                    height=\"75\"\n                    style=\"max-width:100%;\"\n                \/>\n            <\/a>\n        <\/div>\n\t\t\t\t\t\t\t<\/div> \n\t\t\t\n        \n\t\t\t\t<div id=\"ngg-image-11\" class=\"ngg-gallery-thumbnail-box\" >\n\t\t\t\t        <div class=\"ngg-gallery-thumbnail\">\n            <a href=\"https:\/\/kontesadora.hr\/stara\/wp-content\/gallery\/57-hrvatsko-natjecanje-ucenika-i-studenata-glazbe-muzicka-akademija-zagreb-4-7-12-2019\/IMG_3946.JPG\"\n               title=\"\"\n               data-src=\"https:\/\/kontesadora.hr\/stara\/wp-content\/gallery\/57-hrvatsko-natjecanje-ucenika-i-studenata-glazbe-muzicka-akademija-zagreb-4-7-12-2019\/IMG_3946.JPG\"\n               data-thumbnail=\"https:\/\/kontesadora.hr\/stara\/wp-content\/gallery\/57-hrvatsko-natjecanje-ucenika-i-studenata-glazbe-muzicka-akademija-zagreb-4-7-12-2019\/thumbs\/thumbs_IMG_3946.JPG\"\n               data-image-id=\"4932\"\n               data-title=\"IMG_3946\"\n               data-description=\"\"\n               data-image-slug=\"img_3946\"\n               class=\"shutterset_12a17a234af647cc00baec3a6be239a2\">\n                <img\n                    title=\"IMG_3946\"\n                    alt=\"IMG_3946\"\n                    src=\"https:\/\/kontesadora.hr\/stara\/wp-content\/gallery\/57-hrvatsko-natjecanje-ucenika-i-studenata-glazbe-muzicka-akademija-zagreb-4-7-12-2019\/thumbs\/thumbs_IMG_3946.JPG\"\n                    width=\"100\"\n                    height=\"75\"\n                    style=\"max-width:100%;\"\n                \/>\n            <\/a>\n        <\/div>\n\t\t\t\t\t\t\t<\/div> \n\t\t\t\n        \n\t\t\t\t<div id=\"ngg-image-12\" class=\"ngg-gallery-thumbnail-box\" >\n\t\t\t\t        <div class=\"ngg-gallery-thumbnail\">\n            <a href=\"https:\/\/kontesadora.hr\/stara\/wp-content\/gallery\/57-hrvatsko-natjecanje-ucenika-i-studenata-glazbe-muzicka-akademija-zagreb-4-7-12-2019\/IMG_3944.JPG\"\n               title=\"\"\n               data-src=\"https:\/\/kontesadora.hr\/stara\/wp-content\/gallery\/57-hrvatsko-natjecanje-ucenika-i-studenata-glazbe-muzicka-akademija-zagreb-4-7-12-2019\/IMG_3944.JPG\"\n               data-thumbnail=\"https:\/\/kontesadora.hr\/stara\/wp-content\/gallery\/57-hrvatsko-natjecanje-ucenika-i-studenata-glazbe-muzicka-akademija-zagreb-4-7-12-2019\/thumbs\/thumbs_IMG_3944.JPG\"\n               data-image-id=\"4931\"\n               data-title=\"IMG_3944\"\n               data-description=\"\"\n               data-image-slug=\"img_3944\"\n               class=\"shutterset_12a17a234af647cc00baec3a6be239a2\">\n                <img\n                    title=\"IMG_3944\"\n                    alt=\"IMG_3944\"\n                    src=\"https:\/\/kontesadora.hr\/stara\/wp-content\/gallery\/57-hrvatsko-natjecanje-ucenika-i-studenata-glazbe-muzicka-akademija-zagreb-4-7-12-2019\/thumbs\/thumbs_IMG_3944.JPG\"\n                    width=\"100\"\n                    height=\"75\"\n                    style=\"max-width:100%;\"\n                \/>\n            <\/a>\n        <\/div>\n\t\t\t\t\t\t\t<\/div> \n\t\t\t\n        \n\t\t\t\t<div id=\"ngg-image-13\" class=\"ngg-gallery-thumbnail-box\" >\n\t\t\t\t        <div class=\"ngg-gallery-thumbnail\">\n            <a href=\"https:\/\/kontesadora.hr\/stara\/wp-content\/gallery\/57-hrvatsko-natjecanje-ucenika-i-studenata-glazbe-muzicka-akademija-zagreb-4-7-12-2019\/IMG_3923.JPG\"\n               title=\"\"\n               data-src=\"https:\/\/kontesadora.hr\/stara\/wp-content\/gallery\/57-hrvatsko-natjecanje-ucenika-i-studenata-glazbe-muzicka-akademija-zagreb-4-7-12-2019\/IMG_3923.JPG\"\n               data-thumbnail=\"https:\/\/kontesadora.hr\/stara\/wp-content\/gallery\/57-hrvatsko-natjecanje-ucenika-i-studenata-glazbe-muzicka-akademija-zagreb-4-7-12-2019\/thumbs\/thumbs_IMG_3923.JPG\"\n               data-image-id=\"4930\"\n               data-title=\"IMG_3923\"\n               data-description=\"\"\n               data-image-slug=\"img_3923\"\n               class=\"shutterset_12a17a234af647cc00baec3a6be239a2\">\n                <img\n                    title=\"IMG_3923\"\n                    alt=\"IMG_3923\"\n                    src=\"https:\/\/kontesadora.hr\/stara\/wp-content\/gallery\/57-hrvatsko-natjecanje-ucenika-i-studenata-glazbe-muzicka-akademija-zagreb-4-7-12-2019\/thumbs\/thumbs_IMG_3923.JPG\"\n                    width=\"100\"\n                    height=\"75\"\n                    style=\"max-width:100%;\"\n                \/>\n            <\/a>\n        <\/div>\n\t\t\t\t\t\t\t<\/div> \n\t\t\t\n        \n\t\t\t\t<div id=\"ngg-image-14\" class=\"ngg-gallery-thumbnail-box\" >\n\t\t\t\t        <div class=\"ngg-gallery-thumbnail\">\n            <a href=\"https:\/\/kontesadora.hr\/stara\/wp-content\/gallery\/57-hrvatsko-natjecanje-ucenika-i-studenata-glazbe-muzicka-akademija-zagreb-4-7-12-2019\/IMG_3917.JPG\"\n               title=\"\"\n               data-src=\"https:\/\/kontesadora.hr\/stara\/wp-content\/gallery\/57-hrvatsko-natjecanje-ucenika-i-studenata-glazbe-muzicka-akademija-zagreb-4-7-12-2019\/IMG_3917.JPG\"\n               data-thumbnail=\"https:\/\/kontesadora.hr\/stara\/wp-content\/gallery\/57-hrvatsko-natjecanje-ucenika-i-studenata-glazbe-muzicka-akademija-zagreb-4-7-12-2019\/thumbs\/thumbs_IMG_3917.JPG\"\n               data-image-id=\"4929\"\n               data-title=\"IMG_3917\"\n               data-description=\"\"\n               data-image-slug=\"img_3917\"\n               class=\"shutterset_12a17a234af647cc00baec3a6be239a2\">\n                <img\n                    title=\"IMG_3917\"\n                    alt=\"IMG_3917\"\n                    src=\"https:\/\/kontesadora.hr\/stara\/wp-content\/gallery\/57-hrvatsko-natjecanje-ucenika-i-studenata-glazbe-muzicka-akademija-zagreb-4-7-12-2019\/thumbs\/thumbs_IMG_3917.JPG\"\n                    width=\"100\"\n                    height=\"75\"\n                    style=\"max-width:100%;\"\n                \/>\n            <\/a>\n        <\/div>\n\t\t\t\t\t\t\t<\/div> \n\t\t\t\n        \n\t\t\t\t<div id=\"ngg-image-15\" class=\"ngg-gallery-thumbnail-box\" >\n\t\t\t\t        <div class=\"ngg-gallery-thumbnail\">\n            <a href=\"https:\/\/kontesadora.hr\/stara\/wp-content\/gallery\/57-hrvatsko-natjecanje-ucenika-i-studenata-glazbe-muzicka-akademija-zagreb-4-7-12-2019\/IMG_3916.JPG\"\n               title=\"\"\n               data-src=\"https:\/\/kontesadora.hr\/stara\/wp-content\/gallery\/57-hrvatsko-natjecanje-ucenika-i-studenata-glazbe-muzicka-akademija-zagreb-4-7-12-2019\/IMG_3916.JPG\"\n               data-thumbnail=\"https:\/\/kontesadora.hr\/stara\/wp-content\/gallery\/57-hrvatsko-natjecanje-ucenika-i-studenata-glazbe-muzicka-akademija-zagreb-4-7-12-2019\/thumbs\/thumbs_IMG_3916.JPG\"\n               data-image-id=\"4928\"\n               data-title=\"IMG_3916\"\n               data-description=\"\"\n               data-image-slug=\"img_3916\"\n               class=\"shutterset_12a17a234af647cc00baec3a6be239a2\">\n                <img\n                    title=\"IMG_3916\"\n                    alt=\"IMG_3916\"\n                    src=\"https:\/\/kontesadora.hr\/stara\/wp-content\/gallery\/57-hrvatsko-natjecanje-ucenika-i-studenata-glazbe-muzicka-akademija-zagreb-4-7-12-2019\/thumbs\/thumbs_IMG_3916.JPG\"\n                    width=\"100\"\n                    height=\"75\"\n                    style=\"max-width:100%;\"\n                \/>\n            <\/a>\n        <\/div>\n\t\t\t\t\t\t\t<\/div> \n\t\t\t\n        \n\t\t\t\t<div id=\"ngg-image-16\" class=\"ngg-gallery-thumbnail-box\" >\n\t\t\t\t        <div class=\"ngg-gallery-thumbnail\">\n            <a href=\"https:\/\/kontesadora.hr\/stara\/wp-content\/gallery\/57-hrvatsko-natjecanje-ucenika-i-studenata-glazbe-muzicka-akademija-zagreb-4-7-12-2019\/IMG_3897.JPG\"\n               title=\"\"\n               data-src=\"https:\/\/kontesadora.hr\/stara\/wp-content\/gallery\/57-hrvatsko-natjecanje-ucenika-i-studenata-glazbe-muzicka-akademija-zagreb-4-7-12-2019\/IMG_3897.JPG\"\n               data-thumbnail=\"https:\/\/kontesadora.hr\/stara\/wp-content\/gallery\/57-hrvatsko-natjecanje-ucenika-i-studenata-glazbe-muzicka-akademija-zagreb-4-7-12-2019\/thumbs\/thumbs_IMG_3897.JPG\"\n               data-image-id=\"4927\"\n               data-title=\"IMG_3897\"\n               data-description=\"\"\n               data-image-slug=\"img_3897\"\n               class=\"shutterset_12a17a234af647cc00baec3a6be239a2\">\n                <img\n                    title=\"IMG_3897\"\n                    alt=\"IMG_3897\"\n                    src=\"https:\/\/kontesadora.hr\/stara\/wp-content\/gallery\/57-hrvatsko-natjecanje-ucenika-i-studenata-glazbe-muzicka-akademija-zagreb-4-7-12-2019\/thumbs\/thumbs_IMG_3897.JPG\"\n                    width=\"100\"\n                    height=\"75\"\n                    style=\"max-width:100%;\"\n                \/>\n            <\/a>\n        <\/div>\n\t\t\t\t\t\t\t<\/div> \n\t\t\t\n        \n\t\t\t\t<div id=\"ngg-image-17\" class=\"ngg-gallery-thumbnail-box\" >\n\t\t\t\t        <div class=\"ngg-gallery-thumbnail\">\n            <a href=\"https:\/\/kontesadora.hr\/stara\/wp-content\/gallery\/57-hrvatsko-natjecanje-ucenika-i-studenata-glazbe-muzicka-akademija-zagreb-4-7-12-2019\/IMG_3894.JPG\"\n               title=\"\"\n               data-src=\"https:\/\/kontesadora.hr\/stara\/wp-content\/gallery\/57-hrvatsko-natjecanje-ucenika-i-studenata-glazbe-muzicka-akademija-zagreb-4-7-12-2019\/IMG_3894.JPG\"\n               data-thumbnail=\"https:\/\/kontesadora.hr\/stara\/wp-content\/gallery\/57-hrvatsko-natjecanje-ucenika-i-studenata-glazbe-muzicka-akademija-zagreb-4-7-12-2019\/thumbs\/thumbs_IMG_3894.JPG\"\n               data-image-id=\"4926\"\n               data-title=\"IMG_3894\"\n               data-description=\"\"\n               data-image-slug=\"img_3894\"\n               class=\"shutterset_12a17a234af647cc00baec3a6be239a2\">\n                <img\n                    title=\"IMG_3894\"\n                    alt=\"IMG_3894\"\n                    src=\"https:\/\/kontesadora.hr\/stara\/wp-content\/gallery\/57-hrvatsko-natjecanje-ucenika-i-studenata-glazbe-muzicka-akademija-zagreb-4-7-12-2019\/thumbs\/thumbs_IMG_3894.JPG\"\n                    width=\"100\"\n                    height=\"75\"\n                    style=\"max-width:100%;\"\n                \/>\n            <\/a>\n        <\/div>\n\t\t\t\t\t\t\t<\/div> \n\t\t\t\n        \n\t\t\t\t<div id=\"ngg-image-18\" class=\"ngg-gallery-thumbnail-box\" >\n\t\t\t\t        <div class=\"ngg-gallery-thumbnail\">\n            <a href=\"https:\/\/kontesadora.hr\/stara\/wp-content\/gallery\/57-hrvatsko-natjecanje-ucenika-i-studenata-glazbe-muzicka-akademija-zagreb-4-7-12-2019\/IMG_3891.JPG\"\n               title=\"\"\n               data-src=\"https:\/\/kontesadora.hr\/stara\/wp-content\/gallery\/57-hrvatsko-natjecanje-ucenika-i-studenata-glazbe-muzicka-akademija-zagreb-4-7-12-2019\/IMG_3891.JPG\"\n               data-thumbnail=\"https:\/\/kontesadora.hr\/stara\/wp-content\/gallery\/57-hrvatsko-natjecanje-ucenika-i-studenata-glazbe-muzicka-akademija-zagreb-4-7-12-2019\/thumbs\/thumbs_IMG_3891.JPG\"\n               data-image-id=\"4925\"\n               data-title=\"IMG_3891\"\n               data-description=\"\"\n               data-image-slug=\"img_3891\"\n               class=\"shutterset_12a17a234af647cc00baec3a6be239a2\">\n                <img\n                    title=\"IMG_3891\"\n                    alt=\"IMG_3891\"\n                    src=\"https:\/\/kontesadora.hr\/stara\/wp-content\/gallery\/57-hrvatsko-natjecanje-ucenika-i-studenata-glazbe-muzicka-akademija-zagreb-4-7-12-2019\/thumbs\/thumbs_IMG_3891.JPG\"\n                    width=\"100\"\n                    height=\"75\"\n                    style=\"max-width:100%;\"\n                \/>\n            <\/a>\n        <\/div>\n\t\t\t\t\t\t\t<\/div> \n\t\t\t\n        \n\t\t\t\t<div id=\"ngg-image-19\" class=\"ngg-gallery-thumbnail-box\" >\n\t\t\t\t        <div class=\"ngg-gallery-thumbnail\">\n            <a href=\"https:\/\/kontesadora.hr\/stara\/wp-content\/gallery\/57-hrvatsko-natjecanje-ucenika-i-studenata-glazbe-muzicka-akademija-zagreb-4-7-12-2019\/IMG_3890.JPG\"\n               title=\"\"\n               data-src=\"https:\/\/kontesadora.hr\/stara\/wp-content\/gallery\/57-hrvatsko-natjecanje-ucenika-i-studenata-glazbe-muzicka-akademija-zagreb-4-7-12-2019\/IMG_3890.JPG\"\n               data-thumbnail=\"https:\/\/kontesadora.hr\/stara\/wp-content\/gallery\/57-hrvatsko-natjecanje-ucenika-i-studenata-glazbe-muzicka-akademija-zagreb-4-7-12-2019\/thumbs\/thumbs_IMG_3890.JPG\"\n               data-image-id=\"4924\"\n               data-title=\"IMG_3890\"\n               data-description=\"\"\n               data-image-slug=\"img_3890\"\n               class=\"shutterset_12a17a234af647cc00baec3a6be239a2\">\n                <img\n                    title=\"IMG_3890\"\n                    alt=\"IMG_3890\"\n                    src=\"https:\/\/kontesadora.hr\/stara\/wp-content\/gallery\/57-hrvatsko-natjecanje-ucenika-i-studenata-glazbe-muzicka-akademija-zagreb-4-7-12-2019\/thumbs\/thumbs_IMG_3890.JPG\"\n                    width=\"100\"\n                    height=\"75\"\n                    style=\"max-width:100%;\"\n                \/>\n            <\/a>\n        <\/div>\n\t\t\t\t\t\t\t<\/div> \n\t\t\t\n        \n\t\t\n\t\t<!-- Pagination -->\n\t<div class='ngg-navigation'><span class='current'>1<\/span>\n<a class='page-numbers' data-pageid='2' href='https:\/\/kontesadora.hr\/stara\/galerija\/nggallery\/page\/2'>2<\/a>\n<a class='prev' href='https:\/\/kontesadora.hr\/stara\/galerija\/nggallery\/page\/2' data-pageid=2>&#9658;<\/a><\/div>\t<\/div>\n 57.hrvatsko natjecanje u\u010denika i studenata glazbe &#8211; Muzi\u010dka akademija Zagreb, 4.-7.12.2019.&nbsp; &nbsp;&nbsp;<\/p>\n<!-- index.php -->\n<div\n\tclass=\"ngg-galleryoverview ngg-ajax-pagination-none\"\n\tid=\"ngg-gallery-52e35fd428196a9dd888e46549962b66-1\">\n\n    \t<div class=\"slideshowlink\">\n        <a href='https:\/\/kontesadora.hr\/stara\/galerija\/nggallery\/slideshow'>[Show as slideshow]<\/a>\n\t\t\n\t<\/div>\n\t\t\t<!-- Thumbnails -->\n\t\t\t\t<div id=\"ngg-image-0\" class=\"ngg-gallery-thumbnail-box\" >\n\t\t\t\t        <div class=\"ngg-gallery-thumbnail\">\n            <a href=\"https:\/\/kontesadora.hr\/stara\/wp-content\/gallery\/3-skolsko-instrumentalno-natjecanje-moje-notice-i-tri-tockice\/28-3.%C5%A1kolsko-Dean-Kopri-i-natjecatelji-2.jpg\"\n               title=\"\"\n               data-src=\"https:\/\/kontesadora.hr\/stara\/wp-content\/gallery\/3-skolsko-instrumentalno-natjecanje-moje-notice-i-tri-tockice\/28-3.%C5%A1kolsko-Dean-Kopri-i-natjecatelji-2.jpg\"\n               data-thumbnail=\"https:\/\/kontesadora.hr\/stara\/wp-content\/gallery\/3-skolsko-instrumentalno-natjecanje-moje-notice-i-tri-tockice\/thumbs\/thumbs_28-3.%C5%A1kolsko-Dean-Kopri-i-natjecatelji-2.jpg\"\n               data-image-id=\"4893\"\n               data-title=\"28-3.\u0161kolsko-Dean-Kopri-i-natjecatelji-2\"\n               data-description=\"\"\n               data-image-slug=\"28-3-%c5%a1kolsko-dean-kopri-i-natjecatelji-2\"\n               class=\"shutterset_52e35fd428196a9dd888e46549962b66\">\n                <img\n                    title=\"28-3.\u0161kolsko-Dean-Kopri-i-natjecatelji-2\"\n                    alt=\"28-3.\u0161kolsko-Dean-Kopri-i-natjecatelji-2\"\n                    src=\"https:\/\/kontesadora.hr\/stara\/wp-content\/gallery\/3-skolsko-instrumentalno-natjecanje-moje-notice-i-tri-tockice\/thumbs\/thumbs_28-3.%C5%A1kolsko-Dean-Kopri-i-natjecatelji-2.jpg\"\n                    width=\"100\"\n                    height=\"75\"\n                    style=\"max-width:100%;\"\n                \/>\n            <\/a>\n        <\/div>\n\t\t\t\t\t\t\t<\/div> \n\t\t\t\n        \n\t\t\t\t<div id=\"ngg-image-1\" class=\"ngg-gallery-thumbnail-box\" >\n\t\t\t\t        <div class=\"ngg-gallery-thumbnail\">\n            <a href=\"https:\/\/kontesadora.hr\/stara\/wp-content\/gallery\/3-skolsko-instrumentalno-natjecanje-moje-notice-i-tri-tockice\/27-3.%C5%A1kolsko-Dean-Kopri-i-njegovi-natjecatelji-1.jpg\"\n               title=\"\"\n               data-src=\"https:\/\/kontesadora.hr\/stara\/wp-content\/gallery\/3-skolsko-instrumentalno-natjecanje-moje-notice-i-tri-tockice\/27-3.%C5%A1kolsko-Dean-Kopri-i-njegovi-natjecatelji-1.jpg\"\n               data-thumbnail=\"https:\/\/kontesadora.hr\/stara\/wp-content\/gallery\/3-skolsko-instrumentalno-natjecanje-moje-notice-i-tri-tockice\/thumbs\/thumbs_27-3.%C5%A1kolsko-Dean-Kopri-i-njegovi-natjecatelji-1.jpg\"\n               data-image-id=\"4892\"\n               data-title=\"27-3.\u0161kolsko-Dean-Kopri-i-njegovi-natjecatelji-1\"\n               data-description=\"\"\n               data-image-slug=\"27-3-%c5%a1kolsko-dean-kopri-i-njegovi-natjecatelji-1\"\n               class=\"shutterset_52e35fd428196a9dd888e46549962b66\">\n                <img\n                    title=\"27-3.\u0161kolsko-Dean-Kopri-i-njegovi-natjecatelji-1\"\n                    alt=\"27-3.\u0161kolsko-Dean-Kopri-i-njegovi-natjecatelji-1\"\n                    src=\"https:\/\/kontesadora.hr\/stara\/wp-content\/gallery\/3-skolsko-instrumentalno-natjecanje-moje-notice-i-tri-tockice\/thumbs\/thumbs_27-3.%C5%A1kolsko-Dean-Kopri-i-njegovi-natjecatelji-1.jpg\"\n                    width=\"100\"\n                    height=\"75\"\n                    style=\"max-width:100%;\"\n                \/>\n            <\/a>\n        <\/div>\n\t\t\t\t\t\t\t<\/div> \n\t\t\t\n        \n\t\t\t\t<div id=\"ngg-image-2\" class=\"ngg-gallery-thumbnail-box\" >\n\t\t\t\t        <div class=\"ngg-gallery-thumbnail\">\n            <a href=\"https:\/\/kontesadora.hr\/stara\/wp-content\/gallery\/3-skolsko-instrumentalno-natjecanje-moje-notice-i-tri-tockice\/26-3.%C5%A1kolsko-DanielMihaelaMarina.jpg\"\n               title=\"\"\n               data-src=\"https:\/\/kontesadora.hr\/stara\/wp-content\/gallery\/3-skolsko-instrumentalno-natjecanje-moje-notice-i-tri-tockice\/26-3.%C5%A1kolsko-DanielMihaelaMarina.jpg\"\n               data-thumbnail=\"https:\/\/kontesadora.hr\/stara\/wp-content\/gallery\/3-skolsko-instrumentalno-natjecanje-moje-notice-i-tri-tockice\/thumbs\/thumbs_26-3.%C5%A1kolsko-DanielMihaelaMarina.jpg\"\n               data-image-id=\"4891\"\n               data-title=\"26-3.\u0161kolsko-DanielMihaelaMarina\"\n               data-description=\"\"\n               data-image-slug=\"26-3-%c5%a1kolsko-danielmihaelamarina\"\n               class=\"shutterset_52e35fd428196a9dd888e46549962b66\">\n                <img\n                    title=\"26-3.\u0161kolsko-DanielMihaelaMarina\"\n                    alt=\"26-3.\u0161kolsko-DanielMihaelaMarina\"\n                    src=\"https:\/\/kontesadora.hr\/stara\/wp-content\/gallery\/3-skolsko-instrumentalno-natjecanje-moje-notice-i-tri-tockice\/thumbs\/thumbs_26-3.%C5%A1kolsko-DanielMihaelaMarina.jpg\"\n                    width=\"100\"\n                    height=\"75\"\n                    style=\"max-width:100%;\"\n                \/>\n            <\/a>\n        <\/div>\n\t\t\t\t\t\t\t<\/div> \n\t\t\t\n        \n\t\t\t\t<div id=\"ngg-image-3\" class=\"ngg-gallery-thumbnail-box\" >\n\t\t\t\t        <div class=\"ngg-gallery-thumbnail\">\n            <a href=\"https:\/\/kontesadora.hr\/stara\/wp-content\/gallery\/3-skolsko-instrumentalno-natjecanje-moje-notice-i-tri-tockice\/25-3.%C5%A1kolsko-Daniel-Kopri-i-natjecateljica-M.SUk_.jpg\"\n               title=\"\"\n               data-src=\"https:\/\/kontesadora.hr\/stara\/wp-content\/gallery\/3-skolsko-instrumentalno-natjecanje-moje-notice-i-tri-tockice\/25-3.%C5%A1kolsko-Daniel-Kopri-i-natjecateljica-M.SUk_.jpg\"\n               data-thumbnail=\"https:\/\/kontesadora.hr\/stara\/wp-content\/gallery\/3-skolsko-instrumentalno-natjecanje-moje-notice-i-tri-tockice\/thumbs\/thumbs_25-3.%C5%A1kolsko-Daniel-Kopri-i-natjecateljica-M.SUk_.jpg\"\n               data-image-id=\"4890\"\n               data-title=\"25-3.\u0161kolsko-Daniel-Kopri-i-natjecateljica-M.SUk_\"\n               data-description=\"\"\n               data-image-slug=\"25-3-%c5%a1kolsko-daniel-kopri-i-natjecateljica-m-suk_\"\n               class=\"shutterset_52e35fd428196a9dd888e46549962b66\">\n                <img\n                    title=\"25-3.\u0161kolsko-Daniel-Kopri-i-natjecateljica-M.SUk_\"\n                    alt=\"25-3.\u0161kolsko-Daniel-Kopri-i-natjecateljica-M.SUk_\"\n                    src=\"https:\/\/kontesadora.hr\/stara\/wp-content\/gallery\/3-skolsko-instrumentalno-natjecanje-moje-notice-i-tri-tockice\/thumbs\/thumbs_25-3.%C5%A1kolsko-Daniel-Kopri-i-natjecateljica-M.SUk_.jpg\"\n                    width=\"100\"\n                    height=\"75\"\n                    style=\"max-width:100%;\"\n                \/>\n            <\/a>\n        <\/div>\n\t\t\t\t\t\t\t<\/div> \n\t\t\t\n        \n\t\t\t\t<div id=\"ngg-image-4\" class=\"ngg-gallery-thumbnail-box\" >\n\t\t\t\t        <div class=\"ngg-gallery-thumbnail\">\n            <a href=\"https:\/\/kontesadora.hr\/stara\/wp-content\/gallery\/3-skolsko-instrumentalno-natjecanje-moje-notice-i-tri-tockice\/24-3.%C5%A1kolsko-Luka-Pavlekovi%C4%87-i-njegovi-natj..jpg\"\n               title=\"\"\n               data-src=\"https:\/\/kontesadora.hr\/stara\/wp-content\/gallery\/3-skolsko-instrumentalno-natjecanje-moje-notice-i-tri-tockice\/24-3.%C5%A1kolsko-Luka-Pavlekovi%C4%87-i-njegovi-natj..jpg\"\n               data-thumbnail=\"https:\/\/kontesadora.hr\/stara\/wp-content\/gallery\/3-skolsko-instrumentalno-natjecanje-moje-notice-i-tri-tockice\/thumbs\/thumbs_24-3.%C5%A1kolsko-Luka-Pavlekovi%C4%87-i-njegovi-natj..jpg\"\n               data-image-id=\"4889\"\n               data-title=\"24-3.\u0161kolsko-Luka-Pavlekovi\u0107-i-njegovi-natj.\"\n               data-description=\"\"\n               data-image-slug=\"24-3-%c5%a1kolsko-luka-pavlekovi%c4%87-i-njegovi-natj\"\n               class=\"shutterset_52e35fd428196a9dd888e46549962b66\">\n                <img\n                    title=\"24-3.\u0161kolsko-Luka-Pavlekovi\u0107-i-njegovi-natj.\"\n                    alt=\"24-3.\u0161kolsko-Luka-Pavlekovi\u0107-i-njegovi-natj.\"\n                    src=\"https:\/\/kontesadora.hr\/stara\/wp-content\/gallery\/3-skolsko-instrumentalno-natjecanje-moje-notice-i-tri-tockice\/thumbs\/thumbs_24-3.%C5%A1kolsko-Luka-Pavlekovi%C4%87-i-njegovi-natj..jpg\"\n                    width=\"100\"\n                    height=\"75\"\n                    style=\"max-width:100%;\"\n                \/>\n            <\/a>\n        <\/div>\n\t\t\t\t\t\t\t<\/div> \n\t\t\t\n        \n\t\t\t\t<div id=\"ngg-image-5\" class=\"ngg-gallery-thumbnail-box\" >\n\t\t\t\t        <div class=\"ngg-gallery-thumbnail\">\n            <a href=\"https:\/\/kontesadora.hr\/stara\/wp-content\/gallery\/3-skolsko-instrumentalno-natjecanje-moje-notice-i-tri-tockice\/23-3.%C5%A1kolsko-Mario-Huj-i-njegovi-natjecatelji.jpg\"\n               title=\"\"\n               data-src=\"https:\/\/kontesadora.hr\/stara\/wp-content\/gallery\/3-skolsko-instrumentalno-natjecanje-moje-notice-i-tri-tockice\/23-3.%C5%A1kolsko-Mario-Huj-i-njegovi-natjecatelji.jpg\"\n               data-thumbnail=\"https:\/\/kontesadora.hr\/stara\/wp-content\/gallery\/3-skolsko-instrumentalno-natjecanje-moje-notice-i-tri-tockice\/thumbs\/thumbs_23-3.%C5%A1kolsko-Mario-Huj-i-njegovi-natjecatelji.jpg\"\n               data-image-id=\"4888\"\n               data-title=\"23-3.\u0161kolsko-Mario-Huj-i-njegovi-natjecatelji\"\n               data-description=\"\"\n               data-image-slug=\"23-3-%c5%a1kolsko-mario-huj-i-njegovi-natjecatelji\"\n               class=\"shutterset_52e35fd428196a9dd888e46549962b66\">\n                <img\n                    title=\"23-3.\u0161kolsko-Mario-Huj-i-njegovi-natjecatelji\"\n                    alt=\"23-3.\u0161kolsko-Mario-Huj-i-njegovi-natjecatelji\"\n                    src=\"https:\/\/kontesadora.hr\/stara\/wp-content\/gallery\/3-skolsko-instrumentalno-natjecanje-moje-notice-i-tri-tockice\/thumbs\/thumbs_23-3.%C5%A1kolsko-Mario-Huj-i-njegovi-natjecatelji.jpg\"\n                    width=\"100\"\n                    height=\"75\"\n                    style=\"max-width:100%;\"\n                \/>\n            <\/a>\n        <\/div>\n\t\t\t\t\t\t\t<\/div> \n\t\t\t\n        \n\t\t\t\t<div id=\"ngg-image-6\" class=\"ngg-gallery-thumbnail-box\" >\n\t\t\t\t        <div class=\"ngg-gallery-thumbnail\">\n            <a href=\"https:\/\/kontesadora.hr\/stara\/wp-content\/gallery\/3-skolsko-instrumentalno-natjecanje-moje-notice-i-tri-tockice\/22-3.%C5%A1kolso-Sanja-Vazdar-i-njeni-natjecatelji.jpg\"\n               title=\"\"\n               data-src=\"https:\/\/kontesadora.hr\/stara\/wp-content\/gallery\/3-skolsko-instrumentalno-natjecanje-moje-notice-i-tri-tockice\/22-3.%C5%A1kolso-Sanja-Vazdar-i-njeni-natjecatelji.jpg\"\n               data-thumbnail=\"https:\/\/kontesadora.hr\/stara\/wp-content\/gallery\/3-skolsko-instrumentalno-natjecanje-moje-notice-i-tri-tockice\/thumbs\/thumbs_22-3.%C5%A1kolso-Sanja-Vazdar-i-njeni-natjecatelji.jpg\"\n               data-image-id=\"4887\"\n               data-title=\"22-3.\u0161kolso-Sanja-Vazdar-i-njeni-natjecatelji\"\n               data-description=\"\"\n               data-image-slug=\"22-3-%c5%a1kolso-sanja-vazdar-i-njeni-natjecatelji\"\n               class=\"shutterset_52e35fd428196a9dd888e46549962b66\">\n                <img\n                    title=\"22-3.\u0161kolso-Sanja-Vazdar-i-njeni-natjecatelji\"\n                    alt=\"22-3.\u0161kolso-Sanja-Vazdar-i-njeni-natjecatelji\"\n                    src=\"https:\/\/kontesadora.hr\/stara\/wp-content\/gallery\/3-skolsko-instrumentalno-natjecanje-moje-notice-i-tri-tockice\/thumbs\/thumbs_22-3.%C5%A1kolso-Sanja-Vazdar-i-njeni-natjecatelji.jpg\"\n                    width=\"100\"\n                    height=\"75\"\n                    style=\"max-width:100%;\"\n                \/>\n            <\/a>\n        <\/div>\n\t\t\t\t\t\t\t<\/div> \n\t\t\t\n        \n\t\t\t\t<div id=\"ngg-image-7\" class=\"ngg-gallery-thumbnail-box\" >\n\t\t\t\t        <div class=\"ngg-gallery-thumbnail\">\n            <a href=\"https:\/\/kontesadora.hr\/stara\/wp-content\/gallery\/3-skolsko-instrumentalno-natjecanje-moje-notice-i-tri-tockice\/21-3.%C5%A1kolsko-Darija-Vlajni%C4%87-i-njeni-natjecatelji.jpg\"\n               title=\"\"\n               data-src=\"https:\/\/kontesadora.hr\/stara\/wp-content\/gallery\/3-skolsko-instrumentalno-natjecanje-moje-notice-i-tri-tockice\/21-3.%C5%A1kolsko-Darija-Vlajni%C4%87-i-njeni-natjecatelji.jpg\"\n               data-thumbnail=\"https:\/\/kontesadora.hr\/stara\/wp-content\/gallery\/3-skolsko-instrumentalno-natjecanje-moje-notice-i-tri-tockice\/thumbs\/thumbs_21-3.%C5%A1kolsko-Darija-Vlajni%C4%87-i-njeni-natjecatelji.jpg\"\n               data-image-id=\"4886\"\n               data-title=\"21-3.\u0161kolsko-Darija-Vlajni\u0107-i-njeni-natjecatelji\"\n               data-description=\"\"\n               data-image-slug=\"21-3-%c5%a1kolsko-darija-vlajni%c4%87-i-njeni-natjecatelji\"\n               class=\"shutterset_52e35fd428196a9dd888e46549962b66\">\n                <img\n                    title=\"21-3.\u0161kolsko-Darija-Vlajni\u0107-i-njeni-natjecatelji\"\n                    alt=\"21-3.\u0161kolsko-Darija-Vlajni\u0107-i-njeni-natjecatelji\"\n                    src=\"https:\/\/kontesadora.hr\/stara\/wp-content\/gallery\/3-skolsko-instrumentalno-natjecanje-moje-notice-i-tri-tockice\/thumbs\/thumbs_21-3.%C5%A1kolsko-Darija-Vlajni%C4%87-i-njeni-natjecatelji.jpg\"\n                    width=\"100\"\n                    height=\"75\"\n                    style=\"max-width:100%;\"\n                \/>\n            <\/a>\n        <\/div>\n\t\t\t\t\t\t\t<\/div> \n\t\t\t\n        \n\t\t\t\t<div id=\"ngg-image-8\" class=\"ngg-gallery-thumbnail-box\" >\n\t\t\t\t        <div class=\"ngg-gallery-thumbnail\">\n            <a href=\"https:\/\/kontesadora.hr\/stara\/wp-content\/gallery\/3-skolsko-instrumentalno-natjecanje-moje-notice-i-tri-tockice\/20-LANA-PRI%C5%A0%C4%86.jpg\"\n               title=\"\"\n               data-src=\"https:\/\/kontesadora.hr\/stara\/wp-content\/gallery\/3-skolsko-instrumentalno-natjecanje-moje-notice-i-tri-tockice\/20-LANA-PRI%C5%A0%C4%86.jpg\"\n               data-thumbnail=\"https:\/\/kontesadora.hr\/stara\/wp-content\/gallery\/3-skolsko-instrumentalno-natjecanje-moje-notice-i-tri-tockice\/thumbs\/thumbs_20-LANA-PRI%C5%A0%C4%86.jpg\"\n               data-image-id=\"4885\"\n               data-title=\"20-LANA-PRI\u0160\u0106\"\n               data-description=\"\"\n               data-image-slug=\"20-lana-pri%c5%a1%c4%87\"\n               class=\"shutterset_52e35fd428196a9dd888e46549962b66\">\n                <img\n                    title=\"20-LANA-PRI\u0160\u0106\"\n                    alt=\"20-LANA-PRI\u0160\u0106\"\n                    src=\"https:\/\/kontesadora.hr\/stara\/wp-content\/gallery\/3-skolsko-instrumentalno-natjecanje-moje-notice-i-tri-tockice\/thumbs\/thumbs_20-LANA-PRI%C5%A0%C4%86.jpg\"\n                    width=\"100\"\n                    height=\"75\"\n                    style=\"max-width:100%;\"\n                \/>\n            <\/a>\n        <\/div>\n\t\t\t\t\t\t\t<\/div> \n\t\t\t\n        \n\t\t\t\t<div id=\"ngg-image-9\" class=\"ngg-gallery-thumbnail-box\" >\n\t\t\t\t        <div class=\"ngg-gallery-thumbnail\">\n            <a href=\"https:\/\/kontesadora.hr\/stara\/wp-content\/gallery\/3-skolsko-instrumentalno-natjecanje-moje-notice-i-tri-tockice\/18-3.%C5%A1kolsko-Zlatna-nagrada-za-prvonagra%C4%91ene.jpg\"\n               title=\"\"\n               data-src=\"https:\/\/kontesadora.hr\/stara\/wp-content\/gallery\/3-skolsko-instrumentalno-natjecanje-moje-notice-i-tri-tockice\/18-3.%C5%A1kolsko-Zlatna-nagrada-za-prvonagra%C4%91ene.jpg\"\n               data-thumbnail=\"https:\/\/kontesadora.hr\/stara\/wp-content\/gallery\/3-skolsko-instrumentalno-natjecanje-moje-notice-i-tri-tockice\/thumbs\/thumbs_18-3.%C5%A1kolsko-Zlatna-nagrada-za-prvonagra%C4%91ene.jpg\"\n               data-image-id=\"4883\"\n               data-title=\"18-3.\u0161kolsko-Zlatna-nagrada-za-prvonagra\u0111ene\"\n               data-description=\"\"\n               data-image-slug=\"18-3-%c5%a1kolsko-zlatna-nagrada-za-prvonagra%c4%91ene\"\n               class=\"shutterset_52e35fd428196a9dd888e46549962b66\">\n                <img\n                    title=\"18-3.\u0161kolsko-Zlatna-nagrada-za-prvonagra\u0111ene\"\n                    alt=\"18-3.\u0161kolsko-Zlatna-nagrada-za-prvonagra\u0111ene\"\n                    src=\"https:\/\/kontesadora.hr\/stara\/wp-content\/gallery\/3-skolsko-instrumentalno-natjecanje-moje-notice-i-tri-tockice\/thumbs\/thumbs_18-3.%C5%A1kolsko-Zlatna-nagrada-za-prvonagra%C4%91ene.jpg\"\n                    width=\"100\"\n                    height=\"75\"\n                    style=\"max-width:100%;\"\n                \/>\n            <\/a>\n        <\/div>\n\t\t\t\t\t\t\t<\/div> \n\t\t\t\n        \n\t\t\t\t<div id=\"ngg-image-10\" class=\"ngg-gallery-thumbnail-box\" >\n\t\t\t\t        <div class=\"ngg-gallery-thumbnail\">\n            <a href=\"https:\/\/kontesadora.hr\/stara\/wp-content\/gallery\/3-skolsko-instrumentalno-natjecanje-moje-notice-i-tri-tockice\/19-%C5%A0EST-U%C4%8CENIKA-POBJEDNIKA-U-SVOJOJ-KATEGORIJI.jpg\"\n               title=\"\"\n               data-src=\"https:\/\/kontesadora.hr\/stara\/wp-content\/gallery\/3-skolsko-instrumentalno-natjecanje-moje-notice-i-tri-tockice\/19-%C5%A0EST-U%C4%8CENIKA-POBJEDNIKA-U-SVOJOJ-KATEGORIJI.jpg\"\n               data-thumbnail=\"https:\/\/kontesadora.hr\/stara\/wp-content\/gallery\/3-skolsko-instrumentalno-natjecanje-moje-notice-i-tri-tockice\/thumbs\/thumbs_19-%C5%A0EST-U%C4%8CENIKA-POBJEDNIKA-U-SVOJOJ-KATEGORIJI.jpg\"\n               data-image-id=\"4884\"\n               data-title=\"19-\u0160EST-U\u010cENIKA-POBJEDNIKA-U-SVOJOJ-KATEGORIJI\"\n               data-description=\"\"\n               data-image-slug=\"19-%c5%a1est-u%c4%8denika-pobjednika-u-svojoj-kategoriji\"\n               class=\"shutterset_52e35fd428196a9dd888e46549962b66\">\n                <img\n                    title=\"19-\u0160EST-U\u010cENIKA-POBJEDNIKA-U-SVOJOJ-KATEGORIJI\"\n                    alt=\"19-\u0160EST-U\u010cENIKA-POBJEDNIKA-U-SVOJOJ-KATEGORIJI\"\n                    src=\"https:\/\/kontesadora.hr\/stara\/wp-content\/gallery\/3-skolsko-instrumentalno-natjecanje-moje-notice-i-tri-tockice\/thumbs\/thumbs_19-%C5%A0EST-U%C4%8CENIKA-POBJEDNIKA-U-SVOJOJ-KATEGORIJI.jpg\"\n                    width=\"100\"\n                    height=\"75\"\n                    style=\"max-width:100%;\"\n                \/>\n            <\/a>\n        <\/div>\n\t\t\t\t\t\t\t<\/div> \n\t\t\t\n        \n\t\t\t\t<div id=\"ngg-image-11\" class=\"ngg-gallery-thumbnail-box\" >\n\t\t\t\t        <div class=\"ngg-gallery-thumbnail\">\n            <a href=\"https:\/\/kontesadora.hr\/stara\/wp-content\/gallery\/3-skolsko-instrumentalno-natjecanje-moje-notice-i-tri-tockice\/17-3.%C5%A1kolsko-Tereza-Sabo-prvonagra%C4%91ena.jpg\"\n               title=\"\"\n               data-src=\"https:\/\/kontesadora.hr\/stara\/wp-content\/gallery\/3-skolsko-instrumentalno-natjecanje-moje-notice-i-tri-tockice\/17-3.%C5%A1kolsko-Tereza-Sabo-prvonagra%C4%91ena.jpg\"\n               data-thumbnail=\"https:\/\/kontesadora.hr\/stara\/wp-content\/gallery\/3-skolsko-instrumentalno-natjecanje-moje-notice-i-tri-tockice\/thumbs\/thumbs_17-3.%C5%A1kolsko-Tereza-Sabo-prvonagra%C4%91ena.jpg\"\n               data-image-id=\"4882\"\n               data-title=\"17-3.\u0161kolsko-Tereza-Sabo-prvonagra\u0111ena\"\n               data-description=\"\"\n               data-image-slug=\"17-3-%c5%a1kolsko-tereza-sabo-prvonagra%c4%91ena\"\n               class=\"shutterset_52e35fd428196a9dd888e46549962b66\">\n                <img\n                    title=\"17-3.\u0161kolsko-Tereza-Sabo-prvonagra\u0111ena\"\n                    alt=\"17-3.\u0161kolsko-Tereza-Sabo-prvonagra\u0111ena\"\n                    src=\"https:\/\/kontesadora.hr\/stara\/wp-content\/gallery\/3-skolsko-instrumentalno-natjecanje-moje-notice-i-tri-tockice\/thumbs\/thumbs_17-3.%C5%A1kolsko-Tereza-Sabo-prvonagra%C4%91ena.jpg\"\n                    width=\"100\"\n                    height=\"75\"\n                    style=\"max-width:100%;\"\n                \/>\n            <\/a>\n        <\/div>\n\t\t\t\t\t\t\t<\/div> \n\t\t\t\n        \n\t\t\t\t<div id=\"ngg-image-12\" class=\"ngg-gallery-thumbnail-box\" >\n\t\t\t\t        <div class=\"ngg-gallery-thumbnail\">\n            <a href=\"https:\/\/kontesadora.hr\/stara\/wp-content\/gallery\/3-skolsko-instrumentalno-natjecanje-moje-notice-i-tri-tockice\/16-3.%C5%A1kolsko-Anja-Ergovi%C4%87-prvonagra%C4%91ena.jpg\"\n               title=\"\"\n               data-src=\"https:\/\/kontesadora.hr\/stara\/wp-content\/gallery\/3-skolsko-instrumentalno-natjecanje-moje-notice-i-tri-tockice\/16-3.%C5%A1kolsko-Anja-Ergovi%C4%87-prvonagra%C4%91ena.jpg\"\n               data-thumbnail=\"https:\/\/kontesadora.hr\/stara\/wp-content\/gallery\/3-skolsko-instrumentalno-natjecanje-moje-notice-i-tri-tockice\/thumbs\/thumbs_16-3.%C5%A1kolsko-Anja-Ergovi%C4%87-prvonagra%C4%91ena.jpg\"\n               data-image-id=\"4881\"\n               data-title=\"16-3.\u0161kolsko-Anja-Ergovi\u0107-prvonagra\u0111ena\"\n               data-description=\"\"\n               data-image-slug=\"16-3-%c5%a1kolsko-anja-ergovi%c4%87-prvonagra%c4%91ena\"\n               class=\"shutterset_52e35fd428196a9dd888e46549962b66\">\n                <img\n                    title=\"16-3.\u0161kolsko-Anja-Ergovi\u0107-prvonagra\u0111ena\"\n                    alt=\"16-3.\u0161kolsko-Anja-Ergovi\u0107-prvonagra\u0111ena\"\n                    src=\"https:\/\/kontesadora.hr\/stara\/wp-content\/gallery\/3-skolsko-instrumentalno-natjecanje-moje-notice-i-tri-tockice\/thumbs\/thumbs_16-3.%C5%A1kolsko-Anja-Ergovi%C4%87-prvonagra%C4%91ena.jpg\"\n                    width=\"100\"\n                    height=\"75\"\n                    style=\"max-width:100%;\"\n                \/>\n            <\/a>\n        <\/div>\n\t\t\t\t\t\t\t<\/div> \n\t\t\t\n        \n\t\t\t\t<div id=\"ngg-image-13\" class=\"ngg-gallery-thumbnail-box\" >\n\t\t\t\t        <div class=\"ngg-gallery-thumbnail\">\n            <a href=\"https:\/\/kontesadora.hr\/stara\/wp-content\/gallery\/3-skolsko-instrumentalno-natjecanje-moje-notice-i-tri-tockice\/15-3.%C5%A1kolsko-Jelena-Mataija-prvonagra%C4%91ena.jpg\"\n               title=\"\"\n               data-src=\"https:\/\/kontesadora.hr\/stara\/wp-content\/gallery\/3-skolsko-instrumentalno-natjecanje-moje-notice-i-tri-tockice\/15-3.%C5%A1kolsko-Jelena-Mataija-prvonagra%C4%91ena.jpg\"\n               data-thumbnail=\"https:\/\/kontesadora.hr\/stara\/wp-content\/gallery\/3-skolsko-instrumentalno-natjecanje-moje-notice-i-tri-tockice\/thumbs\/thumbs_15-3.%C5%A1kolsko-Jelena-Mataija-prvonagra%C4%91ena.jpg\"\n               data-image-id=\"4880\"\n               data-title=\"15-3.\u0161kolsko-Jelena-Mataija-prvonagra\u0111ena\"\n               data-description=\"\"\n               data-image-slug=\"15-3-%c5%a1kolsko-jelena-mataija-prvonagra%c4%91ena\"\n               class=\"shutterset_52e35fd428196a9dd888e46549962b66\">\n                <img\n                    title=\"15-3.\u0161kolsko-Jelena-Mataija-prvonagra\u0111ena\"\n                    alt=\"15-3.\u0161kolsko-Jelena-Mataija-prvonagra\u0111ena\"\n                    src=\"https:\/\/kontesadora.hr\/stara\/wp-content\/gallery\/3-skolsko-instrumentalno-natjecanje-moje-notice-i-tri-tockice\/thumbs\/thumbs_15-3.%C5%A1kolsko-Jelena-Mataija-prvonagra%C4%91ena.jpg\"\n                    width=\"100\"\n                    height=\"75\"\n                    style=\"max-width:100%;\"\n                \/>\n            <\/a>\n        <\/div>\n\t\t\t\t\t\t\t<\/div> \n\t\t\t\n        \n\t\t\t\t<div id=\"ngg-image-14\" class=\"ngg-gallery-thumbnail-box\" >\n\t\t\t\t        <div class=\"ngg-gallery-thumbnail\">\n            <a href=\"https:\/\/kontesadora.hr\/stara\/wp-content\/gallery\/3-skolsko-instrumentalno-natjecanje-moje-notice-i-tri-tockice\/14-3.%C5%A1kolsko-Lana-Pri%C5%A1%C4%87-prvonagra%C4%91ena.jpg\"\n               title=\"\"\n               data-src=\"https:\/\/kontesadora.hr\/stara\/wp-content\/gallery\/3-skolsko-instrumentalno-natjecanje-moje-notice-i-tri-tockice\/14-3.%C5%A1kolsko-Lana-Pri%C5%A1%C4%87-prvonagra%C4%91ena.jpg\"\n               data-thumbnail=\"https:\/\/kontesadora.hr\/stara\/wp-content\/gallery\/3-skolsko-instrumentalno-natjecanje-moje-notice-i-tri-tockice\/thumbs\/thumbs_14-3.%C5%A1kolsko-Lana-Pri%C5%A1%C4%87-prvonagra%C4%91ena.jpg\"\n               data-image-id=\"4879\"\n               data-title=\"14-3.\u0161kolsko-Lana-Pri\u0161\u0107-prvonagra\u0111ena\"\n               data-description=\"\"\n               data-image-slug=\"14-3-%c5%a1kolsko-lana-pri%c5%a1%c4%87-prvonagra%c4%91ena\"\n               class=\"shutterset_52e35fd428196a9dd888e46549962b66\">\n                <img\n                    title=\"14-3.\u0161kolsko-Lana-Pri\u0161\u0107-prvonagra\u0111ena\"\n                    alt=\"14-3.\u0161kolsko-Lana-Pri\u0161\u0107-prvonagra\u0111ena\"\n                    src=\"https:\/\/kontesadora.hr\/stara\/wp-content\/gallery\/3-skolsko-instrumentalno-natjecanje-moje-notice-i-tri-tockice\/thumbs\/thumbs_14-3.%C5%A1kolsko-Lana-Pri%C5%A1%C4%87-prvonagra%C4%91ena.jpg\"\n                    width=\"100\"\n                    height=\"75\"\n                    style=\"max-width:100%;\"\n                \/>\n            <\/a>\n        <\/div>\n\t\t\t\t\t\t\t<\/div> \n\t\t\t\n        \n\t\t\t\t<div id=\"ngg-image-15\" class=\"ngg-gallery-thumbnail-box\" >\n\t\t\t\t        <div class=\"ngg-gallery-thumbnail\">\n            <a href=\"https:\/\/kontesadora.hr\/stara\/wp-content\/gallery\/3-skolsko-instrumentalno-natjecanje-moje-notice-i-tri-tockice\/13-3.%C5%A1kolsko-Nuo-Cheng-prvonagra%C4%91ena.jpg\"\n               title=\"\"\n               data-src=\"https:\/\/kontesadora.hr\/stara\/wp-content\/gallery\/3-skolsko-instrumentalno-natjecanje-moje-notice-i-tri-tockice\/13-3.%C5%A1kolsko-Nuo-Cheng-prvonagra%C4%91ena.jpg\"\n               data-thumbnail=\"https:\/\/kontesadora.hr\/stara\/wp-content\/gallery\/3-skolsko-instrumentalno-natjecanje-moje-notice-i-tri-tockice\/thumbs\/thumbs_13-3.%C5%A1kolsko-Nuo-Cheng-prvonagra%C4%91ena.jpg\"\n               data-image-id=\"4878\"\n               data-title=\"13-3.\u0161kolsko-Nuo-Cheng-prvonagra\u0111ena\"\n               data-description=\"\"\n               data-image-slug=\"13-3-%c5%a1kolsko-nuo-cheng-prvonagra%c4%91ena\"\n               class=\"shutterset_52e35fd428196a9dd888e46549962b66\">\n                <img\n                    title=\"13-3.\u0161kolsko-Nuo-Cheng-prvonagra\u0111ena\"\n                    alt=\"13-3.\u0161kolsko-Nuo-Cheng-prvonagra\u0111ena\"\n                    src=\"https:\/\/kontesadora.hr\/stara\/wp-content\/gallery\/3-skolsko-instrumentalno-natjecanje-moje-notice-i-tri-tockice\/thumbs\/thumbs_13-3.%C5%A1kolsko-Nuo-Cheng-prvonagra%C4%91ena.jpg\"\n                    width=\"100\"\n                    height=\"75\"\n                    style=\"max-width:100%;\"\n                \/>\n            <\/a>\n        <\/div>\n\t\t\t\t\t\t\t<\/div> \n\t\t\t\n        \n\t\t\t\t<div id=\"ngg-image-16\" class=\"ngg-gallery-thumbnail-box\" >\n\t\t\t\t        <div class=\"ngg-gallery-thumbnail\">\n            <a href=\"https:\/\/kontesadora.hr\/stara\/wp-content\/gallery\/3-skolsko-instrumentalno-natjecanje-moje-notice-i-tri-tockice\/12-3.%C5%A1kolsko-Lada-K-prvonagra%C4%91ena.jpg\"\n               title=\"\"\n               data-src=\"https:\/\/kontesadora.hr\/stara\/wp-content\/gallery\/3-skolsko-instrumentalno-natjecanje-moje-notice-i-tri-tockice\/12-3.%C5%A1kolsko-Lada-K-prvonagra%C4%91ena.jpg\"\n               data-thumbnail=\"https:\/\/kontesadora.hr\/stara\/wp-content\/gallery\/3-skolsko-instrumentalno-natjecanje-moje-notice-i-tri-tockice\/thumbs\/thumbs_12-3.%C5%A1kolsko-Lada-K-prvonagra%C4%91ena.jpg\"\n               data-image-id=\"4877\"\n               data-title=\"12-3.\u0161kolsko-Lada-K-prvonagra\u0111ena\"\n               data-description=\"\"\n               data-image-slug=\"12-3-%c5%a1kolsko-lada-k-prvonagra%c4%91ena\"\n               class=\"shutterset_52e35fd428196a9dd888e46549962b66\">\n                <img\n                    title=\"12-3.\u0161kolsko-Lada-K-prvonagra\u0111ena\"\n                    alt=\"12-3.\u0161kolsko-Lada-K-prvonagra\u0111ena\"\n                    src=\"https:\/\/kontesadora.hr\/stara\/wp-content\/gallery\/3-skolsko-instrumentalno-natjecanje-moje-notice-i-tri-tockice\/thumbs\/thumbs_12-3.%C5%A1kolsko-Lada-K-prvonagra%C4%91ena.jpg\"\n                    width=\"100\"\n                    height=\"75\"\n                    style=\"max-width:100%;\"\n                \/>\n            <\/a>\n        <\/div>\n\t\t\t\t\t\t\t<\/div> \n\t\t\t\n        \n\t\t\t\t<div id=\"ngg-image-17\" class=\"ngg-gallery-thumbnail-box\" >\n\t\t\t\t        <div class=\"ngg-gallery-thumbnail\">\n            <a href=\"https:\/\/kontesadora.hr\/stara\/wp-content\/gallery\/3-skolsko-instrumentalno-natjecanje-moje-notice-i-tri-tockice\/11-3.%C5%A1kolsko-svi-.jpg\"\n               title=\"\"\n               data-src=\"https:\/\/kontesadora.hr\/stara\/wp-content\/gallery\/3-skolsko-instrumentalno-natjecanje-moje-notice-i-tri-tockice\/11-3.%C5%A1kolsko-svi-.jpg\"\n               data-thumbnail=\"https:\/\/kontesadora.hr\/stara\/wp-content\/gallery\/3-skolsko-instrumentalno-natjecanje-moje-notice-i-tri-tockice\/thumbs\/thumbs_11-3.%C5%A1kolsko-svi-.jpg\"\n               data-image-id=\"4876\"\n               data-title=\"11-3.\u0161kolsko-svi-\"\n               data-description=\"\"\n               data-image-slug=\"11-3-%c5%a1kolsko-svi\"\n               class=\"shutterset_52e35fd428196a9dd888e46549962b66\">\n                <img\n                    title=\"11-3.\u0161kolsko-svi-\"\n                    alt=\"11-3.\u0161kolsko-svi-\"\n                    src=\"https:\/\/kontesadora.hr\/stara\/wp-content\/gallery\/3-skolsko-instrumentalno-natjecanje-moje-notice-i-tri-tockice\/thumbs\/thumbs_11-3.%C5%A1kolsko-svi-.jpg\"\n                    width=\"100\"\n                    height=\"75\"\n                    style=\"max-width:100%;\"\n                \/>\n            <\/a>\n        <\/div>\n\t\t\t\t\t\t\t<\/div> \n\t\t\t\n        \n\t\t\t\t<div id=\"ngg-image-18\" class=\"ngg-gallery-thumbnail-box\" >\n\t\t\t\t        <div class=\"ngg-gallery-thumbnail\">\n            <a href=\"https:\/\/kontesadora.hr\/stara\/wp-content\/gallery\/3-skolsko-instrumentalno-natjecanje-moje-notice-i-tri-tockice\/10-3.%C5%A1kolsko-nastavnici.jpg\"\n               title=\"\"\n               data-src=\"https:\/\/kontesadora.hr\/stara\/wp-content\/gallery\/3-skolsko-instrumentalno-natjecanje-moje-notice-i-tri-tockice\/10-3.%C5%A1kolsko-nastavnici.jpg\"\n               data-thumbnail=\"https:\/\/kontesadora.hr\/stara\/wp-content\/gallery\/3-skolsko-instrumentalno-natjecanje-moje-notice-i-tri-tockice\/thumbs\/thumbs_10-3.%C5%A1kolsko-nastavnici.jpg\"\n               data-image-id=\"4875\"\n               data-title=\"10-3.\u0161kolsko-nastavnici\"\n               data-description=\"\"\n               data-image-slug=\"10-3-%c5%a1kolsko-nastavnici\"\n               class=\"shutterset_52e35fd428196a9dd888e46549962b66\">\n                <img\n                    title=\"10-3.\u0161kolsko-nastavnici\"\n                    alt=\"10-3.\u0161kolsko-nastavnici\"\n                    src=\"https:\/\/kontesadora.hr\/stara\/wp-content\/gallery\/3-skolsko-instrumentalno-natjecanje-moje-notice-i-tri-tockice\/thumbs\/thumbs_10-3.%C5%A1kolsko-nastavnici.jpg\"\n                    width=\"100\"\n                    height=\"75\"\n                    style=\"max-width:100%;\"\n                \/>\n            <\/a>\n        <\/div>\n\t\t\t\t\t\t\t<\/div> \n\t\t\t\n        \n\t\t\t\t<div id=\"ngg-image-19\" class=\"ngg-gallery-thumbnail-box\" >\n\t\t\t\t        <div class=\"ngg-gallery-thumbnail\">\n            <a href=\"https:\/\/kontesadora.hr\/stara\/wp-content\/gallery\/3-skolsko-instrumentalno-natjecanje-moje-notice-i-tri-tockice\/09-3.%C5%A1kolsko-sve-kategorije-2.jpg\"\n               title=\"\"\n               data-src=\"https:\/\/kontesadora.hr\/stara\/wp-content\/gallery\/3-skolsko-instrumentalno-natjecanje-moje-notice-i-tri-tockice\/09-3.%C5%A1kolsko-sve-kategorije-2.jpg\"\n               data-thumbnail=\"https:\/\/kontesadora.hr\/stara\/wp-content\/gallery\/3-skolsko-instrumentalno-natjecanje-moje-notice-i-tri-tockice\/thumbs\/thumbs_09-3.%C5%A1kolsko-sve-kategorije-2.jpg\"\n               data-image-id=\"4874\"\n               data-title=\"09-3.\u0161kolsko-sve-kategorije-2\"\n               data-description=\"\"\n               data-image-slug=\"09-3-%c5%a1kolsko-sve-kategorije-2\"\n               class=\"shutterset_52e35fd428196a9dd888e46549962b66\">\n                <img\n                    title=\"09-3.\u0161kolsko-sve-kategorije-2\"\n                    alt=\"09-3.\u0161kolsko-sve-kategorije-2\"\n                    src=\"https:\/\/kontesadora.hr\/stara\/wp-content\/gallery\/3-skolsko-instrumentalno-natjecanje-moje-notice-i-tri-tockice\/thumbs\/thumbs_09-3.%C5%A1kolsko-sve-kategorije-2.jpg\"\n                    width=\"100\"\n                    height=\"75\"\n                    style=\"max-width:100%;\"\n                \/>\n            <\/a>\n        <\/div>\n\t\t\t\t\t\t\t<\/div> \n\t\t\t\n        \n\t\t\n\t\t<!-- Pagination -->\n\t<div class='ngg-navigation'><span class='current'>1<\/span>\n<a class='page-numbers' data-pageid='2' href='https:\/\/kontesadora.hr\/stara\/galerija\/nggallery\/page\/2'>2<\/a>\n<a class='prev' href='https:\/\/kontesadora.hr\/stara\/galerija\/nggallery\/page\/2' data-pageid=2>&#9658;<\/a><\/div>\t<\/div>\n 3.\u0161kolsko instrumentalno natjecanje &#8220;Moje notice i tri to\u010dkice&#8221;,&nbsp;19. o\u017eujka 2019.<\/p>\n<!-- index.php -->\n<div\n\tclass=\"ngg-galleryoverview ngg-ajax-pagination-none\"\n\tid=\"ngg-gallery-866e05d7f73c70a4be7af70ee760a328-1\">\n\n    \t<div class=\"slideshowlink\">\n        <a href='https:\/\/kontesadora.hr\/stara\/galerija\/nggallery\/slideshow'>[Show as slideshow]<\/a>\n\t\t\n\t<\/div>\n\t\t\t<!-- Thumbnails -->\n\t\t\t\t<div id=\"ngg-image-0\" class=\"ngg-gallery-thumbnail-box\" >\n\t\t\t\t        <div class=\"ngg-gallery-thumbnail\">\n            <a href=\"https:\/\/kontesadora.hr\/stara\/wp-content\/gallery\/svecanost-povodom-predstavljanja-6-broja-casopisa-kontesa-dora-pejacevic\/01-6.%C4%8CASOPIS-8.jpg\"\n               title=\"\"\n               data-src=\"https:\/\/kontesadora.hr\/stara\/wp-content\/gallery\/svecanost-povodom-predstavljanja-6-broja-casopisa-kontesa-dora-pejacevic\/01-6.%C4%8CASOPIS-8.jpg\"\n               data-thumbnail=\"https:\/\/kontesadora.hr\/stara\/wp-content\/gallery\/svecanost-povodom-predstavljanja-6-broja-casopisa-kontesa-dora-pejacevic\/thumbs\/thumbs_01-6.%C4%8CASOPIS-8.jpg\"\n               data-image-id=\"4813\"\n               data-title=\"01-6.\u010cASOPIS 8\"\n               data-description=\"\"\n               data-image-slug=\"01-6-%c4%8dasopis-8\"\n               class=\"shutterset_866e05d7f73c70a4be7af70ee760a328\">\n                <img\n                    title=\"01-6.\u010cASOPIS 8\"\n                    alt=\"01-6.\u010cASOPIS 8\"\n                    src=\"https:\/\/kontesadora.hr\/stara\/wp-content\/gallery\/svecanost-povodom-predstavljanja-6-broja-casopisa-kontesa-dora-pejacevic\/thumbs\/thumbs_01-6.%C4%8CASOPIS-8.jpg\"\n                    width=\"100\"\n                    height=\"75\"\n                    style=\"max-width:100%;\"\n                \/>\n            <\/a>\n        <\/div>\n\t\t\t\t\t\t\t<\/div> \n\t\t\t\n        \n\t\t\t\t<div id=\"ngg-image-1\" class=\"ngg-gallery-thumbnail-box\" >\n\t\t\t\t        <div class=\"ngg-gallery-thumbnail\">\n            <a href=\"https:\/\/kontesadora.hr\/stara\/wp-content\/gallery\/svecanost-povodom-predstavljanja-6-broja-casopisa-kontesa-dora-pejacevic\/01-6.%C4%8CASOPIS-5-TRIO.jpg\"\n               title=\"\"\n               data-src=\"https:\/\/kontesadora.hr\/stara\/wp-content\/gallery\/svecanost-povodom-predstavljanja-6-broja-casopisa-kontesa-dora-pejacevic\/01-6.%C4%8CASOPIS-5-TRIO.jpg\"\n               data-thumbnail=\"https:\/\/kontesadora.hr\/stara\/wp-content\/gallery\/svecanost-povodom-predstavljanja-6-broja-casopisa-kontesa-dora-pejacevic\/thumbs\/thumbs_01-6.%C4%8CASOPIS-5-TRIO.jpg\"\n               data-image-id=\"4799\"\n               data-title=\"01-6.\u010cASOPIS 5 TRIO\"\n               data-description=\"\"\n               data-image-slug=\"01-6-%c4%8dasopis-5-trio\"\n               class=\"shutterset_866e05d7f73c70a4be7af70ee760a328\">\n                <img\n                    title=\"01-6.\u010cASOPIS 5 TRIO\"\n                    alt=\"01-6.\u010cASOPIS 5 TRIO\"\n                    src=\"https:\/\/kontesadora.hr\/stara\/wp-content\/gallery\/svecanost-povodom-predstavljanja-6-broja-casopisa-kontesa-dora-pejacevic\/thumbs\/thumbs_01-6.%C4%8CASOPIS-5-TRIO.jpg\"\n                    width=\"100\"\n                    height=\"75\"\n                    style=\"max-width:100%;\"\n                \/>\n            <\/a>\n        <\/div>\n\t\t\t\t\t\t\t<\/div> \n\t\t\t\n        \n\t\t\t\t<div id=\"ngg-image-2\" class=\"ngg-gallery-thumbnail-box\" >\n\t\t\t\t        <div class=\"ngg-gallery-thumbnail\">\n            <a href=\"https:\/\/kontesadora.hr\/stara\/wp-content\/gallery\/svecanost-povodom-predstavljanja-6-broja-casopisa-kontesa-dora-pejacevic\/01-6.%C4%8CASOPIS-7.jpg\"\n               title=\"\"\n               data-src=\"https:\/\/kontesadora.hr\/stara\/wp-content\/gallery\/svecanost-povodom-predstavljanja-6-broja-casopisa-kontesa-dora-pejacevic\/01-6.%C4%8CASOPIS-7.jpg\"\n               data-thumbnail=\"https:\/\/kontesadora.hr\/stara\/wp-content\/gallery\/svecanost-povodom-predstavljanja-6-broja-casopisa-kontesa-dora-pejacevic\/thumbs\/thumbs_01-6.%C4%8CASOPIS-7.jpg\"\n               data-image-id=\"4788\"\n               data-title=\"01-6.\u010cASOPIS 7\"\n               data-description=\"\"\n               data-image-slug=\"01-6-%c4%8dasopis-7\"\n               class=\"shutterset_866e05d7f73c70a4be7af70ee760a328\">\n                <img\n                    title=\"01-6.\u010cASOPIS 7\"\n                    alt=\"01-6.\u010cASOPIS 7\"\n                    src=\"https:\/\/kontesadora.hr\/stara\/wp-content\/gallery\/svecanost-povodom-predstavljanja-6-broja-casopisa-kontesa-dora-pejacevic\/thumbs\/thumbs_01-6.%C4%8CASOPIS-7.jpg\"\n                    width=\"100\"\n                    height=\"75\"\n                    style=\"max-width:100%;\"\n                \/>\n            <\/a>\n        <\/div>\n\t\t\t\t\t\t\t<\/div> \n\t\t\t\n        \n\t\t\t\t<div id=\"ngg-image-3\" class=\"ngg-gallery-thumbnail-box\" >\n\t\t\t\t        <div class=\"ngg-gallery-thumbnail\">\n            <a href=\"https:\/\/kontesadora.hr\/stara\/wp-content\/gallery\/svecanost-povodom-predstavljanja-6-broja-casopisa-kontesa-dora-pejacevic\/02-6.%C4%8CASOPIS-9-Marijan-Baka%C4%8D.jpg\"\n               title=\"\"\n               data-src=\"https:\/\/kontesadora.hr\/stara\/wp-content\/gallery\/svecanost-povodom-predstavljanja-6-broja-casopisa-kontesa-dora-pejacevic\/02-6.%C4%8CASOPIS-9-Marijan-Baka%C4%8D.jpg\"\n               data-thumbnail=\"https:\/\/kontesadora.hr\/stara\/wp-content\/gallery\/svecanost-povodom-predstavljanja-6-broja-casopisa-kontesa-dora-pejacevic\/thumbs\/thumbs_02-6.%C4%8CASOPIS-9-Marijan-Baka%C4%8D.jpg\"\n               data-image-id=\"4814\"\n               data-title=\"02-6.\u010cASOPIS 9 Marijan Baka\u010d\"\n               data-description=\"\"\n               data-image-slug=\"02-6-%c4%8dasopis-9-marijan-baka%c4%8d\"\n               class=\"shutterset_866e05d7f73c70a4be7af70ee760a328\">\n                <img\n                    title=\"02-6.\u010cASOPIS 9 Marijan Baka\u010d\"\n                    alt=\"02-6.\u010cASOPIS 9 Marijan Baka\u010d\"\n                    src=\"https:\/\/kontesadora.hr\/stara\/wp-content\/gallery\/svecanost-povodom-predstavljanja-6-broja-casopisa-kontesa-dora-pejacevic\/thumbs\/thumbs_02-6.%C4%8CASOPIS-9-Marijan-Baka%C4%8D.jpg\"\n                    width=\"100\"\n                    height=\"75\"\n                    style=\"max-width:100%;\"\n                \/>\n            <\/a>\n        <\/div>\n\t\t\t\t\t\t\t<\/div> \n\t\t\t\n        \n\t\t\t\t<div id=\"ngg-image-4\" class=\"ngg-gallery-thumbnail-box\" >\n\t\t\t\t        <div class=\"ngg-gallery-thumbnail\">\n            <a href=\"https:\/\/kontesadora.hr\/stara\/wp-content\/gallery\/svecanost-povodom-predstavljanja-6-broja-casopisa-kontesa-dora-pejacevic\/03-6.%C4%8CASOPIS-10-Sandra-Lon%C4%8Dari%C4%87.jpg\"\n               title=\"\"\n               data-src=\"https:\/\/kontesadora.hr\/stara\/wp-content\/gallery\/svecanost-povodom-predstavljanja-6-broja-casopisa-kontesa-dora-pejacevic\/03-6.%C4%8CASOPIS-10-Sandra-Lon%C4%8Dari%C4%87.jpg\"\n               data-thumbnail=\"https:\/\/kontesadora.hr\/stara\/wp-content\/gallery\/svecanost-povodom-predstavljanja-6-broja-casopisa-kontesa-dora-pejacevic\/thumbs\/thumbs_03-6.%C4%8CASOPIS-10-Sandra-Lon%C4%8Dari%C4%87.jpg\"\n               data-image-id=\"4815\"\n               data-title=\"03-6.\u010cASOPIS 10 Sandra Lon\u010dari\u0107\"\n               data-description=\"\"\n               data-image-slug=\"03-6-%c4%8dasopis-10-sandra-lon%c4%8dari%c4%87\"\n               class=\"shutterset_866e05d7f73c70a4be7af70ee760a328\">\n                <img\n                    title=\"03-6.\u010cASOPIS 10 Sandra Lon\u010dari\u0107\"\n                    alt=\"03-6.\u010cASOPIS 10 Sandra Lon\u010dari\u0107\"\n                    src=\"https:\/\/kontesadora.hr\/stara\/wp-content\/gallery\/svecanost-povodom-predstavljanja-6-broja-casopisa-kontesa-dora-pejacevic\/thumbs\/thumbs_03-6.%C4%8CASOPIS-10-Sandra-Lon%C4%8Dari%C4%87.jpg\"\n                    width=\"100\"\n                    height=\"75\"\n                    style=\"max-width:100%;\"\n                \/>\n            <\/a>\n        <\/div>\n\t\t\t\t\t\t\t<\/div> \n\t\t\t\n        \n\t\t\t\t<div id=\"ngg-image-5\" class=\"ngg-gallery-thumbnail-box\" >\n\t\t\t\t        <div class=\"ngg-gallery-thumbnail\">\n            <a href=\"https:\/\/kontesadora.hr\/stara\/wp-content\/gallery\/svecanost-povodom-predstavljanja-6-broja-casopisa-kontesa-dora-pejacevic\/04-6.%C4%8CASOPIS-2.jpg\"\n               title=\"\"\n               data-src=\"https:\/\/kontesadora.hr\/stara\/wp-content\/gallery\/svecanost-povodom-predstavljanja-6-broja-casopisa-kontesa-dora-pejacevic\/04-6.%C4%8CASOPIS-2.jpg\"\n               data-thumbnail=\"https:\/\/kontesadora.hr\/stara\/wp-content\/gallery\/svecanost-povodom-predstavljanja-6-broja-casopisa-kontesa-dora-pejacevic\/thumbs\/thumbs_04-6.%C4%8CASOPIS-2.jpg\"\n               data-image-id=\"4802\"\n               data-title=\"04-6.\u010cASOPIS 2\"\n               data-description=\"\"\n               data-image-slug=\"04-6-%c4%8dasopis-2\"\n               class=\"shutterset_866e05d7f73c70a4be7af70ee760a328\">\n                <img\n                    title=\"04-6.\u010cASOPIS 2\"\n                    alt=\"04-6.\u010cASOPIS 2\"\n                    src=\"https:\/\/kontesadora.hr\/stara\/wp-content\/gallery\/svecanost-povodom-predstavljanja-6-broja-casopisa-kontesa-dora-pejacevic\/thumbs\/thumbs_04-6.%C4%8CASOPIS-2.jpg\"\n                    width=\"100\"\n                    height=\"75\"\n                    style=\"max-width:100%;\"\n                \/>\n            <\/a>\n        <\/div>\n\t\t\t\t\t\t\t<\/div> \n\t\t\t\n        \n\t\t\t\t<div id=\"ngg-image-6\" class=\"ngg-gallery-thumbnail-box\" >\n\t\t\t\t        <div class=\"ngg-gallery-thumbnail\">\n            <a href=\"https:\/\/kontesadora.hr\/stara\/wp-content\/gallery\/svecanost-povodom-predstavljanja-6-broja-casopisa-kontesa-dora-pejacevic\/04-6.%C4%8CASOPIS-1.jpg\"\n               title=\"\"\n               data-src=\"https:\/\/kontesadora.hr\/stara\/wp-content\/gallery\/svecanost-povodom-predstavljanja-6-broja-casopisa-kontesa-dora-pejacevic\/04-6.%C4%8CASOPIS-1.jpg\"\n               data-thumbnail=\"https:\/\/kontesadora.hr\/stara\/wp-content\/gallery\/svecanost-povodom-predstavljanja-6-broja-casopisa-kontesa-dora-pejacevic\/thumbs\/thumbs_04-6.%C4%8CASOPIS-1.jpg\"\n               data-image-id=\"4816\"\n               data-title=\"04-6.\u010cASOPIS 1\"\n               data-description=\"\"\n               data-image-slug=\"04-6-%c4%8dasopis-1\"\n               class=\"shutterset_866e05d7f73c70a4be7af70ee760a328\">\n                <img\n                    title=\"04-6.\u010cASOPIS 1\"\n                    alt=\"04-6.\u010cASOPIS 1\"\n                    src=\"https:\/\/kontesadora.hr\/stara\/wp-content\/gallery\/svecanost-povodom-predstavljanja-6-broja-casopisa-kontesa-dora-pejacevic\/thumbs\/thumbs_04-6.%C4%8CASOPIS-1.jpg\"\n                    width=\"100\"\n                    height=\"75\"\n                    style=\"max-width:100%;\"\n                \/>\n            <\/a>\n        <\/div>\n\t\t\t\t\t\t\t<\/div> \n\t\t\t\n        \n\t\t\t\t<div id=\"ngg-image-7\" class=\"ngg-gallery-thumbnail-box\" >\n\t\t\t\t        <div class=\"ngg-gallery-thumbnail\">\n            <a href=\"https:\/\/kontesadora.hr\/stara\/wp-content\/gallery\/svecanost-povodom-predstavljanja-6-broja-casopisa-kontesa-dora-pejacevic\/05-6.%C4%8CASOPIS-Eva-Kirchmayer-Bili%C4%87.jpg\"\n               title=\"\"\n               data-src=\"https:\/\/kontesadora.hr\/stara\/wp-content\/gallery\/svecanost-povodom-predstavljanja-6-broja-casopisa-kontesa-dora-pejacevic\/05-6.%C4%8CASOPIS-Eva-Kirchmayer-Bili%C4%87.jpg\"\n               data-thumbnail=\"https:\/\/kontesadora.hr\/stara\/wp-content\/gallery\/svecanost-povodom-predstavljanja-6-broja-casopisa-kontesa-dora-pejacevic\/thumbs\/thumbs_05-6.%C4%8CASOPIS-Eva-Kirchmayer-Bili%C4%87.jpg\"\n               data-image-id=\"4817\"\n               data-title=\"05-6.\u010cASOPIS Eva Kirchmayer Bili\u0107\"\n               data-description=\"\"\n               data-image-slug=\"05-6-%c4%8dasopis-eva-kirchmayer-bili%c4%87\"\n               class=\"shutterset_866e05d7f73c70a4be7af70ee760a328\">\n                <img\n                    title=\"05-6.\u010cASOPIS Eva Kirchmayer Bili\u0107\"\n                    alt=\"05-6.\u010cASOPIS Eva Kirchmayer Bili\u0107\"\n                    src=\"https:\/\/kontesadora.hr\/stara\/wp-content\/gallery\/svecanost-povodom-predstavljanja-6-broja-casopisa-kontesa-dora-pejacevic\/thumbs\/thumbs_05-6.%C4%8CASOPIS-Eva-Kirchmayer-Bili%C4%87.jpg\"\n                    width=\"100\"\n                    height=\"75\"\n                    style=\"max-width:100%;\"\n                \/>\n            <\/a>\n        <\/div>\n\t\t\t\t\t\t\t<\/div> \n\t\t\t\n        \n\t\t\t\t<div id=\"ngg-image-8\" class=\"ngg-gallery-thumbnail-box\" >\n\t\t\t\t        <div class=\"ngg-gallery-thumbnail\">\n            <a href=\"https:\/\/kontesadora.hr\/stara\/wp-content\/gallery\/svecanost-povodom-predstavljanja-6-broja-casopisa-kontesa-dora-pejacevic\/06-6.-%C4%8CASOPIS-Nuo-Cheng.jpg\"\n               title=\"\"\n               data-src=\"https:\/\/kontesadora.hr\/stara\/wp-content\/gallery\/svecanost-povodom-predstavljanja-6-broja-casopisa-kontesa-dora-pejacevic\/06-6.-%C4%8CASOPIS-Nuo-Cheng.jpg\"\n               data-thumbnail=\"https:\/\/kontesadora.hr\/stara\/wp-content\/gallery\/svecanost-povodom-predstavljanja-6-broja-casopisa-kontesa-dora-pejacevic\/thumbs\/thumbs_06-6.-%C4%8CASOPIS-Nuo-Cheng.jpg\"\n               data-image-id=\"4818\"\n               data-title=\"06-6. \u010cASOPIS Nuo Cheng\"\n               data-description=\"\"\n               data-image-slug=\"06-6-%c4%8dasopis-nuo-cheng\"\n               class=\"shutterset_866e05d7f73c70a4be7af70ee760a328\">\n                <img\n                    title=\"06-6. \u010cASOPIS Nuo Cheng\"\n                    alt=\"06-6. \u010cASOPIS Nuo Cheng\"\n                    src=\"https:\/\/kontesadora.hr\/stara\/wp-content\/gallery\/svecanost-povodom-predstavljanja-6-broja-casopisa-kontesa-dora-pejacevic\/thumbs\/thumbs_06-6.-%C4%8CASOPIS-Nuo-Cheng.jpg\"\n                    width=\"100\"\n                    height=\"75\"\n                    style=\"max-width:100%;\"\n                \/>\n            <\/a>\n        <\/div>\n\t\t\t\t\t\t\t<\/div> \n\t\t\t\n        \n\t\t\t\t<div id=\"ngg-image-9\" class=\"ngg-gallery-thumbnail-box\" >\n\t\t\t\t        <div class=\"ngg-gallery-thumbnail\">\n            <a href=\"https:\/\/kontesadora.hr\/stara\/wp-content\/gallery\/svecanost-povodom-predstavljanja-6-broja-casopisa-kontesa-dora-pejacevic\/05-6.-%C4%8CASOPIS-NUO.jpg\"\n               title=\"\"\n               data-src=\"https:\/\/kontesadora.hr\/stara\/wp-content\/gallery\/svecanost-povodom-predstavljanja-6-broja-casopisa-kontesa-dora-pejacevic\/05-6.-%C4%8CASOPIS-NUO.jpg\"\n               data-thumbnail=\"https:\/\/kontesadora.hr\/stara\/wp-content\/gallery\/svecanost-povodom-predstavljanja-6-broja-casopisa-kontesa-dora-pejacevic\/thumbs\/thumbs_05-6.-%C4%8CASOPIS-NUO.jpg\"\n               data-image-id=\"4803\"\n               data-title=\"05-6. \u010cASOPIS NUO\"\n               data-description=\"\"\n               data-image-slug=\"05-6-%c4%8dasopis-nuo\"\n               class=\"shutterset_866e05d7f73c70a4be7af70ee760a328\">\n                <img\n                    title=\"05-6. \u010cASOPIS NUO\"\n                    alt=\"05-6. \u010cASOPIS NUO\"\n                    src=\"https:\/\/kontesadora.hr\/stara\/wp-content\/gallery\/svecanost-povodom-predstavljanja-6-broja-casopisa-kontesa-dora-pejacevic\/thumbs\/thumbs_05-6.-%C4%8CASOPIS-NUO.jpg\"\n                    width=\"100\"\n                    height=\"75\"\n                    style=\"max-width:100%;\"\n                \/>\n            <\/a>\n        <\/div>\n\t\t\t\t\t\t\t<\/div> \n\t\t\t\n        \n\t\t\t\t<div id=\"ngg-image-10\" class=\"ngg-gallery-thumbnail-box\" >\n\t\t\t\t        <div class=\"ngg-gallery-thumbnail\">\n            <a href=\"https:\/\/kontesadora.hr\/stara\/wp-content\/gallery\/svecanost-povodom-predstavljanja-6-broja-casopisa-kontesa-dora-pejacevic\/07-6.-%C4%8CASOPIS-ANA-%C5%A0OSTAR-2.jpg\"\n               title=\"\"\n               data-src=\"https:\/\/kontesadora.hr\/stara\/wp-content\/gallery\/svecanost-povodom-predstavljanja-6-broja-casopisa-kontesa-dora-pejacevic\/07-6.-%C4%8CASOPIS-ANA-%C5%A0OSTAR-2.jpg\"\n               data-thumbnail=\"https:\/\/kontesadora.hr\/stara\/wp-content\/gallery\/svecanost-povodom-predstavljanja-6-broja-casopisa-kontesa-dora-pejacevic\/thumbs\/thumbs_07-6.-%C4%8CASOPIS-ANA-%C5%A0OSTAR-2.jpg\"\n               data-image-id=\"4819\"\n               data-title=\"07-6. \u010cASOPIS ANA \u0160OSTAR 2\"\n               data-description=\"\"\n               data-image-slug=\"07-6-%c4%8dasopis-ana-%c5%a1ostar-2\"\n               class=\"shutterset_866e05d7f73c70a4be7af70ee760a328\">\n                <img\n                    title=\"07-6. \u010cASOPIS ANA \u0160OSTAR 2\"\n                    alt=\"07-6. \u010cASOPIS ANA \u0160OSTAR 2\"\n                    src=\"https:\/\/kontesadora.hr\/stara\/wp-content\/gallery\/svecanost-povodom-predstavljanja-6-broja-casopisa-kontesa-dora-pejacevic\/thumbs\/thumbs_07-6.-%C4%8CASOPIS-ANA-%C5%A0OSTAR-2.jpg\"\n                    width=\"100\"\n                    height=\"75\"\n                    style=\"max-width:100%;\"\n                \/>\n            <\/a>\n        <\/div>\n\t\t\t\t\t\t\t<\/div> \n\t\t\t\n        \n\t\t\t\t<div id=\"ngg-image-11\" class=\"ngg-gallery-thumbnail-box\" >\n\t\t\t\t        <div class=\"ngg-gallery-thumbnail\">\n            <a href=\"https:\/\/kontesadora.hr\/stara\/wp-content\/gallery\/svecanost-povodom-predstavljanja-6-broja-casopisa-kontesa-dora-pejacevic\/08-6.-%C4%8CASOPIS-BLANKA-DO%C5%A0EN.jpg\"\n               title=\"\"\n               data-src=\"https:\/\/kontesadora.hr\/stara\/wp-content\/gallery\/svecanost-povodom-predstavljanja-6-broja-casopisa-kontesa-dora-pejacevic\/08-6.-%C4%8CASOPIS-BLANKA-DO%C5%A0EN.jpg\"\n               data-thumbnail=\"https:\/\/kontesadora.hr\/stara\/wp-content\/gallery\/svecanost-povodom-predstavljanja-6-broja-casopisa-kontesa-dora-pejacevic\/thumbs\/thumbs_08-6.-%C4%8CASOPIS-BLANKA-DO%C5%A0EN.jpg\"\n               data-image-id=\"4820\"\n               data-title=\"08-6. \u010cASOPIS BLANKA DO\u0160EN\"\n               data-description=\"\"\n               data-image-slug=\"08-6-%c4%8dasopis-blanka-do%c5%a1en\"\n               class=\"shutterset_866e05d7f73c70a4be7af70ee760a328\">\n                <img\n                    title=\"08-6. \u010cASOPIS BLANKA DO\u0160EN\"\n                    alt=\"08-6. \u010cASOPIS BLANKA DO\u0160EN\"\n                    src=\"https:\/\/kontesadora.hr\/stara\/wp-content\/gallery\/svecanost-povodom-predstavljanja-6-broja-casopisa-kontesa-dora-pejacevic\/thumbs\/thumbs_08-6.-%C4%8CASOPIS-BLANKA-DO%C5%A0EN.jpg\"\n                    width=\"100\"\n                    height=\"75\"\n                    style=\"max-width:100%;\"\n                \/>\n            <\/a>\n        <\/div>\n\t\t\t\t\t\t\t<\/div> \n\t\t\t\n        \n\t\t\t\t<div id=\"ngg-image-12\" class=\"ngg-gallery-thumbnail-box\" >\n\t\t\t\t        <div class=\"ngg-gallery-thumbnail\">\n            <a href=\"https:\/\/kontesadora.hr\/stara\/wp-content\/gallery\/svecanost-povodom-predstavljanja-6-broja-casopisa-kontesa-dora-pejacevic\/06-6.-%C4%8CASOPIS-BLANKA-MatijaMarioZdenko.jpg\"\n               title=\"\"\n               data-src=\"https:\/\/kontesadora.hr\/stara\/wp-content\/gallery\/svecanost-povodom-predstavljanja-6-broja-casopisa-kontesa-dora-pejacevic\/06-6.-%C4%8CASOPIS-BLANKA-MatijaMarioZdenko.jpg\"\n               data-thumbnail=\"https:\/\/kontesadora.hr\/stara\/wp-content\/gallery\/svecanost-povodom-predstavljanja-6-broja-casopisa-kontesa-dora-pejacevic\/thumbs\/thumbs_06-6.-%C4%8CASOPIS-BLANKA-MatijaMarioZdenko.jpg\"\n               data-image-id=\"4804\"\n               data-title=\"06-6. \u010cASOPIS BLANKA,  Matija,Mario,Zdenko\"\n               data-description=\"\"\n               data-image-slug=\"06-6-%c4%8dasopis-blanka-matijamariozdenko\"\n               class=\"shutterset_866e05d7f73c70a4be7af70ee760a328\">\n                <img\n                    title=\"06-6. \u010cASOPIS BLANKA,  Matija,Mario,Zdenko\"\n                    alt=\"06-6. \u010cASOPIS BLANKA,  Matija,Mario,Zdenko\"\n                    src=\"https:\/\/kontesadora.hr\/stara\/wp-content\/gallery\/svecanost-povodom-predstavljanja-6-broja-casopisa-kontesa-dora-pejacevic\/thumbs\/thumbs_06-6.-%C4%8CASOPIS-BLANKA-MatijaMarioZdenko.jpg\"\n                    width=\"100\"\n                    height=\"75\"\n                    style=\"max-width:100%;\"\n                \/>\n            <\/a>\n        <\/div>\n\t\t\t\t\t\t\t<\/div> \n\t\t\t\n        \n\t\t\t\t<div id=\"ngg-image-13\" class=\"ngg-gallery-thumbnail-box\" >\n\t\t\t\t        <div class=\"ngg-gallery-thumbnail\">\n            <a href=\"https:\/\/kontesadora.hr\/stara\/wp-content\/gallery\/svecanost-povodom-predstavljanja-6-broja-casopisa-kontesa-dora-pejacevic\/07-6.%C4%8CASOPIS-Ivan-Kraja%C4%8Di%C4%87.jpg\"\n               title=\"\"\n               data-src=\"https:\/\/kontesadora.hr\/stara\/wp-content\/gallery\/svecanost-povodom-predstavljanja-6-broja-casopisa-kontesa-dora-pejacevic\/07-6.%C4%8CASOPIS-Ivan-Kraja%C4%8Di%C4%87.jpg\"\n               data-thumbnail=\"https:\/\/kontesadora.hr\/stara\/wp-content\/gallery\/svecanost-povodom-predstavljanja-6-broja-casopisa-kontesa-dora-pejacevic\/thumbs\/thumbs_07-6.%C4%8CASOPIS-Ivan-Kraja%C4%8Di%C4%87.jpg\"\n               data-image-id=\"4805\"\n               data-title=\"07-6.\u010cASOPIS Ivan Kraja\u010di\u0107\"\n               data-description=\"\"\n               data-image-slug=\"07-6-%c4%8dasopis-ivan-kraja%c4%8di%c4%87\"\n               class=\"shutterset_866e05d7f73c70a4be7af70ee760a328\">\n                <img\n                    title=\"07-6.\u010cASOPIS Ivan Kraja\u010di\u0107\"\n                    alt=\"07-6.\u010cASOPIS Ivan Kraja\u010di\u0107\"\n                    src=\"https:\/\/kontesadora.hr\/stara\/wp-content\/gallery\/svecanost-povodom-predstavljanja-6-broja-casopisa-kontesa-dora-pejacevic\/thumbs\/thumbs_07-6.%C4%8CASOPIS-Ivan-Kraja%C4%8Di%C4%87.jpg\"\n                    width=\"100\"\n                    height=\"75\"\n                    style=\"max-width:100%;\"\n                \/>\n            <\/a>\n        <\/div>\n\t\t\t\t\t\t\t<\/div> \n\t\t\t\n        \n\t\t\t\t<div id=\"ngg-image-14\" class=\"ngg-gallery-thumbnail-box\" >\n\t\t\t\t        <div class=\"ngg-gallery-thumbnail\">\n            <a href=\"https:\/\/kontesadora.hr\/stara\/wp-content\/gallery\/svecanost-povodom-predstavljanja-6-broja-casopisa-kontesa-dora-pejacevic\/09-6.-%C4%8CASOPIS-Ivan-Kraja%C4%8Di%C4%87-Kristina-Brki%C4%87.jpg\"\n               title=\"\"\n               data-src=\"https:\/\/kontesadora.hr\/stara\/wp-content\/gallery\/svecanost-povodom-predstavljanja-6-broja-casopisa-kontesa-dora-pejacevic\/09-6.-%C4%8CASOPIS-Ivan-Kraja%C4%8Di%C4%87-Kristina-Brki%C4%87.jpg\"\n               data-thumbnail=\"https:\/\/kontesadora.hr\/stara\/wp-content\/gallery\/svecanost-povodom-predstavljanja-6-broja-casopisa-kontesa-dora-pejacevic\/thumbs\/thumbs_09-6.-%C4%8CASOPIS-Ivan-Kraja%C4%8Di%C4%87-Kristina-Brki%C4%87.jpg\"\n               data-image-id=\"4821\"\n               data-title=\"09-6. \u010cASOPIS Ivan Kraja\u010di\u0107, Kristina Brki\u0107\"\n               data-description=\"\"\n               data-image-slug=\"09-6-%c4%8dasopis-ivan-kraja%c4%8di%c4%87-kristina-brki%c4%87\"\n               class=\"shutterset_866e05d7f73c70a4be7af70ee760a328\">\n                <img\n                    title=\"09-6. \u010cASOPIS Ivan Kraja\u010di\u0107, Kristina Brki\u0107\"\n                    alt=\"09-6. \u010cASOPIS Ivan Kraja\u010di\u0107, Kristina Brki\u0107\"\n                    src=\"https:\/\/kontesadora.hr\/stara\/wp-content\/gallery\/svecanost-povodom-predstavljanja-6-broja-casopisa-kontesa-dora-pejacevic\/thumbs\/thumbs_09-6.-%C4%8CASOPIS-Ivan-Kraja%C4%8Di%C4%87-Kristina-Brki%C4%87.jpg\"\n                    width=\"100\"\n                    height=\"75\"\n                    style=\"max-width:100%;\"\n                \/>\n            <\/a>\n        <\/div>\n\t\t\t\t\t\t\t<\/div> \n\t\t\t\n        \n\t\t\t\t<div id=\"ngg-image-15\" class=\"ngg-gallery-thumbnail-box\" >\n\t\t\t\t        <div class=\"ngg-gallery-thumbnail\">\n            <a href=\"https:\/\/kontesadora.hr\/stara\/wp-content\/gallery\/svecanost-povodom-predstavljanja-6-broja-casopisa-kontesa-dora-pejacevic\/08-6.-%C4%8CASOPIS-Ana-Jazbec-2.jpg\"\n               title=\"\"\n               data-src=\"https:\/\/kontesadora.hr\/stara\/wp-content\/gallery\/svecanost-povodom-predstavljanja-6-broja-casopisa-kontesa-dora-pejacevic\/08-6.-%C4%8CASOPIS-Ana-Jazbec-2.jpg\"\n               data-thumbnail=\"https:\/\/kontesadora.hr\/stara\/wp-content\/gallery\/svecanost-povodom-predstavljanja-6-broja-casopisa-kontesa-dora-pejacevic\/thumbs\/thumbs_08-6.-%C4%8CASOPIS-Ana-Jazbec-2.jpg\"\n               data-image-id=\"4806\"\n               data-title=\"08-6. \u010cASOPIS Ana Jazbec (2)\"\n               data-description=\"\"\n               data-image-slug=\"08-6-%c4%8dasopis-ana-jazbec-2\"\n               class=\"shutterset_866e05d7f73c70a4be7af70ee760a328\">\n                <img\n                    title=\"08-6. \u010cASOPIS Ana Jazbec (2)\"\n                    alt=\"08-6. \u010cASOPIS Ana Jazbec (2)\"\n                    src=\"https:\/\/kontesadora.hr\/stara\/wp-content\/gallery\/svecanost-povodom-predstavljanja-6-broja-casopisa-kontesa-dora-pejacevic\/thumbs\/thumbs_08-6.-%C4%8CASOPIS-Ana-Jazbec-2.jpg\"\n                    width=\"100\"\n                    height=\"75\"\n                    style=\"max-width:100%;\"\n                \/>\n            <\/a>\n        <\/div>\n\t\t\t\t\t\t\t<\/div> \n\t\t\t\n        \n\t\t\t\t<div id=\"ngg-image-16\" class=\"ngg-gallery-thumbnail-box\" >\n\t\t\t\t        <div class=\"ngg-gallery-thumbnail\">\n            <a href=\"https:\/\/kontesadora.hr\/stara\/wp-content\/gallery\/svecanost-povodom-predstavljanja-6-broja-casopisa-kontesa-dora-pejacevic\/10-6.-%C4%8CASOPIS-KOMORNI-SAST.-Dean-Kopri.jpg\"\n               title=\"\"\n               data-src=\"https:\/\/kontesadora.hr\/stara\/wp-content\/gallery\/svecanost-povodom-predstavljanja-6-broja-casopisa-kontesa-dora-pejacevic\/10-6.-%C4%8CASOPIS-KOMORNI-SAST.-Dean-Kopri.jpg\"\n               data-thumbnail=\"https:\/\/kontesadora.hr\/stara\/wp-content\/gallery\/svecanost-povodom-predstavljanja-6-broja-casopisa-kontesa-dora-pejacevic\/thumbs\/thumbs_10-6.-%C4%8CASOPIS-KOMORNI-SAST.-Dean-Kopri.jpg\"\n               data-image-id=\"4822\"\n               data-title=\"10-6. \u010cASOPIS, KOMORNI SAST. Dean Kopri\"\n               data-description=\"\"\n               data-image-slug=\"10-6-%c4%8dasopis-komorni-sast-dean-kopri\"\n               class=\"shutterset_866e05d7f73c70a4be7af70ee760a328\">\n                <img\n                    title=\"10-6. \u010cASOPIS, KOMORNI SAST. Dean Kopri\"\n                    alt=\"10-6. \u010cASOPIS, KOMORNI SAST. Dean Kopri\"\n                    src=\"https:\/\/kontesadora.hr\/stara\/wp-content\/gallery\/svecanost-povodom-predstavljanja-6-broja-casopisa-kontesa-dora-pejacevic\/thumbs\/thumbs_10-6.-%C4%8CASOPIS-KOMORNI-SAST.-Dean-Kopri.jpg\"\n                    width=\"100\"\n                    height=\"75\"\n                    style=\"max-width:100%;\"\n                \/>\n            <\/a>\n        <\/div>\n\t\t\t\t\t\t\t<\/div> \n\t\t\t\n        \n\t\t\t\t<div id=\"ngg-image-17\" class=\"ngg-gallery-thumbnail-box\" >\n\t\t\t\t        <div class=\"ngg-gallery-thumbnail\">\n            <a href=\"https:\/\/kontesadora.hr\/stara\/wp-content\/gallery\/svecanost-povodom-predstavljanja-6-broja-casopisa-kontesa-dora-pejacevic\/09-6.-%C4%8CASOPIS-Eva-K.Bili%C4%87-2.jpg\"\n               title=\"\"\n               data-src=\"https:\/\/kontesadora.hr\/stara\/wp-content\/gallery\/svecanost-povodom-predstavljanja-6-broja-casopisa-kontesa-dora-pejacevic\/09-6.-%C4%8CASOPIS-Eva-K.Bili%C4%87-2.jpg\"\n               data-thumbnail=\"https:\/\/kontesadora.hr\/stara\/wp-content\/gallery\/svecanost-povodom-predstavljanja-6-broja-casopisa-kontesa-dora-pejacevic\/thumbs\/thumbs_09-6.-%C4%8CASOPIS-Eva-K.Bili%C4%87-2.jpg\"\n               data-image-id=\"4807\"\n               data-title=\"09-6. \u010cASOPIS Eva K.Bili\u0107 2\"\n               data-description=\"\"\n               data-image-slug=\"09-6-%c4%8dasopis-eva-k-bili%c4%87-2\"\n               class=\"shutterset_866e05d7f73c70a4be7af70ee760a328\">\n                <img\n                    title=\"09-6. \u010cASOPIS Eva K.Bili\u0107 2\"\n                    alt=\"09-6. \u010cASOPIS Eva K.Bili\u0107 2\"\n                    src=\"https:\/\/kontesadora.hr\/stara\/wp-content\/gallery\/svecanost-povodom-predstavljanja-6-broja-casopisa-kontesa-dora-pejacevic\/thumbs\/thumbs_09-6.-%C4%8CASOPIS-Eva-K.Bili%C4%87-2.jpg\"\n                    width=\"100\"\n                    height=\"75\"\n                    style=\"max-width:100%;\"\n                \/>\n            <\/a>\n        <\/div>\n\t\t\t\t\t\t\t<\/div> \n\t\t\t\n        \n\t\t\t\t<div id=\"ngg-image-18\" class=\"ngg-gallery-thumbnail-box\" >\n\t\t\t\t        <div class=\"ngg-gallery-thumbnail\">\n            <a href=\"https:\/\/kontesadora.hr\/stara\/wp-content\/gallery\/svecanost-povodom-predstavljanja-6-broja-casopisa-kontesa-dora-pejacevic\/02-6.-%C4%8CASOPIS-kamin.jpg\"\n               title=\"\"\n               data-src=\"https:\/\/kontesadora.hr\/stara\/wp-content\/gallery\/svecanost-povodom-predstavljanja-6-broja-casopisa-kontesa-dora-pejacevic\/02-6.-%C4%8CASOPIS-kamin.jpg\"\n               data-thumbnail=\"https:\/\/kontesadora.hr\/stara\/wp-content\/gallery\/svecanost-povodom-predstavljanja-6-broja-casopisa-kontesa-dora-pejacevic\/thumbs\/thumbs_02-6.-%C4%8CASOPIS-kamin.jpg\"\n               data-image-id=\"4789\"\n               data-title=\"02-6. \u010cASOPIS kamin\"\n               data-description=\"\"\n               data-image-slug=\"02-6-%c4%8dasopis-kamin\"\n               class=\"shutterset_866e05d7f73c70a4be7af70ee760a328\">\n                <img\n                    title=\"02-6. \u010cASOPIS kamin\"\n                    alt=\"02-6. \u010cASOPIS kamin\"\n                    src=\"https:\/\/kontesadora.hr\/stara\/wp-content\/gallery\/svecanost-povodom-predstavljanja-6-broja-casopisa-kontesa-dora-pejacevic\/thumbs\/thumbs_02-6.-%C4%8CASOPIS-kamin.jpg\"\n                    width=\"100\"\n                    height=\"75\"\n                    style=\"max-width:100%;\"\n                \/>\n            <\/a>\n        <\/div>\n\t\t\t\t\t\t\t<\/div> \n\t\t\t\n        \n\t\t\t\t<div id=\"ngg-image-19\" class=\"ngg-gallery-thumbnail-box\" >\n\t\t\t\t        <div class=\"ngg-gallery-thumbnail\">\n            <a href=\"https:\/\/kontesadora.hr\/stara\/wp-content\/gallery\/svecanost-povodom-predstavljanja-6-broja-casopisa-kontesa-dora-pejacevic\/10-6.-%C4%8CASOPIS-SUDIONICI.jpg\"\n               title=\"\"\n               data-src=\"https:\/\/kontesadora.hr\/stara\/wp-content\/gallery\/svecanost-povodom-predstavljanja-6-broja-casopisa-kontesa-dora-pejacevic\/10-6.-%C4%8CASOPIS-SUDIONICI.jpg\"\n               data-thumbnail=\"https:\/\/kontesadora.hr\/stara\/wp-content\/gallery\/svecanost-povodom-predstavljanja-6-broja-casopisa-kontesa-dora-pejacevic\/thumbs\/thumbs_10-6.-%C4%8CASOPIS-SUDIONICI.jpg\"\n               data-image-id=\"4808\"\n               data-title=\"10-6. \u010cASOPIS SUDIONICI\"\n               data-description=\"\"\n               data-image-slug=\"10-6-%c4%8dasopis-sudionici\"\n               class=\"shutterset_866e05d7f73c70a4be7af70ee760a328\">\n                <img\n                    title=\"10-6. \u010cASOPIS SUDIONICI\"\n                    alt=\"10-6. \u010cASOPIS SUDIONICI\"\n                    src=\"https:\/\/kontesadora.hr\/stara\/wp-content\/gallery\/svecanost-povodom-predstavljanja-6-broja-casopisa-kontesa-dora-pejacevic\/thumbs\/thumbs_10-6.-%C4%8CASOPIS-SUDIONICI.jpg\"\n                    width=\"100\"\n                    height=\"75\"\n                    style=\"max-width:100%;\"\n                \/>\n            <\/a>\n        <\/div>\n\t\t\t\t\t\t\t<\/div> \n\t\t\t\n        \n\t\t\n\t\t<!-- Pagination -->\n\t<div class='ngg-navigation'><span class='current'>1<\/span>\n<a class='page-numbers' data-pageid='2' href='https:\/\/kontesadora.hr\/stara\/galerija\/nggallery\/page\/2'>2<\/a>\n<a class='prev' href='https:\/\/kontesadora.hr\/stara\/galerija\/nggallery\/page\/2' data-pageid=2>&#9658;<\/a><\/div>\t<\/div>\n\n<p>30.11.2018&nbsp;Sve\u010danost povodom predstavljanja 6. broja \u010dasopisa Kontesa Dora Peja\u010devi\u0107<\/p>\n<!-- index.php -->\n<div\n\tclass=\"ngg-galleryoverview ngg-ajax-pagination-none\"\n\tid=\"ngg-gallery-9c659ea85985cba3c639258cf958e2b9-1\">\n\n    \t<div class=\"slideshowlink\">\n        <a href='https:\/\/kontesadora.hr\/stara\/galerija\/nggallery\/slideshow'>[Show as slideshow]<\/a>\n\t\t\n\t<\/div>\n\t\t\t<!-- Thumbnails -->\n\t\t\t\t<div id=\"ngg-image-0\" class=\"ngg-gallery-thumbnail-box\" >\n\t\t\t\t        <div class=\"ngg-gallery-thumbnail\">\n            <a href=\"https:\/\/kontesadora.hr\/stara\/wp-content\/gallery\/opatija-7-9-11-2018-56-regionalno-hrvatsko-natjecanje-ucenika-i-studenata-glazbe\/STARIJI-KOMORNI.jpg\"\n               title=\"\"\n               data-src=\"https:\/\/kontesadora.hr\/stara\/wp-content\/gallery\/opatija-7-9-11-2018-56-regionalno-hrvatsko-natjecanje-ucenika-i-studenata-glazbe\/STARIJI-KOMORNI.jpg\"\n               data-thumbnail=\"https:\/\/kontesadora.hr\/stara\/wp-content\/gallery\/opatija-7-9-11-2018-56-regionalno-hrvatsko-natjecanje-ucenika-i-studenata-glazbe\/thumbs\/thumbs_STARIJI-KOMORNI.jpg\"\n               data-image-id=\"4624\"\n               data-title=\"STARIJI KOMORNI\"\n               data-description=\"\"\n               data-image-slug=\"stariji-komorni\"\n               class=\"shutterset_9c659ea85985cba3c639258cf958e2b9\">\n                <img\n                    title=\"STARIJI KOMORNI\"\n                    alt=\"STARIJI KOMORNI\"\n                    src=\"https:\/\/kontesadora.hr\/stara\/wp-content\/gallery\/opatija-7-9-11-2018-56-regionalno-hrvatsko-natjecanje-ucenika-i-studenata-glazbe\/thumbs\/thumbs_STARIJI-KOMORNI.jpg\"\n                    width=\"100\"\n                    height=\"75\"\n                    style=\"max-width:100%;\"\n                \/>\n            <\/a>\n        <\/div>\n\t\t\t\t\t\t\t<\/div> \n\t\t\t\n        \n\t\t\t\t<div id=\"ngg-image-1\" class=\"ngg-gallery-thumbnail-box\" >\n\t\t\t\t        <div class=\"ngg-gallery-thumbnail\">\n            <a href=\"https:\/\/kontesadora.hr\/stara\/wp-content\/gallery\/opatija-7-9-11-2018-56-regionalno-hrvatsko-natjecanje-ucenika-i-studenata-glazbe\/STARIJI-2018.-Dean-Kopri.jpg\"\n               title=\"\"\n               data-src=\"https:\/\/kontesadora.hr\/stara\/wp-content\/gallery\/opatija-7-9-11-2018-56-regionalno-hrvatsko-natjecanje-ucenika-i-studenata-glazbe\/STARIJI-2018.-Dean-Kopri.jpg\"\n               data-thumbnail=\"https:\/\/kontesadora.hr\/stara\/wp-content\/gallery\/opatija-7-9-11-2018-56-regionalno-hrvatsko-natjecanje-ucenika-i-studenata-glazbe\/thumbs\/thumbs_STARIJI-2018.-Dean-Kopri.jpg\"\n               data-image-id=\"4623\"\n               data-title=\"STARIJI 2018., Dean Kopri\"\n               data-description=\"\"\n               data-image-slug=\"stariji-2018-dean-kopri\"\n               class=\"shutterset_9c659ea85985cba3c639258cf958e2b9\">\n                <img\n                    title=\"STARIJI 2018., Dean Kopri\"\n                    alt=\"STARIJI 2018., Dean Kopri\"\n                    src=\"https:\/\/kontesadora.hr\/stara\/wp-content\/gallery\/opatija-7-9-11-2018-56-regionalno-hrvatsko-natjecanje-ucenika-i-studenata-glazbe\/thumbs\/thumbs_STARIJI-2018.-Dean-Kopri.jpg\"\n                    width=\"100\"\n                    height=\"75\"\n                    style=\"max-width:100%;\"\n                \/>\n            <\/a>\n        <\/div>\n\t\t\t\t\t\t\t<\/div> \n\t\t\t\n        \n\t\t\t\t<div id=\"ngg-image-2\" class=\"ngg-gallery-thumbnail-box\" >\n\t\t\t\t        <div class=\"ngg-gallery-thumbnail\">\n            <a href=\"https:\/\/kontesadora.hr\/stara\/wp-content\/gallery\/opatija-7-9-11-2018-56-regionalno-hrvatsko-natjecanje-ucenika-i-studenata-glazbe\/OPATIJA-dva-tamb.komorna-sastava.jpg\"\n               title=\"\"\n               data-src=\"https:\/\/kontesadora.hr\/stara\/wp-content\/gallery\/opatija-7-9-11-2018-56-regionalno-hrvatsko-natjecanje-ucenika-i-studenata-glazbe\/OPATIJA-dva-tamb.komorna-sastava.jpg\"\n               data-thumbnail=\"https:\/\/kontesadora.hr\/stara\/wp-content\/gallery\/opatija-7-9-11-2018-56-regionalno-hrvatsko-natjecanje-ucenika-i-studenata-glazbe\/thumbs\/thumbs_OPATIJA-dva-tamb.komorna-sastava.jpg\"\n               data-image-id=\"4621\"\n               data-title=\"OPATIJA, dva tamb.komorna sastava\"\n               data-description=\"\"\n               data-image-slug=\"opatija-dva-tamb-komorna-sastava\"\n               class=\"shutterset_9c659ea85985cba3c639258cf958e2b9\">\n                <img\n                    title=\"OPATIJA, dva tamb.komorna sastava\"\n                    alt=\"OPATIJA, dva tamb.komorna sastava\"\n                    src=\"https:\/\/kontesadora.hr\/stara\/wp-content\/gallery\/opatija-7-9-11-2018-56-regionalno-hrvatsko-natjecanje-ucenika-i-studenata-glazbe\/thumbs\/thumbs_OPATIJA-dva-tamb.komorna-sastava.jpg\"\n                    width=\"100\"\n                    height=\"75\"\n                    style=\"max-width:100%;\"\n                \/>\n            <\/a>\n        <\/div>\n\t\t\t\t\t\t\t<\/div> \n\t\t\t\n        \n\t\t\t\t<div id=\"ngg-image-3\" class=\"ngg-gallery-thumbnail-box\" >\n\t\t\t\t        <div class=\"ngg-gallery-thumbnail\">\n            <a href=\"https:\/\/kontesadora.hr\/stara\/wp-content\/gallery\/opatija-7-9-11-2018-56-regionalno-hrvatsko-natjecanje-ucenika-i-studenata-glazbe\/Opatija-2018.REG_.56-DUO-Jelena-i-Gabriela.jpg\"\n               title=\"\"\n               data-src=\"https:\/\/kontesadora.hr\/stara\/wp-content\/gallery\/opatija-7-9-11-2018-56-regionalno-hrvatsko-natjecanje-ucenika-i-studenata-glazbe\/Opatija-2018.REG_.56-DUO-Jelena-i-Gabriela.jpg\"\n               data-thumbnail=\"https:\/\/kontesadora.hr\/stara\/wp-content\/gallery\/opatija-7-9-11-2018-56-regionalno-hrvatsko-natjecanje-ucenika-i-studenata-glazbe\/thumbs\/thumbs_Opatija-2018.REG_.56-DUO-Jelena-i-Gabriela.jpg\"\n               data-image-id=\"4620\"\n               data-title=\"Opatija 2018.REG.56 DUO Jelena i Gabriela\"\n               data-description=\"\"\n               data-image-slug=\"opatija-2018-reg-56-duo-jelena-i-gabriela\"\n               class=\"shutterset_9c659ea85985cba3c639258cf958e2b9\">\n                <img\n                    title=\"Opatija 2018.REG.56 DUO Jelena i Gabriela\"\n                    alt=\"Opatija 2018.REG.56 DUO Jelena i Gabriela\"\n                    src=\"https:\/\/kontesadora.hr\/stara\/wp-content\/gallery\/opatija-7-9-11-2018-56-regionalno-hrvatsko-natjecanje-ucenika-i-studenata-glazbe\/thumbs\/thumbs_Opatija-2018.REG_.56-DUO-Jelena-i-Gabriela.jpg\"\n                    width=\"100\"\n                    height=\"75\"\n                    style=\"max-width:100%;\"\n                \/>\n            <\/a>\n        <\/div>\n\t\t\t\t\t\t\t<\/div> \n\t\t\t\n        \n\t\t\t\t<div id=\"ngg-image-4\" class=\"ngg-gallery-thumbnail-box\" >\n\t\t\t\t        <div class=\"ngg-gallery-thumbnail\">\n            <a href=\"https:\/\/kontesadora.hr\/stara\/wp-content\/gallery\/opatija-7-9-11-2018-56-regionalno-hrvatsko-natjecanje-ucenika-i-studenata-glazbe\/Opatija-2018.-mentor-Darija-V.mama-Snje%C5%BEanaJelena-i-Gabriela.jpg\"\n               title=\"\"\n               data-src=\"https:\/\/kontesadora.hr\/stara\/wp-content\/gallery\/opatija-7-9-11-2018-56-regionalno-hrvatsko-natjecanje-ucenika-i-studenata-glazbe\/Opatija-2018.-mentor-Darija-V.mama-Snje%C5%BEanaJelena-i-Gabriela.jpg\"\n               data-thumbnail=\"https:\/\/kontesadora.hr\/stara\/wp-content\/gallery\/opatija-7-9-11-2018-56-regionalno-hrvatsko-natjecanje-ucenika-i-studenata-glazbe\/thumbs\/thumbs_Opatija-2018.-mentor-Darija-V.mama-Snje%C5%BEanaJelena-i-Gabriela.jpg\"\n               data-image-id=\"4619\"\n               data-title=\"Opatija 2018. mentor Darija V.,mama Snje\u017eana,Jelena i Gabriela\"\n               data-description=\"\"\n               data-image-slug=\"opatija-2018-mentor-darija-v-mama-snje%c5%beanajelena-i-gabriela\"\n               class=\"shutterset_9c659ea85985cba3c639258cf958e2b9\">\n                <img\n                    title=\"Opatija 2018. mentor Darija V.,mama Snje\u017eana,Jelena i Gabriela\"\n                    alt=\"Opatija 2018. mentor Darija V.,mama Snje\u017eana,Jelena i Gabriela\"\n                    src=\"https:\/\/kontesadora.hr\/stara\/wp-content\/gallery\/opatija-7-9-11-2018-56-regionalno-hrvatsko-natjecanje-ucenika-i-studenata-glazbe\/thumbs\/thumbs_Opatija-2018.-mentor-Darija-V.mama-Snje%C5%BEanaJelena-i-Gabriela.jpg\"\n                    width=\"100\"\n                    height=\"75\"\n                    style=\"max-width:100%;\"\n                \/>\n            <\/a>\n        <\/div>\n\t\t\t\t\t\t\t<\/div> \n\t\t\t\n        \n\t\t\t\t<div id=\"ngg-image-5\" class=\"ngg-gallery-thumbnail-box\" >\n\t\t\t\t        <div class=\"ngg-gallery-thumbnail\">\n            <a href=\"https:\/\/kontesadora.hr\/stara\/wp-content\/gallery\/opatija-7-9-11-2018-56-regionalno-hrvatsko-natjecanje-ucenika-i-studenata-glazbe\/Opatija-2018.-Jelena-Darija-Vlajni%C4%87-mentor-i-Gabriela.jpg\"\n               title=\"\"\n               data-src=\"https:\/\/kontesadora.hr\/stara\/wp-content\/gallery\/opatija-7-9-11-2018-56-regionalno-hrvatsko-natjecanje-ucenika-i-studenata-glazbe\/Opatija-2018.-Jelena-Darija-Vlajni%C4%87-mentor-i-Gabriela.jpg\"\n               data-thumbnail=\"https:\/\/kontesadora.hr\/stara\/wp-content\/gallery\/opatija-7-9-11-2018-56-regionalno-hrvatsko-natjecanje-ucenika-i-studenata-glazbe\/thumbs\/thumbs_Opatija-2018.-Jelena-Darija-Vlajni%C4%87-mentor-i-Gabriela.jpg\"\n               data-image-id=\"4618\"\n               data-title=\"Opatija 2018. Jelena, Darija Vlajni\u0107-mentor i Gabriela\"\n               data-description=\"\"\n               data-image-slug=\"opatija-2018-jelena-darija-vlajni%c4%87-mentor-i-gabriela\"\n               class=\"shutterset_9c659ea85985cba3c639258cf958e2b9\">\n                <img\n                    title=\"Opatija 2018. Jelena, Darija Vlajni\u0107-mentor i Gabriela\"\n                    alt=\"Opatija 2018. Jelena, Darija Vlajni\u0107-mentor i Gabriela\"\n                    src=\"https:\/\/kontesadora.hr\/stara\/wp-content\/gallery\/opatija-7-9-11-2018-56-regionalno-hrvatsko-natjecanje-ucenika-i-studenata-glazbe\/thumbs\/thumbs_Opatija-2018.-Jelena-Darija-Vlajni%C4%87-mentor-i-Gabriela.jpg\"\n                    width=\"100\"\n                    height=\"75\"\n                    style=\"max-width:100%;\"\n                \/>\n            <\/a>\n        <\/div>\n\t\t\t\t\t\t\t<\/div> \n\t\t\t\n        \n\t\t\t\t<div id=\"ngg-image-6\" class=\"ngg-gallery-thumbnail-box\" >\n\t\t\t\t        <div class=\"ngg-gallery-thumbnail\">\n            <a href=\"https:\/\/kontesadora.hr\/stara\/wp-content\/gallery\/opatija-7-9-11-2018-56-regionalno-hrvatsko-natjecanje-ucenika-i-studenata-glazbe\/Opatija-2018.-Jelena-i-Gabriela.jpg\"\n               title=\"\"\n               data-src=\"https:\/\/kontesadora.hr\/stara\/wp-content\/gallery\/opatija-7-9-11-2018-56-regionalno-hrvatsko-natjecanje-ucenika-i-studenata-glazbe\/Opatija-2018.-Jelena-i-Gabriela.jpg\"\n               data-thumbnail=\"https:\/\/kontesadora.hr\/stara\/wp-content\/gallery\/opatija-7-9-11-2018-56-regionalno-hrvatsko-natjecanje-ucenika-i-studenata-glazbe\/thumbs\/thumbs_Opatija-2018.-Jelena-i-Gabriela.jpg\"\n               data-image-id=\"4617\"\n               data-title=\"Opatija 2018. Jelena i Gabriela\"\n               data-description=\"\"\n               data-image-slug=\"opatija-2018-jelena-i-gabriela\"\n               class=\"shutterset_9c659ea85985cba3c639258cf958e2b9\">\n                <img\n                    title=\"Opatija 2018. Jelena i Gabriela\"\n                    alt=\"Opatija 2018. Jelena i Gabriela\"\n                    src=\"https:\/\/kontesadora.hr\/stara\/wp-content\/gallery\/opatija-7-9-11-2018-56-regionalno-hrvatsko-natjecanje-ucenika-i-studenata-glazbe\/thumbs\/thumbs_Opatija-2018.-Jelena-i-Gabriela.jpg\"\n                    width=\"100\"\n                    height=\"75\"\n                    style=\"max-width:100%;\"\n                \/>\n            <\/a>\n        <\/div>\n\t\t\t\t\t\t\t<\/div> \n\t\t\t\n        \n\t\t\t\t<div id=\"ngg-image-7\" class=\"ngg-gallery-thumbnail-box\" >\n\t\t\t\t        <div class=\"ngg-gallery-thumbnail\">\n            <a href=\"https:\/\/kontesadora.hr\/stara\/wp-content\/gallery\/opatija-7-9-11-2018-56-regionalno-hrvatsko-natjecanje-ucenika-i-studenata-glazbe\/Opatija-2018.-DUO-Jelena-M.i-Gabriela-V..jpg\"\n               title=\"\"\n               data-src=\"https:\/\/kontesadora.hr\/stara\/wp-content\/gallery\/opatija-7-9-11-2018-56-regionalno-hrvatsko-natjecanje-ucenika-i-studenata-glazbe\/Opatija-2018.-DUO-Jelena-M.i-Gabriela-V..jpg\"\n               data-thumbnail=\"https:\/\/kontesadora.hr\/stara\/wp-content\/gallery\/opatija-7-9-11-2018-56-regionalno-hrvatsko-natjecanje-ucenika-i-studenata-glazbe\/thumbs\/thumbs_Opatija-2018.-DUO-Jelena-M.i-Gabriela-V..jpg\"\n               data-image-id=\"4616\"\n               data-title=\"Opatija 2018. DUO Jelena M.i Gabriela V.\"\n               data-description=\"\"\n               data-image-slug=\"opatija-2018-duo-jelena-m-i-gabriela-v\"\n               class=\"shutterset_9c659ea85985cba3c639258cf958e2b9\">\n                <img\n                    title=\"Opatija 2018. DUO Jelena M.i Gabriela V.\"\n                    alt=\"Opatija 2018. DUO Jelena M.i Gabriela V.\"\n                    src=\"https:\/\/kontesadora.hr\/stara\/wp-content\/gallery\/opatija-7-9-11-2018-56-regionalno-hrvatsko-natjecanje-ucenika-i-studenata-glazbe\/thumbs\/thumbs_Opatija-2018.-DUO-Jelena-M.i-Gabriela-V..jpg\"\n                    width=\"100\"\n                    height=\"75\"\n                    style=\"max-width:100%;\"\n                \/>\n            <\/a>\n        <\/div>\n\t\t\t\t\t\t\t<\/div> \n\t\t\t\n        \n\t\t\t\t<div id=\"ngg-image-8\" class=\"ngg-gallery-thumbnail-box\" >\n\t\t\t\t        <div class=\"ngg-gallery-thumbnail\">\n            <a href=\"https:\/\/kontesadora.hr\/stara\/wp-content\/gallery\/opatija-7-9-11-2018-56-regionalno-hrvatsko-natjecanje-ucenika-i-studenata-glazbe\/Opatija-2018.-duo-Jelena-i-Gabriela-u-%C5%A1etnji.jpg\"\n               title=\"\"\n               data-src=\"https:\/\/kontesadora.hr\/stara\/wp-content\/gallery\/opatija-7-9-11-2018-56-regionalno-hrvatsko-natjecanje-ucenika-i-studenata-glazbe\/Opatija-2018.-duo-Jelena-i-Gabriela-u-%C5%A1etnji.jpg\"\n               data-thumbnail=\"https:\/\/kontesadora.hr\/stara\/wp-content\/gallery\/opatija-7-9-11-2018-56-regionalno-hrvatsko-natjecanje-ucenika-i-studenata-glazbe\/thumbs\/thumbs_Opatija-2018.-duo-Jelena-i-Gabriela-u-%C5%A1etnji.jpg\"\n               data-image-id=\"4615\"\n               data-title=\"Opatija 2018. duo Jelena i Gabriela u \u0161etnji\"\n               data-description=\"\"\n               data-image-slug=\"opatija-2018-duo-jelena-i-gabriela-u-%c5%a1etnji\"\n               class=\"shutterset_9c659ea85985cba3c639258cf958e2b9\">\n                <img\n                    title=\"Opatija 2018. duo Jelena i Gabriela u \u0161etnji\"\n                    alt=\"Opatija 2018. duo Jelena i Gabriela u \u0161etnji\"\n                    src=\"https:\/\/kontesadora.hr\/stara\/wp-content\/gallery\/opatija-7-9-11-2018-56-regionalno-hrvatsko-natjecanje-ucenika-i-studenata-glazbe\/thumbs\/thumbs_Opatija-2018.-duo-Jelena-i-Gabriela-u-%C5%A1etnji.jpg\"\n                    width=\"100\"\n                    height=\"75\"\n                    style=\"max-width:100%;\"\n                \/>\n            <\/a>\n        <\/div>\n\t\t\t\t\t\t\t<\/div> \n\t\t\t\n        \n\t\t\t\t<div id=\"ngg-image-9\" class=\"ngg-gallery-thumbnail-box\" >\n\t\t\t\t        <div class=\"ngg-gallery-thumbnail\">\n            <a href=\"https:\/\/kontesadora.hr\/stara\/wp-content\/gallery\/opatija-7-9-11-2018-56-regionalno-hrvatsko-natjecanje-ucenika-i-studenata-glazbe\/Obitelj-Kopri.jpg\"\n               title=\"\"\n               data-src=\"https:\/\/kontesadora.hr\/stara\/wp-content\/gallery\/opatija-7-9-11-2018-56-regionalno-hrvatsko-natjecanje-ucenika-i-studenata-glazbe\/Obitelj-Kopri.jpg\"\n               data-thumbnail=\"https:\/\/kontesadora.hr\/stara\/wp-content\/gallery\/opatija-7-9-11-2018-56-regionalno-hrvatsko-natjecanje-ucenika-i-studenata-glazbe\/thumbs\/thumbs_Obitelj-Kopri.jpg\"\n               data-image-id=\"4614\"\n               data-title=\"Obitelj Kopri\"\n               data-description=\"\"\n               data-image-slug=\"obitelj-kopri\"\n               class=\"shutterset_9c659ea85985cba3c639258cf958e2b9\">\n                <img\n                    title=\"Obitelj Kopri\"\n                    alt=\"Obitelj Kopri\"\n                    src=\"https:\/\/kontesadora.hr\/stara\/wp-content\/gallery\/opatija-7-9-11-2018-56-regionalno-hrvatsko-natjecanje-ucenika-i-studenata-glazbe\/thumbs\/thumbs_Obitelj-Kopri.jpg\"\n                    width=\"100\"\n                    height=\"75\"\n                    style=\"max-width:100%;\"\n                \/>\n            <\/a>\n        <\/div>\n\t\t\t\t\t\t\t<\/div> \n\t\t\t\n        \n\t\t\t\t<div id=\"ngg-image-10\" class=\"ngg-gallery-thumbnail-box\" >\n\t\t\t\t        <div class=\"ngg-gallery-thumbnail\">\n            <a href=\"https:\/\/kontesadora.hr\/stara\/wp-content\/gallery\/opatija-7-9-11-2018-56-regionalno-hrvatsko-natjecanje-ucenika-i-studenata-glazbe\/MLA%C4%90I-komorni-2018.Daniel-Kopri.jpg\"\n               title=\"\"\n               data-src=\"https:\/\/kontesadora.hr\/stara\/wp-content\/gallery\/opatija-7-9-11-2018-56-regionalno-hrvatsko-natjecanje-ucenika-i-studenata-glazbe\/MLA%C4%90I-komorni-2018.Daniel-Kopri.jpg\"\n               data-thumbnail=\"https:\/\/kontesadora.hr\/stara\/wp-content\/gallery\/opatija-7-9-11-2018-56-regionalno-hrvatsko-natjecanje-ucenika-i-studenata-glazbe\/thumbs\/thumbs_MLA%C4%90I-komorni-2018.Daniel-Kopri.jpg\"\n               data-image-id=\"4612\"\n               data-title=\"MLA\u0110I komorni 2018.Daniel Kopri\"\n               data-description=\"\"\n               data-image-slug=\"mla%c4%91i-komorni-2018-daniel-kopri\"\n               class=\"shutterset_9c659ea85985cba3c639258cf958e2b9\">\n                <img\n                    title=\"MLA\u0110I komorni 2018.Daniel Kopri\"\n                    alt=\"MLA\u0110I komorni 2018.Daniel Kopri\"\n                    src=\"https:\/\/kontesadora.hr\/stara\/wp-content\/gallery\/opatija-7-9-11-2018-56-regionalno-hrvatsko-natjecanje-ucenika-i-studenata-glazbe\/thumbs\/thumbs_MLA%C4%90I-komorni-2018.Daniel-Kopri.jpg\"\n                    width=\"100\"\n                    height=\"75\"\n                    style=\"max-width:100%;\"\n                \/>\n            <\/a>\n        <\/div>\n\t\t\t\t\t\t\t<\/div> \n\t\t\t\n        \n\t\t\t\t<div id=\"ngg-image-11\" class=\"ngg-gallery-thumbnail-box\" >\n\t\t\t\t        <div class=\"ngg-gallery-thumbnail\">\n            <a href=\"https:\/\/kontesadora.hr\/stara\/wp-content\/gallery\/opatija-7-9-11-2018-56-regionalno-hrvatsko-natjecanje-ucenika-i-studenata-glazbe\/IMG_20181109_093528_resized_20181115_100113868.jpg\"\n               title=\"\"\n               data-src=\"https:\/\/kontesadora.hr\/stara\/wp-content\/gallery\/opatija-7-9-11-2018-56-regionalno-hrvatsko-natjecanje-ucenika-i-studenata-glazbe\/IMG_20181109_093528_resized_20181115_100113868.jpg\"\n               data-thumbnail=\"https:\/\/kontesadora.hr\/stara\/wp-content\/gallery\/opatija-7-9-11-2018-56-regionalno-hrvatsko-natjecanje-ucenika-i-studenata-glazbe\/thumbs\/thumbs_IMG_20181109_093528_resized_20181115_100113868.jpg\"\n               data-image-id=\"4610\"\n               data-title=\"IMG_20181109_093528_resized_20181115_100113868\"\n               data-description=\"\"\n               data-image-slug=\"img_20181109_093528_resized_20181115_100113868\"\n               class=\"shutterset_9c659ea85985cba3c639258cf958e2b9\">\n                <img\n                    title=\"IMG_20181109_093528_resized_20181115_100113868\"\n                    alt=\"IMG_20181109_093528_resized_20181115_100113868\"\n                    src=\"https:\/\/kontesadora.hr\/stara\/wp-content\/gallery\/opatija-7-9-11-2018-56-regionalno-hrvatsko-natjecanje-ucenika-i-studenata-glazbe\/thumbs\/thumbs_IMG_20181109_093528_resized_20181115_100113868.jpg\"\n                    width=\"100\"\n                    height=\"75\"\n                    style=\"max-width:100%;\"\n                \/>\n            <\/a>\n        <\/div>\n\t\t\t\t\t\t\t<\/div> \n\t\t\t\n        \n\t\t\t\t<div id=\"ngg-image-12\" class=\"ngg-gallery-thumbnail-box\" >\n\t\t\t\t        <div class=\"ngg-gallery-thumbnail\">\n            <a href=\"https:\/\/kontesadora.hr\/stara\/wp-content\/gallery\/opatija-7-9-11-2018-56-regionalno-hrvatsko-natjecanje-ucenika-i-studenata-glazbe\/IMG_20181109_093528_resized_20181115_100104261.jpg\"\n               title=\"\"\n               data-src=\"https:\/\/kontesadora.hr\/stara\/wp-content\/gallery\/opatija-7-9-11-2018-56-regionalno-hrvatsko-natjecanje-ucenika-i-studenata-glazbe\/IMG_20181109_093528_resized_20181115_100104261.jpg\"\n               data-thumbnail=\"https:\/\/kontesadora.hr\/stara\/wp-content\/gallery\/opatija-7-9-11-2018-56-regionalno-hrvatsko-natjecanje-ucenika-i-studenata-glazbe\/thumbs\/thumbs_IMG_20181109_093528_resized_20181115_100104261.jpg\"\n               data-image-id=\"4609\"\n               data-title=\"IMG_20181109_093528_resized_20181115_100104261\"\n               data-description=\"\"\n               data-image-slug=\"img_20181109_093528_resized_20181115_100104261\"\n               class=\"shutterset_9c659ea85985cba3c639258cf958e2b9\">\n                <img\n                    title=\"IMG_20181109_093528_resized_20181115_100104261\"\n                    alt=\"IMG_20181109_093528_resized_20181115_100104261\"\n                    src=\"https:\/\/kontesadora.hr\/stara\/wp-content\/gallery\/opatija-7-9-11-2018-56-regionalno-hrvatsko-natjecanje-ucenika-i-studenata-glazbe\/thumbs\/thumbs_IMG_20181109_093528_resized_20181115_100104261.jpg\"\n                    width=\"100\"\n                    height=\"75\"\n                    style=\"max-width:100%;\"\n                \/>\n            <\/a>\n        <\/div>\n\t\t\t\t\t\t\t<\/div> \n\t\t\t\n        \n\t\t\t\t<div id=\"ngg-image-13\" class=\"ngg-gallery-thumbnail-box\" >\n\t\t\t\t        <div class=\"ngg-gallery-thumbnail\">\n            <a href=\"https:\/\/kontesadora.hr\/stara\/wp-content\/gallery\/opatija-7-9-11-2018-56-regionalno-hrvatsko-natjecanje-ucenika-i-studenata-glazbe\/IMG_20181109_092731_resized_20181115_100107251.jpg\"\n               title=\"\"\n               data-src=\"https:\/\/kontesadora.hr\/stara\/wp-content\/gallery\/opatija-7-9-11-2018-56-regionalno-hrvatsko-natjecanje-ucenika-i-studenata-glazbe\/IMG_20181109_092731_resized_20181115_100107251.jpg\"\n               data-thumbnail=\"https:\/\/kontesadora.hr\/stara\/wp-content\/gallery\/opatija-7-9-11-2018-56-regionalno-hrvatsko-natjecanje-ucenika-i-studenata-glazbe\/thumbs\/thumbs_IMG_20181109_092731_resized_20181115_100107251.jpg\"\n               data-image-id=\"4608\"\n               data-title=\"IMG_20181109_092731_resized_20181115_100107251\"\n               data-description=\"\"\n               data-image-slug=\"img_20181109_092731_resized_20181115_100107251\"\n               class=\"shutterset_9c659ea85985cba3c639258cf958e2b9\">\n                <img\n                    title=\"IMG_20181109_092731_resized_20181115_100107251\"\n                    alt=\"IMG_20181109_092731_resized_20181115_100107251\"\n                    src=\"https:\/\/kontesadora.hr\/stara\/wp-content\/gallery\/opatija-7-9-11-2018-56-regionalno-hrvatsko-natjecanje-ucenika-i-studenata-glazbe\/thumbs\/thumbs_IMG_20181109_092731_resized_20181115_100107251.jpg\"\n                    width=\"100\"\n                    height=\"75\"\n                    style=\"max-width:100%;\"\n                \/>\n            <\/a>\n        <\/div>\n\t\t\t\t\t\t\t<\/div> \n\t\t\t\n        \n\t\t\t\t<div id=\"ngg-image-14\" class=\"ngg-gallery-thumbnail-box\" >\n\t\t\t\t        <div class=\"ngg-gallery-thumbnail\">\n            <a href=\"https:\/\/kontesadora.hr\/stara\/wp-content\/gallery\/opatija-7-9-11-2018-56-regionalno-hrvatsko-natjecanje-ucenika-i-studenata-glazbe\/IMG_20181109_092501_resized_20181115_100109567.jpg\"\n               title=\"\"\n               data-src=\"https:\/\/kontesadora.hr\/stara\/wp-content\/gallery\/opatija-7-9-11-2018-56-regionalno-hrvatsko-natjecanje-ucenika-i-studenata-glazbe\/IMG_20181109_092501_resized_20181115_100109567.jpg\"\n               data-thumbnail=\"https:\/\/kontesadora.hr\/stara\/wp-content\/gallery\/opatija-7-9-11-2018-56-regionalno-hrvatsko-natjecanje-ucenika-i-studenata-glazbe\/thumbs\/thumbs_IMG_20181109_092501_resized_20181115_100109567.jpg\"\n               data-image-id=\"4607\"\n               data-title=\"IMG_20181109_092501_resized_20181115_100109567\"\n               data-description=\"\"\n               data-image-slug=\"img_20181109_092501_resized_20181115_100109567\"\n               class=\"shutterset_9c659ea85985cba3c639258cf958e2b9\">\n                <img\n                    title=\"IMG_20181109_092501_resized_20181115_100109567\"\n                    alt=\"IMG_20181109_092501_resized_20181115_100109567\"\n                    src=\"https:\/\/kontesadora.hr\/stara\/wp-content\/gallery\/opatija-7-9-11-2018-56-regionalno-hrvatsko-natjecanje-ucenika-i-studenata-glazbe\/thumbs\/thumbs_IMG_20181109_092501_resized_20181115_100109567.jpg\"\n                    width=\"100\"\n                    height=\"75\"\n                    style=\"max-width:100%;\"\n                \/>\n            <\/a>\n        <\/div>\n\t\t\t\t\t\t\t<\/div> \n\t\t\t\n        \n\t\t\t\t<div id=\"ngg-image-15\" class=\"ngg-gallery-thumbnail-box\" >\n\t\t\t\t        <div class=\"ngg-gallery-thumbnail\">\n            <a href=\"https:\/\/kontesadora.hr\/stara\/wp-content\/gallery\/opatija-7-9-11-2018-56-regionalno-hrvatsko-natjecanje-ucenika-i-studenata-glazbe\/IMG_20181109_092123_resized_20181115_100110717.jpg\"\n               title=\"\"\n               data-src=\"https:\/\/kontesadora.hr\/stara\/wp-content\/gallery\/opatija-7-9-11-2018-56-regionalno-hrvatsko-natjecanje-ucenika-i-studenata-glazbe\/IMG_20181109_092123_resized_20181115_100110717.jpg\"\n               data-thumbnail=\"https:\/\/kontesadora.hr\/stara\/wp-content\/gallery\/opatija-7-9-11-2018-56-regionalno-hrvatsko-natjecanje-ucenika-i-studenata-glazbe\/thumbs\/thumbs_IMG_20181109_092123_resized_20181115_100110717.jpg\"\n               data-image-id=\"4606\"\n               data-title=\"IMG_20181109_092123_resized_20181115_100110717\"\n               data-description=\"\"\n               data-image-slug=\"img_20181109_092123_resized_20181115_100110717\"\n               class=\"shutterset_9c659ea85985cba3c639258cf958e2b9\">\n                <img\n                    title=\"IMG_20181109_092123_resized_20181115_100110717\"\n                    alt=\"IMG_20181109_092123_resized_20181115_100110717\"\n                    src=\"https:\/\/kontesadora.hr\/stara\/wp-content\/gallery\/opatija-7-9-11-2018-56-regionalno-hrvatsko-natjecanje-ucenika-i-studenata-glazbe\/thumbs\/thumbs_IMG_20181109_092123_resized_20181115_100110717.jpg\"\n                    width=\"100\"\n                    height=\"75\"\n                    style=\"max-width:100%;\"\n                \/>\n            <\/a>\n        <\/div>\n\t\t\t\t\t\t\t<\/div> \n\t\t\t\n        \n\t\t\t\t<div id=\"ngg-image-16\" class=\"ngg-gallery-thumbnail-box\" >\n\t\t\t\t        <div class=\"ngg-gallery-thumbnail\">\n            <a href=\"https:\/\/kontesadora.hr\/stara\/wp-content\/gallery\/opatija-7-9-11-2018-56-regionalno-hrvatsko-natjecanje-ucenika-i-studenata-glazbe\/IMG_20181109_092115_resized_20181115_100111710.jpg\"\n               title=\"\"\n               data-src=\"https:\/\/kontesadora.hr\/stara\/wp-content\/gallery\/opatija-7-9-11-2018-56-regionalno-hrvatsko-natjecanje-ucenika-i-studenata-glazbe\/IMG_20181109_092115_resized_20181115_100111710.jpg\"\n               data-thumbnail=\"https:\/\/kontesadora.hr\/stara\/wp-content\/gallery\/opatija-7-9-11-2018-56-regionalno-hrvatsko-natjecanje-ucenika-i-studenata-glazbe\/thumbs\/thumbs_IMG_20181109_092115_resized_20181115_100111710.jpg\"\n               data-image-id=\"4605\"\n               data-title=\"IMG_20181109_092115_resized_20181115_100111710\"\n               data-description=\"\"\n               data-image-slug=\"img_20181109_092115_resized_20181115_100111710\"\n               class=\"shutterset_9c659ea85985cba3c639258cf958e2b9\">\n                <img\n                    title=\"IMG_20181109_092115_resized_20181115_100111710\"\n                    alt=\"IMG_20181109_092115_resized_20181115_100111710\"\n                    src=\"https:\/\/kontesadora.hr\/stara\/wp-content\/gallery\/opatija-7-9-11-2018-56-regionalno-hrvatsko-natjecanje-ucenika-i-studenata-glazbe\/thumbs\/thumbs_IMG_20181109_092115_resized_20181115_100111710.jpg\"\n                    width=\"100\"\n                    height=\"75\"\n                    style=\"max-width:100%;\"\n                \/>\n            <\/a>\n        <\/div>\n\t\t\t\t\t\t\t<\/div> \n\t\t\t\n        \n\t\t\t\t<div id=\"ngg-image-17\" class=\"ngg-gallery-thumbnail-box\" >\n\t\t\t\t        <div class=\"ngg-gallery-thumbnail\">\n            <a href=\"https:\/\/kontesadora.hr\/stara\/wp-content\/gallery\/opatija-7-9-11-2018-56-regionalno-hrvatsko-natjecanje-ucenika-i-studenata-glazbe\/IMG_20181109_091920_resized_20181115_100115021.jpg\"\n               title=\"\"\n               data-src=\"https:\/\/kontesadora.hr\/stara\/wp-content\/gallery\/opatija-7-9-11-2018-56-regionalno-hrvatsko-natjecanje-ucenika-i-studenata-glazbe\/IMG_20181109_091920_resized_20181115_100115021.jpg\"\n               data-thumbnail=\"https:\/\/kontesadora.hr\/stara\/wp-content\/gallery\/opatija-7-9-11-2018-56-regionalno-hrvatsko-natjecanje-ucenika-i-studenata-glazbe\/thumbs\/thumbs_IMG_20181109_091920_resized_20181115_100115021.jpg\"\n               data-image-id=\"4604\"\n               data-title=\"IMG_20181109_091920_resized_20181115_100115021\"\n               data-description=\"\"\n               data-image-slug=\"img_20181109_091920_resized_20181115_100115021\"\n               class=\"shutterset_9c659ea85985cba3c639258cf958e2b9\">\n                <img\n                    title=\"IMG_20181109_091920_resized_20181115_100115021\"\n                    alt=\"IMG_20181109_091920_resized_20181115_100115021\"\n                    src=\"https:\/\/kontesadora.hr\/stara\/wp-content\/gallery\/opatija-7-9-11-2018-56-regionalno-hrvatsko-natjecanje-ucenika-i-studenata-glazbe\/thumbs\/thumbs_IMG_20181109_091920_resized_20181115_100115021.jpg\"\n                    width=\"100\"\n                    height=\"75\"\n                    style=\"max-width:100%;\"\n                \/>\n            <\/a>\n        <\/div>\n\t\t\t\t\t\t\t<\/div> \n\t\t\t\n        \n\t\t\t\t<div id=\"ngg-image-18\" class=\"ngg-gallery-thumbnail-box\" >\n\t\t\t\t        <div class=\"ngg-gallery-thumbnail\">\n            <a href=\"https:\/\/kontesadora.hr\/stara\/wp-content\/gallery\/opatija-7-9-11-2018-56-regionalno-hrvatsko-natjecanje-ucenika-i-studenata-glazbe\/IMG_20181109_091830_resized_20181115_100117164.jpg\"\n               title=\"\"\n               data-src=\"https:\/\/kontesadora.hr\/stara\/wp-content\/gallery\/opatija-7-9-11-2018-56-regionalno-hrvatsko-natjecanje-ucenika-i-studenata-glazbe\/IMG_20181109_091830_resized_20181115_100117164.jpg\"\n               data-thumbnail=\"https:\/\/kontesadora.hr\/stara\/wp-content\/gallery\/opatija-7-9-11-2018-56-regionalno-hrvatsko-natjecanje-ucenika-i-studenata-glazbe\/thumbs\/thumbs_IMG_20181109_091830_resized_20181115_100117164.jpg\"\n               data-image-id=\"4603\"\n               data-title=\"IMG_20181109_091830_resized_20181115_100117164\"\n               data-description=\"\"\n               data-image-slug=\"img_20181109_091830_resized_20181115_100117164\"\n               class=\"shutterset_9c659ea85985cba3c639258cf958e2b9\">\n                <img\n                    title=\"IMG_20181109_091830_resized_20181115_100117164\"\n                    alt=\"IMG_20181109_091830_resized_20181115_100117164\"\n                    src=\"https:\/\/kontesadora.hr\/stara\/wp-content\/gallery\/opatija-7-9-11-2018-56-regionalno-hrvatsko-natjecanje-ucenika-i-studenata-glazbe\/thumbs\/thumbs_IMG_20181109_091830_resized_20181115_100117164.jpg\"\n                    width=\"100\"\n                    height=\"75\"\n                    style=\"max-width:100%;\"\n                \/>\n            <\/a>\n        <\/div>\n\t\t\t\t\t\t\t<\/div> \n\t\t\t\n        \n\t\t\t\t<div id=\"ngg-image-19\" class=\"ngg-gallery-thumbnail-box\" >\n\t\t\t\t        <div class=\"ngg-gallery-thumbnail\">\n            <a href=\"https:\/\/kontesadora.hr\/stara\/wp-content\/gallery\/opatija-7-9-11-2018-56-regionalno-hrvatsko-natjecanje-ucenika-i-studenata-glazbe\/IMG_20181109_091743_resized_20181115_100119422.jpg\"\n               title=\"\"\n               data-src=\"https:\/\/kontesadora.hr\/stara\/wp-content\/gallery\/opatija-7-9-11-2018-56-regionalno-hrvatsko-natjecanje-ucenika-i-studenata-glazbe\/IMG_20181109_091743_resized_20181115_100119422.jpg\"\n               data-thumbnail=\"https:\/\/kontesadora.hr\/stara\/wp-content\/gallery\/opatija-7-9-11-2018-56-regionalno-hrvatsko-natjecanje-ucenika-i-studenata-glazbe\/thumbs\/thumbs_IMG_20181109_091743_resized_20181115_100119422.jpg\"\n               data-image-id=\"4602\"\n               data-title=\"IMG_20181109_091743_resized_20181115_100119422\"\n               data-description=\"\"\n               data-image-slug=\"img_20181109_091743_resized_20181115_100119422\"\n               class=\"shutterset_9c659ea85985cba3c639258cf958e2b9\">\n                <img\n                    title=\"IMG_20181109_091743_resized_20181115_100119422\"\n                    alt=\"IMG_20181109_091743_resized_20181115_100119422\"\n                    src=\"https:\/\/kontesadora.hr\/stara\/wp-content\/gallery\/opatija-7-9-11-2018-56-regionalno-hrvatsko-natjecanje-ucenika-i-studenata-glazbe\/thumbs\/thumbs_IMG_20181109_091743_resized_20181115_100119422.jpg\"\n                    width=\"100\"\n                    height=\"75\"\n                    style=\"max-width:100%;\"\n                \/>\n            <\/a>\n        <\/div>\n\t\t\t\t\t\t\t<\/div> \n\t\t\t\n        \n\t\t\n\t\t<!-- Pagination -->\n\t<div class='ngg-navigation'><span class='current'>1<\/span>\n<a class='page-numbers' data-pageid='2' href='https:\/\/kontesadora.hr\/stara\/galerija\/nggallery\/page\/2'>2<\/a>\n<a class='prev' href='https:\/\/kontesadora.hr\/stara\/galerija\/nggallery\/page\/2' data-pageid=2>&#9658;<\/a><\/div>\t<\/div>\n&nbsp;Opatija, 7.-9.11.2018.- 56. regionalno hrvatsko natjecanje u\u010denika i studenata glazbe<\/p>\n<!-- index.php -->\n<div\n\tclass=\"ngg-galleryoverview ngg-ajax-pagination-none\"\n\tid=\"ngg-gallery-99d59512c5135fe2ada4ad928d9c2699-1\">\n\n    \t<div class=\"slideshowlink\">\n        <a href='https:\/\/kontesadora.hr\/stara\/galerija\/nggallery\/slideshow'>[Show as slideshow]<\/a>\n\t\t\n\t<\/div>\n\t\t\t<!-- Thumbnails -->\n\t\t\t\t<div id=\"ngg-image-0\" class=\"ngg-gallery-thumbnail-box\" >\n\t\t\t\t        <div class=\"ngg-gallery-thumbnail\">\n            <a href=\"https:\/\/kontesadora.hr\/stara\/wp-content\/gallery\/svirali-smo-predsjednici-republike-hrvatske\/DSC_1117.jpg\"\n               title=\"\"\n               data-src=\"https:\/\/kontesadora.hr\/stara\/wp-content\/gallery\/svirali-smo-predsjednici-republike-hrvatske\/DSC_1117.jpg\"\n               data-thumbnail=\"https:\/\/kontesadora.hr\/stara\/wp-content\/gallery\/svirali-smo-predsjednici-republike-hrvatske\/thumbs\/thumbs_DSC_1117.jpg\"\n               data-image-id=\"4588\"\n               data-title=\"DSC_1117\"\n               data-description=\"\"\n               data-image-slug=\"dsc_1117\"\n               class=\"shutterset_99d59512c5135fe2ada4ad928d9c2699\">\n                <img\n                    title=\"DSC_1117\"\n                    alt=\"DSC_1117\"\n                    src=\"https:\/\/kontesadora.hr\/stara\/wp-content\/gallery\/svirali-smo-predsjednici-republike-hrvatske\/thumbs\/thumbs_DSC_1117.jpg\"\n                    width=\"100\"\n                    height=\"75\"\n                    style=\"max-width:100%;\"\n                \/>\n            <\/a>\n        <\/div>\n\t\t\t\t\t\t\t<\/div> \n\t\t\t\n        \n\t\t\t\t<div id=\"ngg-image-1\" class=\"ngg-gallery-thumbnail-box\" >\n\t\t\t\t        <div class=\"ngg-gallery-thumbnail\">\n            <a href=\"https:\/\/kontesadora.hr\/stara\/wp-content\/gallery\/svirali-smo-predsjednici-republike-hrvatske\/DSC_1092.jpg\"\n               title=\"\"\n               data-src=\"https:\/\/kontesadora.hr\/stara\/wp-content\/gallery\/svirali-smo-predsjednici-republike-hrvatske\/DSC_1092.jpg\"\n               data-thumbnail=\"https:\/\/kontesadora.hr\/stara\/wp-content\/gallery\/svirali-smo-predsjednici-republike-hrvatske\/thumbs\/thumbs_DSC_1092.jpg\"\n               data-image-id=\"4587\"\n               data-title=\"DSC_1092\"\n               data-description=\"\"\n               data-image-slug=\"dsc_1092\"\n               class=\"shutterset_99d59512c5135fe2ada4ad928d9c2699\">\n                <img\n                    title=\"DSC_1092\"\n                    alt=\"DSC_1092\"\n                    src=\"https:\/\/kontesadora.hr\/stara\/wp-content\/gallery\/svirali-smo-predsjednici-republike-hrvatske\/thumbs\/thumbs_DSC_1092.jpg\"\n                    width=\"100\"\n                    height=\"75\"\n                    style=\"max-width:100%;\"\n                \/>\n            <\/a>\n        <\/div>\n\t\t\t\t\t\t\t<\/div> \n\t\t\t\n        \n\t\t\t\t<div id=\"ngg-image-2\" class=\"ngg-gallery-thumbnail-box\" >\n\t\t\t\t        <div class=\"ngg-gallery-thumbnail\">\n            <a href=\"https:\/\/kontesadora.hr\/stara\/wp-content\/gallery\/svirali-smo-predsjednici-republike-hrvatske\/DSC_1089.jpg\"\n               title=\"\"\n               data-src=\"https:\/\/kontesadora.hr\/stara\/wp-content\/gallery\/svirali-smo-predsjednici-republike-hrvatske\/DSC_1089.jpg\"\n               data-thumbnail=\"https:\/\/kontesadora.hr\/stara\/wp-content\/gallery\/svirali-smo-predsjednici-republike-hrvatske\/thumbs\/thumbs_DSC_1089.jpg\"\n               data-image-id=\"4586\"\n               data-title=\"DSC_1089\"\n               data-description=\"\"\n               data-image-slug=\"dsc_1089\"\n               class=\"shutterset_99d59512c5135fe2ada4ad928d9c2699\">\n                <img\n                    title=\"DSC_1089\"\n                    alt=\"DSC_1089\"\n                    src=\"https:\/\/kontesadora.hr\/stara\/wp-content\/gallery\/svirali-smo-predsjednici-republike-hrvatske\/thumbs\/thumbs_DSC_1089.jpg\"\n                    width=\"100\"\n                    height=\"75\"\n                    style=\"max-width:100%;\"\n                \/>\n            <\/a>\n        <\/div>\n\t\t\t\t\t\t\t<\/div> \n\t\t\t\n        \n\t\t\t\t<div id=\"ngg-image-3\" class=\"ngg-gallery-thumbnail-box\" >\n\t\t\t\t        <div class=\"ngg-gallery-thumbnail\">\n            <a href=\"https:\/\/kontesadora.hr\/stara\/wp-content\/gallery\/svirali-smo-predsjednici-republike-hrvatske\/DSC_1066.jpg\"\n               title=\"\"\n               data-src=\"https:\/\/kontesadora.hr\/stara\/wp-content\/gallery\/svirali-smo-predsjednici-republike-hrvatske\/DSC_1066.jpg\"\n               data-thumbnail=\"https:\/\/kontesadora.hr\/stara\/wp-content\/gallery\/svirali-smo-predsjednici-republike-hrvatske\/thumbs\/thumbs_DSC_1066.jpg\"\n               data-image-id=\"4585\"\n               data-title=\"DSC_1066\"\n               data-description=\"\"\n               data-image-slug=\"dsc_1066\"\n               class=\"shutterset_99d59512c5135fe2ada4ad928d9c2699\">\n                <img\n                    title=\"DSC_1066\"\n                    alt=\"DSC_1066\"\n                    src=\"https:\/\/kontesadora.hr\/stara\/wp-content\/gallery\/svirali-smo-predsjednici-republike-hrvatske\/thumbs\/thumbs_DSC_1066.jpg\"\n                    width=\"100\"\n                    height=\"75\"\n                    style=\"max-width:100%;\"\n                \/>\n            <\/a>\n        <\/div>\n\t\t\t\t\t\t\t<\/div> \n\t\t\t\n        \n\t\t\t\t<div id=\"ngg-image-4\" class=\"ngg-gallery-thumbnail-box\" >\n\t\t\t\t        <div class=\"ngg-gallery-thumbnail\">\n            <a href=\"https:\/\/kontesadora.hr\/stara\/wp-content\/gallery\/svirali-smo-predsjednici-republike-hrvatske\/DSC_1064.jpg\"\n               title=\"\"\n               data-src=\"https:\/\/kontesadora.hr\/stara\/wp-content\/gallery\/svirali-smo-predsjednici-republike-hrvatske\/DSC_1064.jpg\"\n               data-thumbnail=\"https:\/\/kontesadora.hr\/stara\/wp-content\/gallery\/svirali-smo-predsjednici-republike-hrvatske\/thumbs\/thumbs_DSC_1064.jpg\"\n               data-image-id=\"4584\"\n               data-title=\"DSC_1064\"\n               data-description=\"\"\n               data-image-slug=\"dsc_1064\"\n               class=\"shutterset_99d59512c5135fe2ada4ad928d9c2699\">\n                <img\n                    title=\"DSC_1064\"\n                    alt=\"DSC_1064\"\n                    src=\"https:\/\/kontesadora.hr\/stara\/wp-content\/gallery\/svirali-smo-predsjednici-republike-hrvatske\/thumbs\/thumbs_DSC_1064.jpg\"\n                    width=\"100\"\n                    height=\"75\"\n                    style=\"max-width:100%;\"\n                \/>\n            <\/a>\n        <\/div>\n\t\t\t\t\t\t\t<\/div> \n\t\t\t\n        \n\t\t\t\t<div id=\"ngg-image-5\" class=\"ngg-gallery-thumbnail-box\" >\n\t\t\t\t        <div class=\"ngg-gallery-thumbnail\">\n            <a href=\"https:\/\/kontesadora.hr\/stara\/wp-content\/gallery\/svirali-smo-predsjednici-republike-hrvatske\/DSC_1061.jpg\"\n               title=\"\"\n               data-src=\"https:\/\/kontesadora.hr\/stara\/wp-content\/gallery\/svirali-smo-predsjednici-republike-hrvatske\/DSC_1061.jpg\"\n               data-thumbnail=\"https:\/\/kontesadora.hr\/stara\/wp-content\/gallery\/svirali-smo-predsjednici-republike-hrvatske\/thumbs\/thumbs_DSC_1061.jpg\"\n               data-image-id=\"4583\"\n               data-title=\"DSC_1061\"\n               data-description=\"\"\n               data-image-slug=\"dsc_1061\"\n               class=\"shutterset_99d59512c5135fe2ada4ad928d9c2699\">\n                <img\n                    title=\"DSC_1061\"\n                    alt=\"DSC_1061\"\n                    src=\"https:\/\/kontesadora.hr\/stara\/wp-content\/gallery\/svirali-smo-predsjednici-republike-hrvatske\/thumbs\/thumbs_DSC_1061.jpg\"\n                    width=\"100\"\n                    height=\"75\"\n                    style=\"max-width:100%;\"\n                \/>\n            <\/a>\n        <\/div>\n\t\t\t\t\t\t\t<\/div> \n\t\t\t\n        \n\t\t\t\t<div id=\"ngg-image-6\" class=\"ngg-gallery-thumbnail-box\" >\n\t\t\t\t        <div class=\"ngg-gallery-thumbnail\">\n            <a href=\"https:\/\/kontesadora.hr\/stara\/wp-content\/gallery\/svirali-smo-predsjednici-republike-hrvatske\/DSC_1057.jpg\"\n               title=\"\"\n               data-src=\"https:\/\/kontesadora.hr\/stara\/wp-content\/gallery\/svirali-smo-predsjednici-republike-hrvatske\/DSC_1057.jpg\"\n               data-thumbnail=\"https:\/\/kontesadora.hr\/stara\/wp-content\/gallery\/svirali-smo-predsjednici-republike-hrvatske\/thumbs\/thumbs_DSC_1057.jpg\"\n               data-image-id=\"4582\"\n               data-title=\"DSC_1057\"\n               data-description=\"\"\n               data-image-slug=\"dsc_1057\"\n               class=\"shutterset_99d59512c5135fe2ada4ad928d9c2699\">\n                <img\n                    title=\"DSC_1057\"\n                    alt=\"DSC_1057\"\n                    src=\"https:\/\/kontesadora.hr\/stara\/wp-content\/gallery\/svirali-smo-predsjednici-republike-hrvatske\/thumbs\/thumbs_DSC_1057.jpg\"\n                    width=\"100\"\n                    height=\"75\"\n                    style=\"max-width:100%;\"\n                \/>\n            <\/a>\n        <\/div>\n\t\t\t\t\t\t\t<\/div> \n\t\t\t\n        \n\t\t\t\t<div id=\"ngg-image-7\" class=\"ngg-gallery-thumbnail-box\" >\n\t\t\t\t        <div class=\"ngg-gallery-thumbnail\">\n            <a href=\"https:\/\/kontesadora.hr\/stara\/wp-content\/gallery\/svirali-smo-predsjednici-republike-hrvatske\/DSC_1046.jpg\"\n               title=\"\"\n               data-src=\"https:\/\/kontesadora.hr\/stara\/wp-content\/gallery\/svirali-smo-predsjednici-republike-hrvatske\/DSC_1046.jpg\"\n               data-thumbnail=\"https:\/\/kontesadora.hr\/stara\/wp-content\/gallery\/svirali-smo-predsjednici-republike-hrvatske\/thumbs\/thumbs_DSC_1046.jpg\"\n               data-image-id=\"4581\"\n               data-title=\"DSC_1046\"\n               data-description=\"\"\n               data-image-slug=\"dsc_1046\"\n               class=\"shutterset_99d59512c5135fe2ada4ad928d9c2699\">\n                <img\n                    title=\"DSC_1046\"\n                    alt=\"DSC_1046\"\n                    src=\"https:\/\/kontesadora.hr\/stara\/wp-content\/gallery\/svirali-smo-predsjednici-republike-hrvatske\/thumbs\/thumbs_DSC_1046.jpg\"\n                    width=\"100\"\n                    height=\"75\"\n                    style=\"max-width:100%;\"\n                \/>\n            <\/a>\n        <\/div>\n\t\t\t\t\t\t\t<\/div> \n\t\t\t\n        \n\t\t\t\t<div id=\"ngg-image-8\" class=\"ngg-gallery-thumbnail-box\" >\n\t\t\t\t        <div class=\"ngg-gallery-thumbnail\">\n            <a href=\"https:\/\/kontesadora.hr\/stara\/wp-content\/gallery\/svirali-smo-predsjednici-republike-hrvatske\/DSC_1044.jpg\"\n               title=\"\"\n               data-src=\"https:\/\/kontesadora.hr\/stara\/wp-content\/gallery\/svirali-smo-predsjednici-republike-hrvatske\/DSC_1044.jpg\"\n               data-thumbnail=\"https:\/\/kontesadora.hr\/stara\/wp-content\/gallery\/svirali-smo-predsjednici-republike-hrvatske\/thumbs\/thumbs_DSC_1044.jpg\"\n               data-image-id=\"4580\"\n               data-title=\"DSC_1044\"\n               data-description=\"\"\n               data-image-slug=\"dsc_1044\"\n               class=\"shutterset_99d59512c5135fe2ada4ad928d9c2699\">\n                <img\n                    title=\"DSC_1044\"\n                    alt=\"DSC_1044\"\n                    src=\"https:\/\/kontesadora.hr\/stara\/wp-content\/gallery\/svirali-smo-predsjednici-republike-hrvatske\/thumbs\/thumbs_DSC_1044.jpg\"\n                    width=\"100\"\n                    height=\"75\"\n                    style=\"max-width:100%;\"\n                \/>\n            <\/a>\n        <\/div>\n\t\t\t\t\t\t\t<\/div> \n\t\t\t\n        \n\t\t\t\t<div id=\"ngg-image-9\" class=\"ngg-gallery-thumbnail-box\" >\n\t\t\t\t        <div class=\"ngg-gallery-thumbnail\">\n            <a href=\"https:\/\/kontesadora.hr\/stara\/wp-content\/gallery\/svirali-smo-predsjednici-republike-hrvatske\/DSC_1031.jpg\"\n               title=\"\"\n               data-src=\"https:\/\/kontesadora.hr\/stara\/wp-content\/gallery\/svirali-smo-predsjednici-republike-hrvatske\/DSC_1031.jpg\"\n               data-thumbnail=\"https:\/\/kontesadora.hr\/stara\/wp-content\/gallery\/svirali-smo-predsjednici-republike-hrvatske\/thumbs\/thumbs_DSC_1031.jpg\"\n               data-image-id=\"4579\"\n               data-title=\"DSC_1031\"\n               data-description=\"\"\n               data-image-slug=\"dsc_1031\"\n               class=\"shutterset_99d59512c5135fe2ada4ad928d9c2699\">\n                <img\n                    title=\"DSC_1031\"\n                    alt=\"DSC_1031\"\n                    src=\"https:\/\/kontesadora.hr\/stara\/wp-content\/gallery\/svirali-smo-predsjednici-republike-hrvatske\/thumbs\/thumbs_DSC_1031.jpg\"\n                    width=\"100\"\n                    height=\"75\"\n                    style=\"max-width:100%;\"\n                \/>\n            <\/a>\n        <\/div>\n\t\t\t\t\t\t\t<\/div> \n\t\t\t\n        \n\t\t\t\t<div id=\"ngg-image-10\" class=\"ngg-gallery-thumbnail-box\" >\n\t\t\t\t        <div class=\"ngg-gallery-thumbnail\">\n            <a href=\"https:\/\/kontesadora.hr\/stara\/wp-content\/gallery\/svirali-smo-predsjednici-republike-hrvatske\/DSC_1029.jpg\"\n               title=\"\"\n               data-src=\"https:\/\/kontesadora.hr\/stara\/wp-content\/gallery\/svirali-smo-predsjednici-republike-hrvatske\/DSC_1029.jpg\"\n               data-thumbnail=\"https:\/\/kontesadora.hr\/stara\/wp-content\/gallery\/svirali-smo-predsjednici-republike-hrvatske\/thumbs\/thumbs_DSC_1029.jpg\"\n               data-image-id=\"4578\"\n               data-title=\"DSC_1029\"\n               data-description=\"\"\n               data-image-slug=\"dsc_1029\"\n               class=\"shutterset_99d59512c5135fe2ada4ad928d9c2699\">\n                <img\n                    title=\"DSC_1029\"\n                    alt=\"DSC_1029\"\n                    src=\"https:\/\/kontesadora.hr\/stara\/wp-content\/gallery\/svirali-smo-predsjednici-republike-hrvatske\/thumbs\/thumbs_DSC_1029.jpg\"\n                    width=\"100\"\n                    height=\"75\"\n                    style=\"max-width:100%;\"\n                \/>\n            <\/a>\n        <\/div>\n\t\t\t\t\t\t\t<\/div> \n\t\t\t\n        \n\t\t\t\t<div id=\"ngg-image-11\" class=\"ngg-gallery-thumbnail-box\" >\n\t\t\t\t        <div class=\"ngg-gallery-thumbnail\">\n            <a href=\"https:\/\/kontesadora.hr\/stara\/wp-content\/gallery\/svirali-smo-predsjednici-republike-hrvatske\/DSC_1025.jpg\"\n               title=\"\"\n               data-src=\"https:\/\/kontesadora.hr\/stara\/wp-content\/gallery\/svirali-smo-predsjednici-republike-hrvatske\/DSC_1025.jpg\"\n               data-thumbnail=\"https:\/\/kontesadora.hr\/stara\/wp-content\/gallery\/svirali-smo-predsjednici-republike-hrvatske\/thumbs\/thumbs_DSC_1025.jpg\"\n               data-image-id=\"4577\"\n               data-title=\"DSC_1025\"\n               data-description=\"\"\n               data-image-slug=\"dsc_1025\"\n               class=\"shutterset_99d59512c5135fe2ada4ad928d9c2699\">\n                <img\n                    title=\"DSC_1025\"\n                    alt=\"DSC_1025\"\n                    src=\"https:\/\/kontesadora.hr\/stara\/wp-content\/gallery\/svirali-smo-predsjednici-republike-hrvatske\/thumbs\/thumbs_DSC_1025.jpg\"\n                    width=\"100\"\n                    height=\"75\"\n                    style=\"max-width:100%;\"\n                \/>\n            <\/a>\n        <\/div>\n\t\t\t\t\t\t\t<\/div> \n\t\t\t\n        \n\t\t\t\t<div id=\"ngg-image-12\" class=\"ngg-gallery-thumbnail-box\" >\n\t\t\t\t        <div class=\"ngg-gallery-thumbnail\">\n            <a href=\"https:\/\/kontesadora.hr\/stara\/wp-content\/gallery\/svirali-smo-predsjednici-republike-hrvatske\/DSC_1017.jpg\"\n               title=\"\"\n               data-src=\"https:\/\/kontesadora.hr\/stara\/wp-content\/gallery\/svirali-smo-predsjednici-republike-hrvatske\/DSC_1017.jpg\"\n               data-thumbnail=\"https:\/\/kontesadora.hr\/stara\/wp-content\/gallery\/svirali-smo-predsjednici-republike-hrvatske\/thumbs\/thumbs_DSC_1017.jpg\"\n               data-image-id=\"4576\"\n               data-title=\"DSC_1017\"\n               data-description=\"\"\n               data-image-slug=\"dsc_1017\"\n               class=\"shutterset_99d59512c5135fe2ada4ad928d9c2699\">\n                <img\n                    title=\"DSC_1017\"\n                    alt=\"DSC_1017\"\n                    src=\"https:\/\/kontesadora.hr\/stara\/wp-content\/gallery\/svirali-smo-predsjednici-republike-hrvatske\/thumbs\/thumbs_DSC_1017.jpg\"\n                    width=\"100\"\n                    height=\"75\"\n                    style=\"max-width:100%;\"\n                \/>\n            <\/a>\n        <\/div>\n\t\t\t\t\t\t\t<\/div> \n\t\t\t\n        \n\t\t\t\t<div id=\"ngg-image-13\" class=\"ngg-gallery-thumbnail-box\" >\n\t\t\t\t        <div class=\"ngg-gallery-thumbnail\">\n            <a href=\"https:\/\/kontesadora.hr\/stara\/wp-content\/gallery\/svirali-smo-predsjednici-republike-hrvatske\/DSC_1016.jpg\"\n               title=\"\"\n               data-src=\"https:\/\/kontesadora.hr\/stara\/wp-content\/gallery\/svirali-smo-predsjednici-republike-hrvatske\/DSC_1016.jpg\"\n               data-thumbnail=\"https:\/\/kontesadora.hr\/stara\/wp-content\/gallery\/svirali-smo-predsjednici-republike-hrvatske\/thumbs\/thumbs_DSC_1016.jpg\"\n               data-image-id=\"4575\"\n               data-title=\"DSC_1016\"\n               data-description=\"\"\n               data-image-slug=\"dsc_1016\"\n               class=\"shutterset_99d59512c5135fe2ada4ad928d9c2699\">\n                <img\n                    title=\"DSC_1016\"\n                    alt=\"DSC_1016\"\n                    src=\"https:\/\/kontesadora.hr\/stara\/wp-content\/gallery\/svirali-smo-predsjednici-republike-hrvatske\/thumbs\/thumbs_DSC_1016.jpg\"\n                    width=\"100\"\n                    height=\"75\"\n                    style=\"max-width:100%;\"\n                \/>\n            <\/a>\n        <\/div>\n\t\t\t\t\t\t\t<\/div> \n\t\t\t\n        \n\t\t\t\t<div id=\"ngg-image-14\" class=\"ngg-gallery-thumbnail-box\" >\n\t\t\t\t        <div class=\"ngg-gallery-thumbnail\">\n            <a href=\"https:\/\/kontesadora.hr\/stara\/wp-content\/gallery\/svirali-smo-predsjednici-republike-hrvatske\/DSC_0991.jpg\"\n               title=\"\"\n               data-src=\"https:\/\/kontesadora.hr\/stara\/wp-content\/gallery\/svirali-smo-predsjednici-republike-hrvatske\/DSC_0991.jpg\"\n               data-thumbnail=\"https:\/\/kontesadora.hr\/stara\/wp-content\/gallery\/svirali-smo-predsjednici-republike-hrvatske\/thumbs\/thumbs_DSC_0991.jpg\"\n               data-image-id=\"4574\"\n               data-title=\"DSC_0991\"\n               data-description=\"\"\n               data-image-slug=\"dsc_0991\"\n               class=\"shutterset_99d59512c5135fe2ada4ad928d9c2699\">\n                <img\n                    title=\"DSC_0991\"\n                    alt=\"DSC_0991\"\n                    src=\"https:\/\/kontesadora.hr\/stara\/wp-content\/gallery\/svirali-smo-predsjednici-republike-hrvatske\/thumbs\/thumbs_DSC_0991.jpg\"\n                    width=\"100\"\n                    height=\"75\"\n                    style=\"max-width:100%;\"\n                \/>\n            <\/a>\n        <\/div>\n\t\t\t\t\t\t\t<\/div> \n\t\t\t\n        \n\t\t\t\t<div id=\"ngg-image-15\" class=\"ngg-gallery-thumbnail-box\" >\n\t\t\t\t        <div class=\"ngg-gallery-thumbnail\">\n            <a href=\"https:\/\/kontesadora.hr\/stara\/wp-content\/gallery\/svirali-smo-predsjednici-republike-hrvatske\/DSC_0990.jpg\"\n               title=\"\"\n               data-src=\"https:\/\/kontesadora.hr\/stara\/wp-content\/gallery\/svirali-smo-predsjednici-republike-hrvatske\/DSC_0990.jpg\"\n               data-thumbnail=\"https:\/\/kontesadora.hr\/stara\/wp-content\/gallery\/svirali-smo-predsjednici-republike-hrvatske\/thumbs\/thumbs_DSC_0990.jpg\"\n               data-image-id=\"4573\"\n               data-title=\"DSC_0990\"\n               data-description=\"\"\n               data-image-slug=\"dsc_0990\"\n               class=\"shutterset_99d59512c5135fe2ada4ad928d9c2699\">\n                <img\n                    title=\"DSC_0990\"\n                    alt=\"DSC_0990\"\n                    src=\"https:\/\/kontesadora.hr\/stara\/wp-content\/gallery\/svirali-smo-predsjednici-republike-hrvatske\/thumbs\/thumbs_DSC_0990.jpg\"\n                    width=\"100\"\n                    height=\"75\"\n                    style=\"max-width:100%;\"\n                \/>\n            <\/a>\n        <\/div>\n\t\t\t\t\t\t\t<\/div> \n\t\t\t\n        \n\t\t\t\t<div id=\"ngg-image-16\" class=\"ngg-gallery-thumbnail-box\" >\n\t\t\t\t        <div class=\"ngg-gallery-thumbnail\">\n            <a href=\"https:\/\/kontesadora.hr\/stara\/wp-content\/gallery\/svirali-smo-predsjednici-republike-hrvatske\/DSC_0989.jpg\"\n               title=\"\"\n               data-src=\"https:\/\/kontesadora.hr\/stara\/wp-content\/gallery\/svirali-smo-predsjednici-republike-hrvatske\/DSC_0989.jpg\"\n               data-thumbnail=\"https:\/\/kontesadora.hr\/stara\/wp-content\/gallery\/svirali-smo-predsjednici-republike-hrvatske\/thumbs\/thumbs_DSC_0989.jpg\"\n               data-image-id=\"4572\"\n               data-title=\"DSC_0989\"\n               data-description=\"\"\n               data-image-slug=\"dsc_0989\"\n               class=\"shutterset_99d59512c5135fe2ada4ad928d9c2699\">\n                <img\n                    title=\"DSC_0989\"\n                    alt=\"DSC_0989\"\n                    src=\"https:\/\/kontesadora.hr\/stara\/wp-content\/gallery\/svirali-smo-predsjednici-republike-hrvatske\/thumbs\/thumbs_DSC_0989.jpg\"\n                    width=\"100\"\n                    height=\"75\"\n                    style=\"max-width:100%;\"\n                \/>\n            <\/a>\n        <\/div>\n\t\t\t\t\t\t\t<\/div> \n\t\t\t\n        \n\t\t\n\t\t<!-- Pagination -->\n\t<div class='ngg-clear'><\/div>\t<\/div>\n&nbsp;Svirali smo Predsjednici Republike Hrvatske ! 02.lipnja 2018. godine<\/p>\n<!-- index.php -->\n<div\n\tclass=\"ngg-galleryoverview ngg-ajax-pagination-none\"\n\tid=\"ngg-gallery-10bf91ae3eb694adf2f31bd96f85fbaf-1\">\n\n    \t<div class=\"slideshowlink\">\n        <a href='https:\/\/kontesadora.hr\/stara\/galerija\/nggallery\/slideshow'>[Show as slideshow]<\/a>\n\t\t\n\t<\/div>\n\t\t\t<!-- Thumbnails -->\n\t\t\t\t<div id=\"ngg-image-0\" class=\"ngg-gallery-thumbnail-box\" >\n\t\t\t\t        <div class=\"ngg-gallery-thumbnail\">\n            <a href=\"https:\/\/kontesadora.hr\/stara\/wp-content\/gallery\/glazbena-igraonica-2018-godine\/NUO2.jpg\"\n               title=\"\"\n               data-src=\"https:\/\/kontesadora.hr\/stara\/wp-content\/gallery\/glazbena-igraonica-2018-godine\/NUO2.jpg\"\n               data-thumbnail=\"https:\/\/kontesadora.hr\/stara\/wp-content\/gallery\/glazbena-igraonica-2018-godine\/thumbs\/thumbs_NUO2.jpg\"\n               data-image-id=\"4570\"\n               data-title=\"NUO2\"\n               data-description=\"\"\n               data-image-slug=\"nuo2\"\n               class=\"shutterset_10bf91ae3eb694adf2f31bd96f85fbaf\">\n                <img\n                    title=\"NUO2\"\n                    alt=\"NUO2\"\n                    src=\"https:\/\/kontesadora.hr\/stara\/wp-content\/gallery\/glazbena-igraonica-2018-godine\/thumbs\/thumbs_NUO2.jpg\"\n                    width=\"100\"\n                    height=\"75\"\n                    style=\"max-width:100%;\"\n                \/>\n            <\/a>\n        <\/div>\n\t\t\t\t\t\t\t<\/div> \n\t\t\t\n        \n\t\t\t\t<div id=\"ngg-image-1\" class=\"ngg-gallery-thumbnail-box\" >\n\t\t\t\t        <div class=\"ngg-gallery-thumbnail\">\n            <a href=\"https:\/\/kontesadora.hr\/stara\/wp-content\/gallery\/glazbena-igraonica-2018-godine\/IMG-3800599cc772b67c31c2683c2ce2cffd-V.jpg\"\n               title=\"\"\n               data-src=\"https:\/\/kontesadora.hr\/stara\/wp-content\/gallery\/glazbena-igraonica-2018-godine\/IMG-3800599cc772b67c31c2683c2ce2cffd-V.jpg\"\n               data-thumbnail=\"https:\/\/kontesadora.hr\/stara\/wp-content\/gallery\/glazbena-igraonica-2018-godine\/thumbs\/thumbs_IMG-3800599cc772b67c31c2683c2ce2cffd-V.jpg\"\n               data-image-id=\"4569\"\n               data-title=\"IMG-3800599cc772b67c31c2683c2ce2cffd-V\"\n               data-description=\"\"\n               data-image-slug=\"img-3800599cc772b67c31c2683c2ce2cffd-v\"\n               class=\"shutterset_10bf91ae3eb694adf2f31bd96f85fbaf\">\n                <img\n                    title=\"IMG-3800599cc772b67c31c2683c2ce2cffd-V\"\n                    alt=\"IMG-3800599cc772b67c31c2683c2ce2cffd-V\"\n                    src=\"https:\/\/kontesadora.hr\/stara\/wp-content\/gallery\/glazbena-igraonica-2018-godine\/thumbs\/thumbs_IMG-3800599cc772b67c31c2683c2ce2cffd-V.jpg\"\n                    width=\"100\"\n                    height=\"75\"\n                    style=\"max-width:100%;\"\n                \/>\n            <\/a>\n        <\/div>\n\t\t\t\t\t\t\t<\/div> \n\t\t\t\n        \n\t\t\t\t<div id=\"ngg-image-2\" class=\"ngg-gallery-thumbnail-box\" >\n\t\t\t\t        <div class=\"ngg-gallery-thumbnail\">\n            <a href=\"https:\/\/kontesadora.hr\/stara\/wp-content\/gallery\/glazbena-igraonica-2018-godine\/IMG-1064ce0eab82853ef0062b8e09555dea-V.jpg\"\n               title=\"\"\n               data-src=\"https:\/\/kontesadora.hr\/stara\/wp-content\/gallery\/glazbena-igraonica-2018-godine\/IMG-1064ce0eab82853ef0062b8e09555dea-V.jpg\"\n               data-thumbnail=\"https:\/\/kontesadora.hr\/stara\/wp-content\/gallery\/glazbena-igraonica-2018-godine\/thumbs\/thumbs_IMG-1064ce0eab82853ef0062b8e09555dea-V.jpg\"\n               data-image-id=\"4568\"\n               data-title=\"IMG-1064ce0eab82853ef0062b8e09555dea-V\"\n               data-description=\"\"\n               data-image-slug=\"img-1064ce0eab82853ef0062b8e09555dea-v\"\n               class=\"shutterset_10bf91ae3eb694adf2f31bd96f85fbaf\">\n                <img\n                    title=\"IMG-1064ce0eab82853ef0062b8e09555dea-V\"\n                    alt=\"IMG-1064ce0eab82853ef0062b8e09555dea-V\"\n                    src=\"https:\/\/kontesadora.hr\/stara\/wp-content\/gallery\/glazbena-igraonica-2018-godine\/thumbs\/thumbs_IMG-1064ce0eab82853ef0062b8e09555dea-V.jpg\"\n                    width=\"100\"\n                    height=\"75\"\n                    style=\"max-width:100%;\"\n                \/>\n            <\/a>\n        <\/div>\n\t\t\t\t\t\t\t<\/div> \n\t\t\t\n        \n\t\t\t\t<div id=\"ngg-image-3\" class=\"ngg-gallery-thumbnail-box\" >\n\t\t\t\t        <div class=\"ngg-gallery-thumbnail\">\n            <a href=\"https:\/\/kontesadora.hr\/stara\/wp-content\/gallery\/glazbena-igraonica-2018-godine\/13.jpg\"\n               title=\"\"\n               data-src=\"https:\/\/kontesadora.hr\/stara\/wp-content\/gallery\/glazbena-igraonica-2018-godine\/13.jpg\"\n               data-thumbnail=\"https:\/\/kontesadora.hr\/stara\/wp-content\/gallery\/glazbena-igraonica-2018-godine\/thumbs\/thumbs_13.jpg\"\n               data-image-id=\"4565\"\n               data-title=\"13\"\n               data-description=\"\"\n               data-image-slug=\"13\"\n               class=\"shutterset_10bf91ae3eb694adf2f31bd96f85fbaf\">\n                <img\n                    title=\"13\"\n                    alt=\"13\"\n                    src=\"https:\/\/kontesadora.hr\/stara\/wp-content\/gallery\/glazbena-igraonica-2018-godine\/thumbs\/thumbs_13.jpg\"\n                    width=\"100\"\n                    height=\"75\"\n                    style=\"max-width:100%;\"\n                \/>\n            <\/a>\n        <\/div>\n\t\t\t\t\t\t\t<\/div> \n\t\t\t\n        \n\t\t\t\t<div id=\"ngg-image-4\" class=\"ngg-gallery-thumbnail-box\" >\n\t\t\t\t        <div class=\"ngg-gallery-thumbnail\">\n            <a href=\"https:\/\/kontesadora.hr\/stara\/wp-content\/gallery\/glazbena-igraonica-2018-godine\/13-A.jpg\"\n               title=\"\"\n               data-src=\"https:\/\/kontesadora.hr\/stara\/wp-content\/gallery\/glazbena-igraonica-2018-godine\/13-A.jpg\"\n               data-thumbnail=\"https:\/\/kontesadora.hr\/stara\/wp-content\/gallery\/glazbena-igraonica-2018-godine\/thumbs\/thumbs_13-A.jpg\"\n               data-image-id=\"4564\"\n               data-title=\"13 A\"\n               data-description=\"\"\n               data-image-slug=\"13-a\"\n               class=\"shutterset_10bf91ae3eb694adf2f31bd96f85fbaf\">\n                <img\n                    title=\"13 A\"\n                    alt=\"13 A\"\n                    src=\"https:\/\/kontesadora.hr\/stara\/wp-content\/gallery\/glazbena-igraonica-2018-godine\/thumbs\/thumbs_13-A.jpg\"\n                    width=\"100\"\n                    height=\"75\"\n                    style=\"max-width:100%;\"\n                \/>\n            <\/a>\n        <\/div>\n\t\t\t\t\t\t\t<\/div> \n\t\t\t\n        \n\t\t\t\t<div id=\"ngg-image-5\" class=\"ngg-gallery-thumbnail-box\" >\n\t\t\t\t        <div class=\"ngg-gallery-thumbnail\">\n            <a href=\"https:\/\/kontesadora.hr\/stara\/wp-content\/gallery\/glazbena-igraonica-2018-godine\/11-12.jpg\"\n               title=\"\"\n               data-src=\"https:\/\/kontesadora.hr\/stara\/wp-content\/gallery\/glazbena-igraonica-2018-godine\/11-12.jpg\"\n               data-thumbnail=\"https:\/\/kontesadora.hr\/stara\/wp-content\/gallery\/glazbena-igraonica-2018-godine\/thumbs\/thumbs_11-12.jpg\"\n               data-image-id=\"4561\"\n               data-title=\"11 12\"\n               data-description=\"\"\n               data-image-slug=\"11-12\"\n               class=\"shutterset_10bf91ae3eb694adf2f31bd96f85fbaf\">\n                <img\n                    title=\"11 12\"\n                    alt=\"11 12\"\n                    src=\"https:\/\/kontesadora.hr\/stara\/wp-content\/gallery\/glazbena-igraonica-2018-godine\/thumbs\/thumbs_11-12.jpg\"\n                    width=\"100\"\n                    height=\"75\"\n                    style=\"max-width:100%;\"\n                \/>\n            <\/a>\n        <\/div>\n\t\t\t\t\t\t\t<\/div> \n\t\t\t\n        \n\t\t\t\t<div id=\"ngg-image-6\" class=\"ngg-gallery-thumbnail-box\" >\n\t\t\t\t        <div class=\"ngg-gallery-thumbnail\">\n            <a href=\"https:\/\/kontesadora.hr\/stara\/wp-content\/gallery\/glazbena-igraonica-2018-godine\/DSC_0067.JPG\"\n               title=\"\"\n               data-src=\"https:\/\/kontesadora.hr\/stara\/wp-content\/gallery\/glazbena-igraonica-2018-godine\/DSC_0067.JPG\"\n               data-thumbnail=\"https:\/\/kontesadora.hr\/stara\/wp-content\/gallery\/glazbena-igraonica-2018-godine\/thumbs\/thumbs_DSC_0067.JPG\"\n               data-image-id=\"4566\"\n               data-title=\"DSC_0067\"\n               data-description=\"\"\n               data-image-slug=\"dsc_0067\"\n               class=\"shutterset_10bf91ae3eb694adf2f31bd96f85fbaf\">\n                <img\n                    title=\"DSC_0067\"\n                    alt=\"DSC_0067\"\n                    src=\"https:\/\/kontesadora.hr\/stara\/wp-content\/gallery\/glazbena-igraonica-2018-godine\/thumbs\/thumbs_DSC_0067.JPG\"\n                    width=\"100\"\n                    height=\"75\"\n                    style=\"max-width:100%;\"\n                \/>\n            <\/a>\n        <\/div>\n\t\t\t\t\t\t\t<\/div> \n\t\t\t\n        \n\t\t\t\t<div id=\"ngg-image-7\" class=\"ngg-gallery-thumbnail-box\" >\n\t\t\t\t        <div class=\"ngg-gallery-thumbnail\">\n            <a href=\"https:\/\/kontesadora.hr\/stara\/wp-content\/gallery\/glazbena-igraonica-2018-godine\/WP_20150211_001.jpg\"\n               title=\"\"\n               data-src=\"https:\/\/kontesadora.hr\/stara\/wp-content\/gallery\/glazbena-igraonica-2018-godine\/WP_20150211_001.jpg\"\n               data-thumbnail=\"https:\/\/kontesadora.hr\/stara\/wp-content\/gallery\/glazbena-igraonica-2018-godine\/thumbs\/thumbs_WP_20150211_001.jpg\"\n               data-image-id=\"4571\"\n               data-title=\"WP_20150211_001\"\n               data-description=\"\"\n               data-image-slug=\"wp_20150211_001\"\n               class=\"shutterset_10bf91ae3eb694adf2f31bd96f85fbaf\">\n                <img\n                    title=\"WP_20150211_001\"\n                    alt=\"WP_20150211_001\"\n                    src=\"https:\/\/kontesadora.hr\/stara\/wp-content\/gallery\/glazbena-igraonica-2018-godine\/thumbs\/thumbs_WP_20150211_001.jpg\"\n                    width=\"100\"\n                    height=\"75\"\n                    style=\"max-width:100%;\"\n                \/>\n            <\/a>\n        <\/div>\n\t\t\t\t\t\t\t<\/div> \n\t\t\t\n        \n\t\t\t\t<div id=\"ngg-image-8\" class=\"ngg-gallery-thumbnail-box\" >\n\t\t\t\t        <div class=\"ngg-gallery-thumbnail\">\n            <a href=\"https:\/\/kontesadora.hr\/stara\/wp-content\/gallery\/glazbena-igraonica-2018-godine\/Fotografija1235.jpg\"\n               title=\"\"\n               data-src=\"https:\/\/kontesadora.hr\/stara\/wp-content\/gallery\/glazbena-igraonica-2018-godine\/Fotografija1235.jpg\"\n               data-thumbnail=\"https:\/\/kontesadora.hr\/stara\/wp-content\/gallery\/glazbena-igraonica-2018-godine\/thumbs\/thumbs_Fotografija1235.jpg\"\n               data-image-id=\"4567\"\n               data-title=\"Fotografija1235\"\n               data-description=\"\"\n               data-image-slug=\"fotografija1235\"\n               class=\"shutterset_10bf91ae3eb694adf2f31bd96f85fbaf\">\n                <img\n                    title=\"Fotografija1235\"\n                    alt=\"Fotografija1235\"\n                    src=\"https:\/\/kontesadora.hr\/stara\/wp-content\/gallery\/glazbena-igraonica-2018-godine\/thumbs\/thumbs_Fotografija1235.jpg\"\n                    width=\"100\"\n                    height=\"75\"\n                    style=\"max-width:100%;\"\n                \/>\n            <\/a>\n        <\/div>\n\t\t\t\t\t\t\t<\/div> \n\t\t\t\n        \n\t\t\t\t<div id=\"ngg-image-9\" class=\"ngg-gallery-thumbnail-box\" >\n\t\t\t\t        <div class=\"ngg-gallery-thumbnail\">\n            <a href=\"https:\/\/kontesadora.hr\/stara\/wp-content\/gallery\/glazbena-igraonica-2018-godine\/12.JPG\"\n               title=\"\"\n               data-src=\"https:\/\/kontesadora.hr\/stara\/wp-content\/gallery\/glazbena-igraonica-2018-godine\/12.JPG\"\n               data-thumbnail=\"https:\/\/kontesadora.hr\/stara\/wp-content\/gallery\/glazbena-igraonica-2018-godine\/thumbs\/thumbs_12.JPG\"\n               data-image-id=\"4563\"\n               data-title=\"12\"\n               data-description=\"\"\n               data-image-slug=\"12-3\"\n               class=\"shutterset_10bf91ae3eb694adf2f31bd96f85fbaf\">\n                <img\n                    title=\"12\"\n                    alt=\"12\"\n                    src=\"https:\/\/kontesadora.hr\/stara\/wp-content\/gallery\/glazbena-igraonica-2018-godine\/thumbs\/thumbs_12.JPG\"\n                    width=\"100\"\n                    height=\"75\"\n                    style=\"max-width:100%;\"\n                \/>\n            <\/a>\n        <\/div>\n\t\t\t\t\t\t\t<\/div> \n\t\t\t\n        \n\t\t\t\t<div id=\"ngg-image-10\" class=\"ngg-gallery-thumbnail-box\" >\n\t\t\t\t        <div class=\"ngg-gallery-thumbnail\">\n            <a href=\"https:\/\/kontesadora.hr\/stara\/wp-content\/gallery\/glazbena-igraonica-2018-godine\/12-2.JPG\"\n               title=\"\"\n               data-src=\"https:\/\/kontesadora.hr\/stara\/wp-content\/gallery\/glazbena-igraonica-2018-godine\/12-2.JPG\"\n               data-thumbnail=\"https:\/\/kontesadora.hr\/stara\/wp-content\/gallery\/glazbena-igraonica-2018-godine\/thumbs\/thumbs_12-2.JPG\"\n               data-image-id=\"4562\"\n               data-title=\"12 (2)\"\n               data-description=\"\"\n               data-image-slug=\"12-2\"\n               class=\"shutterset_10bf91ae3eb694adf2f31bd96f85fbaf\">\n                <img\n                    title=\"12 (2)\"\n                    alt=\"12 (2)\"\n                    src=\"https:\/\/kontesadora.hr\/stara\/wp-content\/gallery\/glazbena-igraonica-2018-godine\/thumbs\/thumbs_12-2.JPG\"\n                    width=\"100\"\n                    height=\"75\"\n                    style=\"max-width:100%;\"\n                \/>\n            <\/a>\n        <\/div>\n\t\t\t\t\t\t\t<\/div> \n\t\t\t\n        \n\t\t\n\t\t<!-- Pagination -->\n\t<div class='ngg-clear'><\/div>\t<\/div>\n Glazbena igraonica 2018.godine<\/p>\n<!-- index.php -->\n<div\n\tclass=\"ngg-galleryoverview ngg-ajax-pagination-none\"\n\tid=\"ngg-gallery-e3dde9aea32206b2ab7c76e471cf2b85-1\">\n\n    \t<div class=\"slideshowlink\">\n        <a href='https:\/\/kontesadora.hr\/stara\/galerija\/nggallery\/slideshow'>[Show as slideshow]<\/a>\n\t\t\n\t<\/div>\n\t\t\t<!-- Thumbnails -->\n\t\t\t\t<div id=\"ngg-image-0\" class=\"ngg-gallery-thumbnail-box\" >\n\t\t\t\t        <div class=\"ngg-gallery-thumbnail\">\n            <a href=\"https:\/\/kontesadora.hr\/stara\/wp-content\/gallery\/zavrsni-koncert-ucenika-glazbene-skole-2018\/Zbor-i-orkestar.jpg\"\n               title=\"\"\n               data-src=\"https:\/\/kontesadora.hr\/stara\/wp-content\/gallery\/zavrsni-koncert-ucenika-glazbene-skole-2018\/Zbor-i-orkestar.jpg\"\n               data-thumbnail=\"https:\/\/kontesadora.hr\/stara\/wp-content\/gallery\/zavrsni-koncert-ucenika-glazbene-skole-2018\/thumbs\/thumbs_Zbor-i-orkestar.jpg\"\n               data-image-id=\"4554\"\n               data-title=\"Zbor i orkestar\"\n               data-description=\"\"\n               data-image-slug=\"zbor-i-orkestar\"\n               class=\"shutterset_e3dde9aea32206b2ab7c76e471cf2b85\">\n                <img\n                    title=\"Zbor i orkestar\"\n                    alt=\"Zbor i orkestar\"\n                    src=\"https:\/\/kontesadora.hr\/stara\/wp-content\/gallery\/zavrsni-koncert-ucenika-glazbene-skole-2018\/thumbs\/thumbs_Zbor-i-orkestar.jpg\"\n                    width=\"100\"\n                    height=\"75\"\n                    style=\"max-width:100%;\"\n                \/>\n            <\/a>\n        <\/div>\n\t\t\t\t\t\t\t<\/div> \n\t\t\t\n        \n\t\t\t\t<div id=\"ngg-image-1\" class=\"ngg-gallery-thumbnail-box\" >\n\t\t\t\t        <div class=\"ngg-gallery-thumbnail\">\n            <a href=\"https:\/\/kontesadora.hr\/stara\/wp-content\/gallery\/zavrsni-koncert-ucenika-glazbene-skole-2018\/Filip-Kon-Luka-%C4%8Cati%C4%87-gitare-i-pj.zbor_.jpg\"\n               title=\"\"\n               data-src=\"https:\/\/kontesadora.hr\/stara\/wp-content\/gallery\/zavrsni-koncert-ucenika-glazbene-skole-2018\/Filip-Kon-Luka-%C4%8Cati%C4%87-gitare-i-pj.zbor_.jpg\"\n               data-thumbnail=\"https:\/\/kontesadora.hr\/stara\/wp-content\/gallery\/zavrsni-koncert-ucenika-glazbene-skole-2018\/thumbs\/thumbs_Filip-Kon-Luka-%C4%8Cati%C4%87-gitare-i-pj.zbor_.jpg\"\n               data-image-id=\"4518\"\n               data-title=\"Filip Kon, Luka \u010cati\u0107 - gitare i pj.zbor\"\n               data-description=\"\"\n               data-image-slug=\"filip-kon-luka-%c4%8dati%c4%87-gitare-i-pj-zbor\"\n               class=\"shutterset_e3dde9aea32206b2ab7c76e471cf2b85\">\n                <img\n                    title=\"Filip Kon, Luka \u010cati\u0107 - gitare i pj.zbor\"\n                    alt=\"Filip Kon, Luka \u010cati\u0107 - gitare i pj.zbor\"\n                    src=\"https:\/\/kontesadora.hr\/stara\/wp-content\/gallery\/zavrsni-koncert-ucenika-glazbene-skole-2018\/thumbs\/thumbs_Filip-Kon-Luka-%C4%8Cati%C4%87-gitare-i-pj.zbor_.jpg\"\n                    width=\"100\"\n                    height=\"75\"\n                    style=\"max-width:100%;\"\n                \/>\n            <\/a>\n        <\/div>\n\t\t\t\t\t\t\t<\/div> \n\t\t\t\n        \n\t\t\t\t<div id=\"ngg-image-2\" class=\"ngg-gallery-thumbnail-box\" >\n\t\t\t\t        <div class=\"ngg-gallery-thumbnail\">\n            <a href=\"https:\/\/kontesadora.hr\/stara\/wp-content\/gallery\/zavrsni-koncert-ucenika-glazbene-skole-2018\/zbor-dirigent-Luka-P..jpg\"\n               title=\"\"\n               data-src=\"https:\/\/kontesadora.hr\/stara\/wp-content\/gallery\/zavrsni-koncert-ucenika-glazbene-skole-2018\/zbor-dirigent-Luka-P..jpg\"\n               data-thumbnail=\"https:\/\/kontesadora.hr\/stara\/wp-content\/gallery\/zavrsni-koncert-ucenika-glazbene-skole-2018\/thumbs\/thumbs_zbor-dirigent-Luka-P..jpg\"\n               data-image-id=\"4556\"\n               data-title=\"zbor, dirigent Luka P.\"\n               data-description=\"\"\n               data-image-slug=\"zbor-dirigent-luka-p\"\n               class=\"shutterset_e3dde9aea32206b2ab7c76e471cf2b85\">\n                <img\n                    title=\"zbor, dirigent Luka P.\"\n                    alt=\"zbor, dirigent Luka P.\"\n                    src=\"https:\/\/kontesadora.hr\/stara\/wp-content\/gallery\/zavrsni-koncert-ucenika-glazbene-skole-2018\/thumbs\/thumbs_zbor-dirigent-Luka-P..jpg\"\n                    width=\"100\"\n                    height=\"75\"\n                    style=\"max-width:100%;\"\n                \/>\n            <\/a>\n        <\/div>\n\t\t\t\t\t\t\t<\/div> \n\t\t\t\n        \n\t\t\t\t<div id=\"ngg-image-3\" class=\"ngg-gallery-thumbnail-box\" >\n\t\t\t\t        <div class=\"ngg-gallery-thumbnail\">\n            <a href=\"https:\/\/kontesadora.hr\/stara\/wp-content\/gallery\/zavrsni-koncert-ucenika-glazbene-skole-2018\/zbor-Luka-Pavlekovi%C4%87.jpg\"\n               title=\"\"\n               data-src=\"https:\/\/kontesadora.hr\/stara\/wp-content\/gallery\/zavrsni-koncert-ucenika-glazbene-skole-2018\/zbor-Luka-Pavlekovi%C4%87.jpg\"\n               data-thumbnail=\"https:\/\/kontesadora.hr\/stara\/wp-content\/gallery\/zavrsni-koncert-ucenika-glazbene-skole-2018\/thumbs\/thumbs_zbor-Luka-Pavlekovi%C4%87.jpg\"\n               data-image-id=\"4557\"\n               data-title=\"zbor, Luka Pavlekovi\u0107\"\n               data-description=\"\"\n               data-image-slug=\"zbor-luka-pavlekovi%c4%87\"\n               class=\"shutterset_e3dde9aea32206b2ab7c76e471cf2b85\">\n                <img\n                    title=\"zbor, Luka Pavlekovi\u0107\"\n                    alt=\"zbor, Luka Pavlekovi\u0107\"\n                    src=\"https:\/\/kontesadora.hr\/stara\/wp-content\/gallery\/zavrsni-koncert-ucenika-glazbene-skole-2018\/thumbs\/thumbs_zbor-Luka-Pavlekovi%C4%87.jpg\"\n                    width=\"100\"\n                    height=\"75\"\n                    style=\"max-width:100%;\"\n                \/>\n            <\/a>\n        <\/div>\n\t\t\t\t\t\t\t<\/div> \n\t\t\t\n        \n\t\t\t\t<div id=\"ngg-image-4\" class=\"ngg-gallery-thumbnail-box\" >\n\t\t\t\t        <div class=\"ngg-gallery-thumbnail\">\n            <a href=\"https:\/\/kontesadora.hr\/stara\/wp-content\/gallery\/zavrsni-koncert-ucenika-glazbene-skole-2018\/JAKOV-DROZDEK-violina_1.jpg\"\n               title=\"\"\n               data-src=\"https:\/\/kontesadora.hr\/stara\/wp-content\/gallery\/zavrsni-koncert-ucenika-glazbene-skole-2018\/JAKOV-DROZDEK-violina_1.jpg\"\n               data-thumbnail=\"https:\/\/kontesadora.hr\/stara\/wp-content\/gallery\/zavrsni-koncert-ucenika-glazbene-skole-2018\/thumbs\/thumbs_JAKOV-DROZDEK-violina_1.jpg\"\n               data-image-id=\"4525\"\n               data-title=\"JAKOV DROZDEK, violina_1\"\n               data-description=\"\"\n               data-image-slug=\"jakov-drozdek-violina_1\"\n               class=\"shutterset_e3dde9aea32206b2ab7c76e471cf2b85\">\n                <img\n                    title=\"JAKOV DROZDEK, violina_1\"\n                    alt=\"JAKOV DROZDEK, violina_1\"\n                    src=\"https:\/\/kontesadora.hr\/stara\/wp-content\/gallery\/zavrsni-koncert-ucenika-glazbene-skole-2018\/thumbs\/thumbs_JAKOV-DROZDEK-violina_1.jpg\"\n                    width=\"100\"\n                    height=\"75\"\n                    style=\"max-width:100%;\"\n                \/>\n            <\/a>\n        <\/div>\n\t\t\t\t\t\t\t<\/div> \n\t\t\t\n        \n\t\t\t\t<div id=\"ngg-image-5\" class=\"ngg-gallery-thumbnail-box\" >\n\t\t\t\t        <div class=\"ngg-gallery-thumbnail\">\n            <a href=\"https:\/\/kontesadora.hr\/stara\/wp-content\/gallery\/zavrsni-koncert-ucenika-glazbene-skole-2018\/JAKOV-DROZDEK-violina.jpg\"\n               title=\"\"\n               data-src=\"https:\/\/kontesadora.hr\/stara\/wp-content\/gallery\/zavrsni-koncert-ucenika-glazbene-skole-2018\/JAKOV-DROZDEK-violina.jpg\"\n               data-thumbnail=\"https:\/\/kontesadora.hr\/stara\/wp-content\/gallery\/zavrsni-koncert-ucenika-glazbene-skole-2018\/thumbs\/thumbs_JAKOV-DROZDEK-violina.jpg\"\n               data-image-id=\"4524\"\n               data-title=\"JAKOV DROZDEK, violina\"\n               data-description=\"\"\n               data-image-slug=\"jakov-drozdek-violina\"\n               class=\"shutterset_e3dde9aea32206b2ab7c76e471cf2b85\">\n                <img\n                    title=\"JAKOV DROZDEK, violina\"\n                    alt=\"JAKOV DROZDEK, violina\"\n                    src=\"https:\/\/kontesadora.hr\/stara\/wp-content\/gallery\/zavrsni-koncert-ucenika-glazbene-skole-2018\/thumbs\/thumbs_JAKOV-DROZDEK-violina.jpg\"\n                    width=\"100\"\n                    height=\"75\"\n                    style=\"max-width:100%;\"\n                \/>\n            <\/a>\n        <\/div>\n\t\t\t\t\t\t\t<\/div> \n\t\t\t\n        \n\t\t\t\t<div id=\"ngg-image-6\" class=\"ngg-gallery-thumbnail-box\" >\n\t\t\t\t        <div class=\"ngg-gallery-thumbnail\">\n            <a href=\"https:\/\/kontesadora.hr\/stara\/wp-content\/gallery\/zavrsni-koncert-ucenika-glazbene-skole-2018\/zbor-4.jpg\"\n               title=\"\"\n               data-src=\"https:\/\/kontesadora.hr\/stara\/wp-content\/gallery\/zavrsni-koncert-ucenika-glazbene-skole-2018\/zbor-4.jpg\"\n               data-thumbnail=\"https:\/\/kontesadora.hr\/stara\/wp-content\/gallery\/zavrsni-koncert-ucenika-glazbene-skole-2018\/thumbs\/thumbs_zbor-4.jpg\"\n               data-image-id=\"4552\"\n               data-title=\"zbor 4\"\n               data-description=\"\"\n               data-image-slug=\"zbor-4\"\n               class=\"shutterset_e3dde9aea32206b2ab7c76e471cf2b85\">\n                <img\n                    title=\"zbor 4\"\n                    alt=\"zbor 4\"\n                    src=\"https:\/\/kontesadora.hr\/stara\/wp-content\/gallery\/zavrsni-koncert-ucenika-glazbene-skole-2018\/thumbs\/thumbs_zbor-4.jpg\"\n                    width=\"100\"\n                    height=\"75\"\n                    style=\"max-width:100%;\"\n                \/>\n            <\/a>\n        <\/div>\n\t\t\t\t\t\t\t<\/div> \n\t\t\t\n        \n\t\t\t\t<div id=\"ngg-image-7\" class=\"ngg-gallery-thumbnail-box\" >\n\t\t\t\t        <div class=\"ngg-gallery-thumbnail\">\n            <a href=\"https:\/\/kontesadora.hr\/stara\/wp-content\/gallery\/zavrsni-koncert-ucenika-glazbene-skole-2018\/zbor-6.jpg\"\n               title=\"\"\n               data-src=\"https:\/\/kontesadora.hr\/stara\/wp-content\/gallery\/zavrsni-koncert-ucenika-glazbene-skole-2018\/zbor-6.jpg\"\n               data-thumbnail=\"https:\/\/kontesadora.hr\/stara\/wp-content\/gallery\/zavrsni-koncert-ucenika-glazbene-skole-2018\/thumbs\/thumbs_zbor-6.jpg\"\n               data-image-id=\"4553\"\n               data-title=\"zbor 6\"\n               data-description=\"\"\n               data-image-slug=\"zbor-6\"\n               class=\"shutterset_e3dde9aea32206b2ab7c76e471cf2b85\">\n                <img\n                    title=\"zbor 6\"\n                    alt=\"zbor 6\"\n                    src=\"https:\/\/kontesadora.hr\/stara\/wp-content\/gallery\/zavrsni-koncert-ucenika-glazbene-skole-2018\/thumbs\/thumbs_zbor-6.jpg\"\n                    width=\"100\"\n                    height=\"75\"\n                    style=\"max-width:100%;\"\n                \/>\n            <\/a>\n        <\/div>\n\t\t\t\t\t\t\t<\/div> \n\t\t\t\n        \n\t\t\t\t<div id=\"ngg-image-8\" class=\"ngg-gallery-thumbnail-box\" >\n\t\t\t\t        <div class=\"ngg-gallery-thumbnail\">\n            <a href=\"https:\/\/kontesadora.hr\/stara\/wp-content\/gallery\/zavrsni-koncert-ucenika-glazbene-skole-2018\/berda%C5%A1i.jpg\"\n               title=\"\"\n               data-src=\"https:\/\/kontesadora.hr\/stara\/wp-content\/gallery\/zavrsni-koncert-ucenika-glazbene-skole-2018\/berda%C5%A1i.jpg\"\n               data-thumbnail=\"https:\/\/kontesadora.hr\/stara\/wp-content\/gallery\/zavrsni-koncert-ucenika-glazbene-skole-2018\/thumbs\/thumbs_berda%C5%A1i.jpg\"\n               data-image-id=\"4516\"\n               data-title=\"berda\u0161i\"\n               data-description=\"\"\n               data-image-slug=\"berda%c5%a1i\"\n               class=\"shutterset_e3dde9aea32206b2ab7c76e471cf2b85\">\n                <img\n                    title=\"berda\u0161i\"\n                    alt=\"berda\u0161i\"\n                    src=\"https:\/\/kontesadora.hr\/stara\/wp-content\/gallery\/zavrsni-koncert-ucenika-glazbene-skole-2018\/thumbs\/thumbs_berda%C5%A1i.jpg\"\n                    width=\"100\"\n                    height=\"75\"\n                    style=\"max-width:100%;\"\n                \/>\n            <\/a>\n        <\/div>\n\t\t\t\t\t\t\t<\/div> \n\t\t\t\n        \n\t\t\t\t<div id=\"ngg-image-9\" class=\"ngg-gallery-thumbnail-box\" >\n\t\t\t\t        <div class=\"ngg-gallery-thumbnail\">\n            <a href=\"https:\/\/kontesadora.hr\/stara\/wp-content\/gallery\/zavrsni-koncert-ucenika-glazbene-skole-2018\/zbor-2.jpg\"\n               title=\"\"\n               data-src=\"https:\/\/kontesadora.hr\/stara\/wp-content\/gallery\/zavrsni-koncert-ucenika-glazbene-skole-2018\/zbor-2.jpg\"\n               data-thumbnail=\"https:\/\/kontesadora.hr\/stara\/wp-content\/gallery\/zavrsni-koncert-ucenika-glazbene-skole-2018\/thumbs\/thumbs_zbor-2.jpg\"\n               data-image-id=\"4551\"\n               data-title=\"zbor 2\"\n               data-description=\"\"\n               data-image-slug=\"zbor-2\"\n               class=\"shutterset_e3dde9aea32206b2ab7c76e471cf2b85\">\n                <img\n                    title=\"zbor 2\"\n                    alt=\"zbor 2\"\n                    src=\"https:\/\/kontesadora.hr\/stara\/wp-content\/gallery\/zavrsni-koncert-ucenika-glazbene-skole-2018\/thumbs\/thumbs_zbor-2.jpg\"\n                    width=\"100\"\n                    height=\"75\"\n                    style=\"max-width:100%;\"\n                \/>\n            <\/a>\n        <\/div>\n\t\t\t\t\t\t\t<\/div> \n\t\t\t\n        \n\t\t\t\t<div id=\"ngg-image-10\" class=\"ngg-gallery-thumbnail-box\" >\n\t\t\t\t        <div class=\"ngg-gallery-thumbnail\">\n            <a href=\"https:\/\/kontesadora.hr\/stara\/wp-content\/gallery\/zavrsni-koncert-ucenika-glazbene-skole-2018\/zbor-1.jpg\"\n               title=\"\"\n               data-src=\"https:\/\/kontesadora.hr\/stara\/wp-content\/gallery\/zavrsni-koncert-ucenika-glazbene-skole-2018\/zbor-1.jpg\"\n               data-thumbnail=\"https:\/\/kontesadora.hr\/stara\/wp-content\/gallery\/zavrsni-koncert-ucenika-glazbene-skole-2018\/thumbs\/thumbs_zbor-1.jpg\"\n               data-image-id=\"4550\"\n               data-title=\"zbor 1\"\n               data-description=\"\"\n               data-image-slug=\"zbor-1\"\n               class=\"shutterset_e3dde9aea32206b2ab7c76e471cf2b85\">\n                <img\n                    title=\"zbor 1\"\n                    alt=\"zbor 1\"\n                    src=\"https:\/\/kontesadora.hr\/stara\/wp-content\/gallery\/zavrsni-koncert-ucenika-glazbene-skole-2018\/thumbs\/thumbs_zbor-1.jpg\"\n                    width=\"100\"\n                    height=\"75\"\n                    style=\"max-width:100%;\"\n                \/>\n            <\/a>\n        <\/div>\n\t\t\t\t\t\t\t<\/div> \n\t\t\t\n        \n\t\t\t\t<div id=\"ngg-image-11\" class=\"ngg-gallery-thumbnail-box\" >\n\t\t\t\t        <div class=\"ngg-gallery-thumbnail\">\n            <a href=\"https:\/\/kontesadora.hr\/stara\/wp-content\/gallery\/zavrsni-koncert-ucenika-glazbene-skole-2018\/zbor-orkestar.jpg\"\n               title=\"\"\n               data-src=\"https:\/\/kontesadora.hr\/stara\/wp-content\/gallery\/zavrsni-koncert-ucenika-glazbene-skole-2018\/zbor-orkestar.jpg\"\n               data-thumbnail=\"https:\/\/kontesadora.hr\/stara\/wp-content\/gallery\/zavrsni-koncert-ucenika-glazbene-skole-2018\/thumbs\/thumbs_zbor-orkestar.jpg\"\n               data-image-id=\"4558\"\n               data-title=\"zbor, orkestar\"\n               data-description=\"\"\n               data-image-slug=\"zbor-orkestar\"\n               class=\"shutterset_e3dde9aea32206b2ab7c76e471cf2b85\">\n                <img\n                    title=\"zbor, orkestar\"\n                    alt=\"zbor, orkestar\"\n                    src=\"https:\/\/kontesadora.hr\/stara\/wp-content\/gallery\/zavrsni-koncert-ucenika-glazbene-skole-2018\/thumbs\/thumbs_zbor-orkestar.jpg\"\n                    width=\"100\"\n                    height=\"75\"\n                    style=\"max-width:100%;\"\n                \/>\n            <\/a>\n        <\/div>\n\t\t\t\t\t\t\t<\/div> \n\t\t\t\n        \n\t\t\t\t<div id=\"ngg-image-12\" class=\"ngg-gallery-thumbnail-box\" >\n\t\t\t\t        <div class=\"ngg-gallery-thumbnail\">\n            <a href=\"https:\/\/kontesadora.hr\/stara\/wp-content\/gallery\/zavrsni-koncert-ucenika-glazbene-skole-2018\/ork.-zbor.jpg\"\n               title=\"\"\n               data-src=\"https:\/\/kontesadora.hr\/stara\/wp-content\/gallery\/zavrsni-koncert-ucenika-glazbene-skole-2018\/ork.-zbor.jpg\"\n               data-thumbnail=\"https:\/\/kontesadora.hr\/stara\/wp-content\/gallery\/zavrsni-koncert-ucenika-glazbene-skole-2018\/thumbs\/thumbs_ork.-zbor.jpg\"\n               data-image-id=\"4536\"\n               data-title=\"ork. zbor\"\n               data-description=\"\"\n               data-image-slug=\"ork-zbor\"\n               class=\"shutterset_e3dde9aea32206b2ab7c76e471cf2b85\">\n                <img\n                    title=\"ork. zbor\"\n                    alt=\"ork. zbor\"\n                    src=\"https:\/\/kontesadora.hr\/stara\/wp-content\/gallery\/zavrsni-koncert-ucenika-glazbene-skole-2018\/thumbs\/thumbs_ork.-zbor.jpg\"\n                    width=\"100\"\n                    height=\"75\"\n                    style=\"max-width:100%;\"\n                \/>\n            <\/a>\n        <\/div>\n\t\t\t\t\t\t\t<\/div> \n\t\t\t\n        \n\t\t\t\t<div id=\"ngg-image-13\" class=\"ngg-gallery-thumbnail-box\" >\n\t\t\t\t        <div class=\"ngg-gallery-thumbnail\">\n            <a href=\"https:\/\/kontesadora.hr\/stara\/wp-content\/gallery\/zavrsni-koncert-ucenika-glazbene-skole-2018\/publika-5.jpg\"\n               title=\"\"\n               data-src=\"https:\/\/kontesadora.hr\/stara\/wp-content\/gallery\/zavrsni-koncert-ucenika-glazbene-skole-2018\/publika-5.jpg\"\n               data-thumbnail=\"https:\/\/kontesadora.hr\/stara\/wp-content\/gallery\/zavrsni-koncert-ucenika-glazbene-skole-2018\/thumbs\/thumbs_publika-5.jpg\"\n               data-image-id=\"4542\"\n               data-title=\"publika 5\"\n               data-description=\"\"\n               data-image-slug=\"publika-5\"\n               class=\"shutterset_e3dde9aea32206b2ab7c76e471cf2b85\">\n                <img\n                    title=\"publika 5\"\n                    alt=\"publika 5\"\n                    src=\"https:\/\/kontesadora.hr\/stara\/wp-content\/gallery\/zavrsni-koncert-ucenika-glazbene-skole-2018\/thumbs\/thumbs_publika-5.jpg\"\n                    width=\"100\"\n                    height=\"75\"\n                    style=\"max-width:100%;\"\n                \/>\n            <\/a>\n        <\/div>\n\t\t\t\t\t\t\t<\/div> \n\t\t\t\n        \n\t\t\t\t<div id=\"ngg-image-14\" class=\"ngg-gallery-thumbnail-box\" >\n\t\t\t\t        <div class=\"ngg-gallery-thumbnail\">\n            <a href=\"https:\/\/kontesadora.hr\/stara\/wp-content\/gallery\/zavrsni-koncert-ucenika-glazbene-skole-2018\/ork.jpg\"\n               title=\"\"\n               data-src=\"https:\/\/kontesadora.hr\/stara\/wp-content\/gallery\/zavrsni-koncert-ucenika-glazbene-skole-2018\/ork.jpg\"\n               data-thumbnail=\"https:\/\/kontesadora.hr\/stara\/wp-content\/gallery\/zavrsni-koncert-ucenika-glazbene-skole-2018\/thumbs\/thumbs_ork.jpg\"\n               data-image-id=\"4537\"\n               data-title=\"ork\"\n               data-description=\"\"\n               data-image-slug=\"ork\"\n               class=\"shutterset_e3dde9aea32206b2ab7c76e471cf2b85\">\n                <img\n                    title=\"ork\"\n                    alt=\"ork\"\n                    src=\"https:\/\/kontesadora.hr\/stara\/wp-content\/gallery\/zavrsni-koncert-ucenika-glazbene-skole-2018\/thumbs\/thumbs_ork.jpg\"\n                    width=\"100\"\n                    height=\"75\"\n                    style=\"max-width:100%;\"\n                \/>\n            <\/a>\n        <\/div>\n\t\t\t\t\t\t\t<\/div> \n\t\t\t\n        \n\t\t\t\t<div id=\"ngg-image-15\" class=\"ngg-gallery-thumbnail-box\" >\n\t\t\t\t        <div class=\"ngg-gallery-thumbnail\">\n            <a href=\"https:\/\/kontesadora.hr\/stara\/wp-content\/gallery\/zavrsni-koncert-ucenika-glazbene-skole-2018\/Prof.Ivan-Kraja%C4%8Di%C4%87dirigentica-M.Kopri-i-TO.jpg\"\n               title=\"\"\n               data-src=\"https:\/\/kontesadora.hr\/stara\/wp-content\/gallery\/zavrsni-koncert-ucenika-glazbene-skole-2018\/Prof.Ivan-Kraja%C4%8Di%C4%87dirigentica-M.Kopri-i-TO.jpg\"\n               data-thumbnail=\"https:\/\/kontesadora.hr\/stara\/wp-content\/gallery\/zavrsni-koncert-ucenika-glazbene-skole-2018\/thumbs\/thumbs_Prof.Ivan-Kraja%C4%8Di%C4%87dirigentica-M.Kopri-i-TO.jpg\"\n               data-image-id=\"4541\"\n               data-title=\"Prof.Ivan Kraja\u010di\u0107,dirigentica M.Kopri i TO\"\n               data-description=\"\"\n               data-image-slug=\"prof-ivan-kraja%c4%8di%c4%87dirigentica-m-kopri-i-to\"\n               class=\"shutterset_e3dde9aea32206b2ab7c76e471cf2b85\">\n                <img\n                    title=\"Prof.Ivan Kraja\u010di\u0107,dirigentica M.Kopri i TO\"\n                    alt=\"Prof.Ivan Kraja\u010di\u0107,dirigentica M.Kopri i TO\"\n                    src=\"https:\/\/kontesadora.hr\/stara\/wp-content\/gallery\/zavrsni-koncert-ucenika-glazbene-skole-2018\/thumbs\/thumbs_Prof.Ivan-Kraja%C4%8Di%C4%87dirigentica-M.Kopri-i-TO.jpg\"\n                    width=\"100\"\n                    height=\"75\"\n                    style=\"max-width:100%;\"\n                \/>\n            <\/a>\n        <\/div>\n\t\t\t\t\t\t\t<\/div> \n\t\t\t\n        \n\t\t\t\t<div id=\"ngg-image-16\" class=\"ngg-gallery-thumbnail-box\" >\n\t\t\t\t        <div class=\"ngg-gallery-thumbnail\">\n            <a href=\"https:\/\/kontesadora.hr\/stara\/wp-content\/gallery\/zavrsni-koncert-ucenika-glazbene-skole-2018\/publika.jpg\"\n               title=\"\"\n               data-src=\"https:\/\/kontesadora.hr\/stara\/wp-content\/gallery\/zavrsni-koncert-ucenika-glazbene-skole-2018\/publika.jpg\"\n               data-thumbnail=\"https:\/\/kontesadora.hr\/stara\/wp-content\/gallery\/zavrsni-koncert-ucenika-glazbene-skole-2018\/thumbs\/thumbs_publika.jpg\"\n               data-image-id=\"4543\"\n               data-title=\"publika\"\n               data-description=\"\"\n               data-image-slug=\"publika-6\"\n               class=\"shutterset_e3dde9aea32206b2ab7c76e471cf2b85\">\n                <img\n                    title=\"publika\"\n                    alt=\"publika\"\n                    src=\"https:\/\/kontesadora.hr\/stara\/wp-content\/gallery\/zavrsni-koncert-ucenika-glazbene-skole-2018\/thumbs\/thumbs_publika.jpg\"\n                    width=\"100\"\n                    height=\"75\"\n                    style=\"max-width:100%;\"\n                \/>\n            <\/a>\n        <\/div>\n\t\t\t\t\t\t\t<\/div> \n\t\t\t\n        \n\t\t\t\t<div id=\"ngg-image-17\" class=\"ngg-gallery-thumbnail-box\" >\n\t\t\t\t        <div class=\"ngg-gallery-thumbnail\">\n            <a href=\"https:\/\/kontesadora.hr\/stara\/wp-content\/gallery\/zavrsni-koncert-ucenika-glazbene-skole-2018\/orkestar-4.jpg\"\n               title=\"\"\n               data-src=\"https:\/\/kontesadora.hr\/stara\/wp-content\/gallery\/zavrsni-koncert-ucenika-glazbene-skole-2018\/orkestar-4.jpg\"\n               data-thumbnail=\"https:\/\/kontesadora.hr\/stara\/wp-content\/gallery\/zavrsni-koncert-ucenika-glazbene-skole-2018\/thumbs\/thumbs_orkestar-4.jpg\"\n               data-image-id=\"4540\"\n               data-title=\"orkestar 4\"\n               data-description=\"\"\n               data-image-slug=\"orkestar-4\"\n               class=\"shutterset_e3dde9aea32206b2ab7c76e471cf2b85\">\n                <img\n                    title=\"orkestar 4\"\n                    alt=\"orkestar 4\"\n                    src=\"https:\/\/kontesadora.hr\/stara\/wp-content\/gallery\/zavrsni-koncert-ucenika-glazbene-skole-2018\/thumbs\/thumbs_orkestar-4.jpg\"\n                    width=\"100\"\n                    height=\"75\"\n                    style=\"max-width:100%;\"\n                \/>\n            <\/a>\n        <\/div>\n\t\t\t\t\t\t\t<\/div> \n\t\t\t\n        \n\t\t\t\t<div id=\"ngg-image-18\" class=\"ngg-gallery-thumbnail-box\" >\n\t\t\t\t        <div class=\"ngg-gallery-thumbnail\">\n            <a href=\"https:\/\/kontesadora.hr\/stara\/wp-content\/gallery\/zavrsni-koncert-ucenika-glazbene-skole-2018\/Zbor-i-tambura%C5%A1ki-orkestar.jpg\"\n               title=\"\"\n               data-src=\"https:\/\/kontesadora.hr\/stara\/wp-content\/gallery\/zavrsni-koncert-ucenika-glazbene-skole-2018\/Zbor-i-tambura%C5%A1ki-orkestar.jpg\"\n               data-thumbnail=\"https:\/\/kontesadora.hr\/stara\/wp-content\/gallery\/zavrsni-koncert-ucenika-glazbene-skole-2018\/thumbs\/thumbs_Zbor-i-tambura%C5%A1ki-orkestar.jpg\"\n               data-image-id=\"4555\"\n               data-title=\"Zbor i tambura\u0161ki orkestar\"\n               data-description=\"\"\n               data-image-slug=\"zbor-i-tambura%c5%a1ki-orkestar\"\n               class=\"shutterset_e3dde9aea32206b2ab7c76e471cf2b85\">\n                <img\n                    title=\"Zbor i tambura\u0161ki orkestar\"\n                    alt=\"Zbor i tambura\u0161ki orkestar\"\n                    src=\"https:\/\/kontesadora.hr\/stara\/wp-content\/gallery\/zavrsni-koncert-ucenika-glazbene-skole-2018\/thumbs\/thumbs_Zbor-i-tambura%C5%A1ki-orkestar.jpg\"\n                    width=\"100\"\n                    height=\"75\"\n                    style=\"max-width:100%;\"\n                \/>\n            <\/a>\n        <\/div>\n\t\t\t\t\t\t\t<\/div> \n\t\t\t\n        \n\t\t\t\t<div id=\"ngg-image-19\" class=\"ngg-gallery-thumbnail-box\" >\n\t\t\t\t        <div class=\"ngg-gallery-thumbnail\">\n            <a href=\"https:\/\/kontesadora.hr\/stara\/wp-content\/gallery\/zavrsni-koncert-ucenika-glazbene-skole-2018\/orkestar-3.jpg\"\n               title=\"\"\n               data-src=\"https:\/\/kontesadora.hr\/stara\/wp-content\/gallery\/zavrsni-koncert-ucenika-glazbene-skole-2018\/orkestar-3.jpg\"\n               data-thumbnail=\"https:\/\/kontesadora.hr\/stara\/wp-content\/gallery\/zavrsni-koncert-ucenika-glazbene-skole-2018\/thumbs\/thumbs_orkestar-3.jpg\"\n               data-image-id=\"4539\"\n               data-title=\"orkestar 3\"\n               data-description=\"\"\n               data-image-slug=\"orkestar-3\"\n               class=\"shutterset_e3dde9aea32206b2ab7c76e471cf2b85\">\n                <img\n                    title=\"orkestar 3\"\n                    alt=\"orkestar 3\"\n                    src=\"https:\/\/kontesadora.hr\/stara\/wp-content\/gallery\/zavrsni-koncert-ucenika-glazbene-skole-2018\/thumbs\/thumbs_orkestar-3.jpg\"\n                    width=\"100\"\n                    height=\"75\"\n                    style=\"max-width:100%;\"\n                \/>\n            <\/a>\n        <\/div>\n\t\t\t\t\t\t\t<\/div> \n\t\t\t\n        \n\t\t\n\t\t<!-- Pagination -->\n\t<div class='ngg-navigation'><span class='current'>1<\/span>\n<a class='page-numbers' data-pageid='2' href='https:\/\/kontesadora.hr\/stara\/galerija\/nggallery\/page\/2'>2<\/a>\n<a class='page-numbers' data-pageid='3' href='https:\/\/kontesadora.hr\/stara\/galerija\/nggallery\/page\/3'>3<\/a>\n<a class='prev' href='https:\/\/kontesadora.hr\/stara\/galerija\/nggallery\/page\/2' data-pageid=2>&#9658;<\/a><\/div>\t<\/div>\n Zavr\u0161ni koncert u\u010denika glazbene \u0161kole &#8211; 2018. godina<\/p>\n<!-- index.php -->\n<div\n\tclass=\"ngg-galleryoverview ngg-ajax-pagination-none\"\n\tid=\"ngg-gallery-e4edc28bf9d7d1ba50cc4d04b241158e-1\">\n\n    \t<div class=\"slideshowlink\">\n        <a href='https:\/\/kontesadora.hr\/stara\/galerija\/nggallery\/slideshow'>[Show as slideshow]<\/a>\n\t\t\n\t<\/div>\n\t\t\t<!-- Thumbnails -->\n\t\t\t\t<div id=\"ngg-image-0\" class=\"ngg-gallery-thumbnail-box\" >\n\t\t\t\t        <div class=\"ngg-gallery-thumbnail\">\n            <a href=\"https:\/\/kontesadora.hr\/stara\/wp-content\/gallery\/tamburaski-orkestar-na-jubilarnom-proljecu-u-popovaci\/31-DSCN4514.JPG\"\n               title=\"\"\n               data-src=\"https:\/\/kontesadora.hr\/stara\/wp-content\/gallery\/tamburaski-orkestar-na-jubilarnom-proljecu-u-popovaci\/31-DSCN4514.JPG\"\n               data-thumbnail=\"https:\/\/kontesadora.hr\/stara\/wp-content\/gallery\/tamburaski-orkestar-na-jubilarnom-proljecu-u-popovaci\/thumbs\/thumbs_31-DSCN4514.JPG\"\n               data-image-id=\"4513\"\n               data-title=\"31-DSCN4514\"\n               data-description=\"\"\n               data-image-slug=\"31-dscn4514\"\n               class=\"shutterset_e4edc28bf9d7d1ba50cc4d04b241158e\">\n                <img\n                    title=\"31-DSCN4514\"\n                    alt=\"31-DSCN4514\"\n                    src=\"https:\/\/kontesadora.hr\/stara\/wp-content\/gallery\/tamburaski-orkestar-na-jubilarnom-proljecu-u-popovaci\/thumbs\/thumbs_31-DSCN4514.JPG\"\n                    width=\"100\"\n                    height=\"75\"\n                    style=\"max-width:100%;\"\n                \/>\n            <\/a>\n        <\/div>\n\t\t\t\t\t\t\t<\/div> \n\t\t\t\n        \n\t\t\t\t<div id=\"ngg-image-1\" class=\"ngg-gallery-thumbnail-box\" >\n\t\t\t\t        <div class=\"ngg-gallery-thumbnail\">\n            <a href=\"https:\/\/kontesadora.hr\/stara\/wp-content\/gallery\/tamburaski-orkestar-na-jubilarnom-proljecu-u-popovaci\/30-DSCN4513.JPG\"\n               title=\"\"\n               data-src=\"https:\/\/kontesadora.hr\/stara\/wp-content\/gallery\/tamburaski-orkestar-na-jubilarnom-proljecu-u-popovaci\/30-DSCN4513.JPG\"\n               data-thumbnail=\"https:\/\/kontesadora.hr\/stara\/wp-content\/gallery\/tamburaski-orkestar-na-jubilarnom-proljecu-u-popovaci\/thumbs\/thumbs_30-DSCN4513.JPG\"\n               data-image-id=\"4512\"\n               data-title=\"30-DSCN4513\"\n               data-description=\"\"\n               data-image-slug=\"30-dscn4513\"\n               class=\"shutterset_e4edc28bf9d7d1ba50cc4d04b241158e\">\n                <img\n                    title=\"30-DSCN4513\"\n                    alt=\"30-DSCN4513\"\n                    src=\"https:\/\/kontesadora.hr\/stara\/wp-content\/gallery\/tamburaski-orkestar-na-jubilarnom-proljecu-u-popovaci\/thumbs\/thumbs_30-DSCN4513.JPG\"\n                    width=\"100\"\n                    height=\"75\"\n                    style=\"max-width:100%;\"\n                \/>\n            <\/a>\n        <\/div>\n\t\t\t\t\t\t\t<\/div> \n\t\t\t\n        \n\t\t\t\t<div id=\"ngg-image-2\" class=\"ngg-gallery-thumbnail-box\" >\n\t\t\t\t        <div class=\"ngg-gallery-thumbnail\">\n            <a href=\"https:\/\/kontesadora.hr\/stara\/wp-content\/gallery\/tamburaski-orkestar-na-jubilarnom-proljecu-u-popovaci\/29-DSCN4512.JPG\"\n               title=\"\"\n               data-src=\"https:\/\/kontesadora.hr\/stara\/wp-content\/gallery\/tamburaski-orkestar-na-jubilarnom-proljecu-u-popovaci\/29-DSCN4512.JPG\"\n               data-thumbnail=\"https:\/\/kontesadora.hr\/stara\/wp-content\/gallery\/tamburaski-orkestar-na-jubilarnom-proljecu-u-popovaci\/thumbs\/thumbs_29-DSCN4512.JPG\"\n               data-image-id=\"4511\"\n               data-title=\"29-DSCN4512\"\n               data-description=\"\"\n               data-image-slug=\"29-dscn4512\"\n               class=\"shutterset_e4edc28bf9d7d1ba50cc4d04b241158e\">\n                <img\n                    title=\"29-DSCN4512\"\n                    alt=\"29-DSCN4512\"\n                    src=\"https:\/\/kontesadora.hr\/stara\/wp-content\/gallery\/tamburaski-orkestar-na-jubilarnom-proljecu-u-popovaci\/thumbs\/thumbs_29-DSCN4512.JPG\"\n                    width=\"100\"\n                    height=\"75\"\n                    style=\"max-width:100%;\"\n                \/>\n            <\/a>\n        <\/div>\n\t\t\t\t\t\t\t<\/div> \n\t\t\t\n        \n\t\t\t\t<div id=\"ngg-image-3\" class=\"ngg-gallery-thumbnail-box\" >\n\t\t\t\t        <div class=\"ngg-gallery-thumbnail\">\n            <a href=\"https:\/\/kontesadora.hr\/stara\/wp-content\/gallery\/tamburaski-orkestar-na-jubilarnom-proljecu-u-popovaci\/28-DSCN4511.JPG\"\n               title=\"\"\n               data-src=\"https:\/\/kontesadora.hr\/stara\/wp-content\/gallery\/tamburaski-orkestar-na-jubilarnom-proljecu-u-popovaci\/28-DSCN4511.JPG\"\n               data-thumbnail=\"https:\/\/kontesadora.hr\/stara\/wp-content\/gallery\/tamburaski-orkestar-na-jubilarnom-proljecu-u-popovaci\/thumbs\/thumbs_28-DSCN4511.JPG\"\n               data-image-id=\"4510\"\n               data-title=\"28-DSCN4511\"\n               data-description=\"\"\n               data-image-slug=\"28-dscn4511\"\n               class=\"shutterset_e4edc28bf9d7d1ba50cc4d04b241158e\">\n                <img\n                    title=\"28-DSCN4511\"\n                    alt=\"28-DSCN4511\"\n                    src=\"https:\/\/kontesadora.hr\/stara\/wp-content\/gallery\/tamburaski-orkestar-na-jubilarnom-proljecu-u-popovaci\/thumbs\/thumbs_28-DSCN4511.JPG\"\n                    width=\"100\"\n                    height=\"75\"\n                    style=\"max-width:100%;\"\n                \/>\n            <\/a>\n        <\/div>\n\t\t\t\t\t\t\t<\/div> \n\t\t\t\n        \n\t\t\t\t<div id=\"ngg-image-4\" class=\"ngg-gallery-thumbnail-box\" >\n\t\t\t\t        <div class=\"ngg-gallery-thumbnail\">\n            <a href=\"https:\/\/kontesadora.hr\/stara\/wp-content\/gallery\/tamburaski-orkestar-na-jubilarnom-proljecu-u-popovaci\/27-DSCN4505.JPG\"\n               title=\"\"\n               data-src=\"https:\/\/kontesadora.hr\/stara\/wp-content\/gallery\/tamburaski-orkestar-na-jubilarnom-proljecu-u-popovaci\/27-DSCN4505.JPG\"\n               data-thumbnail=\"https:\/\/kontesadora.hr\/stara\/wp-content\/gallery\/tamburaski-orkestar-na-jubilarnom-proljecu-u-popovaci\/thumbs\/thumbs_27-DSCN4505.JPG\"\n               data-image-id=\"4509\"\n               data-title=\"27-DSCN4505\"\n               data-description=\"\"\n               data-image-slug=\"27-dscn4505\"\n               class=\"shutterset_e4edc28bf9d7d1ba50cc4d04b241158e\">\n                <img\n                    title=\"27-DSCN4505\"\n                    alt=\"27-DSCN4505\"\n                    src=\"https:\/\/kontesadora.hr\/stara\/wp-content\/gallery\/tamburaski-orkestar-na-jubilarnom-proljecu-u-popovaci\/thumbs\/thumbs_27-DSCN4505.JPG\"\n                    width=\"100\"\n                    height=\"75\"\n                    style=\"max-width:100%;\"\n                \/>\n            <\/a>\n        <\/div>\n\t\t\t\t\t\t\t<\/div> \n\t\t\t\n        \n\t\t\t\t<div id=\"ngg-image-5\" class=\"ngg-gallery-thumbnail-box\" >\n\t\t\t\t        <div class=\"ngg-gallery-thumbnail\">\n            <a href=\"https:\/\/kontesadora.hr\/stara\/wp-content\/gallery\/tamburaski-orkestar-na-jubilarnom-proljecu-u-popovaci\/25-DSCN4501.JPG\"\n               title=\"\"\n               data-src=\"https:\/\/kontesadora.hr\/stara\/wp-content\/gallery\/tamburaski-orkestar-na-jubilarnom-proljecu-u-popovaci\/25-DSCN4501.JPG\"\n               data-thumbnail=\"https:\/\/kontesadora.hr\/stara\/wp-content\/gallery\/tamburaski-orkestar-na-jubilarnom-proljecu-u-popovaci\/thumbs\/thumbs_25-DSCN4501.JPG\"\n               data-image-id=\"4508\"\n               data-title=\"25-DSCN4501\"\n               data-description=\"\"\n               data-image-slug=\"25-dscn4501\"\n               class=\"shutterset_e4edc28bf9d7d1ba50cc4d04b241158e\">\n                <img\n                    title=\"25-DSCN4501\"\n                    alt=\"25-DSCN4501\"\n                    src=\"https:\/\/kontesadora.hr\/stara\/wp-content\/gallery\/tamburaski-orkestar-na-jubilarnom-proljecu-u-popovaci\/thumbs\/thumbs_25-DSCN4501.JPG\"\n                    width=\"100\"\n                    height=\"75\"\n                    style=\"max-width:100%;\"\n                \/>\n            <\/a>\n        <\/div>\n\t\t\t\t\t\t\t<\/div> \n\t\t\t\n        \n\t\t\t\t<div id=\"ngg-image-6\" class=\"ngg-gallery-thumbnail-box\" >\n\t\t\t\t        <div class=\"ngg-gallery-thumbnail\">\n            <a href=\"https:\/\/kontesadora.hr\/stara\/wp-content\/gallery\/tamburaski-orkestar-na-jubilarnom-proljecu-u-popovaci\/24-DSCN4497.JPG\"\n               title=\"\"\n               data-src=\"https:\/\/kontesadora.hr\/stara\/wp-content\/gallery\/tamburaski-orkestar-na-jubilarnom-proljecu-u-popovaci\/24-DSCN4497.JPG\"\n               data-thumbnail=\"https:\/\/kontesadora.hr\/stara\/wp-content\/gallery\/tamburaski-orkestar-na-jubilarnom-proljecu-u-popovaci\/thumbs\/thumbs_24-DSCN4497.JPG\"\n               data-image-id=\"4507\"\n               data-title=\"24-DSCN4497\"\n               data-description=\"\"\n               data-image-slug=\"24-dscn4497\"\n               class=\"shutterset_e4edc28bf9d7d1ba50cc4d04b241158e\">\n                <img\n                    title=\"24-DSCN4497\"\n                    alt=\"24-DSCN4497\"\n                    src=\"https:\/\/kontesadora.hr\/stara\/wp-content\/gallery\/tamburaski-orkestar-na-jubilarnom-proljecu-u-popovaci\/thumbs\/thumbs_24-DSCN4497.JPG\"\n                    width=\"100\"\n                    height=\"75\"\n                    style=\"max-width:100%;\"\n                \/>\n            <\/a>\n        <\/div>\n\t\t\t\t\t\t\t<\/div> \n\t\t\t\n        \n\t\t\t\t<div id=\"ngg-image-7\" class=\"ngg-gallery-thumbnail-box\" >\n\t\t\t\t        <div class=\"ngg-gallery-thumbnail\">\n            <a href=\"https:\/\/kontesadora.hr\/stara\/wp-content\/gallery\/tamburaski-orkestar-na-jubilarnom-proljecu-u-popovaci\/23-DSCN4496.JPG\"\n               title=\"\"\n               data-src=\"https:\/\/kontesadora.hr\/stara\/wp-content\/gallery\/tamburaski-orkestar-na-jubilarnom-proljecu-u-popovaci\/23-DSCN4496.JPG\"\n               data-thumbnail=\"https:\/\/kontesadora.hr\/stara\/wp-content\/gallery\/tamburaski-orkestar-na-jubilarnom-proljecu-u-popovaci\/thumbs\/thumbs_23-DSCN4496.JPG\"\n               data-image-id=\"4506\"\n               data-title=\"23-DSCN4496\"\n               data-description=\"\"\n               data-image-slug=\"23-dscn4496\"\n               class=\"shutterset_e4edc28bf9d7d1ba50cc4d04b241158e\">\n                <img\n                    title=\"23-DSCN4496\"\n                    alt=\"23-DSCN4496\"\n                    src=\"https:\/\/kontesadora.hr\/stara\/wp-content\/gallery\/tamburaski-orkestar-na-jubilarnom-proljecu-u-popovaci\/thumbs\/thumbs_23-DSCN4496.JPG\"\n                    width=\"100\"\n                    height=\"75\"\n                    style=\"max-width:100%;\"\n                \/>\n            <\/a>\n        <\/div>\n\t\t\t\t\t\t\t<\/div> \n\t\t\t\n        \n\t\t\t\t<div id=\"ngg-image-8\" class=\"ngg-gallery-thumbnail-box\" >\n\t\t\t\t        <div class=\"ngg-gallery-thumbnail\">\n            <a href=\"https:\/\/kontesadora.hr\/stara\/wp-content\/gallery\/tamburaski-orkestar-na-jubilarnom-proljecu-u-popovaci\/22-DSCN4486.JPG\"\n               title=\"\"\n               data-src=\"https:\/\/kontesadora.hr\/stara\/wp-content\/gallery\/tamburaski-orkestar-na-jubilarnom-proljecu-u-popovaci\/22-DSCN4486.JPG\"\n               data-thumbnail=\"https:\/\/kontesadora.hr\/stara\/wp-content\/gallery\/tamburaski-orkestar-na-jubilarnom-proljecu-u-popovaci\/thumbs\/thumbs_22-DSCN4486.JPG\"\n               data-image-id=\"4505\"\n               data-title=\"22-DSCN4486\"\n               data-description=\"\"\n               data-image-slug=\"22-dscn4486\"\n               class=\"shutterset_e4edc28bf9d7d1ba50cc4d04b241158e\">\n                <img\n                    title=\"22-DSCN4486\"\n                    alt=\"22-DSCN4486\"\n                    src=\"https:\/\/kontesadora.hr\/stara\/wp-content\/gallery\/tamburaski-orkestar-na-jubilarnom-proljecu-u-popovaci\/thumbs\/thumbs_22-DSCN4486.JPG\"\n                    width=\"100\"\n                    height=\"75\"\n                    style=\"max-width:100%;\"\n                \/>\n            <\/a>\n        <\/div>\n\t\t\t\t\t\t\t<\/div> \n\t\t\t\n        \n\t\t\t\t<div id=\"ngg-image-9\" class=\"ngg-gallery-thumbnail-box\" >\n\t\t\t\t        <div class=\"ngg-gallery-thumbnail\">\n            <a href=\"https:\/\/kontesadora.hr\/stara\/wp-content\/gallery\/tamburaski-orkestar-na-jubilarnom-proljecu-u-popovaci\/21-DSCN4482.JPG\"\n               title=\"\"\n               data-src=\"https:\/\/kontesadora.hr\/stara\/wp-content\/gallery\/tamburaski-orkestar-na-jubilarnom-proljecu-u-popovaci\/21-DSCN4482.JPG\"\n               data-thumbnail=\"https:\/\/kontesadora.hr\/stara\/wp-content\/gallery\/tamburaski-orkestar-na-jubilarnom-proljecu-u-popovaci\/thumbs\/thumbs_21-DSCN4482.JPG\"\n               data-image-id=\"4504\"\n               data-title=\"21-DSCN4482\"\n               data-description=\"\"\n               data-image-slug=\"21-dscn4482\"\n               class=\"shutterset_e4edc28bf9d7d1ba50cc4d04b241158e\">\n                <img\n                    title=\"21-DSCN4482\"\n                    alt=\"21-DSCN4482\"\n                    src=\"https:\/\/kontesadora.hr\/stara\/wp-content\/gallery\/tamburaski-orkestar-na-jubilarnom-proljecu-u-popovaci\/thumbs\/thumbs_21-DSCN4482.JPG\"\n                    width=\"100\"\n                    height=\"75\"\n                    style=\"max-width:100%;\"\n                \/>\n            <\/a>\n        <\/div>\n\t\t\t\t\t\t\t<\/div> \n\t\t\t\n        \n\t\t\t\t<div id=\"ngg-image-10\" class=\"ngg-gallery-thumbnail-box\" >\n\t\t\t\t        <div class=\"ngg-gallery-thumbnail\">\n            <a href=\"https:\/\/kontesadora.hr\/stara\/wp-content\/gallery\/tamburaski-orkestar-na-jubilarnom-proljecu-u-popovaci\/20-DSCN4478.JPG\"\n               title=\"\"\n               data-src=\"https:\/\/kontesadora.hr\/stara\/wp-content\/gallery\/tamburaski-orkestar-na-jubilarnom-proljecu-u-popovaci\/20-DSCN4478.JPG\"\n               data-thumbnail=\"https:\/\/kontesadora.hr\/stara\/wp-content\/gallery\/tamburaski-orkestar-na-jubilarnom-proljecu-u-popovaci\/thumbs\/thumbs_20-DSCN4478.JPG\"\n               data-image-id=\"4503\"\n               data-title=\"20-DSCN4478\"\n               data-description=\"\"\n               data-image-slug=\"20-dscn4478\"\n               class=\"shutterset_e4edc28bf9d7d1ba50cc4d04b241158e\">\n                <img\n                    title=\"20-DSCN4478\"\n                    alt=\"20-DSCN4478\"\n                    src=\"https:\/\/kontesadora.hr\/stara\/wp-content\/gallery\/tamburaski-orkestar-na-jubilarnom-proljecu-u-popovaci\/thumbs\/thumbs_20-DSCN4478.JPG\"\n                    width=\"100\"\n                    height=\"75\"\n                    style=\"max-width:100%;\"\n                \/>\n            <\/a>\n        <\/div>\n\t\t\t\t\t\t\t<\/div> \n\t\t\t\n        \n\t\t\t\t<div id=\"ngg-image-11\" class=\"ngg-gallery-thumbnail-box\" >\n\t\t\t\t        <div class=\"ngg-gallery-thumbnail\">\n            <a href=\"https:\/\/kontesadora.hr\/stara\/wp-content\/gallery\/tamburaski-orkestar-na-jubilarnom-proljecu-u-popovaci\/19-DSCN4475.JPG\"\n               title=\"\"\n               data-src=\"https:\/\/kontesadora.hr\/stara\/wp-content\/gallery\/tamburaski-orkestar-na-jubilarnom-proljecu-u-popovaci\/19-DSCN4475.JPG\"\n               data-thumbnail=\"https:\/\/kontesadora.hr\/stara\/wp-content\/gallery\/tamburaski-orkestar-na-jubilarnom-proljecu-u-popovaci\/thumbs\/thumbs_19-DSCN4475.JPG\"\n               data-image-id=\"4502\"\n               data-title=\"19-DSCN4475\"\n               data-description=\"\"\n               data-image-slug=\"19-dscn4475\"\n               class=\"shutterset_e4edc28bf9d7d1ba50cc4d04b241158e\">\n                <img\n                    title=\"19-DSCN4475\"\n                    alt=\"19-DSCN4475\"\n                    src=\"https:\/\/kontesadora.hr\/stara\/wp-content\/gallery\/tamburaski-orkestar-na-jubilarnom-proljecu-u-popovaci\/thumbs\/thumbs_19-DSCN4475.JPG\"\n                    width=\"100\"\n                    height=\"75\"\n                    style=\"max-width:100%;\"\n                \/>\n            <\/a>\n        <\/div>\n\t\t\t\t\t\t\t<\/div> \n\t\t\t\n        \n\t\t\t\t<div id=\"ngg-image-12\" class=\"ngg-gallery-thumbnail-box\" >\n\t\t\t\t        <div class=\"ngg-gallery-thumbnail\">\n            <a href=\"https:\/\/kontesadora.hr\/stara\/wp-content\/gallery\/tamburaski-orkestar-na-jubilarnom-proljecu-u-popovaci\/18-DSCN4470.JPG\"\n               title=\"\"\n               data-src=\"https:\/\/kontesadora.hr\/stara\/wp-content\/gallery\/tamburaski-orkestar-na-jubilarnom-proljecu-u-popovaci\/18-DSCN4470.JPG\"\n               data-thumbnail=\"https:\/\/kontesadora.hr\/stara\/wp-content\/gallery\/tamburaski-orkestar-na-jubilarnom-proljecu-u-popovaci\/thumbs\/thumbs_18-DSCN4470.JPG\"\n               data-image-id=\"4501\"\n               data-title=\"18-DSCN4470\"\n               data-description=\"\"\n               data-image-slug=\"18-dscn4470\"\n               class=\"shutterset_e4edc28bf9d7d1ba50cc4d04b241158e\">\n                <img\n                    title=\"18-DSCN4470\"\n                    alt=\"18-DSCN4470\"\n                    src=\"https:\/\/kontesadora.hr\/stara\/wp-content\/gallery\/tamburaski-orkestar-na-jubilarnom-proljecu-u-popovaci\/thumbs\/thumbs_18-DSCN4470.JPG\"\n                    width=\"100\"\n                    height=\"75\"\n                    style=\"max-width:100%;\"\n                \/>\n            <\/a>\n        <\/div>\n\t\t\t\t\t\t\t<\/div> \n\t\t\t\n        \n\t\t\t\t<div id=\"ngg-image-13\" class=\"ngg-gallery-thumbnail-box\" >\n\t\t\t\t        <div class=\"ngg-gallery-thumbnail\">\n            <a href=\"https:\/\/kontesadora.hr\/stara\/wp-content\/gallery\/tamburaski-orkestar-na-jubilarnom-proljecu-u-popovaci\/17-DSCN4460.JPG\"\n               title=\"\"\n               data-src=\"https:\/\/kontesadora.hr\/stara\/wp-content\/gallery\/tamburaski-orkestar-na-jubilarnom-proljecu-u-popovaci\/17-DSCN4460.JPG\"\n               data-thumbnail=\"https:\/\/kontesadora.hr\/stara\/wp-content\/gallery\/tamburaski-orkestar-na-jubilarnom-proljecu-u-popovaci\/thumbs\/thumbs_17-DSCN4460.JPG\"\n               data-image-id=\"4500\"\n               data-title=\"17-DSCN4460\"\n               data-description=\"\"\n               data-image-slug=\"17-dscn4460\"\n               class=\"shutterset_e4edc28bf9d7d1ba50cc4d04b241158e\">\n                <img\n                    title=\"17-DSCN4460\"\n                    alt=\"17-DSCN4460\"\n                    src=\"https:\/\/kontesadora.hr\/stara\/wp-content\/gallery\/tamburaski-orkestar-na-jubilarnom-proljecu-u-popovaci\/thumbs\/thumbs_17-DSCN4460.JPG\"\n                    width=\"100\"\n                    height=\"75\"\n                    style=\"max-width:100%;\"\n                \/>\n            <\/a>\n        <\/div>\n\t\t\t\t\t\t\t<\/div> \n\t\t\t\n        \n\t\t\t\t<div id=\"ngg-image-14\" class=\"ngg-gallery-thumbnail-box\" >\n\t\t\t\t        <div class=\"ngg-gallery-thumbnail\">\n            <a href=\"https:\/\/kontesadora.hr\/stara\/wp-content\/gallery\/tamburaski-orkestar-na-jubilarnom-proljecu-u-popovaci\/16-DSCN4459.JPG\"\n               title=\"\"\n               data-src=\"https:\/\/kontesadora.hr\/stara\/wp-content\/gallery\/tamburaski-orkestar-na-jubilarnom-proljecu-u-popovaci\/16-DSCN4459.JPG\"\n               data-thumbnail=\"https:\/\/kontesadora.hr\/stara\/wp-content\/gallery\/tamburaski-orkestar-na-jubilarnom-proljecu-u-popovaci\/thumbs\/thumbs_16-DSCN4459.JPG\"\n               data-image-id=\"4499\"\n               data-title=\"16-DSCN4459\"\n               data-description=\"\"\n               data-image-slug=\"16-dscn4459\"\n               class=\"shutterset_e4edc28bf9d7d1ba50cc4d04b241158e\">\n                <img\n                    title=\"16-DSCN4459\"\n                    alt=\"16-DSCN4459\"\n                    src=\"https:\/\/kontesadora.hr\/stara\/wp-content\/gallery\/tamburaski-orkestar-na-jubilarnom-proljecu-u-popovaci\/thumbs\/thumbs_16-DSCN4459.JPG\"\n                    width=\"100\"\n                    height=\"75\"\n                    style=\"max-width:100%;\"\n                \/>\n            <\/a>\n        <\/div>\n\t\t\t\t\t\t\t<\/div> \n\t\t\t\n        \n\t\t\t\t<div id=\"ngg-image-15\" class=\"ngg-gallery-thumbnail-box\" >\n\t\t\t\t        <div class=\"ngg-gallery-thumbnail\">\n            <a href=\"https:\/\/kontesadora.hr\/stara\/wp-content\/gallery\/tamburaski-orkestar-na-jubilarnom-proljecu-u-popovaci\/15-DSCN4457.JPG\"\n               title=\"\"\n               data-src=\"https:\/\/kontesadora.hr\/stara\/wp-content\/gallery\/tamburaski-orkestar-na-jubilarnom-proljecu-u-popovaci\/15-DSCN4457.JPG\"\n               data-thumbnail=\"https:\/\/kontesadora.hr\/stara\/wp-content\/gallery\/tamburaski-orkestar-na-jubilarnom-proljecu-u-popovaci\/thumbs\/thumbs_15-DSCN4457.JPG\"\n               data-image-id=\"4498\"\n               data-title=\"15-DSCN4457\"\n               data-description=\"\"\n               data-image-slug=\"15-dscn4457\"\n               class=\"shutterset_e4edc28bf9d7d1ba50cc4d04b241158e\">\n                <img\n                    title=\"15-DSCN4457\"\n                    alt=\"15-DSCN4457\"\n                    src=\"https:\/\/kontesadora.hr\/stara\/wp-content\/gallery\/tamburaski-orkestar-na-jubilarnom-proljecu-u-popovaci\/thumbs\/thumbs_15-DSCN4457.JPG\"\n                    width=\"100\"\n                    height=\"75\"\n                    style=\"max-width:100%;\"\n                \/>\n            <\/a>\n        <\/div>\n\t\t\t\t\t\t\t<\/div> \n\t\t\t\n        \n\t\t\t\t<div id=\"ngg-image-16\" class=\"ngg-gallery-thumbnail-box\" >\n\t\t\t\t        <div class=\"ngg-gallery-thumbnail\">\n            <a href=\"https:\/\/kontesadora.hr\/stara\/wp-content\/gallery\/tamburaski-orkestar-na-jubilarnom-proljecu-u-popovaci\/14-DSCN4456.JPG\"\n               title=\"\"\n               data-src=\"https:\/\/kontesadora.hr\/stara\/wp-content\/gallery\/tamburaski-orkestar-na-jubilarnom-proljecu-u-popovaci\/14-DSCN4456.JPG\"\n               data-thumbnail=\"https:\/\/kontesadora.hr\/stara\/wp-content\/gallery\/tamburaski-orkestar-na-jubilarnom-proljecu-u-popovaci\/thumbs\/thumbs_14-DSCN4456.JPG\"\n               data-image-id=\"4497\"\n               data-title=\"14-DSCN4456\"\n               data-description=\"\"\n               data-image-slug=\"14-dscn4456\"\n               class=\"shutterset_e4edc28bf9d7d1ba50cc4d04b241158e\">\n                <img\n                    title=\"14-DSCN4456\"\n                    alt=\"14-DSCN4456\"\n                    src=\"https:\/\/kontesadora.hr\/stara\/wp-content\/gallery\/tamburaski-orkestar-na-jubilarnom-proljecu-u-popovaci\/thumbs\/thumbs_14-DSCN4456.JPG\"\n                    width=\"100\"\n                    height=\"75\"\n                    style=\"max-width:100%;\"\n                \/>\n            <\/a>\n        <\/div>\n\t\t\t\t\t\t\t<\/div> \n\t\t\t\n        \n\t\t\t\t<div id=\"ngg-image-17\" class=\"ngg-gallery-thumbnail-box\" >\n\t\t\t\t        <div class=\"ngg-gallery-thumbnail\">\n            <a href=\"https:\/\/kontesadora.hr\/stara\/wp-content\/gallery\/tamburaski-orkestar-na-jubilarnom-proljecu-u-popovaci\/13-DSCN4450.JPG\"\n               title=\"\"\n               data-src=\"https:\/\/kontesadora.hr\/stara\/wp-content\/gallery\/tamburaski-orkestar-na-jubilarnom-proljecu-u-popovaci\/13-DSCN4450.JPG\"\n               data-thumbnail=\"https:\/\/kontesadora.hr\/stara\/wp-content\/gallery\/tamburaski-orkestar-na-jubilarnom-proljecu-u-popovaci\/thumbs\/thumbs_13-DSCN4450.JPG\"\n               data-image-id=\"4496\"\n               data-title=\"13-DSCN4450\"\n               data-description=\"\"\n               data-image-slug=\"13-dscn4450\"\n               class=\"shutterset_e4edc28bf9d7d1ba50cc4d04b241158e\">\n                <img\n                    title=\"13-DSCN4450\"\n                    alt=\"13-DSCN4450\"\n                    src=\"https:\/\/kontesadora.hr\/stara\/wp-content\/gallery\/tamburaski-orkestar-na-jubilarnom-proljecu-u-popovaci\/thumbs\/thumbs_13-DSCN4450.JPG\"\n                    width=\"100\"\n                    height=\"75\"\n                    style=\"max-width:100%;\"\n                \/>\n            <\/a>\n        <\/div>\n\t\t\t\t\t\t\t<\/div> \n\t\t\t\n        \n\t\t\t\t<div id=\"ngg-image-18\" class=\"ngg-gallery-thumbnail-box\" >\n\t\t\t\t        <div class=\"ngg-gallery-thumbnail\">\n            <a href=\"https:\/\/kontesadora.hr\/stara\/wp-content\/gallery\/tamburaski-orkestar-na-jubilarnom-proljecu-u-popovaci\/1-DSCN4450.JPG\"\n               title=\"\"\n               data-src=\"https:\/\/kontesadora.hr\/stara\/wp-content\/gallery\/tamburaski-orkestar-na-jubilarnom-proljecu-u-popovaci\/1-DSCN4450.JPG\"\n               data-thumbnail=\"https:\/\/kontesadora.hr\/stara\/wp-content\/gallery\/tamburaski-orkestar-na-jubilarnom-proljecu-u-popovaci\/thumbs\/thumbs_1-DSCN4450.JPG\"\n               data-image-id=\"4484\"\n               data-title=\"1-DSCN4450\"\n               data-description=\"\"\n               data-image-slug=\"1-dscn4450\"\n               class=\"shutterset_e4edc28bf9d7d1ba50cc4d04b241158e\">\n                <img\n                    title=\"1-DSCN4450\"\n                    alt=\"1-DSCN4450\"\n                    src=\"https:\/\/kontesadora.hr\/stara\/wp-content\/gallery\/tamburaski-orkestar-na-jubilarnom-proljecu-u-popovaci\/thumbs\/thumbs_1-DSCN4450.JPG\"\n                    width=\"100\"\n                    height=\"75\"\n                    style=\"max-width:100%;\"\n                \/>\n            <\/a>\n        <\/div>\n\t\t\t\t\t\t\t<\/div> \n\t\t\t\n        \n\t\t\t\t<div id=\"ngg-image-19\" class=\"ngg-gallery-thumbnail-box\" >\n\t\t\t\t        <div class=\"ngg-gallery-thumbnail\">\n            <a href=\"https:\/\/kontesadora.hr\/stara\/wp-content\/gallery\/tamburaski-orkestar-na-jubilarnom-proljecu-u-popovaci\/12-DSCN4448.JPG\"\n               title=\"\"\n               data-src=\"https:\/\/kontesadora.hr\/stara\/wp-content\/gallery\/tamburaski-orkestar-na-jubilarnom-proljecu-u-popovaci\/12-DSCN4448.JPG\"\n               data-thumbnail=\"https:\/\/kontesadora.hr\/stara\/wp-content\/gallery\/tamburaski-orkestar-na-jubilarnom-proljecu-u-popovaci\/thumbs\/thumbs_12-DSCN4448.JPG\"\n               data-image-id=\"4495\"\n               data-title=\"12-DSCN4448\"\n               data-description=\"\"\n               data-image-slug=\"12-dscn4448\"\n               class=\"shutterset_e4edc28bf9d7d1ba50cc4d04b241158e\">\n                <img\n                    title=\"12-DSCN4448\"\n                    alt=\"12-DSCN4448\"\n                    src=\"https:\/\/kontesadora.hr\/stara\/wp-content\/gallery\/tamburaski-orkestar-na-jubilarnom-proljecu-u-popovaci\/thumbs\/thumbs_12-DSCN4448.JPG\"\n                    width=\"100\"\n                    height=\"75\"\n                    style=\"max-width:100%;\"\n                \/>\n            <\/a>\n        <\/div>\n\t\t\t\t\t\t\t<\/div> \n\t\t\t\n        \n\t\t\n\t\t<!-- Pagination -->\n\t<div class='ngg-navigation'><span class='current'>1<\/span>\n<a class='page-numbers' data-pageid='2' href='https:\/\/kontesadora.hr\/stara\/galerija\/nggallery\/page\/2'>2<\/a>\n<a class='page-numbers' data-pageid='3' href='https:\/\/kontesadora.hr\/stara\/galerija\/nggallery\/page\/3'>3<\/a>\n<a class='prev' href='https:\/\/kontesadora.hr\/stara\/galerija\/nggallery\/page\/2' data-pageid=2>&#9658;<\/a><\/div>\t<\/div>\n&nbsp;Tambura\u0161ki orkestar na jubilarnom &#8220;Prolje\u0107u u Popova\u010di&#8221; ,05.05.2018.<\/p>\n<!-- index.php -->\n<div\n\tclass=\"ngg-galleryoverview ngg-ajax-pagination-none\"\n\tid=\"ngg-gallery-2f0bf4511696d90e76ef49019682e12b-1\">\n\n    \t<div class=\"slideshowlink\">\n        <a href='https:\/\/kontesadora.hr\/stara\/galerija\/nggallery\/slideshow'>[Show as slideshow]<\/a>\n\t\t\n\t<\/div>\n\t\t\t<!-- Thumbnails -->\n\t\t\t\t<div id=\"ngg-image-0\" class=\"ngg-gallery-thumbnail-box\" >\n\t\t\t\t        <div class=\"ngg-gallery-thumbnail\">\n            <a href=\"https:\/\/kontesadora.hr\/stara\/wp-content\/gallery\/ivana-kod-dore-glazbeno-scenski-prikaz-zivota-skladateljice-ivane-lang-9-03-2018-studenti-i-profesori-ma-zagreb\/IVANA-LANG-svi-izvo%C4%91a%C4%8Di-2.jpg\"\n               title=\"\"\n               data-src=\"https:\/\/kontesadora.hr\/stara\/wp-content\/gallery\/ivana-kod-dore-glazbeno-scenski-prikaz-zivota-skladateljice-ivane-lang-9-03-2018-studenti-i-profesori-ma-zagreb\/IVANA-LANG-svi-izvo%C4%91a%C4%8Di-2.jpg\"\n               data-thumbnail=\"https:\/\/kontesadora.hr\/stara\/wp-content\/gallery\/ivana-kod-dore-glazbeno-scenski-prikaz-zivota-skladateljice-ivane-lang-9-03-2018-studenti-i-profesori-ma-zagreb\/thumbs\/thumbs_IVANA-LANG-svi-izvo%C4%91a%C4%8Di-2.jpg\"\n               data-image-id=\"4450\"\n               data-title=\"IVANA  LANG, svi izvo\u0111a\u010di 2\"\n               data-description=\"\"\n               data-image-slug=\"ivana-lang-svi-izvo%c4%91a%c4%8di-2\"\n               class=\"shutterset_2f0bf4511696d90e76ef49019682e12b\">\n                <img\n                    title=\"IVANA  LANG, svi izvo\u0111a\u010di 2\"\n                    alt=\"IVANA  LANG, svi izvo\u0111a\u010di 2\"\n                    src=\"https:\/\/kontesadora.hr\/stara\/wp-content\/gallery\/ivana-kod-dore-glazbeno-scenski-prikaz-zivota-skladateljice-ivane-lang-9-03-2018-studenti-i-profesori-ma-zagreb\/thumbs\/thumbs_IVANA-LANG-svi-izvo%C4%91a%C4%8Di-2.jpg\"\n                    width=\"100\"\n                    height=\"75\"\n                    style=\"max-width:100%;\"\n                \/>\n            <\/a>\n        <\/div>\n\t\t\t\t\t\t\t<\/div> \n\t\t\t\n        \n\t\t\t\t<div id=\"ngg-image-1\" class=\"ngg-gallery-thumbnail-box\" >\n\t\t\t\t        <div class=\"ngg-gallery-thumbnail\">\n            <a href=\"https:\/\/kontesadora.hr\/stara\/wp-content\/gallery\/ivana-kod-dore-glazbeno-scenski-prikaz-zivota-skladateljice-ivane-lang-9-03-2018-studenti-i-profesori-ma-zagreb\/IVANA-LANGM.Kopri-darivanje.jpg\"\n               title=\"\"\n               data-src=\"https:\/\/kontesadora.hr\/stara\/wp-content\/gallery\/ivana-kod-dore-glazbeno-scenski-prikaz-zivota-skladateljice-ivane-lang-9-03-2018-studenti-i-profesori-ma-zagreb\/IVANA-LANGM.Kopri-darivanje.jpg\"\n               data-thumbnail=\"https:\/\/kontesadora.hr\/stara\/wp-content\/gallery\/ivana-kod-dore-glazbeno-scenski-prikaz-zivota-skladateljice-ivane-lang-9-03-2018-studenti-i-profesori-ma-zagreb\/thumbs\/thumbs_IVANA-LANGM.Kopri-darivanje.jpg\"\n               data-image-id=\"4454\"\n               data-title=\"IVANA  LANG,M.Kopri-darivanje\"\n               data-description=\"\"\n               data-image-slug=\"ivana-langm-kopri-darivanje\"\n               class=\"shutterset_2f0bf4511696d90e76ef49019682e12b\">\n                <img\n                    title=\"IVANA  LANG,M.Kopri-darivanje\"\n                    alt=\"IVANA  LANG,M.Kopri-darivanje\"\n                    src=\"https:\/\/kontesadora.hr\/stara\/wp-content\/gallery\/ivana-kod-dore-glazbeno-scenski-prikaz-zivota-skladateljice-ivane-lang-9-03-2018-studenti-i-profesori-ma-zagreb\/thumbs\/thumbs_IVANA-LANGM.Kopri-darivanje.jpg\"\n                    width=\"100\"\n                    height=\"75\"\n                    style=\"max-width:100%;\"\n                \/>\n            <\/a>\n        <\/div>\n\t\t\t\t\t\t\t<\/div> \n\t\t\t\n        \n\t\t\t\t<div id=\"ngg-image-2\" class=\"ngg-gallery-thumbnail-box\" >\n\t\t\t\t        <div class=\"ngg-gallery-thumbnail\">\n            <a href=\"https:\/\/kontesadora.hr\/stara\/wp-content\/gallery\/ivana-kod-dore-glazbeno-scenski-prikaz-zivota-skladateljice-ivane-lang-9-03-2018-studenti-i-profesori-ma-zagreb\/IVANA-LANGKristina-Beck-Kukav%C4%8Di%C4%87k%C4%87i.jpg\"\n               title=\"\"\n               data-src=\"https:\/\/kontesadora.hr\/stara\/wp-content\/gallery\/ivana-kod-dore-glazbeno-scenski-prikaz-zivota-skladateljice-ivane-lang-9-03-2018-studenti-i-profesori-ma-zagreb\/IVANA-LANGKristina-Beck-Kukav%C4%8Di%C4%87k%C4%87i.jpg\"\n               data-thumbnail=\"https:\/\/kontesadora.hr\/stara\/wp-content\/gallery\/ivana-kod-dore-glazbeno-scenski-prikaz-zivota-skladateljice-ivane-lang-9-03-2018-studenti-i-profesori-ma-zagreb\/thumbs\/thumbs_IVANA-LANGKristina-Beck-Kukav%C4%8Di%C4%87k%C4%87i.jpg\"\n               data-image-id=\"4453\"\n               data-title=\"IVANA  LANG,Kristina Beck Kukav\u010di\u0107,k\u0107i\"\n               data-description=\"\"\n               data-image-slug=\"ivana-langkristina-beck-kukav%c4%8di%c4%87k%c4%87i\"\n               class=\"shutterset_2f0bf4511696d90e76ef49019682e12b\">\n                <img\n                    title=\"IVANA  LANG,Kristina Beck Kukav\u010di\u0107,k\u0107i\"\n                    alt=\"IVANA  LANG,Kristina Beck Kukav\u010di\u0107,k\u0107i\"\n                    src=\"https:\/\/kontesadora.hr\/stara\/wp-content\/gallery\/ivana-kod-dore-glazbeno-scenski-prikaz-zivota-skladateljice-ivane-lang-9-03-2018-studenti-i-profesori-ma-zagreb\/thumbs\/thumbs_IVANA-LANGKristina-Beck-Kukav%C4%8Di%C4%87k%C4%87i.jpg\"\n                    width=\"100\"\n                    height=\"75\"\n                    style=\"max-width:100%;\"\n                \/>\n            <\/a>\n        <\/div>\n\t\t\t\t\t\t\t<\/div> \n\t\t\t\n        \n\t\t\t\t<div id=\"ngg-image-3\" class=\"ngg-gallery-thumbnail-box\" >\n\t\t\t\t        <div class=\"ngg-gallery-thumbnail\">\n            <a href=\"https:\/\/kontesadora.hr\/stara\/wp-content\/gallery\/ivana-kod-dore-glazbeno-scenski-prikaz-zivota-skladateljice-ivane-lang-9-03-2018-studenti-i-profesori-ma-zagreb\/IVANA-LANGk%C4%87i-Kristina-Beck-Kukav%C4%8Di%C4%87.jpg\"\n               title=\"\"\n               data-src=\"https:\/\/kontesadora.hr\/stara\/wp-content\/gallery\/ivana-kod-dore-glazbeno-scenski-prikaz-zivota-skladateljice-ivane-lang-9-03-2018-studenti-i-profesori-ma-zagreb\/IVANA-LANGk%C4%87i-Kristina-Beck-Kukav%C4%8Di%C4%87.jpg\"\n               data-thumbnail=\"https:\/\/kontesadora.hr\/stara\/wp-content\/gallery\/ivana-kod-dore-glazbeno-scenski-prikaz-zivota-skladateljice-ivane-lang-9-03-2018-studenti-i-profesori-ma-zagreb\/thumbs\/thumbs_IVANA-LANGk%C4%87i-Kristina-Beck-Kukav%C4%8Di%C4%87.jpg\"\n               data-image-id=\"4452\"\n               data-title=\"IVANA  LANG,k\u0107i Kristina Beck Kukav\u010di\u0107\"\n               data-description=\"\"\n               data-image-slug=\"ivana-langk%c4%87i-kristina-beck-kukav%c4%8di%c4%87\"\n               class=\"shutterset_2f0bf4511696d90e76ef49019682e12b\">\n                <img\n                    title=\"IVANA  LANG,k\u0107i Kristina Beck Kukav\u010di\u0107\"\n                    alt=\"IVANA  LANG,k\u0107i Kristina Beck Kukav\u010di\u0107\"\n                    src=\"https:\/\/kontesadora.hr\/stara\/wp-content\/gallery\/ivana-kod-dore-glazbeno-scenski-prikaz-zivota-skladateljice-ivane-lang-9-03-2018-studenti-i-profesori-ma-zagreb\/thumbs\/thumbs_IVANA-LANGk%C4%87i-Kristina-Beck-Kukav%C4%8Di%C4%87.jpg\"\n                    width=\"100\"\n                    height=\"75\"\n                    style=\"max-width:100%;\"\n                \/>\n            <\/a>\n        <\/div>\n\t\t\t\t\t\t\t<\/div> \n\t\t\t\n        \n\t\t\t\t<div id=\"ngg-image-4\" class=\"ngg-gallery-thumbnail-box\" >\n\t\t\t\t        <div class=\"ngg-gallery-thumbnail\">\n            <a href=\"https:\/\/kontesadora.hr\/stara\/wp-content\/gallery\/ivana-kod-dore-glazbeno-scenski-prikaz-zivota-skladateljice-ivane-lang-9-03-2018-studenti-i-profesori-ma-zagreb\/IVANA-LANGsvi.jpg\"\n               title=\"\"\n               data-src=\"https:\/\/kontesadora.hr\/stara\/wp-content\/gallery\/ivana-kod-dore-glazbeno-scenski-prikaz-zivota-skladateljice-ivane-lang-9-03-2018-studenti-i-profesori-ma-zagreb\/IVANA-LANGsvi.jpg\"\n               data-thumbnail=\"https:\/\/kontesadora.hr\/stara\/wp-content\/gallery\/ivana-kod-dore-glazbeno-scenski-prikaz-zivota-skladateljice-ivane-lang-9-03-2018-studenti-i-profesori-ma-zagreb\/thumbs\/thumbs_IVANA-LANGsvi.jpg\"\n               data-image-id=\"4457\"\n               data-title=\"IVANA  LANG,svi\"\n               data-description=\"\"\n               data-image-slug=\"ivana-langsvi\"\n               class=\"shutterset_2f0bf4511696d90e76ef49019682e12b\">\n                <img\n                    title=\"IVANA  LANG,svi\"\n                    alt=\"IVANA  LANG,svi\"\n                    src=\"https:\/\/kontesadora.hr\/stara\/wp-content\/gallery\/ivana-kod-dore-glazbeno-scenski-prikaz-zivota-skladateljice-ivane-lang-9-03-2018-studenti-i-profesori-ma-zagreb\/thumbs\/thumbs_IVANA-LANGsvi.jpg\"\n                    width=\"100\"\n                    height=\"75\"\n                    style=\"max-width:100%;\"\n                \/>\n            <\/a>\n        <\/div>\n\t\t\t\t\t\t\t<\/div> \n\t\t\t\n        \n\t\t\t\t<div id=\"ngg-image-5\" class=\"ngg-gallery-thumbnail-box\" >\n\t\t\t\t        <div class=\"ngg-gallery-thumbnail\">\n            <a href=\"https:\/\/kontesadora.hr\/stara\/wp-content\/gallery\/ivana-kod-dore-glazbeno-scenski-prikaz-zivota-skladateljice-ivane-lang-9-03-2018-studenti-i-profesori-ma-zagreb\/IVANA-LANG-kl.duo-Taslaman-i-Keil.jpg\"\n               title=\"\"\n               data-src=\"https:\/\/kontesadora.hr\/stara\/wp-content\/gallery\/ivana-kod-dore-glazbeno-scenski-prikaz-zivota-skladateljice-ivane-lang-9-03-2018-studenti-i-profesori-ma-zagreb\/IVANA-LANG-kl.duo-Taslaman-i-Keil.jpg\"\n               data-thumbnail=\"https:\/\/kontesadora.hr\/stara\/wp-content\/gallery\/ivana-kod-dore-glazbeno-scenski-prikaz-zivota-skladateljice-ivane-lang-9-03-2018-studenti-i-profesori-ma-zagreb\/thumbs\/thumbs_IVANA-LANG-kl.duo-Taslaman-i-Keil.jpg\"\n               data-image-id=\"4449\"\n               data-title=\"IVANA  LANG, kl.duo Taslaman i Keil\"\n               data-description=\"\"\n               data-image-slug=\"ivana-lang-kl-duo-taslaman-i-keil\"\n               class=\"shutterset_2f0bf4511696d90e76ef49019682e12b\">\n                <img\n                    title=\"IVANA  LANG, kl.duo Taslaman i Keil\"\n                    alt=\"IVANA  LANG, kl.duo Taslaman i Keil\"\n                    src=\"https:\/\/kontesadora.hr\/stara\/wp-content\/gallery\/ivana-kod-dore-glazbeno-scenski-prikaz-zivota-skladateljice-ivane-lang-9-03-2018-studenti-i-profesori-ma-zagreb\/thumbs\/thumbs_IVANA-LANG-kl.duo-Taslaman-i-Keil.jpg\"\n                    width=\"100\"\n                    height=\"75\"\n                    style=\"max-width:100%;\"\n                \/>\n            <\/a>\n        <\/div>\n\t\t\t\t\t\t\t<\/div> \n\t\t\t\n        \n\t\t\t\t<div id=\"ngg-image-6\" class=\"ngg-gallery-thumbnail-box\" >\n\t\t\t\t        <div class=\"ngg-gallery-thumbnail\">\n            <a href=\"https:\/\/kontesadora.hr\/stara\/wp-content\/gallery\/ivana-kod-dore-glazbeno-scenski-prikaz-zivota-skladateljice-ivane-lang-9-03-2018-studenti-i-profesori-ma-zagreb\/IVANA-LANG-svi-izvo%C4%91a%C4%8Di.jpg\"\n               title=\"\"\n               data-src=\"https:\/\/kontesadora.hr\/stara\/wp-content\/gallery\/ivana-kod-dore-glazbeno-scenski-prikaz-zivota-skladateljice-ivane-lang-9-03-2018-studenti-i-profesori-ma-zagreb\/IVANA-LANG-svi-izvo%C4%91a%C4%8Di.jpg\"\n               data-thumbnail=\"https:\/\/kontesadora.hr\/stara\/wp-content\/gallery\/ivana-kod-dore-glazbeno-scenski-prikaz-zivota-skladateljice-ivane-lang-9-03-2018-studenti-i-profesori-ma-zagreb\/thumbs\/thumbs_IVANA-LANG-svi-izvo%C4%91a%C4%8Di.jpg\"\n               data-image-id=\"4451\"\n               data-title=\"IVANA  LANG, svi izvo\u0111a\u010di\"\n               data-description=\"\"\n               data-image-slug=\"ivana-lang-svi-izvo%c4%91a%c4%8di-3\"\n               class=\"shutterset_2f0bf4511696d90e76ef49019682e12b\">\n                <img\n                    title=\"IVANA  LANG, svi izvo\u0111a\u010di\"\n                    alt=\"IVANA  LANG, svi izvo\u0111a\u010di\"\n                    src=\"https:\/\/kontesadora.hr\/stara\/wp-content\/gallery\/ivana-kod-dore-glazbeno-scenski-prikaz-zivota-skladateljice-ivane-lang-9-03-2018-studenti-i-profesori-ma-zagreb\/thumbs\/thumbs_IVANA-LANG-svi-izvo%C4%91a%C4%8Di.jpg\"\n                    width=\"100\"\n                    height=\"75\"\n                    style=\"max-width:100%;\"\n                \/>\n            <\/a>\n        <\/div>\n\t\t\t\t\t\t\t<\/div> \n\t\t\t\n        \n\t\t\t\t<div id=\"ngg-image-7\" class=\"ngg-gallery-thumbnail-box\" >\n\t\t\t\t        <div class=\"ngg-gallery-thumbnail\">\n            <a href=\"https:\/\/kontesadora.hr\/stara\/wp-content\/gallery\/ivana-kod-dore-glazbeno-scenski-prikaz-zivota-skladateljice-ivane-lang-9-03-2018-studenti-i-profesori-ma-zagreb\/IVANA-LANGTea-ZecLana-Maleti%C4%87Eva-K.Bili%C4%87.jpg\"\n               title=\"\"\n               data-src=\"https:\/\/kontesadora.hr\/stara\/wp-content\/gallery\/ivana-kod-dore-glazbeno-scenski-prikaz-zivota-skladateljice-ivane-lang-9-03-2018-studenti-i-profesori-ma-zagreb\/IVANA-LANGTea-ZecLana-Maleti%C4%87Eva-K.Bili%C4%87.jpg\"\n               data-thumbnail=\"https:\/\/kontesadora.hr\/stara\/wp-content\/gallery\/ivana-kod-dore-glazbeno-scenski-prikaz-zivota-skladateljice-ivane-lang-9-03-2018-studenti-i-profesori-ma-zagreb\/thumbs\/thumbs_IVANA-LANGTea-ZecLana-Maleti%C4%87Eva-K.Bili%C4%87.jpg\"\n               data-image-id=\"4459\"\n               data-title=\"IVANA  LANG,Tea Zec,Lana Maleti\u0107,Eva K.Bili\u0107\"\n               data-description=\"\"\n               data-image-slug=\"ivana-langtea-zeclana-maleti%c4%87eva-k-bili%c4%87\"\n               class=\"shutterset_2f0bf4511696d90e76ef49019682e12b\">\n                <img\n                    title=\"IVANA  LANG,Tea Zec,Lana Maleti\u0107,Eva K.Bili\u0107\"\n                    alt=\"IVANA  LANG,Tea Zec,Lana Maleti\u0107,Eva K.Bili\u0107\"\n                    src=\"https:\/\/kontesadora.hr\/stara\/wp-content\/gallery\/ivana-kod-dore-glazbeno-scenski-prikaz-zivota-skladateljice-ivane-lang-9-03-2018-studenti-i-profesori-ma-zagreb\/thumbs\/thumbs_IVANA-LANGTea-ZecLana-Maleti%C4%87Eva-K.Bili%C4%87.jpg\"\n                    width=\"100\"\n                    height=\"75\"\n                    style=\"max-width:100%;\"\n                \/>\n            <\/a>\n        <\/div>\n\t\t\t\t\t\t\t<\/div> \n\t\t\t\n        \n\t\t\t\t<div id=\"ngg-image-8\" class=\"ngg-gallery-thumbnail-box\" >\n\t\t\t\t        <div class=\"ngg-gallery-thumbnail\">\n            <a href=\"https:\/\/kontesadora.hr\/stara\/wp-content\/gallery\/ivana-kod-dore-glazbeno-scenski-prikaz-zivota-skladateljice-ivane-lang-9-03-2018-studenti-i-profesori-ma-zagreb\/IVANA-LANGMaro-Taslaman.jpg\"\n               title=\"\"\n               data-src=\"https:\/\/kontesadora.hr\/stara\/wp-content\/gallery\/ivana-kod-dore-glazbeno-scenski-prikaz-zivota-skladateljice-ivane-lang-9-03-2018-studenti-i-profesori-ma-zagreb\/IVANA-LANGMaro-Taslaman.jpg\"\n               data-thumbnail=\"https:\/\/kontesadora.hr\/stara\/wp-content\/gallery\/ivana-kod-dore-glazbeno-scenski-prikaz-zivota-skladateljice-ivane-lang-9-03-2018-studenti-i-profesori-ma-zagreb\/thumbs\/thumbs_IVANA-LANGMaro-Taslaman.jpg\"\n               data-image-id=\"4456\"\n               data-title=\"IVANA  LANG,Maro Taslaman\"\n               data-description=\"\"\n               data-image-slug=\"ivana-langmaro-taslaman\"\n               class=\"shutterset_2f0bf4511696d90e76ef49019682e12b\">\n                <img\n                    title=\"IVANA  LANG,Maro Taslaman\"\n                    alt=\"IVANA  LANG,Maro Taslaman\"\n                    src=\"https:\/\/kontesadora.hr\/stara\/wp-content\/gallery\/ivana-kod-dore-glazbeno-scenski-prikaz-zivota-skladateljice-ivane-lang-9-03-2018-studenti-i-profesori-ma-zagreb\/thumbs\/thumbs_IVANA-LANGMaro-Taslaman.jpg\"\n                    width=\"100\"\n                    height=\"75\"\n                    style=\"max-width:100%;\"\n                \/>\n            <\/a>\n        <\/div>\n\t\t\t\t\t\t\t<\/div> \n\t\t\t\n        \n\t\t\t\t<div id=\"ngg-image-9\" class=\"ngg-gallery-thumbnail-box\" >\n\t\t\t\t        <div class=\"ngg-gallery-thumbnail\">\n            <a href=\"https:\/\/kontesadora.hr\/stara\/wp-content\/gallery\/ivana-kod-dore-glazbeno-scenski-prikaz-zivota-skladateljice-ivane-lang-9-03-2018-studenti-i-profesori-ma-zagreb\/IVANA-LANGMarko-Bi%C5%A1kup.jpg\"\n               title=\"\"\n               data-src=\"https:\/\/kontesadora.hr\/stara\/wp-content\/gallery\/ivana-kod-dore-glazbeno-scenski-prikaz-zivota-skladateljice-ivane-lang-9-03-2018-studenti-i-profesori-ma-zagreb\/IVANA-LANGMarko-Bi%C5%A1kup.jpg\"\n               data-thumbnail=\"https:\/\/kontesadora.hr\/stara\/wp-content\/gallery\/ivana-kod-dore-glazbeno-scenski-prikaz-zivota-skladateljice-ivane-lang-9-03-2018-studenti-i-profesori-ma-zagreb\/thumbs\/thumbs_IVANA-LANGMarko-Bi%C5%A1kup.jpg\"\n               data-image-id=\"4455\"\n               data-title=\"IVANA  LANG,Marko Bi\u0161kup\"\n               data-description=\"\"\n               data-image-slug=\"ivana-langmarko-bi%c5%a1kup\"\n               class=\"shutterset_2f0bf4511696d90e76ef49019682e12b\">\n                <img\n                    title=\"IVANA  LANG,Marko Bi\u0161kup\"\n                    alt=\"IVANA  LANG,Marko Bi\u0161kup\"\n                    src=\"https:\/\/kontesadora.hr\/stara\/wp-content\/gallery\/ivana-kod-dore-glazbeno-scenski-prikaz-zivota-skladateljice-ivane-lang-9-03-2018-studenti-i-profesori-ma-zagreb\/thumbs\/thumbs_IVANA-LANGMarko-Bi%C5%A1kup.jpg\"\n                    width=\"100\"\n                    height=\"75\"\n                    style=\"max-width:100%;\"\n                \/>\n            <\/a>\n        <\/div>\n\t\t\t\t\t\t\t<\/div> \n\t\t\t\n        \n\t\t\t\t<div id=\"ngg-image-10\" class=\"ngg-gallery-thumbnail-box\" >\n\t\t\t\t        <div class=\"ngg-gallery-thumbnail\">\n            <a href=\"https:\/\/kontesadora.hr\/stara\/wp-content\/gallery\/ivana-kod-dore-glazbeno-scenski-prikaz-zivota-skladateljice-ivane-lang-9-03-2018-studenti-i-profesori-ma-zagreb\/IVANA-LANGTea-Zec-i-Kristian-Keil.jpg\"\n               title=\"\"\n               data-src=\"https:\/\/kontesadora.hr\/stara\/wp-content\/gallery\/ivana-kod-dore-glazbeno-scenski-prikaz-zivota-skladateljice-ivane-lang-9-03-2018-studenti-i-profesori-ma-zagreb\/IVANA-LANGTea-Zec-i-Kristian-Keil.jpg\"\n               data-thumbnail=\"https:\/\/kontesadora.hr\/stara\/wp-content\/gallery\/ivana-kod-dore-glazbeno-scenski-prikaz-zivota-skladateljice-ivane-lang-9-03-2018-studenti-i-profesori-ma-zagreb\/thumbs\/thumbs_IVANA-LANGTea-Zec-i-Kristian-Keil.jpg\"\n               data-image-id=\"4458\"\n               data-title=\"IVANA  LANG,Tea Zec i Kristian Keil\"\n               data-description=\"\"\n               data-image-slug=\"ivana-langtea-zec-i-kristian-keil\"\n               class=\"shutterset_2f0bf4511696d90e76ef49019682e12b\">\n                <img\n                    title=\"IVANA  LANG,Tea Zec i Kristian Keil\"\n                    alt=\"IVANA  LANG,Tea Zec i Kristian Keil\"\n                    src=\"https:\/\/kontesadora.hr\/stara\/wp-content\/gallery\/ivana-kod-dore-glazbeno-scenski-prikaz-zivota-skladateljice-ivane-lang-9-03-2018-studenti-i-profesori-ma-zagreb\/thumbs\/thumbs_IVANA-LANGTea-Zec-i-Kristian-Keil.jpg\"\n                    width=\"100\"\n                    height=\"75\"\n                    style=\"max-width:100%;\"\n                \/>\n            <\/a>\n        <\/div>\n\t\t\t\t\t\t\t<\/div> \n\t\t\t\n        \n\t\t\t\t<div id=\"ngg-image-11\" class=\"ngg-gallery-thumbnail-box\" >\n\t\t\t\t        <div class=\"ngg-gallery-thumbnail\">\n            <a href=\"https:\/\/kontesadora.hr\/stara\/wp-content\/gallery\/ivana-kod-dore-glazbeno-scenski-prikaz-zivota-skladateljice-ivane-lang-9-03-2018-studenti-i-profesori-ma-zagreb\/IVANA-KOD-DOREEva-K.Bili%C4%87-3.jpg\"\n               title=\"\"\n               data-src=\"https:\/\/kontesadora.hr\/stara\/wp-content\/gallery\/ivana-kod-dore-glazbeno-scenski-prikaz-zivota-skladateljice-ivane-lang-9-03-2018-studenti-i-profesori-ma-zagreb\/IVANA-KOD-DOREEva-K.Bili%C4%87-3.jpg\"\n               data-thumbnail=\"https:\/\/kontesadora.hr\/stara\/wp-content\/gallery\/ivana-kod-dore-glazbeno-scenski-prikaz-zivota-skladateljice-ivane-lang-9-03-2018-studenti-i-profesori-ma-zagreb\/thumbs\/thumbs_IVANA-KOD-DOREEva-K.Bili%C4%87-3.jpg\"\n               data-image-id=\"4461\"\n               data-title=\"IVANA KOD DORE,Eva K.Bili\u0107 3\"\n               data-description=\"\"\n               data-image-slug=\"ivana-kod-doreeva-k-bili%c4%87-3\"\n               class=\"shutterset_2f0bf4511696d90e76ef49019682e12b\">\n                <img\n                    title=\"IVANA KOD DORE,Eva K.Bili\u0107 3\"\n                    alt=\"IVANA KOD DORE,Eva K.Bili\u0107 3\"\n                    src=\"https:\/\/kontesadora.hr\/stara\/wp-content\/gallery\/ivana-kod-dore-glazbeno-scenski-prikaz-zivota-skladateljice-ivane-lang-9-03-2018-studenti-i-profesori-ma-zagreb\/thumbs\/thumbs_IVANA-KOD-DOREEva-K.Bili%C4%87-3.jpg\"\n                    width=\"100\"\n                    height=\"75\"\n                    style=\"max-width:100%;\"\n                \/>\n            <\/a>\n        <\/div>\n\t\t\t\t\t\t\t<\/div> \n\t\t\t\n        \n\t\t\t\t<div id=\"ngg-image-12\" class=\"ngg-gallery-thumbnail-box\" >\n\t\t\t\t        <div class=\"ngg-gallery-thumbnail\">\n            <a href=\"https:\/\/kontesadora.hr\/stara\/wp-content\/gallery\/ivana-kod-dore-glazbeno-scenski-prikaz-zivota-skladateljice-ivane-lang-9-03-2018-studenti-i-profesori-ma-zagreb\/IVANA-KOD-DOREEva-K.Bili%C4%87-2.jpg\"\n               title=\"\"\n               data-src=\"https:\/\/kontesadora.hr\/stara\/wp-content\/gallery\/ivana-kod-dore-glazbeno-scenski-prikaz-zivota-skladateljice-ivane-lang-9-03-2018-studenti-i-profesori-ma-zagreb\/IVANA-KOD-DOREEva-K.Bili%C4%87-2.jpg\"\n               data-thumbnail=\"https:\/\/kontesadora.hr\/stara\/wp-content\/gallery\/ivana-kod-dore-glazbeno-scenski-prikaz-zivota-skladateljice-ivane-lang-9-03-2018-studenti-i-profesori-ma-zagreb\/thumbs\/thumbs_IVANA-KOD-DOREEva-K.Bili%C4%87-2.jpg\"\n               data-image-id=\"4460\"\n               data-title=\"IVANA KOD DORE,Eva K.Bili\u0107 2\"\n               data-description=\"\"\n               data-image-slug=\"ivana-kod-doreeva-k-bili%c4%87-2\"\n               class=\"shutterset_2f0bf4511696d90e76ef49019682e12b\">\n                <img\n                    title=\"IVANA KOD DORE,Eva K.Bili\u0107 2\"\n                    alt=\"IVANA KOD DORE,Eva K.Bili\u0107 2\"\n                    src=\"https:\/\/kontesadora.hr\/stara\/wp-content\/gallery\/ivana-kod-dore-glazbeno-scenski-prikaz-zivota-skladateljice-ivane-lang-9-03-2018-studenti-i-profesori-ma-zagreb\/thumbs\/thumbs_IVANA-KOD-DOREEva-K.Bili%C4%87-2.jpg\"\n                    width=\"100\"\n                    height=\"75\"\n                    style=\"max-width:100%;\"\n                \/>\n            <\/a>\n        <\/div>\n\t\t\t\t\t\t\t<\/div> \n\t\t\t\n        \n\t\t\t\t<div id=\"ngg-image-13\" class=\"ngg-gallery-thumbnail-box\" >\n\t\t\t\t        <div class=\"ngg-gallery-thumbnail\">\n            <a href=\"https:\/\/kontesadora.hr\/stara\/wp-content\/gallery\/ivana-kod-dore-glazbeno-scenski-prikaz-zivota-skladateljice-ivane-lang-9-03-2018-studenti-i-profesori-ma-zagreb\/IVANA-KOD-DOREEva-K.Bili%C4%87.jpg\"\n               title=\"\"\n               data-src=\"https:\/\/kontesadora.hr\/stara\/wp-content\/gallery\/ivana-kod-dore-glazbeno-scenski-prikaz-zivota-skladateljice-ivane-lang-9-03-2018-studenti-i-profesori-ma-zagreb\/IVANA-KOD-DOREEva-K.Bili%C4%87.jpg\"\n               data-thumbnail=\"https:\/\/kontesadora.hr\/stara\/wp-content\/gallery\/ivana-kod-dore-glazbeno-scenski-prikaz-zivota-skladateljice-ivane-lang-9-03-2018-studenti-i-profesori-ma-zagreb\/thumbs\/thumbs_IVANA-KOD-DOREEva-K.Bili%C4%87.jpg\"\n               data-image-id=\"4462\"\n               data-title=\"IVANA KOD DORE,Eva K.Bili\u0107\"\n               data-description=\"\"\n               data-image-slug=\"ivana-kod-doreeva-k-bili%c4%87-4\"\n               class=\"shutterset_2f0bf4511696d90e76ef49019682e12b\">\n                <img\n                    title=\"IVANA KOD DORE,Eva K.Bili\u0107\"\n                    alt=\"IVANA KOD DORE,Eva K.Bili\u0107\"\n                    src=\"https:\/\/kontesadora.hr\/stara\/wp-content\/gallery\/ivana-kod-dore-glazbeno-scenski-prikaz-zivota-skladateljice-ivane-lang-9-03-2018-studenti-i-profesori-ma-zagreb\/thumbs\/thumbs_IVANA-KOD-DOREEva-K.Bili%C4%87.jpg\"\n                    width=\"100\"\n                    height=\"75\"\n                    style=\"max-width:100%;\"\n                \/>\n            <\/a>\n        <\/div>\n\t\t\t\t\t\t\t<\/div> \n\t\t\t\n        \n\t\t\n\t\t<!-- Pagination -->\n\t<div class='ngg-clear'><\/div>\t<\/div>\n&nbsp;<u>&#8220;Ivana kod Dore&#8221;, glazbeno-scenski prikaz \u017eivota skladateljice IVANE LANG, 9.03.2018.; studenti i profesori MA Zagreb<\/u><\/p>\n<!-- index.php -->\n<div\n\tclass=\"ngg-galleryoverview ngg-ajax-pagination-none\"\n\tid=\"ngg-gallery-86f83f13555ddc568efcd69bd676d9ba-1\">\n\n    \t<div class=\"slideshowlink\">\n        <a href='https:\/\/kontesadora.hr\/stara\/galerija\/nggallery\/slideshow'>[Show as slideshow]<\/a>\n\t\t\n\t<\/div>\n\t\t\t<!-- Thumbnails -->\n\t\t\t\t<div id=\"ngg-image-0\" class=\"ngg-gallery-thumbnail-box\" >\n\t\t\t\t        <div class=\"ngg-gallery-thumbnail\">\n            <a href=\"https:\/\/kontesadora.hr\/stara\/wp-content\/gallery\/kd-lisinski-oxygene-glazba-jean-michel-jarre-11-02-2018\/IMG_20180211_195012_resized_20180219_111709030.jpg\"\n               title=\"\"\n               data-src=\"https:\/\/kontesadora.hr\/stara\/wp-content\/gallery\/kd-lisinski-oxygene-glazba-jean-michel-jarre-11-02-2018\/IMG_20180211_195012_resized_20180219_111709030.jpg\"\n               data-thumbnail=\"https:\/\/kontesadora.hr\/stara\/wp-content\/gallery\/kd-lisinski-oxygene-glazba-jean-michel-jarre-11-02-2018\/thumbs\/thumbs_IMG_20180211_195012_resized_20180219_111709030.jpg\"\n               data-image-id=\"4436\"\n               data-title=\"IMG_20180211_195012_resized_20180219_111709030\"\n               data-description=\"\"\n               data-image-slug=\"img_20180211_195012_resized_20180219_111709030\"\n               class=\"shutterset_86f83f13555ddc568efcd69bd676d9ba\">\n                <img\n                    title=\"IMG_20180211_195012_resized_20180219_111709030\"\n                    alt=\"IMG_20180211_195012_resized_20180219_111709030\"\n                    src=\"https:\/\/kontesadora.hr\/stara\/wp-content\/gallery\/kd-lisinski-oxygene-glazba-jean-michel-jarre-11-02-2018\/thumbs\/thumbs_IMG_20180211_195012_resized_20180219_111709030.jpg\"\n                    width=\"100\"\n                    height=\"75\"\n                    style=\"max-width:100%;\"\n                \/>\n            <\/a>\n        <\/div>\n\t\t\t\t\t\t\t<\/div> \n\t\t\t\n        \n\t\t\t\t<div id=\"ngg-image-1\" class=\"ngg-gallery-thumbnail-box\" >\n\t\t\t\t        <div class=\"ngg-gallery-thumbnail\">\n            <a href=\"https:\/\/kontesadora.hr\/stara\/wp-content\/gallery\/kd-lisinski-oxygene-glazba-jean-michel-jarre-11-02-2018\/IMG_20180211_195004_resized_20180219_111710443.jpg\"\n               title=\"\"\n               data-src=\"https:\/\/kontesadora.hr\/stara\/wp-content\/gallery\/kd-lisinski-oxygene-glazba-jean-michel-jarre-11-02-2018\/IMG_20180211_195004_resized_20180219_111710443.jpg\"\n               data-thumbnail=\"https:\/\/kontesadora.hr\/stara\/wp-content\/gallery\/kd-lisinski-oxygene-glazba-jean-michel-jarre-11-02-2018\/thumbs\/thumbs_IMG_20180211_195004_resized_20180219_111710443.jpg\"\n               data-image-id=\"4435\"\n               data-title=\"IMG_20180211_195004_resized_20180219_111710443\"\n               data-description=\"\"\n               data-image-slug=\"img_20180211_195004_resized_20180219_111710443\"\n               class=\"shutterset_86f83f13555ddc568efcd69bd676d9ba\">\n                <img\n                    title=\"IMG_20180211_195004_resized_20180219_111710443\"\n                    alt=\"IMG_20180211_195004_resized_20180219_111710443\"\n                    src=\"https:\/\/kontesadora.hr\/stara\/wp-content\/gallery\/kd-lisinski-oxygene-glazba-jean-michel-jarre-11-02-2018\/thumbs\/thumbs_IMG_20180211_195004_resized_20180219_111710443.jpg\"\n                    width=\"100\"\n                    height=\"75\"\n                    style=\"max-width:100%;\"\n                \/>\n            <\/a>\n        <\/div>\n\t\t\t\t\t\t\t<\/div> \n\t\t\t\n        \n\t\t\t\t<div id=\"ngg-image-2\" class=\"ngg-gallery-thumbnail-box\" >\n\t\t\t\t        <div class=\"ngg-gallery-thumbnail\">\n            <a href=\"https:\/\/kontesadora.hr\/stara\/wp-content\/gallery\/kd-lisinski-oxygene-glazba-jean-michel-jarre-11-02-2018\/IMG_20180211_194950_resized_20180219_111711407.jpg\"\n               title=\"\"\n               data-src=\"https:\/\/kontesadora.hr\/stara\/wp-content\/gallery\/kd-lisinski-oxygene-glazba-jean-michel-jarre-11-02-2018\/IMG_20180211_194950_resized_20180219_111711407.jpg\"\n               data-thumbnail=\"https:\/\/kontesadora.hr\/stara\/wp-content\/gallery\/kd-lisinski-oxygene-glazba-jean-michel-jarre-11-02-2018\/thumbs\/thumbs_IMG_20180211_194950_resized_20180219_111711407.jpg\"\n               data-image-id=\"4434\"\n               data-title=\"IMG_20180211_194950_resized_20180219_111711407\"\n               data-description=\"\"\n               data-image-slug=\"img_20180211_194950_resized_20180219_111711407\"\n               class=\"shutterset_86f83f13555ddc568efcd69bd676d9ba\">\n                <img\n                    title=\"IMG_20180211_194950_resized_20180219_111711407\"\n                    alt=\"IMG_20180211_194950_resized_20180219_111711407\"\n                    src=\"https:\/\/kontesadora.hr\/stara\/wp-content\/gallery\/kd-lisinski-oxygene-glazba-jean-michel-jarre-11-02-2018\/thumbs\/thumbs_IMG_20180211_194950_resized_20180219_111711407.jpg\"\n                    width=\"100\"\n                    height=\"75\"\n                    style=\"max-width:100%;\"\n                \/>\n            <\/a>\n        <\/div>\n\t\t\t\t\t\t\t<\/div> \n\t\t\t\n        \n\t\t\t\t<div id=\"ngg-image-3\" class=\"ngg-gallery-thumbnail-box\" >\n\t\t\t\t        <div class=\"ngg-gallery-thumbnail\">\n            <a href=\"https:\/\/kontesadora.hr\/stara\/wp-content\/gallery\/kd-lisinski-oxygene-glazba-jean-michel-jarre-11-02-2018\/IMG_20180211_194929_resized_20180219_111712075.jpg\"\n               title=\"\"\n               data-src=\"https:\/\/kontesadora.hr\/stara\/wp-content\/gallery\/kd-lisinski-oxygene-glazba-jean-michel-jarre-11-02-2018\/IMG_20180211_194929_resized_20180219_111712075.jpg\"\n               data-thumbnail=\"https:\/\/kontesadora.hr\/stara\/wp-content\/gallery\/kd-lisinski-oxygene-glazba-jean-michel-jarre-11-02-2018\/thumbs\/thumbs_IMG_20180211_194929_resized_20180219_111712075.jpg\"\n               data-image-id=\"4433\"\n               data-title=\"IMG_20180211_194929_resized_20180219_111712075\"\n               data-description=\"\"\n               data-image-slug=\"img_20180211_194929_resized_20180219_111712075\"\n               class=\"shutterset_86f83f13555ddc568efcd69bd676d9ba\">\n                <img\n                    title=\"IMG_20180211_194929_resized_20180219_111712075\"\n                    alt=\"IMG_20180211_194929_resized_20180219_111712075\"\n                    src=\"https:\/\/kontesadora.hr\/stara\/wp-content\/gallery\/kd-lisinski-oxygene-glazba-jean-michel-jarre-11-02-2018\/thumbs\/thumbs_IMG_20180211_194929_resized_20180219_111712075.jpg\"\n                    width=\"100\"\n                    height=\"75\"\n                    style=\"max-width:100%;\"\n                \/>\n            <\/a>\n        <\/div>\n\t\t\t\t\t\t\t<\/div> \n\t\t\t\n        \n\t\t\t\t<div id=\"ngg-image-4\" class=\"ngg-gallery-thumbnail-box\" >\n\t\t\t\t        <div class=\"ngg-gallery-thumbnail\">\n            <a href=\"https:\/\/kontesadora.hr\/stara\/wp-content\/gallery\/kd-lisinski-oxygene-glazba-jean-michel-jarre-11-02-2018\/IMG_20180211_194923_resized_20180219_111712733.jpg\"\n               title=\"\"\n               data-src=\"https:\/\/kontesadora.hr\/stara\/wp-content\/gallery\/kd-lisinski-oxygene-glazba-jean-michel-jarre-11-02-2018\/IMG_20180211_194923_resized_20180219_111712733.jpg\"\n               data-thumbnail=\"https:\/\/kontesadora.hr\/stara\/wp-content\/gallery\/kd-lisinski-oxygene-glazba-jean-michel-jarre-11-02-2018\/thumbs\/thumbs_IMG_20180211_194923_resized_20180219_111712733.jpg\"\n               data-image-id=\"4432\"\n               data-title=\"IMG_20180211_194923_resized_20180219_111712733\"\n               data-description=\"\"\n               data-image-slug=\"img_20180211_194923_resized_20180219_111712733\"\n               class=\"shutterset_86f83f13555ddc568efcd69bd676d9ba\">\n                <img\n                    title=\"IMG_20180211_194923_resized_20180219_111712733\"\n                    alt=\"IMG_20180211_194923_resized_20180219_111712733\"\n                    src=\"https:\/\/kontesadora.hr\/stara\/wp-content\/gallery\/kd-lisinski-oxygene-glazba-jean-michel-jarre-11-02-2018\/thumbs\/thumbs_IMG_20180211_194923_resized_20180219_111712733.jpg\"\n                    width=\"100\"\n                    height=\"75\"\n                    style=\"max-width:100%;\"\n                \/>\n            <\/a>\n        <\/div>\n\t\t\t\t\t\t\t<\/div> \n\t\t\t\n        \n\t\t\t\t<div id=\"ngg-image-5\" class=\"ngg-gallery-thumbnail-box\" >\n\t\t\t\t        <div class=\"ngg-gallery-thumbnail\">\n            <a href=\"https:\/\/kontesadora.hr\/stara\/wp-content\/gallery\/kd-lisinski-oxygene-glazba-jean-michel-jarre-11-02-2018\/IMG_20180211_174222_resized_20180219_113826666.jpg\"\n               title=\"\"\n               data-src=\"https:\/\/kontesadora.hr\/stara\/wp-content\/gallery\/kd-lisinski-oxygene-glazba-jean-michel-jarre-11-02-2018\/IMG_20180211_174222_resized_20180219_113826666.jpg\"\n               data-thumbnail=\"https:\/\/kontesadora.hr\/stara\/wp-content\/gallery\/kd-lisinski-oxygene-glazba-jean-michel-jarre-11-02-2018\/thumbs\/thumbs_IMG_20180211_174222_resized_20180219_113826666.jpg\"\n               data-image-id=\"4431\"\n               data-title=\"IMG_20180211_174222_resized_20180219_113826666\"\n               data-description=\"\"\n               data-image-slug=\"img_20180211_174222_resized_20180219_113826666\"\n               class=\"shutterset_86f83f13555ddc568efcd69bd676d9ba\">\n                <img\n                    title=\"IMG_20180211_174222_resized_20180219_113826666\"\n                    alt=\"IMG_20180211_174222_resized_20180219_113826666\"\n                    src=\"https:\/\/kontesadora.hr\/stara\/wp-content\/gallery\/kd-lisinski-oxygene-glazba-jean-michel-jarre-11-02-2018\/thumbs\/thumbs_IMG_20180211_174222_resized_20180219_113826666.jpg\"\n                    width=\"100\"\n                    height=\"75\"\n                    style=\"max-width:100%;\"\n                \/>\n            <\/a>\n        <\/div>\n\t\t\t\t\t\t\t<\/div> \n\t\t\t\n        \n\t\t\t\t<div id=\"ngg-image-6\" class=\"ngg-gallery-thumbnail-box\" >\n\t\t\t\t        <div class=\"ngg-gallery-thumbnail\">\n            <a href=\"https:\/\/kontesadora.hr\/stara\/wp-content\/gallery\/kd-lisinski-oxygene-glazba-jean-michel-jarre-11-02-2018\/IMG_20180211_174219_resized_20180219_113827751.jpg\"\n               title=\"\"\n               data-src=\"https:\/\/kontesadora.hr\/stara\/wp-content\/gallery\/kd-lisinski-oxygene-glazba-jean-michel-jarre-11-02-2018\/IMG_20180211_174219_resized_20180219_113827751.jpg\"\n               data-thumbnail=\"https:\/\/kontesadora.hr\/stara\/wp-content\/gallery\/kd-lisinski-oxygene-glazba-jean-michel-jarre-11-02-2018\/thumbs\/thumbs_IMG_20180211_174219_resized_20180219_113827751.jpg\"\n               data-image-id=\"4430\"\n               data-title=\"IMG_20180211_174219_resized_20180219_113827751\"\n               data-description=\"\"\n               data-image-slug=\"img_20180211_174219_resized_20180219_113827751\"\n               class=\"shutterset_86f83f13555ddc568efcd69bd676d9ba\">\n                <img\n                    title=\"IMG_20180211_174219_resized_20180219_113827751\"\n                    alt=\"IMG_20180211_174219_resized_20180219_113827751\"\n                    src=\"https:\/\/kontesadora.hr\/stara\/wp-content\/gallery\/kd-lisinski-oxygene-glazba-jean-michel-jarre-11-02-2018\/thumbs\/thumbs_IMG_20180211_174219_resized_20180219_113827751.jpg\"\n                    width=\"100\"\n                    height=\"75\"\n                    style=\"max-width:100%;\"\n                \/>\n            <\/a>\n        <\/div>\n\t\t\t\t\t\t\t<\/div> \n\t\t\t\n        \n\t\t\t\t<div id=\"ngg-image-7\" class=\"ngg-gallery-thumbnail-box\" >\n\t\t\t\t        <div class=\"ngg-gallery-thumbnail\">\n            <a href=\"https:\/\/kontesadora.hr\/stara\/wp-content\/gallery\/kd-lisinski-oxygene-glazba-jean-michel-jarre-11-02-2018\/IMG_20180211_174153_resized_20180219_113829101.jpg\"\n               title=\"\"\n               data-src=\"https:\/\/kontesadora.hr\/stara\/wp-content\/gallery\/kd-lisinski-oxygene-glazba-jean-michel-jarre-11-02-2018\/IMG_20180211_174153_resized_20180219_113829101.jpg\"\n               data-thumbnail=\"https:\/\/kontesadora.hr\/stara\/wp-content\/gallery\/kd-lisinski-oxygene-glazba-jean-michel-jarre-11-02-2018\/thumbs\/thumbs_IMG_20180211_174153_resized_20180219_113829101.jpg\"\n               data-image-id=\"4429\"\n               data-title=\"IMG_20180211_174153_resized_20180219_113829101\"\n               data-description=\"\"\n               data-image-slug=\"img_20180211_174153_resized_20180219_113829101\"\n               class=\"shutterset_86f83f13555ddc568efcd69bd676d9ba\">\n                <img\n                    title=\"IMG_20180211_174153_resized_20180219_113829101\"\n                    alt=\"IMG_20180211_174153_resized_20180219_113829101\"\n                    src=\"https:\/\/kontesadora.hr\/stara\/wp-content\/gallery\/kd-lisinski-oxygene-glazba-jean-michel-jarre-11-02-2018\/thumbs\/thumbs_IMG_20180211_174153_resized_20180219_113829101.jpg\"\n                    width=\"100\"\n                    height=\"75\"\n                    style=\"max-width:100%;\"\n                \/>\n            <\/a>\n        <\/div>\n\t\t\t\t\t\t\t<\/div> \n\t\t\t\n        \n\t\t\t\t<div id=\"ngg-image-8\" class=\"ngg-gallery-thumbnail-box\" >\n\t\t\t\t        <div class=\"ngg-gallery-thumbnail\">\n            <a href=\"https:\/\/kontesadora.hr\/stara\/wp-content\/gallery\/kd-lisinski-oxygene-glazba-jean-michel-jarre-11-02-2018\/IMG_20180211_174123_resized_20180219_113830663.jpg\"\n               title=\"\"\n               data-src=\"https:\/\/kontesadora.hr\/stara\/wp-content\/gallery\/kd-lisinski-oxygene-glazba-jean-michel-jarre-11-02-2018\/IMG_20180211_174123_resized_20180219_113830663.jpg\"\n               data-thumbnail=\"https:\/\/kontesadora.hr\/stara\/wp-content\/gallery\/kd-lisinski-oxygene-glazba-jean-michel-jarre-11-02-2018\/thumbs\/thumbs_IMG_20180211_174123_resized_20180219_113830663.jpg\"\n               data-image-id=\"4428\"\n               data-title=\"IMG_20180211_174123_resized_20180219_113830663\"\n               data-description=\"\"\n               data-image-slug=\"img_20180211_174123_resized_20180219_113830663\"\n               class=\"shutterset_86f83f13555ddc568efcd69bd676d9ba\">\n                <img\n                    title=\"IMG_20180211_174123_resized_20180219_113830663\"\n                    alt=\"IMG_20180211_174123_resized_20180219_113830663\"\n                    src=\"https:\/\/kontesadora.hr\/stara\/wp-content\/gallery\/kd-lisinski-oxygene-glazba-jean-michel-jarre-11-02-2018\/thumbs\/thumbs_IMG_20180211_174123_resized_20180219_113830663.jpg\"\n                    width=\"100\"\n                    height=\"75\"\n                    style=\"max-width:100%;\"\n                \/>\n            <\/a>\n        <\/div>\n\t\t\t\t\t\t\t<\/div> \n\t\t\t\n        \n\t\t\t\t<div id=\"ngg-image-9\" class=\"ngg-gallery-thumbnail-box\" >\n\t\t\t\t        <div class=\"ngg-gallery-thumbnail\">\n            <a href=\"https:\/\/kontesadora.hr\/stara\/wp-content\/gallery\/kd-lisinski-oxygene-glazba-jean-michel-jarre-11-02-2018\/IMG_20180211_174043_resized_20180219_113830020.jpg\"\n               title=\"\"\n               data-src=\"https:\/\/kontesadora.hr\/stara\/wp-content\/gallery\/kd-lisinski-oxygene-glazba-jean-michel-jarre-11-02-2018\/IMG_20180211_174043_resized_20180219_113830020.jpg\"\n               data-thumbnail=\"https:\/\/kontesadora.hr\/stara\/wp-content\/gallery\/kd-lisinski-oxygene-glazba-jean-michel-jarre-11-02-2018\/thumbs\/thumbs_IMG_20180211_174043_resized_20180219_113830020.jpg\"\n               data-image-id=\"4427\"\n               data-title=\"IMG_20180211_174043_resized_20180219_113830020\"\n               data-description=\"\"\n               data-image-slug=\"img_20180211_174043_resized_20180219_113830020\"\n               class=\"shutterset_86f83f13555ddc568efcd69bd676d9ba\">\n                <img\n                    title=\"IMG_20180211_174043_resized_20180219_113830020\"\n                    alt=\"IMG_20180211_174043_resized_20180219_113830020\"\n                    src=\"https:\/\/kontesadora.hr\/stara\/wp-content\/gallery\/kd-lisinski-oxygene-glazba-jean-michel-jarre-11-02-2018\/thumbs\/thumbs_IMG_20180211_174043_resized_20180219_113830020.jpg\"\n                    width=\"100\"\n                    height=\"75\"\n                    style=\"max-width:100%;\"\n                \/>\n            <\/a>\n        <\/div>\n\t\t\t\t\t\t\t<\/div> \n\t\t\t\n        \n\t\t\t\t<div id=\"ngg-image-10\" class=\"ngg-gallery-thumbnail-box\" >\n\t\t\t\t        <div class=\"ngg-gallery-thumbnail\">\n            <a href=\"https:\/\/kontesadora.hr\/stara\/wp-content\/gallery\/kd-lisinski-oxygene-glazba-jean-michel-jarre-11-02-2018\/IMG_20180211_174028_resized_20180219_113831317.jpg\"\n               title=\"\"\n               data-src=\"https:\/\/kontesadora.hr\/stara\/wp-content\/gallery\/kd-lisinski-oxygene-glazba-jean-michel-jarre-11-02-2018\/IMG_20180211_174028_resized_20180219_113831317.jpg\"\n               data-thumbnail=\"https:\/\/kontesadora.hr\/stara\/wp-content\/gallery\/kd-lisinski-oxygene-glazba-jean-michel-jarre-11-02-2018\/thumbs\/thumbs_IMG_20180211_174028_resized_20180219_113831317.jpg\"\n               data-image-id=\"4426\"\n               data-title=\"IMG_20180211_174028_resized_20180219_113831317\"\n               data-description=\"\"\n               data-image-slug=\"img_20180211_174028_resized_20180219_113831317\"\n               class=\"shutterset_86f83f13555ddc568efcd69bd676d9ba\">\n                <img\n                    title=\"IMG_20180211_174028_resized_20180219_113831317\"\n                    alt=\"IMG_20180211_174028_resized_20180219_113831317\"\n                    src=\"https:\/\/kontesadora.hr\/stara\/wp-content\/gallery\/kd-lisinski-oxygene-glazba-jean-michel-jarre-11-02-2018\/thumbs\/thumbs_IMG_20180211_174028_resized_20180219_113831317.jpg\"\n                    width=\"100\"\n                    height=\"75\"\n                    style=\"max-width:100%;\"\n                \/>\n            <\/a>\n        <\/div>\n\t\t\t\t\t\t\t<\/div> \n\t\t\t\n        \n\t\t\t\t<div id=\"ngg-image-11\" class=\"ngg-gallery-thumbnail-box\" >\n\t\t\t\t        <div class=\"ngg-gallery-thumbnail\">\n            <a href=\"https:\/\/kontesadora.hr\/stara\/wp-content\/gallery\/kd-lisinski-oxygene-glazba-jean-michel-jarre-11-02-2018\/IMG_20180211_174006_resized_20180219_113833480.jpg\"\n               title=\"\"\n               data-src=\"https:\/\/kontesadora.hr\/stara\/wp-content\/gallery\/kd-lisinski-oxygene-glazba-jean-michel-jarre-11-02-2018\/IMG_20180211_174006_resized_20180219_113833480.jpg\"\n               data-thumbnail=\"https:\/\/kontesadora.hr\/stara\/wp-content\/gallery\/kd-lisinski-oxygene-glazba-jean-michel-jarre-11-02-2018\/thumbs\/thumbs_IMG_20180211_174006_resized_20180219_113833480.jpg\"\n               data-image-id=\"4425\"\n               data-title=\"IMG_20180211_174006_resized_20180219_113833480\"\n               data-description=\"\"\n               data-image-slug=\"img_20180211_174006_resized_20180219_113833480\"\n               class=\"shutterset_86f83f13555ddc568efcd69bd676d9ba\">\n                <img\n                    title=\"IMG_20180211_174006_resized_20180219_113833480\"\n                    alt=\"IMG_20180211_174006_resized_20180219_113833480\"\n                    src=\"https:\/\/kontesadora.hr\/stara\/wp-content\/gallery\/kd-lisinski-oxygene-glazba-jean-michel-jarre-11-02-2018\/thumbs\/thumbs_IMG_20180211_174006_resized_20180219_113833480.jpg\"\n                    width=\"100\"\n                    height=\"75\"\n                    style=\"max-width:100%;\"\n                \/>\n            <\/a>\n        <\/div>\n\t\t\t\t\t\t\t<\/div> \n\t\t\t\n        \n\t\t\t\t<div id=\"ngg-image-12\" class=\"ngg-gallery-thumbnail-box\" >\n\t\t\t\t        <div class=\"ngg-gallery-thumbnail\">\n            <a href=\"https:\/\/kontesadora.hr\/stara\/wp-content\/gallery\/kd-lisinski-oxygene-glazba-jean-michel-jarre-11-02-2018\/IMG_20180211_173945_resized_20180219_113831956.jpg\"\n               title=\"\"\n               data-src=\"https:\/\/kontesadora.hr\/stara\/wp-content\/gallery\/kd-lisinski-oxygene-glazba-jean-michel-jarre-11-02-2018\/IMG_20180211_173945_resized_20180219_113831956.jpg\"\n               data-thumbnail=\"https:\/\/kontesadora.hr\/stara\/wp-content\/gallery\/kd-lisinski-oxygene-glazba-jean-michel-jarre-11-02-2018\/thumbs\/thumbs_IMG_20180211_173945_resized_20180219_113831956.jpg\"\n               data-image-id=\"4424\"\n               data-title=\"IMG_20180211_173945_resized_20180219_113831956\"\n               data-description=\"\"\n               data-image-slug=\"img_20180211_173945_resized_20180219_113831956\"\n               class=\"shutterset_86f83f13555ddc568efcd69bd676d9ba\">\n                <img\n                    title=\"IMG_20180211_173945_resized_20180219_113831956\"\n                    alt=\"IMG_20180211_173945_resized_20180219_113831956\"\n                    src=\"https:\/\/kontesadora.hr\/stara\/wp-content\/gallery\/kd-lisinski-oxygene-glazba-jean-michel-jarre-11-02-2018\/thumbs\/thumbs_IMG_20180211_173945_resized_20180219_113831956.jpg\"\n                    width=\"100\"\n                    height=\"75\"\n                    style=\"max-width:100%;\"\n                \/>\n            <\/a>\n        <\/div>\n\t\t\t\t\t\t\t<\/div> \n\t\t\t\n        \n\t\t\t\t<div id=\"ngg-image-13\" class=\"ngg-gallery-thumbnail-box\" >\n\t\t\t\t        <div class=\"ngg-gallery-thumbnail\">\n            <a href=\"https:\/\/kontesadora.hr\/stara\/wp-content\/gallery\/kd-lisinski-oxygene-glazba-jean-michel-jarre-11-02-2018\/IMG_20180211_173936_resized_20180219_113832657.jpg\"\n               title=\"\"\n               data-src=\"https:\/\/kontesadora.hr\/stara\/wp-content\/gallery\/kd-lisinski-oxygene-glazba-jean-michel-jarre-11-02-2018\/IMG_20180211_173936_resized_20180219_113832657.jpg\"\n               data-thumbnail=\"https:\/\/kontesadora.hr\/stara\/wp-content\/gallery\/kd-lisinski-oxygene-glazba-jean-michel-jarre-11-02-2018\/thumbs\/thumbs_IMG_20180211_173936_resized_20180219_113832657.jpg\"\n               data-image-id=\"4423\"\n               data-title=\"IMG_20180211_173936_resized_20180219_113832657\"\n               data-description=\"\"\n               data-image-slug=\"img_20180211_173936_resized_20180219_113832657\"\n               class=\"shutterset_86f83f13555ddc568efcd69bd676d9ba\">\n                <img\n                    title=\"IMG_20180211_173936_resized_20180219_113832657\"\n                    alt=\"IMG_20180211_173936_resized_20180219_113832657\"\n                    src=\"https:\/\/kontesadora.hr\/stara\/wp-content\/gallery\/kd-lisinski-oxygene-glazba-jean-michel-jarre-11-02-2018\/thumbs\/thumbs_IMG_20180211_173936_resized_20180219_113832657.jpg\"\n                    width=\"100\"\n                    height=\"75\"\n                    style=\"max-width:100%;\"\n                \/>\n            <\/a>\n        <\/div>\n\t\t\t\t\t\t\t<\/div> \n\t\t\t\n        \n\t\t\t\t<div id=\"ngg-image-14\" class=\"ngg-gallery-thumbnail-box\" >\n\t\t\t\t        <div class=\"ngg-gallery-thumbnail\">\n            <a href=\"https:\/\/kontesadora.hr\/stara\/wp-content\/gallery\/kd-lisinski-oxygene-glazba-jean-michel-jarre-11-02-2018\/IMG_20180211_173857_resized_20180219_113834133.jpg\"\n               title=\"\"\n               data-src=\"https:\/\/kontesadora.hr\/stara\/wp-content\/gallery\/kd-lisinski-oxygene-glazba-jean-michel-jarre-11-02-2018\/IMG_20180211_173857_resized_20180219_113834133.jpg\"\n               data-thumbnail=\"https:\/\/kontesadora.hr\/stara\/wp-content\/gallery\/kd-lisinski-oxygene-glazba-jean-michel-jarre-11-02-2018\/thumbs\/thumbs_IMG_20180211_173857_resized_20180219_113834133.jpg\"\n               data-image-id=\"4422\"\n               data-title=\"IMG_20180211_173857_resized_20180219_113834133\"\n               data-description=\"\"\n               data-image-slug=\"img_20180211_173857_resized_20180219_113834133\"\n               class=\"shutterset_86f83f13555ddc568efcd69bd676d9ba\">\n                <img\n                    title=\"IMG_20180211_173857_resized_20180219_113834133\"\n                    alt=\"IMG_20180211_173857_resized_20180219_113834133\"\n                    src=\"https:\/\/kontesadora.hr\/stara\/wp-content\/gallery\/kd-lisinski-oxygene-glazba-jean-michel-jarre-11-02-2018\/thumbs\/thumbs_IMG_20180211_173857_resized_20180219_113834133.jpg\"\n                    width=\"100\"\n                    height=\"75\"\n                    style=\"max-width:100%;\"\n                \/>\n            <\/a>\n        <\/div>\n\t\t\t\t\t\t\t<\/div> \n\t\t\t\n        \n\t\t\t\t<div id=\"ngg-image-15\" class=\"ngg-gallery-thumbnail-box\" >\n\t\t\t\t        <div class=\"ngg-gallery-thumbnail\">\n            <a href=\"https:\/\/kontesadora.hr\/stara\/wp-content\/gallery\/kd-lisinski-oxygene-glazba-jean-michel-jarre-11-02-2018\/IMG_20180211_173744_resized_20180219_113834826.jpg\"\n               title=\"\"\n               data-src=\"https:\/\/kontesadora.hr\/stara\/wp-content\/gallery\/kd-lisinski-oxygene-glazba-jean-michel-jarre-11-02-2018\/IMG_20180211_173744_resized_20180219_113834826.jpg\"\n               data-thumbnail=\"https:\/\/kontesadora.hr\/stara\/wp-content\/gallery\/kd-lisinski-oxygene-glazba-jean-michel-jarre-11-02-2018\/thumbs\/thumbs_IMG_20180211_173744_resized_20180219_113834826.jpg\"\n               data-image-id=\"4421\"\n               data-title=\"IMG_20180211_173744_resized_20180219_113834826\"\n               data-description=\"\"\n               data-image-slug=\"img_20180211_173744_resized_20180219_113834826\"\n               class=\"shutterset_86f83f13555ddc568efcd69bd676d9ba\">\n                <img\n                    title=\"IMG_20180211_173744_resized_20180219_113834826\"\n                    alt=\"IMG_20180211_173744_resized_20180219_113834826\"\n                    src=\"https:\/\/kontesadora.hr\/stara\/wp-content\/gallery\/kd-lisinski-oxygene-glazba-jean-michel-jarre-11-02-2018\/thumbs\/thumbs_IMG_20180211_173744_resized_20180219_113834826.jpg\"\n                    width=\"100\"\n                    height=\"75\"\n                    style=\"max-width:100%;\"\n                \/>\n            <\/a>\n        <\/div>\n\t\t\t\t\t\t\t<\/div> \n\t\t\t\n        \n\t\t\t\t<div id=\"ngg-image-16\" class=\"ngg-gallery-thumbnail-box\" >\n\t\t\t\t        <div class=\"ngg-gallery-thumbnail\">\n            <a href=\"https:\/\/kontesadora.hr\/stara\/wp-content\/gallery\/kd-lisinski-oxygene-glazba-jean-michel-jarre-11-02-2018\/IMG_20180211_173738_resized_20180219_113835526.jpg\"\n               title=\"\"\n               data-src=\"https:\/\/kontesadora.hr\/stara\/wp-content\/gallery\/kd-lisinski-oxygene-glazba-jean-michel-jarre-11-02-2018\/IMG_20180211_173738_resized_20180219_113835526.jpg\"\n               data-thumbnail=\"https:\/\/kontesadora.hr\/stara\/wp-content\/gallery\/kd-lisinski-oxygene-glazba-jean-michel-jarre-11-02-2018\/thumbs\/thumbs_IMG_20180211_173738_resized_20180219_113835526.jpg\"\n               data-image-id=\"4420\"\n               data-title=\"IMG_20180211_173738_resized_20180219_113835526\"\n               data-description=\"\"\n               data-image-slug=\"img_20180211_173738_resized_20180219_113835526\"\n               class=\"shutterset_86f83f13555ddc568efcd69bd676d9ba\">\n                <img\n                    title=\"IMG_20180211_173738_resized_20180219_113835526\"\n                    alt=\"IMG_20180211_173738_resized_20180219_113835526\"\n                    src=\"https:\/\/kontesadora.hr\/stara\/wp-content\/gallery\/kd-lisinski-oxygene-glazba-jean-michel-jarre-11-02-2018\/thumbs\/thumbs_IMG_20180211_173738_resized_20180219_113835526.jpg\"\n                    width=\"100\"\n                    height=\"75\"\n                    style=\"max-width:100%;\"\n                \/>\n            <\/a>\n        <\/div>\n\t\t\t\t\t\t\t<\/div> \n\t\t\t\n        \n\t\t\t\t<div id=\"ngg-image-17\" class=\"ngg-gallery-thumbnail-box\" >\n\t\t\t\t        <div class=\"ngg-gallery-thumbnail\">\n            <a href=\"https:\/\/kontesadora.hr\/stara\/wp-content\/gallery\/kd-lisinski-oxygene-glazba-jean-michel-jarre-11-02-2018\/IMG_20180211_173730_resized_20180219_113836206.jpg\"\n               title=\"\"\n               data-src=\"https:\/\/kontesadora.hr\/stara\/wp-content\/gallery\/kd-lisinski-oxygene-glazba-jean-michel-jarre-11-02-2018\/IMG_20180211_173730_resized_20180219_113836206.jpg\"\n               data-thumbnail=\"https:\/\/kontesadora.hr\/stara\/wp-content\/gallery\/kd-lisinski-oxygene-glazba-jean-michel-jarre-11-02-2018\/thumbs\/thumbs_IMG_20180211_173730_resized_20180219_113836206.jpg\"\n               data-image-id=\"4419\"\n               data-title=\"IMG_20180211_173730_resized_20180219_113836206\"\n               data-description=\"\"\n               data-image-slug=\"img_20180211_173730_resized_20180219_113836206\"\n               class=\"shutterset_86f83f13555ddc568efcd69bd676d9ba\">\n                <img\n                    title=\"IMG_20180211_173730_resized_20180219_113836206\"\n                    alt=\"IMG_20180211_173730_resized_20180219_113836206\"\n                    src=\"https:\/\/kontesadora.hr\/stara\/wp-content\/gallery\/kd-lisinski-oxygene-glazba-jean-michel-jarre-11-02-2018\/thumbs\/thumbs_IMG_20180211_173730_resized_20180219_113836206.jpg\"\n                    width=\"100\"\n                    height=\"75\"\n                    style=\"max-width:100%;\"\n                \/>\n            <\/a>\n        <\/div>\n\t\t\t\t\t\t\t<\/div> \n\t\t\t\n        \n\t\t\t\t<div id=\"ngg-image-18\" class=\"ngg-gallery-thumbnail-box\" >\n\t\t\t\t        <div class=\"ngg-gallery-thumbnail\">\n            <a href=\"https:\/\/kontesadora.hr\/stara\/wp-content\/gallery\/kd-lisinski-oxygene-glazba-jean-michel-jarre-11-02-2018\/IMG_20180211_173715_resized_20180219_113836901.jpg\"\n               title=\"\"\n               data-src=\"https:\/\/kontesadora.hr\/stara\/wp-content\/gallery\/kd-lisinski-oxygene-glazba-jean-michel-jarre-11-02-2018\/IMG_20180211_173715_resized_20180219_113836901.jpg\"\n               data-thumbnail=\"https:\/\/kontesadora.hr\/stara\/wp-content\/gallery\/kd-lisinski-oxygene-glazba-jean-michel-jarre-11-02-2018\/thumbs\/thumbs_IMG_20180211_173715_resized_20180219_113836901.jpg\"\n               data-image-id=\"4418\"\n               data-title=\"IMG_20180211_173715_resized_20180219_113836901\"\n               data-description=\"\"\n               data-image-slug=\"img_20180211_173715_resized_20180219_113836901\"\n               class=\"shutterset_86f83f13555ddc568efcd69bd676d9ba\">\n                <img\n                    title=\"IMG_20180211_173715_resized_20180219_113836901\"\n                    alt=\"IMG_20180211_173715_resized_20180219_113836901\"\n                    src=\"https:\/\/kontesadora.hr\/stara\/wp-content\/gallery\/kd-lisinski-oxygene-glazba-jean-michel-jarre-11-02-2018\/thumbs\/thumbs_IMG_20180211_173715_resized_20180219_113836901.jpg\"\n                    width=\"100\"\n                    height=\"75\"\n                    style=\"max-width:100%;\"\n                \/>\n            <\/a>\n        <\/div>\n\t\t\t\t\t\t\t<\/div> \n\t\t\t\n        \n\t\t\t\t<div id=\"ngg-image-19\" class=\"ngg-gallery-thumbnail-box\" >\n\t\t\t\t        <div class=\"ngg-gallery-thumbnail\">\n            <a href=\"https:\/\/kontesadora.hr\/stara\/wp-content\/gallery\/kd-lisinski-oxygene-glazba-jean-michel-jarre-11-02-2018\/IMG_20180211_170724_resized_20180219_113837806.jpg\"\n               title=\"\"\n               data-src=\"https:\/\/kontesadora.hr\/stara\/wp-content\/gallery\/kd-lisinski-oxygene-glazba-jean-michel-jarre-11-02-2018\/IMG_20180211_170724_resized_20180219_113837806.jpg\"\n               data-thumbnail=\"https:\/\/kontesadora.hr\/stara\/wp-content\/gallery\/kd-lisinski-oxygene-glazba-jean-michel-jarre-11-02-2018\/thumbs\/thumbs_IMG_20180211_170724_resized_20180219_113837806.jpg\"\n               data-image-id=\"4417\"\n               data-title=\"IMG_20180211_170724_resized_20180219_113837806\"\n               data-description=\"\"\n               data-image-slug=\"img_20180211_170724_resized_20180219_113837806\"\n               class=\"shutterset_86f83f13555ddc568efcd69bd676d9ba\">\n                <img\n                    title=\"IMG_20180211_170724_resized_20180219_113837806\"\n                    alt=\"IMG_20180211_170724_resized_20180219_113837806\"\n                    src=\"https:\/\/kontesadora.hr\/stara\/wp-content\/gallery\/kd-lisinski-oxygene-glazba-jean-michel-jarre-11-02-2018\/thumbs\/thumbs_IMG_20180211_170724_resized_20180219_113837806.jpg\"\n                    width=\"100\"\n                    height=\"75\"\n                    style=\"max-width:100%;\"\n                \/>\n            <\/a>\n        <\/div>\n\t\t\t\t\t\t\t<\/div> \n\t\t\t\n        \n\t\t\n\t\t<!-- Pagination -->\n\t<div class='ngg-navigation'><span class='current'>1<\/span>\n<a class='page-numbers' data-pageid='2' href='https:\/\/kontesadora.hr\/stara\/galerija\/nggallery\/page\/2'>2<\/a>\n<a class='prev' href='https:\/\/kontesadora.hr\/stara\/galerija\/nggallery\/page\/2' data-pageid=2>&#9658;<\/a><\/div>\t<\/div>\n&nbsp;KD Lisinski &#8211; OXYGENE, glazba Jean-Michel Jarre,&nbsp;<a href=\"http:\/\/11.02.2018.pa\/\" target=\"_blank\" rel=\"noopener noreferrer\" data-saferedirecturl=\"https:\/\/www.google.com\/url?hl=hr&amp;q=http:\/\/11.02.2018.pa&amp;source=gmail&amp;ust=1519136154949000&amp;usg=AFQjCNEED5BAEIQZV-2LXTi3pu24_9BnpQ\">11.02.2018.<\/a><\/p>\n<!-- index.php -->\n<div\n\tclass=\"ngg-galleryoverview ngg-ajax-pagination-none\"\n\tid=\"ngg-gallery-f8ad786b280f5076ea4723e4d95e2e04-1\">\n\n    \t<div class=\"slideshowlink\">\n        <a href='https:\/\/kontesadora.hr\/stara\/galerija\/nggallery\/slideshow'>[Show as slideshow]<\/a>\n\t\t\n\t<\/div>\n\t\t\t<!-- Thumbnails -->\n\t\t\t\t<div id=\"ngg-image-0\" class=\"ngg-gallery-thumbnail-box\" >\n\t\t\t\t        <div class=\"ngg-gallery-thumbnail\">\n            <a href=\"https:\/\/kontesadora.hr\/stara\/wp-content\/gallery\/gostovanje-tamburaskog-orkestra-12-02-2018-zupanja-51-sokacko-sijelo\/%C5%BDUPANJA-2018.-TAMB.ORK_.7.jpg\"\n               title=\"\"\n               data-src=\"https:\/\/kontesadora.hr\/stara\/wp-content\/gallery\/gostovanje-tamburaskog-orkestra-12-02-2018-zupanja-51-sokacko-sijelo\/%C5%BDUPANJA-2018.-TAMB.ORK_.7.jpg\"\n               data-thumbnail=\"https:\/\/kontesadora.hr\/stara\/wp-content\/gallery\/gostovanje-tamburaskog-orkestra-12-02-2018-zupanja-51-sokacko-sijelo\/thumbs\/thumbs_%C5%BDUPANJA-2018.-TAMB.ORK_.7.jpg\"\n               data-image-id=\"4405\"\n               data-title=\"\u017dUPANJA 2018. TAMB.ORK.7\"\n               data-description=\"\"\n               data-image-slug=\"%c5%beupanja-2018-tamb-ork-7\"\n               class=\"shutterset_f8ad786b280f5076ea4723e4d95e2e04\">\n                <img\n                    title=\"\u017dUPANJA 2018. TAMB.ORK.7\"\n                    alt=\"\u017dUPANJA 2018. TAMB.ORK.7\"\n                    src=\"https:\/\/kontesadora.hr\/stara\/wp-content\/gallery\/gostovanje-tamburaskog-orkestra-12-02-2018-zupanja-51-sokacko-sijelo\/thumbs\/thumbs_%C5%BDUPANJA-2018.-TAMB.ORK_.7.jpg\"\n                    width=\"100\"\n                    height=\"75\"\n                    style=\"max-width:100%;\"\n                \/>\n            <\/a>\n        <\/div>\n\t\t\t\t\t\t\t<\/div> \n\t\t\t\n        \n\t\t\t\t<div id=\"ngg-image-1\" class=\"ngg-gallery-thumbnail-box\" >\n\t\t\t\t        <div class=\"ngg-gallery-thumbnail\">\n            <a href=\"https:\/\/kontesadora.hr\/stara\/wp-content\/gallery\/gostovanje-tamburaskog-orkestra-12-02-2018-zupanja-51-sokacko-sijelo\/%C5%BDUPANJA-2018.51.%C5%A0OKA%C4%8CKO-SIJELOTO-i-M.Kopri_.jpg\"\n               title=\"\"\n               data-src=\"https:\/\/kontesadora.hr\/stara\/wp-content\/gallery\/gostovanje-tamburaskog-orkestra-12-02-2018-zupanja-51-sokacko-sijelo\/%C5%BDUPANJA-2018.51.%C5%A0OKA%C4%8CKO-SIJELOTO-i-M.Kopri_.jpg\"\n               data-thumbnail=\"https:\/\/kontesadora.hr\/stara\/wp-content\/gallery\/gostovanje-tamburaskog-orkestra-12-02-2018-zupanja-51-sokacko-sijelo\/thumbs\/thumbs_%C5%BDUPANJA-2018.51.%C5%A0OKA%C4%8CKO-SIJELOTO-i-M.Kopri_.jpg\"\n               data-image-id=\"4410\"\n               data-title=\"\u017dUPANJA 2018.51.\u0160OKA\u010cKO SIJELO,TO i M.Kopri\"\n               data-description=\"\"\n               data-image-slug=\"%c5%beupanja-2018-51-%c5%a1oka%c4%8dko-sijeloto-i-m-kopri\"\n               class=\"shutterset_f8ad786b280f5076ea4723e4d95e2e04\">\n                <img\n                    title=\"\u017dUPANJA 2018.51.\u0160OKA\u010cKO SIJELO,TO i M.Kopri\"\n                    alt=\"\u017dUPANJA 2018.51.\u0160OKA\u010cKO SIJELO,TO i M.Kopri\"\n                    src=\"https:\/\/kontesadora.hr\/stara\/wp-content\/gallery\/gostovanje-tamburaskog-orkestra-12-02-2018-zupanja-51-sokacko-sijelo\/thumbs\/thumbs_%C5%BDUPANJA-2018.51.%C5%A0OKA%C4%8CKO-SIJELOTO-i-M.Kopri_.jpg\"\n                    width=\"100\"\n                    height=\"75\"\n                    style=\"max-width:100%;\"\n                \/>\n            <\/a>\n        <\/div>\n\t\t\t\t\t\t\t<\/div> \n\t\t\t\n        \n\t\t\t\t<div id=\"ngg-image-2\" class=\"ngg-gallery-thumbnail-box\" >\n\t\t\t\t        <div class=\"ngg-gallery-thumbnail\">\n            <a href=\"https:\/\/kontesadora.hr\/stara\/wp-content\/gallery\/gostovanje-tamburaskog-orkestra-12-02-2018-zupanja-51-sokacko-sijelo\/%C5%BDUPANJA-2018.-fotografija-Dore-P.za-doma%C4%87ine.jpg\"\n               title=\"\"\n               data-src=\"https:\/\/kontesadora.hr\/stara\/wp-content\/gallery\/gostovanje-tamburaskog-orkestra-12-02-2018-zupanja-51-sokacko-sijelo\/%C5%BDUPANJA-2018.-fotografija-Dore-P.za-doma%C4%87ine.jpg\"\n               data-thumbnail=\"https:\/\/kontesadora.hr\/stara\/wp-content\/gallery\/gostovanje-tamburaskog-orkestra-12-02-2018-zupanja-51-sokacko-sijelo\/thumbs\/thumbs_%C5%BDUPANJA-2018.-fotografija-Dore-P.za-doma%C4%87ine.jpg\"\n               data-image-id=\"4381\"\n               data-title=\"\u017dUPANJA 2018. fotografija Dore P.za doma\u0107ine\"\n               data-description=\"\"\n               data-image-slug=\"%c5%beupanja-2018-fotografija-dore-p-za-doma%c4%87ine\"\n               class=\"shutterset_f8ad786b280f5076ea4723e4d95e2e04\">\n                <img\n                    title=\"\u017dUPANJA 2018. fotografija Dore P.za doma\u0107ine\"\n                    alt=\"\u017dUPANJA 2018. fotografija Dore P.za doma\u0107ine\"\n                    src=\"https:\/\/kontesadora.hr\/stara\/wp-content\/gallery\/gostovanje-tamburaskog-orkestra-12-02-2018-zupanja-51-sokacko-sijelo\/thumbs\/thumbs_%C5%BDUPANJA-2018.-fotografija-Dore-P.za-doma%C4%87ine.jpg\"\n                    width=\"100\"\n                    height=\"75\"\n                    style=\"max-width:100%;\"\n                \/>\n            <\/a>\n        <\/div>\n\t\t\t\t\t\t\t<\/div> \n\t\t\t\n        \n\t\t\t\t<div id=\"ngg-image-3\" class=\"ngg-gallery-thumbnail-box\" >\n\t\t\t\t        <div class=\"ngg-gallery-thumbnail\">\n            <a href=\"https:\/\/kontesadora.hr\/stara\/wp-content\/gallery\/gostovanje-tamburaskog-orkestra-12-02-2018-zupanja-51-sokacko-sijelo\/DSC00976.jpg\"\n               title=\"\"\n               data-src=\"https:\/\/kontesadora.hr\/stara\/wp-content\/gallery\/gostovanje-tamburaskog-orkestra-12-02-2018-zupanja-51-sokacko-sijelo\/DSC00976.jpg\"\n               data-thumbnail=\"https:\/\/kontesadora.hr\/stara\/wp-content\/gallery\/gostovanje-tamburaskog-orkestra-12-02-2018-zupanja-51-sokacko-sijelo\/thumbs\/thumbs_DSC00976.jpg\"\n               data-image-id=\"4378\"\n               data-title=\"DSC00976\"\n               data-description=\"\"\n               data-image-slug=\"dsc00976\"\n               class=\"shutterset_f8ad786b280f5076ea4723e4d95e2e04\">\n                <img\n                    title=\"DSC00976\"\n                    alt=\"DSC00976\"\n                    src=\"https:\/\/kontesadora.hr\/stara\/wp-content\/gallery\/gostovanje-tamburaskog-orkestra-12-02-2018-zupanja-51-sokacko-sijelo\/thumbs\/thumbs_DSC00976.jpg\"\n                    width=\"100\"\n                    height=\"75\"\n                    style=\"max-width:100%;\"\n                \/>\n            <\/a>\n        <\/div>\n\t\t\t\t\t\t\t<\/div> \n\t\t\t\n        \n\t\t\t\t<div id=\"ngg-image-4\" class=\"ngg-gallery-thumbnail-box\" >\n\t\t\t\t        <div class=\"ngg-gallery-thumbnail\">\n            <a href=\"https:\/\/kontesadora.hr\/stara\/wp-content\/gallery\/gostovanje-tamburaskog-orkestra-12-02-2018-zupanja-51-sokacko-sijelo\/DSC00975.jpg\"\n               title=\"\"\n               data-src=\"https:\/\/kontesadora.hr\/stara\/wp-content\/gallery\/gostovanje-tamburaskog-orkestra-12-02-2018-zupanja-51-sokacko-sijelo\/DSC00975.jpg\"\n               data-thumbnail=\"https:\/\/kontesadora.hr\/stara\/wp-content\/gallery\/gostovanje-tamburaskog-orkestra-12-02-2018-zupanja-51-sokacko-sijelo\/thumbs\/thumbs_DSC00975.jpg\"\n               data-image-id=\"4377\"\n               data-title=\"DSC00975\"\n               data-description=\"\"\n               data-image-slug=\"dsc00975\"\n               class=\"shutterset_f8ad786b280f5076ea4723e4d95e2e04\">\n                <img\n                    title=\"DSC00975\"\n                    alt=\"DSC00975\"\n                    src=\"https:\/\/kontesadora.hr\/stara\/wp-content\/gallery\/gostovanje-tamburaskog-orkestra-12-02-2018-zupanja-51-sokacko-sijelo\/thumbs\/thumbs_DSC00975.jpg\"\n                    width=\"100\"\n                    height=\"75\"\n                    style=\"max-width:100%;\"\n                \/>\n            <\/a>\n        <\/div>\n\t\t\t\t\t\t\t<\/div> \n\t\t\t\n        \n\t\t\t\t<div id=\"ngg-image-5\" class=\"ngg-gallery-thumbnail-box\" >\n\t\t\t\t        <div class=\"ngg-gallery-thumbnail\">\n            <a href=\"https:\/\/kontesadora.hr\/stara\/wp-content\/gallery\/gostovanje-tamburaskog-orkestra-12-02-2018-zupanja-51-sokacko-sijelo\/%C5%BDUPANJA-2018.-51.%C5%A0OKA%C4%8CKO-SIJELO-solisti.jpg\"\n               title=\"\"\n               data-src=\"https:\/\/kontesadora.hr\/stara\/wp-content\/gallery\/gostovanje-tamburaskog-orkestra-12-02-2018-zupanja-51-sokacko-sijelo\/%C5%BDUPANJA-2018.-51.%C5%A0OKA%C4%8CKO-SIJELO-solisti.jpg\"\n               data-thumbnail=\"https:\/\/kontesadora.hr\/stara\/wp-content\/gallery\/gostovanje-tamburaskog-orkestra-12-02-2018-zupanja-51-sokacko-sijelo\/thumbs\/thumbs_%C5%BDUPANJA-2018.-51.%C5%A0OKA%C4%8CKO-SIJELO-solisti.jpg\"\n               data-image-id=\"4379\"\n               data-title=\"\u017dUPANJA 2018. 51.\u0160OKA\u010cKO SIJELO-solisti\"\n               data-description=\"\"\n               data-image-slug=\"%c5%beupanja-2018-51-%c5%a1oka%c4%8dko-sijelo-solisti\"\n               class=\"shutterset_f8ad786b280f5076ea4723e4d95e2e04\">\n                <img\n                    title=\"\u017dUPANJA 2018. 51.\u0160OKA\u010cKO SIJELO-solisti\"\n                    alt=\"\u017dUPANJA 2018. 51.\u0160OKA\u010cKO SIJELO-solisti\"\n                    src=\"https:\/\/kontesadora.hr\/stara\/wp-content\/gallery\/gostovanje-tamburaskog-orkestra-12-02-2018-zupanja-51-sokacko-sijelo\/thumbs\/thumbs_%C5%BDUPANJA-2018.-51.%C5%A0OKA%C4%8CKO-SIJELO-solisti.jpg\"\n                    width=\"100\"\n                    height=\"75\"\n                    style=\"max-width:100%;\"\n                \/>\n            <\/a>\n        <\/div>\n\t\t\t\t\t\t\t<\/div> \n\t\t\t\n        \n\t\t\t\t<div id=\"ngg-image-6\" class=\"ngg-gallery-thumbnail-box\" >\n\t\t\t\t        <div class=\"ngg-gallery-thumbnail\">\n            <a href=\"https:\/\/kontesadora.hr\/stara\/wp-content\/gallery\/gostovanje-tamburaskog-orkestra-12-02-2018-zupanja-51-sokacko-sijelo\/DSC00963.jpg\"\n               title=\"\"\n               data-src=\"https:\/\/kontesadora.hr\/stara\/wp-content\/gallery\/gostovanje-tamburaskog-orkestra-12-02-2018-zupanja-51-sokacko-sijelo\/DSC00963.jpg\"\n               data-thumbnail=\"https:\/\/kontesadora.hr\/stara\/wp-content\/gallery\/gostovanje-tamburaskog-orkestra-12-02-2018-zupanja-51-sokacko-sijelo\/thumbs\/thumbs_DSC00963.jpg\"\n               data-image-id=\"4376\"\n               data-title=\"DSC00963\"\n               data-description=\"\"\n               data-image-slug=\"dsc00963\"\n               class=\"shutterset_f8ad786b280f5076ea4723e4d95e2e04\">\n                <img\n                    title=\"DSC00963\"\n                    alt=\"DSC00963\"\n                    src=\"https:\/\/kontesadora.hr\/stara\/wp-content\/gallery\/gostovanje-tamburaskog-orkestra-12-02-2018-zupanja-51-sokacko-sijelo\/thumbs\/thumbs_DSC00963.jpg\"\n                    width=\"100\"\n                    height=\"75\"\n                    style=\"max-width:100%;\"\n                \/>\n            <\/a>\n        <\/div>\n\t\t\t\t\t\t\t<\/div> \n\t\t\t\n        \n\t\t\t\t<div id=\"ngg-image-7\" class=\"ngg-gallery-thumbnail-box\" >\n\t\t\t\t        <div class=\"ngg-gallery-thumbnail\">\n            <a href=\"https:\/\/kontesadora.hr\/stara\/wp-content\/gallery\/gostovanje-tamburaskog-orkestra-12-02-2018-zupanja-51-sokacko-sijelo\/%C5%BDUPANJA-2018.-Kristina-i-Mario.jpg\"\n               title=\"\"\n               data-src=\"https:\/\/kontesadora.hr\/stara\/wp-content\/gallery\/gostovanje-tamburaskog-orkestra-12-02-2018-zupanja-51-sokacko-sijelo\/%C5%BDUPANJA-2018.-Kristina-i-Mario.jpg\"\n               data-thumbnail=\"https:\/\/kontesadora.hr\/stara\/wp-content\/gallery\/gostovanje-tamburaskog-orkestra-12-02-2018-zupanja-51-sokacko-sijelo\/thumbs\/thumbs_%C5%BDUPANJA-2018.-Kristina-i-Mario.jpg\"\n               data-image-id=\"4389\"\n               data-title=\"\u017dUPANJA 2018. Kristina i Mario\"\n               data-description=\"\"\n               data-image-slug=\"%c5%beupanja-2018-kristina-i-mario\"\n               class=\"shutterset_f8ad786b280f5076ea4723e4d95e2e04\">\n                <img\n                    title=\"\u017dUPANJA 2018. Kristina i Mario\"\n                    alt=\"\u017dUPANJA 2018. Kristina i Mario\"\n                    src=\"https:\/\/kontesadora.hr\/stara\/wp-content\/gallery\/gostovanje-tamburaskog-orkestra-12-02-2018-zupanja-51-sokacko-sijelo\/thumbs\/thumbs_%C5%BDUPANJA-2018.-Kristina-i-Mario.jpg\"\n                    width=\"100\"\n                    height=\"75\"\n                    style=\"max-width:100%;\"\n                \/>\n            <\/a>\n        <\/div>\n\t\t\t\t\t\t\t<\/div> \n\t\t\t\n        \n\t\t\t\t<div id=\"ngg-image-8\" class=\"ngg-gallery-thumbnail-box\" >\n\t\t\t\t        <div class=\"ngg-gallery-thumbnail\">\n            <a href=\"https:\/\/kontesadora.hr\/stara\/wp-content\/gallery\/gostovanje-tamburaskog-orkestra-12-02-2018-zupanja-51-sokacko-sijelo\/%C5%BDUPANJA-2018.-Kristina-Brki%C4%87.jpg\"\n               title=\"\"\n               data-src=\"https:\/\/kontesadora.hr\/stara\/wp-content\/gallery\/gostovanje-tamburaskog-orkestra-12-02-2018-zupanja-51-sokacko-sijelo\/%C5%BDUPANJA-2018.-Kristina-Brki%C4%87.jpg\"\n               data-thumbnail=\"https:\/\/kontesadora.hr\/stara\/wp-content\/gallery\/gostovanje-tamburaskog-orkestra-12-02-2018-zupanja-51-sokacko-sijelo\/thumbs\/thumbs_%C5%BDUPANJA-2018.-Kristina-Brki%C4%87.jpg\"\n               data-image-id=\"4388\"\n               data-title=\"\u017dUPANJA 2018. Kristina Brki\u0107\"\n               data-description=\"\"\n               data-image-slug=\"%c5%beupanja-2018-kristina-brki%c4%87\"\n               class=\"shutterset_f8ad786b280f5076ea4723e4d95e2e04\">\n                <img\n                    title=\"\u017dUPANJA 2018. Kristina Brki\u0107\"\n                    alt=\"\u017dUPANJA 2018. Kristina Brki\u0107\"\n                    src=\"https:\/\/kontesadora.hr\/stara\/wp-content\/gallery\/gostovanje-tamburaskog-orkestra-12-02-2018-zupanja-51-sokacko-sijelo\/thumbs\/thumbs_%C5%BDUPANJA-2018.-Kristina-Brki%C4%87.jpg\"\n                    width=\"100\"\n                    height=\"75\"\n                    style=\"max-width:100%;\"\n                \/>\n            <\/a>\n        <\/div>\n\t\t\t\t\t\t\t<\/div> \n\t\t\t\n        \n\t\t\t\t<div id=\"ngg-image-9\" class=\"ngg-gallery-thumbnail-box\" >\n\t\t\t\t        <div class=\"ngg-gallery-thumbnail\">\n            <a href=\"https:\/\/kontesadora.hr\/stara\/wp-content\/gallery\/gostovanje-tamburaskog-orkestra-12-02-2018-zupanja-51-sokacko-sijelo\/%C5%BDUPANJA-2018.-Helena-Dadi%C4%87-2.jpg\"\n               title=\"\"\n               data-src=\"https:\/\/kontesadora.hr\/stara\/wp-content\/gallery\/gostovanje-tamburaskog-orkestra-12-02-2018-zupanja-51-sokacko-sijelo\/%C5%BDUPANJA-2018.-Helena-Dadi%C4%87-2.jpg\"\n               data-thumbnail=\"https:\/\/kontesadora.hr\/stara\/wp-content\/gallery\/gostovanje-tamburaskog-orkestra-12-02-2018-zupanja-51-sokacko-sijelo\/thumbs\/thumbs_%C5%BDUPANJA-2018.-Helena-Dadi%C4%87-2.jpg\"\n               data-image-id=\"4384\"\n               data-title=\"\u017dUPANJA 2018. Helena Dadi\u0107 2\"\n               data-description=\"\"\n               data-image-slug=\"%c5%beupanja-2018-helena-dadi%c4%87-2\"\n               class=\"shutterset_f8ad786b280f5076ea4723e4d95e2e04\">\n                <img\n                    title=\"\u017dUPANJA 2018. Helena Dadi\u0107 2\"\n                    alt=\"\u017dUPANJA 2018. Helena Dadi\u0107 2\"\n                    src=\"https:\/\/kontesadora.hr\/stara\/wp-content\/gallery\/gostovanje-tamburaskog-orkestra-12-02-2018-zupanja-51-sokacko-sijelo\/thumbs\/thumbs_%C5%BDUPANJA-2018.-Helena-Dadi%C4%87-2.jpg\"\n                    width=\"100\"\n                    height=\"75\"\n                    style=\"max-width:100%;\"\n                \/>\n            <\/a>\n        <\/div>\n\t\t\t\t\t\t\t<\/div> \n\t\t\t\n        \n\t\t\t\t<div id=\"ngg-image-10\" class=\"ngg-gallery-thumbnail-box\" >\n\t\t\t\t        <div class=\"ngg-gallery-thumbnail\">\n            <a href=\"https:\/\/kontesadora.hr\/stara\/wp-content\/gallery\/gostovanje-tamburaskog-orkestra-12-02-2018-zupanja-51-sokacko-sijelo\/%C5%BDUPANJA-2018.-Nina-Kolj%C4%91eraj-i-Mario-Huj.jpg\"\n               title=\"\"\n               data-src=\"https:\/\/kontesadora.hr\/stara\/wp-content\/gallery\/gostovanje-tamburaskog-orkestra-12-02-2018-zupanja-51-sokacko-sijelo\/%C5%BDUPANJA-2018.-Nina-Kolj%C4%91eraj-i-Mario-Huj.jpg\"\n               data-thumbnail=\"https:\/\/kontesadora.hr\/stara\/wp-content\/gallery\/gostovanje-tamburaskog-orkestra-12-02-2018-zupanja-51-sokacko-sijelo\/thumbs\/thumbs_%C5%BDUPANJA-2018.-Nina-Kolj%C4%91eraj-i-Mario-Huj.jpg\"\n               data-image-id=\"4392\"\n               data-title=\"\u017dUPANJA 2018. Nina Kolj\u0111eraj i Mario Huj\"\n               data-description=\"\"\n               data-image-slug=\"%c5%beupanja-2018-nina-kolj%c4%91eraj-i-mario-huj\"\n               class=\"shutterset_f8ad786b280f5076ea4723e4d95e2e04\">\n                <img\n                    title=\"\u017dUPANJA 2018. Nina Kolj\u0111eraj i Mario Huj\"\n                    alt=\"\u017dUPANJA 2018. Nina Kolj\u0111eraj i Mario Huj\"\n                    src=\"https:\/\/kontesadora.hr\/stara\/wp-content\/gallery\/gostovanje-tamburaskog-orkestra-12-02-2018-zupanja-51-sokacko-sijelo\/thumbs\/thumbs_%C5%BDUPANJA-2018.-Nina-Kolj%C4%91eraj-i-Mario-Huj.jpg\"\n                    width=\"100\"\n                    height=\"75\"\n                    style=\"max-width:100%;\"\n                \/>\n            <\/a>\n        <\/div>\n\t\t\t\t\t\t\t<\/div> \n\t\t\t\n        \n\t\t\t\t<div id=\"ngg-image-11\" class=\"ngg-gallery-thumbnail-box\" >\n\t\t\t\t        <div class=\"ngg-gallery-thumbnail\">\n            <a href=\"https:\/\/kontesadora.hr\/stara\/wp-content\/gallery\/gostovanje-tamburaskog-orkestra-12-02-2018-zupanja-51-sokacko-sijelo\/%C5%BEupanja-2018.-Mario-Huj.jpg\"\n               title=\"\"\n               data-src=\"https:\/\/kontesadora.hr\/stara\/wp-content\/gallery\/gostovanje-tamburaskog-orkestra-12-02-2018-zupanja-51-sokacko-sijelo\/%C5%BEupanja-2018.-Mario-Huj.jpg\"\n               data-thumbnail=\"https:\/\/kontesadora.hr\/stara\/wp-content\/gallery\/gostovanje-tamburaskog-orkestra-12-02-2018-zupanja-51-sokacko-sijelo\/thumbs\/thumbs_%C5%BEupanja-2018.-Mario-Huj.jpg\"\n               data-image-id=\"4391\"\n               data-title=\"\u017eupanja 2018. Mario Huj\"\n               data-description=\"\"\n               data-image-slug=\"%c5%beupanja-2018-mario-huj\"\n               class=\"shutterset_f8ad786b280f5076ea4723e4d95e2e04\">\n                <img\n                    title=\"\u017eupanja 2018. Mario Huj\"\n                    alt=\"\u017eupanja 2018. Mario Huj\"\n                    src=\"https:\/\/kontesadora.hr\/stara\/wp-content\/gallery\/gostovanje-tamburaskog-orkestra-12-02-2018-zupanja-51-sokacko-sijelo\/thumbs\/thumbs_%C5%BEupanja-2018.-Mario-Huj.jpg\"\n                    width=\"100\"\n                    height=\"75\"\n                    style=\"max-width:100%;\"\n                \/>\n            <\/a>\n        <\/div>\n\t\t\t\t\t\t\t<\/div> \n\t\t\t\n        \n\t\t\t\t<div id=\"ngg-image-12\" class=\"ngg-gallery-thumbnail-box\" >\n\t\t\t\t        <div class=\"ngg-gallery-thumbnail\">\n            <a href=\"https:\/\/kontesadora.hr\/stara\/wp-content\/gallery\/gostovanje-tamburaskog-orkestra-12-02-2018-zupanja-51-sokacko-sijelo\/%C5%BDupanja-2018.-Nina-Kolj%C4%91eraj.jpg\"\n               title=\"\"\n               data-src=\"https:\/\/kontesadora.hr\/stara\/wp-content\/gallery\/gostovanje-tamburaskog-orkestra-12-02-2018-zupanja-51-sokacko-sijelo\/%C5%BDupanja-2018.-Nina-Kolj%C4%91eraj.jpg\"\n               data-thumbnail=\"https:\/\/kontesadora.hr\/stara\/wp-content\/gallery\/gostovanje-tamburaskog-orkestra-12-02-2018-zupanja-51-sokacko-sijelo\/thumbs\/thumbs_%C5%BDupanja-2018.-Nina-Kolj%C4%91eraj.jpg\"\n               data-image-id=\"4393\"\n               data-title=\"\u017dupanja 2018. Nina Kolj\u0111eraj\"\n               data-description=\"\"\n               data-image-slug=\"%c5%beupanja-2018-nina-kolj%c4%91eraj\"\n               class=\"shutterset_f8ad786b280f5076ea4723e4d95e2e04\">\n                <img\n                    title=\"\u017dupanja 2018. Nina Kolj\u0111eraj\"\n                    alt=\"\u017dupanja 2018. Nina Kolj\u0111eraj\"\n                    src=\"https:\/\/kontesadora.hr\/stara\/wp-content\/gallery\/gostovanje-tamburaskog-orkestra-12-02-2018-zupanja-51-sokacko-sijelo\/thumbs\/thumbs_%C5%BDupanja-2018.-Nina-Kolj%C4%91eraj.jpg\"\n                    width=\"100\"\n                    height=\"75\"\n                    style=\"max-width:100%;\"\n                \/>\n            <\/a>\n        <\/div>\n\t\t\t\t\t\t\t<\/div> \n\t\t\t\n        \n\t\t\t\t<div id=\"ngg-image-13\" class=\"ngg-gallery-thumbnail-box\" >\n\t\t\t\t        <div class=\"ngg-gallery-thumbnail\">\n            <a href=\"https:\/\/kontesadora.hr\/stara\/wp-content\/gallery\/gostovanje-tamburaskog-orkestra-12-02-2018-zupanja-51-sokacko-sijelo\/%C5%BDUPANJA-2018.-Ivan-Kraja%C4%8Di%C4%87-2.jpg\"\n               title=\"\"\n               data-src=\"https:\/\/kontesadora.hr\/stara\/wp-content\/gallery\/gostovanje-tamburaskog-orkestra-12-02-2018-zupanja-51-sokacko-sijelo\/%C5%BDUPANJA-2018.-Ivan-Kraja%C4%8Di%C4%87-2.jpg\"\n               data-thumbnail=\"https:\/\/kontesadora.hr\/stara\/wp-content\/gallery\/gostovanje-tamburaskog-orkestra-12-02-2018-zupanja-51-sokacko-sijelo\/thumbs\/thumbs_%C5%BDUPANJA-2018.-Ivan-Kraja%C4%8Di%C4%87-2.jpg\"\n               data-image-id=\"4386\"\n               data-title=\"\u017dUPANJA 2018. Ivan Kraja\u010di\u0107 2\"\n               data-description=\"\"\n               data-image-slug=\"%c5%beupanja-2018-ivan-kraja%c4%8di%c4%87-2\"\n               class=\"shutterset_f8ad786b280f5076ea4723e4d95e2e04\">\n                <img\n                    title=\"\u017dUPANJA 2018. Ivan Kraja\u010di\u0107 2\"\n                    alt=\"\u017dUPANJA 2018. Ivan Kraja\u010di\u0107 2\"\n                    src=\"https:\/\/kontesadora.hr\/stara\/wp-content\/gallery\/gostovanje-tamburaskog-orkestra-12-02-2018-zupanja-51-sokacko-sijelo\/thumbs\/thumbs_%C5%BDUPANJA-2018.-Ivan-Kraja%C4%8Di%C4%87-2.jpg\"\n                    width=\"100\"\n                    height=\"75\"\n                    style=\"max-width:100%;\"\n                \/>\n            <\/a>\n        <\/div>\n\t\t\t\t\t\t\t<\/div> \n\t\t\t\n        \n\t\t\t\t<div id=\"ngg-image-14\" class=\"ngg-gallery-thumbnail-box\" >\n\t\t\t\t        <div class=\"ngg-gallery-thumbnail\">\n            <a href=\"https:\/\/kontesadora.hr\/stara\/wp-content\/gallery\/gostovanje-tamburaskog-orkestra-12-02-2018-zupanja-51-sokacko-sijelo\/DSC00939.jpg\"\n               title=\"\"\n               data-src=\"https:\/\/kontesadora.hr\/stara\/wp-content\/gallery\/gostovanje-tamburaskog-orkestra-12-02-2018-zupanja-51-sokacko-sijelo\/DSC00939.jpg\"\n               data-thumbnail=\"https:\/\/kontesadora.hr\/stara\/wp-content\/gallery\/gostovanje-tamburaskog-orkestra-12-02-2018-zupanja-51-sokacko-sijelo\/thumbs\/thumbs_DSC00939.jpg\"\n               data-image-id=\"4375\"\n               data-title=\"DSC00939\"\n               data-description=\"\"\n               data-image-slug=\"dsc00939\"\n               class=\"shutterset_f8ad786b280f5076ea4723e4d95e2e04\">\n                <img\n                    title=\"DSC00939\"\n                    alt=\"DSC00939\"\n                    src=\"https:\/\/kontesadora.hr\/stara\/wp-content\/gallery\/gostovanje-tamburaskog-orkestra-12-02-2018-zupanja-51-sokacko-sijelo\/thumbs\/thumbs_DSC00939.jpg\"\n                    width=\"100\"\n                    height=\"75\"\n                    style=\"max-width:100%;\"\n                \/>\n            <\/a>\n        <\/div>\n\t\t\t\t\t\t\t<\/div> \n\t\t\t\n        \n\t\t\t\t<div id=\"ngg-image-15\" class=\"ngg-gallery-thumbnail-box\" >\n\t\t\t\t        <div class=\"ngg-gallery-thumbnail\">\n            <a href=\"https:\/\/kontesadora.hr\/stara\/wp-content\/gallery\/gostovanje-tamburaskog-orkestra-12-02-2018-zupanja-51-sokacko-sijelo\/DSC00938.jpg\"\n               title=\"\"\n               data-src=\"https:\/\/kontesadora.hr\/stara\/wp-content\/gallery\/gostovanje-tamburaskog-orkestra-12-02-2018-zupanja-51-sokacko-sijelo\/DSC00938.jpg\"\n               data-thumbnail=\"https:\/\/kontesadora.hr\/stara\/wp-content\/gallery\/gostovanje-tamburaskog-orkestra-12-02-2018-zupanja-51-sokacko-sijelo\/thumbs\/thumbs_DSC00938.jpg\"\n               data-image-id=\"4374\"\n               data-title=\"DSC00938\"\n               data-description=\"\"\n               data-image-slug=\"dsc00938\"\n               class=\"shutterset_f8ad786b280f5076ea4723e4d95e2e04\">\n                <img\n                    title=\"DSC00938\"\n                    alt=\"DSC00938\"\n                    src=\"https:\/\/kontesadora.hr\/stara\/wp-content\/gallery\/gostovanje-tamburaskog-orkestra-12-02-2018-zupanja-51-sokacko-sijelo\/thumbs\/thumbs_DSC00938.jpg\"\n                    width=\"100\"\n                    height=\"75\"\n                    style=\"max-width:100%;\"\n                \/>\n            <\/a>\n        <\/div>\n\t\t\t\t\t\t\t<\/div> \n\t\t\t\n        \n\t\t\t\t<div id=\"ngg-image-16\" class=\"ngg-gallery-thumbnail-box\" >\n\t\t\t\t        <div class=\"ngg-gallery-thumbnail\">\n            <a href=\"https:\/\/kontesadora.hr\/stara\/wp-content\/gallery\/gostovanje-tamburaskog-orkestra-12-02-2018-zupanja-51-sokacko-sijelo\/%C5%BDUPANJA-2018.-Bo%C5%BEidar-i-Luka.jpg\"\n               title=\"\"\n               data-src=\"https:\/\/kontesadora.hr\/stara\/wp-content\/gallery\/gostovanje-tamburaskog-orkestra-12-02-2018-zupanja-51-sokacko-sijelo\/%C5%BDUPANJA-2018.-Bo%C5%BEidar-i-Luka.jpg\"\n               data-thumbnail=\"https:\/\/kontesadora.hr\/stara\/wp-content\/gallery\/gostovanje-tamburaskog-orkestra-12-02-2018-zupanja-51-sokacko-sijelo\/thumbs\/thumbs_%C5%BDUPANJA-2018.-Bo%C5%BEidar-i-Luka.jpg\"\n               data-image-id=\"4380\"\n               data-title=\"\u017dUPANJA 2018. Bo\u017eidar i Luka\"\n               data-description=\"\"\n               data-image-slug=\"%c5%beupanja-2018-bo%c5%beidar-i-luka\"\n               class=\"shutterset_f8ad786b280f5076ea4723e4d95e2e04\">\n                <img\n                    title=\"\u017dUPANJA 2018. Bo\u017eidar i Luka\"\n                    alt=\"\u017dUPANJA 2018. Bo\u017eidar i Luka\"\n                    src=\"https:\/\/kontesadora.hr\/stara\/wp-content\/gallery\/gostovanje-tamburaskog-orkestra-12-02-2018-zupanja-51-sokacko-sijelo\/thumbs\/thumbs_%C5%BDUPANJA-2018.-Bo%C5%BEidar-i-Luka.jpg\"\n                    width=\"100\"\n                    height=\"75\"\n                    style=\"max-width:100%;\"\n                \/>\n            <\/a>\n        <\/div>\n\t\t\t\t\t\t\t<\/div> \n\t\t\t\n        \n\t\t\t\t<div id=\"ngg-image-17\" class=\"ngg-gallery-thumbnail-box\" >\n\t\t\t\t        <div class=\"ngg-gallery-thumbnail\">\n            <a href=\"https:\/\/kontesadora.hr\/stara\/wp-content\/gallery\/gostovanje-tamburaskog-orkestra-12-02-2018-zupanja-51-sokacko-sijelo\/DSC00936.jpg\"\n               title=\"\"\n               data-src=\"https:\/\/kontesadora.hr\/stara\/wp-content\/gallery\/gostovanje-tamburaskog-orkestra-12-02-2018-zupanja-51-sokacko-sijelo\/DSC00936.jpg\"\n               data-thumbnail=\"https:\/\/kontesadora.hr\/stara\/wp-content\/gallery\/gostovanje-tamburaskog-orkestra-12-02-2018-zupanja-51-sokacko-sijelo\/thumbs\/thumbs_DSC00936.jpg\"\n               data-image-id=\"4373\"\n               data-title=\"DSC00936\"\n               data-description=\"\"\n               data-image-slug=\"dsc00936\"\n               class=\"shutterset_f8ad786b280f5076ea4723e4d95e2e04\">\n                <img\n                    title=\"DSC00936\"\n                    alt=\"DSC00936\"\n                    src=\"https:\/\/kontesadora.hr\/stara\/wp-content\/gallery\/gostovanje-tamburaskog-orkestra-12-02-2018-zupanja-51-sokacko-sijelo\/thumbs\/thumbs_DSC00936.jpg\"\n                    width=\"100\"\n                    height=\"75\"\n                    style=\"max-width:100%;\"\n                \/>\n            <\/a>\n        <\/div>\n\t\t\t\t\t\t\t<\/div> \n\t\t\t\n        \n\t\t\t\t<div id=\"ngg-image-18\" class=\"ngg-gallery-thumbnail-box\" >\n\t\t\t\t        <div class=\"ngg-gallery-thumbnail\">\n            <a href=\"https:\/\/kontesadora.hr\/stara\/wp-content\/gallery\/gostovanje-tamburaskog-orkestra-12-02-2018-zupanja-51-sokacko-sijelo\/%C5%BDUPANJA-2018.-%C5%BEuti-jaglac.jpg\"\n               title=\"\"\n               data-src=\"https:\/\/kontesadora.hr\/stara\/wp-content\/gallery\/gostovanje-tamburaskog-orkestra-12-02-2018-zupanja-51-sokacko-sijelo\/%C5%BDUPANJA-2018.-%C5%BEuti-jaglac.jpg\"\n               data-thumbnail=\"https:\/\/kontesadora.hr\/stara\/wp-content\/gallery\/gostovanje-tamburaskog-orkestra-12-02-2018-zupanja-51-sokacko-sijelo\/thumbs\/thumbs_%C5%BDUPANJA-2018.-%C5%BEuti-jaglac.jpg\"\n               data-image-id=\"4409\"\n               data-title=\"\u017dUPANJA 2018. \u017euti jaglac\"\n               data-description=\"\"\n               data-image-slug=\"%c5%beupanja-2018-%c5%beuti-jaglac\"\n               class=\"shutterset_f8ad786b280f5076ea4723e4d95e2e04\">\n                <img\n                    title=\"\u017dUPANJA 2018. \u017euti jaglac\"\n                    alt=\"\u017dUPANJA 2018. \u017euti jaglac\"\n                    src=\"https:\/\/kontesadora.hr\/stara\/wp-content\/gallery\/gostovanje-tamburaskog-orkestra-12-02-2018-zupanja-51-sokacko-sijelo\/thumbs\/thumbs_%C5%BDUPANJA-2018.-%C5%BEuti-jaglac.jpg\"\n                    width=\"100\"\n                    height=\"75\"\n                    style=\"max-width:100%;\"\n                \/>\n            <\/a>\n        <\/div>\n\t\t\t\t\t\t\t<\/div> \n\t\t\t\n        \n\t\t\t\t<div id=\"ngg-image-19\" class=\"ngg-gallery-thumbnail-box\" >\n\t\t\t\t        <div class=\"ngg-gallery-thumbnail\">\n            <a href=\"https:\/\/kontesadora.hr\/stara\/wp-content\/gallery\/gostovanje-tamburaskog-orkestra-12-02-2018-zupanja-51-sokacko-sijelo\/%C5%BDUPANJA-2018.-Robert-Dudjak-2.jpg\"\n               title=\"\"\n               data-src=\"https:\/\/kontesadora.hr\/stara\/wp-content\/gallery\/gostovanje-tamburaskog-orkestra-12-02-2018-zupanja-51-sokacko-sijelo\/%C5%BDUPANJA-2018.-Robert-Dudjak-2.jpg\"\n               data-thumbnail=\"https:\/\/kontesadora.hr\/stara\/wp-content\/gallery\/gostovanje-tamburaskog-orkestra-12-02-2018-zupanja-51-sokacko-sijelo\/thumbs\/thumbs_%C5%BDUPANJA-2018.-Robert-Dudjak-2.jpg\"\n               data-image-id=\"4401\"\n               data-title=\"\u017dUPANJA 2018. Robert Dudjak 2\"\n               data-description=\"\"\n               data-image-slug=\"%c5%beupanja-2018-robert-dudjak-2\"\n               class=\"shutterset_f8ad786b280f5076ea4723e4d95e2e04\">\n                <img\n                    title=\"\u017dUPANJA 2018. Robert Dudjak 2\"\n                    alt=\"\u017dUPANJA 2018. Robert Dudjak 2\"\n                    src=\"https:\/\/kontesadora.hr\/stara\/wp-content\/gallery\/gostovanje-tamburaskog-orkestra-12-02-2018-zupanja-51-sokacko-sijelo\/thumbs\/thumbs_%C5%BDUPANJA-2018.-Robert-Dudjak-2.jpg\"\n                    width=\"100\"\n                    height=\"75\"\n                    style=\"max-width:100%;\"\n                \/>\n            <\/a>\n        <\/div>\n\t\t\t\t\t\t\t<\/div> \n\t\t\t\n        \n\t\t\n\t\t<!-- Pagination -->\n\t<div class='ngg-navigation'><span class='current'>1<\/span>\n<a class='page-numbers' data-pageid='2' href='https:\/\/kontesadora.hr\/stara\/galerija\/nggallery\/page\/2'>2<\/a>\n<a class='page-numbers' data-pageid='3' href='https:\/\/kontesadora.hr\/stara\/galerija\/nggallery\/page\/3'>3<\/a>\n<a class='prev' href='https:\/\/kontesadora.hr\/stara\/galerija\/nggallery\/page\/2' data-pageid=2>&#9658;<\/a><\/div>\t<\/div>\n&nbsp;<u>Gostovanje tambura\u0161kog orkestra, 12.02.2018. \u017dupanja, 51. \u0160OKA\u010cKO SIJELO<\/u><\/p>\n<!-- index.php -->\n<div\n\tclass=\"ngg-galleryoverview ngg-ajax-pagination-none\"\n\tid=\"ngg-gallery-433d7840fc171ea3935cb718aa89c0dc-1\">\n\n    \t<div class=\"slideshowlink\">\n        <a href='https:\/\/kontesadora.hr\/stara\/galerija\/nggallery\/slideshow'>[Show as slideshow]<\/a>\n\t\t\n\t<\/div>\n\t\t\t<!-- Thumbnails -->\n\t\t\t\t<div id=\"ngg-image-0\" class=\"ngg-gallery-thumbnail-box\" >\n\t\t\t\t        <div class=\"ngg-gallery-thumbnail\">\n            <a href=\"https:\/\/kontesadora.hr\/stara\/wp-content\/gallery\/1-bozicni-koncert-ucenika-ogs-kontesa-dora15-12-2017\/DSC_3523.JPG\"\n               title=\"\"\n               data-src=\"https:\/\/kontesadora.hr\/stara\/wp-content\/gallery\/1-bozicni-koncert-ucenika-ogs-kontesa-dora15-12-2017\/DSC_3523.JPG\"\n               data-thumbnail=\"https:\/\/kontesadora.hr\/stara\/wp-content\/gallery\/1-bozicni-koncert-ucenika-ogs-kontesa-dora15-12-2017\/thumbs\/thumbs_DSC_3523.JPG\"\n               data-image-id=\"4315\"\n               data-title=\"DSC_3523\"\n               data-description=\"\"\n               data-image-slug=\"dsc_3523\"\n               class=\"shutterset_433d7840fc171ea3935cb718aa89c0dc\">\n                <img\n                    title=\"DSC_3523\"\n                    alt=\"DSC_3523\"\n                    src=\"https:\/\/kontesadora.hr\/stara\/wp-content\/gallery\/1-bozicni-koncert-ucenika-ogs-kontesa-dora15-12-2017\/thumbs\/thumbs_DSC_3523.JPG\"\n                    width=\"100\"\n                    height=\"75\"\n                    style=\"max-width:100%;\"\n                \/>\n            <\/a>\n        <\/div>\n\t\t\t\t\t\t\t<\/div> \n\t\t\t\n        \n\t\t\t\t<div id=\"ngg-image-1\" class=\"ngg-gallery-thumbnail-box\" >\n\t\t\t\t        <div class=\"ngg-gallery-thumbnail\">\n            <a href=\"https:\/\/kontesadora.hr\/stara\/wp-content\/gallery\/1-bozicni-koncert-ucenika-ogs-kontesa-dora15-12-2017\/DSC_3521.JPG\"\n               title=\"\"\n               data-src=\"https:\/\/kontesadora.hr\/stara\/wp-content\/gallery\/1-bozicni-koncert-ucenika-ogs-kontesa-dora15-12-2017\/DSC_3521.JPG\"\n               data-thumbnail=\"https:\/\/kontesadora.hr\/stara\/wp-content\/gallery\/1-bozicni-koncert-ucenika-ogs-kontesa-dora15-12-2017\/thumbs\/thumbs_DSC_3521.JPG\"\n               data-image-id=\"4314\"\n               data-title=\"DSC_3521\"\n               data-description=\"\"\n               data-image-slug=\"dsc_3521\"\n               class=\"shutterset_433d7840fc171ea3935cb718aa89c0dc\">\n                <img\n                    title=\"DSC_3521\"\n                    alt=\"DSC_3521\"\n                    src=\"https:\/\/kontesadora.hr\/stara\/wp-content\/gallery\/1-bozicni-koncert-ucenika-ogs-kontesa-dora15-12-2017\/thumbs\/thumbs_DSC_3521.JPG\"\n                    width=\"100\"\n                    height=\"75\"\n                    style=\"max-width:100%;\"\n                \/>\n            <\/a>\n        <\/div>\n\t\t\t\t\t\t\t<\/div> \n\t\t\t\n        \n\t\t\t\t<div id=\"ngg-image-2\" class=\"ngg-gallery-thumbnail-box\" >\n\t\t\t\t        <div class=\"ngg-gallery-thumbnail\">\n            <a href=\"https:\/\/kontesadora.hr\/stara\/wp-content\/gallery\/1-bozicni-koncert-ucenika-ogs-kontesa-dora15-12-2017\/DSC_3517.JPG\"\n               title=\"\"\n               data-src=\"https:\/\/kontesadora.hr\/stara\/wp-content\/gallery\/1-bozicni-koncert-ucenika-ogs-kontesa-dora15-12-2017\/DSC_3517.JPG\"\n               data-thumbnail=\"https:\/\/kontesadora.hr\/stara\/wp-content\/gallery\/1-bozicni-koncert-ucenika-ogs-kontesa-dora15-12-2017\/thumbs\/thumbs_DSC_3517.JPG\"\n               data-image-id=\"4313\"\n               data-title=\"DSC_3517\"\n               data-description=\"\"\n               data-image-slug=\"dsc_3517\"\n               class=\"shutterset_433d7840fc171ea3935cb718aa89c0dc\">\n                <img\n                    title=\"DSC_3517\"\n                    alt=\"DSC_3517\"\n                    src=\"https:\/\/kontesadora.hr\/stara\/wp-content\/gallery\/1-bozicni-koncert-ucenika-ogs-kontesa-dora15-12-2017\/thumbs\/thumbs_DSC_3517.JPG\"\n                    width=\"100\"\n                    height=\"75\"\n                    style=\"max-width:100%;\"\n                \/>\n            <\/a>\n        <\/div>\n\t\t\t\t\t\t\t<\/div> \n\t\t\t\n        \n\t\t\t\t<div id=\"ngg-image-3\" class=\"ngg-gallery-thumbnail-box\" >\n\t\t\t\t        <div class=\"ngg-gallery-thumbnail\">\n            <a href=\"https:\/\/kontesadora.hr\/stara\/wp-content\/gallery\/1-bozicni-koncert-ucenika-ogs-kontesa-dora15-12-2017\/DSC_3515.JPG\"\n               title=\"\"\n               data-src=\"https:\/\/kontesadora.hr\/stara\/wp-content\/gallery\/1-bozicni-koncert-ucenika-ogs-kontesa-dora15-12-2017\/DSC_3515.JPG\"\n               data-thumbnail=\"https:\/\/kontesadora.hr\/stara\/wp-content\/gallery\/1-bozicni-koncert-ucenika-ogs-kontesa-dora15-12-2017\/thumbs\/thumbs_DSC_3515.JPG\"\n               data-image-id=\"4312\"\n               data-title=\"DSC_3515\"\n               data-description=\"\"\n               data-image-slug=\"dsc_3515\"\n               class=\"shutterset_433d7840fc171ea3935cb718aa89c0dc\">\n                <img\n                    title=\"DSC_3515\"\n                    alt=\"DSC_3515\"\n                    src=\"https:\/\/kontesadora.hr\/stara\/wp-content\/gallery\/1-bozicni-koncert-ucenika-ogs-kontesa-dora15-12-2017\/thumbs\/thumbs_DSC_3515.JPG\"\n                    width=\"100\"\n                    height=\"75\"\n                    style=\"max-width:100%;\"\n                \/>\n            <\/a>\n        <\/div>\n\t\t\t\t\t\t\t<\/div> \n\t\t\t\n        \n\t\t\t\t<div id=\"ngg-image-4\" class=\"ngg-gallery-thumbnail-box\" >\n\t\t\t\t        <div class=\"ngg-gallery-thumbnail\">\n            <a href=\"https:\/\/kontesadora.hr\/stara\/wp-content\/gallery\/1-bozicni-koncert-ucenika-ogs-kontesa-dora15-12-2017\/DSC_3512.JPG\"\n               title=\"\"\n               data-src=\"https:\/\/kontesadora.hr\/stara\/wp-content\/gallery\/1-bozicni-koncert-ucenika-ogs-kontesa-dora15-12-2017\/DSC_3512.JPG\"\n               data-thumbnail=\"https:\/\/kontesadora.hr\/stara\/wp-content\/gallery\/1-bozicni-koncert-ucenika-ogs-kontesa-dora15-12-2017\/thumbs\/thumbs_DSC_3512.JPG\"\n               data-image-id=\"4311\"\n               data-title=\"DSC_3512\"\n               data-description=\"\"\n               data-image-slug=\"dsc_3512\"\n               class=\"shutterset_433d7840fc171ea3935cb718aa89c0dc\">\n                <img\n                    title=\"DSC_3512\"\n                    alt=\"DSC_3512\"\n                    src=\"https:\/\/kontesadora.hr\/stara\/wp-content\/gallery\/1-bozicni-koncert-ucenika-ogs-kontesa-dora15-12-2017\/thumbs\/thumbs_DSC_3512.JPG\"\n                    width=\"100\"\n                    height=\"75\"\n                    style=\"max-width:100%;\"\n                \/>\n            <\/a>\n        <\/div>\n\t\t\t\t\t\t\t<\/div> \n\t\t\t\n        \n\t\t\t\t<div id=\"ngg-image-5\" class=\"ngg-gallery-thumbnail-box\" >\n\t\t\t\t        <div class=\"ngg-gallery-thumbnail\">\n            <a href=\"https:\/\/kontesadora.hr\/stara\/wp-content\/gallery\/1-bozicni-koncert-ucenika-ogs-kontesa-dora15-12-2017\/DSC_3510.JPG\"\n               title=\"\"\n               data-src=\"https:\/\/kontesadora.hr\/stara\/wp-content\/gallery\/1-bozicni-koncert-ucenika-ogs-kontesa-dora15-12-2017\/DSC_3510.JPG\"\n               data-thumbnail=\"https:\/\/kontesadora.hr\/stara\/wp-content\/gallery\/1-bozicni-koncert-ucenika-ogs-kontesa-dora15-12-2017\/thumbs\/thumbs_DSC_3510.JPG\"\n               data-image-id=\"4310\"\n               data-title=\"DSC_3510\"\n               data-description=\"\"\n               data-image-slug=\"dsc_3510\"\n               class=\"shutterset_433d7840fc171ea3935cb718aa89c0dc\">\n                <img\n                    title=\"DSC_3510\"\n                    alt=\"DSC_3510\"\n                    src=\"https:\/\/kontesadora.hr\/stara\/wp-content\/gallery\/1-bozicni-koncert-ucenika-ogs-kontesa-dora15-12-2017\/thumbs\/thumbs_DSC_3510.JPG\"\n                    width=\"100\"\n                    height=\"75\"\n                    style=\"max-width:100%;\"\n                \/>\n            <\/a>\n        <\/div>\n\t\t\t\t\t\t\t<\/div> \n\t\t\t\n        \n\t\t\t\t<div id=\"ngg-image-6\" class=\"ngg-gallery-thumbnail-box\" >\n\t\t\t\t        <div class=\"ngg-gallery-thumbnail\">\n            <a href=\"https:\/\/kontesadora.hr\/stara\/wp-content\/gallery\/1-bozicni-koncert-ucenika-ogs-kontesa-dora15-12-2017\/DSC_3508.JPG\"\n               title=\"\"\n               data-src=\"https:\/\/kontesadora.hr\/stara\/wp-content\/gallery\/1-bozicni-koncert-ucenika-ogs-kontesa-dora15-12-2017\/DSC_3508.JPG\"\n               data-thumbnail=\"https:\/\/kontesadora.hr\/stara\/wp-content\/gallery\/1-bozicni-koncert-ucenika-ogs-kontesa-dora15-12-2017\/thumbs\/thumbs_DSC_3508.JPG\"\n               data-image-id=\"4309\"\n               data-title=\"DSC_3508\"\n               data-description=\"\"\n               data-image-slug=\"dsc_3508\"\n               class=\"shutterset_433d7840fc171ea3935cb718aa89c0dc\">\n                <img\n                    title=\"DSC_3508\"\n                    alt=\"DSC_3508\"\n                    src=\"https:\/\/kontesadora.hr\/stara\/wp-content\/gallery\/1-bozicni-koncert-ucenika-ogs-kontesa-dora15-12-2017\/thumbs\/thumbs_DSC_3508.JPG\"\n                    width=\"100\"\n                    height=\"75\"\n                    style=\"max-width:100%;\"\n                \/>\n            <\/a>\n        <\/div>\n\t\t\t\t\t\t\t<\/div> \n\t\t\t\n        \n\t\t\t\t<div id=\"ngg-image-7\" class=\"ngg-gallery-thumbnail-box\" >\n\t\t\t\t        <div class=\"ngg-gallery-thumbnail\">\n            <a href=\"https:\/\/kontesadora.hr\/stara\/wp-content\/gallery\/1-bozicni-koncert-ucenika-ogs-kontesa-dora15-12-2017\/DSC_3557.JPG\"\n               title=\"\"\n               data-src=\"https:\/\/kontesadora.hr\/stara\/wp-content\/gallery\/1-bozicni-koncert-ucenika-ogs-kontesa-dora15-12-2017\/DSC_3557.JPG\"\n               data-thumbnail=\"https:\/\/kontesadora.hr\/stara\/wp-content\/gallery\/1-bozicni-koncert-ucenika-ogs-kontesa-dora15-12-2017\/thumbs\/thumbs_DSC_3557.JPG\"\n               data-image-id=\"4325\"\n               data-title=\"DSC_3557\"\n               data-description=\"\"\n               data-image-slug=\"dsc_3557\"\n               class=\"shutterset_433d7840fc171ea3935cb718aa89c0dc\">\n                <img\n                    title=\"DSC_3557\"\n                    alt=\"DSC_3557\"\n                    src=\"https:\/\/kontesadora.hr\/stara\/wp-content\/gallery\/1-bozicni-koncert-ucenika-ogs-kontesa-dora15-12-2017\/thumbs\/thumbs_DSC_3557.JPG\"\n                    width=\"100\"\n                    height=\"75\"\n                    style=\"max-width:100%;\"\n                \/>\n            <\/a>\n        <\/div>\n\t\t\t\t\t\t\t<\/div> \n\t\t\t\n        \n\t\t\t\t<div id=\"ngg-image-8\" class=\"ngg-gallery-thumbnail-box\" >\n\t\t\t\t        <div class=\"ngg-gallery-thumbnail\">\n            <a href=\"https:\/\/kontesadora.hr\/stara\/wp-content\/gallery\/1-bozicni-koncert-ucenika-ogs-kontesa-dora15-12-2017\/DSC_3555.JPG\"\n               title=\"\"\n               data-src=\"https:\/\/kontesadora.hr\/stara\/wp-content\/gallery\/1-bozicni-koncert-ucenika-ogs-kontesa-dora15-12-2017\/DSC_3555.JPG\"\n               data-thumbnail=\"https:\/\/kontesadora.hr\/stara\/wp-content\/gallery\/1-bozicni-koncert-ucenika-ogs-kontesa-dora15-12-2017\/thumbs\/thumbs_DSC_3555.JPG\"\n               data-image-id=\"4324\"\n               data-title=\"DSC_3555\"\n               data-description=\"\"\n               data-image-slug=\"dsc_3555\"\n               class=\"shutterset_433d7840fc171ea3935cb718aa89c0dc\">\n                <img\n                    title=\"DSC_3555\"\n                    alt=\"DSC_3555\"\n                    src=\"https:\/\/kontesadora.hr\/stara\/wp-content\/gallery\/1-bozicni-koncert-ucenika-ogs-kontesa-dora15-12-2017\/thumbs\/thumbs_DSC_3555.JPG\"\n                    width=\"100\"\n                    height=\"75\"\n                    style=\"max-width:100%;\"\n                \/>\n            <\/a>\n        <\/div>\n\t\t\t\t\t\t\t<\/div> \n\t\t\t\n        \n\t\t\t\t<div id=\"ngg-image-9\" class=\"ngg-gallery-thumbnail-box\" >\n\t\t\t\t        <div class=\"ngg-gallery-thumbnail\">\n            <a href=\"https:\/\/kontesadora.hr\/stara\/wp-content\/gallery\/1-bozicni-koncert-ucenika-ogs-kontesa-dora15-12-2017\/DSC_3507.JPG\"\n               title=\"\"\n               data-src=\"https:\/\/kontesadora.hr\/stara\/wp-content\/gallery\/1-bozicni-koncert-ucenika-ogs-kontesa-dora15-12-2017\/DSC_3507.JPG\"\n               data-thumbnail=\"https:\/\/kontesadora.hr\/stara\/wp-content\/gallery\/1-bozicni-koncert-ucenika-ogs-kontesa-dora15-12-2017\/thumbs\/thumbs_DSC_3507.JPG\"\n               data-image-id=\"4308\"\n               data-title=\"DSC_3507\"\n               data-description=\"\"\n               data-image-slug=\"dsc_3507\"\n               class=\"shutterset_433d7840fc171ea3935cb718aa89c0dc\">\n                <img\n                    title=\"DSC_3507\"\n                    alt=\"DSC_3507\"\n                    src=\"https:\/\/kontesadora.hr\/stara\/wp-content\/gallery\/1-bozicni-koncert-ucenika-ogs-kontesa-dora15-12-2017\/thumbs\/thumbs_DSC_3507.JPG\"\n                    width=\"100\"\n                    height=\"75\"\n                    style=\"max-width:100%;\"\n                \/>\n            <\/a>\n        <\/div>\n\t\t\t\t\t\t\t<\/div> \n\t\t\t\n        \n\t\t\t\t<div id=\"ngg-image-10\" class=\"ngg-gallery-thumbnail-box\" >\n\t\t\t\t        <div class=\"ngg-gallery-thumbnail\">\n            <a href=\"https:\/\/kontesadora.hr\/stara\/wp-content\/gallery\/1-bozicni-koncert-ucenika-ogs-kontesa-dora15-12-2017\/DSC_3500.JPG\"\n               title=\"\"\n               data-src=\"https:\/\/kontesadora.hr\/stara\/wp-content\/gallery\/1-bozicni-koncert-ucenika-ogs-kontesa-dora15-12-2017\/DSC_3500.JPG\"\n               data-thumbnail=\"https:\/\/kontesadora.hr\/stara\/wp-content\/gallery\/1-bozicni-koncert-ucenika-ogs-kontesa-dora15-12-2017\/thumbs\/thumbs_DSC_3500.JPG\"\n               data-image-id=\"4307\"\n               data-title=\"DSC_3500\"\n               data-description=\"\"\n               data-image-slug=\"dsc_3500\"\n               class=\"shutterset_433d7840fc171ea3935cb718aa89c0dc\">\n                <img\n                    title=\"DSC_3500\"\n                    alt=\"DSC_3500\"\n                    src=\"https:\/\/kontesadora.hr\/stara\/wp-content\/gallery\/1-bozicni-koncert-ucenika-ogs-kontesa-dora15-12-2017\/thumbs\/thumbs_DSC_3500.JPG\"\n                    width=\"100\"\n                    height=\"75\"\n                    style=\"max-width:100%;\"\n                \/>\n            <\/a>\n        <\/div>\n\t\t\t\t\t\t\t<\/div> \n\t\t\t\n        \n\t\t\t\t<div id=\"ngg-image-11\" class=\"ngg-gallery-thumbnail-box\" >\n\t\t\t\t        <div class=\"ngg-gallery-thumbnail\">\n            <a href=\"https:\/\/kontesadora.hr\/stara\/wp-content\/gallery\/1-bozicni-koncert-ucenika-ogs-kontesa-dora15-12-2017\/DSC_3498.JPG\"\n               title=\"\"\n               data-src=\"https:\/\/kontesadora.hr\/stara\/wp-content\/gallery\/1-bozicni-koncert-ucenika-ogs-kontesa-dora15-12-2017\/DSC_3498.JPG\"\n               data-thumbnail=\"https:\/\/kontesadora.hr\/stara\/wp-content\/gallery\/1-bozicni-koncert-ucenika-ogs-kontesa-dora15-12-2017\/thumbs\/thumbs_DSC_3498.JPG\"\n               data-image-id=\"4306\"\n               data-title=\"DSC_3498\"\n               data-description=\"\"\n               data-image-slug=\"dsc_3498\"\n               class=\"shutterset_433d7840fc171ea3935cb718aa89c0dc\">\n                <img\n                    title=\"DSC_3498\"\n                    alt=\"DSC_3498\"\n                    src=\"https:\/\/kontesadora.hr\/stara\/wp-content\/gallery\/1-bozicni-koncert-ucenika-ogs-kontesa-dora15-12-2017\/thumbs\/thumbs_DSC_3498.JPG\"\n                    width=\"100\"\n                    height=\"75\"\n                    style=\"max-width:100%;\"\n                \/>\n            <\/a>\n        <\/div>\n\t\t\t\t\t\t\t<\/div> \n\t\t\t\n        \n\t\t\t\t<div id=\"ngg-image-12\" class=\"ngg-gallery-thumbnail-box\" >\n\t\t\t\t        <div class=\"ngg-gallery-thumbnail\">\n            <a href=\"https:\/\/kontesadora.hr\/stara\/wp-content\/gallery\/1-bozicni-koncert-ucenika-ogs-kontesa-dora15-12-2017\/DSC_3496.JPG\"\n               title=\"\"\n               data-src=\"https:\/\/kontesadora.hr\/stara\/wp-content\/gallery\/1-bozicni-koncert-ucenika-ogs-kontesa-dora15-12-2017\/DSC_3496.JPG\"\n               data-thumbnail=\"https:\/\/kontesadora.hr\/stara\/wp-content\/gallery\/1-bozicni-koncert-ucenika-ogs-kontesa-dora15-12-2017\/thumbs\/thumbs_DSC_3496.JPG\"\n               data-image-id=\"4305\"\n               data-title=\"DSC_3496\"\n               data-description=\"\"\n               data-image-slug=\"dsc_3496\"\n               class=\"shutterset_433d7840fc171ea3935cb718aa89c0dc\">\n                <img\n                    title=\"DSC_3496\"\n                    alt=\"DSC_3496\"\n                    src=\"https:\/\/kontesadora.hr\/stara\/wp-content\/gallery\/1-bozicni-koncert-ucenika-ogs-kontesa-dora15-12-2017\/thumbs\/thumbs_DSC_3496.JPG\"\n                    width=\"100\"\n                    height=\"75\"\n                    style=\"max-width:100%;\"\n                \/>\n            <\/a>\n        <\/div>\n\t\t\t\t\t\t\t<\/div> \n\t\t\t\n        \n\t\t\t\t<div id=\"ngg-image-13\" class=\"ngg-gallery-thumbnail-box\" >\n\t\t\t\t        <div class=\"ngg-gallery-thumbnail\">\n            <a href=\"https:\/\/kontesadora.hr\/stara\/wp-content\/gallery\/1-bozicni-koncert-ucenika-ogs-kontesa-dora15-12-2017\/DSC_3493.JPG\"\n               title=\"\"\n               data-src=\"https:\/\/kontesadora.hr\/stara\/wp-content\/gallery\/1-bozicni-koncert-ucenika-ogs-kontesa-dora15-12-2017\/DSC_3493.JPG\"\n               data-thumbnail=\"https:\/\/kontesadora.hr\/stara\/wp-content\/gallery\/1-bozicni-koncert-ucenika-ogs-kontesa-dora15-12-2017\/thumbs\/thumbs_DSC_3493.JPG\"\n               data-image-id=\"4304\"\n               data-title=\"DSC_3493\"\n               data-description=\"\"\n               data-image-slug=\"dsc_3493\"\n               class=\"shutterset_433d7840fc171ea3935cb718aa89c0dc\">\n                <img\n                    title=\"DSC_3493\"\n                    alt=\"DSC_3493\"\n                    src=\"https:\/\/kontesadora.hr\/stara\/wp-content\/gallery\/1-bozicni-koncert-ucenika-ogs-kontesa-dora15-12-2017\/thumbs\/thumbs_DSC_3493.JPG\"\n                    width=\"100\"\n                    height=\"75\"\n                    style=\"max-width:100%;\"\n                \/>\n            <\/a>\n        <\/div>\n\t\t\t\t\t\t\t<\/div> \n\t\t\t\n        \n\t\t\t\t<div id=\"ngg-image-14\" class=\"ngg-gallery-thumbnail-box\" >\n\t\t\t\t        <div class=\"ngg-gallery-thumbnail\">\n            <a href=\"https:\/\/kontesadora.hr\/stara\/wp-content\/gallery\/1-bozicni-koncert-ucenika-ogs-kontesa-dora15-12-2017\/DSC_3488.JPG\"\n               title=\"\"\n               data-src=\"https:\/\/kontesadora.hr\/stara\/wp-content\/gallery\/1-bozicni-koncert-ucenika-ogs-kontesa-dora15-12-2017\/DSC_3488.JPG\"\n               data-thumbnail=\"https:\/\/kontesadora.hr\/stara\/wp-content\/gallery\/1-bozicni-koncert-ucenika-ogs-kontesa-dora15-12-2017\/thumbs\/thumbs_DSC_3488.JPG\"\n               data-image-id=\"4303\"\n               data-title=\"DSC_3488\"\n               data-description=\"\"\n               data-image-slug=\"dsc_3488\"\n               class=\"shutterset_433d7840fc171ea3935cb718aa89c0dc\">\n                <img\n                    title=\"DSC_3488\"\n                    alt=\"DSC_3488\"\n                    src=\"https:\/\/kontesadora.hr\/stara\/wp-content\/gallery\/1-bozicni-koncert-ucenika-ogs-kontesa-dora15-12-2017\/thumbs\/thumbs_DSC_3488.JPG\"\n                    width=\"100\"\n                    height=\"75\"\n                    style=\"max-width:100%;\"\n                \/>\n            <\/a>\n        <\/div>\n\t\t\t\t\t\t\t<\/div> \n\t\t\t\n        \n\t\t\t\t<div id=\"ngg-image-15\" class=\"ngg-gallery-thumbnail-box\" >\n\t\t\t\t        <div class=\"ngg-gallery-thumbnail\">\n            <a href=\"https:\/\/kontesadora.hr\/stara\/wp-content\/gallery\/1-bozicni-koncert-ucenika-ogs-kontesa-dora15-12-2017\/DSC_3544.JPG\"\n               title=\"\"\n               data-src=\"https:\/\/kontesadora.hr\/stara\/wp-content\/gallery\/1-bozicni-koncert-ucenika-ogs-kontesa-dora15-12-2017\/DSC_3544.JPG\"\n               data-thumbnail=\"https:\/\/kontesadora.hr\/stara\/wp-content\/gallery\/1-bozicni-koncert-ucenika-ogs-kontesa-dora15-12-2017\/thumbs\/thumbs_DSC_3544.JPG\"\n               data-image-id=\"4323\"\n               data-title=\"DSC_3544\"\n               data-description=\"\"\n               data-image-slug=\"dsc_3544\"\n               class=\"shutterset_433d7840fc171ea3935cb718aa89c0dc\">\n                <img\n                    title=\"DSC_3544\"\n                    alt=\"DSC_3544\"\n                    src=\"https:\/\/kontesadora.hr\/stara\/wp-content\/gallery\/1-bozicni-koncert-ucenika-ogs-kontesa-dora15-12-2017\/thumbs\/thumbs_DSC_3544.JPG\"\n                    width=\"100\"\n                    height=\"75\"\n                    style=\"max-width:100%;\"\n                \/>\n            <\/a>\n        <\/div>\n\t\t\t\t\t\t\t<\/div> \n\t\t\t\n        \n\t\t\t\t<div id=\"ngg-image-16\" class=\"ngg-gallery-thumbnail-box\" >\n\t\t\t\t        <div class=\"ngg-gallery-thumbnail\">\n            <a href=\"https:\/\/kontesadora.hr\/stara\/wp-content\/gallery\/1-bozicni-koncert-ucenika-ogs-kontesa-dora15-12-2017\/DSC_3484.JPG\"\n               title=\"\"\n               data-src=\"https:\/\/kontesadora.hr\/stara\/wp-content\/gallery\/1-bozicni-koncert-ucenika-ogs-kontesa-dora15-12-2017\/DSC_3484.JPG\"\n               data-thumbnail=\"https:\/\/kontesadora.hr\/stara\/wp-content\/gallery\/1-bozicni-koncert-ucenika-ogs-kontesa-dora15-12-2017\/thumbs\/thumbs_DSC_3484.JPG\"\n               data-image-id=\"4302\"\n               data-title=\"DSC_3484\"\n               data-description=\"\"\n               data-image-slug=\"dsc_3484\"\n               class=\"shutterset_433d7840fc171ea3935cb718aa89c0dc\">\n                <img\n                    title=\"DSC_3484\"\n                    alt=\"DSC_3484\"\n                    src=\"https:\/\/kontesadora.hr\/stara\/wp-content\/gallery\/1-bozicni-koncert-ucenika-ogs-kontesa-dora15-12-2017\/thumbs\/thumbs_DSC_3484.JPG\"\n                    width=\"100\"\n                    height=\"75\"\n                    style=\"max-width:100%;\"\n                \/>\n            <\/a>\n        <\/div>\n\t\t\t\t\t\t\t<\/div> \n\t\t\t\n        \n\t\t\t\t<div id=\"ngg-image-17\" class=\"ngg-gallery-thumbnail-box\" >\n\t\t\t\t        <div class=\"ngg-gallery-thumbnail\">\n            <a href=\"https:\/\/kontesadora.hr\/stara\/wp-content\/gallery\/1-bozicni-koncert-ucenika-ogs-kontesa-dora15-12-2017\/DSC_3480.JPG\"\n               title=\"\"\n               data-src=\"https:\/\/kontesadora.hr\/stara\/wp-content\/gallery\/1-bozicni-koncert-ucenika-ogs-kontesa-dora15-12-2017\/DSC_3480.JPG\"\n               data-thumbnail=\"https:\/\/kontesadora.hr\/stara\/wp-content\/gallery\/1-bozicni-koncert-ucenika-ogs-kontesa-dora15-12-2017\/thumbs\/thumbs_DSC_3480.JPG\"\n               data-image-id=\"4301\"\n               data-title=\"DSC_3480\"\n               data-description=\"\"\n               data-image-slug=\"dsc_3480\"\n               class=\"shutterset_433d7840fc171ea3935cb718aa89c0dc\">\n                <img\n                    title=\"DSC_3480\"\n                    alt=\"DSC_3480\"\n                    src=\"https:\/\/kontesadora.hr\/stara\/wp-content\/gallery\/1-bozicni-koncert-ucenika-ogs-kontesa-dora15-12-2017\/thumbs\/thumbs_DSC_3480.JPG\"\n                    width=\"100\"\n                    height=\"75\"\n                    style=\"max-width:100%;\"\n                \/>\n            <\/a>\n        <\/div>\n\t\t\t\t\t\t\t<\/div> \n\t\t\t\n        \n\t\t\t\t<div id=\"ngg-image-18\" class=\"ngg-gallery-thumbnail-box\" >\n\t\t\t\t        <div class=\"ngg-gallery-thumbnail\">\n            <a href=\"https:\/\/kontesadora.hr\/stara\/wp-content\/gallery\/1-bozicni-koncert-ucenika-ogs-kontesa-dora15-12-2017\/DSC_3477.JPG\"\n               title=\"\"\n               data-src=\"https:\/\/kontesadora.hr\/stara\/wp-content\/gallery\/1-bozicni-koncert-ucenika-ogs-kontesa-dora15-12-2017\/DSC_3477.JPG\"\n               data-thumbnail=\"https:\/\/kontesadora.hr\/stara\/wp-content\/gallery\/1-bozicni-koncert-ucenika-ogs-kontesa-dora15-12-2017\/thumbs\/thumbs_DSC_3477.JPG\"\n               data-image-id=\"4300\"\n               data-title=\"DSC_3477\"\n               data-description=\"\"\n               data-image-slug=\"dsc_3477\"\n               class=\"shutterset_433d7840fc171ea3935cb718aa89c0dc\">\n                <img\n                    title=\"DSC_3477\"\n                    alt=\"DSC_3477\"\n                    src=\"https:\/\/kontesadora.hr\/stara\/wp-content\/gallery\/1-bozicni-koncert-ucenika-ogs-kontesa-dora15-12-2017\/thumbs\/thumbs_DSC_3477.JPG\"\n                    width=\"100\"\n                    height=\"75\"\n                    style=\"max-width:100%;\"\n                \/>\n            <\/a>\n        <\/div>\n\t\t\t\t\t\t\t<\/div> \n\t\t\t\n        \n\t\t\t\t<div id=\"ngg-image-19\" class=\"ngg-gallery-thumbnail-box\" >\n\t\t\t\t        <div class=\"ngg-gallery-thumbnail\">\n            <a href=\"https:\/\/kontesadora.hr\/stara\/wp-content\/gallery\/1-bozicni-koncert-ucenika-ogs-kontesa-dora15-12-2017\/DSC_3473.JPG\"\n               title=\"\"\n               data-src=\"https:\/\/kontesadora.hr\/stara\/wp-content\/gallery\/1-bozicni-koncert-ucenika-ogs-kontesa-dora15-12-2017\/DSC_3473.JPG\"\n               data-thumbnail=\"https:\/\/kontesadora.hr\/stara\/wp-content\/gallery\/1-bozicni-koncert-ucenika-ogs-kontesa-dora15-12-2017\/thumbs\/thumbs_DSC_3473.JPG\"\n               data-image-id=\"4299\"\n               data-title=\"DSC_3473\"\n               data-description=\"\"\n               data-image-slug=\"dsc_3473\"\n               class=\"shutterset_433d7840fc171ea3935cb718aa89c0dc\">\n                <img\n                    title=\"DSC_3473\"\n                    alt=\"DSC_3473\"\n                    src=\"https:\/\/kontesadora.hr\/stara\/wp-content\/gallery\/1-bozicni-koncert-ucenika-ogs-kontesa-dora15-12-2017\/thumbs\/thumbs_DSC_3473.JPG\"\n                    width=\"100\"\n                    height=\"75\"\n                    style=\"max-width:100%;\"\n                \/>\n            <\/a>\n        <\/div>\n\t\t\t\t\t\t\t<\/div> \n\t\t\t\n        \n\t\t\n\t\t<!-- Pagination -->\n\t<div class='ngg-navigation'><span class='current'>1<\/span>\n<a class='page-numbers' data-pageid='2' href='https:\/\/kontesadora.hr\/stara\/galerija\/nggallery\/page\/2'>2<\/a>\n<a class='prev' href='https:\/\/kontesadora.hr\/stara\/galerija\/nggallery\/page\/2' data-pageid=2>&#9658;<\/a><\/div>\t<\/div>\n&nbsp;1. BO\u017dI\u0106NI KONCERT U\u010cENIKA OG\u0160 Kontesa Dora,15.12.2017.&nbsp;<\/p>\n<!-- index.php -->\n<div\n\tclass=\"ngg-galleryoverview ngg-ajax-pagination-none\"\n\tid=\"ngg-gallery-3915dafdb21cbc0248435145f3a205f0-1\">\n\n    \t<div class=\"slideshowlink\">\n        <a href='https:\/\/kontesadora.hr\/stara\/galerija\/nggallery\/slideshow'>[Show as slideshow]<\/a>\n\t\t\n\t<\/div>\n\t\t\t<!-- Thumbnails -->\n\t\t\t\t<div id=\"ngg-image-0\" class=\"ngg-gallery-thumbnail-box\" >\n\t\t\t\t        <div class=\"ngg-gallery-thumbnail\">\n            <a href=\"https:\/\/kontesadora.hr\/stara\/wp-content\/gallery\/gostovali-smo-u-zagrebu-08-prosinca-2017-god\/ADVENT_-_Disney_on_Ice1.jpg\"\n               title=\"\"\n               data-src=\"https:\/\/kontesadora.hr\/stara\/wp-content\/gallery\/gostovali-smo-u-zagrebu-08-prosinca-2017-god\/ADVENT_-_Disney_on_Ice1.jpg\"\n               data-thumbnail=\"https:\/\/kontesadora.hr\/stara\/wp-content\/gallery\/gostovali-smo-u-zagrebu-08-prosinca-2017-god\/thumbs\/thumbs_ADVENT_-_Disney_on_Ice1.jpg\"\n               data-image-id=\"4268\"\n               data-title=\"dig\"\n               data-description=\"\"\n               data-image-slug=\"advent_-_disney_on_ice1\"\n               class=\"shutterset_3915dafdb21cbc0248435145f3a205f0\">\n                <img\n                    title=\"dig\"\n                    alt=\"dig\"\n                    src=\"https:\/\/kontesadora.hr\/stara\/wp-content\/gallery\/gostovali-smo-u-zagrebu-08-prosinca-2017-god\/thumbs\/thumbs_ADVENT_-_Disney_on_Ice1.jpg\"\n                    width=\"100\"\n                    height=\"75\"\n                    style=\"max-width:100%;\"\n                \/>\n            <\/a>\n        <\/div>\n\t\t\t\t\t\t\t<\/div> \n\t\t\t\n        \n\t\t\t\t<div id=\"ngg-image-1\" class=\"ngg-gallery-thumbnail-box\" >\n\t\t\t\t        <div class=\"ngg-gallery-thumbnail\">\n            <a href=\"https:\/\/kontesadora.hr\/stara\/wp-content\/gallery\/gostovali-smo-u-zagrebu-08-prosinca-2017-god\/ADVENT-_Disney_on_Ice1.jpg\"\n               title=\"\"\n               data-src=\"https:\/\/kontesadora.hr\/stara\/wp-content\/gallery\/gostovali-smo-u-zagrebu-08-prosinca-2017-god\/ADVENT-_Disney_on_Ice1.jpg\"\n               data-thumbnail=\"https:\/\/kontesadora.hr\/stara\/wp-content\/gallery\/gostovali-smo-u-zagrebu-08-prosinca-2017-god\/thumbs\/thumbs_ADVENT-_Disney_on_Ice1.jpg\"\n               data-image-id=\"4270\"\n               data-title=\"dig\"\n               data-description=\"\"\n               data-image-slug=\"advent-_disney_on_ice1\"\n               class=\"shutterset_3915dafdb21cbc0248435145f3a205f0\">\n                <img\n                    title=\"dig\"\n                    alt=\"dig\"\n                    src=\"https:\/\/kontesadora.hr\/stara\/wp-content\/gallery\/gostovali-smo-u-zagrebu-08-prosinca-2017-god\/thumbs\/thumbs_ADVENT-_Disney_on_Ice1.jpg\"\n                    width=\"100\"\n                    height=\"75\"\n                    style=\"max-width:100%;\"\n                \/>\n            <\/a>\n        <\/div>\n\t\t\t\t\t\t\t<\/div> \n\t\t\t\n        \n\t\t\t\t<div id=\"ngg-image-2\" class=\"ngg-gallery-thumbnail-box\" >\n\t\t\t\t        <div class=\"ngg-gallery-thumbnail\">\n            <a href=\"https:\/\/kontesadora.hr\/stara\/wp-content\/gallery\/gostovali-smo-u-zagrebu-08-prosinca-2017-god\/ADVENT-Disney_on_Ice_21.jpg\"\n               title=\"\"\n               data-src=\"https:\/\/kontesadora.hr\/stara\/wp-content\/gallery\/gostovali-smo-u-zagrebu-08-prosinca-2017-god\/ADVENT-Disney_on_Ice_21.jpg\"\n               data-thumbnail=\"https:\/\/kontesadora.hr\/stara\/wp-content\/gallery\/gostovali-smo-u-zagrebu-08-prosinca-2017-god\/thumbs\/thumbs_ADVENT-Disney_on_Ice_21.jpg\"\n               data-image-id=\"4275\"\n               data-title=\"dav\"\n               data-description=\"\"\n               data-image-slug=\"advent-disney_on_ice_21\"\n               class=\"shutterset_3915dafdb21cbc0248435145f3a205f0\">\n                <img\n                    title=\"dav\"\n                    alt=\"dav\"\n                    src=\"https:\/\/kontesadora.hr\/stara\/wp-content\/gallery\/gostovali-smo-u-zagrebu-08-prosinca-2017-god\/thumbs\/thumbs_ADVENT-Disney_on_Ice_21.jpg\"\n                    width=\"100\"\n                    height=\"75\"\n                    style=\"max-width:100%;\"\n                \/>\n            <\/a>\n        <\/div>\n\t\t\t\t\t\t\t<\/div> \n\t\t\t\n        \n\t\t\t\t<div id=\"ngg-image-3\" class=\"ngg-gallery-thumbnail-box\" >\n\t\t\t\t        <div class=\"ngg-gallery-thumbnail\">\n            <a href=\"https:\/\/kontesadora.hr\/stara\/wp-content\/gallery\/gostovali-smo-u-zagrebu-08-prosinca-2017-god\/ADVENT-Disney_On_Ice1.jpg\"\n               title=\"\"\n               data-src=\"https:\/\/kontesadora.hr\/stara\/wp-content\/gallery\/gostovali-smo-u-zagrebu-08-prosinca-2017-god\/ADVENT-Disney_On_Ice1.jpg\"\n               data-thumbnail=\"https:\/\/kontesadora.hr\/stara\/wp-content\/gallery\/gostovali-smo-u-zagrebu-08-prosinca-2017-god\/thumbs\/thumbs_ADVENT-Disney_On_Ice1.jpg\"\n               data-image-id=\"4274\"\n               data-title=\"mde\"\n               data-description=\"\"\n               data-image-slug=\"advent-disney_on_ice1\"\n               class=\"shutterset_3915dafdb21cbc0248435145f3a205f0\">\n                <img\n                    title=\"mde\"\n                    alt=\"mde\"\n                    src=\"https:\/\/kontesadora.hr\/stara\/wp-content\/gallery\/gostovali-smo-u-zagrebu-08-prosinca-2017-god\/thumbs\/thumbs_ADVENT-Disney_On_Ice1.jpg\"\n                    width=\"100\"\n                    height=\"75\"\n                    style=\"max-width:100%;\"\n                \/>\n            <\/a>\n        <\/div>\n\t\t\t\t\t\t\t<\/div> \n\t\t\t\n        \n\t\t\t\t<div id=\"ngg-image-4\" class=\"ngg-gallery-thumbnail-box\" >\n\t\t\t\t        <div class=\"ngg-gallery-thumbnail\">\n            <a href=\"https:\/\/kontesadora.hr\/stara\/wp-content\/gallery\/gostovali-smo-u-zagrebu-08-prosinca-2017-god\/ADVENT-_Disney_on_Ice_61.jpg\"\n               title=\"\"\n               data-src=\"https:\/\/kontesadora.hr\/stara\/wp-content\/gallery\/gostovali-smo-u-zagrebu-08-prosinca-2017-god\/ADVENT-_Disney_on_Ice_61.jpg\"\n               data-thumbnail=\"https:\/\/kontesadora.hr\/stara\/wp-content\/gallery\/gostovali-smo-u-zagrebu-08-prosinca-2017-god\/thumbs\/thumbs_ADVENT-_Disney_on_Ice_61.jpg\"\n               data-image-id=\"4273\"\n               data-title=\"mde\"\n               data-description=\"\"\n               data-image-slug=\"advent-_disney_on_ice_61\"\n               class=\"shutterset_3915dafdb21cbc0248435145f3a205f0\">\n                <img\n                    title=\"mde\"\n                    alt=\"mde\"\n                    src=\"https:\/\/kontesadora.hr\/stara\/wp-content\/gallery\/gostovali-smo-u-zagrebu-08-prosinca-2017-god\/thumbs\/thumbs_ADVENT-_Disney_on_Ice_61.jpg\"\n                    width=\"100\"\n                    height=\"75\"\n                    style=\"max-width:100%;\"\n                \/>\n            <\/a>\n        <\/div>\n\t\t\t\t\t\t\t<\/div> \n\t\t\t\n        \n\t\t\t\t<div id=\"ngg-image-5\" class=\"ngg-gallery-thumbnail-box\" >\n\t\t\t\t        <div class=\"ngg-gallery-thumbnail\">\n            <a href=\"https:\/\/kontesadora.hr\/stara\/wp-content\/gallery\/gostovali-smo-u-zagrebu-08-prosinca-2017-god\/ADVENT_-Disney_On_Ice1.jpg\"\n               title=\"\"\n               data-src=\"https:\/\/kontesadora.hr\/stara\/wp-content\/gallery\/gostovali-smo-u-zagrebu-08-prosinca-2017-god\/ADVENT_-Disney_On_Ice1.jpg\"\n               data-thumbnail=\"https:\/\/kontesadora.hr\/stara\/wp-content\/gallery\/gostovali-smo-u-zagrebu-08-prosinca-2017-god\/thumbs\/thumbs_ADVENT_-Disney_On_Ice1.jpg\"\n               data-image-id=\"4269\"\n               data-title=\"dav\"\n               data-description=\"\"\n               data-image-slug=\"advent_-disney_on_ice1\"\n               class=\"shutterset_3915dafdb21cbc0248435145f3a205f0\">\n                <img\n                    title=\"dav\"\n                    alt=\"dav\"\n                    src=\"https:\/\/kontesadora.hr\/stara\/wp-content\/gallery\/gostovali-smo-u-zagrebu-08-prosinca-2017-god\/thumbs\/thumbs_ADVENT_-Disney_On_Ice1.jpg\"\n                    width=\"100\"\n                    height=\"75\"\n                    style=\"max-width:100%;\"\n                \/>\n            <\/a>\n        <\/div>\n\t\t\t\t\t\t\t<\/div> \n\t\t\t\n        \n\t\t\t\t<div id=\"ngg-image-6\" class=\"ngg-gallery-thumbnail-box\" >\n\t\t\t\t        <div class=\"ngg-gallery-thumbnail\">\n            <a href=\"https:\/\/kontesadora.hr\/stara\/wp-content\/gallery\/gostovali-smo-u-zagrebu-08-prosinca-2017-god\/ADVENT-_Disney_on_Ice_51.jpg\"\n               title=\"\"\n               data-src=\"https:\/\/kontesadora.hr\/stara\/wp-content\/gallery\/gostovali-smo-u-zagrebu-08-prosinca-2017-god\/ADVENT-_Disney_on_Ice_51.jpg\"\n               data-thumbnail=\"https:\/\/kontesadora.hr\/stara\/wp-content\/gallery\/gostovali-smo-u-zagrebu-08-prosinca-2017-god\/thumbs\/thumbs_ADVENT-_Disney_on_Ice_51.jpg\"\n               data-image-id=\"4272\"\n               data-title=\"dav\"\n               data-description=\"\"\n               data-image-slug=\"advent-_disney_on_ice_51\"\n               class=\"shutterset_3915dafdb21cbc0248435145f3a205f0\">\n                <img\n                    title=\"dav\"\n                    alt=\"dav\"\n                    src=\"https:\/\/kontesadora.hr\/stara\/wp-content\/gallery\/gostovali-smo-u-zagrebu-08-prosinca-2017-god\/thumbs\/thumbs_ADVENT-_Disney_on_Ice_51.jpg\"\n                    width=\"100\"\n                    height=\"75\"\n                    style=\"max-width:100%;\"\n                \/>\n            <\/a>\n        <\/div>\n\t\t\t\t\t\t\t<\/div> \n\t\t\t\n        \n\t\t\t\t<div id=\"ngg-image-7\" class=\"ngg-gallery-thumbnail-box\" >\n\t\t\t\t        <div class=\"ngg-gallery-thumbnail\">\n            <a href=\"https:\/\/kontesadora.hr\/stara\/wp-content\/gallery\/gostovali-smo-u-zagrebu-08-prosinca-2017-god\/ADVENT-_Disney_on_Ice_31.jpg\"\n               title=\"\"\n               data-src=\"https:\/\/kontesadora.hr\/stara\/wp-content\/gallery\/gostovali-smo-u-zagrebu-08-prosinca-2017-god\/ADVENT-_Disney_on_Ice_31.jpg\"\n               data-thumbnail=\"https:\/\/kontesadora.hr\/stara\/wp-content\/gallery\/gostovali-smo-u-zagrebu-08-prosinca-2017-god\/thumbs\/thumbs_ADVENT-_Disney_on_Ice_31.jpg\"\n               data-image-id=\"4271\"\n               data-title=\"mde\"\n               data-description=\"\"\n               data-image-slug=\"advent-_disney_on_ice_31\"\n               class=\"shutterset_3915dafdb21cbc0248435145f3a205f0\">\n                <img\n                    title=\"mde\"\n                    alt=\"mde\"\n                    src=\"https:\/\/kontesadora.hr\/stara\/wp-content\/gallery\/gostovali-smo-u-zagrebu-08-prosinca-2017-god\/thumbs\/thumbs_ADVENT-_Disney_on_Ice_31.jpg\"\n                    width=\"100\"\n                    height=\"75\"\n                    style=\"max-width:100%;\"\n                \/>\n            <\/a>\n        <\/div>\n\t\t\t\t\t\t\t<\/div> \n\t\t\t\n        \n\t\t\t\t<div id=\"ngg-image-8\" class=\"ngg-gallery-thumbnail-box\" >\n\t\t\t\t        <div class=\"ngg-gallery-thumbnail\">\n            <a href=\"https:\/\/kontesadora.hr\/stara\/wp-content\/gallery\/gostovali-smo-u-zagrebu-08-prosinca-2017-god\/ADVENT-_Disney_on_Ice-_fanovi1.jpg\"\n               title=\"\"\n               data-src=\"https:\/\/kontesadora.hr\/stara\/wp-content\/gallery\/gostovali-smo-u-zagrebu-08-prosinca-2017-god\/ADVENT-_Disney_on_Ice-_fanovi1.jpg\"\n               data-thumbnail=\"https:\/\/kontesadora.hr\/stara\/wp-content\/gallery\/gostovali-smo-u-zagrebu-08-prosinca-2017-god\/thumbs\/thumbs_ADVENT-_Disney_on_Ice-_fanovi1.jpg\"\n               data-image-id=\"4276\"\n               data-title=\"dav\"\n               data-description=\"\"\n               data-image-slug=\"advent-_disney_on_ice-_fanovi1\"\n               class=\"shutterset_3915dafdb21cbc0248435145f3a205f0\">\n                <img\n                    title=\"dav\"\n                    alt=\"dav\"\n                    src=\"https:\/\/kontesadora.hr\/stara\/wp-content\/gallery\/gostovali-smo-u-zagrebu-08-prosinca-2017-god\/thumbs\/thumbs_ADVENT-_Disney_on_Ice-_fanovi1.jpg\"\n                    width=\"100\"\n                    height=\"75\"\n                    style=\"max-width:100%;\"\n                \/>\n            <\/a>\n        <\/div>\n\t\t\t\t\t\t\t<\/div> \n\t\t\t\n        \n\t\t\t\t<div id=\"ngg-image-9\" class=\"ngg-gallery-thumbnail-box\" >\n\t\t\t\t        <div class=\"ngg-gallery-thumbnail\">\n            <a href=\"https:\/\/kontesadora.hr\/stara\/wp-content\/gallery\/gostovali-smo-u-zagrebu-08-prosinca-2017-god\/IMG_20171208_165257.jpg\"\n               title=\"\"\n               data-src=\"https:\/\/kontesadora.hr\/stara\/wp-content\/gallery\/gostovali-smo-u-zagrebu-08-prosinca-2017-god\/IMG_20171208_165257.jpg\"\n               data-thumbnail=\"https:\/\/kontesadora.hr\/stara\/wp-content\/gallery\/gostovali-smo-u-zagrebu-08-prosinca-2017-god\/thumbs\/thumbs_IMG_20171208_165257.jpg\"\n               data-image-id=\"4294\"\n               data-title=\"dav\"\n               data-description=\"\"\n               data-image-slug=\"img_20171208_165257\"\n               class=\"shutterset_3915dafdb21cbc0248435145f3a205f0\">\n                <img\n                    title=\"dav\"\n                    alt=\"dav\"\n                    src=\"https:\/\/kontesadora.hr\/stara\/wp-content\/gallery\/gostovali-smo-u-zagrebu-08-prosinca-2017-god\/thumbs\/thumbs_IMG_20171208_165257.jpg\"\n                    width=\"100\"\n                    height=\"75\"\n                    style=\"max-width:100%;\"\n                \/>\n            <\/a>\n        <\/div>\n\t\t\t\t\t\t\t<\/div> \n\t\t\t\n        \n\t\t\t\t<div id=\"ngg-image-10\" class=\"ngg-gallery-thumbnail-box\" >\n\t\t\t\t        <div class=\"ngg-gallery-thumbnail\">\n            <a href=\"https:\/\/kontesadora.hr\/stara\/wp-content\/gallery\/gostovali-smo-u-zagrebu-08-prosinca-2017-god\/ADVENT_Petar1.jpg\"\n               title=\"\"\n               data-src=\"https:\/\/kontesadora.hr\/stara\/wp-content\/gallery\/gostovali-smo-u-zagrebu-08-prosinca-2017-god\/ADVENT_Petar1.jpg\"\n               data-thumbnail=\"https:\/\/kontesadora.hr\/stara\/wp-content\/gallery\/gostovali-smo-u-zagrebu-08-prosinca-2017-god\/thumbs\/thumbs_ADVENT_Petar1.jpg\"\n               data-image-id=\"4280\"\n               data-title=\"dav\"\n               data-description=\"\"\n               data-image-slug=\"advent_petar1\"\n               class=\"shutterset_3915dafdb21cbc0248435145f3a205f0\">\n                <img\n                    title=\"dav\"\n                    alt=\"dav\"\n                    src=\"https:\/\/kontesadora.hr\/stara\/wp-content\/gallery\/gostovali-smo-u-zagrebu-08-prosinca-2017-god\/thumbs\/thumbs_ADVENT_Petar1.jpg\"\n                    width=\"100\"\n                    height=\"75\"\n                    style=\"max-width:100%;\"\n                \/>\n            <\/a>\n        <\/div>\n\t\t\t\t\t\t\t<\/div> \n\t\t\t\n        \n\t\t\t\t<div id=\"ngg-image-11\" class=\"ngg-gallery-thumbnail-box\" >\n\t\t\t\t        <div class=\"ngg-gallery-thumbnail\">\n            <a href=\"https:\/\/kontesadora.hr\/stara\/wp-content\/gallery\/gostovali-smo-u-zagrebu-08-prosinca-2017-god\/ADVENT-TAMBURA%C5%A0I-5.jpg\"\n               title=\"\"\n               data-src=\"https:\/\/kontesadora.hr\/stara\/wp-content\/gallery\/gostovali-smo-u-zagrebu-08-prosinca-2017-god\/ADVENT-TAMBURA%C5%A0I-5.jpg\"\n               data-thumbnail=\"https:\/\/kontesadora.hr\/stara\/wp-content\/gallery\/gostovali-smo-u-zagrebu-08-prosinca-2017-god\/thumbs\/thumbs_ADVENT-TAMBURA%C5%A0I-5.jpg\"\n               data-image-id=\"4291\"\n               data-title=\"dav\"\n               data-description=\"\"\n               data-image-slug=\"advent-tambura%c5%a1i-5\"\n               class=\"shutterset_3915dafdb21cbc0248435145f3a205f0\">\n                <img\n                    title=\"dav\"\n                    alt=\"dav\"\n                    src=\"https:\/\/kontesadora.hr\/stara\/wp-content\/gallery\/gostovali-smo-u-zagrebu-08-prosinca-2017-god\/thumbs\/thumbs_ADVENT-TAMBURA%C5%A0I-5.jpg\"\n                    width=\"100\"\n                    height=\"75\"\n                    style=\"max-width:100%;\"\n                \/>\n            <\/a>\n        <\/div>\n\t\t\t\t\t\t\t<\/div> \n\t\t\t\n        \n\t\t\t\t<div id=\"ngg-image-12\" class=\"ngg-gallery-thumbnail-box\" >\n\t\t\t\t        <div class=\"ngg-gallery-thumbnail\">\n            <a href=\"https:\/\/kontesadora.hr\/stara\/wp-content\/gallery\/gostovali-smo-u-zagrebu-08-prosinca-2017-god\/ADVENT-tambura%C5%A1i-4.jpg\"\n               title=\"\"\n               data-src=\"https:\/\/kontesadora.hr\/stara\/wp-content\/gallery\/gostovali-smo-u-zagrebu-08-prosinca-2017-god\/ADVENT-tambura%C5%A1i-4.jpg\"\n               data-thumbnail=\"https:\/\/kontesadora.hr\/stara\/wp-content\/gallery\/gostovali-smo-u-zagrebu-08-prosinca-2017-god\/thumbs\/thumbs_ADVENT-tambura%C5%A1i-4.jpg\"\n               data-image-id=\"4290\"\n               data-title=\"sdr\"\n               data-description=\"\"\n               data-image-slug=\"advent-tambura%c5%a1i-4\"\n               class=\"shutterset_3915dafdb21cbc0248435145f3a205f0\">\n                <img\n                    title=\"sdr\"\n                    alt=\"sdr\"\n                    src=\"https:\/\/kontesadora.hr\/stara\/wp-content\/gallery\/gostovali-smo-u-zagrebu-08-prosinca-2017-god\/thumbs\/thumbs_ADVENT-tambura%C5%A1i-4.jpg\"\n                    width=\"100\"\n                    height=\"75\"\n                    style=\"max-width:100%;\"\n                \/>\n            <\/a>\n        <\/div>\n\t\t\t\t\t\t\t<\/div> \n\t\t\t\n        \n\t\t\t\t<div id=\"ngg-image-13\" class=\"ngg-gallery-thumbnail-box\" >\n\t\t\t\t        <div class=\"ngg-gallery-thumbnail\">\n            <a href=\"https:\/\/kontesadora.hr\/stara\/wp-content\/gallery\/gostovali-smo-u-zagrebu-08-prosinca-2017-god\/ADVENT-Helena-i-Hrvoje.jpg\"\n               title=\"\"\n               data-src=\"https:\/\/kontesadora.hr\/stara\/wp-content\/gallery\/gostovali-smo-u-zagrebu-08-prosinca-2017-god\/ADVENT-Helena-i-Hrvoje.jpg\"\n               data-thumbnail=\"https:\/\/kontesadora.hr\/stara\/wp-content\/gallery\/gostovali-smo-u-zagrebu-08-prosinca-2017-god\/thumbs\/thumbs_ADVENT-Helena-i-Hrvoje.jpg\"\n               data-image-id=\"4287\"\n               data-title=\"sdr\"\n               data-description=\"\"\n               data-image-slug=\"advent-helena-i-hrvoje\"\n               class=\"shutterset_3915dafdb21cbc0248435145f3a205f0\">\n                <img\n                    title=\"sdr\"\n                    alt=\"sdr\"\n                    src=\"https:\/\/kontesadora.hr\/stara\/wp-content\/gallery\/gostovali-smo-u-zagrebu-08-prosinca-2017-god\/thumbs\/thumbs_ADVENT-Helena-i-Hrvoje.jpg\"\n                    width=\"100\"\n                    height=\"75\"\n                    style=\"max-width:100%;\"\n                \/>\n            <\/a>\n        <\/div>\n\t\t\t\t\t\t\t<\/div> \n\t\t\t\n        \n\t\t\t\t<div id=\"ngg-image-14\" class=\"ngg-gallery-thumbnail-box\" >\n\t\t\t\t        <div class=\"ngg-gallery-thumbnail\">\n            <a href=\"https:\/\/kontesadora.hr\/stara\/wp-content\/gallery\/gostovali-smo-u-zagrebu-08-prosinca-2017-god\/IMG_20171208_150114.jpg\"\n               title=\"\"\n               data-src=\"https:\/\/kontesadora.hr\/stara\/wp-content\/gallery\/gostovali-smo-u-zagrebu-08-prosinca-2017-god\/IMG_20171208_150114.jpg\"\n               data-thumbnail=\"https:\/\/kontesadora.hr\/stara\/wp-content\/gallery\/gostovali-smo-u-zagrebu-08-prosinca-2017-god\/thumbs\/thumbs_IMG_20171208_150114.jpg\"\n               data-image-id=\"4293\"\n               data-title=\"dav\"\n               data-description=\"\"\n               data-image-slug=\"img_20171208_150114\"\n               class=\"shutterset_3915dafdb21cbc0248435145f3a205f0\">\n                <img\n                    title=\"dav\"\n                    alt=\"dav\"\n                    src=\"https:\/\/kontesadora.hr\/stara\/wp-content\/gallery\/gostovali-smo-u-zagrebu-08-prosinca-2017-god\/thumbs\/thumbs_IMG_20171208_150114.jpg\"\n                    width=\"100\"\n                    height=\"75\"\n                    style=\"max-width:100%;\"\n                \/>\n            <\/a>\n        <\/div>\n\t\t\t\t\t\t\t<\/div> \n\t\t\t\n        \n\t\t\t\t<div id=\"ngg-image-15\" class=\"ngg-gallery-thumbnail-box\" >\n\t\t\t\t        <div class=\"ngg-gallery-thumbnail\">\n            <a href=\"https:\/\/kontesadora.hr\/stara\/wp-content\/gallery\/gostovali-smo-u-zagrebu-08-prosinca-2017-god\/ADVENT-tambura%C5%A1i-3.jpg\"\n               title=\"\"\n               data-src=\"https:\/\/kontesadora.hr\/stara\/wp-content\/gallery\/gostovali-smo-u-zagrebu-08-prosinca-2017-god\/ADVENT-tambura%C5%A1i-3.jpg\"\n               data-thumbnail=\"https:\/\/kontesadora.hr\/stara\/wp-content\/gallery\/gostovali-smo-u-zagrebu-08-prosinca-2017-god\/thumbs\/thumbs_ADVENT-tambura%C5%A1i-3.jpg\"\n               data-image-id=\"4289\"\n               data-title=\"sdr\"\n               data-description=\"\"\n               data-image-slug=\"advent-tambura%c5%a1i-3\"\n               class=\"shutterset_3915dafdb21cbc0248435145f3a205f0\">\n                <img\n                    title=\"sdr\"\n                    alt=\"sdr\"\n                    src=\"https:\/\/kontesadora.hr\/stara\/wp-content\/gallery\/gostovali-smo-u-zagrebu-08-prosinca-2017-god\/thumbs\/thumbs_ADVENT-tambura%C5%A1i-3.jpg\"\n                    width=\"100\"\n                    height=\"75\"\n                    style=\"max-width:100%;\"\n                \/>\n            <\/a>\n        <\/div>\n\t\t\t\t\t\t\t<\/div> \n\t\t\t\n        \n\t\t\t\t<div id=\"ngg-image-16\" class=\"ngg-gallery-thumbnail-box\" >\n\t\t\t\t        <div class=\"ngg-gallery-thumbnail\">\n            <a href=\"https:\/\/kontesadora.hr\/stara\/wp-content\/gallery\/gostovali-smo-u-zagrebu-08-prosinca-2017-god\/ADVENT_u_Zagrebu_20171.jpg\"\n               title=\"\"\n               data-src=\"https:\/\/kontesadora.hr\/stara\/wp-content\/gallery\/gostovali-smo-u-zagrebu-08-prosinca-2017-god\/ADVENT_u_Zagrebu_20171.jpg\"\n               data-thumbnail=\"https:\/\/kontesadora.hr\/stara\/wp-content\/gallery\/gostovali-smo-u-zagrebu-08-prosinca-2017-god\/thumbs\/thumbs_ADVENT_u_Zagrebu_20171.jpg\"\n               data-image-id=\"4277\"\n               data-title=\"dav\"\n               data-description=\"\"\n               data-image-slug=\"advent_u_zagrebu_20171\"\n               class=\"shutterset_3915dafdb21cbc0248435145f3a205f0\">\n                <img\n                    title=\"dav\"\n                    alt=\"dav\"\n                    src=\"https:\/\/kontesadora.hr\/stara\/wp-content\/gallery\/gostovali-smo-u-zagrebu-08-prosinca-2017-god\/thumbs\/thumbs_ADVENT_u_Zagrebu_20171.jpg\"\n                    width=\"100\"\n                    height=\"75\"\n                    style=\"max-width:100%;\"\n                \/>\n            <\/a>\n        <\/div>\n\t\t\t\t\t\t\t<\/div> \n\t\t\t\n        \n\t\t\t\t<div id=\"ngg-image-17\" class=\"ngg-gallery-thumbnail-box\" >\n\t\t\t\t        <div class=\"ngg-gallery-thumbnail\">\n            <a href=\"https:\/\/kontesadora.hr\/stara\/wp-content\/gallery\/gostovali-smo-u-zagrebu-08-prosinca-2017-god\/ADVENT-tambura%C5%A1i-2.jpg\"\n               title=\"\"\n               data-src=\"https:\/\/kontesadora.hr\/stara\/wp-content\/gallery\/gostovali-smo-u-zagrebu-08-prosinca-2017-god\/ADVENT-tambura%C5%A1i-2.jpg\"\n               data-thumbnail=\"https:\/\/kontesadora.hr\/stara\/wp-content\/gallery\/gostovali-smo-u-zagrebu-08-prosinca-2017-god\/thumbs\/thumbs_ADVENT-tambura%C5%A1i-2.jpg\"\n               data-image-id=\"4288\"\n               data-title=\"dav\"\n               data-description=\"\"\n               data-image-slug=\"advent-tambura%c5%a1i-2\"\n               class=\"shutterset_3915dafdb21cbc0248435145f3a205f0\">\n                <img\n                    title=\"dav\"\n                    alt=\"dav\"\n                    src=\"https:\/\/kontesadora.hr\/stara\/wp-content\/gallery\/gostovali-smo-u-zagrebu-08-prosinca-2017-god\/thumbs\/thumbs_ADVENT-tambura%C5%A1i-2.jpg\"\n                    width=\"100\"\n                    height=\"75\"\n                    style=\"max-width:100%;\"\n                \/>\n            <\/a>\n        <\/div>\n\t\t\t\t\t\t\t<\/div> \n\t\t\t\n        \n\t\t\t\t<div id=\"ngg-image-18\" class=\"ngg-gallery-thumbnail-box\" >\n\t\t\t\t        <div class=\"ngg-gallery-thumbnail\">\n            <a href=\"https:\/\/kontesadora.hr\/stara\/wp-content\/gallery\/gostovali-smo-u-zagrebu-08-prosinca-2017-god\/ADVENT-tambura%C5%A1i.jpg\"\n               title=\"\"\n               data-src=\"https:\/\/kontesadora.hr\/stara\/wp-content\/gallery\/gostovali-smo-u-zagrebu-08-prosinca-2017-god\/ADVENT-tambura%C5%A1i.jpg\"\n               data-thumbnail=\"https:\/\/kontesadora.hr\/stara\/wp-content\/gallery\/gostovali-smo-u-zagrebu-08-prosinca-2017-god\/thumbs\/thumbs_ADVENT-tambura%C5%A1i.jpg\"\n               data-image-id=\"4292\"\n               data-title=\"dav\"\n               data-description=\"\"\n               data-image-slug=\"advent-tambura%c5%a1i-6\"\n               class=\"shutterset_3915dafdb21cbc0248435145f3a205f0\">\n                <img\n                    title=\"dav\"\n                    alt=\"dav\"\n                    src=\"https:\/\/kontesadora.hr\/stara\/wp-content\/gallery\/gostovali-smo-u-zagrebu-08-prosinca-2017-god\/thumbs\/thumbs_ADVENT-tambura%C5%A1i.jpg\"\n                    width=\"100\"\n                    height=\"75\"\n                    style=\"max-width:100%;\"\n                \/>\n            <\/a>\n        <\/div>\n\t\t\t\t\t\t\t<\/div> \n\t\t\t\n        \n\t\t\t\t<div id=\"ngg-image-19\" class=\"ngg-gallery-thumbnail-box\" >\n\t\t\t\t        <div class=\"ngg-gallery-thumbnail\">\n            <a href=\"https:\/\/kontesadora.hr\/stara\/wp-content\/gallery\/gostovali-smo-u-zagrebu-08-prosinca-2017-god\/ADVENT_Ariana_i_Luka1.jpg\"\n               title=\"\"\n               data-src=\"https:\/\/kontesadora.hr\/stara\/wp-content\/gallery\/gostovali-smo-u-zagrebu-08-prosinca-2017-god\/ADVENT_Ariana_i_Luka1.jpg\"\n               data-thumbnail=\"https:\/\/kontesadora.hr\/stara\/wp-content\/gallery\/gostovali-smo-u-zagrebu-08-prosinca-2017-god\/thumbs\/thumbs_ADVENT_Ariana_i_Luka1.jpg\"\n               data-image-id=\"4279\"\n               data-title=\"sdr\"\n               data-description=\"\"\n               data-image-slug=\"advent_ariana_i_luka1\"\n               class=\"shutterset_3915dafdb21cbc0248435145f3a205f0\">\n                <img\n                    title=\"sdr\"\n                    alt=\"sdr\"\n                    src=\"https:\/\/kontesadora.hr\/stara\/wp-content\/gallery\/gostovali-smo-u-zagrebu-08-prosinca-2017-god\/thumbs\/thumbs_ADVENT_Ariana_i_Luka1.jpg\"\n                    width=\"100\"\n                    height=\"75\"\n                    style=\"max-width:100%;\"\n                \/>\n            <\/a>\n        <\/div>\n\t\t\t\t\t\t\t<\/div> \n\t\t\t\n        \n\t\t\n\t\t<!-- Pagination -->\n\t<div class='ngg-navigation'><span class='current'>1<\/span>\n<a class='page-numbers' data-pageid='2' href='https:\/\/kontesadora.hr\/stara\/galerija\/nggallery\/page\/2'>2<\/a>\n<a class='prev' href='https:\/\/kontesadora.hr\/stara\/galerija\/nggallery\/page\/2' data-pageid=2>&#9658;<\/a><\/div>\t<\/div>\n Gostovali smo u Zagrebu za advent, 08.prosinca 2017.godine<\/p>\n<!-- index.php -->\n<div\n\tclass=\"ngg-galleryoverview ngg-ajax-pagination-none\"\n\tid=\"ngg-gallery-1643a08bab51cf34302ba567afe2bc04-1\">\n\n    \t<div class=\"slideshowlink\">\n        <a href='https:\/\/kontesadora.hr\/stara\/galerija\/nggallery\/slideshow'>[Show as slideshow]<\/a>\n\t\t\n\t<\/div>\n\t\t\t<!-- Thumbnails -->\n\t\t\t\t<div id=\"ngg-image-0\" class=\"ngg-gallery-thumbnail-box\" >\n\t\t\t\t        <div class=\"ngg-gallery-thumbnail\">\n            <a href=\"https:\/\/kontesadora.hr\/stara\/wp-content\/gallery\/40-jubilarni-medunarodni-festival-umjetnicke-tamburaske-glazbe-u-osijeku\/DSC_8384.JPG\"\n               title=\"\"\n               data-src=\"https:\/\/kontesadora.hr\/stara\/wp-content\/gallery\/40-jubilarni-medunarodni-festival-umjetnicke-tamburaske-glazbe-u-osijeku\/DSC_8384.JPG\"\n               data-thumbnail=\"https:\/\/kontesadora.hr\/stara\/wp-content\/gallery\/40-jubilarni-medunarodni-festival-umjetnicke-tamburaske-glazbe-u-osijeku\/thumbs\/thumbs_DSC_8384.JPG\"\n               data-image-id=\"4242\"\n               data-title=\"DSC_8384\"\n               data-description=\"\"\n               data-image-slug=\"dsc_8384-1\"\n               class=\"shutterset_1643a08bab51cf34302ba567afe2bc04\">\n                <img\n                    title=\"DSC_8384\"\n                    alt=\"DSC_8384\"\n                    src=\"https:\/\/kontesadora.hr\/stara\/wp-content\/gallery\/40-jubilarni-medunarodni-festival-umjetnicke-tamburaske-glazbe-u-osijeku\/thumbs\/thumbs_DSC_8384.JPG\"\n                    width=\"100\"\n                    height=\"75\"\n                    style=\"max-width:100%;\"\n                \/>\n            <\/a>\n        <\/div>\n\t\t\t\t\t\t\t<\/div> \n\t\t\t\n        \n\t\t\t\t<div id=\"ngg-image-1\" class=\"ngg-gallery-thumbnail-box\" >\n\t\t\t\t        <div class=\"ngg-gallery-thumbnail\">\n            <a href=\"https:\/\/kontesadora.hr\/stara\/wp-content\/gallery\/40-jubilarni-medunarodni-festival-umjetnicke-tamburaske-glazbe-u-osijeku\/DSC_8383.JPG\"\n               title=\"\"\n               data-src=\"https:\/\/kontesadora.hr\/stara\/wp-content\/gallery\/40-jubilarni-medunarodni-festival-umjetnicke-tamburaske-glazbe-u-osijeku\/DSC_8383.JPG\"\n               data-thumbnail=\"https:\/\/kontesadora.hr\/stara\/wp-content\/gallery\/40-jubilarni-medunarodni-festival-umjetnicke-tamburaske-glazbe-u-osijeku\/thumbs\/thumbs_DSC_8383.JPG\"\n               data-image-id=\"4241\"\n               data-title=\"DSC_8383\"\n               data-description=\"\"\n               data-image-slug=\"dsc_8383-1\"\n               class=\"shutterset_1643a08bab51cf34302ba567afe2bc04\">\n                <img\n                    title=\"DSC_8383\"\n                    alt=\"DSC_8383\"\n                    src=\"https:\/\/kontesadora.hr\/stara\/wp-content\/gallery\/40-jubilarni-medunarodni-festival-umjetnicke-tamburaske-glazbe-u-osijeku\/thumbs\/thumbs_DSC_8383.JPG\"\n                    width=\"100\"\n                    height=\"75\"\n                    style=\"max-width:100%;\"\n                \/>\n            <\/a>\n        <\/div>\n\t\t\t\t\t\t\t<\/div> \n\t\t\t\n        \n\t\t\t\t<div id=\"ngg-image-2\" class=\"ngg-gallery-thumbnail-box\" >\n\t\t\t\t        <div class=\"ngg-gallery-thumbnail\">\n            <a href=\"https:\/\/kontesadora.hr\/stara\/wp-content\/gallery\/40-jubilarni-medunarodni-festival-umjetnicke-tamburaske-glazbe-u-osijeku\/DSC_8381.JPG\"\n               title=\"\"\n               data-src=\"https:\/\/kontesadora.hr\/stara\/wp-content\/gallery\/40-jubilarni-medunarodni-festival-umjetnicke-tamburaske-glazbe-u-osijeku\/DSC_8381.JPG\"\n               data-thumbnail=\"https:\/\/kontesadora.hr\/stara\/wp-content\/gallery\/40-jubilarni-medunarodni-festival-umjetnicke-tamburaske-glazbe-u-osijeku\/thumbs\/thumbs_DSC_8381.JPG\"\n               data-image-id=\"4240\"\n               data-title=\"DSC_8381\"\n               data-description=\"\"\n               data-image-slug=\"dsc_8381-1\"\n               class=\"shutterset_1643a08bab51cf34302ba567afe2bc04\">\n                <img\n                    title=\"DSC_8381\"\n                    alt=\"DSC_8381\"\n                    src=\"https:\/\/kontesadora.hr\/stara\/wp-content\/gallery\/40-jubilarni-medunarodni-festival-umjetnicke-tamburaske-glazbe-u-osijeku\/thumbs\/thumbs_DSC_8381.JPG\"\n                    width=\"100\"\n                    height=\"75\"\n                    style=\"max-width:100%;\"\n                \/>\n            <\/a>\n        <\/div>\n\t\t\t\t\t\t\t<\/div> \n\t\t\t\n        \n\t\t\t\t<div id=\"ngg-image-3\" class=\"ngg-gallery-thumbnail-box\" >\n\t\t\t\t        <div class=\"ngg-gallery-thumbnail\">\n            <a href=\"https:\/\/kontesadora.hr\/stara\/wp-content\/gallery\/40-jubilarni-medunarodni-festival-umjetnicke-tamburaske-glazbe-u-osijeku\/DSC_8380.JPG\"\n               title=\"\"\n               data-src=\"https:\/\/kontesadora.hr\/stara\/wp-content\/gallery\/40-jubilarni-medunarodni-festival-umjetnicke-tamburaske-glazbe-u-osijeku\/DSC_8380.JPG\"\n               data-thumbnail=\"https:\/\/kontesadora.hr\/stara\/wp-content\/gallery\/40-jubilarni-medunarodni-festival-umjetnicke-tamburaske-glazbe-u-osijeku\/thumbs\/thumbs_DSC_8380.JPG\"\n               data-image-id=\"4239\"\n               data-title=\"DSC_8380\"\n               data-description=\"\"\n               data-image-slug=\"dsc_8380-1\"\n               class=\"shutterset_1643a08bab51cf34302ba567afe2bc04\">\n                <img\n                    title=\"DSC_8380\"\n                    alt=\"DSC_8380\"\n                    src=\"https:\/\/kontesadora.hr\/stara\/wp-content\/gallery\/40-jubilarni-medunarodni-festival-umjetnicke-tamburaske-glazbe-u-osijeku\/thumbs\/thumbs_DSC_8380.JPG\"\n                    width=\"100\"\n                    height=\"75\"\n                    style=\"max-width:100%;\"\n                \/>\n            <\/a>\n        <\/div>\n\t\t\t\t\t\t\t<\/div> \n\t\t\t\n        \n\t\t\t\t<div id=\"ngg-image-4\" class=\"ngg-gallery-thumbnail-box\" >\n\t\t\t\t        <div class=\"ngg-gallery-thumbnail\">\n            <a href=\"https:\/\/kontesadora.hr\/stara\/wp-content\/gallery\/40-jubilarni-medunarodni-festival-umjetnicke-tamburaske-glazbe-u-osijeku\/DSC_8379.JPG\"\n               title=\"\"\n               data-src=\"https:\/\/kontesadora.hr\/stara\/wp-content\/gallery\/40-jubilarni-medunarodni-festival-umjetnicke-tamburaske-glazbe-u-osijeku\/DSC_8379.JPG\"\n               data-thumbnail=\"https:\/\/kontesadora.hr\/stara\/wp-content\/gallery\/40-jubilarni-medunarodni-festival-umjetnicke-tamburaske-glazbe-u-osijeku\/thumbs\/thumbs_DSC_8379.JPG\"\n               data-image-id=\"4238\"\n               data-title=\"DSC_8379\"\n               data-description=\"\"\n               data-image-slug=\"dsc_8379-1\"\n               class=\"shutterset_1643a08bab51cf34302ba567afe2bc04\">\n                <img\n                    title=\"DSC_8379\"\n                    alt=\"DSC_8379\"\n                    src=\"https:\/\/kontesadora.hr\/stara\/wp-content\/gallery\/40-jubilarni-medunarodni-festival-umjetnicke-tamburaske-glazbe-u-osijeku\/thumbs\/thumbs_DSC_8379.JPG\"\n                    width=\"100\"\n                    height=\"75\"\n                    style=\"max-width:100%;\"\n                \/>\n            <\/a>\n        <\/div>\n\t\t\t\t\t\t\t<\/div> \n\t\t\t\n        \n\t\t\t\t<div id=\"ngg-image-5\" class=\"ngg-gallery-thumbnail-box\" >\n\t\t\t\t        <div class=\"ngg-gallery-thumbnail\">\n            <a href=\"https:\/\/kontesadora.hr\/stara\/wp-content\/gallery\/40-jubilarni-medunarodni-festival-umjetnicke-tamburaske-glazbe-u-osijeku\/DSC_8378.JPG\"\n               title=\"\"\n               data-src=\"https:\/\/kontesadora.hr\/stara\/wp-content\/gallery\/40-jubilarni-medunarodni-festival-umjetnicke-tamburaske-glazbe-u-osijeku\/DSC_8378.JPG\"\n               data-thumbnail=\"https:\/\/kontesadora.hr\/stara\/wp-content\/gallery\/40-jubilarni-medunarodni-festival-umjetnicke-tamburaske-glazbe-u-osijeku\/thumbs\/thumbs_DSC_8378.JPG\"\n               data-image-id=\"4237\"\n               data-title=\"DSC_8378\"\n               data-description=\"\"\n               data-image-slug=\"dsc_8378-1\"\n               class=\"shutterset_1643a08bab51cf34302ba567afe2bc04\">\n                <img\n                    title=\"DSC_8378\"\n                    alt=\"DSC_8378\"\n                    src=\"https:\/\/kontesadora.hr\/stara\/wp-content\/gallery\/40-jubilarni-medunarodni-festival-umjetnicke-tamburaske-glazbe-u-osijeku\/thumbs\/thumbs_DSC_8378.JPG\"\n                    width=\"100\"\n                    height=\"75\"\n                    style=\"max-width:100%;\"\n                \/>\n            <\/a>\n        <\/div>\n\t\t\t\t\t\t\t<\/div> \n\t\t\t\n        \n\t\t\t\t<div id=\"ngg-image-6\" class=\"ngg-gallery-thumbnail-box\" >\n\t\t\t\t        <div class=\"ngg-gallery-thumbnail\">\n            <a href=\"https:\/\/kontesadora.hr\/stara\/wp-content\/gallery\/40-jubilarni-medunarodni-festival-umjetnicke-tamburaske-glazbe-u-osijeku\/DSC_8377.JPG\"\n               title=\"\"\n               data-src=\"https:\/\/kontesadora.hr\/stara\/wp-content\/gallery\/40-jubilarni-medunarodni-festival-umjetnicke-tamburaske-glazbe-u-osijeku\/DSC_8377.JPG\"\n               data-thumbnail=\"https:\/\/kontesadora.hr\/stara\/wp-content\/gallery\/40-jubilarni-medunarodni-festival-umjetnicke-tamburaske-glazbe-u-osijeku\/thumbs\/thumbs_DSC_8377.JPG\"\n               data-image-id=\"4236\"\n               data-title=\"DSC_8377\"\n               data-description=\"\"\n               data-image-slug=\"dsc_8377-1\"\n               class=\"shutterset_1643a08bab51cf34302ba567afe2bc04\">\n                <img\n                    title=\"DSC_8377\"\n                    alt=\"DSC_8377\"\n                    src=\"https:\/\/kontesadora.hr\/stara\/wp-content\/gallery\/40-jubilarni-medunarodni-festival-umjetnicke-tamburaske-glazbe-u-osijeku\/thumbs\/thumbs_DSC_8377.JPG\"\n                    width=\"100\"\n                    height=\"75\"\n                    style=\"max-width:100%;\"\n                \/>\n            <\/a>\n        <\/div>\n\t\t\t\t\t\t\t<\/div> \n\t\t\t\n        \n\t\t\t\t<div id=\"ngg-image-7\" class=\"ngg-gallery-thumbnail-box\" >\n\t\t\t\t        <div class=\"ngg-gallery-thumbnail\">\n            <a href=\"https:\/\/kontesadora.hr\/stara\/wp-content\/gallery\/40-jubilarni-medunarodni-festival-umjetnicke-tamburaske-glazbe-u-osijeku\/DSC_8376.JPG\"\n               title=\"\"\n               data-src=\"https:\/\/kontesadora.hr\/stara\/wp-content\/gallery\/40-jubilarni-medunarodni-festival-umjetnicke-tamburaske-glazbe-u-osijeku\/DSC_8376.JPG\"\n               data-thumbnail=\"https:\/\/kontesadora.hr\/stara\/wp-content\/gallery\/40-jubilarni-medunarodni-festival-umjetnicke-tamburaske-glazbe-u-osijeku\/thumbs\/thumbs_DSC_8376.JPG\"\n               data-image-id=\"4235\"\n               data-title=\"DSC_8376\"\n               data-description=\"\"\n               data-image-slug=\"dsc_8376-1\"\n               class=\"shutterset_1643a08bab51cf34302ba567afe2bc04\">\n                <img\n                    title=\"DSC_8376\"\n                    alt=\"DSC_8376\"\n                    src=\"https:\/\/kontesadora.hr\/stara\/wp-content\/gallery\/40-jubilarni-medunarodni-festival-umjetnicke-tamburaske-glazbe-u-osijeku\/thumbs\/thumbs_DSC_8376.JPG\"\n                    width=\"100\"\n                    height=\"75\"\n                    style=\"max-width:100%;\"\n                \/>\n            <\/a>\n        <\/div>\n\t\t\t\t\t\t\t<\/div> \n\t\t\t\n        \n\t\t\t\t<div id=\"ngg-image-8\" class=\"ngg-gallery-thumbnail-box\" >\n\t\t\t\t        <div class=\"ngg-gallery-thumbnail\">\n            <a href=\"https:\/\/kontesadora.hr\/stara\/wp-content\/gallery\/40-jubilarni-medunarodni-festival-umjetnicke-tamburaske-glazbe-u-osijeku\/DSC_8375.JPG\"\n               title=\"\"\n               data-src=\"https:\/\/kontesadora.hr\/stara\/wp-content\/gallery\/40-jubilarni-medunarodni-festival-umjetnicke-tamburaske-glazbe-u-osijeku\/DSC_8375.JPG\"\n               data-thumbnail=\"https:\/\/kontesadora.hr\/stara\/wp-content\/gallery\/40-jubilarni-medunarodni-festival-umjetnicke-tamburaske-glazbe-u-osijeku\/thumbs\/thumbs_DSC_8375.JPG\"\n               data-image-id=\"4234\"\n               data-title=\"DSC_8375\"\n               data-description=\"\"\n               data-image-slug=\"dsc_8375-1\"\n               class=\"shutterset_1643a08bab51cf34302ba567afe2bc04\">\n                <img\n                    title=\"DSC_8375\"\n                    alt=\"DSC_8375\"\n                    src=\"https:\/\/kontesadora.hr\/stara\/wp-content\/gallery\/40-jubilarni-medunarodni-festival-umjetnicke-tamburaske-glazbe-u-osijeku\/thumbs\/thumbs_DSC_8375.JPG\"\n                    width=\"100\"\n                    height=\"75\"\n                    style=\"max-width:100%;\"\n                \/>\n            <\/a>\n        <\/div>\n\t\t\t\t\t\t\t<\/div> \n\t\t\t\n        \n\t\t\t\t<div id=\"ngg-image-9\" class=\"ngg-gallery-thumbnail-box\" >\n\t\t\t\t        <div class=\"ngg-gallery-thumbnail\">\n            <a href=\"https:\/\/kontesadora.hr\/stara\/wp-content\/gallery\/40-jubilarni-medunarodni-festival-umjetnicke-tamburaske-glazbe-u-osijeku\/DSC_8374.JPG\"\n               title=\"\"\n               data-src=\"https:\/\/kontesadora.hr\/stara\/wp-content\/gallery\/40-jubilarni-medunarodni-festival-umjetnicke-tamburaske-glazbe-u-osijeku\/DSC_8374.JPG\"\n               data-thumbnail=\"https:\/\/kontesadora.hr\/stara\/wp-content\/gallery\/40-jubilarni-medunarodni-festival-umjetnicke-tamburaske-glazbe-u-osijeku\/thumbs\/thumbs_DSC_8374.JPG\"\n               data-image-id=\"4233\"\n               data-title=\"DSC_8374\"\n               data-description=\"\"\n               data-image-slug=\"dsc_8374-1\"\n               class=\"shutterset_1643a08bab51cf34302ba567afe2bc04\">\n                <img\n                    title=\"DSC_8374\"\n                    alt=\"DSC_8374\"\n                    src=\"https:\/\/kontesadora.hr\/stara\/wp-content\/gallery\/40-jubilarni-medunarodni-festival-umjetnicke-tamburaske-glazbe-u-osijeku\/thumbs\/thumbs_DSC_8374.JPG\"\n                    width=\"100\"\n                    height=\"75\"\n                    style=\"max-width:100%;\"\n                \/>\n            <\/a>\n        <\/div>\n\t\t\t\t\t\t\t<\/div> \n\t\t\t\n        \n\t\t\t\t<div id=\"ngg-image-10\" class=\"ngg-gallery-thumbnail-box\" >\n\t\t\t\t        <div class=\"ngg-gallery-thumbnail\">\n            <a href=\"https:\/\/kontesadora.hr\/stara\/wp-content\/gallery\/40-jubilarni-medunarodni-festival-umjetnicke-tamburaske-glazbe-u-osijeku\/DSC_8373.JPG\"\n               title=\"\"\n               data-src=\"https:\/\/kontesadora.hr\/stara\/wp-content\/gallery\/40-jubilarni-medunarodni-festival-umjetnicke-tamburaske-glazbe-u-osijeku\/DSC_8373.JPG\"\n               data-thumbnail=\"https:\/\/kontesadora.hr\/stara\/wp-content\/gallery\/40-jubilarni-medunarodni-festival-umjetnicke-tamburaske-glazbe-u-osijeku\/thumbs\/thumbs_DSC_8373.JPG\"\n               data-image-id=\"4232\"\n               data-title=\"DSC_8373\"\n               data-description=\"\"\n               data-image-slug=\"dsc_8373-1\"\n               class=\"shutterset_1643a08bab51cf34302ba567afe2bc04\">\n                <img\n                    title=\"DSC_8373\"\n                    alt=\"DSC_8373\"\n                    src=\"https:\/\/kontesadora.hr\/stara\/wp-content\/gallery\/40-jubilarni-medunarodni-festival-umjetnicke-tamburaske-glazbe-u-osijeku\/thumbs\/thumbs_DSC_8373.JPG\"\n                    width=\"100\"\n                    height=\"75\"\n                    style=\"max-width:100%;\"\n                \/>\n            <\/a>\n        <\/div>\n\t\t\t\t\t\t\t<\/div> \n\t\t\t\n        \n\t\t\t\t<div id=\"ngg-image-11\" class=\"ngg-gallery-thumbnail-box\" >\n\t\t\t\t        <div class=\"ngg-gallery-thumbnail\">\n            <a href=\"https:\/\/kontesadora.hr\/stara\/wp-content\/gallery\/40-jubilarni-medunarodni-festival-umjetnicke-tamburaske-glazbe-u-osijeku\/DSC_8372.JPG\"\n               title=\"\"\n               data-src=\"https:\/\/kontesadora.hr\/stara\/wp-content\/gallery\/40-jubilarni-medunarodni-festival-umjetnicke-tamburaske-glazbe-u-osijeku\/DSC_8372.JPG\"\n               data-thumbnail=\"https:\/\/kontesadora.hr\/stara\/wp-content\/gallery\/40-jubilarni-medunarodni-festival-umjetnicke-tamburaske-glazbe-u-osijeku\/thumbs\/thumbs_DSC_8372.JPG\"\n               data-image-id=\"4231\"\n               data-title=\"DSC_8372\"\n               data-description=\"\"\n               data-image-slug=\"dsc_8372-1\"\n               class=\"shutterset_1643a08bab51cf34302ba567afe2bc04\">\n                <img\n                    title=\"DSC_8372\"\n                    alt=\"DSC_8372\"\n                    src=\"https:\/\/kontesadora.hr\/stara\/wp-content\/gallery\/40-jubilarni-medunarodni-festival-umjetnicke-tamburaske-glazbe-u-osijeku\/thumbs\/thumbs_DSC_8372.JPG\"\n                    width=\"100\"\n                    height=\"75\"\n                    style=\"max-width:100%;\"\n                \/>\n            <\/a>\n        <\/div>\n\t\t\t\t\t\t\t<\/div> \n\t\t\t\n        \n\t\t\t\t<div id=\"ngg-image-12\" class=\"ngg-gallery-thumbnail-box\" >\n\t\t\t\t        <div class=\"ngg-gallery-thumbnail\">\n            <a href=\"https:\/\/kontesadora.hr\/stara\/wp-content\/gallery\/40-jubilarni-medunarodni-festival-umjetnicke-tamburaske-glazbe-u-osijeku\/DSC_8371.JPG\"\n               title=\"\"\n               data-src=\"https:\/\/kontesadora.hr\/stara\/wp-content\/gallery\/40-jubilarni-medunarodni-festival-umjetnicke-tamburaske-glazbe-u-osijeku\/DSC_8371.JPG\"\n               data-thumbnail=\"https:\/\/kontesadora.hr\/stara\/wp-content\/gallery\/40-jubilarni-medunarodni-festival-umjetnicke-tamburaske-glazbe-u-osijeku\/thumbs\/thumbs_DSC_8371.JPG\"\n               data-image-id=\"4230\"\n               data-title=\"DSC_8371\"\n               data-description=\"\"\n               data-image-slug=\"dsc_8371-1\"\n               class=\"shutterset_1643a08bab51cf34302ba567afe2bc04\">\n                <img\n                    title=\"DSC_8371\"\n                    alt=\"DSC_8371\"\n                    src=\"https:\/\/kontesadora.hr\/stara\/wp-content\/gallery\/40-jubilarni-medunarodni-festival-umjetnicke-tamburaske-glazbe-u-osijeku\/thumbs\/thumbs_DSC_8371.JPG\"\n                    width=\"100\"\n                    height=\"75\"\n                    style=\"max-width:100%;\"\n                \/>\n            <\/a>\n        <\/div>\n\t\t\t\t\t\t\t<\/div> \n\t\t\t\n        \n\t\t\t\t<div id=\"ngg-image-13\" class=\"ngg-gallery-thumbnail-box\" >\n\t\t\t\t        <div class=\"ngg-gallery-thumbnail\">\n            <a href=\"https:\/\/kontesadora.hr\/stara\/wp-content\/gallery\/40-jubilarni-medunarodni-festival-umjetnicke-tamburaske-glazbe-u-osijeku\/DSC_8370.JPG\"\n               title=\"\"\n               data-src=\"https:\/\/kontesadora.hr\/stara\/wp-content\/gallery\/40-jubilarni-medunarodni-festival-umjetnicke-tamburaske-glazbe-u-osijeku\/DSC_8370.JPG\"\n               data-thumbnail=\"https:\/\/kontesadora.hr\/stara\/wp-content\/gallery\/40-jubilarni-medunarodni-festival-umjetnicke-tamburaske-glazbe-u-osijeku\/thumbs\/thumbs_DSC_8370.JPG\"\n               data-image-id=\"4229\"\n               data-title=\"DSC_8370\"\n               data-description=\"\"\n               data-image-slug=\"dsc_8370-1\"\n               class=\"shutterset_1643a08bab51cf34302ba567afe2bc04\">\n                <img\n                    title=\"DSC_8370\"\n                    alt=\"DSC_8370\"\n                    src=\"https:\/\/kontesadora.hr\/stara\/wp-content\/gallery\/40-jubilarni-medunarodni-festival-umjetnicke-tamburaske-glazbe-u-osijeku\/thumbs\/thumbs_DSC_8370.JPG\"\n                    width=\"100\"\n                    height=\"75\"\n                    style=\"max-width:100%;\"\n                \/>\n            <\/a>\n        <\/div>\n\t\t\t\t\t\t\t<\/div> \n\t\t\t\n        \n\t\t\t\t<div id=\"ngg-image-14\" class=\"ngg-gallery-thumbnail-box\" >\n\t\t\t\t        <div class=\"ngg-gallery-thumbnail\">\n            <a href=\"https:\/\/kontesadora.hr\/stara\/wp-content\/gallery\/40-jubilarni-medunarodni-festival-umjetnicke-tamburaske-glazbe-u-osijeku\/DSC_8369.JPG\"\n               title=\"\"\n               data-src=\"https:\/\/kontesadora.hr\/stara\/wp-content\/gallery\/40-jubilarni-medunarodni-festival-umjetnicke-tamburaske-glazbe-u-osijeku\/DSC_8369.JPG\"\n               data-thumbnail=\"https:\/\/kontesadora.hr\/stara\/wp-content\/gallery\/40-jubilarni-medunarodni-festival-umjetnicke-tamburaske-glazbe-u-osijeku\/thumbs\/thumbs_DSC_8369.JPG\"\n               data-image-id=\"4228\"\n               data-title=\"DSC_8369\"\n               data-description=\"\"\n               data-image-slug=\"dsc_8369-1\"\n               class=\"shutterset_1643a08bab51cf34302ba567afe2bc04\">\n                <img\n                    title=\"DSC_8369\"\n                    alt=\"DSC_8369\"\n                    src=\"https:\/\/kontesadora.hr\/stara\/wp-content\/gallery\/40-jubilarni-medunarodni-festival-umjetnicke-tamburaske-glazbe-u-osijeku\/thumbs\/thumbs_DSC_8369.JPG\"\n                    width=\"100\"\n                    height=\"75\"\n                    style=\"max-width:100%;\"\n                \/>\n            <\/a>\n        <\/div>\n\t\t\t\t\t\t\t<\/div> \n\t\t\t\n        \n\t\t\t\t<div id=\"ngg-image-15\" class=\"ngg-gallery-thumbnail-box\" >\n\t\t\t\t        <div class=\"ngg-gallery-thumbnail\">\n            <a href=\"https:\/\/kontesadora.hr\/stara\/wp-content\/gallery\/40-jubilarni-medunarodni-festival-umjetnicke-tamburaske-glazbe-u-osijeku\/DSC_8368.JPG\"\n               title=\"\"\n               data-src=\"https:\/\/kontesadora.hr\/stara\/wp-content\/gallery\/40-jubilarni-medunarodni-festival-umjetnicke-tamburaske-glazbe-u-osijeku\/DSC_8368.JPG\"\n               data-thumbnail=\"https:\/\/kontesadora.hr\/stara\/wp-content\/gallery\/40-jubilarni-medunarodni-festival-umjetnicke-tamburaske-glazbe-u-osijeku\/thumbs\/thumbs_DSC_8368.JPG\"\n               data-image-id=\"4227\"\n               data-title=\"DSC_8368\"\n               data-description=\"\"\n               data-image-slug=\"dsc_8368-1\"\n               class=\"shutterset_1643a08bab51cf34302ba567afe2bc04\">\n                <img\n                    title=\"DSC_8368\"\n                    alt=\"DSC_8368\"\n                    src=\"https:\/\/kontesadora.hr\/stara\/wp-content\/gallery\/40-jubilarni-medunarodni-festival-umjetnicke-tamburaske-glazbe-u-osijeku\/thumbs\/thumbs_DSC_8368.JPG\"\n                    width=\"100\"\n                    height=\"75\"\n                    style=\"max-width:100%;\"\n                \/>\n            <\/a>\n        <\/div>\n\t\t\t\t\t\t\t<\/div> \n\t\t\t\n        \n\t\t\t\t<div id=\"ngg-image-16\" class=\"ngg-gallery-thumbnail-box\" >\n\t\t\t\t        <div class=\"ngg-gallery-thumbnail\">\n            <a href=\"https:\/\/kontesadora.hr\/stara\/wp-content\/gallery\/40-jubilarni-medunarodni-festival-umjetnicke-tamburaske-glazbe-u-osijeku\/DSC_8367.JPG\"\n               title=\"\"\n               data-src=\"https:\/\/kontesadora.hr\/stara\/wp-content\/gallery\/40-jubilarni-medunarodni-festival-umjetnicke-tamburaske-glazbe-u-osijeku\/DSC_8367.JPG\"\n               data-thumbnail=\"https:\/\/kontesadora.hr\/stara\/wp-content\/gallery\/40-jubilarni-medunarodni-festival-umjetnicke-tamburaske-glazbe-u-osijeku\/thumbs\/thumbs_DSC_8367.JPG\"\n               data-image-id=\"4226\"\n               data-title=\"DSC_8367\"\n               data-description=\"\"\n               data-image-slug=\"dsc_8367\"\n               class=\"shutterset_1643a08bab51cf34302ba567afe2bc04\">\n                <img\n                    title=\"DSC_8367\"\n                    alt=\"DSC_8367\"\n                    src=\"https:\/\/kontesadora.hr\/stara\/wp-content\/gallery\/40-jubilarni-medunarodni-festival-umjetnicke-tamburaske-glazbe-u-osijeku\/thumbs\/thumbs_DSC_8367.JPG\"\n                    width=\"100\"\n                    height=\"75\"\n                    style=\"max-width:100%;\"\n                \/>\n            <\/a>\n        <\/div>\n\t\t\t\t\t\t\t<\/div> \n\t\t\t\n        \n\t\t\t\t<div id=\"ngg-image-17\" class=\"ngg-gallery-thumbnail-box\" >\n\t\t\t\t        <div class=\"ngg-gallery-thumbnail\">\n            <a href=\"https:\/\/kontesadora.hr\/stara\/wp-content\/gallery\/40-jubilarni-medunarodni-festival-umjetnicke-tamburaske-glazbe-u-osijeku\/DSC_8366.JPG\"\n               title=\"\"\n               data-src=\"https:\/\/kontesadora.hr\/stara\/wp-content\/gallery\/40-jubilarni-medunarodni-festival-umjetnicke-tamburaske-glazbe-u-osijeku\/DSC_8366.JPG\"\n               data-thumbnail=\"https:\/\/kontesadora.hr\/stara\/wp-content\/gallery\/40-jubilarni-medunarodni-festival-umjetnicke-tamburaske-glazbe-u-osijeku\/thumbs\/thumbs_DSC_8366.JPG\"\n               data-image-id=\"4225\"\n               data-title=\"DSC_8366\"\n               data-description=\"\"\n               data-image-slug=\"dsc_8366-1\"\n               class=\"shutterset_1643a08bab51cf34302ba567afe2bc04\">\n                <img\n                    title=\"DSC_8366\"\n                    alt=\"DSC_8366\"\n                    src=\"https:\/\/kontesadora.hr\/stara\/wp-content\/gallery\/40-jubilarni-medunarodni-festival-umjetnicke-tamburaske-glazbe-u-osijeku\/thumbs\/thumbs_DSC_8366.JPG\"\n                    width=\"100\"\n                    height=\"75\"\n                    style=\"max-width:100%;\"\n                \/>\n            <\/a>\n        <\/div>\n\t\t\t\t\t\t\t<\/div> \n\t\t\t\n        \n\t\t\t\t<div id=\"ngg-image-18\" class=\"ngg-gallery-thumbnail-box\" >\n\t\t\t\t        <div class=\"ngg-gallery-thumbnail\">\n            <a href=\"https:\/\/kontesadora.hr\/stara\/wp-content\/gallery\/40-jubilarni-medunarodni-festival-umjetnicke-tamburaske-glazbe-u-osijeku\/DSC_8365.JPG\"\n               title=\"\"\n               data-src=\"https:\/\/kontesadora.hr\/stara\/wp-content\/gallery\/40-jubilarni-medunarodni-festival-umjetnicke-tamburaske-glazbe-u-osijeku\/DSC_8365.JPG\"\n               data-thumbnail=\"https:\/\/kontesadora.hr\/stara\/wp-content\/gallery\/40-jubilarni-medunarodni-festival-umjetnicke-tamburaske-glazbe-u-osijeku\/thumbs\/thumbs_DSC_8365.JPG\"\n               data-image-id=\"4224\"\n               data-title=\"DSC_8365\"\n               data-description=\"\"\n               data-image-slug=\"dsc_8365-1\"\n               class=\"shutterset_1643a08bab51cf34302ba567afe2bc04\">\n                <img\n                    title=\"DSC_8365\"\n                    alt=\"DSC_8365\"\n                    src=\"https:\/\/kontesadora.hr\/stara\/wp-content\/gallery\/40-jubilarni-medunarodni-festival-umjetnicke-tamburaske-glazbe-u-osijeku\/thumbs\/thumbs_DSC_8365.JPG\"\n                    width=\"100\"\n                    height=\"75\"\n                    style=\"max-width:100%;\"\n                \/>\n            <\/a>\n        <\/div>\n\t\t\t\t\t\t\t<\/div> \n\t\t\t\n        \n\t\t\t\t<div id=\"ngg-image-19\" class=\"ngg-gallery-thumbnail-box\" >\n\t\t\t\t        <div class=\"ngg-gallery-thumbnail\">\n            <a href=\"https:\/\/kontesadora.hr\/stara\/wp-content\/gallery\/40-jubilarni-medunarodni-festival-umjetnicke-tamburaske-glazbe-u-osijeku\/DSC_8364.JPG\"\n               title=\"\"\n               data-src=\"https:\/\/kontesadora.hr\/stara\/wp-content\/gallery\/40-jubilarni-medunarodni-festival-umjetnicke-tamburaske-glazbe-u-osijeku\/DSC_8364.JPG\"\n               data-thumbnail=\"https:\/\/kontesadora.hr\/stara\/wp-content\/gallery\/40-jubilarni-medunarodni-festival-umjetnicke-tamburaske-glazbe-u-osijeku\/thumbs\/thumbs_DSC_8364.JPG\"\n               data-image-id=\"4223\"\n               data-title=\"DSC_8364\"\n               data-description=\"\"\n               data-image-slug=\"dsc_8364\"\n               class=\"shutterset_1643a08bab51cf34302ba567afe2bc04\">\n                <img\n                    title=\"DSC_8364\"\n                    alt=\"DSC_8364\"\n                    src=\"https:\/\/kontesadora.hr\/stara\/wp-content\/gallery\/40-jubilarni-medunarodni-festival-umjetnicke-tamburaske-glazbe-u-osijeku\/thumbs\/thumbs_DSC_8364.JPG\"\n                    width=\"100\"\n                    height=\"75\"\n                    style=\"max-width:100%;\"\n                \/>\n            <\/a>\n        <\/div>\n\t\t\t\t\t\t\t<\/div> \n\t\t\t\n        \n\t\t\n\t\t<!-- Pagination -->\n\t<div class='ngg-navigation'><span class='current'>1<\/span>\n<a class='page-numbers' data-pageid='2' href='https:\/\/kontesadora.hr\/stara\/galerija\/nggallery\/page\/2'>2<\/a>\n<span class='ellipsis'>...<\/span>\n<a class='page-numbers' data-pageid='12' href='https:\/\/kontesadora.hr\/stara\/galerija\/nggallery\/page\/12'>12<\/a>\n<a class='prev' href='https:\/\/kontesadora.hr\/stara\/galerija\/nggallery\/page\/2' data-pageid=2>&#9658;<\/a><\/div>\t<\/div>\n&nbsp;40. jubilarni Me\u0111unarodni festival umjetni\u010dke tambura\u0161ke glazbe u Osijeku. 01. lipnja 2017.<\/p>\n<!-- index.php -->\n<div\n\tclass=\"ngg-galleryoverview ngg-ajax-pagination-none\"\n\tid=\"ngg-gallery-c29747d41793db77ce0eddedb97250ff-1\">\n\n    \t<div class=\"slideshowlink\">\n        <a href='https:\/\/kontesadora.hr\/stara\/galerija\/nggallery\/slideshow'>[Show as slideshow]<\/a>\n\t\t\n\t<\/div>\n\t\t\t<!-- Thumbnails -->\n\t\t\t\t<div id=\"ngg-image-0\" class=\"ngg-gallery-thumbnail-box\" >\n\t\t\t\t        <div class=\"ngg-gallery-thumbnail\">\n            <a href=\"https:\/\/kontesadora.hr\/stara\/wp-content\/gallery\/koncert-pod-maskama-2017\/DSCF0106.JPG\"\n               title=\"\"\n               data-src=\"https:\/\/kontesadora.hr\/stara\/wp-content\/gallery\/koncert-pod-maskama-2017\/DSCF0106.JPG\"\n               data-thumbnail=\"https:\/\/kontesadora.hr\/stara\/wp-content\/gallery\/koncert-pod-maskama-2017\/thumbs\/thumbs_DSCF0106.JPG\"\n               data-image-id=\"4011\"\n               data-title=\"DSCF0106\"\n               data-description=\"\"\n               data-image-slug=\"dscf0106\"\n               class=\"shutterset_c29747d41793db77ce0eddedb97250ff\">\n                <img\n                    title=\"DSCF0106\"\n                    alt=\"DSCF0106\"\n                    src=\"https:\/\/kontesadora.hr\/stara\/wp-content\/gallery\/koncert-pod-maskama-2017\/thumbs\/thumbs_DSCF0106.JPG\"\n                    width=\"100\"\n                    height=\"75\"\n                    style=\"max-width:100%;\"\n                \/>\n            <\/a>\n        <\/div>\n\t\t\t\t\t\t\t<\/div> \n\t\t\t\n        \n\t\t\t\t<div id=\"ngg-image-1\" class=\"ngg-gallery-thumbnail-box\" >\n\t\t\t\t        <div class=\"ngg-gallery-thumbnail\">\n            <a href=\"https:\/\/kontesadora.hr\/stara\/wp-content\/gallery\/koncert-pod-maskama-2017\/DSCF0105.JPG\"\n               title=\"\"\n               data-src=\"https:\/\/kontesadora.hr\/stara\/wp-content\/gallery\/koncert-pod-maskama-2017\/DSCF0105.JPG\"\n               data-thumbnail=\"https:\/\/kontesadora.hr\/stara\/wp-content\/gallery\/koncert-pod-maskama-2017\/thumbs\/thumbs_DSCF0105.JPG\"\n               data-image-id=\"4010\"\n               data-title=\"DSCF0105\"\n               data-description=\"\"\n               data-image-slug=\"dscf0105\"\n               class=\"shutterset_c29747d41793db77ce0eddedb97250ff\">\n                <img\n                    title=\"DSCF0105\"\n                    alt=\"DSCF0105\"\n                    src=\"https:\/\/kontesadora.hr\/stara\/wp-content\/gallery\/koncert-pod-maskama-2017\/thumbs\/thumbs_DSCF0105.JPG\"\n                    width=\"100\"\n                    height=\"75\"\n                    style=\"max-width:100%;\"\n                \/>\n            <\/a>\n        <\/div>\n\t\t\t\t\t\t\t<\/div> \n\t\t\t\n        \n\t\t\t\t<div id=\"ngg-image-2\" class=\"ngg-gallery-thumbnail-box\" >\n\t\t\t\t        <div class=\"ngg-gallery-thumbnail\">\n            <a href=\"https:\/\/kontesadora.hr\/stara\/wp-content\/gallery\/koncert-pod-maskama-2017\/DSCF0104.JPG\"\n               title=\"\"\n               data-src=\"https:\/\/kontesadora.hr\/stara\/wp-content\/gallery\/koncert-pod-maskama-2017\/DSCF0104.JPG\"\n               data-thumbnail=\"https:\/\/kontesadora.hr\/stara\/wp-content\/gallery\/koncert-pod-maskama-2017\/thumbs\/thumbs_DSCF0104.JPG\"\n               data-image-id=\"4009\"\n               data-title=\"DSCF0104\"\n               data-description=\"\"\n               data-image-slug=\"dscf0104\"\n               class=\"shutterset_c29747d41793db77ce0eddedb97250ff\">\n                <img\n                    title=\"DSCF0104\"\n                    alt=\"DSCF0104\"\n                    src=\"https:\/\/kontesadora.hr\/stara\/wp-content\/gallery\/koncert-pod-maskama-2017\/thumbs\/thumbs_DSCF0104.JPG\"\n                    width=\"100\"\n                    height=\"75\"\n                    style=\"max-width:100%;\"\n                \/>\n            <\/a>\n        <\/div>\n\t\t\t\t\t\t\t<\/div> \n\t\t\t\n        \n\t\t\t\t<div id=\"ngg-image-3\" class=\"ngg-gallery-thumbnail-box\" >\n\t\t\t\t        <div class=\"ngg-gallery-thumbnail\">\n            <a href=\"https:\/\/kontesadora.hr\/stara\/wp-content\/gallery\/koncert-pod-maskama-2017\/DSCF0103.JPG\"\n               title=\"\"\n               data-src=\"https:\/\/kontesadora.hr\/stara\/wp-content\/gallery\/koncert-pod-maskama-2017\/DSCF0103.JPG\"\n               data-thumbnail=\"https:\/\/kontesadora.hr\/stara\/wp-content\/gallery\/koncert-pod-maskama-2017\/thumbs\/thumbs_DSCF0103.JPG\"\n               data-image-id=\"4008\"\n               data-title=\"DSCF0103\"\n               data-description=\"\"\n               data-image-slug=\"dscf0103\"\n               class=\"shutterset_c29747d41793db77ce0eddedb97250ff\">\n                <img\n                    title=\"DSCF0103\"\n                    alt=\"DSCF0103\"\n                    src=\"https:\/\/kontesadora.hr\/stara\/wp-content\/gallery\/koncert-pod-maskama-2017\/thumbs\/thumbs_DSCF0103.JPG\"\n                    width=\"100\"\n                    height=\"75\"\n                    style=\"max-width:100%;\"\n                \/>\n            <\/a>\n        <\/div>\n\t\t\t\t\t\t\t<\/div> \n\t\t\t\n        \n\t\t\t\t<div id=\"ngg-image-4\" class=\"ngg-gallery-thumbnail-box\" >\n\t\t\t\t        <div class=\"ngg-gallery-thumbnail\">\n            <a href=\"https:\/\/kontesadora.hr\/stara\/wp-content\/gallery\/koncert-pod-maskama-2017\/DSCF0102.JPG\"\n               title=\"\"\n               data-src=\"https:\/\/kontesadora.hr\/stara\/wp-content\/gallery\/koncert-pod-maskama-2017\/DSCF0102.JPG\"\n               data-thumbnail=\"https:\/\/kontesadora.hr\/stara\/wp-content\/gallery\/koncert-pod-maskama-2017\/thumbs\/thumbs_DSCF0102.JPG\"\n               data-image-id=\"4007\"\n               data-title=\"DSCF0102\"\n               data-description=\"\"\n               data-image-slug=\"dscf0102\"\n               class=\"shutterset_c29747d41793db77ce0eddedb97250ff\">\n                <img\n                    title=\"DSCF0102\"\n                    alt=\"DSCF0102\"\n                    src=\"https:\/\/kontesadora.hr\/stara\/wp-content\/gallery\/koncert-pod-maskama-2017\/thumbs\/thumbs_DSCF0102.JPG\"\n                    width=\"100\"\n                    height=\"75\"\n                    style=\"max-width:100%;\"\n                \/>\n            <\/a>\n        <\/div>\n\t\t\t\t\t\t\t<\/div> \n\t\t\t\n        \n\t\t\t\t<div id=\"ngg-image-5\" class=\"ngg-gallery-thumbnail-box\" >\n\t\t\t\t        <div class=\"ngg-gallery-thumbnail\">\n            <a href=\"https:\/\/kontesadora.hr\/stara\/wp-content\/gallery\/koncert-pod-maskama-2017\/DSCF0101.JPG\"\n               title=\"\"\n               data-src=\"https:\/\/kontesadora.hr\/stara\/wp-content\/gallery\/koncert-pod-maskama-2017\/DSCF0101.JPG\"\n               data-thumbnail=\"https:\/\/kontesadora.hr\/stara\/wp-content\/gallery\/koncert-pod-maskama-2017\/thumbs\/thumbs_DSCF0101.JPG\"\n               data-image-id=\"4006\"\n               data-title=\"DSCF0101\"\n               data-description=\"\"\n               data-image-slug=\"dscf0101\"\n               class=\"shutterset_c29747d41793db77ce0eddedb97250ff\">\n                <img\n                    title=\"DSCF0101\"\n                    alt=\"DSCF0101\"\n                    src=\"https:\/\/kontesadora.hr\/stara\/wp-content\/gallery\/koncert-pod-maskama-2017\/thumbs\/thumbs_DSCF0101.JPG\"\n                    width=\"100\"\n                    height=\"75\"\n                    style=\"max-width:100%;\"\n                \/>\n            <\/a>\n        <\/div>\n\t\t\t\t\t\t\t<\/div> \n\t\t\t\n        \n\t\t\t\t<div id=\"ngg-image-6\" class=\"ngg-gallery-thumbnail-box\" >\n\t\t\t\t        <div class=\"ngg-gallery-thumbnail\">\n            <a href=\"https:\/\/kontesadora.hr\/stara\/wp-content\/gallery\/koncert-pod-maskama-2017\/DSCF0100.JPG\"\n               title=\"\"\n               data-src=\"https:\/\/kontesadora.hr\/stara\/wp-content\/gallery\/koncert-pod-maskama-2017\/DSCF0100.JPG\"\n               data-thumbnail=\"https:\/\/kontesadora.hr\/stara\/wp-content\/gallery\/koncert-pod-maskama-2017\/thumbs\/thumbs_DSCF0100.JPG\"\n               data-image-id=\"4005\"\n               data-title=\"DSCF0100\"\n               data-description=\"\"\n               data-image-slug=\"dscf0100\"\n               class=\"shutterset_c29747d41793db77ce0eddedb97250ff\">\n                <img\n                    title=\"DSCF0100\"\n                    alt=\"DSCF0100\"\n                    src=\"https:\/\/kontesadora.hr\/stara\/wp-content\/gallery\/koncert-pod-maskama-2017\/thumbs\/thumbs_DSCF0100.JPG\"\n                    width=\"100\"\n                    height=\"75\"\n                    style=\"max-width:100%;\"\n                \/>\n            <\/a>\n        <\/div>\n\t\t\t\t\t\t\t<\/div> \n\t\t\t\n        \n\t\t\t\t<div id=\"ngg-image-7\" class=\"ngg-gallery-thumbnail-box\" >\n\t\t\t\t        <div class=\"ngg-gallery-thumbnail\">\n            <a href=\"https:\/\/kontesadora.hr\/stara\/wp-content\/gallery\/koncert-pod-maskama-2017\/DSCF0099.JPG\"\n               title=\"\"\n               data-src=\"https:\/\/kontesadora.hr\/stara\/wp-content\/gallery\/koncert-pod-maskama-2017\/DSCF0099.JPG\"\n               data-thumbnail=\"https:\/\/kontesadora.hr\/stara\/wp-content\/gallery\/koncert-pod-maskama-2017\/thumbs\/thumbs_DSCF0099.JPG\"\n               data-image-id=\"4004\"\n               data-title=\"DSCF0099\"\n               data-description=\"\"\n               data-image-slug=\"dscf0099\"\n               class=\"shutterset_c29747d41793db77ce0eddedb97250ff\">\n                <img\n                    title=\"DSCF0099\"\n                    alt=\"DSCF0099\"\n                    src=\"https:\/\/kontesadora.hr\/stara\/wp-content\/gallery\/koncert-pod-maskama-2017\/thumbs\/thumbs_DSCF0099.JPG\"\n                    width=\"100\"\n                    height=\"75\"\n                    style=\"max-width:100%;\"\n                \/>\n            <\/a>\n        <\/div>\n\t\t\t\t\t\t\t<\/div> \n\t\t\t\n        \n\t\t\t\t<div id=\"ngg-image-8\" class=\"ngg-gallery-thumbnail-box\" >\n\t\t\t\t        <div class=\"ngg-gallery-thumbnail\">\n            <a href=\"https:\/\/kontesadora.hr\/stara\/wp-content\/gallery\/koncert-pod-maskama-2017\/DSCF0098.JPG\"\n               title=\"\"\n               data-src=\"https:\/\/kontesadora.hr\/stara\/wp-content\/gallery\/koncert-pod-maskama-2017\/DSCF0098.JPG\"\n               data-thumbnail=\"https:\/\/kontesadora.hr\/stara\/wp-content\/gallery\/koncert-pod-maskama-2017\/thumbs\/thumbs_DSCF0098.JPG\"\n               data-image-id=\"4003\"\n               data-title=\"DSCF0098\"\n               data-description=\"\"\n               data-image-slug=\"dscf0098\"\n               class=\"shutterset_c29747d41793db77ce0eddedb97250ff\">\n                <img\n                    title=\"DSCF0098\"\n                    alt=\"DSCF0098\"\n                    src=\"https:\/\/kontesadora.hr\/stara\/wp-content\/gallery\/koncert-pod-maskama-2017\/thumbs\/thumbs_DSCF0098.JPG\"\n                    width=\"100\"\n                    height=\"75\"\n                    style=\"max-width:100%;\"\n                \/>\n            <\/a>\n        <\/div>\n\t\t\t\t\t\t\t<\/div> \n\t\t\t\n        \n\t\t\t\t<div id=\"ngg-image-9\" class=\"ngg-gallery-thumbnail-box\" >\n\t\t\t\t        <div class=\"ngg-gallery-thumbnail\">\n            <a href=\"https:\/\/kontesadora.hr\/stara\/wp-content\/gallery\/koncert-pod-maskama-2017\/DSCF0097.JPG\"\n               title=\"\"\n               data-src=\"https:\/\/kontesadora.hr\/stara\/wp-content\/gallery\/koncert-pod-maskama-2017\/DSCF0097.JPG\"\n               data-thumbnail=\"https:\/\/kontesadora.hr\/stara\/wp-content\/gallery\/koncert-pod-maskama-2017\/thumbs\/thumbs_DSCF0097.JPG\"\n               data-image-id=\"4002\"\n               data-title=\"DSCF0097\"\n               data-description=\"\"\n               data-image-slug=\"dscf0097\"\n               class=\"shutterset_c29747d41793db77ce0eddedb97250ff\">\n                <img\n                    title=\"DSCF0097\"\n                    alt=\"DSCF0097\"\n                    src=\"https:\/\/kontesadora.hr\/stara\/wp-content\/gallery\/koncert-pod-maskama-2017\/thumbs\/thumbs_DSCF0097.JPG\"\n                    width=\"100\"\n                    height=\"75\"\n                    style=\"max-width:100%;\"\n                \/>\n            <\/a>\n        <\/div>\n\t\t\t\t\t\t\t<\/div> \n\t\t\t\n        \n\t\t\t\t<div id=\"ngg-image-10\" class=\"ngg-gallery-thumbnail-box\" >\n\t\t\t\t        <div class=\"ngg-gallery-thumbnail\">\n            <a href=\"https:\/\/kontesadora.hr\/stara\/wp-content\/gallery\/koncert-pod-maskama-2017\/DSCF0096.JPG\"\n               title=\"\"\n               data-src=\"https:\/\/kontesadora.hr\/stara\/wp-content\/gallery\/koncert-pod-maskama-2017\/DSCF0096.JPG\"\n               data-thumbnail=\"https:\/\/kontesadora.hr\/stara\/wp-content\/gallery\/koncert-pod-maskama-2017\/thumbs\/thumbs_DSCF0096.JPG\"\n               data-image-id=\"4001\"\n               data-title=\"DSCF0096\"\n               data-description=\"\"\n               data-image-slug=\"dscf0096\"\n               class=\"shutterset_c29747d41793db77ce0eddedb97250ff\">\n                <img\n                    title=\"DSCF0096\"\n                    alt=\"DSCF0096\"\n                    src=\"https:\/\/kontesadora.hr\/stara\/wp-content\/gallery\/koncert-pod-maskama-2017\/thumbs\/thumbs_DSCF0096.JPG\"\n                    width=\"100\"\n                    height=\"75\"\n                    style=\"max-width:100%;\"\n                \/>\n            <\/a>\n        <\/div>\n\t\t\t\t\t\t\t<\/div> \n\t\t\t\n        \n\t\t\t\t<div id=\"ngg-image-11\" class=\"ngg-gallery-thumbnail-box\" >\n\t\t\t\t        <div class=\"ngg-gallery-thumbnail\">\n            <a href=\"https:\/\/kontesadora.hr\/stara\/wp-content\/gallery\/koncert-pod-maskama-2017\/DSCF0095.JPG\"\n               title=\"\"\n               data-src=\"https:\/\/kontesadora.hr\/stara\/wp-content\/gallery\/koncert-pod-maskama-2017\/DSCF0095.JPG\"\n               data-thumbnail=\"https:\/\/kontesadora.hr\/stara\/wp-content\/gallery\/koncert-pod-maskama-2017\/thumbs\/thumbs_DSCF0095.JPG\"\n               data-image-id=\"4000\"\n               data-title=\"DSCF0095\"\n               data-description=\"\"\n               data-image-slug=\"dscf0095\"\n               class=\"shutterset_c29747d41793db77ce0eddedb97250ff\">\n                <img\n                    title=\"DSCF0095\"\n                    alt=\"DSCF0095\"\n                    src=\"https:\/\/kontesadora.hr\/stara\/wp-content\/gallery\/koncert-pod-maskama-2017\/thumbs\/thumbs_DSCF0095.JPG\"\n                    width=\"100\"\n                    height=\"75\"\n                    style=\"max-width:100%;\"\n                \/>\n            <\/a>\n        <\/div>\n\t\t\t\t\t\t\t<\/div> \n\t\t\t\n        \n\t\t\t\t<div id=\"ngg-image-12\" class=\"ngg-gallery-thumbnail-box\" >\n\t\t\t\t        <div class=\"ngg-gallery-thumbnail\">\n            <a href=\"https:\/\/kontesadora.hr\/stara\/wp-content\/gallery\/koncert-pod-maskama-2017\/DSCF0094.JPG\"\n               title=\"\"\n               data-src=\"https:\/\/kontesadora.hr\/stara\/wp-content\/gallery\/koncert-pod-maskama-2017\/DSCF0094.JPG\"\n               data-thumbnail=\"https:\/\/kontesadora.hr\/stara\/wp-content\/gallery\/koncert-pod-maskama-2017\/thumbs\/thumbs_DSCF0094.JPG\"\n               data-image-id=\"3999\"\n               data-title=\"DSCF0094\"\n               data-description=\"\"\n               data-image-slug=\"dscf0094\"\n               class=\"shutterset_c29747d41793db77ce0eddedb97250ff\">\n                <img\n                    title=\"DSCF0094\"\n                    alt=\"DSCF0094\"\n                    src=\"https:\/\/kontesadora.hr\/stara\/wp-content\/gallery\/koncert-pod-maskama-2017\/thumbs\/thumbs_DSCF0094.JPG\"\n                    width=\"100\"\n                    height=\"75\"\n                    style=\"max-width:100%;\"\n                \/>\n            <\/a>\n        <\/div>\n\t\t\t\t\t\t\t<\/div> \n\t\t\t\n        \n\t\t\t\t<div id=\"ngg-image-13\" class=\"ngg-gallery-thumbnail-box\" >\n\t\t\t\t        <div class=\"ngg-gallery-thumbnail\">\n            <a href=\"https:\/\/kontesadora.hr\/stara\/wp-content\/gallery\/koncert-pod-maskama-2017\/DSCF0093.JPG\"\n               title=\"\"\n               data-src=\"https:\/\/kontesadora.hr\/stara\/wp-content\/gallery\/koncert-pod-maskama-2017\/DSCF0093.JPG\"\n               data-thumbnail=\"https:\/\/kontesadora.hr\/stara\/wp-content\/gallery\/koncert-pod-maskama-2017\/thumbs\/thumbs_DSCF0093.JPG\"\n               data-image-id=\"3998\"\n               data-title=\"DSCF0093\"\n               data-description=\"\"\n               data-image-slug=\"dscf0093\"\n               class=\"shutterset_c29747d41793db77ce0eddedb97250ff\">\n                <img\n                    title=\"DSCF0093\"\n                    alt=\"DSCF0093\"\n                    src=\"https:\/\/kontesadora.hr\/stara\/wp-content\/gallery\/koncert-pod-maskama-2017\/thumbs\/thumbs_DSCF0093.JPG\"\n                    width=\"100\"\n                    height=\"75\"\n                    style=\"max-width:100%;\"\n                \/>\n            <\/a>\n        <\/div>\n\t\t\t\t\t\t\t<\/div> \n\t\t\t\n        \n\t\t\t\t<div id=\"ngg-image-14\" class=\"ngg-gallery-thumbnail-box\" >\n\t\t\t\t        <div class=\"ngg-gallery-thumbnail\">\n            <a href=\"https:\/\/kontesadora.hr\/stara\/wp-content\/gallery\/koncert-pod-maskama-2017\/DSCF0092.JPG\"\n               title=\"\"\n               data-src=\"https:\/\/kontesadora.hr\/stara\/wp-content\/gallery\/koncert-pod-maskama-2017\/DSCF0092.JPG\"\n               data-thumbnail=\"https:\/\/kontesadora.hr\/stara\/wp-content\/gallery\/koncert-pod-maskama-2017\/thumbs\/thumbs_DSCF0092.JPG\"\n               data-image-id=\"3997\"\n               data-title=\"DSCF0092\"\n               data-description=\"\"\n               data-image-slug=\"dscf0092\"\n               class=\"shutterset_c29747d41793db77ce0eddedb97250ff\">\n                <img\n                    title=\"DSCF0092\"\n                    alt=\"DSCF0092\"\n                    src=\"https:\/\/kontesadora.hr\/stara\/wp-content\/gallery\/koncert-pod-maskama-2017\/thumbs\/thumbs_DSCF0092.JPG\"\n                    width=\"100\"\n                    height=\"75\"\n                    style=\"max-width:100%;\"\n                \/>\n            <\/a>\n        <\/div>\n\t\t\t\t\t\t\t<\/div> \n\t\t\t\n        \n\t\t\t\t<div id=\"ngg-image-15\" class=\"ngg-gallery-thumbnail-box\" >\n\t\t\t\t        <div class=\"ngg-gallery-thumbnail\">\n            <a href=\"https:\/\/kontesadora.hr\/stara\/wp-content\/gallery\/koncert-pod-maskama-2017\/DSCF0091.JPG\"\n               title=\"\"\n               data-src=\"https:\/\/kontesadora.hr\/stara\/wp-content\/gallery\/koncert-pod-maskama-2017\/DSCF0091.JPG\"\n               data-thumbnail=\"https:\/\/kontesadora.hr\/stara\/wp-content\/gallery\/koncert-pod-maskama-2017\/thumbs\/thumbs_DSCF0091.JPG\"\n               data-image-id=\"3996\"\n               data-title=\"DSCF0091\"\n               data-description=\"\"\n               data-image-slug=\"dscf0091\"\n               class=\"shutterset_c29747d41793db77ce0eddedb97250ff\">\n                <img\n                    title=\"DSCF0091\"\n                    alt=\"DSCF0091\"\n                    src=\"https:\/\/kontesadora.hr\/stara\/wp-content\/gallery\/koncert-pod-maskama-2017\/thumbs\/thumbs_DSCF0091.JPG\"\n                    width=\"100\"\n                    height=\"75\"\n                    style=\"max-width:100%;\"\n                \/>\n            <\/a>\n        <\/div>\n\t\t\t\t\t\t\t<\/div> \n\t\t\t\n        \n\t\t\t\t<div id=\"ngg-image-16\" class=\"ngg-gallery-thumbnail-box\" >\n\t\t\t\t        <div class=\"ngg-gallery-thumbnail\">\n            <a href=\"https:\/\/kontesadora.hr\/stara\/wp-content\/gallery\/koncert-pod-maskama-2017\/DSCF0090.JPG\"\n               title=\"\"\n               data-src=\"https:\/\/kontesadora.hr\/stara\/wp-content\/gallery\/koncert-pod-maskama-2017\/DSCF0090.JPG\"\n               data-thumbnail=\"https:\/\/kontesadora.hr\/stara\/wp-content\/gallery\/koncert-pod-maskama-2017\/thumbs\/thumbs_DSCF0090.JPG\"\n               data-image-id=\"3995\"\n               data-title=\"DSCF0090\"\n               data-description=\"\"\n               data-image-slug=\"dscf0090\"\n               class=\"shutterset_c29747d41793db77ce0eddedb97250ff\">\n                <img\n                    title=\"DSCF0090\"\n                    alt=\"DSCF0090\"\n                    src=\"https:\/\/kontesadora.hr\/stara\/wp-content\/gallery\/koncert-pod-maskama-2017\/thumbs\/thumbs_DSCF0090.JPG\"\n                    width=\"100\"\n                    height=\"75\"\n                    style=\"max-width:100%;\"\n                \/>\n            <\/a>\n        <\/div>\n\t\t\t\t\t\t\t<\/div> \n\t\t\t\n        \n\t\t\t\t<div id=\"ngg-image-17\" class=\"ngg-gallery-thumbnail-box\" >\n\t\t\t\t        <div class=\"ngg-gallery-thumbnail\">\n            <a href=\"https:\/\/kontesadora.hr\/stara\/wp-content\/gallery\/koncert-pod-maskama-2017\/DSCF0089.JPG\"\n               title=\"\"\n               data-src=\"https:\/\/kontesadora.hr\/stara\/wp-content\/gallery\/koncert-pod-maskama-2017\/DSCF0089.JPG\"\n               data-thumbnail=\"https:\/\/kontesadora.hr\/stara\/wp-content\/gallery\/koncert-pod-maskama-2017\/thumbs\/thumbs_DSCF0089.JPG\"\n               data-image-id=\"3994\"\n               data-title=\"DSCF0089\"\n               data-description=\"\"\n               data-image-slug=\"dscf0089\"\n               class=\"shutterset_c29747d41793db77ce0eddedb97250ff\">\n                <img\n                    title=\"DSCF0089\"\n                    alt=\"DSCF0089\"\n                    src=\"https:\/\/kontesadora.hr\/stara\/wp-content\/gallery\/koncert-pod-maskama-2017\/thumbs\/thumbs_DSCF0089.JPG\"\n                    width=\"100\"\n                    height=\"75\"\n                    style=\"max-width:100%;\"\n                \/>\n            <\/a>\n        <\/div>\n\t\t\t\t\t\t\t<\/div> \n\t\t\t\n        \n\t\t\t\t<div id=\"ngg-image-18\" class=\"ngg-gallery-thumbnail-box\" >\n\t\t\t\t        <div class=\"ngg-gallery-thumbnail\">\n            <a href=\"https:\/\/kontesadora.hr\/stara\/wp-content\/gallery\/koncert-pod-maskama-2017\/DSCF0088.JPG\"\n               title=\"\"\n               data-src=\"https:\/\/kontesadora.hr\/stara\/wp-content\/gallery\/koncert-pod-maskama-2017\/DSCF0088.JPG\"\n               data-thumbnail=\"https:\/\/kontesadora.hr\/stara\/wp-content\/gallery\/koncert-pod-maskama-2017\/thumbs\/thumbs_DSCF0088.JPG\"\n               data-image-id=\"3993\"\n               data-title=\"DSCF0088\"\n               data-description=\"\"\n               data-image-slug=\"dscf0088\"\n               class=\"shutterset_c29747d41793db77ce0eddedb97250ff\">\n                <img\n                    title=\"DSCF0088\"\n                    alt=\"DSCF0088\"\n                    src=\"https:\/\/kontesadora.hr\/stara\/wp-content\/gallery\/koncert-pod-maskama-2017\/thumbs\/thumbs_DSCF0088.JPG\"\n                    width=\"100\"\n                    height=\"75\"\n                    style=\"max-width:100%;\"\n                \/>\n            <\/a>\n        <\/div>\n\t\t\t\t\t\t\t<\/div> \n\t\t\t\n        \n\t\t\t\t<div id=\"ngg-image-19\" class=\"ngg-gallery-thumbnail-box\" >\n\t\t\t\t        <div class=\"ngg-gallery-thumbnail\">\n            <a href=\"https:\/\/kontesadora.hr\/stara\/wp-content\/gallery\/koncert-pod-maskama-2017\/DSCF0087.JPG\"\n               title=\"\"\n               data-src=\"https:\/\/kontesadora.hr\/stara\/wp-content\/gallery\/koncert-pod-maskama-2017\/DSCF0087.JPG\"\n               data-thumbnail=\"https:\/\/kontesadora.hr\/stara\/wp-content\/gallery\/koncert-pod-maskama-2017\/thumbs\/thumbs_DSCF0087.JPG\"\n               data-image-id=\"3992\"\n               data-title=\"DSCF0087\"\n               data-description=\"\"\n               data-image-slug=\"dscf0087\"\n               class=\"shutterset_c29747d41793db77ce0eddedb97250ff\">\n                <img\n                    title=\"DSCF0087\"\n                    alt=\"DSCF0087\"\n                    src=\"https:\/\/kontesadora.hr\/stara\/wp-content\/gallery\/koncert-pod-maskama-2017\/thumbs\/thumbs_DSCF0087.JPG\"\n                    width=\"100\"\n                    height=\"75\"\n                    style=\"max-width:100%;\"\n                \/>\n            <\/a>\n        <\/div>\n\t\t\t\t\t\t\t<\/div> \n\t\t\t\n        \n\t\t\n\t\t<!-- Pagination -->\n\t<div class='ngg-navigation'><span class='current'>1<\/span>\n<a class='page-numbers' data-pageid='2' href='https:\/\/kontesadora.hr\/stara\/galerija\/nggallery\/page\/2'>2<\/a>\n<span class='ellipsis'>...<\/span>\n<a class='page-numbers' data-pageid='13' href='https:\/\/kontesadora.hr\/stara\/galerija\/nggallery\/page\/13'>13<\/a>\n<a class='prev' href='https:\/\/kontesadora.hr\/stara\/galerija\/nggallery\/page\/2' data-pageid=2>&#9658;<\/a><\/div>\t<\/div>\n Koncert pod maskama, 24. velja\u010de 2017.&nbsp;<\/p>\n<!-- index.php -->\n<div\n\tclass=\"ngg-galleryoverview ngg-ajax-pagination-none\"\n\tid=\"ngg-gallery-9b49019649e002e8348c1abb84deffca-1\">\n\n    \t<div class=\"slideshowlink\">\n        <a href='https:\/\/kontesadora.hr\/stara\/galerija\/nggallery\/slideshow'>[Show as slideshow]<\/a>\n\t\t\n\t<\/div>\n\t\t\t<!-- Thumbnails -->\n\t\t\t\t<div id=\"ngg-image-0\" class=\"ngg-gallery-thumbnail-box\" >\n\t\t\t\t        <div class=\"ngg-gallery-thumbnail\">\n            <a href=\"https:\/\/kontesadora.hr\/stara\/wp-content\/gallery\/koncert-u-bijelom-2017\/DSCF0072.JPG\"\n               title=\"\"\n               data-src=\"https:\/\/kontesadora.hr\/stara\/wp-content\/gallery\/koncert-u-bijelom-2017\/DSCF0072.JPG\"\n               data-thumbnail=\"https:\/\/kontesadora.hr\/stara\/wp-content\/gallery\/koncert-u-bijelom-2017\/thumbs\/thumbs_DSCF0072.JPG\"\n               data-image-id=\"3762\"\n               data-title=\"DSCF0072\"\n               data-description=\"\"\n               data-image-slug=\"dscf0072\"\n               class=\"shutterset_9b49019649e002e8348c1abb84deffca\">\n                <img\n                    title=\"DSCF0072\"\n                    alt=\"DSCF0072\"\n                    src=\"https:\/\/kontesadora.hr\/stara\/wp-content\/gallery\/koncert-u-bijelom-2017\/thumbs\/thumbs_DSCF0072.JPG\"\n                    width=\"100\"\n                    height=\"75\"\n                    style=\"max-width:100%;\"\n                \/>\n            <\/a>\n        <\/div>\n\t\t\t\t\t\t\t<\/div> \n\t\t\t\n        \n\t\t\t\t<div id=\"ngg-image-1\" class=\"ngg-gallery-thumbnail-box\" >\n\t\t\t\t        <div class=\"ngg-gallery-thumbnail\">\n            <a href=\"https:\/\/kontesadora.hr\/stara\/wp-content\/gallery\/koncert-u-bijelom-2017\/DSCF0071.JPG\"\n               title=\"\"\n               data-src=\"https:\/\/kontesadora.hr\/stara\/wp-content\/gallery\/koncert-u-bijelom-2017\/DSCF0071.JPG\"\n               data-thumbnail=\"https:\/\/kontesadora.hr\/stara\/wp-content\/gallery\/koncert-u-bijelom-2017\/thumbs\/thumbs_DSCF0071.JPG\"\n               data-image-id=\"3761\"\n               data-title=\"DSCF0071\"\n               data-description=\"\"\n               data-image-slug=\"dscf0071\"\n               class=\"shutterset_9b49019649e002e8348c1abb84deffca\">\n                <img\n                    title=\"DSCF0071\"\n                    alt=\"DSCF0071\"\n                    src=\"https:\/\/kontesadora.hr\/stara\/wp-content\/gallery\/koncert-u-bijelom-2017\/thumbs\/thumbs_DSCF0071.JPG\"\n                    width=\"100\"\n                    height=\"75\"\n                    style=\"max-width:100%;\"\n                \/>\n            <\/a>\n        <\/div>\n\t\t\t\t\t\t\t<\/div> \n\t\t\t\n        \n\t\t\t\t<div id=\"ngg-image-2\" class=\"ngg-gallery-thumbnail-box\" >\n\t\t\t\t        <div class=\"ngg-gallery-thumbnail\">\n            <a href=\"https:\/\/kontesadora.hr\/stara\/wp-content\/gallery\/koncert-u-bijelom-2017\/DSCF0070.JPG\"\n               title=\"\"\n               data-src=\"https:\/\/kontesadora.hr\/stara\/wp-content\/gallery\/koncert-u-bijelom-2017\/DSCF0070.JPG\"\n               data-thumbnail=\"https:\/\/kontesadora.hr\/stara\/wp-content\/gallery\/koncert-u-bijelom-2017\/thumbs\/thumbs_DSCF0070.JPG\"\n               data-image-id=\"3760\"\n               data-title=\"DSCF0070\"\n               data-description=\"\"\n               data-image-slug=\"dscf0070\"\n               class=\"shutterset_9b49019649e002e8348c1abb84deffca\">\n                <img\n                    title=\"DSCF0070\"\n                    alt=\"DSCF0070\"\n                    src=\"https:\/\/kontesadora.hr\/stara\/wp-content\/gallery\/koncert-u-bijelom-2017\/thumbs\/thumbs_DSCF0070.JPG\"\n                    width=\"100\"\n                    height=\"75\"\n                    style=\"max-width:100%;\"\n                \/>\n            <\/a>\n        <\/div>\n\t\t\t\t\t\t\t<\/div> \n\t\t\t\n        \n\t\t\t\t<div id=\"ngg-image-3\" class=\"ngg-gallery-thumbnail-box\" >\n\t\t\t\t        <div class=\"ngg-gallery-thumbnail\">\n            <a href=\"https:\/\/kontesadora.hr\/stara\/wp-content\/gallery\/koncert-u-bijelom-2017\/DSCF0069.JPG\"\n               title=\"\"\n               data-src=\"https:\/\/kontesadora.hr\/stara\/wp-content\/gallery\/koncert-u-bijelom-2017\/DSCF0069.JPG\"\n               data-thumbnail=\"https:\/\/kontesadora.hr\/stara\/wp-content\/gallery\/koncert-u-bijelom-2017\/thumbs\/thumbs_DSCF0069.JPG\"\n               data-image-id=\"3759\"\n               data-title=\"DSCF0069\"\n               data-description=\"\"\n               data-image-slug=\"dscf0069\"\n               class=\"shutterset_9b49019649e002e8348c1abb84deffca\">\n                <img\n                    title=\"DSCF0069\"\n                    alt=\"DSCF0069\"\n                    src=\"https:\/\/kontesadora.hr\/stara\/wp-content\/gallery\/koncert-u-bijelom-2017\/thumbs\/thumbs_DSCF0069.JPG\"\n                    width=\"100\"\n                    height=\"75\"\n                    style=\"max-width:100%;\"\n                \/>\n            <\/a>\n        <\/div>\n\t\t\t\t\t\t\t<\/div> \n\t\t\t\n        \n\t\t\t\t<div id=\"ngg-image-4\" class=\"ngg-gallery-thumbnail-box\" >\n\t\t\t\t        <div class=\"ngg-gallery-thumbnail\">\n            <a href=\"https:\/\/kontesadora.hr\/stara\/wp-content\/gallery\/koncert-u-bijelom-2017\/DSCF0068.JPG\"\n               title=\"\"\n               data-src=\"https:\/\/kontesadora.hr\/stara\/wp-content\/gallery\/koncert-u-bijelom-2017\/DSCF0068.JPG\"\n               data-thumbnail=\"https:\/\/kontesadora.hr\/stara\/wp-content\/gallery\/koncert-u-bijelom-2017\/thumbs\/thumbs_DSCF0068.JPG\"\n               data-image-id=\"3758\"\n               data-title=\"DSCF0068\"\n               data-description=\"\"\n               data-image-slug=\"dscf0068\"\n               class=\"shutterset_9b49019649e002e8348c1abb84deffca\">\n                <img\n                    title=\"DSCF0068\"\n                    alt=\"DSCF0068\"\n                    src=\"https:\/\/kontesadora.hr\/stara\/wp-content\/gallery\/koncert-u-bijelom-2017\/thumbs\/thumbs_DSCF0068.JPG\"\n                    width=\"100\"\n                    height=\"75\"\n                    style=\"max-width:100%;\"\n                \/>\n            <\/a>\n        <\/div>\n\t\t\t\t\t\t\t<\/div> \n\t\t\t\n        \n\t\t\t\t<div id=\"ngg-image-5\" class=\"ngg-gallery-thumbnail-box\" >\n\t\t\t\t        <div class=\"ngg-gallery-thumbnail\">\n            <a href=\"https:\/\/kontesadora.hr\/stara\/wp-content\/gallery\/koncert-u-bijelom-2017\/DSCF0067.JPG\"\n               title=\"\"\n               data-src=\"https:\/\/kontesadora.hr\/stara\/wp-content\/gallery\/koncert-u-bijelom-2017\/DSCF0067.JPG\"\n               data-thumbnail=\"https:\/\/kontesadora.hr\/stara\/wp-content\/gallery\/koncert-u-bijelom-2017\/thumbs\/thumbs_DSCF0067.JPG\"\n               data-image-id=\"3757\"\n               data-title=\"DSCF0067\"\n               data-description=\"\"\n               data-image-slug=\"dscf0067\"\n               class=\"shutterset_9b49019649e002e8348c1abb84deffca\">\n                <img\n                    title=\"DSCF0067\"\n                    alt=\"DSCF0067\"\n                    src=\"https:\/\/kontesadora.hr\/stara\/wp-content\/gallery\/koncert-u-bijelom-2017\/thumbs\/thumbs_DSCF0067.JPG\"\n                    width=\"100\"\n                    height=\"75\"\n                    style=\"max-width:100%;\"\n                \/>\n            <\/a>\n        <\/div>\n\t\t\t\t\t\t\t<\/div> \n\t\t\t\n        \n\t\t\t\t<div id=\"ngg-image-6\" class=\"ngg-gallery-thumbnail-box\" >\n\t\t\t\t        <div class=\"ngg-gallery-thumbnail\">\n            <a href=\"https:\/\/kontesadora.hr\/stara\/wp-content\/gallery\/koncert-u-bijelom-2017\/DSCF0066.JPG\"\n               title=\"\"\n               data-src=\"https:\/\/kontesadora.hr\/stara\/wp-content\/gallery\/koncert-u-bijelom-2017\/DSCF0066.JPG\"\n               data-thumbnail=\"https:\/\/kontesadora.hr\/stara\/wp-content\/gallery\/koncert-u-bijelom-2017\/thumbs\/thumbs_DSCF0066.JPG\"\n               data-image-id=\"3756\"\n               data-title=\"DSCF0066\"\n               data-description=\"\"\n               data-image-slug=\"dscf0066\"\n               class=\"shutterset_9b49019649e002e8348c1abb84deffca\">\n                <img\n                    title=\"DSCF0066\"\n                    alt=\"DSCF0066\"\n                    src=\"https:\/\/kontesadora.hr\/stara\/wp-content\/gallery\/koncert-u-bijelom-2017\/thumbs\/thumbs_DSCF0066.JPG\"\n                    width=\"100\"\n                    height=\"75\"\n                    style=\"max-width:100%;\"\n                \/>\n            <\/a>\n        <\/div>\n\t\t\t\t\t\t\t<\/div> \n\t\t\t\n        \n\t\t\t\t<div id=\"ngg-image-7\" class=\"ngg-gallery-thumbnail-box\" >\n\t\t\t\t        <div class=\"ngg-gallery-thumbnail\">\n            <a href=\"https:\/\/kontesadora.hr\/stara\/wp-content\/gallery\/koncert-u-bijelom-2017\/DSCF0065.JPG\"\n               title=\"\"\n               data-src=\"https:\/\/kontesadora.hr\/stara\/wp-content\/gallery\/koncert-u-bijelom-2017\/DSCF0065.JPG\"\n               data-thumbnail=\"https:\/\/kontesadora.hr\/stara\/wp-content\/gallery\/koncert-u-bijelom-2017\/thumbs\/thumbs_DSCF0065.JPG\"\n               data-image-id=\"3755\"\n               data-title=\"DSCF0065\"\n               data-description=\"\"\n               data-image-slug=\"dscf0065\"\n               class=\"shutterset_9b49019649e002e8348c1abb84deffca\">\n                <img\n                    title=\"DSCF0065\"\n                    alt=\"DSCF0065\"\n                    src=\"https:\/\/kontesadora.hr\/stara\/wp-content\/gallery\/koncert-u-bijelom-2017\/thumbs\/thumbs_DSCF0065.JPG\"\n                    width=\"100\"\n                    height=\"75\"\n                    style=\"max-width:100%;\"\n                \/>\n            <\/a>\n        <\/div>\n\t\t\t\t\t\t\t<\/div> \n\t\t\t\n        \n\t\t\t\t<div id=\"ngg-image-8\" class=\"ngg-gallery-thumbnail-box\" >\n\t\t\t\t        <div class=\"ngg-gallery-thumbnail\">\n            <a href=\"https:\/\/kontesadora.hr\/stara\/wp-content\/gallery\/koncert-u-bijelom-2017\/DSCF0064.JPG\"\n               title=\"\"\n               data-src=\"https:\/\/kontesadora.hr\/stara\/wp-content\/gallery\/koncert-u-bijelom-2017\/DSCF0064.JPG\"\n               data-thumbnail=\"https:\/\/kontesadora.hr\/stara\/wp-content\/gallery\/koncert-u-bijelom-2017\/thumbs\/thumbs_DSCF0064.JPG\"\n               data-image-id=\"3754\"\n               data-title=\"DSCF0064\"\n               data-description=\"\"\n               data-image-slug=\"dscf0064\"\n               class=\"shutterset_9b49019649e002e8348c1abb84deffca\">\n                <img\n                    title=\"DSCF0064\"\n                    alt=\"DSCF0064\"\n                    src=\"https:\/\/kontesadora.hr\/stara\/wp-content\/gallery\/koncert-u-bijelom-2017\/thumbs\/thumbs_DSCF0064.JPG\"\n                    width=\"100\"\n                    height=\"75\"\n                    style=\"max-width:100%;\"\n                \/>\n            <\/a>\n        <\/div>\n\t\t\t\t\t\t\t<\/div> \n\t\t\t\n        \n\t\t\t\t<div id=\"ngg-image-9\" class=\"ngg-gallery-thumbnail-box\" >\n\t\t\t\t        <div class=\"ngg-gallery-thumbnail\">\n            <a href=\"https:\/\/kontesadora.hr\/stara\/wp-content\/gallery\/koncert-u-bijelom-2017\/DSCF0063.JPG\"\n               title=\"\"\n               data-src=\"https:\/\/kontesadora.hr\/stara\/wp-content\/gallery\/koncert-u-bijelom-2017\/DSCF0063.JPG\"\n               data-thumbnail=\"https:\/\/kontesadora.hr\/stara\/wp-content\/gallery\/koncert-u-bijelom-2017\/thumbs\/thumbs_DSCF0063.JPG\"\n               data-image-id=\"3753\"\n               data-title=\"DSCF0063\"\n               data-description=\"\"\n               data-image-slug=\"dscf0063\"\n               class=\"shutterset_9b49019649e002e8348c1abb84deffca\">\n                <img\n                    title=\"DSCF0063\"\n                    alt=\"DSCF0063\"\n                    src=\"https:\/\/kontesadora.hr\/stara\/wp-content\/gallery\/koncert-u-bijelom-2017\/thumbs\/thumbs_DSCF0063.JPG\"\n                    width=\"100\"\n                    height=\"75\"\n                    style=\"max-width:100%;\"\n                \/>\n            <\/a>\n        <\/div>\n\t\t\t\t\t\t\t<\/div> \n\t\t\t\n        \n\t\t\t\t<div id=\"ngg-image-10\" class=\"ngg-gallery-thumbnail-box\" >\n\t\t\t\t        <div class=\"ngg-gallery-thumbnail\">\n            <a href=\"https:\/\/kontesadora.hr\/stara\/wp-content\/gallery\/koncert-u-bijelom-2017\/DSCF0062.JPG\"\n               title=\"\"\n               data-src=\"https:\/\/kontesadora.hr\/stara\/wp-content\/gallery\/koncert-u-bijelom-2017\/DSCF0062.JPG\"\n               data-thumbnail=\"https:\/\/kontesadora.hr\/stara\/wp-content\/gallery\/koncert-u-bijelom-2017\/thumbs\/thumbs_DSCF0062.JPG\"\n               data-image-id=\"3752\"\n               data-title=\"DSCF0062\"\n               data-description=\"\"\n               data-image-slug=\"dscf0062\"\n               class=\"shutterset_9b49019649e002e8348c1abb84deffca\">\n                <img\n                    title=\"DSCF0062\"\n                    alt=\"DSCF0062\"\n                    src=\"https:\/\/kontesadora.hr\/stara\/wp-content\/gallery\/koncert-u-bijelom-2017\/thumbs\/thumbs_DSCF0062.JPG\"\n                    width=\"100\"\n                    height=\"75\"\n                    style=\"max-width:100%;\"\n                \/>\n            <\/a>\n        <\/div>\n\t\t\t\t\t\t\t<\/div> \n\t\t\t\n        \n\t\t\t\t<div id=\"ngg-image-11\" class=\"ngg-gallery-thumbnail-box\" >\n\t\t\t\t        <div class=\"ngg-gallery-thumbnail\">\n            <a href=\"https:\/\/kontesadora.hr\/stara\/wp-content\/gallery\/koncert-u-bijelom-2017\/DSCF0061.JPG\"\n               title=\"\"\n               data-src=\"https:\/\/kontesadora.hr\/stara\/wp-content\/gallery\/koncert-u-bijelom-2017\/DSCF0061.JPG\"\n               data-thumbnail=\"https:\/\/kontesadora.hr\/stara\/wp-content\/gallery\/koncert-u-bijelom-2017\/thumbs\/thumbs_DSCF0061.JPG\"\n               data-image-id=\"3751\"\n               data-title=\"DSCF0061\"\n               data-description=\"\"\n               data-image-slug=\"dscf0061\"\n               class=\"shutterset_9b49019649e002e8348c1abb84deffca\">\n                <img\n                    title=\"DSCF0061\"\n                    alt=\"DSCF0061\"\n                    src=\"https:\/\/kontesadora.hr\/stara\/wp-content\/gallery\/koncert-u-bijelom-2017\/thumbs\/thumbs_DSCF0061.JPG\"\n                    width=\"100\"\n                    height=\"75\"\n                    style=\"max-width:100%;\"\n                \/>\n            <\/a>\n        <\/div>\n\t\t\t\t\t\t\t<\/div> \n\t\t\t\n        \n\t\t\t\t<div id=\"ngg-image-12\" class=\"ngg-gallery-thumbnail-box\" >\n\t\t\t\t        <div class=\"ngg-gallery-thumbnail\">\n            <a href=\"https:\/\/kontesadora.hr\/stara\/wp-content\/gallery\/koncert-u-bijelom-2017\/DSCF0060.JPG\"\n               title=\"\"\n               data-src=\"https:\/\/kontesadora.hr\/stara\/wp-content\/gallery\/koncert-u-bijelom-2017\/DSCF0060.JPG\"\n               data-thumbnail=\"https:\/\/kontesadora.hr\/stara\/wp-content\/gallery\/koncert-u-bijelom-2017\/thumbs\/thumbs_DSCF0060.JPG\"\n               data-image-id=\"3750\"\n               data-title=\"DSCF0060\"\n               data-description=\"\"\n               data-image-slug=\"dscf0060\"\n               class=\"shutterset_9b49019649e002e8348c1abb84deffca\">\n                <img\n                    title=\"DSCF0060\"\n                    alt=\"DSCF0060\"\n                    src=\"https:\/\/kontesadora.hr\/stara\/wp-content\/gallery\/koncert-u-bijelom-2017\/thumbs\/thumbs_DSCF0060.JPG\"\n                    width=\"100\"\n                    height=\"75\"\n                    style=\"max-width:100%;\"\n                \/>\n            <\/a>\n        <\/div>\n\t\t\t\t\t\t\t<\/div> \n\t\t\t\n        \n\t\t\t\t<div id=\"ngg-image-13\" class=\"ngg-gallery-thumbnail-box\" >\n\t\t\t\t        <div class=\"ngg-gallery-thumbnail\">\n            <a href=\"https:\/\/kontesadora.hr\/stara\/wp-content\/gallery\/koncert-u-bijelom-2017\/DSCF0059.JPG\"\n               title=\"\"\n               data-src=\"https:\/\/kontesadora.hr\/stara\/wp-content\/gallery\/koncert-u-bijelom-2017\/DSCF0059.JPG\"\n               data-thumbnail=\"https:\/\/kontesadora.hr\/stara\/wp-content\/gallery\/koncert-u-bijelom-2017\/thumbs\/thumbs_DSCF0059.JPG\"\n               data-image-id=\"3749\"\n               data-title=\"DSCF0059\"\n               data-description=\"\"\n               data-image-slug=\"dscf0059\"\n               class=\"shutterset_9b49019649e002e8348c1abb84deffca\">\n                <img\n                    title=\"DSCF0059\"\n                    alt=\"DSCF0059\"\n                    src=\"https:\/\/kontesadora.hr\/stara\/wp-content\/gallery\/koncert-u-bijelom-2017\/thumbs\/thumbs_DSCF0059.JPG\"\n                    width=\"100\"\n                    height=\"75\"\n                    style=\"max-width:100%;\"\n                \/>\n            <\/a>\n        <\/div>\n\t\t\t\t\t\t\t<\/div> \n\t\t\t\n        \n\t\t\t\t<div id=\"ngg-image-14\" class=\"ngg-gallery-thumbnail-box\" >\n\t\t\t\t        <div class=\"ngg-gallery-thumbnail\">\n            <a href=\"https:\/\/kontesadora.hr\/stara\/wp-content\/gallery\/koncert-u-bijelom-2017\/DSCF0058.JPG\"\n               title=\"\"\n               data-src=\"https:\/\/kontesadora.hr\/stara\/wp-content\/gallery\/koncert-u-bijelom-2017\/DSCF0058.JPG\"\n               data-thumbnail=\"https:\/\/kontesadora.hr\/stara\/wp-content\/gallery\/koncert-u-bijelom-2017\/thumbs\/thumbs_DSCF0058.JPG\"\n               data-image-id=\"3748\"\n               data-title=\"DSCF0058\"\n               data-description=\"\"\n               data-image-slug=\"dscf0058\"\n               class=\"shutterset_9b49019649e002e8348c1abb84deffca\">\n                <img\n                    title=\"DSCF0058\"\n                    alt=\"DSCF0058\"\n                    src=\"https:\/\/kontesadora.hr\/stara\/wp-content\/gallery\/koncert-u-bijelom-2017\/thumbs\/thumbs_DSCF0058.JPG\"\n                    width=\"100\"\n                    height=\"75\"\n                    style=\"max-width:100%;\"\n                \/>\n            <\/a>\n        <\/div>\n\t\t\t\t\t\t\t<\/div> \n\t\t\t\n        \n\t\t\t\t<div id=\"ngg-image-15\" class=\"ngg-gallery-thumbnail-box\" >\n\t\t\t\t        <div class=\"ngg-gallery-thumbnail\">\n            <a href=\"https:\/\/kontesadora.hr\/stara\/wp-content\/gallery\/koncert-u-bijelom-2017\/DSCF0057.JPG\"\n               title=\"\"\n               data-src=\"https:\/\/kontesadora.hr\/stara\/wp-content\/gallery\/koncert-u-bijelom-2017\/DSCF0057.JPG\"\n               data-thumbnail=\"https:\/\/kontesadora.hr\/stara\/wp-content\/gallery\/koncert-u-bijelom-2017\/thumbs\/thumbs_DSCF0057.JPG\"\n               data-image-id=\"3747\"\n               data-title=\"DSCF0057\"\n               data-description=\"\"\n               data-image-slug=\"dscf0057\"\n               class=\"shutterset_9b49019649e002e8348c1abb84deffca\">\n                <img\n                    title=\"DSCF0057\"\n                    alt=\"DSCF0057\"\n                    src=\"https:\/\/kontesadora.hr\/stara\/wp-content\/gallery\/koncert-u-bijelom-2017\/thumbs\/thumbs_DSCF0057.JPG\"\n                    width=\"100\"\n                    height=\"75\"\n                    style=\"max-width:100%;\"\n                \/>\n            <\/a>\n        <\/div>\n\t\t\t\t\t\t\t<\/div> \n\t\t\t\n        \n\t\t\t\t<div id=\"ngg-image-16\" class=\"ngg-gallery-thumbnail-box\" >\n\t\t\t\t        <div class=\"ngg-gallery-thumbnail\">\n            <a href=\"https:\/\/kontesadora.hr\/stara\/wp-content\/gallery\/koncert-u-bijelom-2017\/DSCF0056.JPG\"\n               title=\"\"\n               data-src=\"https:\/\/kontesadora.hr\/stara\/wp-content\/gallery\/koncert-u-bijelom-2017\/DSCF0056.JPG\"\n               data-thumbnail=\"https:\/\/kontesadora.hr\/stara\/wp-content\/gallery\/koncert-u-bijelom-2017\/thumbs\/thumbs_DSCF0056.JPG\"\n               data-image-id=\"3746\"\n               data-title=\"DSCF0056\"\n               data-description=\"\"\n               data-image-slug=\"dscf0056\"\n               class=\"shutterset_9b49019649e002e8348c1abb84deffca\">\n                <img\n                    title=\"DSCF0056\"\n                    alt=\"DSCF0056\"\n                    src=\"https:\/\/kontesadora.hr\/stara\/wp-content\/gallery\/koncert-u-bijelom-2017\/thumbs\/thumbs_DSCF0056.JPG\"\n                    width=\"100\"\n                    height=\"75\"\n                    style=\"max-width:100%;\"\n                \/>\n            <\/a>\n        <\/div>\n\t\t\t\t\t\t\t<\/div> \n\t\t\t\n        \n\t\t\t\t<div id=\"ngg-image-17\" class=\"ngg-gallery-thumbnail-box\" >\n\t\t\t\t        <div class=\"ngg-gallery-thumbnail\">\n            <a href=\"https:\/\/kontesadora.hr\/stara\/wp-content\/gallery\/koncert-u-bijelom-2017\/DSCF0055.JPG\"\n               title=\"\"\n               data-src=\"https:\/\/kontesadora.hr\/stara\/wp-content\/gallery\/koncert-u-bijelom-2017\/DSCF0055.JPG\"\n               data-thumbnail=\"https:\/\/kontesadora.hr\/stara\/wp-content\/gallery\/koncert-u-bijelom-2017\/thumbs\/thumbs_DSCF0055.JPG\"\n               data-image-id=\"3745\"\n               data-title=\"DSCF0055\"\n               data-description=\"\"\n               data-image-slug=\"dscf0055\"\n               class=\"shutterset_9b49019649e002e8348c1abb84deffca\">\n                <img\n                    title=\"DSCF0055\"\n                    alt=\"DSCF0055\"\n                    src=\"https:\/\/kontesadora.hr\/stara\/wp-content\/gallery\/koncert-u-bijelom-2017\/thumbs\/thumbs_DSCF0055.JPG\"\n                    width=\"100\"\n                    height=\"75\"\n                    style=\"max-width:100%;\"\n                \/>\n            <\/a>\n        <\/div>\n\t\t\t\t\t\t\t<\/div> \n\t\t\t\n        \n\t\t\t\t<div id=\"ngg-image-18\" class=\"ngg-gallery-thumbnail-box\" >\n\t\t\t\t        <div class=\"ngg-gallery-thumbnail\">\n            <a href=\"https:\/\/kontesadora.hr\/stara\/wp-content\/gallery\/koncert-u-bijelom-2017\/DSCF0054.JPG\"\n               title=\"\"\n               data-src=\"https:\/\/kontesadora.hr\/stara\/wp-content\/gallery\/koncert-u-bijelom-2017\/DSCF0054.JPG\"\n               data-thumbnail=\"https:\/\/kontesadora.hr\/stara\/wp-content\/gallery\/koncert-u-bijelom-2017\/thumbs\/thumbs_DSCF0054.JPG\"\n               data-image-id=\"3744\"\n               data-title=\"DSCF0054\"\n               data-description=\"\"\n               data-image-slug=\"dscf0054\"\n               class=\"shutterset_9b49019649e002e8348c1abb84deffca\">\n                <img\n                    title=\"DSCF0054\"\n                    alt=\"DSCF0054\"\n                    src=\"https:\/\/kontesadora.hr\/stara\/wp-content\/gallery\/koncert-u-bijelom-2017\/thumbs\/thumbs_DSCF0054.JPG\"\n                    width=\"100\"\n                    height=\"75\"\n                    style=\"max-width:100%;\"\n                \/>\n            <\/a>\n        <\/div>\n\t\t\t\t\t\t\t<\/div> \n\t\t\t\n        \n\t\t\t\t<div id=\"ngg-image-19\" class=\"ngg-gallery-thumbnail-box\" >\n\t\t\t\t        <div class=\"ngg-gallery-thumbnail\">\n            <a href=\"https:\/\/kontesadora.hr\/stara\/wp-content\/gallery\/koncert-u-bijelom-2017\/DSCF0053.JPG\"\n               title=\"\"\n               data-src=\"https:\/\/kontesadora.hr\/stara\/wp-content\/gallery\/koncert-u-bijelom-2017\/DSCF0053.JPG\"\n               data-thumbnail=\"https:\/\/kontesadora.hr\/stara\/wp-content\/gallery\/koncert-u-bijelom-2017\/thumbs\/thumbs_DSCF0053.JPG\"\n               data-image-id=\"3743\"\n               data-title=\"DSCF0053\"\n               data-description=\"\"\n               data-image-slug=\"dscf0053\"\n               class=\"shutterset_9b49019649e002e8348c1abb84deffca\">\n                <img\n                    title=\"DSCF0053\"\n                    alt=\"DSCF0053\"\n                    src=\"https:\/\/kontesadora.hr\/stara\/wp-content\/gallery\/koncert-u-bijelom-2017\/thumbs\/thumbs_DSCF0053.JPG\"\n                    width=\"100\"\n                    height=\"75\"\n                    style=\"max-width:100%;\"\n                \/>\n            <\/a>\n        <\/div>\n\t\t\t\t\t\t\t<\/div> \n\t\t\t\n        \n\t\t\n\t\t<!-- Pagination -->\n\t<div class='ngg-navigation'><span class='current'>1<\/span>\n<a class='page-numbers' data-pageid='2' href='https:\/\/kontesadora.hr\/stara\/galerija\/nggallery\/page\/2'>2<\/a>\n<span class='ellipsis'>...<\/span>\n<a class='page-numbers' data-pageid='4' href='https:\/\/kontesadora.hr\/stara\/galerija\/nggallery\/page\/4'>4<\/a>\n<a class='prev' href='https:\/\/kontesadora.hr\/stara\/galerija\/nggallery\/page\/2' data-pageid=2>&#9658;<\/a><\/div>\t<\/div>\n Koncert u bijelom, 31.sije\u010danj 2017.&nbsp;<\/p>\n<!-- index.php -->\n<div\n\tclass=\"ngg-galleryoverview ngg-ajax-pagination-none\"\n\tid=\"ngg-gallery-d9e8b18c7a79cd20a232a110d3fb6442-1\">\n\n    \t<div class=\"slideshowlink\">\n        <a href='https:\/\/kontesadora.hr\/stara\/galerija\/nggallery\/slideshow'>[Show as slideshow]<\/a>\n\t\t\n\t<\/div>\n\t\t\t<!-- Thumbnails -->\n\t\t\t\t<div id=\"ngg-image-0\" class=\"ngg-gallery-thumbnail-box\" >\n\t\t\t\t        <div class=\"ngg-gallery-thumbnail\">\n            <a href=\"https:\/\/kontesadora.hr\/stara\/wp-content\/gallery\/predstavljanje-casopisa-21-10-2016\/DSC_8250.JPG\"\n               title=\"\"\n               data-src=\"https:\/\/kontesadora.hr\/stara\/wp-content\/gallery\/predstavljanje-casopisa-21-10-2016\/DSC_8250.JPG\"\n               data-thumbnail=\"https:\/\/kontesadora.hr\/stara\/wp-content\/gallery\/predstavljanje-casopisa-21-10-2016\/thumbs\/thumbs_DSC_8250.JPG\"\n               data-image-id=\"3692\"\n               data-title=\"DSC_8250\"\n               data-description=\"\"\n               data-image-slug=\"dsc_8250-1\"\n               class=\"shutterset_d9e8b18c7a79cd20a232a110d3fb6442\">\n                <img\n                    title=\"DSC_8250\"\n                    alt=\"DSC_8250\"\n                    src=\"https:\/\/kontesadora.hr\/stara\/wp-content\/gallery\/predstavljanje-casopisa-21-10-2016\/thumbs\/thumbs_DSC_8250.JPG\"\n                    width=\"100\"\n                    height=\"75\"\n                    style=\"max-width:100%;\"\n                \/>\n            <\/a>\n        <\/div>\n\t\t\t\t\t\t\t<\/div> \n\t\t\t\n        \n\t\t\t\t<div id=\"ngg-image-1\" class=\"ngg-gallery-thumbnail-box\" >\n\t\t\t\t        <div class=\"ngg-gallery-thumbnail\">\n            <a href=\"https:\/\/kontesadora.hr\/stara\/wp-content\/gallery\/predstavljanje-casopisa-21-10-2016\/DSC_8356.JPG\"\n               title=\"\"\n               data-src=\"https:\/\/kontesadora.hr\/stara\/wp-content\/gallery\/predstavljanje-casopisa-21-10-2016\/DSC_8356.JPG\"\n               data-thumbnail=\"https:\/\/kontesadora.hr\/stara\/wp-content\/gallery\/predstavljanje-casopisa-21-10-2016\/thumbs\/thumbs_DSC_8356.JPG\"\n               data-image-id=\"3691\"\n               data-title=\"DSC_8356\"\n               data-description=\"\"\n               data-image-slug=\"dsc_8356-1\"\n               class=\"shutterset_d9e8b18c7a79cd20a232a110d3fb6442\">\n                <img\n                    title=\"DSC_8356\"\n                    alt=\"DSC_8356\"\n                    src=\"https:\/\/kontesadora.hr\/stara\/wp-content\/gallery\/predstavljanje-casopisa-21-10-2016\/thumbs\/thumbs_DSC_8356.JPG\"\n                    width=\"100\"\n                    height=\"75\"\n                    style=\"max-width:100%;\"\n                \/>\n            <\/a>\n        <\/div>\n\t\t\t\t\t\t\t<\/div> \n\t\t\t\n        \n\t\t\t\t<div id=\"ngg-image-2\" class=\"ngg-gallery-thumbnail-box\" >\n\t\t\t\t        <div class=\"ngg-gallery-thumbnail\">\n            <a href=\"https:\/\/kontesadora.hr\/stara\/wp-content\/gallery\/predstavljanje-casopisa-21-10-2016\/DSC_8352.JPG\"\n               title=\"\"\n               data-src=\"https:\/\/kontesadora.hr\/stara\/wp-content\/gallery\/predstavljanje-casopisa-21-10-2016\/DSC_8352.JPG\"\n               data-thumbnail=\"https:\/\/kontesadora.hr\/stara\/wp-content\/gallery\/predstavljanje-casopisa-21-10-2016\/thumbs\/thumbs_DSC_8352.JPG\"\n               data-image-id=\"3690\"\n               data-title=\"DSC_8352\"\n               data-description=\"\"\n               data-image-slug=\"dsc_8352-1\"\n               class=\"shutterset_d9e8b18c7a79cd20a232a110d3fb6442\">\n                <img\n                    title=\"DSC_8352\"\n                    alt=\"DSC_8352\"\n                    src=\"https:\/\/kontesadora.hr\/stara\/wp-content\/gallery\/predstavljanje-casopisa-21-10-2016\/thumbs\/thumbs_DSC_8352.JPG\"\n                    width=\"100\"\n                    height=\"75\"\n                    style=\"max-width:100%;\"\n                \/>\n            <\/a>\n        <\/div>\n\t\t\t\t\t\t\t<\/div> \n\t\t\t\n        \n\t\t\t\t<div id=\"ngg-image-3\" class=\"ngg-gallery-thumbnail-box\" >\n\t\t\t\t        <div class=\"ngg-gallery-thumbnail\">\n            <a href=\"https:\/\/kontesadora.hr\/stara\/wp-content\/gallery\/predstavljanje-casopisa-21-10-2016\/DSC_8334.JPG\"\n               title=\"\"\n               data-src=\"https:\/\/kontesadora.hr\/stara\/wp-content\/gallery\/predstavljanje-casopisa-21-10-2016\/DSC_8334.JPG\"\n               data-thumbnail=\"https:\/\/kontesadora.hr\/stara\/wp-content\/gallery\/predstavljanje-casopisa-21-10-2016\/thumbs\/thumbs_DSC_8334.JPG\"\n               data-image-id=\"3689\"\n               data-title=\"DSC_8334\"\n               data-description=\"\"\n               data-image-slug=\"dsc_8334-1\"\n               class=\"shutterset_d9e8b18c7a79cd20a232a110d3fb6442\">\n                <img\n                    title=\"DSC_8334\"\n                    alt=\"DSC_8334\"\n                    src=\"https:\/\/kontesadora.hr\/stara\/wp-content\/gallery\/predstavljanje-casopisa-21-10-2016\/thumbs\/thumbs_DSC_8334.JPG\"\n                    width=\"100\"\n                    height=\"75\"\n                    style=\"max-width:100%;\"\n                \/>\n            <\/a>\n        <\/div>\n\t\t\t\t\t\t\t<\/div> \n\t\t\t\n        \n\t\t\t\t<div id=\"ngg-image-4\" class=\"ngg-gallery-thumbnail-box\" >\n\t\t\t\t        <div class=\"ngg-gallery-thumbnail\">\n            <a href=\"https:\/\/kontesadora.hr\/stara\/wp-content\/gallery\/predstavljanje-casopisa-21-10-2016\/DSC_8328.JPG\"\n               title=\"\"\n               data-src=\"https:\/\/kontesadora.hr\/stara\/wp-content\/gallery\/predstavljanje-casopisa-21-10-2016\/DSC_8328.JPG\"\n               data-thumbnail=\"https:\/\/kontesadora.hr\/stara\/wp-content\/gallery\/predstavljanje-casopisa-21-10-2016\/thumbs\/thumbs_DSC_8328.JPG\"\n               data-image-id=\"3688\"\n               data-title=\"DSC_8328\"\n               data-description=\"\"\n               data-image-slug=\"dsc_8328-1\"\n               class=\"shutterset_d9e8b18c7a79cd20a232a110d3fb6442\">\n                <img\n                    title=\"DSC_8328\"\n                    alt=\"DSC_8328\"\n                    src=\"https:\/\/kontesadora.hr\/stara\/wp-content\/gallery\/predstavljanje-casopisa-21-10-2016\/thumbs\/thumbs_DSC_8328.JPG\"\n                    width=\"100\"\n                    height=\"75\"\n                    style=\"max-width:100%;\"\n                \/>\n            <\/a>\n        <\/div>\n\t\t\t\t\t\t\t<\/div> \n\t\t\t\n        \n\t\t\t\t<div id=\"ngg-image-5\" class=\"ngg-gallery-thumbnail-box\" >\n\t\t\t\t        <div class=\"ngg-gallery-thumbnail\">\n            <a href=\"https:\/\/kontesadora.hr\/stara\/wp-content\/gallery\/predstavljanje-casopisa-21-10-2016\/DSC_8301.JPG\"\n               title=\"\"\n               data-src=\"https:\/\/kontesadora.hr\/stara\/wp-content\/gallery\/predstavljanje-casopisa-21-10-2016\/DSC_8301.JPG\"\n               data-thumbnail=\"https:\/\/kontesadora.hr\/stara\/wp-content\/gallery\/predstavljanje-casopisa-21-10-2016\/thumbs\/thumbs_DSC_8301.JPG\"\n               data-image-id=\"3687\"\n               data-title=\"DSC_8301\"\n               data-description=\"\"\n               data-image-slug=\"dsc_8301-1\"\n               class=\"shutterset_d9e8b18c7a79cd20a232a110d3fb6442\">\n                <img\n                    title=\"DSC_8301\"\n                    alt=\"DSC_8301\"\n                    src=\"https:\/\/kontesadora.hr\/stara\/wp-content\/gallery\/predstavljanje-casopisa-21-10-2016\/thumbs\/thumbs_DSC_8301.JPG\"\n                    width=\"100\"\n                    height=\"75\"\n                    style=\"max-width:100%;\"\n                \/>\n            <\/a>\n        <\/div>\n\t\t\t\t\t\t\t<\/div> \n\t\t\t\n        \n\t\t\t\t<div id=\"ngg-image-6\" class=\"ngg-gallery-thumbnail-box\" >\n\t\t\t\t        <div class=\"ngg-gallery-thumbnail\">\n            <a href=\"https:\/\/kontesadora.hr\/stara\/wp-content\/gallery\/predstavljanje-casopisa-21-10-2016\/DSC_8249.JPG\"\n               title=\"\"\n               data-src=\"https:\/\/kontesadora.hr\/stara\/wp-content\/gallery\/predstavljanje-casopisa-21-10-2016\/DSC_8249.JPG\"\n               data-thumbnail=\"https:\/\/kontesadora.hr\/stara\/wp-content\/gallery\/predstavljanje-casopisa-21-10-2016\/thumbs\/thumbs_DSC_8249.JPG\"\n               data-image-id=\"3683\"\n               data-title=\"DSC_8249\"\n               data-description=\"\"\n               data-image-slug=\"dsc_8249-1\"\n               class=\"shutterset_d9e8b18c7a79cd20a232a110d3fb6442\">\n                <img\n                    title=\"DSC_8249\"\n                    alt=\"DSC_8249\"\n                    src=\"https:\/\/kontesadora.hr\/stara\/wp-content\/gallery\/predstavljanje-casopisa-21-10-2016\/thumbs\/thumbs_DSC_8249.JPG\"\n                    width=\"100\"\n                    height=\"75\"\n                    style=\"max-width:100%;\"\n                \/>\n            <\/a>\n        <\/div>\n\t\t\t\t\t\t\t<\/div> \n\t\t\t\n        \n\t\t\t\t<div id=\"ngg-image-7\" class=\"ngg-gallery-thumbnail-box\" >\n\t\t\t\t        <div class=\"ngg-gallery-thumbnail\">\n            <a href=\"https:\/\/kontesadora.hr\/stara\/wp-content\/gallery\/predstavljanje-casopisa-21-10-2016\/DSC_8246.JPG\"\n               title=\"\"\n               data-src=\"https:\/\/kontesadora.hr\/stara\/wp-content\/gallery\/predstavljanje-casopisa-21-10-2016\/DSC_8246.JPG\"\n               data-thumbnail=\"https:\/\/kontesadora.hr\/stara\/wp-content\/gallery\/predstavljanje-casopisa-21-10-2016\/thumbs\/thumbs_DSC_8246.JPG\"\n               data-image-id=\"3682\"\n               data-title=\"DSC_8246\"\n               data-description=\"\"\n               data-image-slug=\"dsc_8246-1\"\n               class=\"shutterset_d9e8b18c7a79cd20a232a110d3fb6442\">\n                <img\n                    title=\"DSC_8246\"\n                    alt=\"DSC_8246\"\n                    src=\"https:\/\/kontesadora.hr\/stara\/wp-content\/gallery\/predstavljanje-casopisa-21-10-2016\/thumbs\/thumbs_DSC_8246.JPG\"\n                    width=\"100\"\n                    height=\"75\"\n                    style=\"max-width:100%;\"\n                \/>\n            <\/a>\n        <\/div>\n\t\t\t\t\t\t\t<\/div> \n\t\t\t\n        \n\t\t\t\t<div id=\"ngg-image-8\" class=\"ngg-gallery-thumbnail-box\" >\n\t\t\t\t        <div class=\"ngg-gallery-thumbnail\">\n            <a href=\"https:\/\/kontesadora.hr\/stara\/wp-content\/gallery\/predstavljanje-casopisa-21-10-2016\/DSC_8243.JPG\"\n               title=\"\"\n               data-src=\"https:\/\/kontesadora.hr\/stara\/wp-content\/gallery\/predstavljanje-casopisa-21-10-2016\/DSC_8243.JPG\"\n               data-thumbnail=\"https:\/\/kontesadora.hr\/stara\/wp-content\/gallery\/predstavljanje-casopisa-21-10-2016\/thumbs\/thumbs_DSC_8243.JPG\"\n               data-image-id=\"3681\"\n               data-title=\"DSC_8243\"\n               data-description=\"\"\n               data-image-slug=\"dsc_8243-1\"\n               class=\"shutterset_d9e8b18c7a79cd20a232a110d3fb6442\">\n                <img\n                    title=\"DSC_8243\"\n                    alt=\"DSC_8243\"\n                    src=\"https:\/\/kontesadora.hr\/stara\/wp-content\/gallery\/predstavljanje-casopisa-21-10-2016\/thumbs\/thumbs_DSC_8243.JPG\"\n                    width=\"100\"\n                    height=\"75\"\n                    style=\"max-width:100%;\"\n                \/>\n            <\/a>\n        <\/div>\n\t\t\t\t\t\t\t<\/div> \n\t\t\t\n        \n\t\t\t\t<div id=\"ngg-image-9\" class=\"ngg-gallery-thumbnail-box\" >\n\t\t\t\t        <div class=\"ngg-gallery-thumbnail\">\n            <a href=\"https:\/\/kontesadora.hr\/stara\/wp-content\/gallery\/predstavljanje-casopisa-21-10-2016\/DSC_8239.JPG\"\n               title=\"\"\n               data-src=\"https:\/\/kontesadora.hr\/stara\/wp-content\/gallery\/predstavljanje-casopisa-21-10-2016\/DSC_8239.JPG\"\n               data-thumbnail=\"https:\/\/kontesadora.hr\/stara\/wp-content\/gallery\/predstavljanje-casopisa-21-10-2016\/thumbs\/thumbs_DSC_8239.JPG\"\n               data-image-id=\"3680\"\n               data-title=\"DSC_8239\"\n               data-description=\"\"\n               data-image-slug=\"dsc_8239\"\n               class=\"shutterset_d9e8b18c7a79cd20a232a110d3fb6442\">\n                <img\n                    title=\"DSC_8239\"\n                    alt=\"DSC_8239\"\n                    src=\"https:\/\/kontesadora.hr\/stara\/wp-content\/gallery\/predstavljanje-casopisa-21-10-2016\/thumbs\/thumbs_DSC_8239.JPG\"\n                    width=\"100\"\n                    height=\"75\"\n                    style=\"max-width:100%;\"\n                \/>\n            <\/a>\n        <\/div>\n\t\t\t\t\t\t\t<\/div> \n\t\t\t\n        \n\t\t\n\t\t<!-- Pagination -->\n\t<div class='ngg-clear'><\/div>\t<\/div>\n Koncert nakon promocije \u010dasopisa, 21.listopada 2016.&nbsp;<\/p>\n<!-- index.php -->\n<div\n\tclass=\"ngg-galleryoverview ngg-ajax-pagination-none\"\n\tid=\"ngg-gallery-6df3b19e9407235fae71ac4217c664bb-1\">\n\n    \t<div class=\"slideshowlink\">\n        <a href='https:\/\/kontesadora.hr\/stara\/galerija\/nggallery\/slideshow'>[Show as slideshow]<\/a>\n\t\t\n\t<\/div>\n\t\t\t<!-- Thumbnails -->\n\t\t\t\t<div id=\"ngg-image-0\" class=\"ngg-gallery-thumbnail-box\" >\n\t\t\t\t        <div class=\"ngg-gallery-thumbnail\">\n            <a href=\"https:\/\/kontesadora.hr\/stara\/wp-content\/gallery\/rijecko-nasicka-legenda\/DSC_0414.jpg\"\n               title=\"\"\n               data-src=\"https:\/\/kontesadora.hr\/stara\/wp-content\/gallery\/rijecko-nasicka-legenda\/DSC_0414.jpg\"\n               data-thumbnail=\"https:\/\/kontesadora.hr\/stara\/wp-content\/gallery\/rijecko-nasicka-legenda\/thumbs\/thumbs_DSC_0414.jpg\"\n               data-image-id=\"3670\"\n               data-title=\"DSC_0414\"\n               data-description=\"\"\n               data-image-slug=\"dsc_0414\"\n               class=\"shutterset_6df3b19e9407235fae71ac4217c664bb\">\n                <img\n                    title=\"DSC_0414\"\n                    alt=\"DSC_0414\"\n                    src=\"https:\/\/kontesadora.hr\/stara\/wp-content\/gallery\/rijecko-nasicka-legenda\/thumbs\/thumbs_DSC_0414.jpg\"\n                    width=\"100\"\n                    height=\"75\"\n                    style=\"max-width:100%;\"\n                \/>\n            <\/a>\n        <\/div>\n\t\t\t\t\t\t\t<\/div> \n\t\t\t\n        \n\t\t\t\t<div id=\"ngg-image-1\" class=\"ngg-gallery-thumbnail-box\" >\n\t\t\t\t        <div class=\"ngg-gallery-thumbnail\">\n            <a href=\"https:\/\/kontesadora.hr\/stara\/wp-content\/gallery\/rijecko-nasicka-legenda\/DSC_0413.jpg\"\n               title=\"\"\n               data-src=\"https:\/\/kontesadora.hr\/stara\/wp-content\/gallery\/rijecko-nasicka-legenda\/DSC_0413.jpg\"\n               data-thumbnail=\"https:\/\/kontesadora.hr\/stara\/wp-content\/gallery\/rijecko-nasicka-legenda\/thumbs\/thumbs_DSC_0413.jpg\"\n               data-image-id=\"3669\"\n               data-title=\"DSC_0413\"\n               data-description=\"\"\n               data-image-slug=\"dsc_0413\"\n               class=\"shutterset_6df3b19e9407235fae71ac4217c664bb\">\n                <img\n                    title=\"DSC_0413\"\n                    alt=\"DSC_0413\"\n                    src=\"https:\/\/kontesadora.hr\/stara\/wp-content\/gallery\/rijecko-nasicka-legenda\/thumbs\/thumbs_DSC_0413.jpg\"\n                    width=\"100\"\n                    height=\"75\"\n                    style=\"max-width:100%;\"\n                \/>\n            <\/a>\n        <\/div>\n\t\t\t\t\t\t\t<\/div> \n\t\t\t\n        \n\t\t\t\t<div id=\"ngg-image-2\" class=\"ngg-gallery-thumbnail-box\" >\n\t\t\t\t        <div class=\"ngg-gallery-thumbnail\">\n            <a href=\"https:\/\/kontesadora.hr\/stara\/wp-content\/gallery\/rijecko-nasicka-legenda\/DSC_0412.jpg\"\n               title=\"\"\n               data-src=\"https:\/\/kontesadora.hr\/stara\/wp-content\/gallery\/rijecko-nasicka-legenda\/DSC_0412.jpg\"\n               data-thumbnail=\"https:\/\/kontesadora.hr\/stara\/wp-content\/gallery\/rijecko-nasicka-legenda\/thumbs\/thumbs_DSC_0412.jpg\"\n               data-image-id=\"3668\"\n               data-title=\"DSC_0412\"\n               data-description=\"\"\n               data-image-slug=\"dsc_0412\"\n               class=\"shutterset_6df3b19e9407235fae71ac4217c664bb\">\n                <img\n                    title=\"DSC_0412\"\n                    alt=\"DSC_0412\"\n                    src=\"https:\/\/kontesadora.hr\/stara\/wp-content\/gallery\/rijecko-nasicka-legenda\/thumbs\/thumbs_DSC_0412.jpg\"\n                    width=\"100\"\n                    height=\"75\"\n                    style=\"max-width:100%;\"\n                \/>\n            <\/a>\n        <\/div>\n\t\t\t\t\t\t\t<\/div> \n\t\t\t\n        \n\t\t\t\t<div id=\"ngg-image-3\" class=\"ngg-gallery-thumbnail-box\" >\n\t\t\t\t        <div class=\"ngg-gallery-thumbnail\">\n            <a href=\"https:\/\/kontesadora.hr\/stara\/wp-content\/gallery\/rijecko-nasicka-legenda\/DSC_0411.jpg\"\n               title=\"\"\n               data-src=\"https:\/\/kontesadora.hr\/stara\/wp-content\/gallery\/rijecko-nasicka-legenda\/DSC_0411.jpg\"\n               data-thumbnail=\"https:\/\/kontesadora.hr\/stara\/wp-content\/gallery\/rijecko-nasicka-legenda\/thumbs\/thumbs_DSC_0411.jpg\"\n               data-image-id=\"3667\"\n               data-title=\"DSC_0411\"\n               data-description=\"\"\n               data-image-slug=\"dsc_0411\"\n               class=\"shutterset_6df3b19e9407235fae71ac4217c664bb\">\n                <img\n                    title=\"DSC_0411\"\n                    alt=\"DSC_0411\"\n                    src=\"https:\/\/kontesadora.hr\/stara\/wp-content\/gallery\/rijecko-nasicka-legenda\/thumbs\/thumbs_DSC_0411.jpg\"\n                    width=\"100\"\n                    height=\"75\"\n                    style=\"max-width:100%;\"\n                \/>\n            <\/a>\n        <\/div>\n\t\t\t\t\t\t\t<\/div> \n\t\t\t\n        \n\t\t\t\t<div id=\"ngg-image-4\" class=\"ngg-gallery-thumbnail-box\" >\n\t\t\t\t        <div class=\"ngg-gallery-thumbnail\">\n            <a href=\"https:\/\/kontesadora.hr\/stara\/wp-content\/gallery\/rijecko-nasicka-legenda\/DSC_0410.jpg\"\n               title=\"\"\n               data-src=\"https:\/\/kontesadora.hr\/stara\/wp-content\/gallery\/rijecko-nasicka-legenda\/DSC_0410.jpg\"\n               data-thumbnail=\"https:\/\/kontesadora.hr\/stara\/wp-content\/gallery\/rijecko-nasicka-legenda\/thumbs\/thumbs_DSC_0410.jpg\"\n               data-image-id=\"3666\"\n               data-title=\"DSC_0410\"\n               data-description=\"\"\n               data-image-slug=\"dsc_0410\"\n               class=\"shutterset_6df3b19e9407235fae71ac4217c664bb\">\n                <img\n                    title=\"DSC_0410\"\n                    alt=\"DSC_0410\"\n                    src=\"https:\/\/kontesadora.hr\/stara\/wp-content\/gallery\/rijecko-nasicka-legenda\/thumbs\/thumbs_DSC_0410.jpg\"\n                    width=\"100\"\n                    height=\"75\"\n                    style=\"max-width:100%;\"\n                \/>\n            <\/a>\n        <\/div>\n\t\t\t\t\t\t\t<\/div> \n\t\t\t\n        \n\t\t\t\t<div id=\"ngg-image-5\" class=\"ngg-gallery-thumbnail-box\" >\n\t\t\t\t        <div class=\"ngg-gallery-thumbnail\">\n            <a href=\"https:\/\/kontesadora.hr\/stara\/wp-content\/gallery\/rijecko-nasicka-legenda\/DSC_0408.jpg\"\n               title=\"\"\n               data-src=\"https:\/\/kontesadora.hr\/stara\/wp-content\/gallery\/rijecko-nasicka-legenda\/DSC_0408.jpg\"\n               data-thumbnail=\"https:\/\/kontesadora.hr\/stara\/wp-content\/gallery\/rijecko-nasicka-legenda\/thumbs\/thumbs_DSC_0408.jpg\"\n               data-image-id=\"3665\"\n               data-title=\"DSC_0408\"\n               data-description=\"\"\n               data-image-slug=\"dsc_0408\"\n               class=\"shutterset_6df3b19e9407235fae71ac4217c664bb\">\n                <img\n                    title=\"DSC_0408\"\n                    alt=\"DSC_0408\"\n                    src=\"https:\/\/kontesadora.hr\/stara\/wp-content\/gallery\/rijecko-nasicka-legenda\/thumbs\/thumbs_DSC_0408.jpg\"\n                    width=\"100\"\n                    height=\"75\"\n                    style=\"max-width:100%;\"\n                \/>\n            <\/a>\n        <\/div>\n\t\t\t\t\t\t\t<\/div> \n\t\t\t\n        \n\t\t\t\t<div id=\"ngg-image-6\" class=\"ngg-gallery-thumbnail-box\" >\n\t\t\t\t        <div class=\"ngg-gallery-thumbnail\">\n            <a href=\"https:\/\/kontesadora.hr\/stara\/wp-content\/gallery\/rijecko-nasicka-legenda\/DSC_0404.jpg\"\n               title=\"\"\n               data-src=\"https:\/\/kontesadora.hr\/stara\/wp-content\/gallery\/rijecko-nasicka-legenda\/DSC_0404.jpg\"\n               data-thumbnail=\"https:\/\/kontesadora.hr\/stara\/wp-content\/gallery\/rijecko-nasicka-legenda\/thumbs\/thumbs_DSC_0404.jpg\"\n               data-image-id=\"3664\"\n               data-title=\"DSC_0404\"\n               data-description=\"\"\n               data-image-slug=\"dsc_0404\"\n               class=\"shutterset_6df3b19e9407235fae71ac4217c664bb\">\n                <img\n                    title=\"DSC_0404\"\n                    alt=\"DSC_0404\"\n                    src=\"https:\/\/kontesadora.hr\/stara\/wp-content\/gallery\/rijecko-nasicka-legenda\/thumbs\/thumbs_DSC_0404.jpg\"\n                    width=\"100\"\n                    height=\"75\"\n                    style=\"max-width:100%;\"\n                \/>\n            <\/a>\n        <\/div>\n\t\t\t\t\t\t\t<\/div> \n\t\t\t\n        \n\t\t\t\t<div id=\"ngg-image-7\" class=\"ngg-gallery-thumbnail-box\" >\n\t\t\t\t        <div class=\"ngg-gallery-thumbnail\">\n            <a href=\"https:\/\/kontesadora.hr\/stara\/wp-content\/gallery\/rijecko-nasicka-legenda\/DSC_0402.jpg\"\n               title=\"\"\n               data-src=\"https:\/\/kontesadora.hr\/stara\/wp-content\/gallery\/rijecko-nasicka-legenda\/DSC_0402.jpg\"\n               data-thumbnail=\"https:\/\/kontesadora.hr\/stara\/wp-content\/gallery\/rijecko-nasicka-legenda\/thumbs\/thumbs_DSC_0402.jpg\"\n               data-image-id=\"3663\"\n               data-title=\"DSC_0402\"\n               data-description=\"\"\n               data-image-slug=\"dsc_0402\"\n               class=\"shutterset_6df3b19e9407235fae71ac4217c664bb\">\n                <img\n                    title=\"DSC_0402\"\n                    alt=\"DSC_0402\"\n                    src=\"https:\/\/kontesadora.hr\/stara\/wp-content\/gallery\/rijecko-nasicka-legenda\/thumbs\/thumbs_DSC_0402.jpg\"\n                    width=\"100\"\n                    height=\"75\"\n                    style=\"max-width:100%;\"\n                \/>\n            <\/a>\n        <\/div>\n\t\t\t\t\t\t\t<\/div> \n\t\t\t\n        \n\t\t\t\t<div id=\"ngg-image-8\" class=\"ngg-gallery-thumbnail-box\" >\n\t\t\t\t        <div class=\"ngg-gallery-thumbnail\">\n            <a href=\"https:\/\/kontesadora.hr\/stara\/wp-content\/gallery\/rijecko-nasicka-legenda\/DSC_0401.jpg\"\n               title=\"\"\n               data-src=\"https:\/\/kontesadora.hr\/stara\/wp-content\/gallery\/rijecko-nasicka-legenda\/DSC_0401.jpg\"\n               data-thumbnail=\"https:\/\/kontesadora.hr\/stara\/wp-content\/gallery\/rijecko-nasicka-legenda\/thumbs\/thumbs_DSC_0401.jpg\"\n               data-image-id=\"3662\"\n               data-title=\"DSC_0401\"\n               data-description=\"\"\n               data-image-slug=\"dsc_0401\"\n               class=\"shutterset_6df3b19e9407235fae71ac4217c664bb\">\n                <img\n                    title=\"DSC_0401\"\n                    alt=\"DSC_0401\"\n                    src=\"https:\/\/kontesadora.hr\/stara\/wp-content\/gallery\/rijecko-nasicka-legenda\/thumbs\/thumbs_DSC_0401.jpg\"\n                    width=\"100\"\n                    height=\"75\"\n                    style=\"max-width:100%;\"\n                \/>\n            <\/a>\n        <\/div>\n\t\t\t\t\t\t\t<\/div> \n\t\t\t\n        \n\t\t\t\t<div id=\"ngg-image-9\" class=\"ngg-gallery-thumbnail-box\" >\n\t\t\t\t        <div class=\"ngg-gallery-thumbnail\">\n            <a href=\"https:\/\/kontesadora.hr\/stara\/wp-content\/gallery\/rijecko-nasicka-legenda\/DSC_0399.jpg\"\n               title=\"\"\n               data-src=\"https:\/\/kontesadora.hr\/stara\/wp-content\/gallery\/rijecko-nasicka-legenda\/DSC_0399.jpg\"\n               data-thumbnail=\"https:\/\/kontesadora.hr\/stara\/wp-content\/gallery\/rijecko-nasicka-legenda\/thumbs\/thumbs_DSC_0399.jpg\"\n               data-image-id=\"3661\"\n               data-title=\"DSC_0399\"\n               data-description=\"\"\n               data-image-slug=\"dsc_0399\"\n               class=\"shutterset_6df3b19e9407235fae71ac4217c664bb\">\n                <img\n                    title=\"DSC_0399\"\n                    alt=\"DSC_0399\"\n                    src=\"https:\/\/kontesadora.hr\/stara\/wp-content\/gallery\/rijecko-nasicka-legenda\/thumbs\/thumbs_DSC_0399.jpg\"\n                    width=\"100\"\n                    height=\"75\"\n                    style=\"max-width:100%;\"\n                \/>\n            <\/a>\n        <\/div>\n\t\t\t\t\t\t\t<\/div> \n\t\t\t\n        \n\t\t\t\t<div id=\"ngg-image-10\" class=\"ngg-gallery-thumbnail-box\" >\n\t\t\t\t        <div class=\"ngg-gallery-thumbnail\">\n            <a href=\"https:\/\/kontesadora.hr\/stara\/wp-content\/gallery\/rijecko-nasicka-legenda\/DSC_0398.jpg\"\n               title=\"\"\n               data-src=\"https:\/\/kontesadora.hr\/stara\/wp-content\/gallery\/rijecko-nasicka-legenda\/DSC_0398.jpg\"\n               data-thumbnail=\"https:\/\/kontesadora.hr\/stara\/wp-content\/gallery\/rijecko-nasicka-legenda\/thumbs\/thumbs_DSC_0398.jpg\"\n               data-image-id=\"3660\"\n               data-title=\"DSC_0398\"\n               data-description=\"\"\n               data-image-slug=\"dsc_0398\"\n               class=\"shutterset_6df3b19e9407235fae71ac4217c664bb\">\n                <img\n                    title=\"DSC_0398\"\n                    alt=\"DSC_0398\"\n                    src=\"https:\/\/kontesadora.hr\/stara\/wp-content\/gallery\/rijecko-nasicka-legenda\/thumbs\/thumbs_DSC_0398.jpg\"\n                    width=\"100\"\n                    height=\"75\"\n                    style=\"max-width:100%;\"\n                \/>\n            <\/a>\n        <\/div>\n\t\t\t\t\t\t\t<\/div> \n\t\t\t\n        \n\t\t\t\t<div id=\"ngg-image-11\" class=\"ngg-gallery-thumbnail-box\" >\n\t\t\t\t        <div class=\"ngg-gallery-thumbnail\">\n            <a href=\"https:\/\/kontesadora.hr\/stara\/wp-content\/gallery\/rijecko-nasicka-legenda\/DSC_0394.jpg\"\n               title=\"\"\n               data-src=\"https:\/\/kontesadora.hr\/stara\/wp-content\/gallery\/rijecko-nasicka-legenda\/DSC_0394.jpg\"\n               data-thumbnail=\"https:\/\/kontesadora.hr\/stara\/wp-content\/gallery\/rijecko-nasicka-legenda\/thumbs\/thumbs_DSC_0394.jpg\"\n               data-image-id=\"3659\"\n               data-title=\"DSC_0394\"\n               data-description=\"\"\n               data-image-slug=\"dsc_0394\"\n               class=\"shutterset_6df3b19e9407235fae71ac4217c664bb\">\n                <img\n                    title=\"DSC_0394\"\n                    alt=\"DSC_0394\"\n                    src=\"https:\/\/kontesadora.hr\/stara\/wp-content\/gallery\/rijecko-nasicka-legenda\/thumbs\/thumbs_DSC_0394.jpg\"\n                    width=\"100\"\n                    height=\"75\"\n                    style=\"max-width:100%;\"\n                \/>\n            <\/a>\n        <\/div>\n\t\t\t\t\t\t\t<\/div> \n\t\t\t\n        \n\t\t\t\t<div id=\"ngg-image-12\" class=\"ngg-gallery-thumbnail-box\" >\n\t\t\t\t        <div class=\"ngg-gallery-thumbnail\">\n            <a href=\"https:\/\/kontesadora.hr\/stara\/wp-content\/gallery\/rijecko-nasicka-legenda\/DSC_0392.jpg\"\n               title=\"\"\n               data-src=\"https:\/\/kontesadora.hr\/stara\/wp-content\/gallery\/rijecko-nasicka-legenda\/DSC_0392.jpg\"\n               data-thumbnail=\"https:\/\/kontesadora.hr\/stara\/wp-content\/gallery\/rijecko-nasicka-legenda\/thumbs\/thumbs_DSC_0392.jpg\"\n               data-image-id=\"3658\"\n               data-title=\"DSC_0392\"\n               data-description=\"\"\n               data-image-slug=\"dsc_0392\"\n               class=\"shutterset_6df3b19e9407235fae71ac4217c664bb\">\n                <img\n                    title=\"DSC_0392\"\n                    alt=\"DSC_0392\"\n                    src=\"https:\/\/kontesadora.hr\/stara\/wp-content\/gallery\/rijecko-nasicka-legenda\/thumbs\/thumbs_DSC_0392.jpg\"\n                    width=\"100\"\n                    height=\"75\"\n                    style=\"max-width:100%;\"\n                \/>\n            <\/a>\n        <\/div>\n\t\t\t\t\t\t\t<\/div> \n\t\t\t\n        \n\t\t\t\t<div id=\"ngg-image-13\" class=\"ngg-gallery-thumbnail-box\" >\n\t\t\t\t        <div class=\"ngg-gallery-thumbnail\">\n            <a href=\"https:\/\/kontesadora.hr\/stara\/wp-content\/gallery\/rijecko-nasicka-legenda\/DSC_0391.jpg\"\n               title=\"\"\n               data-src=\"https:\/\/kontesadora.hr\/stara\/wp-content\/gallery\/rijecko-nasicka-legenda\/DSC_0391.jpg\"\n               data-thumbnail=\"https:\/\/kontesadora.hr\/stara\/wp-content\/gallery\/rijecko-nasicka-legenda\/thumbs\/thumbs_DSC_0391.jpg\"\n               data-image-id=\"3657\"\n               data-title=\"DSC_0391\"\n               data-description=\"\"\n               data-image-slug=\"dsc_0391\"\n               class=\"shutterset_6df3b19e9407235fae71ac4217c664bb\">\n                <img\n                    title=\"DSC_0391\"\n                    alt=\"DSC_0391\"\n                    src=\"https:\/\/kontesadora.hr\/stara\/wp-content\/gallery\/rijecko-nasicka-legenda\/thumbs\/thumbs_DSC_0391.jpg\"\n                    width=\"100\"\n                    height=\"75\"\n                    style=\"max-width:100%;\"\n                \/>\n            <\/a>\n        <\/div>\n\t\t\t\t\t\t\t<\/div> \n\t\t\t\n        \n\t\t\t\t<div id=\"ngg-image-14\" class=\"ngg-gallery-thumbnail-box\" >\n\t\t\t\t        <div class=\"ngg-gallery-thumbnail\">\n            <a href=\"https:\/\/kontesadora.hr\/stara\/wp-content\/gallery\/rijecko-nasicka-legenda\/DSC_0389.jpg\"\n               title=\"\"\n               data-src=\"https:\/\/kontesadora.hr\/stara\/wp-content\/gallery\/rijecko-nasicka-legenda\/DSC_0389.jpg\"\n               data-thumbnail=\"https:\/\/kontesadora.hr\/stara\/wp-content\/gallery\/rijecko-nasicka-legenda\/thumbs\/thumbs_DSC_0389.jpg\"\n               data-image-id=\"3656\"\n               data-title=\"DSC_0389\"\n               data-description=\"\"\n               data-image-slug=\"dsc_0389\"\n               class=\"shutterset_6df3b19e9407235fae71ac4217c664bb\">\n                <img\n                    title=\"DSC_0389\"\n                    alt=\"DSC_0389\"\n                    src=\"https:\/\/kontesadora.hr\/stara\/wp-content\/gallery\/rijecko-nasicka-legenda\/thumbs\/thumbs_DSC_0389.jpg\"\n                    width=\"100\"\n                    height=\"75\"\n                    style=\"max-width:100%;\"\n                \/>\n            <\/a>\n        <\/div>\n\t\t\t\t\t\t\t<\/div> \n\t\t\t\n        \n\t\t\t\t<div id=\"ngg-image-15\" class=\"ngg-gallery-thumbnail-box\" >\n\t\t\t\t        <div class=\"ngg-gallery-thumbnail\">\n            <a href=\"https:\/\/kontesadora.hr\/stara\/wp-content\/gallery\/rijecko-nasicka-legenda\/DSC_0383.jpg\"\n               title=\"\"\n               data-src=\"https:\/\/kontesadora.hr\/stara\/wp-content\/gallery\/rijecko-nasicka-legenda\/DSC_0383.jpg\"\n               data-thumbnail=\"https:\/\/kontesadora.hr\/stara\/wp-content\/gallery\/rijecko-nasicka-legenda\/thumbs\/thumbs_DSC_0383.jpg\"\n               data-image-id=\"3655\"\n               data-title=\"DSC_0383\"\n               data-description=\"\"\n               data-image-slug=\"dsc_0383\"\n               class=\"shutterset_6df3b19e9407235fae71ac4217c664bb\">\n                <img\n                    title=\"DSC_0383\"\n                    alt=\"DSC_0383\"\n                    src=\"https:\/\/kontesadora.hr\/stara\/wp-content\/gallery\/rijecko-nasicka-legenda\/thumbs\/thumbs_DSC_0383.jpg\"\n                    width=\"100\"\n                    height=\"75\"\n                    style=\"max-width:100%;\"\n                \/>\n            <\/a>\n        <\/div>\n\t\t\t\t\t\t\t<\/div> \n\t\t\t\n        \n\t\t\t\t<div id=\"ngg-image-16\" class=\"ngg-gallery-thumbnail-box\" >\n\t\t\t\t        <div class=\"ngg-gallery-thumbnail\">\n            <a href=\"https:\/\/kontesadora.hr\/stara\/wp-content\/gallery\/rijecko-nasicka-legenda\/DSC_0380.jpg\"\n               title=\"\"\n               data-src=\"https:\/\/kontesadora.hr\/stara\/wp-content\/gallery\/rijecko-nasicka-legenda\/DSC_0380.jpg\"\n               data-thumbnail=\"https:\/\/kontesadora.hr\/stara\/wp-content\/gallery\/rijecko-nasicka-legenda\/thumbs\/thumbs_DSC_0380.jpg\"\n               data-image-id=\"3654\"\n               data-title=\"DSC_0380\"\n               data-description=\"\"\n               data-image-slug=\"dsc_0380\"\n               class=\"shutterset_6df3b19e9407235fae71ac4217c664bb\">\n                <img\n                    title=\"DSC_0380\"\n                    alt=\"DSC_0380\"\n                    src=\"https:\/\/kontesadora.hr\/stara\/wp-content\/gallery\/rijecko-nasicka-legenda\/thumbs\/thumbs_DSC_0380.jpg\"\n                    width=\"100\"\n                    height=\"75\"\n                    style=\"max-width:100%;\"\n                \/>\n            <\/a>\n        <\/div>\n\t\t\t\t\t\t\t<\/div> \n\t\t\t\n        \n\t\t\t\t<div id=\"ngg-image-17\" class=\"ngg-gallery-thumbnail-box\" >\n\t\t\t\t        <div class=\"ngg-gallery-thumbnail\">\n            <a href=\"https:\/\/kontesadora.hr\/stara\/wp-content\/gallery\/rijecko-nasicka-legenda\/DSC_0372.jpg\"\n               title=\"\"\n               data-src=\"https:\/\/kontesadora.hr\/stara\/wp-content\/gallery\/rijecko-nasicka-legenda\/DSC_0372.jpg\"\n               data-thumbnail=\"https:\/\/kontesadora.hr\/stara\/wp-content\/gallery\/rijecko-nasicka-legenda\/thumbs\/thumbs_DSC_0372.jpg\"\n               data-image-id=\"3653\"\n               data-title=\"DSC_0372\"\n               data-description=\"\"\n               data-image-slug=\"dsc_0372\"\n               class=\"shutterset_6df3b19e9407235fae71ac4217c664bb\">\n                <img\n                    title=\"DSC_0372\"\n                    alt=\"DSC_0372\"\n                    src=\"https:\/\/kontesadora.hr\/stara\/wp-content\/gallery\/rijecko-nasicka-legenda\/thumbs\/thumbs_DSC_0372.jpg\"\n                    width=\"100\"\n                    height=\"75\"\n                    style=\"max-width:100%;\"\n                \/>\n            <\/a>\n        <\/div>\n\t\t\t\t\t\t\t<\/div> \n\t\t\t\n        \n\t\t\t\t<div id=\"ngg-image-18\" class=\"ngg-gallery-thumbnail-box\" >\n\t\t\t\t        <div class=\"ngg-gallery-thumbnail\">\n            <a href=\"https:\/\/kontesadora.hr\/stara\/wp-content\/gallery\/rijecko-nasicka-legenda\/DSC_0350.jpg\"\n               title=\"\"\n               data-src=\"https:\/\/kontesadora.hr\/stara\/wp-content\/gallery\/rijecko-nasicka-legenda\/DSC_0350.jpg\"\n               data-thumbnail=\"https:\/\/kontesadora.hr\/stara\/wp-content\/gallery\/rijecko-nasicka-legenda\/thumbs\/thumbs_DSC_0350.jpg\"\n               data-image-id=\"3652\"\n               data-title=\"DSC_0350\"\n               data-description=\"\"\n               data-image-slug=\"dsc_0350\"\n               class=\"shutterset_6df3b19e9407235fae71ac4217c664bb\">\n                <img\n                    title=\"DSC_0350\"\n                    alt=\"DSC_0350\"\n                    src=\"https:\/\/kontesadora.hr\/stara\/wp-content\/gallery\/rijecko-nasicka-legenda\/thumbs\/thumbs_DSC_0350.jpg\"\n                    width=\"100\"\n                    height=\"75\"\n                    style=\"max-width:100%;\"\n                \/>\n            <\/a>\n        <\/div>\n\t\t\t\t\t\t\t<\/div> \n\t\t\t\n        \n\t\t\t\t<div id=\"ngg-image-19\" class=\"ngg-gallery-thumbnail-box\" >\n\t\t\t\t        <div class=\"ngg-gallery-thumbnail\">\n            <a href=\"https:\/\/kontesadora.hr\/stara\/wp-content\/gallery\/rijecko-nasicka-legenda\/DSC_0342.jpg\"\n               title=\"\"\n               data-src=\"https:\/\/kontesadora.hr\/stara\/wp-content\/gallery\/rijecko-nasicka-legenda\/DSC_0342.jpg\"\n               data-thumbnail=\"https:\/\/kontesadora.hr\/stara\/wp-content\/gallery\/rijecko-nasicka-legenda\/thumbs\/thumbs_DSC_0342.jpg\"\n               data-image-id=\"3651\"\n               data-title=\"DSC_0342\"\n               data-description=\"\"\n               data-image-slug=\"dsc_0342\"\n               class=\"shutterset_6df3b19e9407235fae71ac4217c664bb\">\n                <img\n                    title=\"DSC_0342\"\n                    alt=\"DSC_0342\"\n                    src=\"https:\/\/kontesadora.hr\/stara\/wp-content\/gallery\/rijecko-nasicka-legenda\/thumbs\/thumbs_DSC_0342.jpg\"\n                    width=\"100\"\n                    height=\"75\"\n                    style=\"max-width:100%;\"\n                \/>\n            <\/a>\n        <\/div>\n\t\t\t\t\t\t\t<\/div> \n\t\t\t\n        \n\t\t\n\t\t<!-- Pagination -->\n\t<div class='ngg-navigation'><span class='current'>1<\/span>\n<a class='page-numbers' data-pageid='2' href='https:\/\/kontesadora.hr\/stara\/galerija\/nggallery\/page\/2'>2<\/a>\n<span class='ellipsis'>...<\/span>\n<a class='page-numbers' data-pageid='5' href='https:\/\/kontesadora.hr\/stara\/galerija\/nggallery\/page\/5'>5<\/a>\n<a class='prev' href='https:\/\/kontesadora.hr\/stara\/galerija\/nggallery\/page\/2' data-pageid=2>&#9658;<\/a><\/div>\t<\/div>\n RIJE\u010cKO-NA\u0160I\u010cKA LEGENDA&nbsp;ljetna pozornice, 17.lipnja 2016. &#8211; foto nasice.com<\/p>\n<!-- index.php -->\n<div\n\tclass=\"ngg-galleryoverview ngg-ajax-pagination-none\"\n\tid=\"ngg-gallery-c7c2ad38609eaa8fde54e70e6beca395-1\">\n\n    \t<div class=\"slideshowlink\">\n        <a href='https:\/\/kontesadora.hr\/stara\/galerija\/nggallery\/slideshow'>[Show as slideshow]<\/a>\n\t\t\n\t<\/div>\n\t\t\t<!-- Thumbnails -->\n\t\t\t\t<div id=\"ngg-image-0\" class=\"ngg-gallery-thumbnail-box\" >\n\t\t\t\t        <div class=\"ngg-gallery-thumbnail\">\n            <a href=\"https:\/\/kontesadora.hr\/stara\/wp-content\/gallery\/animacijski-koncert-u-os-dora-pejacevic-nasice-30-05-2016\/20160531_112409.jpg\"\n               title=\"\"\n               data-src=\"https:\/\/kontesadora.hr\/stara\/wp-content\/gallery\/animacijski-koncert-u-os-dora-pejacevic-nasice-30-05-2016\/20160531_112409.jpg\"\n               data-thumbnail=\"https:\/\/kontesadora.hr\/stara\/wp-content\/gallery\/animacijski-koncert-u-os-dora-pejacevic-nasice-30-05-2016\/thumbs\/thumbs_20160531_112409.jpg\"\n               data-image-id=\"3567\"\n               data-title=\"20160531_112409\"\n               data-description=\"\"\n               data-image-slug=\"20160531_112409\"\n               class=\"shutterset_c7c2ad38609eaa8fde54e70e6beca395\">\n                <img\n                    title=\"20160531_112409\"\n                    alt=\"20160531_112409\"\n                    src=\"https:\/\/kontesadora.hr\/stara\/wp-content\/gallery\/animacijski-koncert-u-os-dora-pejacevic-nasice-30-05-2016\/thumbs\/thumbs_20160531_112409.jpg\"\n                    width=\"100\"\n                    height=\"75\"\n                    style=\"max-width:100%;\"\n                \/>\n            <\/a>\n        <\/div>\n\t\t\t\t\t\t\t<\/div> \n\t\t\t\n        \n\t\t\t\t<div id=\"ngg-image-1\" class=\"ngg-gallery-thumbnail-box\" >\n\t\t\t\t        <div class=\"ngg-gallery-thumbnail\">\n            <a href=\"https:\/\/kontesadora.hr\/stara\/wp-content\/gallery\/animacijski-koncert-u-os-dora-pejacevic-nasice-30-05-2016\/20160531_111822.jpg\"\n               title=\"\"\n               data-src=\"https:\/\/kontesadora.hr\/stara\/wp-content\/gallery\/animacijski-koncert-u-os-dora-pejacevic-nasice-30-05-2016\/20160531_111822.jpg\"\n               data-thumbnail=\"https:\/\/kontesadora.hr\/stara\/wp-content\/gallery\/animacijski-koncert-u-os-dora-pejacevic-nasice-30-05-2016\/thumbs\/thumbs_20160531_111822.jpg\"\n               data-image-id=\"3566\"\n               data-title=\"20160531_111822\"\n               data-description=\"\"\n               data-image-slug=\"20160531_111822\"\n               class=\"shutterset_c7c2ad38609eaa8fde54e70e6beca395\">\n                <img\n                    title=\"20160531_111822\"\n                    alt=\"20160531_111822\"\n                    src=\"https:\/\/kontesadora.hr\/stara\/wp-content\/gallery\/animacijski-koncert-u-os-dora-pejacevic-nasice-30-05-2016\/thumbs\/thumbs_20160531_111822.jpg\"\n                    width=\"100\"\n                    height=\"75\"\n                    style=\"max-width:100%;\"\n                \/>\n            <\/a>\n        <\/div>\n\t\t\t\t\t\t\t<\/div> \n\t\t\t\n        \n\t\t\t\t<div id=\"ngg-image-2\" class=\"ngg-gallery-thumbnail-box\" >\n\t\t\t\t        <div class=\"ngg-gallery-thumbnail\">\n            <a href=\"https:\/\/kontesadora.hr\/stara\/wp-content\/gallery\/animacijski-koncert-u-os-dora-pejacevic-nasice-30-05-2016\/20160531_111714.jpg\"\n               title=\"\"\n               data-src=\"https:\/\/kontesadora.hr\/stara\/wp-content\/gallery\/animacijski-koncert-u-os-dora-pejacevic-nasice-30-05-2016\/20160531_111714.jpg\"\n               data-thumbnail=\"https:\/\/kontesadora.hr\/stara\/wp-content\/gallery\/animacijski-koncert-u-os-dora-pejacevic-nasice-30-05-2016\/thumbs\/thumbs_20160531_111714.jpg\"\n               data-image-id=\"3565\"\n               data-title=\"20160531_111714\"\n               data-description=\"\"\n               data-image-slug=\"20160531_111714\"\n               class=\"shutterset_c7c2ad38609eaa8fde54e70e6beca395\">\n                <img\n                    title=\"20160531_111714\"\n                    alt=\"20160531_111714\"\n                    src=\"https:\/\/kontesadora.hr\/stara\/wp-content\/gallery\/animacijski-koncert-u-os-dora-pejacevic-nasice-30-05-2016\/thumbs\/thumbs_20160531_111714.jpg\"\n                    width=\"100\"\n                    height=\"75\"\n                    style=\"max-width:100%;\"\n                \/>\n            <\/a>\n        <\/div>\n\t\t\t\t\t\t\t<\/div> \n\t\t\t\n        \n\t\t\t\t<div id=\"ngg-image-3\" class=\"ngg-gallery-thumbnail-box\" >\n\t\t\t\t        <div class=\"ngg-gallery-thumbnail\">\n            <a href=\"https:\/\/kontesadora.hr\/stara\/wp-content\/gallery\/animacijski-koncert-u-os-dora-pejacevic-nasice-30-05-2016\/20160531_111709.jpg\"\n               title=\"\"\n               data-src=\"https:\/\/kontesadora.hr\/stara\/wp-content\/gallery\/animacijski-koncert-u-os-dora-pejacevic-nasice-30-05-2016\/20160531_111709.jpg\"\n               data-thumbnail=\"https:\/\/kontesadora.hr\/stara\/wp-content\/gallery\/animacijski-koncert-u-os-dora-pejacevic-nasice-30-05-2016\/thumbs\/thumbs_20160531_111709.jpg\"\n               data-image-id=\"3564\"\n               data-title=\"20160531_111709\"\n               data-description=\"\"\n               data-image-slug=\"20160531_111709\"\n               class=\"shutterset_c7c2ad38609eaa8fde54e70e6beca395\">\n                <img\n                    title=\"20160531_111709\"\n                    alt=\"20160531_111709\"\n                    src=\"https:\/\/kontesadora.hr\/stara\/wp-content\/gallery\/animacijski-koncert-u-os-dora-pejacevic-nasice-30-05-2016\/thumbs\/thumbs_20160531_111709.jpg\"\n                    width=\"100\"\n                    height=\"75\"\n                    style=\"max-width:100%;\"\n                \/>\n            <\/a>\n        <\/div>\n\t\t\t\t\t\t\t<\/div> \n\t\t\t\n        \n\t\t\t\t<div id=\"ngg-image-4\" class=\"ngg-gallery-thumbnail-box\" >\n\t\t\t\t        <div class=\"ngg-gallery-thumbnail\">\n            <a href=\"https:\/\/kontesadora.hr\/stara\/wp-content\/gallery\/animacijski-koncert-u-os-dora-pejacevic-nasice-30-05-2016\/20160531_111645.jpg\"\n               title=\"\"\n               data-src=\"https:\/\/kontesadora.hr\/stara\/wp-content\/gallery\/animacijski-koncert-u-os-dora-pejacevic-nasice-30-05-2016\/20160531_111645.jpg\"\n               data-thumbnail=\"https:\/\/kontesadora.hr\/stara\/wp-content\/gallery\/animacijski-koncert-u-os-dora-pejacevic-nasice-30-05-2016\/thumbs\/thumbs_20160531_111645.jpg\"\n               data-image-id=\"3563\"\n               data-title=\"20160531_111645\"\n               data-description=\"\"\n               data-image-slug=\"20160531_111645\"\n               class=\"shutterset_c7c2ad38609eaa8fde54e70e6beca395\">\n                <img\n                    title=\"20160531_111645\"\n                    alt=\"20160531_111645\"\n                    src=\"https:\/\/kontesadora.hr\/stara\/wp-content\/gallery\/animacijski-koncert-u-os-dora-pejacevic-nasice-30-05-2016\/thumbs\/thumbs_20160531_111645.jpg\"\n                    width=\"100\"\n                    height=\"75\"\n                    style=\"max-width:100%;\"\n                \/>\n            <\/a>\n        <\/div>\n\t\t\t\t\t\t\t<\/div> \n\t\t\t\n        \n\t\t\t\t<div id=\"ngg-image-5\" class=\"ngg-gallery-thumbnail-box\" >\n\t\t\t\t        <div class=\"ngg-gallery-thumbnail\">\n            <a href=\"https:\/\/kontesadora.hr\/stara\/wp-content\/gallery\/animacijski-koncert-u-os-dora-pejacevic-nasice-30-05-2016\/20160531_111559.jpg\"\n               title=\"\"\n               data-src=\"https:\/\/kontesadora.hr\/stara\/wp-content\/gallery\/animacijski-koncert-u-os-dora-pejacevic-nasice-30-05-2016\/20160531_111559.jpg\"\n               data-thumbnail=\"https:\/\/kontesadora.hr\/stara\/wp-content\/gallery\/animacijski-koncert-u-os-dora-pejacevic-nasice-30-05-2016\/thumbs\/thumbs_20160531_111559.jpg\"\n               data-image-id=\"3562\"\n               data-title=\"20160531_111559\"\n               data-description=\"\"\n               data-image-slug=\"20160531_111559\"\n               class=\"shutterset_c7c2ad38609eaa8fde54e70e6beca395\">\n                <img\n                    title=\"20160531_111559\"\n                    alt=\"20160531_111559\"\n                    src=\"https:\/\/kontesadora.hr\/stara\/wp-content\/gallery\/animacijski-koncert-u-os-dora-pejacevic-nasice-30-05-2016\/thumbs\/thumbs_20160531_111559.jpg\"\n                    width=\"100\"\n                    height=\"75\"\n                    style=\"max-width:100%;\"\n                \/>\n            <\/a>\n        <\/div>\n\t\t\t\t\t\t\t<\/div> \n\t\t\t\n        \n\t\t\n\t\t<!-- Pagination -->\n\t<div class='ngg-clear'><\/div>\t<\/div>\n&nbsp;ANIMACIJSKI KONCERT u O\u0160 kralja Tomislava, 31.05.2016.<\/p>\n<!-- index.php -->\n<div\n\tclass=\"ngg-galleryoverview ngg-ajax-pagination-none\"\n\tid=\"ngg-gallery-71797a42b45cdbe4035a7680c1868489-1\">\n\n    \t<div class=\"slideshowlink\">\n        <a href='https:\/\/kontesadora.hr\/stara\/galerija\/nggallery\/slideshow'>[Show as slideshow]<\/a>\n\t\t\n\t<\/div>\n\t\t\t<!-- Thumbnails -->\n\t\t\t\t<div id=\"ngg-image-0\" class=\"ngg-gallery-thumbnail-box\" >\n\t\t\t\t        <div class=\"ngg-gallery-thumbnail\">\n            <a href=\"https:\/\/kontesadora.hr\/stara\/wp-content\/gallery\/animacijski-koncert-u-os-dora-pejacevic-nasice-30-05-2016_1\/IMG-20160531-WA0013.jpg\"\n               title=\"\"\n               data-src=\"https:\/\/kontesadora.hr\/stara\/wp-content\/gallery\/animacijski-koncert-u-os-dora-pejacevic-nasice-30-05-2016_1\/IMG-20160531-WA0013.jpg\"\n               data-thumbnail=\"https:\/\/kontesadora.hr\/stara\/wp-content\/gallery\/animacijski-koncert-u-os-dora-pejacevic-nasice-30-05-2016_1\/thumbs\/thumbs_IMG-20160531-WA0013.jpg\"\n               data-image-id=\"3575\"\n               data-title=\"IMG-20160531-WA0013\"\n               data-description=\"\"\n               data-image-slug=\"img-20160531-wa0013\"\n               class=\"shutterset_71797a42b45cdbe4035a7680c1868489\">\n                <img\n                    title=\"IMG-20160531-WA0013\"\n                    alt=\"IMG-20160531-WA0013\"\n                    src=\"https:\/\/kontesadora.hr\/stara\/wp-content\/gallery\/animacijski-koncert-u-os-dora-pejacevic-nasice-30-05-2016_1\/thumbs\/thumbs_IMG-20160531-WA0013.jpg\"\n                    width=\"100\"\n                    height=\"75\"\n                    style=\"max-width:100%;\"\n                \/>\n            <\/a>\n        <\/div>\n\t\t\t\t\t\t\t<\/div> \n\t\t\t\n        \n\t\t\t\t<div id=\"ngg-image-1\" class=\"ngg-gallery-thumbnail-box\" >\n\t\t\t\t        <div class=\"ngg-gallery-thumbnail\">\n            <a href=\"https:\/\/kontesadora.hr\/stara\/wp-content\/gallery\/animacijski-koncert-u-os-dora-pejacevic-nasice-30-05-2016_1\/IMG-20160531-WA0012.jpg\"\n               title=\"\"\n               data-src=\"https:\/\/kontesadora.hr\/stara\/wp-content\/gallery\/animacijski-koncert-u-os-dora-pejacevic-nasice-30-05-2016_1\/IMG-20160531-WA0012.jpg\"\n               data-thumbnail=\"https:\/\/kontesadora.hr\/stara\/wp-content\/gallery\/animacijski-koncert-u-os-dora-pejacevic-nasice-30-05-2016_1\/thumbs\/thumbs_IMG-20160531-WA0012.jpg\"\n               data-image-id=\"3574\"\n               data-title=\"IMG-20160531-WA0012\"\n               data-description=\"\"\n               data-image-slug=\"img-20160531-wa0012\"\n               class=\"shutterset_71797a42b45cdbe4035a7680c1868489\">\n                <img\n                    title=\"IMG-20160531-WA0012\"\n                    alt=\"IMG-20160531-WA0012\"\n                    src=\"https:\/\/kontesadora.hr\/stara\/wp-content\/gallery\/animacijski-koncert-u-os-dora-pejacevic-nasice-30-05-2016_1\/thumbs\/thumbs_IMG-20160531-WA0012.jpg\"\n                    width=\"100\"\n                    height=\"75\"\n                    style=\"max-width:100%;\"\n                \/>\n            <\/a>\n        <\/div>\n\t\t\t\t\t\t\t<\/div> \n\t\t\t\n        \n\t\t\t\t<div id=\"ngg-image-2\" class=\"ngg-gallery-thumbnail-box\" >\n\t\t\t\t        <div class=\"ngg-gallery-thumbnail\">\n            <a href=\"https:\/\/kontesadora.hr\/stara\/wp-content\/gallery\/animacijski-koncert-u-os-dora-pejacevic-nasice-30-05-2016_1\/IMG-20160531-WA0005.jpg\"\n               title=\"\"\n               data-src=\"https:\/\/kontesadora.hr\/stara\/wp-content\/gallery\/animacijski-koncert-u-os-dora-pejacevic-nasice-30-05-2016_1\/IMG-20160531-WA0005.jpg\"\n               data-thumbnail=\"https:\/\/kontesadora.hr\/stara\/wp-content\/gallery\/animacijski-koncert-u-os-dora-pejacevic-nasice-30-05-2016_1\/thumbs\/thumbs_IMG-20160531-WA0005.jpg\"\n               data-image-id=\"3573\"\n               data-title=\"IMG-20160531-WA0005\"\n               data-description=\"\"\n               data-image-slug=\"img-20160531-wa0005\"\n               class=\"shutterset_71797a42b45cdbe4035a7680c1868489\">\n                <img\n                    title=\"IMG-20160531-WA0005\"\n                    alt=\"IMG-20160531-WA0005\"\n                    src=\"https:\/\/kontesadora.hr\/stara\/wp-content\/gallery\/animacijski-koncert-u-os-dora-pejacevic-nasice-30-05-2016_1\/thumbs\/thumbs_IMG-20160531-WA0005.jpg\"\n                    width=\"100\"\n                    height=\"75\"\n                    style=\"max-width:100%;\"\n                \/>\n            <\/a>\n        <\/div>\n\t\t\t\t\t\t\t<\/div> \n\t\t\t\n        \n\t\t\t\t<div id=\"ngg-image-3\" class=\"ngg-gallery-thumbnail-box\" >\n\t\t\t\t        <div class=\"ngg-gallery-thumbnail\">\n            <a href=\"https:\/\/kontesadora.hr\/stara\/wp-content\/gallery\/animacijski-koncert-u-os-dora-pejacevic-nasice-30-05-2016_1\/IMG-20160528-WA0005.jpg\"\n               title=\"\"\n               data-src=\"https:\/\/kontesadora.hr\/stara\/wp-content\/gallery\/animacijski-koncert-u-os-dora-pejacevic-nasice-30-05-2016_1\/IMG-20160528-WA0005.jpg\"\n               data-thumbnail=\"https:\/\/kontesadora.hr\/stara\/wp-content\/gallery\/animacijski-koncert-u-os-dora-pejacevic-nasice-30-05-2016_1\/thumbs\/thumbs_IMG-20160528-WA0005.jpg\"\n               data-image-id=\"3572\"\n               data-title=\"IMG-20160528-WA0005\"\n               data-description=\"\"\n               data-image-slug=\"img-20160528-wa0005\"\n               class=\"shutterset_71797a42b45cdbe4035a7680c1868489\">\n                <img\n                    title=\"IMG-20160528-WA0005\"\n                    alt=\"IMG-20160528-WA0005\"\n                    src=\"https:\/\/kontesadora.hr\/stara\/wp-content\/gallery\/animacijski-koncert-u-os-dora-pejacevic-nasice-30-05-2016_1\/thumbs\/thumbs_IMG-20160528-WA0005.jpg\"\n                    width=\"100\"\n                    height=\"75\"\n                    style=\"max-width:100%;\"\n                \/>\n            <\/a>\n        <\/div>\n\t\t\t\t\t\t\t<\/div> \n\t\t\t\n        \n\t\t\t\t<div id=\"ngg-image-4\" class=\"ngg-gallery-thumbnail-box\" >\n\t\t\t\t        <div class=\"ngg-gallery-thumbnail\">\n            <a href=\"https:\/\/kontesadora.hr\/stara\/wp-content\/gallery\/animacijski-koncert-u-os-dora-pejacevic-nasice-30-05-2016_1\/IMG-20160528-WA0004.jpg\"\n               title=\"\"\n               data-src=\"https:\/\/kontesadora.hr\/stara\/wp-content\/gallery\/animacijski-koncert-u-os-dora-pejacevic-nasice-30-05-2016_1\/IMG-20160528-WA0004.jpg\"\n               data-thumbnail=\"https:\/\/kontesadora.hr\/stara\/wp-content\/gallery\/animacijski-koncert-u-os-dora-pejacevic-nasice-30-05-2016_1\/thumbs\/thumbs_IMG-20160528-WA0004.jpg\"\n               data-image-id=\"3571\"\n               data-title=\"IMG-20160528-WA0004\"\n               data-description=\"\"\n               data-image-slug=\"img-20160528-wa0004\"\n               class=\"shutterset_71797a42b45cdbe4035a7680c1868489\">\n                <img\n                    title=\"IMG-20160528-WA0004\"\n                    alt=\"IMG-20160528-WA0004\"\n                    src=\"https:\/\/kontesadora.hr\/stara\/wp-content\/gallery\/animacijski-koncert-u-os-dora-pejacevic-nasice-30-05-2016_1\/thumbs\/thumbs_IMG-20160528-WA0004.jpg\"\n                    width=\"100\"\n                    height=\"75\"\n                    style=\"max-width:100%;\"\n                \/>\n            <\/a>\n        <\/div>\n\t\t\t\t\t\t\t<\/div> \n\t\t\t\n        \n\t\t\t\t<div id=\"ngg-image-5\" class=\"ngg-gallery-thumbnail-box\" >\n\t\t\t\t        <div class=\"ngg-gallery-thumbnail\">\n            <a href=\"https:\/\/kontesadora.hr\/stara\/wp-content\/gallery\/animacijski-koncert-u-os-dora-pejacevic-nasice-30-05-2016_1\/IMG-20160528-WA0002.jpg\"\n               title=\"\"\n               data-src=\"https:\/\/kontesadora.hr\/stara\/wp-content\/gallery\/animacijski-koncert-u-os-dora-pejacevic-nasice-30-05-2016_1\/IMG-20160528-WA0002.jpg\"\n               data-thumbnail=\"https:\/\/kontesadora.hr\/stara\/wp-content\/gallery\/animacijski-koncert-u-os-dora-pejacevic-nasice-30-05-2016_1\/thumbs\/thumbs_IMG-20160528-WA0002.jpg\"\n               data-image-id=\"3570\"\n               data-title=\"IMG-20160528-WA0002\"\n               data-description=\"\"\n               data-image-slug=\"img-20160528-wa0002\"\n               class=\"shutterset_71797a42b45cdbe4035a7680c1868489\">\n                <img\n                    title=\"IMG-20160528-WA0002\"\n                    alt=\"IMG-20160528-WA0002\"\n                    src=\"https:\/\/kontesadora.hr\/stara\/wp-content\/gallery\/animacijski-koncert-u-os-dora-pejacevic-nasice-30-05-2016_1\/thumbs\/thumbs_IMG-20160528-WA0002.jpg\"\n                    width=\"100\"\n                    height=\"75\"\n                    style=\"max-width:100%;\"\n                \/>\n            <\/a>\n        <\/div>\n\t\t\t\t\t\t\t<\/div> \n\t\t\t\n        \n\t\t\t\t<div id=\"ngg-image-6\" class=\"ngg-gallery-thumbnail-box\" >\n\t\t\t\t        <div class=\"ngg-gallery-thumbnail\">\n            <a href=\"https:\/\/kontesadora.hr\/stara\/wp-content\/gallery\/animacijski-koncert-u-os-dora-pejacevic-nasice-30-05-2016_1\/IMG-20160528-WA0001.jpg\"\n               title=\"\"\n               data-src=\"https:\/\/kontesadora.hr\/stara\/wp-content\/gallery\/animacijski-koncert-u-os-dora-pejacevic-nasice-30-05-2016_1\/IMG-20160528-WA0001.jpg\"\n               data-thumbnail=\"https:\/\/kontesadora.hr\/stara\/wp-content\/gallery\/animacijski-koncert-u-os-dora-pejacevic-nasice-30-05-2016_1\/thumbs\/thumbs_IMG-20160528-WA0001.jpg\"\n               data-image-id=\"3569\"\n               data-title=\"IMG-20160528-WA0001\"\n               data-description=\"\"\n               data-image-slug=\"img-20160528-wa0001\"\n               class=\"shutterset_71797a42b45cdbe4035a7680c1868489\">\n                <img\n                    title=\"IMG-20160528-WA0001\"\n                    alt=\"IMG-20160528-WA0001\"\n                    src=\"https:\/\/kontesadora.hr\/stara\/wp-content\/gallery\/animacijski-koncert-u-os-dora-pejacevic-nasice-30-05-2016_1\/thumbs\/thumbs_IMG-20160528-WA0001.jpg\"\n                    width=\"100\"\n                    height=\"75\"\n                    style=\"max-width:100%;\"\n                \/>\n            <\/a>\n        <\/div>\n\t\t\t\t\t\t\t<\/div> \n\t\t\t\n        \n\t\t\t\t<div id=\"ngg-image-7\" class=\"ngg-gallery-thumbnail-box\" >\n\t\t\t\t        <div class=\"ngg-gallery-thumbnail\">\n            <a href=\"https:\/\/kontesadora.hr\/stara\/wp-content\/gallery\/animacijski-koncert-u-os-dora-pejacevic-nasice-30-05-2016_1\/IMG-20160528-WA0000.jpg\"\n               title=\"\"\n               data-src=\"https:\/\/kontesadora.hr\/stara\/wp-content\/gallery\/animacijski-koncert-u-os-dora-pejacevic-nasice-30-05-2016_1\/IMG-20160528-WA0000.jpg\"\n               data-thumbnail=\"https:\/\/kontesadora.hr\/stara\/wp-content\/gallery\/animacijski-koncert-u-os-dora-pejacevic-nasice-30-05-2016_1\/thumbs\/thumbs_IMG-20160528-WA0000.jpg\"\n               data-image-id=\"3568\"\n               data-title=\"IMG-20160528-WA0000\"\n               data-description=\"\"\n               data-image-slug=\"img-20160528-wa0000\"\n               class=\"shutterset_71797a42b45cdbe4035a7680c1868489\">\n                <img\n                    title=\"IMG-20160528-WA0000\"\n                    alt=\"IMG-20160528-WA0000\"\n                    src=\"https:\/\/kontesadora.hr\/stara\/wp-content\/gallery\/animacijski-koncert-u-os-dora-pejacevic-nasice-30-05-2016_1\/thumbs\/thumbs_IMG-20160528-WA0000.jpg\"\n                    width=\"100\"\n                    height=\"75\"\n                    style=\"max-width:100%;\"\n                \/>\n            <\/a>\n        <\/div>\n\t\t\t\t\t\t\t<\/div> \n\t\t\t\n        \n\t\t\n\t\t<!-- Pagination -->\n\t<div class='ngg-clear'><\/div>\t<\/div>\n&nbsp;ANIMACIJSKI KONCERT u O\u0160 Dora Peja\u010devi\u0107 Na\u0161ice, 30.05.2016.<\/p>\n<!-- index.php -->\n<div\n\tclass=\"ngg-galleryoverview ngg-ajax-pagination-none\"\n\tid=\"ngg-gallery-e28e63a9f7fd50745ed4d37b5e28d9fc-1\">\n\n    \t<div class=\"slideshowlink\">\n        <a href='https:\/\/kontesadora.hr\/stara\/galerija\/nggallery\/slideshow'>[Show as slideshow]<\/a>\n\t\t\n\t<\/div>\n\t\t\t<!-- Thumbnails -->\n\t\t\t\t<div id=\"ngg-image-0\" class=\"ngg-gallery-thumbnail-box\" >\n\t\t\t\t        <div class=\"ngg-gallery-thumbnail\">\n            <a href=\"https:\/\/kontesadora.hr\/stara\/wp-content\/gallery\/01-06-2016-koncert-za-polaznike-glazbene-igraonice\/WP_20160601_18_57_27_Pro.jpg\"\n               title=\"\"\n               data-src=\"https:\/\/kontesadora.hr\/stara\/wp-content\/gallery\/01-06-2016-koncert-za-polaznike-glazbene-igraonice\/WP_20160601_18_57_27_Pro.jpg\"\n               data-thumbnail=\"https:\/\/kontesadora.hr\/stara\/wp-content\/gallery\/01-06-2016-koncert-za-polaznike-glazbene-igraonice\/thumbs\/thumbs_WP_20160601_18_57_27_Pro.jpg\"\n               data-image-id=\"3560\"\n               data-title=\"WP_20160601_18_57_27_Pro\"\n               data-description=\"\"\n               data-image-slug=\"wp_20160601_18_57_27_pro\"\n               class=\"shutterset_e28e63a9f7fd50745ed4d37b5e28d9fc\">\n                <img\n                    title=\"WP_20160601_18_57_27_Pro\"\n                    alt=\"WP_20160601_18_57_27_Pro\"\n                    src=\"https:\/\/kontesadora.hr\/stara\/wp-content\/gallery\/01-06-2016-koncert-za-polaznike-glazbene-igraonice\/thumbs\/thumbs_WP_20160601_18_57_27_Pro.jpg\"\n                    width=\"100\"\n                    height=\"75\"\n                    style=\"max-width:100%;\"\n                \/>\n            <\/a>\n        <\/div>\n\t\t\t\t\t\t\t<\/div> \n\t\t\t\n        \n\t\t\t\t<div id=\"ngg-image-1\" class=\"ngg-gallery-thumbnail-box\" >\n\t\t\t\t        <div class=\"ngg-gallery-thumbnail\">\n            <a href=\"https:\/\/kontesadora.hr\/stara\/wp-content\/gallery\/01-06-2016-koncert-za-polaznike-glazbene-igraonice\/WP_20160601_18_57_24_Pro.jpg\"\n               title=\"\"\n               data-src=\"https:\/\/kontesadora.hr\/stara\/wp-content\/gallery\/01-06-2016-koncert-za-polaznike-glazbene-igraonice\/WP_20160601_18_57_24_Pro.jpg\"\n               data-thumbnail=\"https:\/\/kontesadora.hr\/stara\/wp-content\/gallery\/01-06-2016-koncert-za-polaznike-glazbene-igraonice\/thumbs\/thumbs_WP_20160601_18_57_24_Pro.jpg\"\n               data-image-id=\"3559\"\n               data-title=\"WP_20160601_18_57_24_Pro\"\n               data-description=\"\"\n               data-image-slug=\"wp_20160601_18_57_24_pro\"\n               class=\"shutterset_e28e63a9f7fd50745ed4d37b5e28d9fc\">\n                <img\n                    title=\"WP_20160601_18_57_24_Pro\"\n                    alt=\"WP_20160601_18_57_24_Pro\"\n                    src=\"https:\/\/kontesadora.hr\/stara\/wp-content\/gallery\/01-06-2016-koncert-za-polaznike-glazbene-igraonice\/thumbs\/thumbs_WP_20160601_18_57_24_Pro.jpg\"\n                    width=\"100\"\n                    height=\"75\"\n                    style=\"max-width:100%;\"\n                \/>\n            <\/a>\n        <\/div>\n\t\t\t\t\t\t\t<\/div> \n\t\t\t\n        \n\t\t\t\t<div id=\"ngg-image-2\" class=\"ngg-gallery-thumbnail-box\" >\n\t\t\t\t        <div class=\"ngg-gallery-thumbnail\">\n            <a href=\"https:\/\/kontesadora.hr\/stara\/wp-content\/gallery\/01-06-2016-koncert-za-polaznike-glazbene-igraonice\/WP_20160601_18_57_20_Pro.jpg\"\n               title=\"\"\n               data-src=\"https:\/\/kontesadora.hr\/stara\/wp-content\/gallery\/01-06-2016-koncert-za-polaznike-glazbene-igraonice\/WP_20160601_18_57_20_Pro.jpg\"\n               data-thumbnail=\"https:\/\/kontesadora.hr\/stara\/wp-content\/gallery\/01-06-2016-koncert-za-polaznike-glazbene-igraonice\/thumbs\/thumbs_WP_20160601_18_57_20_Pro.jpg\"\n               data-image-id=\"3558\"\n               data-title=\"WP_20160601_18_57_20_Pro\"\n               data-description=\"\"\n               data-image-slug=\"wp_20160601_18_57_20_pro\"\n               class=\"shutterset_e28e63a9f7fd50745ed4d37b5e28d9fc\">\n                <img\n                    title=\"WP_20160601_18_57_20_Pro\"\n                    alt=\"WP_20160601_18_57_20_Pro\"\n                    src=\"https:\/\/kontesadora.hr\/stara\/wp-content\/gallery\/01-06-2016-koncert-za-polaznike-glazbene-igraonice\/thumbs\/thumbs_WP_20160601_18_57_20_Pro.jpg\"\n                    width=\"100\"\n                    height=\"75\"\n                    style=\"max-width:100%;\"\n                \/>\n            <\/a>\n        <\/div>\n\t\t\t\t\t\t\t<\/div> \n\t\t\t\n        \n\t\t\t\t<div id=\"ngg-image-3\" class=\"ngg-gallery-thumbnail-box\" >\n\t\t\t\t        <div class=\"ngg-gallery-thumbnail\">\n            <a href=\"https:\/\/kontesadora.hr\/stara\/wp-content\/gallery\/01-06-2016-koncert-za-polaznike-glazbene-igraonice\/WP_20160601_18_57_18_Pro.jpg\"\n               title=\"\"\n               data-src=\"https:\/\/kontesadora.hr\/stara\/wp-content\/gallery\/01-06-2016-koncert-za-polaznike-glazbene-igraonice\/WP_20160601_18_57_18_Pro.jpg\"\n               data-thumbnail=\"https:\/\/kontesadora.hr\/stara\/wp-content\/gallery\/01-06-2016-koncert-za-polaznike-glazbene-igraonice\/thumbs\/thumbs_WP_20160601_18_57_18_Pro.jpg\"\n               data-image-id=\"3557\"\n               data-title=\"WP_20160601_18_57_18_Pro\"\n               data-description=\"\"\n               data-image-slug=\"wp_20160601_18_57_18_pro\"\n               class=\"shutterset_e28e63a9f7fd50745ed4d37b5e28d9fc\">\n                <img\n                    title=\"WP_20160601_18_57_18_Pro\"\n                    alt=\"WP_20160601_18_57_18_Pro\"\n                    src=\"https:\/\/kontesadora.hr\/stara\/wp-content\/gallery\/01-06-2016-koncert-za-polaznike-glazbene-igraonice\/thumbs\/thumbs_WP_20160601_18_57_18_Pro.jpg\"\n                    width=\"100\"\n                    height=\"75\"\n                    style=\"max-width:100%;\"\n                \/>\n            <\/a>\n        <\/div>\n\t\t\t\t\t\t\t<\/div> \n\t\t\t\n        \n\t\t\t\t<div id=\"ngg-image-4\" class=\"ngg-gallery-thumbnail-box\" >\n\t\t\t\t        <div class=\"ngg-gallery-thumbnail\">\n            <a href=\"https:\/\/kontesadora.hr\/stara\/wp-content\/gallery\/01-06-2016-koncert-za-polaznike-glazbene-igraonice\/WP_20160601_18_56_04_Pro.jpg\"\n               title=\"\"\n               data-src=\"https:\/\/kontesadora.hr\/stara\/wp-content\/gallery\/01-06-2016-koncert-za-polaznike-glazbene-igraonice\/WP_20160601_18_56_04_Pro.jpg\"\n               data-thumbnail=\"https:\/\/kontesadora.hr\/stara\/wp-content\/gallery\/01-06-2016-koncert-za-polaznike-glazbene-igraonice\/thumbs\/thumbs_WP_20160601_18_56_04_Pro.jpg\"\n               data-image-id=\"3556\"\n               data-title=\"WP_20160601_18_56_04_Pro\"\n               data-description=\"\"\n               data-image-slug=\"wp_20160601_18_56_04_pro\"\n               class=\"shutterset_e28e63a9f7fd50745ed4d37b5e28d9fc\">\n                <img\n                    title=\"WP_20160601_18_56_04_Pro\"\n                    alt=\"WP_20160601_18_56_04_Pro\"\n                    src=\"https:\/\/kontesadora.hr\/stara\/wp-content\/gallery\/01-06-2016-koncert-za-polaznike-glazbene-igraonice\/thumbs\/thumbs_WP_20160601_18_56_04_Pro.jpg\"\n                    width=\"100\"\n                    height=\"75\"\n                    style=\"max-width:100%;\"\n                \/>\n            <\/a>\n        <\/div>\n\t\t\t\t\t\t\t<\/div> \n\t\t\t\n        \n\t\t\t\t<div id=\"ngg-image-5\" class=\"ngg-gallery-thumbnail-box\" >\n\t\t\t\t        <div class=\"ngg-gallery-thumbnail\">\n            <a href=\"https:\/\/kontesadora.hr\/stara\/wp-content\/gallery\/01-06-2016-koncert-za-polaznike-glazbene-igraonice\/WP_20160601_18_54_27_Pro.jpg\"\n               title=\"\"\n               data-src=\"https:\/\/kontesadora.hr\/stara\/wp-content\/gallery\/01-06-2016-koncert-za-polaznike-glazbene-igraonice\/WP_20160601_18_54_27_Pro.jpg\"\n               data-thumbnail=\"https:\/\/kontesadora.hr\/stara\/wp-content\/gallery\/01-06-2016-koncert-za-polaznike-glazbene-igraonice\/thumbs\/thumbs_WP_20160601_18_54_27_Pro.jpg\"\n               data-image-id=\"3555\"\n               data-title=\"WP_20160601_18_54_27_Pro\"\n               data-description=\"\"\n               data-image-slug=\"wp_20160601_18_54_27_pro\"\n               class=\"shutterset_e28e63a9f7fd50745ed4d37b5e28d9fc\">\n                <img\n                    title=\"WP_20160601_18_54_27_Pro\"\n                    alt=\"WP_20160601_18_54_27_Pro\"\n                    src=\"https:\/\/kontesadora.hr\/stara\/wp-content\/gallery\/01-06-2016-koncert-za-polaznike-glazbene-igraonice\/thumbs\/thumbs_WP_20160601_18_54_27_Pro.jpg\"\n                    width=\"100\"\n                    height=\"75\"\n                    style=\"max-width:100%;\"\n                \/>\n            <\/a>\n        <\/div>\n\t\t\t\t\t\t\t<\/div> \n\t\t\t\n        \n\t\t\t\t<div id=\"ngg-image-6\" class=\"ngg-gallery-thumbnail-box\" >\n\t\t\t\t        <div class=\"ngg-gallery-thumbnail\">\n            <a href=\"https:\/\/kontesadora.hr\/stara\/wp-content\/gallery\/01-06-2016-koncert-za-polaznike-glazbene-igraonice\/WP_20160601_18_52_46_Pro.jpg\"\n               title=\"\"\n               data-src=\"https:\/\/kontesadora.hr\/stara\/wp-content\/gallery\/01-06-2016-koncert-za-polaznike-glazbene-igraonice\/WP_20160601_18_52_46_Pro.jpg\"\n               data-thumbnail=\"https:\/\/kontesadora.hr\/stara\/wp-content\/gallery\/01-06-2016-koncert-za-polaznike-glazbene-igraonice\/thumbs\/thumbs_WP_20160601_18_52_46_Pro.jpg\"\n               data-image-id=\"3554\"\n               data-title=\"WP_20160601_18_52_46_Pro\"\n               data-description=\"\"\n               data-image-slug=\"wp_20160601_18_52_46_pro\"\n               class=\"shutterset_e28e63a9f7fd50745ed4d37b5e28d9fc\">\n                <img\n                    title=\"WP_20160601_18_52_46_Pro\"\n                    alt=\"WP_20160601_18_52_46_Pro\"\n                    src=\"https:\/\/kontesadora.hr\/stara\/wp-content\/gallery\/01-06-2016-koncert-za-polaznike-glazbene-igraonice\/thumbs\/thumbs_WP_20160601_18_52_46_Pro.jpg\"\n                    width=\"100\"\n                    height=\"75\"\n                    style=\"max-width:100%;\"\n                \/>\n            <\/a>\n        <\/div>\n\t\t\t\t\t\t\t<\/div> \n\t\t\t\n        \n\t\t\t\t<div id=\"ngg-image-7\" class=\"ngg-gallery-thumbnail-box\" >\n\t\t\t\t        <div class=\"ngg-gallery-thumbnail\">\n            <a href=\"https:\/\/kontesadora.hr\/stara\/wp-content\/gallery\/01-06-2016-koncert-za-polaznike-glazbene-igraonice\/WP_20160601_18_51_34_Pro.jpg\"\n               title=\"\"\n               data-src=\"https:\/\/kontesadora.hr\/stara\/wp-content\/gallery\/01-06-2016-koncert-za-polaznike-glazbene-igraonice\/WP_20160601_18_51_34_Pro.jpg\"\n               data-thumbnail=\"https:\/\/kontesadora.hr\/stara\/wp-content\/gallery\/01-06-2016-koncert-za-polaznike-glazbene-igraonice\/thumbs\/thumbs_WP_20160601_18_51_34_Pro.jpg\"\n               data-image-id=\"3553\"\n               data-title=\"WP_20160601_18_51_34_Pro\"\n               data-description=\"\"\n               data-image-slug=\"wp_20160601_18_51_34_pro\"\n               class=\"shutterset_e28e63a9f7fd50745ed4d37b5e28d9fc\">\n                <img\n                    title=\"WP_20160601_18_51_34_Pro\"\n                    alt=\"WP_20160601_18_51_34_Pro\"\n                    src=\"https:\/\/kontesadora.hr\/stara\/wp-content\/gallery\/01-06-2016-koncert-za-polaznike-glazbene-igraonice\/thumbs\/thumbs_WP_20160601_18_51_34_Pro.jpg\"\n                    width=\"100\"\n                    height=\"75\"\n                    style=\"max-width:100%;\"\n                \/>\n            <\/a>\n        <\/div>\n\t\t\t\t\t\t\t<\/div> \n\t\t\t\n        \n\t\t\t\t<div id=\"ngg-image-8\" class=\"ngg-gallery-thumbnail-box\" >\n\t\t\t\t        <div class=\"ngg-gallery-thumbnail\">\n            <a href=\"https:\/\/kontesadora.hr\/stara\/wp-content\/gallery\/01-06-2016-koncert-za-polaznike-glazbene-igraonice\/WP_20160601_18_48_33_Pro.jpg\"\n               title=\"\"\n               data-src=\"https:\/\/kontesadora.hr\/stara\/wp-content\/gallery\/01-06-2016-koncert-za-polaznike-glazbene-igraonice\/WP_20160601_18_48_33_Pro.jpg\"\n               data-thumbnail=\"https:\/\/kontesadora.hr\/stara\/wp-content\/gallery\/01-06-2016-koncert-za-polaznike-glazbene-igraonice\/thumbs\/thumbs_WP_20160601_18_48_33_Pro.jpg\"\n               data-image-id=\"3552\"\n               data-title=\"WP_20160601_18_48_33_Pro\"\n               data-description=\"\"\n               data-image-slug=\"wp_20160601_18_48_33_pro\"\n               class=\"shutterset_e28e63a9f7fd50745ed4d37b5e28d9fc\">\n                <img\n                    title=\"WP_20160601_18_48_33_Pro\"\n                    alt=\"WP_20160601_18_48_33_Pro\"\n                    src=\"https:\/\/kontesadora.hr\/stara\/wp-content\/gallery\/01-06-2016-koncert-za-polaznike-glazbene-igraonice\/thumbs\/thumbs_WP_20160601_18_48_33_Pro.jpg\"\n                    width=\"100\"\n                    height=\"75\"\n                    style=\"max-width:100%;\"\n                \/>\n            <\/a>\n        <\/div>\n\t\t\t\t\t\t\t<\/div> \n\t\t\t\n        \n\t\t\t\t<div id=\"ngg-image-9\" class=\"ngg-gallery-thumbnail-box\" >\n\t\t\t\t        <div class=\"ngg-gallery-thumbnail\">\n            <a href=\"https:\/\/kontesadora.hr\/stara\/wp-content\/gallery\/01-06-2016-koncert-za-polaznike-glazbene-igraonice\/WP_20160601_18_46_36_Pro.jpg\"\n               title=\"\"\n               data-src=\"https:\/\/kontesadora.hr\/stara\/wp-content\/gallery\/01-06-2016-koncert-za-polaznike-glazbene-igraonice\/WP_20160601_18_46_36_Pro.jpg\"\n               data-thumbnail=\"https:\/\/kontesadora.hr\/stara\/wp-content\/gallery\/01-06-2016-koncert-za-polaznike-glazbene-igraonice\/thumbs\/thumbs_WP_20160601_18_46_36_Pro.jpg\"\n               data-image-id=\"3551\"\n               data-title=\"WP_20160601_18_46_36_Pro\"\n               data-description=\"\"\n               data-image-slug=\"wp_20160601_18_46_36_pro\"\n               class=\"shutterset_e28e63a9f7fd50745ed4d37b5e28d9fc\">\n                <img\n                    title=\"WP_20160601_18_46_36_Pro\"\n                    alt=\"WP_20160601_18_46_36_Pro\"\n                    src=\"https:\/\/kontesadora.hr\/stara\/wp-content\/gallery\/01-06-2016-koncert-za-polaznike-glazbene-igraonice\/thumbs\/thumbs_WP_20160601_18_46_36_Pro.jpg\"\n                    width=\"100\"\n                    height=\"75\"\n                    style=\"max-width:100%;\"\n                \/>\n            <\/a>\n        <\/div>\n\t\t\t\t\t\t\t<\/div> \n\t\t\t\n        \n\t\t\t\t<div id=\"ngg-image-10\" class=\"ngg-gallery-thumbnail-box\" >\n\t\t\t\t        <div class=\"ngg-gallery-thumbnail\">\n            <a href=\"https:\/\/kontesadora.hr\/stara\/wp-content\/gallery\/01-06-2016-koncert-za-polaznike-glazbene-igraonice\/WP_20160601_18_45_04_Pro.jpg\"\n               title=\"\"\n               data-src=\"https:\/\/kontesadora.hr\/stara\/wp-content\/gallery\/01-06-2016-koncert-za-polaznike-glazbene-igraonice\/WP_20160601_18_45_04_Pro.jpg\"\n               data-thumbnail=\"https:\/\/kontesadora.hr\/stara\/wp-content\/gallery\/01-06-2016-koncert-za-polaznike-glazbene-igraonice\/thumbs\/thumbs_WP_20160601_18_45_04_Pro.jpg\"\n               data-image-id=\"3550\"\n               data-title=\"WP_20160601_18_45_04_Pro\"\n               data-description=\"\"\n               data-image-slug=\"wp_20160601_18_45_04_pro\"\n               class=\"shutterset_e28e63a9f7fd50745ed4d37b5e28d9fc\">\n                <img\n                    title=\"WP_20160601_18_45_04_Pro\"\n                    alt=\"WP_20160601_18_45_04_Pro\"\n                    src=\"https:\/\/kontesadora.hr\/stara\/wp-content\/gallery\/01-06-2016-koncert-za-polaznike-glazbene-igraonice\/thumbs\/thumbs_WP_20160601_18_45_04_Pro.jpg\"\n                    width=\"100\"\n                    height=\"75\"\n                    style=\"max-width:100%;\"\n                \/>\n            <\/a>\n        <\/div>\n\t\t\t\t\t\t\t<\/div> \n\t\t\t\n        \n\t\t\t\t<div id=\"ngg-image-11\" class=\"ngg-gallery-thumbnail-box\" >\n\t\t\t\t        <div class=\"ngg-gallery-thumbnail\">\n            <a href=\"https:\/\/kontesadora.hr\/stara\/wp-content\/gallery\/01-06-2016-koncert-za-polaznike-glazbene-igraonice\/WP_20160601_18_43_04_Pro.jpg\"\n               title=\"\"\n               data-src=\"https:\/\/kontesadora.hr\/stara\/wp-content\/gallery\/01-06-2016-koncert-za-polaznike-glazbene-igraonice\/WP_20160601_18_43_04_Pro.jpg\"\n               data-thumbnail=\"https:\/\/kontesadora.hr\/stara\/wp-content\/gallery\/01-06-2016-koncert-za-polaznike-glazbene-igraonice\/thumbs\/thumbs_WP_20160601_18_43_04_Pro.jpg\"\n               data-image-id=\"3549\"\n               data-title=\"WP_20160601_18_43_04_Pro\"\n               data-description=\"\"\n               data-image-slug=\"wp_20160601_18_43_04_pro\"\n               class=\"shutterset_e28e63a9f7fd50745ed4d37b5e28d9fc\">\n                <img\n                    title=\"WP_20160601_18_43_04_Pro\"\n                    alt=\"WP_20160601_18_43_04_Pro\"\n                    src=\"https:\/\/kontesadora.hr\/stara\/wp-content\/gallery\/01-06-2016-koncert-za-polaznike-glazbene-igraonice\/thumbs\/thumbs_WP_20160601_18_43_04_Pro.jpg\"\n                    width=\"100\"\n                    height=\"75\"\n                    style=\"max-width:100%;\"\n                \/>\n            <\/a>\n        <\/div>\n\t\t\t\t\t\t\t<\/div> \n\t\t\t\n        \n\t\t\t\t<div id=\"ngg-image-12\" class=\"ngg-gallery-thumbnail-box\" >\n\t\t\t\t        <div class=\"ngg-gallery-thumbnail\">\n            <a href=\"https:\/\/kontesadora.hr\/stara\/wp-content\/gallery\/01-06-2016-koncert-za-polaznike-glazbene-igraonice\/WP_20160601_18_40_37_Pro.jpg\"\n               title=\"\"\n               data-src=\"https:\/\/kontesadora.hr\/stara\/wp-content\/gallery\/01-06-2016-koncert-za-polaznike-glazbene-igraonice\/WP_20160601_18_40_37_Pro.jpg\"\n               data-thumbnail=\"https:\/\/kontesadora.hr\/stara\/wp-content\/gallery\/01-06-2016-koncert-za-polaznike-glazbene-igraonice\/thumbs\/thumbs_WP_20160601_18_40_37_Pro.jpg\"\n               data-image-id=\"3548\"\n               data-title=\"WP_20160601_18_40_37_Pro\"\n               data-description=\"\"\n               data-image-slug=\"wp_20160601_18_40_37_pro\"\n               class=\"shutterset_e28e63a9f7fd50745ed4d37b5e28d9fc\">\n                <img\n                    title=\"WP_20160601_18_40_37_Pro\"\n                    alt=\"WP_20160601_18_40_37_Pro\"\n                    src=\"https:\/\/kontesadora.hr\/stara\/wp-content\/gallery\/01-06-2016-koncert-za-polaznike-glazbene-igraonice\/thumbs\/thumbs_WP_20160601_18_40_37_Pro.jpg\"\n                    width=\"100\"\n                    height=\"75\"\n                    style=\"max-width:100%;\"\n                \/>\n            <\/a>\n        <\/div>\n\t\t\t\t\t\t\t<\/div> \n\t\t\t\n        \n\t\t\t\t<div id=\"ngg-image-13\" class=\"ngg-gallery-thumbnail-box\" >\n\t\t\t\t        <div class=\"ngg-gallery-thumbnail\">\n            <a href=\"https:\/\/kontesadora.hr\/stara\/wp-content\/gallery\/01-06-2016-koncert-za-polaznike-glazbene-igraonice\/WP_20160601_18_40_22_Pro.jpg\"\n               title=\"\"\n               data-src=\"https:\/\/kontesadora.hr\/stara\/wp-content\/gallery\/01-06-2016-koncert-za-polaznike-glazbene-igraonice\/WP_20160601_18_40_22_Pro.jpg\"\n               data-thumbnail=\"https:\/\/kontesadora.hr\/stara\/wp-content\/gallery\/01-06-2016-koncert-za-polaznike-glazbene-igraonice\/thumbs\/thumbs_WP_20160601_18_40_22_Pro.jpg\"\n               data-image-id=\"3547\"\n               data-title=\"WP_20160601_18_40_22_Pro\"\n               data-description=\"\"\n               data-image-slug=\"wp_20160601_18_40_22_pro\"\n               class=\"shutterset_e28e63a9f7fd50745ed4d37b5e28d9fc\">\n                <img\n                    title=\"WP_20160601_18_40_22_Pro\"\n                    alt=\"WP_20160601_18_40_22_Pro\"\n                    src=\"https:\/\/kontesadora.hr\/stara\/wp-content\/gallery\/01-06-2016-koncert-za-polaznike-glazbene-igraonice\/thumbs\/thumbs_WP_20160601_18_40_22_Pro.jpg\"\n                    width=\"100\"\n                    height=\"75\"\n                    style=\"max-width:100%;\"\n                \/>\n            <\/a>\n        <\/div>\n\t\t\t\t\t\t\t<\/div> \n\t\t\t\n        \n\t\t\t\t<div id=\"ngg-image-14\" class=\"ngg-gallery-thumbnail-box\" >\n\t\t\t\t        <div class=\"ngg-gallery-thumbnail\">\n            <a href=\"https:\/\/kontesadora.hr\/stara\/wp-content\/gallery\/01-06-2016-koncert-za-polaznike-glazbene-igraonice\/WP_20160601_18_38_35_Pro.jpg\"\n               title=\"\"\n               data-src=\"https:\/\/kontesadora.hr\/stara\/wp-content\/gallery\/01-06-2016-koncert-za-polaznike-glazbene-igraonice\/WP_20160601_18_38_35_Pro.jpg\"\n               data-thumbnail=\"https:\/\/kontesadora.hr\/stara\/wp-content\/gallery\/01-06-2016-koncert-za-polaznike-glazbene-igraonice\/thumbs\/thumbs_WP_20160601_18_38_35_Pro.jpg\"\n               data-image-id=\"3546\"\n               data-title=\"WP_20160601_18_38_35_Pro\"\n               data-description=\"\"\n               data-image-slug=\"wp_20160601_18_38_35_pro\"\n               class=\"shutterset_e28e63a9f7fd50745ed4d37b5e28d9fc\">\n                <img\n                    title=\"WP_20160601_18_38_35_Pro\"\n                    alt=\"WP_20160601_18_38_35_Pro\"\n                    src=\"https:\/\/kontesadora.hr\/stara\/wp-content\/gallery\/01-06-2016-koncert-za-polaznike-glazbene-igraonice\/thumbs\/thumbs_WP_20160601_18_38_35_Pro.jpg\"\n                    width=\"100\"\n                    height=\"75\"\n                    style=\"max-width:100%;\"\n                \/>\n            <\/a>\n        <\/div>\n\t\t\t\t\t\t\t<\/div> \n\t\t\t\n        \n\t\t\t\t<div id=\"ngg-image-15\" class=\"ngg-gallery-thumbnail-box\" >\n\t\t\t\t        <div class=\"ngg-gallery-thumbnail\">\n            <a href=\"https:\/\/kontesadora.hr\/stara\/wp-content\/gallery\/01-06-2016-koncert-za-polaznike-glazbene-igraonice\/WP_20160601_18_37_41_Pro.jpg\"\n               title=\"\"\n               data-src=\"https:\/\/kontesadora.hr\/stara\/wp-content\/gallery\/01-06-2016-koncert-za-polaznike-glazbene-igraonice\/WP_20160601_18_37_41_Pro.jpg\"\n               data-thumbnail=\"https:\/\/kontesadora.hr\/stara\/wp-content\/gallery\/01-06-2016-koncert-za-polaznike-glazbene-igraonice\/thumbs\/thumbs_WP_20160601_18_37_41_Pro.jpg\"\n               data-image-id=\"3545\"\n               data-title=\"WP_20160601_18_37_41_Pro\"\n               data-description=\"\"\n               data-image-slug=\"wp_20160601_18_37_41_pro\"\n               class=\"shutterset_e28e63a9f7fd50745ed4d37b5e28d9fc\">\n                <img\n                    title=\"WP_20160601_18_37_41_Pro\"\n                    alt=\"WP_20160601_18_37_41_Pro\"\n                    src=\"https:\/\/kontesadora.hr\/stara\/wp-content\/gallery\/01-06-2016-koncert-za-polaznike-glazbene-igraonice\/thumbs\/thumbs_WP_20160601_18_37_41_Pro.jpg\"\n                    width=\"100\"\n                    height=\"75\"\n                    style=\"max-width:100%;\"\n                \/>\n            <\/a>\n        <\/div>\n\t\t\t\t\t\t\t<\/div> \n\t\t\t\n        \n\t\t\t\t<div id=\"ngg-image-16\" class=\"ngg-gallery-thumbnail-box\" >\n\t\t\t\t        <div class=\"ngg-gallery-thumbnail\">\n            <a href=\"https:\/\/kontesadora.hr\/stara\/wp-content\/gallery\/01-06-2016-koncert-za-polaznike-glazbene-igraonice\/WP_20160601_18_37_32_Pro.jpg\"\n               title=\"\"\n               data-src=\"https:\/\/kontesadora.hr\/stara\/wp-content\/gallery\/01-06-2016-koncert-za-polaznike-glazbene-igraonice\/WP_20160601_18_37_32_Pro.jpg\"\n               data-thumbnail=\"https:\/\/kontesadora.hr\/stara\/wp-content\/gallery\/01-06-2016-koncert-za-polaznike-glazbene-igraonice\/thumbs\/thumbs_WP_20160601_18_37_32_Pro.jpg\"\n               data-image-id=\"3544\"\n               data-title=\"WP_20160601_18_37_32_Pro\"\n               data-description=\"\"\n               data-image-slug=\"wp_20160601_18_37_32_pro\"\n               class=\"shutterset_e28e63a9f7fd50745ed4d37b5e28d9fc\">\n                <img\n                    title=\"WP_20160601_18_37_32_Pro\"\n                    alt=\"WP_20160601_18_37_32_Pro\"\n                    src=\"https:\/\/kontesadora.hr\/stara\/wp-content\/gallery\/01-06-2016-koncert-za-polaznike-glazbene-igraonice\/thumbs\/thumbs_WP_20160601_18_37_32_Pro.jpg\"\n                    width=\"100\"\n                    height=\"75\"\n                    style=\"max-width:100%;\"\n                \/>\n            <\/a>\n        <\/div>\n\t\t\t\t\t\t\t<\/div> \n\t\t\t\n        \n\t\t\t\t<div id=\"ngg-image-17\" class=\"ngg-gallery-thumbnail-box\" >\n\t\t\t\t        <div class=\"ngg-gallery-thumbnail\">\n            <a href=\"https:\/\/kontesadora.hr\/stara\/wp-content\/gallery\/01-06-2016-koncert-za-polaznike-glazbene-igraonice\/WP_20160601_18_36_17_Pro.jpg\"\n               title=\"\"\n               data-src=\"https:\/\/kontesadora.hr\/stara\/wp-content\/gallery\/01-06-2016-koncert-za-polaznike-glazbene-igraonice\/WP_20160601_18_36_17_Pro.jpg\"\n               data-thumbnail=\"https:\/\/kontesadora.hr\/stara\/wp-content\/gallery\/01-06-2016-koncert-za-polaznike-glazbene-igraonice\/thumbs\/thumbs_WP_20160601_18_36_17_Pro.jpg\"\n               data-image-id=\"3543\"\n               data-title=\"WP_20160601_18_36_17_Pro\"\n               data-description=\"\"\n               data-image-slug=\"wp_20160601_18_36_17_pro\"\n               class=\"shutterset_e28e63a9f7fd50745ed4d37b5e28d9fc\">\n                <img\n                    title=\"WP_20160601_18_36_17_Pro\"\n                    alt=\"WP_20160601_18_36_17_Pro\"\n                    src=\"https:\/\/kontesadora.hr\/stara\/wp-content\/gallery\/01-06-2016-koncert-za-polaznike-glazbene-igraonice\/thumbs\/thumbs_WP_20160601_18_36_17_Pro.jpg\"\n                    width=\"100\"\n                    height=\"75\"\n                    style=\"max-width:100%;\"\n                \/>\n            <\/a>\n        <\/div>\n\t\t\t\t\t\t\t<\/div> \n\t\t\t\n        \n\t\t\t\t<div id=\"ngg-image-18\" class=\"ngg-gallery-thumbnail-box\" >\n\t\t\t\t        <div class=\"ngg-gallery-thumbnail\">\n            <a href=\"https:\/\/kontesadora.hr\/stara\/wp-content\/gallery\/01-06-2016-koncert-za-polaznike-glazbene-igraonice\/WP_20160601_18_36_09_Pro.jpg\"\n               title=\"\"\n               data-src=\"https:\/\/kontesadora.hr\/stara\/wp-content\/gallery\/01-06-2016-koncert-za-polaznike-glazbene-igraonice\/WP_20160601_18_36_09_Pro.jpg\"\n               data-thumbnail=\"https:\/\/kontesadora.hr\/stara\/wp-content\/gallery\/01-06-2016-koncert-za-polaznike-glazbene-igraonice\/thumbs\/thumbs_WP_20160601_18_36_09_Pro.jpg\"\n               data-image-id=\"3542\"\n               data-title=\"WP_20160601_18_36_09_Pro\"\n               data-description=\"\"\n               data-image-slug=\"wp_20160601_18_36_09_pro\"\n               class=\"shutterset_e28e63a9f7fd50745ed4d37b5e28d9fc\">\n                <img\n                    title=\"WP_20160601_18_36_09_Pro\"\n                    alt=\"WP_20160601_18_36_09_Pro\"\n                    src=\"https:\/\/kontesadora.hr\/stara\/wp-content\/gallery\/01-06-2016-koncert-za-polaznike-glazbene-igraonice\/thumbs\/thumbs_WP_20160601_18_36_09_Pro.jpg\"\n                    width=\"100\"\n                    height=\"75\"\n                    style=\"max-width:100%;\"\n                \/>\n            <\/a>\n        <\/div>\n\t\t\t\t\t\t\t<\/div> \n\t\t\t\n        \n\t\t\t\t<div id=\"ngg-image-19\" class=\"ngg-gallery-thumbnail-box\" >\n\t\t\t\t        <div class=\"ngg-gallery-thumbnail\">\n            <a href=\"https:\/\/kontesadora.hr\/stara\/wp-content\/gallery\/01-06-2016-koncert-za-polaznike-glazbene-igraonice\/WP_20160601_18_34_04_Pro.jpg\"\n               title=\"\"\n               data-src=\"https:\/\/kontesadora.hr\/stara\/wp-content\/gallery\/01-06-2016-koncert-za-polaznike-glazbene-igraonice\/WP_20160601_18_34_04_Pro.jpg\"\n               data-thumbnail=\"https:\/\/kontesadora.hr\/stara\/wp-content\/gallery\/01-06-2016-koncert-za-polaznike-glazbene-igraonice\/thumbs\/thumbs_WP_20160601_18_34_04_Pro.jpg\"\n               data-image-id=\"3541\"\n               data-title=\"WP_20160601_18_34_04_Pro\"\n               data-description=\"\"\n               data-image-slug=\"wp_20160601_18_34_04_pro\"\n               class=\"shutterset_e28e63a9f7fd50745ed4d37b5e28d9fc\">\n                <img\n                    title=\"WP_20160601_18_34_04_Pro\"\n                    alt=\"WP_20160601_18_34_04_Pro\"\n                    src=\"https:\/\/kontesadora.hr\/stara\/wp-content\/gallery\/01-06-2016-koncert-za-polaznike-glazbene-igraonice\/thumbs\/thumbs_WP_20160601_18_34_04_Pro.jpg\"\n                    width=\"100\"\n                    height=\"75\"\n                    style=\"max-width:100%;\"\n                \/>\n            <\/a>\n        <\/div>\n\t\t\t\t\t\t\t<\/div> \n\t\t\t\n        \n\t\t\n\t\t<!-- Pagination -->\n\t<div class='ngg-navigation'><span class='current'>1<\/span>\n<a class='page-numbers' data-pageid='2' href='https:\/\/kontesadora.hr\/stara\/galerija\/nggallery\/page\/2'>2<\/a>\n<a class='prev' href='https:\/\/kontesadora.hr\/stara\/galerija\/nggallery\/page\/2' data-pageid=2>&#9658;<\/a><\/div>\t<\/div>\n 01.06.2016. &nbsp;Koncert za polaznike Glazbene igraonice<\/p>\n<!-- index.php -->\n<div\n\tclass=\"ngg-galleryoverview ngg-ajax-pagination-none\"\n\tid=\"ngg-gallery-52ab90aadbf4f9c4ac9d85654e86a415-1\">\n\n    \t<div class=\"slideshowlink\">\n        <a href='https:\/\/kontesadora.hr\/stara\/galerija\/nggallery\/slideshow'>[Show as slideshow]<\/a>\n\t\t\n\t<\/div>\n\t\t\t<!-- Thumbnails -->\n\t\t\t\t<div id=\"ngg-image-0\" class=\"ngg-gallery-thumbnail-box\" >\n\t\t\t\t        <div class=\"ngg-gallery-thumbnail\">\n            <a href=\"https:\/\/kontesadora.hr\/stara\/wp-content\/gallery\/zavrsni-koncert-ucenika-2016-god\/DSC_0677.JPG\"\n               title=\"\"\n               data-src=\"https:\/\/kontesadora.hr\/stara\/wp-content\/gallery\/zavrsni-koncert-ucenika-2016-god\/DSC_0677.JPG\"\n               data-thumbnail=\"https:\/\/kontesadora.hr\/stara\/wp-content\/gallery\/zavrsni-koncert-ucenika-2016-god\/thumbs\/thumbs_DSC_0677.JPG\"\n               data-image-id=\"3537\"\n               data-title=\"DSC_0677\"\n               data-description=\"\"\n               data-image-slug=\"dsc_0677\"\n               class=\"shutterset_52ab90aadbf4f9c4ac9d85654e86a415\">\n                <img\n                    title=\"DSC_0677\"\n                    alt=\"DSC_0677\"\n                    src=\"https:\/\/kontesadora.hr\/stara\/wp-content\/gallery\/zavrsni-koncert-ucenika-2016-god\/thumbs\/thumbs_DSC_0677.JPG\"\n                    width=\"100\"\n                    height=\"75\"\n                    style=\"max-width:100%;\"\n                \/>\n            <\/a>\n        <\/div>\n\t\t\t\t\t\t\t<\/div> \n\t\t\t\n        \n\t\t\t\t<div id=\"ngg-image-1\" class=\"ngg-gallery-thumbnail-box\" >\n\t\t\t\t        <div class=\"ngg-gallery-thumbnail\">\n            <a href=\"https:\/\/kontesadora.hr\/stara\/wp-content\/gallery\/zavrsni-koncert-ucenika-2016-god\/DSC_0676.JPG\"\n               title=\"\"\n               data-src=\"https:\/\/kontesadora.hr\/stara\/wp-content\/gallery\/zavrsni-koncert-ucenika-2016-god\/DSC_0676.JPG\"\n               data-thumbnail=\"https:\/\/kontesadora.hr\/stara\/wp-content\/gallery\/zavrsni-koncert-ucenika-2016-god\/thumbs\/thumbs_DSC_0676.JPG\"\n               data-image-id=\"3536\"\n               data-title=\"DSC_0676\"\n               data-description=\"\"\n               data-image-slug=\"dsc_0676\"\n               class=\"shutterset_52ab90aadbf4f9c4ac9d85654e86a415\">\n                <img\n                    title=\"DSC_0676\"\n                    alt=\"DSC_0676\"\n                    src=\"https:\/\/kontesadora.hr\/stara\/wp-content\/gallery\/zavrsni-koncert-ucenika-2016-god\/thumbs\/thumbs_DSC_0676.JPG\"\n                    width=\"100\"\n                    height=\"75\"\n                    style=\"max-width:100%;\"\n                \/>\n            <\/a>\n        <\/div>\n\t\t\t\t\t\t\t<\/div> \n\t\t\t\n        \n\t\t\t\t<div id=\"ngg-image-2\" class=\"ngg-gallery-thumbnail-box\" >\n\t\t\t\t        <div class=\"ngg-gallery-thumbnail\">\n            <a href=\"https:\/\/kontesadora.hr\/stara\/wp-content\/gallery\/zavrsni-koncert-ucenika-2016-god\/DSC_0675.JPG\"\n               title=\"\"\n               data-src=\"https:\/\/kontesadora.hr\/stara\/wp-content\/gallery\/zavrsni-koncert-ucenika-2016-god\/DSC_0675.JPG\"\n               data-thumbnail=\"https:\/\/kontesadora.hr\/stara\/wp-content\/gallery\/zavrsni-koncert-ucenika-2016-god\/thumbs\/thumbs_DSC_0675.JPG\"\n               data-image-id=\"3535\"\n               data-title=\"DSC_0675\"\n               data-description=\"\"\n               data-image-slug=\"dsc_0675\"\n               class=\"shutterset_52ab90aadbf4f9c4ac9d85654e86a415\">\n                <img\n                    title=\"DSC_0675\"\n                    alt=\"DSC_0675\"\n                    src=\"https:\/\/kontesadora.hr\/stara\/wp-content\/gallery\/zavrsni-koncert-ucenika-2016-god\/thumbs\/thumbs_DSC_0675.JPG\"\n                    width=\"100\"\n                    height=\"75\"\n                    style=\"max-width:100%;\"\n                \/>\n            <\/a>\n        <\/div>\n\t\t\t\t\t\t\t<\/div> \n\t\t\t\n        \n\t\t\t\t<div id=\"ngg-image-3\" class=\"ngg-gallery-thumbnail-box\" >\n\t\t\t\t        <div class=\"ngg-gallery-thumbnail\">\n            <a href=\"https:\/\/kontesadora.hr\/stara\/wp-content\/gallery\/zavrsni-koncert-ucenika-2016-god\/DSC_0674.JPG\"\n               title=\"\"\n               data-src=\"https:\/\/kontesadora.hr\/stara\/wp-content\/gallery\/zavrsni-koncert-ucenika-2016-god\/DSC_0674.JPG\"\n               data-thumbnail=\"https:\/\/kontesadora.hr\/stara\/wp-content\/gallery\/zavrsni-koncert-ucenika-2016-god\/thumbs\/thumbs_DSC_0674.JPG\"\n               data-image-id=\"3534\"\n               data-title=\"DSC_0674\"\n               data-description=\"\"\n               data-image-slug=\"dsc_0674\"\n               class=\"shutterset_52ab90aadbf4f9c4ac9d85654e86a415\">\n                <img\n                    title=\"DSC_0674\"\n                    alt=\"DSC_0674\"\n                    src=\"https:\/\/kontesadora.hr\/stara\/wp-content\/gallery\/zavrsni-koncert-ucenika-2016-god\/thumbs\/thumbs_DSC_0674.JPG\"\n                    width=\"100\"\n                    height=\"75\"\n                    style=\"max-width:100%;\"\n                \/>\n            <\/a>\n        <\/div>\n\t\t\t\t\t\t\t<\/div> \n\t\t\t\n        \n\t\t\t\t<div id=\"ngg-image-4\" class=\"ngg-gallery-thumbnail-box\" >\n\t\t\t\t        <div class=\"ngg-gallery-thumbnail\">\n            <a href=\"https:\/\/kontesadora.hr\/stara\/wp-content\/gallery\/zavrsni-koncert-ucenika-2016-god\/DSC_0673.JPG\"\n               title=\"\"\n               data-src=\"https:\/\/kontesadora.hr\/stara\/wp-content\/gallery\/zavrsni-koncert-ucenika-2016-god\/DSC_0673.JPG\"\n               data-thumbnail=\"https:\/\/kontesadora.hr\/stara\/wp-content\/gallery\/zavrsni-koncert-ucenika-2016-god\/thumbs\/thumbs_DSC_0673.JPG\"\n               data-image-id=\"3533\"\n               data-title=\"DSC_0673\"\n               data-description=\"\"\n               data-image-slug=\"dsc_0673\"\n               class=\"shutterset_52ab90aadbf4f9c4ac9d85654e86a415\">\n                <img\n                    title=\"DSC_0673\"\n                    alt=\"DSC_0673\"\n                    src=\"https:\/\/kontesadora.hr\/stara\/wp-content\/gallery\/zavrsni-koncert-ucenika-2016-god\/thumbs\/thumbs_DSC_0673.JPG\"\n                    width=\"100\"\n                    height=\"75\"\n                    style=\"max-width:100%;\"\n                \/>\n            <\/a>\n        <\/div>\n\t\t\t\t\t\t\t<\/div> \n\t\t\t\n        \n\t\t\t\t<div id=\"ngg-image-5\" class=\"ngg-gallery-thumbnail-box\" >\n\t\t\t\t        <div class=\"ngg-gallery-thumbnail\">\n            <a href=\"https:\/\/kontesadora.hr\/stara\/wp-content\/gallery\/zavrsni-koncert-ucenika-2016-god\/DSC_0672.JPG\"\n               title=\"\"\n               data-src=\"https:\/\/kontesadora.hr\/stara\/wp-content\/gallery\/zavrsni-koncert-ucenika-2016-god\/DSC_0672.JPG\"\n               data-thumbnail=\"https:\/\/kontesadora.hr\/stara\/wp-content\/gallery\/zavrsni-koncert-ucenika-2016-god\/thumbs\/thumbs_DSC_0672.JPG\"\n               data-image-id=\"3532\"\n               data-title=\"DSC_0672\"\n               data-description=\"\"\n               data-image-slug=\"dsc_0672\"\n               class=\"shutterset_52ab90aadbf4f9c4ac9d85654e86a415\">\n                <img\n                    title=\"DSC_0672\"\n                    alt=\"DSC_0672\"\n                    src=\"https:\/\/kontesadora.hr\/stara\/wp-content\/gallery\/zavrsni-koncert-ucenika-2016-god\/thumbs\/thumbs_DSC_0672.JPG\"\n                    width=\"100\"\n                    height=\"75\"\n                    style=\"max-width:100%;\"\n                \/>\n            <\/a>\n        <\/div>\n\t\t\t\t\t\t\t<\/div> \n\t\t\t\n        \n\t\t\t\t<div id=\"ngg-image-6\" class=\"ngg-gallery-thumbnail-box\" >\n\t\t\t\t        <div class=\"ngg-gallery-thumbnail\">\n            <a href=\"https:\/\/kontesadora.hr\/stara\/wp-content\/gallery\/zavrsni-koncert-ucenika-2016-god\/DSC_0671.JPG\"\n               title=\"\"\n               data-src=\"https:\/\/kontesadora.hr\/stara\/wp-content\/gallery\/zavrsni-koncert-ucenika-2016-god\/DSC_0671.JPG\"\n               data-thumbnail=\"https:\/\/kontesadora.hr\/stara\/wp-content\/gallery\/zavrsni-koncert-ucenika-2016-god\/thumbs\/thumbs_DSC_0671.JPG\"\n               data-image-id=\"3531\"\n               data-title=\"DSC_0671\"\n               data-description=\"\"\n               data-image-slug=\"dsc_0671\"\n               class=\"shutterset_52ab90aadbf4f9c4ac9d85654e86a415\">\n                <img\n                    title=\"DSC_0671\"\n                    alt=\"DSC_0671\"\n                    src=\"https:\/\/kontesadora.hr\/stara\/wp-content\/gallery\/zavrsni-koncert-ucenika-2016-god\/thumbs\/thumbs_DSC_0671.JPG\"\n                    width=\"100\"\n                    height=\"75\"\n                    style=\"max-width:100%;\"\n                \/>\n            <\/a>\n        <\/div>\n\t\t\t\t\t\t\t<\/div> \n\t\t\t\n        \n\t\t\t\t<div id=\"ngg-image-7\" class=\"ngg-gallery-thumbnail-box\" >\n\t\t\t\t        <div class=\"ngg-gallery-thumbnail\">\n            <a href=\"https:\/\/kontesadora.hr\/stara\/wp-content\/gallery\/zavrsni-koncert-ucenika-2016-god\/DSC_0670.JPG\"\n               title=\"\"\n               data-src=\"https:\/\/kontesadora.hr\/stara\/wp-content\/gallery\/zavrsni-koncert-ucenika-2016-god\/DSC_0670.JPG\"\n               data-thumbnail=\"https:\/\/kontesadora.hr\/stara\/wp-content\/gallery\/zavrsni-koncert-ucenika-2016-god\/thumbs\/thumbs_DSC_0670.JPG\"\n               data-image-id=\"3530\"\n               data-title=\"DSC_0670\"\n               data-description=\"\"\n               data-image-slug=\"dsc_0670\"\n               class=\"shutterset_52ab90aadbf4f9c4ac9d85654e86a415\">\n                <img\n                    title=\"DSC_0670\"\n                    alt=\"DSC_0670\"\n                    src=\"https:\/\/kontesadora.hr\/stara\/wp-content\/gallery\/zavrsni-koncert-ucenika-2016-god\/thumbs\/thumbs_DSC_0670.JPG\"\n                    width=\"100\"\n                    height=\"75\"\n                    style=\"max-width:100%;\"\n                \/>\n            <\/a>\n        <\/div>\n\t\t\t\t\t\t\t<\/div> \n\t\t\t\n        \n\t\t\t\t<div id=\"ngg-image-8\" class=\"ngg-gallery-thumbnail-box\" >\n\t\t\t\t        <div class=\"ngg-gallery-thumbnail\">\n            <a href=\"https:\/\/kontesadora.hr\/stara\/wp-content\/gallery\/zavrsni-koncert-ucenika-2016-god\/DSC_0669.JPG\"\n               title=\"\"\n               data-src=\"https:\/\/kontesadora.hr\/stara\/wp-content\/gallery\/zavrsni-koncert-ucenika-2016-god\/DSC_0669.JPG\"\n               data-thumbnail=\"https:\/\/kontesadora.hr\/stara\/wp-content\/gallery\/zavrsni-koncert-ucenika-2016-god\/thumbs\/thumbs_DSC_0669.JPG\"\n               data-image-id=\"3529\"\n               data-title=\"DSC_0669\"\n               data-description=\"\"\n               data-image-slug=\"dsc_0669\"\n               class=\"shutterset_52ab90aadbf4f9c4ac9d85654e86a415\">\n                <img\n                    title=\"DSC_0669\"\n                    alt=\"DSC_0669\"\n                    src=\"https:\/\/kontesadora.hr\/stara\/wp-content\/gallery\/zavrsni-koncert-ucenika-2016-god\/thumbs\/thumbs_DSC_0669.JPG\"\n                    width=\"100\"\n                    height=\"75\"\n                    style=\"max-width:100%;\"\n                \/>\n            <\/a>\n        <\/div>\n\t\t\t\t\t\t\t<\/div> \n\t\t\t\n        \n\t\t\t\t<div id=\"ngg-image-9\" class=\"ngg-gallery-thumbnail-box\" >\n\t\t\t\t        <div class=\"ngg-gallery-thumbnail\">\n            <a href=\"https:\/\/kontesadora.hr\/stara\/wp-content\/gallery\/zavrsni-koncert-ucenika-2016-god\/DSC_0668.JPG\"\n               title=\"\"\n               data-src=\"https:\/\/kontesadora.hr\/stara\/wp-content\/gallery\/zavrsni-koncert-ucenika-2016-god\/DSC_0668.JPG\"\n               data-thumbnail=\"https:\/\/kontesadora.hr\/stara\/wp-content\/gallery\/zavrsni-koncert-ucenika-2016-god\/thumbs\/thumbs_DSC_0668.JPG\"\n               data-image-id=\"3528\"\n               data-title=\"DSC_0668\"\n               data-description=\"\"\n               data-image-slug=\"dsc_0668\"\n               class=\"shutterset_52ab90aadbf4f9c4ac9d85654e86a415\">\n                <img\n                    title=\"DSC_0668\"\n                    alt=\"DSC_0668\"\n                    src=\"https:\/\/kontesadora.hr\/stara\/wp-content\/gallery\/zavrsni-koncert-ucenika-2016-god\/thumbs\/thumbs_DSC_0668.JPG\"\n                    width=\"100\"\n                    height=\"75\"\n                    style=\"max-width:100%;\"\n                \/>\n            <\/a>\n        <\/div>\n\t\t\t\t\t\t\t<\/div> \n\t\t\t\n        \n\t\t\t\t<div id=\"ngg-image-10\" class=\"ngg-gallery-thumbnail-box\" >\n\t\t\t\t        <div class=\"ngg-gallery-thumbnail\">\n            <a href=\"https:\/\/kontesadora.hr\/stara\/wp-content\/gallery\/zavrsni-koncert-ucenika-2016-god\/DSC_0667.JPG\"\n               title=\"\"\n               data-src=\"https:\/\/kontesadora.hr\/stara\/wp-content\/gallery\/zavrsni-koncert-ucenika-2016-god\/DSC_0667.JPG\"\n               data-thumbnail=\"https:\/\/kontesadora.hr\/stara\/wp-content\/gallery\/zavrsni-koncert-ucenika-2016-god\/thumbs\/thumbs_DSC_0667.JPG\"\n               data-image-id=\"3527\"\n               data-title=\"DSC_0667\"\n               data-description=\"\"\n               data-image-slug=\"dsc_0667\"\n               class=\"shutterset_52ab90aadbf4f9c4ac9d85654e86a415\">\n                <img\n                    title=\"DSC_0667\"\n                    alt=\"DSC_0667\"\n                    src=\"https:\/\/kontesadora.hr\/stara\/wp-content\/gallery\/zavrsni-koncert-ucenika-2016-god\/thumbs\/thumbs_DSC_0667.JPG\"\n                    width=\"100\"\n                    height=\"75\"\n                    style=\"max-width:100%;\"\n                \/>\n            <\/a>\n        <\/div>\n\t\t\t\t\t\t\t<\/div> \n\t\t\t\n        \n\t\t\t\t<div id=\"ngg-image-11\" class=\"ngg-gallery-thumbnail-box\" >\n\t\t\t\t        <div class=\"ngg-gallery-thumbnail\">\n            <a href=\"https:\/\/kontesadora.hr\/stara\/wp-content\/gallery\/zavrsni-koncert-ucenika-2016-god\/DSC_0666.JPG\"\n               title=\"\"\n               data-src=\"https:\/\/kontesadora.hr\/stara\/wp-content\/gallery\/zavrsni-koncert-ucenika-2016-god\/DSC_0666.JPG\"\n               data-thumbnail=\"https:\/\/kontesadora.hr\/stara\/wp-content\/gallery\/zavrsni-koncert-ucenika-2016-god\/thumbs\/thumbs_DSC_0666.JPG\"\n               data-image-id=\"3526\"\n               data-title=\"DSC_0666\"\n               data-description=\"\"\n               data-image-slug=\"dsc_0666\"\n               class=\"shutterset_52ab90aadbf4f9c4ac9d85654e86a415\">\n                <img\n                    title=\"DSC_0666\"\n                    alt=\"DSC_0666\"\n                    src=\"https:\/\/kontesadora.hr\/stara\/wp-content\/gallery\/zavrsni-koncert-ucenika-2016-god\/thumbs\/thumbs_DSC_0666.JPG\"\n                    width=\"100\"\n                    height=\"75\"\n                    style=\"max-width:100%;\"\n                \/>\n            <\/a>\n        <\/div>\n\t\t\t\t\t\t\t<\/div> \n\t\t\t\n        \n\t\t\t\t<div id=\"ngg-image-12\" class=\"ngg-gallery-thumbnail-box\" >\n\t\t\t\t        <div class=\"ngg-gallery-thumbnail\">\n            <a href=\"https:\/\/kontesadora.hr\/stara\/wp-content\/gallery\/zavrsni-koncert-ucenika-2016-god\/DSC_0665.JPG\"\n               title=\"\"\n               data-src=\"https:\/\/kontesadora.hr\/stara\/wp-content\/gallery\/zavrsni-koncert-ucenika-2016-god\/DSC_0665.JPG\"\n               data-thumbnail=\"https:\/\/kontesadora.hr\/stara\/wp-content\/gallery\/zavrsni-koncert-ucenika-2016-god\/thumbs\/thumbs_DSC_0665.JPG\"\n               data-image-id=\"3525\"\n               data-title=\"DSC_0665\"\n               data-description=\"\"\n               data-image-slug=\"dsc_0665\"\n               class=\"shutterset_52ab90aadbf4f9c4ac9d85654e86a415\">\n                <img\n                    title=\"DSC_0665\"\n                    alt=\"DSC_0665\"\n                    src=\"https:\/\/kontesadora.hr\/stara\/wp-content\/gallery\/zavrsni-koncert-ucenika-2016-god\/thumbs\/thumbs_DSC_0665.JPG\"\n                    width=\"100\"\n                    height=\"75\"\n                    style=\"max-width:100%;\"\n                \/>\n            <\/a>\n        <\/div>\n\t\t\t\t\t\t\t<\/div> \n\t\t\t\n        \n\t\t\t\t<div id=\"ngg-image-13\" class=\"ngg-gallery-thumbnail-box\" >\n\t\t\t\t        <div class=\"ngg-gallery-thumbnail\">\n            <a href=\"https:\/\/kontesadora.hr\/stara\/wp-content\/gallery\/zavrsni-koncert-ucenika-2016-god\/DSC_0664.JPG\"\n               title=\"\"\n               data-src=\"https:\/\/kontesadora.hr\/stara\/wp-content\/gallery\/zavrsni-koncert-ucenika-2016-god\/DSC_0664.JPG\"\n               data-thumbnail=\"https:\/\/kontesadora.hr\/stara\/wp-content\/gallery\/zavrsni-koncert-ucenika-2016-god\/thumbs\/thumbs_DSC_0664.JPG\"\n               data-image-id=\"3524\"\n               data-title=\"DSC_0664\"\n               data-description=\"\"\n               data-image-slug=\"dsc_0664\"\n               class=\"shutterset_52ab90aadbf4f9c4ac9d85654e86a415\">\n                <img\n                    title=\"DSC_0664\"\n                    alt=\"DSC_0664\"\n                    src=\"https:\/\/kontesadora.hr\/stara\/wp-content\/gallery\/zavrsni-koncert-ucenika-2016-god\/thumbs\/thumbs_DSC_0664.JPG\"\n                    width=\"100\"\n                    height=\"75\"\n                    style=\"max-width:100%;\"\n                \/>\n            <\/a>\n        <\/div>\n\t\t\t\t\t\t\t<\/div> \n\t\t\t\n        \n\t\t\t\t<div id=\"ngg-image-14\" class=\"ngg-gallery-thumbnail-box\" >\n\t\t\t\t        <div class=\"ngg-gallery-thumbnail\">\n            <a href=\"https:\/\/kontesadora.hr\/stara\/wp-content\/gallery\/zavrsni-koncert-ucenika-2016-god\/DSC_0663.JPG\"\n               title=\"\"\n               data-src=\"https:\/\/kontesadora.hr\/stara\/wp-content\/gallery\/zavrsni-koncert-ucenika-2016-god\/DSC_0663.JPG\"\n               data-thumbnail=\"https:\/\/kontesadora.hr\/stara\/wp-content\/gallery\/zavrsni-koncert-ucenika-2016-god\/thumbs\/thumbs_DSC_0663.JPG\"\n               data-image-id=\"3523\"\n               data-title=\"DSC_0663\"\n               data-description=\"\"\n               data-image-slug=\"dsc_0663\"\n               class=\"shutterset_52ab90aadbf4f9c4ac9d85654e86a415\">\n                <img\n                    title=\"DSC_0663\"\n                    alt=\"DSC_0663\"\n                    src=\"https:\/\/kontesadora.hr\/stara\/wp-content\/gallery\/zavrsni-koncert-ucenika-2016-god\/thumbs\/thumbs_DSC_0663.JPG\"\n                    width=\"100\"\n                    height=\"75\"\n                    style=\"max-width:100%;\"\n                \/>\n            <\/a>\n        <\/div>\n\t\t\t\t\t\t\t<\/div> \n\t\t\t\n        \n\t\t\t\t<div id=\"ngg-image-15\" class=\"ngg-gallery-thumbnail-box\" >\n\t\t\t\t        <div class=\"ngg-gallery-thumbnail\">\n            <a href=\"https:\/\/kontesadora.hr\/stara\/wp-content\/gallery\/zavrsni-koncert-ucenika-2016-god\/DSC_0662.JPG\"\n               title=\"\"\n               data-src=\"https:\/\/kontesadora.hr\/stara\/wp-content\/gallery\/zavrsni-koncert-ucenika-2016-god\/DSC_0662.JPG\"\n               data-thumbnail=\"https:\/\/kontesadora.hr\/stara\/wp-content\/gallery\/zavrsni-koncert-ucenika-2016-god\/thumbs\/thumbs_DSC_0662.JPG\"\n               data-image-id=\"3522\"\n               data-title=\"DSC_0662\"\n               data-description=\"\"\n               data-image-slug=\"dsc_0662\"\n               class=\"shutterset_52ab90aadbf4f9c4ac9d85654e86a415\">\n                <img\n                    title=\"DSC_0662\"\n                    alt=\"DSC_0662\"\n                    src=\"https:\/\/kontesadora.hr\/stara\/wp-content\/gallery\/zavrsni-koncert-ucenika-2016-god\/thumbs\/thumbs_DSC_0662.JPG\"\n                    width=\"100\"\n                    height=\"75\"\n                    style=\"max-width:100%;\"\n                \/>\n            <\/a>\n        <\/div>\n\t\t\t\t\t\t\t<\/div> \n\t\t\t\n        \n\t\t\t\t<div id=\"ngg-image-16\" class=\"ngg-gallery-thumbnail-box\" >\n\t\t\t\t        <div class=\"ngg-gallery-thumbnail\">\n            <a href=\"https:\/\/kontesadora.hr\/stara\/wp-content\/gallery\/zavrsni-koncert-ucenika-2016-god\/DSC_0661.JPG\"\n               title=\"\"\n               data-src=\"https:\/\/kontesadora.hr\/stara\/wp-content\/gallery\/zavrsni-koncert-ucenika-2016-god\/DSC_0661.JPG\"\n               data-thumbnail=\"https:\/\/kontesadora.hr\/stara\/wp-content\/gallery\/zavrsni-koncert-ucenika-2016-god\/thumbs\/thumbs_DSC_0661.JPG\"\n               data-image-id=\"3521\"\n               data-title=\"DSC_0661\"\n               data-description=\"\"\n               data-image-slug=\"dsc_0661\"\n               class=\"shutterset_52ab90aadbf4f9c4ac9d85654e86a415\">\n                <img\n                    title=\"DSC_0661\"\n                    alt=\"DSC_0661\"\n                    src=\"https:\/\/kontesadora.hr\/stara\/wp-content\/gallery\/zavrsni-koncert-ucenika-2016-god\/thumbs\/thumbs_DSC_0661.JPG\"\n                    width=\"100\"\n                    height=\"75\"\n                    style=\"max-width:100%;\"\n                \/>\n            <\/a>\n        <\/div>\n\t\t\t\t\t\t\t<\/div> \n\t\t\t\n        \n\t\t\t\t<div id=\"ngg-image-17\" class=\"ngg-gallery-thumbnail-box\" >\n\t\t\t\t        <div class=\"ngg-gallery-thumbnail\">\n            <a href=\"https:\/\/kontesadora.hr\/stara\/wp-content\/gallery\/zavrsni-koncert-ucenika-2016-god\/DSC_0660.JPG\"\n               title=\"\"\n               data-src=\"https:\/\/kontesadora.hr\/stara\/wp-content\/gallery\/zavrsni-koncert-ucenika-2016-god\/DSC_0660.JPG\"\n               data-thumbnail=\"https:\/\/kontesadora.hr\/stara\/wp-content\/gallery\/zavrsni-koncert-ucenika-2016-god\/thumbs\/thumbs_DSC_0660.JPG\"\n               data-image-id=\"3520\"\n               data-title=\"DSC_0660\"\n               data-description=\"\"\n               data-image-slug=\"dsc_0660\"\n               class=\"shutterset_52ab90aadbf4f9c4ac9d85654e86a415\">\n                <img\n                    title=\"DSC_0660\"\n                    alt=\"DSC_0660\"\n                    src=\"https:\/\/kontesadora.hr\/stara\/wp-content\/gallery\/zavrsni-koncert-ucenika-2016-god\/thumbs\/thumbs_DSC_0660.JPG\"\n                    width=\"100\"\n                    height=\"75\"\n                    style=\"max-width:100%;\"\n                \/>\n            <\/a>\n        <\/div>\n\t\t\t\t\t\t\t<\/div> \n\t\t\t\n        \n\t\t\t\t<div id=\"ngg-image-18\" class=\"ngg-gallery-thumbnail-box\" >\n\t\t\t\t        <div class=\"ngg-gallery-thumbnail\">\n            <a href=\"https:\/\/kontesadora.hr\/stara\/wp-content\/gallery\/zavrsni-koncert-ucenika-2016-god\/DSC_0659.JPG\"\n               title=\"\"\n               data-src=\"https:\/\/kontesadora.hr\/stara\/wp-content\/gallery\/zavrsni-koncert-ucenika-2016-god\/DSC_0659.JPG\"\n               data-thumbnail=\"https:\/\/kontesadora.hr\/stara\/wp-content\/gallery\/zavrsni-koncert-ucenika-2016-god\/thumbs\/thumbs_DSC_0659.JPG\"\n               data-image-id=\"3519\"\n               data-title=\"DSC_0659\"\n               data-description=\"\"\n               data-image-slug=\"dsc_0659\"\n               class=\"shutterset_52ab90aadbf4f9c4ac9d85654e86a415\">\n                <img\n                    title=\"DSC_0659\"\n                    alt=\"DSC_0659\"\n                    src=\"https:\/\/kontesadora.hr\/stara\/wp-content\/gallery\/zavrsni-koncert-ucenika-2016-god\/thumbs\/thumbs_DSC_0659.JPG\"\n                    width=\"100\"\n                    height=\"75\"\n                    style=\"max-width:100%;\"\n                \/>\n            <\/a>\n        <\/div>\n\t\t\t\t\t\t\t<\/div> \n\t\t\t\n        \n\t\t\t\t<div id=\"ngg-image-19\" class=\"ngg-gallery-thumbnail-box\" >\n\t\t\t\t        <div class=\"ngg-gallery-thumbnail\">\n            <a href=\"https:\/\/kontesadora.hr\/stara\/wp-content\/gallery\/zavrsni-koncert-ucenika-2016-god\/DSC_0658.JPG\"\n               title=\"\"\n               data-src=\"https:\/\/kontesadora.hr\/stara\/wp-content\/gallery\/zavrsni-koncert-ucenika-2016-god\/DSC_0658.JPG\"\n               data-thumbnail=\"https:\/\/kontesadora.hr\/stara\/wp-content\/gallery\/zavrsni-koncert-ucenika-2016-god\/thumbs\/thumbs_DSC_0658.JPG\"\n               data-image-id=\"3518\"\n               data-title=\"DSC_0658\"\n               data-description=\"\"\n               data-image-slug=\"dsc_0658\"\n               class=\"shutterset_52ab90aadbf4f9c4ac9d85654e86a415\">\n                <img\n                    title=\"DSC_0658\"\n                    alt=\"DSC_0658\"\n                    src=\"https:\/\/kontesadora.hr\/stara\/wp-content\/gallery\/zavrsni-koncert-ucenika-2016-god\/thumbs\/thumbs_DSC_0658.JPG\"\n                    width=\"100\"\n                    height=\"75\"\n                    style=\"max-width:100%;\"\n                \/>\n            <\/a>\n        <\/div>\n\t\t\t\t\t\t\t<\/div> \n\t\t\t\n        \n\t\t\n\t\t<!-- Pagination -->\n\t<div class='ngg-navigation'><span class='current'>1<\/span>\n<a class='page-numbers' data-pageid='2' href='https:\/\/kontesadora.hr\/stara\/galerija\/nggallery\/page\/2'>2<\/a>\n<span class='ellipsis'>...<\/span>\n<a class='page-numbers' data-pageid='11' href='https:\/\/kontesadora.hr\/stara\/galerija\/nggallery\/page\/11'>11<\/a>\n<a class='prev' href='https:\/\/kontesadora.hr\/stara\/galerija\/nggallery\/page\/2' data-pageid=2>&#9658;<\/a><\/div>\t<\/div>\n 23.05.2016.&nbsp;Zavr\u0161ni koncert u\u010denika 2016.godine<\/p>\n<!-- index.php -->\n<div\n\tclass=\"ngg-galleryoverview ngg-ajax-pagination-none\"\n\tid=\"ngg-gallery-83c90be3d6b506eab16bffc0dedddb95-1\">\n\n    \t<div class=\"slideshowlink\">\n        <a href='https:\/\/kontesadora.hr\/stara\/galerija\/nggallery\/slideshow'>[Show as slideshow]<\/a>\n\t\t\n\t<\/div>\n\t\t\t<!-- Thumbnails -->\n\t\t\t\t<div id=\"ngg-image-0\" class=\"ngg-gallery-thumbnail-box\" >\n\t\t\t\t        <div class=\"ngg-gallery-thumbnail\">\n            <a href=\"https:\/\/kontesadora.hr\/stara\/wp-content\/gallery\/tomohiro-adachi-u-nasicama\/DSC_3916.JPG\"\n               title=\"\"\n               data-src=\"https:\/\/kontesadora.hr\/stara\/wp-content\/gallery\/tomohiro-adachi-u-nasicama\/DSC_3916.JPG\"\n               data-thumbnail=\"https:\/\/kontesadora.hr\/stara\/wp-content\/gallery\/tomohiro-adachi-u-nasicama\/thumbs\/thumbs_DSC_3916.JPG\"\n               data-image-id=\"3325\"\n               data-title=\"DSC_3916\"\n               data-description=\"\"\n               data-image-slug=\"dsc_3916\"\n               class=\"shutterset_83c90be3d6b506eab16bffc0dedddb95\">\n                <img\n                    title=\"DSC_3916\"\n                    alt=\"DSC_3916\"\n                    src=\"https:\/\/kontesadora.hr\/stara\/wp-content\/gallery\/tomohiro-adachi-u-nasicama\/thumbs\/thumbs_DSC_3916.JPG\"\n                    width=\"100\"\n                    height=\"75\"\n                    style=\"max-width:100%;\"\n                \/>\n            <\/a>\n        <\/div>\n\t\t\t\t\t\t\t<\/div> \n\t\t\t\n        \n\t\t\t\t<div id=\"ngg-image-1\" class=\"ngg-gallery-thumbnail-box\" >\n\t\t\t\t        <div class=\"ngg-gallery-thumbnail\">\n            <a href=\"https:\/\/kontesadora.hr\/stara\/wp-content\/gallery\/tomohiro-adachi-u-nasicama\/DSC_3910.JPG\"\n               title=\"\"\n               data-src=\"https:\/\/kontesadora.hr\/stara\/wp-content\/gallery\/tomohiro-adachi-u-nasicama\/DSC_3910.JPG\"\n               data-thumbnail=\"https:\/\/kontesadora.hr\/stara\/wp-content\/gallery\/tomohiro-adachi-u-nasicama\/thumbs\/thumbs_DSC_3910.JPG\"\n               data-image-id=\"3324\"\n               data-title=\"DSC_3910\"\n               data-description=\"\"\n               data-image-slug=\"dsc_3910\"\n               class=\"shutterset_83c90be3d6b506eab16bffc0dedddb95\">\n                <img\n                    title=\"DSC_3910\"\n                    alt=\"DSC_3910\"\n                    src=\"https:\/\/kontesadora.hr\/stara\/wp-content\/gallery\/tomohiro-adachi-u-nasicama\/thumbs\/thumbs_DSC_3910.JPG\"\n                    width=\"100\"\n                    height=\"75\"\n                    style=\"max-width:100%;\"\n                \/>\n            <\/a>\n        <\/div>\n\t\t\t\t\t\t\t<\/div> \n\t\t\t\n        \n\t\t\t\t<div id=\"ngg-image-2\" class=\"ngg-gallery-thumbnail-box\" >\n\t\t\t\t        <div class=\"ngg-gallery-thumbnail\">\n            <a href=\"https:\/\/kontesadora.hr\/stara\/wp-content\/gallery\/tomohiro-adachi-u-nasicama\/DSC_3909.JPG\"\n               title=\"\"\n               data-src=\"https:\/\/kontesadora.hr\/stara\/wp-content\/gallery\/tomohiro-adachi-u-nasicama\/DSC_3909.JPG\"\n               data-thumbnail=\"https:\/\/kontesadora.hr\/stara\/wp-content\/gallery\/tomohiro-adachi-u-nasicama\/thumbs\/thumbs_DSC_3909.JPG\"\n               data-image-id=\"3323\"\n               data-title=\"DSC_3909\"\n               data-description=\"\"\n               data-image-slug=\"dsc_3909\"\n               class=\"shutterset_83c90be3d6b506eab16bffc0dedddb95\">\n                <img\n                    title=\"DSC_3909\"\n                    alt=\"DSC_3909\"\n                    src=\"https:\/\/kontesadora.hr\/stara\/wp-content\/gallery\/tomohiro-adachi-u-nasicama\/thumbs\/thumbs_DSC_3909.JPG\"\n                    width=\"100\"\n                    height=\"75\"\n                    style=\"max-width:100%;\"\n                \/>\n            <\/a>\n        <\/div>\n\t\t\t\t\t\t\t<\/div> \n\t\t\t\n        \n\t\t\t\t<div id=\"ngg-image-3\" class=\"ngg-gallery-thumbnail-box\" >\n\t\t\t\t        <div class=\"ngg-gallery-thumbnail\">\n            <a href=\"https:\/\/kontesadora.hr\/stara\/wp-content\/gallery\/tomohiro-adachi-u-nasicama\/DSC_3907.JPG\"\n               title=\"\"\n               data-src=\"https:\/\/kontesadora.hr\/stara\/wp-content\/gallery\/tomohiro-adachi-u-nasicama\/DSC_3907.JPG\"\n               data-thumbnail=\"https:\/\/kontesadora.hr\/stara\/wp-content\/gallery\/tomohiro-adachi-u-nasicama\/thumbs\/thumbs_DSC_3907.JPG\"\n               data-image-id=\"3322\"\n               data-title=\"DSC_3907\"\n               data-description=\"\"\n               data-image-slug=\"dsc_3907\"\n               class=\"shutterset_83c90be3d6b506eab16bffc0dedddb95\">\n                <img\n                    title=\"DSC_3907\"\n                    alt=\"DSC_3907\"\n                    src=\"https:\/\/kontesadora.hr\/stara\/wp-content\/gallery\/tomohiro-adachi-u-nasicama\/thumbs\/thumbs_DSC_3907.JPG\"\n                    width=\"100\"\n                    height=\"75\"\n                    style=\"max-width:100%;\"\n                \/>\n            <\/a>\n        <\/div>\n\t\t\t\t\t\t\t<\/div> \n\t\t\t\n        \n\t\t\t\t<div id=\"ngg-image-4\" class=\"ngg-gallery-thumbnail-box\" >\n\t\t\t\t        <div class=\"ngg-gallery-thumbnail\">\n            <a href=\"https:\/\/kontesadora.hr\/stara\/wp-content\/gallery\/tomohiro-adachi-u-nasicama\/DSC_3905.JPG\"\n               title=\"\"\n               data-src=\"https:\/\/kontesadora.hr\/stara\/wp-content\/gallery\/tomohiro-adachi-u-nasicama\/DSC_3905.JPG\"\n               data-thumbnail=\"https:\/\/kontesadora.hr\/stara\/wp-content\/gallery\/tomohiro-adachi-u-nasicama\/thumbs\/thumbs_DSC_3905.JPG\"\n               data-image-id=\"3321\"\n               data-title=\"DSC_3905\"\n               data-description=\"\"\n               data-image-slug=\"dsc_3905\"\n               class=\"shutterset_83c90be3d6b506eab16bffc0dedddb95\">\n                <img\n                    title=\"DSC_3905\"\n                    alt=\"DSC_3905\"\n                    src=\"https:\/\/kontesadora.hr\/stara\/wp-content\/gallery\/tomohiro-adachi-u-nasicama\/thumbs\/thumbs_DSC_3905.JPG\"\n                    width=\"100\"\n                    height=\"75\"\n                    style=\"max-width:100%;\"\n                \/>\n            <\/a>\n        <\/div>\n\t\t\t\t\t\t\t<\/div> \n\t\t\t\n        \n\t\t\t\t<div id=\"ngg-image-5\" class=\"ngg-gallery-thumbnail-box\" >\n\t\t\t\t        <div class=\"ngg-gallery-thumbnail\">\n            <a href=\"https:\/\/kontesadora.hr\/stara\/wp-content\/gallery\/tomohiro-adachi-u-nasicama\/DSC_3900.JPG\"\n               title=\"\"\n               data-src=\"https:\/\/kontesadora.hr\/stara\/wp-content\/gallery\/tomohiro-adachi-u-nasicama\/DSC_3900.JPG\"\n               data-thumbnail=\"https:\/\/kontesadora.hr\/stara\/wp-content\/gallery\/tomohiro-adachi-u-nasicama\/thumbs\/thumbs_DSC_3900.JPG\"\n               data-image-id=\"3320\"\n               data-title=\"DSC_3900\"\n               data-description=\"\"\n               data-image-slug=\"dsc_3900\"\n               class=\"shutterset_83c90be3d6b506eab16bffc0dedddb95\">\n                <img\n                    title=\"DSC_3900\"\n                    alt=\"DSC_3900\"\n                    src=\"https:\/\/kontesadora.hr\/stara\/wp-content\/gallery\/tomohiro-adachi-u-nasicama\/thumbs\/thumbs_DSC_3900.JPG\"\n                    width=\"100\"\n                    height=\"75\"\n                    style=\"max-width:100%;\"\n                \/>\n            <\/a>\n        <\/div>\n\t\t\t\t\t\t\t<\/div> \n\t\t\t\n        \n\t\t\t\t<div id=\"ngg-image-6\" class=\"ngg-gallery-thumbnail-box\" >\n\t\t\t\t        <div class=\"ngg-gallery-thumbnail\">\n            <a href=\"https:\/\/kontesadora.hr\/stara\/wp-content\/gallery\/tomohiro-adachi-u-nasicama\/DSC_3897.JPG\"\n               title=\"\"\n               data-src=\"https:\/\/kontesadora.hr\/stara\/wp-content\/gallery\/tomohiro-adachi-u-nasicama\/DSC_3897.JPG\"\n               data-thumbnail=\"https:\/\/kontesadora.hr\/stara\/wp-content\/gallery\/tomohiro-adachi-u-nasicama\/thumbs\/thumbs_DSC_3897.JPG\"\n               data-image-id=\"3319\"\n               data-title=\"DSC_3897\"\n               data-description=\"\"\n               data-image-slug=\"dsc_3897\"\n               class=\"shutterset_83c90be3d6b506eab16bffc0dedddb95\">\n                <img\n                    title=\"DSC_3897\"\n                    alt=\"DSC_3897\"\n                    src=\"https:\/\/kontesadora.hr\/stara\/wp-content\/gallery\/tomohiro-adachi-u-nasicama\/thumbs\/thumbs_DSC_3897.JPG\"\n                    width=\"100\"\n                    height=\"75\"\n                    style=\"max-width:100%;\"\n                \/>\n            <\/a>\n        <\/div>\n\t\t\t\t\t\t\t<\/div> \n\t\t\t\n        \n\t\t\t\t<div id=\"ngg-image-7\" class=\"ngg-gallery-thumbnail-box\" >\n\t\t\t\t        <div class=\"ngg-gallery-thumbnail\">\n            <a href=\"https:\/\/kontesadora.hr\/stara\/wp-content\/gallery\/tomohiro-adachi-u-nasicama\/DSC_3893.JPG\"\n               title=\"\"\n               data-src=\"https:\/\/kontesadora.hr\/stara\/wp-content\/gallery\/tomohiro-adachi-u-nasicama\/DSC_3893.JPG\"\n               data-thumbnail=\"https:\/\/kontesadora.hr\/stara\/wp-content\/gallery\/tomohiro-adachi-u-nasicama\/thumbs\/thumbs_DSC_3893.JPG\"\n               data-image-id=\"3318\"\n               data-title=\"DSC_3893\"\n               data-description=\"\"\n               data-image-slug=\"dsc_3893\"\n               class=\"shutterset_83c90be3d6b506eab16bffc0dedddb95\">\n                <img\n                    title=\"DSC_3893\"\n                    alt=\"DSC_3893\"\n                    src=\"https:\/\/kontesadora.hr\/stara\/wp-content\/gallery\/tomohiro-adachi-u-nasicama\/thumbs\/thumbs_DSC_3893.JPG\"\n                    width=\"100\"\n                    height=\"75\"\n                    style=\"max-width:100%;\"\n                \/>\n            <\/a>\n        <\/div>\n\t\t\t\t\t\t\t<\/div> \n\t\t\t\n        \n\t\t\t\t<div id=\"ngg-image-8\" class=\"ngg-gallery-thumbnail-box\" >\n\t\t\t\t        <div class=\"ngg-gallery-thumbnail\">\n            <a href=\"https:\/\/kontesadora.hr\/stara\/wp-content\/gallery\/tomohiro-adachi-u-nasicama\/DSC_3892.JPG\"\n               title=\"\"\n               data-src=\"https:\/\/kontesadora.hr\/stara\/wp-content\/gallery\/tomohiro-adachi-u-nasicama\/DSC_3892.JPG\"\n               data-thumbnail=\"https:\/\/kontesadora.hr\/stara\/wp-content\/gallery\/tomohiro-adachi-u-nasicama\/thumbs\/thumbs_DSC_3892.JPG\"\n               data-image-id=\"3317\"\n               data-title=\"DSC_3892\"\n               data-description=\"\"\n               data-image-slug=\"dsc_3892\"\n               class=\"shutterset_83c90be3d6b506eab16bffc0dedddb95\">\n                <img\n                    title=\"DSC_3892\"\n                    alt=\"DSC_3892\"\n                    src=\"https:\/\/kontesadora.hr\/stara\/wp-content\/gallery\/tomohiro-adachi-u-nasicama\/thumbs\/thumbs_DSC_3892.JPG\"\n                    width=\"100\"\n                    height=\"75\"\n                    style=\"max-width:100%;\"\n                \/>\n            <\/a>\n        <\/div>\n\t\t\t\t\t\t\t<\/div> \n\t\t\t\n        \n\t\t\t\t<div id=\"ngg-image-9\" class=\"ngg-gallery-thumbnail-box\" >\n\t\t\t\t        <div class=\"ngg-gallery-thumbnail\">\n            <a href=\"https:\/\/kontesadora.hr\/stara\/wp-content\/gallery\/tomohiro-adachi-u-nasicama\/DSC_3882.JPG\"\n               title=\"\"\n               data-src=\"https:\/\/kontesadora.hr\/stara\/wp-content\/gallery\/tomohiro-adachi-u-nasicama\/DSC_3882.JPG\"\n               data-thumbnail=\"https:\/\/kontesadora.hr\/stara\/wp-content\/gallery\/tomohiro-adachi-u-nasicama\/thumbs\/thumbs_DSC_3882.JPG\"\n               data-image-id=\"3316\"\n               data-title=\"DSC_3882\"\n               data-description=\"\"\n               data-image-slug=\"dsc_3882\"\n               class=\"shutterset_83c90be3d6b506eab16bffc0dedddb95\">\n                <img\n                    title=\"DSC_3882\"\n                    alt=\"DSC_3882\"\n                    src=\"https:\/\/kontesadora.hr\/stara\/wp-content\/gallery\/tomohiro-adachi-u-nasicama\/thumbs\/thumbs_DSC_3882.JPG\"\n                    width=\"100\"\n                    height=\"75\"\n                    style=\"max-width:100%;\"\n                \/>\n            <\/a>\n        <\/div>\n\t\t\t\t\t\t\t<\/div> \n\t\t\t\n        \n\t\t\t\t<div id=\"ngg-image-10\" class=\"ngg-gallery-thumbnail-box\" >\n\t\t\t\t        <div class=\"ngg-gallery-thumbnail\">\n            <a href=\"https:\/\/kontesadora.hr\/stara\/wp-content\/gallery\/tomohiro-adachi-u-nasicama\/DSC_3877.JPG\"\n               title=\"\"\n               data-src=\"https:\/\/kontesadora.hr\/stara\/wp-content\/gallery\/tomohiro-adachi-u-nasicama\/DSC_3877.JPG\"\n               data-thumbnail=\"https:\/\/kontesadora.hr\/stara\/wp-content\/gallery\/tomohiro-adachi-u-nasicama\/thumbs\/thumbs_DSC_3877.JPG\"\n               data-image-id=\"3315\"\n               data-title=\"DSC_3877\"\n               data-description=\"\"\n               data-image-slug=\"dsc_3877\"\n               class=\"shutterset_83c90be3d6b506eab16bffc0dedddb95\">\n                <img\n                    title=\"DSC_3877\"\n                    alt=\"DSC_3877\"\n                    src=\"https:\/\/kontesadora.hr\/stara\/wp-content\/gallery\/tomohiro-adachi-u-nasicama\/thumbs\/thumbs_DSC_3877.JPG\"\n                    width=\"100\"\n                    height=\"75\"\n                    style=\"max-width:100%;\"\n                \/>\n            <\/a>\n        <\/div>\n\t\t\t\t\t\t\t<\/div> \n\t\t\t\n        \n\t\t\t\t<div id=\"ngg-image-11\" class=\"ngg-gallery-thumbnail-box\" >\n\t\t\t\t        <div class=\"ngg-gallery-thumbnail\">\n            <a href=\"https:\/\/kontesadora.hr\/stara\/wp-content\/gallery\/tomohiro-adachi-u-nasicama\/DSC_3875.JPG\"\n               title=\"\"\n               data-src=\"https:\/\/kontesadora.hr\/stara\/wp-content\/gallery\/tomohiro-adachi-u-nasicama\/DSC_3875.JPG\"\n               data-thumbnail=\"https:\/\/kontesadora.hr\/stara\/wp-content\/gallery\/tomohiro-adachi-u-nasicama\/thumbs\/thumbs_DSC_3875.JPG\"\n               data-image-id=\"3314\"\n               data-title=\"DSC_3875\"\n               data-description=\"\"\n               data-image-slug=\"dsc_3875\"\n               class=\"shutterset_83c90be3d6b506eab16bffc0dedddb95\">\n                <img\n                    title=\"DSC_3875\"\n                    alt=\"DSC_3875\"\n                    src=\"https:\/\/kontesadora.hr\/stara\/wp-content\/gallery\/tomohiro-adachi-u-nasicama\/thumbs\/thumbs_DSC_3875.JPG\"\n                    width=\"100\"\n                    height=\"75\"\n                    style=\"max-width:100%;\"\n                \/>\n            <\/a>\n        <\/div>\n\t\t\t\t\t\t\t<\/div> \n\t\t\t\n        \n\t\t\n\t\t<!-- Pagination -->\n\t<div class='ngg-clear'><\/div>\t<\/div>\n&nbsp;Tomohiro Adachi u Na\u0161icama<\/p>\n<!-- index.php -->\n<div\n\tclass=\"ngg-galleryoverview ngg-ajax-pagination-none\"\n\tid=\"ngg-gallery-32544f72c555bd8f290055f432b9c095-1\">\n\n    \t<div class=\"slideshowlink\">\n        <a href='https:\/\/kontesadora.hr\/stara\/galerija\/nggallery\/slideshow'>[Show as slideshow]<\/a>\n\t\t\n\t<\/div>\n\t\t\t<!-- Thumbnails -->\n\t\t\t\t<div id=\"ngg-image-0\" class=\"ngg-gallery-thumbnail-box\" >\n\t\t\t\t        <div class=\"ngg-gallery-thumbnail\">\n            <a href=\"https:\/\/kontesadora.hr\/stara\/wp-content\/gallery\/koncert-u-hrvatskom-narodnom-kazalistu-u-osijeku-u-nedjelju-6-ozujka-2016\/DSC_3867.JPG\"\n               title=\"\"\n               data-src=\"https:\/\/kontesadora.hr\/stara\/wp-content\/gallery\/koncert-u-hrvatskom-narodnom-kazalistu-u-osijeku-u-nedjelju-6-ozujka-2016\/DSC_3867.JPG\"\n               data-thumbnail=\"https:\/\/kontesadora.hr\/stara\/wp-content\/gallery\/koncert-u-hrvatskom-narodnom-kazalistu-u-osijeku-u-nedjelju-6-ozujka-2016\/thumbs\/thumbs_DSC_3867.JPG\"\n               data-image-id=\"3313\"\n               data-title=\"DSC_3867\"\n               data-description=\"\"\n               data-image-slug=\"dsc_3867\"\n               class=\"shutterset_32544f72c555bd8f290055f432b9c095\">\n                <img\n                    title=\"DSC_3867\"\n                    alt=\"DSC_3867\"\n                    src=\"https:\/\/kontesadora.hr\/stara\/wp-content\/gallery\/koncert-u-hrvatskom-narodnom-kazalistu-u-osijeku-u-nedjelju-6-ozujka-2016\/thumbs\/thumbs_DSC_3867.JPG\"\n                    width=\"100\"\n                    height=\"75\"\n                    style=\"max-width:100%;\"\n                \/>\n            <\/a>\n        <\/div>\n\t\t\t\t\t\t\t<\/div> \n\t\t\t\n        \n\t\t\t\t<div id=\"ngg-image-1\" class=\"ngg-gallery-thumbnail-box\" >\n\t\t\t\t        <div class=\"ngg-gallery-thumbnail\">\n            <a href=\"https:\/\/kontesadora.hr\/stara\/wp-content\/gallery\/koncert-u-hrvatskom-narodnom-kazalistu-u-osijeku-u-nedjelju-6-ozujka-2016\/DSC_3862.JPG\"\n               title=\"\"\n               data-src=\"https:\/\/kontesadora.hr\/stara\/wp-content\/gallery\/koncert-u-hrvatskom-narodnom-kazalistu-u-osijeku-u-nedjelju-6-ozujka-2016\/DSC_3862.JPG\"\n               data-thumbnail=\"https:\/\/kontesadora.hr\/stara\/wp-content\/gallery\/koncert-u-hrvatskom-narodnom-kazalistu-u-osijeku-u-nedjelju-6-ozujka-2016\/thumbs\/thumbs_DSC_3862.JPG\"\n               data-image-id=\"3312\"\n               data-title=\"DSC_3862\"\n               data-description=\"\"\n               data-image-slug=\"dsc_3862\"\n               class=\"shutterset_32544f72c555bd8f290055f432b9c095\">\n                <img\n                    title=\"DSC_3862\"\n                    alt=\"DSC_3862\"\n                    src=\"https:\/\/kontesadora.hr\/stara\/wp-content\/gallery\/koncert-u-hrvatskom-narodnom-kazalistu-u-osijeku-u-nedjelju-6-ozujka-2016\/thumbs\/thumbs_DSC_3862.JPG\"\n                    width=\"100\"\n                    height=\"75\"\n                    style=\"max-width:100%;\"\n                \/>\n            <\/a>\n        <\/div>\n\t\t\t\t\t\t\t<\/div> \n\t\t\t\n        \n\t\t\t\t<div id=\"ngg-image-2\" class=\"ngg-gallery-thumbnail-box\" >\n\t\t\t\t        <div class=\"ngg-gallery-thumbnail\">\n            <a href=\"https:\/\/kontesadora.hr\/stara\/wp-content\/gallery\/koncert-u-hrvatskom-narodnom-kazalistu-u-osijeku-u-nedjelju-6-ozujka-2016\/DSC_3846.JPG\"\n               title=\"\"\n               data-src=\"https:\/\/kontesadora.hr\/stara\/wp-content\/gallery\/koncert-u-hrvatskom-narodnom-kazalistu-u-osijeku-u-nedjelju-6-ozujka-2016\/DSC_3846.JPG\"\n               data-thumbnail=\"https:\/\/kontesadora.hr\/stara\/wp-content\/gallery\/koncert-u-hrvatskom-narodnom-kazalistu-u-osijeku-u-nedjelju-6-ozujka-2016\/thumbs\/thumbs_DSC_3846.JPG\"\n               data-image-id=\"3311\"\n               data-title=\"DSC_3846\"\n               data-description=\"\"\n               data-image-slug=\"dsc_3846\"\n               class=\"shutterset_32544f72c555bd8f290055f432b9c095\">\n                <img\n                    title=\"DSC_3846\"\n                    alt=\"DSC_3846\"\n                    src=\"https:\/\/kontesadora.hr\/stara\/wp-content\/gallery\/koncert-u-hrvatskom-narodnom-kazalistu-u-osijeku-u-nedjelju-6-ozujka-2016\/thumbs\/thumbs_DSC_3846.JPG\"\n                    width=\"100\"\n                    height=\"75\"\n                    style=\"max-width:100%;\"\n                \/>\n            <\/a>\n        <\/div>\n\t\t\t\t\t\t\t<\/div> \n\t\t\t\n        \n\t\t\t\t<div id=\"ngg-image-3\" class=\"ngg-gallery-thumbnail-box\" >\n\t\t\t\t        <div class=\"ngg-gallery-thumbnail\">\n            <a href=\"https:\/\/kontesadora.hr\/stara\/wp-content\/gallery\/koncert-u-hrvatskom-narodnom-kazalistu-u-osijeku-u-nedjelju-6-ozujka-2016\/DSC_3845.JPG\"\n               title=\"\"\n               data-src=\"https:\/\/kontesadora.hr\/stara\/wp-content\/gallery\/koncert-u-hrvatskom-narodnom-kazalistu-u-osijeku-u-nedjelju-6-ozujka-2016\/DSC_3845.JPG\"\n               data-thumbnail=\"https:\/\/kontesadora.hr\/stara\/wp-content\/gallery\/koncert-u-hrvatskom-narodnom-kazalistu-u-osijeku-u-nedjelju-6-ozujka-2016\/thumbs\/thumbs_DSC_3845.JPG\"\n               data-image-id=\"3310\"\n               data-title=\"DSC_3845\"\n               data-description=\"\"\n               data-image-slug=\"dsc_3845\"\n               class=\"shutterset_32544f72c555bd8f290055f432b9c095\">\n                <img\n                    title=\"DSC_3845\"\n                    alt=\"DSC_3845\"\n                    src=\"https:\/\/kontesadora.hr\/stara\/wp-content\/gallery\/koncert-u-hrvatskom-narodnom-kazalistu-u-osijeku-u-nedjelju-6-ozujka-2016\/thumbs\/thumbs_DSC_3845.JPG\"\n                    width=\"100\"\n                    height=\"75\"\n                    style=\"max-width:100%;\"\n                \/>\n            <\/a>\n        <\/div>\n\t\t\t\t\t\t\t<\/div> \n\t\t\t\n        \n\t\t\t\t<div id=\"ngg-image-4\" class=\"ngg-gallery-thumbnail-box\" >\n\t\t\t\t        <div class=\"ngg-gallery-thumbnail\">\n            <a href=\"https:\/\/kontesadora.hr\/stara\/wp-content\/gallery\/koncert-u-hrvatskom-narodnom-kazalistu-u-osijeku-u-nedjelju-6-ozujka-2016\/DSC_3844.JPG\"\n               title=\"\"\n               data-src=\"https:\/\/kontesadora.hr\/stara\/wp-content\/gallery\/koncert-u-hrvatskom-narodnom-kazalistu-u-osijeku-u-nedjelju-6-ozujka-2016\/DSC_3844.JPG\"\n               data-thumbnail=\"https:\/\/kontesadora.hr\/stara\/wp-content\/gallery\/koncert-u-hrvatskom-narodnom-kazalistu-u-osijeku-u-nedjelju-6-ozujka-2016\/thumbs\/thumbs_DSC_3844.JPG\"\n               data-image-id=\"3309\"\n               data-title=\"DSC_3844\"\n               data-description=\"\"\n               data-image-slug=\"dsc_3844\"\n               class=\"shutterset_32544f72c555bd8f290055f432b9c095\">\n                <img\n                    title=\"DSC_3844\"\n                    alt=\"DSC_3844\"\n                    src=\"https:\/\/kontesadora.hr\/stara\/wp-content\/gallery\/koncert-u-hrvatskom-narodnom-kazalistu-u-osijeku-u-nedjelju-6-ozujka-2016\/thumbs\/thumbs_DSC_3844.JPG\"\n                    width=\"100\"\n                    height=\"75\"\n                    style=\"max-width:100%;\"\n                \/>\n            <\/a>\n        <\/div>\n\t\t\t\t\t\t\t<\/div> \n\t\t\t\n        \n\t\t\t\t<div id=\"ngg-image-5\" class=\"ngg-gallery-thumbnail-box\" >\n\t\t\t\t        <div class=\"ngg-gallery-thumbnail\">\n            <a href=\"https:\/\/kontesadora.hr\/stara\/wp-content\/gallery\/koncert-u-hrvatskom-narodnom-kazalistu-u-osijeku-u-nedjelju-6-ozujka-2016\/DSC_3843.JPG\"\n               title=\"\"\n               data-src=\"https:\/\/kontesadora.hr\/stara\/wp-content\/gallery\/koncert-u-hrvatskom-narodnom-kazalistu-u-osijeku-u-nedjelju-6-ozujka-2016\/DSC_3843.JPG\"\n               data-thumbnail=\"https:\/\/kontesadora.hr\/stara\/wp-content\/gallery\/koncert-u-hrvatskom-narodnom-kazalistu-u-osijeku-u-nedjelju-6-ozujka-2016\/thumbs\/thumbs_DSC_3843.JPG\"\n               data-image-id=\"3308\"\n               data-title=\"DSC_3843\"\n               data-description=\"\"\n               data-image-slug=\"dsc_3843\"\n               class=\"shutterset_32544f72c555bd8f290055f432b9c095\">\n                <img\n                    title=\"DSC_3843\"\n                    alt=\"DSC_3843\"\n                    src=\"https:\/\/kontesadora.hr\/stara\/wp-content\/gallery\/koncert-u-hrvatskom-narodnom-kazalistu-u-osijeku-u-nedjelju-6-ozujka-2016\/thumbs\/thumbs_DSC_3843.JPG\"\n                    width=\"100\"\n                    height=\"75\"\n                    style=\"max-width:100%;\"\n                \/>\n            <\/a>\n        <\/div>\n\t\t\t\t\t\t\t<\/div> \n\t\t\t\n        \n\t\t\t\t<div id=\"ngg-image-6\" class=\"ngg-gallery-thumbnail-box\" >\n\t\t\t\t        <div class=\"ngg-gallery-thumbnail\">\n            <a href=\"https:\/\/kontesadora.hr\/stara\/wp-content\/gallery\/koncert-u-hrvatskom-narodnom-kazalistu-u-osijeku-u-nedjelju-6-ozujka-2016\/DSC_3825.JPG\"\n               title=\"\"\n               data-src=\"https:\/\/kontesadora.hr\/stara\/wp-content\/gallery\/koncert-u-hrvatskom-narodnom-kazalistu-u-osijeku-u-nedjelju-6-ozujka-2016\/DSC_3825.JPG\"\n               data-thumbnail=\"https:\/\/kontesadora.hr\/stara\/wp-content\/gallery\/koncert-u-hrvatskom-narodnom-kazalistu-u-osijeku-u-nedjelju-6-ozujka-2016\/thumbs\/thumbs_DSC_3825.JPG\"\n               data-image-id=\"3307\"\n               data-title=\"DSC_3825\"\n               data-description=\"\"\n               data-image-slug=\"dsc_3825\"\n               class=\"shutterset_32544f72c555bd8f290055f432b9c095\">\n                <img\n                    title=\"DSC_3825\"\n                    alt=\"DSC_3825\"\n                    src=\"https:\/\/kontesadora.hr\/stara\/wp-content\/gallery\/koncert-u-hrvatskom-narodnom-kazalistu-u-osijeku-u-nedjelju-6-ozujka-2016\/thumbs\/thumbs_DSC_3825.JPG\"\n                    width=\"100\"\n                    height=\"75\"\n                    style=\"max-width:100%;\"\n                \/>\n            <\/a>\n        <\/div>\n\t\t\t\t\t\t\t<\/div> \n\t\t\t\n        \n\t\t\t\t<div id=\"ngg-image-7\" class=\"ngg-gallery-thumbnail-box\" >\n\t\t\t\t        <div class=\"ngg-gallery-thumbnail\">\n            <a href=\"https:\/\/kontesadora.hr\/stara\/wp-content\/gallery\/koncert-u-hrvatskom-narodnom-kazalistu-u-osijeku-u-nedjelju-6-ozujka-2016\/DSC_3810.JPG\"\n               title=\"\"\n               data-src=\"https:\/\/kontesadora.hr\/stara\/wp-content\/gallery\/koncert-u-hrvatskom-narodnom-kazalistu-u-osijeku-u-nedjelju-6-ozujka-2016\/DSC_3810.JPG\"\n               data-thumbnail=\"https:\/\/kontesadora.hr\/stara\/wp-content\/gallery\/koncert-u-hrvatskom-narodnom-kazalistu-u-osijeku-u-nedjelju-6-ozujka-2016\/thumbs\/thumbs_DSC_3810.JPG\"\n               data-image-id=\"3306\"\n               data-title=\"DSC_3810\"\n               data-description=\"\"\n               data-image-slug=\"dsc_3810\"\n               class=\"shutterset_32544f72c555bd8f290055f432b9c095\">\n                <img\n                    title=\"DSC_3810\"\n                    alt=\"DSC_3810\"\n                    src=\"https:\/\/kontesadora.hr\/stara\/wp-content\/gallery\/koncert-u-hrvatskom-narodnom-kazalistu-u-osijeku-u-nedjelju-6-ozujka-2016\/thumbs\/thumbs_DSC_3810.JPG\"\n                    width=\"100\"\n                    height=\"75\"\n                    style=\"max-width:100%;\"\n                \/>\n            <\/a>\n        <\/div>\n\t\t\t\t\t\t\t<\/div> \n\t\t\t\n        \n\t\t\t\t<div id=\"ngg-image-8\" class=\"ngg-gallery-thumbnail-box\" >\n\t\t\t\t        <div class=\"ngg-gallery-thumbnail\">\n            <a href=\"https:\/\/kontesadora.hr\/stara\/wp-content\/gallery\/koncert-u-hrvatskom-narodnom-kazalistu-u-osijeku-u-nedjelju-6-ozujka-2016\/DSC_3808.JPG\"\n               title=\"\"\n               data-src=\"https:\/\/kontesadora.hr\/stara\/wp-content\/gallery\/koncert-u-hrvatskom-narodnom-kazalistu-u-osijeku-u-nedjelju-6-ozujka-2016\/DSC_3808.JPG\"\n               data-thumbnail=\"https:\/\/kontesadora.hr\/stara\/wp-content\/gallery\/koncert-u-hrvatskom-narodnom-kazalistu-u-osijeku-u-nedjelju-6-ozujka-2016\/thumbs\/thumbs_DSC_3808.JPG\"\n               data-image-id=\"3305\"\n               data-title=\"DSC_3808\"\n               data-description=\"\"\n               data-image-slug=\"dsc_3808\"\n               class=\"shutterset_32544f72c555bd8f290055f432b9c095\">\n                <img\n                    title=\"DSC_3808\"\n                    alt=\"DSC_3808\"\n                    src=\"https:\/\/kontesadora.hr\/stara\/wp-content\/gallery\/koncert-u-hrvatskom-narodnom-kazalistu-u-osijeku-u-nedjelju-6-ozujka-2016\/thumbs\/thumbs_DSC_3808.JPG\"\n                    width=\"100\"\n                    height=\"75\"\n                    style=\"max-width:100%;\"\n                \/>\n            <\/a>\n        <\/div>\n\t\t\t\t\t\t\t<\/div> \n\t\t\t\n        \n\t\t\t\t<div id=\"ngg-image-9\" class=\"ngg-gallery-thumbnail-box\" >\n\t\t\t\t        <div class=\"ngg-gallery-thumbnail\">\n            <a href=\"https:\/\/kontesadora.hr\/stara\/wp-content\/gallery\/koncert-u-hrvatskom-narodnom-kazalistu-u-osijeku-u-nedjelju-6-ozujka-2016\/DSC_3805.JPG\"\n               title=\"\"\n               data-src=\"https:\/\/kontesadora.hr\/stara\/wp-content\/gallery\/koncert-u-hrvatskom-narodnom-kazalistu-u-osijeku-u-nedjelju-6-ozujka-2016\/DSC_3805.JPG\"\n               data-thumbnail=\"https:\/\/kontesadora.hr\/stara\/wp-content\/gallery\/koncert-u-hrvatskom-narodnom-kazalistu-u-osijeku-u-nedjelju-6-ozujka-2016\/thumbs\/thumbs_DSC_3805.JPG\"\n               data-image-id=\"3304\"\n               data-title=\"DSC_3805\"\n               data-description=\"\"\n               data-image-slug=\"dsc_3805\"\n               class=\"shutterset_32544f72c555bd8f290055f432b9c095\">\n                <img\n                    title=\"DSC_3805\"\n                    alt=\"DSC_3805\"\n                    src=\"https:\/\/kontesadora.hr\/stara\/wp-content\/gallery\/koncert-u-hrvatskom-narodnom-kazalistu-u-osijeku-u-nedjelju-6-ozujka-2016\/thumbs\/thumbs_DSC_3805.JPG\"\n                    width=\"100\"\n                    height=\"75\"\n                    style=\"max-width:100%;\"\n                \/>\n            <\/a>\n        <\/div>\n\t\t\t\t\t\t\t<\/div> \n\t\t\t\n        \n\t\t\t\t<div id=\"ngg-image-10\" class=\"ngg-gallery-thumbnail-box\" >\n\t\t\t\t        <div class=\"ngg-gallery-thumbnail\">\n            <a href=\"https:\/\/kontesadora.hr\/stara\/wp-content\/gallery\/koncert-u-hrvatskom-narodnom-kazalistu-u-osijeku-u-nedjelju-6-ozujka-2016\/DSC_3781.JPG\"\n               title=\"\"\n               data-src=\"https:\/\/kontesadora.hr\/stara\/wp-content\/gallery\/koncert-u-hrvatskom-narodnom-kazalistu-u-osijeku-u-nedjelju-6-ozujka-2016\/DSC_3781.JPG\"\n               data-thumbnail=\"https:\/\/kontesadora.hr\/stara\/wp-content\/gallery\/koncert-u-hrvatskom-narodnom-kazalistu-u-osijeku-u-nedjelju-6-ozujka-2016\/thumbs\/thumbs_DSC_3781.JPG\"\n               data-image-id=\"3303\"\n               data-title=\"DSC_3781\"\n               data-description=\"\"\n               data-image-slug=\"dsc_3781\"\n               class=\"shutterset_32544f72c555bd8f290055f432b9c095\">\n                <img\n                    title=\"DSC_3781\"\n                    alt=\"DSC_3781\"\n                    src=\"https:\/\/kontesadora.hr\/stara\/wp-content\/gallery\/koncert-u-hrvatskom-narodnom-kazalistu-u-osijeku-u-nedjelju-6-ozujka-2016\/thumbs\/thumbs_DSC_3781.JPG\"\n                    width=\"100\"\n                    height=\"75\"\n                    style=\"max-width:100%;\"\n                \/>\n            <\/a>\n        <\/div>\n\t\t\t\t\t\t\t<\/div> \n\t\t\t\n        \n\t\t\t\t<div id=\"ngg-image-11\" class=\"ngg-gallery-thumbnail-box\" >\n\t\t\t\t        <div class=\"ngg-gallery-thumbnail\">\n            <a href=\"https:\/\/kontesadora.hr\/stara\/wp-content\/gallery\/koncert-u-hrvatskom-narodnom-kazalistu-u-osijeku-u-nedjelju-6-ozujka-2016\/DSC_3778.JPG\"\n               title=\"\"\n               data-src=\"https:\/\/kontesadora.hr\/stara\/wp-content\/gallery\/koncert-u-hrvatskom-narodnom-kazalistu-u-osijeku-u-nedjelju-6-ozujka-2016\/DSC_3778.JPG\"\n               data-thumbnail=\"https:\/\/kontesadora.hr\/stara\/wp-content\/gallery\/koncert-u-hrvatskom-narodnom-kazalistu-u-osijeku-u-nedjelju-6-ozujka-2016\/thumbs\/thumbs_DSC_3778.JPG\"\n               data-image-id=\"3302\"\n               data-title=\"DSC_3778\"\n               data-description=\"\"\n               data-image-slug=\"dsc_3778\"\n               class=\"shutterset_32544f72c555bd8f290055f432b9c095\">\n                <img\n                    title=\"DSC_3778\"\n                    alt=\"DSC_3778\"\n                    src=\"https:\/\/kontesadora.hr\/stara\/wp-content\/gallery\/koncert-u-hrvatskom-narodnom-kazalistu-u-osijeku-u-nedjelju-6-ozujka-2016\/thumbs\/thumbs_DSC_3778.JPG\"\n                    width=\"100\"\n                    height=\"75\"\n                    style=\"max-width:100%;\"\n                \/>\n            <\/a>\n        <\/div>\n\t\t\t\t\t\t\t<\/div> \n\t\t\t\n        \n\t\t\t\t<div id=\"ngg-image-12\" class=\"ngg-gallery-thumbnail-box\" >\n\t\t\t\t        <div class=\"ngg-gallery-thumbnail\">\n            <a href=\"https:\/\/kontesadora.hr\/stara\/wp-content\/gallery\/koncert-u-hrvatskom-narodnom-kazalistu-u-osijeku-u-nedjelju-6-ozujka-2016\/DSC_3773.JPG\"\n               title=\"\"\n               data-src=\"https:\/\/kontesadora.hr\/stara\/wp-content\/gallery\/koncert-u-hrvatskom-narodnom-kazalistu-u-osijeku-u-nedjelju-6-ozujka-2016\/DSC_3773.JPG\"\n               data-thumbnail=\"https:\/\/kontesadora.hr\/stara\/wp-content\/gallery\/koncert-u-hrvatskom-narodnom-kazalistu-u-osijeku-u-nedjelju-6-ozujka-2016\/thumbs\/thumbs_DSC_3773.JPG\"\n               data-image-id=\"3301\"\n               data-title=\"DSC_3773\"\n               data-description=\"\"\n               data-image-slug=\"dsc_3773\"\n               class=\"shutterset_32544f72c555bd8f290055f432b9c095\">\n                <img\n                    title=\"DSC_3773\"\n                    alt=\"DSC_3773\"\n                    src=\"https:\/\/kontesadora.hr\/stara\/wp-content\/gallery\/koncert-u-hrvatskom-narodnom-kazalistu-u-osijeku-u-nedjelju-6-ozujka-2016\/thumbs\/thumbs_DSC_3773.JPG\"\n                    width=\"100\"\n                    height=\"75\"\n                    style=\"max-width:100%;\"\n                \/>\n            <\/a>\n        <\/div>\n\t\t\t\t\t\t\t<\/div> \n\t\t\t\n        \n\t\t\t\t<div id=\"ngg-image-13\" class=\"ngg-gallery-thumbnail-box\" >\n\t\t\t\t        <div class=\"ngg-gallery-thumbnail\">\n            <a href=\"https:\/\/kontesadora.hr\/stara\/wp-content\/gallery\/koncert-u-hrvatskom-narodnom-kazalistu-u-osijeku-u-nedjelju-6-ozujka-2016\/DSC_3767.JPG\"\n               title=\"\"\n               data-src=\"https:\/\/kontesadora.hr\/stara\/wp-content\/gallery\/koncert-u-hrvatskom-narodnom-kazalistu-u-osijeku-u-nedjelju-6-ozujka-2016\/DSC_3767.JPG\"\n               data-thumbnail=\"https:\/\/kontesadora.hr\/stara\/wp-content\/gallery\/koncert-u-hrvatskom-narodnom-kazalistu-u-osijeku-u-nedjelju-6-ozujka-2016\/thumbs\/thumbs_DSC_3767.JPG\"\n               data-image-id=\"3300\"\n               data-title=\"DSC_3767\"\n               data-description=\"\"\n               data-image-slug=\"dsc_3767\"\n               class=\"shutterset_32544f72c555bd8f290055f432b9c095\">\n                <img\n                    title=\"DSC_3767\"\n                    alt=\"DSC_3767\"\n                    src=\"https:\/\/kontesadora.hr\/stara\/wp-content\/gallery\/koncert-u-hrvatskom-narodnom-kazalistu-u-osijeku-u-nedjelju-6-ozujka-2016\/thumbs\/thumbs_DSC_3767.JPG\"\n                    width=\"100\"\n                    height=\"75\"\n                    style=\"max-width:100%;\"\n                \/>\n            <\/a>\n        <\/div>\n\t\t\t\t\t\t\t<\/div> \n\t\t\t\n        \n\t\t\t\t<div id=\"ngg-image-14\" class=\"ngg-gallery-thumbnail-box\" >\n\t\t\t\t        <div class=\"ngg-gallery-thumbnail\">\n            <a href=\"https:\/\/kontesadora.hr\/stara\/wp-content\/gallery\/koncert-u-hrvatskom-narodnom-kazalistu-u-osijeku-u-nedjelju-6-ozujka-2016\/DSC_3763.JPG\"\n               title=\"\"\n               data-src=\"https:\/\/kontesadora.hr\/stara\/wp-content\/gallery\/koncert-u-hrvatskom-narodnom-kazalistu-u-osijeku-u-nedjelju-6-ozujka-2016\/DSC_3763.JPG\"\n               data-thumbnail=\"https:\/\/kontesadora.hr\/stara\/wp-content\/gallery\/koncert-u-hrvatskom-narodnom-kazalistu-u-osijeku-u-nedjelju-6-ozujka-2016\/thumbs\/thumbs_DSC_3763.JPG\"\n               data-image-id=\"3299\"\n               data-title=\"DSC_3763\"\n               data-description=\"\"\n               data-image-slug=\"dsc_3763\"\n               class=\"shutterset_32544f72c555bd8f290055f432b9c095\">\n                <img\n                    title=\"DSC_3763\"\n                    alt=\"DSC_3763\"\n                    src=\"https:\/\/kontesadora.hr\/stara\/wp-content\/gallery\/koncert-u-hrvatskom-narodnom-kazalistu-u-osijeku-u-nedjelju-6-ozujka-2016\/thumbs\/thumbs_DSC_3763.JPG\"\n                    width=\"100\"\n                    height=\"75\"\n                    style=\"max-width:100%;\"\n                \/>\n            <\/a>\n        <\/div>\n\t\t\t\t\t\t\t<\/div> \n\t\t\t\n        \n\t\t\t\t<div id=\"ngg-image-15\" class=\"ngg-gallery-thumbnail-box\" >\n\t\t\t\t        <div class=\"ngg-gallery-thumbnail\">\n            <a href=\"https:\/\/kontesadora.hr\/stara\/wp-content\/gallery\/koncert-u-hrvatskom-narodnom-kazalistu-u-osijeku-u-nedjelju-6-ozujka-2016\/DSC_3749.JPG\"\n               title=\"\"\n               data-src=\"https:\/\/kontesadora.hr\/stara\/wp-content\/gallery\/koncert-u-hrvatskom-narodnom-kazalistu-u-osijeku-u-nedjelju-6-ozujka-2016\/DSC_3749.JPG\"\n               data-thumbnail=\"https:\/\/kontesadora.hr\/stara\/wp-content\/gallery\/koncert-u-hrvatskom-narodnom-kazalistu-u-osijeku-u-nedjelju-6-ozujka-2016\/thumbs\/thumbs_DSC_3749.JPG\"\n               data-image-id=\"3298\"\n               data-title=\"DSC_3749\"\n               data-description=\"\"\n               data-image-slug=\"dsc_3749\"\n               class=\"shutterset_32544f72c555bd8f290055f432b9c095\">\n                <img\n                    title=\"DSC_3749\"\n                    alt=\"DSC_3749\"\n                    src=\"https:\/\/kontesadora.hr\/stara\/wp-content\/gallery\/koncert-u-hrvatskom-narodnom-kazalistu-u-osijeku-u-nedjelju-6-ozujka-2016\/thumbs\/thumbs_DSC_3749.JPG\"\n                    width=\"100\"\n                    height=\"75\"\n                    style=\"max-width:100%;\"\n                \/>\n            <\/a>\n        <\/div>\n\t\t\t\t\t\t\t<\/div> \n\t\t\t\n        \n\t\t\t\t<div id=\"ngg-image-16\" class=\"ngg-gallery-thumbnail-box\" >\n\t\t\t\t        <div class=\"ngg-gallery-thumbnail\">\n            <a href=\"https:\/\/kontesadora.hr\/stara\/wp-content\/gallery\/koncert-u-hrvatskom-narodnom-kazalistu-u-osijeku-u-nedjelju-6-ozujka-2016\/DSC_3746.JPG\"\n               title=\"\"\n               data-src=\"https:\/\/kontesadora.hr\/stara\/wp-content\/gallery\/koncert-u-hrvatskom-narodnom-kazalistu-u-osijeku-u-nedjelju-6-ozujka-2016\/DSC_3746.JPG\"\n               data-thumbnail=\"https:\/\/kontesadora.hr\/stara\/wp-content\/gallery\/koncert-u-hrvatskom-narodnom-kazalistu-u-osijeku-u-nedjelju-6-ozujka-2016\/thumbs\/thumbs_DSC_3746.JPG\"\n               data-image-id=\"3297\"\n               data-title=\"DSC_3746\"\n               data-description=\"\"\n               data-image-slug=\"dsc_3746\"\n               class=\"shutterset_32544f72c555bd8f290055f432b9c095\">\n                <img\n                    title=\"DSC_3746\"\n                    alt=\"DSC_3746\"\n                    src=\"https:\/\/kontesadora.hr\/stara\/wp-content\/gallery\/koncert-u-hrvatskom-narodnom-kazalistu-u-osijeku-u-nedjelju-6-ozujka-2016\/thumbs\/thumbs_DSC_3746.JPG\"\n                    width=\"100\"\n                    height=\"75\"\n                    style=\"max-width:100%;\"\n                \/>\n            <\/a>\n        <\/div>\n\t\t\t\t\t\t\t<\/div> \n\t\t\t\n        \n\t\t\t\t<div id=\"ngg-image-17\" class=\"ngg-gallery-thumbnail-box\" >\n\t\t\t\t        <div class=\"ngg-gallery-thumbnail\">\n            <a href=\"https:\/\/kontesadora.hr\/stara\/wp-content\/gallery\/koncert-u-hrvatskom-narodnom-kazalistu-u-osijeku-u-nedjelju-6-ozujka-2016\/DSC_3718.JPG\"\n               title=\"\"\n               data-src=\"https:\/\/kontesadora.hr\/stara\/wp-content\/gallery\/koncert-u-hrvatskom-narodnom-kazalistu-u-osijeku-u-nedjelju-6-ozujka-2016\/DSC_3718.JPG\"\n               data-thumbnail=\"https:\/\/kontesadora.hr\/stara\/wp-content\/gallery\/koncert-u-hrvatskom-narodnom-kazalistu-u-osijeku-u-nedjelju-6-ozujka-2016\/thumbs\/thumbs_DSC_3718.JPG\"\n               data-image-id=\"3296\"\n               data-title=\"DSC_3718\"\n               data-description=\"\"\n               data-image-slug=\"dsc_3718\"\n               class=\"shutterset_32544f72c555bd8f290055f432b9c095\">\n                <img\n                    title=\"DSC_3718\"\n                    alt=\"DSC_3718\"\n                    src=\"https:\/\/kontesadora.hr\/stara\/wp-content\/gallery\/koncert-u-hrvatskom-narodnom-kazalistu-u-osijeku-u-nedjelju-6-ozujka-2016\/thumbs\/thumbs_DSC_3718.JPG\"\n                    width=\"100\"\n                    height=\"75\"\n                    style=\"max-width:100%;\"\n                \/>\n            <\/a>\n        <\/div>\n\t\t\t\t\t\t\t<\/div> \n\t\t\t\n        \n\t\t\t\t<div id=\"ngg-image-18\" class=\"ngg-gallery-thumbnail-box\" >\n\t\t\t\t        <div class=\"ngg-gallery-thumbnail\">\n            <a href=\"https:\/\/kontesadora.hr\/stara\/wp-content\/gallery\/koncert-u-hrvatskom-narodnom-kazalistu-u-osijeku-u-nedjelju-6-ozujka-2016\/DSC_3704.JPG\"\n               title=\"\"\n               data-src=\"https:\/\/kontesadora.hr\/stara\/wp-content\/gallery\/koncert-u-hrvatskom-narodnom-kazalistu-u-osijeku-u-nedjelju-6-ozujka-2016\/DSC_3704.JPG\"\n               data-thumbnail=\"https:\/\/kontesadora.hr\/stara\/wp-content\/gallery\/koncert-u-hrvatskom-narodnom-kazalistu-u-osijeku-u-nedjelju-6-ozujka-2016\/thumbs\/thumbs_DSC_3704.JPG\"\n               data-image-id=\"3295\"\n               data-title=\"DSC_3704\"\n               data-description=\"\"\n               data-image-slug=\"dsc_3704\"\n               class=\"shutterset_32544f72c555bd8f290055f432b9c095\">\n                <img\n                    title=\"DSC_3704\"\n                    alt=\"DSC_3704\"\n                    src=\"https:\/\/kontesadora.hr\/stara\/wp-content\/gallery\/koncert-u-hrvatskom-narodnom-kazalistu-u-osijeku-u-nedjelju-6-ozujka-2016\/thumbs\/thumbs_DSC_3704.JPG\"\n                    width=\"100\"\n                    height=\"75\"\n                    style=\"max-width:100%;\"\n                \/>\n            <\/a>\n        <\/div>\n\t\t\t\t\t\t\t<\/div> \n\t\t\t\n        \n\t\t\t\t<div id=\"ngg-image-19\" class=\"ngg-gallery-thumbnail-box\" >\n\t\t\t\t        <div class=\"ngg-gallery-thumbnail\">\n            <a href=\"https:\/\/kontesadora.hr\/stara\/wp-content\/gallery\/koncert-u-hrvatskom-narodnom-kazalistu-u-osijeku-u-nedjelju-6-ozujka-2016\/DSC_3702.JPG\"\n               title=\"\"\n               data-src=\"https:\/\/kontesadora.hr\/stara\/wp-content\/gallery\/koncert-u-hrvatskom-narodnom-kazalistu-u-osijeku-u-nedjelju-6-ozujka-2016\/DSC_3702.JPG\"\n               data-thumbnail=\"https:\/\/kontesadora.hr\/stara\/wp-content\/gallery\/koncert-u-hrvatskom-narodnom-kazalistu-u-osijeku-u-nedjelju-6-ozujka-2016\/thumbs\/thumbs_DSC_3702.JPG\"\n               data-image-id=\"3294\"\n               data-title=\"DSC_3702\"\n               data-description=\"\"\n               data-image-slug=\"dsc_3702\"\n               class=\"shutterset_32544f72c555bd8f290055f432b9c095\">\n                <img\n                    title=\"DSC_3702\"\n                    alt=\"DSC_3702\"\n                    src=\"https:\/\/kontesadora.hr\/stara\/wp-content\/gallery\/koncert-u-hrvatskom-narodnom-kazalistu-u-osijeku-u-nedjelju-6-ozujka-2016\/thumbs\/thumbs_DSC_3702.JPG\"\n                    width=\"100\"\n                    height=\"75\"\n                    style=\"max-width:100%;\"\n                \/>\n            <\/a>\n        <\/div>\n\t\t\t\t\t\t\t<\/div> \n\t\t\t\n        \n\t\t\n\t\t<!-- Pagination -->\n\t<div class='ngg-navigation'><span class='current'>1<\/span>\n<a class='page-numbers' data-pageid='2' href='https:\/\/kontesadora.hr\/stara\/galerija\/nggallery\/page\/2'>2<\/a>\n<a class='prev' href='https:\/\/kontesadora.hr\/stara\/galerija\/nggallery\/page\/2' data-pageid=2>&#9658;<\/a><\/div>\t<\/div>\n 6.03.2016., Koncert u Hrvatskom narodnom kazali\u0161tu u Osijeku u nedjelju, 6. o\u017eujka 2016.<\/p>\n<!-- index.php -->\n<div\n\tclass=\"ngg-galleryoverview ngg-ajax-pagination-none\"\n\tid=\"ngg-gallery-24780ffb1b793cd85f75dde2fdf48444-1\">\n\n    \t<div class=\"slideshowlink\">\n        <a href='https:\/\/kontesadora.hr\/stara\/galerija\/nggallery\/slideshow'>[Show as slideshow]<\/a>\n\t\t\n\t<\/div>\n\t\t\t<!-- Thumbnails -->\n\t\t\t\t<div id=\"ngg-image-0\" class=\"ngg-gallery-thumbnail-box\" >\n\t\t\t\t        <div class=\"ngg-gallery-thumbnail\">\n            <a href=\"https:\/\/kontesadora.hr\/stara\/wp-content\/gallery\/snimanje-lijepom-nasom-2015\/DSC_5692.JPG\"\n               title=\"\"\n               data-src=\"https:\/\/kontesadora.hr\/stara\/wp-content\/gallery\/snimanje-lijepom-nasom-2015\/DSC_5692.JPG\"\n               data-thumbnail=\"https:\/\/kontesadora.hr\/stara\/wp-content\/gallery\/snimanje-lijepom-nasom-2015\/thumbs\/thumbs_DSC_5692.JPG\"\n               data-image-id=\"3267\"\n               data-title=\"DSC_5692\"\n               data-description=\"\"\n               data-image-slug=\"dsc_5692\"\n               class=\"shutterset_24780ffb1b793cd85f75dde2fdf48444\">\n                <img\n                    title=\"DSC_5692\"\n                    alt=\"DSC_5692\"\n                    src=\"https:\/\/kontesadora.hr\/stara\/wp-content\/gallery\/snimanje-lijepom-nasom-2015\/thumbs\/thumbs_DSC_5692.JPG\"\n                    width=\"100\"\n                    height=\"75\"\n                    style=\"max-width:100%;\"\n                \/>\n            <\/a>\n        <\/div>\n\t\t\t\t\t\t\t<\/div> \n\t\t\t\n        \n\t\t\t\t<div id=\"ngg-image-1\" class=\"ngg-gallery-thumbnail-box\" >\n\t\t\t\t        <div class=\"ngg-gallery-thumbnail\">\n            <a href=\"https:\/\/kontesadora.hr\/stara\/wp-content\/gallery\/snimanje-lijepom-nasom-2015\/DSC_5691.JPG\"\n               title=\"\"\n               data-src=\"https:\/\/kontesadora.hr\/stara\/wp-content\/gallery\/snimanje-lijepom-nasom-2015\/DSC_5691.JPG\"\n               data-thumbnail=\"https:\/\/kontesadora.hr\/stara\/wp-content\/gallery\/snimanje-lijepom-nasom-2015\/thumbs\/thumbs_DSC_5691.JPG\"\n               data-image-id=\"3266\"\n               data-title=\"DSC_5691\"\n               data-description=\"\"\n               data-image-slug=\"dsc_5691\"\n               class=\"shutterset_24780ffb1b793cd85f75dde2fdf48444\">\n                <img\n                    title=\"DSC_5691\"\n                    alt=\"DSC_5691\"\n                    src=\"https:\/\/kontesadora.hr\/stara\/wp-content\/gallery\/snimanje-lijepom-nasom-2015\/thumbs\/thumbs_DSC_5691.JPG\"\n                    width=\"100\"\n                    height=\"75\"\n                    style=\"max-width:100%;\"\n                \/>\n            <\/a>\n        <\/div>\n\t\t\t\t\t\t\t<\/div> \n\t\t\t\n        \n\t\t\t\t<div id=\"ngg-image-2\" class=\"ngg-gallery-thumbnail-box\" >\n\t\t\t\t        <div class=\"ngg-gallery-thumbnail\">\n            <a href=\"https:\/\/kontesadora.hr\/stara\/wp-content\/gallery\/snimanje-lijepom-nasom-2015\/DSC_5690.JPG\"\n               title=\"\"\n               data-src=\"https:\/\/kontesadora.hr\/stara\/wp-content\/gallery\/snimanje-lijepom-nasom-2015\/DSC_5690.JPG\"\n               data-thumbnail=\"https:\/\/kontesadora.hr\/stara\/wp-content\/gallery\/snimanje-lijepom-nasom-2015\/thumbs\/thumbs_DSC_5690.JPG\"\n               data-image-id=\"3265\"\n               data-title=\"DSC_5690\"\n               data-description=\"\"\n               data-image-slug=\"dsc_5690\"\n               class=\"shutterset_24780ffb1b793cd85f75dde2fdf48444\">\n                <img\n                    title=\"DSC_5690\"\n                    alt=\"DSC_5690\"\n                    src=\"https:\/\/kontesadora.hr\/stara\/wp-content\/gallery\/snimanje-lijepom-nasom-2015\/thumbs\/thumbs_DSC_5690.JPG\"\n                    width=\"100\"\n                    height=\"75\"\n                    style=\"max-width:100%;\"\n                \/>\n            <\/a>\n        <\/div>\n\t\t\t\t\t\t\t<\/div> \n\t\t\t\n        \n\t\t\t\t<div id=\"ngg-image-3\" class=\"ngg-gallery-thumbnail-box\" >\n\t\t\t\t        <div class=\"ngg-gallery-thumbnail\">\n            <a href=\"https:\/\/kontesadora.hr\/stara\/wp-content\/gallery\/snimanje-lijepom-nasom-2015\/DSC_5689.JPG\"\n               title=\"\"\n               data-src=\"https:\/\/kontesadora.hr\/stara\/wp-content\/gallery\/snimanje-lijepom-nasom-2015\/DSC_5689.JPG\"\n               data-thumbnail=\"https:\/\/kontesadora.hr\/stara\/wp-content\/gallery\/snimanje-lijepom-nasom-2015\/thumbs\/thumbs_DSC_5689.JPG\"\n               data-image-id=\"3264\"\n               data-title=\"DSC_5689\"\n               data-description=\"\"\n               data-image-slug=\"dsc_5689\"\n               class=\"shutterset_24780ffb1b793cd85f75dde2fdf48444\">\n                <img\n                    title=\"DSC_5689\"\n                    alt=\"DSC_5689\"\n                    src=\"https:\/\/kontesadora.hr\/stara\/wp-content\/gallery\/snimanje-lijepom-nasom-2015\/thumbs\/thumbs_DSC_5689.JPG\"\n                    width=\"100\"\n                    height=\"75\"\n                    style=\"max-width:100%;\"\n                \/>\n            <\/a>\n        <\/div>\n\t\t\t\t\t\t\t<\/div> \n\t\t\t\n        \n\t\t\t\t<div id=\"ngg-image-4\" class=\"ngg-gallery-thumbnail-box\" >\n\t\t\t\t        <div class=\"ngg-gallery-thumbnail\">\n            <a href=\"https:\/\/kontesadora.hr\/stara\/wp-content\/gallery\/snimanje-lijepom-nasom-2015\/DSC_5688.JPG\"\n               title=\"\"\n               data-src=\"https:\/\/kontesadora.hr\/stara\/wp-content\/gallery\/snimanje-lijepom-nasom-2015\/DSC_5688.JPG\"\n               data-thumbnail=\"https:\/\/kontesadora.hr\/stara\/wp-content\/gallery\/snimanje-lijepom-nasom-2015\/thumbs\/thumbs_DSC_5688.JPG\"\n               data-image-id=\"3263\"\n               data-title=\"DSC_5688\"\n               data-description=\"\"\n               data-image-slug=\"dsc_5688\"\n               class=\"shutterset_24780ffb1b793cd85f75dde2fdf48444\">\n                <img\n                    title=\"DSC_5688\"\n                    alt=\"DSC_5688\"\n                    src=\"https:\/\/kontesadora.hr\/stara\/wp-content\/gallery\/snimanje-lijepom-nasom-2015\/thumbs\/thumbs_DSC_5688.JPG\"\n                    width=\"100\"\n                    height=\"75\"\n                    style=\"max-width:100%;\"\n                \/>\n            <\/a>\n        <\/div>\n\t\t\t\t\t\t\t<\/div> \n\t\t\t\n        \n\t\t\t\t<div id=\"ngg-image-5\" class=\"ngg-gallery-thumbnail-box\" >\n\t\t\t\t        <div class=\"ngg-gallery-thumbnail\">\n            <a href=\"https:\/\/kontesadora.hr\/stara\/wp-content\/gallery\/snimanje-lijepom-nasom-2015\/DSC_5687.JPG\"\n               title=\"\"\n               data-src=\"https:\/\/kontesadora.hr\/stara\/wp-content\/gallery\/snimanje-lijepom-nasom-2015\/DSC_5687.JPG\"\n               data-thumbnail=\"https:\/\/kontesadora.hr\/stara\/wp-content\/gallery\/snimanje-lijepom-nasom-2015\/thumbs\/thumbs_DSC_5687.JPG\"\n               data-image-id=\"3262\"\n               data-title=\"DSC_5687\"\n               data-description=\"\"\n               data-image-slug=\"dsc_5687\"\n               class=\"shutterset_24780ffb1b793cd85f75dde2fdf48444\">\n                <img\n                    title=\"DSC_5687\"\n                    alt=\"DSC_5687\"\n                    src=\"https:\/\/kontesadora.hr\/stara\/wp-content\/gallery\/snimanje-lijepom-nasom-2015\/thumbs\/thumbs_DSC_5687.JPG\"\n                    width=\"100\"\n                    height=\"75\"\n                    style=\"max-width:100%;\"\n                \/>\n            <\/a>\n        <\/div>\n\t\t\t\t\t\t\t<\/div> \n\t\t\t\n        \n\t\t\t\t<div id=\"ngg-image-6\" class=\"ngg-gallery-thumbnail-box\" >\n\t\t\t\t        <div class=\"ngg-gallery-thumbnail\">\n            <a href=\"https:\/\/kontesadora.hr\/stara\/wp-content\/gallery\/snimanje-lijepom-nasom-2015\/DSC_5686.JPG\"\n               title=\"\"\n               data-src=\"https:\/\/kontesadora.hr\/stara\/wp-content\/gallery\/snimanje-lijepom-nasom-2015\/DSC_5686.JPG\"\n               data-thumbnail=\"https:\/\/kontesadora.hr\/stara\/wp-content\/gallery\/snimanje-lijepom-nasom-2015\/thumbs\/thumbs_DSC_5686.JPG\"\n               data-image-id=\"3261\"\n               data-title=\"DSC_5686\"\n               data-description=\"\"\n               data-image-slug=\"dsc_5686\"\n               class=\"shutterset_24780ffb1b793cd85f75dde2fdf48444\">\n                <img\n                    title=\"DSC_5686\"\n                    alt=\"DSC_5686\"\n                    src=\"https:\/\/kontesadora.hr\/stara\/wp-content\/gallery\/snimanje-lijepom-nasom-2015\/thumbs\/thumbs_DSC_5686.JPG\"\n                    width=\"100\"\n                    height=\"75\"\n                    style=\"max-width:100%;\"\n                \/>\n            <\/a>\n        <\/div>\n\t\t\t\t\t\t\t<\/div> \n\t\t\t\n        \n\t\t\t\t<div id=\"ngg-image-7\" class=\"ngg-gallery-thumbnail-box\" >\n\t\t\t\t        <div class=\"ngg-gallery-thumbnail\">\n            <a href=\"https:\/\/kontesadora.hr\/stara\/wp-content\/gallery\/snimanje-lijepom-nasom-2015\/DSC_5685.JPG\"\n               title=\"\"\n               data-src=\"https:\/\/kontesadora.hr\/stara\/wp-content\/gallery\/snimanje-lijepom-nasom-2015\/DSC_5685.JPG\"\n               data-thumbnail=\"https:\/\/kontesadora.hr\/stara\/wp-content\/gallery\/snimanje-lijepom-nasom-2015\/thumbs\/thumbs_DSC_5685.JPG\"\n               data-image-id=\"3260\"\n               data-title=\"DSC_5685\"\n               data-description=\"\"\n               data-image-slug=\"dsc_5685\"\n               class=\"shutterset_24780ffb1b793cd85f75dde2fdf48444\">\n                <img\n                    title=\"DSC_5685\"\n                    alt=\"DSC_5685\"\n                    src=\"https:\/\/kontesadora.hr\/stara\/wp-content\/gallery\/snimanje-lijepom-nasom-2015\/thumbs\/thumbs_DSC_5685.JPG\"\n                    width=\"100\"\n                    height=\"75\"\n                    style=\"max-width:100%;\"\n                \/>\n            <\/a>\n        <\/div>\n\t\t\t\t\t\t\t<\/div> \n\t\t\t\n        \n\t\t\t\t<div id=\"ngg-image-8\" class=\"ngg-gallery-thumbnail-box\" >\n\t\t\t\t        <div class=\"ngg-gallery-thumbnail\">\n            <a href=\"https:\/\/kontesadora.hr\/stara\/wp-content\/gallery\/snimanje-lijepom-nasom-2015\/DSC_5684.JPG\"\n               title=\"\"\n               data-src=\"https:\/\/kontesadora.hr\/stara\/wp-content\/gallery\/snimanje-lijepom-nasom-2015\/DSC_5684.JPG\"\n               data-thumbnail=\"https:\/\/kontesadora.hr\/stara\/wp-content\/gallery\/snimanje-lijepom-nasom-2015\/thumbs\/thumbs_DSC_5684.JPG\"\n               data-image-id=\"3259\"\n               data-title=\"DSC_5684\"\n               data-description=\"\"\n               data-image-slug=\"dsc_5684\"\n               class=\"shutterset_24780ffb1b793cd85f75dde2fdf48444\">\n                <img\n                    title=\"DSC_5684\"\n                    alt=\"DSC_5684\"\n                    src=\"https:\/\/kontesadora.hr\/stara\/wp-content\/gallery\/snimanje-lijepom-nasom-2015\/thumbs\/thumbs_DSC_5684.JPG\"\n                    width=\"100\"\n                    height=\"75\"\n                    style=\"max-width:100%;\"\n                \/>\n            <\/a>\n        <\/div>\n\t\t\t\t\t\t\t<\/div> \n\t\t\t\n        \n\t\t\t\t<div id=\"ngg-image-9\" class=\"ngg-gallery-thumbnail-box\" >\n\t\t\t\t        <div class=\"ngg-gallery-thumbnail\">\n            <a href=\"https:\/\/kontesadora.hr\/stara\/wp-content\/gallery\/snimanje-lijepom-nasom-2015\/DSC_5683.JPG\"\n               title=\"\"\n               data-src=\"https:\/\/kontesadora.hr\/stara\/wp-content\/gallery\/snimanje-lijepom-nasom-2015\/DSC_5683.JPG\"\n               data-thumbnail=\"https:\/\/kontesadora.hr\/stara\/wp-content\/gallery\/snimanje-lijepom-nasom-2015\/thumbs\/thumbs_DSC_5683.JPG\"\n               data-image-id=\"3258\"\n               data-title=\"DSC_5683\"\n               data-description=\"\"\n               data-image-slug=\"dsc_5683\"\n               class=\"shutterset_24780ffb1b793cd85f75dde2fdf48444\">\n                <img\n                    title=\"DSC_5683\"\n                    alt=\"DSC_5683\"\n                    src=\"https:\/\/kontesadora.hr\/stara\/wp-content\/gallery\/snimanje-lijepom-nasom-2015\/thumbs\/thumbs_DSC_5683.JPG\"\n                    width=\"100\"\n                    height=\"75\"\n                    style=\"max-width:100%;\"\n                \/>\n            <\/a>\n        <\/div>\n\t\t\t\t\t\t\t<\/div> \n\t\t\t\n        \n\t\t\t\t<div id=\"ngg-image-10\" class=\"ngg-gallery-thumbnail-box\" >\n\t\t\t\t        <div class=\"ngg-gallery-thumbnail\">\n            <a href=\"https:\/\/kontesadora.hr\/stara\/wp-content\/gallery\/snimanje-lijepom-nasom-2015\/DSC_5682.JPG\"\n               title=\"\"\n               data-src=\"https:\/\/kontesadora.hr\/stara\/wp-content\/gallery\/snimanje-lijepom-nasom-2015\/DSC_5682.JPG\"\n               data-thumbnail=\"https:\/\/kontesadora.hr\/stara\/wp-content\/gallery\/snimanje-lijepom-nasom-2015\/thumbs\/thumbs_DSC_5682.JPG\"\n               data-image-id=\"3257\"\n               data-title=\"DSC_5682\"\n               data-description=\"\"\n               data-image-slug=\"dsc_5682\"\n               class=\"shutterset_24780ffb1b793cd85f75dde2fdf48444\">\n                <img\n                    title=\"DSC_5682\"\n                    alt=\"DSC_5682\"\n                    src=\"https:\/\/kontesadora.hr\/stara\/wp-content\/gallery\/snimanje-lijepom-nasom-2015\/thumbs\/thumbs_DSC_5682.JPG\"\n                    width=\"100\"\n                    height=\"75\"\n                    style=\"max-width:100%;\"\n                \/>\n            <\/a>\n        <\/div>\n\t\t\t\t\t\t\t<\/div> \n\t\t\t\n        \n\t\t\t\t<div id=\"ngg-image-11\" class=\"ngg-gallery-thumbnail-box\" >\n\t\t\t\t        <div class=\"ngg-gallery-thumbnail\">\n            <a href=\"https:\/\/kontesadora.hr\/stara\/wp-content\/gallery\/snimanje-lijepom-nasom-2015\/DSC_5681.JPG\"\n               title=\"\"\n               data-src=\"https:\/\/kontesadora.hr\/stara\/wp-content\/gallery\/snimanje-lijepom-nasom-2015\/DSC_5681.JPG\"\n               data-thumbnail=\"https:\/\/kontesadora.hr\/stara\/wp-content\/gallery\/snimanje-lijepom-nasom-2015\/thumbs\/thumbs_DSC_5681.JPG\"\n               data-image-id=\"3256\"\n               data-title=\"DSC_5681\"\n               data-description=\"\"\n               data-image-slug=\"dsc_5681\"\n               class=\"shutterset_24780ffb1b793cd85f75dde2fdf48444\">\n                <img\n                    title=\"DSC_5681\"\n                    alt=\"DSC_5681\"\n                    src=\"https:\/\/kontesadora.hr\/stara\/wp-content\/gallery\/snimanje-lijepom-nasom-2015\/thumbs\/thumbs_DSC_5681.JPG\"\n                    width=\"100\"\n                    height=\"75\"\n                    style=\"max-width:100%;\"\n                \/>\n            <\/a>\n        <\/div>\n\t\t\t\t\t\t\t<\/div> \n\t\t\t\n        \n\t\t\t\t<div id=\"ngg-image-12\" class=\"ngg-gallery-thumbnail-box\" >\n\t\t\t\t        <div class=\"ngg-gallery-thumbnail\">\n            <a href=\"https:\/\/kontesadora.hr\/stara\/wp-content\/gallery\/snimanje-lijepom-nasom-2015\/DSC_0496.JPG\"\n               title=\"\"\n               data-src=\"https:\/\/kontesadora.hr\/stara\/wp-content\/gallery\/snimanje-lijepom-nasom-2015\/DSC_0496.JPG\"\n               data-thumbnail=\"https:\/\/kontesadora.hr\/stara\/wp-content\/gallery\/snimanje-lijepom-nasom-2015\/thumbs\/thumbs_DSC_0496.JPG\"\n               data-image-id=\"3255\"\n               data-title=\"DSC_0496\"\n               data-description=\"\"\n               data-image-slug=\"dsc_0496\"\n               class=\"shutterset_24780ffb1b793cd85f75dde2fdf48444\">\n                <img\n                    title=\"DSC_0496\"\n                    alt=\"DSC_0496\"\n                    src=\"https:\/\/kontesadora.hr\/stara\/wp-content\/gallery\/snimanje-lijepom-nasom-2015\/thumbs\/thumbs_DSC_0496.JPG\"\n                    width=\"100\"\n                    height=\"75\"\n                    style=\"max-width:100%;\"\n                \/>\n            <\/a>\n        <\/div>\n\t\t\t\t\t\t\t<\/div> \n\t\t\t\n        \n\t\t\t\t<div id=\"ngg-image-13\" class=\"ngg-gallery-thumbnail-box\" >\n\t\t\t\t        <div class=\"ngg-gallery-thumbnail\">\n            <a href=\"https:\/\/kontesadora.hr\/stara\/wp-content\/gallery\/snimanje-lijepom-nasom-2015\/DSC_0493.JPG\"\n               title=\"\"\n               data-src=\"https:\/\/kontesadora.hr\/stara\/wp-content\/gallery\/snimanje-lijepom-nasom-2015\/DSC_0493.JPG\"\n               data-thumbnail=\"https:\/\/kontesadora.hr\/stara\/wp-content\/gallery\/snimanje-lijepom-nasom-2015\/thumbs\/thumbs_DSC_0493.JPG\"\n               data-image-id=\"3254\"\n               data-title=\"DSC_0493\"\n               data-description=\"\"\n               data-image-slug=\"dsc_0493\"\n               class=\"shutterset_24780ffb1b793cd85f75dde2fdf48444\">\n                <img\n                    title=\"DSC_0493\"\n                    alt=\"DSC_0493\"\n                    src=\"https:\/\/kontesadora.hr\/stara\/wp-content\/gallery\/snimanje-lijepom-nasom-2015\/thumbs\/thumbs_DSC_0493.JPG\"\n                    width=\"100\"\n                    height=\"75\"\n                    style=\"max-width:100%;\"\n                \/>\n            <\/a>\n        <\/div>\n\t\t\t\t\t\t\t<\/div> \n\t\t\t\n        \n\t\t\n\t\t<!-- Pagination -->\n\t<div class='ngg-clear'><\/div>\t<\/div>\n 21.10.2015., Snimanje emisije Lijepom na\u0161om 2015.<\/p>\n<!-- index.php -->\n<div\n\tclass=\"ngg-galleryoverview ngg-ajax-pagination-none\"\n\tid=\"ngg-gallery-4aaaff7725278e00623d12794dcefe05-1\">\n\n    \t<div class=\"slideshowlink\">\n        <a href='https:\/\/kontesadora.hr\/stara\/galerija\/nggallery\/slideshow'>[Show as slideshow]<\/a>\n\t\t\n\t<\/div>\n\t\t\t<!-- Thumbnails -->\n\t\t\t\t<div id=\"ngg-image-0\" class=\"ngg-gallery-thumbnail-box\" >\n\t\t\t\t        <div class=\"ngg-gallery-thumbnail\">\n            <a href=\"https:\/\/kontesadora.hr\/stara\/wp-content\/gallery\/drzavno-natjecanje-u-primostenu-2015\/DSC01079.JPG\"\n               title=\"\"\n               data-src=\"https:\/\/kontesadora.hr\/stara\/wp-content\/gallery\/drzavno-natjecanje-u-primostenu-2015\/DSC01079.JPG\"\n               data-thumbnail=\"https:\/\/kontesadora.hr\/stara\/wp-content\/gallery\/drzavno-natjecanje-u-primostenu-2015\/thumbs\/thumbs_DSC01079.JPG\"\n               data-image-id=\"3250\"\n               data-title=\"DSC01079.JPG\"\n               data-description=\"\"\n               data-image-slug=\"dsc01079-jpg\"\n               class=\"shutterset_4aaaff7725278e00623d12794dcefe05\">\n                <img\n                    title=\"DSC01079.JPG\"\n                    alt=\"DSC01079.JPG\"\n                    src=\"https:\/\/kontesadora.hr\/stara\/wp-content\/gallery\/drzavno-natjecanje-u-primostenu-2015\/thumbs\/thumbs_DSC01079.JPG\"\n                    width=\"100\"\n                    height=\"75\"\n                    style=\"max-width:100%;\"\n                \/>\n            <\/a>\n        <\/div>\n\t\t\t\t\t\t\t<\/div> \n\t\t\t\n        \n\t\t\t\t<div id=\"ngg-image-1\" class=\"ngg-gallery-thumbnail-box\" >\n\t\t\t\t        <div class=\"ngg-gallery-thumbnail\">\n            <a href=\"https:\/\/kontesadora.hr\/stara\/wp-content\/gallery\/drzavno-natjecanje-u-primostenu-2015\/DSC01078.JPG\"\n               title=\"\"\n               data-src=\"https:\/\/kontesadora.hr\/stara\/wp-content\/gallery\/drzavno-natjecanje-u-primostenu-2015\/DSC01078.JPG\"\n               data-thumbnail=\"https:\/\/kontesadora.hr\/stara\/wp-content\/gallery\/drzavno-natjecanje-u-primostenu-2015\/thumbs\/thumbs_DSC01078.JPG\"\n               data-image-id=\"3249\"\n               data-title=\"DSC01078.JPG\"\n               data-description=\"\"\n               data-image-slug=\"dsc01078-jpg\"\n               class=\"shutterset_4aaaff7725278e00623d12794dcefe05\">\n                <img\n                    title=\"DSC01078.JPG\"\n                    alt=\"DSC01078.JPG\"\n                    src=\"https:\/\/kontesadora.hr\/stara\/wp-content\/gallery\/drzavno-natjecanje-u-primostenu-2015\/thumbs\/thumbs_DSC01078.JPG\"\n                    width=\"100\"\n                    height=\"75\"\n                    style=\"max-width:100%;\"\n                \/>\n            <\/a>\n        <\/div>\n\t\t\t\t\t\t\t<\/div> \n\t\t\t\n        \n\t\t\t\t<div id=\"ngg-image-2\" class=\"ngg-gallery-thumbnail-box\" >\n\t\t\t\t        <div class=\"ngg-gallery-thumbnail\">\n            <a href=\"https:\/\/kontesadora.hr\/stara\/wp-content\/gallery\/drzavno-natjecanje-u-primostenu-2015\/DSC01077.JPG\"\n               title=\"\"\n               data-src=\"https:\/\/kontesadora.hr\/stara\/wp-content\/gallery\/drzavno-natjecanje-u-primostenu-2015\/DSC01077.JPG\"\n               data-thumbnail=\"https:\/\/kontesadora.hr\/stara\/wp-content\/gallery\/drzavno-natjecanje-u-primostenu-2015\/thumbs\/thumbs_DSC01077.JPG\"\n               data-image-id=\"3248\"\n               data-title=\"DSC01077.JPG\"\n               data-description=\"\"\n               data-image-slug=\"dsc01077-jpg\"\n               class=\"shutterset_4aaaff7725278e00623d12794dcefe05\">\n                <img\n                    title=\"DSC01077.JPG\"\n                    alt=\"DSC01077.JPG\"\n                    src=\"https:\/\/kontesadora.hr\/stara\/wp-content\/gallery\/drzavno-natjecanje-u-primostenu-2015\/thumbs\/thumbs_DSC01077.JPG\"\n                    width=\"100\"\n                    height=\"75\"\n                    style=\"max-width:100%;\"\n                \/>\n            <\/a>\n        <\/div>\n\t\t\t\t\t\t\t<\/div> \n\t\t\t\n        \n\t\t\t\t<div id=\"ngg-image-3\" class=\"ngg-gallery-thumbnail-box\" >\n\t\t\t\t        <div class=\"ngg-gallery-thumbnail\">\n            <a href=\"https:\/\/kontesadora.hr\/stara\/wp-content\/gallery\/drzavno-natjecanje-u-primostenu-2015\/DSC01076.JPG\"\n               title=\"\"\n               data-src=\"https:\/\/kontesadora.hr\/stara\/wp-content\/gallery\/drzavno-natjecanje-u-primostenu-2015\/DSC01076.JPG\"\n               data-thumbnail=\"https:\/\/kontesadora.hr\/stara\/wp-content\/gallery\/drzavno-natjecanje-u-primostenu-2015\/thumbs\/thumbs_DSC01076.JPG\"\n               data-image-id=\"3247\"\n               data-title=\"DSC01076.JPG\"\n               data-description=\"\"\n               data-image-slug=\"dsc01076-jpg\"\n               class=\"shutterset_4aaaff7725278e00623d12794dcefe05\">\n                <img\n                    title=\"DSC01076.JPG\"\n                    alt=\"DSC01076.JPG\"\n                    src=\"https:\/\/kontesadora.hr\/stara\/wp-content\/gallery\/drzavno-natjecanje-u-primostenu-2015\/thumbs\/thumbs_DSC01076.JPG\"\n                    width=\"100\"\n                    height=\"75\"\n                    style=\"max-width:100%;\"\n                \/>\n            <\/a>\n        <\/div>\n\t\t\t\t\t\t\t<\/div> \n\t\t\t\n        \n\t\t\t\t<div id=\"ngg-image-4\" class=\"ngg-gallery-thumbnail-box\" >\n\t\t\t\t        <div class=\"ngg-gallery-thumbnail\">\n            <a href=\"https:\/\/kontesadora.hr\/stara\/wp-content\/gallery\/drzavno-natjecanje-u-primostenu-2015\/DSC01075.JPG\"\n               title=\"\"\n               data-src=\"https:\/\/kontesadora.hr\/stara\/wp-content\/gallery\/drzavno-natjecanje-u-primostenu-2015\/DSC01075.JPG\"\n               data-thumbnail=\"https:\/\/kontesadora.hr\/stara\/wp-content\/gallery\/drzavno-natjecanje-u-primostenu-2015\/thumbs\/thumbs_DSC01075.JPG\"\n               data-image-id=\"3246\"\n               data-title=\"DSC01075.JPG\"\n               data-description=\"\"\n               data-image-slug=\"dsc01075-jpg\"\n               class=\"shutterset_4aaaff7725278e00623d12794dcefe05\">\n                <img\n                    title=\"DSC01075.JPG\"\n                    alt=\"DSC01075.JPG\"\n                    src=\"https:\/\/kontesadora.hr\/stara\/wp-content\/gallery\/drzavno-natjecanje-u-primostenu-2015\/thumbs\/thumbs_DSC01075.JPG\"\n                    width=\"100\"\n                    height=\"75\"\n                    style=\"max-width:100%;\"\n                \/>\n            <\/a>\n        <\/div>\n\t\t\t\t\t\t\t<\/div> \n\t\t\t\n        \n\t\t\t\t<div id=\"ngg-image-5\" class=\"ngg-gallery-thumbnail-box\" >\n\t\t\t\t        <div class=\"ngg-gallery-thumbnail\">\n            <a href=\"https:\/\/kontesadora.hr\/stara\/wp-content\/gallery\/drzavno-natjecanje-u-primostenu-2015\/DSC01074.JPG\"\n               title=\"\"\n               data-src=\"https:\/\/kontesadora.hr\/stara\/wp-content\/gallery\/drzavno-natjecanje-u-primostenu-2015\/DSC01074.JPG\"\n               data-thumbnail=\"https:\/\/kontesadora.hr\/stara\/wp-content\/gallery\/drzavno-natjecanje-u-primostenu-2015\/thumbs\/thumbs_DSC01074.JPG\"\n               data-image-id=\"3245\"\n               data-title=\"DSC01074.JPG\"\n               data-description=\"\"\n               data-image-slug=\"dsc01074-jpg\"\n               class=\"shutterset_4aaaff7725278e00623d12794dcefe05\">\n                <img\n                    title=\"DSC01074.JPG\"\n                    alt=\"DSC01074.JPG\"\n                    src=\"https:\/\/kontesadora.hr\/stara\/wp-content\/gallery\/drzavno-natjecanje-u-primostenu-2015\/thumbs\/thumbs_DSC01074.JPG\"\n                    width=\"100\"\n                    height=\"75\"\n                    style=\"max-width:100%;\"\n                \/>\n            <\/a>\n        <\/div>\n\t\t\t\t\t\t\t<\/div> \n\t\t\t\n        \n\t\t\t\t<div id=\"ngg-image-6\" class=\"ngg-gallery-thumbnail-box\" >\n\t\t\t\t        <div class=\"ngg-gallery-thumbnail\">\n            <a href=\"https:\/\/kontesadora.hr\/stara\/wp-content\/gallery\/drzavno-natjecanje-u-primostenu-2015\/DSC01073.JPG\"\n               title=\"\"\n               data-src=\"https:\/\/kontesadora.hr\/stara\/wp-content\/gallery\/drzavno-natjecanje-u-primostenu-2015\/DSC01073.JPG\"\n               data-thumbnail=\"https:\/\/kontesadora.hr\/stara\/wp-content\/gallery\/drzavno-natjecanje-u-primostenu-2015\/thumbs\/thumbs_DSC01073.JPG\"\n               data-image-id=\"3244\"\n               data-title=\"DSC01073.JPG\"\n               data-description=\"\"\n               data-image-slug=\"dsc01073-jpg\"\n               class=\"shutterset_4aaaff7725278e00623d12794dcefe05\">\n                <img\n                    title=\"DSC01073.JPG\"\n                    alt=\"DSC01073.JPG\"\n                    src=\"https:\/\/kontesadora.hr\/stara\/wp-content\/gallery\/drzavno-natjecanje-u-primostenu-2015\/thumbs\/thumbs_DSC01073.JPG\"\n                    width=\"100\"\n                    height=\"75\"\n                    style=\"max-width:100%;\"\n                \/>\n            <\/a>\n        <\/div>\n\t\t\t\t\t\t\t<\/div> \n\t\t\t\n        \n\t\t\t\t<div id=\"ngg-image-7\" class=\"ngg-gallery-thumbnail-box\" >\n\t\t\t\t        <div class=\"ngg-gallery-thumbnail\">\n            <a href=\"https:\/\/kontesadora.hr\/stara\/wp-content\/gallery\/drzavno-natjecanje-u-primostenu-2015\/DSC01072.JPG\"\n               title=\"\"\n               data-src=\"https:\/\/kontesadora.hr\/stara\/wp-content\/gallery\/drzavno-natjecanje-u-primostenu-2015\/DSC01072.JPG\"\n               data-thumbnail=\"https:\/\/kontesadora.hr\/stara\/wp-content\/gallery\/drzavno-natjecanje-u-primostenu-2015\/thumbs\/thumbs_DSC01072.JPG\"\n               data-image-id=\"3243\"\n               data-title=\"DSC01072.JPG\"\n               data-description=\"\"\n               data-image-slug=\"dsc01072-jpg\"\n               class=\"shutterset_4aaaff7725278e00623d12794dcefe05\">\n                <img\n                    title=\"DSC01072.JPG\"\n                    alt=\"DSC01072.JPG\"\n                    src=\"https:\/\/kontesadora.hr\/stara\/wp-content\/gallery\/drzavno-natjecanje-u-primostenu-2015\/thumbs\/thumbs_DSC01072.JPG\"\n                    width=\"100\"\n                    height=\"75\"\n                    style=\"max-width:100%;\"\n                \/>\n            <\/a>\n        <\/div>\n\t\t\t\t\t\t\t<\/div> \n\t\t\t\n        \n\t\t\t\t<div id=\"ngg-image-8\" class=\"ngg-gallery-thumbnail-box\" >\n\t\t\t\t        <div class=\"ngg-gallery-thumbnail\">\n            <a href=\"https:\/\/kontesadora.hr\/stara\/wp-content\/gallery\/drzavno-natjecanje-u-primostenu-2015\/DSC01071.JPG\"\n               title=\"\"\n               data-src=\"https:\/\/kontesadora.hr\/stara\/wp-content\/gallery\/drzavno-natjecanje-u-primostenu-2015\/DSC01071.JPG\"\n               data-thumbnail=\"https:\/\/kontesadora.hr\/stara\/wp-content\/gallery\/drzavno-natjecanje-u-primostenu-2015\/thumbs\/thumbs_DSC01071.JPG\"\n               data-image-id=\"3242\"\n               data-title=\"DSC01071.JPG\"\n               data-description=\"\"\n               data-image-slug=\"dsc01071-jpg\"\n               class=\"shutterset_4aaaff7725278e00623d12794dcefe05\">\n                <img\n                    title=\"DSC01071.JPG\"\n                    alt=\"DSC01071.JPG\"\n                    src=\"https:\/\/kontesadora.hr\/stara\/wp-content\/gallery\/drzavno-natjecanje-u-primostenu-2015\/thumbs\/thumbs_DSC01071.JPG\"\n                    width=\"100\"\n                    height=\"75\"\n                    style=\"max-width:100%;\"\n                \/>\n            <\/a>\n        <\/div>\n\t\t\t\t\t\t\t<\/div> \n\t\t\t\n        \n\t\t\t\t<div id=\"ngg-image-9\" class=\"ngg-gallery-thumbnail-box\" >\n\t\t\t\t        <div class=\"ngg-gallery-thumbnail\">\n            <a href=\"https:\/\/kontesadora.hr\/stara\/wp-content\/gallery\/drzavno-natjecanje-u-primostenu-2015\/DSC01070.JPG\"\n               title=\"\"\n               data-src=\"https:\/\/kontesadora.hr\/stara\/wp-content\/gallery\/drzavno-natjecanje-u-primostenu-2015\/DSC01070.JPG\"\n               data-thumbnail=\"https:\/\/kontesadora.hr\/stara\/wp-content\/gallery\/drzavno-natjecanje-u-primostenu-2015\/thumbs\/thumbs_DSC01070.JPG\"\n               data-image-id=\"3241\"\n               data-title=\"DSC01070.JPG\"\n               data-description=\"\"\n               data-image-slug=\"dsc01070-jpg\"\n               class=\"shutterset_4aaaff7725278e00623d12794dcefe05\">\n                <img\n                    title=\"DSC01070.JPG\"\n                    alt=\"DSC01070.JPG\"\n                    src=\"https:\/\/kontesadora.hr\/stara\/wp-content\/gallery\/drzavno-natjecanje-u-primostenu-2015\/thumbs\/thumbs_DSC01070.JPG\"\n                    width=\"100\"\n                    height=\"75\"\n                    style=\"max-width:100%;\"\n                \/>\n            <\/a>\n        <\/div>\n\t\t\t\t\t\t\t<\/div> \n\t\t\t\n        \n\t\t\t\t<div id=\"ngg-image-10\" class=\"ngg-gallery-thumbnail-box\" >\n\t\t\t\t        <div class=\"ngg-gallery-thumbnail\">\n            <a href=\"https:\/\/kontesadora.hr\/stara\/wp-content\/gallery\/drzavno-natjecanje-u-primostenu-2015\/DSC01069.JPG\"\n               title=\"\"\n               data-src=\"https:\/\/kontesadora.hr\/stara\/wp-content\/gallery\/drzavno-natjecanje-u-primostenu-2015\/DSC01069.JPG\"\n               data-thumbnail=\"https:\/\/kontesadora.hr\/stara\/wp-content\/gallery\/drzavno-natjecanje-u-primostenu-2015\/thumbs\/thumbs_DSC01069.JPG\"\n               data-image-id=\"3240\"\n               data-title=\"DSC01069.JPG\"\n               data-description=\"\"\n               data-image-slug=\"dsc01069-jpg\"\n               class=\"shutterset_4aaaff7725278e00623d12794dcefe05\">\n                <img\n                    title=\"DSC01069.JPG\"\n                    alt=\"DSC01069.JPG\"\n                    src=\"https:\/\/kontesadora.hr\/stara\/wp-content\/gallery\/drzavno-natjecanje-u-primostenu-2015\/thumbs\/thumbs_DSC01069.JPG\"\n                    width=\"100\"\n                    height=\"75\"\n                    style=\"max-width:100%;\"\n                \/>\n            <\/a>\n        <\/div>\n\t\t\t\t\t\t\t<\/div> \n\t\t\t\n        \n\t\t\t\t<div id=\"ngg-image-11\" class=\"ngg-gallery-thumbnail-box\" >\n\t\t\t\t        <div class=\"ngg-gallery-thumbnail\">\n            <a href=\"https:\/\/kontesadora.hr\/stara\/wp-content\/gallery\/drzavno-natjecanje-u-primostenu-2015\/DSC01068.JPG\"\n               title=\"\"\n               data-src=\"https:\/\/kontesadora.hr\/stara\/wp-content\/gallery\/drzavno-natjecanje-u-primostenu-2015\/DSC01068.JPG\"\n               data-thumbnail=\"https:\/\/kontesadora.hr\/stara\/wp-content\/gallery\/drzavno-natjecanje-u-primostenu-2015\/thumbs\/thumbs_DSC01068.JPG\"\n               data-image-id=\"3239\"\n               data-title=\"DSC01068.JPG\"\n               data-description=\"\"\n               data-image-slug=\"dsc01068-jpg\"\n               class=\"shutterset_4aaaff7725278e00623d12794dcefe05\">\n                <img\n                    title=\"DSC01068.JPG\"\n                    alt=\"DSC01068.JPG\"\n                    src=\"https:\/\/kontesadora.hr\/stara\/wp-content\/gallery\/drzavno-natjecanje-u-primostenu-2015\/thumbs\/thumbs_DSC01068.JPG\"\n                    width=\"100\"\n                    height=\"75\"\n                    style=\"max-width:100%;\"\n                \/>\n            <\/a>\n        <\/div>\n\t\t\t\t\t\t\t<\/div> \n\t\t\t\n        \n\t\t\t\t<div id=\"ngg-image-12\" class=\"ngg-gallery-thumbnail-box\" >\n\t\t\t\t        <div class=\"ngg-gallery-thumbnail\">\n            <a href=\"https:\/\/kontesadora.hr\/stara\/wp-content\/gallery\/drzavno-natjecanje-u-primostenu-2015\/DSC01067.JPG\"\n               title=\"\"\n               data-src=\"https:\/\/kontesadora.hr\/stara\/wp-content\/gallery\/drzavno-natjecanje-u-primostenu-2015\/DSC01067.JPG\"\n               data-thumbnail=\"https:\/\/kontesadora.hr\/stara\/wp-content\/gallery\/drzavno-natjecanje-u-primostenu-2015\/thumbs\/thumbs_DSC01067.JPG\"\n               data-image-id=\"3238\"\n               data-title=\"DSC01067.JPG\"\n               data-description=\"\"\n               data-image-slug=\"dsc01067-jpg\"\n               class=\"shutterset_4aaaff7725278e00623d12794dcefe05\">\n                <img\n                    title=\"DSC01067.JPG\"\n                    alt=\"DSC01067.JPG\"\n                    src=\"https:\/\/kontesadora.hr\/stara\/wp-content\/gallery\/drzavno-natjecanje-u-primostenu-2015\/thumbs\/thumbs_DSC01067.JPG\"\n                    width=\"100\"\n                    height=\"75\"\n                    style=\"max-width:100%;\"\n                \/>\n            <\/a>\n        <\/div>\n\t\t\t\t\t\t\t<\/div> \n\t\t\t\n        \n\t\t\t\t<div id=\"ngg-image-13\" class=\"ngg-gallery-thumbnail-box\" >\n\t\t\t\t        <div class=\"ngg-gallery-thumbnail\">\n            <a href=\"https:\/\/kontesadora.hr\/stara\/wp-content\/gallery\/drzavno-natjecanje-u-primostenu-2015\/DSC01066.JPG\"\n               title=\"\"\n               data-src=\"https:\/\/kontesadora.hr\/stara\/wp-content\/gallery\/drzavno-natjecanje-u-primostenu-2015\/DSC01066.JPG\"\n               data-thumbnail=\"https:\/\/kontesadora.hr\/stara\/wp-content\/gallery\/drzavno-natjecanje-u-primostenu-2015\/thumbs\/thumbs_DSC01066.JPG\"\n               data-image-id=\"3237\"\n               data-title=\"DSC01066.JPG\"\n               data-description=\"\"\n               data-image-slug=\"dsc01066-jpg\"\n               class=\"shutterset_4aaaff7725278e00623d12794dcefe05\">\n                <img\n                    title=\"DSC01066.JPG\"\n                    alt=\"DSC01066.JPG\"\n                    src=\"https:\/\/kontesadora.hr\/stara\/wp-content\/gallery\/drzavno-natjecanje-u-primostenu-2015\/thumbs\/thumbs_DSC01066.JPG\"\n                    width=\"100\"\n                    height=\"75\"\n                    style=\"max-width:100%;\"\n                \/>\n            <\/a>\n        <\/div>\n\t\t\t\t\t\t\t<\/div> \n\t\t\t\n        \n\t\t\t\t<div id=\"ngg-image-14\" class=\"ngg-gallery-thumbnail-box\" >\n\t\t\t\t        <div class=\"ngg-gallery-thumbnail\">\n            <a href=\"https:\/\/kontesadora.hr\/stara\/wp-content\/gallery\/drzavno-natjecanje-u-primostenu-2015\/DSC01065.JPG\"\n               title=\"\"\n               data-src=\"https:\/\/kontesadora.hr\/stara\/wp-content\/gallery\/drzavno-natjecanje-u-primostenu-2015\/DSC01065.JPG\"\n               data-thumbnail=\"https:\/\/kontesadora.hr\/stara\/wp-content\/gallery\/drzavno-natjecanje-u-primostenu-2015\/thumbs\/thumbs_DSC01065.JPG\"\n               data-image-id=\"3236\"\n               data-title=\"DSC01065.JPG\"\n               data-description=\"\"\n               data-image-slug=\"dsc01065-jpg\"\n               class=\"shutterset_4aaaff7725278e00623d12794dcefe05\">\n                <img\n                    title=\"DSC01065.JPG\"\n                    alt=\"DSC01065.JPG\"\n                    src=\"https:\/\/kontesadora.hr\/stara\/wp-content\/gallery\/drzavno-natjecanje-u-primostenu-2015\/thumbs\/thumbs_DSC01065.JPG\"\n                    width=\"100\"\n                    height=\"75\"\n                    style=\"max-width:100%;\"\n                \/>\n            <\/a>\n        <\/div>\n\t\t\t\t\t\t\t<\/div> \n\t\t\t\n        \n\t\t\t\t<div id=\"ngg-image-15\" class=\"ngg-gallery-thumbnail-box\" >\n\t\t\t\t        <div class=\"ngg-gallery-thumbnail\">\n            <a href=\"https:\/\/kontesadora.hr\/stara\/wp-content\/gallery\/drzavno-natjecanje-u-primostenu-2015\/DSC01064.JPG\"\n               title=\"\"\n               data-src=\"https:\/\/kontesadora.hr\/stara\/wp-content\/gallery\/drzavno-natjecanje-u-primostenu-2015\/DSC01064.JPG\"\n               data-thumbnail=\"https:\/\/kontesadora.hr\/stara\/wp-content\/gallery\/drzavno-natjecanje-u-primostenu-2015\/thumbs\/thumbs_DSC01064.JPG\"\n               data-image-id=\"3235\"\n               data-title=\"DSC01064.JPG\"\n               data-description=\"\"\n               data-image-slug=\"dsc01064-jpg\"\n               class=\"shutterset_4aaaff7725278e00623d12794dcefe05\">\n                <img\n                    title=\"DSC01064.JPG\"\n                    alt=\"DSC01064.JPG\"\n                    src=\"https:\/\/kontesadora.hr\/stara\/wp-content\/gallery\/drzavno-natjecanje-u-primostenu-2015\/thumbs\/thumbs_DSC01064.JPG\"\n                    width=\"100\"\n                    height=\"75\"\n                    style=\"max-width:100%;\"\n                \/>\n            <\/a>\n        <\/div>\n\t\t\t\t\t\t\t<\/div> \n\t\t\t\n        \n\t\t\t\t<div id=\"ngg-image-16\" class=\"ngg-gallery-thumbnail-box\" >\n\t\t\t\t        <div class=\"ngg-gallery-thumbnail\">\n            <a href=\"https:\/\/kontesadora.hr\/stara\/wp-content\/gallery\/drzavno-natjecanje-u-primostenu-2015\/DSC01063.JPG\"\n               title=\"\"\n               data-src=\"https:\/\/kontesadora.hr\/stara\/wp-content\/gallery\/drzavno-natjecanje-u-primostenu-2015\/DSC01063.JPG\"\n               data-thumbnail=\"https:\/\/kontesadora.hr\/stara\/wp-content\/gallery\/drzavno-natjecanje-u-primostenu-2015\/thumbs\/thumbs_DSC01063.JPG\"\n               data-image-id=\"3234\"\n               data-title=\"DSC01063.JPG\"\n               data-description=\"\"\n               data-image-slug=\"dsc01063-jpg\"\n               class=\"shutterset_4aaaff7725278e00623d12794dcefe05\">\n                <img\n                    title=\"DSC01063.JPG\"\n                    alt=\"DSC01063.JPG\"\n                    src=\"https:\/\/kontesadora.hr\/stara\/wp-content\/gallery\/drzavno-natjecanje-u-primostenu-2015\/thumbs\/thumbs_DSC01063.JPG\"\n                    width=\"100\"\n                    height=\"75\"\n                    style=\"max-width:100%;\"\n                \/>\n            <\/a>\n        <\/div>\n\t\t\t\t\t\t\t<\/div> \n\t\t\t\n        \n\t\t\t\t<div id=\"ngg-image-17\" class=\"ngg-gallery-thumbnail-box\" >\n\t\t\t\t        <div class=\"ngg-gallery-thumbnail\">\n            <a href=\"https:\/\/kontesadora.hr\/stara\/wp-content\/gallery\/drzavno-natjecanje-u-primostenu-2015\/DSC01062.JPG\"\n               title=\"\"\n               data-src=\"https:\/\/kontesadora.hr\/stara\/wp-content\/gallery\/drzavno-natjecanje-u-primostenu-2015\/DSC01062.JPG\"\n               data-thumbnail=\"https:\/\/kontesadora.hr\/stara\/wp-content\/gallery\/drzavno-natjecanje-u-primostenu-2015\/thumbs\/thumbs_DSC01062.JPG\"\n               data-image-id=\"3233\"\n               data-title=\"DSC01062.JPG\"\n               data-description=\"\"\n               data-image-slug=\"dsc01062-jpg\"\n               class=\"shutterset_4aaaff7725278e00623d12794dcefe05\">\n                <img\n                    title=\"DSC01062.JPG\"\n                    alt=\"DSC01062.JPG\"\n                    src=\"https:\/\/kontesadora.hr\/stara\/wp-content\/gallery\/drzavno-natjecanje-u-primostenu-2015\/thumbs\/thumbs_DSC01062.JPG\"\n                    width=\"100\"\n                    height=\"75\"\n                    style=\"max-width:100%;\"\n                \/>\n            <\/a>\n        <\/div>\n\t\t\t\t\t\t\t<\/div> \n\t\t\t\n        \n\t\t\t\t<div id=\"ngg-image-18\" class=\"ngg-gallery-thumbnail-box\" >\n\t\t\t\t        <div class=\"ngg-gallery-thumbnail\">\n            <a href=\"https:\/\/kontesadora.hr\/stara\/wp-content\/gallery\/drzavno-natjecanje-u-primostenu-2015\/DSC01061.JPG\"\n               title=\"\"\n               data-src=\"https:\/\/kontesadora.hr\/stara\/wp-content\/gallery\/drzavno-natjecanje-u-primostenu-2015\/DSC01061.JPG\"\n               data-thumbnail=\"https:\/\/kontesadora.hr\/stara\/wp-content\/gallery\/drzavno-natjecanje-u-primostenu-2015\/thumbs\/thumbs_DSC01061.JPG\"\n               data-image-id=\"3232\"\n               data-title=\"DSC01061.JPG\"\n               data-description=\"\"\n               data-image-slug=\"dsc01061-jpg\"\n               class=\"shutterset_4aaaff7725278e00623d12794dcefe05\">\n                <img\n                    title=\"DSC01061.JPG\"\n                    alt=\"DSC01061.JPG\"\n                    src=\"https:\/\/kontesadora.hr\/stara\/wp-content\/gallery\/drzavno-natjecanje-u-primostenu-2015\/thumbs\/thumbs_DSC01061.JPG\"\n                    width=\"100\"\n                    height=\"75\"\n                    style=\"max-width:100%;\"\n                \/>\n            <\/a>\n        <\/div>\n\t\t\t\t\t\t\t<\/div> \n\t\t\t\n        \n\t\t\t\t<div id=\"ngg-image-19\" class=\"ngg-gallery-thumbnail-box\" >\n\t\t\t\t        <div class=\"ngg-gallery-thumbnail\">\n            <a href=\"https:\/\/kontesadora.hr\/stara\/wp-content\/gallery\/drzavno-natjecanje-u-primostenu-2015\/DSC01060.JPG\"\n               title=\"\"\n               data-src=\"https:\/\/kontesadora.hr\/stara\/wp-content\/gallery\/drzavno-natjecanje-u-primostenu-2015\/DSC01060.JPG\"\n               data-thumbnail=\"https:\/\/kontesadora.hr\/stara\/wp-content\/gallery\/drzavno-natjecanje-u-primostenu-2015\/thumbs\/thumbs_DSC01060.JPG\"\n               data-image-id=\"3231\"\n               data-title=\"DSC01060.JPG\"\n               data-description=\"\"\n               data-image-slug=\"dsc01060-jpg\"\n               class=\"shutterset_4aaaff7725278e00623d12794dcefe05\">\n                <img\n                    title=\"DSC01060.JPG\"\n                    alt=\"DSC01060.JPG\"\n                    src=\"https:\/\/kontesadora.hr\/stara\/wp-content\/gallery\/drzavno-natjecanje-u-primostenu-2015\/thumbs\/thumbs_DSC01060.JPG\"\n                    width=\"100\"\n                    height=\"75\"\n                    style=\"max-width:100%;\"\n                \/>\n            <\/a>\n        <\/div>\n\t\t\t\t\t\t\t<\/div> \n\t\t\t\n        \n\t\t\n\t\t<!-- Pagination -->\n\t<div class='ngg-navigation'><span class='current'>1<\/span>\n<a class='page-numbers' data-pageid='2' href='https:\/\/kontesadora.hr\/stara\/galerija\/nggallery\/page\/2'>2<\/a>\n<span class='ellipsis'>...<\/span>\n<a class='page-numbers' data-pageid='9' href='https:\/\/kontesadora.hr\/stara\/galerija\/nggallery\/page\/9'>9<\/a>\n<a class='prev' href='https:\/\/kontesadora.hr\/stara\/galerija\/nggallery\/page\/2' data-pageid=2>&#9658;<\/a><\/div>\t<\/div>\n&nbsp;7.03.2015., Primo\u0161ten, 53.hrvatsko natjecanje u\u010denika i studenata glazbe i plesa<\/p>\n<!-- index.php -->\n<div\n\tclass=\"ngg-galleryoverview ngg-ajax-pagination-none\"\n\tid=\"ngg-gallery-e93a04b4a8bdc7fe287cb109b907db38-1\">\n\n    \t<div class=\"slideshowlink\">\n        <a href='https:\/\/kontesadora.hr\/stara\/galerija\/nggallery\/slideshow'>[Show as slideshow]<\/a>\n\t\t\n\t<\/div>\n\t\t\t<!-- Thumbnails -->\n\t\t\t\t<div id=\"ngg-image-0\" class=\"ngg-gallery-thumbnail-box\" >\n\t\t\t\t        <div class=\"ngg-gallery-thumbnail\">\n            <a href=\"https:\/\/kontesadora.hr\/stara\/wp-content\/gallery\/klavirski-koncert-senka-brankovic-5-ozujka-2015\/DSC_8914.JPG\"\n               title=\"\"\n               data-src=\"https:\/\/kontesadora.hr\/stara\/wp-content\/gallery\/klavirski-koncert-senka-brankovic-5-ozujka-2015\/DSC_8914.JPG\"\n               data-thumbnail=\"https:\/\/kontesadora.hr\/stara\/wp-content\/gallery\/klavirski-koncert-senka-brankovic-5-ozujka-2015\/thumbs\/thumbs_DSC_8914.JPG\"\n               data-image-id=\"3087\"\n               data-title=\"DSC_8914.JPG\"\n               data-description=\"\"\n               data-image-slug=\"dsc_8914-jpg\"\n               class=\"shutterset_e93a04b4a8bdc7fe287cb109b907db38\">\n                <img\n                    title=\"DSC_8914.JPG\"\n                    alt=\"DSC_8914.JPG\"\n                    src=\"https:\/\/kontesadora.hr\/stara\/wp-content\/gallery\/klavirski-koncert-senka-brankovic-5-ozujka-2015\/thumbs\/thumbs_DSC_8914.JPG\"\n                    width=\"100\"\n                    height=\"75\"\n                    style=\"max-width:100%;\"\n                \/>\n            <\/a>\n        <\/div>\n\t\t\t\t\t\t\t<\/div> \n\t\t\t\n        \n\t\t\t\t<div id=\"ngg-image-1\" class=\"ngg-gallery-thumbnail-box\" >\n\t\t\t\t        <div class=\"ngg-gallery-thumbnail\">\n            <a href=\"https:\/\/kontesadora.hr\/stara\/wp-content\/gallery\/klavirski-koncert-senka-brankovic-5-ozujka-2015\/DSC_8913.JPG\"\n               title=\"\"\n               data-src=\"https:\/\/kontesadora.hr\/stara\/wp-content\/gallery\/klavirski-koncert-senka-brankovic-5-ozujka-2015\/DSC_8913.JPG\"\n               data-thumbnail=\"https:\/\/kontesadora.hr\/stara\/wp-content\/gallery\/klavirski-koncert-senka-brankovic-5-ozujka-2015\/thumbs\/thumbs_DSC_8913.JPG\"\n               data-image-id=\"3086\"\n               data-title=\"DSC_8913.JPG\"\n               data-description=\"\"\n               data-image-slug=\"dsc_8913-jpg\"\n               class=\"shutterset_e93a04b4a8bdc7fe287cb109b907db38\">\n                <img\n                    title=\"DSC_8913.JPG\"\n                    alt=\"DSC_8913.JPG\"\n                    src=\"https:\/\/kontesadora.hr\/stara\/wp-content\/gallery\/klavirski-koncert-senka-brankovic-5-ozujka-2015\/thumbs\/thumbs_DSC_8913.JPG\"\n                    width=\"100\"\n                    height=\"75\"\n                    style=\"max-width:100%;\"\n                \/>\n            <\/a>\n        <\/div>\n\t\t\t\t\t\t\t<\/div> \n\t\t\t\n        \n\t\t\t\t<div id=\"ngg-image-2\" class=\"ngg-gallery-thumbnail-box\" >\n\t\t\t\t        <div class=\"ngg-gallery-thumbnail\">\n            <a href=\"https:\/\/kontesadora.hr\/stara\/wp-content\/gallery\/klavirski-koncert-senka-brankovic-5-ozujka-2015\/DSC_8912.JPG\"\n               title=\"\"\n               data-src=\"https:\/\/kontesadora.hr\/stara\/wp-content\/gallery\/klavirski-koncert-senka-brankovic-5-ozujka-2015\/DSC_8912.JPG\"\n               data-thumbnail=\"https:\/\/kontesadora.hr\/stara\/wp-content\/gallery\/klavirski-koncert-senka-brankovic-5-ozujka-2015\/thumbs\/thumbs_DSC_8912.JPG\"\n               data-image-id=\"3085\"\n               data-title=\"DSC_8912.JPG\"\n               data-description=\"\"\n               data-image-slug=\"dsc_8912-jpg\"\n               class=\"shutterset_e93a04b4a8bdc7fe287cb109b907db38\">\n                <img\n                    title=\"DSC_8912.JPG\"\n                    alt=\"DSC_8912.JPG\"\n                    src=\"https:\/\/kontesadora.hr\/stara\/wp-content\/gallery\/klavirski-koncert-senka-brankovic-5-ozujka-2015\/thumbs\/thumbs_DSC_8912.JPG\"\n                    width=\"100\"\n                    height=\"75\"\n                    style=\"max-width:100%;\"\n                \/>\n            <\/a>\n        <\/div>\n\t\t\t\t\t\t\t<\/div> \n\t\t\t\n        \n\t\t\t\t<div id=\"ngg-image-3\" class=\"ngg-gallery-thumbnail-box\" >\n\t\t\t\t        <div class=\"ngg-gallery-thumbnail\">\n            <a href=\"https:\/\/kontesadora.hr\/stara\/wp-content\/gallery\/klavirski-koncert-senka-brankovic-5-ozujka-2015\/DSC_8910.JPG\"\n               title=\"\"\n               data-src=\"https:\/\/kontesadora.hr\/stara\/wp-content\/gallery\/klavirski-koncert-senka-brankovic-5-ozujka-2015\/DSC_8910.JPG\"\n               data-thumbnail=\"https:\/\/kontesadora.hr\/stara\/wp-content\/gallery\/klavirski-koncert-senka-brankovic-5-ozujka-2015\/thumbs\/thumbs_DSC_8910.JPG\"\n               data-image-id=\"3084\"\n               data-title=\"DSC_8910.JPG\"\n               data-description=\"\"\n               data-image-slug=\"dsc_8910-jpg\"\n               class=\"shutterset_e93a04b4a8bdc7fe287cb109b907db38\">\n                <img\n                    title=\"DSC_8910.JPG\"\n                    alt=\"DSC_8910.JPG\"\n                    src=\"https:\/\/kontesadora.hr\/stara\/wp-content\/gallery\/klavirski-koncert-senka-brankovic-5-ozujka-2015\/thumbs\/thumbs_DSC_8910.JPG\"\n                    width=\"100\"\n                    height=\"75\"\n                    style=\"max-width:100%;\"\n                \/>\n            <\/a>\n        <\/div>\n\t\t\t\t\t\t\t<\/div> \n\t\t\t\n        \n\t\t\t\t<div id=\"ngg-image-4\" class=\"ngg-gallery-thumbnail-box\" >\n\t\t\t\t        <div class=\"ngg-gallery-thumbnail\">\n            <a href=\"https:\/\/kontesadora.hr\/stara\/wp-content\/gallery\/klavirski-koncert-senka-brankovic-5-ozujka-2015\/DSC_8909.JPG\"\n               title=\"\"\n               data-src=\"https:\/\/kontesadora.hr\/stara\/wp-content\/gallery\/klavirski-koncert-senka-brankovic-5-ozujka-2015\/DSC_8909.JPG\"\n               data-thumbnail=\"https:\/\/kontesadora.hr\/stara\/wp-content\/gallery\/klavirski-koncert-senka-brankovic-5-ozujka-2015\/thumbs\/thumbs_DSC_8909.JPG\"\n               data-image-id=\"3083\"\n               data-title=\"DSC_8909.JPG\"\n               data-description=\"\"\n               data-image-slug=\"dsc_8909-jpg\"\n               class=\"shutterset_e93a04b4a8bdc7fe287cb109b907db38\">\n                <img\n                    title=\"DSC_8909.JPG\"\n                    alt=\"DSC_8909.JPG\"\n                    src=\"https:\/\/kontesadora.hr\/stara\/wp-content\/gallery\/klavirski-koncert-senka-brankovic-5-ozujka-2015\/thumbs\/thumbs_DSC_8909.JPG\"\n                    width=\"100\"\n                    height=\"75\"\n                    style=\"max-width:100%;\"\n                \/>\n            <\/a>\n        <\/div>\n\t\t\t\t\t\t\t<\/div> \n\t\t\t\n        \n\t\t\t\t<div id=\"ngg-image-5\" class=\"ngg-gallery-thumbnail-box\" >\n\t\t\t\t        <div class=\"ngg-gallery-thumbnail\">\n            <a href=\"https:\/\/kontesadora.hr\/stara\/wp-content\/gallery\/klavirski-koncert-senka-brankovic-5-ozujka-2015\/DSC_8908.JPG\"\n               title=\"\"\n               data-src=\"https:\/\/kontesadora.hr\/stara\/wp-content\/gallery\/klavirski-koncert-senka-brankovic-5-ozujka-2015\/DSC_8908.JPG\"\n               data-thumbnail=\"https:\/\/kontesadora.hr\/stara\/wp-content\/gallery\/klavirski-koncert-senka-brankovic-5-ozujka-2015\/thumbs\/thumbs_DSC_8908.JPG\"\n               data-image-id=\"3082\"\n               data-title=\"DSC_8908.JPG\"\n               data-description=\"\"\n               data-image-slug=\"dsc_8908-jpg\"\n               class=\"shutterset_e93a04b4a8bdc7fe287cb109b907db38\">\n                <img\n                    title=\"DSC_8908.JPG\"\n                    alt=\"DSC_8908.JPG\"\n                    src=\"https:\/\/kontesadora.hr\/stara\/wp-content\/gallery\/klavirski-koncert-senka-brankovic-5-ozujka-2015\/thumbs\/thumbs_DSC_8908.JPG\"\n                    width=\"100\"\n                    height=\"75\"\n                    style=\"max-width:100%;\"\n                \/>\n            <\/a>\n        <\/div>\n\t\t\t\t\t\t\t<\/div> \n\t\t\t\n        \n\t\t\t\t<div id=\"ngg-image-6\" class=\"ngg-gallery-thumbnail-box\" >\n\t\t\t\t        <div class=\"ngg-gallery-thumbnail\">\n            <a href=\"https:\/\/kontesadora.hr\/stara\/wp-content\/gallery\/klavirski-koncert-senka-brankovic-5-ozujka-2015\/DSC_8907.JPG\"\n               title=\"\"\n               data-src=\"https:\/\/kontesadora.hr\/stara\/wp-content\/gallery\/klavirski-koncert-senka-brankovic-5-ozujka-2015\/DSC_8907.JPG\"\n               data-thumbnail=\"https:\/\/kontesadora.hr\/stara\/wp-content\/gallery\/klavirski-koncert-senka-brankovic-5-ozujka-2015\/thumbs\/thumbs_DSC_8907.JPG\"\n               data-image-id=\"3081\"\n               data-title=\"DSC_8907.JPG\"\n               data-description=\"\"\n               data-image-slug=\"dsc_8907-jpg\"\n               class=\"shutterset_e93a04b4a8bdc7fe287cb109b907db38\">\n                <img\n                    title=\"DSC_8907.JPG\"\n                    alt=\"DSC_8907.JPG\"\n                    src=\"https:\/\/kontesadora.hr\/stara\/wp-content\/gallery\/klavirski-koncert-senka-brankovic-5-ozujka-2015\/thumbs\/thumbs_DSC_8907.JPG\"\n                    width=\"100\"\n                    height=\"75\"\n                    style=\"max-width:100%;\"\n                \/>\n            <\/a>\n        <\/div>\n\t\t\t\t\t\t\t<\/div> \n\t\t\t\n        \n\t\t\t\t<div id=\"ngg-image-7\" class=\"ngg-gallery-thumbnail-box\" >\n\t\t\t\t        <div class=\"ngg-gallery-thumbnail\">\n            <a href=\"https:\/\/kontesadora.hr\/stara\/wp-content\/gallery\/klavirski-koncert-senka-brankovic-5-ozujka-2015\/DSC_8906.JPG\"\n               title=\"\"\n               data-src=\"https:\/\/kontesadora.hr\/stara\/wp-content\/gallery\/klavirski-koncert-senka-brankovic-5-ozujka-2015\/DSC_8906.JPG\"\n               data-thumbnail=\"https:\/\/kontesadora.hr\/stara\/wp-content\/gallery\/klavirski-koncert-senka-brankovic-5-ozujka-2015\/thumbs\/thumbs_DSC_8906.JPG\"\n               data-image-id=\"3080\"\n               data-title=\"DSC_8906.JPG\"\n               data-description=\"\"\n               data-image-slug=\"dsc_8906-jpg\"\n               class=\"shutterset_e93a04b4a8bdc7fe287cb109b907db38\">\n                <img\n                    title=\"DSC_8906.JPG\"\n                    alt=\"DSC_8906.JPG\"\n                    src=\"https:\/\/kontesadora.hr\/stara\/wp-content\/gallery\/klavirski-koncert-senka-brankovic-5-ozujka-2015\/thumbs\/thumbs_DSC_8906.JPG\"\n                    width=\"100\"\n                    height=\"75\"\n                    style=\"max-width:100%;\"\n                \/>\n            <\/a>\n        <\/div>\n\t\t\t\t\t\t\t<\/div> \n\t\t\t\n        \n\t\t\t\t<div id=\"ngg-image-8\" class=\"ngg-gallery-thumbnail-box\" >\n\t\t\t\t        <div class=\"ngg-gallery-thumbnail\">\n            <a href=\"https:\/\/kontesadora.hr\/stara\/wp-content\/gallery\/klavirski-koncert-senka-brankovic-5-ozujka-2015\/DSC_8905.JPG\"\n               title=\"\"\n               data-src=\"https:\/\/kontesadora.hr\/stara\/wp-content\/gallery\/klavirski-koncert-senka-brankovic-5-ozujka-2015\/DSC_8905.JPG\"\n               data-thumbnail=\"https:\/\/kontesadora.hr\/stara\/wp-content\/gallery\/klavirski-koncert-senka-brankovic-5-ozujka-2015\/thumbs\/thumbs_DSC_8905.JPG\"\n               data-image-id=\"3079\"\n               data-title=\"DSC_8905.JPG\"\n               data-description=\"\"\n               data-image-slug=\"dsc_8905-jpg\"\n               class=\"shutterset_e93a04b4a8bdc7fe287cb109b907db38\">\n                <img\n                    title=\"DSC_8905.JPG\"\n                    alt=\"DSC_8905.JPG\"\n                    src=\"https:\/\/kontesadora.hr\/stara\/wp-content\/gallery\/klavirski-koncert-senka-brankovic-5-ozujka-2015\/thumbs\/thumbs_DSC_8905.JPG\"\n                    width=\"100\"\n                    height=\"75\"\n                    style=\"max-width:100%;\"\n                \/>\n            <\/a>\n        <\/div>\n\t\t\t\t\t\t\t<\/div> \n\t\t\t\n        \n\t\t\t\t<div id=\"ngg-image-9\" class=\"ngg-gallery-thumbnail-box\" >\n\t\t\t\t        <div class=\"ngg-gallery-thumbnail\">\n            <a href=\"https:\/\/kontesadora.hr\/stara\/wp-content\/gallery\/klavirski-koncert-senka-brankovic-5-ozujka-2015\/DSC_8904.JPG\"\n               title=\"\"\n               data-src=\"https:\/\/kontesadora.hr\/stara\/wp-content\/gallery\/klavirski-koncert-senka-brankovic-5-ozujka-2015\/DSC_8904.JPG\"\n               data-thumbnail=\"https:\/\/kontesadora.hr\/stara\/wp-content\/gallery\/klavirski-koncert-senka-brankovic-5-ozujka-2015\/thumbs\/thumbs_DSC_8904.JPG\"\n               data-image-id=\"3078\"\n               data-title=\"DSC_8904.JPG\"\n               data-description=\"\"\n               data-image-slug=\"dsc_8904-jpg\"\n               class=\"shutterset_e93a04b4a8bdc7fe287cb109b907db38\">\n                <img\n                    title=\"DSC_8904.JPG\"\n                    alt=\"DSC_8904.JPG\"\n                    src=\"https:\/\/kontesadora.hr\/stara\/wp-content\/gallery\/klavirski-koncert-senka-brankovic-5-ozujka-2015\/thumbs\/thumbs_DSC_8904.JPG\"\n                    width=\"100\"\n                    height=\"75\"\n                    style=\"max-width:100%;\"\n                \/>\n            <\/a>\n        <\/div>\n\t\t\t\t\t\t\t<\/div> \n\t\t\t\n        \n\t\t\t\t<div id=\"ngg-image-10\" class=\"ngg-gallery-thumbnail-box\" >\n\t\t\t\t        <div class=\"ngg-gallery-thumbnail\">\n            <a href=\"https:\/\/kontesadora.hr\/stara\/wp-content\/gallery\/klavirski-koncert-senka-brankovic-5-ozujka-2015\/DSC_8903.JPG\"\n               title=\"\"\n               data-src=\"https:\/\/kontesadora.hr\/stara\/wp-content\/gallery\/klavirski-koncert-senka-brankovic-5-ozujka-2015\/DSC_8903.JPG\"\n               data-thumbnail=\"https:\/\/kontesadora.hr\/stara\/wp-content\/gallery\/klavirski-koncert-senka-brankovic-5-ozujka-2015\/thumbs\/thumbs_DSC_8903.JPG\"\n               data-image-id=\"3077\"\n               data-title=\"DSC_8903.JPG\"\n               data-description=\"\"\n               data-image-slug=\"dsc_8903-jpg\"\n               class=\"shutterset_e93a04b4a8bdc7fe287cb109b907db38\">\n                <img\n                    title=\"DSC_8903.JPG\"\n                    alt=\"DSC_8903.JPG\"\n                    src=\"https:\/\/kontesadora.hr\/stara\/wp-content\/gallery\/klavirski-koncert-senka-brankovic-5-ozujka-2015\/thumbs\/thumbs_DSC_8903.JPG\"\n                    width=\"100\"\n                    height=\"75\"\n                    style=\"max-width:100%;\"\n                \/>\n            <\/a>\n        <\/div>\n\t\t\t\t\t\t\t<\/div> \n\t\t\t\n        \n\t\t\t\t<div id=\"ngg-image-11\" class=\"ngg-gallery-thumbnail-box\" >\n\t\t\t\t        <div class=\"ngg-gallery-thumbnail\">\n            <a href=\"https:\/\/kontesadora.hr\/stara\/wp-content\/gallery\/klavirski-koncert-senka-brankovic-5-ozujka-2015\/DSC_8902.JPG\"\n               title=\"\"\n               data-src=\"https:\/\/kontesadora.hr\/stara\/wp-content\/gallery\/klavirski-koncert-senka-brankovic-5-ozujka-2015\/DSC_8902.JPG\"\n               data-thumbnail=\"https:\/\/kontesadora.hr\/stara\/wp-content\/gallery\/klavirski-koncert-senka-brankovic-5-ozujka-2015\/thumbs\/thumbs_DSC_8902.JPG\"\n               data-image-id=\"3076\"\n               data-title=\"DSC_8902.JPG\"\n               data-description=\"\"\n               data-image-slug=\"dsc_8902-jpg\"\n               class=\"shutterset_e93a04b4a8bdc7fe287cb109b907db38\">\n                <img\n                    title=\"DSC_8902.JPG\"\n                    alt=\"DSC_8902.JPG\"\n                    src=\"https:\/\/kontesadora.hr\/stara\/wp-content\/gallery\/klavirski-koncert-senka-brankovic-5-ozujka-2015\/thumbs\/thumbs_DSC_8902.JPG\"\n                    width=\"100\"\n                    height=\"75\"\n                    style=\"max-width:100%;\"\n                \/>\n            <\/a>\n        <\/div>\n\t\t\t\t\t\t\t<\/div> \n\t\t\t\n        \n\t\t\t\t<div id=\"ngg-image-12\" class=\"ngg-gallery-thumbnail-box\" >\n\t\t\t\t        <div class=\"ngg-gallery-thumbnail\">\n            <a href=\"https:\/\/kontesadora.hr\/stara\/wp-content\/gallery\/klavirski-koncert-senka-brankovic-5-ozujka-2015\/DSC_8901.JPG\"\n               title=\"\"\n               data-src=\"https:\/\/kontesadora.hr\/stara\/wp-content\/gallery\/klavirski-koncert-senka-brankovic-5-ozujka-2015\/DSC_8901.JPG\"\n               data-thumbnail=\"https:\/\/kontesadora.hr\/stara\/wp-content\/gallery\/klavirski-koncert-senka-brankovic-5-ozujka-2015\/thumbs\/thumbs_DSC_8901.JPG\"\n               data-image-id=\"3075\"\n               data-title=\"DSC_8901.JPG\"\n               data-description=\"\"\n               data-image-slug=\"dsc_8901-jpg\"\n               class=\"shutterset_e93a04b4a8bdc7fe287cb109b907db38\">\n                <img\n                    title=\"DSC_8901.JPG\"\n                    alt=\"DSC_8901.JPG\"\n                    src=\"https:\/\/kontesadora.hr\/stara\/wp-content\/gallery\/klavirski-koncert-senka-brankovic-5-ozujka-2015\/thumbs\/thumbs_DSC_8901.JPG\"\n                    width=\"100\"\n                    height=\"75\"\n                    style=\"max-width:100%;\"\n                \/>\n            <\/a>\n        <\/div>\n\t\t\t\t\t\t\t<\/div> \n\t\t\t\n        \n\t\t\t\t<div id=\"ngg-image-13\" class=\"ngg-gallery-thumbnail-box\" >\n\t\t\t\t        <div class=\"ngg-gallery-thumbnail\">\n            <a href=\"https:\/\/kontesadora.hr\/stara\/wp-content\/gallery\/klavirski-koncert-senka-brankovic-5-ozujka-2015\/DSC_8900.JPG\"\n               title=\"\"\n               data-src=\"https:\/\/kontesadora.hr\/stara\/wp-content\/gallery\/klavirski-koncert-senka-brankovic-5-ozujka-2015\/DSC_8900.JPG\"\n               data-thumbnail=\"https:\/\/kontesadora.hr\/stara\/wp-content\/gallery\/klavirski-koncert-senka-brankovic-5-ozujka-2015\/thumbs\/thumbs_DSC_8900.JPG\"\n               data-image-id=\"3074\"\n               data-title=\"DSC_8900.JPG\"\n               data-description=\"\"\n               data-image-slug=\"dsc_8900-jpg\"\n               class=\"shutterset_e93a04b4a8bdc7fe287cb109b907db38\">\n                <img\n                    title=\"DSC_8900.JPG\"\n                    alt=\"DSC_8900.JPG\"\n                    src=\"https:\/\/kontesadora.hr\/stara\/wp-content\/gallery\/klavirski-koncert-senka-brankovic-5-ozujka-2015\/thumbs\/thumbs_DSC_8900.JPG\"\n                    width=\"100\"\n                    height=\"75\"\n                    style=\"max-width:100%;\"\n                \/>\n            <\/a>\n        <\/div>\n\t\t\t\t\t\t\t<\/div> \n\t\t\t\n        \n\t\t\t\t<div id=\"ngg-image-14\" class=\"ngg-gallery-thumbnail-box\" >\n\t\t\t\t        <div class=\"ngg-gallery-thumbnail\">\n            <a href=\"https:\/\/kontesadora.hr\/stara\/wp-content\/gallery\/klavirski-koncert-senka-brankovic-5-ozujka-2015\/DSC_8899.JPG\"\n               title=\"\"\n               data-src=\"https:\/\/kontesadora.hr\/stara\/wp-content\/gallery\/klavirski-koncert-senka-brankovic-5-ozujka-2015\/DSC_8899.JPG\"\n               data-thumbnail=\"https:\/\/kontesadora.hr\/stara\/wp-content\/gallery\/klavirski-koncert-senka-brankovic-5-ozujka-2015\/thumbs\/thumbs_DSC_8899.JPG\"\n               data-image-id=\"3073\"\n               data-title=\"DSC_8899.JPG\"\n               data-description=\"\"\n               data-image-slug=\"dsc_8899-jpg\"\n               class=\"shutterset_e93a04b4a8bdc7fe287cb109b907db38\">\n                <img\n                    title=\"DSC_8899.JPG\"\n                    alt=\"DSC_8899.JPG\"\n                    src=\"https:\/\/kontesadora.hr\/stara\/wp-content\/gallery\/klavirski-koncert-senka-brankovic-5-ozujka-2015\/thumbs\/thumbs_DSC_8899.JPG\"\n                    width=\"100\"\n                    height=\"75\"\n                    style=\"max-width:100%;\"\n                \/>\n            <\/a>\n        <\/div>\n\t\t\t\t\t\t\t<\/div> \n\t\t\t\n        \n\t\t\t\t<div id=\"ngg-image-15\" class=\"ngg-gallery-thumbnail-box\" >\n\t\t\t\t        <div class=\"ngg-gallery-thumbnail\">\n            <a href=\"https:\/\/kontesadora.hr\/stara\/wp-content\/gallery\/klavirski-koncert-senka-brankovic-5-ozujka-2015\/DSC_8898.JPG\"\n               title=\"\"\n               data-src=\"https:\/\/kontesadora.hr\/stara\/wp-content\/gallery\/klavirski-koncert-senka-brankovic-5-ozujka-2015\/DSC_8898.JPG\"\n               data-thumbnail=\"https:\/\/kontesadora.hr\/stara\/wp-content\/gallery\/klavirski-koncert-senka-brankovic-5-ozujka-2015\/thumbs\/thumbs_DSC_8898.JPG\"\n               data-image-id=\"3072\"\n               data-title=\"DSC_8898.JPG\"\n               data-description=\"\"\n               data-image-slug=\"dsc_8898-jpg\"\n               class=\"shutterset_e93a04b4a8bdc7fe287cb109b907db38\">\n                <img\n                    title=\"DSC_8898.JPG\"\n                    alt=\"DSC_8898.JPG\"\n                    src=\"https:\/\/kontesadora.hr\/stara\/wp-content\/gallery\/klavirski-koncert-senka-brankovic-5-ozujka-2015\/thumbs\/thumbs_DSC_8898.JPG\"\n                    width=\"100\"\n                    height=\"75\"\n                    style=\"max-width:100%;\"\n                \/>\n            <\/a>\n        <\/div>\n\t\t\t\t\t\t\t<\/div> \n\t\t\t\n        \n\t\t\t\t<div id=\"ngg-image-16\" class=\"ngg-gallery-thumbnail-box\" >\n\t\t\t\t        <div class=\"ngg-gallery-thumbnail\">\n            <a href=\"https:\/\/kontesadora.hr\/stara\/wp-content\/gallery\/klavirski-koncert-senka-brankovic-5-ozujka-2015\/DSC_8897.JPG\"\n               title=\"\"\n               data-src=\"https:\/\/kontesadora.hr\/stara\/wp-content\/gallery\/klavirski-koncert-senka-brankovic-5-ozujka-2015\/DSC_8897.JPG\"\n               data-thumbnail=\"https:\/\/kontesadora.hr\/stara\/wp-content\/gallery\/klavirski-koncert-senka-brankovic-5-ozujka-2015\/thumbs\/thumbs_DSC_8897.JPG\"\n               data-image-id=\"3071\"\n               data-title=\"DSC_8897.JPG\"\n               data-description=\"\"\n               data-image-slug=\"dsc_8897-jpg\"\n               class=\"shutterset_e93a04b4a8bdc7fe287cb109b907db38\">\n                <img\n                    title=\"DSC_8897.JPG\"\n                    alt=\"DSC_8897.JPG\"\n                    src=\"https:\/\/kontesadora.hr\/stara\/wp-content\/gallery\/klavirski-koncert-senka-brankovic-5-ozujka-2015\/thumbs\/thumbs_DSC_8897.JPG\"\n                    width=\"100\"\n                    height=\"75\"\n                    style=\"max-width:100%;\"\n                \/>\n            <\/a>\n        <\/div>\n\t\t\t\t\t\t\t<\/div> \n\t\t\t\n        \n\t\t\t\t<div id=\"ngg-image-17\" class=\"ngg-gallery-thumbnail-box\" >\n\t\t\t\t        <div class=\"ngg-gallery-thumbnail\">\n            <a href=\"https:\/\/kontesadora.hr\/stara\/wp-content\/gallery\/klavirski-koncert-senka-brankovic-5-ozujka-2015\/DSC_8896.JPG\"\n               title=\"\"\n               data-src=\"https:\/\/kontesadora.hr\/stara\/wp-content\/gallery\/klavirski-koncert-senka-brankovic-5-ozujka-2015\/DSC_8896.JPG\"\n               data-thumbnail=\"https:\/\/kontesadora.hr\/stara\/wp-content\/gallery\/klavirski-koncert-senka-brankovic-5-ozujka-2015\/thumbs\/thumbs_DSC_8896.JPG\"\n               data-image-id=\"3070\"\n               data-title=\"DSC_8896.JPG\"\n               data-description=\"\"\n               data-image-slug=\"dsc_8896-jpg\"\n               class=\"shutterset_e93a04b4a8bdc7fe287cb109b907db38\">\n                <img\n                    title=\"DSC_8896.JPG\"\n                    alt=\"DSC_8896.JPG\"\n                    src=\"https:\/\/kontesadora.hr\/stara\/wp-content\/gallery\/klavirski-koncert-senka-brankovic-5-ozujka-2015\/thumbs\/thumbs_DSC_8896.JPG\"\n                    width=\"100\"\n                    height=\"75\"\n                    style=\"max-width:100%;\"\n                \/>\n            <\/a>\n        <\/div>\n\t\t\t\t\t\t\t<\/div> \n\t\t\t\n        \n\t\t\t\t<div id=\"ngg-image-18\" class=\"ngg-gallery-thumbnail-box\" >\n\t\t\t\t        <div class=\"ngg-gallery-thumbnail\">\n            <a href=\"https:\/\/kontesadora.hr\/stara\/wp-content\/gallery\/klavirski-koncert-senka-brankovic-5-ozujka-2015\/DSC_8895.JPG\"\n               title=\"\"\n               data-src=\"https:\/\/kontesadora.hr\/stara\/wp-content\/gallery\/klavirski-koncert-senka-brankovic-5-ozujka-2015\/DSC_8895.JPG\"\n               data-thumbnail=\"https:\/\/kontesadora.hr\/stara\/wp-content\/gallery\/klavirski-koncert-senka-brankovic-5-ozujka-2015\/thumbs\/thumbs_DSC_8895.JPG\"\n               data-image-id=\"3069\"\n               data-title=\"DSC_8895.JPG\"\n               data-description=\"\"\n               data-image-slug=\"dsc_8895-jpg\"\n               class=\"shutterset_e93a04b4a8bdc7fe287cb109b907db38\">\n                <img\n                    title=\"DSC_8895.JPG\"\n                    alt=\"DSC_8895.JPG\"\n                    src=\"https:\/\/kontesadora.hr\/stara\/wp-content\/gallery\/klavirski-koncert-senka-brankovic-5-ozujka-2015\/thumbs\/thumbs_DSC_8895.JPG\"\n                    width=\"100\"\n                    height=\"75\"\n                    style=\"max-width:100%;\"\n                \/>\n            <\/a>\n        <\/div>\n\t\t\t\t\t\t\t<\/div> \n\t\t\t\n        \n\t\t\t\t<div id=\"ngg-image-19\" class=\"ngg-gallery-thumbnail-box\" >\n\t\t\t\t        <div class=\"ngg-gallery-thumbnail\">\n            <a href=\"https:\/\/kontesadora.hr\/stara\/wp-content\/gallery\/klavirski-koncert-senka-brankovic-5-ozujka-2015\/DSC_8894.JPG\"\n               title=\"\"\n               data-src=\"https:\/\/kontesadora.hr\/stara\/wp-content\/gallery\/klavirski-koncert-senka-brankovic-5-ozujka-2015\/DSC_8894.JPG\"\n               data-thumbnail=\"https:\/\/kontesadora.hr\/stara\/wp-content\/gallery\/klavirski-koncert-senka-brankovic-5-ozujka-2015\/thumbs\/thumbs_DSC_8894.JPG\"\n               data-image-id=\"3068\"\n               data-title=\"DSC_8894.JPG\"\n               data-description=\"\"\n               data-image-slug=\"dsc_8894-jpg\"\n               class=\"shutterset_e93a04b4a8bdc7fe287cb109b907db38\">\n                <img\n                    title=\"DSC_8894.JPG\"\n                    alt=\"DSC_8894.JPG\"\n                    src=\"https:\/\/kontesadora.hr\/stara\/wp-content\/gallery\/klavirski-koncert-senka-brankovic-5-ozujka-2015\/thumbs\/thumbs_DSC_8894.JPG\"\n                    width=\"100\"\n                    height=\"75\"\n                    style=\"max-width:100%;\"\n                \/>\n            <\/a>\n        <\/div>\n\t\t\t\t\t\t\t<\/div> \n\t\t\t\n        \n\t\t\n\t\t<!-- Pagination -->\n\t<div class='ngg-navigation'><span class='current'>1<\/span>\n<a class='page-numbers' data-pageid='2' href='https:\/\/kontesadora.hr\/stara\/galerija\/nggallery\/page\/2'>2<\/a>\n<span class='ellipsis'>...<\/span>\n<a class='page-numbers' data-pageid='6' href='https:\/\/kontesadora.hr\/stara\/galerija\/nggallery\/page\/6'>6<\/a>\n<a class='prev' href='https:\/\/kontesadora.hr\/stara\/galerija\/nggallery\/page\/2' data-pageid=2>&#9658;<\/a><\/div>\t<\/div>\nKlavirski koncert Senka Brankovi\u0107, 5. o\u017eujka 2015.<\/p>\n<!-- index.php -->\n<div\n\tclass=\"ngg-galleryoverview ngg-ajax-pagination-none\"\n\tid=\"ngg-gallery-a6ba42b98dd53c06ed370550da698a22-1\">\n\n    \t<div class=\"slideshowlink\">\n        <a href='https:\/\/kontesadora.hr\/stara\/galerija\/nggallery\/slideshow'>[Show as slideshow]<\/a>\n\t\t\n\t<\/div>\n\t\t\t<!-- Thumbnails -->\n\t\t\t\t<div id=\"ngg-image-0\" class=\"ngg-gallery-thumbnail-box\" >\n\t\t\t\t        <div class=\"ngg-gallery-thumbnail\">\n            <a href=\"https:\/\/kontesadora.hr\/stara\/wp-content\/gallery\/keiko-nishizu-i-sayuri-aramaki-koncert-03-ozujka-2015\/DSC_8799.JPG\"\n               title=\"\"\n               data-src=\"https:\/\/kontesadora.hr\/stara\/wp-content\/gallery\/keiko-nishizu-i-sayuri-aramaki-koncert-03-ozujka-2015\/DSC_8799.JPG\"\n               data-thumbnail=\"https:\/\/kontesadora.hr\/stara\/wp-content\/gallery\/keiko-nishizu-i-sayuri-aramaki-koncert-03-ozujka-2015\/thumbs\/thumbs_DSC_8799.JPG\"\n               data-image-id=\"2981\"\n               data-title=\"DSC_8799.JPG\"\n               data-description=\"\"\n               data-image-slug=\"dsc_8799-jpg\"\n               class=\"shutterset_a6ba42b98dd53c06ed370550da698a22\">\n                <img\n                    title=\"DSC_8799.JPG\"\n                    alt=\"DSC_8799.JPG\"\n                    src=\"https:\/\/kontesadora.hr\/stara\/wp-content\/gallery\/keiko-nishizu-i-sayuri-aramaki-koncert-03-ozujka-2015\/thumbs\/thumbs_DSC_8799.JPG\"\n                    width=\"100\"\n                    height=\"75\"\n                    style=\"max-width:100%;\"\n                \/>\n            <\/a>\n        <\/div>\n\t\t\t\t\t\t\t<\/div> \n\t\t\t\n        \n\t\t\t\t<div id=\"ngg-image-1\" class=\"ngg-gallery-thumbnail-box\" >\n\t\t\t\t        <div class=\"ngg-gallery-thumbnail\">\n            <a href=\"https:\/\/kontesadora.hr\/stara\/wp-content\/gallery\/keiko-nishizu-i-sayuri-aramaki-koncert-03-ozujka-2015\/DSC_8794.JPG\"\n               title=\"\"\n               data-src=\"https:\/\/kontesadora.hr\/stara\/wp-content\/gallery\/keiko-nishizu-i-sayuri-aramaki-koncert-03-ozujka-2015\/DSC_8794.JPG\"\n               data-thumbnail=\"https:\/\/kontesadora.hr\/stara\/wp-content\/gallery\/keiko-nishizu-i-sayuri-aramaki-koncert-03-ozujka-2015\/thumbs\/thumbs_DSC_8794.JPG\"\n               data-image-id=\"2980\"\n               data-title=\"DSC_8794.JPG\"\n               data-description=\"\"\n               data-image-slug=\"dsc_8794-jpg\"\n               class=\"shutterset_a6ba42b98dd53c06ed370550da698a22\">\n                <img\n                    title=\"DSC_8794.JPG\"\n                    alt=\"DSC_8794.JPG\"\n                    src=\"https:\/\/kontesadora.hr\/stara\/wp-content\/gallery\/keiko-nishizu-i-sayuri-aramaki-koncert-03-ozujka-2015\/thumbs\/thumbs_DSC_8794.JPG\"\n                    width=\"100\"\n                    height=\"75\"\n                    style=\"max-width:100%;\"\n                \/>\n            <\/a>\n        <\/div>\n\t\t\t\t\t\t\t<\/div> \n\t\t\t\n        \n\t\t\t\t<div id=\"ngg-image-2\" class=\"ngg-gallery-thumbnail-box\" >\n\t\t\t\t        <div class=\"ngg-gallery-thumbnail\">\n            <a href=\"https:\/\/kontesadora.hr\/stara\/wp-content\/gallery\/keiko-nishizu-i-sayuri-aramaki-koncert-03-ozujka-2015\/DSC_8791.JPG\"\n               title=\"\"\n               data-src=\"https:\/\/kontesadora.hr\/stara\/wp-content\/gallery\/keiko-nishizu-i-sayuri-aramaki-koncert-03-ozujka-2015\/DSC_8791.JPG\"\n               data-thumbnail=\"https:\/\/kontesadora.hr\/stara\/wp-content\/gallery\/keiko-nishizu-i-sayuri-aramaki-koncert-03-ozujka-2015\/thumbs\/thumbs_DSC_8791.JPG\"\n               data-image-id=\"2979\"\n               data-title=\"DSC_8791.JPG\"\n               data-description=\"\"\n               data-image-slug=\"dsc_8791-jpg\"\n               class=\"shutterset_a6ba42b98dd53c06ed370550da698a22\">\n                <img\n                    title=\"DSC_8791.JPG\"\n                    alt=\"DSC_8791.JPG\"\n                    src=\"https:\/\/kontesadora.hr\/stara\/wp-content\/gallery\/keiko-nishizu-i-sayuri-aramaki-koncert-03-ozujka-2015\/thumbs\/thumbs_DSC_8791.JPG\"\n                    width=\"100\"\n                    height=\"75\"\n                    style=\"max-width:100%;\"\n                \/>\n            <\/a>\n        <\/div>\n\t\t\t\t\t\t\t<\/div> \n\t\t\t\n        \n\t\t\t\t<div id=\"ngg-image-3\" class=\"ngg-gallery-thumbnail-box\" >\n\t\t\t\t        <div class=\"ngg-gallery-thumbnail\">\n            <a href=\"https:\/\/kontesadora.hr\/stara\/wp-content\/gallery\/keiko-nishizu-i-sayuri-aramaki-koncert-03-ozujka-2015\/DSC_8790.JPG\"\n               title=\"\"\n               data-src=\"https:\/\/kontesadora.hr\/stara\/wp-content\/gallery\/keiko-nishizu-i-sayuri-aramaki-koncert-03-ozujka-2015\/DSC_8790.JPG\"\n               data-thumbnail=\"https:\/\/kontesadora.hr\/stara\/wp-content\/gallery\/keiko-nishizu-i-sayuri-aramaki-koncert-03-ozujka-2015\/thumbs\/thumbs_DSC_8790.JPG\"\n               data-image-id=\"2978\"\n               data-title=\"DSC_8790.JPG\"\n               data-description=\"\"\n               data-image-slug=\"dsc_8790-jpg\"\n               class=\"shutterset_a6ba42b98dd53c06ed370550da698a22\">\n                <img\n                    title=\"DSC_8790.JPG\"\n                    alt=\"DSC_8790.JPG\"\n                    src=\"https:\/\/kontesadora.hr\/stara\/wp-content\/gallery\/keiko-nishizu-i-sayuri-aramaki-koncert-03-ozujka-2015\/thumbs\/thumbs_DSC_8790.JPG\"\n                    width=\"100\"\n                    height=\"75\"\n                    style=\"max-width:100%;\"\n                \/>\n            <\/a>\n        <\/div>\n\t\t\t\t\t\t\t<\/div> \n\t\t\t\n        \n\t\t\t\t<div id=\"ngg-image-4\" class=\"ngg-gallery-thumbnail-box\" >\n\t\t\t\t        <div class=\"ngg-gallery-thumbnail\">\n            <a href=\"https:\/\/kontesadora.hr\/stara\/wp-content\/gallery\/keiko-nishizu-i-sayuri-aramaki-koncert-03-ozujka-2015\/DSC_8787.JPG\"\n               title=\"\"\n               data-src=\"https:\/\/kontesadora.hr\/stara\/wp-content\/gallery\/keiko-nishizu-i-sayuri-aramaki-koncert-03-ozujka-2015\/DSC_8787.JPG\"\n               data-thumbnail=\"https:\/\/kontesadora.hr\/stara\/wp-content\/gallery\/keiko-nishizu-i-sayuri-aramaki-koncert-03-ozujka-2015\/thumbs\/thumbs_DSC_8787.JPG\"\n               data-image-id=\"2977\"\n               data-title=\"DSC_8787.JPG\"\n               data-description=\"\"\n               data-image-slug=\"dsc_8787-jpg\"\n               class=\"shutterset_a6ba42b98dd53c06ed370550da698a22\">\n                <img\n                    title=\"DSC_8787.JPG\"\n                    alt=\"DSC_8787.JPG\"\n                    src=\"https:\/\/kontesadora.hr\/stara\/wp-content\/gallery\/keiko-nishizu-i-sayuri-aramaki-koncert-03-ozujka-2015\/thumbs\/thumbs_DSC_8787.JPG\"\n                    width=\"100\"\n                    height=\"75\"\n                    style=\"max-width:100%;\"\n                \/>\n            <\/a>\n        <\/div>\n\t\t\t\t\t\t\t<\/div> \n\t\t\t\n        \n\t\t\t\t<div id=\"ngg-image-5\" class=\"ngg-gallery-thumbnail-box\" >\n\t\t\t\t        <div class=\"ngg-gallery-thumbnail\">\n            <a href=\"https:\/\/kontesadora.hr\/stara\/wp-content\/gallery\/keiko-nishizu-i-sayuri-aramaki-koncert-03-ozujka-2015\/DSC_8786.JPG\"\n               title=\"\"\n               data-src=\"https:\/\/kontesadora.hr\/stara\/wp-content\/gallery\/keiko-nishizu-i-sayuri-aramaki-koncert-03-ozujka-2015\/DSC_8786.JPG\"\n               data-thumbnail=\"https:\/\/kontesadora.hr\/stara\/wp-content\/gallery\/keiko-nishizu-i-sayuri-aramaki-koncert-03-ozujka-2015\/thumbs\/thumbs_DSC_8786.JPG\"\n               data-image-id=\"2976\"\n               data-title=\"DSC_8786.JPG\"\n               data-description=\"\"\n               data-image-slug=\"dsc_8786-jpg\"\n               class=\"shutterset_a6ba42b98dd53c06ed370550da698a22\">\n                <img\n                    title=\"DSC_8786.JPG\"\n                    alt=\"DSC_8786.JPG\"\n                    src=\"https:\/\/kontesadora.hr\/stara\/wp-content\/gallery\/keiko-nishizu-i-sayuri-aramaki-koncert-03-ozujka-2015\/thumbs\/thumbs_DSC_8786.JPG\"\n                    width=\"100\"\n                    height=\"75\"\n                    style=\"max-width:100%;\"\n                \/>\n            <\/a>\n        <\/div>\n\t\t\t\t\t\t\t<\/div> \n\t\t\t\n        \n\t\t\t\t<div id=\"ngg-image-6\" class=\"ngg-gallery-thumbnail-box\" >\n\t\t\t\t        <div class=\"ngg-gallery-thumbnail\">\n            <a href=\"https:\/\/kontesadora.hr\/stara\/wp-content\/gallery\/keiko-nishizu-i-sayuri-aramaki-koncert-03-ozujka-2015\/DSC_8784.JPG\"\n               title=\"\"\n               data-src=\"https:\/\/kontesadora.hr\/stara\/wp-content\/gallery\/keiko-nishizu-i-sayuri-aramaki-koncert-03-ozujka-2015\/DSC_8784.JPG\"\n               data-thumbnail=\"https:\/\/kontesadora.hr\/stara\/wp-content\/gallery\/keiko-nishizu-i-sayuri-aramaki-koncert-03-ozujka-2015\/thumbs\/thumbs_DSC_8784.JPG\"\n               data-image-id=\"2975\"\n               data-title=\"DSC_8784.JPG\"\n               data-description=\"\"\n               data-image-slug=\"dsc_8784-jpg\"\n               class=\"shutterset_a6ba42b98dd53c06ed370550da698a22\">\n                <img\n                    title=\"DSC_8784.JPG\"\n                    alt=\"DSC_8784.JPG\"\n                    src=\"https:\/\/kontesadora.hr\/stara\/wp-content\/gallery\/keiko-nishizu-i-sayuri-aramaki-koncert-03-ozujka-2015\/thumbs\/thumbs_DSC_8784.JPG\"\n                    width=\"100\"\n                    height=\"75\"\n                    style=\"max-width:100%;\"\n                \/>\n            <\/a>\n        <\/div>\n\t\t\t\t\t\t\t<\/div> \n\t\t\t\n        \n\t\t\t\t<div id=\"ngg-image-7\" class=\"ngg-gallery-thumbnail-box\" >\n\t\t\t\t        <div class=\"ngg-gallery-thumbnail\">\n            <a href=\"https:\/\/kontesadora.hr\/stara\/wp-content\/gallery\/keiko-nishizu-i-sayuri-aramaki-koncert-03-ozujka-2015\/DSC_8783.JPG\"\n               title=\"\"\n               data-src=\"https:\/\/kontesadora.hr\/stara\/wp-content\/gallery\/keiko-nishizu-i-sayuri-aramaki-koncert-03-ozujka-2015\/DSC_8783.JPG\"\n               data-thumbnail=\"https:\/\/kontesadora.hr\/stara\/wp-content\/gallery\/keiko-nishizu-i-sayuri-aramaki-koncert-03-ozujka-2015\/thumbs\/thumbs_DSC_8783.JPG\"\n               data-image-id=\"2974\"\n               data-title=\"DSC_8783.JPG\"\n               data-description=\"\"\n               data-image-slug=\"dsc_8783-jpg\"\n               class=\"shutterset_a6ba42b98dd53c06ed370550da698a22\">\n                <img\n                    title=\"DSC_8783.JPG\"\n                    alt=\"DSC_8783.JPG\"\n                    src=\"https:\/\/kontesadora.hr\/stara\/wp-content\/gallery\/keiko-nishizu-i-sayuri-aramaki-koncert-03-ozujka-2015\/thumbs\/thumbs_DSC_8783.JPG\"\n                    width=\"100\"\n                    height=\"75\"\n                    style=\"max-width:100%;\"\n                \/>\n            <\/a>\n        <\/div>\n\t\t\t\t\t\t\t<\/div> \n\t\t\t\n        \n\t\t\t\t<div id=\"ngg-image-8\" class=\"ngg-gallery-thumbnail-box\" >\n\t\t\t\t        <div class=\"ngg-gallery-thumbnail\">\n            <a href=\"https:\/\/kontesadora.hr\/stara\/wp-content\/gallery\/keiko-nishizu-i-sayuri-aramaki-koncert-03-ozujka-2015\/DSC_8760.JPG\"\n               title=\"\"\n               data-src=\"https:\/\/kontesadora.hr\/stara\/wp-content\/gallery\/keiko-nishizu-i-sayuri-aramaki-koncert-03-ozujka-2015\/DSC_8760.JPG\"\n               data-thumbnail=\"https:\/\/kontesadora.hr\/stara\/wp-content\/gallery\/keiko-nishizu-i-sayuri-aramaki-koncert-03-ozujka-2015\/thumbs\/thumbs_DSC_8760.JPG\"\n               data-image-id=\"2973\"\n               data-title=\"DSC_8760.JPG\"\n               data-description=\"\"\n               data-image-slug=\"dsc_8760-jpg\"\n               class=\"shutterset_a6ba42b98dd53c06ed370550da698a22\">\n                <img\n                    title=\"DSC_8760.JPG\"\n                    alt=\"DSC_8760.JPG\"\n                    src=\"https:\/\/kontesadora.hr\/stara\/wp-content\/gallery\/keiko-nishizu-i-sayuri-aramaki-koncert-03-ozujka-2015\/thumbs\/thumbs_DSC_8760.JPG\"\n                    width=\"100\"\n                    height=\"75\"\n                    style=\"max-width:100%;\"\n                \/>\n            <\/a>\n        <\/div>\n\t\t\t\t\t\t\t<\/div> \n\t\t\t\n        \n\t\t\t\t<div id=\"ngg-image-9\" class=\"ngg-gallery-thumbnail-box\" >\n\t\t\t\t        <div class=\"ngg-gallery-thumbnail\">\n            <a href=\"https:\/\/kontesadora.hr\/stara\/wp-content\/gallery\/keiko-nishizu-i-sayuri-aramaki-koncert-03-ozujka-2015\/DSC_8757.JPG\"\n               title=\"\"\n               data-src=\"https:\/\/kontesadora.hr\/stara\/wp-content\/gallery\/keiko-nishizu-i-sayuri-aramaki-koncert-03-ozujka-2015\/DSC_8757.JPG\"\n               data-thumbnail=\"https:\/\/kontesadora.hr\/stara\/wp-content\/gallery\/keiko-nishizu-i-sayuri-aramaki-koncert-03-ozujka-2015\/thumbs\/thumbs_DSC_8757.JPG\"\n               data-image-id=\"2972\"\n               data-title=\"DSC_8757.JPG\"\n               data-description=\"\"\n               data-image-slug=\"dsc_8757-jpg\"\n               class=\"shutterset_a6ba42b98dd53c06ed370550da698a22\">\n                <img\n                    title=\"DSC_8757.JPG\"\n                    alt=\"DSC_8757.JPG\"\n                    src=\"https:\/\/kontesadora.hr\/stara\/wp-content\/gallery\/keiko-nishizu-i-sayuri-aramaki-koncert-03-ozujka-2015\/thumbs\/thumbs_DSC_8757.JPG\"\n                    width=\"100\"\n                    height=\"75\"\n                    style=\"max-width:100%;\"\n                \/>\n            <\/a>\n        <\/div>\n\t\t\t\t\t\t\t<\/div> \n\t\t\t\n        \n\t\t\t\t<div id=\"ngg-image-10\" class=\"ngg-gallery-thumbnail-box\" >\n\t\t\t\t        <div class=\"ngg-gallery-thumbnail\">\n            <a href=\"https:\/\/kontesadora.hr\/stara\/wp-content\/gallery\/keiko-nishizu-i-sayuri-aramaki-koncert-03-ozujka-2015\/DSC_8756.JPG\"\n               title=\"\"\n               data-src=\"https:\/\/kontesadora.hr\/stara\/wp-content\/gallery\/keiko-nishizu-i-sayuri-aramaki-koncert-03-ozujka-2015\/DSC_8756.JPG\"\n               data-thumbnail=\"https:\/\/kontesadora.hr\/stara\/wp-content\/gallery\/keiko-nishizu-i-sayuri-aramaki-koncert-03-ozujka-2015\/thumbs\/thumbs_DSC_8756.JPG\"\n               data-image-id=\"2971\"\n               data-title=\"DSC_8756.JPG\"\n               data-description=\"\"\n               data-image-slug=\"dsc_8756-jpg\"\n               class=\"shutterset_a6ba42b98dd53c06ed370550da698a22\">\n                <img\n                    title=\"DSC_8756.JPG\"\n                    alt=\"DSC_8756.JPG\"\n                    src=\"https:\/\/kontesadora.hr\/stara\/wp-content\/gallery\/keiko-nishizu-i-sayuri-aramaki-koncert-03-ozujka-2015\/thumbs\/thumbs_DSC_8756.JPG\"\n                    width=\"100\"\n                    height=\"75\"\n                    style=\"max-width:100%;\"\n                \/>\n            <\/a>\n        <\/div>\n\t\t\t\t\t\t\t<\/div> \n\t\t\t\n        \n\t\t\t\t<div id=\"ngg-image-11\" class=\"ngg-gallery-thumbnail-box\" >\n\t\t\t\t        <div class=\"ngg-gallery-thumbnail\">\n            <a href=\"https:\/\/kontesadora.hr\/stara\/wp-content\/gallery\/keiko-nishizu-i-sayuri-aramaki-koncert-03-ozujka-2015\/DSC_8754.JPG\"\n               title=\"\"\n               data-src=\"https:\/\/kontesadora.hr\/stara\/wp-content\/gallery\/keiko-nishizu-i-sayuri-aramaki-koncert-03-ozujka-2015\/DSC_8754.JPG\"\n               data-thumbnail=\"https:\/\/kontesadora.hr\/stara\/wp-content\/gallery\/keiko-nishizu-i-sayuri-aramaki-koncert-03-ozujka-2015\/thumbs\/thumbs_DSC_8754.JPG\"\n               data-image-id=\"2970\"\n               data-title=\"DSC_8754.JPG\"\n               data-description=\"\"\n               data-image-slug=\"dsc_8754-jpg\"\n               class=\"shutterset_a6ba42b98dd53c06ed370550da698a22\">\n                <img\n                    title=\"DSC_8754.JPG\"\n                    alt=\"DSC_8754.JPG\"\n                    src=\"https:\/\/kontesadora.hr\/stara\/wp-content\/gallery\/keiko-nishizu-i-sayuri-aramaki-koncert-03-ozujka-2015\/thumbs\/thumbs_DSC_8754.JPG\"\n                    width=\"100\"\n                    height=\"75\"\n                    style=\"max-width:100%;\"\n                \/>\n            <\/a>\n        <\/div>\n\t\t\t\t\t\t\t<\/div> \n\t\t\t\n        \n\t\t\t\t<div id=\"ngg-image-12\" class=\"ngg-gallery-thumbnail-box\" >\n\t\t\t\t        <div class=\"ngg-gallery-thumbnail\">\n            <a href=\"https:\/\/kontesadora.hr\/stara\/wp-content\/gallery\/keiko-nishizu-i-sayuri-aramaki-koncert-03-ozujka-2015\/DSC_8748.JPG\"\n               title=\"\"\n               data-src=\"https:\/\/kontesadora.hr\/stara\/wp-content\/gallery\/keiko-nishizu-i-sayuri-aramaki-koncert-03-ozujka-2015\/DSC_8748.JPG\"\n               data-thumbnail=\"https:\/\/kontesadora.hr\/stara\/wp-content\/gallery\/keiko-nishizu-i-sayuri-aramaki-koncert-03-ozujka-2015\/thumbs\/thumbs_DSC_8748.JPG\"\n               data-image-id=\"2969\"\n               data-title=\"DSC_8748.JPG\"\n               data-description=\"\"\n               data-image-slug=\"dsc_8748-jpg\"\n               class=\"shutterset_a6ba42b98dd53c06ed370550da698a22\">\n                <img\n                    title=\"DSC_8748.JPG\"\n                    alt=\"DSC_8748.JPG\"\n                    src=\"https:\/\/kontesadora.hr\/stara\/wp-content\/gallery\/keiko-nishizu-i-sayuri-aramaki-koncert-03-ozujka-2015\/thumbs\/thumbs_DSC_8748.JPG\"\n                    width=\"100\"\n                    height=\"75\"\n                    style=\"max-width:100%;\"\n                \/>\n            <\/a>\n        <\/div>\n\t\t\t\t\t\t\t<\/div> \n\t\t\t\n        \n\t\t\t\t<div id=\"ngg-image-13\" class=\"ngg-gallery-thumbnail-box\" >\n\t\t\t\t        <div class=\"ngg-gallery-thumbnail\">\n            <a href=\"https:\/\/kontesadora.hr\/stara\/wp-content\/gallery\/keiko-nishizu-i-sayuri-aramaki-koncert-03-ozujka-2015\/DSC_8746.JPG\"\n               title=\"\"\n               data-src=\"https:\/\/kontesadora.hr\/stara\/wp-content\/gallery\/keiko-nishizu-i-sayuri-aramaki-koncert-03-ozujka-2015\/DSC_8746.JPG\"\n               data-thumbnail=\"https:\/\/kontesadora.hr\/stara\/wp-content\/gallery\/keiko-nishizu-i-sayuri-aramaki-koncert-03-ozujka-2015\/thumbs\/thumbs_DSC_8746.JPG\"\n               data-image-id=\"2968\"\n               data-title=\"DSC_8746.JPG\"\n               data-description=\"\"\n               data-image-slug=\"dsc_8746-jpg\"\n               class=\"shutterset_a6ba42b98dd53c06ed370550da698a22\">\n                <img\n                    title=\"DSC_8746.JPG\"\n                    alt=\"DSC_8746.JPG\"\n                    src=\"https:\/\/kontesadora.hr\/stara\/wp-content\/gallery\/keiko-nishizu-i-sayuri-aramaki-koncert-03-ozujka-2015\/thumbs\/thumbs_DSC_8746.JPG\"\n                    width=\"100\"\n                    height=\"75\"\n                    style=\"max-width:100%;\"\n                \/>\n            <\/a>\n        <\/div>\n\t\t\t\t\t\t\t<\/div> \n\t\t\t\n        \n\t\t\t\t<div id=\"ngg-image-14\" class=\"ngg-gallery-thumbnail-box\" >\n\t\t\t\t        <div class=\"ngg-gallery-thumbnail\">\n            <a href=\"https:\/\/kontesadora.hr\/stara\/wp-content\/gallery\/keiko-nishizu-i-sayuri-aramaki-koncert-03-ozujka-2015\/DSC_8744.JPG\"\n               title=\"\"\n               data-src=\"https:\/\/kontesadora.hr\/stara\/wp-content\/gallery\/keiko-nishizu-i-sayuri-aramaki-koncert-03-ozujka-2015\/DSC_8744.JPG\"\n               data-thumbnail=\"https:\/\/kontesadora.hr\/stara\/wp-content\/gallery\/keiko-nishizu-i-sayuri-aramaki-koncert-03-ozujka-2015\/thumbs\/thumbs_DSC_8744.JPG\"\n               data-image-id=\"2967\"\n               data-title=\"DSC_8744.JPG\"\n               data-description=\"\"\n               data-image-slug=\"dsc_8744-jpg\"\n               class=\"shutterset_a6ba42b98dd53c06ed370550da698a22\">\n                <img\n                    title=\"DSC_8744.JPG\"\n                    alt=\"DSC_8744.JPG\"\n                    src=\"https:\/\/kontesadora.hr\/stara\/wp-content\/gallery\/keiko-nishizu-i-sayuri-aramaki-koncert-03-ozujka-2015\/thumbs\/thumbs_DSC_8744.JPG\"\n                    width=\"100\"\n                    height=\"75\"\n                    style=\"max-width:100%;\"\n                \/>\n            <\/a>\n        <\/div>\n\t\t\t\t\t\t\t<\/div> \n\t\t\t\n        \n\t\t\t\t<div id=\"ngg-image-15\" class=\"ngg-gallery-thumbnail-box\" >\n\t\t\t\t        <div class=\"ngg-gallery-thumbnail\">\n            <a href=\"https:\/\/kontesadora.hr\/stara\/wp-content\/gallery\/keiko-nishizu-i-sayuri-aramaki-koncert-03-ozujka-2015\/DSC_8741.JPG\"\n               title=\"\"\n               data-src=\"https:\/\/kontesadora.hr\/stara\/wp-content\/gallery\/keiko-nishizu-i-sayuri-aramaki-koncert-03-ozujka-2015\/DSC_8741.JPG\"\n               data-thumbnail=\"https:\/\/kontesadora.hr\/stara\/wp-content\/gallery\/keiko-nishizu-i-sayuri-aramaki-koncert-03-ozujka-2015\/thumbs\/thumbs_DSC_8741.JPG\"\n               data-image-id=\"2966\"\n               data-title=\"DSC_8741.JPG\"\n               data-description=\"\"\n               data-image-slug=\"dsc_8741-jpg\"\n               class=\"shutterset_a6ba42b98dd53c06ed370550da698a22\">\n                <img\n                    title=\"DSC_8741.JPG\"\n                    alt=\"DSC_8741.JPG\"\n                    src=\"https:\/\/kontesadora.hr\/stara\/wp-content\/gallery\/keiko-nishizu-i-sayuri-aramaki-koncert-03-ozujka-2015\/thumbs\/thumbs_DSC_8741.JPG\"\n                    width=\"100\"\n                    height=\"75\"\n                    style=\"max-width:100%;\"\n                \/>\n            <\/a>\n        <\/div>\n\t\t\t\t\t\t\t<\/div> \n\t\t\t\n        \n\t\t\t\t<div id=\"ngg-image-16\" class=\"ngg-gallery-thumbnail-box\" >\n\t\t\t\t        <div class=\"ngg-gallery-thumbnail\">\n            <a href=\"https:\/\/kontesadora.hr\/stara\/wp-content\/gallery\/keiko-nishizu-i-sayuri-aramaki-koncert-03-ozujka-2015\/DSC_8726.JPG\"\n               title=\"\"\n               data-src=\"https:\/\/kontesadora.hr\/stara\/wp-content\/gallery\/keiko-nishizu-i-sayuri-aramaki-koncert-03-ozujka-2015\/DSC_8726.JPG\"\n               data-thumbnail=\"https:\/\/kontesadora.hr\/stara\/wp-content\/gallery\/keiko-nishizu-i-sayuri-aramaki-koncert-03-ozujka-2015\/thumbs\/thumbs_DSC_8726.JPG\"\n               data-image-id=\"2965\"\n               data-title=\"DSC_8726.JPG\"\n               data-description=\"\"\n               data-image-slug=\"dsc_8726-jpg\"\n               class=\"shutterset_a6ba42b98dd53c06ed370550da698a22\">\n                <img\n                    title=\"DSC_8726.JPG\"\n                    alt=\"DSC_8726.JPG\"\n                    src=\"https:\/\/kontesadora.hr\/stara\/wp-content\/gallery\/keiko-nishizu-i-sayuri-aramaki-koncert-03-ozujka-2015\/thumbs\/thumbs_DSC_8726.JPG\"\n                    width=\"100\"\n                    height=\"75\"\n                    style=\"max-width:100%;\"\n                \/>\n            <\/a>\n        <\/div>\n\t\t\t\t\t\t\t<\/div> \n\t\t\t\n        \n\t\t\t\t<div id=\"ngg-image-17\" class=\"ngg-gallery-thumbnail-box\" >\n\t\t\t\t        <div class=\"ngg-gallery-thumbnail\">\n            <a href=\"https:\/\/kontesadora.hr\/stara\/wp-content\/gallery\/keiko-nishizu-i-sayuri-aramaki-koncert-03-ozujka-2015\/DSC_8724.JPG\"\n               title=\"\"\n               data-src=\"https:\/\/kontesadora.hr\/stara\/wp-content\/gallery\/keiko-nishizu-i-sayuri-aramaki-koncert-03-ozujka-2015\/DSC_8724.JPG\"\n               data-thumbnail=\"https:\/\/kontesadora.hr\/stara\/wp-content\/gallery\/keiko-nishizu-i-sayuri-aramaki-koncert-03-ozujka-2015\/thumbs\/thumbs_DSC_8724.JPG\"\n               data-image-id=\"2964\"\n               data-title=\"DSC_8724.JPG\"\n               data-description=\"\"\n               data-image-slug=\"dsc_8724-jpg\"\n               class=\"shutterset_a6ba42b98dd53c06ed370550da698a22\">\n                <img\n                    title=\"DSC_8724.JPG\"\n                    alt=\"DSC_8724.JPG\"\n                    src=\"https:\/\/kontesadora.hr\/stara\/wp-content\/gallery\/keiko-nishizu-i-sayuri-aramaki-koncert-03-ozujka-2015\/thumbs\/thumbs_DSC_8724.JPG\"\n                    width=\"100\"\n                    height=\"75\"\n                    style=\"max-width:100%;\"\n                \/>\n            <\/a>\n        <\/div>\n\t\t\t\t\t\t\t<\/div> \n\t\t\t\n        \n\t\t\t\t<div id=\"ngg-image-18\" class=\"ngg-gallery-thumbnail-box\" >\n\t\t\t\t        <div class=\"ngg-gallery-thumbnail\">\n            <a href=\"https:\/\/kontesadora.hr\/stara\/wp-content\/gallery\/keiko-nishizu-i-sayuri-aramaki-koncert-03-ozujka-2015\/DSC_8722.JPG\"\n               title=\"\"\n               data-src=\"https:\/\/kontesadora.hr\/stara\/wp-content\/gallery\/keiko-nishizu-i-sayuri-aramaki-koncert-03-ozujka-2015\/DSC_8722.JPG\"\n               data-thumbnail=\"https:\/\/kontesadora.hr\/stara\/wp-content\/gallery\/keiko-nishizu-i-sayuri-aramaki-koncert-03-ozujka-2015\/thumbs\/thumbs_DSC_8722.JPG\"\n               data-image-id=\"2963\"\n               data-title=\"DSC_8722.JPG\"\n               data-description=\"\"\n               data-image-slug=\"dsc_8722-jpg\"\n               class=\"shutterset_a6ba42b98dd53c06ed370550da698a22\">\n                <img\n                    title=\"DSC_8722.JPG\"\n                    alt=\"DSC_8722.JPG\"\n                    src=\"https:\/\/kontesadora.hr\/stara\/wp-content\/gallery\/keiko-nishizu-i-sayuri-aramaki-koncert-03-ozujka-2015\/thumbs\/thumbs_DSC_8722.JPG\"\n                    width=\"100\"\n                    height=\"75\"\n                    style=\"max-width:100%;\"\n                \/>\n            <\/a>\n        <\/div>\n\t\t\t\t\t\t\t<\/div> \n\t\t\t\n        \n\t\t\t\t<div id=\"ngg-image-19\" class=\"ngg-gallery-thumbnail-box\" >\n\t\t\t\t        <div class=\"ngg-gallery-thumbnail\">\n            <a href=\"https:\/\/kontesadora.hr\/stara\/wp-content\/gallery\/keiko-nishizu-i-sayuri-aramaki-koncert-03-ozujka-2015\/DSC_8721.JPG\"\n               title=\"\"\n               data-src=\"https:\/\/kontesadora.hr\/stara\/wp-content\/gallery\/keiko-nishizu-i-sayuri-aramaki-koncert-03-ozujka-2015\/DSC_8721.JPG\"\n               data-thumbnail=\"https:\/\/kontesadora.hr\/stara\/wp-content\/gallery\/keiko-nishizu-i-sayuri-aramaki-koncert-03-ozujka-2015\/thumbs\/thumbs_DSC_8721.JPG\"\n               data-image-id=\"2962\"\n               data-title=\"DSC_8721.JPG\"\n               data-description=\"\"\n               data-image-slug=\"dsc_8721-jpg\"\n               class=\"shutterset_a6ba42b98dd53c06ed370550da698a22\">\n                <img\n                    title=\"DSC_8721.JPG\"\n                    alt=\"DSC_8721.JPG\"\n                    src=\"https:\/\/kontesadora.hr\/stara\/wp-content\/gallery\/keiko-nishizu-i-sayuri-aramaki-koncert-03-ozujka-2015\/thumbs\/thumbs_DSC_8721.JPG\"\n                    width=\"100\"\n                    height=\"75\"\n                    style=\"max-width:100%;\"\n                \/>\n            <\/a>\n        <\/div>\n\t\t\t\t\t\t\t<\/div> \n\t\t\t\n        \n\t\t\n\t\t<!-- Pagination -->\n\t<div class='ngg-navigation'><span class='current'>1<\/span>\n<a class='page-numbers' data-pageid='2' href='https:\/\/kontesadora.hr\/stara\/galerija\/nggallery\/page\/2'>2<\/a>\n<a class='page-numbers' data-pageid='3' href='https:\/\/kontesadora.hr\/stara\/galerija\/nggallery\/page\/3'>3<\/a>\n<a class='prev' href='https:\/\/kontesadora.hr\/stara\/galerija\/nggallery\/page\/2' data-pageid=2>&#9658;<\/a><\/div>\t<\/div>\nKeiko Nishizu i Sayuri Aramaki &#8211; koncert 03.o\u017eujka 2015.<\/p>\n<!-- index.php -->\n<div\n\tclass=\"ngg-galleryoverview ngg-ajax-pagination-none\"\n\tid=\"ngg-gallery-a9fbc38b8bbad7dda1c86b42be35d27f-1\">\n\n    \t<div class=\"slideshowlink\">\n        <a href='https:\/\/kontesadora.hr\/stara\/galerija\/nggallery\/slideshow'>[Show as slideshow]<\/a>\n\t\t\n\t<\/div>\n\t\t\t<!-- Thumbnails -->\n\t\t\t\t<div id=\"ngg-image-0\" class=\"ngg-gallery-thumbnail-box\" >\n\t\t\t\t        <div class=\"ngg-gallery-thumbnail\">\n            <a href=\"https:\/\/kontesadora.hr\/stara\/wp-content\/gallery\/7-03-2015-primosten-53-hrvatsko-natjecanje-ucenika-i-studenata-glazbe-i-plesa-u-disciplini-orkestri-drzavno-natjecanje\/Primo%C5%A1ten-2015.-53.dr%C5%BE.ORKESTRI-1.nagrada-9882.-junaci.jpg\"\n               title=\"\"\n               data-src=\"https:\/\/kontesadora.hr\/stara\/wp-content\/gallery\/7-03-2015-primosten-53-hrvatsko-natjecanje-ucenika-i-studenata-glazbe-i-plesa-u-disciplini-orkestri-drzavno-natjecanje\/Primo%C5%A1ten-2015.-53.dr%C5%BE.ORKESTRI-1.nagrada-9882.-junaci.jpg\"\n               data-thumbnail=\"https:\/\/kontesadora.hr\/stara\/wp-content\/gallery\/7-03-2015-primosten-53-hrvatsko-natjecanje-ucenika-i-studenata-glazbe-i-plesa-u-disciplini-orkestri-drzavno-natjecanje\/thumbs\/thumbs_Primo%C5%A1ten-2015.-53.dr%C5%BE.ORKESTRI-1.nagrada-9882.-junaci.jpg\"\n               data-image-id=\"2934\"\n               data-title=\"Primo\u0161ten 2015., 53.dr\u017e.ORKESTRI, 1.nagrada 98,82. junaci.jpg\"\n               data-description=\"\"\n               data-image-slug=\"primo%c5%a1ten-2015-53-dr%c5%be-orkestri-1-nagrada-9882-junaci-jpg-1\"\n               class=\"shutterset_a9fbc38b8bbad7dda1c86b42be35d27f\">\n                <img\n                    title=\"Primo\u0161ten 2015., 53.dr\u017e.ORKESTRI, 1.nagrada 98,82. junaci.jpg\"\n                    alt=\"Primo\u0161ten 2015., 53.dr\u017e.ORKESTRI, 1.nagrada 98,82. junaci.jpg\"\n                    src=\"https:\/\/kontesadora.hr\/stara\/wp-content\/gallery\/7-03-2015-primosten-53-hrvatsko-natjecanje-ucenika-i-studenata-glazbe-i-plesa-u-disciplini-orkestri-drzavno-natjecanje\/thumbs\/thumbs_Primo%C5%A1ten-2015.-53.dr%C5%BE.ORKESTRI-1.nagrada-9882.-junaci.jpg\"\n                    width=\"100\"\n                    height=\"75\"\n                    style=\"max-width:100%;\"\n                \/>\n            <\/a>\n        <\/div>\n\t\t\t\t\t\t\t<\/div> \n\t\t\t\n        \n\t\t\t\t<div id=\"ngg-image-1\" class=\"ngg-gallery-thumbnail-box\" >\n\t\t\t\t        <div class=\"ngg-gallery-thumbnail\">\n            <a href=\"https:\/\/kontesadora.hr\/stara\/wp-content\/gallery\/7-03-2015-primosten-53-hrvatsko-natjecanje-ucenika-i-studenata-glazbe-i-plesa-u-disciplini-orkestri-drzavno-natjecanje\/Primo%C5%A1ten-2015.-53.dr%C5%BE.ORKESTRI-1.nagrada-9882.-junaci-na%C5%A1e-%C5%A1kole.jpg\"\n               title=\"\"\n               data-src=\"https:\/\/kontesadora.hr\/stara\/wp-content\/gallery\/7-03-2015-primosten-53-hrvatsko-natjecanje-ucenika-i-studenata-glazbe-i-plesa-u-disciplini-orkestri-drzavno-natjecanje\/Primo%C5%A1ten-2015.-53.dr%C5%BE.ORKESTRI-1.nagrada-9882.-junaci-na%C5%A1e-%C5%A1kole.jpg\"\n               data-thumbnail=\"https:\/\/kontesadora.hr\/stara\/wp-content\/gallery\/7-03-2015-primosten-53-hrvatsko-natjecanje-ucenika-i-studenata-glazbe-i-plesa-u-disciplini-orkestri-drzavno-natjecanje\/thumbs\/thumbs_Primo%C5%A1ten-2015.-53.dr%C5%BE.ORKESTRI-1.nagrada-9882.-junaci-na%C5%A1e-%C5%A1kole.jpg\"\n               data-image-id=\"2933\"\n               data-title=\"Primo\u0161ten 2015., 53.dr\u017e.ORKESTRI, 1.nagrada 98,82. junaci na\u0161e \u0161kole.jpg\"\n               data-description=\"\"\n               data-image-slug=\"primo%c5%a1ten-2015-53-dr%c5%be-orkestri-1-nagrada-9882-junaci-na%c5%a1e-%c5%a1kole-jpg-1\"\n               class=\"shutterset_a9fbc38b8bbad7dda1c86b42be35d27f\">\n                <img\n                    title=\"Primo\u0161ten 2015., 53.dr\u017e.ORKESTRI, 1.nagrada 98,82. junaci na\u0161e \u0161kole.jpg\"\n                    alt=\"Primo\u0161ten 2015., 53.dr\u017e.ORKESTRI, 1.nagrada 98,82. junaci na\u0161e \u0161kole.jpg\"\n                    src=\"https:\/\/kontesadora.hr\/stara\/wp-content\/gallery\/7-03-2015-primosten-53-hrvatsko-natjecanje-ucenika-i-studenata-glazbe-i-plesa-u-disciplini-orkestri-drzavno-natjecanje\/thumbs\/thumbs_Primo%C5%A1ten-2015.-53.dr%C5%BE.ORKESTRI-1.nagrada-9882.-junaci-na%C5%A1e-%C5%A1kole.jpg\"\n                    width=\"100\"\n                    height=\"75\"\n                    style=\"max-width:100%;\"\n                \/>\n            <\/a>\n        <\/div>\n\t\t\t\t\t\t\t<\/div> \n\t\t\t\n        \n\t\t\t\t<div id=\"ngg-image-2\" class=\"ngg-gallery-thumbnail-box\" >\n\t\t\t\t        <div class=\"ngg-gallery-thumbnail\">\n            <a href=\"https:\/\/kontesadora.hr\/stara\/wp-content\/gallery\/7-03-2015-primosten-53-hrvatsko-natjecanje-ucenika-i-studenata-glazbe-i-plesa-u-disciplini-orkestri-drzavno-natjecanje\/Primo%C5%A1ten-2015.-ORKESTAR-53.DR%C5%BD.NATJ_..jpg\"\n               title=\"\"\n               data-src=\"https:\/\/kontesadora.hr\/stara\/wp-content\/gallery\/7-03-2015-primosten-53-hrvatsko-natjecanje-ucenika-i-studenata-glazbe-i-plesa-u-disciplini-orkestri-drzavno-natjecanje\/Primo%C5%A1ten-2015.-ORKESTAR-53.DR%C5%BD.NATJ_..jpg\"\n               data-thumbnail=\"https:\/\/kontesadora.hr\/stara\/wp-content\/gallery\/7-03-2015-primosten-53-hrvatsko-natjecanje-ucenika-i-studenata-glazbe-i-plesa-u-disciplini-orkestri-drzavno-natjecanje\/thumbs\/thumbs_Primo%C5%A1ten-2015.-ORKESTAR-53.DR%C5%BD.NATJ_..jpg\"\n               data-image-id=\"2932\"\n               data-title=\"Primo\u0161ten 2015. ORKESTAR, 53.DR\u017d.NATJ..jpg\"\n               data-description=\"\"\n               data-image-slug=\"primo%c5%a1ten-2015-orkestar-53-dr%c5%be-natj-jpg-1\"\n               class=\"shutterset_a9fbc38b8bbad7dda1c86b42be35d27f\">\n                <img\n                    title=\"Primo\u0161ten 2015. ORKESTAR, 53.DR\u017d.NATJ..jpg\"\n                    alt=\"Primo\u0161ten 2015. ORKESTAR, 53.DR\u017d.NATJ..jpg\"\n                    src=\"https:\/\/kontesadora.hr\/stara\/wp-content\/gallery\/7-03-2015-primosten-53-hrvatsko-natjecanje-ucenika-i-studenata-glazbe-i-plesa-u-disciplini-orkestri-drzavno-natjecanje\/thumbs\/thumbs_Primo%C5%A1ten-2015.-ORKESTAR-53.DR%C5%BD.NATJ_..jpg\"\n                    width=\"100\"\n                    height=\"75\"\n                    style=\"max-width:100%;\"\n                \/>\n            <\/a>\n        <\/div>\n\t\t\t\t\t\t\t<\/div> \n\t\t\t\n        \n\t\t\t\t<div id=\"ngg-image-3\" class=\"ngg-gallery-thumbnail-box\" >\n\t\t\t\t        <div class=\"ngg-gallery-thumbnail\">\n            <a href=\"https:\/\/kontesadora.hr\/stara\/wp-content\/gallery\/7-03-2015-primosten-53-hrvatsko-natjecanje-ucenika-i-studenata-glazbe-i-plesa-u-disciplini-orkestri-drzavno-natjecanje\/Primo%C5%A1ten-7.03.2015.-53.dr%C5%BE.ORKESTRI-1.nagrada-9882_2.jpg\"\n               title=\"\"\n               data-src=\"https:\/\/kontesadora.hr\/stara\/wp-content\/gallery\/7-03-2015-primosten-53-hrvatsko-natjecanje-ucenika-i-studenata-glazbe-i-plesa-u-disciplini-orkestri-drzavno-natjecanje\/Primo%C5%A1ten-7.03.2015.-53.dr%C5%BE.ORKESTRI-1.nagrada-9882_2.jpg\"\n               data-thumbnail=\"https:\/\/kontesadora.hr\/stara\/wp-content\/gallery\/7-03-2015-primosten-53-hrvatsko-natjecanje-ucenika-i-studenata-glazbe-i-plesa-u-disciplini-orkestri-drzavno-natjecanje\/thumbs\/thumbs_Primo%C5%A1ten-7.03.2015.-53.dr%C5%BE.ORKESTRI-1.nagrada-9882_2.jpg\"\n               data-image-id=\"2931\"\n               data-title=\"Primo\u0161ten 7.03.2015., 53.dr\u017e.ORKESTRI, 1.nagrada 98,82_2.jpg\"\n               data-description=\"\"\n               data-image-slug=\"primo%c5%a1ten-7-03-2015-53-dr%c5%be-orkestri-1-nagrada-9882_2-jpg-1\"\n               class=\"shutterset_a9fbc38b8bbad7dda1c86b42be35d27f\">\n                <img\n                    title=\"Primo\u0161ten 7.03.2015., 53.dr\u017e.ORKESTRI, 1.nagrada 98,82_2.jpg\"\n                    alt=\"Primo\u0161ten 7.03.2015., 53.dr\u017e.ORKESTRI, 1.nagrada 98,82_2.jpg\"\n                    src=\"https:\/\/kontesadora.hr\/stara\/wp-content\/gallery\/7-03-2015-primosten-53-hrvatsko-natjecanje-ucenika-i-studenata-glazbe-i-plesa-u-disciplini-orkestri-drzavno-natjecanje\/thumbs\/thumbs_Primo%C5%A1ten-7.03.2015.-53.dr%C5%BE.ORKESTRI-1.nagrada-9882_2.jpg\"\n                    width=\"100\"\n                    height=\"75\"\n                    style=\"max-width:100%;\"\n                \/>\n            <\/a>\n        <\/div>\n\t\t\t\t\t\t\t<\/div> \n\t\t\t\n        \n\t\t\t\t<div id=\"ngg-image-4\" class=\"ngg-gallery-thumbnail-box\" >\n\t\t\t\t        <div class=\"ngg-gallery-thumbnail\">\n            <a href=\"https:\/\/kontesadora.hr\/stara\/wp-content\/gallery\/7-03-2015-primosten-53-hrvatsko-natjecanje-ucenika-i-studenata-glazbe-i-plesa-u-disciplini-orkestri-drzavno-natjecanje\/Primo%C5%A1ten-7.03.2015.-53.dr%C5%BE.ORKESTRI-1.nagrada-9882_1.jpg\"\n               title=\"\"\n               data-src=\"https:\/\/kontesadora.hr\/stara\/wp-content\/gallery\/7-03-2015-primosten-53-hrvatsko-natjecanje-ucenika-i-studenata-glazbe-i-plesa-u-disciplini-orkestri-drzavno-natjecanje\/Primo%C5%A1ten-7.03.2015.-53.dr%C5%BE.ORKESTRI-1.nagrada-9882_1.jpg\"\n               data-thumbnail=\"https:\/\/kontesadora.hr\/stara\/wp-content\/gallery\/7-03-2015-primosten-53-hrvatsko-natjecanje-ucenika-i-studenata-glazbe-i-plesa-u-disciplini-orkestri-drzavno-natjecanje\/thumbs\/thumbs_Primo%C5%A1ten-7.03.2015.-53.dr%C5%BE.ORKESTRI-1.nagrada-9882_1.jpg\"\n               data-image-id=\"2930\"\n               data-title=\"Primo\u0161ten 7.03.2015., 53.dr\u017e.ORKESTRI, 1.nagrada 98,82_1.jpg\"\n               data-description=\"\"\n               data-image-slug=\"primo%c5%a1ten-7-03-2015-53-dr%c5%be-orkestri-1-nagrada-9882_1-jpg-1\"\n               class=\"shutterset_a9fbc38b8bbad7dda1c86b42be35d27f\">\n                <img\n                    title=\"Primo\u0161ten 7.03.2015., 53.dr\u017e.ORKESTRI, 1.nagrada 98,82_1.jpg\"\n                    alt=\"Primo\u0161ten 7.03.2015., 53.dr\u017e.ORKESTRI, 1.nagrada 98,82_1.jpg\"\n                    src=\"https:\/\/kontesadora.hr\/stara\/wp-content\/gallery\/7-03-2015-primosten-53-hrvatsko-natjecanje-ucenika-i-studenata-glazbe-i-plesa-u-disciplini-orkestri-drzavno-natjecanje\/thumbs\/thumbs_Primo%C5%A1ten-7.03.2015.-53.dr%C5%BE.ORKESTRI-1.nagrada-9882_1.jpg\"\n                    width=\"100\"\n                    height=\"75\"\n                    style=\"max-width:100%;\"\n                \/>\n            <\/a>\n        <\/div>\n\t\t\t\t\t\t\t<\/div> \n\t\t\t\n        \n\t\t\t\t<div id=\"ngg-image-5\" class=\"ngg-gallery-thumbnail-box\" >\n\t\t\t\t        <div class=\"ngg-gallery-thumbnail\">\n            <a href=\"https:\/\/kontesadora.hr\/stara\/wp-content\/gallery\/7-03-2015-primosten-53-hrvatsko-natjecanje-ucenika-i-studenata-glazbe-i-plesa-u-disciplini-orkestri-drzavno-natjecanje\/Primo%C5%A1ten-7.03.2015.-53.dr%C5%BE.ORKESTRI-1.nagrada-9882.jpg\"\n               title=\"\"\n               data-src=\"https:\/\/kontesadora.hr\/stara\/wp-content\/gallery\/7-03-2015-primosten-53-hrvatsko-natjecanje-ucenika-i-studenata-glazbe-i-plesa-u-disciplini-orkestri-drzavno-natjecanje\/Primo%C5%A1ten-7.03.2015.-53.dr%C5%BE.ORKESTRI-1.nagrada-9882.jpg\"\n               data-thumbnail=\"https:\/\/kontesadora.hr\/stara\/wp-content\/gallery\/7-03-2015-primosten-53-hrvatsko-natjecanje-ucenika-i-studenata-glazbe-i-plesa-u-disciplini-orkestri-drzavno-natjecanje\/thumbs\/thumbs_Primo%C5%A1ten-7.03.2015.-53.dr%C5%BE.ORKESTRI-1.nagrada-9882.jpg\"\n               data-image-id=\"2929\"\n               data-title=\"Primo\u0161ten 7.03.2015., 53.dr\u017e.ORKESTRI, 1.nagrada 98,82.jpg\"\n               data-description=\"\"\n               data-image-slug=\"primo%c5%a1ten-7-03-2015-53-dr%c5%be-orkestri-1-nagrada-9882-jpg-1\"\n               class=\"shutterset_a9fbc38b8bbad7dda1c86b42be35d27f\">\n                <img\n                    title=\"Primo\u0161ten 7.03.2015., 53.dr\u017e.ORKESTRI, 1.nagrada 98,82.jpg\"\n                    alt=\"Primo\u0161ten 7.03.2015., 53.dr\u017e.ORKESTRI, 1.nagrada 98,82.jpg\"\n                    src=\"https:\/\/kontesadora.hr\/stara\/wp-content\/gallery\/7-03-2015-primosten-53-hrvatsko-natjecanje-ucenika-i-studenata-glazbe-i-plesa-u-disciplini-orkestri-drzavno-natjecanje\/thumbs\/thumbs_Primo%C5%A1ten-7.03.2015.-53.dr%C5%BE.ORKESTRI-1.nagrada-9882.jpg\"\n                    width=\"100\"\n                    height=\"75\"\n                    style=\"max-width:100%;\"\n                \/>\n            <\/a>\n        <\/div>\n\t\t\t\t\t\t\t<\/div> \n\t\t\t\n        \n\t\t\t\t<div id=\"ngg-image-6\" class=\"ngg-gallery-thumbnail-box\" >\n\t\t\t\t        <div class=\"ngg-gallery-thumbnail\">\n            <a href=\"https:\/\/kontesadora.hr\/stara\/wp-content\/gallery\/7-03-2015-primosten-53-hrvatsko-natjecanje-ucenika-i-studenata-glazbe-i-plesa-u-disciplini-orkestri-drzavno-natjecanje\/Primo%C5%A1ten-7.03.2015.-53.dr%C5%BE.ORKESTRI-1.nagrada-9882..jpg\"\n               title=\"\"\n               data-src=\"https:\/\/kontesadora.hr\/stara\/wp-content\/gallery\/7-03-2015-primosten-53-hrvatsko-natjecanje-ucenika-i-studenata-glazbe-i-plesa-u-disciplini-orkestri-drzavno-natjecanje\/Primo%C5%A1ten-7.03.2015.-53.dr%C5%BE.ORKESTRI-1.nagrada-9882..jpg\"\n               data-thumbnail=\"https:\/\/kontesadora.hr\/stara\/wp-content\/gallery\/7-03-2015-primosten-53-hrvatsko-natjecanje-ucenika-i-studenata-glazbe-i-plesa-u-disciplini-orkestri-drzavno-natjecanje\/thumbs\/thumbs_Primo%C5%A1ten-7.03.2015.-53.dr%C5%BE.ORKESTRI-1.nagrada-9882..jpg\"\n               data-image-id=\"2928\"\n               data-title=\"Primo\u0161ten 7.03.2015., 53.dr\u017e.ORKESTRI, 1.nagrada 98,82..jpg\"\n               data-description=\"\"\n               data-image-slug=\"primo%c5%a1ten-7-03-2015-53-dr%c5%be-orkestri-1-nagrada-9882-jpg-1\"\n               class=\"shutterset_a9fbc38b8bbad7dda1c86b42be35d27f\">\n                <img\n                    title=\"Primo\u0161ten 7.03.2015., 53.dr\u017e.ORKESTRI, 1.nagrada 98,82..jpg\"\n                    alt=\"Primo\u0161ten 7.03.2015., 53.dr\u017e.ORKESTRI, 1.nagrada 98,82..jpg\"\n                    src=\"https:\/\/kontesadora.hr\/stara\/wp-content\/gallery\/7-03-2015-primosten-53-hrvatsko-natjecanje-ucenika-i-studenata-glazbe-i-plesa-u-disciplini-orkestri-drzavno-natjecanje\/thumbs\/thumbs_Primo%C5%A1ten-7.03.2015.-53.dr%C5%BE.ORKESTRI-1.nagrada-9882..jpg\"\n                    width=\"100\"\n                    height=\"75\"\n                    style=\"max-width:100%;\"\n                \/>\n            <\/a>\n        <\/div>\n\t\t\t\t\t\t\t<\/div> \n\t\t\t\n        \n\t\t\t\t<div id=\"ngg-image-7\" class=\"ngg-gallery-thumbnail-box\" >\n\t\t\t\t        <div class=\"ngg-gallery-thumbnail\">\n            <a href=\"https:\/\/kontesadora.hr\/stara\/wp-content\/gallery\/7-03-2015-primosten-53-hrvatsko-natjecanje-ucenika-i-studenata-glazbe-i-plesa-u-disciplini-orkestri-drzavno-natjecanje\/Primo%C5%A1ten-7.03.2015.-53.dr%C5%BE.ORKESTRI-1.nagrada-9882.-junaci.jpg\"\n               title=\"\"\n               data-src=\"https:\/\/kontesadora.hr\/stara\/wp-content\/gallery\/7-03-2015-primosten-53-hrvatsko-natjecanje-ucenika-i-studenata-glazbe-i-plesa-u-disciplini-orkestri-drzavno-natjecanje\/Primo%C5%A1ten-7.03.2015.-53.dr%C5%BE.ORKESTRI-1.nagrada-9882.-junaci.jpg\"\n               data-thumbnail=\"https:\/\/kontesadora.hr\/stara\/wp-content\/gallery\/7-03-2015-primosten-53-hrvatsko-natjecanje-ucenika-i-studenata-glazbe-i-plesa-u-disciplini-orkestri-drzavno-natjecanje\/thumbs\/thumbs_Primo%C5%A1ten-7.03.2015.-53.dr%C5%BE.ORKESTRI-1.nagrada-9882.-junaci.jpg\"\n               data-image-id=\"2927\"\n               data-title=\"Primo\u0161ten 7.03.2015., 53.dr\u017e.ORKESTRI, 1.nagrada 98,82. junaci.jpg\"\n               data-description=\"\"\n               data-image-slug=\"primo%c5%a1ten-7-03-2015-53-dr%c5%be-orkestri-1-nagrada-9882-junaci-jpg-1\"\n               class=\"shutterset_a9fbc38b8bbad7dda1c86b42be35d27f\">\n                <img\n                    title=\"Primo\u0161ten 7.03.2015., 53.dr\u017e.ORKESTRI, 1.nagrada 98,82. junaci.jpg\"\n                    alt=\"Primo\u0161ten 7.03.2015., 53.dr\u017e.ORKESTRI, 1.nagrada 98,82. junaci.jpg\"\n                    src=\"https:\/\/kontesadora.hr\/stara\/wp-content\/gallery\/7-03-2015-primosten-53-hrvatsko-natjecanje-ucenika-i-studenata-glazbe-i-plesa-u-disciplini-orkestri-drzavno-natjecanje\/thumbs\/thumbs_Primo%C5%A1ten-7.03.2015.-53.dr%C5%BE.ORKESTRI-1.nagrada-9882.-junaci.jpg\"\n                    width=\"100\"\n                    height=\"75\"\n                    style=\"max-width:100%;\"\n                \/>\n            <\/a>\n        <\/div>\n\t\t\t\t\t\t\t<\/div> \n\t\t\t\n        \n\t\t\t\t<div id=\"ngg-image-8\" class=\"ngg-gallery-thumbnail-box\" >\n\t\t\t\t        <div class=\"ngg-gallery-thumbnail\">\n            <a href=\"https:\/\/kontesadora.hr\/stara\/wp-content\/gallery\/7-03-2015-primosten-53-hrvatsko-natjecanje-ucenika-i-studenata-glazbe-i-plesa-u-disciplini-orkestri-drzavno-natjecanje\/Primo%C5%A1ten-7.03.2015.-53.dr%C5%BE.ORKESTRI-1.nagrada-9882.-junaci-pili%C4%87i.jpg\"\n               title=\"\"\n               data-src=\"https:\/\/kontesadora.hr\/stara\/wp-content\/gallery\/7-03-2015-primosten-53-hrvatsko-natjecanje-ucenika-i-studenata-glazbe-i-plesa-u-disciplini-orkestri-drzavno-natjecanje\/Primo%C5%A1ten-7.03.2015.-53.dr%C5%BE.ORKESTRI-1.nagrada-9882.-junaci-pili%C4%87i.jpg\"\n               data-thumbnail=\"https:\/\/kontesadora.hr\/stara\/wp-content\/gallery\/7-03-2015-primosten-53-hrvatsko-natjecanje-ucenika-i-studenata-glazbe-i-plesa-u-disciplini-orkestri-drzavno-natjecanje\/thumbs\/thumbs_Primo%C5%A1ten-7.03.2015.-53.dr%C5%BE.ORKESTRI-1.nagrada-9882.-junaci-pili%C4%87i.jpg\"\n               data-image-id=\"2926\"\n               data-title=\"Primo\u0161ten 7.03.2015., 53.dr\u017e.ORKESTRI, 1.nagrada 98,82. junaci pili\u0107i.jpg\"\n               data-description=\"\"\n               data-image-slug=\"primo%c5%a1ten-7-03-2015-53-dr%c5%be-orkestri-1-nagrada-9882-junaci-pili%c4%87i-jpg-1\"\n               class=\"shutterset_a9fbc38b8bbad7dda1c86b42be35d27f\">\n                <img\n                    title=\"Primo\u0161ten 7.03.2015., 53.dr\u017e.ORKESTRI, 1.nagrada 98,82. junaci pili\u0107i.jpg\"\n                    alt=\"Primo\u0161ten 7.03.2015., 53.dr\u017e.ORKESTRI, 1.nagrada 98,82. junaci pili\u0107i.jpg\"\n                    src=\"https:\/\/kontesadora.hr\/stara\/wp-content\/gallery\/7-03-2015-primosten-53-hrvatsko-natjecanje-ucenika-i-studenata-glazbe-i-plesa-u-disciplini-orkestri-drzavno-natjecanje\/thumbs\/thumbs_Primo%C5%A1ten-7.03.2015.-53.dr%C5%BE.ORKESTRI-1.nagrada-9882.-junaci-pili%C4%87i.jpg\"\n                    width=\"100\"\n                    height=\"75\"\n                    style=\"max-width:100%;\"\n                \/>\n            <\/a>\n        <\/div>\n\t\t\t\t\t\t\t<\/div> \n\t\t\t\n        \n\t\t\t\t<div id=\"ngg-image-9\" class=\"ngg-gallery-thumbnail-box\" >\n\t\t\t\t        <div class=\"ngg-gallery-thumbnail\">\n            <a href=\"https:\/\/kontesadora.hr\/stara\/wp-content\/gallery\/7-03-2015-primosten-53-hrvatsko-natjecanje-ucenika-i-studenata-glazbe-i-plesa-u-disciplini-orkestri-drzavno-natjecanje\/Primo%C5%A1ten-7.03.2015.-53.dr%C5%BE.ORKESTRI-1.nagrada-9882.-junaci-10.jpg\"\n               title=\"\"\n               data-src=\"https:\/\/kontesadora.hr\/stara\/wp-content\/gallery\/7-03-2015-primosten-53-hrvatsko-natjecanje-ucenika-i-studenata-glazbe-i-plesa-u-disciplini-orkestri-drzavno-natjecanje\/Primo%C5%A1ten-7.03.2015.-53.dr%C5%BE.ORKESTRI-1.nagrada-9882.-junaci-10.jpg\"\n               data-thumbnail=\"https:\/\/kontesadora.hr\/stara\/wp-content\/gallery\/7-03-2015-primosten-53-hrvatsko-natjecanje-ucenika-i-studenata-glazbe-i-plesa-u-disciplini-orkestri-drzavno-natjecanje\/thumbs\/thumbs_Primo%C5%A1ten-7.03.2015.-53.dr%C5%BE.ORKESTRI-1.nagrada-9882.-junaci-10.jpg\"\n               data-image-id=\"2925\"\n               data-title=\"Primo\u0161ten 7.03.2015., 53.dr\u017e.ORKESTRI, 1.nagrada 98,82. junaci 10.jpg\"\n               data-description=\"\"\n               data-image-slug=\"primo%c5%a1ten-7-03-2015-53-dr%c5%be-orkestri-1-nagrada-9882-junaci-10-jpg-1\"\n               class=\"shutterset_a9fbc38b8bbad7dda1c86b42be35d27f\">\n                <img\n                    title=\"Primo\u0161ten 7.03.2015., 53.dr\u017e.ORKESTRI, 1.nagrada 98,82. junaci 10.jpg\"\n                    alt=\"Primo\u0161ten 7.03.2015., 53.dr\u017e.ORKESTRI, 1.nagrada 98,82. junaci 10.jpg\"\n                    src=\"https:\/\/kontesadora.hr\/stara\/wp-content\/gallery\/7-03-2015-primosten-53-hrvatsko-natjecanje-ucenika-i-studenata-glazbe-i-plesa-u-disciplini-orkestri-drzavno-natjecanje\/thumbs\/thumbs_Primo%C5%A1ten-7.03.2015.-53.dr%C5%BE.ORKESTRI-1.nagrada-9882.-junaci-10.jpg\"\n                    width=\"100\"\n                    height=\"75\"\n                    style=\"max-width:100%;\"\n                \/>\n            <\/a>\n        <\/div>\n\t\t\t\t\t\t\t<\/div> \n\t\t\t\n        \n\t\t\t\t<div id=\"ngg-image-10\" class=\"ngg-gallery-thumbnail-box\" >\n\t\t\t\t        <div class=\"ngg-gallery-thumbnail\">\n            <a href=\"https:\/\/kontesadora.hr\/stara\/wp-content\/gallery\/7-03-2015-primosten-53-hrvatsko-natjecanje-ucenika-i-studenata-glazbe-i-plesa-u-disciplini-orkestri-drzavno-natjecanje\/Primo%C5%A1ten-7.03.2015.-53.dr%C5%BE.ORKESTRI-1.nagrada-9882.-junaci-9.jpg\"\n               title=\"\"\n               data-src=\"https:\/\/kontesadora.hr\/stara\/wp-content\/gallery\/7-03-2015-primosten-53-hrvatsko-natjecanje-ucenika-i-studenata-glazbe-i-plesa-u-disciplini-orkestri-drzavno-natjecanje\/Primo%C5%A1ten-7.03.2015.-53.dr%C5%BE.ORKESTRI-1.nagrada-9882.-junaci-9.jpg\"\n               data-thumbnail=\"https:\/\/kontesadora.hr\/stara\/wp-content\/gallery\/7-03-2015-primosten-53-hrvatsko-natjecanje-ucenika-i-studenata-glazbe-i-plesa-u-disciplini-orkestri-drzavno-natjecanje\/thumbs\/thumbs_Primo%C5%A1ten-7.03.2015.-53.dr%C5%BE.ORKESTRI-1.nagrada-9882.-junaci-9.jpg\"\n               data-image-id=\"2924\"\n               data-title=\"Primo\u0161ten 7.03.2015., 53.dr\u017e.ORKESTRI, 1.nagrada 98,82. junaci 9.jpg\"\n               data-description=\"\"\n               data-image-slug=\"primo%c5%a1ten-7-03-2015-53-dr%c5%be-orkestri-1-nagrada-9882-junaci-9-jpg-1\"\n               class=\"shutterset_a9fbc38b8bbad7dda1c86b42be35d27f\">\n                <img\n                    title=\"Primo\u0161ten 7.03.2015., 53.dr\u017e.ORKESTRI, 1.nagrada 98,82. junaci 9.jpg\"\n                    alt=\"Primo\u0161ten 7.03.2015., 53.dr\u017e.ORKESTRI, 1.nagrada 98,82. junaci 9.jpg\"\n                    src=\"https:\/\/kontesadora.hr\/stara\/wp-content\/gallery\/7-03-2015-primosten-53-hrvatsko-natjecanje-ucenika-i-studenata-glazbe-i-plesa-u-disciplini-orkestri-drzavno-natjecanje\/thumbs\/thumbs_Primo%C5%A1ten-7.03.2015.-53.dr%C5%BE.ORKESTRI-1.nagrada-9882.-junaci-9.jpg\"\n                    width=\"100\"\n                    height=\"75\"\n                    style=\"max-width:100%;\"\n                \/>\n            <\/a>\n        <\/div>\n\t\t\t\t\t\t\t<\/div> \n\t\t\t\n        \n\t\t\t\t<div id=\"ngg-image-11\" class=\"ngg-gallery-thumbnail-box\" >\n\t\t\t\t        <div class=\"ngg-gallery-thumbnail\">\n            <a href=\"https:\/\/kontesadora.hr\/stara\/wp-content\/gallery\/7-03-2015-primosten-53-hrvatsko-natjecanje-ucenika-i-studenata-glazbe-i-plesa-u-disciplini-orkestri-drzavno-natjecanje\/Primo%C5%A1ten-7.03.2015.-53.dr%C5%BE.ORKESTRI-1.nagrada-9882.-junaci-8.jpg\"\n               title=\"\"\n               data-src=\"https:\/\/kontesadora.hr\/stara\/wp-content\/gallery\/7-03-2015-primosten-53-hrvatsko-natjecanje-ucenika-i-studenata-glazbe-i-plesa-u-disciplini-orkestri-drzavno-natjecanje\/Primo%C5%A1ten-7.03.2015.-53.dr%C5%BE.ORKESTRI-1.nagrada-9882.-junaci-8.jpg\"\n               data-thumbnail=\"https:\/\/kontesadora.hr\/stara\/wp-content\/gallery\/7-03-2015-primosten-53-hrvatsko-natjecanje-ucenika-i-studenata-glazbe-i-plesa-u-disciplini-orkestri-drzavno-natjecanje\/thumbs\/thumbs_Primo%C5%A1ten-7.03.2015.-53.dr%C5%BE.ORKESTRI-1.nagrada-9882.-junaci-8.jpg\"\n               data-image-id=\"2923\"\n               data-title=\"Primo\u0161ten 7.03.2015., 53.dr\u017e.ORKESTRI, 1.nagrada 98,82. junaci 8.jpg\"\n               data-description=\"\"\n               data-image-slug=\"primo%c5%a1ten-7-03-2015-53-dr%c5%be-orkestri-1-nagrada-9882-junaci-8-jpg-1\"\n               class=\"shutterset_a9fbc38b8bbad7dda1c86b42be35d27f\">\n                <img\n                    title=\"Primo\u0161ten 7.03.2015., 53.dr\u017e.ORKESTRI, 1.nagrada 98,82. junaci 8.jpg\"\n                    alt=\"Primo\u0161ten 7.03.2015., 53.dr\u017e.ORKESTRI, 1.nagrada 98,82. junaci 8.jpg\"\n                    src=\"https:\/\/kontesadora.hr\/stara\/wp-content\/gallery\/7-03-2015-primosten-53-hrvatsko-natjecanje-ucenika-i-studenata-glazbe-i-plesa-u-disciplini-orkestri-drzavno-natjecanje\/thumbs\/thumbs_Primo%C5%A1ten-7.03.2015.-53.dr%C5%BE.ORKESTRI-1.nagrada-9882.-junaci-8.jpg\"\n                    width=\"100\"\n                    height=\"75\"\n                    style=\"max-width:100%;\"\n                \/>\n            <\/a>\n        <\/div>\n\t\t\t\t\t\t\t<\/div> \n\t\t\t\n        \n\t\t\t\t<div id=\"ngg-image-12\" class=\"ngg-gallery-thumbnail-box\" >\n\t\t\t\t        <div class=\"ngg-gallery-thumbnail\">\n            <a href=\"https:\/\/kontesadora.hr\/stara\/wp-content\/gallery\/7-03-2015-primosten-53-hrvatsko-natjecanje-ucenika-i-studenata-glazbe-i-plesa-u-disciplini-orkestri-drzavno-natjecanje\/Primosten-popravljena-slika-01.jpg\"\n               title=\"\"\n               data-src=\"https:\/\/kontesadora.hr\/stara\/wp-content\/gallery\/7-03-2015-primosten-53-hrvatsko-natjecanje-ucenika-i-studenata-glazbe-i-plesa-u-disciplini-orkestri-drzavno-natjecanje\/Primosten-popravljena-slika-01.jpg\"\n               data-thumbnail=\"https:\/\/kontesadora.hr\/stara\/wp-content\/gallery\/7-03-2015-primosten-53-hrvatsko-natjecanje-ucenika-i-studenata-glazbe-i-plesa-u-disciplini-orkestri-drzavno-natjecanje\/thumbs\/thumbs_Primosten-popravljena-slika-01.jpg\"\n               data-image-id=\"2921\"\n               data-title=\"Primosten - popravljena slika 01.jpg\"\n               data-description=\"\"\n               data-image-slug=\"primosten-popravljena-slika-01-jpg\"\n               class=\"shutterset_a9fbc38b8bbad7dda1c86b42be35d27f\">\n                <img\n                    title=\"Primosten - popravljena slika 01.jpg\"\n                    alt=\"Primosten - popravljena slika 01.jpg\"\n                    src=\"https:\/\/kontesadora.hr\/stara\/wp-content\/gallery\/7-03-2015-primosten-53-hrvatsko-natjecanje-ucenika-i-studenata-glazbe-i-plesa-u-disciplini-orkestri-drzavno-natjecanje\/thumbs\/thumbs_Primosten-popravljena-slika-01.jpg\"\n                    width=\"100\"\n                    height=\"75\"\n                    style=\"max-width:100%;\"\n                \/>\n            <\/a>\n        <\/div>\n\t\t\t\t\t\t\t<\/div> \n\t\t\t\n        \n\t\t\t\t<div id=\"ngg-image-13\" class=\"ngg-gallery-thumbnail-box\" >\n\t\t\t\t        <div class=\"ngg-gallery-thumbnail\">\n            <a href=\"https:\/\/kontesadora.hr\/stara\/wp-content\/gallery\/7-03-2015-primosten-53-hrvatsko-natjecanje-ucenika-i-studenata-glazbe-i-plesa-u-disciplini-orkestri-drzavno-natjecanje\/primo%C5%A1ten-1.jpg\"\n               title=\"\"\n               data-src=\"https:\/\/kontesadora.hr\/stara\/wp-content\/gallery\/7-03-2015-primosten-53-hrvatsko-natjecanje-ucenika-i-studenata-glazbe-i-plesa-u-disciplini-orkestri-drzavno-natjecanje\/primo%C5%A1ten-1.jpg\"\n               data-thumbnail=\"https:\/\/kontesadora.hr\/stara\/wp-content\/gallery\/7-03-2015-primosten-53-hrvatsko-natjecanje-ucenika-i-studenata-glazbe-i-plesa-u-disciplini-orkestri-drzavno-natjecanje\/thumbs\/thumbs_primo%C5%A1ten-1.jpg\"\n               data-image-id=\"2922\"\n               data-title=\"primo\u0161ten 1.jpg\"\n               data-description=\"\"\n               data-image-slug=\"primo%c5%a1ten-1-jpg-1\"\n               class=\"shutterset_a9fbc38b8bbad7dda1c86b42be35d27f\">\n                <img\n                    title=\"primo\u0161ten 1.jpg\"\n                    alt=\"primo\u0161ten 1.jpg\"\n                    src=\"https:\/\/kontesadora.hr\/stara\/wp-content\/gallery\/7-03-2015-primosten-53-hrvatsko-natjecanje-ucenika-i-studenata-glazbe-i-plesa-u-disciplini-orkestri-drzavno-natjecanje\/thumbs\/thumbs_primo%C5%A1ten-1.jpg\"\n                    width=\"100\"\n                    height=\"75\"\n                    style=\"max-width:100%;\"\n                \/>\n            <\/a>\n        <\/div>\n\t\t\t\t\t\t\t<\/div> \n\t\t\t\n        \n\t\t\n\t\t<!-- Pagination -->\n\t<div class='ngg-clear'><\/div>\t<\/div>\n&nbsp;7.03.2015., Primo\u0161ten, 53.hrvatsko natjecanje u\u010denika i studenata glazbe i plesa u disciplini ORKESTRI &#8211; dr\u017eavno natjecanje &#8211; orkestar osvojio 1.nagradu u prvoj kategoriji s 98,82 boda.<\/p>\n<div>&nbsp;<!-- index.php -->\n<div\n\tclass=\"ngg-galleryoverview ngg-ajax-pagination-none\"\n\tid=\"ngg-gallery-c43d1b46af5f46ed94edae05db04cc52-1\">\n\n    \t<div class=\"slideshowlink\">\n        <a href='https:\/\/kontesadora.hr\/stara\/galerija\/nggallery\/slideshow'>[Show as slideshow]<\/a>\n\t\t\n\t<\/div>\n\t\t\t<!-- Thumbnails -->\n\t\t\t\t<div id=\"ngg-image-0\" class=\"ngg-gallery-thumbnail-box\" >\n\t\t\t\t        <div class=\"ngg-gallery-thumbnail\">\n            <a href=\"https:\/\/kontesadora.hr\/stara\/wp-content\/gallery\/koncert-pod-maskama-10-veljace-2015-autor-fotografija-dragoljub-siljanoski-foto-centar-nasice\/DSC_8363.JPG\"\n               title=\"\"\n               data-src=\"https:\/\/kontesadora.hr\/stara\/wp-content\/gallery\/koncert-pod-maskama-10-veljace-2015-autor-fotografija-dragoljub-siljanoski-foto-centar-nasice\/DSC_8363.JPG\"\n               data-thumbnail=\"https:\/\/kontesadora.hr\/stara\/wp-content\/gallery\/koncert-pod-maskama-10-veljace-2015-autor-fotografija-dragoljub-siljanoski-foto-centar-nasice\/thumbs\/thumbs_DSC_8363.JPG\"\n               data-image-id=\"2747\"\n               data-title=\"DSC_8363\"\n               data-description=\"\"\n               data-image-slug=\"dsc_8363\"\n               class=\"shutterset_c43d1b46af5f46ed94edae05db04cc52\">\n                <img\n                    title=\"DSC_8363\"\n                    alt=\"DSC_8363\"\n                    src=\"https:\/\/kontesadora.hr\/stara\/wp-content\/gallery\/koncert-pod-maskama-10-veljace-2015-autor-fotografija-dragoljub-siljanoski-foto-centar-nasice\/thumbs\/thumbs_DSC_8363.JPG\"\n                    width=\"100\"\n                    height=\"75\"\n                    style=\"max-width:100%;\"\n                \/>\n            <\/a>\n        <\/div>\n\t\t\t\t\t\t\t<\/div> \n\t\t\t\n        \n\t\t\t\t<div id=\"ngg-image-1\" class=\"ngg-gallery-thumbnail-box\" >\n\t\t\t\t        <div class=\"ngg-gallery-thumbnail\">\n            <a href=\"https:\/\/kontesadora.hr\/stara\/wp-content\/gallery\/koncert-pod-maskama-10-veljace-2015-autor-fotografija-dragoljub-siljanoski-foto-centar-nasice\/DSC_8366.JPG\"\n               title=\"\"\n               data-src=\"https:\/\/kontesadora.hr\/stara\/wp-content\/gallery\/koncert-pod-maskama-10-veljace-2015-autor-fotografija-dragoljub-siljanoski-foto-centar-nasice\/DSC_8366.JPG\"\n               data-thumbnail=\"https:\/\/kontesadora.hr\/stara\/wp-content\/gallery\/koncert-pod-maskama-10-veljace-2015-autor-fotografija-dragoljub-siljanoski-foto-centar-nasice\/thumbs\/thumbs_DSC_8366.JPG\"\n               data-image-id=\"2750\"\n               data-title=\"DSC_8366\"\n               data-description=\"\"\n               data-image-slug=\"dsc_8366\"\n               class=\"shutterset_c43d1b46af5f46ed94edae05db04cc52\">\n                <img\n                    title=\"DSC_8366\"\n                    alt=\"DSC_8366\"\n                    src=\"https:\/\/kontesadora.hr\/stara\/wp-content\/gallery\/koncert-pod-maskama-10-veljace-2015-autor-fotografija-dragoljub-siljanoski-foto-centar-nasice\/thumbs\/thumbs_DSC_8366.JPG\"\n                    width=\"100\"\n                    height=\"75\"\n                    style=\"max-width:100%;\"\n                \/>\n            <\/a>\n        <\/div>\n\t\t\t\t\t\t\t<\/div> \n\t\t\t\n        \n\t\t\t\t<div id=\"ngg-image-2\" class=\"ngg-gallery-thumbnail-box\" >\n\t\t\t\t        <div class=\"ngg-gallery-thumbnail\">\n            <a href=\"https:\/\/kontesadora.hr\/stara\/wp-content\/gallery\/koncert-pod-maskama-10-veljace-2015-autor-fotografija-dragoljub-siljanoski-foto-centar-nasice\/DSC_8365.JPG\"\n               title=\"\"\n               data-src=\"https:\/\/kontesadora.hr\/stara\/wp-content\/gallery\/koncert-pod-maskama-10-veljace-2015-autor-fotografija-dragoljub-siljanoski-foto-centar-nasice\/DSC_8365.JPG\"\n               data-thumbnail=\"https:\/\/kontesadora.hr\/stara\/wp-content\/gallery\/koncert-pod-maskama-10-veljace-2015-autor-fotografija-dragoljub-siljanoski-foto-centar-nasice\/thumbs\/thumbs_DSC_8365.JPG\"\n               data-image-id=\"2749\"\n               data-title=\"DSC_8365\"\n               data-description=\"\"\n               data-image-slug=\"dsc_8365\"\n               class=\"shutterset_c43d1b46af5f46ed94edae05db04cc52\">\n                <img\n                    title=\"DSC_8365\"\n                    alt=\"DSC_8365\"\n                    src=\"https:\/\/kontesadora.hr\/stara\/wp-content\/gallery\/koncert-pod-maskama-10-veljace-2015-autor-fotografija-dragoljub-siljanoski-foto-centar-nasice\/thumbs\/thumbs_DSC_8365.JPG\"\n                    width=\"100\"\n                    height=\"75\"\n                    style=\"max-width:100%;\"\n                \/>\n            <\/a>\n        <\/div>\n\t\t\t\t\t\t\t<\/div> \n\t\t\t\n        \n\t\t\t\t<div id=\"ngg-image-3\" class=\"ngg-gallery-thumbnail-box\" >\n\t\t\t\t        <div class=\"ngg-gallery-thumbnail\">\n            <a href=\"https:\/\/kontesadora.hr\/stara\/wp-content\/gallery\/koncert-pod-maskama-10-veljace-2015-autor-fotografija-dragoljub-siljanoski-foto-centar-nasice\/DSC_8356.JPG\"\n               title=\"\"\n               data-src=\"https:\/\/kontesadora.hr\/stara\/wp-content\/gallery\/koncert-pod-maskama-10-veljace-2015-autor-fotografija-dragoljub-siljanoski-foto-centar-nasice\/DSC_8356.JPG\"\n               data-thumbnail=\"https:\/\/kontesadora.hr\/stara\/wp-content\/gallery\/koncert-pod-maskama-10-veljace-2015-autor-fotografija-dragoljub-siljanoski-foto-centar-nasice\/thumbs\/thumbs_DSC_8356.JPG\"\n               data-image-id=\"2740\"\n               data-title=\"DSC_8356\"\n               data-description=\"\"\n               data-image-slug=\"dsc_8356\"\n               class=\"shutterset_c43d1b46af5f46ed94edae05db04cc52\">\n                <img\n                    title=\"DSC_8356\"\n                    alt=\"DSC_8356\"\n                    src=\"https:\/\/kontesadora.hr\/stara\/wp-content\/gallery\/koncert-pod-maskama-10-veljace-2015-autor-fotografija-dragoljub-siljanoski-foto-centar-nasice\/thumbs\/thumbs_DSC_8356.JPG\"\n                    width=\"100\"\n                    height=\"75\"\n                    style=\"max-width:100%;\"\n                \/>\n            <\/a>\n        <\/div>\n\t\t\t\t\t\t\t<\/div> \n\t\t\t\n        \n\t\t\t\t<div id=\"ngg-image-4\" class=\"ngg-gallery-thumbnail-box\" >\n\t\t\t\t        <div class=\"ngg-gallery-thumbnail\">\n            <a href=\"https:\/\/kontesadora.hr\/stara\/wp-content\/gallery\/koncert-pod-maskama-10-veljace-2015-autor-fotografija-dragoljub-siljanoski-foto-centar-nasice\/DSC_8359.JPG\"\n               title=\"\"\n               data-src=\"https:\/\/kontesadora.hr\/stara\/wp-content\/gallery\/koncert-pod-maskama-10-veljace-2015-autor-fotografija-dragoljub-siljanoski-foto-centar-nasice\/DSC_8359.JPG\"\n               data-thumbnail=\"https:\/\/kontesadora.hr\/stara\/wp-content\/gallery\/koncert-pod-maskama-10-veljace-2015-autor-fotografija-dragoljub-siljanoski-foto-centar-nasice\/thumbs\/thumbs_DSC_8359.JPG\"\n               data-image-id=\"2743\"\n               data-title=\"DSC_8359\"\n               data-description=\"\"\n               data-image-slug=\"dsc_8359\"\n               class=\"shutterset_c43d1b46af5f46ed94edae05db04cc52\">\n                <img\n                    title=\"DSC_8359\"\n                    alt=\"DSC_8359\"\n                    src=\"https:\/\/kontesadora.hr\/stara\/wp-content\/gallery\/koncert-pod-maskama-10-veljace-2015-autor-fotografija-dragoljub-siljanoski-foto-centar-nasice\/thumbs\/thumbs_DSC_8359.JPG\"\n                    width=\"100\"\n                    height=\"75\"\n                    style=\"max-width:100%;\"\n                \/>\n            <\/a>\n        <\/div>\n\t\t\t\t\t\t\t<\/div> \n\t\t\t\n        \n\t\t\t\t<div id=\"ngg-image-5\" class=\"ngg-gallery-thumbnail-box\" >\n\t\t\t\t        <div class=\"ngg-gallery-thumbnail\">\n            <a href=\"https:\/\/kontesadora.hr\/stara\/wp-content\/gallery\/koncert-pod-maskama-10-veljace-2015-autor-fotografija-dragoljub-siljanoski-foto-centar-nasice\/DSC_8358.JPG\"\n               title=\"\"\n               data-src=\"https:\/\/kontesadora.hr\/stara\/wp-content\/gallery\/koncert-pod-maskama-10-veljace-2015-autor-fotografija-dragoljub-siljanoski-foto-centar-nasice\/DSC_8358.JPG\"\n               data-thumbnail=\"https:\/\/kontesadora.hr\/stara\/wp-content\/gallery\/koncert-pod-maskama-10-veljace-2015-autor-fotografija-dragoljub-siljanoski-foto-centar-nasice\/thumbs\/thumbs_DSC_8358.JPG\"\n               data-image-id=\"2742\"\n               data-title=\"DSC_8358\"\n               data-description=\"\"\n               data-image-slug=\"dsc_8358\"\n               class=\"shutterset_c43d1b46af5f46ed94edae05db04cc52\">\n                <img\n                    title=\"DSC_8358\"\n                    alt=\"DSC_8358\"\n                    src=\"https:\/\/kontesadora.hr\/stara\/wp-content\/gallery\/koncert-pod-maskama-10-veljace-2015-autor-fotografija-dragoljub-siljanoski-foto-centar-nasice\/thumbs\/thumbs_DSC_8358.JPG\"\n                    width=\"100\"\n                    height=\"75\"\n                    style=\"max-width:100%;\"\n                \/>\n            <\/a>\n        <\/div>\n\t\t\t\t\t\t\t<\/div> \n\t\t\t\n        \n\t\t\t\t<div id=\"ngg-image-6\" class=\"ngg-gallery-thumbnail-box\" >\n\t\t\t\t        <div class=\"ngg-gallery-thumbnail\">\n            <a href=\"https:\/\/kontesadora.hr\/stara\/wp-content\/gallery\/koncert-pod-maskama-10-veljace-2015-autor-fotografija-dragoljub-siljanoski-foto-centar-nasice\/DSC_8355.JPG\"\n               title=\"\"\n               data-src=\"https:\/\/kontesadora.hr\/stara\/wp-content\/gallery\/koncert-pod-maskama-10-veljace-2015-autor-fotografija-dragoljub-siljanoski-foto-centar-nasice\/DSC_8355.JPG\"\n               data-thumbnail=\"https:\/\/kontesadora.hr\/stara\/wp-content\/gallery\/koncert-pod-maskama-10-veljace-2015-autor-fotografija-dragoljub-siljanoski-foto-centar-nasice\/thumbs\/thumbs_DSC_8355.JPG\"\n               data-image-id=\"2739\"\n               data-title=\"DSC_8355\"\n               data-description=\"\"\n               data-image-slug=\"dsc_8355\"\n               class=\"shutterset_c43d1b46af5f46ed94edae05db04cc52\">\n                <img\n                    title=\"DSC_8355\"\n                    alt=\"DSC_8355\"\n                    src=\"https:\/\/kontesadora.hr\/stara\/wp-content\/gallery\/koncert-pod-maskama-10-veljace-2015-autor-fotografija-dragoljub-siljanoski-foto-centar-nasice\/thumbs\/thumbs_DSC_8355.JPG\"\n                    width=\"100\"\n                    height=\"75\"\n                    style=\"max-width:100%;\"\n                \/>\n            <\/a>\n        <\/div>\n\t\t\t\t\t\t\t<\/div> \n\t\t\t\n        \n\t\t\t\t<div id=\"ngg-image-7\" class=\"ngg-gallery-thumbnail-box\" >\n\t\t\t\t        <div class=\"ngg-gallery-thumbnail\">\n            <a href=\"https:\/\/kontesadora.hr\/stara\/wp-content\/gallery\/koncert-pod-maskama-10-veljace-2015-autor-fotografija-dragoljub-siljanoski-foto-centar-nasice\/DSC_8354.JPG\"\n               title=\"\"\n               data-src=\"https:\/\/kontesadora.hr\/stara\/wp-content\/gallery\/koncert-pod-maskama-10-veljace-2015-autor-fotografija-dragoljub-siljanoski-foto-centar-nasice\/DSC_8354.JPG\"\n               data-thumbnail=\"https:\/\/kontesadora.hr\/stara\/wp-content\/gallery\/koncert-pod-maskama-10-veljace-2015-autor-fotografija-dragoljub-siljanoski-foto-centar-nasice\/thumbs\/thumbs_DSC_8354.JPG\"\n               data-image-id=\"2738\"\n               data-title=\"DSC_8354\"\n               data-description=\"\"\n               data-image-slug=\"dsc_8354\"\n               class=\"shutterset_c43d1b46af5f46ed94edae05db04cc52\">\n                <img\n                    title=\"DSC_8354\"\n                    alt=\"DSC_8354\"\n                    src=\"https:\/\/kontesadora.hr\/stara\/wp-content\/gallery\/koncert-pod-maskama-10-veljace-2015-autor-fotografija-dragoljub-siljanoski-foto-centar-nasice\/thumbs\/thumbs_DSC_8354.JPG\"\n                    width=\"100\"\n                    height=\"75\"\n                    style=\"max-width:100%;\"\n                \/>\n            <\/a>\n        <\/div>\n\t\t\t\t\t\t\t<\/div> \n\t\t\t\n        \n\t\t\t\t<div id=\"ngg-image-8\" class=\"ngg-gallery-thumbnail-box\" >\n\t\t\t\t        <div class=\"ngg-gallery-thumbnail\">\n            <a href=\"https:\/\/kontesadora.hr\/stara\/wp-content\/gallery\/koncert-pod-maskama-10-veljace-2015-autor-fotografija-dragoljub-siljanoski-foto-centar-nasice\/DSC_8360.JPG\"\n               title=\"\"\n               data-src=\"https:\/\/kontesadora.hr\/stara\/wp-content\/gallery\/koncert-pod-maskama-10-veljace-2015-autor-fotografija-dragoljub-siljanoski-foto-centar-nasice\/DSC_8360.JPG\"\n               data-thumbnail=\"https:\/\/kontesadora.hr\/stara\/wp-content\/gallery\/koncert-pod-maskama-10-veljace-2015-autor-fotografija-dragoljub-siljanoski-foto-centar-nasice\/thumbs\/thumbs_DSC_8360.JPG\"\n               data-image-id=\"2744\"\n               data-title=\"DSC_8360\"\n               data-description=\"\"\n               data-image-slug=\"dsc_8360\"\n               class=\"shutterset_c43d1b46af5f46ed94edae05db04cc52\">\n                <img\n                    title=\"DSC_8360\"\n                    alt=\"DSC_8360\"\n                    src=\"https:\/\/kontesadora.hr\/stara\/wp-content\/gallery\/koncert-pod-maskama-10-veljace-2015-autor-fotografija-dragoljub-siljanoski-foto-centar-nasice\/thumbs\/thumbs_DSC_8360.JPG\"\n                    width=\"100\"\n                    height=\"75\"\n                    style=\"max-width:100%;\"\n                \/>\n            <\/a>\n        <\/div>\n\t\t\t\t\t\t\t<\/div> \n\t\t\t\n        \n\t\t\t\t<div id=\"ngg-image-9\" class=\"ngg-gallery-thumbnail-box\" >\n\t\t\t\t        <div class=\"ngg-gallery-thumbnail\">\n            <a href=\"https:\/\/kontesadora.hr\/stara\/wp-content\/gallery\/koncert-pod-maskama-10-veljace-2015-autor-fotografija-dragoljub-siljanoski-foto-centar-nasice\/DSC_8362.JPG\"\n               title=\"\"\n               data-src=\"https:\/\/kontesadora.hr\/stara\/wp-content\/gallery\/koncert-pod-maskama-10-veljace-2015-autor-fotografija-dragoljub-siljanoski-foto-centar-nasice\/DSC_8362.JPG\"\n               data-thumbnail=\"https:\/\/kontesadora.hr\/stara\/wp-content\/gallery\/koncert-pod-maskama-10-veljace-2015-autor-fotografija-dragoljub-siljanoski-foto-centar-nasice\/thumbs\/thumbs_DSC_8362.JPG\"\n               data-image-id=\"2746\"\n               data-title=\"DSC_8362\"\n               data-description=\"\"\n               data-image-slug=\"dsc_8362\"\n               class=\"shutterset_c43d1b46af5f46ed94edae05db04cc52\">\n                <img\n                    title=\"DSC_8362\"\n                    alt=\"DSC_8362\"\n                    src=\"https:\/\/kontesadora.hr\/stara\/wp-content\/gallery\/koncert-pod-maskama-10-veljace-2015-autor-fotografija-dragoljub-siljanoski-foto-centar-nasice\/thumbs\/thumbs_DSC_8362.JPG\"\n                    width=\"100\"\n                    height=\"75\"\n                    style=\"max-width:100%;\"\n                \/>\n            <\/a>\n        <\/div>\n\t\t\t\t\t\t\t<\/div> \n\t\t\t\n        \n\t\t\t\t<div id=\"ngg-image-10\" class=\"ngg-gallery-thumbnail-box\" >\n\t\t\t\t        <div class=\"ngg-gallery-thumbnail\">\n            <a href=\"https:\/\/kontesadora.hr\/stara\/wp-content\/gallery\/koncert-pod-maskama-10-veljace-2015-autor-fotografija-dragoljub-siljanoski-foto-centar-nasice\/DSC_8361.JPG\"\n               title=\"\"\n               data-src=\"https:\/\/kontesadora.hr\/stara\/wp-content\/gallery\/koncert-pod-maskama-10-veljace-2015-autor-fotografija-dragoljub-siljanoski-foto-centar-nasice\/DSC_8361.JPG\"\n               data-thumbnail=\"https:\/\/kontesadora.hr\/stara\/wp-content\/gallery\/koncert-pod-maskama-10-veljace-2015-autor-fotografija-dragoljub-siljanoski-foto-centar-nasice\/thumbs\/thumbs_DSC_8361.JPG\"\n               data-image-id=\"2745\"\n               data-title=\"DSC_8361\"\n               data-description=\"\"\n               data-image-slug=\"dsc_8361\"\n               class=\"shutterset_c43d1b46af5f46ed94edae05db04cc52\">\n                <img\n                    title=\"DSC_8361\"\n                    alt=\"DSC_8361\"\n                    src=\"https:\/\/kontesadora.hr\/stara\/wp-content\/gallery\/koncert-pod-maskama-10-veljace-2015-autor-fotografija-dragoljub-siljanoski-foto-centar-nasice\/thumbs\/thumbs_DSC_8361.JPG\"\n                    width=\"100\"\n                    height=\"75\"\n                    style=\"max-width:100%;\"\n                \/>\n            <\/a>\n        <\/div>\n\t\t\t\t\t\t\t<\/div> \n\t\t\t\n        \n\t\t\t\t<div id=\"ngg-image-11\" class=\"ngg-gallery-thumbnail-box\" >\n\t\t\t\t        <div class=\"ngg-gallery-thumbnail\">\n            <a href=\"https:\/\/kontesadora.hr\/stara\/wp-content\/gallery\/koncert-pod-maskama-10-veljace-2015-autor-fotografija-dragoljub-siljanoski-foto-centar-nasice\/DSC_8351.JPG\"\n               title=\"\"\n               data-src=\"https:\/\/kontesadora.hr\/stara\/wp-content\/gallery\/koncert-pod-maskama-10-veljace-2015-autor-fotografija-dragoljub-siljanoski-foto-centar-nasice\/DSC_8351.JPG\"\n               data-thumbnail=\"https:\/\/kontesadora.hr\/stara\/wp-content\/gallery\/koncert-pod-maskama-10-veljace-2015-autor-fotografija-dragoljub-siljanoski-foto-centar-nasice\/thumbs\/thumbs_DSC_8351.JPG\"\n               data-image-id=\"2735\"\n               data-title=\"DSC_8351\"\n               data-description=\"\"\n               data-image-slug=\"dsc_8351\"\n               class=\"shutterset_c43d1b46af5f46ed94edae05db04cc52\">\n                <img\n                    title=\"DSC_8351\"\n                    alt=\"DSC_8351\"\n                    src=\"https:\/\/kontesadora.hr\/stara\/wp-content\/gallery\/koncert-pod-maskama-10-veljace-2015-autor-fotografija-dragoljub-siljanoski-foto-centar-nasice\/thumbs\/thumbs_DSC_8351.JPG\"\n                    width=\"100\"\n                    height=\"75\"\n                    style=\"max-width:100%;\"\n                \/>\n            <\/a>\n        <\/div>\n\t\t\t\t\t\t\t<\/div> \n\t\t\t\n        \n\t\t\t\t<div id=\"ngg-image-12\" class=\"ngg-gallery-thumbnail-box\" >\n\t\t\t\t        <div class=\"ngg-gallery-thumbnail\">\n            <a href=\"https:\/\/kontesadora.hr\/stara\/wp-content\/gallery\/koncert-pod-maskama-10-veljace-2015-autor-fotografija-dragoljub-siljanoski-foto-centar-nasice\/DSC_8352.JPG\"\n               title=\"\"\n               data-src=\"https:\/\/kontesadora.hr\/stara\/wp-content\/gallery\/koncert-pod-maskama-10-veljace-2015-autor-fotografija-dragoljub-siljanoski-foto-centar-nasice\/DSC_8352.JPG\"\n               data-thumbnail=\"https:\/\/kontesadora.hr\/stara\/wp-content\/gallery\/koncert-pod-maskama-10-veljace-2015-autor-fotografija-dragoljub-siljanoski-foto-centar-nasice\/thumbs\/thumbs_DSC_8352.JPG\"\n               data-image-id=\"2736\"\n               data-title=\"DSC_8352\"\n               data-description=\"\"\n               data-image-slug=\"dsc_8352\"\n               class=\"shutterset_c43d1b46af5f46ed94edae05db04cc52\">\n                <img\n                    title=\"DSC_8352\"\n                    alt=\"DSC_8352\"\n                    src=\"https:\/\/kontesadora.hr\/stara\/wp-content\/gallery\/koncert-pod-maskama-10-veljace-2015-autor-fotografija-dragoljub-siljanoski-foto-centar-nasice\/thumbs\/thumbs_DSC_8352.JPG\"\n                    width=\"100\"\n                    height=\"75\"\n                    style=\"max-width:100%;\"\n                \/>\n            <\/a>\n        <\/div>\n\t\t\t\t\t\t\t<\/div> \n\t\t\t\n        \n\t\t\t\t<div id=\"ngg-image-13\" class=\"ngg-gallery-thumbnail-box\" >\n\t\t\t\t        <div class=\"ngg-gallery-thumbnail\">\n            <a href=\"https:\/\/kontesadora.hr\/stara\/wp-content\/gallery\/koncert-pod-maskama-10-veljace-2015-autor-fotografija-dragoljub-siljanoski-foto-centar-nasice\/DSC_8353.JPG\"\n               title=\"\"\n               data-src=\"https:\/\/kontesadora.hr\/stara\/wp-content\/gallery\/koncert-pod-maskama-10-veljace-2015-autor-fotografija-dragoljub-siljanoski-foto-centar-nasice\/DSC_8353.JPG\"\n               data-thumbnail=\"https:\/\/kontesadora.hr\/stara\/wp-content\/gallery\/koncert-pod-maskama-10-veljace-2015-autor-fotografija-dragoljub-siljanoski-foto-centar-nasice\/thumbs\/thumbs_DSC_8353.JPG\"\n               data-image-id=\"2737\"\n               data-title=\"DSC_8353\"\n               data-description=\"\"\n               data-image-slug=\"dsc_8353\"\n               class=\"shutterset_c43d1b46af5f46ed94edae05db04cc52\">\n                <img\n                    title=\"DSC_8353\"\n                    alt=\"DSC_8353\"\n                    src=\"https:\/\/kontesadora.hr\/stara\/wp-content\/gallery\/koncert-pod-maskama-10-veljace-2015-autor-fotografija-dragoljub-siljanoski-foto-centar-nasice\/thumbs\/thumbs_DSC_8353.JPG\"\n                    width=\"100\"\n                    height=\"75\"\n                    style=\"max-width:100%;\"\n                \/>\n            <\/a>\n        <\/div>\n\t\t\t\t\t\t\t<\/div> \n\t\t\t\n        \n\t\t\t\t<div id=\"ngg-image-14\" class=\"ngg-gallery-thumbnail-box\" >\n\t\t\t\t        <div class=\"ngg-gallery-thumbnail\">\n            <a href=\"https:\/\/kontesadora.hr\/stara\/wp-content\/gallery\/koncert-pod-maskama-10-veljace-2015-autor-fotografija-dragoljub-siljanoski-foto-centar-nasice\/DSC_8350.JPG\"\n               title=\"\"\n               data-src=\"https:\/\/kontesadora.hr\/stara\/wp-content\/gallery\/koncert-pod-maskama-10-veljace-2015-autor-fotografija-dragoljub-siljanoski-foto-centar-nasice\/DSC_8350.JPG\"\n               data-thumbnail=\"https:\/\/kontesadora.hr\/stara\/wp-content\/gallery\/koncert-pod-maskama-10-veljace-2015-autor-fotografija-dragoljub-siljanoski-foto-centar-nasice\/thumbs\/thumbs_DSC_8350.JPG\"\n               data-image-id=\"2734\"\n               data-title=\"DSC_8350\"\n               data-description=\"\"\n               data-image-slug=\"dsc_8350\"\n               class=\"shutterset_c43d1b46af5f46ed94edae05db04cc52\">\n                <img\n                    title=\"DSC_8350\"\n                    alt=\"DSC_8350\"\n                    src=\"https:\/\/kontesadora.hr\/stara\/wp-content\/gallery\/koncert-pod-maskama-10-veljace-2015-autor-fotografija-dragoljub-siljanoski-foto-centar-nasice\/thumbs\/thumbs_DSC_8350.JPG\"\n                    width=\"100\"\n                    height=\"75\"\n                    style=\"max-width:100%;\"\n                \/>\n            <\/a>\n        <\/div>\n\t\t\t\t\t\t\t<\/div> \n\t\t\t\n        \n\t\t\t\t<div id=\"ngg-image-15\" class=\"ngg-gallery-thumbnail-box\" >\n\t\t\t\t        <div class=\"ngg-gallery-thumbnail\">\n            <a href=\"https:\/\/kontesadora.hr\/stara\/wp-content\/gallery\/koncert-pod-maskama-10-veljace-2015-autor-fotografija-dragoljub-siljanoski-foto-centar-nasice\/DSC_8349.JPG\"\n               title=\"\"\n               data-src=\"https:\/\/kontesadora.hr\/stara\/wp-content\/gallery\/koncert-pod-maskama-10-veljace-2015-autor-fotografija-dragoljub-siljanoski-foto-centar-nasice\/DSC_8349.JPG\"\n               data-thumbnail=\"https:\/\/kontesadora.hr\/stara\/wp-content\/gallery\/koncert-pod-maskama-10-veljace-2015-autor-fotografija-dragoljub-siljanoski-foto-centar-nasice\/thumbs\/thumbs_DSC_8349.JPG\"\n               data-image-id=\"2733\"\n               data-title=\"DSC_8349\"\n               data-description=\"\"\n               data-image-slug=\"dsc_8349\"\n               class=\"shutterset_c43d1b46af5f46ed94edae05db04cc52\">\n                <img\n                    title=\"DSC_8349\"\n                    alt=\"DSC_8349\"\n                    src=\"https:\/\/kontesadora.hr\/stara\/wp-content\/gallery\/koncert-pod-maskama-10-veljace-2015-autor-fotografija-dragoljub-siljanoski-foto-centar-nasice\/thumbs\/thumbs_DSC_8349.JPG\"\n                    width=\"100\"\n                    height=\"75\"\n                    style=\"max-width:100%;\"\n                \/>\n            <\/a>\n        <\/div>\n\t\t\t\t\t\t\t<\/div> \n\t\t\t\n        \n\t\t\t\t<div id=\"ngg-image-16\" class=\"ngg-gallery-thumbnail-box\" >\n\t\t\t\t        <div class=\"ngg-gallery-thumbnail\">\n            <a href=\"https:\/\/kontesadora.hr\/stara\/wp-content\/gallery\/koncert-pod-maskama-10-veljace-2015-autor-fotografija-dragoljub-siljanoski-foto-centar-nasice\/DSC_8348.JPG\"\n               title=\"\"\n               data-src=\"https:\/\/kontesadora.hr\/stara\/wp-content\/gallery\/koncert-pod-maskama-10-veljace-2015-autor-fotografija-dragoljub-siljanoski-foto-centar-nasice\/DSC_8348.JPG\"\n               data-thumbnail=\"https:\/\/kontesadora.hr\/stara\/wp-content\/gallery\/koncert-pod-maskama-10-veljace-2015-autor-fotografija-dragoljub-siljanoski-foto-centar-nasice\/thumbs\/thumbs_DSC_8348.JPG\"\n               data-image-id=\"2732\"\n               data-title=\"DSC_8348\"\n               data-description=\"\"\n               data-image-slug=\"dsc_8348\"\n               class=\"shutterset_c43d1b46af5f46ed94edae05db04cc52\">\n                <img\n                    title=\"DSC_8348\"\n                    alt=\"DSC_8348\"\n                    src=\"https:\/\/kontesadora.hr\/stara\/wp-content\/gallery\/koncert-pod-maskama-10-veljace-2015-autor-fotografija-dragoljub-siljanoski-foto-centar-nasice\/thumbs\/thumbs_DSC_8348.JPG\"\n                    width=\"100\"\n                    height=\"75\"\n                    style=\"max-width:100%;\"\n                \/>\n            <\/a>\n        <\/div>\n\t\t\t\t\t\t\t<\/div> \n\t\t\t\n        \n\t\t\t\t<div id=\"ngg-image-17\" class=\"ngg-gallery-thumbnail-box\" >\n\t\t\t\t        <div class=\"ngg-gallery-thumbnail\">\n            <a href=\"https:\/\/kontesadora.hr\/stara\/wp-content\/gallery\/koncert-pod-maskama-10-veljace-2015-autor-fotografija-dragoljub-siljanoski-foto-centar-nasice\/DSC_8346.JPG\"\n               title=\"\"\n               data-src=\"https:\/\/kontesadora.hr\/stara\/wp-content\/gallery\/koncert-pod-maskama-10-veljace-2015-autor-fotografija-dragoljub-siljanoski-foto-centar-nasice\/DSC_8346.JPG\"\n               data-thumbnail=\"https:\/\/kontesadora.hr\/stara\/wp-content\/gallery\/koncert-pod-maskama-10-veljace-2015-autor-fotografija-dragoljub-siljanoski-foto-centar-nasice\/thumbs\/thumbs_DSC_8346.JPG\"\n               data-image-id=\"2730\"\n               data-title=\"DSC_8346\"\n               data-description=\"\"\n               data-image-slug=\"dsc_8346\"\n               class=\"shutterset_c43d1b46af5f46ed94edae05db04cc52\">\n                <img\n                    title=\"DSC_8346\"\n                    alt=\"DSC_8346\"\n                    src=\"https:\/\/kontesadora.hr\/stara\/wp-content\/gallery\/koncert-pod-maskama-10-veljace-2015-autor-fotografija-dragoljub-siljanoski-foto-centar-nasice\/thumbs\/thumbs_DSC_8346.JPG\"\n                    width=\"100\"\n                    height=\"75\"\n                    style=\"max-width:100%;\"\n                \/>\n            <\/a>\n        <\/div>\n\t\t\t\t\t\t\t<\/div> \n\t\t\t\n        \n\t\t\t\t<div id=\"ngg-image-18\" class=\"ngg-gallery-thumbnail-box\" >\n\t\t\t\t        <div class=\"ngg-gallery-thumbnail\">\n            <a href=\"https:\/\/kontesadora.hr\/stara\/wp-content\/gallery\/koncert-pod-maskama-10-veljace-2015-autor-fotografija-dragoljub-siljanoski-foto-centar-nasice\/DSC_8347.JPG\"\n               title=\"\"\n               data-src=\"https:\/\/kontesadora.hr\/stara\/wp-content\/gallery\/koncert-pod-maskama-10-veljace-2015-autor-fotografija-dragoljub-siljanoski-foto-centar-nasice\/DSC_8347.JPG\"\n               data-thumbnail=\"https:\/\/kontesadora.hr\/stara\/wp-content\/gallery\/koncert-pod-maskama-10-veljace-2015-autor-fotografija-dragoljub-siljanoski-foto-centar-nasice\/thumbs\/thumbs_DSC_8347.JPG\"\n               data-image-id=\"2731\"\n               data-title=\"DSC_8347\"\n               data-description=\"\"\n               data-image-slug=\"dsc_8347\"\n               class=\"shutterset_c43d1b46af5f46ed94edae05db04cc52\">\n                <img\n                    title=\"DSC_8347\"\n                    alt=\"DSC_8347\"\n                    src=\"https:\/\/kontesadora.hr\/stara\/wp-content\/gallery\/koncert-pod-maskama-10-veljace-2015-autor-fotografija-dragoljub-siljanoski-foto-centar-nasice\/thumbs\/thumbs_DSC_8347.JPG\"\n                    width=\"100\"\n                    height=\"75\"\n                    style=\"max-width:100%;\"\n                \/>\n            <\/a>\n        <\/div>\n\t\t\t\t\t\t\t<\/div> \n\t\t\t\n        \n\t\t\t\t<div id=\"ngg-image-19\" class=\"ngg-gallery-thumbnail-box\" >\n\t\t\t\t        <div class=\"ngg-gallery-thumbnail\">\n            <a href=\"https:\/\/kontesadora.hr\/stara\/wp-content\/gallery\/koncert-pod-maskama-10-veljace-2015-autor-fotografija-dragoljub-siljanoski-foto-centar-nasice\/DSC_8341.JPG\"\n               title=\"\"\n               data-src=\"https:\/\/kontesadora.hr\/stara\/wp-content\/gallery\/koncert-pod-maskama-10-veljace-2015-autor-fotografija-dragoljub-siljanoski-foto-centar-nasice\/DSC_8341.JPG\"\n               data-thumbnail=\"https:\/\/kontesadora.hr\/stara\/wp-content\/gallery\/koncert-pod-maskama-10-veljace-2015-autor-fotografija-dragoljub-siljanoski-foto-centar-nasice\/thumbs\/thumbs_DSC_8341.JPG\"\n               data-image-id=\"2727\"\n               data-title=\"DSC_8341\"\n               data-description=\"\"\n               data-image-slug=\"dsc_8341\"\n               class=\"shutterset_c43d1b46af5f46ed94edae05db04cc52\">\n                <img\n                    title=\"DSC_8341\"\n                    alt=\"DSC_8341\"\n                    src=\"https:\/\/kontesadora.hr\/stara\/wp-content\/gallery\/koncert-pod-maskama-10-veljace-2015-autor-fotografija-dragoljub-siljanoski-foto-centar-nasice\/thumbs\/thumbs_DSC_8341.JPG\"\n                    width=\"100\"\n                    height=\"75\"\n                    style=\"max-width:100%;\"\n                \/>\n            <\/a>\n        <\/div>\n\t\t\t\t\t\t\t<\/div> \n\t\t\t\n        \n\t\t\n\t\t<!-- Pagination -->\n\t<div class='ngg-navigation'><span class='current'>1<\/span>\n<a class='page-numbers' data-pageid='2' href='https:\/\/kontesadora.hr\/stara\/galerija\/nggallery\/page\/2'>2<\/a>\n<span class='ellipsis'>...<\/span>\n<a class='page-numbers' data-pageid='19' href='https:\/\/kontesadora.hr\/stara\/galerija\/nggallery\/page\/19'>19<\/a>\n<a class='prev' href='https:\/\/kontesadora.hr\/stara\/galerija\/nggallery\/page\/2' data-pageid=2>&#9658;<\/a><\/div>\t<\/div>\n&nbsp;Koncert pod maskama, 10.velja\u010de 2015. Autor fotografija: Dragoljub Siljanoski, FOTO CENTAR, Na\u0161ice<\/div>\n<!-- index.php -->\n<div\n\tclass=\"ngg-galleryoverview ngg-ajax-pagination-none\"\n\tid=\"ngg-gallery-db94c83f1a601ae28cbc1886beb6c201-1\">\n\n    \t<div class=\"slideshowlink\">\n        <a href='https:\/\/kontesadora.hr\/stara\/galerija\/nggallery\/slideshow'>[Show as slideshow]<\/a>\n\t\t\n\t<\/div>\n\t\t\t<!-- Thumbnails -->\n\t\t\t\t<div id=\"ngg-image-0\" class=\"ngg-gallery-thumbnail-box\" >\n\t\t\t\t        <div class=\"ngg-gallery-thumbnail\">\n            <a href=\"https:\/\/kontesadora.hr\/stara\/wp-content\/gallery\/nastup-ucenika-glazbene-skole-u-djecjem-vrticu-zvoncic-15-prosinca-2014-nastupili-ucenici-predstavnici-svih-odjela\/Dj.vrti%C4%87-Zvon%C4%8Di%C4%87-38.JPG\"\n               title=\"\"\n               data-src=\"https:\/\/kontesadora.hr\/stara\/wp-content\/gallery\/nastup-ucenika-glazbene-skole-u-djecjem-vrticu-zvoncic-15-prosinca-2014-nastupili-ucenici-predstavnici-svih-odjela\/Dj.vrti%C4%87-Zvon%C4%8Di%C4%87-38.JPG\"\n               data-thumbnail=\"https:\/\/kontesadora.hr\/stara\/wp-content\/gallery\/nastup-ucenika-glazbene-skole-u-djecjem-vrticu-zvoncic-15-prosinca-2014-nastupili-ucenici-predstavnici-svih-odjela\/thumbs\/thumbs_Dj.vrti%C4%87-Zvon%C4%8Di%C4%87-38.JPG\"\n               data-image-id=\"2920\"\n               data-title=\"Dj.vrti\u0107 Zvon\u010di\u0107 (38).JPG\"\n               data-description=\"\"\n               data-image-slug=\"dj-vrti%c4%87-zvon%c4%8di%c4%87-38-jpg-1\"\n               class=\"shutterset_db94c83f1a601ae28cbc1886beb6c201\">\n                <img\n                    title=\"Dj.vrti\u0107 Zvon\u010di\u0107 (38).JPG\"\n                    alt=\"Dj.vrti\u0107 Zvon\u010di\u0107 (38).JPG\"\n                    src=\"https:\/\/kontesadora.hr\/stara\/wp-content\/gallery\/nastup-ucenika-glazbene-skole-u-djecjem-vrticu-zvoncic-15-prosinca-2014-nastupili-ucenici-predstavnici-svih-odjela\/thumbs\/thumbs_Dj.vrti%C4%87-Zvon%C4%8Di%C4%87-38.JPG\"\n                    width=\"100\"\n                    height=\"75\"\n                    style=\"max-width:100%;\"\n                \/>\n            <\/a>\n        <\/div>\n\t\t\t\t\t\t\t<\/div> \n\t\t\t\n        \n\t\t\t\t<div id=\"ngg-image-1\" class=\"ngg-gallery-thumbnail-box\" >\n\t\t\t\t        <div class=\"ngg-gallery-thumbnail\">\n            <a href=\"https:\/\/kontesadora.hr\/stara\/wp-content\/gallery\/nastup-ucenika-glazbene-skole-u-djecjem-vrticu-zvoncic-15-prosinca-2014-nastupili-ucenici-predstavnici-svih-odjela\/Dj.vrti%C4%87-Zvon%C4%8Di%C4%87-37.JPG\"\n               title=\"\"\n               data-src=\"https:\/\/kontesadora.hr\/stara\/wp-content\/gallery\/nastup-ucenika-glazbene-skole-u-djecjem-vrticu-zvoncic-15-prosinca-2014-nastupili-ucenici-predstavnici-svih-odjela\/Dj.vrti%C4%87-Zvon%C4%8Di%C4%87-37.JPG\"\n               data-thumbnail=\"https:\/\/kontesadora.hr\/stara\/wp-content\/gallery\/nastup-ucenika-glazbene-skole-u-djecjem-vrticu-zvoncic-15-prosinca-2014-nastupili-ucenici-predstavnici-svih-odjela\/thumbs\/thumbs_Dj.vrti%C4%87-Zvon%C4%8Di%C4%87-37.JPG\"\n               data-image-id=\"2919\"\n               data-title=\"Dj.vrti\u0107 Zvon\u010di\u0107 (37).JPG\"\n               data-description=\"\"\n               data-image-slug=\"dj-vrti%c4%87-zvon%c4%8di%c4%87-37-jpg-1\"\n               class=\"shutterset_db94c83f1a601ae28cbc1886beb6c201\">\n                <img\n                    title=\"Dj.vrti\u0107 Zvon\u010di\u0107 (37).JPG\"\n                    alt=\"Dj.vrti\u0107 Zvon\u010di\u0107 (37).JPG\"\n                    src=\"https:\/\/kontesadora.hr\/stara\/wp-content\/gallery\/nastup-ucenika-glazbene-skole-u-djecjem-vrticu-zvoncic-15-prosinca-2014-nastupili-ucenici-predstavnici-svih-odjela\/thumbs\/thumbs_Dj.vrti%C4%87-Zvon%C4%8Di%C4%87-37.JPG\"\n                    width=\"100\"\n                    height=\"75\"\n                    style=\"max-width:100%;\"\n                \/>\n            <\/a>\n        <\/div>\n\t\t\t\t\t\t\t<\/div> \n\t\t\t\n        \n\t\t\t\t<div id=\"ngg-image-2\" class=\"ngg-gallery-thumbnail-box\" >\n\t\t\t\t        <div class=\"ngg-gallery-thumbnail\">\n            <a href=\"https:\/\/kontesadora.hr\/stara\/wp-content\/gallery\/nastup-ucenika-glazbene-skole-u-djecjem-vrticu-zvoncic-15-prosinca-2014-nastupili-ucenici-predstavnici-svih-odjela\/Dj.vrti%C4%87-Zvon%C4%8Di%C4%87-36.JPG\"\n               title=\"\"\n               data-src=\"https:\/\/kontesadora.hr\/stara\/wp-content\/gallery\/nastup-ucenika-glazbene-skole-u-djecjem-vrticu-zvoncic-15-prosinca-2014-nastupili-ucenici-predstavnici-svih-odjela\/Dj.vrti%C4%87-Zvon%C4%8Di%C4%87-36.JPG\"\n               data-thumbnail=\"https:\/\/kontesadora.hr\/stara\/wp-content\/gallery\/nastup-ucenika-glazbene-skole-u-djecjem-vrticu-zvoncic-15-prosinca-2014-nastupili-ucenici-predstavnici-svih-odjela\/thumbs\/thumbs_Dj.vrti%C4%87-Zvon%C4%8Di%C4%87-36.JPG\"\n               data-image-id=\"2918\"\n               data-title=\"Dj.vrti\u0107 Zvon\u010di\u0107 (36).JPG\"\n               data-description=\"\"\n               data-image-slug=\"dj-vrti%c4%87-zvon%c4%8di%c4%87-36-jpg-1\"\n               class=\"shutterset_db94c83f1a601ae28cbc1886beb6c201\">\n                <img\n                    title=\"Dj.vrti\u0107 Zvon\u010di\u0107 (36).JPG\"\n                    alt=\"Dj.vrti\u0107 Zvon\u010di\u0107 (36).JPG\"\n                    src=\"https:\/\/kontesadora.hr\/stara\/wp-content\/gallery\/nastup-ucenika-glazbene-skole-u-djecjem-vrticu-zvoncic-15-prosinca-2014-nastupili-ucenici-predstavnici-svih-odjela\/thumbs\/thumbs_Dj.vrti%C4%87-Zvon%C4%8Di%C4%87-36.JPG\"\n                    width=\"100\"\n                    height=\"75\"\n                    style=\"max-width:100%;\"\n                \/>\n            <\/a>\n        <\/div>\n\t\t\t\t\t\t\t<\/div> \n\t\t\t\n        \n\t\t\t\t<div id=\"ngg-image-3\" class=\"ngg-gallery-thumbnail-box\" >\n\t\t\t\t        <div class=\"ngg-gallery-thumbnail\">\n            <a href=\"https:\/\/kontesadora.hr\/stara\/wp-content\/gallery\/nastup-ucenika-glazbene-skole-u-djecjem-vrticu-zvoncic-15-prosinca-2014-nastupili-ucenici-predstavnici-svih-odjela\/Dj.vrti%C4%87-Zvon%C4%8Di%C4%87-35.JPG\"\n               title=\"\"\n               data-src=\"https:\/\/kontesadora.hr\/stara\/wp-content\/gallery\/nastup-ucenika-glazbene-skole-u-djecjem-vrticu-zvoncic-15-prosinca-2014-nastupili-ucenici-predstavnici-svih-odjela\/Dj.vrti%C4%87-Zvon%C4%8Di%C4%87-35.JPG\"\n               data-thumbnail=\"https:\/\/kontesadora.hr\/stara\/wp-content\/gallery\/nastup-ucenika-glazbene-skole-u-djecjem-vrticu-zvoncic-15-prosinca-2014-nastupili-ucenici-predstavnici-svih-odjela\/thumbs\/thumbs_Dj.vrti%C4%87-Zvon%C4%8Di%C4%87-35.JPG\"\n               data-image-id=\"2917\"\n               data-title=\"Dj.vrti\u0107 Zvon\u010di\u0107 (35).JPG\"\n               data-description=\"\"\n               data-image-slug=\"dj-vrti%c4%87-zvon%c4%8di%c4%87-35-jpg-1\"\n               class=\"shutterset_db94c83f1a601ae28cbc1886beb6c201\">\n                <img\n                    title=\"Dj.vrti\u0107 Zvon\u010di\u0107 (35).JPG\"\n                    alt=\"Dj.vrti\u0107 Zvon\u010di\u0107 (35).JPG\"\n                    src=\"https:\/\/kontesadora.hr\/stara\/wp-content\/gallery\/nastup-ucenika-glazbene-skole-u-djecjem-vrticu-zvoncic-15-prosinca-2014-nastupili-ucenici-predstavnici-svih-odjela\/thumbs\/thumbs_Dj.vrti%C4%87-Zvon%C4%8Di%C4%87-35.JPG\"\n                    width=\"100\"\n                    height=\"75\"\n                    style=\"max-width:100%;\"\n                \/>\n            <\/a>\n        <\/div>\n\t\t\t\t\t\t\t<\/div> \n\t\t\t\n        \n\t\t\t\t<div id=\"ngg-image-4\" class=\"ngg-gallery-thumbnail-box\" >\n\t\t\t\t        <div class=\"ngg-gallery-thumbnail\">\n            <a href=\"https:\/\/kontesadora.hr\/stara\/wp-content\/gallery\/nastup-ucenika-glazbene-skole-u-djecjem-vrticu-zvoncic-15-prosinca-2014-nastupili-ucenici-predstavnici-svih-odjela\/Dj.vrti%C4%87-Zvon%C4%8Di%C4%87-34.JPG\"\n               title=\"\"\n               data-src=\"https:\/\/kontesadora.hr\/stara\/wp-content\/gallery\/nastup-ucenika-glazbene-skole-u-djecjem-vrticu-zvoncic-15-prosinca-2014-nastupili-ucenici-predstavnici-svih-odjela\/Dj.vrti%C4%87-Zvon%C4%8Di%C4%87-34.JPG\"\n               data-thumbnail=\"https:\/\/kontesadora.hr\/stara\/wp-content\/gallery\/nastup-ucenika-glazbene-skole-u-djecjem-vrticu-zvoncic-15-prosinca-2014-nastupili-ucenici-predstavnici-svih-odjela\/thumbs\/thumbs_Dj.vrti%C4%87-Zvon%C4%8Di%C4%87-34.JPG\"\n               data-image-id=\"2916\"\n               data-title=\"Dj.vrti\u0107 Zvon\u010di\u0107 (34).JPG\"\n               data-description=\"\"\n               data-image-slug=\"dj-vrti%c4%87-zvon%c4%8di%c4%87-34-jpg-1\"\n               class=\"shutterset_db94c83f1a601ae28cbc1886beb6c201\">\n                <img\n                    title=\"Dj.vrti\u0107 Zvon\u010di\u0107 (34).JPG\"\n                    alt=\"Dj.vrti\u0107 Zvon\u010di\u0107 (34).JPG\"\n                    src=\"https:\/\/kontesadora.hr\/stara\/wp-content\/gallery\/nastup-ucenika-glazbene-skole-u-djecjem-vrticu-zvoncic-15-prosinca-2014-nastupili-ucenici-predstavnici-svih-odjela\/thumbs\/thumbs_Dj.vrti%C4%87-Zvon%C4%8Di%C4%87-34.JPG\"\n                    width=\"100\"\n                    height=\"75\"\n                    style=\"max-width:100%;\"\n                \/>\n            <\/a>\n        <\/div>\n\t\t\t\t\t\t\t<\/div> \n\t\t\t\n        \n\t\t\t\t<div id=\"ngg-image-5\" class=\"ngg-gallery-thumbnail-box\" >\n\t\t\t\t        <div class=\"ngg-gallery-thumbnail\">\n            <a href=\"https:\/\/kontesadora.hr\/stara\/wp-content\/gallery\/nastup-ucenika-glazbene-skole-u-djecjem-vrticu-zvoncic-15-prosinca-2014-nastupili-ucenici-predstavnici-svih-odjela\/Dj.vrti%C4%87-Zvon%C4%8Di%C4%87-33.JPG\"\n               title=\"\"\n               data-src=\"https:\/\/kontesadora.hr\/stara\/wp-content\/gallery\/nastup-ucenika-glazbene-skole-u-djecjem-vrticu-zvoncic-15-prosinca-2014-nastupili-ucenici-predstavnici-svih-odjela\/Dj.vrti%C4%87-Zvon%C4%8Di%C4%87-33.JPG\"\n               data-thumbnail=\"https:\/\/kontesadora.hr\/stara\/wp-content\/gallery\/nastup-ucenika-glazbene-skole-u-djecjem-vrticu-zvoncic-15-prosinca-2014-nastupili-ucenici-predstavnici-svih-odjela\/thumbs\/thumbs_Dj.vrti%C4%87-Zvon%C4%8Di%C4%87-33.JPG\"\n               data-image-id=\"2915\"\n               data-title=\"Dj.vrti\u0107 Zvon\u010di\u0107 (33).JPG\"\n               data-description=\"\"\n               data-image-slug=\"dj-vrti%c4%87-zvon%c4%8di%c4%87-33-jpg-1\"\n               class=\"shutterset_db94c83f1a601ae28cbc1886beb6c201\">\n                <img\n                    title=\"Dj.vrti\u0107 Zvon\u010di\u0107 (33).JPG\"\n                    alt=\"Dj.vrti\u0107 Zvon\u010di\u0107 (33).JPG\"\n                    src=\"https:\/\/kontesadora.hr\/stara\/wp-content\/gallery\/nastup-ucenika-glazbene-skole-u-djecjem-vrticu-zvoncic-15-prosinca-2014-nastupili-ucenici-predstavnici-svih-odjela\/thumbs\/thumbs_Dj.vrti%C4%87-Zvon%C4%8Di%C4%87-33.JPG\"\n                    width=\"100\"\n                    height=\"75\"\n                    style=\"max-width:100%;\"\n                \/>\n            <\/a>\n        <\/div>\n\t\t\t\t\t\t\t<\/div> \n\t\t\t\n        \n\t\t\t\t<div id=\"ngg-image-6\" class=\"ngg-gallery-thumbnail-box\" >\n\t\t\t\t        <div class=\"ngg-gallery-thumbnail\">\n            <a href=\"https:\/\/kontesadora.hr\/stara\/wp-content\/gallery\/nastup-ucenika-glazbene-skole-u-djecjem-vrticu-zvoncic-15-prosinca-2014-nastupili-ucenici-predstavnici-svih-odjela\/Dj.vrti%C4%87-Zvon%C4%8Di%C4%87-32.JPG\"\n               title=\"\"\n               data-src=\"https:\/\/kontesadora.hr\/stara\/wp-content\/gallery\/nastup-ucenika-glazbene-skole-u-djecjem-vrticu-zvoncic-15-prosinca-2014-nastupili-ucenici-predstavnici-svih-odjela\/Dj.vrti%C4%87-Zvon%C4%8Di%C4%87-32.JPG\"\n               data-thumbnail=\"https:\/\/kontesadora.hr\/stara\/wp-content\/gallery\/nastup-ucenika-glazbene-skole-u-djecjem-vrticu-zvoncic-15-prosinca-2014-nastupili-ucenici-predstavnici-svih-odjela\/thumbs\/thumbs_Dj.vrti%C4%87-Zvon%C4%8Di%C4%87-32.JPG\"\n               data-image-id=\"2914\"\n               data-title=\"Dj.vrti\u0107 Zvon\u010di\u0107 (32).JPG\"\n               data-description=\"\"\n               data-image-slug=\"dj-vrti%c4%87-zvon%c4%8di%c4%87-32-jpg-1\"\n               class=\"shutterset_db94c83f1a601ae28cbc1886beb6c201\">\n                <img\n                    title=\"Dj.vrti\u0107 Zvon\u010di\u0107 (32).JPG\"\n                    alt=\"Dj.vrti\u0107 Zvon\u010di\u0107 (32).JPG\"\n                    src=\"https:\/\/kontesadora.hr\/stara\/wp-content\/gallery\/nastup-ucenika-glazbene-skole-u-djecjem-vrticu-zvoncic-15-prosinca-2014-nastupili-ucenici-predstavnici-svih-odjela\/thumbs\/thumbs_Dj.vrti%C4%87-Zvon%C4%8Di%C4%87-32.JPG\"\n                    width=\"100\"\n                    height=\"75\"\n                    style=\"max-width:100%;\"\n                \/>\n            <\/a>\n        <\/div>\n\t\t\t\t\t\t\t<\/div> \n\t\t\t\n        \n\t\t\t\t<div id=\"ngg-image-7\" class=\"ngg-gallery-thumbnail-box\" >\n\t\t\t\t        <div class=\"ngg-gallery-thumbnail\">\n            <a href=\"https:\/\/kontesadora.hr\/stara\/wp-content\/gallery\/nastup-ucenika-glazbene-skole-u-djecjem-vrticu-zvoncic-15-prosinca-2014-nastupili-ucenici-predstavnici-svih-odjela\/Dj.vrti%C4%87-Zvon%C4%8Di%C4%87-31.JPG\"\n               title=\"\"\n               data-src=\"https:\/\/kontesadora.hr\/stara\/wp-content\/gallery\/nastup-ucenika-glazbene-skole-u-djecjem-vrticu-zvoncic-15-prosinca-2014-nastupili-ucenici-predstavnici-svih-odjela\/Dj.vrti%C4%87-Zvon%C4%8Di%C4%87-31.JPG\"\n               data-thumbnail=\"https:\/\/kontesadora.hr\/stara\/wp-content\/gallery\/nastup-ucenika-glazbene-skole-u-djecjem-vrticu-zvoncic-15-prosinca-2014-nastupili-ucenici-predstavnici-svih-odjela\/thumbs\/thumbs_Dj.vrti%C4%87-Zvon%C4%8Di%C4%87-31.JPG\"\n               data-image-id=\"2913\"\n               data-title=\"Dj.vrti\u0107 Zvon\u010di\u0107 (31).JPG\"\n               data-description=\"\"\n               data-image-slug=\"dj-vrti%c4%87-zvon%c4%8di%c4%87-31-jpg-1\"\n               class=\"shutterset_db94c83f1a601ae28cbc1886beb6c201\">\n                <img\n                    title=\"Dj.vrti\u0107 Zvon\u010di\u0107 (31).JPG\"\n                    alt=\"Dj.vrti\u0107 Zvon\u010di\u0107 (31).JPG\"\n                    src=\"https:\/\/kontesadora.hr\/stara\/wp-content\/gallery\/nastup-ucenika-glazbene-skole-u-djecjem-vrticu-zvoncic-15-prosinca-2014-nastupili-ucenici-predstavnici-svih-odjela\/thumbs\/thumbs_Dj.vrti%C4%87-Zvon%C4%8Di%C4%87-31.JPG\"\n                    width=\"100\"\n                    height=\"75\"\n                    style=\"max-width:100%;\"\n                \/>\n            <\/a>\n        <\/div>\n\t\t\t\t\t\t\t<\/div> \n\t\t\t\n        \n\t\t\t\t<div id=\"ngg-image-8\" class=\"ngg-gallery-thumbnail-box\" >\n\t\t\t\t        <div class=\"ngg-gallery-thumbnail\">\n            <a href=\"https:\/\/kontesadora.hr\/stara\/wp-content\/gallery\/nastup-ucenika-glazbene-skole-u-djecjem-vrticu-zvoncic-15-prosinca-2014-nastupili-ucenici-predstavnici-svih-odjela\/Dj.vrti%C4%87-Zvon%C4%8Di%C4%87-30.JPG\"\n               title=\"\"\n               data-src=\"https:\/\/kontesadora.hr\/stara\/wp-content\/gallery\/nastup-ucenika-glazbene-skole-u-djecjem-vrticu-zvoncic-15-prosinca-2014-nastupili-ucenici-predstavnici-svih-odjela\/Dj.vrti%C4%87-Zvon%C4%8Di%C4%87-30.JPG\"\n               data-thumbnail=\"https:\/\/kontesadora.hr\/stara\/wp-content\/gallery\/nastup-ucenika-glazbene-skole-u-djecjem-vrticu-zvoncic-15-prosinca-2014-nastupili-ucenici-predstavnici-svih-odjela\/thumbs\/thumbs_Dj.vrti%C4%87-Zvon%C4%8Di%C4%87-30.JPG\"\n               data-image-id=\"2912\"\n               data-title=\"Dj.vrti\u0107 Zvon\u010di\u0107 (30).JPG\"\n               data-description=\"\"\n               data-image-slug=\"dj-vrti%c4%87-zvon%c4%8di%c4%87-30-jpg-1\"\n               class=\"shutterset_db94c83f1a601ae28cbc1886beb6c201\">\n                <img\n                    title=\"Dj.vrti\u0107 Zvon\u010di\u0107 (30).JPG\"\n                    alt=\"Dj.vrti\u0107 Zvon\u010di\u0107 (30).JPG\"\n                    src=\"https:\/\/kontesadora.hr\/stara\/wp-content\/gallery\/nastup-ucenika-glazbene-skole-u-djecjem-vrticu-zvoncic-15-prosinca-2014-nastupili-ucenici-predstavnici-svih-odjela\/thumbs\/thumbs_Dj.vrti%C4%87-Zvon%C4%8Di%C4%87-30.JPG\"\n                    width=\"100\"\n                    height=\"75\"\n                    style=\"max-width:100%;\"\n                \/>\n            <\/a>\n        <\/div>\n\t\t\t\t\t\t\t<\/div> \n\t\t\t\n        \n\t\t\t\t<div id=\"ngg-image-9\" class=\"ngg-gallery-thumbnail-box\" >\n\t\t\t\t        <div class=\"ngg-gallery-thumbnail\">\n            <a href=\"https:\/\/kontesadora.hr\/stara\/wp-content\/gallery\/nastup-ucenika-glazbene-skole-u-djecjem-vrticu-zvoncic-15-prosinca-2014-nastupili-ucenici-predstavnici-svih-odjela\/Dj.vrti%C4%87-Zvon%C4%8Di%C4%87-29.JPG\"\n               title=\"\"\n               data-src=\"https:\/\/kontesadora.hr\/stara\/wp-content\/gallery\/nastup-ucenika-glazbene-skole-u-djecjem-vrticu-zvoncic-15-prosinca-2014-nastupili-ucenici-predstavnici-svih-odjela\/Dj.vrti%C4%87-Zvon%C4%8Di%C4%87-29.JPG\"\n               data-thumbnail=\"https:\/\/kontesadora.hr\/stara\/wp-content\/gallery\/nastup-ucenika-glazbene-skole-u-djecjem-vrticu-zvoncic-15-prosinca-2014-nastupili-ucenici-predstavnici-svih-odjela\/thumbs\/thumbs_Dj.vrti%C4%87-Zvon%C4%8Di%C4%87-29.JPG\"\n               data-image-id=\"2911\"\n               data-title=\"Dj.vrti\u0107 Zvon\u010di\u0107 (29).JPG\"\n               data-description=\"\"\n               data-image-slug=\"dj-vrti%c4%87-zvon%c4%8di%c4%87-29-jpg-1\"\n               class=\"shutterset_db94c83f1a601ae28cbc1886beb6c201\">\n                <img\n                    title=\"Dj.vrti\u0107 Zvon\u010di\u0107 (29).JPG\"\n                    alt=\"Dj.vrti\u0107 Zvon\u010di\u0107 (29).JPG\"\n                    src=\"https:\/\/kontesadora.hr\/stara\/wp-content\/gallery\/nastup-ucenika-glazbene-skole-u-djecjem-vrticu-zvoncic-15-prosinca-2014-nastupili-ucenici-predstavnici-svih-odjela\/thumbs\/thumbs_Dj.vrti%C4%87-Zvon%C4%8Di%C4%87-29.JPG\"\n                    width=\"100\"\n                    height=\"75\"\n                    style=\"max-width:100%;\"\n                \/>\n            <\/a>\n        <\/div>\n\t\t\t\t\t\t\t<\/div> \n\t\t\t\n        \n\t\t\t\t<div id=\"ngg-image-10\" class=\"ngg-gallery-thumbnail-box\" >\n\t\t\t\t        <div class=\"ngg-gallery-thumbnail\">\n            <a href=\"https:\/\/kontesadora.hr\/stara\/wp-content\/gallery\/nastup-ucenika-glazbene-skole-u-djecjem-vrticu-zvoncic-15-prosinca-2014-nastupili-ucenici-predstavnici-svih-odjela\/Dj.vrti%C4%87-Zvon%C4%8Di%C4%87-28.JPG\"\n               title=\"\"\n               data-src=\"https:\/\/kontesadora.hr\/stara\/wp-content\/gallery\/nastup-ucenika-glazbene-skole-u-djecjem-vrticu-zvoncic-15-prosinca-2014-nastupili-ucenici-predstavnici-svih-odjela\/Dj.vrti%C4%87-Zvon%C4%8Di%C4%87-28.JPG\"\n               data-thumbnail=\"https:\/\/kontesadora.hr\/stara\/wp-content\/gallery\/nastup-ucenika-glazbene-skole-u-djecjem-vrticu-zvoncic-15-prosinca-2014-nastupili-ucenici-predstavnici-svih-odjela\/thumbs\/thumbs_Dj.vrti%C4%87-Zvon%C4%8Di%C4%87-28.JPG\"\n               data-image-id=\"2910\"\n               data-title=\"Dj.vrti\u0107 Zvon\u010di\u0107 (28).JPG\"\n               data-description=\"\"\n               data-image-slug=\"dj-vrti%c4%87-zvon%c4%8di%c4%87-28-jpg-1\"\n               class=\"shutterset_db94c83f1a601ae28cbc1886beb6c201\">\n                <img\n                    title=\"Dj.vrti\u0107 Zvon\u010di\u0107 (28).JPG\"\n                    alt=\"Dj.vrti\u0107 Zvon\u010di\u0107 (28).JPG\"\n                    src=\"https:\/\/kontesadora.hr\/stara\/wp-content\/gallery\/nastup-ucenika-glazbene-skole-u-djecjem-vrticu-zvoncic-15-prosinca-2014-nastupili-ucenici-predstavnici-svih-odjela\/thumbs\/thumbs_Dj.vrti%C4%87-Zvon%C4%8Di%C4%87-28.JPG\"\n                    width=\"100\"\n                    height=\"75\"\n                    style=\"max-width:100%;\"\n                \/>\n            <\/a>\n        <\/div>\n\t\t\t\t\t\t\t<\/div> \n\t\t\t\n        \n\t\t\t\t<div id=\"ngg-image-11\" class=\"ngg-gallery-thumbnail-box\" >\n\t\t\t\t        <div class=\"ngg-gallery-thumbnail\">\n            <a href=\"https:\/\/kontesadora.hr\/stara\/wp-content\/gallery\/nastup-ucenika-glazbene-skole-u-djecjem-vrticu-zvoncic-15-prosinca-2014-nastupili-ucenici-predstavnici-svih-odjela\/Dj.vrti%C4%87-Zvon%C4%8Di%C4%87-26.JPG\"\n               title=\"\"\n               data-src=\"https:\/\/kontesadora.hr\/stara\/wp-content\/gallery\/nastup-ucenika-glazbene-skole-u-djecjem-vrticu-zvoncic-15-prosinca-2014-nastupili-ucenici-predstavnici-svih-odjela\/Dj.vrti%C4%87-Zvon%C4%8Di%C4%87-26.JPG\"\n               data-thumbnail=\"https:\/\/kontesadora.hr\/stara\/wp-content\/gallery\/nastup-ucenika-glazbene-skole-u-djecjem-vrticu-zvoncic-15-prosinca-2014-nastupili-ucenici-predstavnici-svih-odjela\/thumbs\/thumbs_Dj.vrti%C4%87-Zvon%C4%8Di%C4%87-26.JPG\"\n               data-image-id=\"2909\"\n               data-title=\"Dj.vrti\u0107 Zvon\u010di\u0107 (26).JPG\"\n               data-description=\"\"\n               data-image-slug=\"dj-vrti%c4%87-zvon%c4%8di%c4%87-26-jpg-1\"\n               class=\"shutterset_db94c83f1a601ae28cbc1886beb6c201\">\n                <img\n                    title=\"Dj.vrti\u0107 Zvon\u010di\u0107 (26).JPG\"\n                    alt=\"Dj.vrti\u0107 Zvon\u010di\u0107 (26).JPG\"\n                    src=\"https:\/\/kontesadora.hr\/stara\/wp-content\/gallery\/nastup-ucenika-glazbene-skole-u-djecjem-vrticu-zvoncic-15-prosinca-2014-nastupili-ucenici-predstavnici-svih-odjela\/thumbs\/thumbs_Dj.vrti%C4%87-Zvon%C4%8Di%C4%87-26.JPG\"\n                    width=\"100\"\n                    height=\"75\"\n                    style=\"max-width:100%;\"\n                \/>\n            <\/a>\n        <\/div>\n\t\t\t\t\t\t\t<\/div> \n\t\t\t\n        \n\t\t\t\t<div id=\"ngg-image-12\" class=\"ngg-gallery-thumbnail-box\" >\n\t\t\t\t        <div class=\"ngg-gallery-thumbnail\">\n            <a href=\"https:\/\/kontesadora.hr\/stara\/wp-content\/gallery\/nastup-ucenika-glazbene-skole-u-djecjem-vrticu-zvoncic-15-prosinca-2014-nastupili-ucenici-predstavnici-svih-odjela\/Dj.vrti%C4%87-Zvon%C4%8Di%C4%87-25.JPG\"\n               title=\"\"\n               data-src=\"https:\/\/kontesadora.hr\/stara\/wp-content\/gallery\/nastup-ucenika-glazbene-skole-u-djecjem-vrticu-zvoncic-15-prosinca-2014-nastupili-ucenici-predstavnici-svih-odjela\/Dj.vrti%C4%87-Zvon%C4%8Di%C4%87-25.JPG\"\n               data-thumbnail=\"https:\/\/kontesadora.hr\/stara\/wp-content\/gallery\/nastup-ucenika-glazbene-skole-u-djecjem-vrticu-zvoncic-15-prosinca-2014-nastupili-ucenici-predstavnici-svih-odjela\/thumbs\/thumbs_Dj.vrti%C4%87-Zvon%C4%8Di%C4%87-25.JPG\"\n               data-image-id=\"2908\"\n               data-title=\"Dj.vrti\u0107 Zvon\u010di\u0107 (25).JPG\"\n               data-description=\"\"\n               data-image-slug=\"dj-vrti%c4%87-zvon%c4%8di%c4%87-25-jpg-1\"\n               class=\"shutterset_db94c83f1a601ae28cbc1886beb6c201\">\n                <img\n                    title=\"Dj.vrti\u0107 Zvon\u010di\u0107 (25).JPG\"\n                    alt=\"Dj.vrti\u0107 Zvon\u010di\u0107 (25).JPG\"\n                    src=\"https:\/\/kontesadora.hr\/stara\/wp-content\/gallery\/nastup-ucenika-glazbene-skole-u-djecjem-vrticu-zvoncic-15-prosinca-2014-nastupili-ucenici-predstavnici-svih-odjela\/thumbs\/thumbs_Dj.vrti%C4%87-Zvon%C4%8Di%C4%87-25.JPG\"\n                    width=\"100\"\n                    height=\"75\"\n                    style=\"max-width:100%;\"\n                \/>\n            <\/a>\n        <\/div>\n\t\t\t\t\t\t\t<\/div> \n\t\t\t\n        \n\t\t\t\t<div id=\"ngg-image-13\" class=\"ngg-gallery-thumbnail-box\" >\n\t\t\t\t        <div class=\"ngg-gallery-thumbnail\">\n            <a href=\"https:\/\/kontesadora.hr\/stara\/wp-content\/gallery\/nastup-ucenika-glazbene-skole-u-djecjem-vrticu-zvoncic-15-prosinca-2014-nastupili-ucenici-predstavnici-svih-odjela\/Dj.vrti%C4%87-Zvon%C4%8Di%C4%87-24.JPG\"\n               title=\"\"\n               data-src=\"https:\/\/kontesadora.hr\/stara\/wp-content\/gallery\/nastup-ucenika-glazbene-skole-u-djecjem-vrticu-zvoncic-15-prosinca-2014-nastupili-ucenici-predstavnici-svih-odjela\/Dj.vrti%C4%87-Zvon%C4%8Di%C4%87-24.JPG\"\n               data-thumbnail=\"https:\/\/kontesadora.hr\/stara\/wp-content\/gallery\/nastup-ucenika-glazbene-skole-u-djecjem-vrticu-zvoncic-15-prosinca-2014-nastupili-ucenici-predstavnici-svih-odjela\/thumbs\/thumbs_Dj.vrti%C4%87-Zvon%C4%8Di%C4%87-24.JPG\"\n               data-image-id=\"2907\"\n               data-title=\"Dj.vrti\u0107 Zvon\u010di\u0107 (24).JPG\"\n               data-description=\"\"\n               data-image-slug=\"dj-vrti%c4%87-zvon%c4%8di%c4%87-24-jpg-1\"\n               class=\"shutterset_db94c83f1a601ae28cbc1886beb6c201\">\n                <img\n                    title=\"Dj.vrti\u0107 Zvon\u010di\u0107 (24).JPG\"\n                    alt=\"Dj.vrti\u0107 Zvon\u010di\u0107 (24).JPG\"\n                    src=\"https:\/\/kontesadora.hr\/stara\/wp-content\/gallery\/nastup-ucenika-glazbene-skole-u-djecjem-vrticu-zvoncic-15-prosinca-2014-nastupili-ucenici-predstavnici-svih-odjela\/thumbs\/thumbs_Dj.vrti%C4%87-Zvon%C4%8Di%C4%87-24.JPG\"\n                    width=\"100\"\n                    height=\"75\"\n                    style=\"max-width:100%;\"\n                \/>\n            <\/a>\n        <\/div>\n\t\t\t\t\t\t\t<\/div> \n\t\t\t\n        \n\t\t\t\t<div id=\"ngg-image-14\" class=\"ngg-gallery-thumbnail-box\" >\n\t\t\t\t        <div class=\"ngg-gallery-thumbnail\">\n            <a href=\"https:\/\/kontesadora.hr\/stara\/wp-content\/gallery\/nastup-ucenika-glazbene-skole-u-djecjem-vrticu-zvoncic-15-prosinca-2014-nastupili-ucenici-predstavnici-svih-odjela\/Dj.vrti%C4%87-Zvon%C4%8Di%C4%87-23.JPG\"\n               title=\"\"\n               data-src=\"https:\/\/kontesadora.hr\/stara\/wp-content\/gallery\/nastup-ucenika-glazbene-skole-u-djecjem-vrticu-zvoncic-15-prosinca-2014-nastupili-ucenici-predstavnici-svih-odjela\/Dj.vrti%C4%87-Zvon%C4%8Di%C4%87-23.JPG\"\n               data-thumbnail=\"https:\/\/kontesadora.hr\/stara\/wp-content\/gallery\/nastup-ucenika-glazbene-skole-u-djecjem-vrticu-zvoncic-15-prosinca-2014-nastupili-ucenici-predstavnici-svih-odjela\/thumbs\/thumbs_Dj.vrti%C4%87-Zvon%C4%8Di%C4%87-23.JPG\"\n               data-image-id=\"2906\"\n               data-title=\"Dj.vrti\u0107 Zvon\u010di\u0107 (23).JPG\"\n               data-description=\"\"\n               data-image-slug=\"dj-vrti%c4%87-zvon%c4%8di%c4%87-23-jpg-1\"\n               class=\"shutterset_db94c83f1a601ae28cbc1886beb6c201\">\n                <img\n                    title=\"Dj.vrti\u0107 Zvon\u010di\u0107 (23).JPG\"\n                    alt=\"Dj.vrti\u0107 Zvon\u010di\u0107 (23).JPG\"\n                    src=\"https:\/\/kontesadora.hr\/stara\/wp-content\/gallery\/nastup-ucenika-glazbene-skole-u-djecjem-vrticu-zvoncic-15-prosinca-2014-nastupili-ucenici-predstavnici-svih-odjela\/thumbs\/thumbs_Dj.vrti%C4%87-Zvon%C4%8Di%C4%87-23.JPG\"\n                    width=\"100\"\n                    height=\"75\"\n                    style=\"max-width:100%;\"\n                \/>\n            <\/a>\n        <\/div>\n\t\t\t\t\t\t\t<\/div> \n\t\t\t\n        \n\t\t\t\t<div id=\"ngg-image-15\" class=\"ngg-gallery-thumbnail-box\" >\n\t\t\t\t        <div class=\"ngg-gallery-thumbnail\">\n            <a href=\"https:\/\/kontesadora.hr\/stara\/wp-content\/gallery\/nastup-ucenika-glazbene-skole-u-djecjem-vrticu-zvoncic-15-prosinca-2014-nastupili-ucenici-predstavnici-svih-odjela\/Dj.vrti%C4%87-Zvon%C4%8Di%C4%87-22.JPG\"\n               title=\"\"\n               data-src=\"https:\/\/kontesadora.hr\/stara\/wp-content\/gallery\/nastup-ucenika-glazbene-skole-u-djecjem-vrticu-zvoncic-15-prosinca-2014-nastupili-ucenici-predstavnici-svih-odjela\/Dj.vrti%C4%87-Zvon%C4%8Di%C4%87-22.JPG\"\n               data-thumbnail=\"https:\/\/kontesadora.hr\/stara\/wp-content\/gallery\/nastup-ucenika-glazbene-skole-u-djecjem-vrticu-zvoncic-15-prosinca-2014-nastupili-ucenici-predstavnici-svih-odjela\/thumbs\/thumbs_Dj.vrti%C4%87-Zvon%C4%8Di%C4%87-22.JPG\"\n               data-image-id=\"2905\"\n               data-title=\"Dj.vrti\u0107 Zvon\u010di\u0107 (22).JPG\"\n               data-description=\"\"\n               data-image-slug=\"dj-vrti%c4%87-zvon%c4%8di%c4%87-22-jpg-1\"\n               class=\"shutterset_db94c83f1a601ae28cbc1886beb6c201\">\n                <img\n                    title=\"Dj.vrti\u0107 Zvon\u010di\u0107 (22).JPG\"\n                    alt=\"Dj.vrti\u0107 Zvon\u010di\u0107 (22).JPG\"\n                    src=\"https:\/\/kontesadora.hr\/stara\/wp-content\/gallery\/nastup-ucenika-glazbene-skole-u-djecjem-vrticu-zvoncic-15-prosinca-2014-nastupili-ucenici-predstavnici-svih-odjela\/thumbs\/thumbs_Dj.vrti%C4%87-Zvon%C4%8Di%C4%87-22.JPG\"\n                    width=\"100\"\n                    height=\"75\"\n                    style=\"max-width:100%;\"\n                \/>\n            <\/a>\n        <\/div>\n\t\t\t\t\t\t\t<\/div> \n\t\t\t\n        \n\t\t\t\t<div id=\"ngg-image-16\" class=\"ngg-gallery-thumbnail-box\" >\n\t\t\t\t        <div class=\"ngg-gallery-thumbnail\">\n            <a href=\"https:\/\/kontesadora.hr\/stara\/wp-content\/gallery\/nastup-ucenika-glazbene-skole-u-djecjem-vrticu-zvoncic-15-prosinca-2014-nastupili-ucenici-predstavnici-svih-odjela\/Dj.vrti%C4%87-Zvon%C4%8Di%C4%87-21.JPG\"\n               title=\"\"\n               data-src=\"https:\/\/kontesadora.hr\/stara\/wp-content\/gallery\/nastup-ucenika-glazbene-skole-u-djecjem-vrticu-zvoncic-15-prosinca-2014-nastupili-ucenici-predstavnici-svih-odjela\/Dj.vrti%C4%87-Zvon%C4%8Di%C4%87-21.JPG\"\n               data-thumbnail=\"https:\/\/kontesadora.hr\/stara\/wp-content\/gallery\/nastup-ucenika-glazbene-skole-u-djecjem-vrticu-zvoncic-15-prosinca-2014-nastupili-ucenici-predstavnici-svih-odjela\/thumbs\/thumbs_Dj.vrti%C4%87-Zvon%C4%8Di%C4%87-21.JPG\"\n               data-image-id=\"2904\"\n               data-title=\"Dj.vrti\u0107 Zvon\u010di\u0107 (21).JPG\"\n               data-description=\"\"\n               data-image-slug=\"dj-vrti%c4%87-zvon%c4%8di%c4%87-21-jpg-1\"\n               class=\"shutterset_db94c83f1a601ae28cbc1886beb6c201\">\n                <img\n                    title=\"Dj.vrti\u0107 Zvon\u010di\u0107 (21).JPG\"\n                    alt=\"Dj.vrti\u0107 Zvon\u010di\u0107 (21).JPG\"\n                    src=\"https:\/\/kontesadora.hr\/stara\/wp-content\/gallery\/nastup-ucenika-glazbene-skole-u-djecjem-vrticu-zvoncic-15-prosinca-2014-nastupili-ucenici-predstavnici-svih-odjela\/thumbs\/thumbs_Dj.vrti%C4%87-Zvon%C4%8Di%C4%87-21.JPG\"\n                    width=\"100\"\n                    height=\"75\"\n                    style=\"max-width:100%;\"\n                \/>\n            <\/a>\n        <\/div>\n\t\t\t\t\t\t\t<\/div> \n\t\t\t\n        \n\t\t\t\t<div id=\"ngg-image-17\" class=\"ngg-gallery-thumbnail-box\" >\n\t\t\t\t        <div class=\"ngg-gallery-thumbnail\">\n            <a href=\"https:\/\/kontesadora.hr\/stara\/wp-content\/gallery\/nastup-ucenika-glazbene-skole-u-djecjem-vrticu-zvoncic-15-prosinca-2014-nastupili-ucenici-predstavnici-svih-odjela\/Dj.vrti%C4%87-Zvon%C4%8Di%C4%87-20.JPG\"\n               title=\"\"\n               data-src=\"https:\/\/kontesadora.hr\/stara\/wp-content\/gallery\/nastup-ucenika-glazbene-skole-u-djecjem-vrticu-zvoncic-15-prosinca-2014-nastupili-ucenici-predstavnici-svih-odjela\/Dj.vrti%C4%87-Zvon%C4%8Di%C4%87-20.JPG\"\n               data-thumbnail=\"https:\/\/kontesadora.hr\/stara\/wp-content\/gallery\/nastup-ucenika-glazbene-skole-u-djecjem-vrticu-zvoncic-15-prosinca-2014-nastupili-ucenici-predstavnici-svih-odjela\/thumbs\/thumbs_Dj.vrti%C4%87-Zvon%C4%8Di%C4%87-20.JPG\"\n               data-image-id=\"2903\"\n               data-title=\"Dj.vrti\u0107 Zvon\u010di\u0107 (20).JPG\"\n               data-description=\"\"\n               data-image-slug=\"dj-vrti%c4%87-zvon%c4%8di%c4%87-20-jpg-1\"\n               class=\"shutterset_db94c83f1a601ae28cbc1886beb6c201\">\n                <img\n                    title=\"Dj.vrti\u0107 Zvon\u010di\u0107 (20).JPG\"\n                    alt=\"Dj.vrti\u0107 Zvon\u010di\u0107 (20).JPG\"\n                    src=\"https:\/\/kontesadora.hr\/stara\/wp-content\/gallery\/nastup-ucenika-glazbene-skole-u-djecjem-vrticu-zvoncic-15-prosinca-2014-nastupili-ucenici-predstavnici-svih-odjela\/thumbs\/thumbs_Dj.vrti%C4%87-Zvon%C4%8Di%C4%87-20.JPG\"\n                    width=\"100\"\n                    height=\"75\"\n                    style=\"max-width:100%;\"\n                \/>\n            <\/a>\n        <\/div>\n\t\t\t\t\t\t\t<\/div> \n\t\t\t\n        \n\t\t\t\t<div id=\"ngg-image-18\" class=\"ngg-gallery-thumbnail-box\" >\n\t\t\t\t        <div class=\"ngg-gallery-thumbnail\">\n            <a href=\"https:\/\/kontesadora.hr\/stara\/wp-content\/gallery\/nastup-ucenika-glazbene-skole-u-djecjem-vrticu-zvoncic-15-prosinca-2014-nastupili-ucenici-predstavnici-svih-odjela\/Dj.vrti%C4%87-Zvon%C4%8Di%C4%87-19.JPG\"\n               title=\"\"\n               data-src=\"https:\/\/kontesadora.hr\/stara\/wp-content\/gallery\/nastup-ucenika-glazbene-skole-u-djecjem-vrticu-zvoncic-15-prosinca-2014-nastupili-ucenici-predstavnici-svih-odjela\/Dj.vrti%C4%87-Zvon%C4%8Di%C4%87-19.JPG\"\n               data-thumbnail=\"https:\/\/kontesadora.hr\/stara\/wp-content\/gallery\/nastup-ucenika-glazbene-skole-u-djecjem-vrticu-zvoncic-15-prosinca-2014-nastupili-ucenici-predstavnici-svih-odjela\/thumbs\/thumbs_Dj.vrti%C4%87-Zvon%C4%8Di%C4%87-19.JPG\"\n               data-image-id=\"2902\"\n               data-title=\"Dj.vrti\u0107 Zvon\u010di\u0107 (19).JPG\"\n               data-description=\"\"\n               data-image-slug=\"dj-vrti%c4%87-zvon%c4%8di%c4%87-19-jpg-1\"\n               class=\"shutterset_db94c83f1a601ae28cbc1886beb6c201\">\n                <img\n                    title=\"Dj.vrti\u0107 Zvon\u010di\u0107 (19).JPG\"\n                    alt=\"Dj.vrti\u0107 Zvon\u010di\u0107 (19).JPG\"\n                    src=\"https:\/\/kontesadora.hr\/stara\/wp-content\/gallery\/nastup-ucenika-glazbene-skole-u-djecjem-vrticu-zvoncic-15-prosinca-2014-nastupili-ucenici-predstavnici-svih-odjela\/thumbs\/thumbs_Dj.vrti%C4%87-Zvon%C4%8Di%C4%87-19.JPG\"\n                    width=\"100\"\n                    height=\"75\"\n                    style=\"max-width:100%;\"\n                \/>\n            <\/a>\n        <\/div>\n\t\t\t\t\t\t\t<\/div> \n\t\t\t\n        \n\t\t\t\t<div id=\"ngg-image-19\" class=\"ngg-gallery-thumbnail-box\" >\n\t\t\t\t        <div class=\"ngg-gallery-thumbnail\">\n            <a href=\"https:\/\/kontesadora.hr\/stara\/wp-content\/gallery\/nastup-ucenika-glazbene-skole-u-djecjem-vrticu-zvoncic-15-prosinca-2014-nastupili-ucenici-predstavnici-svih-odjela\/Dj.vrti%C4%87-Zvon%C4%8Di%C4%87-18.JPG\"\n               title=\"\"\n               data-src=\"https:\/\/kontesadora.hr\/stara\/wp-content\/gallery\/nastup-ucenika-glazbene-skole-u-djecjem-vrticu-zvoncic-15-prosinca-2014-nastupili-ucenici-predstavnici-svih-odjela\/Dj.vrti%C4%87-Zvon%C4%8Di%C4%87-18.JPG\"\n               data-thumbnail=\"https:\/\/kontesadora.hr\/stara\/wp-content\/gallery\/nastup-ucenika-glazbene-skole-u-djecjem-vrticu-zvoncic-15-prosinca-2014-nastupili-ucenici-predstavnici-svih-odjela\/thumbs\/thumbs_Dj.vrti%C4%87-Zvon%C4%8Di%C4%87-18.JPG\"\n               data-image-id=\"2901\"\n               data-title=\"Dj.vrti\u0107 Zvon\u010di\u0107 (18).JPG\"\n               data-description=\"\"\n               data-image-slug=\"dj-vrti%c4%87-zvon%c4%8di%c4%87-18-jpg-1\"\n               class=\"shutterset_db94c83f1a601ae28cbc1886beb6c201\">\n                <img\n                    title=\"Dj.vrti\u0107 Zvon\u010di\u0107 (18).JPG\"\n                    alt=\"Dj.vrti\u0107 Zvon\u010di\u0107 (18).JPG\"\n                    src=\"https:\/\/kontesadora.hr\/stara\/wp-content\/gallery\/nastup-ucenika-glazbene-skole-u-djecjem-vrticu-zvoncic-15-prosinca-2014-nastupili-ucenici-predstavnici-svih-odjela\/thumbs\/thumbs_Dj.vrti%C4%87-Zvon%C4%8Di%C4%87-18.JPG\"\n                    width=\"100\"\n                    height=\"75\"\n                    style=\"max-width:100%;\"\n                \/>\n            <\/a>\n        <\/div>\n\t\t\t\t\t\t\t<\/div> \n\t\t\t\n        \n\t\t\n\t\t<!-- Pagination -->\n\t<div class='ngg-navigation'><span class='current'>1<\/span>\n<a class='page-numbers' data-pageid='2' href='https:\/\/kontesadora.hr\/stara\/galerija\/nggallery\/page\/2'>2<\/a>\n<a class='prev' href='https:\/\/kontesadora.hr\/stara\/galerija\/nggallery\/page\/2' data-pageid=2>&#9658;<\/a><\/div>\t<\/div>\n Nastup u\u010denika glazbene \u0161kole u DJE\u010cJEM VRTI\u0106U &#8220;ZVON\u010cI\u0106&#8221;, 15. prosinca 2014. Nastupili u\u010denici, predstavnici svih odjela.<\/p>\n<!-- index.php -->\n<div\n\tclass=\"ngg-galleryoverview ngg-ajax-pagination-none\"\n\tid=\"ngg-gallery-57c114919923b6ea9be940f45d585aba-1\">\n\n    \t<div class=\"slideshowlink\">\n        <a href='https:\/\/kontesadora.hr\/stara\/galerija\/nggallery\/slideshow'>[Show as slideshow]<\/a>\n\t\t\n\t<\/div>\n\t\t\t<!-- Thumbnails -->\n\t\t\t\t<div id=\"ngg-image-0\" class=\"ngg-gallery-thumbnail-box\" >\n\t\t\t\t        <div class=\"ngg-gallery-thumbnail\">\n            <a href=\"https:\/\/kontesadora.hr\/stara\/wp-content\/gallery\/tomohiro-2014\/tomohiro_2014%20%284%29.jpg\"\n               title=\"\"\n               data-src=\"https:\/\/kontesadora.hr\/stara\/wp-content\/gallery\/tomohiro-2014\/tomohiro_2014%20%284%29.jpg\"\n               data-thumbnail=\"https:\/\/kontesadora.hr\/stara\/wp-content\/gallery\/tomohiro-2014\/thumbs\/thumbs_tomohiro_2014%20%284%29.jpg\"\n               data-image-id=\"2497\"\n               data-title=\"tomohiro_2014 (4)\"\n               data-description=\"\"\n               data-image-slug=\"tomohiro_2014-4-2\"\n               class=\"shutterset_57c114919923b6ea9be940f45d585aba\">\n                <img\n                    title=\"tomohiro_2014 (4)\"\n                    alt=\"tomohiro_2014 (4)\"\n                    src=\"https:\/\/kontesadora.hr\/stara\/wp-content\/gallery\/tomohiro-2014\/thumbs\/thumbs_tomohiro_2014%20%284%29.jpg\"\n                    width=\"100\"\n                    height=\"75\"\n                    style=\"max-width:100%;\"\n                \/>\n            <\/a>\n        <\/div>\n\t\t\t\t\t\t\t<\/div> \n\t\t\t\n        \n\t\t\t\t<div id=\"ngg-image-1\" class=\"ngg-gallery-thumbnail-box\" >\n\t\t\t\t        <div class=\"ngg-gallery-thumbnail\">\n            <a href=\"https:\/\/kontesadora.hr\/stara\/wp-content\/gallery\/tomohiro-2014\/tomohiro_2014%20%289%29.jpg\"\n               title=\"\"\n               data-src=\"https:\/\/kontesadora.hr\/stara\/wp-content\/gallery\/tomohiro-2014\/tomohiro_2014%20%289%29.jpg\"\n               data-thumbnail=\"https:\/\/kontesadora.hr\/stara\/wp-content\/gallery\/tomohiro-2014\/thumbs\/thumbs_tomohiro_2014%20%289%29.jpg\"\n               data-image-id=\"2515\"\n               data-title=\"tomohiro_2014 (9)\"\n               data-description=\"\"\n               data-image-slug=\"tomohiro_2014-9-1\"\n               class=\"shutterset_57c114919923b6ea9be940f45d585aba\">\n                <img\n                    title=\"tomohiro_2014 (9)\"\n                    alt=\"tomohiro_2014 (9)\"\n                    src=\"https:\/\/kontesadora.hr\/stara\/wp-content\/gallery\/tomohiro-2014\/thumbs\/thumbs_tomohiro_2014%20%289%29.jpg\"\n                    width=\"100\"\n                    height=\"75\"\n                    style=\"max-width:100%;\"\n                \/>\n            <\/a>\n        <\/div>\n\t\t\t\t\t\t\t<\/div> \n\t\t\t\n        \n\t\t\t\t<div id=\"ngg-image-2\" class=\"ngg-gallery-thumbnail-box\" >\n\t\t\t\t        <div class=\"ngg-gallery-thumbnail\">\n            <a href=\"https:\/\/kontesadora.hr\/stara\/wp-content\/gallery\/tomohiro-2014\/tomohiro_2014%20%2840%29.jpg\"\n               title=\"\"\n               data-src=\"https:\/\/kontesadora.hr\/stara\/wp-content\/gallery\/tomohiro-2014\/tomohiro_2014%20%2840%29.jpg\"\n               data-thumbnail=\"https:\/\/kontesadora.hr\/stara\/wp-content\/gallery\/tomohiro-2014\/thumbs\/thumbs_tomohiro_2014%20%2840%29.jpg\"\n               data-image-id=\"2498\"\n               data-title=\"tomohiro_2014 (40)\"\n               data-description=\"\"\n               data-image-slug=\"tomohiro_2014-40-2\"\n               class=\"shutterset_57c114919923b6ea9be940f45d585aba\">\n                <img\n                    title=\"tomohiro_2014 (40)\"\n                    alt=\"tomohiro_2014 (40)\"\n                    src=\"https:\/\/kontesadora.hr\/stara\/wp-content\/gallery\/tomohiro-2014\/thumbs\/thumbs_tomohiro_2014%20%2840%29.jpg\"\n                    width=\"100\"\n                    height=\"75\"\n                    style=\"max-width:100%;\"\n                \/>\n            <\/a>\n        <\/div>\n\t\t\t\t\t\t\t<\/div> \n\t\t\t\n        \n\t\t\t\t<div id=\"ngg-image-3\" class=\"ngg-gallery-thumbnail-box\" >\n\t\t\t\t        <div class=\"ngg-gallery-thumbnail\">\n            <a href=\"https:\/\/kontesadora.hr\/stara\/wp-content\/gallery\/tomohiro-2014\/tomohiro_2014%20%2810%29.jpg\"\n               title=\"\"\n               data-src=\"https:\/\/kontesadora.hr\/stara\/wp-content\/gallery\/tomohiro-2014\/tomohiro_2014%20%2810%29.jpg\"\n               data-thumbnail=\"https:\/\/kontesadora.hr\/stara\/wp-content\/gallery\/tomohiro-2014\/thumbs\/thumbs_tomohiro_2014%20%2810%29.jpg\"\n               data-image-id=\"2465\"\n               data-title=\"tomohiro_2014 (10)\"\n               data-description=\"\"\n               data-image-slug=\"tomohiro_2014-10-2\"\n               class=\"shutterset_57c114919923b6ea9be940f45d585aba\">\n                <img\n                    title=\"tomohiro_2014 (10)\"\n                    alt=\"tomohiro_2014 (10)\"\n                    src=\"https:\/\/kontesadora.hr\/stara\/wp-content\/gallery\/tomohiro-2014\/thumbs\/thumbs_tomohiro_2014%20%2810%29.jpg\"\n                    width=\"100\"\n                    height=\"75\"\n                    style=\"max-width:100%;\"\n                \/>\n            <\/a>\n        <\/div>\n\t\t\t\t\t\t\t<\/div> \n\t\t\t\n        \n\t\t\t\t<div id=\"ngg-image-4\" class=\"ngg-gallery-thumbnail-box\" >\n\t\t\t\t        <div class=\"ngg-gallery-thumbnail\">\n            <a href=\"https:\/\/kontesadora.hr\/stara\/wp-content\/gallery\/tomohiro-2014\/tomohiro_2014%20%281%29.jpg\"\n               title=\"\"\n               data-src=\"https:\/\/kontesadora.hr\/stara\/wp-content\/gallery\/tomohiro-2014\/tomohiro_2014%20%281%29.jpg\"\n               data-thumbnail=\"https:\/\/kontesadora.hr\/stara\/wp-content\/gallery\/tomohiro-2014\/thumbs\/thumbs_tomohiro_2014%20%281%29.jpg\"\n               data-image-id=\"2464\"\n               data-title=\"tomohiro_2014 (1)\"\n               data-description=\"\"\n               data-image-slug=\"tomohiro_2014-1-2\"\n               class=\"shutterset_57c114919923b6ea9be940f45d585aba\">\n                <img\n                    title=\"tomohiro_2014 (1)\"\n                    alt=\"tomohiro_2014 (1)\"\n                    src=\"https:\/\/kontesadora.hr\/stara\/wp-content\/gallery\/tomohiro-2014\/thumbs\/thumbs_tomohiro_2014%20%281%29.jpg\"\n                    width=\"100\"\n                    height=\"75\"\n                    style=\"max-width:100%;\"\n                \/>\n            <\/a>\n        <\/div>\n\t\t\t\t\t\t\t<\/div> \n\t\t\t\n        \n\t\t\t\t<div id=\"ngg-image-5\" class=\"ngg-gallery-thumbnail-box\" >\n\t\t\t\t        <div class=\"ngg-gallery-thumbnail\">\n            <a href=\"https:\/\/kontesadora.hr\/stara\/wp-content\/gallery\/tomohiro-2014\/tomohiro_2014%20%2825%29.jpg\"\n               title=\"\"\n               data-src=\"https:\/\/kontesadora.hr\/stara\/wp-content\/gallery\/tomohiro-2014\/tomohiro_2014%20%2825%29.jpg\"\n               data-thumbnail=\"https:\/\/kontesadora.hr\/stara\/wp-content\/gallery\/tomohiro-2014\/thumbs\/thumbs_tomohiro_2014%20%2825%29.jpg\"\n               data-image-id=\"2481\"\n               data-title=\"tomohiro_2014 (25)\"\n               data-description=\"\"\n               data-image-slug=\"tomohiro_2014-25-2\"\n               class=\"shutterset_57c114919923b6ea9be940f45d585aba\">\n                <img\n                    title=\"tomohiro_2014 (25)\"\n                    alt=\"tomohiro_2014 (25)\"\n                    src=\"https:\/\/kontesadora.hr\/stara\/wp-content\/gallery\/tomohiro-2014\/thumbs\/thumbs_tomohiro_2014%20%2825%29.jpg\"\n                    width=\"100\"\n                    height=\"75\"\n                    style=\"max-width:100%;\"\n                \/>\n            <\/a>\n        <\/div>\n\t\t\t\t\t\t\t<\/div> \n\t\t\t\n        \n\t\t\t\t<div id=\"ngg-image-6\" class=\"ngg-gallery-thumbnail-box\" >\n\t\t\t\t        <div class=\"ngg-gallery-thumbnail\">\n            <a href=\"https:\/\/kontesadora.hr\/stara\/wp-content\/gallery\/tomohiro-2014\/tomohiro_2014%20%2826%29.jpg\"\n               title=\"\"\n               data-src=\"https:\/\/kontesadora.hr\/stara\/wp-content\/gallery\/tomohiro-2014\/tomohiro_2014%20%2826%29.jpg\"\n               data-thumbnail=\"https:\/\/kontesadora.hr\/stara\/wp-content\/gallery\/tomohiro-2014\/thumbs\/thumbs_tomohiro_2014%20%2826%29.jpg\"\n               data-image-id=\"2482\"\n               data-title=\"tomohiro_2014 (26)\"\n               data-description=\"\"\n               data-image-slug=\"tomohiro_2014-26-2\"\n               class=\"shutterset_57c114919923b6ea9be940f45d585aba\">\n                <img\n                    title=\"tomohiro_2014 (26)\"\n                    alt=\"tomohiro_2014 (26)\"\n                    src=\"https:\/\/kontesadora.hr\/stara\/wp-content\/gallery\/tomohiro-2014\/thumbs\/thumbs_tomohiro_2014%20%2826%29.jpg\"\n                    width=\"100\"\n                    height=\"75\"\n                    style=\"max-width:100%;\"\n                \/>\n            <\/a>\n        <\/div>\n\t\t\t\t\t\t\t<\/div> \n\t\t\t\n        \n\t\t\t\t<div id=\"ngg-image-7\" class=\"ngg-gallery-thumbnail-box\" >\n\t\t\t\t        <div class=\"ngg-gallery-thumbnail\">\n            <a href=\"https:\/\/kontesadora.hr\/stara\/wp-content\/gallery\/tomohiro-2014\/tomohiro_2014%20%2848%29.jpg\"\n               title=\"\"\n               data-src=\"https:\/\/kontesadora.hr\/stara\/wp-content\/gallery\/tomohiro-2014\/tomohiro_2014%20%2848%29.jpg\"\n               data-thumbnail=\"https:\/\/kontesadora.hr\/stara\/wp-content\/gallery\/tomohiro-2014\/thumbs\/thumbs_tomohiro_2014%20%2848%29.jpg\"\n               data-image-id=\"2506\"\n               data-title=\"tomohiro_2014 (48)\"\n               data-description=\"\"\n               data-image-slug=\"tomohiro_2014-48-2\"\n               class=\"shutterset_57c114919923b6ea9be940f45d585aba\">\n                <img\n                    title=\"tomohiro_2014 (48)\"\n                    alt=\"tomohiro_2014 (48)\"\n                    src=\"https:\/\/kontesadora.hr\/stara\/wp-content\/gallery\/tomohiro-2014\/thumbs\/thumbs_tomohiro_2014%20%2848%29.jpg\"\n                    width=\"100\"\n                    height=\"75\"\n                    style=\"max-width:100%;\"\n                \/>\n            <\/a>\n        <\/div>\n\t\t\t\t\t\t\t<\/div> \n\t\t\t\n        \n\t\t\t\t<div id=\"ngg-image-8\" class=\"ngg-gallery-thumbnail-box\" >\n\t\t\t\t        <div class=\"ngg-gallery-thumbnail\">\n            <a href=\"https:\/\/kontesadora.hr\/stara\/wp-content\/gallery\/tomohiro-2014\/tomohiro_2014%20%2824%29.jpg\"\n               title=\"\"\n               data-src=\"https:\/\/kontesadora.hr\/stara\/wp-content\/gallery\/tomohiro-2014\/tomohiro_2014%20%2824%29.jpg\"\n               data-thumbnail=\"https:\/\/kontesadora.hr\/stara\/wp-content\/gallery\/tomohiro-2014\/thumbs\/thumbs_tomohiro_2014%20%2824%29.jpg\"\n               data-image-id=\"2480\"\n               data-title=\"tomohiro_2014 (24)\"\n               data-description=\"\"\n               data-image-slug=\"tomohiro_2014-24-2\"\n               class=\"shutterset_57c114919923b6ea9be940f45d585aba\">\n                <img\n                    title=\"tomohiro_2014 (24)\"\n                    alt=\"tomohiro_2014 (24)\"\n                    src=\"https:\/\/kontesadora.hr\/stara\/wp-content\/gallery\/tomohiro-2014\/thumbs\/thumbs_tomohiro_2014%20%2824%29.jpg\"\n                    width=\"100\"\n                    height=\"75\"\n                    style=\"max-width:100%;\"\n                \/>\n            <\/a>\n        <\/div>\n\t\t\t\t\t\t\t<\/div> \n\t\t\t\n        \n\t\t\t\t<div id=\"ngg-image-9\" class=\"ngg-gallery-thumbnail-box\" >\n\t\t\t\t        <div class=\"ngg-gallery-thumbnail\">\n            <a href=\"https:\/\/kontesadora.hr\/stara\/wp-content\/gallery\/tomohiro-2014\/tomohiro_2014%20%286%29.jpg\"\n               title=\"\"\n               data-src=\"https:\/\/kontesadora.hr\/stara\/wp-content\/gallery\/tomohiro-2014\/tomohiro_2014%20%286%29.jpg\"\n               data-thumbnail=\"https:\/\/kontesadora.hr\/stara\/wp-content\/gallery\/tomohiro-2014\/thumbs\/thumbs_tomohiro_2014%20%286%29.jpg\"\n               data-image-id=\"2512\"\n               data-title=\"tomohiro_2014 (6)\"\n               data-description=\"\"\n               data-image-slug=\"tomohiro_2014-6-2\"\n               class=\"shutterset_57c114919923b6ea9be940f45d585aba\">\n                <img\n                    title=\"tomohiro_2014 (6)\"\n                    alt=\"tomohiro_2014 (6)\"\n                    src=\"https:\/\/kontesadora.hr\/stara\/wp-content\/gallery\/tomohiro-2014\/thumbs\/thumbs_tomohiro_2014%20%286%29.jpg\"\n                    width=\"100\"\n                    height=\"75\"\n                    style=\"max-width:100%;\"\n                \/>\n            <\/a>\n        <\/div>\n\t\t\t\t\t\t\t<\/div> \n\t\t\t\n        \n\t\t\t\t<div id=\"ngg-image-10\" class=\"ngg-gallery-thumbnail-box\" >\n\t\t\t\t        <div class=\"ngg-gallery-thumbnail\">\n            <a href=\"https:\/\/kontesadora.hr\/stara\/wp-content\/gallery\/tomohiro-2014\/tomohiro_2014%20%2832%29.jpg\"\n               title=\"\"\n               data-src=\"https:\/\/kontesadora.hr\/stara\/wp-content\/gallery\/tomohiro-2014\/tomohiro_2014%20%2832%29.jpg\"\n               data-thumbnail=\"https:\/\/kontesadora.hr\/stara\/wp-content\/gallery\/tomohiro-2014\/thumbs\/thumbs_tomohiro_2014%20%2832%29.jpg\"\n               data-image-id=\"2489\"\n               data-title=\"tomohiro_2014 (32)\"\n               data-description=\"\"\n               data-image-slug=\"tomohiro_2014-32-2\"\n               class=\"shutterset_57c114919923b6ea9be940f45d585aba\">\n                <img\n                    title=\"tomohiro_2014 (32)\"\n                    alt=\"tomohiro_2014 (32)\"\n                    src=\"https:\/\/kontesadora.hr\/stara\/wp-content\/gallery\/tomohiro-2014\/thumbs\/thumbs_tomohiro_2014%20%2832%29.jpg\"\n                    width=\"100\"\n                    height=\"75\"\n                    style=\"max-width:100%;\"\n                \/>\n            <\/a>\n        <\/div>\n\t\t\t\t\t\t\t<\/div> \n\t\t\t\n        \n\t\t\t\t<div id=\"ngg-image-11\" class=\"ngg-gallery-thumbnail-box\" >\n\t\t\t\t        <div class=\"ngg-gallery-thumbnail\">\n            <a href=\"https:\/\/kontesadora.hr\/stara\/wp-content\/gallery\/tomohiro-2014\/tomohiro_2014%20%2811%29.jpg\"\n               title=\"\"\n               data-src=\"https:\/\/kontesadora.hr\/stara\/wp-content\/gallery\/tomohiro-2014\/tomohiro_2014%20%2811%29.jpg\"\n               data-thumbnail=\"https:\/\/kontesadora.hr\/stara\/wp-content\/gallery\/tomohiro-2014\/thumbs\/thumbs_tomohiro_2014%20%2811%29.jpg\"\n               data-image-id=\"2466\"\n               data-title=\"tomohiro_2014 (11)\"\n               data-description=\"\"\n               data-image-slug=\"tomohiro_2014-11-2\"\n               class=\"shutterset_57c114919923b6ea9be940f45d585aba\">\n                <img\n                    title=\"tomohiro_2014 (11)\"\n                    alt=\"tomohiro_2014 (11)\"\n                    src=\"https:\/\/kontesadora.hr\/stara\/wp-content\/gallery\/tomohiro-2014\/thumbs\/thumbs_tomohiro_2014%20%2811%29.jpg\"\n                    width=\"100\"\n                    height=\"75\"\n                    style=\"max-width:100%;\"\n                \/>\n            <\/a>\n        <\/div>\n\t\t\t\t\t\t\t<\/div> \n\t\t\t\n        \n\t\t\t\t<div id=\"ngg-image-12\" class=\"ngg-gallery-thumbnail-box\" >\n\t\t\t\t        <div class=\"ngg-gallery-thumbnail\">\n            <a href=\"https:\/\/kontesadora.hr\/stara\/wp-content\/gallery\/tomohiro-2014\/tomohiro_2014%20%287%29.jpg\"\n               title=\"\"\n               data-src=\"https:\/\/kontesadora.hr\/stara\/wp-content\/gallery\/tomohiro-2014\/tomohiro_2014%20%287%29.jpg\"\n               data-thumbnail=\"https:\/\/kontesadora.hr\/stara\/wp-content\/gallery\/tomohiro-2014\/thumbs\/thumbs_tomohiro_2014%20%287%29.jpg\"\n               data-image-id=\"2513\"\n               data-title=\"tomohiro_2014 (7)\"\n               data-description=\"\"\n               data-image-slug=\"tomohiro_2014-7-2\"\n               class=\"shutterset_57c114919923b6ea9be940f45d585aba\">\n                <img\n                    title=\"tomohiro_2014 (7)\"\n                    alt=\"tomohiro_2014 (7)\"\n                    src=\"https:\/\/kontesadora.hr\/stara\/wp-content\/gallery\/tomohiro-2014\/thumbs\/thumbs_tomohiro_2014%20%287%29.jpg\"\n                    width=\"100\"\n                    height=\"75\"\n                    style=\"max-width:100%;\"\n                \/>\n            <\/a>\n        <\/div>\n\t\t\t\t\t\t\t<\/div> \n\t\t\t\n        \n\t\t\t\t<div id=\"ngg-image-13\" class=\"ngg-gallery-thumbnail-box\" >\n\t\t\t\t        <div class=\"ngg-gallery-thumbnail\">\n            <a href=\"https:\/\/kontesadora.hr\/stara\/wp-content\/gallery\/tomohiro-2014\/tomohiro_2014%20%2847%29.jpg\"\n               title=\"\"\n               data-src=\"https:\/\/kontesadora.hr\/stara\/wp-content\/gallery\/tomohiro-2014\/tomohiro_2014%20%2847%29.jpg\"\n               data-thumbnail=\"https:\/\/kontesadora.hr\/stara\/wp-content\/gallery\/tomohiro-2014\/thumbs\/thumbs_tomohiro_2014%20%2847%29.jpg\"\n               data-image-id=\"2505\"\n               data-title=\"tomohiro_2014 (47)\"\n               data-description=\"\"\n               data-image-slug=\"tomohiro_2014-47-2\"\n               class=\"shutterset_57c114919923b6ea9be940f45d585aba\">\n                <img\n                    title=\"tomohiro_2014 (47)\"\n                    alt=\"tomohiro_2014 (47)\"\n                    src=\"https:\/\/kontesadora.hr\/stara\/wp-content\/gallery\/tomohiro-2014\/thumbs\/thumbs_tomohiro_2014%20%2847%29.jpg\"\n                    width=\"100\"\n                    height=\"75\"\n                    style=\"max-width:100%;\"\n                \/>\n            <\/a>\n        <\/div>\n\t\t\t\t\t\t\t<\/div> \n\t\t\t\n        \n\t\t\t\t<div id=\"ngg-image-14\" class=\"ngg-gallery-thumbnail-box\" >\n\t\t\t\t        <div class=\"ngg-gallery-thumbnail\">\n            <a href=\"https:\/\/kontesadora.hr\/stara\/wp-content\/gallery\/tomohiro-2014\/tomohiro_2014%20%2839%29.jpg\"\n               title=\"\"\n               data-src=\"https:\/\/kontesadora.hr\/stara\/wp-content\/gallery\/tomohiro-2014\/tomohiro_2014%20%2839%29.jpg\"\n               data-thumbnail=\"https:\/\/kontesadora.hr\/stara\/wp-content\/gallery\/tomohiro-2014\/thumbs\/thumbs_tomohiro_2014%20%2839%29.jpg\"\n               data-image-id=\"2496\"\n               data-title=\"tomohiro_2014 (39)\"\n               data-description=\"\"\n               data-image-slug=\"tomohiro_2014-39-2\"\n               class=\"shutterset_57c114919923b6ea9be940f45d585aba\">\n                <img\n                    title=\"tomohiro_2014 (39)\"\n                    alt=\"tomohiro_2014 (39)\"\n                    src=\"https:\/\/kontesadora.hr\/stara\/wp-content\/gallery\/tomohiro-2014\/thumbs\/thumbs_tomohiro_2014%20%2839%29.jpg\"\n                    width=\"100\"\n                    height=\"75\"\n                    style=\"max-width:100%;\"\n                \/>\n            <\/a>\n        <\/div>\n\t\t\t\t\t\t\t<\/div> \n\t\t\t\n        \n\t\t\t\t<div id=\"ngg-image-15\" class=\"ngg-gallery-thumbnail-box\" >\n\t\t\t\t        <div class=\"ngg-gallery-thumbnail\">\n            <a href=\"https:\/\/kontesadora.hr\/stara\/wp-content\/gallery\/tomohiro-2014\/tomohiro_2014%20%2818%29.jpg\"\n               title=\"\"\n               data-src=\"https:\/\/kontesadora.hr\/stara\/wp-content\/gallery\/tomohiro-2014\/tomohiro_2014%20%2818%29.jpg\"\n               data-thumbnail=\"https:\/\/kontesadora.hr\/stara\/wp-content\/gallery\/tomohiro-2014\/thumbs\/thumbs_tomohiro_2014%20%2818%29.jpg\"\n               data-image-id=\"2473\"\n               data-title=\"tomohiro_2014 (18)\"\n               data-description=\"\"\n               data-image-slug=\"tomohiro_2014-18-2\"\n               class=\"shutterset_57c114919923b6ea9be940f45d585aba\">\n                <img\n                    title=\"tomohiro_2014 (18)\"\n                    alt=\"tomohiro_2014 (18)\"\n                    src=\"https:\/\/kontesadora.hr\/stara\/wp-content\/gallery\/tomohiro-2014\/thumbs\/thumbs_tomohiro_2014%20%2818%29.jpg\"\n                    width=\"100\"\n                    height=\"75\"\n                    style=\"max-width:100%;\"\n                \/>\n            <\/a>\n        <\/div>\n\t\t\t\t\t\t\t<\/div> \n\t\t\t\n        \n\t\t\t\t<div id=\"ngg-image-16\" class=\"ngg-gallery-thumbnail-box\" >\n\t\t\t\t        <div class=\"ngg-gallery-thumbnail\">\n            <a href=\"https:\/\/kontesadora.hr\/stara\/wp-content\/gallery\/tomohiro-2014\/tomohiro_2014%20%2833%29.jpg\"\n               title=\"\"\n               data-src=\"https:\/\/kontesadora.hr\/stara\/wp-content\/gallery\/tomohiro-2014\/tomohiro_2014%20%2833%29.jpg\"\n               data-thumbnail=\"https:\/\/kontesadora.hr\/stara\/wp-content\/gallery\/tomohiro-2014\/thumbs\/thumbs_tomohiro_2014%20%2833%29.jpg\"\n               data-image-id=\"2490\"\n               data-title=\"tomohiro_2014 (33)\"\n               data-description=\"\"\n               data-image-slug=\"tomohiro_2014-33-2\"\n               class=\"shutterset_57c114919923b6ea9be940f45d585aba\">\n                <img\n                    title=\"tomohiro_2014 (33)\"\n                    alt=\"tomohiro_2014 (33)\"\n                    src=\"https:\/\/kontesadora.hr\/stara\/wp-content\/gallery\/tomohiro-2014\/thumbs\/thumbs_tomohiro_2014%20%2833%29.jpg\"\n                    width=\"100\"\n                    height=\"75\"\n                    style=\"max-width:100%;\"\n                \/>\n            <\/a>\n        <\/div>\n\t\t\t\t\t\t\t<\/div> \n\t\t\t\n        \n\t\t\t\t<div id=\"ngg-image-17\" class=\"ngg-gallery-thumbnail-box\" >\n\t\t\t\t        <div class=\"ngg-gallery-thumbnail\">\n            <a href=\"https:\/\/kontesadora.hr\/stara\/wp-content\/gallery\/tomohiro-2014\/tomohiro_2014%20%2817%29.jpg\"\n               title=\"\"\n               data-src=\"https:\/\/kontesadora.hr\/stara\/wp-content\/gallery\/tomohiro-2014\/tomohiro_2014%20%2817%29.jpg\"\n               data-thumbnail=\"https:\/\/kontesadora.hr\/stara\/wp-content\/gallery\/tomohiro-2014\/thumbs\/thumbs_tomohiro_2014%20%2817%29.jpg\"\n               data-image-id=\"2472\"\n               data-title=\"tomohiro_2014 (17)\"\n               data-description=\"\"\n               data-image-slug=\"tomohiro_2014-17-2\"\n               class=\"shutterset_57c114919923b6ea9be940f45d585aba\">\n                <img\n                    title=\"tomohiro_2014 (17)\"\n                    alt=\"tomohiro_2014 (17)\"\n                    src=\"https:\/\/kontesadora.hr\/stara\/wp-content\/gallery\/tomohiro-2014\/thumbs\/thumbs_tomohiro_2014%20%2817%29.jpg\"\n                    width=\"100\"\n                    height=\"75\"\n                    style=\"max-width:100%;\"\n                \/>\n            <\/a>\n        <\/div>\n\t\t\t\t\t\t\t<\/div> \n\t\t\t\n        \n\t\t\t\t<div id=\"ngg-image-18\" class=\"ngg-gallery-thumbnail-box\" >\n\t\t\t\t        <div class=\"ngg-gallery-thumbnail\">\n            <a href=\"https:\/\/kontesadora.hr\/stara\/wp-content\/gallery\/tomohiro-2014\/tomohiro_2014%20%2819%29.jpg\"\n               title=\"\"\n               data-src=\"https:\/\/kontesadora.hr\/stara\/wp-content\/gallery\/tomohiro-2014\/tomohiro_2014%20%2819%29.jpg\"\n               data-thumbnail=\"https:\/\/kontesadora.hr\/stara\/wp-content\/gallery\/tomohiro-2014\/thumbs\/thumbs_tomohiro_2014%20%2819%29.jpg\"\n               data-image-id=\"2474\"\n               data-title=\"tomohiro_2014 (19)\"\n               data-description=\"\"\n               data-image-slug=\"tomohiro_2014-19-1\"\n               class=\"shutterset_57c114919923b6ea9be940f45d585aba\">\n                <img\n                    title=\"tomohiro_2014 (19)\"\n                    alt=\"tomohiro_2014 (19)\"\n                    src=\"https:\/\/kontesadora.hr\/stara\/wp-content\/gallery\/tomohiro-2014\/thumbs\/thumbs_tomohiro_2014%20%2819%29.jpg\"\n                    width=\"100\"\n                    height=\"75\"\n                    style=\"max-width:100%;\"\n                \/>\n            <\/a>\n        <\/div>\n\t\t\t\t\t\t\t<\/div> \n\t\t\t\n        \n\t\t\t\t<div id=\"ngg-image-19\" class=\"ngg-gallery-thumbnail-box\" >\n\t\t\t\t        <div class=\"ngg-gallery-thumbnail\">\n            <a href=\"https:\/\/kontesadora.hr\/stara\/wp-content\/gallery\/tomohiro-2014\/tomohiro_2014%20%2831%29.jpg\"\n               title=\"\"\n               data-src=\"https:\/\/kontesadora.hr\/stara\/wp-content\/gallery\/tomohiro-2014\/tomohiro_2014%20%2831%29.jpg\"\n               data-thumbnail=\"https:\/\/kontesadora.hr\/stara\/wp-content\/gallery\/tomohiro-2014\/thumbs\/thumbs_tomohiro_2014%20%2831%29.jpg\"\n               data-image-id=\"2488\"\n               data-title=\"tomohiro_2014 (31)\"\n               data-description=\"\"\n               data-image-slug=\"tomohiro_2014-31-2\"\n               class=\"shutterset_57c114919923b6ea9be940f45d585aba\">\n                <img\n                    title=\"tomohiro_2014 (31)\"\n                    alt=\"tomohiro_2014 (31)\"\n                    src=\"https:\/\/kontesadora.hr\/stara\/wp-content\/gallery\/tomohiro-2014\/thumbs\/thumbs_tomohiro_2014%20%2831%29.jpg\"\n                    width=\"100\"\n                    height=\"75\"\n                    style=\"max-width:100%;\"\n                \/>\n            <\/a>\n        <\/div>\n\t\t\t\t\t\t\t<\/div> \n\t\t\t\n        \n\t\t\n\t\t<!-- Pagination -->\n\t<div class='ngg-navigation'><span class='current'>1<\/span>\n<a class='page-numbers' data-pageid='2' href='https:\/\/kontesadora.hr\/stara\/galerija\/nggallery\/page\/2'>2<\/a>\n<span class='ellipsis'>...<\/span>\n<a class='page-numbers' data-pageid='8' href='https:\/\/kontesadora.hr\/stara\/galerija\/nggallery\/page\/8'>8<\/a>\n<a class='prev' href='https:\/\/kontesadora.hr\/stara\/galerija\/nggallery\/page\/2' data-pageid=2>&#9658;<\/a><\/div>\t<\/div>\n Tomohiro Adachi drugi put u Na\u0161icama, 23.rujna 2014.<\/p>\n<!-- index.php -->\n<div\n\tclass=\"ngg-galleryoverview ngg-ajax-pagination-none\"\n\tid=\"ngg-gallery-6f002e2ba4e045427b4307c4f85882a9-1\">\n\n    \t<div class=\"slideshowlink\">\n        <a href='https:\/\/kontesadora.hr\/stara\/galerija\/nggallery\/slideshow'>[Show as slideshow]<\/a>\n\t\t\n\t<\/div>\n\t\t\t<!-- Thumbnails -->\n\t\t\t\t<div id=\"ngg-image-0\" class=\"ngg-gallery-thumbnail-box\" >\n\t\t\t\t        <div class=\"ngg-gallery-thumbnail\">\n            <a href=\"https:\/\/kontesadora.hr\/stara\/wp-content\/gallery\/majstori-sviraci-2014\/majstori_sviraci_zagreb_2014%20%281%29.jpg\"\n               title=\"\"\n               data-src=\"https:\/\/kontesadora.hr\/stara\/wp-content\/gallery\/majstori-sviraci-2014\/majstori_sviraci_zagreb_2014%20%281%29.jpg\"\n               data-thumbnail=\"https:\/\/kontesadora.hr\/stara\/wp-content\/gallery\/majstori-sviraci-2014\/thumbs\/thumbs_majstori_sviraci_zagreb_2014%20%281%29.jpg\"\n               data-image-id=\"2343\"\n               data-title=\"majstori_sviraci_zagreb_2014 (1)\"\n               data-description=\"\"\n               data-image-slug=\"majstori_sviraci_zagreb_2014-1\"\n               class=\"shutterset_6f002e2ba4e045427b4307c4f85882a9\">\n                <img\n                    title=\"majstori_sviraci_zagreb_2014 (1)\"\n                    alt=\"majstori_sviraci_zagreb_2014 (1)\"\n                    src=\"https:\/\/kontesadora.hr\/stara\/wp-content\/gallery\/majstori-sviraci-2014\/thumbs\/thumbs_majstori_sviraci_zagreb_2014%20%281%29.jpg\"\n                    width=\"100\"\n                    height=\"75\"\n                    style=\"max-width:100%;\"\n                \/>\n            <\/a>\n        <\/div>\n\t\t\t\t\t\t\t<\/div> \n\t\t\t\n        \n\t\t\t\t<div id=\"ngg-image-1\" class=\"ngg-gallery-thumbnail-box\" >\n\t\t\t\t        <div class=\"ngg-gallery-thumbnail\">\n            <a href=\"https:\/\/kontesadora.hr\/stara\/wp-content\/gallery\/majstori-sviraci-2014\/majstori_sviraci_zagreb_2014%20%282%29.jpg\"\n               title=\"\"\n               data-src=\"https:\/\/kontesadora.hr\/stara\/wp-content\/gallery\/majstori-sviraci-2014\/majstori_sviraci_zagreb_2014%20%282%29.jpg\"\n               data-thumbnail=\"https:\/\/kontesadora.hr\/stara\/wp-content\/gallery\/majstori-sviraci-2014\/thumbs\/thumbs_majstori_sviraci_zagreb_2014%20%282%29.jpg\"\n               data-image-id=\"2348\"\n               data-title=\"majstori_sviraci_zagreb_2014 (2)\"\n               data-description=\"\"\n               data-image-slug=\"majstori_sviraci_zagreb_2014-2\"\n               class=\"shutterset_6f002e2ba4e045427b4307c4f85882a9\">\n                <img\n                    title=\"majstori_sviraci_zagreb_2014 (2)\"\n                    alt=\"majstori_sviraci_zagreb_2014 (2)\"\n                    src=\"https:\/\/kontesadora.hr\/stara\/wp-content\/gallery\/majstori-sviraci-2014\/thumbs\/thumbs_majstori_sviraci_zagreb_2014%20%282%29.jpg\"\n                    width=\"100\"\n                    height=\"75\"\n                    style=\"max-width:100%;\"\n                \/>\n            <\/a>\n        <\/div>\n\t\t\t\t\t\t\t<\/div> \n\t\t\t\n        \n\t\t\t\t<div id=\"ngg-image-2\" class=\"ngg-gallery-thumbnail-box\" >\n\t\t\t\t        <div class=\"ngg-gallery-thumbnail\">\n            <a href=\"https:\/\/kontesadora.hr\/stara\/wp-content\/gallery\/majstori-sviraci-2014\/majstori_sviraci_zagreb_2014%20%283%29.jpg\"\n               title=\"\"\n               data-src=\"https:\/\/kontesadora.hr\/stara\/wp-content\/gallery\/majstori-sviraci-2014\/majstori_sviraci_zagreb_2014%20%283%29.jpg\"\n               data-thumbnail=\"https:\/\/kontesadora.hr\/stara\/wp-content\/gallery\/majstori-sviraci-2014\/thumbs\/thumbs_majstori_sviraci_zagreb_2014%20%283%29.jpg\"\n               data-image-id=\"2349\"\n               data-title=\"majstori_sviraci_zagreb_2014 (3)\"\n               data-description=\"\"\n               data-image-slug=\"majstori_sviraci_zagreb_2014-3\"\n               class=\"shutterset_6f002e2ba4e045427b4307c4f85882a9\">\n                <img\n                    title=\"majstori_sviraci_zagreb_2014 (3)\"\n                    alt=\"majstori_sviraci_zagreb_2014 (3)\"\n                    src=\"https:\/\/kontesadora.hr\/stara\/wp-content\/gallery\/majstori-sviraci-2014\/thumbs\/thumbs_majstori_sviraci_zagreb_2014%20%283%29.jpg\"\n                    width=\"100\"\n                    height=\"75\"\n                    style=\"max-width:100%;\"\n                \/>\n            <\/a>\n        <\/div>\n\t\t\t\t\t\t\t<\/div> \n\t\t\t\n        \n\t\t\t\t<div id=\"ngg-image-3\" class=\"ngg-gallery-thumbnail-box\" >\n\t\t\t\t        <div class=\"ngg-gallery-thumbnail\">\n            <a href=\"https:\/\/kontesadora.hr\/stara\/wp-content\/gallery\/majstori-sviraci-2014\/majstori_sviraci_zagreb_2014%20%284%29.jpg\"\n               title=\"\"\n               data-src=\"https:\/\/kontesadora.hr\/stara\/wp-content\/gallery\/majstori-sviraci-2014\/majstori_sviraci_zagreb_2014%20%284%29.jpg\"\n               data-thumbnail=\"https:\/\/kontesadora.hr\/stara\/wp-content\/gallery\/majstori-sviraci-2014\/thumbs\/thumbs_majstori_sviraci_zagreb_2014%20%284%29.jpg\"\n               data-image-id=\"2350\"\n               data-title=\"majstori_sviraci_zagreb_2014 (4)\"\n               data-description=\"\"\n               data-image-slug=\"majstori_sviraci_zagreb_2014-4\"\n               class=\"shutterset_6f002e2ba4e045427b4307c4f85882a9\">\n                <img\n                    title=\"majstori_sviraci_zagreb_2014 (4)\"\n                    alt=\"majstori_sviraci_zagreb_2014 (4)\"\n                    src=\"https:\/\/kontesadora.hr\/stara\/wp-content\/gallery\/majstori-sviraci-2014\/thumbs\/thumbs_majstori_sviraci_zagreb_2014%20%284%29.jpg\"\n                    width=\"100\"\n                    height=\"75\"\n                    style=\"max-width:100%;\"\n                \/>\n            <\/a>\n        <\/div>\n\t\t\t\t\t\t\t<\/div> \n\t\t\t\n        \n\t\t\t\t<div id=\"ngg-image-4\" class=\"ngg-gallery-thumbnail-box\" >\n\t\t\t\t        <div class=\"ngg-gallery-thumbnail\">\n            <a href=\"https:\/\/kontesadora.hr\/stara\/wp-content\/gallery\/majstori-sviraci-2014\/majstori_sviraci_zagreb_2014%20%285%29.jpg\"\n               title=\"\"\n               data-src=\"https:\/\/kontesadora.hr\/stara\/wp-content\/gallery\/majstori-sviraci-2014\/majstori_sviraci_zagreb_2014%20%285%29.jpg\"\n               data-thumbnail=\"https:\/\/kontesadora.hr\/stara\/wp-content\/gallery\/majstori-sviraci-2014\/thumbs\/thumbs_majstori_sviraci_zagreb_2014%20%285%29.jpg\"\n               data-image-id=\"2351\"\n               data-title=\"majstori_sviraci_zagreb_2014 (5)\"\n               data-description=\"\"\n               data-image-slug=\"majstori_sviraci_zagreb_2014-5\"\n               class=\"shutterset_6f002e2ba4e045427b4307c4f85882a9\">\n                <img\n                    title=\"majstori_sviraci_zagreb_2014 (5)\"\n                    alt=\"majstori_sviraci_zagreb_2014 (5)\"\n                    src=\"https:\/\/kontesadora.hr\/stara\/wp-content\/gallery\/majstori-sviraci-2014\/thumbs\/thumbs_majstori_sviraci_zagreb_2014%20%285%29.jpg\"\n                    width=\"100\"\n                    height=\"75\"\n                    style=\"max-width:100%;\"\n                \/>\n            <\/a>\n        <\/div>\n\t\t\t\t\t\t\t<\/div> \n\t\t\t\n        \n\t\t\t\t<div id=\"ngg-image-5\" class=\"ngg-gallery-thumbnail-box\" >\n\t\t\t\t        <div class=\"ngg-gallery-thumbnail\">\n            <a href=\"https:\/\/kontesadora.hr\/stara\/wp-content\/gallery\/majstori-sviraci-2014\/majstori_sviraci_zagreb_2014%20%286%29.jpg\"\n               title=\"\"\n               data-src=\"https:\/\/kontesadora.hr\/stara\/wp-content\/gallery\/majstori-sviraci-2014\/majstori_sviraci_zagreb_2014%20%286%29.jpg\"\n               data-thumbnail=\"https:\/\/kontesadora.hr\/stara\/wp-content\/gallery\/majstori-sviraci-2014\/thumbs\/thumbs_majstori_sviraci_zagreb_2014%20%286%29.jpg\"\n               data-image-id=\"2352\"\n               data-title=\"majstori_sviraci_zagreb_2014 (6)\"\n               data-description=\"\"\n               data-image-slug=\"majstori_sviraci_zagreb_2014-6\"\n               class=\"shutterset_6f002e2ba4e045427b4307c4f85882a9\">\n                <img\n                    title=\"majstori_sviraci_zagreb_2014 (6)\"\n                    alt=\"majstori_sviraci_zagreb_2014 (6)\"\n                    src=\"https:\/\/kontesadora.hr\/stara\/wp-content\/gallery\/majstori-sviraci-2014\/thumbs\/thumbs_majstori_sviraci_zagreb_2014%20%286%29.jpg\"\n                    width=\"100\"\n                    height=\"75\"\n                    style=\"max-width:100%;\"\n                \/>\n            <\/a>\n        <\/div>\n\t\t\t\t\t\t\t<\/div> \n\t\t\t\n        \n\t\t\t\t<div id=\"ngg-image-6\" class=\"ngg-gallery-thumbnail-box\" >\n\t\t\t\t        <div class=\"ngg-gallery-thumbnail\">\n            <a href=\"https:\/\/kontesadora.hr\/stara\/wp-content\/gallery\/majstori-sviraci-2014\/majstori_sviraci_zagreb_2014%20%2810%29.jpg\"\n               title=\"\"\n               data-src=\"https:\/\/kontesadora.hr\/stara\/wp-content\/gallery\/majstori-sviraci-2014\/majstori_sviraci_zagreb_2014%20%2810%29.jpg\"\n               data-thumbnail=\"https:\/\/kontesadora.hr\/stara\/wp-content\/gallery\/majstori-sviraci-2014\/thumbs\/thumbs_majstori_sviraci_zagreb_2014%20%2810%29.jpg\"\n               data-image-id=\"2344\"\n               data-title=\"majstori_sviraci_zagreb_2014 (10)\"\n               data-description=\"\"\n               data-image-slug=\"majstori_sviraci_zagreb_2014-10\"\n               class=\"shutterset_6f002e2ba4e045427b4307c4f85882a9\">\n                <img\n                    title=\"majstori_sviraci_zagreb_2014 (10)\"\n                    alt=\"majstori_sviraci_zagreb_2014 (10)\"\n                    src=\"https:\/\/kontesadora.hr\/stara\/wp-content\/gallery\/majstori-sviraci-2014\/thumbs\/thumbs_majstori_sviraci_zagreb_2014%20%2810%29.jpg\"\n                    width=\"100\"\n                    height=\"75\"\n                    style=\"max-width:100%;\"\n                \/>\n            <\/a>\n        <\/div>\n\t\t\t\t\t\t\t<\/div> \n\t\t\t\n        \n\t\t\t\t<div id=\"ngg-image-7\" class=\"ngg-gallery-thumbnail-box\" >\n\t\t\t\t        <div class=\"ngg-gallery-thumbnail\">\n            <a href=\"https:\/\/kontesadora.hr\/stara\/wp-content\/gallery\/majstori-sviraci-2014\/majstori_sviraci_zagreb_2014%20%2811%29.jpg\"\n               title=\"\"\n               data-src=\"https:\/\/kontesadora.hr\/stara\/wp-content\/gallery\/majstori-sviraci-2014\/majstori_sviraci_zagreb_2014%20%2811%29.jpg\"\n               data-thumbnail=\"https:\/\/kontesadora.hr\/stara\/wp-content\/gallery\/majstori-sviraci-2014\/thumbs\/thumbs_majstori_sviraci_zagreb_2014%20%2811%29.jpg\"\n               data-image-id=\"2345\"\n               data-title=\"majstori_sviraci_zagreb_2014 (11)\"\n               data-description=\"\"\n               data-image-slug=\"majstori_sviraci_zagreb_2014-11\"\n               class=\"shutterset_6f002e2ba4e045427b4307c4f85882a9\">\n                <img\n                    title=\"majstori_sviraci_zagreb_2014 (11)\"\n                    alt=\"majstori_sviraci_zagreb_2014 (11)\"\n                    src=\"https:\/\/kontesadora.hr\/stara\/wp-content\/gallery\/majstori-sviraci-2014\/thumbs\/thumbs_majstori_sviraci_zagreb_2014%20%2811%29.jpg\"\n                    width=\"100\"\n                    height=\"75\"\n                    style=\"max-width:100%;\"\n                \/>\n            <\/a>\n        <\/div>\n\t\t\t\t\t\t\t<\/div> \n\t\t\t\n        \n\t\t\t\t<div id=\"ngg-image-8\" class=\"ngg-gallery-thumbnail-box\" >\n\t\t\t\t        <div class=\"ngg-gallery-thumbnail\">\n            <a href=\"https:\/\/kontesadora.hr\/stara\/wp-content\/gallery\/majstori-sviraci-2014\/majstori_sviraci_zagreb_2014%20%287%29.jpg\"\n               title=\"\"\n               data-src=\"https:\/\/kontesadora.hr\/stara\/wp-content\/gallery\/majstori-sviraci-2014\/majstori_sviraci_zagreb_2014%20%287%29.jpg\"\n               data-thumbnail=\"https:\/\/kontesadora.hr\/stara\/wp-content\/gallery\/majstori-sviraci-2014\/thumbs\/thumbs_majstori_sviraci_zagreb_2014%20%287%29.jpg\"\n               data-image-id=\"2353\"\n               data-title=\"majstori_sviraci_zagreb_2014 (7)\"\n               data-description=\"\"\n               data-image-slug=\"majstori_sviraci_zagreb_2014-7\"\n               class=\"shutterset_6f002e2ba4e045427b4307c4f85882a9\">\n                <img\n                    title=\"majstori_sviraci_zagreb_2014 (7)\"\n                    alt=\"majstori_sviraci_zagreb_2014 (7)\"\n                    src=\"https:\/\/kontesadora.hr\/stara\/wp-content\/gallery\/majstori-sviraci-2014\/thumbs\/thumbs_majstori_sviraci_zagreb_2014%20%287%29.jpg\"\n                    width=\"100\"\n                    height=\"75\"\n                    style=\"max-width:100%;\"\n                \/>\n            <\/a>\n        <\/div>\n\t\t\t\t\t\t\t<\/div> \n\t\t\t\n        \n\t\t\t\t<div id=\"ngg-image-9\" class=\"ngg-gallery-thumbnail-box\" >\n\t\t\t\t        <div class=\"ngg-gallery-thumbnail\">\n            <a href=\"https:\/\/kontesadora.hr\/stara\/wp-content\/gallery\/majstori-sviraci-2014\/majstori_sviraci_zagreb_2014%20%288%29.jpg\"\n               title=\"\"\n               data-src=\"https:\/\/kontesadora.hr\/stara\/wp-content\/gallery\/majstori-sviraci-2014\/majstori_sviraci_zagreb_2014%20%288%29.jpg\"\n               data-thumbnail=\"https:\/\/kontesadora.hr\/stara\/wp-content\/gallery\/majstori-sviraci-2014\/thumbs\/thumbs_majstori_sviraci_zagreb_2014%20%288%29.jpg\"\n               data-image-id=\"2354\"\n               data-title=\"majstori_sviraci_zagreb_2014 (8)\"\n               data-description=\"\"\n               data-image-slug=\"majstori_sviraci_zagreb_2014-8\"\n               class=\"shutterset_6f002e2ba4e045427b4307c4f85882a9\">\n                <img\n                    title=\"majstori_sviraci_zagreb_2014 (8)\"\n                    alt=\"majstori_sviraci_zagreb_2014 (8)\"\n                    src=\"https:\/\/kontesadora.hr\/stara\/wp-content\/gallery\/majstori-sviraci-2014\/thumbs\/thumbs_majstori_sviraci_zagreb_2014%20%288%29.jpg\"\n                    width=\"100\"\n                    height=\"75\"\n                    style=\"max-width:100%;\"\n                \/>\n            <\/a>\n        <\/div>\n\t\t\t\t\t\t\t<\/div> \n\t\t\t\n        \n\t\t\t\t<div id=\"ngg-image-10\" class=\"ngg-gallery-thumbnail-box\" >\n\t\t\t\t        <div class=\"ngg-gallery-thumbnail\">\n            <a href=\"https:\/\/kontesadora.hr\/stara\/wp-content\/gallery\/majstori-sviraci-2014\/majstori_sviraci_zagreb_2014%20%289%29.jpg\"\n               title=\"\"\n               data-src=\"https:\/\/kontesadora.hr\/stara\/wp-content\/gallery\/majstori-sviraci-2014\/majstori_sviraci_zagreb_2014%20%289%29.jpg\"\n               data-thumbnail=\"https:\/\/kontesadora.hr\/stara\/wp-content\/gallery\/majstori-sviraci-2014\/thumbs\/thumbs_majstori_sviraci_zagreb_2014%20%289%29.jpg\"\n               data-image-id=\"2355\"\n               data-title=\"majstori_sviraci_zagreb_2014 (9)\"\n               data-description=\"\"\n               data-image-slug=\"majstori_sviraci_zagreb_2014-9\"\n               class=\"shutterset_6f002e2ba4e045427b4307c4f85882a9\">\n                <img\n                    title=\"majstori_sviraci_zagreb_2014 (9)\"\n                    alt=\"majstori_sviraci_zagreb_2014 (9)\"\n                    src=\"https:\/\/kontesadora.hr\/stara\/wp-content\/gallery\/majstori-sviraci-2014\/thumbs\/thumbs_majstori_sviraci_zagreb_2014%20%289%29.jpg\"\n                    width=\"100\"\n                    height=\"75\"\n                    style=\"max-width:100%;\"\n                \/>\n            <\/a>\n        <\/div>\n\t\t\t\t\t\t\t<\/div> \n\t\t\t\n        \n\t\t\t\t<div id=\"ngg-image-11\" class=\"ngg-gallery-thumbnail-box\" >\n\t\t\t\t        <div class=\"ngg-gallery-thumbnail\">\n            <a href=\"https:\/\/kontesadora.hr\/stara\/wp-content\/gallery\/majstori-sviraci-2014\/majstori_sviraci_zagreb_2014%20%2812%29.jpg\"\n               title=\"\"\n               data-src=\"https:\/\/kontesadora.hr\/stara\/wp-content\/gallery\/majstori-sviraci-2014\/majstori_sviraci_zagreb_2014%20%2812%29.jpg\"\n               data-thumbnail=\"https:\/\/kontesadora.hr\/stara\/wp-content\/gallery\/majstori-sviraci-2014\/thumbs\/thumbs_majstori_sviraci_zagreb_2014%20%2812%29.jpg\"\n               data-image-id=\"2346\"\n               data-title=\"majstori_sviraci_zagreb_2014 (12)\"\n               data-description=\"\"\n               data-image-slug=\"majstori_sviraci_zagreb_2014-12\"\n               class=\"shutterset_6f002e2ba4e045427b4307c4f85882a9\">\n                <img\n                    title=\"majstori_sviraci_zagreb_2014 (12)\"\n                    alt=\"majstori_sviraci_zagreb_2014 (12)\"\n                    src=\"https:\/\/kontesadora.hr\/stara\/wp-content\/gallery\/majstori-sviraci-2014\/thumbs\/thumbs_majstori_sviraci_zagreb_2014%20%2812%29.jpg\"\n                    width=\"100\"\n                    height=\"75\"\n                    style=\"max-width:100%;\"\n                \/>\n            <\/a>\n        <\/div>\n\t\t\t\t\t\t\t<\/div> \n\t\t\t\n        \n\t\t\t\t<div id=\"ngg-image-12\" class=\"ngg-gallery-thumbnail-box\" >\n\t\t\t\t        <div class=\"ngg-gallery-thumbnail\">\n            <a href=\"https:\/\/kontesadora.hr\/stara\/wp-content\/gallery\/majstori-sviraci-2014\/majstori_sviraci_zagreb_2014%20%2813%29.jpg\"\n               title=\"\"\n               data-src=\"https:\/\/kontesadora.hr\/stara\/wp-content\/gallery\/majstori-sviraci-2014\/majstori_sviraci_zagreb_2014%20%2813%29.jpg\"\n               data-thumbnail=\"https:\/\/kontesadora.hr\/stara\/wp-content\/gallery\/majstori-sviraci-2014\/thumbs\/thumbs_majstori_sviraci_zagreb_2014%20%2813%29.jpg\"\n               data-image-id=\"2347\"\n               data-title=\"majstori_sviraci_zagreb_2014 (13)\"\n               data-description=\"\"\n               data-image-slug=\"majstori_sviraci_zagreb_2014-13\"\n               class=\"shutterset_6f002e2ba4e045427b4307c4f85882a9\">\n                <img\n                    title=\"majstori_sviraci_zagreb_2014 (13)\"\n                    alt=\"majstori_sviraci_zagreb_2014 (13)\"\n                    src=\"https:\/\/kontesadora.hr\/stara\/wp-content\/gallery\/majstori-sviraci-2014\/thumbs\/thumbs_majstori_sviraci_zagreb_2014%20%2813%29.jpg\"\n                    width=\"100\"\n                    height=\"75\"\n                    style=\"max-width:100%;\"\n                \/>\n            <\/a>\n        <\/div>\n\t\t\t\t\t\t\t<\/div> \n\t\t\t\n        \n\t\t\n\t\t<!-- Pagination -->\n\t<div class='ngg-clear'><\/div>\t<\/div>\n Javno snimanje emisije HRT-a &#8216;Mjstori svira\u010di&#8217;, Zagreb, 30. travnja 2014.<\/p>\n<!-- index.php -->\n<div\n\tclass=\"ngg-galleryoverview ngg-ajax-pagination-none\"\n\tid=\"ngg-gallery-ed5028cfff09c140eb8299a0513a8e44-1\">\n\n    \t<div class=\"slideshowlink\">\n        <a href='https:\/\/kontesadora.hr\/stara\/galerija\/nggallery\/slideshow'>[Show as slideshow]<\/a>\n\t\t\n\t<\/div>\n\t\t\t<!-- Thumbnails -->\n\t\t\t\t<div id=\"ngg-image-0\" class=\"ngg-gallery-thumbnail-box\" >\n\t\t\t\t        <div class=\"ngg-gallery-thumbnail\">\n            <a href=\"https:\/\/kontesadora.hr\/stara\/wp-content\/gallery\/52-regionalno-natjecanje-ucenika-i-studenata-glazbe-i-plesa-vrbovec-samobor\/natjecanje-2014-puhacisamobor-i-vrbovec-020.jpg\"\n               title=\"\"\n               data-src=\"https:\/\/kontesadora.hr\/stara\/wp-content\/gallery\/52-regionalno-natjecanje-ucenika-i-studenata-glazbe-i-plesa-vrbovec-samobor\/natjecanje-2014-puhacisamobor-i-vrbovec-020.jpg\"\n               data-thumbnail=\"https:\/\/kontesadora.hr\/stara\/wp-content\/gallery\/52-regionalno-natjecanje-ucenika-i-studenata-glazbe-i-plesa-vrbovec-samobor\/thumbs\/thumbs_natjecanje-2014-puhacisamobor-i-vrbovec-020.jpg\"\n               data-image-id=\"2329\"\n               data-title=\"natjecanje-2014-puhacisamobor-i-vrbovec-020\"\n               data-description=\"\"\n               data-image-slug=\"natjecanje-2014-puhacisamobor-i-vrbovec-020\"\n               class=\"shutterset_ed5028cfff09c140eb8299a0513a8e44\">\n                <img\n                    title=\"natjecanje-2014-puhacisamobor-i-vrbovec-020\"\n                    alt=\"natjecanje-2014-puhacisamobor-i-vrbovec-020\"\n                    src=\"https:\/\/kontesadora.hr\/stara\/wp-content\/gallery\/52-regionalno-natjecanje-ucenika-i-studenata-glazbe-i-plesa-vrbovec-samobor\/thumbs\/thumbs_natjecanje-2014-puhacisamobor-i-vrbovec-020.jpg\"\n                    width=\"100\"\n                    height=\"75\"\n                    style=\"max-width:100%;\"\n                \/>\n            <\/a>\n        <\/div>\n\t\t\t\t\t\t\t<\/div> \n\t\t\t\n        \n\t\t\t\t<div id=\"ngg-image-1\" class=\"ngg-gallery-thumbnail-box\" >\n\t\t\t\t        <div class=\"ngg-gallery-thumbnail\">\n            <a href=\"https:\/\/kontesadora.hr\/stara\/wp-content\/gallery\/52-regionalno-natjecanje-ucenika-i-studenata-glazbe-i-plesa-vrbovec-samobor\/natjecanje-2014-puhaci-samobor-i-vrbovec-002.jpg\"\n               title=\"\"\n               data-src=\"https:\/\/kontesadora.hr\/stara\/wp-content\/gallery\/52-regionalno-natjecanje-ucenika-i-studenata-glazbe-i-plesa-vrbovec-samobor\/natjecanje-2014-puhaci-samobor-i-vrbovec-002.jpg\"\n               data-thumbnail=\"https:\/\/kontesadora.hr\/stara\/wp-content\/gallery\/52-regionalno-natjecanje-ucenika-i-studenata-glazbe-i-plesa-vrbovec-samobor\/thumbs\/thumbs_natjecanje-2014-puhaci-samobor-i-vrbovec-002.jpg\"\n               data-image-id=\"2322\"\n               data-title=\"natjecanje-2014-puhaci-samobor-i-vrbovec-002\"\n               data-description=\"\"\n               data-image-slug=\"natjecanje-2014-puhaci-samobor-i-vrbovec-002\"\n               class=\"shutterset_ed5028cfff09c140eb8299a0513a8e44\">\n                <img\n                    title=\"natjecanje-2014-puhaci-samobor-i-vrbovec-002\"\n                    alt=\"natjecanje-2014-puhaci-samobor-i-vrbovec-002\"\n                    src=\"https:\/\/kontesadora.hr\/stara\/wp-content\/gallery\/52-regionalno-natjecanje-ucenika-i-studenata-glazbe-i-plesa-vrbovec-samobor\/thumbs\/thumbs_natjecanje-2014-puhaci-samobor-i-vrbovec-002.jpg\"\n                    width=\"100\"\n                    height=\"75\"\n                    style=\"max-width:100%;\"\n                \/>\n            <\/a>\n        <\/div>\n\t\t\t\t\t\t\t<\/div> \n\t\t\t\n        \n\t\t\t\t<div id=\"ngg-image-2\" class=\"ngg-gallery-thumbnail-box\" >\n\t\t\t\t        <div class=\"ngg-gallery-thumbnail\">\n            <a href=\"https:\/\/kontesadora.hr\/stara\/wp-content\/gallery\/52-regionalno-natjecanje-ucenika-i-studenata-glazbe-i-plesa-vrbovec-samobor\/natjecanje-2014-puhaci-samobor-i-vrbovec-005.jpg\"\n               title=\"\"\n               data-src=\"https:\/\/kontesadora.hr\/stara\/wp-content\/gallery\/52-regionalno-natjecanje-ucenika-i-studenata-glazbe-i-plesa-vrbovec-samobor\/natjecanje-2014-puhaci-samobor-i-vrbovec-005.jpg\"\n               data-thumbnail=\"https:\/\/kontesadora.hr\/stara\/wp-content\/gallery\/52-regionalno-natjecanje-ucenika-i-studenata-glazbe-i-plesa-vrbovec-samobor\/thumbs\/thumbs_natjecanje-2014-puhaci-samobor-i-vrbovec-005.jpg\"\n               data-image-id=\"2323\"\n               data-title=\"natjecanje-2014-puhaci-samobor-i-vrbovec-005\"\n               data-description=\"\"\n               data-image-slug=\"natjecanje-2014-puhaci-samobor-i-vrbovec-005\"\n               class=\"shutterset_ed5028cfff09c140eb8299a0513a8e44\">\n                <img\n                    title=\"natjecanje-2014-puhaci-samobor-i-vrbovec-005\"\n                    alt=\"natjecanje-2014-puhaci-samobor-i-vrbovec-005\"\n                    src=\"https:\/\/kontesadora.hr\/stara\/wp-content\/gallery\/52-regionalno-natjecanje-ucenika-i-studenata-glazbe-i-plesa-vrbovec-samobor\/thumbs\/thumbs_natjecanje-2014-puhaci-samobor-i-vrbovec-005.jpg\"\n                    width=\"100\"\n                    height=\"75\"\n                    style=\"max-width:100%;\"\n                \/>\n            <\/a>\n        <\/div>\n\t\t\t\t\t\t\t<\/div> \n\t\t\t\n        \n\t\t\t\t<div id=\"ngg-image-3\" class=\"ngg-gallery-thumbnail-box\" >\n\t\t\t\t        <div class=\"ngg-gallery-thumbnail\">\n            <a href=\"https:\/\/kontesadora.hr\/stara\/wp-content\/gallery\/52-regionalno-natjecanje-ucenika-i-studenata-glazbe-i-plesa-vrbovec-samobor\/natjecanje-2014-puhaci-samobor-i-vrbovec-011.jpg\"\n               title=\"\"\n               data-src=\"https:\/\/kontesadora.hr\/stara\/wp-content\/gallery\/52-regionalno-natjecanje-ucenika-i-studenata-glazbe-i-plesa-vrbovec-samobor\/natjecanje-2014-puhaci-samobor-i-vrbovec-011.jpg\"\n               data-thumbnail=\"https:\/\/kontesadora.hr\/stara\/wp-content\/gallery\/52-regionalno-natjecanje-ucenika-i-studenata-glazbe-i-plesa-vrbovec-samobor\/thumbs\/thumbs_natjecanje-2014-puhaci-samobor-i-vrbovec-011.jpg\"\n               data-image-id=\"2324\"\n               data-title=\"natjecanje-2014-puhaci-samobor-i-vrbovec-011\"\n               data-description=\"\"\n               data-image-slug=\"natjecanje-2014-puhaci-samobor-i-vrbovec-011\"\n               class=\"shutterset_ed5028cfff09c140eb8299a0513a8e44\">\n                <img\n                    title=\"natjecanje-2014-puhaci-samobor-i-vrbovec-011\"\n                    alt=\"natjecanje-2014-puhaci-samobor-i-vrbovec-011\"\n                    src=\"https:\/\/kontesadora.hr\/stara\/wp-content\/gallery\/52-regionalno-natjecanje-ucenika-i-studenata-glazbe-i-plesa-vrbovec-samobor\/thumbs\/thumbs_natjecanje-2014-puhaci-samobor-i-vrbovec-011.jpg\"\n                    width=\"100\"\n                    height=\"75\"\n                    style=\"max-width:100%;\"\n                \/>\n            <\/a>\n        <\/div>\n\t\t\t\t\t\t\t<\/div> \n\t\t\t\n        \n\t\t\t\t<div id=\"ngg-image-4\" class=\"ngg-gallery-thumbnail-box\" >\n\t\t\t\t        <div class=\"ngg-gallery-thumbnail\">\n            <a href=\"https:\/\/kontesadora.hr\/stara\/wp-content\/gallery\/52-regionalno-natjecanje-ucenika-i-studenata-glazbe-i-plesa-vrbovec-samobor\/natjecanje-2014-puhaci-samobor-i-vrbovec-012.jpg\"\n               title=\"\"\n               data-src=\"https:\/\/kontesadora.hr\/stara\/wp-content\/gallery\/52-regionalno-natjecanje-ucenika-i-studenata-glazbe-i-plesa-vrbovec-samobor\/natjecanje-2014-puhaci-samobor-i-vrbovec-012.jpg\"\n               data-thumbnail=\"https:\/\/kontesadora.hr\/stara\/wp-content\/gallery\/52-regionalno-natjecanje-ucenika-i-studenata-glazbe-i-plesa-vrbovec-samobor\/thumbs\/thumbs_natjecanje-2014-puhaci-samobor-i-vrbovec-012.jpg\"\n               data-image-id=\"2325\"\n               data-title=\"natjecanje-2014-puhaci-samobor-i-vrbovec-012\"\n               data-description=\"\"\n               data-image-slug=\"natjecanje-2014-puhaci-samobor-i-vrbovec-012\"\n               class=\"shutterset_ed5028cfff09c140eb8299a0513a8e44\">\n                <img\n                    title=\"natjecanje-2014-puhaci-samobor-i-vrbovec-012\"\n                    alt=\"natjecanje-2014-puhaci-samobor-i-vrbovec-012\"\n                    src=\"https:\/\/kontesadora.hr\/stara\/wp-content\/gallery\/52-regionalno-natjecanje-ucenika-i-studenata-glazbe-i-plesa-vrbovec-samobor\/thumbs\/thumbs_natjecanje-2014-puhaci-samobor-i-vrbovec-012.jpg\"\n                    width=\"100\"\n                    height=\"75\"\n                    style=\"max-width:100%;\"\n                \/>\n            <\/a>\n        <\/div>\n\t\t\t\t\t\t\t<\/div> \n\t\t\t\n        \n\t\t\t\t<div id=\"ngg-image-5\" class=\"ngg-gallery-thumbnail-box\" >\n\t\t\t\t        <div class=\"ngg-gallery-thumbnail\">\n            <a href=\"https:\/\/kontesadora.hr\/stara\/wp-content\/gallery\/52-regionalno-natjecanje-ucenika-i-studenata-glazbe-i-plesa-vrbovec-samobor\/natjecanje-2014-puhaci-samobor-i-vrbovec-013.jpg\"\n               title=\"\"\n               data-src=\"https:\/\/kontesadora.hr\/stara\/wp-content\/gallery\/52-regionalno-natjecanje-ucenika-i-studenata-glazbe-i-plesa-vrbovec-samobor\/natjecanje-2014-puhaci-samobor-i-vrbovec-013.jpg\"\n               data-thumbnail=\"https:\/\/kontesadora.hr\/stara\/wp-content\/gallery\/52-regionalno-natjecanje-ucenika-i-studenata-glazbe-i-plesa-vrbovec-samobor\/thumbs\/thumbs_natjecanje-2014-puhaci-samobor-i-vrbovec-013.jpg\"\n               data-image-id=\"2326\"\n               data-title=\"natjecanje-2014-puhaci-samobor-i-vrbovec-013\"\n               data-description=\"\"\n               data-image-slug=\"natjecanje-2014-puhaci-samobor-i-vrbovec-013\"\n               class=\"shutterset_ed5028cfff09c140eb8299a0513a8e44\">\n                <img\n                    title=\"natjecanje-2014-puhaci-samobor-i-vrbovec-013\"\n                    alt=\"natjecanje-2014-puhaci-samobor-i-vrbovec-013\"\n                    src=\"https:\/\/kontesadora.hr\/stara\/wp-content\/gallery\/52-regionalno-natjecanje-ucenika-i-studenata-glazbe-i-plesa-vrbovec-samobor\/thumbs\/thumbs_natjecanje-2014-puhaci-samobor-i-vrbovec-013.jpg\"\n                    width=\"100\"\n                    height=\"75\"\n                    style=\"max-width:100%;\"\n                \/>\n            <\/a>\n        <\/div>\n\t\t\t\t\t\t\t<\/div> \n\t\t\t\n        \n\t\t\t\t<div id=\"ngg-image-6\" class=\"ngg-gallery-thumbnail-box\" >\n\t\t\t\t        <div class=\"ngg-gallery-thumbnail\">\n            <a href=\"https:\/\/kontesadora.hr\/stara\/wp-content\/gallery\/52-regionalno-natjecanje-ucenika-i-studenata-glazbe-i-plesa-vrbovec-samobor\/natjecanje-2014-puhaci-samobor-i-vrbovec-015.jpg\"\n               title=\"\"\n               data-src=\"https:\/\/kontesadora.hr\/stara\/wp-content\/gallery\/52-regionalno-natjecanje-ucenika-i-studenata-glazbe-i-plesa-vrbovec-samobor\/natjecanje-2014-puhaci-samobor-i-vrbovec-015.jpg\"\n               data-thumbnail=\"https:\/\/kontesadora.hr\/stara\/wp-content\/gallery\/52-regionalno-natjecanje-ucenika-i-studenata-glazbe-i-plesa-vrbovec-samobor\/thumbs\/thumbs_natjecanje-2014-puhaci-samobor-i-vrbovec-015.jpg\"\n               data-image-id=\"2327\"\n               data-title=\"natjecanje-2014-puhaci-samobor-i-vrbovec-015\"\n               data-description=\"\"\n               data-image-slug=\"natjecanje-2014-puhaci-samobor-i-vrbovec-015\"\n               class=\"shutterset_ed5028cfff09c140eb8299a0513a8e44\">\n                <img\n                    title=\"natjecanje-2014-puhaci-samobor-i-vrbovec-015\"\n                    alt=\"natjecanje-2014-puhaci-samobor-i-vrbovec-015\"\n                    src=\"https:\/\/kontesadora.hr\/stara\/wp-content\/gallery\/52-regionalno-natjecanje-ucenika-i-studenata-glazbe-i-plesa-vrbovec-samobor\/thumbs\/thumbs_natjecanje-2014-puhaci-samobor-i-vrbovec-015.jpg\"\n                    width=\"100\"\n                    height=\"75\"\n                    style=\"max-width:100%;\"\n                \/>\n            <\/a>\n        <\/div>\n\t\t\t\t\t\t\t<\/div> \n\t\t\t\n        \n\t\t\t\t<div id=\"ngg-image-7\" class=\"ngg-gallery-thumbnail-box\" >\n\t\t\t\t        <div class=\"ngg-gallery-thumbnail\">\n            <a href=\"https:\/\/kontesadora.hr\/stara\/wp-content\/gallery\/52-regionalno-natjecanje-ucenika-i-studenata-glazbe-i-plesa-vrbovec-samobor\/natjecanje-2014-puhaci-samobor-i-vrbovec-018.jpg\"\n               title=\"\"\n               data-src=\"https:\/\/kontesadora.hr\/stara\/wp-content\/gallery\/52-regionalno-natjecanje-ucenika-i-studenata-glazbe-i-plesa-vrbovec-samobor\/natjecanje-2014-puhaci-samobor-i-vrbovec-018.jpg\"\n               data-thumbnail=\"https:\/\/kontesadora.hr\/stara\/wp-content\/gallery\/52-regionalno-natjecanje-ucenika-i-studenata-glazbe-i-plesa-vrbovec-samobor\/thumbs\/thumbs_natjecanje-2014-puhaci-samobor-i-vrbovec-018.jpg\"\n               data-image-id=\"2328\"\n               data-title=\"natjecanje-2014-puhaci-samobor-i-vrbovec-018\"\n               data-description=\"\"\n               data-image-slug=\"natjecanje-2014-puhaci-samobor-i-vrbovec-018\"\n               class=\"shutterset_ed5028cfff09c140eb8299a0513a8e44\">\n                <img\n                    title=\"natjecanje-2014-puhaci-samobor-i-vrbovec-018\"\n                    alt=\"natjecanje-2014-puhaci-samobor-i-vrbovec-018\"\n                    src=\"https:\/\/kontesadora.hr\/stara\/wp-content\/gallery\/52-regionalno-natjecanje-ucenika-i-studenata-glazbe-i-plesa-vrbovec-samobor\/thumbs\/thumbs_natjecanje-2014-puhaci-samobor-i-vrbovec-018.jpg\"\n                    width=\"100\"\n                    height=\"75\"\n                    style=\"max-width:100%;\"\n                \/>\n            <\/a>\n        <\/div>\n\t\t\t\t\t\t\t<\/div> \n\t\t\t\n        \n\t\t\n\t\t<!-- Pagination -->\n\t<div class='ngg-clear'><\/div>\t<\/div>\n 52. regionalno natjecanje u\u010denika i studenata glazbe i plesa (Samobor, Vrbovec)<\/p>\n<!-- index.php -->\n<div\n\tclass=\"ngg-galleryoverview ngg-ajax-pagination-none\"\n\tid=\"ngg-gallery-650ed2fa8666683ee8e07c627be7582e-1\">\n\n    \t<div class=\"slideshowlink\">\n        <a href='https:\/\/kontesadora.hr\/stara\/galerija\/nggallery\/slideshow'>[Show as slideshow]<\/a>\n\t\t\n\t<\/div>\n\t\t\t<!-- Thumbnails -->\n\t\t\t\t<div id=\"ngg-image-0\" class=\"ngg-gallery-thumbnail-box\" >\n\t\t\t\t        <div class=\"ngg-gallery-thumbnail\">\n            <a href=\"https:\/\/kontesadora.hr\/stara\/wp-content\/gallery\/bosel-2013\/ala%20mala..jpg\"\n               title=\"\"\n               data-src=\"https:\/\/kontesadora.hr\/stara\/wp-content\/gallery\/bosel-2013\/ala%20mala..jpg\"\n               data-thumbnail=\"https:\/\/kontesadora.hr\/stara\/wp-content\/gallery\/bosel-2013\/thumbs\/thumbs_ala%20mala..jpg\"\n               data-image-id=\"2315\"\n               data-title=\"ala mala.\"\n               data-description=\"\"\n               data-image-slug=\"ala-mala\"\n               class=\"shutterset_650ed2fa8666683ee8e07c627be7582e\">\n                <img\n                    title=\"ala mala.\"\n                    alt=\"ala mala.\"\n                    src=\"https:\/\/kontesadora.hr\/stara\/wp-content\/gallery\/bosel-2013\/thumbs\/thumbs_ala%20mala..jpg\"\n                    width=\"100\"\n                    height=\"75\"\n                    style=\"max-width:100%;\"\n                \/>\n            <\/a>\n        <\/div>\n\t\t\t\t\t\t\t<\/div> \n\t\t\t\n        \n\t\t\t\t<div id=\"ngg-image-1\" class=\"ngg-gallery-thumbnail-box\" >\n\t\t\t\t        <div class=\"ngg-gallery-thumbnail\">\n            <a href=\"https:\/\/kontesadora.hr\/stara\/wp-content\/gallery\/bosel-2013\/enski%20dotjerani%20dio%20Ad%20Libiruma%20pred%20nastup..jpg\"\n               title=\"\"\n               data-src=\"https:\/\/kontesadora.hr\/stara\/wp-content\/gallery\/bosel-2013\/enski%20dotjerani%20dio%20Ad%20Libiruma%20pred%20nastup..jpg\"\n               data-thumbnail=\"https:\/\/kontesadora.hr\/stara\/wp-content\/gallery\/bosel-2013\/thumbs\/thumbs_enski%20dotjerani%20dio%20Ad%20Libiruma%20pred%20nastup..jpg\"\n               data-image-id=\"2317\"\n               data-title=\"enski dotjerani dio Ad Libiruma pred nastup.\"\n               data-description=\"\"\n               data-image-slug=\"enski-dotjerani-dio-ad-libiruma-pred-nastup\"\n               class=\"shutterset_650ed2fa8666683ee8e07c627be7582e\">\n                <img\n                    title=\"enski dotjerani dio Ad Libiruma pred nastup.\"\n                    alt=\"enski dotjerani dio Ad Libiruma pred nastup.\"\n                    src=\"https:\/\/kontesadora.hr\/stara\/wp-content\/gallery\/bosel-2013\/thumbs\/thumbs_enski%20dotjerani%20dio%20Ad%20Libiruma%20pred%20nastup..jpg\"\n                    width=\"100\"\n                    height=\"75\"\n                    style=\"max-width:100%;\"\n                \/>\n            <\/a>\n        <\/div>\n\t\t\t\t\t\t\t<\/div> \n\t\t\t\n        \n\t\t\t\t<div id=\"ngg-image-2\" class=\"ngg-gallery-thumbnail-box\" >\n\t\t\t\t        <div class=\"ngg-gallery-thumbnail\">\n            <a href=\"https:\/\/kontesadora.hr\/stara\/wp-content\/gallery\/bosel-2013\/eljka%2C%20u%20zdravlje%21%20Prost%2120130905_213919.jpg\"\n               title=\"\"\n               data-src=\"https:\/\/kontesadora.hr\/stara\/wp-content\/gallery\/bosel-2013\/eljka%2C%20u%20zdravlje%21%20Prost%2120130905_213919.jpg\"\n               data-thumbnail=\"https:\/\/kontesadora.hr\/stara\/wp-content\/gallery\/bosel-2013\/thumbs\/thumbs_eljka%2C%20u%20zdravlje%21%20Prost%2120130905_213919.jpg\"\n               data-image-id=\"2316\"\n               data-title=\"eljka, u zdravlje! Prost!20130905_213919\"\n               data-description=\"\"\n               data-image-slug=\"eljka-u-zdravlje-prost20130905_213919\"\n               class=\"shutterset_650ed2fa8666683ee8e07c627be7582e\">\n                <img\n                    title=\"eljka, u zdravlje! Prost!20130905_213919\"\n                    alt=\"eljka, u zdravlje! Prost!20130905_213919\"\n                    src=\"https:\/\/kontesadora.hr\/stara\/wp-content\/gallery\/bosel-2013\/thumbs\/thumbs_eljka%2C%20u%20zdravlje%21%20Prost%2120130905_213919.jpg\"\n                    width=\"100\"\n                    height=\"75\"\n                    style=\"max-width:100%;\"\n                \/>\n            <\/a>\n        <\/div>\n\t\t\t\t\t\t\t<\/div> \n\t\t\t\n        \n\t\t\t\t<div id=\"ngg-image-3\" class=\"ngg-gallery-thumbnail-box\" >\n\t\t\t\t        <div class=\"ngg-gallery-thumbnail\">\n            <a href=\"https:\/\/kontesadora.hr\/stara\/wp-content\/gallery\/bosel-2013\/Vatroslav%2CLuka%20i%20pehar.....jpg\"\n               title=\"\"\n               data-src=\"https:\/\/kontesadora.hr\/stara\/wp-content\/gallery\/bosel-2013\/Vatroslav%2CLuka%20i%20pehar.....jpg\"\n               data-thumbnail=\"https:\/\/kontesadora.hr\/stara\/wp-content\/gallery\/bosel-2013\/thumbs\/thumbs_Vatroslav%2CLuka%20i%20pehar.....jpg\"\n               data-image-id=\"2313\"\n               data-title=\"Vatroslav,Luka i pehar....\"\n               data-description=\"\"\n               data-image-slug=\"vatroslavluka-i-pehar\"\n               class=\"shutterset_650ed2fa8666683ee8e07c627be7582e\">\n                <img\n                    title=\"Vatroslav,Luka i pehar....\"\n                    alt=\"Vatroslav,Luka i pehar....\"\n                    src=\"https:\/\/kontesadora.hr\/stara\/wp-content\/gallery\/bosel-2013\/thumbs\/thumbs_Vatroslav%2CLuka%20i%20pehar.....jpg\"\n                    width=\"100\"\n                    height=\"75\"\n                    style=\"max-width:100%;\"\n                \/>\n            <\/a>\n        <\/div>\n\t\t\t\t\t\t\t<\/div> \n\t\t\t\n        \n\t\t\t\t<div id=\"ngg-image-4\" class=\"ngg-gallery-thumbnail-box\" >\n\t\t\t\t        <div class=\"ngg-gallery-thumbnail\">\n            <a href=\"https:\/\/kontesadora.hr\/stara\/wp-content\/gallery\/bosel-2013\/Vesela%20Brigita%21.jpg\"\n               title=\"\"\n               data-src=\"https:\/\/kontesadora.hr\/stara\/wp-content\/gallery\/bosel-2013\/Vesela%20Brigita%21.jpg\"\n               data-thumbnail=\"https:\/\/kontesadora.hr\/stara\/wp-content\/gallery\/bosel-2013\/thumbs\/thumbs_Vesela%20Brigita%21.jpg\"\n               data-image-id=\"2314\"\n               data-title=\"Vesela Brigita!\"\n               data-description=\"\"\n               data-image-slug=\"vesela-brigita\"\n               class=\"shutterset_650ed2fa8666683ee8e07c627be7582e\">\n                <img\n                    title=\"Vesela Brigita!\"\n                    alt=\"Vesela Brigita!\"\n                    src=\"https:\/\/kontesadora.hr\/stara\/wp-content\/gallery\/bosel-2013\/thumbs\/thumbs_Vesela%20Brigita%21.jpg\"\n                    width=\"100\"\n                    height=\"75\"\n                    style=\"max-width:100%;\"\n                \/>\n            <\/a>\n        <\/div>\n\t\t\t\t\t\t\t<\/div> \n\t\t\t\n        \n\t\t\t\t<div id=\"ngg-image-5\" class=\"ngg-gallery-thumbnail-box\" >\n\t\t\t\t        <div class=\"ngg-gallery-thumbnail\">\n            <a href=\"https:\/\/kontesadora.hr\/stara\/wp-content\/gallery\/bosel-2013\/Umorna%20dirigentica....jpg\"\n               title=\"\"\n               data-src=\"https:\/\/kontesadora.hr\/stara\/wp-content\/gallery\/bosel-2013\/Umorna%20dirigentica....jpg\"\n               data-thumbnail=\"https:\/\/kontesadora.hr\/stara\/wp-content\/gallery\/bosel-2013\/thumbs\/thumbs_Umorna%20dirigentica....jpg\"\n               data-image-id=\"2312\"\n               data-title=\"Umorna dirigentica...\"\n               data-description=\"\"\n               data-image-slug=\"umorna-dirigentica\"\n               class=\"shutterset_650ed2fa8666683ee8e07c627be7582e\">\n                <img\n                    title=\"Umorna dirigentica...\"\n                    alt=\"Umorna dirigentica...\"\n                    src=\"https:\/\/kontesadora.hr\/stara\/wp-content\/gallery\/bosel-2013\/thumbs\/thumbs_Umorna%20dirigentica....jpg\"\n                    width=\"100\"\n                    height=\"75\"\n                    style=\"max-width:100%;\"\n                \/>\n            <\/a>\n        <\/div>\n\t\t\t\t\t\t\t<\/div> \n\t\t\t\n        \n\t\t\t\t<div id=\"ngg-image-6\" class=\"ngg-gallery-thumbnail-box\" >\n\t\t\t\t        <div class=\"ngg-gallery-thumbnail\">\n            <a href=\"https:\/\/kontesadora.hr\/stara\/wp-content\/gallery\/bosel-2013\/Ulaznice%20pa%20obilazak%2C%20Cloppenburg..jpg\"\n               title=\"\"\n               data-src=\"https:\/\/kontesadora.hr\/stara\/wp-content\/gallery\/bosel-2013\/Ulaznice%20pa%20obilazak%2C%20Cloppenburg..jpg\"\n               data-thumbnail=\"https:\/\/kontesadora.hr\/stara\/wp-content\/gallery\/bosel-2013\/thumbs\/thumbs_Ulaznice%20pa%20obilazak%2C%20Cloppenburg..jpg\"\n               data-image-id=\"2311\"\n               data-title=\"Ulaznice pa obilazak, Cloppenburg.\"\n               data-description=\"\"\n               data-image-slug=\"ulaznice-pa-obilazak-cloppenburg\"\n               class=\"shutterset_650ed2fa8666683ee8e07c627be7582e\">\n                <img\n                    title=\"Ulaznice pa obilazak, Cloppenburg.\"\n                    alt=\"Ulaznice pa obilazak, Cloppenburg.\"\n                    src=\"https:\/\/kontesadora.hr\/stara\/wp-content\/gallery\/bosel-2013\/thumbs\/thumbs_Ulaznice%20pa%20obilazak%2C%20Cloppenburg..jpg\"\n                    width=\"100\"\n                    height=\"75\"\n                    style=\"max-width:100%;\"\n                \/>\n            <\/a>\n        <\/div>\n\t\t\t\t\t\t\t<\/div> \n\t\t\t\n        \n\t\t\t\t<div id=\"ngg-image-7\" class=\"ngg-gallery-thumbnail-box\" >\n\t\t\t\t        <div class=\"ngg-gallery-thumbnail\">\n            <a href=\"https:\/\/kontesadora.hr\/stara\/wp-content\/gallery\/bosel-2013\/U%20dvorani%2C%20pjesma....jpg\"\n               title=\"\"\n               data-src=\"https:\/\/kontesadora.hr\/stara\/wp-content\/gallery\/bosel-2013\/U%20dvorani%2C%20pjesma....jpg\"\n               data-thumbnail=\"https:\/\/kontesadora.hr\/stara\/wp-content\/gallery\/bosel-2013\/thumbs\/thumbs_U%20dvorani%2C%20pjesma....jpg\"\n               data-image-id=\"2310\"\n               data-title=\"U dvorani, pjesma...\"\n               data-description=\"\"\n               data-image-slug=\"u-dvorani-pjesma\"\n               class=\"shutterset_650ed2fa8666683ee8e07c627be7582e\">\n                <img\n                    title=\"U dvorani, pjesma...\"\n                    alt=\"U dvorani, pjesma...\"\n                    src=\"https:\/\/kontesadora.hr\/stara\/wp-content\/gallery\/bosel-2013\/thumbs\/thumbs_U%20dvorani%2C%20pjesma....jpg\"\n                    width=\"100\"\n                    height=\"75\"\n                    style=\"max-width:100%;\"\n                \/>\n            <\/a>\n        <\/div>\n\t\t\t\t\t\t\t<\/div> \n\t\t\t\n        \n\t\t\t\t<div id=\"ngg-image-8\" class=\"ngg-gallery-thumbnail-box\" >\n\t\t\t\t        <div class=\"ngg-gallery-thumbnail\">\n            <a href=\"https:\/\/kontesadora.hr\/stara\/wp-content\/gallery\/bosel-2013\/Trenuci%20odmora-Ivana%20i%20Mirta.jpg\"\n               title=\"\"\n               data-src=\"https:\/\/kontesadora.hr\/stara\/wp-content\/gallery\/bosel-2013\/Trenuci%20odmora-Ivana%20i%20Mirta.jpg\"\n               data-thumbnail=\"https:\/\/kontesadora.hr\/stara\/wp-content\/gallery\/bosel-2013\/thumbs\/thumbs_Trenuci%20odmora-Ivana%20i%20Mirta.jpg\"\n               data-image-id=\"2309\"\n               data-title=\"Trenuci odmora-Ivana i Mirta\"\n               data-description=\"\"\n               data-image-slug=\"trenuci-odmora-ivana-i-mirta\"\n               class=\"shutterset_650ed2fa8666683ee8e07c627be7582e\">\n                <img\n                    title=\"Trenuci odmora-Ivana i Mirta\"\n                    alt=\"Trenuci odmora-Ivana i Mirta\"\n                    src=\"https:\/\/kontesadora.hr\/stara\/wp-content\/gallery\/bosel-2013\/thumbs\/thumbs_Trenuci%20odmora-Ivana%20i%20Mirta.jpg\"\n                    width=\"100\"\n                    height=\"75\"\n                    style=\"max-width:100%;\"\n                \/>\n            <\/a>\n        <\/div>\n\t\t\t\t\t\t\t<\/div> \n\t\t\t\n        \n\t\t\t\t<div id=\"ngg-image-9\" class=\"ngg-gallery-thumbnail-box\" >\n\t\t\t\t        <div class=\"ngg-gallery-thumbnail\">\n            <a href=\"https:\/\/kontesadora.hr\/stara\/wp-content\/gallery\/bosel-2013\/Svi%21%20Da%20li%20smo%20stali...jpg\"\n               title=\"\"\n               data-src=\"https:\/\/kontesadora.hr\/stara\/wp-content\/gallery\/bosel-2013\/Svi%21%20Da%20li%20smo%20stali...jpg\"\n               data-thumbnail=\"https:\/\/kontesadora.hr\/stara\/wp-content\/gallery\/bosel-2013\/thumbs\/thumbs_Svi%21%20Da%20li%20smo%20stali...jpg\"\n               data-image-id=\"2306\"\n               data-title=\"Svi! Da li smo stali..\"\n               data-description=\"\"\n               data-image-slug=\"svi-da-li-smo-stali\"\n               class=\"shutterset_650ed2fa8666683ee8e07c627be7582e\">\n                <img\n                    title=\"Svi! Da li smo stali..\"\n                    alt=\"Svi! Da li smo stali..\"\n                    src=\"https:\/\/kontesadora.hr\/stara\/wp-content\/gallery\/bosel-2013\/thumbs\/thumbs_Svi%21%20Da%20li%20smo%20stali...jpg\"\n                    width=\"100\"\n                    height=\"75\"\n                    style=\"max-width:100%;\"\n                \/>\n            <\/a>\n        <\/div>\n\t\t\t\t\t\t\t<\/div> \n\t\t\t\n        \n\t\t\t\t<div id=\"ngg-image-10\" class=\"ngg-gallery-thumbnail-box\" >\n\t\t\t\t        <div class=\"ngg-gallery-thumbnail\">\n            <a href=\"https:\/\/kontesadora.hr\/stara\/wp-content\/gallery\/bosel-2013\/Svirka%20i%20Coca%20cola...jpg\"\n               title=\"\"\n               data-src=\"https:\/\/kontesadora.hr\/stara\/wp-content\/gallery\/bosel-2013\/Svirka%20i%20Coca%20cola...jpg\"\n               data-thumbnail=\"https:\/\/kontesadora.hr\/stara\/wp-content\/gallery\/bosel-2013\/thumbs\/thumbs_Svirka%20i%20Coca%20cola...jpg\"\n               data-image-id=\"2307\"\n               data-title=\"Svirka i Coca cola..\"\n               data-description=\"\"\n               data-image-slug=\"svirka-i-coca-cola\"\n               class=\"shutterset_650ed2fa8666683ee8e07c627be7582e\">\n                <img\n                    title=\"Svirka i Coca cola..\"\n                    alt=\"Svirka i Coca cola..\"\n                    src=\"https:\/\/kontesadora.hr\/stara\/wp-content\/gallery\/bosel-2013\/thumbs\/thumbs_Svirka%20i%20Coca%20cola...jpg\"\n                    width=\"100\"\n                    height=\"75\"\n                    style=\"max-width:100%;\"\n                \/>\n            <\/a>\n        <\/div>\n\t\t\t\t\t\t\t<\/div> \n\t\t\t\n        \n\t\t\t\t<div id=\"ngg-image-11\" class=\"ngg-gallery-thumbnail-box\" >\n\t\t\t\t        <div class=\"ngg-gallery-thumbnail\">\n            <a href=\"https:\/\/kontesadora.hr\/stara\/wp-content\/gallery\/bosel-2013\/Svi%20veseli....jpg\"\n               title=\"\"\n               data-src=\"https:\/\/kontesadora.hr\/stara\/wp-content\/gallery\/bosel-2013\/Svi%20veseli....jpg\"\n               data-thumbnail=\"https:\/\/kontesadora.hr\/stara\/wp-content\/gallery\/bosel-2013\/thumbs\/thumbs_Svi%20veseli....jpg\"\n               data-image-id=\"2305\"\n               data-title=\"Svi veseli...\"\n               data-description=\"\"\n               data-image-slug=\"svi-veseli\"\n               class=\"shutterset_650ed2fa8666683ee8e07c627be7582e\">\n                <img\n                    title=\"Svi veseli...\"\n                    alt=\"Svi veseli...\"\n                    src=\"https:\/\/kontesadora.hr\/stara\/wp-content\/gallery\/bosel-2013\/thumbs\/thumbs_Svi%20veseli....jpg\"\n                    width=\"100\"\n                    height=\"75\"\n                    style=\"max-width:100%;\"\n                \/>\n            <\/a>\n        <\/div>\n\t\t\t\t\t\t\t<\/div> \n\t\t\t\n        \n\t\t\t\t<div id=\"ngg-image-12\" class=\"ngg-gallery-thumbnail-box\" >\n\t\t\t\t        <div class=\"ngg-gallery-thumbnail\">\n            <a href=\"https:\/\/kontesadora.hr\/stara\/wp-content\/gallery\/bosel-2013\/Tiha%20Z.%20priprema%20note..jpg\"\n               title=\"\"\n               data-src=\"https:\/\/kontesadora.hr\/stara\/wp-content\/gallery\/bosel-2013\/Tiha%20Z.%20priprema%20note..jpg\"\n               data-thumbnail=\"https:\/\/kontesadora.hr\/stara\/wp-content\/gallery\/bosel-2013\/thumbs\/thumbs_Tiha%20Z.%20priprema%20note..jpg\"\n               data-image-id=\"2308\"\n               data-title=\"Tiha Z. priprema note.\"\n               data-description=\"\"\n               data-image-slug=\"tiha-z-priprema-note\"\n               class=\"shutterset_650ed2fa8666683ee8e07c627be7582e\">\n                <img\n                    title=\"Tiha Z. priprema note.\"\n                    alt=\"Tiha Z. priprema note.\"\n                    src=\"https:\/\/kontesadora.hr\/stara\/wp-content\/gallery\/bosel-2013\/thumbs\/thumbs_Tiha%20Z.%20priprema%20note..jpg\"\n                    width=\"100\"\n                    height=\"75\"\n                    style=\"max-width:100%;\"\n                \/>\n            <\/a>\n        <\/div>\n\t\t\t\t\t\t\t<\/div> \n\t\t\t\n        \n\t\t\t\t<div id=\"ngg-image-13\" class=\"ngg-gallery-thumbnail-box\" >\n\t\t\t\t        <div class=\"ngg-gallery-thumbnail\">\n            <a href=\"https:\/\/kontesadora.hr\/stara\/wp-content\/gallery\/bosel-2013\/Stidljivi%20par%20%21.jpg\"\n               title=\"\"\n               data-src=\"https:\/\/kontesadora.hr\/stara\/wp-content\/gallery\/bosel-2013\/Stidljivi%20par%20%21.jpg\"\n               data-thumbnail=\"https:\/\/kontesadora.hr\/stara\/wp-content\/gallery\/bosel-2013\/thumbs\/thumbs_Stidljivi%20par%20%21.jpg\"\n               data-image-id=\"2304\"\n               data-title=\"Stidljivi par !\"\n               data-description=\"\"\n               data-image-slug=\"stidljivi-par\"\n               class=\"shutterset_650ed2fa8666683ee8e07c627be7582e\">\n                <img\n                    title=\"Stidljivi par !\"\n                    alt=\"Stidljivi par !\"\n                    src=\"https:\/\/kontesadora.hr\/stara\/wp-content\/gallery\/bosel-2013\/thumbs\/thumbs_Stidljivi%20par%20%21.jpg\"\n                    width=\"100\"\n                    height=\"75\"\n                    style=\"max-width:100%;\"\n                \/>\n            <\/a>\n        <\/div>\n\t\t\t\t\t\t\t<\/div> \n\t\t\t\n        \n\t\t\t\t<div id=\"ngg-image-14\" class=\"ngg-gallery-thumbnail-box\" >\n\t\t\t\t        <div class=\"ngg-gallery-thumbnail\">\n            <a href=\"https:\/\/kontesadora.hr\/stara\/wp-content\/gallery\/bosel-2013\/Slatka%20Lilly.jpg\"\n               title=\"\"\n               data-src=\"https:\/\/kontesadora.hr\/stara\/wp-content\/gallery\/bosel-2013\/Slatka%20Lilly.jpg\"\n               data-thumbnail=\"https:\/\/kontesadora.hr\/stara\/wp-content\/gallery\/bosel-2013\/thumbs\/thumbs_Slatka%20Lilly.jpg\"\n               data-image-id=\"2303\"\n               data-title=\"Slatka Lilly\"\n               data-description=\"\"\n               data-image-slug=\"slatka-lilly\"\n               class=\"shutterset_650ed2fa8666683ee8e07c627be7582e\">\n                <img\n                    title=\"Slatka Lilly\"\n                    alt=\"Slatka Lilly\"\n                    src=\"https:\/\/kontesadora.hr\/stara\/wp-content\/gallery\/bosel-2013\/thumbs\/thumbs_Slatka%20Lilly.jpg\"\n                    width=\"100\"\n                    height=\"75\"\n                    style=\"max-width:100%;\"\n                \/>\n            <\/a>\n        <\/div>\n\t\t\t\t\t\t\t<\/div> \n\t\t\t\n        \n\t\t\t\t<div id=\"ngg-image-15\" class=\"ngg-gallery-thumbnail-box\" >\n\t\t\t\t        <div class=\"ngg-gallery-thumbnail\">\n            <a href=\"https:\/\/kontesadora.hr\/stara\/wp-content\/gallery\/bosel-2013\/S%20terase%20gledamo%20nastup%20Poljskog%20puh.orkestra..jpg\"\n               title=\"\"\n               data-src=\"https:\/\/kontesadora.hr\/stara\/wp-content\/gallery\/bosel-2013\/S%20terase%20gledamo%20nastup%20Poljskog%20puh.orkestra..jpg\"\n               data-thumbnail=\"https:\/\/kontesadora.hr\/stara\/wp-content\/gallery\/bosel-2013\/thumbs\/thumbs_S%20terase%20gledamo%20nastup%20Poljskog%20puh.orkestra..jpg\"\n               data-image-id=\"2302\"\n               data-title=\"S terase gledamo nastup Poljskog puh.orkestra.\"\n               data-description=\"\"\n               data-image-slug=\"s-terase-gledamo-nastup-poljskog-puh-orkestra\"\n               class=\"shutterset_650ed2fa8666683ee8e07c627be7582e\">\n                <img\n                    title=\"S terase gledamo nastup Poljskog puh.orkestra.\"\n                    alt=\"S terase gledamo nastup Poljskog puh.orkestra.\"\n                    src=\"https:\/\/kontesadora.hr\/stara\/wp-content\/gallery\/bosel-2013\/thumbs\/thumbs_S%20terase%20gledamo%20nastup%20Poljskog%20puh.orkestra..jpg\"\n                    width=\"100\"\n                    height=\"75\"\n                    style=\"max-width:100%;\"\n                \/>\n            <\/a>\n        <\/div>\n\t\t\t\t\t\t\t<\/div> \n\t\t\t\n        \n\t\t\t\t<div id=\"ngg-image-16\" class=\"ngg-gallery-thumbnail-box\" >\n\t\t\t\t        <div class=\"ngg-gallery-thumbnail\">\n            <a href=\"https:\/\/kontesadora.hr\/stara\/wp-content\/gallery\/bosel-2013\/sad%20svi%20ZAJEDNO%20%21%21%21.jpg\"\n               title=\"\"\n               data-src=\"https:\/\/kontesadora.hr\/stara\/wp-content\/gallery\/bosel-2013\/sad%20svi%20ZAJEDNO%20%21%21%21.jpg\"\n               data-thumbnail=\"https:\/\/kontesadora.hr\/stara\/wp-content\/gallery\/bosel-2013\/thumbs\/thumbs_sad%20svi%20ZAJEDNO%20%21%21%21.jpg\"\n               data-image-id=\"2320\"\n               data-title=\"sad svi ZAJEDNO !!!\"\n               data-description=\"\"\n               data-image-slug=\"sad-svi-zajedno\"\n               class=\"shutterset_650ed2fa8666683ee8e07c627be7582e\">\n                <img\n                    title=\"sad svi ZAJEDNO !!!\"\n                    alt=\"sad svi ZAJEDNO !!!\"\n                    src=\"https:\/\/kontesadora.hr\/stara\/wp-content\/gallery\/bosel-2013\/thumbs\/thumbs_sad%20svi%20ZAJEDNO%20%21%21%21.jpg\"\n                    width=\"100\"\n                    height=\"75\"\n                    style=\"max-width:100%;\"\n                \/>\n            <\/a>\n        <\/div>\n\t\t\t\t\t\t\t<\/div> \n\t\t\t\n        \n\t\t\t\t<div id=\"ngg-image-17\" class=\"ngg-gallery-thumbnail-box\" >\n\t\t\t\t        <div class=\"ngg-gallery-thumbnail\">\n            <a href=\"https:\/\/kontesadora.hr\/stara\/wp-content\/gallery\/bosel-2013\/sestra%20i%20brat%2CNikolina%20i%20Domagoj.jpg\"\n               title=\"\"\n               data-src=\"https:\/\/kontesadora.hr\/stara\/wp-content\/gallery\/bosel-2013\/sestra%20i%20brat%2CNikolina%20i%20Domagoj.jpg\"\n               data-thumbnail=\"https:\/\/kontesadora.hr\/stara\/wp-content\/gallery\/bosel-2013\/thumbs\/thumbs_sestra%20i%20brat%2CNikolina%20i%20Domagoj.jpg\"\n               data-image-id=\"2321\"\n               data-title=\"sestra i brat,Nikolina i Domagoj\"\n               data-description=\"\"\n               data-image-slug=\"sestra-i-bratnikolina-i-domagoj\"\n               class=\"shutterset_650ed2fa8666683ee8e07c627be7582e\">\n                <img\n                    title=\"sestra i brat,Nikolina i Domagoj\"\n                    alt=\"sestra i brat,Nikolina i Domagoj\"\n                    src=\"https:\/\/kontesadora.hr\/stara\/wp-content\/gallery\/bosel-2013\/thumbs\/thumbs_sestra%20i%20brat%2CNikolina%20i%20Domagoj.jpg\"\n                    width=\"100\"\n                    height=\"75\"\n                    style=\"max-width:100%;\"\n                \/>\n            <\/a>\n        <\/div>\n\t\t\t\t\t\t\t<\/div> \n\t\t\t\n        \n\t\t\t\t<div id=\"ngg-image-18\" class=\"ngg-gallery-thumbnail-box\" >\n\t\t\t\t        <div class=\"ngg-gallery-thumbnail\">\n            <a href=\"https:\/\/kontesadora.hr\/stara\/wp-content\/gallery\/bosel-2013\/Predvorje%20muzeja.jpg\"\n               title=\"\"\n               data-src=\"https:\/\/kontesadora.hr\/stara\/wp-content\/gallery\/bosel-2013\/Predvorje%20muzeja.jpg\"\n               data-thumbnail=\"https:\/\/kontesadora.hr\/stara\/wp-content\/gallery\/bosel-2013\/thumbs\/thumbs_Predvorje%20muzeja.jpg\"\n               data-image-id=\"2298\"\n               data-title=\"Predvorje muzeja\"\n               data-description=\"\"\n               data-image-slug=\"predvorje-muzeja\"\n               class=\"shutterset_650ed2fa8666683ee8e07c627be7582e\">\n                <img\n                    title=\"Predvorje muzeja\"\n                    alt=\"Predvorje muzeja\"\n                    src=\"https:\/\/kontesadora.hr\/stara\/wp-content\/gallery\/bosel-2013\/thumbs\/thumbs_Predvorje%20muzeja.jpg\"\n                    width=\"100\"\n                    height=\"75\"\n                    style=\"max-width:100%;\"\n                \/>\n            <\/a>\n        <\/div>\n\t\t\t\t\t\t\t<\/div> \n\t\t\t\n        \n\t\t\t\t<div id=\"ngg-image-19\" class=\"ngg-gallery-thumbnail-box\" >\n\t\t\t\t        <div class=\"ngg-gallery-thumbnail\">\n            <a href=\"https:\/\/kontesadora.hr\/stara\/wp-content\/gallery\/bosel-2013\/Prije%20nastupa.Prvi%20dan..jpg\"\n               title=\"\"\n               data-src=\"https:\/\/kontesadora.hr\/stara\/wp-content\/gallery\/bosel-2013\/Prije%20nastupa.Prvi%20dan..jpg\"\n               data-thumbnail=\"https:\/\/kontesadora.hr\/stara\/wp-content\/gallery\/bosel-2013\/thumbs\/thumbs_Prije%20nastupa.Prvi%20dan..jpg\"\n               data-image-id=\"2299\"\n               data-title=\"Prije nastupa.Prvi dan.\"\n               data-description=\"\"\n               data-image-slug=\"prije-nastupa-prvi-dan\"\n               class=\"shutterset_650ed2fa8666683ee8e07c627be7582e\">\n                <img\n                    title=\"Prije nastupa.Prvi dan.\"\n                    alt=\"Prije nastupa.Prvi dan.\"\n                    src=\"https:\/\/kontesadora.hr\/stara\/wp-content\/gallery\/bosel-2013\/thumbs\/thumbs_Prije%20nastupa.Prvi%20dan..jpg\"\n                    width=\"100\"\n                    height=\"75\"\n                    style=\"max-width:100%;\"\n                \/>\n            <\/a>\n        <\/div>\n\t\t\t\t\t\t\t<\/div> \n\t\t\t\n        \n\t\t\n\t\t<!-- Pagination -->\n\t<div class='ngg-navigation'><span class='current'>1<\/span>\n<a class='page-numbers' data-pageid='2' href='https:\/\/kontesadora.hr\/stara\/galerija\/nggallery\/page\/2'>2<\/a>\n<span class='ellipsis'>...<\/span>\n<a class='page-numbers' data-pageid='6' href='https:\/\/kontesadora.hr\/stara\/galerija\/nggallery\/page\/6'>6<\/a>\n<a class='prev' href='https:\/\/kontesadora.hr\/stara\/galerija\/nggallery\/page\/2' data-pageid=2>&#9658;<\/a><\/div>\t<\/div>\n 51. Eurobosel, glazbeno natjecanje u Njema\u010dkoj na kojem smo osvojili tre\u0107e mjesto u Europi!<\/p>\n<!-- index.php -->\n<div\n\tclass=\"ngg-galleryoverview ngg-ajax-pagination-none\"\n\tid=\"ngg-gallery-e43f0b57c5dd1da982ab30c7b61a4a4b-1\">\n\n    \t<div class=\"slideshowlink\">\n        <a href='https:\/\/kontesadora.hr\/stara\/galerija\/nggallery\/slideshow'>[Show as slideshow]<\/a>\n\t\t\n\t<\/div>\n\t\t\t<!-- Thumbnails -->\n\t\t\t\t<div id=\"ngg-image-0\" class=\"ngg-gallery-thumbnail-box\" >\n\t\t\t\t        <div class=\"ngg-gallery-thumbnail\">\n            <a href=\"https:\/\/kontesadora.hr\/stara\/wp-content\/gallery\/plakati-i-pozivnice\/Program-Cukrov.jpg\"\n               title=\"\"\n               data-src=\"https:\/\/kontesadora.hr\/stara\/wp-content\/gallery\/plakati-i-pozivnice\/Program-Cukrov.jpg\"\n               data-thumbnail=\"https:\/\/kontesadora.hr\/stara\/wp-content\/gallery\/plakati-i-pozivnice\/thumbs\/thumbs_Program-Cukrov.jpg\"\n               data-image-id=\"5281\"\n               data-title=\"Program-Cukrov\"\n               data-description=\"\"\n               data-image-slug=\"program-cukrov\"\n               class=\"shutterset_e43f0b57c5dd1da982ab30c7b61a4a4b\">\n                <img\n                    title=\"Program-Cukrov\"\n                    alt=\"Program-Cukrov\"\n                    src=\"https:\/\/kontesadora.hr\/stara\/wp-content\/gallery\/plakati-i-pozivnice\/thumbs\/thumbs_Program-Cukrov.jpg\"\n                    width=\"100\"\n                    height=\"75\"\n                    style=\"max-width:100%;\"\n                \/>\n            <\/a>\n        <\/div>\n\t\t\t\t\t\t\t<\/div> \n\t\t\t\n        \n\t\t\t\t<div id=\"ngg-image-1\" class=\"ngg-gallery-thumbnail-box\" >\n\t\t\t\t        <div class=\"ngg-gallery-thumbnail\">\n            <a href=\"https:\/\/kontesadora.hr\/stara\/wp-content\/gallery\/plakati-i-pozivnice\/Program-Cukrov_1.jpg\"\n               title=\"\"\n               data-src=\"https:\/\/kontesadora.hr\/stara\/wp-content\/gallery\/plakati-i-pozivnice\/Program-Cukrov_1.jpg\"\n               data-thumbnail=\"https:\/\/kontesadora.hr\/stara\/wp-content\/gallery\/plakati-i-pozivnice\/thumbs\/thumbs_Program-Cukrov_1.jpg\"\n               data-image-id=\"5282\"\n               data-title=\"Program-Cukrov_1\"\n               data-description=\"\"\n               data-image-slug=\"program-cukrov_1\"\n               class=\"shutterset_e43f0b57c5dd1da982ab30c7b61a4a4b\">\n                <img\n                    title=\"Program-Cukrov_1\"\n                    alt=\"Program-Cukrov_1\"\n                    src=\"https:\/\/kontesadora.hr\/stara\/wp-content\/gallery\/plakati-i-pozivnice\/thumbs\/thumbs_Program-Cukrov_1.jpg\"\n                    width=\"100\"\n                    height=\"75\"\n                    style=\"max-width:100%;\"\n                \/>\n            <\/a>\n        <\/div>\n\t\t\t\t\t\t\t<\/div> \n\t\t\t\n        \n\t\t\t\t<div id=\"ngg-image-2\" class=\"ngg-gallery-thumbnail-box\" >\n\t\t\t\t        <div class=\"ngg-gallery-thumbnail\">\n            <a href=\"https:\/\/kontesadora.hr\/stara\/wp-content\/gallery\/plakati-i-pozivnice\/koncert-pejacevic-obitelj.jpg\"\n               title=\"\"\n               data-src=\"https:\/\/kontesadora.hr\/stara\/wp-content\/gallery\/plakati-i-pozivnice\/koncert-pejacevic-obitelj.jpg\"\n               data-thumbnail=\"https:\/\/kontesadora.hr\/stara\/wp-content\/gallery\/plakati-i-pozivnice\/thumbs\/thumbs_koncert-pejacevic-obitelj.jpg\"\n               data-image-id=\"5279\"\n               data-title=\"koncert-pejacevic-obitelj\"\n               data-description=\"\"\n               data-image-slug=\"koncert-pejacevic-obitelj\"\n               class=\"shutterset_e43f0b57c5dd1da982ab30c7b61a4a4b\">\n                <img\n                    title=\"koncert-pejacevic-obitelj\"\n                    alt=\"koncert-pejacevic-obitelj\"\n                    src=\"https:\/\/kontesadora.hr\/stara\/wp-content\/gallery\/plakati-i-pozivnice\/thumbs\/thumbs_koncert-pejacevic-obitelj.jpg\"\n                    width=\"100\"\n                    height=\"75\"\n                    style=\"max-width:100%;\"\n                \/>\n            <\/a>\n        <\/div>\n\t\t\t\t\t\t\t<\/div> \n\t\t\t\n        \n\t\t\t\t<div id=\"ngg-image-3\" class=\"ngg-gallery-thumbnail-box\" >\n\t\t\t\t        <div class=\"ngg-gallery-thumbnail\">\n            <a href=\"https:\/\/kontesadora.hr\/stara\/wp-content\/gallery\/plakati-i-pozivnice\/zbilja-ili-san.jpg\"\n               title=\"\"\n               data-src=\"https:\/\/kontesadora.hr\/stara\/wp-content\/gallery\/plakati-i-pozivnice\/zbilja-ili-san.jpg\"\n               data-thumbnail=\"https:\/\/kontesadora.hr\/stara\/wp-content\/gallery\/plakati-i-pozivnice\/thumbs\/thumbs_zbilja-ili-san.jpg\"\n               data-image-id=\"5277\"\n               data-title=\"zbilja-ili-san\"\n               data-description=\"\"\n               data-image-slug=\"zbilja-ili-san\"\n               class=\"shutterset_e43f0b57c5dd1da982ab30c7b61a4a4b\">\n                <img\n                    title=\"zbilja-ili-san\"\n                    alt=\"zbilja-ili-san\"\n                    src=\"https:\/\/kontesadora.hr\/stara\/wp-content\/gallery\/plakati-i-pozivnice\/thumbs\/thumbs_zbilja-ili-san.jpg\"\n                    width=\"100\"\n                    height=\"75\"\n                    style=\"max-width:100%;\"\n                \/>\n            <\/a>\n        <\/div>\n\t\t\t\t\t\t\t<\/div> \n\t\t\t\n        \n\t\t\t\t<div id=\"ngg-image-4\" class=\"ngg-gallery-thumbnail-box\" >\n\t\t\t\t        <div class=\"ngg-gallery-thumbnail\">\n            <a href=\"https:\/\/kontesadora.hr\/stara\/wp-content\/gallery\/plakati-i-pozivnice\/Program-Jankovac-2021.jpg\"\n               title=\"\"\n               data-src=\"https:\/\/kontesadora.hr\/stara\/wp-content\/gallery\/plakati-i-pozivnice\/Program-Jankovac-2021.jpg\"\n               data-thumbnail=\"https:\/\/kontesadora.hr\/stara\/wp-content\/gallery\/plakati-i-pozivnice\/thumbs\/thumbs_Program-Jankovac-2021.jpg\"\n               data-image-id=\"5278\"\n               data-title=\"Program-Jankovac-2021\"\n               data-description=\"\"\n               data-image-slug=\"program-jankovac-2021\"\n               class=\"shutterset_e43f0b57c5dd1da982ab30c7b61a4a4b\">\n                <img\n                    title=\"Program-Jankovac-2021\"\n                    alt=\"Program-Jankovac-2021\"\n                    src=\"https:\/\/kontesadora.hr\/stara\/wp-content\/gallery\/plakati-i-pozivnice\/thumbs\/thumbs_Program-Jankovac-2021.jpg\"\n                    width=\"100\"\n                    height=\"75\"\n                    style=\"max-width:100%;\"\n                \/>\n            <\/a>\n        <\/div>\n\t\t\t\t\t\t\t<\/div> \n\t\t\t\n        \n\t\t\t\t<div id=\"ngg-image-5\" class=\"ngg-gallery-thumbnail-box\" >\n\t\t\t\t        <div class=\"ngg-gallery-thumbnail\">\n            <a href=\"https:\/\/kontesadora.hr\/stara\/wp-content\/gallery\/plakati-i-pozivnice\/Djeca-sa-zvijezda.jpg\"\n               title=\"\"\n               data-src=\"https:\/\/kontesadora.hr\/stara\/wp-content\/gallery\/plakati-i-pozivnice\/Djeca-sa-zvijezda.jpg\"\n               data-thumbnail=\"https:\/\/kontesadora.hr\/stara\/wp-content\/gallery\/plakati-i-pozivnice\/thumbs\/thumbs_Djeca-sa-zvijezda.jpg\"\n               data-image-id=\"5276\"\n               data-title=\"Djeca-sa-zvijezda\"\n               data-description=\"\"\n               data-image-slug=\"djeca-sa-zvijezda\"\n               class=\"shutterset_e43f0b57c5dd1da982ab30c7b61a4a4b\">\n                <img\n                    title=\"Djeca-sa-zvijezda\"\n                    alt=\"Djeca-sa-zvijezda\"\n                    src=\"https:\/\/kontesadora.hr\/stara\/wp-content\/gallery\/plakati-i-pozivnice\/thumbs\/thumbs_Djeca-sa-zvijezda.jpg\"\n                    width=\"100\"\n                    height=\"75\"\n                    style=\"max-width:100%;\"\n                \/>\n            <\/a>\n        <\/div>\n\t\t\t\t\t\t\t<\/div> \n\t\t\t\n        \n\t\t\t\t<div id=\"ngg-image-6\" class=\"ngg-gallery-thumbnail-box\" >\n\t\t\t\t        <div class=\"ngg-gallery-thumbnail\">\n            <a href=\"https:\/\/kontesadora.hr\/stara\/wp-content\/gallery\/plakati-i-pozivnice\/Program-koncerta2.jpg\"\n               title=\"\"\n               data-src=\"https:\/\/kontesadora.hr\/stara\/wp-content\/gallery\/plakati-i-pozivnice\/Program-koncerta2.jpg\"\n               data-thumbnail=\"https:\/\/kontesadora.hr\/stara\/wp-content\/gallery\/plakati-i-pozivnice\/thumbs\/thumbs_Program-koncerta2.jpg\"\n               data-image-id=\"5275\"\n               data-title=\"Program-koncerta2\"\n               data-description=\"\"\n               data-image-slug=\"program-koncerta2\"\n               class=\"shutterset_e43f0b57c5dd1da982ab30c7b61a4a4b\">\n                <img\n                    title=\"Program-koncerta2\"\n                    alt=\"Program-koncerta2\"\n                    src=\"https:\/\/kontesadora.hr\/stara\/wp-content\/gallery\/plakati-i-pozivnice\/thumbs\/thumbs_Program-koncerta2.jpg\"\n                    width=\"100\"\n                    height=\"75\"\n                    style=\"max-width:100%;\"\n                \/>\n            <\/a>\n        <\/div>\n\t\t\t\t\t\t\t<\/div> \n\t\t\t\n        \n\t\t\t\t<div id=\"ngg-image-7\" class=\"ngg-gallery-thumbnail-box\" >\n\t\t\t\t        <div class=\"ngg-gallery-thumbnail\">\n            <a href=\"https:\/\/kontesadora.hr\/stara\/wp-content\/gallery\/plakati-i-pozivnice\/Program-koncerta1.jpg\"\n               title=\"\"\n               data-src=\"https:\/\/kontesadora.hr\/stara\/wp-content\/gallery\/plakati-i-pozivnice\/Program-koncerta1.jpg\"\n               data-thumbnail=\"https:\/\/kontesadora.hr\/stara\/wp-content\/gallery\/plakati-i-pozivnice\/thumbs\/thumbs_Program-koncerta1.jpg\"\n               data-image-id=\"5274\"\n               data-title=\"Program-koncerta1\"\n               data-description=\"\"\n               data-image-slug=\"program-koncerta1\"\n               class=\"shutterset_e43f0b57c5dd1da982ab30c7b61a4a4b\">\n                <img\n                    title=\"Program-koncerta1\"\n                    alt=\"Program-koncerta1\"\n                    src=\"https:\/\/kontesadora.hr\/stara\/wp-content\/gallery\/plakati-i-pozivnice\/thumbs\/thumbs_Program-koncerta1.jpg\"\n                    width=\"100\"\n                    height=\"75\"\n                    style=\"max-width:100%;\"\n                \/>\n            <\/a>\n        <\/div>\n\t\t\t\t\t\t\t<\/div> \n\t\t\t\n        \n\t\t\t\t<div id=\"ngg-image-8\" class=\"ngg-gallery-thumbnail-box\" >\n\t\t\t\t        <div class=\"ngg-gallery-thumbnail\">\n            <a href=\"https:\/\/kontesadora.hr\/stara\/wp-content\/gallery\/plakati-i-pozivnice\/Svjetski-dan-glazbe-1.jpg\"\n               title=\"\"\n               data-src=\"https:\/\/kontesadora.hr\/stara\/wp-content\/gallery\/plakati-i-pozivnice\/Svjetski-dan-glazbe-1.jpg\"\n               data-thumbnail=\"https:\/\/kontesadora.hr\/stara\/wp-content\/gallery\/plakati-i-pozivnice\/thumbs\/thumbs_Svjetski-dan-glazbe-1.jpg\"\n               data-image-id=\"5265\"\n               data-title=\"Svjetski-dan-glazbe-1\"\n               data-description=\"\"\n               data-image-slug=\"svjetski-dan-glazbe-1\"\n               class=\"shutterset_e43f0b57c5dd1da982ab30c7b61a4a4b\">\n                <img\n                    title=\"Svjetski-dan-glazbe-1\"\n                    alt=\"Svjetski-dan-glazbe-1\"\n                    src=\"https:\/\/kontesadora.hr\/stara\/wp-content\/gallery\/plakati-i-pozivnice\/thumbs\/thumbs_Svjetski-dan-glazbe-1.jpg\"\n                    width=\"100\"\n                    height=\"75\"\n                    style=\"max-width:100%;\"\n                \/>\n            <\/a>\n        <\/div>\n\t\t\t\t\t\t\t<\/div> \n\t\t\t\n        \n\t\t\t\t<div id=\"ngg-image-9\" class=\"ngg-gallery-thumbnail-box\" >\n\t\t\t\t        <div class=\"ngg-gallery-thumbnail\">\n            <a href=\"https:\/\/kontesadora.hr\/stara\/wp-content\/gallery\/plakati-i-pozivnice\/ZA-SLANJE.jpg\"\n               title=\"\"\n               data-src=\"https:\/\/kontesadora.hr\/stara\/wp-content\/gallery\/plakati-i-pozivnice\/ZA-SLANJE.jpg\"\n               data-thumbnail=\"https:\/\/kontesadora.hr\/stara\/wp-content\/gallery\/plakati-i-pozivnice\/thumbs\/thumbs_ZA-SLANJE.jpg\"\n               data-image-id=\"5253\"\n               data-title=\"ZA-SLANJE\"\n               data-description=\"\"\n               data-image-slug=\"za-slanje\"\n               class=\"shutterset_e43f0b57c5dd1da982ab30c7b61a4a4b\">\n                <img\n                    title=\"ZA-SLANJE\"\n                    alt=\"ZA-SLANJE\"\n                    src=\"https:\/\/kontesadora.hr\/stara\/wp-content\/gallery\/plakati-i-pozivnice\/thumbs\/thumbs_ZA-SLANJE.jpg\"\n                    width=\"100\"\n                    height=\"75\"\n                    style=\"max-width:100%;\"\n                \/>\n            <\/a>\n        <\/div>\n\t\t\t\t\t\t\t<\/div> \n\t\t\t\n        \n\t\t\t\t<div id=\"ngg-image-10\" class=\"ngg-gallery-thumbnail-box\" >\n\t\t\t\t        <div class=\"ngg-gallery-thumbnail\">\n            <a href=\"https:\/\/kontesadora.hr\/stara\/wp-content\/gallery\/plakati-i-pozivnice\/Plakat-PRIJEMNI-002.jpg\"\n               title=\"\"\n               data-src=\"https:\/\/kontesadora.hr\/stara\/wp-content\/gallery\/plakati-i-pozivnice\/Plakat-PRIJEMNI-002.jpg\"\n               data-thumbnail=\"https:\/\/kontesadora.hr\/stara\/wp-content\/gallery\/plakati-i-pozivnice\/thumbs\/thumbs_Plakat-PRIJEMNI-002.jpg\"\n               data-image-id=\"5251\"\n               data-title=\"Plakat-PRIJEMNI-002\"\n               data-description=\"\"\n               data-image-slug=\"plakat-prijemni-002\"\n               class=\"shutterset_e43f0b57c5dd1da982ab30c7b61a4a4b\">\n                <img\n                    title=\"Plakat-PRIJEMNI-002\"\n                    alt=\"Plakat-PRIJEMNI-002\"\n                    src=\"https:\/\/kontesadora.hr\/stara\/wp-content\/gallery\/plakati-i-pozivnice\/thumbs\/thumbs_Plakat-PRIJEMNI-002.jpg\"\n                    width=\"100\"\n                    height=\"75\"\n                    style=\"max-width:100%;\"\n                \/>\n            <\/a>\n        <\/div>\n\t\t\t\t\t\t\t<\/div> \n\t\t\t\n        \n\t\t\t\t<div id=\"ngg-image-11\" class=\"ngg-gallery-thumbnail-box\" >\n\t\t\t\t        <div class=\"ngg-gallery-thumbnail\">\n            <a href=\"https:\/\/kontesadora.hr\/stara\/wp-content\/gallery\/plakati-i-pozivnice\/Plakat-PRIJEMNI-001.jpg\"\n               title=\"\"\n               data-src=\"https:\/\/kontesadora.hr\/stara\/wp-content\/gallery\/plakati-i-pozivnice\/Plakat-PRIJEMNI-001.jpg\"\n               data-thumbnail=\"https:\/\/kontesadora.hr\/stara\/wp-content\/gallery\/plakati-i-pozivnice\/thumbs\/thumbs_Plakat-PRIJEMNI-001.jpg\"\n               data-image-id=\"5250\"\n               data-title=\"Plakat-PRIJEMNI-001\"\n               data-description=\"\"\n               data-image-slug=\"plakat-prijemni-001\"\n               class=\"shutterset_e43f0b57c5dd1da982ab30c7b61a4a4b\">\n                <img\n                    title=\"Plakat-PRIJEMNI-001\"\n                    alt=\"Plakat-PRIJEMNI-001\"\n                    src=\"https:\/\/kontesadora.hr\/stara\/wp-content\/gallery\/plakati-i-pozivnice\/thumbs\/thumbs_Plakat-PRIJEMNI-001.jpg\"\n                    width=\"100\"\n                    height=\"75\"\n                    style=\"max-width:100%;\"\n                \/>\n            <\/a>\n        <\/div>\n\t\t\t\t\t\t\t<\/div> \n\t\t\t\n        \n\t\t\t\t<div id=\"ngg-image-12\" class=\"ngg-gallery-thumbnail-box\" >\n\t\t\t\t        <div class=\"ngg-gallery-thumbnail\">\n            <a href=\"https:\/\/kontesadora.hr\/stara\/wp-content\/gallery\/plakati-i-pozivnice\/Zagrebacki-komorni-orkestar-finalna-verzija.jpg\"\n               title=\"\"\n               data-src=\"https:\/\/kontesadora.hr\/stara\/wp-content\/gallery\/plakati-i-pozivnice\/Zagrebacki-komorni-orkestar-finalna-verzija.jpg\"\n               data-thumbnail=\"https:\/\/kontesadora.hr\/stara\/wp-content\/gallery\/plakati-i-pozivnice\/thumbs\/thumbs_Zagrebacki-komorni-orkestar-finalna-verzija.jpg\"\n               data-image-id=\"5107\"\n               data-title=\"Zagrebacki-komorni-orkestar-finalna-verzija\"\n               data-description=\"\"\n               data-image-slug=\"zagrebacki-komorni-orkestar-finalna-verzija\"\n               class=\"shutterset_e43f0b57c5dd1da982ab30c7b61a4a4b\">\n                <img\n                    title=\"Zagrebacki-komorni-orkestar-finalna-verzija\"\n                    alt=\"Zagrebacki-komorni-orkestar-finalna-verzija\"\n                    src=\"https:\/\/kontesadora.hr\/stara\/wp-content\/gallery\/plakati-i-pozivnice\/thumbs\/thumbs_Zagrebacki-komorni-orkestar-finalna-verzija.jpg\"\n                    width=\"100\"\n                    height=\"75\"\n                    style=\"max-width:100%;\"\n                \/>\n            <\/a>\n        <\/div>\n\t\t\t\t\t\t\t<\/div> \n\t\t\t\n        \n\t\t\t\t<div id=\"ngg-image-13\" class=\"ngg-gallery-thumbnail-box\" >\n\t\t\t\t        <div class=\"ngg-gallery-thumbnail\">\n            <a href=\"https:\/\/kontesadora.hr\/stara\/wp-content\/gallery\/plakati-i-pozivnice\/Plakat-DOMACI-SKLADATELJI-2020-001.jpg\"\n               title=\"\"\n               data-src=\"https:\/\/kontesadora.hr\/stara\/wp-content\/gallery\/plakati-i-pozivnice\/Plakat-DOMACI-SKLADATELJI-2020-001.jpg\"\n               data-thumbnail=\"https:\/\/kontesadora.hr\/stara\/wp-content\/gallery\/plakati-i-pozivnice\/thumbs\/thumbs_Plakat-DOMACI-SKLADATELJI-2020-001.jpg\"\n               data-image-id=\"5106\"\n               data-title=\"Plakat-DOMACI-SKLADATELJI-2020-001\"\n               data-description=\"\"\n               data-image-slug=\"plakat-domaci-skladatelji-2020-001\"\n               class=\"shutterset_e43f0b57c5dd1da982ab30c7b61a4a4b\">\n                <img\n                    title=\"Plakat-DOMACI-SKLADATELJI-2020-001\"\n                    alt=\"Plakat-DOMACI-SKLADATELJI-2020-001\"\n                    src=\"https:\/\/kontesadora.hr\/stara\/wp-content\/gallery\/plakati-i-pozivnice\/thumbs\/thumbs_Plakat-DOMACI-SKLADATELJI-2020-001.jpg\"\n                    width=\"100\"\n                    height=\"75\"\n                    style=\"max-width:100%;\"\n                \/>\n            <\/a>\n        <\/div>\n\t\t\t\t\t\t\t<\/div> \n\t\t\t\n        \n\t\t\t\t<div id=\"ngg-image-14\" class=\"ngg-gallery-thumbnail-box\" >\n\t\t\t\t        <div class=\"ngg-gallery-thumbnail\">\n            <a href=\"https:\/\/kontesadora.hr\/stara\/wp-content\/gallery\/plakati-i-pozivnice\/58-zupanijsko-komorni-2020.jpg\"\n               title=\"\"\n               data-src=\"https:\/\/kontesadora.hr\/stara\/wp-content\/gallery\/plakati-i-pozivnice\/58-zupanijsko-komorni-2020.jpg\"\n               data-thumbnail=\"https:\/\/kontesadora.hr\/stara\/wp-content\/gallery\/plakati-i-pozivnice\/thumbs\/thumbs_58-zupanijsko-komorni-2020.jpg\"\n               data-image-id=\"5105\"\n               data-title=\"58-zupanijsko-komorni-2020\"\n               data-description=\"\"\n               data-image-slug=\"58-zupanijsko-komorni-2020\"\n               class=\"shutterset_e43f0b57c5dd1da982ab30c7b61a4a4b\">\n                <img\n                    title=\"58-zupanijsko-komorni-2020\"\n                    alt=\"58-zupanijsko-komorni-2020\"\n                    src=\"https:\/\/kontesadora.hr\/stara\/wp-content\/gallery\/plakati-i-pozivnice\/thumbs\/thumbs_58-zupanijsko-komorni-2020.jpg\"\n                    width=\"100\"\n                    height=\"75\"\n                    style=\"max-width:100%;\"\n                \/>\n            <\/a>\n        <\/div>\n\t\t\t\t\t\t\t<\/div> \n\t\t\t\n        \n\t\t\t\t<div id=\"ngg-image-15\" class=\"ngg-gallery-thumbnail-box\" >\n\t\t\t\t        <div class=\"ngg-gallery-thumbnail\">\n            <a href=\"https:\/\/kontesadora.hr\/stara\/wp-content\/gallery\/plakati-i-pozivnice\/Leptir-za-slanje-page-001.jpg\"\n               title=\"\"\n               data-src=\"https:\/\/kontesadora.hr\/stara\/wp-content\/gallery\/plakati-i-pozivnice\/Leptir-za-slanje-page-001.jpg\"\n               data-thumbnail=\"https:\/\/kontesadora.hr\/stara\/wp-content\/gallery\/plakati-i-pozivnice\/thumbs\/thumbs_Leptir-za-slanje-page-001.jpg\"\n               data-image-id=\"5104\"\n               data-title=\"Leptir-za-slanje-page-001\"\n               data-description=\"\"\n               data-image-slug=\"leptir-za-slanje-page-001\"\n               class=\"shutterset_e43f0b57c5dd1da982ab30c7b61a4a4b\">\n                <img\n                    title=\"Leptir-za-slanje-page-001\"\n                    alt=\"Leptir-za-slanje-page-001\"\n                    src=\"https:\/\/kontesadora.hr\/stara\/wp-content\/gallery\/plakati-i-pozivnice\/thumbs\/thumbs_Leptir-za-slanje-page-001.jpg\"\n                    width=\"100\"\n                    height=\"75\"\n                    style=\"max-width:100%;\"\n                \/>\n            <\/a>\n        <\/div>\n\t\t\t\t\t\t\t<\/div> \n\t\t\t\n        \n\t\t\t\t<div id=\"ngg-image-16\" class=\"ngg-gallery-thumbnail-box\" >\n\t\t\t\t        <div class=\"ngg-gallery-thumbnail\">\n            <a href=\"https:\/\/kontesadora.hr\/stara\/wp-content\/gallery\/plakati-i-pozivnice\/Plakat-Katarina-i-Ivan-1-page-001.jpg\"\n               title=\"\"\n               data-src=\"https:\/\/kontesadora.hr\/stara\/wp-content\/gallery\/plakati-i-pozivnice\/Plakat-Katarina-i-Ivan-1-page-001.jpg\"\n               data-thumbnail=\"https:\/\/kontesadora.hr\/stara\/wp-content\/gallery\/plakati-i-pozivnice\/thumbs\/thumbs_Plakat-Katarina-i-Ivan-1-page-001.jpg\"\n               data-image-id=\"5103\"\n               data-title=\"Plakat-Katarina-i-Ivan-1-page-001\"\n               data-description=\"\"\n               data-image-slug=\"plakat-katarina-i-ivan-1-page-001\"\n               class=\"shutterset_e43f0b57c5dd1da982ab30c7b61a4a4b\">\n                <img\n                    title=\"Plakat-Katarina-i-Ivan-1-page-001\"\n                    alt=\"Plakat-Katarina-i-Ivan-1-page-001\"\n                    src=\"https:\/\/kontesadora.hr\/stara\/wp-content\/gallery\/plakati-i-pozivnice\/thumbs\/thumbs_Plakat-Katarina-i-Ivan-1-page-001.jpg\"\n                    width=\"100\"\n                    height=\"75\"\n                    style=\"max-width:100%;\"\n                \/>\n            <\/a>\n        <\/div>\n\t\t\t\t\t\t\t<\/div> \n\t\t\t\n        \n\t\t\t\t<div id=\"ngg-image-17\" class=\"ngg-gallery-thumbnail-box\" >\n\t\t\t\t        <div class=\"ngg-gallery-thumbnail\">\n            <a href=\"https:\/\/kontesadora.hr\/stara\/wp-content\/gallery\/plakati-i-pozivnice\/%C5%BDivjeti-Ljubav-2020-koncert-page-001.jpg\"\n               title=\"\"\n               data-src=\"https:\/\/kontesadora.hr\/stara\/wp-content\/gallery\/plakati-i-pozivnice\/%C5%BDivjeti-Ljubav-2020-koncert-page-001.jpg\"\n               data-thumbnail=\"https:\/\/kontesadora.hr\/stara\/wp-content\/gallery\/plakati-i-pozivnice\/thumbs\/thumbs_%C5%BDivjeti-Ljubav-2020-koncert-page-001.jpg\"\n               data-image-id=\"5102\"\n               data-title=\"\u017divjeti-Ljubav-2020-koncert-page-001\"\n               data-description=\"\"\n               data-image-slug=\"%c5%beivjeti-ljubav-2020-koncert-page-001\"\n               class=\"shutterset_e43f0b57c5dd1da982ab30c7b61a4a4b\">\n                <img\n                    title=\"\u017divjeti-Ljubav-2020-koncert-page-001\"\n                    alt=\"\u017divjeti-Ljubav-2020-koncert-page-001\"\n                    src=\"https:\/\/kontesadora.hr\/stara\/wp-content\/gallery\/plakati-i-pozivnice\/thumbs\/thumbs_%C5%BDivjeti-Ljubav-2020-koncert-page-001.jpg\"\n                    width=\"100\"\n                    height=\"75\"\n                    style=\"max-width:100%;\"\n                \/>\n            <\/a>\n        <\/div>\n\t\t\t\t\t\t\t<\/div> \n\t\t\t\n        \n\t\t\t\t<div id=\"ngg-image-18\" class=\"ngg-gallery-thumbnail-box\" >\n\t\t\t\t        <div class=\"ngg-gallery-thumbnail\">\n            <a href=\"https:\/\/kontesadora.hr\/stara\/wp-content\/gallery\/plakati-i-pozivnice\/Plakat-%C5%BDivjeti-Ljubav-2020-page-001.jpg\"\n               title=\"\"\n               data-src=\"https:\/\/kontesadora.hr\/stara\/wp-content\/gallery\/plakati-i-pozivnice\/Plakat-%C5%BDivjeti-Ljubav-2020-page-001.jpg\"\n               data-thumbnail=\"https:\/\/kontesadora.hr\/stara\/wp-content\/gallery\/plakati-i-pozivnice\/thumbs\/thumbs_Plakat-%C5%BDivjeti-Ljubav-2020-page-001.jpg\"\n               data-image-id=\"5018\"\n               data-title=\"Plakat-\u017divjeti-Ljubav-2020-page-001\"\n               data-description=\"\"\n               data-image-slug=\"plakat-%c5%beivjeti-ljubav-2020-page-001\"\n               class=\"shutterset_e43f0b57c5dd1da982ab30c7b61a4a4b\">\n                <img\n                    title=\"Plakat-\u017divjeti-Ljubav-2020-page-001\"\n                    alt=\"Plakat-\u017divjeti-Ljubav-2020-page-001\"\n                    src=\"https:\/\/kontesadora.hr\/stara\/wp-content\/gallery\/plakati-i-pozivnice\/thumbs\/thumbs_Plakat-%C5%BDivjeti-Ljubav-2020-page-001.jpg\"\n                    width=\"100\"\n                    height=\"75\"\n                    style=\"max-width:100%;\"\n                \/>\n            <\/a>\n        <\/div>\n\t\t\t\t\t\t\t<\/div> \n\t\t\t\n        \n\t\t\t\t<div id=\"ngg-image-19\" class=\"ngg-gallery-thumbnail-box\" >\n\t\t\t\t        <div class=\"ngg-gallery-thumbnail\">\n            <a href=\"https:\/\/kontesadora.hr\/stara\/wp-content\/gallery\/plakati-i-pozivnice\/1_Plakat-MOJE-NOTICE-04.jpg\"\n               title=\"\"\n               data-src=\"https:\/\/kontesadora.hr\/stara\/wp-content\/gallery\/plakati-i-pozivnice\/1_Plakat-MOJE-NOTICE-04.jpg\"\n               data-thumbnail=\"https:\/\/kontesadora.hr\/stara\/wp-content\/gallery\/plakati-i-pozivnice\/thumbs\/thumbs_1_Plakat-MOJE-NOTICE-04.jpg\"\n               data-image-id=\"5017\"\n               data-title=\"1_Plakat-MOJE-NOTICE-04\"\n               data-description=\"\"\n               data-image-slug=\"1_plakat-moje-notice-04\"\n               class=\"shutterset_e43f0b57c5dd1da982ab30c7b61a4a4b\">\n                <img\n                    title=\"1_Plakat-MOJE-NOTICE-04\"\n                    alt=\"1_Plakat-MOJE-NOTICE-04\"\n                    src=\"https:\/\/kontesadora.hr\/stara\/wp-content\/gallery\/plakati-i-pozivnice\/thumbs\/thumbs_1_Plakat-MOJE-NOTICE-04.jpg\"\n                    width=\"100\"\n                    height=\"75\"\n                    style=\"max-width:100%;\"\n                \/>\n            <\/a>\n        <\/div>\n\t\t\t\t\t\t\t<\/div> \n\t\t\t\n        \n\t\t\n\t\t<!-- Pagination -->\n\t<div class='ngg-navigation'><span class='current'>1<\/span>\n<a class='page-numbers' data-pageid='2' href='https:\/\/kontesadora.hr\/stara\/galerija\/nggallery\/page\/2'>2<\/a>\n<span class='ellipsis'>...<\/span>\n<a class='page-numbers' data-pageid='15' href='https:\/\/kontesadora.hr\/stara\/galerija\/nggallery\/page\/15'>15<\/a>\n<a class='prev' href='https:\/\/kontesadora.hr\/stara\/galerija\/nggallery\/page\/2' data-pageid=2>&#9658;<\/a><\/div>\t<\/div>\n\n<!-- index.php -->\n<div\n\tclass=\"ngg-galleryoverview ngg-ajax-pagination-none\"\n\tid=\"ngg-gallery-d21f216ff6ddbc68509c321a6e44553b-1\">\n\n    \t<div class=\"slideshowlink\">\n        <a href='https:\/\/kontesadora.hr\/stara\/galerija\/nggallery\/slideshow'>[Show as slideshow]<\/a>\n\t\t\n\t<\/div>\n\t\t\t<!-- Thumbnails -->\n\t\t\t\t<div id=\"ngg-image-0\" class=\"ngg-gallery-thumbnail-box\" >\n\t\t\t\t        <div class=\"ngg-gallery-thumbnail\">\n            <a href=\"https:\/\/kontesadora.hr\/stara\/wp-content\/gallery\/kovacic-espen\/groblje-027.jpg\"\n               title=\"\"\n               data-src=\"https:\/\/kontesadora.hr\/stara\/wp-content\/gallery\/kovacic-espen\/groblje-027.jpg\"\n               data-thumbnail=\"https:\/\/kontesadora.hr\/stara\/wp-content\/gallery\/kovacic-espen\/thumbs\/thumbs_groblje-027.jpg\"\n               data-image-id=\"1647\"\n               data-title=\"groblje-027\"\n               data-description=\"\"\n               data-image-slug=\"groblje-027\"\n               class=\"shutterset_d21f216ff6ddbc68509c321a6e44553b\">\n                <img\n                    title=\"groblje-027\"\n                    alt=\"groblje-027\"\n                    src=\"https:\/\/kontesadora.hr\/stara\/wp-content\/gallery\/kovacic-espen\/thumbs\/thumbs_groblje-027.jpg\"\n                    width=\"100\"\n                    height=\"75\"\n                    style=\"max-width:100%;\"\n                \/>\n            <\/a>\n        <\/div>\n\t\t\t\t\t\t\t<\/div> \n\t\t\t\n        \n\t\t\t\t<div id=\"ngg-image-1\" class=\"ngg-gallery-thumbnail-box\" >\n\t\t\t\t        <div class=\"ngg-gallery-thumbnail\">\n            <a href=\"https:\/\/kontesadora.hr\/stara\/wp-content\/gallery\/kovacic-espen\/groblje-024.jpg\"\n               title=\"\"\n               data-src=\"https:\/\/kontesadora.hr\/stara\/wp-content\/gallery\/kovacic-espen\/groblje-024.jpg\"\n               data-thumbnail=\"https:\/\/kontesadora.hr\/stara\/wp-content\/gallery\/kovacic-espen\/thumbs\/thumbs_groblje-024.jpg\"\n               data-image-id=\"1646\"\n               data-title=\"groblje-024\"\n               data-description=\"\"\n               data-image-slug=\"groblje-024\"\n               class=\"shutterset_d21f216ff6ddbc68509c321a6e44553b\">\n                <img\n                    title=\"groblje-024\"\n                    alt=\"groblje-024\"\n                    src=\"https:\/\/kontesadora.hr\/stara\/wp-content\/gallery\/kovacic-espen\/thumbs\/thumbs_groblje-024.jpg\"\n                    width=\"100\"\n                    height=\"75\"\n                    style=\"max-width:100%;\"\n                \/>\n            <\/a>\n        <\/div>\n\t\t\t\t\t\t\t<\/div> \n\t\t\t\n        \n\t\t\t\t<div id=\"ngg-image-2\" class=\"ngg-gallery-thumbnail-box\" >\n\t\t\t\t        <div class=\"ngg-gallery-thumbnail\">\n            <a href=\"https:\/\/kontesadora.hr\/stara\/wp-content\/gallery\/kovacic-espen\/groblje-018.jpg\"\n               title=\"\"\n               data-src=\"https:\/\/kontesadora.hr\/stara\/wp-content\/gallery\/kovacic-espen\/groblje-018.jpg\"\n               data-thumbnail=\"https:\/\/kontesadora.hr\/stara\/wp-content\/gallery\/kovacic-espen\/thumbs\/thumbs_groblje-018.jpg\"\n               data-image-id=\"1645\"\n               data-title=\"groblje-018\"\n               data-description=\"\"\n               data-image-slug=\"groblje-018\"\n               class=\"shutterset_d21f216ff6ddbc68509c321a6e44553b\">\n                <img\n                    title=\"groblje-018\"\n                    alt=\"groblje-018\"\n                    src=\"https:\/\/kontesadora.hr\/stara\/wp-content\/gallery\/kovacic-espen\/thumbs\/thumbs_groblje-018.jpg\"\n                    width=\"100\"\n                    height=\"75\"\n                    style=\"max-width:100%;\"\n                \/>\n            <\/a>\n        <\/div>\n\t\t\t\t\t\t\t<\/div> \n\t\t\t\n        \n\t\t\t\t<div id=\"ngg-image-3\" class=\"ngg-gallery-thumbnail-box\" >\n\t\t\t\t        <div class=\"ngg-gallery-thumbnail\">\n            <a href=\"https:\/\/kontesadora.hr\/stara\/wp-content\/gallery\/kovacic-espen\/groblje-017.jpg\"\n               title=\"\"\n               data-src=\"https:\/\/kontesadora.hr\/stara\/wp-content\/gallery\/kovacic-espen\/groblje-017.jpg\"\n               data-thumbnail=\"https:\/\/kontesadora.hr\/stara\/wp-content\/gallery\/kovacic-espen\/thumbs\/thumbs_groblje-017.jpg\"\n               data-image-id=\"1644\"\n               data-title=\"groblje-017\"\n               data-description=\"\"\n               data-image-slug=\"groblje-017\"\n               class=\"shutterset_d21f216ff6ddbc68509c321a6e44553b\">\n                <img\n                    title=\"groblje-017\"\n                    alt=\"groblje-017\"\n                    src=\"https:\/\/kontesadora.hr\/stara\/wp-content\/gallery\/kovacic-espen\/thumbs\/thumbs_groblje-017.jpg\"\n                    width=\"100\"\n                    height=\"75\"\n                    style=\"max-width:100%;\"\n                \/>\n            <\/a>\n        <\/div>\n\t\t\t\t\t\t\t<\/div> \n\t\t\t\n        \n\t\t\t\t<div id=\"ngg-image-4\" class=\"ngg-gallery-thumbnail-box\" >\n\t\t\t\t        <div class=\"ngg-gallery-thumbnail\">\n            <a href=\"https:\/\/kontesadora.hr\/stara\/wp-content\/gallery\/kovacic-espen\/groblje-004.jpg\"\n               title=\"\"\n               data-src=\"https:\/\/kontesadora.hr\/stara\/wp-content\/gallery\/kovacic-espen\/groblje-004.jpg\"\n               data-thumbnail=\"https:\/\/kontesadora.hr\/stara\/wp-content\/gallery\/kovacic-espen\/thumbs\/thumbs_groblje-004.jpg\"\n               data-image-id=\"1643\"\n               data-title=\"groblje-004\"\n               data-description=\"\"\n               data-image-slug=\"groblje-004\"\n               class=\"shutterset_d21f216ff6ddbc68509c321a6e44553b\">\n                <img\n                    title=\"groblje-004\"\n                    alt=\"groblje-004\"\n                    src=\"https:\/\/kontesadora.hr\/stara\/wp-content\/gallery\/kovacic-espen\/thumbs\/thumbs_groblje-004.jpg\"\n                    width=\"100\"\n                    height=\"75\"\n                    style=\"max-width:100%;\"\n                \/>\n            <\/a>\n        <\/div>\n\t\t\t\t\t\t\t<\/div> \n\t\t\t\n        \n\t\t\t\t<div id=\"ngg-image-5\" class=\"ngg-gallery-thumbnail-box\" >\n\t\t\t\t        <div class=\"ngg-gallery-thumbnail\">\n            <a href=\"https:\/\/kontesadora.hr\/stara\/wp-content\/gallery\/kovacic-espen\/dsc_4009.jpg\"\n               title=\"\"\n               data-src=\"https:\/\/kontesadora.hr\/stara\/wp-content\/gallery\/kovacic-espen\/dsc_4009.jpg\"\n               data-thumbnail=\"https:\/\/kontesadora.hr\/stara\/wp-content\/gallery\/kovacic-espen\/thumbs\/thumbs_dsc_4009.jpg\"\n               data-image-id=\"1642\"\n               data-title=\"dsc_4009\"\n               data-description=\"\"\n               data-image-slug=\"dsc_4009\"\n               class=\"shutterset_d21f216ff6ddbc68509c321a6e44553b\">\n                <img\n                    title=\"dsc_4009\"\n                    alt=\"dsc_4009\"\n                    src=\"https:\/\/kontesadora.hr\/stara\/wp-content\/gallery\/kovacic-espen\/thumbs\/thumbs_dsc_4009.jpg\"\n                    width=\"100\"\n                    height=\"75\"\n                    style=\"max-width:100%;\"\n                \/>\n            <\/a>\n        <\/div>\n\t\t\t\t\t\t\t<\/div> \n\t\t\t\n        \n\t\t\t\t<div id=\"ngg-image-6\" class=\"ngg-gallery-thumbnail-box\" >\n\t\t\t\t        <div class=\"ngg-gallery-thumbnail\">\n            <a href=\"https:\/\/kontesadora.hr\/stara\/wp-content\/gallery\/kovacic-espen\/dsc_4005.jpg\"\n               title=\"\"\n               data-src=\"https:\/\/kontesadora.hr\/stara\/wp-content\/gallery\/kovacic-espen\/dsc_4005.jpg\"\n               data-thumbnail=\"https:\/\/kontesadora.hr\/stara\/wp-content\/gallery\/kovacic-espen\/thumbs\/thumbs_dsc_4005.jpg\"\n               data-image-id=\"1641\"\n               data-title=\"dsc_4005\"\n               data-description=\"\"\n               data-image-slug=\"dsc_4005\"\n               class=\"shutterset_d21f216ff6ddbc68509c321a6e44553b\">\n                <img\n                    title=\"dsc_4005\"\n                    alt=\"dsc_4005\"\n                    src=\"https:\/\/kontesadora.hr\/stara\/wp-content\/gallery\/kovacic-espen\/thumbs\/thumbs_dsc_4005.jpg\"\n                    width=\"100\"\n                    height=\"75\"\n                    style=\"max-width:100%;\"\n                \/>\n            <\/a>\n        <\/div>\n\t\t\t\t\t\t\t<\/div> \n\t\t\t\n        \n\t\t\t\t<div id=\"ngg-image-7\" class=\"ngg-gallery-thumbnail-box\" >\n\t\t\t\t        <div class=\"ngg-gallery-thumbnail\">\n            <a href=\"https:\/\/kontesadora.hr\/stara\/wp-content\/gallery\/kovacic-espen\/dsc_3993.jpg\"\n               title=\"\"\n               data-src=\"https:\/\/kontesadora.hr\/stara\/wp-content\/gallery\/kovacic-espen\/dsc_3993.jpg\"\n               data-thumbnail=\"https:\/\/kontesadora.hr\/stara\/wp-content\/gallery\/kovacic-espen\/thumbs\/thumbs_dsc_3993.jpg\"\n               data-image-id=\"1640\"\n               data-title=\"dsc_3993\"\n               data-description=\"\"\n               data-image-slug=\"dsc_3993\"\n               class=\"shutterset_d21f216ff6ddbc68509c321a6e44553b\">\n                <img\n                    title=\"dsc_3993\"\n                    alt=\"dsc_3993\"\n                    src=\"https:\/\/kontesadora.hr\/stara\/wp-content\/gallery\/kovacic-espen\/thumbs\/thumbs_dsc_3993.jpg\"\n                    width=\"100\"\n                    height=\"75\"\n                    style=\"max-width:100%;\"\n                \/>\n            <\/a>\n        <\/div>\n\t\t\t\t\t\t\t<\/div> \n\t\t\t\n        \n\t\t\t\t<div id=\"ngg-image-8\" class=\"ngg-gallery-thumbnail-box\" >\n\t\t\t\t        <div class=\"ngg-gallery-thumbnail\">\n            <a href=\"https:\/\/kontesadora.hr\/stara\/wp-content\/gallery\/kovacic-espen\/dsc_3991.jpg\"\n               title=\"\"\n               data-src=\"https:\/\/kontesadora.hr\/stara\/wp-content\/gallery\/kovacic-espen\/dsc_3991.jpg\"\n               data-thumbnail=\"https:\/\/kontesadora.hr\/stara\/wp-content\/gallery\/kovacic-espen\/thumbs\/thumbs_dsc_3991.jpg\"\n               data-image-id=\"1639\"\n               data-title=\"dsc_3991\"\n               data-description=\"\"\n               data-image-slug=\"dsc_3991\"\n               class=\"shutterset_d21f216ff6ddbc68509c321a6e44553b\">\n                <img\n                    title=\"dsc_3991\"\n                    alt=\"dsc_3991\"\n                    src=\"https:\/\/kontesadora.hr\/stara\/wp-content\/gallery\/kovacic-espen\/thumbs\/thumbs_dsc_3991.jpg\"\n                    width=\"100\"\n                    height=\"75\"\n                    style=\"max-width:100%;\"\n                \/>\n            <\/a>\n        <\/div>\n\t\t\t\t\t\t\t<\/div> \n\t\t\t\n        \n\t\t\t\t<div id=\"ngg-image-9\" class=\"ngg-gallery-thumbnail-box\" >\n\t\t\t\t        <div class=\"ngg-gallery-thumbnail\">\n            <a href=\"https:\/\/kontesadora.hr\/stara\/wp-content\/gallery\/kovacic-espen\/dsc_3985.jpg\"\n               title=\"\"\n               data-src=\"https:\/\/kontesadora.hr\/stara\/wp-content\/gallery\/kovacic-espen\/dsc_3985.jpg\"\n               data-thumbnail=\"https:\/\/kontesadora.hr\/stara\/wp-content\/gallery\/kovacic-espen\/thumbs\/thumbs_dsc_3985.jpg\"\n               data-image-id=\"1638\"\n               data-title=\"dsc_3985\"\n               data-description=\"\"\n               data-image-slug=\"dsc_3985\"\n               class=\"shutterset_d21f216ff6ddbc68509c321a6e44553b\">\n                <img\n                    title=\"dsc_3985\"\n                    alt=\"dsc_3985\"\n                    src=\"https:\/\/kontesadora.hr\/stara\/wp-content\/gallery\/kovacic-espen\/thumbs\/thumbs_dsc_3985.jpg\"\n                    width=\"100\"\n                    height=\"75\"\n                    style=\"max-width:100%;\"\n                \/>\n            <\/a>\n        <\/div>\n\t\t\t\t\t\t\t<\/div> \n\t\t\t\n        \n\t\t\t\t<div id=\"ngg-image-10\" class=\"ngg-gallery-thumbnail-box\" >\n\t\t\t\t        <div class=\"ngg-gallery-thumbnail\">\n            <a href=\"https:\/\/kontesadora.hr\/stara\/wp-content\/gallery\/kovacic-espen\/dsc_3978.jpg\"\n               title=\"\"\n               data-src=\"https:\/\/kontesadora.hr\/stara\/wp-content\/gallery\/kovacic-espen\/dsc_3978.jpg\"\n               data-thumbnail=\"https:\/\/kontesadora.hr\/stara\/wp-content\/gallery\/kovacic-espen\/thumbs\/thumbs_dsc_3978.jpg\"\n               data-image-id=\"1637\"\n               data-title=\"dsc_3978\"\n               data-description=\"\"\n               data-image-slug=\"dsc_3978\"\n               class=\"shutterset_d21f216ff6ddbc68509c321a6e44553b\">\n                <img\n                    title=\"dsc_3978\"\n                    alt=\"dsc_3978\"\n                    src=\"https:\/\/kontesadora.hr\/stara\/wp-content\/gallery\/kovacic-espen\/thumbs\/thumbs_dsc_3978.jpg\"\n                    width=\"100\"\n                    height=\"75\"\n                    style=\"max-width:100%;\"\n                \/>\n            <\/a>\n        <\/div>\n\t\t\t\t\t\t\t<\/div> \n\t\t\t\n        \n\t\t\t\t<div id=\"ngg-image-11\" class=\"ngg-gallery-thumbnail-box\" >\n\t\t\t\t        <div class=\"ngg-gallery-thumbnail\">\n            <a href=\"https:\/\/kontesadora.hr\/stara\/wp-content\/gallery\/kovacic-espen\/dsc_3968.jpg\"\n               title=\"\"\n               data-src=\"https:\/\/kontesadora.hr\/stara\/wp-content\/gallery\/kovacic-espen\/dsc_3968.jpg\"\n               data-thumbnail=\"https:\/\/kontesadora.hr\/stara\/wp-content\/gallery\/kovacic-espen\/thumbs\/thumbs_dsc_3968.jpg\"\n               data-image-id=\"1636\"\n               data-title=\"dsc_3968\"\n               data-description=\"\"\n               data-image-slug=\"dsc_3968\"\n               class=\"shutterset_d21f216ff6ddbc68509c321a6e44553b\">\n                <img\n                    title=\"dsc_3968\"\n                    alt=\"dsc_3968\"\n                    src=\"https:\/\/kontesadora.hr\/stara\/wp-content\/gallery\/kovacic-espen\/thumbs\/thumbs_dsc_3968.jpg\"\n                    width=\"100\"\n                    height=\"75\"\n                    style=\"max-width:100%;\"\n                \/>\n            <\/a>\n        <\/div>\n\t\t\t\t\t\t\t<\/div> \n\t\t\t\n        \n\t\t\t\t<div id=\"ngg-image-12\" class=\"ngg-gallery-thumbnail-box\" >\n\t\t\t\t        <div class=\"ngg-gallery-thumbnail\">\n            <a href=\"https:\/\/kontesadora.hr\/stara\/wp-content\/gallery\/kovacic-espen\/dsc_3963.jpg\"\n               title=\"\"\n               data-src=\"https:\/\/kontesadora.hr\/stara\/wp-content\/gallery\/kovacic-espen\/dsc_3963.jpg\"\n               data-thumbnail=\"https:\/\/kontesadora.hr\/stara\/wp-content\/gallery\/kovacic-espen\/thumbs\/thumbs_dsc_3963.jpg\"\n               data-image-id=\"1635\"\n               data-title=\"dsc_3963\"\n               data-description=\"\"\n               data-image-slug=\"dsc_3963\"\n               class=\"shutterset_d21f216ff6ddbc68509c321a6e44553b\">\n                <img\n                    title=\"dsc_3963\"\n                    alt=\"dsc_3963\"\n                    src=\"https:\/\/kontesadora.hr\/stara\/wp-content\/gallery\/kovacic-espen\/thumbs\/thumbs_dsc_3963.jpg\"\n                    width=\"100\"\n                    height=\"75\"\n                    style=\"max-width:100%;\"\n                \/>\n            <\/a>\n        <\/div>\n\t\t\t\t\t\t\t<\/div> \n\t\t\t\n        \n\t\t\t\t<div id=\"ngg-image-13\" class=\"ngg-gallery-thumbnail-box\" >\n\t\t\t\t        <div class=\"ngg-gallery-thumbnail\">\n            <a href=\"https:\/\/kontesadora.hr\/stara\/wp-content\/gallery\/kovacic-espen\/dsc_3955.jpg\"\n               title=\"\"\n               data-src=\"https:\/\/kontesadora.hr\/stara\/wp-content\/gallery\/kovacic-espen\/dsc_3955.jpg\"\n               data-thumbnail=\"https:\/\/kontesadora.hr\/stara\/wp-content\/gallery\/kovacic-espen\/thumbs\/thumbs_dsc_3955.jpg\"\n               data-image-id=\"1634\"\n               data-title=\"dsc_3955\"\n               data-description=\"\"\n               data-image-slug=\"dsc_3955\"\n               class=\"shutterset_d21f216ff6ddbc68509c321a6e44553b\">\n                <img\n                    title=\"dsc_3955\"\n                    alt=\"dsc_3955\"\n                    src=\"https:\/\/kontesadora.hr\/stara\/wp-content\/gallery\/kovacic-espen\/thumbs\/thumbs_dsc_3955.jpg\"\n                    width=\"100\"\n                    height=\"75\"\n                    style=\"max-width:100%;\"\n                \/>\n            <\/a>\n        <\/div>\n\t\t\t\t\t\t\t<\/div> \n\t\t\t\n        \n\t\t\t\t<div id=\"ngg-image-14\" class=\"ngg-gallery-thumbnail-box\" >\n\t\t\t\t        <div class=\"ngg-gallery-thumbnail\">\n            <a href=\"https:\/\/kontesadora.hr\/stara\/wp-content\/gallery\/kovacic-espen\/dsc_3946.jpg\"\n               title=\"\"\n               data-src=\"https:\/\/kontesadora.hr\/stara\/wp-content\/gallery\/kovacic-espen\/dsc_3946.jpg\"\n               data-thumbnail=\"https:\/\/kontesadora.hr\/stara\/wp-content\/gallery\/kovacic-espen\/thumbs\/thumbs_dsc_3946.jpg\"\n               data-image-id=\"1633\"\n               data-title=\"dsc_3946\"\n               data-description=\"\"\n               data-image-slug=\"dsc_3946\"\n               class=\"shutterset_d21f216ff6ddbc68509c321a6e44553b\">\n                <img\n                    title=\"dsc_3946\"\n                    alt=\"dsc_3946\"\n                    src=\"https:\/\/kontesadora.hr\/stara\/wp-content\/gallery\/kovacic-espen\/thumbs\/thumbs_dsc_3946.jpg\"\n                    width=\"100\"\n                    height=\"75\"\n                    style=\"max-width:100%;\"\n                \/>\n            <\/a>\n        <\/div>\n\t\t\t\t\t\t\t<\/div> \n\t\t\t\n        \n\t\t\t\t<div id=\"ngg-image-15\" class=\"ngg-gallery-thumbnail-box\" >\n\t\t\t\t        <div class=\"ngg-gallery-thumbnail\">\n            <a href=\"https:\/\/kontesadora.hr\/stara\/wp-content\/gallery\/kovacic-espen\/dsc_3945.jpg\"\n               title=\"\"\n               data-src=\"https:\/\/kontesadora.hr\/stara\/wp-content\/gallery\/kovacic-espen\/dsc_3945.jpg\"\n               data-thumbnail=\"https:\/\/kontesadora.hr\/stara\/wp-content\/gallery\/kovacic-espen\/thumbs\/thumbs_dsc_3945.jpg\"\n               data-image-id=\"1632\"\n               data-title=\"dsc_3945\"\n               data-description=\"\"\n               data-image-slug=\"dsc_3945\"\n               class=\"shutterset_d21f216ff6ddbc68509c321a6e44553b\">\n                <img\n                    title=\"dsc_3945\"\n                    alt=\"dsc_3945\"\n                    src=\"https:\/\/kontesadora.hr\/stara\/wp-content\/gallery\/kovacic-espen\/thumbs\/thumbs_dsc_3945.jpg\"\n                    width=\"100\"\n                    height=\"75\"\n                    style=\"max-width:100%;\"\n                \/>\n            <\/a>\n        <\/div>\n\t\t\t\t\t\t\t<\/div> \n\t\t\t\n        \n\t\t\n\t\t<!-- Pagination -->\n\t<div class='ngg-clear'><\/div>\t<\/div>\nDana \u0161kole i 127. obljetnice ro\u0111enja prve hrvatske skladateljice Dore Peja\u010devi\u0107. Nedjelja, 9. rujna 2012. nastupili su Petar Kova\u010di\u0107- violoncello, Rijeka i Daniel Espen- klavir, Italija. Ponedjeljak, 10. rujna 2012. polaganje cvije\u0107a i paljenje svije\u0107a na grobu Dore Peja\u010devi\u0107.<\/p>\n<!-- index.php -->\n<div\n\tclass=\"ngg-galleryoverview ngg-ajax-pagination-none\"\n\tid=\"ngg-gallery-98bd66a5019a55dd1b61a4dcd4d8bbc7-1\">\n\n    \t<div class=\"slideshowlink\">\n        <a href='https:\/\/kontesadora.hr\/stara\/galerija\/nggallery\/slideshow'>[Show as slideshow]<\/a>\n\t\t\n\t<\/div>\n\t\t\t<!-- Thumbnails -->\n\t\t\t\t<div id=\"ngg-image-0\" class=\"ngg-gallery-thumbnail-box\" >\n\t\t\t\t        <div class=\"ngg-gallery-thumbnail\">\n            <a href=\"https:\/\/kontesadora.hr\/stara\/wp-content\/gallery\/rasulo\/img_0321.jpg\"\n               title=\"\"\n               data-src=\"https:\/\/kontesadora.hr\/stara\/wp-content\/gallery\/rasulo\/img_0321.jpg\"\n               data-thumbnail=\"https:\/\/kontesadora.hr\/stara\/wp-content\/gallery\/rasulo\/thumbs\/thumbs_img_0321.jpg\"\n               data-image-id=\"1328\"\n               data-title=\"img_0321\"\n               data-description=\"\"\n               data-image-slug=\"img_0321\"\n               class=\"shutterset_98bd66a5019a55dd1b61a4dcd4d8bbc7\">\n                <img\n                    title=\"img_0321\"\n                    alt=\"img_0321\"\n                    src=\"https:\/\/kontesadora.hr\/stara\/wp-content\/gallery\/rasulo\/thumbs\/thumbs_img_0321.jpg\"\n                    width=\"100\"\n                    height=\"75\"\n                    style=\"max-width:100%;\"\n                \/>\n            <\/a>\n        <\/div>\n\t\t\t\t\t\t\t<\/div> \n\t\t\t\n        \n\t\t\t\t<div id=\"ngg-image-1\" class=\"ngg-gallery-thumbnail-box\" >\n\t\t\t\t        <div class=\"ngg-gallery-thumbnail\">\n            <a href=\"https:\/\/kontesadora.hr\/stara\/wp-content\/gallery\/rasulo\/img_0309.jpg\"\n               title=\"\"\n               data-src=\"https:\/\/kontesadora.hr\/stara\/wp-content\/gallery\/rasulo\/img_0309.jpg\"\n               data-thumbnail=\"https:\/\/kontesadora.hr\/stara\/wp-content\/gallery\/rasulo\/thumbs\/thumbs_img_0309.jpg\"\n               data-image-id=\"1327\"\n               data-title=\"img_0309\"\n               data-description=\"\"\n               data-image-slug=\"img_0309\"\n               class=\"shutterset_98bd66a5019a55dd1b61a4dcd4d8bbc7\">\n                <img\n                    title=\"img_0309\"\n                    alt=\"img_0309\"\n                    src=\"https:\/\/kontesadora.hr\/stara\/wp-content\/gallery\/rasulo\/thumbs\/thumbs_img_0309.jpg\"\n                    width=\"100\"\n                    height=\"75\"\n                    style=\"max-width:100%;\"\n                \/>\n            <\/a>\n        <\/div>\n\t\t\t\t\t\t\t<\/div> \n\t\t\t\n        \n\t\t\t\t<div id=\"ngg-image-2\" class=\"ngg-gallery-thumbnail-box\" >\n\t\t\t\t        <div class=\"ngg-gallery-thumbnail\">\n            <a href=\"https:\/\/kontesadora.hr\/stara\/wp-content\/gallery\/rasulo\/img_0304.jpg\"\n               title=\"\"\n               data-src=\"https:\/\/kontesadora.hr\/stara\/wp-content\/gallery\/rasulo\/img_0304.jpg\"\n               data-thumbnail=\"https:\/\/kontesadora.hr\/stara\/wp-content\/gallery\/rasulo\/thumbs\/thumbs_img_0304.jpg\"\n               data-image-id=\"1326\"\n               data-title=\"img_0304\"\n               data-description=\"\"\n               data-image-slug=\"img_0304\"\n               class=\"shutterset_98bd66a5019a55dd1b61a4dcd4d8bbc7\">\n                <img\n                    title=\"img_0304\"\n                    alt=\"img_0304\"\n                    src=\"https:\/\/kontesadora.hr\/stara\/wp-content\/gallery\/rasulo\/thumbs\/thumbs_img_0304.jpg\"\n                    width=\"100\"\n                    height=\"75\"\n                    style=\"max-width:100%;\"\n                \/>\n            <\/a>\n        <\/div>\n\t\t\t\t\t\t\t<\/div> \n\t\t\t\n        \n\t\t\t\t<div id=\"ngg-image-3\" class=\"ngg-gallery-thumbnail-box\" >\n\t\t\t\t        <div class=\"ngg-gallery-thumbnail\">\n            <a href=\"https:\/\/kontesadora.hr\/stara\/wp-content\/gallery\/rasulo\/img_0303.jpg\"\n               title=\"\"\n               data-src=\"https:\/\/kontesadora.hr\/stara\/wp-content\/gallery\/rasulo\/img_0303.jpg\"\n               data-thumbnail=\"https:\/\/kontesadora.hr\/stara\/wp-content\/gallery\/rasulo\/thumbs\/thumbs_img_0303.jpg\"\n               data-image-id=\"1325\"\n               data-title=\"img_0303\"\n               data-description=\"\"\n               data-image-slug=\"img_0303\"\n               class=\"shutterset_98bd66a5019a55dd1b61a4dcd4d8bbc7\">\n                <img\n                    title=\"img_0303\"\n                    alt=\"img_0303\"\n                    src=\"https:\/\/kontesadora.hr\/stara\/wp-content\/gallery\/rasulo\/thumbs\/thumbs_img_0303.jpg\"\n                    width=\"100\"\n                    height=\"75\"\n                    style=\"max-width:100%;\"\n                \/>\n            <\/a>\n        <\/div>\n\t\t\t\t\t\t\t<\/div> \n\t\t\t\n        \n\t\t\t\t<div id=\"ngg-image-4\" class=\"ngg-gallery-thumbnail-box\" >\n\t\t\t\t        <div class=\"ngg-gallery-thumbnail\">\n            <a href=\"https:\/\/kontesadora.hr\/stara\/wp-content\/gallery\/rasulo\/img_0302.jpg\"\n               title=\"\"\n               data-src=\"https:\/\/kontesadora.hr\/stara\/wp-content\/gallery\/rasulo\/img_0302.jpg\"\n               data-thumbnail=\"https:\/\/kontesadora.hr\/stara\/wp-content\/gallery\/rasulo\/thumbs\/thumbs_img_0302.jpg\"\n               data-image-id=\"1324\"\n               data-title=\"img_0302\"\n               data-description=\"\"\n               data-image-slug=\"img_0302\"\n               class=\"shutterset_98bd66a5019a55dd1b61a4dcd4d8bbc7\">\n                <img\n                    title=\"img_0302\"\n                    alt=\"img_0302\"\n                    src=\"https:\/\/kontesadora.hr\/stara\/wp-content\/gallery\/rasulo\/thumbs\/thumbs_img_0302.jpg\"\n                    width=\"100\"\n                    height=\"75\"\n                    style=\"max-width:100%;\"\n                \/>\n            <\/a>\n        <\/div>\n\t\t\t\t\t\t\t<\/div> \n\t\t\t\n        \n\t\t\t\t<div id=\"ngg-image-5\" class=\"ngg-gallery-thumbnail-box\" >\n\t\t\t\t        <div class=\"ngg-gallery-thumbnail\">\n            <a href=\"https:\/\/kontesadora.hr\/stara\/wp-content\/gallery\/rasulo\/img_0293.jpg\"\n               title=\"\"\n               data-src=\"https:\/\/kontesadora.hr\/stara\/wp-content\/gallery\/rasulo\/img_0293.jpg\"\n               data-thumbnail=\"https:\/\/kontesadora.hr\/stara\/wp-content\/gallery\/rasulo\/thumbs\/thumbs_img_0293.jpg\"\n               data-image-id=\"1323\"\n               data-title=\"img_0293\"\n               data-description=\"\"\n               data-image-slug=\"img_0293\"\n               class=\"shutterset_98bd66a5019a55dd1b61a4dcd4d8bbc7\">\n                <img\n                    title=\"img_0293\"\n                    alt=\"img_0293\"\n                    src=\"https:\/\/kontesadora.hr\/stara\/wp-content\/gallery\/rasulo\/thumbs\/thumbs_img_0293.jpg\"\n                    width=\"100\"\n                    height=\"75\"\n                    style=\"max-width:100%;\"\n                \/>\n            <\/a>\n        <\/div>\n\t\t\t\t\t\t\t<\/div> \n\t\t\t\n        \n\t\t\t\t<div id=\"ngg-image-6\" class=\"ngg-gallery-thumbnail-box\" >\n\t\t\t\t        <div class=\"ngg-gallery-thumbnail\">\n            <a href=\"https:\/\/kontesadora.hr\/stara\/wp-content\/gallery\/rasulo\/img_0199.jpg\"\n               title=\"\"\n               data-src=\"https:\/\/kontesadora.hr\/stara\/wp-content\/gallery\/rasulo\/img_0199.jpg\"\n               data-thumbnail=\"https:\/\/kontesadora.hr\/stara\/wp-content\/gallery\/rasulo\/thumbs\/thumbs_img_0199.jpg\"\n               data-image-id=\"1322\"\n               data-title=\"img_0199\"\n               data-description=\"\"\n               data-image-slug=\"img_0199\"\n               class=\"shutterset_98bd66a5019a55dd1b61a4dcd4d8bbc7\">\n                <img\n                    title=\"img_0199\"\n                    alt=\"img_0199\"\n                    src=\"https:\/\/kontesadora.hr\/stara\/wp-content\/gallery\/rasulo\/thumbs\/thumbs_img_0199.jpg\"\n                    width=\"100\"\n                    height=\"75\"\n                    style=\"max-width:100%;\"\n                \/>\n            <\/a>\n        <\/div>\n\t\t\t\t\t\t\t<\/div> \n\t\t\t\n        \n\t\t\t\t<div id=\"ngg-image-7\" class=\"ngg-gallery-thumbnail-box\" >\n\t\t\t\t        <div class=\"ngg-gallery-thumbnail\">\n            <a href=\"https:\/\/kontesadora.hr\/stara\/wp-content\/gallery\/rasulo\/img_0198.jpg\"\n               title=\"\"\n               data-src=\"https:\/\/kontesadora.hr\/stara\/wp-content\/gallery\/rasulo\/img_0198.jpg\"\n               data-thumbnail=\"https:\/\/kontesadora.hr\/stara\/wp-content\/gallery\/rasulo\/thumbs\/thumbs_img_0198.jpg\"\n               data-image-id=\"1321\"\n               data-title=\"img_0198\"\n               data-description=\"\"\n               data-image-slug=\"img_0198\"\n               class=\"shutterset_98bd66a5019a55dd1b61a4dcd4d8bbc7\">\n                <img\n                    title=\"img_0198\"\n                    alt=\"img_0198\"\n                    src=\"https:\/\/kontesadora.hr\/stara\/wp-content\/gallery\/rasulo\/thumbs\/thumbs_img_0198.jpg\"\n                    width=\"100\"\n                    height=\"75\"\n                    style=\"max-width:100%;\"\n                \/>\n            <\/a>\n        <\/div>\n\t\t\t\t\t\t\t<\/div> \n\t\t\t\n        \n\t\t\t\t<div id=\"ngg-image-8\" class=\"ngg-gallery-thumbnail-box\" >\n\t\t\t\t        <div class=\"ngg-gallery-thumbnail\">\n            <a href=\"https:\/\/kontesadora.hr\/stara\/wp-content\/gallery\/rasulo\/img_0197.jpg\"\n               title=\"\"\n               data-src=\"https:\/\/kontesadora.hr\/stara\/wp-content\/gallery\/rasulo\/img_0197.jpg\"\n               data-thumbnail=\"https:\/\/kontesadora.hr\/stara\/wp-content\/gallery\/rasulo\/thumbs\/thumbs_img_0197.jpg\"\n               data-image-id=\"1320\"\n               data-title=\"img_0197\"\n               data-description=\"\"\n               data-image-slug=\"img_0197\"\n               class=\"shutterset_98bd66a5019a55dd1b61a4dcd4d8bbc7\">\n                <img\n                    title=\"img_0197\"\n                    alt=\"img_0197\"\n                    src=\"https:\/\/kontesadora.hr\/stara\/wp-content\/gallery\/rasulo\/thumbs\/thumbs_img_0197.jpg\"\n                    width=\"100\"\n                    height=\"75\"\n                    style=\"max-width:100%;\"\n                \/>\n            <\/a>\n        <\/div>\n\t\t\t\t\t\t\t<\/div> \n\t\t\t\n        \n\t\t\t\t<div id=\"ngg-image-9\" class=\"ngg-gallery-thumbnail-box\" >\n\t\t\t\t        <div class=\"ngg-gallery-thumbnail\">\n            <a href=\"https:\/\/kontesadora.hr\/stara\/wp-content\/gallery\/rasulo\/img_0426.jpg\"\n               title=\"\"\n               data-src=\"https:\/\/kontesadora.hr\/stara\/wp-content\/gallery\/rasulo\/img_0426.jpg\"\n               data-thumbnail=\"https:\/\/kontesadora.hr\/stara\/wp-content\/gallery\/rasulo\/thumbs\/thumbs_img_0426.jpg\"\n               data-image-id=\"1336\"\n               data-title=\"img_0426\"\n               data-description=\"\"\n               data-image-slug=\"img_0426\"\n               class=\"shutterset_98bd66a5019a55dd1b61a4dcd4d8bbc7\">\n                <img\n                    title=\"img_0426\"\n                    alt=\"img_0426\"\n                    src=\"https:\/\/kontesadora.hr\/stara\/wp-content\/gallery\/rasulo\/thumbs\/thumbs_img_0426.jpg\"\n                    width=\"100\"\n                    height=\"75\"\n                    style=\"max-width:100%;\"\n                \/>\n            <\/a>\n        <\/div>\n\t\t\t\t\t\t\t<\/div> \n\t\t\t\n        \n\t\t\t\t<div id=\"ngg-image-10\" class=\"ngg-gallery-thumbnail-box\" >\n\t\t\t\t        <div class=\"ngg-gallery-thumbnail\">\n            <a href=\"https:\/\/kontesadora.hr\/stara\/wp-content\/gallery\/rasulo\/img_0425.jpg\"\n               title=\"\"\n               data-src=\"https:\/\/kontesadora.hr\/stara\/wp-content\/gallery\/rasulo\/img_0425.jpg\"\n               data-thumbnail=\"https:\/\/kontesadora.hr\/stara\/wp-content\/gallery\/rasulo\/thumbs\/thumbs_img_0425.jpg\"\n               data-image-id=\"1335\"\n               data-title=\"img_0425\"\n               data-description=\"\"\n               data-image-slug=\"img_0425\"\n               class=\"shutterset_98bd66a5019a55dd1b61a4dcd4d8bbc7\">\n                <img\n                    title=\"img_0425\"\n                    alt=\"img_0425\"\n                    src=\"https:\/\/kontesadora.hr\/stara\/wp-content\/gallery\/rasulo\/thumbs\/thumbs_img_0425.jpg\"\n                    width=\"100\"\n                    height=\"75\"\n                    style=\"max-width:100%;\"\n                \/>\n            <\/a>\n        <\/div>\n\t\t\t\t\t\t\t<\/div> \n\t\t\t\n        \n\t\t\t\t<div id=\"ngg-image-11\" class=\"ngg-gallery-thumbnail-box\" >\n\t\t\t\t        <div class=\"ngg-gallery-thumbnail\">\n            <a href=\"https:\/\/kontesadora.hr\/stara\/wp-content\/gallery\/rasulo\/img_0340.jpg\"\n               title=\"\"\n               data-src=\"https:\/\/kontesadora.hr\/stara\/wp-content\/gallery\/rasulo\/img_0340.jpg\"\n               data-thumbnail=\"https:\/\/kontesadora.hr\/stara\/wp-content\/gallery\/rasulo\/thumbs\/thumbs_img_0340.jpg\"\n               data-image-id=\"1334\"\n               data-title=\"img_0340\"\n               data-description=\"\"\n               data-image-slug=\"img_0340\"\n               class=\"shutterset_98bd66a5019a55dd1b61a4dcd4d8bbc7\">\n                <img\n                    title=\"img_0340\"\n                    alt=\"img_0340\"\n                    src=\"https:\/\/kontesadora.hr\/stara\/wp-content\/gallery\/rasulo\/thumbs\/thumbs_img_0340.jpg\"\n                    width=\"100\"\n                    height=\"75\"\n                    style=\"max-width:100%;\"\n                \/>\n            <\/a>\n        <\/div>\n\t\t\t\t\t\t\t<\/div> \n\t\t\t\n        \n\t\t\t\t<div id=\"ngg-image-12\" class=\"ngg-gallery-thumbnail-box\" >\n\t\t\t\t        <div class=\"ngg-gallery-thumbnail\">\n            <a href=\"https:\/\/kontesadora.hr\/stara\/wp-content\/gallery\/rasulo\/img_0337.jpg\"\n               title=\"\"\n               data-src=\"https:\/\/kontesadora.hr\/stara\/wp-content\/gallery\/rasulo\/img_0337.jpg\"\n               data-thumbnail=\"https:\/\/kontesadora.hr\/stara\/wp-content\/gallery\/rasulo\/thumbs\/thumbs_img_0337.jpg\"\n               data-image-id=\"1333\"\n               data-title=\"img_0337\"\n               data-description=\"\"\n               data-image-slug=\"img_0337\"\n               class=\"shutterset_98bd66a5019a55dd1b61a4dcd4d8bbc7\">\n                <img\n                    title=\"img_0337\"\n                    alt=\"img_0337\"\n                    src=\"https:\/\/kontesadora.hr\/stara\/wp-content\/gallery\/rasulo\/thumbs\/thumbs_img_0337.jpg\"\n                    width=\"100\"\n                    height=\"75\"\n                    style=\"max-width:100%;\"\n                \/>\n            <\/a>\n        <\/div>\n\t\t\t\t\t\t\t<\/div> \n\t\t\t\n        \n\t\t\t\t<div id=\"ngg-image-13\" class=\"ngg-gallery-thumbnail-box\" >\n\t\t\t\t        <div class=\"ngg-gallery-thumbnail\">\n            <a href=\"https:\/\/kontesadora.hr\/stara\/wp-content\/gallery\/rasulo\/img_0336.jpg\"\n               title=\"\"\n               data-src=\"https:\/\/kontesadora.hr\/stara\/wp-content\/gallery\/rasulo\/img_0336.jpg\"\n               data-thumbnail=\"https:\/\/kontesadora.hr\/stara\/wp-content\/gallery\/rasulo\/thumbs\/thumbs_img_0336.jpg\"\n               data-image-id=\"1332\"\n               data-title=\"img_0336\"\n               data-description=\"\"\n               data-image-slug=\"img_0336\"\n               class=\"shutterset_98bd66a5019a55dd1b61a4dcd4d8bbc7\">\n                <img\n                    title=\"img_0336\"\n                    alt=\"img_0336\"\n                    src=\"https:\/\/kontesadora.hr\/stara\/wp-content\/gallery\/rasulo\/thumbs\/thumbs_img_0336.jpg\"\n                    width=\"100\"\n                    height=\"75\"\n                    style=\"max-width:100%;\"\n                \/>\n            <\/a>\n        <\/div>\n\t\t\t\t\t\t\t<\/div> \n\t\t\t\n        \n\t\t\t\t<div id=\"ngg-image-14\" class=\"ngg-gallery-thumbnail-box\" >\n\t\t\t\t        <div class=\"ngg-gallery-thumbnail\">\n            <a href=\"https:\/\/kontesadora.hr\/stara\/wp-content\/gallery\/rasulo\/img_0332.jpg\"\n               title=\"\"\n               data-src=\"https:\/\/kontesadora.hr\/stara\/wp-content\/gallery\/rasulo\/img_0332.jpg\"\n               data-thumbnail=\"https:\/\/kontesadora.hr\/stara\/wp-content\/gallery\/rasulo\/thumbs\/thumbs_img_0332.jpg\"\n               data-image-id=\"1331\"\n               data-title=\"img_0332\"\n               data-description=\"\"\n               data-image-slug=\"img_0332\"\n               class=\"shutterset_98bd66a5019a55dd1b61a4dcd4d8bbc7\">\n                <img\n                    title=\"img_0332\"\n                    alt=\"img_0332\"\n                    src=\"https:\/\/kontesadora.hr\/stara\/wp-content\/gallery\/rasulo\/thumbs\/thumbs_img_0332.jpg\"\n                    width=\"100\"\n                    height=\"75\"\n                    style=\"max-width:100%;\"\n                \/>\n            <\/a>\n        <\/div>\n\t\t\t\t\t\t\t<\/div> \n\t\t\t\n        \n\t\t\t\t<div id=\"ngg-image-15\" class=\"ngg-gallery-thumbnail-box\" >\n\t\t\t\t        <div class=\"ngg-gallery-thumbnail\">\n            <a href=\"https:\/\/kontesadora.hr\/stara\/wp-content\/gallery\/rasulo\/img_0328.jpg\"\n               title=\"\"\n               data-src=\"https:\/\/kontesadora.hr\/stara\/wp-content\/gallery\/rasulo\/img_0328.jpg\"\n               data-thumbnail=\"https:\/\/kontesadora.hr\/stara\/wp-content\/gallery\/rasulo\/thumbs\/thumbs_img_0328.jpg\"\n               data-image-id=\"1330\"\n               data-title=\"img_0328\"\n               data-description=\"\"\n               data-image-slug=\"img_0328\"\n               class=\"shutterset_98bd66a5019a55dd1b61a4dcd4d8bbc7\">\n                <img\n                    title=\"img_0328\"\n                    alt=\"img_0328\"\n                    src=\"https:\/\/kontesadora.hr\/stara\/wp-content\/gallery\/rasulo\/thumbs\/thumbs_img_0328.jpg\"\n                    width=\"100\"\n                    height=\"75\"\n                    style=\"max-width:100%;\"\n                \/>\n            <\/a>\n        <\/div>\n\t\t\t\t\t\t\t<\/div> \n\t\t\t\n        \n\t\t\t\t<div id=\"ngg-image-16\" class=\"ngg-gallery-thumbnail-box\" >\n\t\t\t\t        <div class=\"ngg-gallery-thumbnail\">\n            <a href=\"https:\/\/kontesadora.hr\/stara\/wp-content\/gallery\/rasulo\/img_0325.jpg\"\n               title=\"\"\n               data-src=\"https:\/\/kontesadora.hr\/stara\/wp-content\/gallery\/rasulo\/img_0325.jpg\"\n               data-thumbnail=\"https:\/\/kontesadora.hr\/stara\/wp-content\/gallery\/rasulo\/thumbs\/thumbs_img_0325.jpg\"\n               data-image-id=\"1329\"\n               data-title=\"img_0325\"\n               data-description=\"\"\n               data-image-slug=\"img_0325\"\n               class=\"shutterset_98bd66a5019a55dd1b61a4dcd4d8bbc7\">\n                <img\n                    title=\"img_0325\"\n                    alt=\"img_0325\"\n                    src=\"https:\/\/kontesadora.hr\/stara\/wp-content\/gallery\/rasulo\/thumbs\/thumbs_img_0325.jpg\"\n                    width=\"100\"\n                    height=\"75\"\n                    style=\"max-width:100%;\"\n                \/>\n            <\/a>\n        <\/div>\n\t\t\t\t\t\t\t<\/div> \n\t\t\t\n        \n\t\t\n\t\t<!-- Pagination -->\n\t<div class='ngg-clear'><\/div>\t<\/div>\nPredstavljanje dvorca obitelji Peja\u010devi\u0107 u kojemu djeluje glazbena \u0161kola- \u0160KOLA RASULO<\/p>\n<!-- index.php -->\n<div\n\tclass=\"ngg-galleryoverview ngg-ajax-pagination-none\"\n\tid=\"ngg-gallery-b673b0ba905a247fdab714eb5097d18a-1\">\n\n    \t<div class=\"slideshowlink\">\n        <a href='https:\/\/kontesadora.hr\/stara\/galerija\/nggallery\/slideshow'>[Show as slideshow]<\/a>\n\t\t\n\t<\/div>\n\t\t\t<!-- Thumbnails -->\n\t\t\t\t<div id=\"ngg-image-0\" class=\"ngg-gallery-thumbnail-box\" >\n\t\t\t\t        <div class=\"ngg-gallery-thumbnail\">\n            <a href=\"https:\/\/kontesadora.hr\/stara\/wp-content\/gallery\/sopron-2012\/dsc07739.jpg\"\n               title=\"\"\n               data-src=\"https:\/\/kontesadora.hr\/stara\/wp-content\/gallery\/sopron-2012\/dsc07739.jpg\"\n               data-thumbnail=\"https:\/\/kontesadora.hr\/stara\/wp-content\/gallery\/sopron-2012\/thumbs\/thumbs_dsc07739.jpg\"\n               data-image-id=\"1229\"\n               data-title=\"dsc07739\"\n               data-description=\"\"\n               data-image-slug=\"dsc07739\"\n               class=\"shutterset_b673b0ba905a247fdab714eb5097d18a\">\n                <img\n                    title=\"dsc07739\"\n                    alt=\"dsc07739\"\n                    src=\"https:\/\/kontesadora.hr\/stara\/wp-content\/gallery\/sopron-2012\/thumbs\/thumbs_dsc07739.jpg\"\n                    width=\"100\"\n                    height=\"75\"\n                    style=\"max-width:100%;\"\n                \/>\n            <\/a>\n        <\/div>\n\t\t\t\t\t\t\t<\/div> \n\t\t\t\n        \n\t\t\t\t<div id=\"ngg-image-1\" class=\"ngg-gallery-thumbnail-box\" >\n\t\t\t\t        <div class=\"ngg-gallery-thumbnail\">\n            <a href=\"https:\/\/kontesadora.hr\/stara\/wp-content\/gallery\/sopron-2012\/dsc07738.jpg\"\n               title=\"\"\n               data-src=\"https:\/\/kontesadora.hr\/stara\/wp-content\/gallery\/sopron-2012\/dsc07738.jpg\"\n               data-thumbnail=\"https:\/\/kontesadora.hr\/stara\/wp-content\/gallery\/sopron-2012\/thumbs\/thumbs_dsc07738.jpg\"\n               data-image-id=\"1228\"\n               data-title=\"dsc07738\"\n               data-description=\"\"\n               data-image-slug=\"dsc07738\"\n               class=\"shutterset_b673b0ba905a247fdab714eb5097d18a\">\n                <img\n                    title=\"dsc07738\"\n                    alt=\"dsc07738\"\n                    src=\"https:\/\/kontesadora.hr\/stara\/wp-content\/gallery\/sopron-2012\/thumbs\/thumbs_dsc07738.jpg\"\n                    width=\"100\"\n                    height=\"75\"\n                    style=\"max-width:100%;\"\n                \/>\n            <\/a>\n        <\/div>\n\t\t\t\t\t\t\t<\/div> \n\t\t\t\n        \n\t\t\t\t<div id=\"ngg-image-2\" class=\"ngg-gallery-thumbnail-box\" >\n\t\t\t\t        <div class=\"ngg-gallery-thumbnail\">\n            <a href=\"https:\/\/kontesadora.hr\/stara\/wp-content\/gallery\/sopron-2012\/dsc07737.jpg\"\n               title=\"\"\n               data-src=\"https:\/\/kontesadora.hr\/stara\/wp-content\/gallery\/sopron-2012\/dsc07737.jpg\"\n               data-thumbnail=\"https:\/\/kontesadora.hr\/stara\/wp-content\/gallery\/sopron-2012\/thumbs\/thumbs_dsc07737.jpg\"\n               data-image-id=\"1227\"\n               data-title=\"dsc07737\"\n               data-description=\"\"\n               data-image-slug=\"dsc07737\"\n               class=\"shutterset_b673b0ba905a247fdab714eb5097d18a\">\n                <img\n                    title=\"dsc07737\"\n                    alt=\"dsc07737\"\n                    src=\"https:\/\/kontesadora.hr\/stara\/wp-content\/gallery\/sopron-2012\/thumbs\/thumbs_dsc07737.jpg\"\n                    width=\"100\"\n                    height=\"75\"\n                    style=\"max-width:100%;\"\n                \/>\n            <\/a>\n        <\/div>\n\t\t\t\t\t\t\t<\/div> \n\t\t\t\n        \n\t\t\t\t<div id=\"ngg-image-3\" class=\"ngg-gallery-thumbnail-box\" >\n\t\t\t\t        <div class=\"ngg-gallery-thumbnail\">\n            <a href=\"https:\/\/kontesadora.hr\/stara\/wp-content\/gallery\/sopron-2012\/dsc07735.jpg\"\n               title=\"\"\n               data-src=\"https:\/\/kontesadora.hr\/stara\/wp-content\/gallery\/sopron-2012\/dsc07735.jpg\"\n               data-thumbnail=\"https:\/\/kontesadora.hr\/stara\/wp-content\/gallery\/sopron-2012\/thumbs\/thumbs_dsc07735.jpg\"\n               data-image-id=\"1226\"\n               data-title=\"dsc07735\"\n               data-description=\"\"\n               data-image-slug=\"dsc07735\"\n               class=\"shutterset_b673b0ba905a247fdab714eb5097d18a\">\n                <img\n                    title=\"dsc07735\"\n                    alt=\"dsc07735\"\n                    src=\"https:\/\/kontesadora.hr\/stara\/wp-content\/gallery\/sopron-2012\/thumbs\/thumbs_dsc07735.jpg\"\n                    width=\"100\"\n                    height=\"75\"\n                    style=\"max-width:100%;\"\n                \/>\n            <\/a>\n        <\/div>\n\t\t\t\t\t\t\t<\/div> \n\t\t\t\n        \n\t\t\t\t<div id=\"ngg-image-4\" class=\"ngg-gallery-thumbnail-box\" >\n\t\t\t\t        <div class=\"ngg-gallery-thumbnail\">\n            <a href=\"https:\/\/kontesadora.hr\/stara\/wp-content\/gallery\/sopron-2012\/dsc07728.jpg\"\n               title=\"\"\n               data-src=\"https:\/\/kontesadora.hr\/stara\/wp-content\/gallery\/sopron-2012\/dsc07728.jpg\"\n               data-thumbnail=\"https:\/\/kontesadora.hr\/stara\/wp-content\/gallery\/sopron-2012\/thumbs\/thumbs_dsc07728.jpg\"\n               data-image-id=\"1225\"\n               data-title=\"dsc07728\"\n               data-description=\"\"\n               data-image-slug=\"dsc07728\"\n               class=\"shutterset_b673b0ba905a247fdab714eb5097d18a\">\n                <img\n                    title=\"dsc07728\"\n                    alt=\"dsc07728\"\n                    src=\"https:\/\/kontesadora.hr\/stara\/wp-content\/gallery\/sopron-2012\/thumbs\/thumbs_dsc07728.jpg\"\n                    width=\"100\"\n                    height=\"75\"\n                    style=\"max-width:100%;\"\n                \/>\n            <\/a>\n        <\/div>\n\t\t\t\t\t\t\t<\/div> \n\t\t\t\n        \n\t\t\t\t<div id=\"ngg-image-5\" class=\"ngg-gallery-thumbnail-box\" >\n\t\t\t\t        <div class=\"ngg-gallery-thumbnail\">\n            <a href=\"https:\/\/kontesadora.hr\/stara\/wp-content\/gallery\/sopron-2012\/dsc07725.jpg\"\n               title=\"\"\n               data-src=\"https:\/\/kontesadora.hr\/stara\/wp-content\/gallery\/sopron-2012\/dsc07725.jpg\"\n               data-thumbnail=\"https:\/\/kontesadora.hr\/stara\/wp-content\/gallery\/sopron-2012\/thumbs\/thumbs_dsc07725.jpg\"\n               data-image-id=\"1224\"\n               data-title=\"dsc07725\"\n               data-description=\"\"\n               data-image-slug=\"dsc07725\"\n               class=\"shutterset_b673b0ba905a247fdab714eb5097d18a\">\n                <img\n                    title=\"dsc07725\"\n                    alt=\"dsc07725\"\n                    src=\"https:\/\/kontesadora.hr\/stara\/wp-content\/gallery\/sopron-2012\/thumbs\/thumbs_dsc07725.jpg\"\n                    width=\"100\"\n                    height=\"75\"\n                    style=\"max-width:100%;\"\n                \/>\n            <\/a>\n        <\/div>\n\t\t\t\t\t\t\t<\/div> \n\t\t\t\n        \n\t\t\t\t<div id=\"ngg-image-6\" class=\"ngg-gallery-thumbnail-box\" >\n\t\t\t\t        <div class=\"ngg-gallery-thumbnail\">\n            <a href=\"https:\/\/kontesadora.hr\/stara\/wp-content\/gallery\/sopron-2012\/dsc07724.jpg\"\n               title=\"\"\n               data-src=\"https:\/\/kontesadora.hr\/stara\/wp-content\/gallery\/sopron-2012\/dsc07724.jpg\"\n               data-thumbnail=\"https:\/\/kontesadora.hr\/stara\/wp-content\/gallery\/sopron-2012\/thumbs\/thumbs_dsc07724.jpg\"\n               data-image-id=\"1223\"\n               data-title=\"dsc07724\"\n               data-description=\"\"\n               data-image-slug=\"dsc07724\"\n               class=\"shutterset_b673b0ba905a247fdab714eb5097d18a\">\n                <img\n                    title=\"dsc07724\"\n                    alt=\"dsc07724\"\n                    src=\"https:\/\/kontesadora.hr\/stara\/wp-content\/gallery\/sopron-2012\/thumbs\/thumbs_dsc07724.jpg\"\n                    width=\"100\"\n                    height=\"75\"\n                    style=\"max-width:100%;\"\n                \/>\n            <\/a>\n        <\/div>\n\t\t\t\t\t\t\t<\/div> \n\t\t\t\n        \n\t\t\t\t<div id=\"ngg-image-7\" class=\"ngg-gallery-thumbnail-box\" >\n\t\t\t\t        <div class=\"ngg-gallery-thumbnail\">\n            <a href=\"https:\/\/kontesadora.hr\/stara\/wp-content\/gallery\/sopron-2012\/dsc07723.jpg\"\n               title=\"\"\n               data-src=\"https:\/\/kontesadora.hr\/stara\/wp-content\/gallery\/sopron-2012\/dsc07723.jpg\"\n               data-thumbnail=\"https:\/\/kontesadora.hr\/stara\/wp-content\/gallery\/sopron-2012\/thumbs\/thumbs_dsc07723.jpg\"\n               data-image-id=\"1222\"\n               data-title=\"dsc07723\"\n               data-description=\"\"\n               data-image-slug=\"dsc07723\"\n               class=\"shutterset_b673b0ba905a247fdab714eb5097d18a\">\n                <img\n                    title=\"dsc07723\"\n                    alt=\"dsc07723\"\n                    src=\"https:\/\/kontesadora.hr\/stara\/wp-content\/gallery\/sopron-2012\/thumbs\/thumbs_dsc07723.jpg\"\n                    width=\"100\"\n                    height=\"75\"\n                    style=\"max-width:100%;\"\n                \/>\n            <\/a>\n        <\/div>\n\t\t\t\t\t\t\t<\/div> \n\t\t\t\n        \n\t\t\t\t<div id=\"ngg-image-8\" class=\"ngg-gallery-thumbnail-box\" >\n\t\t\t\t        <div class=\"ngg-gallery-thumbnail\">\n            <a href=\"https:\/\/kontesadora.hr\/stara\/wp-content\/gallery\/sopron-2012\/dsc07722.jpg\"\n               title=\"\"\n               data-src=\"https:\/\/kontesadora.hr\/stara\/wp-content\/gallery\/sopron-2012\/dsc07722.jpg\"\n               data-thumbnail=\"https:\/\/kontesadora.hr\/stara\/wp-content\/gallery\/sopron-2012\/thumbs\/thumbs_dsc07722.jpg\"\n               data-image-id=\"1221\"\n               data-title=\"dsc07722\"\n               data-description=\"\"\n               data-image-slug=\"dsc07722\"\n               class=\"shutterset_b673b0ba905a247fdab714eb5097d18a\">\n                <img\n                    title=\"dsc07722\"\n                    alt=\"dsc07722\"\n                    src=\"https:\/\/kontesadora.hr\/stara\/wp-content\/gallery\/sopron-2012\/thumbs\/thumbs_dsc07722.jpg\"\n                    width=\"100\"\n                    height=\"75\"\n                    style=\"max-width:100%;\"\n                \/>\n            <\/a>\n        <\/div>\n\t\t\t\t\t\t\t<\/div> \n\t\t\t\n        \n\t\t\t\t<div id=\"ngg-image-9\" class=\"ngg-gallery-thumbnail-box\" >\n\t\t\t\t        <div class=\"ngg-gallery-thumbnail\">\n            <a href=\"https:\/\/kontesadora.hr\/stara\/wp-content\/gallery\/sopron-2012\/dsc07720.jpg\"\n               title=\"\"\n               data-src=\"https:\/\/kontesadora.hr\/stara\/wp-content\/gallery\/sopron-2012\/dsc07720.jpg\"\n               data-thumbnail=\"https:\/\/kontesadora.hr\/stara\/wp-content\/gallery\/sopron-2012\/thumbs\/thumbs_dsc07720.jpg\"\n               data-image-id=\"1220\"\n               data-title=\"dsc07720\"\n               data-description=\"\"\n               data-image-slug=\"dsc07720\"\n               class=\"shutterset_b673b0ba905a247fdab714eb5097d18a\">\n                <img\n                    title=\"dsc07720\"\n                    alt=\"dsc07720\"\n                    src=\"https:\/\/kontesadora.hr\/stara\/wp-content\/gallery\/sopron-2012\/thumbs\/thumbs_dsc07720.jpg\"\n                    width=\"100\"\n                    height=\"75\"\n                    style=\"max-width:100%;\"\n                \/>\n            <\/a>\n        <\/div>\n\t\t\t\t\t\t\t<\/div> \n\t\t\t\n        \n\t\t\t\t<div id=\"ngg-image-10\" class=\"ngg-gallery-thumbnail-box\" >\n\t\t\t\t        <div class=\"ngg-gallery-thumbnail\">\n            <a href=\"https:\/\/kontesadora.hr\/stara\/wp-content\/gallery\/sopron-2012\/dsc07718.jpg\"\n               title=\"\"\n               data-src=\"https:\/\/kontesadora.hr\/stara\/wp-content\/gallery\/sopron-2012\/dsc07718.jpg\"\n               data-thumbnail=\"https:\/\/kontesadora.hr\/stara\/wp-content\/gallery\/sopron-2012\/thumbs\/thumbs_dsc07718.jpg\"\n               data-image-id=\"1219\"\n               data-title=\"dsc07718\"\n               data-description=\"\"\n               data-image-slug=\"dsc07718\"\n               class=\"shutterset_b673b0ba905a247fdab714eb5097d18a\">\n                <img\n                    title=\"dsc07718\"\n                    alt=\"dsc07718\"\n                    src=\"https:\/\/kontesadora.hr\/stara\/wp-content\/gallery\/sopron-2012\/thumbs\/thumbs_dsc07718.jpg\"\n                    width=\"100\"\n                    height=\"75\"\n                    style=\"max-width:100%;\"\n                \/>\n            <\/a>\n        <\/div>\n\t\t\t\t\t\t\t<\/div> \n\t\t\t\n        \n\t\t\t\t<div id=\"ngg-image-11\" class=\"ngg-gallery-thumbnail-box\" >\n\t\t\t\t        <div class=\"ngg-gallery-thumbnail\">\n            <a href=\"https:\/\/kontesadora.hr\/stara\/wp-content\/gallery\/sopron-2012\/dsc07716.jpg\"\n               title=\"\"\n               data-src=\"https:\/\/kontesadora.hr\/stara\/wp-content\/gallery\/sopron-2012\/dsc07716.jpg\"\n               data-thumbnail=\"https:\/\/kontesadora.hr\/stara\/wp-content\/gallery\/sopron-2012\/thumbs\/thumbs_dsc07716.jpg\"\n               data-image-id=\"1218\"\n               data-title=\"dsc07716\"\n               data-description=\"\"\n               data-image-slug=\"dsc07716\"\n               class=\"shutterset_b673b0ba905a247fdab714eb5097d18a\">\n                <img\n                    title=\"dsc07716\"\n                    alt=\"dsc07716\"\n                    src=\"https:\/\/kontesadora.hr\/stara\/wp-content\/gallery\/sopron-2012\/thumbs\/thumbs_dsc07716.jpg\"\n                    width=\"100\"\n                    height=\"75\"\n                    style=\"max-width:100%;\"\n                \/>\n            <\/a>\n        <\/div>\n\t\t\t\t\t\t\t<\/div> \n\t\t\t\n        \n\t\t\t\t<div id=\"ngg-image-12\" class=\"ngg-gallery-thumbnail-box\" >\n\t\t\t\t        <div class=\"ngg-gallery-thumbnail\">\n            <a href=\"https:\/\/kontesadora.hr\/stara\/wp-content\/gallery\/sopron-2012\/dsc07713.jpg\"\n               title=\"\"\n               data-src=\"https:\/\/kontesadora.hr\/stara\/wp-content\/gallery\/sopron-2012\/dsc07713.jpg\"\n               data-thumbnail=\"https:\/\/kontesadora.hr\/stara\/wp-content\/gallery\/sopron-2012\/thumbs\/thumbs_dsc07713.jpg\"\n               data-image-id=\"1217\"\n               data-title=\"dsc07713\"\n               data-description=\"\"\n               data-image-slug=\"dsc07713\"\n               class=\"shutterset_b673b0ba905a247fdab714eb5097d18a\">\n                <img\n                    title=\"dsc07713\"\n                    alt=\"dsc07713\"\n                    src=\"https:\/\/kontesadora.hr\/stara\/wp-content\/gallery\/sopron-2012\/thumbs\/thumbs_dsc07713.jpg\"\n                    width=\"100\"\n                    height=\"75\"\n                    style=\"max-width:100%;\"\n                \/>\n            <\/a>\n        <\/div>\n\t\t\t\t\t\t\t<\/div> \n\t\t\t\n        \n\t\t\t\t<div id=\"ngg-image-13\" class=\"ngg-gallery-thumbnail-box\" >\n\t\t\t\t        <div class=\"ngg-gallery-thumbnail\">\n            <a href=\"https:\/\/kontesadora.hr\/stara\/wp-content\/gallery\/sopron-2012\/dsc07707.jpg\"\n               title=\"\"\n               data-src=\"https:\/\/kontesadora.hr\/stara\/wp-content\/gallery\/sopron-2012\/dsc07707.jpg\"\n               data-thumbnail=\"https:\/\/kontesadora.hr\/stara\/wp-content\/gallery\/sopron-2012\/thumbs\/thumbs_dsc07707.jpg\"\n               data-image-id=\"1216\"\n               data-title=\"dsc07707\"\n               data-description=\"\"\n               data-image-slug=\"dsc07707\"\n               class=\"shutterset_b673b0ba905a247fdab714eb5097d18a\">\n                <img\n                    title=\"dsc07707\"\n                    alt=\"dsc07707\"\n                    src=\"https:\/\/kontesadora.hr\/stara\/wp-content\/gallery\/sopron-2012\/thumbs\/thumbs_dsc07707.jpg\"\n                    width=\"100\"\n                    height=\"75\"\n                    style=\"max-width:100%;\"\n                \/>\n            <\/a>\n        <\/div>\n\t\t\t\t\t\t\t<\/div> \n\t\t\t\n        \n\t\t\t\t<div id=\"ngg-image-14\" class=\"ngg-gallery-thumbnail-box\" >\n\t\t\t\t        <div class=\"ngg-gallery-thumbnail\">\n            <a href=\"https:\/\/kontesadora.hr\/stara\/wp-content\/gallery\/sopron-2012\/dsc07706.jpg\"\n               title=\"\"\n               data-src=\"https:\/\/kontesadora.hr\/stara\/wp-content\/gallery\/sopron-2012\/dsc07706.jpg\"\n               data-thumbnail=\"https:\/\/kontesadora.hr\/stara\/wp-content\/gallery\/sopron-2012\/thumbs\/thumbs_dsc07706.jpg\"\n               data-image-id=\"1215\"\n               data-title=\"dsc07706\"\n               data-description=\"\"\n               data-image-slug=\"dsc07706\"\n               class=\"shutterset_b673b0ba905a247fdab714eb5097d18a\">\n                <img\n                    title=\"dsc07706\"\n                    alt=\"dsc07706\"\n                    src=\"https:\/\/kontesadora.hr\/stara\/wp-content\/gallery\/sopron-2012\/thumbs\/thumbs_dsc07706.jpg\"\n                    width=\"100\"\n                    height=\"75\"\n                    style=\"max-width:100%;\"\n                \/>\n            <\/a>\n        <\/div>\n\t\t\t\t\t\t\t<\/div> \n\t\t\t\n        \n\t\t\t\t<div id=\"ngg-image-15\" class=\"ngg-gallery-thumbnail-box\" >\n\t\t\t\t        <div class=\"ngg-gallery-thumbnail\">\n            <a href=\"https:\/\/kontesadora.hr\/stara\/wp-content\/gallery\/sopron-2012\/dsc07704.jpg\"\n               title=\"\"\n               data-src=\"https:\/\/kontesadora.hr\/stara\/wp-content\/gallery\/sopron-2012\/dsc07704.jpg\"\n               data-thumbnail=\"https:\/\/kontesadora.hr\/stara\/wp-content\/gallery\/sopron-2012\/thumbs\/thumbs_dsc07704.jpg\"\n               data-image-id=\"1214\"\n               data-title=\"dsc07704\"\n               data-description=\"\"\n               data-image-slug=\"dsc07704\"\n               class=\"shutterset_b673b0ba905a247fdab714eb5097d18a\">\n                <img\n                    title=\"dsc07704\"\n                    alt=\"dsc07704\"\n                    src=\"https:\/\/kontesadora.hr\/stara\/wp-content\/gallery\/sopron-2012\/thumbs\/thumbs_dsc07704.jpg\"\n                    width=\"100\"\n                    height=\"75\"\n                    style=\"max-width:100%;\"\n                \/>\n            <\/a>\n        <\/div>\n\t\t\t\t\t\t\t<\/div> \n\t\t\t\n        \n\t\t\t\t<div id=\"ngg-image-16\" class=\"ngg-gallery-thumbnail-box\" >\n\t\t\t\t        <div class=\"ngg-gallery-thumbnail\">\n            <a href=\"https:\/\/kontesadora.hr\/stara\/wp-content\/gallery\/sopron-2012\/dsc07703.jpg\"\n               title=\"\"\n               data-src=\"https:\/\/kontesadora.hr\/stara\/wp-content\/gallery\/sopron-2012\/dsc07703.jpg\"\n               data-thumbnail=\"https:\/\/kontesadora.hr\/stara\/wp-content\/gallery\/sopron-2012\/thumbs\/thumbs_dsc07703.jpg\"\n               data-image-id=\"1213\"\n               data-title=\"dsc07703\"\n               data-description=\"\"\n               data-image-slug=\"dsc07703\"\n               class=\"shutterset_b673b0ba905a247fdab714eb5097d18a\">\n                <img\n                    title=\"dsc07703\"\n                    alt=\"dsc07703\"\n                    src=\"https:\/\/kontesadora.hr\/stara\/wp-content\/gallery\/sopron-2012\/thumbs\/thumbs_dsc07703.jpg\"\n                    width=\"100\"\n                    height=\"75\"\n                    style=\"max-width:100%;\"\n                \/>\n            <\/a>\n        <\/div>\n\t\t\t\t\t\t\t<\/div> \n\t\t\t\n        \n\t\t\t\t<div id=\"ngg-image-17\" class=\"ngg-gallery-thumbnail-box\" >\n\t\t\t\t        <div class=\"ngg-gallery-thumbnail\">\n            <a href=\"https:\/\/kontesadora.hr\/stara\/wp-content\/gallery\/sopron-2012\/dsc07702.jpg\"\n               title=\"\"\n               data-src=\"https:\/\/kontesadora.hr\/stara\/wp-content\/gallery\/sopron-2012\/dsc07702.jpg\"\n               data-thumbnail=\"https:\/\/kontesadora.hr\/stara\/wp-content\/gallery\/sopron-2012\/thumbs\/thumbs_dsc07702.jpg\"\n               data-image-id=\"1212\"\n               data-title=\"dsc07702\"\n               data-description=\"\"\n               data-image-slug=\"dsc07702\"\n               class=\"shutterset_b673b0ba905a247fdab714eb5097d18a\">\n                <img\n                    title=\"dsc07702\"\n                    alt=\"dsc07702\"\n                    src=\"https:\/\/kontesadora.hr\/stara\/wp-content\/gallery\/sopron-2012\/thumbs\/thumbs_dsc07702.jpg\"\n                    width=\"100\"\n                    height=\"75\"\n                    style=\"max-width:100%;\"\n                \/>\n            <\/a>\n        <\/div>\n\t\t\t\t\t\t\t<\/div> \n\t\t\t\n        \n\t\t\t\t<div id=\"ngg-image-18\" class=\"ngg-gallery-thumbnail-box\" >\n\t\t\t\t        <div class=\"ngg-gallery-thumbnail\">\n            <a href=\"https:\/\/kontesadora.hr\/stara\/wp-content\/gallery\/sopron-2012\/dsc07701.jpg\"\n               title=\"\"\n               data-src=\"https:\/\/kontesadora.hr\/stara\/wp-content\/gallery\/sopron-2012\/dsc07701.jpg\"\n               data-thumbnail=\"https:\/\/kontesadora.hr\/stara\/wp-content\/gallery\/sopron-2012\/thumbs\/thumbs_dsc07701.jpg\"\n               data-image-id=\"1211\"\n               data-title=\"dsc07701\"\n               data-description=\"\"\n               data-image-slug=\"dsc07701\"\n               class=\"shutterset_b673b0ba905a247fdab714eb5097d18a\">\n                <img\n                    title=\"dsc07701\"\n                    alt=\"dsc07701\"\n                    src=\"https:\/\/kontesadora.hr\/stara\/wp-content\/gallery\/sopron-2012\/thumbs\/thumbs_dsc07701.jpg\"\n                    width=\"100\"\n                    height=\"75\"\n                    style=\"max-width:100%;\"\n                \/>\n            <\/a>\n        <\/div>\n\t\t\t\t\t\t\t<\/div> \n\t\t\t\n        \n\t\t\t\t<div id=\"ngg-image-19\" class=\"ngg-gallery-thumbnail-box\" >\n\t\t\t\t        <div class=\"ngg-gallery-thumbnail\">\n            <a href=\"https:\/\/kontesadora.hr\/stara\/wp-content\/gallery\/sopron-2012\/dsc07700.jpg\"\n               title=\"\"\n               data-src=\"https:\/\/kontesadora.hr\/stara\/wp-content\/gallery\/sopron-2012\/dsc07700.jpg\"\n               data-thumbnail=\"https:\/\/kontesadora.hr\/stara\/wp-content\/gallery\/sopron-2012\/thumbs\/thumbs_dsc07700.jpg\"\n               data-image-id=\"1210\"\n               data-title=\"dsc07700\"\n               data-description=\"\"\n               data-image-slug=\"dsc07700\"\n               class=\"shutterset_b673b0ba905a247fdab714eb5097d18a\">\n                <img\n                    title=\"dsc07700\"\n                    alt=\"dsc07700\"\n                    src=\"https:\/\/kontesadora.hr\/stara\/wp-content\/gallery\/sopron-2012\/thumbs\/thumbs_dsc07700.jpg\"\n                    width=\"100\"\n                    height=\"75\"\n                    style=\"max-width:100%;\"\n                \/>\n            <\/a>\n        <\/div>\n\t\t\t\t\t\t\t<\/div> \n\t\t\t\n        \n\t\t\n\t\t<!-- Pagination -->\n\t<div class='ngg-navigation'><span class='current'>1<\/span>\n<a class='page-numbers' data-pageid='2' href='https:\/\/kontesadora.hr\/stara\/galerija\/nggallery\/page\/2'>2<\/a>\n<a class='page-numbers' data-pageid='3' href='https:\/\/kontesadora.hr\/stara\/galerija\/nggallery\/page\/3'>3<\/a>\n<a class='prev' href='https:\/\/kontesadora.hr\/stara\/galerija\/nggallery\/page\/2' data-pageid=2>&#9658;<\/a><\/div>\t<\/div>\n1. -2. srpnja 2012. Koncert MPZ-a &#8220;Ad Libitum&#8221; i Tambura\u0161kog orkestra na Jubilarnim X. Hrvatskim danima u \u0160opronu, Ma\u0111arska<\/p>\n<!-- index.php -->\n<div\n\tclass=\"ngg-galleryoverview ngg-ajax-pagination-none\"\n\tid=\"ngg-gallery-a4f82b4a44dc5604709d3180a9a3821d-1\">\n\n    \t<div class=\"slideshowlink\">\n        <a href='https:\/\/kontesadora.hr\/stara\/galerija\/nggallery\/slideshow'>[Show as slideshow]<\/a>\n\t\t\n\t<\/div>\n\t\t\t<!-- Thumbnails -->\n\t\t\t\t<div id=\"ngg-image-0\" class=\"ngg-gallery-thumbnail-box\" >\n\t\t\t\t        <div class=\"ngg-gallery-thumbnail\">\n            <a href=\"https:\/\/kontesadora.hr\/stara\/wp-content\/gallery\/antunovo-2012\/600535_10150982471967147_743343528_n.jpg\"\n               title=\"\"\n               data-src=\"https:\/\/kontesadora.hr\/stara\/wp-content\/gallery\/antunovo-2012\/600535_10150982471967147_743343528_n.jpg\"\n               data-thumbnail=\"https:\/\/kontesadora.hr\/stara\/wp-content\/gallery\/antunovo-2012\/thumbs\/thumbs_600535_10150982471967147_743343528_n.jpg\"\n               data-image-id=\"436\"\n               data-title=\"600535_10150982471967147_743343528_n\"\n               data-description=\"\"\n               data-image-slug=\"600535_10150982471967147_743343528_n\"\n               class=\"shutterset_a4f82b4a44dc5604709d3180a9a3821d\">\n                <img\n                    title=\"600535_10150982471967147_743343528_n\"\n                    alt=\"600535_10150982471967147_743343528_n\"\n                    src=\"https:\/\/kontesadora.hr\/stara\/wp-content\/gallery\/antunovo-2012\/thumbs\/thumbs_600535_10150982471967147_743343528_n.jpg\"\n                    width=\"100\"\n                    height=\"75\"\n                    style=\"max-width:100%;\"\n                \/>\n            <\/a>\n        <\/div>\n\t\t\t\t\t\t\t<\/div> \n\t\t\t\n        \n\t\t\t\t<div id=\"ngg-image-1\" class=\"ngg-gallery-thumbnail-box\" >\n\t\t\t\t        <div class=\"ngg-gallery-thumbnail\">\n            <a href=\"https:\/\/kontesadora.hr\/stara\/wp-content\/gallery\/antunovo-2012\/599479_10150982476127147_662449858_n.jpg\"\n               title=\"\"\n               data-src=\"https:\/\/kontesadora.hr\/stara\/wp-content\/gallery\/antunovo-2012\/599479_10150982476127147_662449858_n.jpg\"\n               data-thumbnail=\"https:\/\/kontesadora.hr\/stara\/wp-content\/gallery\/antunovo-2012\/thumbs\/thumbs_599479_10150982476127147_662449858_n.jpg\"\n               data-image-id=\"435\"\n               data-title=\"599479_10150982476127147_662449858_n\"\n               data-description=\"\"\n               data-image-slug=\"599479_10150982476127147_662449858_n\"\n               class=\"shutterset_a4f82b4a44dc5604709d3180a9a3821d\">\n                <img\n                    title=\"599479_10150982476127147_662449858_n\"\n                    alt=\"599479_10150982476127147_662449858_n\"\n                    src=\"https:\/\/kontesadora.hr\/stara\/wp-content\/gallery\/antunovo-2012\/thumbs\/thumbs_599479_10150982476127147_662449858_n.jpg\"\n                    width=\"100\"\n                    height=\"75\"\n                    style=\"max-width:100%;\"\n                \/>\n            <\/a>\n        <\/div>\n\t\t\t\t\t\t\t<\/div> \n\t\t\t\n        \n\t\t\t\t<div id=\"ngg-image-2\" class=\"ngg-gallery-thumbnail-box\" >\n\t\t\t\t        <div class=\"ngg-gallery-thumbnail\">\n            <a href=\"https:\/\/kontesadora.hr\/stara\/wp-content\/gallery\/antunovo-2012\/598476_10150982475572147_1005515653_n.jpg\"\n               title=\"\"\n               data-src=\"https:\/\/kontesadora.hr\/stara\/wp-content\/gallery\/antunovo-2012\/598476_10150982475572147_1005515653_n.jpg\"\n               data-thumbnail=\"https:\/\/kontesadora.hr\/stara\/wp-content\/gallery\/antunovo-2012\/thumbs\/thumbs_598476_10150982475572147_1005515653_n.jpg\"\n               data-image-id=\"434\"\n               data-title=\"598476_10150982475572147_1005515653_n\"\n               data-description=\"\"\n               data-image-slug=\"598476_10150982475572147_1005515653_n\"\n               class=\"shutterset_a4f82b4a44dc5604709d3180a9a3821d\">\n                <img\n                    title=\"598476_10150982475572147_1005515653_n\"\n                    alt=\"598476_10150982475572147_1005515653_n\"\n                    src=\"https:\/\/kontesadora.hr\/stara\/wp-content\/gallery\/antunovo-2012\/thumbs\/thumbs_598476_10150982475572147_1005515653_n.jpg\"\n                    width=\"100\"\n                    height=\"75\"\n                    style=\"max-width:100%;\"\n                \/>\n            <\/a>\n        <\/div>\n\t\t\t\t\t\t\t<\/div> \n\t\t\t\n        \n\t\t\t\t<div id=\"ngg-image-3\" class=\"ngg-gallery-thumbnail-box\" >\n\t\t\t\t        <div class=\"ngg-gallery-thumbnail\">\n            <a href=\"https:\/\/kontesadora.hr\/stara\/wp-content\/gallery\/antunovo-2012\/562099_10150982464027147_1868486254_n.jpg\"\n               title=\"\"\n               data-src=\"https:\/\/kontesadora.hr\/stara\/wp-content\/gallery\/antunovo-2012\/562099_10150982464027147_1868486254_n.jpg\"\n               data-thumbnail=\"https:\/\/kontesadora.hr\/stara\/wp-content\/gallery\/antunovo-2012\/thumbs\/thumbs_562099_10150982464027147_1868486254_n.jpg\"\n               data-image-id=\"433\"\n               data-title=\"562099_10150982464027147_1868486254_n\"\n               data-description=\"\"\n               data-image-slug=\"562099_10150982464027147_1868486254_n\"\n               class=\"shutterset_a4f82b4a44dc5604709d3180a9a3821d\">\n                <img\n                    title=\"562099_10150982464027147_1868486254_n\"\n                    alt=\"562099_10150982464027147_1868486254_n\"\n                    src=\"https:\/\/kontesadora.hr\/stara\/wp-content\/gallery\/antunovo-2012\/thumbs\/thumbs_562099_10150982464027147_1868486254_n.jpg\"\n                    width=\"100\"\n                    height=\"75\"\n                    style=\"max-width:100%;\"\n                \/>\n            <\/a>\n        <\/div>\n\t\t\t\t\t\t\t<\/div> \n\t\t\t\n        \n\t\t\t\t<div id=\"ngg-image-4\" class=\"ngg-gallery-thumbnail-box\" >\n\t\t\t\t        <div class=\"ngg-gallery-thumbnail\">\n            <a href=\"https:\/\/kontesadora.hr\/stara\/wp-content\/gallery\/antunovo-2012\/552846_10150982473802147_1224095027_n.jpg\"\n               title=\"\"\n               data-src=\"https:\/\/kontesadora.hr\/stara\/wp-content\/gallery\/antunovo-2012\/552846_10150982473802147_1224095027_n.jpg\"\n               data-thumbnail=\"https:\/\/kontesadora.hr\/stara\/wp-content\/gallery\/antunovo-2012\/thumbs\/thumbs_552846_10150982473802147_1224095027_n.jpg\"\n               data-image-id=\"432\"\n               data-title=\"552846_10150982473802147_1224095027_n\"\n               data-description=\"\"\n               data-image-slug=\"552846_10150982473802147_1224095027_n\"\n               class=\"shutterset_a4f82b4a44dc5604709d3180a9a3821d\">\n                <img\n                    title=\"552846_10150982473802147_1224095027_n\"\n                    alt=\"552846_10150982473802147_1224095027_n\"\n                    src=\"https:\/\/kontesadora.hr\/stara\/wp-content\/gallery\/antunovo-2012\/thumbs\/thumbs_552846_10150982473802147_1224095027_n.jpg\"\n                    width=\"100\"\n                    height=\"75\"\n                    style=\"max-width:100%;\"\n                \/>\n            <\/a>\n        <\/div>\n\t\t\t\t\t\t\t<\/div> \n\t\t\t\n        \n\t\t\t\t<div id=\"ngg-image-5\" class=\"ngg-gallery-thumbnail-box\" >\n\t\t\t\t        <div class=\"ngg-gallery-thumbnail\">\n            <a href=\"https:\/\/kontesadora.hr\/stara\/wp-content\/gallery\/antunovo-2012\/550597_10150982459012147_1601648450_n.jpg\"\n               title=\"\"\n               data-src=\"https:\/\/kontesadora.hr\/stara\/wp-content\/gallery\/antunovo-2012\/550597_10150982459012147_1601648450_n.jpg\"\n               data-thumbnail=\"https:\/\/kontesadora.hr\/stara\/wp-content\/gallery\/antunovo-2012\/thumbs\/thumbs_550597_10150982459012147_1601648450_n.jpg\"\n               data-image-id=\"431\"\n               data-title=\"550597_10150982459012147_1601648450_n\"\n               data-description=\"\"\n               data-image-slug=\"550597_10150982459012147_1601648450_n\"\n               class=\"shutterset_a4f82b4a44dc5604709d3180a9a3821d\">\n                <img\n                    title=\"550597_10150982459012147_1601648450_n\"\n                    alt=\"550597_10150982459012147_1601648450_n\"\n                    src=\"https:\/\/kontesadora.hr\/stara\/wp-content\/gallery\/antunovo-2012\/thumbs\/thumbs_550597_10150982459012147_1601648450_n.jpg\"\n                    width=\"100\"\n                    height=\"75\"\n                    style=\"max-width:100%;\"\n                \/>\n            <\/a>\n        <\/div>\n\t\t\t\t\t\t\t<\/div> \n\t\t\t\n        \n\t\t\t\t<div id=\"ngg-image-6\" class=\"ngg-gallery-thumbnail-box\" >\n\t\t\t\t        <div class=\"ngg-gallery-thumbnail\">\n            <a href=\"https:\/\/kontesadora.hr\/stara\/wp-content\/gallery\/antunovo-2012\/542382_10150982478822147_1984839181_n.jpg\"\n               title=\"\"\n               data-src=\"https:\/\/kontesadora.hr\/stara\/wp-content\/gallery\/antunovo-2012\/542382_10150982478822147_1984839181_n.jpg\"\n               data-thumbnail=\"https:\/\/kontesadora.hr\/stara\/wp-content\/gallery\/antunovo-2012\/thumbs\/thumbs_542382_10150982478822147_1984839181_n.jpg\"\n               data-image-id=\"430\"\n               data-title=\"542382_10150982478822147_1984839181_n\"\n               data-description=\"\"\n               data-image-slug=\"542382_10150982478822147_1984839181_n\"\n               class=\"shutterset_a4f82b4a44dc5604709d3180a9a3821d\">\n                <img\n                    title=\"542382_10150982478822147_1984839181_n\"\n                    alt=\"542382_10150982478822147_1984839181_n\"\n                    src=\"https:\/\/kontesadora.hr\/stara\/wp-content\/gallery\/antunovo-2012\/thumbs\/thumbs_542382_10150982478822147_1984839181_n.jpg\"\n                    width=\"100\"\n                    height=\"75\"\n                    style=\"max-width:100%;\"\n                \/>\n            <\/a>\n        <\/div>\n\t\t\t\t\t\t\t<\/div> \n\t\t\t\n        \n\t\t\t\t<div id=\"ngg-image-7\" class=\"ngg-gallery-thumbnail-box\" >\n\t\t\t\t        <div class=\"ngg-gallery-thumbnail\">\n            <a href=\"https:\/\/kontesadora.hr\/stara\/wp-content\/gallery\/antunovo-2012\/526921_10150982468847147_1740410621_n.jpg\"\n               title=\"\"\n               data-src=\"https:\/\/kontesadora.hr\/stara\/wp-content\/gallery\/antunovo-2012\/526921_10150982468847147_1740410621_n.jpg\"\n               data-thumbnail=\"https:\/\/kontesadora.hr\/stara\/wp-content\/gallery\/antunovo-2012\/thumbs\/thumbs_526921_10150982468847147_1740410621_n.jpg\"\n               data-image-id=\"429\"\n               data-title=\"526921_10150982468847147_1740410621_n\"\n               data-description=\"\"\n               data-image-slug=\"526921_10150982468847147_1740410621_n\"\n               class=\"shutterset_a4f82b4a44dc5604709d3180a9a3821d\">\n                <img\n                    title=\"526921_10150982468847147_1740410621_n\"\n                    alt=\"526921_10150982468847147_1740410621_n\"\n                    src=\"https:\/\/kontesadora.hr\/stara\/wp-content\/gallery\/antunovo-2012\/thumbs\/thumbs_526921_10150982468847147_1740410621_n.jpg\"\n                    width=\"100\"\n                    height=\"75\"\n                    style=\"max-width:100%;\"\n                \/>\n            <\/a>\n        <\/div>\n\t\t\t\t\t\t\t<\/div> \n\t\t\t\n        \n\t\t\t\t<div id=\"ngg-image-8\" class=\"ngg-gallery-thumbnail-box\" >\n\t\t\t\t        <div class=\"ngg-gallery-thumbnail\">\n            <a href=\"https:\/\/kontesadora.hr\/stara\/wp-content\/gallery\/antunovo-2012\/521291_10150982470677147_465672262_n.jpg\"\n               title=\"\"\n               data-src=\"https:\/\/kontesadora.hr\/stara\/wp-content\/gallery\/antunovo-2012\/521291_10150982470677147_465672262_n.jpg\"\n               data-thumbnail=\"https:\/\/kontesadora.hr\/stara\/wp-content\/gallery\/antunovo-2012\/thumbs\/thumbs_521291_10150982470677147_465672262_n.jpg\"\n               data-image-id=\"428\"\n               data-title=\"521291_10150982470677147_465672262_n\"\n               data-description=\"\"\n               data-image-slug=\"521291_10150982470677147_465672262_n\"\n               class=\"shutterset_a4f82b4a44dc5604709d3180a9a3821d\">\n                <img\n                    title=\"521291_10150982470677147_465672262_n\"\n                    alt=\"521291_10150982470677147_465672262_n\"\n                    src=\"https:\/\/kontesadora.hr\/stara\/wp-content\/gallery\/antunovo-2012\/thumbs\/thumbs_521291_10150982470677147_465672262_n.jpg\"\n                    width=\"100\"\n                    height=\"75\"\n                    style=\"max-width:100%;\"\n                \/>\n            <\/a>\n        <\/div>\n\t\t\t\t\t\t\t<\/div> \n\t\t\t\n        \n\t\t\t\t<div id=\"ngg-image-9\" class=\"ngg-gallery-thumbnail-box\" >\n\t\t\t\t        <div class=\"ngg-gallery-thumbnail\">\n            <a href=\"https:\/\/kontesadora.hr\/stara\/wp-content\/gallery\/antunovo-2012\/484210_10150982467637147_687814824_n.jpg\"\n               title=\"\"\n               data-src=\"https:\/\/kontesadora.hr\/stara\/wp-content\/gallery\/antunovo-2012\/484210_10150982467637147_687814824_n.jpg\"\n               data-thumbnail=\"https:\/\/kontesadora.hr\/stara\/wp-content\/gallery\/antunovo-2012\/thumbs\/thumbs_484210_10150982467637147_687814824_n.jpg\"\n               data-image-id=\"427\"\n               data-title=\"484210_10150982467637147_687814824_n\"\n               data-description=\"\"\n               data-image-slug=\"484210_10150982467637147_687814824_n\"\n               class=\"shutterset_a4f82b4a44dc5604709d3180a9a3821d\">\n                <img\n                    title=\"484210_10150982467637147_687814824_n\"\n                    alt=\"484210_10150982467637147_687814824_n\"\n                    src=\"https:\/\/kontesadora.hr\/stara\/wp-content\/gallery\/antunovo-2012\/thumbs\/thumbs_484210_10150982467637147_687814824_n.jpg\"\n                    width=\"100\"\n                    height=\"75\"\n                    style=\"max-width:100%;\"\n                \/>\n            <\/a>\n        <\/div>\n\t\t\t\t\t\t\t<\/div> \n\t\t\t\n        \n\t\t\t\t<div id=\"ngg-image-10\" class=\"ngg-gallery-thumbnail-box\" >\n\t\t\t\t        <div class=\"ngg-gallery-thumbnail\">\n            <a href=\"https:\/\/kontesadora.hr\/stara\/wp-content\/gallery\/antunovo-2012\/428472_10150982473122147_49363321_n.jpg\"\n               title=\"\"\n               data-src=\"https:\/\/kontesadora.hr\/stara\/wp-content\/gallery\/antunovo-2012\/428472_10150982473122147_49363321_n.jpg\"\n               data-thumbnail=\"https:\/\/kontesadora.hr\/stara\/wp-content\/gallery\/antunovo-2012\/thumbs\/thumbs_428472_10150982473122147_49363321_n.jpg\"\n               data-image-id=\"426\"\n               data-title=\"428472_10150982473122147_49363321_n\"\n               data-description=\"\"\n               data-image-slug=\"428472_10150982473122147_49363321_n\"\n               class=\"shutterset_a4f82b4a44dc5604709d3180a9a3821d\">\n                <img\n                    title=\"428472_10150982473122147_49363321_n\"\n                    alt=\"428472_10150982473122147_49363321_n\"\n                    src=\"https:\/\/kontesadora.hr\/stara\/wp-content\/gallery\/antunovo-2012\/thumbs\/thumbs_428472_10150982473122147_49363321_n.jpg\"\n                    width=\"100\"\n                    height=\"75\"\n                    style=\"max-width:100%;\"\n                \/>\n            <\/a>\n        <\/div>\n\t\t\t\t\t\t\t<\/div> \n\t\t\t\n        \n\t\t\t\t<div id=\"ngg-image-11\" class=\"ngg-gallery-thumbnail-box\" >\n\t\t\t\t        <div class=\"ngg-gallery-thumbnail\">\n            <a href=\"https:\/\/kontesadora.hr\/stara\/wp-content\/gallery\/antunovo-2012\/421552_10150982470852147_1568610581_n.jpg\"\n               title=\"\"\n               data-src=\"https:\/\/kontesadora.hr\/stara\/wp-content\/gallery\/antunovo-2012\/421552_10150982470852147_1568610581_n.jpg\"\n               data-thumbnail=\"https:\/\/kontesadora.hr\/stara\/wp-content\/gallery\/antunovo-2012\/thumbs\/thumbs_421552_10150982470852147_1568610581_n.jpg\"\n               data-image-id=\"425\"\n               data-title=\"421552_10150982470852147_1568610581_n\"\n               data-description=\"\"\n               data-image-slug=\"421552_10150982470852147_1568610581_n\"\n               class=\"shutterset_a4f82b4a44dc5604709d3180a9a3821d\">\n                <img\n                    title=\"421552_10150982470852147_1568610581_n\"\n                    alt=\"421552_10150982470852147_1568610581_n\"\n                    src=\"https:\/\/kontesadora.hr\/stara\/wp-content\/gallery\/antunovo-2012\/thumbs\/thumbs_421552_10150982470852147_1568610581_n.jpg\"\n                    width=\"100\"\n                    height=\"75\"\n                    style=\"max-width:100%;\"\n                \/>\n            <\/a>\n        <\/div>\n\t\t\t\t\t\t\t<\/div> \n\t\t\t\n        \n\t\t\t\t<div id=\"ngg-image-12\" class=\"ngg-gallery-thumbnail-box\" >\n\t\t\t\t        <div class=\"ngg-gallery-thumbnail\">\n            <a href=\"https:\/\/kontesadora.hr\/stara\/wp-content\/gallery\/antunovo-2012\/401933_10150982470137147_607179745_n.jpg\"\n               title=\"\"\n               data-src=\"https:\/\/kontesadora.hr\/stara\/wp-content\/gallery\/antunovo-2012\/401933_10150982470137147_607179745_n.jpg\"\n               data-thumbnail=\"https:\/\/kontesadora.hr\/stara\/wp-content\/gallery\/antunovo-2012\/thumbs\/thumbs_401933_10150982470137147_607179745_n.jpg\"\n               data-image-id=\"424\"\n               data-title=\"401933_10150982470137147_607179745_n\"\n               data-description=\"\"\n               data-image-slug=\"401933_10150982470137147_607179745_n\"\n               class=\"shutterset_a4f82b4a44dc5604709d3180a9a3821d\">\n                <img\n                    title=\"401933_10150982470137147_607179745_n\"\n                    alt=\"401933_10150982470137147_607179745_n\"\n                    src=\"https:\/\/kontesadora.hr\/stara\/wp-content\/gallery\/antunovo-2012\/thumbs\/thumbs_401933_10150982470137147_607179745_n.jpg\"\n                    width=\"100\"\n                    height=\"75\"\n                    style=\"max-width:100%;\"\n                \/>\n            <\/a>\n        <\/div>\n\t\t\t\t\t\t\t<\/div> \n\t\t\t\n        \n\t\t\t\t<div id=\"ngg-image-13\" class=\"ngg-gallery-thumbnail-box\" >\n\t\t\t\t        <div class=\"ngg-gallery-thumbnail\">\n            <a href=\"https:\/\/kontesadora.hr\/stara\/wp-content\/gallery\/antunovo-2012\/282848_10150982459732147_986416488_n.jpg\"\n               title=\"\"\n               data-src=\"https:\/\/kontesadora.hr\/stara\/wp-content\/gallery\/antunovo-2012\/282848_10150982459732147_986416488_n.jpg\"\n               data-thumbnail=\"https:\/\/kontesadora.hr\/stara\/wp-content\/gallery\/antunovo-2012\/thumbs\/thumbs_282848_10150982459732147_986416488_n.jpg\"\n               data-image-id=\"423\"\n               data-title=\"282848_10150982459732147_986416488_n\"\n               data-description=\"\"\n               data-image-slug=\"282848_10150982459732147_986416488_n\"\n               class=\"shutterset_a4f82b4a44dc5604709d3180a9a3821d\">\n                <img\n                    title=\"282848_10150982459732147_986416488_n\"\n                    alt=\"282848_10150982459732147_986416488_n\"\n                    src=\"https:\/\/kontesadora.hr\/stara\/wp-content\/gallery\/antunovo-2012\/thumbs\/thumbs_282848_10150982459732147_986416488_n.jpg\"\n                    width=\"100\"\n                    height=\"75\"\n                    style=\"max-width:100%;\"\n                \/>\n            <\/a>\n        <\/div>\n\t\t\t\t\t\t\t<\/div> \n\t\t\t\n        \n\t\t\t\t<div id=\"ngg-image-14\" class=\"ngg-gallery-thumbnail-box\" >\n\t\t\t\t        <div class=\"ngg-gallery-thumbnail\">\n            <a href=\"https:\/\/kontesadora.hr\/stara\/wp-content\/gallery\/antunovo-2012\/250800_10150982472287147_1668968610_n.jpg\"\n               title=\"\"\n               data-src=\"https:\/\/kontesadora.hr\/stara\/wp-content\/gallery\/antunovo-2012\/250800_10150982472287147_1668968610_n.jpg\"\n               data-thumbnail=\"https:\/\/kontesadora.hr\/stara\/wp-content\/gallery\/antunovo-2012\/thumbs\/thumbs_250800_10150982472287147_1668968610_n.jpg\"\n               data-image-id=\"422\"\n               data-title=\"250800_10150982472287147_1668968610_n\"\n               data-description=\"\"\n               data-image-slug=\"250800_10150982472287147_1668968610_n\"\n               class=\"shutterset_a4f82b4a44dc5604709d3180a9a3821d\">\n                <img\n                    title=\"250800_10150982472287147_1668968610_n\"\n                    alt=\"250800_10150982472287147_1668968610_n\"\n                    src=\"https:\/\/kontesadora.hr\/stara\/wp-content\/gallery\/antunovo-2012\/thumbs\/thumbs_250800_10150982472287147_1668968610_n.jpg\"\n                    width=\"100\"\n                    height=\"75\"\n                    style=\"max-width:100%;\"\n                \/>\n            <\/a>\n        <\/div>\n\t\t\t\t\t\t\t<\/div> \n\t\t\t\n        \n\t\t\t\t<div id=\"ngg-image-15\" class=\"ngg-gallery-thumbnail-box\" >\n\t\t\t\t        <div class=\"ngg-gallery-thumbnail\">\n            <a href=\"https:\/\/kontesadora.hr\/stara\/wp-content\/gallery\/antunovo-2012\/168198_10150982467237147_1819359849_n.jpg\"\n               title=\"\"\n               data-src=\"https:\/\/kontesadora.hr\/stara\/wp-content\/gallery\/antunovo-2012\/168198_10150982467237147_1819359849_n.jpg\"\n               data-thumbnail=\"https:\/\/kontesadora.hr\/stara\/wp-content\/gallery\/antunovo-2012\/thumbs\/thumbs_168198_10150982467237147_1819359849_n.jpg\"\n               data-image-id=\"421\"\n               data-title=\"168198_10150982467237147_1819359849_n\"\n               data-description=\"\"\n               data-image-slug=\"168198_10150982467237147_1819359849_n\"\n               class=\"shutterset_a4f82b4a44dc5604709d3180a9a3821d\">\n                <img\n                    title=\"168198_10150982467237147_1819359849_n\"\n                    alt=\"168198_10150982467237147_1819359849_n\"\n                    src=\"https:\/\/kontesadora.hr\/stara\/wp-content\/gallery\/antunovo-2012\/thumbs\/thumbs_168198_10150982467237147_1819359849_n.jpg\"\n                    width=\"100\"\n                    height=\"75\"\n                    style=\"max-width:100%;\"\n                \/>\n            <\/a>\n        <\/div>\n\t\t\t\t\t\t\t<\/div> \n\t\t\t\n        \n\t\t\t\t<div id=\"ngg-image-16\" class=\"ngg-gallery-thumbnail-box\" >\n\t\t\t\t        <div class=\"ngg-gallery-thumbnail\">\n            <a href=\"https:\/\/kontesadora.hr\/stara\/wp-content\/gallery\/antunovo-2012\/166080_10150982474147147_1269180387_n.jpg\"\n               title=\"\"\n               data-src=\"https:\/\/kontesadora.hr\/stara\/wp-content\/gallery\/antunovo-2012\/166080_10150982474147147_1269180387_n.jpg\"\n               data-thumbnail=\"https:\/\/kontesadora.hr\/stara\/wp-content\/gallery\/antunovo-2012\/thumbs\/thumbs_166080_10150982474147147_1269180387_n.jpg\"\n               data-image-id=\"420\"\n               data-title=\"166080_10150982474147147_1269180387_n\"\n               data-description=\"\"\n               data-image-slug=\"166080_10150982474147147_1269180387_n\"\n               class=\"shutterset_a4f82b4a44dc5604709d3180a9a3821d\">\n                <img\n                    title=\"166080_10150982474147147_1269180387_n\"\n                    alt=\"166080_10150982474147147_1269180387_n\"\n                    src=\"https:\/\/kontesadora.hr\/stara\/wp-content\/gallery\/antunovo-2012\/thumbs\/thumbs_166080_10150982474147147_1269180387_n.jpg\"\n                    width=\"100\"\n                    height=\"75\"\n                    style=\"max-width:100%;\"\n                \/>\n            <\/a>\n        <\/div>\n\t\t\t\t\t\t\t<\/div> \n\t\t\t\n        \n\t\t\n\t\t<!-- Pagination -->\n\t<div class='ngg-clear'><\/div>\t<\/div>\n13. lipnja 2012. Koncert povodom Dana grada. Pozornica pokraj Dvorca Peja\u010devi\u0107. Nastupili Tambura\u0161ki orkestar, Ad Libitumi gosti: Danijela Pintari\u0107, Antonija Pintari\u0107, Kristina Brki\u0107, Kristina Minarik, Zvonimir Krpan. Zahvaljujemo Na\u0161i\u010danima na podr\u0161ci &#8220;Ad Libitumu&#8221; u emisiji &#8220;DO POSLJEDNJEG ZBORA&#8221;.<\/p>\n<!-- index.php -->\n<div\n\tclass=\"ngg-galleryoverview ngg-ajax-pagination-none\"\n\tid=\"ngg-gallery-11e5fa99d0e04f5657fe865e0525c6df-1\">\n\n    \t<div class=\"slideshowlink\">\n        <a href='https:\/\/kontesadora.hr\/stara\/galerija\/nggallery\/slideshow'>[Show as slideshow]<\/a>\n\t\t\n\t<\/div>\n\t\t\t<!-- Thumbnails -->\n\t\t\t\t<div id=\"ngg-image-0\" class=\"ngg-gallery-thumbnail-box\" >\n\t\t\t\t        <div class=\"ngg-gallery-thumbnail\">\n            <a href=\"https:\/\/kontesadora.hr\/stara\/wp-content\/gallery\/dodjela-priznanja-2012\/dsc_2215.jpg\"\n               title=\"\"\n               data-src=\"https:\/\/kontesadora.hr\/stara\/wp-content\/gallery\/dodjela-priznanja-2012\/dsc_2215.jpg\"\n               data-thumbnail=\"https:\/\/kontesadora.hr\/stara\/wp-content\/gallery\/dodjela-priznanja-2012\/thumbs\/thumbs_dsc_2215.jpg\"\n               data-image-id=\"1285\"\n               data-title=\"dsc_2215\"\n               data-description=\"\"\n               data-image-slug=\"dsc_2215\"\n               class=\"shutterset_11e5fa99d0e04f5657fe865e0525c6df\">\n                <img\n                    title=\"dsc_2215\"\n                    alt=\"dsc_2215\"\n                    src=\"https:\/\/kontesadora.hr\/stara\/wp-content\/gallery\/dodjela-priznanja-2012\/thumbs\/thumbs_dsc_2215.jpg\"\n                    width=\"100\"\n                    height=\"75\"\n                    style=\"max-width:100%;\"\n                \/>\n            <\/a>\n        <\/div>\n\t\t\t\t\t\t\t<\/div> \n\t\t\t\n        \n\t\t\t\t<div id=\"ngg-image-1\" class=\"ngg-gallery-thumbnail-box\" >\n\t\t\t\t        <div class=\"ngg-gallery-thumbnail\">\n            <a href=\"https:\/\/kontesadora.hr\/stara\/wp-content\/gallery\/dodjela-priznanja-2012\/dsc_2214.jpg\"\n               title=\"\"\n               data-src=\"https:\/\/kontesadora.hr\/stara\/wp-content\/gallery\/dodjela-priznanja-2012\/dsc_2214.jpg\"\n               data-thumbnail=\"https:\/\/kontesadora.hr\/stara\/wp-content\/gallery\/dodjela-priznanja-2012\/thumbs\/thumbs_dsc_2214.jpg\"\n               data-image-id=\"1284\"\n               data-title=\"dsc_2214\"\n               data-description=\"\"\n               data-image-slug=\"dsc_2214\"\n               class=\"shutterset_11e5fa99d0e04f5657fe865e0525c6df\">\n                <img\n                    title=\"dsc_2214\"\n                    alt=\"dsc_2214\"\n                    src=\"https:\/\/kontesadora.hr\/stara\/wp-content\/gallery\/dodjela-priznanja-2012\/thumbs\/thumbs_dsc_2214.jpg\"\n                    width=\"100\"\n                    height=\"75\"\n                    style=\"max-width:100%;\"\n                \/>\n            <\/a>\n        <\/div>\n\t\t\t\t\t\t\t<\/div> \n\t\t\t\n        \n\t\t\t\t<div id=\"ngg-image-2\" class=\"ngg-gallery-thumbnail-box\" >\n\t\t\t\t        <div class=\"ngg-gallery-thumbnail\">\n            <a href=\"https:\/\/kontesadora.hr\/stara\/wp-content\/gallery\/dodjela-priznanja-2012\/dsc_2212.jpg\"\n               title=\"\"\n               data-src=\"https:\/\/kontesadora.hr\/stara\/wp-content\/gallery\/dodjela-priznanja-2012\/dsc_2212.jpg\"\n               data-thumbnail=\"https:\/\/kontesadora.hr\/stara\/wp-content\/gallery\/dodjela-priznanja-2012\/thumbs\/thumbs_dsc_2212.jpg\"\n               data-image-id=\"1283\"\n               data-title=\"dsc_2212\"\n               data-description=\"\"\n               data-image-slug=\"dsc_2212\"\n               class=\"shutterset_11e5fa99d0e04f5657fe865e0525c6df\">\n                <img\n                    title=\"dsc_2212\"\n                    alt=\"dsc_2212\"\n                    src=\"https:\/\/kontesadora.hr\/stara\/wp-content\/gallery\/dodjela-priznanja-2012\/thumbs\/thumbs_dsc_2212.jpg\"\n                    width=\"100\"\n                    height=\"75\"\n                    style=\"max-width:100%;\"\n                \/>\n            <\/a>\n        <\/div>\n\t\t\t\t\t\t\t<\/div> \n\t\t\t\n        \n\t\t\t\t<div id=\"ngg-image-3\" class=\"ngg-gallery-thumbnail-box\" >\n\t\t\t\t        <div class=\"ngg-gallery-thumbnail\">\n            <a href=\"https:\/\/kontesadora.hr\/stara\/wp-content\/gallery\/dodjela-priznanja-2012\/dsc_2206.jpg\"\n               title=\"\"\n               data-src=\"https:\/\/kontesadora.hr\/stara\/wp-content\/gallery\/dodjela-priznanja-2012\/dsc_2206.jpg\"\n               data-thumbnail=\"https:\/\/kontesadora.hr\/stara\/wp-content\/gallery\/dodjela-priznanja-2012\/thumbs\/thumbs_dsc_2206.jpg\"\n               data-image-id=\"1282\"\n               data-title=\"dsc_2206\"\n               data-description=\"\"\n               data-image-slug=\"dsc_2206\"\n               class=\"shutterset_11e5fa99d0e04f5657fe865e0525c6df\">\n                <img\n                    title=\"dsc_2206\"\n                    alt=\"dsc_2206\"\n                    src=\"https:\/\/kontesadora.hr\/stara\/wp-content\/gallery\/dodjela-priznanja-2012\/thumbs\/thumbs_dsc_2206.jpg\"\n                    width=\"100\"\n                    height=\"75\"\n                    style=\"max-width:100%;\"\n                \/>\n            <\/a>\n        <\/div>\n\t\t\t\t\t\t\t<\/div> \n\t\t\t\n        \n\t\t\t\t<div id=\"ngg-image-4\" class=\"ngg-gallery-thumbnail-box\" >\n\t\t\t\t        <div class=\"ngg-gallery-thumbnail\">\n            <a href=\"https:\/\/kontesadora.hr\/stara\/wp-content\/gallery\/dodjela-priznanja-2012\/dsc_2169.jpg\"\n               title=\"\"\n               data-src=\"https:\/\/kontesadora.hr\/stara\/wp-content\/gallery\/dodjela-priznanja-2012\/dsc_2169.jpg\"\n               data-thumbnail=\"https:\/\/kontesadora.hr\/stara\/wp-content\/gallery\/dodjela-priznanja-2012\/thumbs\/thumbs_dsc_2169.jpg\"\n               data-image-id=\"1281\"\n               data-title=\"dsc_2169\"\n               data-description=\"\"\n               data-image-slug=\"dsc_2169-1\"\n               class=\"shutterset_11e5fa99d0e04f5657fe865e0525c6df\">\n                <img\n                    title=\"dsc_2169\"\n                    alt=\"dsc_2169\"\n                    src=\"https:\/\/kontesadora.hr\/stara\/wp-content\/gallery\/dodjela-priznanja-2012\/thumbs\/thumbs_dsc_2169.jpg\"\n                    width=\"100\"\n                    height=\"75\"\n                    style=\"max-width:100%;\"\n                \/>\n            <\/a>\n        <\/div>\n\t\t\t\t\t\t\t<\/div> \n\t\t\t\n        \n\t\t\t\t<div id=\"ngg-image-5\" class=\"ngg-gallery-thumbnail-box\" >\n\t\t\t\t        <div class=\"ngg-gallery-thumbnail\">\n            <a href=\"https:\/\/kontesadora.hr\/stara\/wp-content\/gallery\/dodjela-priznanja-2012\/dsc_2161.jpg\"\n               title=\"\"\n               data-src=\"https:\/\/kontesadora.hr\/stara\/wp-content\/gallery\/dodjela-priznanja-2012\/dsc_2161.jpg\"\n               data-thumbnail=\"https:\/\/kontesadora.hr\/stara\/wp-content\/gallery\/dodjela-priznanja-2012\/thumbs\/thumbs_dsc_2161.jpg\"\n               data-image-id=\"1280\"\n               data-title=\"dsc_2161\"\n               data-description=\"\"\n               data-image-slug=\"dsc_2161\"\n               class=\"shutterset_11e5fa99d0e04f5657fe865e0525c6df\">\n                <img\n                    title=\"dsc_2161\"\n                    alt=\"dsc_2161\"\n                    src=\"https:\/\/kontesadora.hr\/stara\/wp-content\/gallery\/dodjela-priznanja-2012\/thumbs\/thumbs_dsc_2161.jpg\"\n                    width=\"100\"\n                    height=\"75\"\n                    style=\"max-width:100%;\"\n                \/>\n            <\/a>\n        <\/div>\n\t\t\t\t\t\t\t<\/div> \n\t\t\t\n        \n\t\t\t\t<div id=\"ngg-image-6\" class=\"ngg-gallery-thumbnail-box\" >\n\t\t\t\t        <div class=\"ngg-gallery-thumbnail\">\n            <a href=\"https:\/\/kontesadora.hr\/stara\/wp-content\/gallery\/dodjela-priznanja-2012\/dsc_2131.jpg\"\n               title=\"\"\n               data-src=\"https:\/\/kontesadora.hr\/stara\/wp-content\/gallery\/dodjela-priznanja-2012\/dsc_2131.jpg\"\n               data-thumbnail=\"https:\/\/kontesadora.hr\/stara\/wp-content\/gallery\/dodjela-priznanja-2012\/thumbs\/thumbs_dsc_2131.jpg\"\n               data-image-id=\"1279\"\n               data-title=\"dsc_2131\"\n               data-description=\"\"\n               data-image-slug=\"dsc_2131\"\n               class=\"shutterset_11e5fa99d0e04f5657fe865e0525c6df\">\n                <img\n                    title=\"dsc_2131\"\n                    alt=\"dsc_2131\"\n                    src=\"https:\/\/kontesadora.hr\/stara\/wp-content\/gallery\/dodjela-priznanja-2012\/thumbs\/thumbs_dsc_2131.jpg\"\n                    width=\"100\"\n                    height=\"75\"\n                    style=\"max-width:100%;\"\n                \/>\n            <\/a>\n        <\/div>\n\t\t\t\t\t\t\t<\/div> \n\t\t\t\n        \n\t\t\t\t<div id=\"ngg-image-7\" class=\"ngg-gallery-thumbnail-box\" >\n\t\t\t\t        <div class=\"ngg-gallery-thumbnail\">\n            <a href=\"https:\/\/kontesadora.hr\/stara\/wp-content\/gallery\/dodjela-priznanja-2012\/dsc_2114.jpg\"\n               title=\"\"\n               data-src=\"https:\/\/kontesadora.hr\/stara\/wp-content\/gallery\/dodjela-priznanja-2012\/dsc_2114.jpg\"\n               data-thumbnail=\"https:\/\/kontesadora.hr\/stara\/wp-content\/gallery\/dodjela-priznanja-2012\/thumbs\/thumbs_dsc_2114.jpg\"\n               data-image-id=\"1278\"\n               data-title=\"dsc_2114\"\n               data-description=\"\"\n               data-image-slug=\"dsc_2114\"\n               class=\"shutterset_11e5fa99d0e04f5657fe865e0525c6df\">\n                <img\n                    title=\"dsc_2114\"\n                    alt=\"dsc_2114\"\n                    src=\"https:\/\/kontesadora.hr\/stara\/wp-content\/gallery\/dodjela-priznanja-2012\/thumbs\/thumbs_dsc_2114.jpg\"\n                    width=\"100\"\n                    height=\"75\"\n                    style=\"max-width:100%;\"\n                \/>\n            <\/a>\n        <\/div>\n\t\t\t\t\t\t\t<\/div> \n\t\t\t\n        \n\t\t\t\t<div id=\"ngg-image-8\" class=\"ngg-gallery-thumbnail-box\" >\n\t\t\t\t        <div class=\"ngg-gallery-thumbnail\">\n            <a href=\"https:\/\/kontesadora.hr\/stara\/wp-content\/gallery\/dodjela-priznanja-2012\/dsc_2113.jpg\"\n               title=\"\"\n               data-src=\"https:\/\/kontesadora.hr\/stara\/wp-content\/gallery\/dodjela-priznanja-2012\/dsc_2113.jpg\"\n               data-thumbnail=\"https:\/\/kontesadora.hr\/stara\/wp-content\/gallery\/dodjela-priznanja-2012\/thumbs\/thumbs_dsc_2113.jpg\"\n               data-image-id=\"1277\"\n               data-title=\"dsc_2113\"\n               data-description=\"\"\n               data-image-slug=\"dsc_2113\"\n               class=\"shutterset_11e5fa99d0e04f5657fe865e0525c6df\">\n                <img\n                    title=\"dsc_2113\"\n                    alt=\"dsc_2113\"\n                    src=\"https:\/\/kontesadora.hr\/stara\/wp-content\/gallery\/dodjela-priznanja-2012\/thumbs\/thumbs_dsc_2113.jpg\"\n                    width=\"100\"\n                    height=\"75\"\n                    style=\"max-width:100%;\"\n                \/>\n            <\/a>\n        <\/div>\n\t\t\t\t\t\t\t<\/div> \n\t\t\t\n        \n\t\t\t\t<div id=\"ngg-image-9\" class=\"ngg-gallery-thumbnail-box\" >\n\t\t\t\t        <div class=\"ngg-gallery-thumbnail\">\n            <a href=\"https:\/\/kontesadora.hr\/stara\/wp-content\/gallery\/dodjela-priznanja-2012\/dsc_2109.jpg\"\n               title=\"\"\n               data-src=\"https:\/\/kontesadora.hr\/stara\/wp-content\/gallery\/dodjela-priznanja-2012\/dsc_2109.jpg\"\n               data-thumbnail=\"https:\/\/kontesadora.hr\/stara\/wp-content\/gallery\/dodjela-priznanja-2012\/thumbs\/thumbs_dsc_2109.jpg\"\n               data-image-id=\"1276\"\n               data-title=\"dsc_2109\"\n               data-description=\"\"\n               data-image-slug=\"dsc_2109\"\n               class=\"shutterset_11e5fa99d0e04f5657fe865e0525c6df\">\n                <img\n                    title=\"dsc_2109\"\n                    alt=\"dsc_2109\"\n                    src=\"https:\/\/kontesadora.hr\/stara\/wp-content\/gallery\/dodjela-priznanja-2012\/thumbs\/thumbs_dsc_2109.jpg\"\n                    width=\"100\"\n                    height=\"75\"\n                    style=\"max-width:100%;\"\n                \/>\n            <\/a>\n        <\/div>\n\t\t\t\t\t\t\t<\/div> \n\t\t\t\n        \n\t\t\t\t<div id=\"ngg-image-10\" class=\"ngg-gallery-thumbnail-box\" >\n\t\t\t\t        <div class=\"ngg-gallery-thumbnail\">\n            <a href=\"https:\/\/kontesadora.hr\/stara\/wp-content\/gallery\/dodjela-priznanja-2012\/dsc_2105.jpg\"\n               title=\"\"\n               data-src=\"https:\/\/kontesadora.hr\/stara\/wp-content\/gallery\/dodjela-priznanja-2012\/dsc_2105.jpg\"\n               data-thumbnail=\"https:\/\/kontesadora.hr\/stara\/wp-content\/gallery\/dodjela-priznanja-2012\/thumbs\/thumbs_dsc_2105.jpg\"\n               data-image-id=\"1275\"\n               data-title=\"dsc_2105\"\n               data-description=\"\"\n               data-image-slug=\"dsc_2105\"\n               class=\"shutterset_11e5fa99d0e04f5657fe865e0525c6df\">\n                <img\n                    title=\"dsc_2105\"\n                    alt=\"dsc_2105\"\n                    src=\"https:\/\/kontesadora.hr\/stara\/wp-content\/gallery\/dodjela-priznanja-2012\/thumbs\/thumbs_dsc_2105.jpg\"\n                    width=\"100\"\n                    height=\"75\"\n                    style=\"max-width:100%;\"\n                \/>\n            <\/a>\n        <\/div>\n\t\t\t\t\t\t\t<\/div> \n\t\t\t\n        \n\t\t\t\t<div id=\"ngg-image-11\" class=\"ngg-gallery-thumbnail-box\" >\n\t\t\t\t        <div class=\"ngg-gallery-thumbnail\">\n            <a href=\"https:\/\/kontesadora.hr\/stara\/wp-content\/gallery\/dodjela-priznanja-2012\/dsc_2094.jpg\"\n               title=\"\"\n               data-src=\"https:\/\/kontesadora.hr\/stara\/wp-content\/gallery\/dodjela-priznanja-2012\/dsc_2094.jpg\"\n               data-thumbnail=\"https:\/\/kontesadora.hr\/stara\/wp-content\/gallery\/dodjela-priznanja-2012\/thumbs\/thumbs_dsc_2094.jpg\"\n               data-image-id=\"1274\"\n               data-title=\"dsc_2094\"\n               data-description=\"\"\n               data-image-slug=\"dsc_2094\"\n               class=\"shutterset_11e5fa99d0e04f5657fe865e0525c6df\">\n                <img\n                    title=\"dsc_2094\"\n                    alt=\"dsc_2094\"\n                    src=\"https:\/\/kontesadora.hr\/stara\/wp-content\/gallery\/dodjela-priznanja-2012\/thumbs\/thumbs_dsc_2094.jpg\"\n                    width=\"100\"\n                    height=\"75\"\n                    style=\"max-width:100%;\"\n                \/>\n            <\/a>\n        <\/div>\n\t\t\t\t\t\t\t<\/div> \n\t\t\t\n        \n\t\t\t\t<div id=\"ngg-image-12\" class=\"ngg-gallery-thumbnail-box\" >\n\t\t\t\t        <div class=\"ngg-gallery-thumbnail\">\n            <a href=\"https:\/\/kontesadora.hr\/stara\/wp-content\/gallery\/dodjela-priznanja-2012\/dsc_2087.jpg\"\n               title=\"\"\n               data-src=\"https:\/\/kontesadora.hr\/stara\/wp-content\/gallery\/dodjela-priznanja-2012\/dsc_2087.jpg\"\n               data-thumbnail=\"https:\/\/kontesadora.hr\/stara\/wp-content\/gallery\/dodjela-priznanja-2012\/thumbs\/thumbs_dsc_2087.jpg\"\n               data-image-id=\"1273\"\n               data-title=\"dsc_2087\"\n               data-description=\"\"\n               data-image-slug=\"dsc_2087\"\n               class=\"shutterset_11e5fa99d0e04f5657fe865e0525c6df\">\n                <img\n                    title=\"dsc_2087\"\n                    alt=\"dsc_2087\"\n                    src=\"https:\/\/kontesadora.hr\/stara\/wp-content\/gallery\/dodjela-priznanja-2012\/thumbs\/thumbs_dsc_2087.jpg\"\n                    width=\"100\"\n                    height=\"75\"\n                    style=\"max-width:100%;\"\n                \/>\n            <\/a>\n        <\/div>\n\t\t\t\t\t\t\t<\/div> \n\t\t\t\n        \n\t\t\n\t\t<!-- Pagination -->\n\t<div class='ngg-clear'><\/div>\t<\/div>\n13. lipnja 2012. Dodjela priznanja, Na\u0161ice<\/p>\n<!-- index.php -->\n<div\n\tclass=\"ngg-galleryoverview ngg-ajax-pagination-none\"\n\tid=\"ngg-gallery-7ba5ea13076c4257d058faa421112b72-1\">\n\n    \t<div class=\"slideshowlink\">\n        <a href='https:\/\/kontesadora.hr\/stara\/galerija\/nggallery\/slideshow'>[Show as slideshow]<\/a>\n\t\t\n\t<\/div>\n\t\t\t<!-- Thumbnails -->\n\t\t\t\t<div id=\"ngg-image-0\" class=\"ngg-gallery-thumbnail-box\" >\n\t\t\t\t        <div class=\"ngg-gallery-thumbnail\">\n            <a href=\"https:\/\/kontesadora.hr\/stara\/wp-content\/gallery\/javni-glazbeni-sat\/600613_10150964952347147_1817364411_n.jpg\"\n               title=\"\"\n               data-src=\"https:\/\/kontesadora.hr\/stara\/wp-content\/gallery\/javni-glazbeni-sat\/600613_10150964952347147_1817364411_n.jpg\"\n               data-thumbnail=\"https:\/\/kontesadora.hr\/stara\/wp-content\/gallery\/javni-glazbeni-sat\/thumbs\/thumbs_600613_10150964952347147_1817364411_n.jpg\"\n               data-image-id=\"419\"\n               data-title=\"600613_10150964952347147_1817364411_n\"\n               data-description=\"\"\n               data-image-slug=\"600613_10150964952347147_1817364411_n\"\n               class=\"shutterset_7ba5ea13076c4257d058faa421112b72\">\n                <img\n                    title=\"600613_10150964952347147_1817364411_n\"\n                    alt=\"600613_10150964952347147_1817364411_n\"\n                    src=\"https:\/\/kontesadora.hr\/stara\/wp-content\/gallery\/javni-glazbeni-sat\/thumbs\/thumbs_600613_10150964952347147_1817364411_n.jpg\"\n                    width=\"100\"\n                    height=\"75\"\n                    style=\"max-width:100%;\"\n                \/>\n            <\/a>\n        <\/div>\n\t\t\t\t\t\t\t<\/div> \n\t\t\t\n        \n\t\t\t\t<div id=\"ngg-image-1\" class=\"ngg-gallery-thumbnail-box\" >\n\t\t\t\t        <div class=\"ngg-gallery-thumbnail\">\n            <a href=\"https:\/\/kontesadora.hr\/stara\/wp-content\/gallery\/javni-glazbeni-sat\/599462_10150964952752147_1114645630_n.jpg\"\n               title=\"\"\n               data-src=\"https:\/\/kontesadora.hr\/stara\/wp-content\/gallery\/javni-glazbeni-sat\/599462_10150964952752147_1114645630_n.jpg\"\n               data-thumbnail=\"https:\/\/kontesadora.hr\/stara\/wp-content\/gallery\/javni-glazbeni-sat\/thumbs\/thumbs_599462_10150964952752147_1114645630_n.jpg\"\n               data-image-id=\"418\"\n               data-title=\"599462_10150964952752147_1114645630_n\"\n               data-description=\"\"\n               data-image-slug=\"599462_10150964952752147_1114645630_n\"\n               class=\"shutterset_7ba5ea13076c4257d058faa421112b72\">\n                <img\n                    title=\"599462_10150964952752147_1114645630_n\"\n                    alt=\"599462_10150964952752147_1114645630_n\"\n                    src=\"https:\/\/kontesadora.hr\/stara\/wp-content\/gallery\/javni-glazbeni-sat\/thumbs\/thumbs_599462_10150964952752147_1114645630_n.jpg\"\n                    width=\"100\"\n                    height=\"75\"\n                    style=\"max-width:100%;\"\n                \/>\n            <\/a>\n        <\/div>\n\t\t\t\t\t\t\t<\/div> \n\t\t\t\n        \n\t\t\t\t<div id=\"ngg-image-2\" class=\"ngg-gallery-thumbnail-box\" >\n\t\t\t\t        <div class=\"ngg-gallery-thumbnail\">\n            <a href=\"https:\/\/kontesadora.hr\/stara\/wp-content\/gallery\/javni-glazbeni-sat\/599327_10150964982187147_1140258833_n.jpg\"\n               title=\"\"\n               data-src=\"https:\/\/kontesadora.hr\/stara\/wp-content\/gallery\/javni-glazbeni-sat\/599327_10150964982187147_1140258833_n.jpg\"\n               data-thumbnail=\"https:\/\/kontesadora.hr\/stara\/wp-content\/gallery\/javni-glazbeni-sat\/thumbs\/thumbs_599327_10150964982187147_1140258833_n.jpg\"\n               data-image-id=\"417\"\n               data-title=\"599327_10150964982187147_1140258833_n\"\n               data-description=\"\"\n               data-image-slug=\"599327_10150964982187147_1140258833_n\"\n               class=\"shutterset_7ba5ea13076c4257d058faa421112b72\">\n                <img\n                    title=\"599327_10150964982187147_1140258833_n\"\n                    alt=\"599327_10150964982187147_1140258833_n\"\n                    src=\"https:\/\/kontesadora.hr\/stara\/wp-content\/gallery\/javni-glazbeni-sat\/thumbs\/thumbs_599327_10150964982187147_1140258833_n.jpg\"\n                    width=\"100\"\n                    height=\"75\"\n                    style=\"max-width:100%;\"\n                \/>\n            <\/a>\n        <\/div>\n\t\t\t\t\t\t\t<\/div> \n\t\t\t\n        \n\t\t\t\t<div id=\"ngg-image-3\" class=\"ngg-gallery-thumbnail-box\" >\n\t\t\t\t        <div class=\"ngg-gallery-thumbnail\">\n            <a href=\"https:\/\/kontesadora.hr\/stara\/wp-content\/gallery\/javni-glazbeni-sat\/582438_10150964979862147_1479418527_n.jpg\"\n               title=\"\"\n               data-src=\"https:\/\/kontesadora.hr\/stara\/wp-content\/gallery\/javni-glazbeni-sat\/582438_10150964979862147_1479418527_n.jpg\"\n               data-thumbnail=\"https:\/\/kontesadora.hr\/stara\/wp-content\/gallery\/javni-glazbeni-sat\/thumbs\/thumbs_582438_10150964979862147_1479418527_n.jpg\"\n               data-image-id=\"416\"\n               data-title=\"582438_10150964979862147_1479418527_n\"\n               data-description=\"\"\n               data-image-slug=\"582438_10150964979862147_1479418527_n\"\n               class=\"shutterset_7ba5ea13076c4257d058faa421112b72\">\n                <img\n                    title=\"582438_10150964979862147_1479418527_n\"\n                    alt=\"582438_10150964979862147_1479418527_n\"\n                    src=\"https:\/\/kontesadora.hr\/stara\/wp-content\/gallery\/javni-glazbeni-sat\/thumbs\/thumbs_582438_10150964979862147_1479418527_n.jpg\"\n                    width=\"100\"\n                    height=\"75\"\n                    style=\"max-width:100%;\"\n                \/>\n            <\/a>\n        <\/div>\n\t\t\t\t\t\t\t<\/div> \n\t\t\t\n        \n\t\t\t\t<div id=\"ngg-image-4\" class=\"ngg-gallery-thumbnail-box\" >\n\t\t\t\t        <div class=\"ngg-gallery-thumbnail\">\n            <a href=\"https:\/\/kontesadora.hr\/stara\/wp-content\/gallery\/javni-glazbeni-sat\/575716_10150964957022147_639516252_n.jpg\"\n               title=\"\"\n               data-src=\"https:\/\/kontesadora.hr\/stara\/wp-content\/gallery\/javni-glazbeni-sat\/575716_10150964957022147_639516252_n.jpg\"\n               data-thumbnail=\"https:\/\/kontesadora.hr\/stara\/wp-content\/gallery\/javni-glazbeni-sat\/thumbs\/thumbs_575716_10150964957022147_639516252_n.jpg\"\n               data-image-id=\"415\"\n               data-title=\"575716_10150964957022147_639516252_n\"\n               data-description=\"\"\n               data-image-slug=\"575716_10150964957022147_639516252_n\"\n               class=\"shutterset_7ba5ea13076c4257d058faa421112b72\">\n                <img\n                    title=\"575716_10150964957022147_639516252_n\"\n                    alt=\"575716_10150964957022147_639516252_n\"\n                    src=\"https:\/\/kontesadora.hr\/stara\/wp-content\/gallery\/javni-glazbeni-sat\/thumbs\/thumbs_575716_10150964957022147_639516252_n.jpg\"\n                    width=\"100\"\n                    height=\"75\"\n                    style=\"max-width:100%;\"\n                \/>\n            <\/a>\n        <\/div>\n\t\t\t\t\t\t\t<\/div> \n\t\t\t\n        \n\t\t\t\t<div id=\"ngg-image-5\" class=\"ngg-gallery-thumbnail-box\" >\n\t\t\t\t        <div class=\"ngg-gallery-thumbnail\">\n            <a href=\"https:\/\/kontesadora.hr\/stara\/wp-content\/gallery\/javni-glazbeni-sat\/564231_10150964954982147_762139809_n.jpg\"\n               title=\"\"\n               data-src=\"https:\/\/kontesadora.hr\/stara\/wp-content\/gallery\/javni-glazbeni-sat\/564231_10150964954982147_762139809_n.jpg\"\n               data-thumbnail=\"https:\/\/kontesadora.hr\/stara\/wp-content\/gallery\/javni-glazbeni-sat\/thumbs\/thumbs_564231_10150964954982147_762139809_n.jpg\"\n               data-image-id=\"414\"\n               data-title=\"564231_10150964954982147_762139809_n\"\n               data-description=\"\"\n               data-image-slug=\"564231_10150964954982147_762139809_n\"\n               class=\"shutterset_7ba5ea13076c4257d058faa421112b72\">\n                <img\n                    title=\"564231_10150964954982147_762139809_n\"\n                    alt=\"564231_10150964954982147_762139809_n\"\n                    src=\"https:\/\/kontesadora.hr\/stara\/wp-content\/gallery\/javni-glazbeni-sat\/thumbs\/thumbs_564231_10150964954982147_762139809_n.jpg\"\n                    width=\"100\"\n                    height=\"75\"\n                    style=\"max-width:100%;\"\n                \/>\n            <\/a>\n        <\/div>\n\t\t\t\t\t\t\t<\/div> \n\t\t\t\n        \n\t\t\t\t<div id=\"ngg-image-6\" class=\"ngg-gallery-thumbnail-box\" >\n\t\t\t\t        <div class=\"ngg-gallery-thumbnail\">\n            <a href=\"https:\/\/kontesadora.hr\/stara\/wp-content\/gallery\/javni-glazbeni-sat\/556873_10150964949482147_751069866_n.jpg\"\n               title=\"\"\n               data-src=\"https:\/\/kontesadora.hr\/stara\/wp-content\/gallery\/javni-glazbeni-sat\/556873_10150964949482147_751069866_n.jpg\"\n               data-thumbnail=\"https:\/\/kontesadora.hr\/stara\/wp-content\/gallery\/javni-glazbeni-sat\/thumbs\/thumbs_556873_10150964949482147_751069866_n.jpg\"\n               data-image-id=\"413\"\n               data-title=\"556873_10150964949482147_751069866_n\"\n               data-description=\"\"\n               data-image-slug=\"556873_10150964949482147_751069866_n\"\n               class=\"shutterset_7ba5ea13076c4257d058faa421112b72\">\n                <img\n                    title=\"556873_10150964949482147_751069866_n\"\n                    alt=\"556873_10150964949482147_751069866_n\"\n                    src=\"https:\/\/kontesadora.hr\/stara\/wp-content\/gallery\/javni-glazbeni-sat\/thumbs\/thumbs_556873_10150964949482147_751069866_n.jpg\"\n                    width=\"100\"\n                    height=\"75\"\n                    style=\"max-width:100%;\"\n                \/>\n            <\/a>\n        <\/div>\n\t\t\t\t\t\t\t<\/div> \n\t\t\t\n        \n\t\t\t\t<div id=\"ngg-image-7\" class=\"ngg-gallery-thumbnail-box\" >\n\t\t\t\t        <div class=\"ngg-gallery-thumbnail\">\n            <a href=\"https:\/\/kontesadora.hr\/stara\/wp-content\/gallery\/javni-glazbeni-sat\/556735_10150964970627147_1715748799_n.jpg\"\n               title=\"\"\n               data-src=\"https:\/\/kontesadora.hr\/stara\/wp-content\/gallery\/javni-glazbeni-sat\/556735_10150964970627147_1715748799_n.jpg\"\n               data-thumbnail=\"https:\/\/kontesadora.hr\/stara\/wp-content\/gallery\/javni-glazbeni-sat\/thumbs\/thumbs_556735_10150964970627147_1715748799_n.jpg\"\n               data-image-id=\"412\"\n               data-title=\"556735_10150964970627147_1715748799_n\"\n               data-description=\"\"\n               data-image-slug=\"556735_10150964970627147_1715748799_n\"\n               class=\"shutterset_7ba5ea13076c4257d058faa421112b72\">\n                <img\n                    title=\"556735_10150964970627147_1715748799_n\"\n                    alt=\"556735_10150964970627147_1715748799_n\"\n                    src=\"https:\/\/kontesadora.hr\/stara\/wp-content\/gallery\/javni-glazbeni-sat\/thumbs\/thumbs_556735_10150964970627147_1715748799_n.jpg\"\n                    width=\"100\"\n                    height=\"75\"\n                    style=\"max-width:100%;\"\n                \/>\n            <\/a>\n        <\/div>\n\t\t\t\t\t\t\t<\/div> \n\t\t\t\n        \n\t\t\t\t<div id=\"ngg-image-8\" class=\"ngg-gallery-thumbnail-box\" >\n\t\t\t\t        <div class=\"ngg-gallery-thumbnail\">\n            <a href=\"https:\/\/kontesadora.hr\/stara\/wp-content\/gallery\/javni-glazbeni-sat\/555449_10150964932327147_973423403_n.jpg\"\n               title=\"\"\n               data-src=\"https:\/\/kontesadora.hr\/stara\/wp-content\/gallery\/javni-glazbeni-sat\/555449_10150964932327147_973423403_n.jpg\"\n               data-thumbnail=\"https:\/\/kontesadora.hr\/stara\/wp-content\/gallery\/javni-glazbeni-sat\/thumbs\/thumbs_555449_10150964932327147_973423403_n.jpg\"\n               data-image-id=\"411\"\n               data-title=\"555449_10150964932327147_973423403_n\"\n               data-description=\"\"\n               data-image-slug=\"555449_10150964932327147_973423403_n\"\n               class=\"shutterset_7ba5ea13076c4257d058faa421112b72\">\n                <img\n                    title=\"555449_10150964932327147_973423403_n\"\n                    alt=\"555449_10150964932327147_973423403_n\"\n                    src=\"https:\/\/kontesadora.hr\/stara\/wp-content\/gallery\/javni-glazbeni-sat\/thumbs\/thumbs_555449_10150964932327147_973423403_n.jpg\"\n                    width=\"100\"\n                    height=\"75\"\n                    style=\"max-width:100%;\"\n                \/>\n            <\/a>\n        <\/div>\n\t\t\t\t\t\t\t<\/div> \n\t\t\t\n        \n\t\t\t\t<div id=\"ngg-image-9\" class=\"ngg-gallery-thumbnail-box\" >\n\t\t\t\t        <div class=\"ngg-gallery-thumbnail\">\n            <a href=\"https:\/\/kontesadora.hr\/stara\/wp-content\/gallery\/javni-glazbeni-sat\/555448_10150964944427147_525918552_n.jpg\"\n               title=\"\"\n               data-src=\"https:\/\/kontesadora.hr\/stara\/wp-content\/gallery\/javni-glazbeni-sat\/555448_10150964944427147_525918552_n.jpg\"\n               data-thumbnail=\"https:\/\/kontesadora.hr\/stara\/wp-content\/gallery\/javni-glazbeni-sat\/thumbs\/thumbs_555448_10150964944427147_525918552_n.jpg\"\n               data-image-id=\"410\"\n               data-title=\"555448_10150964944427147_525918552_n\"\n               data-description=\"\"\n               data-image-slug=\"555448_10150964944427147_525918552_n\"\n               class=\"shutterset_7ba5ea13076c4257d058faa421112b72\">\n                <img\n                    title=\"555448_10150964944427147_525918552_n\"\n                    alt=\"555448_10150964944427147_525918552_n\"\n                    src=\"https:\/\/kontesadora.hr\/stara\/wp-content\/gallery\/javni-glazbeni-sat\/thumbs\/thumbs_555448_10150964944427147_525918552_n.jpg\"\n                    width=\"100\"\n                    height=\"75\"\n                    style=\"max-width:100%;\"\n                \/>\n            <\/a>\n        <\/div>\n\t\t\t\t\t\t\t<\/div> \n\t\t\t\n        \n\t\t\t\t<div id=\"ngg-image-10\" class=\"ngg-gallery-thumbnail-box\" >\n\t\t\t\t        <div class=\"ngg-gallery-thumbnail\">\n            <a href=\"https:\/\/kontesadora.hr\/stara\/wp-content\/gallery\/javni-glazbeni-sat\/554382_10150964945582147_1391954850_n.jpg\"\n               title=\"\"\n               data-src=\"https:\/\/kontesadora.hr\/stara\/wp-content\/gallery\/javni-glazbeni-sat\/554382_10150964945582147_1391954850_n.jpg\"\n               data-thumbnail=\"https:\/\/kontesadora.hr\/stara\/wp-content\/gallery\/javni-glazbeni-sat\/thumbs\/thumbs_554382_10150964945582147_1391954850_n.jpg\"\n               data-image-id=\"409\"\n               data-title=\"554382_10150964945582147_1391954850_n\"\n               data-description=\"\"\n               data-image-slug=\"554382_10150964945582147_1391954850_n\"\n               class=\"shutterset_7ba5ea13076c4257d058faa421112b72\">\n                <img\n                    title=\"554382_10150964945582147_1391954850_n\"\n                    alt=\"554382_10150964945582147_1391954850_n\"\n                    src=\"https:\/\/kontesadora.hr\/stara\/wp-content\/gallery\/javni-glazbeni-sat\/thumbs\/thumbs_554382_10150964945582147_1391954850_n.jpg\"\n                    width=\"100\"\n                    height=\"75\"\n                    style=\"max-width:100%;\"\n                \/>\n            <\/a>\n        <\/div>\n\t\t\t\t\t\t\t<\/div> \n\t\t\t\n        \n\t\t\t\t<div id=\"ngg-image-11\" class=\"ngg-gallery-thumbnail-box\" >\n\t\t\t\t        <div class=\"ngg-gallery-thumbnail\">\n            <a href=\"https:\/\/kontesadora.hr\/stara\/wp-content\/gallery\/javni-glazbeni-sat\/547575_10150964954682147_1534452672_n.jpg\"\n               title=\"\"\n               data-src=\"https:\/\/kontesadora.hr\/stara\/wp-content\/gallery\/javni-glazbeni-sat\/547575_10150964954682147_1534452672_n.jpg\"\n               data-thumbnail=\"https:\/\/kontesadora.hr\/stara\/wp-content\/gallery\/javni-glazbeni-sat\/thumbs\/thumbs_547575_10150964954682147_1534452672_n.jpg\"\n               data-image-id=\"408\"\n               data-title=\"547575_10150964954682147_1534452672_n\"\n               data-description=\"\"\n               data-image-slug=\"547575_10150964954682147_1534452672_n\"\n               class=\"shutterset_7ba5ea13076c4257d058faa421112b72\">\n                <img\n                    title=\"547575_10150964954682147_1534452672_n\"\n                    alt=\"547575_10150964954682147_1534452672_n\"\n                    src=\"https:\/\/kontesadora.hr\/stara\/wp-content\/gallery\/javni-glazbeni-sat\/thumbs\/thumbs_547575_10150964954682147_1534452672_n.jpg\"\n                    width=\"100\"\n                    height=\"75\"\n                    style=\"max-width:100%;\"\n                \/>\n            <\/a>\n        <\/div>\n\t\t\t\t\t\t\t<\/div> \n\t\t\t\n        \n\t\t\t\t<div id=\"ngg-image-12\" class=\"ngg-gallery-thumbnail-box\" >\n\t\t\t\t        <div class=\"ngg-gallery-thumbnail\">\n            <a href=\"https:\/\/kontesadora.hr\/stara\/wp-content\/gallery\/javni-glazbeni-sat\/542955_10150964958572147_143204905_n.jpg\"\n               title=\"\"\n               data-src=\"https:\/\/kontesadora.hr\/stara\/wp-content\/gallery\/javni-glazbeni-sat\/542955_10150964958572147_143204905_n.jpg\"\n               data-thumbnail=\"https:\/\/kontesadora.hr\/stara\/wp-content\/gallery\/javni-glazbeni-sat\/thumbs\/thumbs_542955_10150964958572147_143204905_n.jpg\"\n               data-image-id=\"407\"\n               data-title=\"542955_10150964958572147_143204905_n\"\n               data-description=\"\"\n               data-image-slug=\"542955_10150964958572147_143204905_n\"\n               class=\"shutterset_7ba5ea13076c4257d058faa421112b72\">\n                <img\n                    title=\"542955_10150964958572147_143204905_n\"\n                    alt=\"542955_10150964958572147_143204905_n\"\n                    src=\"https:\/\/kontesadora.hr\/stara\/wp-content\/gallery\/javni-glazbeni-sat\/thumbs\/thumbs_542955_10150964958572147_143204905_n.jpg\"\n                    width=\"100\"\n                    height=\"75\"\n                    style=\"max-width:100%;\"\n                \/>\n            <\/a>\n        <\/div>\n\t\t\t\t\t\t\t<\/div> \n\t\t\t\n        \n\t\t\t\t<div id=\"ngg-image-13\" class=\"ngg-gallery-thumbnail-box\" >\n\t\t\t\t        <div class=\"ngg-gallery-thumbnail\">\n            <a href=\"https:\/\/kontesadora.hr\/stara\/wp-content\/gallery\/javni-glazbeni-sat\/538649_10150964943092147_2031880393_n.jpg\"\n               title=\"\"\n               data-src=\"https:\/\/kontesadora.hr\/stara\/wp-content\/gallery\/javni-glazbeni-sat\/538649_10150964943092147_2031880393_n.jpg\"\n               data-thumbnail=\"https:\/\/kontesadora.hr\/stara\/wp-content\/gallery\/javni-glazbeni-sat\/thumbs\/thumbs_538649_10150964943092147_2031880393_n.jpg\"\n               data-image-id=\"406\"\n               data-title=\"538649_10150964943092147_2031880393_n\"\n               data-description=\"\"\n               data-image-slug=\"538649_10150964943092147_2031880393_n\"\n               class=\"shutterset_7ba5ea13076c4257d058faa421112b72\">\n                <img\n                    title=\"538649_10150964943092147_2031880393_n\"\n                    alt=\"538649_10150964943092147_2031880393_n\"\n                    src=\"https:\/\/kontesadora.hr\/stara\/wp-content\/gallery\/javni-glazbeni-sat\/thumbs\/thumbs_538649_10150964943092147_2031880393_n.jpg\"\n                    width=\"100\"\n                    height=\"75\"\n                    style=\"max-width:100%;\"\n                \/>\n            <\/a>\n        <\/div>\n\t\t\t\t\t\t\t<\/div> \n\t\t\t\n        \n\t\t\t\t<div id=\"ngg-image-14\" class=\"ngg-gallery-thumbnail-box\" >\n\t\t\t\t        <div class=\"ngg-gallery-thumbnail\">\n            <a href=\"https:\/\/kontesadora.hr\/stara\/wp-content\/gallery\/javni-glazbeni-sat\/538380_10150964980897147_585664668_n.jpg\"\n               title=\"\"\n               data-src=\"https:\/\/kontesadora.hr\/stara\/wp-content\/gallery\/javni-glazbeni-sat\/538380_10150964980897147_585664668_n.jpg\"\n               data-thumbnail=\"https:\/\/kontesadora.hr\/stara\/wp-content\/gallery\/javni-glazbeni-sat\/thumbs\/thumbs_538380_10150964980897147_585664668_n.jpg\"\n               data-image-id=\"405\"\n               data-title=\"538380_10150964980897147_585664668_n\"\n               data-description=\"\"\n               data-image-slug=\"538380_10150964980897147_585664668_n\"\n               class=\"shutterset_7ba5ea13076c4257d058faa421112b72\">\n                <img\n                    title=\"538380_10150964980897147_585664668_n\"\n                    alt=\"538380_10150964980897147_585664668_n\"\n                    src=\"https:\/\/kontesadora.hr\/stara\/wp-content\/gallery\/javni-glazbeni-sat\/thumbs\/thumbs_538380_10150964980897147_585664668_n.jpg\"\n                    width=\"100\"\n                    height=\"75\"\n                    style=\"max-width:100%;\"\n                \/>\n            <\/a>\n        <\/div>\n\t\t\t\t\t\t\t<\/div> \n\t\t\t\n        \n\t\t\t\t<div id=\"ngg-image-15\" class=\"ngg-gallery-thumbnail-box\" >\n\t\t\t\t        <div class=\"ngg-gallery-thumbnail\">\n            <a href=\"https:\/\/kontesadora.hr\/stara\/wp-content\/gallery\/javni-glazbeni-sat\/535753_10150964978262147_197531618_n.jpg\"\n               title=\"\"\n               data-src=\"https:\/\/kontesadora.hr\/stara\/wp-content\/gallery\/javni-glazbeni-sat\/535753_10150964978262147_197531618_n.jpg\"\n               data-thumbnail=\"https:\/\/kontesadora.hr\/stara\/wp-content\/gallery\/javni-glazbeni-sat\/thumbs\/thumbs_535753_10150964978262147_197531618_n.jpg\"\n               data-image-id=\"404\"\n               data-title=\"535753_10150964978262147_197531618_n\"\n               data-description=\"\"\n               data-image-slug=\"535753_10150964978262147_197531618_n\"\n               class=\"shutterset_7ba5ea13076c4257d058faa421112b72\">\n                <img\n                    title=\"535753_10150964978262147_197531618_n\"\n                    alt=\"535753_10150964978262147_197531618_n\"\n                    src=\"https:\/\/kontesadora.hr\/stara\/wp-content\/gallery\/javni-glazbeni-sat\/thumbs\/thumbs_535753_10150964978262147_197531618_n.jpg\"\n                    width=\"100\"\n                    height=\"75\"\n                    style=\"max-width:100%;\"\n                \/>\n            <\/a>\n        <\/div>\n\t\t\t\t\t\t\t<\/div> \n\t\t\t\n        \n\t\t\t\t<div id=\"ngg-image-16\" class=\"ngg-gallery-thumbnail-box\" >\n\t\t\t\t        <div class=\"ngg-gallery-thumbnail\">\n            <a href=\"https:\/\/kontesadora.hr\/stara\/wp-content\/gallery\/javni-glazbeni-sat\/533451_10150964937912147_1201348972_n.jpg\"\n               title=\"\"\n               data-src=\"https:\/\/kontesadora.hr\/stara\/wp-content\/gallery\/javni-glazbeni-sat\/533451_10150964937912147_1201348972_n.jpg\"\n               data-thumbnail=\"https:\/\/kontesadora.hr\/stara\/wp-content\/gallery\/javni-glazbeni-sat\/thumbs\/thumbs_533451_10150964937912147_1201348972_n.jpg\"\n               data-image-id=\"403\"\n               data-title=\"533451_10150964937912147_1201348972_n\"\n               data-description=\"\"\n               data-image-slug=\"533451_10150964937912147_1201348972_n\"\n               class=\"shutterset_7ba5ea13076c4257d058faa421112b72\">\n                <img\n                    title=\"533451_10150964937912147_1201348972_n\"\n                    alt=\"533451_10150964937912147_1201348972_n\"\n                    src=\"https:\/\/kontesadora.hr\/stara\/wp-content\/gallery\/javni-glazbeni-sat\/thumbs\/thumbs_533451_10150964937912147_1201348972_n.jpg\"\n                    width=\"100\"\n                    height=\"75\"\n                    style=\"max-width:100%;\"\n                \/>\n            <\/a>\n        <\/div>\n\t\t\t\t\t\t\t<\/div> \n\t\t\t\n        \n\t\t\t\t<div id=\"ngg-image-17\" class=\"ngg-gallery-thumbnail-box\" >\n\t\t\t\t        <div class=\"ngg-gallery-thumbnail\">\n            <a href=\"https:\/\/kontesadora.hr\/stara\/wp-content\/gallery\/javni-glazbeni-sat\/526725_10150964940262147_785999084_n.jpg\"\n               title=\"\"\n               data-src=\"https:\/\/kontesadora.hr\/stara\/wp-content\/gallery\/javni-glazbeni-sat\/526725_10150964940262147_785999084_n.jpg\"\n               data-thumbnail=\"https:\/\/kontesadora.hr\/stara\/wp-content\/gallery\/javni-glazbeni-sat\/thumbs\/thumbs_526725_10150964940262147_785999084_n.jpg\"\n               data-image-id=\"402\"\n               data-title=\"526725_10150964940262147_785999084_n\"\n               data-description=\"\"\n               data-image-slug=\"526725_10150964940262147_785999084_n\"\n               class=\"shutterset_7ba5ea13076c4257d058faa421112b72\">\n                <img\n                    title=\"526725_10150964940262147_785999084_n\"\n                    alt=\"526725_10150964940262147_785999084_n\"\n                    src=\"https:\/\/kontesadora.hr\/stara\/wp-content\/gallery\/javni-glazbeni-sat\/thumbs\/thumbs_526725_10150964940262147_785999084_n.jpg\"\n                    width=\"100\"\n                    height=\"75\"\n                    style=\"max-width:100%;\"\n                \/>\n            <\/a>\n        <\/div>\n\t\t\t\t\t\t\t<\/div> \n\t\t\t\n        \n\t\t\t\t<div id=\"ngg-image-18\" class=\"ngg-gallery-thumbnail-box\" >\n\t\t\t\t        <div class=\"ngg-gallery-thumbnail\">\n            <a href=\"https:\/\/kontesadora.hr\/stara\/wp-content\/gallery\/javni-glazbeni-sat\/526717_10150964934242147_414897211_n.jpg\"\n               title=\"\"\n               data-src=\"https:\/\/kontesadora.hr\/stara\/wp-content\/gallery\/javni-glazbeni-sat\/526717_10150964934242147_414897211_n.jpg\"\n               data-thumbnail=\"https:\/\/kontesadora.hr\/stara\/wp-content\/gallery\/javni-glazbeni-sat\/thumbs\/thumbs_526717_10150964934242147_414897211_n.jpg\"\n               data-image-id=\"401\"\n               data-title=\"526717_10150964934242147_414897211_n\"\n               data-description=\"\"\n               data-image-slug=\"526717_10150964934242147_414897211_n\"\n               class=\"shutterset_7ba5ea13076c4257d058faa421112b72\">\n                <img\n                    title=\"526717_10150964934242147_414897211_n\"\n                    alt=\"526717_10150964934242147_414897211_n\"\n                    src=\"https:\/\/kontesadora.hr\/stara\/wp-content\/gallery\/javni-glazbeni-sat\/thumbs\/thumbs_526717_10150964934242147_414897211_n.jpg\"\n                    width=\"100\"\n                    height=\"75\"\n                    style=\"max-width:100%;\"\n                \/>\n            <\/a>\n        <\/div>\n\t\t\t\t\t\t\t<\/div> \n\t\t\t\n        \n\t\t\t\t<div id=\"ngg-image-19\" class=\"ngg-gallery-thumbnail-box\" >\n\t\t\t\t        <div class=\"ngg-gallery-thumbnail\">\n            <a href=\"https:\/\/kontesadora.hr\/stara\/wp-content\/gallery\/javni-glazbeni-sat\/521284_10150964973947147_972660749_n.jpg\"\n               title=\"\"\n               data-src=\"https:\/\/kontesadora.hr\/stara\/wp-content\/gallery\/javni-glazbeni-sat\/521284_10150964973947147_972660749_n.jpg\"\n               data-thumbnail=\"https:\/\/kontesadora.hr\/stara\/wp-content\/gallery\/javni-glazbeni-sat\/thumbs\/thumbs_521284_10150964973947147_972660749_n.jpg\"\n               data-image-id=\"400\"\n               data-title=\"521284_10150964973947147_972660749_n\"\n               data-description=\"\"\n               data-image-slug=\"521284_10150964973947147_972660749_n\"\n               class=\"shutterset_7ba5ea13076c4257d058faa421112b72\">\n                <img\n                    title=\"521284_10150964973947147_972660749_n\"\n                    alt=\"521284_10150964973947147_972660749_n\"\n                    src=\"https:\/\/kontesadora.hr\/stara\/wp-content\/gallery\/javni-glazbeni-sat\/thumbs\/thumbs_521284_10150964973947147_972660749_n.jpg\"\n                    width=\"100\"\n                    height=\"75\"\n                    style=\"max-width:100%;\"\n                \/>\n            <\/a>\n        <\/div>\n\t\t\t\t\t\t\t<\/div> \n\t\t\t\n        \n\t\t\n\t\t<!-- Pagination -->\n\t<div class='ngg-navigation'><span class='current'>1<\/span>\n<a class='page-numbers' data-pageid='2' href='https:\/\/kontesadora.hr\/stara\/galerija\/nggallery\/page\/2'>2<\/a>\n<a class='prev' href='https:\/\/kontesadora.hr\/stara\/galerija\/nggallery\/page\/2' data-pageid=2>&#9658;<\/a><\/div>\t<\/div>\n6. lipnja 2012.&nbsp; Trg Franje Tu\u0111mana, Na\u0161ice. Javni glazbeni sat na temu &#8220;\u017delimo u\u010diti, svirati, stvarati i \u017eivjeti!&#8221; Razvoj i opstojnost Osnovne glazbene \u0161kole &#8220;Kontesa Dora&#8221; i Tambura\u0161kog dru\u0161tva &#8220;Dora Peja\u010devi\u0107&#8221; u uvjetima povrata &#8220;malog dvorca&#8221; nasljednicima obitelji Peja\u010devi\u0107.<\/p>\n<!-- index.php -->\n<div\n\tclass=\"ngg-galleryoverview ngg-ajax-pagination-none\"\n\tid=\"ngg-gallery-b08a9222fd6c9a3f7cb5b7430f3b29de-1\">\n\n    \t<div class=\"slideshowlink\">\n        <a href='https:\/\/kontesadora.hr\/stara\/galerija\/nggallery\/slideshow'>[Show as slideshow]<\/a>\n\t\t\n\t<\/div>\n\t\t\t<!-- Thumbnails -->\n\t\t\t\t<div id=\"ngg-image-0\" class=\"ngg-gallery-thumbnail-box\" >\n\t\t\t\t        <div class=\"ngg-gallery-thumbnail\">\n            <a href=\"https:\/\/kontesadora.hr\/stara\/wp-content\/gallery\/35-mfhtg\/dsc_1558.jpg\"\n               title=\"\"\n               data-src=\"https:\/\/kontesadora.hr\/stara\/wp-content\/gallery\/35-mfhtg\/dsc_1558.jpg\"\n               data-thumbnail=\"https:\/\/kontesadora.hr\/stara\/wp-content\/gallery\/35-mfhtg\/thumbs\/thumbs_dsc_1558.jpg\"\n               data-image-id=\"1272\"\n               data-title=\"dsc_1558\"\n               data-description=\"\"\n               data-image-slug=\"dsc_1558\"\n               class=\"shutterset_b08a9222fd6c9a3f7cb5b7430f3b29de\">\n                <img\n                    title=\"dsc_1558\"\n                    alt=\"dsc_1558\"\n                    src=\"https:\/\/kontesadora.hr\/stara\/wp-content\/gallery\/35-mfhtg\/thumbs\/thumbs_dsc_1558.jpg\"\n                    width=\"100\"\n                    height=\"75\"\n                    style=\"max-width:100%;\"\n                \/>\n            <\/a>\n        <\/div>\n\t\t\t\t\t\t\t<\/div> \n\t\t\t\n        \n\t\t\t\t<div id=\"ngg-image-1\" class=\"ngg-gallery-thumbnail-box\" >\n\t\t\t\t        <div class=\"ngg-gallery-thumbnail\">\n            <a href=\"https:\/\/kontesadora.hr\/stara\/wp-content\/gallery\/35-mfhtg\/dsc_1555.jpg\"\n               title=\"\"\n               data-src=\"https:\/\/kontesadora.hr\/stara\/wp-content\/gallery\/35-mfhtg\/dsc_1555.jpg\"\n               data-thumbnail=\"https:\/\/kontesadora.hr\/stara\/wp-content\/gallery\/35-mfhtg\/thumbs\/thumbs_dsc_1555.jpg\"\n               data-image-id=\"1271\"\n               data-title=\"dsc_1555\"\n               data-description=\"\"\n               data-image-slug=\"dsc_1555\"\n               class=\"shutterset_b08a9222fd6c9a3f7cb5b7430f3b29de\">\n                <img\n                    title=\"dsc_1555\"\n                    alt=\"dsc_1555\"\n                    src=\"https:\/\/kontesadora.hr\/stara\/wp-content\/gallery\/35-mfhtg\/thumbs\/thumbs_dsc_1555.jpg\"\n                    width=\"100\"\n                    height=\"75\"\n                    style=\"max-width:100%;\"\n                \/>\n            <\/a>\n        <\/div>\n\t\t\t\t\t\t\t<\/div> \n\t\t\t\n        \n\t\t\t\t<div id=\"ngg-image-2\" class=\"ngg-gallery-thumbnail-box\" >\n\t\t\t\t        <div class=\"ngg-gallery-thumbnail\">\n            <a href=\"https:\/\/kontesadora.hr\/stara\/wp-content\/gallery\/35-mfhtg\/dsc_1550.jpg\"\n               title=\"\"\n               data-src=\"https:\/\/kontesadora.hr\/stara\/wp-content\/gallery\/35-mfhtg\/dsc_1550.jpg\"\n               data-thumbnail=\"https:\/\/kontesadora.hr\/stara\/wp-content\/gallery\/35-mfhtg\/thumbs\/thumbs_dsc_1550.jpg\"\n               data-image-id=\"1270\"\n               data-title=\"dsc_1550\"\n               data-description=\"\"\n               data-image-slug=\"dsc_1550\"\n               class=\"shutterset_b08a9222fd6c9a3f7cb5b7430f3b29de\">\n                <img\n                    title=\"dsc_1550\"\n                    alt=\"dsc_1550\"\n                    src=\"https:\/\/kontesadora.hr\/stara\/wp-content\/gallery\/35-mfhtg\/thumbs\/thumbs_dsc_1550.jpg\"\n                    width=\"100\"\n                    height=\"75\"\n                    style=\"max-width:100%;\"\n                \/>\n            <\/a>\n        <\/div>\n\t\t\t\t\t\t\t<\/div> \n\t\t\t\n        \n\t\t\t\t<div id=\"ngg-image-3\" class=\"ngg-gallery-thumbnail-box\" >\n\t\t\t\t        <div class=\"ngg-gallery-thumbnail\">\n            <a href=\"https:\/\/kontesadora.hr\/stara\/wp-content\/gallery\/35-mfhtg\/dsc_1548.jpg\"\n               title=\"\"\n               data-src=\"https:\/\/kontesadora.hr\/stara\/wp-content\/gallery\/35-mfhtg\/dsc_1548.jpg\"\n               data-thumbnail=\"https:\/\/kontesadora.hr\/stara\/wp-content\/gallery\/35-mfhtg\/thumbs\/thumbs_dsc_1548.jpg\"\n               data-image-id=\"1269\"\n               data-title=\"dsc_1548\"\n               data-description=\"\"\n               data-image-slug=\"dsc_1548\"\n               class=\"shutterset_b08a9222fd6c9a3f7cb5b7430f3b29de\">\n                <img\n                    title=\"dsc_1548\"\n                    alt=\"dsc_1548\"\n                    src=\"https:\/\/kontesadora.hr\/stara\/wp-content\/gallery\/35-mfhtg\/thumbs\/thumbs_dsc_1548.jpg\"\n                    width=\"100\"\n                    height=\"75\"\n                    style=\"max-width:100%;\"\n                \/>\n            <\/a>\n        <\/div>\n\t\t\t\t\t\t\t<\/div> \n\t\t\t\n        \n\t\t\t\t<div id=\"ngg-image-4\" class=\"ngg-gallery-thumbnail-box\" >\n\t\t\t\t        <div class=\"ngg-gallery-thumbnail\">\n            <a href=\"https:\/\/kontesadora.hr\/stara\/wp-content\/gallery\/35-mfhtg\/dsc_1545.jpg\"\n               title=\"\"\n               data-src=\"https:\/\/kontesadora.hr\/stara\/wp-content\/gallery\/35-mfhtg\/dsc_1545.jpg\"\n               data-thumbnail=\"https:\/\/kontesadora.hr\/stara\/wp-content\/gallery\/35-mfhtg\/thumbs\/thumbs_dsc_1545.jpg\"\n               data-image-id=\"1268\"\n               data-title=\"dsc_1545\"\n               data-description=\"\"\n               data-image-slug=\"dsc_1545\"\n               class=\"shutterset_b08a9222fd6c9a3f7cb5b7430f3b29de\">\n                <img\n                    title=\"dsc_1545\"\n                    alt=\"dsc_1545\"\n                    src=\"https:\/\/kontesadora.hr\/stara\/wp-content\/gallery\/35-mfhtg\/thumbs\/thumbs_dsc_1545.jpg\"\n                    width=\"100\"\n                    height=\"75\"\n                    style=\"max-width:100%;\"\n                \/>\n            <\/a>\n        <\/div>\n\t\t\t\t\t\t\t<\/div> \n\t\t\t\n        \n\t\t\t\t<div id=\"ngg-image-5\" class=\"ngg-gallery-thumbnail-box\" >\n\t\t\t\t        <div class=\"ngg-gallery-thumbnail\">\n            <a href=\"https:\/\/kontesadora.hr\/stara\/wp-content\/gallery\/35-mfhtg\/dsc_1543.jpg\"\n               title=\"\"\n               data-src=\"https:\/\/kontesadora.hr\/stara\/wp-content\/gallery\/35-mfhtg\/dsc_1543.jpg\"\n               data-thumbnail=\"https:\/\/kontesadora.hr\/stara\/wp-content\/gallery\/35-mfhtg\/thumbs\/thumbs_dsc_1543.jpg\"\n               data-image-id=\"1267\"\n               data-title=\"dsc_1543\"\n               data-description=\"\"\n               data-image-slug=\"dsc_1543\"\n               class=\"shutterset_b08a9222fd6c9a3f7cb5b7430f3b29de\">\n                <img\n                    title=\"dsc_1543\"\n                    alt=\"dsc_1543\"\n                    src=\"https:\/\/kontesadora.hr\/stara\/wp-content\/gallery\/35-mfhtg\/thumbs\/thumbs_dsc_1543.jpg\"\n                    width=\"100\"\n                    height=\"75\"\n                    style=\"max-width:100%;\"\n                \/>\n            <\/a>\n        <\/div>\n\t\t\t\t\t\t\t<\/div> \n\t\t\t\n        \n\t\t\t\t<div id=\"ngg-image-6\" class=\"ngg-gallery-thumbnail-box\" >\n\t\t\t\t        <div class=\"ngg-gallery-thumbnail\">\n            <a href=\"https:\/\/kontesadora.hr\/stara\/wp-content\/gallery\/35-mfhtg\/dsc_1540.jpg\"\n               title=\"\"\n               data-src=\"https:\/\/kontesadora.hr\/stara\/wp-content\/gallery\/35-mfhtg\/dsc_1540.jpg\"\n               data-thumbnail=\"https:\/\/kontesadora.hr\/stara\/wp-content\/gallery\/35-mfhtg\/thumbs\/thumbs_dsc_1540.jpg\"\n               data-image-id=\"1266\"\n               data-title=\"dsc_1540\"\n               data-description=\"\"\n               data-image-slug=\"dsc_1540\"\n               class=\"shutterset_b08a9222fd6c9a3f7cb5b7430f3b29de\">\n                <img\n                    title=\"dsc_1540\"\n                    alt=\"dsc_1540\"\n                    src=\"https:\/\/kontesadora.hr\/stara\/wp-content\/gallery\/35-mfhtg\/thumbs\/thumbs_dsc_1540.jpg\"\n                    width=\"100\"\n                    height=\"75\"\n                    style=\"max-width:100%;\"\n                \/>\n            <\/a>\n        <\/div>\n\t\t\t\t\t\t\t<\/div> \n\t\t\t\n        \n\t\t\t\t<div id=\"ngg-image-7\" class=\"ngg-gallery-thumbnail-box\" >\n\t\t\t\t        <div class=\"ngg-gallery-thumbnail\">\n            <a href=\"https:\/\/kontesadora.hr\/stara\/wp-content\/gallery\/35-mfhtg\/dsc_1537.jpg\"\n               title=\"\"\n               data-src=\"https:\/\/kontesadora.hr\/stara\/wp-content\/gallery\/35-mfhtg\/dsc_1537.jpg\"\n               data-thumbnail=\"https:\/\/kontesadora.hr\/stara\/wp-content\/gallery\/35-mfhtg\/thumbs\/thumbs_dsc_1537.jpg\"\n               data-image-id=\"1265\"\n               data-title=\"dsc_1537\"\n               data-description=\"\"\n               data-image-slug=\"dsc_1537\"\n               class=\"shutterset_b08a9222fd6c9a3f7cb5b7430f3b29de\">\n                <img\n                    title=\"dsc_1537\"\n                    alt=\"dsc_1537\"\n                    src=\"https:\/\/kontesadora.hr\/stara\/wp-content\/gallery\/35-mfhtg\/thumbs\/thumbs_dsc_1537.jpg\"\n                    width=\"100\"\n                    height=\"75\"\n                    style=\"max-width:100%;\"\n                \/>\n            <\/a>\n        <\/div>\n\t\t\t\t\t\t\t<\/div> \n\t\t\t\n        \n\t\t\t\t<div id=\"ngg-image-8\" class=\"ngg-gallery-thumbnail-box\" >\n\t\t\t\t        <div class=\"ngg-gallery-thumbnail\">\n            <a href=\"https:\/\/kontesadora.hr\/stara\/wp-content\/gallery\/35-mfhtg\/dsc_1536.jpg\"\n               title=\"\"\n               data-src=\"https:\/\/kontesadora.hr\/stara\/wp-content\/gallery\/35-mfhtg\/dsc_1536.jpg\"\n               data-thumbnail=\"https:\/\/kontesadora.hr\/stara\/wp-content\/gallery\/35-mfhtg\/thumbs\/thumbs_dsc_1536.jpg\"\n               data-image-id=\"1264\"\n               data-title=\"dsc_1536\"\n               data-description=\"\"\n               data-image-slug=\"dsc_1536\"\n               class=\"shutterset_b08a9222fd6c9a3f7cb5b7430f3b29de\">\n                <img\n                    title=\"dsc_1536\"\n                    alt=\"dsc_1536\"\n                    src=\"https:\/\/kontesadora.hr\/stara\/wp-content\/gallery\/35-mfhtg\/thumbs\/thumbs_dsc_1536.jpg\"\n                    width=\"100\"\n                    height=\"75\"\n                    style=\"max-width:100%;\"\n                \/>\n            <\/a>\n        <\/div>\n\t\t\t\t\t\t\t<\/div> \n\t\t\t\n        \n\t\t\t\t<div id=\"ngg-image-9\" class=\"ngg-gallery-thumbnail-box\" >\n\t\t\t\t        <div class=\"ngg-gallery-thumbnail\">\n            <a href=\"https:\/\/kontesadora.hr\/stara\/wp-content\/gallery\/35-mfhtg\/dsc_1533.jpg\"\n               title=\"\"\n               data-src=\"https:\/\/kontesadora.hr\/stara\/wp-content\/gallery\/35-mfhtg\/dsc_1533.jpg\"\n               data-thumbnail=\"https:\/\/kontesadora.hr\/stara\/wp-content\/gallery\/35-mfhtg\/thumbs\/thumbs_dsc_1533.jpg\"\n               data-image-id=\"1263\"\n               data-title=\"dsc_1533\"\n               data-description=\"\"\n               data-image-slug=\"dsc_1533\"\n               class=\"shutterset_b08a9222fd6c9a3f7cb5b7430f3b29de\">\n                <img\n                    title=\"dsc_1533\"\n                    alt=\"dsc_1533\"\n                    src=\"https:\/\/kontesadora.hr\/stara\/wp-content\/gallery\/35-mfhtg\/thumbs\/thumbs_dsc_1533.jpg\"\n                    width=\"100\"\n                    height=\"75\"\n                    style=\"max-width:100%;\"\n                \/>\n            <\/a>\n        <\/div>\n\t\t\t\t\t\t\t<\/div> \n\t\t\t\n        \n\t\t\t\t<div id=\"ngg-image-10\" class=\"ngg-gallery-thumbnail-box\" >\n\t\t\t\t        <div class=\"ngg-gallery-thumbnail\">\n            <a href=\"https:\/\/kontesadora.hr\/stara\/wp-content\/gallery\/35-mfhtg\/dsc_1530.jpg\"\n               title=\"\"\n               data-src=\"https:\/\/kontesadora.hr\/stara\/wp-content\/gallery\/35-mfhtg\/dsc_1530.jpg\"\n               data-thumbnail=\"https:\/\/kontesadora.hr\/stara\/wp-content\/gallery\/35-mfhtg\/thumbs\/thumbs_dsc_1530.jpg\"\n               data-image-id=\"1262\"\n               data-title=\"dsc_1530\"\n               data-description=\"\"\n               data-image-slug=\"dsc_1530\"\n               class=\"shutterset_b08a9222fd6c9a3f7cb5b7430f3b29de\">\n                <img\n                    title=\"dsc_1530\"\n                    alt=\"dsc_1530\"\n                    src=\"https:\/\/kontesadora.hr\/stara\/wp-content\/gallery\/35-mfhtg\/thumbs\/thumbs_dsc_1530.jpg\"\n                    width=\"100\"\n                    height=\"75\"\n                    style=\"max-width:100%;\"\n                \/>\n            <\/a>\n        <\/div>\n\t\t\t\t\t\t\t<\/div> \n\t\t\t\n        \n\t\t\t\t<div id=\"ngg-image-11\" class=\"ngg-gallery-thumbnail-box\" >\n\t\t\t\t        <div class=\"ngg-gallery-thumbnail\">\n            <a href=\"https:\/\/kontesadora.hr\/stara\/wp-content\/gallery\/35-mfhtg\/dsc_1527.jpg\"\n               title=\"\"\n               data-src=\"https:\/\/kontesadora.hr\/stara\/wp-content\/gallery\/35-mfhtg\/dsc_1527.jpg\"\n               data-thumbnail=\"https:\/\/kontesadora.hr\/stara\/wp-content\/gallery\/35-mfhtg\/thumbs\/thumbs_dsc_1527.jpg\"\n               data-image-id=\"1261\"\n               data-title=\"dsc_1527\"\n               data-description=\"\"\n               data-image-slug=\"dsc_1527\"\n               class=\"shutterset_b08a9222fd6c9a3f7cb5b7430f3b29de\">\n                <img\n                    title=\"dsc_1527\"\n                    alt=\"dsc_1527\"\n                    src=\"https:\/\/kontesadora.hr\/stara\/wp-content\/gallery\/35-mfhtg\/thumbs\/thumbs_dsc_1527.jpg\"\n                    width=\"100\"\n                    height=\"75\"\n                    style=\"max-width:100%;\"\n                \/>\n            <\/a>\n        <\/div>\n\t\t\t\t\t\t\t<\/div> \n\t\t\t\n        \n\t\t\t\t<div id=\"ngg-image-12\" class=\"ngg-gallery-thumbnail-box\" >\n\t\t\t\t        <div class=\"ngg-gallery-thumbnail\">\n            <a href=\"https:\/\/kontesadora.hr\/stara\/wp-content\/gallery\/35-mfhtg\/dsc_1526.jpg\"\n               title=\"\"\n               data-src=\"https:\/\/kontesadora.hr\/stara\/wp-content\/gallery\/35-mfhtg\/dsc_1526.jpg\"\n               data-thumbnail=\"https:\/\/kontesadora.hr\/stara\/wp-content\/gallery\/35-mfhtg\/thumbs\/thumbs_dsc_1526.jpg\"\n               data-image-id=\"1260\"\n               data-title=\"dsc_1526\"\n               data-description=\"\"\n               data-image-slug=\"dsc_1526\"\n               class=\"shutterset_b08a9222fd6c9a3f7cb5b7430f3b29de\">\n                <img\n                    title=\"dsc_1526\"\n                    alt=\"dsc_1526\"\n                    src=\"https:\/\/kontesadora.hr\/stara\/wp-content\/gallery\/35-mfhtg\/thumbs\/thumbs_dsc_1526.jpg\"\n                    width=\"100\"\n                    height=\"75\"\n                    style=\"max-width:100%;\"\n                \/>\n            <\/a>\n        <\/div>\n\t\t\t\t\t\t\t<\/div> \n\t\t\t\n        \n\t\t\t\t<div id=\"ngg-image-13\" class=\"ngg-gallery-thumbnail-box\" >\n\t\t\t\t        <div class=\"ngg-gallery-thumbnail\">\n            <a href=\"https:\/\/kontesadora.hr\/stara\/wp-content\/gallery\/35-mfhtg\/dsc_1520.jpg\"\n               title=\"\"\n               data-src=\"https:\/\/kontesadora.hr\/stara\/wp-content\/gallery\/35-mfhtg\/dsc_1520.jpg\"\n               data-thumbnail=\"https:\/\/kontesadora.hr\/stara\/wp-content\/gallery\/35-mfhtg\/thumbs\/thumbs_dsc_1520.jpg\"\n               data-image-id=\"1259\"\n               data-title=\"dsc_1520\"\n               data-description=\"\"\n               data-image-slug=\"dsc_1520\"\n               class=\"shutterset_b08a9222fd6c9a3f7cb5b7430f3b29de\">\n                <img\n                    title=\"dsc_1520\"\n                    alt=\"dsc_1520\"\n                    src=\"https:\/\/kontesadora.hr\/stara\/wp-content\/gallery\/35-mfhtg\/thumbs\/thumbs_dsc_1520.jpg\"\n                    width=\"100\"\n                    height=\"75\"\n                    style=\"max-width:100%;\"\n                \/>\n            <\/a>\n        <\/div>\n\t\t\t\t\t\t\t<\/div> \n\t\t\t\n        \n\t\t\t\t<div id=\"ngg-image-14\" class=\"ngg-gallery-thumbnail-box\" >\n\t\t\t\t        <div class=\"ngg-gallery-thumbnail\">\n            <a href=\"https:\/\/kontesadora.hr\/stara\/wp-content\/gallery\/35-mfhtg\/dsc_1516.jpg\"\n               title=\"\"\n               data-src=\"https:\/\/kontesadora.hr\/stara\/wp-content\/gallery\/35-mfhtg\/dsc_1516.jpg\"\n               data-thumbnail=\"https:\/\/kontesadora.hr\/stara\/wp-content\/gallery\/35-mfhtg\/thumbs\/thumbs_dsc_1516.jpg\"\n               data-image-id=\"1258\"\n               data-title=\"dsc_1516\"\n               data-description=\"\"\n               data-image-slug=\"dsc_1516\"\n               class=\"shutterset_b08a9222fd6c9a3f7cb5b7430f3b29de\">\n                <img\n                    title=\"dsc_1516\"\n                    alt=\"dsc_1516\"\n                    src=\"https:\/\/kontesadora.hr\/stara\/wp-content\/gallery\/35-mfhtg\/thumbs\/thumbs_dsc_1516.jpg\"\n                    width=\"100\"\n                    height=\"75\"\n                    style=\"max-width:100%;\"\n                \/>\n            <\/a>\n        <\/div>\n\t\t\t\t\t\t\t<\/div> \n\t\t\t\n        \n\t\t\t\t<div id=\"ngg-image-15\" class=\"ngg-gallery-thumbnail-box\" >\n\t\t\t\t        <div class=\"ngg-gallery-thumbnail\">\n            <a href=\"https:\/\/kontesadora.hr\/stara\/wp-content\/gallery\/35-mfhtg\/dsc_1510.jpg\"\n               title=\"\"\n               data-src=\"https:\/\/kontesadora.hr\/stara\/wp-content\/gallery\/35-mfhtg\/dsc_1510.jpg\"\n               data-thumbnail=\"https:\/\/kontesadora.hr\/stara\/wp-content\/gallery\/35-mfhtg\/thumbs\/thumbs_dsc_1510.jpg\"\n               data-image-id=\"1257\"\n               data-title=\"dsc_1510\"\n               data-description=\"\"\n               data-image-slug=\"dsc_1510\"\n               class=\"shutterset_b08a9222fd6c9a3f7cb5b7430f3b29de\">\n                <img\n                    title=\"dsc_1510\"\n                    alt=\"dsc_1510\"\n                    src=\"https:\/\/kontesadora.hr\/stara\/wp-content\/gallery\/35-mfhtg\/thumbs\/thumbs_dsc_1510.jpg\"\n                    width=\"100\"\n                    height=\"75\"\n                    style=\"max-width:100%;\"\n                \/>\n            <\/a>\n        <\/div>\n\t\t\t\t\t\t\t<\/div> \n\t\t\t\n        \n\t\t\t\t<div id=\"ngg-image-16\" class=\"ngg-gallery-thumbnail-box\" >\n\t\t\t\t        <div class=\"ngg-gallery-thumbnail\">\n            <a href=\"https:\/\/kontesadora.hr\/stara\/wp-content\/gallery\/35-mfhtg\/dsc_1507.jpg\"\n               title=\"\"\n               data-src=\"https:\/\/kontesadora.hr\/stara\/wp-content\/gallery\/35-mfhtg\/dsc_1507.jpg\"\n               data-thumbnail=\"https:\/\/kontesadora.hr\/stara\/wp-content\/gallery\/35-mfhtg\/thumbs\/thumbs_dsc_1507.jpg\"\n               data-image-id=\"1256\"\n               data-title=\"dsc_1507\"\n               data-description=\"\"\n               data-image-slug=\"dsc_1507\"\n               class=\"shutterset_b08a9222fd6c9a3f7cb5b7430f3b29de\">\n                <img\n                    title=\"dsc_1507\"\n                    alt=\"dsc_1507\"\n                    src=\"https:\/\/kontesadora.hr\/stara\/wp-content\/gallery\/35-mfhtg\/thumbs\/thumbs_dsc_1507.jpg\"\n                    width=\"100\"\n                    height=\"75\"\n                    style=\"max-width:100%;\"\n                \/>\n            <\/a>\n        <\/div>\n\t\t\t\t\t\t\t<\/div> \n\t\t\t\n        \n\t\t\t\t<div id=\"ngg-image-17\" class=\"ngg-gallery-thumbnail-box\" >\n\t\t\t\t        <div class=\"ngg-gallery-thumbnail\">\n            <a href=\"https:\/\/kontesadora.hr\/stara\/wp-content\/gallery\/35-mfhtg\/dsc_1504.jpg\"\n               title=\"\"\n               data-src=\"https:\/\/kontesadora.hr\/stara\/wp-content\/gallery\/35-mfhtg\/dsc_1504.jpg\"\n               data-thumbnail=\"https:\/\/kontesadora.hr\/stara\/wp-content\/gallery\/35-mfhtg\/thumbs\/thumbs_dsc_1504.jpg\"\n               data-image-id=\"1255\"\n               data-title=\"dsc_1504\"\n               data-description=\"\"\n               data-image-slug=\"dsc_1504\"\n               class=\"shutterset_b08a9222fd6c9a3f7cb5b7430f3b29de\">\n                <img\n                    title=\"dsc_1504\"\n                    alt=\"dsc_1504\"\n                    src=\"https:\/\/kontesadora.hr\/stara\/wp-content\/gallery\/35-mfhtg\/thumbs\/thumbs_dsc_1504.jpg\"\n                    width=\"100\"\n                    height=\"75\"\n                    style=\"max-width:100%;\"\n                \/>\n            <\/a>\n        <\/div>\n\t\t\t\t\t\t\t<\/div> \n\t\t\t\n        \n\t\t\t\t<div id=\"ngg-image-18\" class=\"ngg-gallery-thumbnail-box\" >\n\t\t\t\t        <div class=\"ngg-gallery-thumbnail\">\n            <a href=\"https:\/\/kontesadora.hr\/stara\/wp-content\/gallery\/35-mfhtg\/dsc_1498.jpg\"\n               title=\"\"\n               data-src=\"https:\/\/kontesadora.hr\/stara\/wp-content\/gallery\/35-mfhtg\/dsc_1498.jpg\"\n               data-thumbnail=\"https:\/\/kontesadora.hr\/stara\/wp-content\/gallery\/35-mfhtg\/thumbs\/thumbs_dsc_1498.jpg\"\n               data-image-id=\"1254\"\n               data-title=\"dsc_1498\"\n               data-description=\"\"\n               data-image-slug=\"dsc_1498\"\n               class=\"shutterset_b08a9222fd6c9a3f7cb5b7430f3b29de\">\n                <img\n                    title=\"dsc_1498\"\n                    alt=\"dsc_1498\"\n                    src=\"https:\/\/kontesadora.hr\/stara\/wp-content\/gallery\/35-mfhtg\/thumbs\/thumbs_dsc_1498.jpg\"\n                    width=\"100\"\n                    height=\"75\"\n                    style=\"max-width:100%;\"\n                \/>\n            <\/a>\n        <\/div>\n\t\t\t\t\t\t\t<\/div> \n\t\t\t\n        \n\t\t\t\t<div id=\"ngg-image-19\" class=\"ngg-gallery-thumbnail-box\" >\n\t\t\t\t        <div class=\"ngg-gallery-thumbnail\">\n            <a href=\"https:\/\/kontesadora.hr\/stara\/wp-content\/gallery\/35-mfhtg\/dsc_1496.jpg\"\n               title=\"\"\n               data-src=\"https:\/\/kontesadora.hr\/stara\/wp-content\/gallery\/35-mfhtg\/dsc_1496.jpg\"\n               data-thumbnail=\"https:\/\/kontesadora.hr\/stara\/wp-content\/gallery\/35-mfhtg\/thumbs\/thumbs_dsc_1496.jpg\"\n               data-image-id=\"1253\"\n               data-title=\"dsc_1496\"\n               data-description=\"\"\n               data-image-slug=\"dsc_1496\"\n               class=\"shutterset_b08a9222fd6c9a3f7cb5b7430f3b29de\">\n                <img\n                    title=\"dsc_1496\"\n                    alt=\"dsc_1496\"\n                    src=\"https:\/\/kontesadora.hr\/stara\/wp-content\/gallery\/35-mfhtg\/thumbs\/thumbs_dsc_1496.jpg\"\n                    width=\"100\"\n                    height=\"75\"\n                    style=\"max-width:100%;\"\n                \/>\n            <\/a>\n        <\/div>\n\t\t\t\t\t\t\t<\/div> \n\t\t\t\n        \n\t\t\n\t\t<!-- Pagination -->\n\t<div class='ngg-navigation'><span class='current'>1<\/span>\n<a class='page-numbers' data-pageid='2' href='https:\/\/kontesadora.hr\/stara\/galerija\/nggallery\/page\/2'>2<\/a>\n<a class='page-numbers' data-pageid='3' href='https:\/\/kontesadora.hr\/stara\/galerija\/nggallery\/page\/3'>3<\/a>\n<a class='prev' href='https:\/\/kontesadora.hr\/stara\/galerija\/nggallery\/page\/2' data-pageid=2>&#9658;<\/a><\/div>\t<\/div>\n 20. svibnja 2012. Zavr\u0161ni dan 35. Me\u0111unarodnog festivala hrvatske tambura\u0161ke glazbe<\/p>\n<!-- index.php -->\n<div\n\tclass=\"ngg-galleryoverview ngg-ajax-pagination-none\"\n\tid=\"ngg-gallery-d829e76562283b2d93f8bb4ad5a6f21a-1\">\n\n    \t<div class=\"slideshowlink\">\n        <a href='https:\/\/kontesadora.hr\/stara\/galerija\/nggallery\/slideshow'>[Show as slideshow]<\/a>\n\t\t\n\t<\/div>\n\t\t\t<!-- Thumbnails -->\n\t\t\t\t<div id=\"ngg-image-0\" class=\"ngg-gallery-thumbnail-box\" >\n\t\t\t\t        <div class=\"ngg-gallery-thumbnail\">\n            <a href=\"https:\/\/kontesadora.hr\/stara\/wp-content\/gallery\/koncert-s-maskama-2012\/dsc_6671.jpg\"\n               title=\"\"\n               data-src=\"https:\/\/kontesadora.hr\/stara\/wp-content\/gallery\/koncert-s-maskama-2012\/dsc_6671.jpg\"\n               data-thumbnail=\"https:\/\/kontesadora.hr\/stara\/wp-content\/gallery\/koncert-s-maskama-2012\/thumbs\/thumbs_dsc_6671.jpg\"\n               data-image-id=\"1124\"\n               data-title=\"dsc_6671\"\n               data-description=\"\"\n               data-image-slug=\"dsc_6671\"\n               class=\"shutterset_d829e76562283b2d93f8bb4ad5a6f21a\">\n                <img\n                    title=\"dsc_6671\"\n                    alt=\"dsc_6671\"\n                    src=\"https:\/\/kontesadora.hr\/stara\/wp-content\/gallery\/koncert-s-maskama-2012\/thumbs\/thumbs_dsc_6671.jpg\"\n                    width=\"100\"\n                    height=\"75\"\n                    style=\"max-width:100%;\"\n                \/>\n            <\/a>\n        <\/div>\n\t\t\t\t\t\t\t<\/div> \n\t\t\t\n        \n\t\t\t\t<div id=\"ngg-image-1\" class=\"ngg-gallery-thumbnail-box\" >\n\t\t\t\t        <div class=\"ngg-gallery-thumbnail\">\n            <a href=\"https:\/\/kontesadora.hr\/stara\/wp-content\/gallery\/koncert-s-maskama-2012\/dsc_6670.jpg\"\n               title=\"\"\n               data-src=\"https:\/\/kontesadora.hr\/stara\/wp-content\/gallery\/koncert-s-maskama-2012\/dsc_6670.jpg\"\n               data-thumbnail=\"https:\/\/kontesadora.hr\/stara\/wp-content\/gallery\/koncert-s-maskama-2012\/thumbs\/thumbs_dsc_6670.jpg\"\n               data-image-id=\"1123\"\n               data-title=\"dsc_6670\"\n               data-description=\"\"\n               data-image-slug=\"dsc_6670\"\n               class=\"shutterset_d829e76562283b2d93f8bb4ad5a6f21a\">\n                <img\n                    title=\"dsc_6670\"\n                    alt=\"dsc_6670\"\n                    src=\"https:\/\/kontesadora.hr\/stara\/wp-content\/gallery\/koncert-s-maskama-2012\/thumbs\/thumbs_dsc_6670.jpg\"\n                    width=\"100\"\n                    height=\"75\"\n                    style=\"max-width:100%;\"\n                \/>\n            <\/a>\n        <\/div>\n\t\t\t\t\t\t\t<\/div> \n\t\t\t\n        \n\t\t\t\t<div id=\"ngg-image-2\" class=\"ngg-gallery-thumbnail-box\" >\n\t\t\t\t        <div class=\"ngg-gallery-thumbnail\">\n            <a href=\"https:\/\/kontesadora.hr\/stara\/wp-content\/gallery\/koncert-s-maskama-2012\/dsc_6668.jpg\"\n               title=\"\"\n               data-src=\"https:\/\/kontesadora.hr\/stara\/wp-content\/gallery\/koncert-s-maskama-2012\/dsc_6668.jpg\"\n               data-thumbnail=\"https:\/\/kontesadora.hr\/stara\/wp-content\/gallery\/koncert-s-maskama-2012\/thumbs\/thumbs_dsc_6668.jpg\"\n               data-image-id=\"1122\"\n               data-title=\"dsc_6668\"\n               data-description=\"\"\n               data-image-slug=\"dsc_6668\"\n               class=\"shutterset_d829e76562283b2d93f8bb4ad5a6f21a\">\n                <img\n                    title=\"dsc_6668\"\n                    alt=\"dsc_6668\"\n                    src=\"https:\/\/kontesadora.hr\/stara\/wp-content\/gallery\/koncert-s-maskama-2012\/thumbs\/thumbs_dsc_6668.jpg\"\n                    width=\"100\"\n                    height=\"75\"\n                    style=\"max-width:100%;\"\n                \/>\n            <\/a>\n        <\/div>\n\t\t\t\t\t\t\t<\/div> \n\t\t\t\n        \n\t\t\t\t<div id=\"ngg-image-3\" class=\"ngg-gallery-thumbnail-box\" >\n\t\t\t\t        <div class=\"ngg-gallery-thumbnail\">\n            <a href=\"https:\/\/kontesadora.hr\/stara\/wp-content\/gallery\/koncert-s-maskama-2012\/dsc_6664.jpg\"\n               title=\"\"\n               data-src=\"https:\/\/kontesadora.hr\/stara\/wp-content\/gallery\/koncert-s-maskama-2012\/dsc_6664.jpg\"\n               data-thumbnail=\"https:\/\/kontesadora.hr\/stara\/wp-content\/gallery\/koncert-s-maskama-2012\/thumbs\/thumbs_dsc_6664.jpg\"\n               data-image-id=\"1121\"\n               data-title=\"dsc_6664\"\n               data-description=\"\"\n               data-image-slug=\"dsc_6664\"\n               class=\"shutterset_d829e76562283b2d93f8bb4ad5a6f21a\">\n                <img\n                    title=\"dsc_6664\"\n                    alt=\"dsc_6664\"\n                    src=\"https:\/\/kontesadora.hr\/stara\/wp-content\/gallery\/koncert-s-maskama-2012\/thumbs\/thumbs_dsc_6664.jpg\"\n                    width=\"100\"\n                    height=\"75\"\n                    style=\"max-width:100%;\"\n                \/>\n            <\/a>\n        <\/div>\n\t\t\t\t\t\t\t<\/div> \n\t\t\t\n        \n\t\t\t\t<div id=\"ngg-image-4\" class=\"ngg-gallery-thumbnail-box\" >\n\t\t\t\t        <div class=\"ngg-gallery-thumbnail\">\n            <a href=\"https:\/\/kontesadora.hr\/stara\/wp-content\/gallery\/koncert-s-maskama-2012\/dsc_6663.jpg\"\n               title=\"\"\n               data-src=\"https:\/\/kontesadora.hr\/stara\/wp-content\/gallery\/koncert-s-maskama-2012\/dsc_6663.jpg\"\n               data-thumbnail=\"https:\/\/kontesadora.hr\/stara\/wp-content\/gallery\/koncert-s-maskama-2012\/thumbs\/thumbs_dsc_6663.jpg\"\n               data-image-id=\"1120\"\n               data-title=\"dsc_6663\"\n               data-description=\"\"\n               data-image-slug=\"dsc_6663\"\n               class=\"shutterset_d829e76562283b2d93f8bb4ad5a6f21a\">\n                <img\n                    title=\"dsc_6663\"\n                    alt=\"dsc_6663\"\n                    src=\"https:\/\/kontesadora.hr\/stara\/wp-content\/gallery\/koncert-s-maskama-2012\/thumbs\/thumbs_dsc_6663.jpg\"\n                    width=\"100\"\n                    height=\"75\"\n                    style=\"max-width:100%;\"\n                \/>\n            <\/a>\n        <\/div>\n\t\t\t\t\t\t\t<\/div> \n\t\t\t\n        \n\t\t\t\t<div id=\"ngg-image-5\" class=\"ngg-gallery-thumbnail-box\" >\n\t\t\t\t        <div class=\"ngg-gallery-thumbnail\">\n            <a href=\"https:\/\/kontesadora.hr\/stara\/wp-content\/gallery\/koncert-s-maskama-2012\/dsc_6661.jpg\"\n               title=\"\"\n               data-src=\"https:\/\/kontesadora.hr\/stara\/wp-content\/gallery\/koncert-s-maskama-2012\/dsc_6661.jpg\"\n               data-thumbnail=\"https:\/\/kontesadora.hr\/stara\/wp-content\/gallery\/koncert-s-maskama-2012\/thumbs\/thumbs_dsc_6661.jpg\"\n               data-image-id=\"1119\"\n               data-title=\"dsc_6661\"\n               data-description=\"\"\n               data-image-slug=\"dsc_6661\"\n               class=\"shutterset_d829e76562283b2d93f8bb4ad5a6f21a\">\n                <img\n                    title=\"dsc_6661\"\n                    alt=\"dsc_6661\"\n                    src=\"https:\/\/kontesadora.hr\/stara\/wp-content\/gallery\/koncert-s-maskama-2012\/thumbs\/thumbs_dsc_6661.jpg\"\n                    width=\"100\"\n                    height=\"75\"\n                    style=\"max-width:100%;\"\n                \/>\n            <\/a>\n        <\/div>\n\t\t\t\t\t\t\t<\/div> \n\t\t\t\n        \n\t\t\t\t<div id=\"ngg-image-6\" class=\"ngg-gallery-thumbnail-box\" >\n\t\t\t\t        <div class=\"ngg-gallery-thumbnail\">\n            <a href=\"https:\/\/kontesadora.hr\/stara\/wp-content\/gallery\/koncert-s-maskama-2012\/dsc_6658.jpg\"\n               title=\"\"\n               data-src=\"https:\/\/kontesadora.hr\/stara\/wp-content\/gallery\/koncert-s-maskama-2012\/dsc_6658.jpg\"\n               data-thumbnail=\"https:\/\/kontesadora.hr\/stara\/wp-content\/gallery\/koncert-s-maskama-2012\/thumbs\/thumbs_dsc_6658.jpg\"\n               data-image-id=\"1118\"\n               data-title=\"dsc_6658\"\n               data-description=\"\"\n               data-image-slug=\"dsc_6658\"\n               class=\"shutterset_d829e76562283b2d93f8bb4ad5a6f21a\">\n                <img\n                    title=\"dsc_6658\"\n                    alt=\"dsc_6658\"\n                    src=\"https:\/\/kontesadora.hr\/stara\/wp-content\/gallery\/koncert-s-maskama-2012\/thumbs\/thumbs_dsc_6658.jpg\"\n                    width=\"100\"\n                    height=\"75\"\n                    style=\"max-width:100%;\"\n                \/>\n            <\/a>\n        <\/div>\n\t\t\t\t\t\t\t<\/div> \n\t\t\t\n        \n\t\t\t\t<div id=\"ngg-image-7\" class=\"ngg-gallery-thumbnail-box\" >\n\t\t\t\t        <div class=\"ngg-gallery-thumbnail\">\n            <a href=\"https:\/\/kontesadora.hr\/stara\/wp-content\/gallery\/koncert-s-maskama-2012\/spaljivanje-krivca-za-sve.jpg\"\n               title=\"\"\n               data-src=\"https:\/\/kontesadora.hr\/stara\/wp-content\/gallery\/koncert-s-maskama-2012\/spaljivanje-krivca-za-sve.jpg\"\n               data-thumbnail=\"https:\/\/kontesadora.hr\/stara\/wp-content\/gallery\/koncert-s-maskama-2012\/thumbs\/thumbs_spaljivanje-krivca-za-sve.jpg\"\n               data-image-id=\"1128\"\n               data-title=\"spaljivanje-krivca-za-sve\"\n               data-description=\"\"\n               data-image-slug=\"spaljivanje-krivca-za-sve\"\n               class=\"shutterset_d829e76562283b2d93f8bb4ad5a6f21a\">\n                <img\n                    title=\"spaljivanje-krivca-za-sve\"\n                    alt=\"spaljivanje-krivca-za-sve\"\n                    src=\"https:\/\/kontesadora.hr\/stara\/wp-content\/gallery\/koncert-s-maskama-2012\/thumbs\/thumbs_spaljivanje-krivca-za-sve.jpg\"\n                    width=\"100\"\n                    height=\"75\"\n                    style=\"max-width:100%;\"\n                \/>\n            <\/a>\n        <\/div>\n\t\t\t\t\t\t\t<\/div> \n\t\t\t\n        \n\t\t\t\t<div id=\"ngg-image-8\" class=\"ngg-gallery-thumbnail-box\" >\n\t\t\t\t        <div class=\"ngg-gallery-thumbnail\">\n            <a href=\"https:\/\/kontesadora.hr\/stara\/wp-content\/gallery\/koncert-s-maskama-2012\/dsc_6656.jpg\"\n               title=\"\"\n               data-src=\"https:\/\/kontesadora.hr\/stara\/wp-content\/gallery\/koncert-s-maskama-2012\/dsc_6656.jpg\"\n               data-thumbnail=\"https:\/\/kontesadora.hr\/stara\/wp-content\/gallery\/koncert-s-maskama-2012\/thumbs\/thumbs_dsc_6656.jpg\"\n               data-image-id=\"1117\"\n               data-title=\"dsc_6656\"\n               data-description=\"\"\n               data-image-slug=\"dsc_6656\"\n               class=\"shutterset_d829e76562283b2d93f8bb4ad5a6f21a\">\n                <img\n                    title=\"dsc_6656\"\n                    alt=\"dsc_6656\"\n                    src=\"https:\/\/kontesadora.hr\/stara\/wp-content\/gallery\/koncert-s-maskama-2012\/thumbs\/thumbs_dsc_6656.jpg\"\n                    width=\"100\"\n                    height=\"75\"\n                    style=\"max-width:100%;\"\n                \/>\n            <\/a>\n        <\/div>\n\t\t\t\t\t\t\t<\/div> \n\t\t\t\n        \n\t\t\t\t<div id=\"ngg-image-9\" class=\"ngg-gallery-thumbnail-box\" >\n\t\t\t\t        <div class=\"ngg-gallery-thumbnail\">\n            <a href=\"https:\/\/kontesadora.hr\/stara\/wp-content\/gallery\/koncert-s-maskama-2012\/dsc_6655.jpg\"\n               title=\"\"\n               data-src=\"https:\/\/kontesadora.hr\/stara\/wp-content\/gallery\/koncert-s-maskama-2012\/dsc_6655.jpg\"\n               data-thumbnail=\"https:\/\/kontesadora.hr\/stara\/wp-content\/gallery\/koncert-s-maskama-2012\/thumbs\/thumbs_dsc_6655.jpg\"\n               data-image-id=\"1116\"\n               data-title=\"dsc_6655\"\n               data-description=\"\"\n               data-image-slug=\"dsc_6655\"\n               class=\"shutterset_d829e76562283b2d93f8bb4ad5a6f21a\">\n                <img\n                    title=\"dsc_6655\"\n                    alt=\"dsc_6655\"\n                    src=\"https:\/\/kontesadora.hr\/stara\/wp-content\/gallery\/koncert-s-maskama-2012\/thumbs\/thumbs_dsc_6655.jpg\"\n                    width=\"100\"\n                    height=\"75\"\n                    style=\"max-width:100%;\"\n                \/>\n            <\/a>\n        <\/div>\n\t\t\t\t\t\t\t<\/div> \n\t\t\t\n        \n\t\t\t\t<div id=\"ngg-image-10\" class=\"ngg-gallery-thumbnail-box\" >\n\t\t\t\t        <div class=\"ngg-gallery-thumbnail\">\n            <a href=\"https:\/\/kontesadora.hr\/stara\/wp-content\/gallery\/koncert-s-maskama-2012\/dsc_6653.jpg\"\n               title=\"\"\n               data-src=\"https:\/\/kontesadora.hr\/stara\/wp-content\/gallery\/koncert-s-maskama-2012\/dsc_6653.jpg\"\n               data-thumbnail=\"https:\/\/kontesadora.hr\/stara\/wp-content\/gallery\/koncert-s-maskama-2012\/thumbs\/thumbs_dsc_6653.jpg\"\n               data-image-id=\"1115\"\n               data-title=\"dsc_6653\"\n               data-description=\"\"\n               data-image-slug=\"dsc_6653\"\n               class=\"shutterset_d829e76562283b2d93f8bb4ad5a6f21a\">\n                <img\n                    title=\"dsc_6653\"\n                    alt=\"dsc_6653\"\n                    src=\"https:\/\/kontesadora.hr\/stara\/wp-content\/gallery\/koncert-s-maskama-2012\/thumbs\/thumbs_dsc_6653.jpg\"\n                    width=\"100\"\n                    height=\"75\"\n                    style=\"max-width:100%;\"\n                \/>\n            <\/a>\n        <\/div>\n\t\t\t\t\t\t\t<\/div> \n\t\t\t\n        \n\t\t\t\t<div id=\"ngg-image-11\" class=\"ngg-gallery-thumbnail-box\" >\n\t\t\t\t        <div class=\"ngg-gallery-thumbnail\">\n            <a href=\"https:\/\/kontesadora.hr\/stara\/wp-content\/gallery\/koncert-s-maskama-2012\/angelina-i-brad-pitt-u-nasicama.jpg\"\n               title=\"\"\n               data-src=\"https:\/\/kontesadora.hr\/stara\/wp-content\/gallery\/koncert-s-maskama-2012\/angelina-i-brad-pitt-u-nasicama.jpg\"\n               data-thumbnail=\"https:\/\/kontesadora.hr\/stara\/wp-content\/gallery\/koncert-s-maskama-2012\/thumbs\/thumbs_angelina-i-brad-pitt-u-nasicama.jpg\"\n               data-image-id=\"983\"\n               data-title=\"angelina-i-brad-pitt-u-nasicama\"\n               data-description=\"\"\n               data-image-slug=\"angelina-i-brad-pitt-u-nasicama\"\n               class=\"shutterset_d829e76562283b2d93f8bb4ad5a6f21a\">\n                <img\n                    title=\"angelina-i-brad-pitt-u-nasicama\"\n                    alt=\"angelina-i-brad-pitt-u-nasicama\"\n                    src=\"https:\/\/kontesadora.hr\/stara\/wp-content\/gallery\/koncert-s-maskama-2012\/thumbs\/thumbs_angelina-i-brad-pitt-u-nasicama.jpg\"\n                    width=\"100\"\n                    height=\"75\"\n                    style=\"max-width:100%;\"\n                \/>\n            <\/a>\n        <\/div>\n\t\t\t\t\t\t\t<\/div> \n\t\t\t\n        \n\t\t\t\t<div id=\"ngg-image-12\" class=\"ngg-gallery-thumbnail-box\" >\n\t\t\t\t        <div class=\"ngg-gallery-thumbnail\">\n            <a href=\"https:\/\/kontesadora.hr\/stara\/wp-content\/gallery\/koncert-s-maskama-2012\/dsc_6650.jpg\"\n               title=\"\"\n               data-src=\"https:\/\/kontesadora.hr\/stara\/wp-content\/gallery\/koncert-s-maskama-2012\/dsc_6650.jpg\"\n               data-thumbnail=\"https:\/\/kontesadora.hr\/stara\/wp-content\/gallery\/koncert-s-maskama-2012\/thumbs\/thumbs_dsc_6650.jpg\"\n               data-image-id=\"1114\"\n               data-title=\"dsc_6650\"\n               data-description=\"\"\n               data-image-slug=\"dsc_6650\"\n               class=\"shutterset_d829e76562283b2d93f8bb4ad5a6f21a\">\n                <img\n                    title=\"dsc_6650\"\n                    alt=\"dsc_6650\"\n                    src=\"https:\/\/kontesadora.hr\/stara\/wp-content\/gallery\/koncert-s-maskama-2012\/thumbs\/thumbs_dsc_6650.jpg\"\n                    width=\"100\"\n                    height=\"75\"\n                    style=\"max-width:100%;\"\n                \/>\n            <\/a>\n        <\/div>\n\t\t\t\t\t\t\t<\/div> \n\t\t\t\n        \n\t\t\t\t<div id=\"ngg-image-13\" class=\"ngg-gallery-thumbnail-box\" >\n\t\t\t\t        <div class=\"ngg-gallery-thumbnail\">\n            <a href=\"https:\/\/kontesadora.hr\/stara\/wp-content\/gallery\/koncert-s-maskama-2012\/dsc_6649.jpg\"\n               title=\"\"\n               data-src=\"https:\/\/kontesadora.hr\/stara\/wp-content\/gallery\/koncert-s-maskama-2012\/dsc_6649.jpg\"\n               data-thumbnail=\"https:\/\/kontesadora.hr\/stara\/wp-content\/gallery\/koncert-s-maskama-2012\/thumbs\/thumbs_dsc_6649.jpg\"\n               data-image-id=\"1113\"\n               data-title=\"dsc_6649\"\n               data-description=\"\"\n               data-image-slug=\"dsc_6649\"\n               class=\"shutterset_d829e76562283b2d93f8bb4ad5a6f21a\">\n                <img\n                    title=\"dsc_6649\"\n                    alt=\"dsc_6649\"\n                    src=\"https:\/\/kontesadora.hr\/stara\/wp-content\/gallery\/koncert-s-maskama-2012\/thumbs\/thumbs_dsc_6649.jpg\"\n                    width=\"100\"\n                    height=\"75\"\n                    style=\"max-width:100%;\"\n                \/>\n            <\/a>\n        <\/div>\n\t\t\t\t\t\t\t<\/div> \n\t\t\t\n        \n\t\t\t\t<div id=\"ngg-image-14\" class=\"ngg-gallery-thumbnail-box\" >\n\t\t\t\t        <div class=\"ngg-gallery-thumbnail\">\n            <a href=\"https:\/\/kontesadora.hr\/stara\/wp-content\/gallery\/koncert-s-maskama-2012\/dsc_6648.jpg\"\n               title=\"\"\n               data-src=\"https:\/\/kontesadora.hr\/stara\/wp-content\/gallery\/koncert-s-maskama-2012\/dsc_6648.jpg\"\n               data-thumbnail=\"https:\/\/kontesadora.hr\/stara\/wp-content\/gallery\/koncert-s-maskama-2012\/thumbs\/thumbs_dsc_6648.jpg\"\n               data-image-id=\"1112\"\n               data-title=\"dsc_6648\"\n               data-description=\"\"\n               data-image-slug=\"dsc_6648\"\n               class=\"shutterset_d829e76562283b2d93f8bb4ad5a6f21a\">\n                <img\n                    title=\"dsc_6648\"\n                    alt=\"dsc_6648\"\n                    src=\"https:\/\/kontesadora.hr\/stara\/wp-content\/gallery\/koncert-s-maskama-2012\/thumbs\/thumbs_dsc_6648.jpg\"\n                    width=\"100\"\n                    height=\"75\"\n                    style=\"max-width:100%;\"\n                \/>\n            <\/a>\n        <\/div>\n\t\t\t\t\t\t\t<\/div> \n\t\t\t\n        \n\t\t\t\t<div id=\"ngg-image-15\" class=\"ngg-gallery-thumbnail-box\" >\n\t\t\t\t        <div class=\"ngg-gallery-thumbnail\">\n            <a href=\"https:\/\/kontesadora.hr\/stara\/wp-content\/gallery\/koncert-s-maskama-2012\/dsc_6647.jpg\"\n               title=\"\"\n               data-src=\"https:\/\/kontesadora.hr\/stara\/wp-content\/gallery\/koncert-s-maskama-2012\/dsc_6647.jpg\"\n               data-thumbnail=\"https:\/\/kontesadora.hr\/stara\/wp-content\/gallery\/koncert-s-maskama-2012\/thumbs\/thumbs_dsc_6647.jpg\"\n               data-image-id=\"1111\"\n               data-title=\"dsc_6647\"\n               data-description=\"\"\n               data-image-slug=\"dsc_6647\"\n               class=\"shutterset_d829e76562283b2d93f8bb4ad5a6f21a\">\n                <img\n                    title=\"dsc_6647\"\n                    alt=\"dsc_6647\"\n                    src=\"https:\/\/kontesadora.hr\/stara\/wp-content\/gallery\/koncert-s-maskama-2012\/thumbs\/thumbs_dsc_6647.jpg\"\n                    width=\"100\"\n                    height=\"75\"\n                    style=\"max-width:100%;\"\n                \/>\n            <\/a>\n        <\/div>\n\t\t\t\t\t\t\t<\/div> \n\t\t\t\n        \n\t\t\t\t<div id=\"ngg-image-16\" class=\"ngg-gallery-thumbnail-box\" >\n\t\t\t\t        <div class=\"ngg-gallery-thumbnail\">\n            <a href=\"https:\/\/kontesadora.hr\/stara\/wp-content\/gallery\/koncert-s-maskama-2012\/dsc_6646.jpg\"\n               title=\"\"\n               data-src=\"https:\/\/kontesadora.hr\/stara\/wp-content\/gallery\/koncert-s-maskama-2012\/dsc_6646.jpg\"\n               data-thumbnail=\"https:\/\/kontesadora.hr\/stara\/wp-content\/gallery\/koncert-s-maskama-2012\/thumbs\/thumbs_dsc_6646.jpg\"\n               data-image-id=\"1110\"\n               data-title=\"dsc_6646\"\n               data-description=\"\"\n               data-image-slug=\"dsc_6646\"\n               class=\"shutterset_d829e76562283b2d93f8bb4ad5a6f21a\">\n                <img\n                    title=\"dsc_6646\"\n                    alt=\"dsc_6646\"\n                    src=\"https:\/\/kontesadora.hr\/stara\/wp-content\/gallery\/koncert-s-maskama-2012\/thumbs\/thumbs_dsc_6646.jpg\"\n                    width=\"100\"\n                    height=\"75\"\n                    style=\"max-width:100%;\"\n                \/>\n            <\/a>\n        <\/div>\n\t\t\t\t\t\t\t<\/div> \n\t\t\t\n        \n\t\t\t\t<div id=\"ngg-image-17\" class=\"ngg-gallery-thumbnail-box\" >\n\t\t\t\t        <div class=\"ngg-gallery-thumbnail\">\n            <a href=\"https:\/\/kontesadora.hr\/stara\/wp-content\/gallery\/koncert-s-maskama-2012\/dsc_6645.jpg\"\n               title=\"\"\n               data-src=\"https:\/\/kontesadora.hr\/stara\/wp-content\/gallery\/koncert-s-maskama-2012\/dsc_6645.jpg\"\n               data-thumbnail=\"https:\/\/kontesadora.hr\/stara\/wp-content\/gallery\/koncert-s-maskama-2012\/thumbs\/thumbs_dsc_6645.jpg\"\n               data-image-id=\"1109\"\n               data-title=\"dsc_6645\"\n               data-description=\"\"\n               data-image-slug=\"dsc_6645\"\n               class=\"shutterset_d829e76562283b2d93f8bb4ad5a6f21a\">\n                <img\n                    title=\"dsc_6645\"\n                    alt=\"dsc_6645\"\n                    src=\"https:\/\/kontesadora.hr\/stara\/wp-content\/gallery\/koncert-s-maskama-2012\/thumbs\/thumbs_dsc_6645.jpg\"\n                    width=\"100\"\n                    height=\"75\"\n                    style=\"max-width:100%;\"\n                \/>\n            <\/a>\n        <\/div>\n\t\t\t\t\t\t\t<\/div> \n\t\t\t\n        \n\t\t\t\t<div id=\"ngg-image-18\" class=\"ngg-gallery-thumbnail-box\" >\n\t\t\t\t        <div class=\"ngg-gallery-thumbnail\">\n            <a href=\"https:\/\/kontesadora.hr\/stara\/wp-content\/gallery\/koncert-s-maskama-2012\/dsc_6644.jpg\"\n               title=\"\"\n               data-src=\"https:\/\/kontesadora.hr\/stara\/wp-content\/gallery\/koncert-s-maskama-2012\/dsc_6644.jpg\"\n               data-thumbnail=\"https:\/\/kontesadora.hr\/stara\/wp-content\/gallery\/koncert-s-maskama-2012\/thumbs\/thumbs_dsc_6644.jpg\"\n               data-image-id=\"1108\"\n               data-title=\"dsc_6644\"\n               data-description=\"\"\n               data-image-slug=\"dsc_6644\"\n               class=\"shutterset_d829e76562283b2d93f8bb4ad5a6f21a\">\n                <img\n                    title=\"dsc_6644\"\n                    alt=\"dsc_6644\"\n                    src=\"https:\/\/kontesadora.hr\/stara\/wp-content\/gallery\/koncert-s-maskama-2012\/thumbs\/thumbs_dsc_6644.jpg\"\n                    width=\"100\"\n                    height=\"75\"\n                    style=\"max-width:100%;\"\n                \/>\n            <\/a>\n        <\/div>\n\t\t\t\t\t\t\t<\/div> \n\t\t\t\n        \n\t\t\t\t<div id=\"ngg-image-19\" class=\"ngg-gallery-thumbnail-box\" >\n\t\t\t\t        <div class=\"ngg-gallery-thumbnail\">\n            <a href=\"https:\/\/kontesadora.hr\/stara\/wp-content\/gallery\/koncert-s-maskama-2012\/mateja-snjegovic.jpg\"\n               title=\"\"\n               data-src=\"https:\/\/kontesadora.hr\/stara\/wp-content\/gallery\/koncert-s-maskama-2012\/mateja-snjegovic.jpg\"\n               data-thumbnail=\"https:\/\/kontesadora.hr\/stara\/wp-content\/gallery\/koncert-s-maskama-2012\/thumbs\/thumbs_mateja-snjegovic.jpg\"\n               data-image-id=\"1126\"\n               data-title=\"mateja-snjegovic\"\n               data-description=\"\"\n               data-image-slug=\"mateja-snjegovic\"\n               class=\"shutterset_d829e76562283b2d93f8bb4ad5a6f21a\">\n                <img\n                    title=\"mateja-snjegovic\"\n                    alt=\"mateja-snjegovic\"\n                    src=\"https:\/\/kontesadora.hr\/stara\/wp-content\/gallery\/koncert-s-maskama-2012\/thumbs\/thumbs_mateja-snjegovic.jpg\"\n                    width=\"100\"\n                    height=\"75\"\n                    style=\"max-width:100%;\"\n                \/>\n            <\/a>\n        <\/div>\n\t\t\t\t\t\t\t<\/div> \n\t\t\t\n        \n\t\t\n\t\t<!-- Pagination -->\n\t<div class='ngg-navigation'><span class='current'>1<\/span>\n<a class='page-numbers' data-pageid='2' href='https:\/\/kontesadora.hr\/stara\/galerija\/nggallery\/page\/2'>2<\/a>\n<span class='ellipsis'>...<\/span>\n<a class='page-numbers' data-pageid='8' href='https:\/\/kontesadora.hr\/stara\/galerija\/nggallery\/page\/8'>8<\/a>\n<a class='prev' href='https:\/\/kontesadora.hr\/stara\/galerija\/nggallery\/page\/2' data-pageid=2>&#9658;<\/a><\/div>\t<\/div>\n20. velja\u010da 2012. Koncert pod maskama<\/p>\n<!-- index.php -->\n<div\n\tclass=\"ngg-galleryoverview ngg-ajax-pagination-none\"\n\tid=\"ngg-gallery-c67bbd437d91859a62c88abe2cc053f9-1\">\n\n    \t<div class=\"slideshowlink\">\n        <a href='https:\/\/kontesadora.hr\/stara\/galerija\/nggallery\/slideshow'>[Show as slideshow]<\/a>\n\t\t\n\t<\/div>\n\t\t\t<!-- Thumbnails -->\n\t\t\t\t<div id=\"ngg-image-0\" class=\"ngg-gallery-thumbnail-box\" >\n\t\t\t\t        <div class=\"ngg-gallery-thumbnail\">\n            <a href=\"https:\/\/kontesadora.hr\/stara\/wp-content\/gallery\/koncerti\/violinistica-danijela-jelic-iz-osijeka.jpg\"\n               title=\"\"\n               data-src=\"https:\/\/kontesadora.hr\/stara\/wp-content\/gallery\/koncerti\/violinistica-danijela-jelic-iz-osijeka.jpg\"\n               data-thumbnail=\"https:\/\/kontesadora.hr\/stara\/wp-content\/gallery\/koncerti\/thumbs\/thumbs_violinistica-danijela-jelic-iz-osijeka.jpg\"\n               data-image-id=\"1631\"\n               data-title=\"violinistica-danijela-jelic-iz-osijeka\"\n               data-description=\"\"\n               data-image-slug=\"violinistica-danijela-jelic-iz-osijeka\"\n               class=\"shutterset_c67bbd437d91859a62c88abe2cc053f9\">\n                <img\n                    title=\"violinistica-danijela-jelic-iz-osijeka\"\n                    alt=\"violinistica-danijela-jelic-iz-osijeka\"\n                    src=\"https:\/\/kontesadora.hr\/stara\/wp-content\/gallery\/koncerti\/thumbs\/thumbs_violinistica-danijela-jelic-iz-osijeka.jpg\"\n                    width=\"100\"\n                    height=\"75\"\n                    style=\"max-width:100%;\"\n                \/>\n            <\/a>\n        <\/div>\n\t\t\t\t\t\t\t<\/div> \n\t\t\t\n        \n\t\t\t\t<div id=\"ngg-image-1\" class=\"ngg-gallery-thumbnail-box\" >\n\t\t\t\t        <div class=\"ngg-gallery-thumbnail\">\n            <a href=\"https:\/\/kontesadora.hr\/stara\/wp-content\/gallery\/koncerti\/vatikan-rim1998.jpg\"\n               title=\"\"\n               data-src=\"https:\/\/kontesadora.hr\/stara\/wp-content\/gallery\/koncerti\/vatikan-rim1998.jpg\"\n               data-thumbnail=\"https:\/\/kontesadora.hr\/stara\/wp-content\/gallery\/koncerti\/thumbs\/thumbs_vatikan-rim1998.jpg\"\n               data-image-id=\"1628\"\n               data-title=\"vatikan-rim1998\"\n               data-description=\"\"\n               data-image-slug=\"vatikan-rim1998\"\n               class=\"shutterset_c67bbd437d91859a62c88abe2cc053f9\">\n                <img\n                    title=\"vatikan-rim1998\"\n                    alt=\"vatikan-rim1998\"\n                    src=\"https:\/\/kontesadora.hr\/stara\/wp-content\/gallery\/koncerti\/thumbs\/thumbs_vatikan-rim1998.jpg\"\n                    width=\"100\"\n                    height=\"75\"\n                    style=\"max-width:100%;\"\n                \/>\n            <\/a>\n        <\/div>\n\t\t\t\t\t\t\t<\/div> \n\t\t\t\n        \n\t\t\t\t<div id=\"ngg-image-2\" class=\"ngg-gallery-thumbnail-box\" >\n\t\t\t\t        <div class=\"ngg-gallery-thumbnail\">\n            <a href=\"https:\/\/kontesadora.hr\/stara\/wp-content\/gallery\/koncerti\/vatikan-rim-od-8-do-11-11-1998.jpg\"\n               title=\"\"\n               data-src=\"https:\/\/kontesadora.hr\/stara\/wp-content\/gallery\/koncerti\/vatikan-rim-od-8-do-11-11-1998.jpg\"\n               data-thumbnail=\"https:\/\/kontesadora.hr\/stara\/wp-content\/gallery\/koncerti\/thumbs\/thumbs_vatikan-rim-od-8-do-11-11-1998.jpg\"\n               data-image-id=\"1627\"\n               data-title=\"vatikan-rim-od-8-do-11-11-1998\"\n               data-description=\"\"\n               data-image-slug=\"vatikan-rim-od-8-do-11-11-1998\"\n               class=\"shutterset_c67bbd437d91859a62c88abe2cc053f9\">\n                <img\n                    title=\"vatikan-rim-od-8-do-11-11-1998\"\n                    alt=\"vatikan-rim-od-8-do-11-11-1998\"\n                    src=\"https:\/\/kontesadora.hr\/stara\/wp-content\/gallery\/koncerti\/thumbs\/thumbs_vatikan-rim-od-8-do-11-11-1998.jpg\"\n                    width=\"100\"\n                    height=\"75\"\n                    style=\"max-width:100%;\"\n                \/>\n            <\/a>\n        <\/div>\n\t\t\t\t\t\t\t<\/div> \n\t\t\t\n        \n\t\t\t\t<div id=\"ngg-image-3\" class=\"ngg-gallery-thumbnail-box\" >\n\t\t\t\t        <div class=\"ngg-gallery-thumbnail\">\n            <a href=\"https:\/\/kontesadora.hr\/stara\/wp-content\/gallery\/koncerti\/vatikanu-iscekivanju-sv-oca-ivana-pavla-ii.jpg\"\n               title=\"\"\n               data-src=\"https:\/\/kontesadora.hr\/stara\/wp-content\/gallery\/koncerti\/vatikanu-iscekivanju-sv-oca-ivana-pavla-ii.jpg\"\n               data-thumbnail=\"https:\/\/kontesadora.hr\/stara\/wp-content\/gallery\/koncerti\/thumbs\/thumbs_vatikanu-iscekivanju-sv-oca-ivana-pavla-ii.jpg\"\n               data-image-id=\"1629\"\n               data-title=\"vatikanu-iscekivanju-sv-oca-ivana-pavla-ii\"\n               data-description=\"\"\n               data-image-slug=\"vatikanu-iscekivanju-sv-oca-ivana-pavla-ii\"\n               class=\"shutterset_c67bbd437d91859a62c88abe2cc053f9\">\n                <img\n                    title=\"vatikanu-iscekivanju-sv-oca-ivana-pavla-ii\"\n                    alt=\"vatikanu-iscekivanju-sv-oca-ivana-pavla-ii\"\n                    src=\"https:\/\/kontesadora.hr\/stara\/wp-content\/gallery\/koncerti\/thumbs\/thumbs_vatikanu-iscekivanju-sv-oca-ivana-pavla-ii.jpg\"\n                    width=\"100\"\n                    height=\"75\"\n                    style=\"max-width:100%;\"\n                \/>\n            <\/a>\n        <\/div>\n\t\t\t\t\t\t\t<\/div> \n\t\t\t\n        \n\t\t\t\t<div id=\"ngg-image-4\" class=\"ngg-gallery-thumbnail-box\" >\n\t\t\t\t        <div class=\"ngg-gallery-thumbnail\">\n            <a href=\"https:\/\/kontesadora.hr\/stara\/wp-content\/gallery\/koncerti\/tronthajmnorway-2000-danijelasasasenkamatijamarinaandrealucija.jpg\"\n               title=\"\"\n               data-src=\"https:\/\/kontesadora.hr\/stara\/wp-content\/gallery\/koncerti\/tronthajmnorway-2000-danijelasasasenkamatijamarinaandrealucija.jpg\"\n               data-thumbnail=\"https:\/\/kontesadora.hr\/stara\/wp-content\/gallery\/koncerti\/thumbs\/thumbs_tronthajmnorway-2000-danijelasasasenkamatijamarinaandrealucija.jpg\"\n               data-image-id=\"1626\"\n               data-title=\"tronthajmnorway-2000-danijelasasasenkamatijamarinaandrealucija\"\n               data-description=\"\"\n               data-image-slug=\"tronthajmnorway-2000-danijelasasasenkamatijamarinaandrealucija\"\n               class=\"shutterset_c67bbd437d91859a62c88abe2cc053f9\">\n                <img\n                    title=\"tronthajmnorway-2000-danijelasasasenkamatijamarinaandrealucija\"\n                    alt=\"tronthajmnorway-2000-danijelasasasenkamatijamarinaandrealucija\"\n                    src=\"https:\/\/kontesadora.hr\/stara\/wp-content\/gallery\/koncerti\/thumbs\/thumbs_tronthajmnorway-2000-danijelasasasenkamatijamarinaandrealucija.jpg\"\n                    width=\"100\"\n                    height=\"75\"\n                    style=\"max-width:100%;\"\n                \/>\n            <\/a>\n        <\/div>\n\t\t\t\t\t\t\t<\/div> \n\t\t\t\n        \n\t\t\t\t<div id=\"ngg-image-5\" class=\"ngg-gallery-thumbnail-box\" >\n\t\t\t\t        <div class=\"ngg-gallery-thumbnail\">\n            <a href=\"https:\/\/kontesadora.hr\/stara\/wp-content\/gallery\/koncerti\/tronth.jpg\"\n               title=\"\"\n               data-src=\"https:\/\/kontesadora.hr\/stara\/wp-content\/gallery\/koncerti\/tronth.jpg\"\n               data-thumbnail=\"https:\/\/kontesadora.hr\/stara\/wp-content\/gallery\/koncerti\/thumbs\/thumbs_tronth.jpg\"\n               data-image-id=\"1625\"\n               data-title=\"tronth\"\n               data-description=\"\"\n               data-image-slug=\"tronth\"\n               class=\"shutterset_c67bbd437d91859a62c88abe2cc053f9\">\n                <img\n                    title=\"tronth\"\n                    alt=\"tronth\"\n                    src=\"https:\/\/kontesadora.hr\/stara\/wp-content\/gallery\/koncerti\/thumbs\/thumbs_tronth.jpg\"\n                    width=\"100\"\n                    height=\"75\"\n                    style=\"max-width:100%;\"\n                \/>\n            <\/a>\n        <\/div>\n\t\t\t\t\t\t\t<\/div> \n\t\t\t\n        \n\t\t\t\t<div id=\"ngg-image-6\" class=\"ngg-gallery-thumbnail-box\" >\n\t\t\t\t        <div class=\"ngg-gallery-thumbnail\">\n            <a href=\"https:\/\/kontesadora.hr\/stara\/wp-content\/gallery\/koncerti\/tri-razloga-za-slavlje-lidije-h-marine-k-i-orkestra20-5-2000.jpg\"\n               title=\"\"\n               data-src=\"https:\/\/kontesadora.hr\/stara\/wp-content\/gallery\/koncerti\/tri-razloga-za-slavlje-lidije-h-marine-k-i-orkestra20-5-2000.jpg\"\n               data-thumbnail=\"https:\/\/kontesadora.hr\/stara\/wp-content\/gallery\/koncerti\/thumbs\/thumbs_tri-razloga-za-slavlje-lidije-h-marine-k-i-orkestra20-5-2000.jpg\"\n               data-image-id=\"1624\"\n               data-title=\"tri-razloga-za-slavlje-lidije-h-marine-k-i-orkestra20-5-2000\"\n               data-description=\"\"\n               data-image-slug=\"tri-razloga-za-slavlje-lidije-h-marine-k-i-orkestra20-5-2000\"\n               class=\"shutterset_c67bbd437d91859a62c88abe2cc053f9\">\n                <img\n                    title=\"tri-razloga-za-slavlje-lidije-h-marine-k-i-orkestra20-5-2000\"\n                    alt=\"tri-razloga-za-slavlje-lidije-h-marine-k-i-orkestra20-5-2000\"\n                    src=\"https:\/\/kontesadora.hr\/stara\/wp-content\/gallery\/koncerti\/thumbs\/thumbs_tri-razloga-za-slavlje-lidije-h-marine-k-i-orkestra20-5-2000.jpg\"\n                    width=\"100\"\n                    height=\"75\"\n                    style=\"max-width:100%;\"\n                \/>\n            <\/a>\n        <\/div>\n\t\t\t\t\t\t\t<\/div> \n\t\t\t\n        \n\t\t\t\t<div id=\"ngg-image-7\" class=\"ngg-gallery-thumbnail-box\" >\n\t\t\t\t        <div class=\"ngg-gallery-thumbnail\">\n            <a href=\"https:\/\/kontesadora.hr\/stara\/wp-content\/gallery\/koncerti\/time-to-say-goody-danijela-p-i-goran-karan.jpg\"\n               title=\"\"\n               data-src=\"https:\/\/kontesadora.hr\/stara\/wp-content\/gallery\/koncerti\/time-to-say-goody-danijela-p-i-goran-karan.jpg\"\n               data-thumbnail=\"https:\/\/kontesadora.hr\/stara\/wp-content\/gallery\/koncerti\/thumbs\/thumbs_time-to-say-goody-danijela-p-i-goran-karan.jpg\"\n               data-image-id=\"1623\"\n               data-title=\"time-to-say-goody-danijela-p-i-goran-karan\"\n               data-description=\"\"\n               data-image-slug=\"time-to-say-goody-danijela-p-i-goran-karan\"\n               class=\"shutterset_c67bbd437d91859a62c88abe2cc053f9\">\n                <img\n                    title=\"time-to-say-goody-danijela-p-i-goran-karan\"\n                    alt=\"time-to-say-goody-danijela-p-i-goran-karan\"\n                    src=\"https:\/\/kontesadora.hr\/stara\/wp-content\/gallery\/koncerti\/thumbs\/thumbs_time-to-say-goody-danijela-p-i-goran-karan.jpg\"\n                    width=\"100\"\n                    height=\"75\"\n                    style=\"max-width:100%;\"\n                \/>\n            <\/a>\n        <\/div>\n\t\t\t\t\t\t\t<\/div> \n\t\t\t\n        \n\t\t\t\t<div id=\"ngg-image-8\" class=\"ngg-gallery-thumbnail-box\" >\n\t\t\t\t        <div class=\"ngg-gallery-thumbnail\">\n            <a href=\"https:\/\/kontesadora.hr\/stara\/wp-content\/gallery\/koncerti\/tamburaski-orkestar-generacija-2000.jpg\"\n               title=\"\"\n               data-src=\"https:\/\/kontesadora.hr\/stara\/wp-content\/gallery\/koncerti\/tamburaski-orkestar-generacija-2000.jpg\"\n               data-thumbnail=\"https:\/\/kontesadora.hr\/stara\/wp-content\/gallery\/koncerti\/thumbs\/thumbs_tamburaski-orkestar-generacija-2000.jpg\"\n               data-image-id=\"1622\"\n               data-title=\"tamburaski-orkestar-generacija-2000\"\n               data-description=\"\"\n               data-image-slug=\"tamburaski-orkestar-generacija-2000\"\n               class=\"shutterset_c67bbd437d91859a62c88abe2cc053f9\">\n                <img\n                    title=\"tamburaski-orkestar-generacija-2000\"\n                    alt=\"tamburaski-orkestar-generacija-2000\"\n                    src=\"https:\/\/kontesadora.hr\/stara\/wp-content\/gallery\/koncerti\/thumbs\/thumbs_tamburaski-orkestar-generacija-2000.jpg\"\n                    width=\"100\"\n                    height=\"75\"\n                    style=\"max-width:100%;\"\n                \/>\n            <\/a>\n        <\/div>\n\t\t\t\t\t\t\t<\/div> \n\t\t\t\n        \n\t\t\t\t<div id=\"ngg-image-9\" class=\"ngg-gallery-thumbnail-box\" >\n\t\t\t\t        <div class=\"ngg-gallery-thumbnail\">\n            <a href=\"https:\/\/kontesadora.hr\/stara\/wp-content\/gallery\/koncerti\/vedskageteborg2000-s-povratka-iz-norveske.jpg\"\n               title=\"\"\n               data-src=\"https:\/\/kontesadora.hr\/stara\/wp-content\/gallery\/koncerti\/vedskageteborg2000-s-povratka-iz-norveske.jpg\"\n               data-thumbnail=\"https:\/\/kontesadora.hr\/stara\/wp-content\/gallery\/koncerti\/thumbs\/thumbs_vedskageteborg2000-s-povratka-iz-norveske.jpg\"\n               data-image-id=\"1630\"\n               data-title=\"vedskageteborg2000-s-povratka-iz-norveske\"\n               data-description=\"\"\n               data-image-slug=\"vedskageteborg2000-s-povratka-iz-norveske\"\n               class=\"shutterset_c67bbd437d91859a62c88abe2cc053f9\">\n                <img\n                    title=\"vedskageteborg2000-s-povratka-iz-norveske\"\n                    alt=\"vedskageteborg2000-s-povratka-iz-norveske\"\n                    src=\"https:\/\/kontesadora.hr\/stara\/wp-content\/gallery\/koncerti\/thumbs\/thumbs_vedskageteborg2000-s-povratka-iz-norveske.jpg\"\n                    width=\"100\"\n                    height=\"75\"\n                    style=\"max-width:100%;\"\n                \/>\n            <\/a>\n        <\/div>\n\t\t\t\t\t\t\t<\/div> \n\t\t\t\n        \n\t\t\t\t<div id=\"ngg-image-10\" class=\"ngg-gallery-thumbnail-box\" >\n\t\t\t\t        <div class=\"ngg-gallery-thumbnail\">\n            <a href=\"https:\/\/kontesadora.hr\/stara\/wp-content\/gallery\/koncerti\/slika-121.jpg\"\n               title=\"\"\n               data-src=\"https:\/\/kontesadora.hr\/stara\/wp-content\/gallery\/koncerti\/slika-121.jpg\"\n               data-thumbnail=\"https:\/\/kontesadora.hr\/stara\/wp-content\/gallery\/koncerti\/thumbs\/thumbs_slika-121.jpg\"\n               data-image-id=\"1574\"\n               data-title=\"slika-121\"\n               data-description=\"\"\n               data-image-slug=\"slika-121\"\n               class=\"shutterset_c67bbd437d91859a62c88abe2cc053f9\">\n                <img\n                    title=\"slika-121\"\n                    alt=\"slika-121\"\n                    src=\"https:\/\/kontesadora.hr\/stara\/wp-content\/gallery\/koncerti\/thumbs\/thumbs_slika-121.jpg\"\n                    width=\"100\"\n                    height=\"75\"\n                    style=\"max-width:100%;\"\n                \/>\n            <\/a>\n        <\/div>\n\t\t\t\t\t\t\t<\/div> \n\t\t\t\n        \n\t\t\t\t<div id=\"ngg-image-11\" class=\"ngg-gallery-thumbnail-box\" >\n\t\t\t\t        <div class=\"ngg-gallery-thumbnail\">\n            <a href=\"https:\/\/kontesadora.hr\/stara\/wp-content\/gallery\/koncerti\/slika-120.jpg\"\n               title=\"\"\n               data-src=\"https:\/\/kontesadora.hr\/stara\/wp-content\/gallery\/koncerti\/slika-120.jpg\"\n               data-thumbnail=\"https:\/\/kontesadora.hr\/stara\/wp-content\/gallery\/koncerti\/thumbs\/thumbs_slika-120.jpg\"\n               data-image-id=\"1573\"\n               data-title=\"slika-120\"\n               data-description=\"\"\n               data-image-slug=\"slika-120\"\n               class=\"shutterset_c67bbd437d91859a62c88abe2cc053f9\">\n                <img\n                    title=\"slika-120\"\n                    alt=\"slika-120\"\n                    src=\"https:\/\/kontesadora.hr\/stara\/wp-content\/gallery\/koncerti\/thumbs\/thumbs_slika-120.jpg\"\n                    width=\"100\"\n                    height=\"75\"\n                    style=\"max-width:100%;\"\n                \/>\n            <\/a>\n        <\/div>\n\t\t\t\t\t\t\t<\/div> \n\t\t\t\n        \n\t\t\t\t<div id=\"ngg-image-12\" class=\"ngg-gallery-thumbnail-box\" >\n\t\t\t\t        <div class=\"ngg-gallery-thumbnail\">\n            <a href=\"https:\/\/kontesadora.hr\/stara\/wp-content\/gallery\/koncerti\/slika-119.jpg\"\n               title=\"\"\n               data-src=\"https:\/\/kontesadora.hr\/stara\/wp-content\/gallery\/koncerti\/slika-119.jpg\"\n               data-thumbnail=\"https:\/\/kontesadora.hr\/stara\/wp-content\/gallery\/koncerti\/thumbs\/thumbs_slika-119.jpg\"\n               data-image-id=\"1571\"\n               data-title=\"slika-119\"\n               data-description=\"\"\n               data-image-slug=\"slika-119\"\n               class=\"shutterset_c67bbd437d91859a62c88abe2cc053f9\">\n                <img\n                    title=\"slika-119\"\n                    alt=\"slika-119\"\n                    src=\"https:\/\/kontesadora.hr\/stara\/wp-content\/gallery\/koncerti\/thumbs\/thumbs_slika-119.jpg\"\n                    width=\"100\"\n                    height=\"75\"\n                    style=\"max-width:100%;\"\n                \/>\n            <\/a>\n        <\/div>\n\t\t\t\t\t\t\t<\/div> \n\t\t\t\n        \n\t\t\t\t<div id=\"ngg-image-13\" class=\"ngg-gallery-thumbnail-box\" >\n\t\t\t\t        <div class=\"ngg-gallery-thumbnail\">\n            <a href=\"https:\/\/kontesadora.hr\/stara\/wp-content\/gallery\/koncerti\/slika-118.jpg\"\n               title=\"\"\n               data-src=\"https:\/\/kontesadora.hr\/stara\/wp-content\/gallery\/koncerti\/slika-118.jpg\"\n               data-thumbnail=\"https:\/\/kontesadora.hr\/stara\/wp-content\/gallery\/koncerti\/thumbs\/thumbs_slika-118.jpg\"\n               data-image-id=\"1570\"\n               data-title=\"slika-118\"\n               data-description=\"\"\n               data-image-slug=\"slika-118\"\n               class=\"shutterset_c67bbd437d91859a62c88abe2cc053f9\">\n                <img\n                    title=\"slika-118\"\n                    alt=\"slika-118\"\n                    src=\"https:\/\/kontesadora.hr\/stara\/wp-content\/gallery\/koncerti\/thumbs\/thumbs_slika-118.jpg\"\n                    width=\"100\"\n                    height=\"75\"\n                    style=\"max-width:100%;\"\n                \/>\n            <\/a>\n        <\/div>\n\t\t\t\t\t\t\t<\/div> \n\t\t\t\n        \n\t\t\t\t<div id=\"ngg-image-14\" class=\"ngg-gallery-thumbnail-box\" >\n\t\t\t\t        <div class=\"ngg-gallery-thumbnail\">\n            <a href=\"https:\/\/kontesadora.hr\/stara\/wp-content\/gallery\/koncerti\/slika-116.jpg\"\n               title=\"\"\n               data-src=\"https:\/\/kontesadora.hr\/stara\/wp-content\/gallery\/koncerti\/slika-116.jpg\"\n               data-thumbnail=\"https:\/\/kontesadora.hr\/stara\/wp-content\/gallery\/koncerti\/thumbs\/thumbs_slika-116.jpg\"\n               data-image-id=\"1569\"\n               data-title=\"slika-116\"\n               data-description=\"\"\n               data-image-slug=\"slika-116\"\n               class=\"shutterset_c67bbd437d91859a62c88abe2cc053f9\">\n                <img\n                    title=\"slika-116\"\n                    alt=\"slika-116\"\n                    src=\"https:\/\/kontesadora.hr\/stara\/wp-content\/gallery\/koncerti\/thumbs\/thumbs_slika-116.jpg\"\n                    width=\"100\"\n                    height=\"75\"\n                    style=\"max-width:100%;\"\n                \/>\n            <\/a>\n        <\/div>\n\t\t\t\t\t\t\t<\/div> \n\t\t\t\n        \n\t\t\t\t<div id=\"ngg-image-15\" class=\"ngg-gallery-thumbnail-box\" >\n\t\t\t\t        <div class=\"ngg-gallery-thumbnail\">\n            <a href=\"https:\/\/kontesadora.hr\/stara\/wp-content\/gallery\/koncerti\/slika-115.jpg\"\n               title=\"\"\n               data-src=\"https:\/\/kontesadora.hr\/stara\/wp-content\/gallery\/koncerti\/slika-115.jpg\"\n               data-thumbnail=\"https:\/\/kontesadora.hr\/stara\/wp-content\/gallery\/koncerti\/thumbs\/thumbs_slika-115.jpg\"\n               data-image-id=\"1568\"\n               data-title=\"slika-115\"\n               data-description=\"\"\n               data-image-slug=\"slika-115\"\n               class=\"shutterset_c67bbd437d91859a62c88abe2cc053f9\">\n                <img\n                    title=\"slika-115\"\n                    alt=\"slika-115\"\n                    src=\"https:\/\/kontesadora.hr\/stara\/wp-content\/gallery\/koncerti\/thumbs\/thumbs_slika-115.jpg\"\n                    width=\"100\"\n                    height=\"75\"\n                    style=\"max-width:100%;\"\n                \/>\n            <\/a>\n        <\/div>\n\t\t\t\t\t\t\t<\/div> \n\t\t\t\n        \n\t\t\t\t<div id=\"ngg-image-16\" class=\"ngg-gallery-thumbnail-box\" >\n\t\t\t\t        <div class=\"ngg-gallery-thumbnail\">\n            <a href=\"https:\/\/kontesadora.hr\/stara\/wp-content\/gallery\/koncerti\/slika-114.jpg\"\n               title=\"\"\n               data-src=\"https:\/\/kontesadora.hr\/stara\/wp-content\/gallery\/koncerti\/slika-114.jpg\"\n               data-thumbnail=\"https:\/\/kontesadora.hr\/stara\/wp-content\/gallery\/koncerti\/thumbs\/thumbs_slika-114.jpg\"\n               data-image-id=\"1567\"\n               data-title=\"slika-114\"\n               data-description=\"\"\n               data-image-slug=\"slika-114\"\n               class=\"shutterset_c67bbd437d91859a62c88abe2cc053f9\">\n                <img\n                    title=\"slika-114\"\n                    alt=\"slika-114\"\n                    src=\"https:\/\/kontesadora.hr\/stara\/wp-content\/gallery\/koncerti\/thumbs\/thumbs_slika-114.jpg\"\n                    width=\"100\"\n                    height=\"75\"\n                    style=\"max-width:100%;\"\n                \/>\n            <\/a>\n        <\/div>\n\t\t\t\t\t\t\t<\/div> \n\t\t\t\n        \n\t\t\t\t<div id=\"ngg-image-17\" class=\"ngg-gallery-thumbnail-box\" >\n\t\t\t\t        <div class=\"ngg-gallery-thumbnail\">\n            <a href=\"https:\/\/kontesadora.hr\/stara\/wp-content\/gallery\/koncerti\/slika-112.jpg\"\n               title=\"\"\n               data-src=\"https:\/\/kontesadora.hr\/stara\/wp-content\/gallery\/koncerti\/slika-112.jpg\"\n               data-thumbnail=\"https:\/\/kontesadora.hr\/stara\/wp-content\/gallery\/koncerti\/thumbs\/thumbs_slika-112.jpg\"\n               data-image-id=\"1566\"\n               data-title=\"slika-112\"\n               data-description=\"\"\n               data-image-slug=\"slika-112\"\n               class=\"shutterset_c67bbd437d91859a62c88abe2cc053f9\">\n                <img\n                    title=\"slika-112\"\n                    alt=\"slika-112\"\n                    src=\"https:\/\/kontesadora.hr\/stara\/wp-content\/gallery\/koncerti\/thumbs\/thumbs_slika-112.jpg\"\n                    width=\"100\"\n                    height=\"75\"\n                    style=\"max-width:100%;\"\n                \/>\n            <\/a>\n        <\/div>\n\t\t\t\t\t\t\t<\/div> \n\t\t\t\n        \n\t\t\t\t<div id=\"ngg-image-18\" class=\"ngg-gallery-thumbnail-box\" >\n\t\t\t\t        <div class=\"ngg-gallery-thumbnail\">\n            <a href=\"https:\/\/kontesadora.hr\/stara\/wp-content\/gallery\/koncerti\/slika-111.jpg\"\n               title=\"\"\n               data-src=\"https:\/\/kontesadora.hr\/stara\/wp-content\/gallery\/koncerti\/slika-111.jpg\"\n               data-thumbnail=\"https:\/\/kontesadora.hr\/stara\/wp-content\/gallery\/koncerti\/thumbs\/thumbs_slika-111.jpg\"\n               data-image-id=\"1565\"\n               data-title=\"slika-111\"\n               data-description=\"\"\n               data-image-slug=\"slika-111\"\n               class=\"shutterset_c67bbd437d91859a62c88abe2cc053f9\">\n                <img\n                    title=\"slika-111\"\n                    alt=\"slika-111\"\n                    src=\"https:\/\/kontesadora.hr\/stara\/wp-content\/gallery\/koncerti\/thumbs\/thumbs_slika-111.jpg\"\n                    width=\"100\"\n                    height=\"75\"\n                    style=\"max-width:100%;\"\n                \/>\n            <\/a>\n        <\/div>\n\t\t\t\t\t\t\t<\/div> \n\t\t\t\n        \n\t\t\t\t<div id=\"ngg-image-19\" class=\"ngg-gallery-thumbnail-box\" >\n\t\t\t\t        <div class=\"ngg-gallery-thumbnail\">\n            <a href=\"https:\/\/kontesadora.hr\/stara\/wp-content\/gallery\/koncerti\/slika-110.jpg\"\n               title=\"\"\n               data-src=\"https:\/\/kontesadora.hr\/stara\/wp-content\/gallery\/koncerti\/slika-110.jpg\"\n               data-thumbnail=\"https:\/\/kontesadora.hr\/stara\/wp-content\/gallery\/koncerti\/thumbs\/thumbs_slika-110.jpg\"\n               data-image-id=\"1564\"\n               data-title=\"slika-110\"\n               data-description=\"\"\n               data-image-slug=\"slika-110\"\n               class=\"shutterset_c67bbd437d91859a62c88abe2cc053f9\">\n                <img\n                    title=\"slika-110\"\n                    alt=\"slika-110\"\n                    src=\"https:\/\/kontesadora.hr\/stara\/wp-content\/gallery\/koncerti\/thumbs\/thumbs_slika-110.jpg\"\n                    width=\"100\"\n                    height=\"75\"\n                    style=\"max-width:100%;\"\n                \/>\n            <\/a>\n        <\/div>\n\t\t\t\t\t\t\t<\/div> \n\t\t\t\n        \n\t\t\n\t\t<!-- Pagination -->\n\t<div class='ngg-navigation'><span class='current'>1<\/span>\n<a class='page-numbers' data-pageid='2' href='https:\/\/kontesadora.hr\/stara\/galerija\/nggallery\/page\/2'>2<\/a>\n<span class='ellipsis'>...<\/span>\n<a class='page-numbers' data-pageid='8' href='https:\/\/kontesadora.hr\/stara\/galerija\/nggallery\/page\/8'>8<\/a>\n<a class='prev' href='https:\/\/kontesadora.hr\/stara\/galerija\/nggallery\/page\/2' data-pageid=2>&#9658;<\/a><\/div>\t<\/div>\n\n<!-- index.php -->\n<div\n\tclass=\"ngg-galleryoverview ngg-ajax-pagination-none\"\n\tid=\"ngg-gallery-469a657406e6e8bc0449a8e6792d3aee-1\">\n\n    \t<div class=\"slideshowlink\">\n        <a href='https:\/\/kontesadora.hr\/stara\/galerija\/nggallery\/slideshow'>[Show as slideshow]<\/a>\n\t\t\n\t<\/div>\n\t\t\t<!-- Thumbnails -->\n\t\t\t\t<div id=\"ngg-image-0\" class=\"ngg-gallery-thumbnail-box\" >\n\t\t\t\t        <div class=\"ngg-gallery-thumbnail\">\n            <a href=\"https:\/\/kontesadora.hr\/stara\/wp-content\/gallery\/kuma-i-kum\/IMG_1688.jpg\"\n               title=\"\"\n               data-src=\"https:\/\/kontesadora.hr\/stara\/wp-content\/gallery\/kuma-i-kum\/IMG_1688.jpg\"\n               data-thumbnail=\"https:\/\/kontesadora.hr\/stara\/wp-content\/gallery\/kuma-i-kum\/thumbs\/thumbs_IMG_1688.jpg\"\n               data-image-id=\"104\"\n               data-title=\"IMG_1688\"\n               data-description=\"\"\n               data-image-slug=\"img_1688\"\n               class=\"shutterset_469a657406e6e8bc0449a8e6792d3aee\">\n                <img\n                    title=\"IMG_1688\"\n                    alt=\"IMG_1688\"\n                    src=\"https:\/\/kontesadora.hr\/stara\/wp-content\/gallery\/kuma-i-kum\/thumbs\/thumbs_IMG_1688.jpg\"\n                    width=\"100\"\n                    height=\"75\"\n                    style=\"max-width:100%;\"\n                \/>\n            <\/a>\n        <\/div>\n\t\t\t\t\t\t\t<\/div> \n\t\t\t\n        \n\t\t\t\t<div id=\"ngg-image-1\" class=\"ngg-gallery-thumbnail-box\" >\n\t\t\t\t        <div class=\"ngg-gallery-thumbnail\">\n            <a href=\"https:\/\/kontesadora.hr\/stara\/wp-content\/gallery\/kuma-i-kum\/IMG_1687.jpg\"\n               title=\"\"\n               data-src=\"https:\/\/kontesadora.hr\/stara\/wp-content\/gallery\/kuma-i-kum\/IMG_1687.jpg\"\n               data-thumbnail=\"https:\/\/kontesadora.hr\/stara\/wp-content\/gallery\/kuma-i-kum\/thumbs\/thumbs_IMG_1687.jpg\"\n               data-image-id=\"103\"\n               data-title=\"IMG_1687\"\n               data-description=\"\"\n               data-image-slug=\"img_1687\"\n               class=\"shutterset_469a657406e6e8bc0449a8e6792d3aee\">\n                <img\n                    title=\"IMG_1687\"\n                    alt=\"IMG_1687\"\n                    src=\"https:\/\/kontesadora.hr\/stara\/wp-content\/gallery\/kuma-i-kum\/thumbs\/thumbs_IMG_1687.jpg\"\n                    width=\"100\"\n                    height=\"75\"\n                    style=\"max-width:100%;\"\n                \/>\n            <\/a>\n        <\/div>\n\t\t\t\t\t\t\t<\/div> \n\t\t\t\n        \n\t\t\t\t<div id=\"ngg-image-2\" class=\"ngg-gallery-thumbnail-box\" >\n\t\t\t\t        <div class=\"ngg-gallery-thumbnail\">\n            <a href=\"https:\/\/kontesadora.hr\/stara\/wp-content\/gallery\/kuma-i-kum\/IMG_1686.jpg\"\n               title=\"\"\n               data-src=\"https:\/\/kontesadora.hr\/stara\/wp-content\/gallery\/kuma-i-kum\/IMG_1686.jpg\"\n               data-thumbnail=\"https:\/\/kontesadora.hr\/stara\/wp-content\/gallery\/kuma-i-kum\/thumbs\/thumbs_IMG_1686.jpg\"\n               data-image-id=\"102\"\n               data-title=\"IMG_1686\"\n               data-description=\"\"\n               data-image-slug=\"img_1686\"\n               class=\"shutterset_469a657406e6e8bc0449a8e6792d3aee\">\n                <img\n                    title=\"IMG_1686\"\n                    alt=\"IMG_1686\"\n                    src=\"https:\/\/kontesadora.hr\/stara\/wp-content\/gallery\/kuma-i-kum\/thumbs\/thumbs_IMG_1686.jpg\"\n                    width=\"100\"\n                    height=\"75\"\n                    style=\"max-width:100%;\"\n                \/>\n            <\/a>\n        <\/div>\n\t\t\t\t\t\t\t<\/div> \n\t\t\t\n        \n\t\t\t\t<div id=\"ngg-image-3\" class=\"ngg-gallery-thumbnail-box\" >\n\t\t\t\t        <div class=\"ngg-gallery-thumbnail\">\n            <a href=\"https:\/\/kontesadora.hr\/stara\/wp-content\/gallery\/kuma-i-kum\/IMG_1685.jpg\"\n               title=\"\"\n               data-src=\"https:\/\/kontesadora.hr\/stara\/wp-content\/gallery\/kuma-i-kum\/IMG_1685.jpg\"\n               data-thumbnail=\"https:\/\/kontesadora.hr\/stara\/wp-content\/gallery\/kuma-i-kum\/thumbs\/thumbs_IMG_1685.jpg\"\n               data-image-id=\"101\"\n               data-title=\"IMG_1685\"\n               data-description=\"\"\n               data-image-slug=\"img_1685\"\n               class=\"shutterset_469a657406e6e8bc0449a8e6792d3aee\">\n                <img\n                    title=\"IMG_1685\"\n                    alt=\"IMG_1685\"\n                    src=\"https:\/\/kontesadora.hr\/stara\/wp-content\/gallery\/kuma-i-kum\/thumbs\/thumbs_IMG_1685.jpg\"\n                    width=\"100\"\n                    height=\"75\"\n                    style=\"max-width:100%;\"\n                \/>\n            <\/a>\n        <\/div>\n\t\t\t\t\t\t\t<\/div> \n\t\t\t\n        \n\t\t\t\t<div id=\"ngg-image-4\" class=\"ngg-gallery-thumbnail-box\" >\n\t\t\t\t        <div class=\"ngg-gallery-thumbnail\">\n            <a href=\"https:\/\/kontesadora.hr\/stara\/wp-content\/gallery\/kuma-i-kum\/IMG_1684.jpg\"\n               title=\"\"\n               data-src=\"https:\/\/kontesadora.hr\/stara\/wp-content\/gallery\/kuma-i-kum\/IMG_1684.jpg\"\n               data-thumbnail=\"https:\/\/kontesadora.hr\/stara\/wp-content\/gallery\/kuma-i-kum\/thumbs\/thumbs_IMG_1684.jpg\"\n               data-image-id=\"100\"\n               data-title=\"IMG_1684\"\n               data-description=\"\"\n               data-image-slug=\"img_1684\"\n               class=\"shutterset_469a657406e6e8bc0449a8e6792d3aee\">\n                <img\n                    title=\"IMG_1684\"\n                    alt=\"IMG_1684\"\n                    src=\"https:\/\/kontesadora.hr\/stara\/wp-content\/gallery\/kuma-i-kum\/thumbs\/thumbs_IMG_1684.jpg\"\n                    width=\"100\"\n                    height=\"75\"\n                    style=\"max-width:100%;\"\n                \/>\n            <\/a>\n        <\/div>\n\t\t\t\t\t\t\t<\/div> \n\t\t\t\n        \n\t\t\t\t<div id=\"ngg-image-5\" class=\"ngg-gallery-thumbnail-box\" >\n\t\t\t\t        <div class=\"ngg-gallery-thumbnail\">\n            <a href=\"https:\/\/kontesadora.hr\/stara\/wp-content\/gallery\/kuma-i-kum\/IMG_1683.jpg\"\n               title=\"\"\n               data-src=\"https:\/\/kontesadora.hr\/stara\/wp-content\/gallery\/kuma-i-kum\/IMG_1683.jpg\"\n               data-thumbnail=\"https:\/\/kontesadora.hr\/stara\/wp-content\/gallery\/kuma-i-kum\/thumbs\/thumbs_IMG_1683.jpg\"\n               data-image-id=\"99\"\n               data-title=\"IMG_1683\"\n               data-description=\"\"\n               data-image-slug=\"img_1683\"\n               class=\"shutterset_469a657406e6e8bc0449a8e6792d3aee\">\n                <img\n                    title=\"IMG_1683\"\n                    alt=\"IMG_1683\"\n                    src=\"https:\/\/kontesadora.hr\/stara\/wp-content\/gallery\/kuma-i-kum\/thumbs\/thumbs_IMG_1683.jpg\"\n                    width=\"100\"\n                    height=\"75\"\n                    style=\"max-width:100%;\"\n                \/>\n            <\/a>\n        <\/div>\n\t\t\t\t\t\t\t<\/div> \n\t\t\t\n        \n\t\t\t\t<div id=\"ngg-image-6\" class=\"ngg-gallery-thumbnail-box\" >\n\t\t\t\t        <div class=\"ngg-gallery-thumbnail\">\n            <a href=\"https:\/\/kontesadora.hr\/stara\/wp-content\/gallery\/kuma-i-kum\/IMG_1682.jpg\"\n               title=\"\"\n               data-src=\"https:\/\/kontesadora.hr\/stara\/wp-content\/gallery\/kuma-i-kum\/IMG_1682.jpg\"\n               data-thumbnail=\"https:\/\/kontesadora.hr\/stara\/wp-content\/gallery\/kuma-i-kum\/thumbs\/thumbs_IMG_1682.jpg\"\n               data-image-id=\"98\"\n               data-title=\"IMG_1682\"\n               data-description=\"\"\n               data-image-slug=\"img_1682\"\n               class=\"shutterset_469a657406e6e8bc0449a8e6792d3aee\">\n                <img\n                    title=\"IMG_1682\"\n                    alt=\"IMG_1682\"\n                    src=\"https:\/\/kontesadora.hr\/stara\/wp-content\/gallery\/kuma-i-kum\/thumbs\/thumbs_IMG_1682.jpg\"\n                    width=\"100\"\n                    height=\"75\"\n                    style=\"max-width:100%;\"\n                \/>\n            <\/a>\n        <\/div>\n\t\t\t\t\t\t\t<\/div> \n\t\t\t\n        \n\t\t\t\t<div id=\"ngg-image-7\" class=\"ngg-gallery-thumbnail-box\" >\n\t\t\t\t        <div class=\"ngg-gallery-thumbnail\">\n            <a href=\"https:\/\/kontesadora.hr\/stara\/wp-content\/gallery\/kuma-i-kum\/IMG_1681.jpg\"\n               title=\"\"\n               data-src=\"https:\/\/kontesadora.hr\/stara\/wp-content\/gallery\/kuma-i-kum\/IMG_1681.jpg\"\n               data-thumbnail=\"https:\/\/kontesadora.hr\/stara\/wp-content\/gallery\/kuma-i-kum\/thumbs\/thumbs_IMG_1681.jpg\"\n               data-image-id=\"97\"\n               data-title=\"IMG_1681\"\n               data-description=\"\"\n               data-image-slug=\"img_1681\"\n               class=\"shutterset_469a657406e6e8bc0449a8e6792d3aee\">\n                <img\n                    title=\"IMG_1681\"\n                    alt=\"IMG_1681\"\n                    src=\"https:\/\/kontesadora.hr\/stara\/wp-content\/gallery\/kuma-i-kum\/thumbs\/thumbs_IMG_1681.jpg\"\n                    width=\"100\"\n                    height=\"75\"\n                    style=\"max-width:100%;\"\n                \/>\n            <\/a>\n        <\/div>\n\t\t\t\t\t\t\t<\/div> \n\t\t\t\n        \n\t\t\t\t<div id=\"ngg-image-8\" class=\"ngg-gallery-thumbnail-box\" >\n\t\t\t\t        <div class=\"ngg-gallery-thumbnail\">\n            <a href=\"https:\/\/kontesadora.hr\/stara\/wp-content\/gallery\/kuma-i-kum\/IMG_1677.jpg\"\n               title=\"\"\n               data-src=\"https:\/\/kontesadora.hr\/stara\/wp-content\/gallery\/kuma-i-kum\/IMG_1677.jpg\"\n               data-thumbnail=\"https:\/\/kontesadora.hr\/stara\/wp-content\/gallery\/kuma-i-kum\/thumbs\/thumbs_IMG_1677.jpg\"\n               data-image-id=\"96\"\n               data-title=\"IMG_1677\"\n               data-description=\"\"\n               data-image-slug=\"img_1677\"\n               class=\"shutterset_469a657406e6e8bc0449a8e6792d3aee\">\n                <img\n                    title=\"IMG_1677\"\n                    alt=\"IMG_1677\"\n                    src=\"https:\/\/kontesadora.hr\/stara\/wp-content\/gallery\/kuma-i-kum\/thumbs\/thumbs_IMG_1677.jpg\"\n                    width=\"100\"\n                    height=\"75\"\n                    style=\"max-width:100%;\"\n                \/>\n            <\/a>\n        <\/div>\n\t\t\t\t\t\t\t<\/div> \n\t\t\t\n        \n\t\t\t\t<div id=\"ngg-image-9\" class=\"ngg-gallery-thumbnail-box\" >\n\t\t\t\t        <div class=\"ngg-gallery-thumbnail\">\n            <a href=\"https:\/\/kontesadora.hr\/stara\/wp-content\/gallery\/kuma-i-kum\/IMG_1676.jpg\"\n               title=\"\"\n               data-src=\"https:\/\/kontesadora.hr\/stara\/wp-content\/gallery\/kuma-i-kum\/IMG_1676.jpg\"\n               data-thumbnail=\"https:\/\/kontesadora.hr\/stara\/wp-content\/gallery\/kuma-i-kum\/thumbs\/thumbs_IMG_1676.jpg\"\n               data-image-id=\"95\"\n               data-title=\"IMG_1676\"\n               data-description=\"\"\n               data-image-slug=\"img_1676\"\n               class=\"shutterset_469a657406e6e8bc0449a8e6792d3aee\">\n                <img\n                    title=\"IMG_1676\"\n                    alt=\"IMG_1676\"\n                    src=\"https:\/\/kontesadora.hr\/stara\/wp-content\/gallery\/kuma-i-kum\/thumbs\/thumbs_IMG_1676.jpg\"\n                    width=\"100\"\n                    height=\"75\"\n                    style=\"max-width:100%;\"\n                \/>\n            <\/a>\n        <\/div>\n\t\t\t\t\t\t\t<\/div> \n\t\t\t\n        \n\t\t\t\t<div id=\"ngg-image-10\" class=\"ngg-gallery-thumbnail-box\" >\n\t\t\t\t        <div class=\"ngg-gallery-thumbnail\">\n            <a href=\"https:\/\/kontesadora.hr\/stara\/wp-content\/gallery\/kuma-i-kum\/IMG_1675.jpg\"\n               title=\"\"\n               data-src=\"https:\/\/kontesadora.hr\/stara\/wp-content\/gallery\/kuma-i-kum\/IMG_1675.jpg\"\n               data-thumbnail=\"https:\/\/kontesadora.hr\/stara\/wp-content\/gallery\/kuma-i-kum\/thumbs\/thumbs_IMG_1675.jpg\"\n               data-image-id=\"94\"\n               data-title=\"IMG_1675\"\n               data-description=\"\"\n               data-image-slug=\"img_1675\"\n               class=\"shutterset_469a657406e6e8bc0449a8e6792d3aee\">\n                <img\n                    title=\"IMG_1675\"\n                    alt=\"IMG_1675\"\n                    src=\"https:\/\/kontesadora.hr\/stara\/wp-content\/gallery\/kuma-i-kum\/thumbs\/thumbs_IMG_1675.jpg\"\n                    width=\"100\"\n                    height=\"75\"\n                    style=\"max-width:100%;\"\n                \/>\n            <\/a>\n        <\/div>\n\t\t\t\t\t\t\t<\/div> \n\t\t\t\n        \n\t\t\t\t<div id=\"ngg-image-11\" class=\"ngg-gallery-thumbnail-box\" >\n\t\t\t\t        <div class=\"ngg-gallery-thumbnail\">\n            <a href=\"https:\/\/kontesadora.hr\/stara\/wp-content\/gallery\/kuma-i-kum\/IMG_1674.jpg\"\n               title=\"\"\n               data-src=\"https:\/\/kontesadora.hr\/stara\/wp-content\/gallery\/kuma-i-kum\/IMG_1674.jpg\"\n               data-thumbnail=\"https:\/\/kontesadora.hr\/stara\/wp-content\/gallery\/kuma-i-kum\/thumbs\/thumbs_IMG_1674.jpg\"\n               data-image-id=\"93\"\n               data-title=\"IMG_1674\"\n               data-description=\"\"\n               data-image-slug=\"img_1674\"\n               class=\"shutterset_469a657406e6e8bc0449a8e6792d3aee\">\n                <img\n                    title=\"IMG_1674\"\n                    alt=\"IMG_1674\"\n                    src=\"https:\/\/kontesadora.hr\/stara\/wp-content\/gallery\/kuma-i-kum\/thumbs\/thumbs_IMG_1674.jpg\"\n                    width=\"100\"\n                    height=\"75\"\n                    style=\"max-width:100%;\"\n                \/>\n            <\/a>\n        <\/div>\n\t\t\t\t\t\t\t<\/div> \n\t\t\t\n        \n\t\t\t\t<div id=\"ngg-image-12\" class=\"ngg-gallery-thumbnail-box\" >\n\t\t\t\t        <div class=\"ngg-gallery-thumbnail\">\n            <a href=\"https:\/\/kontesadora.hr\/stara\/wp-content\/gallery\/kuma-i-kum\/IMG_1673.jpg\"\n               title=\"\"\n               data-src=\"https:\/\/kontesadora.hr\/stara\/wp-content\/gallery\/kuma-i-kum\/IMG_1673.jpg\"\n               data-thumbnail=\"https:\/\/kontesadora.hr\/stara\/wp-content\/gallery\/kuma-i-kum\/thumbs\/thumbs_IMG_1673.jpg\"\n               data-image-id=\"92\"\n               data-title=\"IMG_1673\"\n               data-description=\"\"\n               data-image-slug=\"img_1673\"\n               class=\"shutterset_469a657406e6e8bc0449a8e6792d3aee\">\n                <img\n                    title=\"IMG_1673\"\n                    alt=\"IMG_1673\"\n                    src=\"https:\/\/kontesadora.hr\/stara\/wp-content\/gallery\/kuma-i-kum\/thumbs\/thumbs_IMG_1673.jpg\"\n                    width=\"100\"\n                    height=\"75\"\n                    style=\"max-width:100%;\"\n                \/>\n            <\/a>\n        <\/div>\n\t\t\t\t\t\t\t<\/div> \n\t\t\t\n        \n\t\t\t\t<div id=\"ngg-image-13\" class=\"ngg-gallery-thumbnail-box\" >\n\t\t\t\t        <div class=\"ngg-gallery-thumbnail\">\n            <a href=\"https:\/\/kontesadora.hr\/stara\/wp-content\/gallery\/kuma-i-kum\/IMG_1672.jpg\"\n               title=\"\"\n               data-src=\"https:\/\/kontesadora.hr\/stara\/wp-content\/gallery\/kuma-i-kum\/IMG_1672.jpg\"\n               data-thumbnail=\"https:\/\/kontesadora.hr\/stara\/wp-content\/gallery\/kuma-i-kum\/thumbs\/thumbs_IMG_1672.jpg\"\n               data-image-id=\"91\"\n               data-title=\"IMG_1672\"\n               data-description=\"\"\n               data-image-slug=\"img_1672\"\n               class=\"shutterset_469a657406e6e8bc0449a8e6792d3aee\">\n                <img\n                    title=\"IMG_1672\"\n                    alt=\"IMG_1672\"\n                    src=\"https:\/\/kontesadora.hr\/stara\/wp-content\/gallery\/kuma-i-kum\/thumbs\/thumbs_IMG_1672.jpg\"\n                    width=\"100\"\n                    height=\"75\"\n                    style=\"max-width:100%;\"\n                \/>\n            <\/a>\n        <\/div>\n\t\t\t\t\t\t\t<\/div> \n\t\t\t\n        \n\t\t\t\t<div id=\"ngg-image-14\" class=\"ngg-gallery-thumbnail-box\" >\n\t\t\t\t        <div class=\"ngg-gallery-thumbnail\">\n            <a href=\"https:\/\/kontesadora.hr\/stara\/wp-content\/gallery\/kuma-i-kum\/IMG_1671.jpg\"\n               title=\"\"\n               data-src=\"https:\/\/kontesadora.hr\/stara\/wp-content\/gallery\/kuma-i-kum\/IMG_1671.jpg\"\n               data-thumbnail=\"https:\/\/kontesadora.hr\/stara\/wp-content\/gallery\/kuma-i-kum\/thumbs\/thumbs_IMG_1671.jpg\"\n               data-image-id=\"90\"\n               data-title=\"IMG_1671\"\n               data-description=\"\"\n               data-image-slug=\"img_1671\"\n               class=\"shutterset_469a657406e6e8bc0449a8e6792d3aee\">\n                <img\n                    title=\"IMG_1671\"\n                    alt=\"IMG_1671\"\n                    src=\"https:\/\/kontesadora.hr\/stara\/wp-content\/gallery\/kuma-i-kum\/thumbs\/thumbs_IMG_1671.jpg\"\n                    width=\"100\"\n                    height=\"75\"\n                    style=\"max-width:100%;\"\n                \/>\n            <\/a>\n        <\/div>\n\t\t\t\t\t\t\t<\/div> \n\t\t\t\n        \n\t\t\t\t<div id=\"ngg-image-15\" class=\"ngg-gallery-thumbnail-box\" >\n\t\t\t\t        <div class=\"ngg-gallery-thumbnail\">\n            <a href=\"https:\/\/kontesadora.hr\/stara\/wp-content\/gallery\/kuma-i-kum\/IMG_1670.jpg\"\n               title=\"\"\n               data-src=\"https:\/\/kontesadora.hr\/stara\/wp-content\/gallery\/kuma-i-kum\/IMG_1670.jpg\"\n               data-thumbnail=\"https:\/\/kontesadora.hr\/stara\/wp-content\/gallery\/kuma-i-kum\/thumbs\/thumbs_IMG_1670.jpg\"\n               data-image-id=\"89\"\n               data-title=\"IMG_1670\"\n               data-description=\"\"\n               data-image-slug=\"img_1670\"\n               class=\"shutterset_469a657406e6e8bc0449a8e6792d3aee\">\n                <img\n                    title=\"IMG_1670\"\n                    alt=\"IMG_1670\"\n                    src=\"https:\/\/kontesadora.hr\/stara\/wp-content\/gallery\/kuma-i-kum\/thumbs\/thumbs_IMG_1670.jpg\"\n                    width=\"100\"\n                    height=\"75\"\n                    style=\"max-width:100%;\"\n                \/>\n            <\/a>\n        <\/div>\n\t\t\t\t\t\t\t<\/div> \n\t\t\t\n        \n\t\t\t\t<div id=\"ngg-image-16\" class=\"ngg-gallery-thumbnail-box\" >\n\t\t\t\t        <div class=\"ngg-gallery-thumbnail\">\n            <a href=\"https:\/\/kontesadora.hr\/stara\/wp-content\/gallery\/kuma-i-kum\/IMG_1669.jpg\"\n               title=\"\"\n               data-src=\"https:\/\/kontesadora.hr\/stara\/wp-content\/gallery\/kuma-i-kum\/IMG_1669.jpg\"\n               data-thumbnail=\"https:\/\/kontesadora.hr\/stara\/wp-content\/gallery\/kuma-i-kum\/thumbs\/thumbs_IMG_1669.jpg\"\n               data-image-id=\"88\"\n               data-title=\"IMG_1669\"\n               data-description=\"\"\n               data-image-slug=\"img_1669\"\n               class=\"shutterset_469a657406e6e8bc0449a8e6792d3aee\">\n                <img\n                    title=\"IMG_1669\"\n                    alt=\"IMG_1669\"\n                    src=\"https:\/\/kontesadora.hr\/stara\/wp-content\/gallery\/kuma-i-kum\/thumbs\/thumbs_IMG_1669.jpg\"\n                    width=\"100\"\n                    height=\"75\"\n                    style=\"max-width:100%;\"\n                \/>\n            <\/a>\n        <\/div>\n\t\t\t\t\t\t\t<\/div> \n\t\t\t\n        \n\t\t\t\t<div id=\"ngg-image-17\" class=\"ngg-gallery-thumbnail-box\" >\n\t\t\t\t        <div class=\"ngg-gallery-thumbnail\">\n            <a href=\"https:\/\/kontesadora.hr\/stara\/wp-content\/gallery\/kuma-i-kum\/IMG_1668.jpg\"\n               title=\"\"\n               data-src=\"https:\/\/kontesadora.hr\/stara\/wp-content\/gallery\/kuma-i-kum\/IMG_1668.jpg\"\n               data-thumbnail=\"https:\/\/kontesadora.hr\/stara\/wp-content\/gallery\/kuma-i-kum\/thumbs\/thumbs_IMG_1668.jpg\"\n               data-image-id=\"87\"\n               data-title=\"IMG_1668\"\n               data-description=\"\"\n               data-image-slug=\"img_1668\"\n               class=\"shutterset_469a657406e6e8bc0449a8e6792d3aee\">\n                <img\n                    title=\"IMG_1668\"\n                    alt=\"IMG_1668\"\n                    src=\"https:\/\/kontesadora.hr\/stara\/wp-content\/gallery\/kuma-i-kum\/thumbs\/thumbs_IMG_1668.jpg\"\n                    width=\"100\"\n                    height=\"75\"\n                    style=\"max-width:100%;\"\n                \/>\n            <\/a>\n        <\/div>\n\t\t\t\t\t\t\t<\/div> \n\t\t\t\n        \n\t\t\t\t<div id=\"ngg-image-18\" class=\"ngg-gallery-thumbnail-box\" >\n\t\t\t\t        <div class=\"ngg-gallery-thumbnail\">\n            <a href=\"https:\/\/kontesadora.hr\/stara\/wp-content\/gallery\/kuma-i-kum\/IMG_1667.jpg\"\n               title=\"\"\n               data-src=\"https:\/\/kontesadora.hr\/stara\/wp-content\/gallery\/kuma-i-kum\/IMG_1667.jpg\"\n               data-thumbnail=\"https:\/\/kontesadora.hr\/stara\/wp-content\/gallery\/kuma-i-kum\/thumbs\/thumbs_IMG_1667.jpg\"\n               data-image-id=\"86\"\n               data-title=\"IMG_1667\"\n               data-description=\"\"\n               data-image-slug=\"img_1667\"\n               class=\"shutterset_469a657406e6e8bc0449a8e6792d3aee\">\n                <img\n                    title=\"IMG_1667\"\n                    alt=\"IMG_1667\"\n                    src=\"https:\/\/kontesadora.hr\/stara\/wp-content\/gallery\/kuma-i-kum\/thumbs\/thumbs_IMG_1667.jpg\"\n                    width=\"100\"\n                    height=\"75\"\n                    style=\"max-width:100%;\"\n                \/>\n            <\/a>\n        <\/div>\n\t\t\t\t\t\t\t<\/div> \n\t\t\t\n        \n\t\t\t\t<div id=\"ngg-image-19\" class=\"ngg-gallery-thumbnail-box\" >\n\t\t\t\t        <div class=\"ngg-gallery-thumbnail\">\n            <a href=\"https:\/\/kontesadora.hr\/stara\/wp-content\/gallery\/kuma-i-kum\/IMG_1666.jpg\"\n               title=\"\"\n               data-src=\"https:\/\/kontesadora.hr\/stara\/wp-content\/gallery\/kuma-i-kum\/IMG_1666.jpg\"\n               data-thumbnail=\"https:\/\/kontesadora.hr\/stara\/wp-content\/gallery\/kuma-i-kum\/thumbs\/thumbs_IMG_1666.jpg\"\n               data-image-id=\"85\"\n               data-title=\"IMG_1666\"\n               data-description=\"\"\n               data-image-slug=\"img_1666\"\n               class=\"shutterset_469a657406e6e8bc0449a8e6792d3aee\">\n                <img\n                    title=\"IMG_1666\"\n                    alt=\"IMG_1666\"\n                    src=\"https:\/\/kontesadora.hr\/stara\/wp-content\/gallery\/kuma-i-kum\/thumbs\/thumbs_IMG_1666.jpg\"\n                    width=\"100\"\n                    height=\"75\"\n                    style=\"max-width:100%;\"\n                \/>\n            <\/a>\n        <\/div>\n\t\t\t\t\t\t\t<\/div> \n\t\t\t\n        \n\t\t\n\t\t<!-- Pagination -->\n\t<div class='ngg-navigation'><span class='current'>1<\/span>\n<a class='page-numbers' data-pageid='2' href='https:\/\/kontesadora.hr\/stara\/galerija\/nggallery\/page\/2'>2<\/a>\n<span class='ellipsis'>...<\/span>\n<a class='page-numbers' data-pageid='5' href='https:\/\/kontesadora.hr\/stara\/galerija\/nggallery\/page\/5'>5<\/a>\n<a class='prev' href='https:\/\/kontesadora.hr\/stara\/galerija\/nggallery\/page\/2' data-pageid=2>&#9658;<\/a><\/div>\t<\/div>\nKoncert Gibonni i orkestar (kum i kuma \u0160kole Gibonni i Danijela Pinatri\u0107)<\/p>\n<!-- index.php -->\n<div\n\tclass=\"ngg-galleryoverview ngg-ajax-pagination-none\"\n\tid=\"ngg-gallery-7bfbde412c3d50a64383aac350efdedf-1\">\n\n    \t<div class=\"slideshowlink\">\n        <a href='https:\/\/kontesadora.hr\/stara\/galerija\/nggallery\/slideshow'>[Show as slideshow]<\/a>\n\t\t\n\t<\/div>\n\t\t\t<!-- Thumbnails -->\n\t\t\t\t<div id=\"ngg-image-0\" class=\"ngg-gallery-thumbnail-box\" >\n\t\t\t\t        <div class=\"ngg-gallery-thumbnail\">\n            <a href=\"https:\/\/kontesadora.hr\/stara\/wp-content\/gallery\/4-nasicka-zimska-noc\/P2256641.jpg\"\n               title=\"\"\n               data-src=\"https:\/\/kontesadora.hr\/stara\/wp-content\/gallery\/4-nasicka-zimska-noc\/P2256641.jpg\"\n               data-thumbnail=\"https:\/\/kontesadora.hr\/stara\/wp-content\/gallery\/4-nasicka-zimska-noc\/thumbs\/thumbs_P2256641.jpg\"\n               data-image-id=\"250\"\n               data-title=\"P2256641\"\n               data-description=\"\"\n               data-image-slug=\"p2256641\"\n               class=\"shutterset_7bfbde412c3d50a64383aac350efdedf\">\n                <img\n                    title=\"P2256641\"\n                    alt=\"P2256641\"\n                    src=\"https:\/\/kontesadora.hr\/stara\/wp-content\/gallery\/4-nasicka-zimska-noc\/thumbs\/thumbs_P2256641.jpg\"\n                    width=\"100\"\n                    height=\"75\"\n                    style=\"max-width:100%;\"\n                \/>\n            <\/a>\n        <\/div>\n\t\t\t\t\t\t\t<\/div> \n\t\t\t\n        \n\t\t\t\t<div id=\"ngg-image-1\" class=\"ngg-gallery-thumbnail-box\" >\n\t\t\t\t        <div class=\"ngg-gallery-thumbnail\">\n            <a href=\"https:\/\/kontesadora.hr\/stara\/wp-content\/gallery\/4-nasicka-zimska-noc\/P2256636.jpg\"\n               title=\"\"\n               data-src=\"https:\/\/kontesadora.hr\/stara\/wp-content\/gallery\/4-nasicka-zimska-noc\/P2256636.jpg\"\n               data-thumbnail=\"https:\/\/kontesadora.hr\/stara\/wp-content\/gallery\/4-nasicka-zimska-noc\/thumbs\/thumbs_P2256636.jpg\"\n               data-image-id=\"247\"\n               data-title=\"P2256636\"\n               data-description=\"\"\n               data-image-slug=\"p2256636\"\n               class=\"shutterset_7bfbde412c3d50a64383aac350efdedf\">\n                <img\n                    title=\"P2256636\"\n                    alt=\"P2256636\"\n                    src=\"https:\/\/kontesadora.hr\/stara\/wp-content\/gallery\/4-nasicka-zimska-noc\/thumbs\/thumbs_P2256636.jpg\"\n                    width=\"100\"\n                    height=\"75\"\n                    style=\"max-width:100%;\"\n                \/>\n            <\/a>\n        <\/div>\n\t\t\t\t\t\t\t<\/div> \n\t\t\t\n        \n\t\t\t\t<div id=\"ngg-image-2\" class=\"ngg-gallery-thumbnail-box\" >\n\t\t\t\t        <div class=\"ngg-gallery-thumbnail\">\n            <a href=\"https:\/\/kontesadora.hr\/stara\/wp-content\/gallery\/4-nasicka-zimska-noc\/P2256637.jpg\"\n               title=\"\"\n               data-src=\"https:\/\/kontesadora.hr\/stara\/wp-content\/gallery\/4-nasicka-zimska-noc\/P2256637.jpg\"\n               data-thumbnail=\"https:\/\/kontesadora.hr\/stara\/wp-content\/gallery\/4-nasicka-zimska-noc\/thumbs\/thumbs_P2256637.jpg\"\n               data-image-id=\"248\"\n               data-title=\"P2256637\"\n               data-description=\"\"\n               data-image-slug=\"p2256637\"\n               class=\"shutterset_7bfbde412c3d50a64383aac350efdedf\">\n                <img\n                    title=\"P2256637\"\n                    alt=\"P2256637\"\n                    src=\"https:\/\/kontesadora.hr\/stara\/wp-content\/gallery\/4-nasicka-zimska-noc\/thumbs\/thumbs_P2256637.jpg\"\n                    width=\"100\"\n                    height=\"75\"\n                    style=\"max-width:100%;\"\n                \/>\n            <\/a>\n        <\/div>\n\t\t\t\t\t\t\t<\/div> \n\t\t\t\n        \n\t\t\t\t<div id=\"ngg-image-3\" class=\"ngg-gallery-thumbnail-box\" >\n\t\t\t\t        <div class=\"ngg-gallery-thumbnail\">\n            <a href=\"https:\/\/kontesadora.hr\/stara\/wp-content\/gallery\/4-nasicka-zimska-noc\/P2256640.jpg\"\n               title=\"\"\n               data-src=\"https:\/\/kontesadora.hr\/stara\/wp-content\/gallery\/4-nasicka-zimska-noc\/P2256640.jpg\"\n               data-thumbnail=\"https:\/\/kontesadora.hr\/stara\/wp-content\/gallery\/4-nasicka-zimska-noc\/thumbs\/thumbs_P2256640.jpg\"\n               data-image-id=\"249\"\n               data-title=\"P2256640\"\n               data-description=\"\"\n               data-image-slug=\"p2256640\"\n               class=\"shutterset_7bfbde412c3d50a64383aac350efdedf\">\n                <img\n                    title=\"P2256640\"\n                    alt=\"P2256640\"\n                    src=\"https:\/\/kontesadora.hr\/stara\/wp-content\/gallery\/4-nasicka-zimska-noc\/thumbs\/thumbs_P2256640.jpg\"\n                    width=\"100\"\n                    height=\"75\"\n                    style=\"max-width:100%;\"\n                \/>\n            <\/a>\n        <\/div>\n\t\t\t\t\t\t\t<\/div> \n\t\t\t\n        \n\t\t\t\t<div id=\"ngg-image-4\" class=\"ngg-gallery-thumbnail-box\" >\n\t\t\t\t        <div class=\"ngg-gallery-thumbnail\">\n            <a href=\"https:\/\/kontesadora.hr\/stara\/wp-content\/gallery\/4-nasicka-zimska-noc\/P2256623.jpg\"\n               title=\"\"\n               data-src=\"https:\/\/kontesadora.hr\/stara\/wp-content\/gallery\/4-nasicka-zimska-noc\/P2256623.jpg\"\n               data-thumbnail=\"https:\/\/kontesadora.hr\/stara\/wp-content\/gallery\/4-nasicka-zimska-noc\/thumbs\/thumbs_P2256623.jpg\"\n               data-image-id=\"243\"\n               data-title=\"P2256623\"\n               data-description=\"\"\n               data-image-slug=\"p2256623\"\n               class=\"shutterset_7bfbde412c3d50a64383aac350efdedf\">\n                <img\n                    title=\"P2256623\"\n                    alt=\"P2256623\"\n                    src=\"https:\/\/kontesadora.hr\/stara\/wp-content\/gallery\/4-nasicka-zimska-noc\/thumbs\/thumbs_P2256623.jpg\"\n                    width=\"100\"\n                    height=\"75\"\n                    style=\"max-width:100%;\"\n                \/>\n            <\/a>\n        <\/div>\n\t\t\t\t\t\t\t<\/div> \n\t\t\t\n        \n\t\t\t\t<div id=\"ngg-image-5\" class=\"ngg-gallery-thumbnail-box\" >\n\t\t\t\t        <div class=\"ngg-gallery-thumbnail\">\n            <a href=\"https:\/\/kontesadora.hr\/stara\/wp-content\/gallery\/4-nasicka-zimska-noc\/P2256634.jpg\"\n               title=\"\"\n               data-src=\"https:\/\/kontesadora.hr\/stara\/wp-content\/gallery\/4-nasicka-zimska-noc\/P2256634.jpg\"\n               data-thumbnail=\"https:\/\/kontesadora.hr\/stara\/wp-content\/gallery\/4-nasicka-zimska-noc\/thumbs\/thumbs_P2256634.jpg\"\n               data-image-id=\"246\"\n               data-title=\"P2256634\"\n               data-description=\"\"\n               data-image-slug=\"p2256634\"\n               class=\"shutterset_7bfbde412c3d50a64383aac350efdedf\">\n                <img\n                    title=\"P2256634\"\n                    alt=\"P2256634\"\n                    src=\"https:\/\/kontesadora.hr\/stara\/wp-content\/gallery\/4-nasicka-zimska-noc\/thumbs\/thumbs_P2256634.jpg\"\n                    width=\"100\"\n                    height=\"75\"\n                    style=\"max-width:100%;\"\n                \/>\n            <\/a>\n        <\/div>\n\t\t\t\t\t\t\t<\/div> \n\t\t\t\n        \n\t\t\t\t<div id=\"ngg-image-6\" class=\"ngg-gallery-thumbnail-box\" >\n\t\t\t\t        <div class=\"ngg-gallery-thumbnail\">\n            <a href=\"https:\/\/kontesadora.hr\/stara\/wp-content\/gallery\/4-nasicka-zimska-noc\/P2256630.jpg\"\n               title=\"\"\n               data-src=\"https:\/\/kontesadora.hr\/stara\/wp-content\/gallery\/4-nasicka-zimska-noc\/P2256630.jpg\"\n               data-thumbnail=\"https:\/\/kontesadora.hr\/stara\/wp-content\/gallery\/4-nasicka-zimska-noc\/thumbs\/thumbs_P2256630.jpg\"\n               data-image-id=\"245\"\n               data-title=\"P2256630\"\n               data-description=\"\"\n               data-image-slug=\"p2256630\"\n               class=\"shutterset_7bfbde412c3d50a64383aac350efdedf\">\n                <img\n                    title=\"P2256630\"\n                    alt=\"P2256630\"\n                    src=\"https:\/\/kontesadora.hr\/stara\/wp-content\/gallery\/4-nasicka-zimska-noc\/thumbs\/thumbs_P2256630.jpg\"\n                    width=\"100\"\n                    height=\"75\"\n                    style=\"max-width:100%;\"\n                \/>\n            <\/a>\n        <\/div>\n\t\t\t\t\t\t\t<\/div> \n\t\t\t\n        \n\t\t\t\t<div id=\"ngg-image-7\" class=\"ngg-gallery-thumbnail-box\" >\n\t\t\t\t        <div class=\"ngg-gallery-thumbnail\">\n            <a href=\"https:\/\/kontesadora.hr\/stara\/wp-content\/gallery\/4-nasicka-zimska-noc\/P2256625.jpg\"\n               title=\"\"\n               data-src=\"https:\/\/kontesadora.hr\/stara\/wp-content\/gallery\/4-nasicka-zimska-noc\/P2256625.jpg\"\n               data-thumbnail=\"https:\/\/kontesadora.hr\/stara\/wp-content\/gallery\/4-nasicka-zimska-noc\/thumbs\/thumbs_P2256625.jpg\"\n               data-image-id=\"244\"\n               data-title=\"P2256625\"\n               data-description=\"\"\n               data-image-slug=\"p2256625\"\n               class=\"shutterset_7bfbde412c3d50a64383aac350efdedf\">\n                <img\n                    title=\"P2256625\"\n                    alt=\"P2256625\"\n                    src=\"https:\/\/kontesadora.hr\/stara\/wp-content\/gallery\/4-nasicka-zimska-noc\/thumbs\/thumbs_P2256625.jpg\"\n                    width=\"100\"\n                    height=\"75\"\n                    style=\"max-width:100%;\"\n                \/>\n            <\/a>\n        <\/div>\n\t\t\t\t\t\t\t<\/div> \n\t\t\t\n        \n\t\t\t\t<div id=\"ngg-image-8\" class=\"ngg-gallery-thumbnail-box\" >\n\t\t\t\t        <div class=\"ngg-gallery-thumbnail\">\n            <a href=\"https:\/\/kontesadora.hr\/stara\/wp-content\/gallery\/4-nasicka-zimska-noc\/P2256617.jpg\"\n               title=\"\"\n               data-src=\"https:\/\/kontesadora.hr\/stara\/wp-content\/gallery\/4-nasicka-zimska-noc\/P2256617.jpg\"\n               data-thumbnail=\"https:\/\/kontesadora.hr\/stara\/wp-content\/gallery\/4-nasicka-zimska-noc\/thumbs\/thumbs_P2256617.jpg\"\n               data-image-id=\"240\"\n               data-title=\"P2256617\"\n               data-description=\"\"\n               data-image-slug=\"p2256617\"\n               class=\"shutterset_7bfbde412c3d50a64383aac350efdedf\">\n                <img\n                    title=\"P2256617\"\n                    alt=\"P2256617\"\n                    src=\"https:\/\/kontesadora.hr\/stara\/wp-content\/gallery\/4-nasicka-zimska-noc\/thumbs\/thumbs_P2256617.jpg\"\n                    width=\"100\"\n                    height=\"75\"\n                    style=\"max-width:100%;\"\n                \/>\n            <\/a>\n        <\/div>\n\t\t\t\t\t\t\t<\/div> \n\t\t\t\n        \n\t\t\t\t<div id=\"ngg-image-9\" class=\"ngg-gallery-thumbnail-box\" >\n\t\t\t\t        <div class=\"ngg-gallery-thumbnail\">\n            <a href=\"https:\/\/kontesadora.hr\/stara\/wp-content\/gallery\/4-nasicka-zimska-noc\/P2256613.jpg\"\n               title=\"\"\n               data-src=\"https:\/\/kontesadora.hr\/stara\/wp-content\/gallery\/4-nasicka-zimska-noc\/P2256613.jpg\"\n               data-thumbnail=\"https:\/\/kontesadora.hr\/stara\/wp-content\/gallery\/4-nasicka-zimska-noc\/thumbs\/thumbs_P2256613.jpg\"\n               data-image-id=\"239\"\n               data-title=\"P2256613\"\n               data-description=\"\"\n               data-image-slug=\"p2256613\"\n               class=\"shutterset_7bfbde412c3d50a64383aac350efdedf\">\n                <img\n                    title=\"P2256613\"\n                    alt=\"P2256613\"\n                    src=\"https:\/\/kontesadora.hr\/stara\/wp-content\/gallery\/4-nasicka-zimska-noc\/thumbs\/thumbs_P2256613.jpg\"\n                    width=\"100\"\n                    height=\"75\"\n                    style=\"max-width:100%;\"\n                \/>\n            <\/a>\n        <\/div>\n\t\t\t\t\t\t\t<\/div> \n\t\t\t\n        \n\t\t\t\t<div id=\"ngg-image-10\" class=\"ngg-gallery-thumbnail-box\" >\n\t\t\t\t        <div class=\"ngg-gallery-thumbnail\">\n            <a href=\"https:\/\/kontesadora.hr\/stara\/wp-content\/gallery\/4-nasicka-zimska-noc\/P2256622.jpg\"\n               title=\"\"\n               data-src=\"https:\/\/kontesadora.hr\/stara\/wp-content\/gallery\/4-nasicka-zimska-noc\/P2256622.jpg\"\n               data-thumbnail=\"https:\/\/kontesadora.hr\/stara\/wp-content\/gallery\/4-nasicka-zimska-noc\/thumbs\/thumbs_P2256622.jpg\"\n               data-image-id=\"242\"\n               data-title=\"P2256622\"\n               data-description=\"\"\n               data-image-slug=\"p2256622\"\n               class=\"shutterset_7bfbde412c3d50a64383aac350efdedf\">\n                <img\n                    title=\"P2256622\"\n                    alt=\"P2256622\"\n                    src=\"https:\/\/kontesadora.hr\/stara\/wp-content\/gallery\/4-nasicka-zimska-noc\/thumbs\/thumbs_P2256622.jpg\"\n                    width=\"100\"\n                    height=\"75\"\n                    style=\"max-width:100%;\"\n                \/>\n            <\/a>\n        <\/div>\n\t\t\t\t\t\t\t<\/div> \n\t\t\t\n        \n\t\t\t\t<div id=\"ngg-image-11\" class=\"ngg-gallery-thumbnail-box\" >\n\t\t\t\t        <div class=\"ngg-gallery-thumbnail\">\n            <a href=\"https:\/\/kontesadora.hr\/stara\/wp-content\/gallery\/4-nasicka-zimska-noc\/P2256619.jpg\"\n               title=\"\"\n               data-src=\"https:\/\/kontesadora.hr\/stara\/wp-content\/gallery\/4-nasicka-zimska-noc\/P2256619.jpg\"\n               data-thumbnail=\"https:\/\/kontesadora.hr\/stara\/wp-content\/gallery\/4-nasicka-zimska-noc\/thumbs\/thumbs_P2256619.jpg\"\n               data-image-id=\"241\"\n               data-title=\"P2256619\"\n               data-description=\"\"\n               data-image-slug=\"p2256619\"\n               class=\"shutterset_7bfbde412c3d50a64383aac350efdedf\">\n                <img\n                    title=\"P2256619\"\n                    alt=\"P2256619\"\n                    src=\"https:\/\/kontesadora.hr\/stara\/wp-content\/gallery\/4-nasicka-zimska-noc\/thumbs\/thumbs_P2256619.jpg\"\n                    width=\"100\"\n                    height=\"75\"\n                    style=\"max-width:100%;\"\n                \/>\n            <\/a>\n        <\/div>\n\t\t\t\t\t\t\t<\/div> \n\t\t\t\n        \n\t\t\t\t<div id=\"ngg-image-12\" class=\"ngg-gallery-thumbnail-box\" >\n\t\t\t\t        <div class=\"ngg-gallery-thumbnail\">\n            <a href=\"https:\/\/kontesadora.hr\/stara\/wp-content\/gallery\/4-nasicka-zimska-noc\/P2256605.jpg\"\n               title=\"\"\n               data-src=\"https:\/\/kontesadora.hr\/stara\/wp-content\/gallery\/4-nasicka-zimska-noc\/P2256605.jpg\"\n               data-thumbnail=\"https:\/\/kontesadora.hr\/stara\/wp-content\/gallery\/4-nasicka-zimska-noc\/thumbs\/thumbs_P2256605.jpg\"\n               data-image-id=\"235\"\n               data-title=\"P2256605\"\n               data-description=\"\"\n               data-image-slug=\"p2256605\"\n               class=\"shutterset_7bfbde412c3d50a64383aac350efdedf\">\n                <img\n                    title=\"P2256605\"\n                    alt=\"P2256605\"\n                    src=\"https:\/\/kontesadora.hr\/stara\/wp-content\/gallery\/4-nasicka-zimska-noc\/thumbs\/thumbs_P2256605.jpg\"\n                    width=\"100\"\n                    height=\"75\"\n                    style=\"max-width:100%;\"\n                \/>\n            <\/a>\n        <\/div>\n\t\t\t\t\t\t\t<\/div> \n\t\t\t\n        \n\t\t\t\t<div id=\"ngg-image-13\" class=\"ngg-gallery-thumbnail-box\" >\n\t\t\t\t        <div class=\"ngg-gallery-thumbnail\">\n            <a href=\"https:\/\/kontesadora.hr\/stara\/wp-content\/gallery\/4-nasicka-zimska-noc\/P2256611.jpg\"\n               title=\"\"\n               data-src=\"https:\/\/kontesadora.hr\/stara\/wp-content\/gallery\/4-nasicka-zimska-noc\/P2256611.jpg\"\n               data-thumbnail=\"https:\/\/kontesadora.hr\/stara\/wp-content\/gallery\/4-nasicka-zimska-noc\/thumbs\/thumbs_P2256611.jpg\"\n               data-image-id=\"238\"\n               data-title=\"P2256611\"\n               data-description=\"\"\n               data-image-slug=\"p2256611\"\n               class=\"shutterset_7bfbde412c3d50a64383aac350efdedf\">\n                <img\n                    title=\"P2256611\"\n                    alt=\"P2256611\"\n                    src=\"https:\/\/kontesadora.hr\/stara\/wp-content\/gallery\/4-nasicka-zimska-noc\/thumbs\/thumbs_P2256611.jpg\"\n                    width=\"100\"\n                    height=\"75\"\n                    style=\"max-width:100%;\"\n                \/>\n            <\/a>\n        <\/div>\n\t\t\t\t\t\t\t<\/div> \n\t\t\t\n        \n\t\t\t\t<div id=\"ngg-image-14\" class=\"ngg-gallery-thumbnail-box\" >\n\t\t\t\t        <div class=\"ngg-gallery-thumbnail\">\n            <a href=\"https:\/\/kontesadora.hr\/stara\/wp-content\/gallery\/4-nasicka-zimska-noc\/P2256607.jpg\"\n               title=\"\"\n               data-src=\"https:\/\/kontesadora.hr\/stara\/wp-content\/gallery\/4-nasicka-zimska-noc\/P2256607.jpg\"\n               data-thumbnail=\"https:\/\/kontesadora.hr\/stara\/wp-content\/gallery\/4-nasicka-zimska-noc\/thumbs\/thumbs_P2256607.jpg\"\n               data-image-id=\"237\"\n               data-title=\"P2256607\"\n               data-description=\"\"\n               data-image-slug=\"p2256607\"\n               class=\"shutterset_7bfbde412c3d50a64383aac350efdedf\">\n                <img\n                    title=\"P2256607\"\n                    alt=\"P2256607\"\n                    src=\"https:\/\/kontesadora.hr\/stara\/wp-content\/gallery\/4-nasicka-zimska-noc\/thumbs\/thumbs_P2256607.jpg\"\n                    width=\"100\"\n                    height=\"75\"\n                    style=\"max-width:100%;\"\n                \/>\n            <\/a>\n        <\/div>\n\t\t\t\t\t\t\t<\/div> \n\t\t\t\n        \n\t\t\t\t<div id=\"ngg-image-15\" class=\"ngg-gallery-thumbnail-box\" >\n\t\t\t\t        <div class=\"ngg-gallery-thumbnail\">\n            <a href=\"https:\/\/kontesadora.hr\/stara\/wp-content\/gallery\/4-nasicka-zimska-noc\/P2256606.jpg\"\n               title=\"\"\n               data-src=\"https:\/\/kontesadora.hr\/stara\/wp-content\/gallery\/4-nasicka-zimska-noc\/P2256606.jpg\"\n               data-thumbnail=\"https:\/\/kontesadora.hr\/stara\/wp-content\/gallery\/4-nasicka-zimska-noc\/thumbs\/thumbs_P2256606.jpg\"\n               data-image-id=\"236\"\n               data-title=\"P2256606\"\n               data-description=\"\"\n               data-image-slug=\"p2256606\"\n               class=\"shutterset_7bfbde412c3d50a64383aac350efdedf\">\n                <img\n                    title=\"P2256606\"\n                    alt=\"P2256606\"\n                    src=\"https:\/\/kontesadora.hr\/stara\/wp-content\/gallery\/4-nasicka-zimska-noc\/thumbs\/thumbs_P2256606.jpg\"\n                    width=\"100\"\n                    height=\"75\"\n                    style=\"max-width:100%;\"\n                \/>\n            <\/a>\n        <\/div>\n\t\t\t\t\t\t\t<\/div> \n\t\t\t\n        \n\t\t\t\t<div id=\"ngg-image-16\" class=\"ngg-gallery-thumbnail-box\" >\n\t\t\t\t        <div class=\"ngg-gallery-thumbnail\">\n            <a href=\"https:\/\/kontesadora.hr\/stara\/wp-content\/gallery\/4-nasicka-zimska-noc\/P2256599.jpg\"\n               title=\"\"\n               data-src=\"https:\/\/kontesadora.hr\/stara\/wp-content\/gallery\/4-nasicka-zimska-noc\/P2256599.jpg\"\n               data-thumbnail=\"https:\/\/kontesadora.hr\/stara\/wp-content\/gallery\/4-nasicka-zimska-noc\/thumbs\/thumbs_P2256599.jpg\"\n               data-image-id=\"231\"\n               data-title=\"P2256599\"\n               data-description=\"\"\n               data-image-slug=\"p2256599\"\n               class=\"shutterset_7bfbde412c3d50a64383aac350efdedf\">\n                <img\n                    title=\"P2256599\"\n                    alt=\"P2256599\"\n                    src=\"https:\/\/kontesadora.hr\/stara\/wp-content\/gallery\/4-nasicka-zimska-noc\/thumbs\/thumbs_P2256599.jpg\"\n                    width=\"100\"\n                    height=\"75\"\n                    style=\"max-width:100%;\"\n                \/>\n            <\/a>\n        <\/div>\n\t\t\t\t\t\t\t<\/div> \n\t\t\t\n        \n\t\t\t\t<div id=\"ngg-image-17\" class=\"ngg-gallery-thumbnail-box\" >\n\t\t\t\t        <div class=\"ngg-gallery-thumbnail\">\n            <a href=\"https:\/\/kontesadora.hr\/stara\/wp-content\/gallery\/4-nasicka-zimska-noc\/P2256600.jpg\"\n               title=\"\"\n               data-src=\"https:\/\/kontesadora.hr\/stara\/wp-content\/gallery\/4-nasicka-zimska-noc\/P2256600.jpg\"\n               data-thumbnail=\"https:\/\/kontesadora.hr\/stara\/wp-content\/gallery\/4-nasicka-zimska-noc\/thumbs\/thumbs_P2256600.jpg\"\n               data-image-id=\"232\"\n               data-title=\"P2256600\"\n               data-description=\"\"\n               data-image-slug=\"p2256600\"\n               class=\"shutterset_7bfbde412c3d50a64383aac350efdedf\">\n                <img\n                    title=\"P2256600\"\n                    alt=\"P2256600\"\n                    src=\"https:\/\/kontesadora.hr\/stara\/wp-content\/gallery\/4-nasicka-zimska-noc\/thumbs\/thumbs_P2256600.jpg\"\n                    width=\"100\"\n                    height=\"75\"\n                    style=\"max-width:100%;\"\n                \/>\n            <\/a>\n        <\/div>\n\t\t\t\t\t\t\t<\/div> \n\t\t\t\n        \n\t\t\t\t<div id=\"ngg-image-18\" class=\"ngg-gallery-thumbnail-box\" >\n\t\t\t\t        <div class=\"ngg-gallery-thumbnail\">\n            <a href=\"https:\/\/kontesadora.hr\/stara\/wp-content\/gallery\/4-nasicka-zimska-noc\/P2256604.jpg\"\n               title=\"\"\n               data-src=\"https:\/\/kontesadora.hr\/stara\/wp-content\/gallery\/4-nasicka-zimska-noc\/P2256604.jpg\"\n               data-thumbnail=\"https:\/\/kontesadora.hr\/stara\/wp-content\/gallery\/4-nasicka-zimska-noc\/thumbs\/thumbs_P2256604.jpg\"\n               data-image-id=\"234\"\n               data-title=\"P2256604\"\n               data-description=\"\"\n               data-image-slug=\"p2256604\"\n               class=\"shutterset_7bfbde412c3d50a64383aac350efdedf\">\n                <img\n                    title=\"P2256604\"\n                    alt=\"P2256604\"\n                    src=\"https:\/\/kontesadora.hr\/stara\/wp-content\/gallery\/4-nasicka-zimska-noc\/thumbs\/thumbs_P2256604.jpg\"\n                    width=\"100\"\n                    height=\"75\"\n                    style=\"max-width:100%;\"\n                \/>\n            <\/a>\n        <\/div>\n\t\t\t\t\t\t\t<\/div> \n\t\t\t\n        \n\t\t\t\t<div id=\"ngg-image-19\" class=\"ngg-gallery-thumbnail-box\" >\n\t\t\t\t        <div class=\"ngg-gallery-thumbnail\">\n            <a href=\"https:\/\/kontesadora.hr\/stara\/wp-content\/gallery\/4-nasicka-zimska-noc\/P2256602.jpg\"\n               title=\"\"\n               data-src=\"https:\/\/kontesadora.hr\/stara\/wp-content\/gallery\/4-nasicka-zimska-noc\/P2256602.jpg\"\n               data-thumbnail=\"https:\/\/kontesadora.hr\/stara\/wp-content\/gallery\/4-nasicka-zimska-noc\/thumbs\/thumbs_P2256602.jpg\"\n               data-image-id=\"233\"\n               data-title=\"P2256602\"\n               data-description=\"\"\n               data-image-slug=\"p2256602\"\n               class=\"shutterset_7bfbde412c3d50a64383aac350efdedf\">\n                <img\n                    title=\"P2256602\"\n                    alt=\"P2256602\"\n                    src=\"https:\/\/kontesadora.hr\/stara\/wp-content\/gallery\/4-nasicka-zimska-noc\/thumbs\/thumbs_P2256602.jpg\"\n                    width=\"100\"\n                    height=\"75\"\n                    style=\"max-width:100%;\"\n                \/>\n            <\/a>\n        <\/div>\n\t\t\t\t\t\t\t<\/div> \n\t\t\t\n        \n\t\t\n\t\t<!-- Pagination -->\n\t<div class='ngg-navigation'><span class='current'>1<\/span>\n<a class='page-numbers' data-pageid='2' href='https:\/\/kontesadora.hr\/stara\/galerija\/nggallery\/page\/2'>2<\/a>\n<a class='page-numbers' data-pageid='3' href='https:\/\/kontesadora.hr\/stara\/galerija\/nggallery\/page\/3'>3<\/a>\n<a class='prev' href='https:\/\/kontesadora.hr\/stara\/galerija\/nggallery\/page\/2' data-pageid=2>&#9658;<\/a><\/div>\t<\/div>\n26. velja\u010de 2011. \u010cetvrta Na\u0161i\u010dka zimska no\u0107 &#8211; ma\u0161kare u hotelu<\/p>\n<!-- index.php -->\n<div\n\tclass=\"ngg-galleryoverview ngg-ajax-pagination-none\"\n\tid=\"ngg-gallery-88910a735528d2e993f3f4b22e02386e-1\">\n\n    \t<div class=\"slideshowlink\">\n        <a href='https:\/\/kontesadora.hr\/stara\/galerija\/nggallery\/slideshow'>[Show as slideshow]<\/a>\n\t\t\n\t<\/div>\n\t\t\t<!-- Thumbnails -->\n\t\t\t\t<div id=\"ngg-image-0\" class=\"ngg-gallery-thumbnail-box\" >\n\t\t\t\t        <div class=\"ngg-gallery-thumbnail\">\n            <a href=\"https:\/\/kontesadora.hr\/stara\/wp-content\/gallery\/dubrovnik-2011\/dsc_1871.jpg\"\n               title=\"04.2011\"\n               data-src=\"https:\/\/kontesadora.hr\/stara\/wp-content\/gallery\/dubrovnik-2011\/dsc_1871.jpg\"\n               data-thumbnail=\"https:\/\/kontesadora.hr\/stara\/wp-content\/gallery\/dubrovnik-2011\/thumbs\/thumbs_dsc_1871.jpg\"\n               data-image-id=\"280\"\n               data-title=\"dsc_1871\"\n               data-description=\"04.2011\"\n               data-image-slug=\"dsc_1871\"\n               class=\"shutterset_88910a735528d2e993f3f4b22e02386e\">\n                <img\n                    title=\"dsc_1871\"\n                    alt=\"dsc_1871\"\n                    src=\"https:\/\/kontesadora.hr\/stara\/wp-content\/gallery\/dubrovnik-2011\/thumbs\/thumbs_dsc_1871.jpg\"\n                    width=\"100\"\n                    height=\"75\"\n                    style=\"max-width:100%;\"\n                \/>\n            <\/a>\n        <\/div>\n\t\t\t\t\t\t\t<\/div> \n\t\t\t\n        \n\t\t\t\t<div id=\"ngg-image-1\" class=\"ngg-gallery-thumbnail-box\" >\n\t\t\t\t        <div class=\"ngg-gallery-thumbnail\">\n            <a href=\"https:\/\/kontesadora.hr\/stara\/wp-content\/gallery\/dubrovnik-2011\/dsc_1868.jpg\"\n               title=\"04.2011\"\n               data-src=\"https:\/\/kontesadora.hr\/stara\/wp-content\/gallery\/dubrovnik-2011\/dsc_1868.jpg\"\n               data-thumbnail=\"https:\/\/kontesadora.hr\/stara\/wp-content\/gallery\/dubrovnik-2011\/thumbs\/thumbs_dsc_1868.jpg\"\n               data-image-id=\"279\"\n               data-title=\"dsc_1868\"\n               data-description=\"04.2011\"\n               data-image-slug=\"dsc_1868\"\n               class=\"shutterset_88910a735528d2e993f3f4b22e02386e\">\n                <img\n                    title=\"dsc_1868\"\n                    alt=\"dsc_1868\"\n                    src=\"https:\/\/kontesadora.hr\/stara\/wp-content\/gallery\/dubrovnik-2011\/thumbs\/thumbs_dsc_1868.jpg\"\n                    width=\"100\"\n                    height=\"75\"\n                    style=\"max-width:100%;\"\n                \/>\n            <\/a>\n        <\/div>\n\t\t\t\t\t\t\t<\/div> \n\t\t\t\n        \n\t\t\t\t<div id=\"ngg-image-2\" class=\"ngg-gallery-thumbnail-box\" >\n\t\t\t\t        <div class=\"ngg-gallery-thumbnail\">\n            <a href=\"https:\/\/kontesadora.hr\/stara\/wp-content\/gallery\/dubrovnik-2011\/dsc_1867.jpg\"\n               title=\"04.2011\"\n               data-src=\"https:\/\/kontesadora.hr\/stara\/wp-content\/gallery\/dubrovnik-2011\/dsc_1867.jpg\"\n               data-thumbnail=\"https:\/\/kontesadora.hr\/stara\/wp-content\/gallery\/dubrovnik-2011\/thumbs\/thumbs_dsc_1867.jpg\"\n               data-image-id=\"278\"\n               data-title=\"dsc_1867\"\n               data-description=\"04.2011\"\n               data-image-slug=\"dsc_1867\"\n               class=\"shutterset_88910a735528d2e993f3f4b22e02386e\">\n                <img\n                    title=\"dsc_1867\"\n                    alt=\"dsc_1867\"\n                    src=\"https:\/\/kontesadora.hr\/stara\/wp-content\/gallery\/dubrovnik-2011\/thumbs\/thumbs_dsc_1867.jpg\"\n                    width=\"100\"\n                    height=\"75\"\n                    style=\"max-width:100%;\"\n                \/>\n            <\/a>\n        <\/div>\n\t\t\t\t\t\t\t<\/div> \n\t\t\t\n        \n\t\t\t\t<div id=\"ngg-image-3\" class=\"ngg-gallery-thumbnail-box\" >\n\t\t\t\t        <div class=\"ngg-gallery-thumbnail\">\n            <a href=\"https:\/\/kontesadora.hr\/stara\/wp-content\/gallery\/dubrovnik-2011\/dsc_1866.jpg\"\n               title=\"04.2011\"\n               data-src=\"https:\/\/kontesadora.hr\/stara\/wp-content\/gallery\/dubrovnik-2011\/dsc_1866.jpg\"\n               data-thumbnail=\"https:\/\/kontesadora.hr\/stara\/wp-content\/gallery\/dubrovnik-2011\/thumbs\/thumbs_dsc_1866.jpg\"\n               data-image-id=\"277\"\n               data-title=\"dsc_1866\"\n               data-description=\"04.2011\"\n               data-image-slug=\"dsc_1866\"\n               class=\"shutterset_88910a735528d2e993f3f4b22e02386e\">\n                <img\n                    title=\"dsc_1866\"\n                    alt=\"dsc_1866\"\n                    src=\"https:\/\/kontesadora.hr\/stara\/wp-content\/gallery\/dubrovnik-2011\/thumbs\/thumbs_dsc_1866.jpg\"\n                    width=\"100\"\n                    height=\"75\"\n                    style=\"max-width:100%;\"\n                \/>\n            <\/a>\n        <\/div>\n\t\t\t\t\t\t\t<\/div> \n\t\t\t\n        \n\t\t\t\t<div id=\"ngg-image-4\" class=\"ngg-gallery-thumbnail-box\" >\n\t\t\t\t        <div class=\"ngg-gallery-thumbnail\">\n            <a href=\"https:\/\/kontesadora.hr\/stara\/wp-content\/gallery\/dubrovnik-2011\/dsc_1864.jpg\"\n               title=\"04.2011\"\n               data-src=\"https:\/\/kontesadora.hr\/stara\/wp-content\/gallery\/dubrovnik-2011\/dsc_1864.jpg\"\n               data-thumbnail=\"https:\/\/kontesadora.hr\/stara\/wp-content\/gallery\/dubrovnik-2011\/thumbs\/thumbs_dsc_1864.jpg\"\n               data-image-id=\"276\"\n               data-title=\"dsc_1864\"\n               data-description=\"04.2011\"\n               data-image-slug=\"dsc_1864\"\n               class=\"shutterset_88910a735528d2e993f3f4b22e02386e\">\n                <img\n                    title=\"dsc_1864\"\n                    alt=\"dsc_1864\"\n                    src=\"https:\/\/kontesadora.hr\/stara\/wp-content\/gallery\/dubrovnik-2011\/thumbs\/thumbs_dsc_1864.jpg\"\n                    width=\"100\"\n                    height=\"75\"\n                    style=\"max-width:100%;\"\n                \/>\n            <\/a>\n        <\/div>\n\t\t\t\t\t\t\t<\/div> \n\t\t\t\n        \n\t\t\t\t<div id=\"ngg-image-5\" class=\"ngg-gallery-thumbnail-box\" >\n\t\t\t\t        <div class=\"ngg-gallery-thumbnail\">\n            <a href=\"https:\/\/kontesadora.hr\/stara\/wp-content\/gallery\/dubrovnik-2011\/dsc_1862.jpg\"\n               title=\"04.2011\"\n               data-src=\"https:\/\/kontesadora.hr\/stara\/wp-content\/gallery\/dubrovnik-2011\/dsc_1862.jpg\"\n               data-thumbnail=\"https:\/\/kontesadora.hr\/stara\/wp-content\/gallery\/dubrovnik-2011\/thumbs\/thumbs_dsc_1862.jpg\"\n               data-image-id=\"275\"\n               data-title=\"dsc_1862\"\n               data-description=\"04.2011\"\n               data-image-slug=\"dsc_1862\"\n               class=\"shutterset_88910a735528d2e993f3f4b22e02386e\">\n                <img\n                    title=\"dsc_1862\"\n                    alt=\"dsc_1862\"\n                    src=\"https:\/\/kontesadora.hr\/stara\/wp-content\/gallery\/dubrovnik-2011\/thumbs\/thumbs_dsc_1862.jpg\"\n                    width=\"100\"\n                    height=\"75\"\n                    style=\"max-width:100%;\"\n                \/>\n            <\/a>\n        <\/div>\n\t\t\t\t\t\t\t<\/div> \n\t\t\t\n        \n\t\t\t\t<div id=\"ngg-image-6\" class=\"ngg-gallery-thumbnail-box\" >\n\t\t\t\t        <div class=\"ngg-gallery-thumbnail\">\n            <a href=\"https:\/\/kontesadora.hr\/stara\/wp-content\/gallery\/dubrovnik-2011\/dsc_1861.jpg\"\n               title=\"04.2011\"\n               data-src=\"https:\/\/kontesadora.hr\/stara\/wp-content\/gallery\/dubrovnik-2011\/dsc_1861.jpg\"\n               data-thumbnail=\"https:\/\/kontesadora.hr\/stara\/wp-content\/gallery\/dubrovnik-2011\/thumbs\/thumbs_dsc_1861.jpg\"\n               data-image-id=\"274\"\n               data-title=\"dsc_1861\"\n               data-description=\"04.2011\"\n               data-image-slug=\"dsc_1861\"\n               class=\"shutterset_88910a735528d2e993f3f4b22e02386e\">\n                <img\n                    title=\"dsc_1861\"\n                    alt=\"dsc_1861\"\n                    src=\"https:\/\/kontesadora.hr\/stara\/wp-content\/gallery\/dubrovnik-2011\/thumbs\/thumbs_dsc_1861.jpg\"\n                    width=\"100\"\n                    height=\"75\"\n                    style=\"max-width:100%;\"\n                \/>\n            <\/a>\n        <\/div>\n\t\t\t\t\t\t\t<\/div> \n\t\t\t\n        \n\t\t\t\t<div id=\"ngg-image-7\" class=\"ngg-gallery-thumbnail-box\" >\n\t\t\t\t        <div class=\"ngg-gallery-thumbnail\">\n            <a href=\"https:\/\/kontesadora.hr\/stara\/wp-content\/gallery\/dubrovnik-2011\/dsc_1860.jpg\"\n               title=\"04.2011\"\n               data-src=\"https:\/\/kontesadora.hr\/stara\/wp-content\/gallery\/dubrovnik-2011\/dsc_1860.jpg\"\n               data-thumbnail=\"https:\/\/kontesadora.hr\/stara\/wp-content\/gallery\/dubrovnik-2011\/thumbs\/thumbs_dsc_1860.jpg\"\n               data-image-id=\"273\"\n               data-title=\"dsc_1860\"\n               data-description=\"04.2011\"\n               data-image-slug=\"dsc_1860\"\n               class=\"shutterset_88910a735528d2e993f3f4b22e02386e\">\n                <img\n                    title=\"dsc_1860\"\n                    alt=\"dsc_1860\"\n                    src=\"https:\/\/kontesadora.hr\/stara\/wp-content\/gallery\/dubrovnik-2011\/thumbs\/thumbs_dsc_1860.jpg\"\n                    width=\"100\"\n                    height=\"75\"\n                    style=\"max-width:100%;\"\n                \/>\n            <\/a>\n        <\/div>\n\t\t\t\t\t\t\t<\/div> \n\t\t\t\n        \n\t\t\t\t<div id=\"ngg-image-8\" class=\"ngg-gallery-thumbnail-box\" >\n\t\t\t\t        <div class=\"ngg-gallery-thumbnail\">\n            <a href=\"https:\/\/kontesadora.hr\/stara\/wp-content\/gallery\/dubrovnik-2011\/dsc_1859.jpg\"\n               title=\"04.2011\"\n               data-src=\"https:\/\/kontesadora.hr\/stara\/wp-content\/gallery\/dubrovnik-2011\/dsc_1859.jpg\"\n               data-thumbnail=\"https:\/\/kontesadora.hr\/stara\/wp-content\/gallery\/dubrovnik-2011\/thumbs\/thumbs_dsc_1859.jpg\"\n               data-image-id=\"272\"\n               data-title=\"dsc_1859\"\n               data-description=\"04.2011\"\n               data-image-slug=\"dsc_1859\"\n               class=\"shutterset_88910a735528d2e993f3f4b22e02386e\">\n                <img\n                    title=\"dsc_1859\"\n                    alt=\"dsc_1859\"\n                    src=\"https:\/\/kontesadora.hr\/stara\/wp-content\/gallery\/dubrovnik-2011\/thumbs\/thumbs_dsc_1859.jpg\"\n                    width=\"100\"\n                    height=\"75\"\n                    style=\"max-width:100%;\"\n                \/>\n            <\/a>\n        <\/div>\n\t\t\t\t\t\t\t<\/div> \n\t\t\t\n        \n\t\t\t\t<div id=\"ngg-image-9\" class=\"ngg-gallery-thumbnail-box\" >\n\t\t\t\t        <div class=\"ngg-gallery-thumbnail\">\n            <a href=\"https:\/\/kontesadora.hr\/stara\/wp-content\/gallery\/dubrovnik-2011\/dsc_1858.jpg\"\n               title=\"04.2011\"\n               data-src=\"https:\/\/kontesadora.hr\/stara\/wp-content\/gallery\/dubrovnik-2011\/dsc_1858.jpg\"\n               data-thumbnail=\"https:\/\/kontesadora.hr\/stara\/wp-content\/gallery\/dubrovnik-2011\/thumbs\/thumbs_dsc_1858.jpg\"\n               data-image-id=\"271\"\n               data-title=\"dsc_1858\"\n               data-description=\"04.2011\"\n               data-image-slug=\"dsc_1858\"\n               class=\"shutterset_88910a735528d2e993f3f4b22e02386e\">\n                <img\n                    title=\"dsc_1858\"\n                    alt=\"dsc_1858\"\n                    src=\"https:\/\/kontesadora.hr\/stara\/wp-content\/gallery\/dubrovnik-2011\/thumbs\/thumbs_dsc_1858.jpg\"\n                    width=\"100\"\n                    height=\"75\"\n                    style=\"max-width:100%;\"\n                \/>\n            <\/a>\n        <\/div>\n\t\t\t\t\t\t\t<\/div> \n\t\t\t\n        \n\t\t\t\t<div id=\"ngg-image-10\" class=\"ngg-gallery-thumbnail-box\" >\n\t\t\t\t        <div class=\"ngg-gallery-thumbnail\">\n            <a href=\"https:\/\/kontesadora.hr\/stara\/wp-content\/gallery\/dubrovnik-2011\/dsc_1857.jpg\"\n               title=\"04.2011\"\n               data-src=\"https:\/\/kontesadora.hr\/stara\/wp-content\/gallery\/dubrovnik-2011\/dsc_1857.jpg\"\n               data-thumbnail=\"https:\/\/kontesadora.hr\/stara\/wp-content\/gallery\/dubrovnik-2011\/thumbs\/thumbs_dsc_1857.jpg\"\n               data-image-id=\"270\"\n               data-title=\"dsc_1857\"\n               data-description=\"04.2011\"\n               data-image-slug=\"dsc_1857\"\n               class=\"shutterset_88910a735528d2e993f3f4b22e02386e\">\n                <img\n                    title=\"dsc_1857\"\n                    alt=\"dsc_1857\"\n                    src=\"https:\/\/kontesadora.hr\/stara\/wp-content\/gallery\/dubrovnik-2011\/thumbs\/thumbs_dsc_1857.jpg\"\n                    width=\"100\"\n                    height=\"75\"\n                    style=\"max-width:100%;\"\n                \/>\n            <\/a>\n        <\/div>\n\t\t\t\t\t\t\t<\/div> \n\t\t\t\n        \n\t\t\t\t<div id=\"ngg-image-11\" class=\"ngg-gallery-thumbnail-box\" >\n\t\t\t\t        <div class=\"ngg-gallery-thumbnail\">\n            <a href=\"https:\/\/kontesadora.hr\/stara\/wp-content\/gallery\/dubrovnik-2011\/dsc_1856.jpg\"\n               title=\"04.2011\"\n               data-src=\"https:\/\/kontesadora.hr\/stara\/wp-content\/gallery\/dubrovnik-2011\/dsc_1856.jpg\"\n               data-thumbnail=\"https:\/\/kontesadora.hr\/stara\/wp-content\/gallery\/dubrovnik-2011\/thumbs\/thumbs_dsc_1856.jpg\"\n               data-image-id=\"269\"\n               data-title=\"dsc_1856\"\n               data-description=\"04.2011\"\n               data-image-slug=\"dsc_1856\"\n               class=\"shutterset_88910a735528d2e993f3f4b22e02386e\">\n                <img\n                    title=\"dsc_1856\"\n                    alt=\"dsc_1856\"\n                    src=\"https:\/\/kontesadora.hr\/stara\/wp-content\/gallery\/dubrovnik-2011\/thumbs\/thumbs_dsc_1856.jpg\"\n                    width=\"100\"\n                    height=\"75\"\n                    style=\"max-width:100%;\"\n                \/>\n            <\/a>\n        <\/div>\n\t\t\t\t\t\t\t<\/div> \n\t\t\t\n        \n\t\t\t\t<div id=\"ngg-image-12\" class=\"ngg-gallery-thumbnail-box\" >\n\t\t\t\t        <div class=\"ngg-gallery-thumbnail\">\n            <a href=\"https:\/\/kontesadora.hr\/stara\/wp-content\/gallery\/dubrovnik-2011\/dsc_1855.jpg\"\n               title=\"04.2011\"\n               data-src=\"https:\/\/kontesadora.hr\/stara\/wp-content\/gallery\/dubrovnik-2011\/dsc_1855.jpg\"\n               data-thumbnail=\"https:\/\/kontesadora.hr\/stara\/wp-content\/gallery\/dubrovnik-2011\/thumbs\/thumbs_dsc_1855.jpg\"\n               data-image-id=\"268\"\n               data-title=\"dsc_1855\"\n               data-description=\"04.2011\"\n               data-image-slug=\"dsc_1855\"\n               class=\"shutterset_88910a735528d2e993f3f4b22e02386e\">\n                <img\n                    title=\"dsc_1855\"\n                    alt=\"dsc_1855\"\n                    src=\"https:\/\/kontesadora.hr\/stara\/wp-content\/gallery\/dubrovnik-2011\/thumbs\/thumbs_dsc_1855.jpg\"\n                    width=\"100\"\n                    height=\"75\"\n                    style=\"max-width:100%;\"\n                \/>\n            <\/a>\n        <\/div>\n\t\t\t\t\t\t\t<\/div> \n\t\t\t\n        \n\t\t\t\t<div id=\"ngg-image-13\" class=\"ngg-gallery-thumbnail-box\" >\n\t\t\t\t        <div class=\"ngg-gallery-thumbnail\">\n            <a href=\"https:\/\/kontesadora.hr\/stara\/wp-content\/gallery\/dubrovnik-2011\/dsc_1853.jpg\"\n               title=\"04.2011\"\n               data-src=\"https:\/\/kontesadora.hr\/stara\/wp-content\/gallery\/dubrovnik-2011\/dsc_1853.jpg\"\n               data-thumbnail=\"https:\/\/kontesadora.hr\/stara\/wp-content\/gallery\/dubrovnik-2011\/thumbs\/thumbs_dsc_1853.jpg\"\n               data-image-id=\"267\"\n               data-title=\"dsc_1853\"\n               data-description=\"04.2011\"\n               data-image-slug=\"dsc_1853\"\n               class=\"shutterset_88910a735528d2e993f3f4b22e02386e\">\n                <img\n                    title=\"dsc_1853\"\n                    alt=\"dsc_1853\"\n                    src=\"https:\/\/kontesadora.hr\/stara\/wp-content\/gallery\/dubrovnik-2011\/thumbs\/thumbs_dsc_1853.jpg\"\n                    width=\"100\"\n                    height=\"75\"\n                    style=\"max-width:100%;\"\n                \/>\n            <\/a>\n        <\/div>\n\t\t\t\t\t\t\t<\/div> \n\t\t\t\n        \n\t\t\t\t<div id=\"ngg-image-14\" class=\"ngg-gallery-thumbnail-box\" >\n\t\t\t\t        <div class=\"ngg-gallery-thumbnail\">\n            <a href=\"https:\/\/kontesadora.hr\/stara\/wp-content\/gallery\/dubrovnik-2011\/dsc_1852.jpg\"\n               title=\"04.2011\"\n               data-src=\"https:\/\/kontesadora.hr\/stara\/wp-content\/gallery\/dubrovnik-2011\/dsc_1852.jpg\"\n               data-thumbnail=\"https:\/\/kontesadora.hr\/stara\/wp-content\/gallery\/dubrovnik-2011\/thumbs\/thumbs_dsc_1852.jpg\"\n               data-image-id=\"266\"\n               data-title=\"dsc_1852\"\n               data-description=\"04.2011\"\n               data-image-slug=\"dsc_1852\"\n               class=\"shutterset_88910a735528d2e993f3f4b22e02386e\">\n                <img\n                    title=\"dsc_1852\"\n                    alt=\"dsc_1852\"\n                    src=\"https:\/\/kontesadora.hr\/stara\/wp-content\/gallery\/dubrovnik-2011\/thumbs\/thumbs_dsc_1852.jpg\"\n                    width=\"100\"\n                    height=\"75\"\n                    style=\"max-width:100%;\"\n                \/>\n            <\/a>\n        <\/div>\n\t\t\t\t\t\t\t<\/div> \n\t\t\t\n        \n\t\t\t\t<div id=\"ngg-image-15\" class=\"ngg-gallery-thumbnail-box\" >\n\t\t\t\t        <div class=\"ngg-gallery-thumbnail\">\n            <a href=\"https:\/\/kontesadora.hr\/stara\/wp-content\/gallery\/dubrovnik-2011\/dsc_1845.jpg\"\n               title=\"04.2011\"\n               data-src=\"https:\/\/kontesadora.hr\/stara\/wp-content\/gallery\/dubrovnik-2011\/dsc_1845.jpg\"\n               data-thumbnail=\"https:\/\/kontesadora.hr\/stara\/wp-content\/gallery\/dubrovnik-2011\/thumbs\/thumbs_dsc_1845.jpg\"\n               data-image-id=\"265\"\n               data-title=\"dsc_1845\"\n               data-description=\"04.2011\"\n               data-image-slug=\"dsc_1845\"\n               class=\"shutterset_88910a735528d2e993f3f4b22e02386e\">\n                <img\n                    title=\"dsc_1845\"\n                    alt=\"dsc_1845\"\n                    src=\"https:\/\/kontesadora.hr\/stara\/wp-content\/gallery\/dubrovnik-2011\/thumbs\/thumbs_dsc_1845.jpg\"\n                    width=\"100\"\n                    height=\"75\"\n                    style=\"max-width:100%;\"\n                \/>\n            <\/a>\n        <\/div>\n\t\t\t\t\t\t\t<\/div> \n\t\t\t\n        \n\t\t\t\t<div id=\"ngg-image-16\" class=\"ngg-gallery-thumbnail-box\" >\n\t\t\t\t        <div class=\"ngg-gallery-thumbnail\">\n            <a href=\"https:\/\/kontesadora.hr\/stara\/wp-content\/gallery\/dubrovnik-2011\/dsc_1840.jpg\"\n               title=\"04.2011\"\n               data-src=\"https:\/\/kontesadora.hr\/stara\/wp-content\/gallery\/dubrovnik-2011\/dsc_1840.jpg\"\n               data-thumbnail=\"https:\/\/kontesadora.hr\/stara\/wp-content\/gallery\/dubrovnik-2011\/thumbs\/thumbs_dsc_1840.jpg\"\n               data-image-id=\"264\"\n               data-title=\"dsc_1840\"\n               data-description=\"04.2011\"\n               data-image-slug=\"dsc_1840\"\n               class=\"shutterset_88910a735528d2e993f3f4b22e02386e\">\n                <img\n                    title=\"dsc_1840\"\n                    alt=\"dsc_1840\"\n                    src=\"https:\/\/kontesadora.hr\/stara\/wp-content\/gallery\/dubrovnik-2011\/thumbs\/thumbs_dsc_1840.jpg\"\n                    width=\"100\"\n                    height=\"75\"\n                    style=\"max-width:100%;\"\n                \/>\n            <\/a>\n        <\/div>\n\t\t\t\t\t\t\t<\/div> \n\t\t\t\n        \n\t\t\t\t<div id=\"ngg-image-17\" class=\"ngg-gallery-thumbnail-box\" >\n\t\t\t\t        <div class=\"ngg-gallery-thumbnail\">\n            <a href=\"https:\/\/kontesadora.hr\/stara\/wp-content\/gallery\/dubrovnik-2011\/dsc_1834.jpg\"\n               title=\"04.2011\"\n               data-src=\"https:\/\/kontesadora.hr\/stara\/wp-content\/gallery\/dubrovnik-2011\/dsc_1834.jpg\"\n               data-thumbnail=\"https:\/\/kontesadora.hr\/stara\/wp-content\/gallery\/dubrovnik-2011\/thumbs\/thumbs_dsc_1834.jpg\"\n               data-image-id=\"263\"\n               data-title=\"dsc_1834\"\n               data-description=\"04.2011\"\n               data-image-slug=\"dsc_1834\"\n               class=\"shutterset_88910a735528d2e993f3f4b22e02386e\">\n                <img\n                    title=\"dsc_1834\"\n                    alt=\"dsc_1834\"\n                    src=\"https:\/\/kontesadora.hr\/stara\/wp-content\/gallery\/dubrovnik-2011\/thumbs\/thumbs_dsc_1834.jpg\"\n                    width=\"100\"\n                    height=\"75\"\n                    style=\"max-width:100%;\"\n                \/>\n            <\/a>\n        <\/div>\n\t\t\t\t\t\t\t<\/div> \n\t\t\t\n        \n\t\t\t\t<div id=\"ngg-image-18\" class=\"ngg-gallery-thumbnail-box\" >\n\t\t\t\t        <div class=\"ngg-gallery-thumbnail\">\n            <a href=\"https:\/\/kontesadora.hr\/stara\/wp-content\/gallery\/dubrovnik-2011\/dsc_1832.jpg\"\n               title=\"04.2011\"\n               data-src=\"https:\/\/kontesadora.hr\/stara\/wp-content\/gallery\/dubrovnik-2011\/dsc_1832.jpg\"\n               data-thumbnail=\"https:\/\/kontesadora.hr\/stara\/wp-content\/gallery\/dubrovnik-2011\/thumbs\/thumbs_dsc_1832.jpg\"\n               data-image-id=\"262\"\n               data-title=\"dsc_1832\"\n               data-description=\"04.2011\"\n               data-image-slug=\"dsc_1832\"\n               class=\"shutterset_88910a735528d2e993f3f4b22e02386e\">\n                <img\n                    title=\"dsc_1832\"\n                    alt=\"dsc_1832\"\n                    src=\"https:\/\/kontesadora.hr\/stara\/wp-content\/gallery\/dubrovnik-2011\/thumbs\/thumbs_dsc_1832.jpg\"\n                    width=\"100\"\n                    height=\"75\"\n                    style=\"max-width:100%;\"\n                \/>\n            <\/a>\n        <\/div>\n\t\t\t\t\t\t\t<\/div> \n\t\t\t\n        \n\t\t\t\t<div id=\"ngg-image-19\" class=\"ngg-gallery-thumbnail-box\" >\n\t\t\t\t        <div class=\"ngg-gallery-thumbnail\">\n            <a href=\"https:\/\/kontesadora.hr\/stara\/wp-content\/gallery\/dubrovnik-2011\/dsc_1830.jpg\"\n               title=\"04.2011\"\n               data-src=\"https:\/\/kontesadora.hr\/stara\/wp-content\/gallery\/dubrovnik-2011\/dsc_1830.jpg\"\n               data-thumbnail=\"https:\/\/kontesadora.hr\/stara\/wp-content\/gallery\/dubrovnik-2011\/thumbs\/thumbs_dsc_1830.jpg\"\n               data-image-id=\"261\"\n               data-title=\"dsc_1830\"\n               data-description=\"04.2011\"\n               data-image-slug=\"dsc_1830\"\n               class=\"shutterset_88910a735528d2e993f3f4b22e02386e\">\n                <img\n                    title=\"dsc_1830\"\n                    alt=\"dsc_1830\"\n                    src=\"https:\/\/kontesadora.hr\/stara\/wp-content\/gallery\/dubrovnik-2011\/thumbs\/thumbs_dsc_1830.jpg\"\n                    width=\"100\"\n                    height=\"75\"\n                    style=\"max-width:100%;\"\n                \/>\n            <\/a>\n        <\/div>\n\t\t\t\t\t\t\t<\/div> \n\t\t\t\n        \n\t\t\n\t\t<!-- Pagination -->\n\t<div class='ngg-navigation'><span class='current'>1<\/span>\n<a class='page-numbers' data-pageid='2' href='https:\/\/kontesadora.hr\/stara\/galerija\/nggallery\/page\/2'>2<\/a>\n<a class='prev' href='https:\/\/kontesadora.hr\/stara\/galerija\/nggallery\/page\/2' data-pageid=2>&#9658;<\/a><\/div>\t<\/div>\nDubrovnik, Stradun 16.04.2011. koncert tamb. ork. i na\u0161ih solista u organizaciji turisti\u010dke zajednice Dubrovnik i HDGPP-a<\/p>\n<!-- index.php -->\n<div\n\tclass=\"ngg-galleryoverview ngg-ajax-pagination-none\"\n\tid=\"ngg-gallery-6634cd0c5771f6a0475abf73e7a34d6d-1\">\n\n    \t<div class=\"slideshowlink\">\n        <a href='https:\/\/kontesadora.hr\/stara\/galerija\/nggallery\/slideshow'>[Show as slideshow]<\/a>\n\t\t\n\t<\/div>\n\t\t\t<!-- Thumbnails -->\n\t\t\t\t<div id=\"ngg-image-0\" class=\"ngg-gallery-thumbnail-box\" >\n\t\t\t\t        <div class=\"ngg-gallery-thumbnail\">\n            <a href=\"https:\/\/kontesadora.hr\/stara\/wp-content\/gallery\/bozicni-koncert\/dsc05208.jpg\"\n               title=\"\"\n               data-src=\"https:\/\/kontesadora.hr\/stara\/wp-content\/gallery\/bozicni-koncert\/dsc05208.jpg\"\n               data-thumbnail=\"https:\/\/kontesadora.hr\/stara\/wp-content\/gallery\/bozicni-koncert\/thumbs\/thumbs_dsc05208.jpg\"\n               data-image-id=\"560\"\n               data-title=\"dsc05208\"\n               data-description=\"\"\n               data-image-slug=\"dsc05208\"\n               class=\"shutterset_6634cd0c5771f6a0475abf73e7a34d6d\">\n                <img\n                    title=\"dsc05208\"\n                    alt=\"dsc05208\"\n                    src=\"https:\/\/kontesadora.hr\/stara\/wp-content\/gallery\/bozicni-koncert\/thumbs\/thumbs_dsc05208.jpg\"\n                    width=\"100\"\n                    height=\"75\"\n                    style=\"max-width:100%;\"\n                \/>\n            <\/a>\n        <\/div>\n\t\t\t\t\t\t\t<\/div> \n\t\t\t\n        \n\t\t\t\t<div id=\"ngg-image-1\" class=\"ngg-gallery-thumbnail-box\" >\n\t\t\t\t        <div class=\"ngg-gallery-thumbnail\">\n            <a href=\"https:\/\/kontesadora.hr\/stara\/wp-content\/gallery\/bozicni-koncert\/dsc05188.jpg\"\n               title=\"\"\n               data-src=\"https:\/\/kontesadora.hr\/stara\/wp-content\/gallery\/bozicni-koncert\/dsc05188.jpg\"\n               data-thumbnail=\"https:\/\/kontesadora.hr\/stara\/wp-content\/gallery\/bozicni-koncert\/thumbs\/thumbs_dsc05188.jpg\"\n               data-image-id=\"559\"\n               data-title=\"dsc05188\"\n               data-description=\"\"\n               data-image-slug=\"dsc05188\"\n               class=\"shutterset_6634cd0c5771f6a0475abf73e7a34d6d\">\n                <img\n                    title=\"dsc05188\"\n                    alt=\"dsc05188\"\n                    src=\"https:\/\/kontesadora.hr\/stara\/wp-content\/gallery\/bozicni-koncert\/thumbs\/thumbs_dsc05188.jpg\"\n                    width=\"100\"\n                    height=\"75\"\n                    style=\"max-width:100%;\"\n                \/>\n            <\/a>\n        <\/div>\n\t\t\t\t\t\t\t<\/div> \n\t\t\t\n        \n\t\t\t\t<div id=\"ngg-image-2\" class=\"ngg-gallery-thumbnail-box\" >\n\t\t\t\t        <div class=\"ngg-gallery-thumbnail\">\n            <a href=\"https:\/\/kontesadora.hr\/stara\/wp-content\/gallery\/bozicni-koncert\/dsc05187.jpg\"\n               title=\"\"\n               data-src=\"https:\/\/kontesadora.hr\/stara\/wp-content\/gallery\/bozicni-koncert\/dsc05187.jpg\"\n               data-thumbnail=\"https:\/\/kontesadora.hr\/stara\/wp-content\/gallery\/bozicni-koncert\/thumbs\/thumbs_dsc05187.jpg\"\n               data-image-id=\"558\"\n               data-title=\"dsc05187\"\n               data-description=\"\"\n               data-image-slug=\"dsc05187\"\n               class=\"shutterset_6634cd0c5771f6a0475abf73e7a34d6d\">\n                <img\n                    title=\"dsc05187\"\n                    alt=\"dsc05187\"\n                    src=\"https:\/\/kontesadora.hr\/stara\/wp-content\/gallery\/bozicni-koncert\/thumbs\/thumbs_dsc05187.jpg\"\n                    width=\"100\"\n                    height=\"75\"\n                    style=\"max-width:100%;\"\n                \/>\n            <\/a>\n        <\/div>\n\t\t\t\t\t\t\t<\/div> \n\t\t\t\n        \n\t\t\t\t<div id=\"ngg-image-3\" class=\"ngg-gallery-thumbnail-box\" >\n\t\t\t\t        <div class=\"ngg-gallery-thumbnail\">\n            <a href=\"https:\/\/kontesadora.hr\/stara\/wp-content\/gallery\/bozicni-koncert\/dsc05117.jpg\"\n               title=\"\"\n               data-src=\"https:\/\/kontesadora.hr\/stara\/wp-content\/gallery\/bozicni-koncert\/dsc05117.jpg\"\n               data-thumbnail=\"https:\/\/kontesadora.hr\/stara\/wp-content\/gallery\/bozicni-koncert\/thumbs\/thumbs_dsc05117.jpg\"\n               data-image-id=\"557\"\n               data-title=\"dsc05117\"\n               data-description=\"\"\n               data-image-slug=\"dsc05117\"\n               class=\"shutterset_6634cd0c5771f6a0475abf73e7a34d6d\">\n                <img\n                    title=\"dsc05117\"\n                    alt=\"dsc05117\"\n                    src=\"https:\/\/kontesadora.hr\/stara\/wp-content\/gallery\/bozicni-koncert\/thumbs\/thumbs_dsc05117.jpg\"\n                    width=\"100\"\n                    height=\"75\"\n                    style=\"max-width:100%;\"\n                \/>\n            <\/a>\n        <\/div>\n\t\t\t\t\t\t\t<\/div> \n\t\t\t\n        \n\t\t\t\t<div id=\"ngg-image-4\" class=\"ngg-gallery-thumbnail-box\" >\n\t\t\t\t        <div class=\"ngg-gallery-thumbnail\">\n            <a href=\"https:\/\/kontesadora.hr\/stara\/wp-content\/gallery\/bozicni-koncert\/dsc05110.jpg\"\n               title=\"\"\n               data-src=\"https:\/\/kontesadora.hr\/stara\/wp-content\/gallery\/bozicni-koncert\/dsc05110.jpg\"\n               data-thumbnail=\"https:\/\/kontesadora.hr\/stara\/wp-content\/gallery\/bozicni-koncert\/thumbs\/thumbs_dsc05110.jpg\"\n               data-image-id=\"556\"\n               data-title=\"dsc05110\"\n               data-description=\"\"\n               data-image-slug=\"dsc05110\"\n               class=\"shutterset_6634cd0c5771f6a0475abf73e7a34d6d\">\n                <img\n                    title=\"dsc05110\"\n                    alt=\"dsc05110\"\n                    src=\"https:\/\/kontesadora.hr\/stara\/wp-content\/gallery\/bozicni-koncert\/thumbs\/thumbs_dsc05110.jpg\"\n                    width=\"100\"\n                    height=\"75\"\n                    style=\"max-width:100%;\"\n                \/>\n            <\/a>\n        <\/div>\n\t\t\t\t\t\t\t<\/div> \n\t\t\t\n        \n\t\t\t\t<div id=\"ngg-image-5\" class=\"ngg-gallery-thumbnail-box\" >\n\t\t\t\t        <div class=\"ngg-gallery-thumbnail\">\n            <a href=\"https:\/\/kontesadora.hr\/stara\/wp-content\/gallery\/bozicni-koncert\/dsc05108.jpg\"\n               title=\"\"\n               data-src=\"https:\/\/kontesadora.hr\/stara\/wp-content\/gallery\/bozicni-koncert\/dsc05108.jpg\"\n               data-thumbnail=\"https:\/\/kontesadora.hr\/stara\/wp-content\/gallery\/bozicni-koncert\/thumbs\/thumbs_dsc05108.jpg\"\n               data-image-id=\"555\"\n               data-title=\"dsc05108\"\n               data-description=\"\"\n               data-image-slug=\"dsc05108\"\n               class=\"shutterset_6634cd0c5771f6a0475abf73e7a34d6d\">\n                <img\n                    title=\"dsc05108\"\n                    alt=\"dsc05108\"\n                    src=\"https:\/\/kontesadora.hr\/stara\/wp-content\/gallery\/bozicni-koncert\/thumbs\/thumbs_dsc05108.jpg\"\n                    width=\"100\"\n                    height=\"75\"\n                    style=\"max-width:100%;\"\n                \/>\n            <\/a>\n        <\/div>\n\t\t\t\t\t\t\t<\/div> \n\t\t\t\n        \n\t\t\t\t<div id=\"ngg-image-6\" class=\"ngg-gallery-thumbnail-box\" >\n\t\t\t\t        <div class=\"ngg-gallery-thumbnail\">\n            <a href=\"https:\/\/kontesadora.hr\/stara\/wp-content\/gallery\/bozicni-koncert\/dsc05104.jpg\"\n               title=\"\"\n               data-src=\"https:\/\/kontesadora.hr\/stara\/wp-content\/gallery\/bozicni-koncert\/dsc05104.jpg\"\n               data-thumbnail=\"https:\/\/kontesadora.hr\/stara\/wp-content\/gallery\/bozicni-koncert\/thumbs\/thumbs_dsc05104.jpg\"\n               data-image-id=\"554\"\n               data-title=\"dsc05104\"\n               data-description=\"\"\n               data-image-slug=\"dsc05104\"\n               class=\"shutterset_6634cd0c5771f6a0475abf73e7a34d6d\">\n                <img\n                    title=\"dsc05104\"\n                    alt=\"dsc05104\"\n                    src=\"https:\/\/kontesadora.hr\/stara\/wp-content\/gallery\/bozicni-koncert\/thumbs\/thumbs_dsc05104.jpg\"\n                    width=\"100\"\n                    height=\"75\"\n                    style=\"max-width:100%;\"\n                \/>\n            <\/a>\n        <\/div>\n\t\t\t\t\t\t\t<\/div> \n\t\t\t\n        \n\t\t\t\t<div id=\"ngg-image-7\" class=\"ngg-gallery-thumbnail-box\" >\n\t\t\t\t        <div class=\"ngg-gallery-thumbnail\">\n            <a href=\"https:\/\/kontesadora.hr\/stara\/wp-content\/gallery\/bozicni-koncert\/dsc05102.jpg\"\n               title=\"\"\n               data-src=\"https:\/\/kontesadora.hr\/stara\/wp-content\/gallery\/bozicni-koncert\/dsc05102.jpg\"\n               data-thumbnail=\"https:\/\/kontesadora.hr\/stara\/wp-content\/gallery\/bozicni-koncert\/thumbs\/thumbs_dsc05102.jpg\"\n               data-image-id=\"553\"\n               data-title=\"dsc05102\"\n               data-description=\"\"\n               data-image-slug=\"dsc05102\"\n               class=\"shutterset_6634cd0c5771f6a0475abf73e7a34d6d\">\n                <img\n                    title=\"dsc05102\"\n                    alt=\"dsc05102\"\n                    src=\"https:\/\/kontesadora.hr\/stara\/wp-content\/gallery\/bozicni-koncert\/thumbs\/thumbs_dsc05102.jpg\"\n                    width=\"100\"\n                    height=\"75\"\n                    style=\"max-width:100%;\"\n                \/>\n            <\/a>\n        <\/div>\n\t\t\t\t\t\t\t<\/div> \n\t\t\t\n        \n\t\t\t\t<div id=\"ngg-image-8\" class=\"ngg-gallery-thumbnail-box\" >\n\t\t\t\t        <div class=\"ngg-gallery-thumbnail\">\n            <a href=\"https:\/\/kontesadora.hr\/stara\/wp-content\/gallery\/bozicni-koncert\/dsc05099.jpg\"\n               title=\"\"\n               data-src=\"https:\/\/kontesadora.hr\/stara\/wp-content\/gallery\/bozicni-koncert\/dsc05099.jpg\"\n               data-thumbnail=\"https:\/\/kontesadora.hr\/stara\/wp-content\/gallery\/bozicni-koncert\/thumbs\/thumbs_dsc05099.jpg\"\n               data-image-id=\"552\"\n               data-title=\"dsc05099\"\n               data-description=\"\"\n               data-image-slug=\"dsc05099\"\n               class=\"shutterset_6634cd0c5771f6a0475abf73e7a34d6d\">\n                <img\n                    title=\"dsc05099\"\n                    alt=\"dsc05099\"\n                    src=\"https:\/\/kontesadora.hr\/stara\/wp-content\/gallery\/bozicni-koncert\/thumbs\/thumbs_dsc05099.jpg\"\n                    width=\"100\"\n                    height=\"75\"\n                    style=\"max-width:100%;\"\n                \/>\n            <\/a>\n        <\/div>\n\t\t\t\t\t\t\t<\/div> \n\t\t\t\n        \n\t\t\t\t<div id=\"ngg-image-9\" class=\"ngg-gallery-thumbnail-box\" >\n\t\t\t\t        <div class=\"ngg-gallery-thumbnail\">\n            <a href=\"https:\/\/kontesadora.hr\/stara\/wp-content\/gallery\/bozicni-koncert\/dsc05095.jpg\"\n               title=\"\"\n               data-src=\"https:\/\/kontesadora.hr\/stara\/wp-content\/gallery\/bozicni-koncert\/dsc05095.jpg\"\n               data-thumbnail=\"https:\/\/kontesadora.hr\/stara\/wp-content\/gallery\/bozicni-koncert\/thumbs\/thumbs_dsc05095.jpg\"\n               data-image-id=\"551\"\n               data-title=\"dsc05095\"\n               data-description=\"\"\n               data-image-slug=\"dsc05095\"\n               class=\"shutterset_6634cd0c5771f6a0475abf73e7a34d6d\">\n                <img\n                    title=\"dsc05095\"\n                    alt=\"dsc05095\"\n                    src=\"https:\/\/kontesadora.hr\/stara\/wp-content\/gallery\/bozicni-koncert\/thumbs\/thumbs_dsc05095.jpg\"\n                    width=\"100\"\n                    height=\"75\"\n                    style=\"max-width:100%;\"\n                \/>\n            <\/a>\n        <\/div>\n\t\t\t\t\t\t\t<\/div> \n\t\t\t\n        \n\t\t\t\t<div id=\"ngg-image-10\" class=\"ngg-gallery-thumbnail-box\" >\n\t\t\t\t        <div class=\"ngg-gallery-thumbnail\">\n            <a href=\"https:\/\/kontesadora.hr\/stara\/wp-content\/gallery\/bozicni-koncert\/dsc05091.jpg\"\n               title=\"\"\n               data-src=\"https:\/\/kontesadora.hr\/stara\/wp-content\/gallery\/bozicni-koncert\/dsc05091.jpg\"\n               data-thumbnail=\"https:\/\/kontesadora.hr\/stara\/wp-content\/gallery\/bozicni-koncert\/thumbs\/thumbs_dsc05091.jpg\"\n               data-image-id=\"550\"\n               data-title=\"dsc05091\"\n               data-description=\"\"\n               data-image-slug=\"dsc05091\"\n               class=\"shutterset_6634cd0c5771f6a0475abf73e7a34d6d\">\n                <img\n                    title=\"dsc05091\"\n                    alt=\"dsc05091\"\n                    src=\"https:\/\/kontesadora.hr\/stara\/wp-content\/gallery\/bozicni-koncert\/thumbs\/thumbs_dsc05091.jpg\"\n                    width=\"100\"\n                    height=\"75\"\n                    style=\"max-width:100%;\"\n                \/>\n            <\/a>\n        <\/div>\n\t\t\t\t\t\t\t<\/div> \n\t\t\t\n        \n\t\t\t\t<div id=\"ngg-image-11\" class=\"ngg-gallery-thumbnail-box\" >\n\t\t\t\t        <div class=\"ngg-gallery-thumbnail\">\n            <a href=\"https:\/\/kontesadora.hr\/stara\/wp-content\/gallery\/bozicni-koncert\/dsc05085.jpg\"\n               title=\"\"\n               data-src=\"https:\/\/kontesadora.hr\/stara\/wp-content\/gallery\/bozicni-koncert\/dsc05085.jpg\"\n               data-thumbnail=\"https:\/\/kontesadora.hr\/stara\/wp-content\/gallery\/bozicni-koncert\/thumbs\/thumbs_dsc05085.jpg\"\n               data-image-id=\"549\"\n               data-title=\"dsc05085\"\n               data-description=\"\"\n               data-image-slug=\"dsc05085\"\n               class=\"shutterset_6634cd0c5771f6a0475abf73e7a34d6d\">\n                <img\n                    title=\"dsc05085\"\n                    alt=\"dsc05085\"\n                    src=\"https:\/\/kontesadora.hr\/stara\/wp-content\/gallery\/bozicni-koncert\/thumbs\/thumbs_dsc05085.jpg\"\n                    width=\"100\"\n                    height=\"75\"\n                    style=\"max-width:100%;\"\n                \/>\n            <\/a>\n        <\/div>\n\t\t\t\t\t\t\t<\/div> \n\t\t\t\n        \n\t\t\t\t<div id=\"ngg-image-12\" class=\"ngg-gallery-thumbnail-box\" >\n\t\t\t\t        <div class=\"ngg-gallery-thumbnail\">\n            <a href=\"https:\/\/kontesadora.hr\/stara\/wp-content\/gallery\/bozicni-koncert\/dsc05083.jpg\"\n               title=\"\"\n               data-src=\"https:\/\/kontesadora.hr\/stara\/wp-content\/gallery\/bozicni-koncert\/dsc05083.jpg\"\n               data-thumbnail=\"https:\/\/kontesadora.hr\/stara\/wp-content\/gallery\/bozicni-koncert\/thumbs\/thumbs_dsc05083.jpg\"\n               data-image-id=\"548\"\n               data-title=\"dsc05083\"\n               data-description=\"\"\n               data-image-slug=\"dsc05083\"\n               class=\"shutterset_6634cd0c5771f6a0475abf73e7a34d6d\">\n                <img\n                    title=\"dsc05083\"\n                    alt=\"dsc05083\"\n                    src=\"https:\/\/kontesadora.hr\/stara\/wp-content\/gallery\/bozicni-koncert\/thumbs\/thumbs_dsc05083.jpg\"\n                    width=\"100\"\n                    height=\"75\"\n                    style=\"max-width:100%;\"\n                \/>\n            <\/a>\n        <\/div>\n\t\t\t\t\t\t\t<\/div> \n\t\t\t\n        \n\t\t\t\t<div id=\"ngg-image-13\" class=\"ngg-gallery-thumbnail-box\" >\n\t\t\t\t        <div class=\"ngg-gallery-thumbnail\">\n            <a href=\"https:\/\/kontesadora.hr\/stara\/wp-content\/gallery\/bozicni-koncert\/dsc05081.jpg\"\n               title=\"\"\n               data-src=\"https:\/\/kontesadora.hr\/stara\/wp-content\/gallery\/bozicni-koncert\/dsc05081.jpg\"\n               data-thumbnail=\"https:\/\/kontesadora.hr\/stara\/wp-content\/gallery\/bozicni-koncert\/thumbs\/thumbs_dsc05081.jpg\"\n               data-image-id=\"547\"\n               data-title=\"dsc05081\"\n               data-description=\"\"\n               data-image-slug=\"dsc05081\"\n               class=\"shutterset_6634cd0c5771f6a0475abf73e7a34d6d\">\n                <img\n                    title=\"dsc05081\"\n                    alt=\"dsc05081\"\n                    src=\"https:\/\/kontesadora.hr\/stara\/wp-content\/gallery\/bozicni-koncert\/thumbs\/thumbs_dsc05081.jpg\"\n                    width=\"100\"\n                    height=\"75\"\n                    style=\"max-width:100%;\"\n                \/>\n            <\/a>\n        <\/div>\n\t\t\t\t\t\t\t<\/div> \n\t\t\t\n        \n\t\t\t\t<div id=\"ngg-image-14\" class=\"ngg-gallery-thumbnail-box\" >\n\t\t\t\t        <div class=\"ngg-gallery-thumbnail\">\n            <a href=\"https:\/\/kontesadora.hr\/stara\/wp-content\/gallery\/bozicni-koncert\/dsc05077.jpg\"\n               title=\"\"\n               data-src=\"https:\/\/kontesadora.hr\/stara\/wp-content\/gallery\/bozicni-koncert\/dsc05077.jpg\"\n               data-thumbnail=\"https:\/\/kontesadora.hr\/stara\/wp-content\/gallery\/bozicni-koncert\/thumbs\/thumbs_dsc05077.jpg\"\n               data-image-id=\"546\"\n               data-title=\"dsc05077\"\n               data-description=\"\"\n               data-image-slug=\"dsc05077\"\n               class=\"shutterset_6634cd0c5771f6a0475abf73e7a34d6d\">\n                <img\n                    title=\"dsc05077\"\n                    alt=\"dsc05077\"\n                    src=\"https:\/\/kontesadora.hr\/stara\/wp-content\/gallery\/bozicni-koncert\/thumbs\/thumbs_dsc05077.jpg\"\n                    width=\"100\"\n                    height=\"75\"\n                    style=\"max-width:100%;\"\n                \/>\n            <\/a>\n        <\/div>\n\t\t\t\t\t\t\t<\/div> \n\t\t\t\n        \n\t\t\t\t<div id=\"ngg-image-15\" class=\"ngg-gallery-thumbnail-box\" >\n\t\t\t\t        <div class=\"ngg-gallery-thumbnail\">\n            <a href=\"https:\/\/kontesadora.hr\/stara\/wp-content\/gallery\/bozicni-koncert\/dsc05075.jpg\"\n               title=\"\"\n               data-src=\"https:\/\/kontesadora.hr\/stara\/wp-content\/gallery\/bozicni-koncert\/dsc05075.jpg\"\n               data-thumbnail=\"https:\/\/kontesadora.hr\/stara\/wp-content\/gallery\/bozicni-koncert\/thumbs\/thumbs_dsc05075.jpg\"\n               data-image-id=\"545\"\n               data-title=\"dsc05075\"\n               data-description=\"\"\n               data-image-slug=\"dsc05075\"\n               class=\"shutterset_6634cd0c5771f6a0475abf73e7a34d6d\">\n                <img\n                    title=\"dsc05075\"\n                    alt=\"dsc05075\"\n                    src=\"https:\/\/kontesadora.hr\/stara\/wp-content\/gallery\/bozicni-koncert\/thumbs\/thumbs_dsc05075.jpg\"\n                    width=\"100\"\n                    height=\"75\"\n                    style=\"max-width:100%;\"\n                \/>\n            <\/a>\n        <\/div>\n\t\t\t\t\t\t\t<\/div> \n\t\t\t\n        \n\t\t\t\t<div id=\"ngg-image-16\" class=\"ngg-gallery-thumbnail-box\" >\n\t\t\t\t        <div class=\"ngg-gallery-thumbnail\">\n            <a href=\"https:\/\/kontesadora.hr\/stara\/wp-content\/gallery\/bozicni-koncert\/dsc05073.jpg\"\n               title=\"\"\n               data-src=\"https:\/\/kontesadora.hr\/stara\/wp-content\/gallery\/bozicni-koncert\/dsc05073.jpg\"\n               data-thumbnail=\"https:\/\/kontesadora.hr\/stara\/wp-content\/gallery\/bozicni-koncert\/thumbs\/thumbs_dsc05073.jpg\"\n               data-image-id=\"544\"\n               data-title=\"dsc05073\"\n               data-description=\"\"\n               data-image-slug=\"dsc05073\"\n               class=\"shutterset_6634cd0c5771f6a0475abf73e7a34d6d\">\n                <img\n                    title=\"dsc05073\"\n                    alt=\"dsc05073\"\n                    src=\"https:\/\/kontesadora.hr\/stara\/wp-content\/gallery\/bozicni-koncert\/thumbs\/thumbs_dsc05073.jpg\"\n                    width=\"100\"\n                    height=\"75\"\n                    style=\"max-width:100%;\"\n                \/>\n            <\/a>\n        <\/div>\n\t\t\t\t\t\t\t<\/div> \n\t\t\t\n        \n\t\t\t\t<div id=\"ngg-image-17\" class=\"ngg-gallery-thumbnail-box\" >\n\t\t\t\t        <div class=\"ngg-gallery-thumbnail\">\n            <a href=\"https:\/\/kontesadora.hr\/stara\/wp-content\/gallery\/bozicni-koncert\/dsc05071.jpg\"\n               title=\"\"\n               data-src=\"https:\/\/kontesadora.hr\/stara\/wp-content\/gallery\/bozicni-koncert\/dsc05071.jpg\"\n               data-thumbnail=\"https:\/\/kontesadora.hr\/stara\/wp-content\/gallery\/bozicni-koncert\/thumbs\/thumbs_dsc05071.jpg\"\n               data-image-id=\"543\"\n               data-title=\"dsc05071\"\n               data-description=\"\"\n               data-image-slug=\"dsc05071\"\n               class=\"shutterset_6634cd0c5771f6a0475abf73e7a34d6d\">\n                <img\n                    title=\"dsc05071\"\n                    alt=\"dsc05071\"\n                    src=\"https:\/\/kontesadora.hr\/stara\/wp-content\/gallery\/bozicni-koncert\/thumbs\/thumbs_dsc05071.jpg\"\n                    width=\"100\"\n                    height=\"75\"\n                    style=\"max-width:100%;\"\n                \/>\n            <\/a>\n        <\/div>\n\t\t\t\t\t\t\t<\/div> \n\t\t\t\n        \n\t\t\t\t<div id=\"ngg-image-18\" class=\"ngg-gallery-thumbnail-box\" >\n\t\t\t\t        <div class=\"ngg-gallery-thumbnail\">\n            <a href=\"https:\/\/kontesadora.hr\/stara\/wp-content\/gallery\/bozicni-koncert\/dsc05065.jpg\"\n               title=\"\"\n               data-src=\"https:\/\/kontesadora.hr\/stara\/wp-content\/gallery\/bozicni-koncert\/dsc05065.jpg\"\n               data-thumbnail=\"https:\/\/kontesadora.hr\/stara\/wp-content\/gallery\/bozicni-koncert\/thumbs\/thumbs_dsc05065.jpg\"\n               data-image-id=\"542\"\n               data-title=\"dsc05065\"\n               data-description=\"\"\n               data-image-slug=\"dsc05065\"\n               class=\"shutterset_6634cd0c5771f6a0475abf73e7a34d6d\">\n                <img\n                    title=\"dsc05065\"\n                    alt=\"dsc05065\"\n                    src=\"https:\/\/kontesadora.hr\/stara\/wp-content\/gallery\/bozicni-koncert\/thumbs\/thumbs_dsc05065.jpg\"\n                    width=\"100\"\n                    height=\"75\"\n                    style=\"max-width:100%;\"\n                \/>\n            <\/a>\n        <\/div>\n\t\t\t\t\t\t\t<\/div> \n\t\t\t\n        \n\t\t\t\t<div id=\"ngg-image-19\" class=\"ngg-gallery-thumbnail-box\" >\n\t\t\t\t        <div class=\"ngg-gallery-thumbnail\">\n            <a href=\"https:\/\/kontesadora.hr\/stara\/wp-content\/gallery\/bozicni-koncert\/dsc05059.jpg\"\n               title=\"\"\n               data-src=\"https:\/\/kontesadora.hr\/stara\/wp-content\/gallery\/bozicni-koncert\/dsc05059.jpg\"\n               data-thumbnail=\"https:\/\/kontesadora.hr\/stara\/wp-content\/gallery\/bozicni-koncert\/thumbs\/thumbs_dsc05059.jpg\"\n               data-image-id=\"541\"\n               data-title=\"dsc05059\"\n               data-description=\"\"\n               data-image-slug=\"dsc05059\"\n               class=\"shutterset_6634cd0c5771f6a0475abf73e7a34d6d\">\n                <img\n                    title=\"dsc05059\"\n                    alt=\"dsc05059\"\n                    src=\"https:\/\/kontesadora.hr\/stara\/wp-content\/gallery\/bozicni-koncert\/thumbs\/thumbs_dsc05059.jpg\"\n                    width=\"100\"\n                    height=\"75\"\n                    style=\"max-width:100%;\"\n                \/>\n            <\/a>\n        <\/div>\n\t\t\t\t\t\t\t<\/div> \n\t\t\t\n        \n\t\t\n\t\t<!-- Pagination -->\n\t<div class='ngg-navigation'><span class='current'>1<\/span>\n<a class='page-numbers' data-pageid='2' href='https:\/\/kontesadora.hr\/stara\/galerija\/nggallery\/page\/2'>2<\/a>\n<a class='prev' href='https:\/\/kontesadora.hr\/stara\/galerija\/nggallery\/page\/2' data-pageid=2>&#9658;<\/a><\/div>\t<\/div>\n16. prosinca 2010. Bo\u017ei\u0107ni koncert<\/p>\n<!-- index.php -->\n<div\n\tclass=\"ngg-galleryoverview ngg-ajax-pagination-none\"\n\tid=\"ngg-gallery-61db573a844f615c5d7abf3f6d08669a-1\">\n\n    \t<div class=\"slideshowlink\">\n        <a href='https:\/\/kontesadora.hr\/stara\/galerija\/nggallery\/slideshow'>[Show as slideshow]<\/a>\n\t\t\n\t<\/div>\n\t\t\t<!-- Thumbnails -->\n\t\t\t\t<div id=\"ngg-image-0\" class=\"ngg-gallery-thumbnail-box\" >\n\t\t\t\t        <div class=\"ngg-gallery-thumbnail\">\n            <a href=\"https:\/\/kontesadora.hr\/stara\/wp-content\/gallery\/vrtic-2010\/dsc05036.jpg\"\n               title=\"\"\n               data-src=\"https:\/\/kontesadora.hr\/stara\/wp-content\/gallery\/vrtic-2010\/dsc05036.jpg\"\n               data-thumbnail=\"https:\/\/kontesadora.hr\/stara\/wp-content\/gallery\/vrtic-2010\/thumbs\/thumbs_dsc05036.jpg\"\n               data-image-id=\"593\"\n               data-title=\"dsc05036\"\n               data-description=\"\"\n               data-image-slug=\"dsc05036\"\n               class=\"shutterset_61db573a844f615c5d7abf3f6d08669a\">\n                <img\n                    title=\"dsc05036\"\n                    alt=\"dsc05036\"\n                    src=\"https:\/\/kontesadora.hr\/stara\/wp-content\/gallery\/vrtic-2010\/thumbs\/thumbs_dsc05036.jpg\"\n                    width=\"100\"\n                    height=\"75\"\n                    style=\"max-width:100%;\"\n                \/>\n            <\/a>\n        <\/div>\n\t\t\t\t\t\t\t<\/div> \n\t\t\t\n        \n\t\t\t\t<div id=\"ngg-image-1\" class=\"ngg-gallery-thumbnail-box\" >\n\t\t\t\t        <div class=\"ngg-gallery-thumbnail\">\n            <a href=\"https:\/\/kontesadora.hr\/stara\/wp-content\/gallery\/vrtic-2010\/dsc05034.jpg\"\n               title=\"\"\n               data-src=\"https:\/\/kontesadora.hr\/stara\/wp-content\/gallery\/vrtic-2010\/dsc05034.jpg\"\n               data-thumbnail=\"https:\/\/kontesadora.hr\/stara\/wp-content\/gallery\/vrtic-2010\/thumbs\/thumbs_dsc05034.jpg\"\n               data-image-id=\"592\"\n               data-title=\"dsc05034\"\n               data-description=\"\"\n               data-image-slug=\"dsc05034\"\n               class=\"shutterset_61db573a844f615c5d7abf3f6d08669a\">\n                <img\n                    title=\"dsc05034\"\n                    alt=\"dsc05034\"\n                    src=\"https:\/\/kontesadora.hr\/stara\/wp-content\/gallery\/vrtic-2010\/thumbs\/thumbs_dsc05034.jpg\"\n                    width=\"100\"\n                    height=\"75\"\n                    style=\"max-width:100%;\"\n                \/>\n            <\/a>\n        <\/div>\n\t\t\t\t\t\t\t<\/div> \n\t\t\t\n        \n\t\t\t\t<div id=\"ngg-image-2\" class=\"ngg-gallery-thumbnail-box\" >\n\t\t\t\t        <div class=\"ngg-gallery-thumbnail\">\n            <a href=\"https:\/\/kontesadora.hr\/stara\/wp-content\/gallery\/vrtic-2010\/dsc05031.jpg\"\n               title=\"\"\n               data-src=\"https:\/\/kontesadora.hr\/stara\/wp-content\/gallery\/vrtic-2010\/dsc05031.jpg\"\n               data-thumbnail=\"https:\/\/kontesadora.hr\/stara\/wp-content\/gallery\/vrtic-2010\/thumbs\/thumbs_dsc05031.jpg\"\n               data-image-id=\"591\"\n               data-title=\"dsc05031\"\n               data-description=\"\"\n               data-image-slug=\"dsc05031\"\n               class=\"shutterset_61db573a844f615c5d7abf3f6d08669a\">\n                <img\n                    title=\"dsc05031\"\n                    alt=\"dsc05031\"\n                    src=\"https:\/\/kontesadora.hr\/stara\/wp-content\/gallery\/vrtic-2010\/thumbs\/thumbs_dsc05031.jpg\"\n                    width=\"100\"\n                    height=\"75\"\n                    style=\"max-width:100%;\"\n                \/>\n            <\/a>\n        <\/div>\n\t\t\t\t\t\t\t<\/div> \n\t\t\t\n        \n\t\t\t\t<div id=\"ngg-image-3\" class=\"ngg-gallery-thumbnail-box\" >\n\t\t\t\t        <div class=\"ngg-gallery-thumbnail\">\n            <a href=\"https:\/\/kontesadora.hr\/stara\/wp-content\/gallery\/vrtic-2010\/dsc05022.jpg\"\n               title=\"\"\n               data-src=\"https:\/\/kontesadora.hr\/stara\/wp-content\/gallery\/vrtic-2010\/dsc05022.jpg\"\n               data-thumbnail=\"https:\/\/kontesadora.hr\/stara\/wp-content\/gallery\/vrtic-2010\/thumbs\/thumbs_dsc05022.jpg\"\n               data-image-id=\"590\"\n               data-title=\"dsc05022\"\n               data-description=\"\"\n               data-image-slug=\"dsc05022\"\n               class=\"shutterset_61db573a844f615c5d7abf3f6d08669a\">\n                <img\n                    title=\"dsc05022\"\n                    alt=\"dsc05022\"\n                    src=\"https:\/\/kontesadora.hr\/stara\/wp-content\/gallery\/vrtic-2010\/thumbs\/thumbs_dsc05022.jpg\"\n                    width=\"100\"\n                    height=\"75\"\n                    style=\"max-width:100%;\"\n                \/>\n            <\/a>\n        <\/div>\n\t\t\t\t\t\t\t<\/div> \n\t\t\t\n        \n\t\t\t\t<div id=\"ngg-image-4\" class=\"ngg-gallery-thumbnail-box\" >\n\t\t\t\t        <div class=\"ngg-gallery-thumbnail\">\n            <a href=\"https:\/\/kontesadora.hr\/stara\/wp-content\/gallery\/vrtic-2010\/dsc05015.jpg\"\n               title=\"\"\n               data-src=\"https:\/\/kontesadora.hr\/stara\/wp-content\/gallery\/vrtic-2010\/dsc05015.jpg\"\n               data-thumbnail=\"https:\/\/kontesadora.hr\/stara\/wp-content\/gallery\/vrtic-2010\/thumbs\/thumbs_dsc05015.jpg\"\n               data-image-id=\"589\"\n               data-title=\"dsc05015\"\n               data-description=\"\"\n               data-image-slug=\"dsc05015\"\n               class=\"shutterset_61db573a844f615c5d7abf3f6d08669a\">\n                <img\n                    title=\"dsc05015\"\n                    alt=\"dsc05015\"\n                    src=\"https:\/\/kontesadora.hr\/stara\/wp-content\/gallery\/vrtic-2010\/thumbs\/thumbs_dsc05015.jpg\"\n                    width=\"100\"\n                    height=\"75\"\n                    style=\"max-width:100%;\"\n                \/>\n            <\/a>\n        <\/div>\n\t\t\t\t\t\t\t<\/div> \n\t\t\t\n        \n\t\t\t\t<div id=\"ngg-image-5\" class=\"ngg-gallery-thumbnail-box\" >\n\t\t\t\t        <div class=\"ngg-gallery-thumbnail\">\n            <a href=\"https:\/\/kontesadora.hr\/stara\/wp-content\/gallery\/vrtic-2010\/dsc05010.jpg\"\n               title=\"\"\n               data-src=\"https:\/\/kontesadora.hr\/stara\/wp-content\/gallery\/vrtic-2010\/dsc05010.jpg\"\n               data-thumbnail=\"https:\/\/kontesadora.hr\/stara\/wp-content\/gallery\/vrtic-2010\/thumbs\/thumbs_dsc05010.jpg\"\n               data-image-id=\"588\"\n               data-title=\"dsc05010\"\n               data-description=\"\"\n               data-image-slug=\"dsc05010\"\n               class=\"shutterset_61db573a844f615c5d7abf3f6d08669a\">\n                <img\n                    title=\"dsc05010\"\n                    alt=\"dsc05010\"\n                    src=\"https:\/\/kontesadora.hr\/stara\/wp-content\/gallery\/vrtic-2010\/thumbs\/thumbs_dsc05010.jpg\"\n                    width=\"100\"\n                    height=\"75\"\n                    style=\"max-width:100%;\"\n                \/>\n            <\/a>\n        <\/div>\n\t\t\t\t\t\t\t<\/div> \n\t\t\t\n        \n\t\t\t\t<div id=\"ngg-image-6\" class=\"ngg-gallery-thumbnail-box\" >\n\t\t\t\t        <div class=\"ngg-gallery-thumbnail\">\n            <a href=\"https:\/\/kontesadora.hr\/stara\/wp-content\/gallery\/vrtic-2010\/dsc05008.jpg\"\n               title=\"\"\n               data-src=\"https:\/\/kontesadora.hr\/stara\/wp-content\/gallery\/vrtic-2010\/dsc05008.jpg\"\n               data-thumbnail=\"https:\/\/kontesadora.hr\/stara\/wp-content\/gallery\/vrtic-2010\/thumbs\/thumbs_dsc05008.jpg\"\n               data-image-id=\"587\"\n               data-title=\"dsc05008\"\n               data-description=\"\"\n               data-image-slug=\"dsc05008\"\n               class=\"shutterset_61db573a844f615c5d7abf3f6d08669a\">\n                <img\n                    title=\"dsc05008\"\n                    alt=\"dsc05008\"\n                    src=\"https:\/\/kontesadora.hr\/stara\/wp-content\/gallery\/vrtic-2010\/thumbs\/thumbs_dsc05008.jpg\"\n                    width=\"100\"\n                    height=\"75\"\n                    style=\"max-width:100%;\"\n                \/>\n            <\/a>\n        <\/div>\n\t\t\t\t\t\t\t<\/div> \n\t\t\t\n        \n\t\t\t\t<div id=\"ngg-image-7\" class=\"ngg-gallery-thumbnail-box\" >\n\t\t\t\t        <div class=\"ngg-gallery-thumbnail\">\n            <a href=\"https:\/\/kontesadora.hr\/stara\/wp-content\/gallery\/vrtic-2010\/dsc05007.jpg\"\n               title=\"\"\n               data-src=\"https:\/\/kontesadora.hr\/stara\/wp-content\/gallery\/vrtic-2010\/dsc05007.jpg\"\n               data-thumbnail=\"https:\/\/kontesadora.hr\/stara\/wp-content\/gallery\/vrtic-2010\/thumbs\/thumbs_dsc05007.jpg\"\n               data-image-id=\"586\"\n               data-title=\"dsc05007\"\n               data-description=\"\"\n               data-image-slug=\"dsc05007\"\n               class=\"shutterset_61db573a844f615c5d7abf3f6d08669a\">\n                <img\n                    title=\"dsc05007\"\n                    alt=\"dsc05007\"\n                    src=\"https:\/\/kontesadora.hr\/stara\/wp-content\/gallery\/vrtic-2010\/thumbs\/thumbs_dsc05007.jpg\"\n                    width=\"100\"\n                    height=\"75\"\n                    style=\"max-width:100%;\"\n                \/>\n            <\/a>\n        <\/div>\n\t\t\t\t\t\t\t<\/div> \n\t\t\t\n        \n\t\t\t\t<div id=\"ngg-image-8\" class=\"ngg-gallery-thumbnail-box\" >\n\t\t\t\t        <div class=\"ngg-gallery-thumbnail\">\n            <a href=\"https:\/\/kontesadora.hr\/stara\/wp-content\/gallery\/vrtic-2010\/dsc05004.jpg\"\n               title=\"\"\n               data-src=\"https:\/\/kontesadora.hr\/stara\/wp-content\/gallery\/vrtic-2010\/dsc05004.jpg\"\n               data-thumbnail=\"https:\/\/kontesadora.hr\/stara\/wp-content\/gallery\/vrtic-2010\/thumbs\/thumbs_dsc05004.jpg\"\n               data-image-id=\"585\"\n               data-title=\"dsc05004\"\n               data-description=\"\"\n               data-image-slug=\"dsc05004\"\n               class=\"shutterset_61db573a844f615c5d7abf3f6d08669a\">\n                <img\n                    title=\"dsc05004\"\n                    alt=\"dsc05004\"\n                    src=\"https:\/\/kontesadora.hr\/stara\/wp-content\/gallery\/vrtic-2010\/thumbs\/thumbs_dsc05004.jpg\"\n                    width=\"100\"\n                    height=\"75\"\n                    style=\"max-width:100%;\"\n                \/>\n            <\/a>\n        <\/div>\n\t\t\t\t\t\t\t<\/div> \n\t\t\t\n        \n\t\t\t\t<div id=\"ngg-image-9\" class=\"ngg-gallery-thumbnail-box\" >\n\t\t\t\t        <div class=\"ngg-gallery-thumbnail\">\n            <a href=\"https:\/\/kontesadora.hr\/stara\/wp-content\/gallery\/vrtic-2010\/dsc05002.jpg\"\n               title=\"\"\n               data-src=\"https:\/\/kontesadora.hr\/stara\/wp-content\/gallery\/vrtic-2010\/dsc05002.jpg\"\n               data-thumbnail=\"https:\/\/kontesadora.hr\/stara\/wp-content\/gallery\/vrtic-2010\/thumbs\/thumbs_dsc05002.jpg\"\n               data-image-id=\"584\"\n               data-title=\"dsc05002\"\n               data-description=\"\"\n               data-image-slug=\"dsc05002\"\n               class=\"shutterset_61db573a844f615c5d7abf3f6d08669a\">\n                <img\n                    title=\"dsc05002\"\n                    alt=\"dsc05002\"\n                    src=\"https:\/\/kontesadora.hr\/stara\/wp-content\/gallery\/vrtic-2010\/thumbs\/thumbs_dsc05002.jpg\"\n                    width=\"100\"\n                    height=\"75\"\n                    style=\"max-width:100%;\"\n                \/>\n            <\/a>\n        <\/div>\n\t\t\t\t\t\t\t<\/div> \n\t\t\t\n        \n\t\t\t\t<div id=\"ngg-image-10\" class=\"ngg-gallery-thumbnail-box\" >\n\t\t\t\t        <div class=\"ngg-gallery-thumbnail\">\n            <a href=\"https:\/\/kontesadora.hr\/stara\/wp-content\/gallery\/vrtic-2010\/dsc04999.jpg\"\n               title=\"\"\n               data-src=\"https:\/\/kontesadora.hr\/stara\/wp-content\/gallery\/vrtic-2010\/dsc04999.jpg\"\n               data-thumbnail=\"https:\/\/kontesadora.hr\/stara\/wp-content\/gallery\/vrtic-2010\/thumbs\/thumbs_dsc04999.jpg\"\n               data-image-id=\"583\"\n               data-title=\"dsc04999\"\n               data-description=\"\"\n               data-image-slug=\"dsc04999\"\n               class=\"shutterset_61db573a844f615c5d7abf3f6d08669a\">\n                <img\n                    title=\"dsc04999\"\n                    alt=\"dsc04999\"\n                    src=\"https:\/\/kontesadora.hr\/stara\/wp-content\/gallery\/vrtic-2010\/thumbs\/thumbs_dsc04999.jpg\"\n                    width=\"100\"\n                    height=\"75\"\n                    style=\"max-width:100%;\"\n                \/>\n            <\/a>\n        <\/div>\n\t\t\t\t\t\t\t<\/div> \n\t\t\t\n        \n\t\t\t\t<div id=\"ngg-image-11\" class=\"ngg-gallery-thumbnail-box\" >\n\t\t\t\t        <div class=\"ngg-gallery-thumbnail\">\n            <a href=\"https:\/\/kontesadora.hr\/stara\/wp-content\/gallery\/vrtic-2010\/dsc04997.jpg\"\n               title=\"\"\n               data-src=\"https:\/\/kontesadora.hr\/stara\/wp-content\/gallery\/vrtic-2010\/dsc04997.jpg\"\n               data-thumbnail=\"https:\/\/kontesadora.hr\/stara\/wp-content\/gallery\/vrtic-2010\/thumbs\/thumbs_dsc04997.jpg\"\n               data-image-id=\"582\"\n               data-title=\"dsc04997\"\n               data-description=\"\"\n               data-image-slug=\"dsc04997\"\n               class=\"shutterset_61db573a844f615c5d7abf3f6d08669a\">\n                <img\n                    title=\"dsc04997\"\n                    alt=\"dsc04997\"\n                    src=\"https:\/\/kontesadora.hr\/stara\/wp-content\/gallery\/vrtic-2010\/thumbs\/thumbs_dsc04997.jpg\"\n                    width=\"100\"\n                    height=\"75\"\n                    style=\"max-width:100%;\"\n                \/>\n            <\/a>\n        <\/div>\n\t\t\t\t\t\t\t<\/div> \n\t\t\t\n        \n\t\t\t\t<div id=\"ngg-image-12\" class=\"ngg-gallery-thumbnail-box\" >\n\t\t\t\t        <div class=\"ngg-gallery-thumbnail\">\n            <a href=\"https:\/\/kontesadora.hr\/stara\/wp-content\/gallery\/vrtic-2010\/dsc04993.jpg\"\n               title=\"\"\n               data-src=\"https:\/\/kontesadora.hr\/stara\/wp-content\/gallery\/vrtic-2010\/dsc04993.jpg\"\n               data-thumbnail=\"https:\/\/kontesadora.hr\/stara\/wp-content\/gallery\/vrtic-2010\/thumbs\/thumbs_dsc04993.jpg\"\n               data-image-id=\"581\"\n               data-title=\"dsc04993\"\n               data-description=\"\"\n               data-image-slug=\"dsc04993\"\n               class=\"shutterset_61db573a844f615c5d7abf3f6d08669a\">\n                <img\n                    title=\"dsc04993\"\n                    alt=\"dsc04993\"\n                    src=\"https:\/\/kontesadora.hr\/stara\/wp-content\/gallery\/vrtic-2010\/thumbs\/thumbs_dsc04993.jpg\"\n                    width=\"100\"\n                    height=\"75\"\n                    style=\"max-width:100%;\"\n                \/>\n            <\/a>\n        <\/div>\n\t\t\t\t\t\t\t<\/div> \n\t\t\t\n        \n\t\t\t\t<div id=\"ngg-image-13\" class=\"ngg-gallery-thumbnail-box\" >\n\t\t\t\t        <div class=\"ngg-gallery-thumbnail\">\n            <a href=\"https:\/\/kontesadora.hr\/stara\/wp-content\/gallery\/vrtic-2010\/dsc04992.jpg\"\n               title=\"\"\n               data-src=\"https:\/\/kontesadora.hr\/stara\/wp-content\/gallery\/vrtic-2010\/dsc04992.jpg\"\n               data-thumbnail=\"https:\/\/kontesadora.hr\/stara\/wp-content\/gallery\/vrtic-2010\/thumbs\/thumbs_dsc04992.jpg\"\n               data-image-id=\"580\"\n               data-title=\"dsc04992\"\n               data-description=\"\"\n               data-image-slug=\"dsc04992\"\n               class=\"shutterset_61db573a844f615c5d7abf3f6d08669a\">\n                <img\n                    title=\"dsc04992\"\n                    alt=\"dsc04992\"\n                    src=\"https:\/\/kontesadora.hr\/stara\/wp-content\/gallery\/vrtic-2010\/thumbs\/thumbs_dsc04992.jpg\"\n                    width=\"100\"\n                    height=\"75\"\n                    style=\"max-width:100%;\"\n                \/>\n            <\/a>\n        <\/div>\n\t\t\t\t\t\t\t<\/div> \n\t\t\t\n        \n\t\t\n\t\t<!-- Pagination -->\n\t<div class='ngg-clear'><\/div>\t<\/div>\n10. prosinca 2012. Koncert u vrti\u0107u &#8220;Zvon\u010di\u0107&#8221; Na\u0161ice<\/p>\n<!-- index.php -->\n<div\n\tclass=\"ngg-galleryoverview ngg-ajax-pagination-none\"\n\tid=\"ngg-gallery-7de5897e55fc850056914977c9b6448a-1\">\n\n    \t<div class=\"slideshowlink\">\n        <a href='https:\/\/kontesadora.hr\/stara\/galerija\/nggallery\/slideshow'>[Show as slideshow]<\/a>\n\t\t\n\t<\/div>\n\t\t\t<!-- Thumbnails -->\n\t\t\t\t<div id=\"ngg-image-0\" class=\"ngg-gallery-thumbnail-box\" >\n\t\t\t\t        <div class=\"ngg-gallery-thumbnail\">\n            <a href=\"https:\/\/kontesadora.hr\/stara\/wp-content\/gallery\/seminar-sretne-mestrovic\/dsc04989.jpg\"\n               title=\"\"\n               data-src=\"https:\/\/kontesadora.hr\/stara\/wp-content\/gallery\/seminar-sretne-mestrovic\/dsc04989.jpg\"\n               data-thumbnail=\"https:\/\/kontesadora.hr\/stara\/wp-content\/gallery\/seminar-sretne-mestrovic\/thumbs\/thumbs_dsc04989.jpg\"\n               data-image-id=\"621\"\n               data-title=\"dsc04989\"\n               data-description=\"\"\n               data-image-slug=\"dsc04989\"\n               class=\"shutterset_7de5897e55fc850056914977c9b6448a\">\n                <img\n                    title=\"dsc04989\"\n                    alt=\"dsc04989\"\n                    src=\"https:\/\/kontesadora.hr\/stara\/wp-content\/gallery\/seminar-sretne-mestrovic\/thumbs\/thumbs_dsc04989.jpg\"\n                    width=\"100\"\n                    height=\"75\"\n                    style=\"max-width:100%;\"\n                \/>\n            <\/a>\n        <\/div>\n\t\t\t\t\t\t\t<\/div> \n\t\t\t\n        \n\t\t\t\t<div id=\"ngg-image-1\" class=\"ngg-gallery-thumbnail-box\" >\n\t\t\t\t        <div class=\"ngg-gallery-thumbnail\">\n            <a href=\"https:\/\/kontesadora.hr\/stara\/wp-content\/gallery\/seminar-sretne-mestrovic\/dsc04988.jpg\"\n               title=\"\"\n               data-src=\"https:\/\/kontesadora.hr\/stara\/wp-content\/gallery\/seminar-sretne-mestrovic\/dsc04988.jpg\"\n               data-thumbnail=\"https:\/\/kontesadora.hr\/stara\/wp-content\/gallery\/seminar-sretne-mestrovic\/thumbs\/thumbs_dsc04988.jpg\"\n               data-image-id=\"620\"\n               data-title=\"dsc04988\"\n               data-description=\"\"\n               data-image-slug=\"dsc04988\"\n               class=\"shutterset_7de5897e55fc850056914977c9b6448a\">\n                <img\n                    title=\"dsc04988\"\n                    alt=\"dsc04988\"\n                    src=\"https:\/\/kontesadora.hr\/stara\/wp-content\/gallery\/seminar-sretne-mestrovic\/thumbs\/thumbs_dsc04988.jpg\"\n                    width=\"100\"\n                    height=\"75\"\n                    style=\"max-width:100%;\"\n                \/>\n            <\/a>\n        <\/div>\n\t\t\t\t\t\t\t<\/div> \n\t\t\t\n        \n\t\t\t\t<div id=\"ngg-image-2\" class=\"ngg-gallery-thumbnail-box\" >\n\t\t\t\t        <div class=\"ngg-gallery-thumbnail\">\n            <a href=\"https:\/\/kontesadora.hr\/stara\/wp-content\/gallery\/seminar-sretne-mestrovic\/dsc04984.jpg\"\n               title=\"\"\n               data-src=\"https:\/\/kontesadora.hr\/stara\/wp-content\/gallery\/seminar-sretne-mestrovic\/dsc04984.jpg\"\n               data-thumbnail=\"https:\/\/kontesadora.hr\/stara\/wp-content\/gallery\/seminar-sretne-mestrovic\/thumbs\/thumbs_dsc04984.jpg\"\n               data-image-id=\"619\"\n               data-title=\"dsc04984\"\n               data-description=\"\"\n               data-image-slug=\"dsc04984\"\n               class=\"shutterset_7de5897e55fc850056914977c9b6448a\">\n                <img\n                    title=\"dsc04984\"\n                    alt=\"dsc04984\"\n                    src=\"https:\/\/kontesadora.hr\/stara\/wp-content\/gallery\/seminar-sretne-mestrovic\/thumbs\/thumbs_dsc04984.jpg\"\n                    width=\"100\"\n                    height=\"75\"\n                    style=\"max-width:100%;\"\n                \/>\n            <\/a>\n        <\/div>\n\t\t\t\t\t\t\t<\/div> \n\t\t\t\n        \n\t\t\t\t<div id=\"ngg-image-3\" class=\"ngg-gallery-thumbnail-box\" >\n\t\t\t\t        <div class=\"ngg-gallery-thumbnail\">\n            <a href=\"https:\/\/kontesadora.hr\/stara\/wp-content\/gallery\/seminar-sretne-mestrovic\/dsc04978.jpg\"\n               title=\"\"\n               data-src=\"https:\/\/kontesadora.hr\/stara\/wp-content\/gallery\/seminar-sretne-mestrovic\/dsc04978.jpg\"\n               data-thumbnail=\"https:\/\/kontesadora.hr\/stara\/wp-content\/gallery\/seminar-sretne-mestrovic\/thumbs\/thumbs_dsc04978.jpg\"\n               data-image-id=\"618\"\n               data-title=\"dsc04978\"\n               data-description=\"\"\n               data-image-slug=\"dsc04978\"\n               class=\"shutterset_7de5897e55fc850056914977c9b6448a\">\n                <img\n                    title=\"dsc04978\"\n                    alt=\"dsc04978\"\n                    src=\"https:\/\/kontesadora.hr\/stara\/wp-content\/gallery\/seminar-sretne-mestrovic\/thumbs\/thumbs_dsc04978.jpg\"\n                    width=\"100\"\n                    height=\"75\"\n                    style=\"max-width:100%;\"\n                \/>\n            <\/a>\n        <\/div>\n\t\t\t\t\t\t\t<\/div> \n\t\t\t\n        \n\t\t\t\t<div id=\"ngg-image-4\" class=\"ngg-gallery-thumbnail-box\" >\n\t\t\t\t        <div class=\"ngg-gallery-thumbnail\">\n            <a href=\"https:\/\/kontesadora.hr\/stara\/wp-content\/gallery\/seminar-sretne-mestrovic\/dsc04972.jpg\"\n               title=\"\"\n               data-src=\"https:\/\/kontesadora.hr\/stara\/wp-content\/gallery\/seminar-sretne-mestrovic\/dsc04972.jpg\"\n               data-thumbnail=\"https:\/\/kontesadora.hr\/stara\/wp-content\/gallery\/seminar-sretne-mestrovic\/thumbs\/thumbs_dsc04972.jpg\"\n               data-image-id=\"617\"\n               data-title=\"dsc04972\"\n               data-description=\"\"\n               data-image-slug=\"dsc04972\"\n               class=\"shutterset_7de5897e55fc850056914977c9b6448a\">\n                <img\n                    title=\"dsc04972\"\n                    alt=\"dsc04972\"\n                    src=\"https:\/\/kontesadora.hr\/stara\/wp-content\/gallery\/seminar-sretne-mestrovic\/thumbs\/thumbs_dsc04972.jpg\"\n                    width=\"100\"\n                    height=\"75\"\n                    style=\"max-width:100%;\"\n                \/>\n            <\/a>\n        <\/div>\n\t\t\t\t\t\t\t<\/div> \n\t\t\t\n        \n\t\t\t\t<div id=\"ngg-image-5\" class=\"ngg-gallery-thumbnail-box\" >\n\t\t\t\t        <div class=\"ngg-gallery-thumbnail\">\n            <a href=\"https:\/\/kontesadora.hr\/stara\/wp-content\/gallery\/seminar-sretne-mestrovic\/dsc04962.jpg\"\n               title=\"\"\n               data-src=\"https:\/\/kontesadora.hr\/stara\/wp-content\/gallery\/seminar-sretne-mestrovic\/dsc04962.jpg\"\n               data-thumbnail=\"https:\/\/kontesadora.hr\/stara\/wp-content\/gallery\/seminar-sretne-mestrovic\/thumbs\/thumbs_dsc04962.jpg\"\n               data-image-id=\"616\"\n               data-title=\"dsc04962\"\n               data-description=\"\"\n               data-image-slug=\"dsc04962\"\n               class=\"shutterset_7de5897e55fc850056914977c9b6448a\">\n                <img\n                    title=\"dsc04962\"\n                    alt=\"dsc04962\"\n                    src=\"https:\/\/kontesadora.hr\/stara\/wp-content\/gallery\/seminar-sretne-mestrovic\/thumbs\/thumbs_dsc04962.jpg\"\n                    width=\"100\"\n                    height=\"75\"\n                    style=\"max-width:100%;\"\n                \/>\n            <\/a>\n        <\/div>\n\t\t\t\t\t\t\t<\/div> \n\t\t\t\n        \n\t\t\t\t<div id=\"ngg-image-6\" class=\"ngg-gallery-thumbnail-box\" >\n\t\t\t\t        <div class=\"ngg-gallery-thumbnail\">\n            <a href=\"https:\/\/kontesadora.hr\/stara\/wp-content\/gallery\/seminar-sretne-mestrovic\/dsc04959.jpg\"\n               title=\"\"\n               data-src=\"https:\/\/kontesadora.hr\/stara\/wp-content\/gallery\/seminar-sretne-mestrovic\/dsc04959.jpg\"\n               data-thumbnail=\"https:\/\/kontesadora.hr\/stara\/wp-content\/gallery\/seminar-sretne-mestrovic\/thumbs\/thumbs_dsc04959.jpg\"\n               data-image-id=\"615\"\n               data-title=\"dsc04959\"\n               data-description=\"\"\n               data-image-slug=\"dsc04959\"\n               class=\"shutterset_7de5897e55fc850056914977c9b6448a\">\n                <img\n                    title=\"dsc04959\"\n                    alt=\"dsc04959\"\n                    src=\"https:\/\/kontesadora.hr\/stara\/wp-content\/gallery\/seminar-sretne-mestrovic\/thumbs\/thumbs_dsc04959.jpg\"\n                    width=\"100\"\n                    height=\"75\"\n                    style=\"max-width:100%;\"\n                \/>\n            <\/a>\n        <\/div>\n\t\t\t\t\t\t\t<\/div> \n\t\t\t\n        \n\t\t\t\t<div id=\"ngg-image-7\" class=\"ngg-gallery-thumbnail-box\" >\n\t\t\t\t        <div class=\"ngg-gallery-thumbnail\">\n            <a href=\"https:\/\/kontesadora.hr\/stara\/wp-content\/gallery\/seminar-sretne-mestrovic\/dsc04956.jpg\"\n               title=\"\"\n               data-src=\"https:\/\/kontesadora.hr\/stara\/wp-content\/gallery\/seminar-sretne-mestrovic\/dsc04956.jpg\"\n               data-thumbnail=\"https:\/\/kontesadora.hr\/stara\/wp-content\/gallery\/seminar-sretne-mestrovic\/thumbs\/thumbs_dsc04956.jpg\"\n               data-image-id=\"614\"\n               data-title=\"dsc04956\"\n               data-description=\"\"\n               data-image-slug=\"dsc04956\"\n               class=\"shutterset_7de5897e55fc850056914977c9b6448a\">\n                <img\n                    title=\"dsc04956\"\n                    alt=\"dsc04956\"\n                    src=\"https:\/\/kontesadora.hr\/stara\/wp-content\/gallery\/seminar-sretne-mestrovic\/thumbs\/thumbs_dsc04956.jpg\"\n                    width=\"100\"\n                    height=\"75\"\n                    style=\"max-width:100%;\"\n                \/>\n            <\/a>\n        <\/div>\n\t\t\t\t\t\t\t<\/div> \n\t\t\t\n        \n\t\t\t\t<div id=\"ngg-image-8\" class=\"ngg-gallery-thumbnail-box\" >\n\t\t\t\t        <div class=\"ngg-gallery-thumbnail\">\n            <a href=\"https:\/\/kontesadora.hr\/stara\/wp-content\/gallery\/seminar-sretne-mestrovic\/dsc04955.jpg\"\n               title=\"\"\n               data-src=\"https:\/\/kontesadora.hr\/stara\/wp-content\/gallery\/seminar-sretne-mestrovic\/dsc04955.jpg\"\n               data-thumbnail=\"https:\/\/kontesadora.hr\/stara\/wp-content\/gallery\/seminar-sretne-mestrovic\/thumbs\/thumbs_dsc04955.jpg\"\n               data-image-id=\"613\"\n               data-title=\"dsc04955\"\n               data-description=\"\"\n               data-image-slug=\"dsc04955\"\n               class=\"shutterset_7de5897e55fc850056914977c9b6448a\">\n                <img\n                    title=\"dsc04955\"\n                    alt=\"dsc04955\"\n                    src=\"https:\/\/kontesadora.hr\/stara\/wp-content\/gallery\/seminar-sretne-mestrovic\/thumbs\/thumbs_dsc04955.jpg\"\n                    width=\"100\"\n                    height=\"75\"\n                    style=\"max-width:100%;\"\n                \/>\n            <\/a>\n        <\/div>\n\t\t\t\t\t\t\t<\/div> \n\t\t\t\n        \n\t\t\t\t<div id=\"ngg-image-9\" class=\"ngg-gallery-thumbnail-box\" >\n\t\t\t\t        <div class=\"ngg-gallery-thumbnail\">\n            <a href=\"https:\/\/kontesadora.hr\/stara\/wp-content\/gallery\/seminar-sretne-mestrovic\/dsc04951.jpg\"\n               title=\"\"\n               data-src=\"https:\/\/kontesadora.hr\/stara\/wp-content\/gallery\/seminar-sretne-mestrovic\/dsc04951.jpg\"\n               data-thumbnail=\"https:\/\/kontesadora.hr\/stara\/wp-content\/gallery\/seminar-sretne-mestrovic\/thumbs\/thumbs_dsc04951.jpg\"\n               data-image-id=\"612\"\n               data-title=\"dsc04951\"\n               data-description=\"\"\n               data-image-slug=\"dsc04951\"\n               class=\"shutterset_7de5897e55fc850056914977c9b6448a\">\n                <img\n                    title=\"dsc04951\"\n                    alt=\"dsc04951\"\n                    src=\"https:\/\/kontesadora.hr\/stara\/wp-content\/gallery\/seminar-sretne-mestrovic\/thumbs\/thumbs_dsc04951.jpg\"\n                    width=\"100\"\n                    height=\"75\"\n                    style=\"max-width:100%;\"\n                \/>\n            <\/a>\n        <\/div>\n\t\t\t\t\t\t\t<\/div> \n\t\t\t\n        \n\t\t\t\t<div id=\"ngg-image-10\" class=\"ngg-gallery-thumbnail-box\" >\n\t\t\t\t        <div class=\"ngg-gallery-thumbnail\">\n            <a href=\"https:\/\/kontesadora.hr\/stara\/wp-content\/gallery\/seminar-sretne-mestrovic\/dsc04947.jpg\"\n               title=\"\"\n               data-src=\"https:\/\/kontesadora.hr\/stara\/wp-content\/gallery\/seminar-sretne-mestrovic\/dsc04947.jpg\"\n               data-thumbnail=\"https:\/\/kontesadora.hr\/stara\/wp-content\/gallery\/seminar-sretne-mestrovic\/thumbs\/thumbs_dsc04947.jpg\"\n               data-image-id=\"611\"\n               data-title=\"dsc04947\"\n               data-description=\"\"\n               data-image-slug=\"dsc04947\"\n               class=\"shutterset_7de5897e55fc850056914977c9b6448a\">\n                <img\n                    title=\"dsc04947\"\n                    alt=\"dsc04947\"\n                    src=\"https:\/\/kontesadora.hr\/stara\/wp-content\/gallery\/seminar-sretne-mestrovic\/thumbs\/thumbs_dsc04947.jpg\"\n                    width=\"100\"\n                    height=\"75\"\n                    style=\"max-width:100%;\"\n                \/>\n            <\/a>\n        <\/div>\n\t\t\t\t\t\t\t<\/div> \n\t\t\t\n        \n\t\t\t\t<div id=\"ngg-image-11\" class=\"ngg-gallery-thumbnail-box\" >\n\t\t\t\t        <div class=\"ngg-gallery-thumbnail\">\n            <a href=\"https:\/\/kontesadora.hr\/stara\/wp-content\/gallery\/seminar-sretne-mestrovic\/dsc04944.jpg\"\n               title=\"\"\n               data-src=\"https:\/\/kontesadora.hr\/stara\/wp-content\/gallery\/seminar-sretne-mestrovic\/dsc04944.jpg\"\n               data-thumbnail=\"https:\/\/kontesadora.hr\/stara\/wp-content\/gallery\/seminar-sretne-mestrovic\/thumbs\/thumbs_dsc04944.jpg\"\n               data-image-id=\"610\"\n               data-title=\"dsc04944\"\n               data-description=\"\"\n               data-image-slug=\"dsc04944\"\n               class=\"shutterset_7de5897e55fc850056914977c9b6448a\">\n                <img\n                    title=\"dsc04944\"\n                    alt=\"dsc04944\"\n                    src=\"https:\/\/kontesadora.hr\/stara\/wp-content\/gallery\/seminar-sretne-mestrovic\/thumbs\/thumbs_dsc04944.jpg\"\n                    width=\"100\"\n                    height=\"75\"\n                    style=\"max-width:100%;\"\n                \/>\n            <\/a>\n        <\/div>\n\t\t\t\t\t\t\t<\/div> \n\t\t\t\n        \n\t\t\t\t<div id=\"ngg-image-12\" class=\"ngg-gallery-thumbnail-box\" >\n\t\t\t\t        <div class=\"ngg-gallery-thumbnail\">\n            <a href=\"https:\/\/kontesadora.hr\/stara\/wp-content\/gallery\/seminar-sretne-mestrovic\/dsc04930.jpg\"\n               title=\"\"\n               data-src=\"https:\/\/kontesadora.hr\/stara\/wp-content\/gallery\/seminar-sretne-mestrovic\/dsc04930.jpg\"\n               data-thumbnail=\"https:\/\/kontesadora.hr\/stara\/wp-content\/gallery\/seminar-sretne-mestrovic\/thumbs\/thumbs_dsc04930.jpg\"\n               data-image-id=\"609\"\n               data-title=\"dsc04930\"\n               data-description=\"\"\n               data-image-slug=\"dsc04930\"\n               class=\"shutterset_7de5897e55fc850056914977c9b6448a\">\n                <img\n                    title=\"dsc04930\"\n                    alt=\"dsc04930\"\n                    src=\"https:\/\/kontesadora.hr\/stara\/wp-content\/gallery\/seminar-sretne-mestrovic\/thumbs\/thumbs_dsc04930.jpg\"\n                    width=\"100\"\n                    height=\"75\"\n                    style=\"max-width:100%;\"\n                \/>\n            <\/a>\n        <\/div>\n\t\t\t\t\t\t\t<\/div> \n\t\t\t\n        \n\t\t\t\t<div id=\"ngg-image-13\" class=\"ngg-gallery-thumbnail-box\" >\n\t\t\t\t        <div class=\"ngg-gallery-thumbnail\">\n            <a href=\"https:\/\/kontesadora.hr\/stara\/wp-content\/gallery\/seminar-sretne-mestrovic\/dsc04912.jpg\"\n               title=\"\"\n               data-src=\"https:\/\/kontesadora.hr\/stara\/wp-content\/gallery\/seminar-sretne-mestrovic\/dsc04912.jpg\"\n               data-thumbnail=\"https:\/\/kontesadora.hr\/stara\/wp-content\/gallery\/seminar-sretne-mestrovic\/thumbs\/thumbs_dsc04912.jpg\"\n               data-image-id=\"608\"\n               data-title=\"dsc04912\"\n               data-description=\"\"\n               data-image-slug=\"dsc04912\"\n               class=\"shutterset_7de5897e55fc850056914977c9b6448a\">\n                <img\n                    title=\"dsc04912\"\n                    alt=\"dsc04912\"\n                    src=\"https:\/\/kontesadora.hr\/stara\/wp-content\/gallery\/seminar-sretne-mestrovic\/thumbs\/thumbs_dsc04912.jpg\"\n                    width=\"100\"\n                    height=\"75\"\n                    style=\"max-width:100%;\"\n                \/>\n            <\/a>\n        <\/div>\n\t\t\t\t\t\t\t<\/div> \n\t\t\t\n        \n\t\t\t\t<div id=\"ngg-image-14\" class=\"ngg-gallery-thumbnail-box\" >\n\t\t\t\t        <div class=\"ngg-gallery-thumbnail\">\n            <a href=\"https:\/\/kontesadora.hr\/stara\/wp-content\/gallery\/seminar-sretne-mestrovic\/dsc04911.jpg\"\n               title=\"\"\n               data-src=\"https:\/\/kontesadora.hr\/stara\/wp-content\/gallery\/seminar-sretne-mestrovic\/dsc04911.jpg\"\n               data-thumbnail=\"https:\/\/kontesadora.hr\/stara\/wp-content\/gallery\/seminar-sretne-mestrovic\/thumbs\/thumbs_dsc04911.jpg\"\n               data-image-id=\"607\"\n               data-title=\"dsc04911\"\n               data-description=\"\"\n               data-image-slug=\"dsc04911\"\n               class=\"shutterset_7de5897e55fc850056914977c9b6448a\">\n                <img\n                    title=\"dsc04911\"\n                    alt=\"dsc04911\"\n                    src=\"https:\/\/kontesadora.hr\/stara\/wp-content\/gallery\/seminar-sretne-mestrovic\/thumbs\/thumbs_dsc04911.jpg\"\n                    width=\"100\"\n                    height=\"75\"\n                    style=\"max-width:100%;\"\n                \/>\n            <\/a>\n        <\/div>\n\t\t\t\t\t\t\t<\/div> \n\t\t\t\n        \n\t\t\t\t<div id=\"ngg-image-15\" class=\"ngg-gallery-thumbnail-box\" >\n\t\t\t\t        <div class=\"ngg-gallery-thumbnail\">\n            <a href=\"https:\/\/kontesadora.hr\/stara\/wp-content\/gallery\/seminar-sretne-mestrovic\/dsc04910.jpg\"\n               title=\"\"\n               data-src=\"https:\/\/kontesadora.hr\/stara\/wp-content\/gallery\/seminar-sretne-mestrovic\/dsc04910.jpg\"\n               data-thumbnail=\"https:\/\/kontesadora.hr\/stara\/wp-content\/gallery\/seminar-sretne-mestrovic\/thumbs\/thumbs_dsc04910.jpg\"\n               data-image-id=\"606\"\n               data-title=\"dsc04910\"\n               data-description=\"\"\n               data-image-slug=\"dsc04910\"\n               class=\"shutterset_7de5897e55fc850056914977c9b6448a\">\n                <img\n                    title=\"dsc04910\"\n                    alt=\"dsc04910\"\n                    src=\"https:\/\/kontesadora.hr\/stara\/wp-content\/gallery\/seminar-sretne-mestrovic\/thumbs\/thumbs_dsc04910.jpg\"\n                    width=\"100\"\n                    height=\"75\"\n                    style=\"max-width:100%;\"\n                \/>\n            <\/a>\n        <\/div>\n\t\t\t\t\t\t\t<\/div> \n\t\t\t\n        \n\t\t\t\t<div id=\"ngg-image-16\" class=\"ngg-gallery-thumbnail-box\" >\n\t\t\t\t        <div class=\"ngg-gallery-thumbnail\">\n            <a href=\"https:\/\/kontesadora.hr\/stara\/wp-content\/gallery\/seminar-sretne-mestrovic\/dsc04908.jpg\"\n               title=\"\"\n               data-src=\"https:\/\/kontesadora.hr\/stara\/wp-content\/gallery\/seminar-sretne-mestrovic\/dsc04908.jpg\"\n               data-thumbnail=\"https:\/\/kontesadora.hr\/stara\/wp-content\/gallery\/seminar-sretne-mestrovic\/thumbs\/thumbs_dsc04908.jpg\"\n               data-image-id=\"605\"\n               data-title=\"dsc04908\"\n               data-description=\"\"\n               data-image-slug=\"dsc04908\"\n               class=\"shutterset_7de5897e55fc850056914977c9b6448a\">\n                <img\n                    title=\"dsc04908\"\n                    alt=\"dsc04908\"\n                    src=\"https:\/\/kontesadora.hr\/stara\/wp-content\/gallery\/seminar-sretne-mestrovic\/thumbs\/thumbs_dsc04908.jpg\"\n                    width=\"100\"\n                    height=\"75\"\n                    style=\"max-width:100%;\"\n                \/>\n            <\/a>\n        <\/div>\n\t\t\t\t\t\t\t<\/div> \n\t\t\t\n        \n\t\t\t\t<div id=\"ngg-image-17\" class=\"ngg-gallery-thumbnail-box\" >\n\t\t\t\t        <div class=\"ngg-gallery-thumbnail\">\n            <a href=\"https:\/\/kontesadora.hr\/stara\/wp-content\/gallery\/seminar-sretne-mestrovic\/dsc04900.jpg\"\n               title=\"\"\n               data-src=\"https:\/\/kontesadora.hr\/stara\/wp-content\/gallery\/seminar-sretne-mestrovic\/dsc04900.jpg\"\n               data-thumbnail=\"https:\/\/kontesadora.hr\/stara\/wp-content\/gallery\/seminar-sretne-mestrovic\/thumbs\/thumbs_dsc04900.jpg\"\n               data-image-id=\"604\"\n               data-title=\"dsc04900\"\n               data-description=\"\"\n               data-image-slug=\"dsc04900\"\n               class=\"shutterset_7de5897e55fc850056914977c9b6448a\">\n                <img\n                    title=\"dsc04900\"\n                    alt=\"dsc04900\"\n                    src=\"https:\/\/kontesadora.hr\/stara\/wp-content\/gallery\/seminar-sretne-mestrovic\/thumbs\/thumbs_dsc04900.jpg\"\n                    width=\"100\"\n                    height=\"75\"\n                    style=\"max-width:100%;\"\n                \/>\n            <\/a>\n        <\/div>\n\t\t\t\t\t\t\t<\/div> \n\t\t\t\n        \n\t\t\t\t<div id=\"ngg-image-18\" class=\"ngg-gallery-thumbnail-box\" >\n\t\t\t\t        <div class=\"ngg-gallery-thumbnail\">\n            <a href=\"https:\/\/kontesadora.hr\/stara\/wp-content\/gallery\/seminar-sretne-mestrovic\/dsc04898.jpg\"\n               title=\"\"\n               data-src=\"https:\/\/kontesadora.hr\/stara\/wp-content\/gallery\/seminar-sretne-mestrovic\/dsc04898.jpg\"\n               data-thumbnail=\"https:\/\/kontesadora.hr\/stara\/wp-content\/gallery\/seminar-sretne-mestrovic\/thumbs\/thumbs_dsc04898.jpg\"\n               data-image-id=\"603\"\n               data-title=\"dsc04898\"\n               data-description=\"\"\n               data-image-slug=\"dsc04898\"\n               class=\"shutterset_7de5897e55fc850056914977c9b6448a\">\n                <img\n                    title=\"dsc04898\"\n                    alt=\"dsc04898\"\n                    src=\"https:\/\/kontesadora.hr\/stara\/wp-content\/gallery\/seminar-sretne-mestrovic\/thumbs\/thumbs_dsc04898.jpg\"\n                    width=\"100\"\n                    height=\"75\"\n                    style=\"max-width:100%;\"\n                \/>\n            <\/a>\n        <\/div>\n\t\t\t\t\t\t\t<\/div> \n\t\t\t\n        \n\t\t\t\t<div id=\"ngg-image-19\" class=\"ngg-gallery-thumbnail-box\" >\n\t\t\t\t        <div class=\"ngg-gallery-thumbnail\">\n            <a href=\"https:\/\/kontesadora.hr\/stara\/wp-content\/gallery\/seminar-sretne-mestrovic\/dsc04896.jpg\"\n               title=\"\"\n               data-src=\"https:\/\/kontesadora.hr\/stara\/wp-content\/gallery\/seminar-sretne-mestrovic\/dsc04896.jpg\"\n               data-thumbnail=\"https:\/\/kontesadora.hr\/stara\/wp-content\/gallery\/seminar-sretne-mestrovic\/thumbs\/thumbs_dsc04896.jpg\"\n               data-image-id=\"602\"\n               data-title=\"dsc04896\"\n               data-description=\"\"\n               data-image-slug=\"dsc04896\"\n               class=\"shutterset_7de5897e55fc850056914977c9b6448a\">\n                <img\n                    title=\"dsc04896\"\n                    alt=\"dsc04896\"\n                    src=\"https:\/\/kontesadora.hr\/stara\/wp-content\/gallery\/seminar-sretne-mestrovic\/thumbs\/thumbs_dsc04896.jpg\"\n                    width=\"100\"\n                    height=\"75\"\n                    style=\"max-width:100%;\"\n                \/>\n            <\/a>\n        <\/div>\n\t\t\t\t\t\t\t<\/div> \n\t\t\t\n        \n\t\t\n\t\t<!-- Pagination -->\n\t<div class='ngg-navigation'><span class='current'>1<\/span>\n<a class='page-numbers' data-pageid='2' href='https:\/\/kontesadora.hr\/stara\/galerija\/nggallery\/page\/2'>2<\/a>\n<a class='prev' href='https:\/\/kontesadora.hr\/stara\/galerija\/nggallery\/page\/2' data-pageid=2>&#9658;<\/a><\/div>\t<\/div>\n08. prosinca 2010. Seminar Sretne Me\u0161trovi\u0107<\/p>\n<!-- index.php -->\n<div\n\tclass=\"ngg-galleryoverview ngg-ajax-pagination-none\"\n\tid=\"ngg-gallery-40d28f5743cb127fe9f38920b6c27d20-1\">\n\n    \t<div class=\"slideshowlink\">\n        <a href='https:\/\/kontesadora.hr\/stara\/galerija\/nggallery\/slideshow'>[Show as slideshow]<\/a>\n\t\t\n\t<\/div>\n\t\t\t<!-- Thumbnails -->\n\t\t\t\t<div id=\"ngg-image-0\" class=\"ngg-gallery-thumbnail-box\" >\n\t\t\t\t        <div class=\"ngg-gallery-thumbnail\">\n            <a href=\"https:\/\/kontesadora.hr\/stara\/wp-content\/gallery\/javni-sat-sanja-rajko\/dsc04840.jpg\"\n               title=\"\"\n               data-src=\"https:\/\/kontesadora.hr\/stara\/wp-content\/gallery\/javni-sat-sanja-rajko\/dsc04840.jpg\"\n               data-thumbnail=\"https:\/\/kontesadora.hr\/stara\/wp-content\/gallery\/javni-sat-sanja-rajko\/thumbs\/thumbs_dsc04840.jpg\"\n               data-image-id=\"579\"\n               data-title=\"dsc04840\"\n               data-description=\"\"\n               data-image-slug=\"dsc04840\"\n               class=\"shutterset_40d28f5743cb127fe9f38920b6c27d20\">\n                <img\n                    title=\"dsc04840\"\n                    alt=\"dsc04840\"\n                    src=\"https:\/\/kontesadora.hr\/stara\/wp-content\/gallery\/javni-sat-sanja-rajko\/thumbs\/thumbs_dsc04840.jpg\"\n                    width=\"100\"\n                    height=\"75\"\n                    style=\"max-width:100%;\"\n                \/>\n            <\/a>\n        <\/div>\n\t\t\t\t\t\t\t<\/div> \n\t\t\t\n        \n\t\t\t\t<div id=\"ngg-image-1\" class=\"ngg-gallery-thumbnail-box\" >\n\t\t\t\t        <div class=\"ngg-gallery-thumbnail\">\n            <a href=\"https:\/\/kontesadora.hr\/stara\/wp-content\/gallery\/javni-sat-sanja-rajko\/dsc04837.jpg\"\n               title=\"\"\n               data-src=\"https:\/\/kontesadora.hr\/stara\/wp-content\/gallery\/javni-sat-sanja-rajko\/dsc04837.jpg\"\n               data-thumbnail=\"https:\/\/kontesadora.hr\/stara\/wp-content\/gallery\/javni-sat-sanja-rajko\/thumbs\/thumbs_dsc04837.jpg\"\n               data-image-id=\"578\"\n               data-title=\"dsc04837\"\n               data-description=\"\"\n               data-image-slug=\"dsc04837\"\n               class=\"shutterset_40d28f5743cb127fe9f38920b6c27d20\">\n                <img\n                    title=\"dsc04837\"\n                    alt=\"dsc04837\"\n                    src=\"https:\/\/kontesadora.hr\/stara\/wp-content\/gallery\/javni-sat-sanja-rajko\/thumbs\/thumbs_dsc04837.jpg\"\n                    width=\"100\"\n                    height=\"75\"\n                    style=\"max-width:100%;\"\n                \/>\n            <\/a>\n        <\/div>\n\t\t\t\t\t\t\t<\/div> \n\t\t\t\n        \n\t\t\t\t<div id=\"ngg-image-2\" class=\"ngg-gallery-thumbnail-box\" >\n\t\t\t\t        <div class=\"ngg-gallery-thumbnail\">\n            <a href=\"https:\/\/kontesadora.hr\/stara\/wp-content\/gallery\/javni-sat-sanja-rajko\/dsc04835.jpg\"\n               title=\"\"\n               data-src=\"https:\/\/kontesadora.hr\/stara\/wp-content\/gallery\/javni-sat-sanja-rajko\/dsc04835.jpg\"\n               data-thumbnail=\"https:\/\/kontesadora.hr\/stara\/wp-content\/gallery\/javni-sat-sanja-rajko\/thumbs\/thumbs_dsc04835.jpg\"\n               data-image-id=\"577\"\n               data-title=\"dsc04835\"\n               data-description=\"\"\n               data-image-slug=\"dsc04835\"\n               class=\"shutterset_40d28f5743cb127fe9f38920b6c27d20\">\n                <img\n                    title=\"dsc04835\"\n                    alt=\"dsc04835\"\n                    src=\"https:\/\/kontesadora.hr\/stara\/wp-content\/gallery\/javni-sat-sanja-rajko\/thumbs\/thumbs_dsc04835.jpg\"\n                    width=\"100\"\n                    height=\"75\"\n                    style=\"max-width:100%;\"\n                \/>\n            <\/a>\n        <\/div>\n\t\t\t\t\t\t\t<\/div> \n\t\t\t\n        \n\t\t\t\t<div id=\"ngg-image-3\" class=\"ngg-gallery-thumbnail-box\" >\n\t\t\t\t        <div class=\"ngg-gallery-thumbnail\">\n            <a href=\"https:\/\/kontesadora.hr\/stara\/wp-content\/gallery\/javni-sat-sanja-rajko\/dsc04833.jpg\"\n               title=\"\"\n               data-src=\"https:\/\/kontesadora.hr\/stara\/wp-content\/gallery\/javni-sat-sanja-rajko\/dsc04833.jpg\"\n               data-thumbnail=\"https:\/\/kontesadora.hr\/stara\/wp-content\/gallery\/javni-sat-sanja-rajko\/thumbs\/thumbs_dsc04833.jpg\"\n               data-image-id=\"576\"\n               data-title=\"dsc04833\"\n               data-description=\"\"\n               data-image-slug=\"dsc04833\"\n               class=\"shutterset_40d28f5743cb127fe9f38920b6c27d20\">\n                <img\n                    title=\"dsc04833\"\n                    alt=\"dsc04833\"\n                    src=\"https:\/\/kontesadora.hr\/stara\/wp-content\/gallery\/javni-sat-sanja-rajko\/thumbs\/thumbs_dsc04833.jpg\"\n                    width=\"100\"\n                    height=\"75\"\n                    style=\"max-width:100%;\"\n                \/>\n            <\/a>\n        <\/div>\n\t\t\t\t\t\t\t<\/div> \n\t\t\t\n        \n\t\t\t\t<div id=\"ngg-image-4\" class=\"ngg-gallery-thumbnail-box\" >\n\t\t\t\t        <div class=\"ngg-gallery-thumbnail\">\n            <a href=\"https:\/\/kontesadora.hr\/stara\/wp-content\/gallery\/javni-sat-sanja-rajko\/dsc04832.jpg\"\n               title=\"\"\n               data-src=\"https:\/\/kontesadora.hr\/stara\/wp-content\/gallery\/javni-sat-sanja-rajko\/dsc04832.jpg\"\n               data-thumbnail=\"https:\/\/kontesadora.hr\/stara\/wp-content\/gallery\/javni-sat-sanja-rajko\/thumbs\/thumbs_dsc04832.jpg\"\n               data-image-id=\"575\"\n               data-title=\"dsc04832\"\n               data-description=\"\"\n               data-image-slug=\"dsc04832\"\n               class=\"shutterset_40d28f5743cb127fe9f38920b6c27d20\">\n                <img\n                    title=\"dsc04832\"\n                    alt=\"dsc04832\"\n                    src=\"https:\/\/kontesadora.hr\/stara\/wp-content\/gallery\/javni-sat-sanja-rajko\/thumbs\/thumbs_dsc04832.jpg\"\n                    width=\"100\"\n                    height=\"75\"\n                    style=\"max-width:100%;\"\n                \/>\n            <\/a>\n        <\/div>\n\t\t\t\t\t\t\t<\/div> \n\t\t\t\n        \n\t\t\t\t<div id=\"ngg-image-5\" class=\"ngg-gallery-thumbnail-box\" >\n\t\t\t\t        <div class=\"ngg-gallery-thumbnail\">\n            <a href=\"https:\/\/kontesadora.hr\/stara\/wp-content\/gallery\/javni-sat-sanja-rajko\/dsc04827.jpg\"\n               title=\"\"\n               data-src=\"https:\/\/kontesadora.hr\/stara\/wp-content\/gallery\/javni-sat-sanja-rajko\/dsc04827.jpg\"\n               data-thumbnail=\"https:\/\/kontesadora.hr\/stara\/wp-content\/gallery\/javni-sat-sanja-rajko\/thumbs\/thumbs_dsc04827.jpg\"\n               data-image-id=\"574\"\n               data-title=\"dsc04827\"\n               data-description=\"\"\n               data-image-slug=\"dsc04827\"\n               class=\"shutterset_40d28f5743cb127fe9f38920b6c27d20\">\n                <img\n                    title=\"dsc04827\"\n                    alt=\"dsc04827\"\n                    src=\"https:\/\/kontesadora.hr\/stara\/wp-content\/gallery\/javni-sat-sanja-rajko\/thumbs\/thumbs_dsc04827.jpg\"\n                    width=\"100\"\n                    height=\"75\"\n                    style=\"max-width:100%;\"\n                \/>\n            <\/a>\n        <\/div>\n\t\t\t\t\t\t\t<\/div> \n\t\t\t\n        \n\t\t\t\t<div id=\"ngg-image-6\" class=\"ngg-gallery-thumbnail-box\" >\n\t\t\t\t        <div class=\"ngg-gallery-thumbnail\">\n            <a href=\"https:\/\/kontesadora.hr\/stara\/wp-content\/gallery\/javni-sat-sanja-rajko\/dsc04825.jpg\"\n               title=\"\"\n               data-src=\"https:\/\/kontesadora.hr\/stara\/wp-content\/gallery\/javni-sat-sanja-rajko\/dsc04825.jpg\"\n               data-thumbnail=\"https:\/\/kontesadora.hr\/stara\/wp-content\/gallery\/javni-sat-sanja-rajko\/thumbs\/thumbs_dsc04825.jpg\"\n               data-image-id=\"573\"\n               data-title=\"dsc04825\"\n               data-description=\"\"\n               data-image-slug=\"dsc04825\"\n               class=\"shutterset_40d28f5743cb127fe9f38920b6c27d20\">\n                <img\n                    title=\"dsc04825\"\n                    alt=\"dsc04825\"\n                    src=\"https:\/\/kontesadora.hr\/stara\/wp-content\/gallery\/javni-sat-sanja-rajko\/thumbs\/thumbs_dsc04825.jpg\"\n                    width=\"100\"\n                    height=\"75\"\n                    style=\"max-width:100%;\"\n                \/>\n            <\/a>\n        <\/div>\n\t\t\t\t\t\t\t<\/div> \n\t\t\t\n        \n\t\t\t\t<div id=\"ngg-image-7\" class=\"ngg-gallery-thumbnail-box\" >\n\t\t\t\t        <div class=\"ngg-gallery-thumbnail\">\n            <a href=\"https:\/\/kontesadora.hr\/stara\/wp-content\/gallery\/javni-sat-sanja-rajko\/dsc04823.jpg\"\n               title=\"\"\n               data-src=\"https:\/\/kontesadora.hr\/stara\/wp-content\/gallery\/javni-sat-sanja-rajko\/dsc04823.jpg\"\n               data-thumbnail=\"https:\/\/kontesadora.hr\/stara\/wp-content\/gallery\/javni-sat-sanja-rajko\/thumbs\/thumbs_dsc04823.jpg\"\n               data-image-id=\"572\"\n               data-title=\"dsc04823\"\n               data-description=\"\"\n               data-image-slug=\"dsc04823\"\n               class=\"shutterset_40d28f5743cb127fe9f38920b6c27d20\">\n                <img\n                    title=\"dsc04823\"\n                    alt=\"dsc04823\"\n                    src=\"https:\/\/kontesadora.hr\/stara\/wp-content\/gallery\/javni-sat-sanja-rajko\/thumbs\/thumbs_dsc04823.jpg\"\n                    width=\"100\"\n                    height=\"75\"\n                    style=\"max-width:100%;\"\n                \/>\n            <\/a>\n        <\/div>\n\t\t\t\t\t\t\t<\/div> \n\t\t\t\n        \n\t\t\t\t<div id=\"ngg-image-8\" class=\"ngg-gallery-thumbnail-box\" >\n\t\t\t\t        <div class=\"ngg-gallery-thumbnail\">\n            <a href=\"https:\/\/kontesadora.hr\/stara\/wp-content\/gallery\/javni-sat-sanja-rajko\/dsc04820.jpg\"\n               title=\"\"\n               data-src=\"https:\/\/kontesadora.hr\/stara\/wp-content\/gallery\/javni-sat-sanja-rajko\/dsc04820.jpg\"\n               data-thumbnail=\"https:\/\/kontesadora.hr\/stara\/wp-content\/gallery\/javni-sat-sanja-rajko\/thumbs\/thumbs_dsc04820.jpg\"\n               data-image-id=\"571\"\n               data-title=\"dsc04820\"\n               data-description=\"\"\n               data-image-slug=\"dsc04820\"\n               class=\"shutterset_40d28f5743cb127fe9f38920b6c27d20\">\n                <img\n                    title=\"dsc04820\"\n                    alt=\"dsc04820\"\n                    src=\"https:\/\/kontesadora.hr\/stara\/wp-content\/gallery\/javni-sat-sanja-rajko\/thumbs\/thumbs_dsc04820.jpg\"\n                    width=\"100\"\n                    height=\"75\"\n                    style=\"max-width:100%;\"\n                \/>\n            <\/a>\n        <\/div>\n\t\t\t\t\t\t\t<\/div> \n\t\t\t\n        \n\t\t\t\t<div id=\"ngg-image-9\" class=\"ngg-gallery-thumbnail-box\" >\n\t\t\t\t        <div class=\"ngg-gallery-thumbnail\">\n            <a href=\"https:\/\/kontesadora.hr\/stara\/wp-content\/gallery\/javni-sat-sanja-rajko\/dsc04819.jpg\"\n               title=\"\"\n               data-src=\"https:\/\/kontesadora.hr\/stara\/wp-content\/gallery\/javni-sat-sanja-rajko\/dsc04819.jpg\"\n               data-thumbnail=\"https:\/\/kontesadora.hr\/stara\/wp-content\/gallery\/javni-sat-sanja-rajko\/thumbs\/thumbs_dsc04819.jpg\"\n               data-image-id=\"570\"\n               data-title=\"dsc04819\"\n               data-description=\"\"\n               data-image-slug=\"dsc04819\"\n               class=\"shutterset_40d28f5743cb127fe9f38920b6c27d20\">\n                <img\n                    title=\"dsc04819\"\n                    alt=\"dsc04819\"\n                    src=\"https:\/\/kontesadora.hr\/stara\/wp-content\/gallery\/javni-sat-sanja-rajko\/thumbs\/thumbs_dsc04819.jpg\"\n                    width=\"100\"\n                    height=\"75\"\n                    style=\"max-width:100%;\"\n                \/>\n            <\/a>\n        <\/div>\n\t\t\t\t\t\t\t<\/div> \n\t\t\t\n        \n\t\t\t\t<div id=\"ngg-image-10\" class=\"ngg-gallery-thumbnail-box\" >\n\t\t\t\t        <div class=\"ngg-gallery-thumbnail\">\n            <a href=\"https:\/\/kontesadora.hr\/stara\/wp-content\/gallery\/javni-sat-sanja-rajko\/dsc04816.jpg\"\n               title=\"\"\n               data-src=\"https:\/\/kontesadora.hr\/stara\/wp-content\/gallery\/javni-sat-sanja-rajko\/dsc04816.jpg\"\n               data-thumbnail=\"https:\/\/kontesadora.hr\/stara\/wp-content\/gallery\/javni-sat-sanja-rajko\/thumbs\/thumbs_dsc04816.jpg\"\n               data-image-id=\"569\"\n               data-title=\"dsc04816\"\n               data-description=\"\"\n               data-image-slug=\"dsc04816\"\n               class=\"shutterset_40d28f5743cb127fe9f38920b6c27d20\">\n                <img\n                    title=\"dsc04816\"\n                    alt=\"dsc04816\"\n                    src=\"https:\/\/kontesadora.hr\/stara\/wp-content\/gallery\/javni-sat-sanja-rajko\/thumbs\/thumbs_dsc04816.jpg\"\n                    width=\"100\"\n                    height=\"75\"\n                    style=\"max-width:100%;\"\n                \/>\n            <\/a>\n        <\/div>\n\t\t\t\t\t\t\t<\/div> \n\t\t\t\n        \n\t\t\t\t<div id=\"ngg-image-11\" class=\"ngg-gallery-thumbnail-box\" >\n\t\t\t\t        <div class=\"ngg-gallery-thumbnail\">\n            <a href=\"https:\/\/kontesadora.hr\/stara\/wp-content\/gallery\/javni-sat-sanja-rajko\/dsc04814.jpg\"\n               title=\"\"\n               data-src=\"https:\/\/kontesadora.hr\/stara\/wp-content\/gallery\/javni-sat-sanja-rajko\/dsc04814.jpg\"\n               data-thumbnail=\"https:\/\/kontesadora.hr\/stara\/wp-content\/gallery\/javni-sat-sanja-rajko\/thumbs\/thumbs_dsc04814.jpg\"\n               data-image-id=\"568\"\n               data-title=\"dsc04814\"\n               data-description=\"\"\n               data-image-slug=\"dsc04814\"\n               class=\"shutterset_40d28f5743cb127fe9f38920b6c27d20\">\n                <img\n                    title=\"dsc04814\"\n                    alt=\"dsc04814\"\n                    src=\"https:\/\/kontesadora.hr\/stara\/wp-content\/gallery\/javni-sat-sanja-rajko\/thumbs\/thumbs_dsc04814.jpg\"\n                    width=\"100\"\n                    height=\"75\"\n                    style=\"max-width:100%;\"\n                \/>\n            <\/a>\n        <\/div>\n\t\t\t\t\t\t\t<\/div> \n\t\t\t\n        \n\t\t\t\t<div id=\"ngg-image-12\" class=\"ngg-gallery-thumbnail-box\" >\n\t\t\t\t        <div class=\"ngg-gallery-thumbnail\">\n            <a href=\"https:\/\/kontesadora.hr\/stara\/wp-content\/gallery\/javni-sat-sanja-rajko\/dsc04812.jpg\"\n               title=\"\"\n               data-src=\"https:\/\/kontesadora.hr\/stara\/wp-content\/gallery\/javni-sat-sanja-rajko\/dsc04812.jpg\"\n               data-thumbnail=\"https:\/\/kontesadora.hr\/stara\/wp-content\/gallery\/javni-sat-sanja-rajko\/thumbs\/thumbs_dsc04812.jpg\"\n               data-image-id=\"567\"\n               data-title=\"dsc04812\"\n               data-description=\"\"\n               data-image-slug=\"dsc04812\"\n               class=\"shutterset_40d28f5743cb127fe9f38920b6c27d20\">\n                <img\n                    title=\"dsc04812\"\n                    alt=\"dsc04812\"\n                    src=\"https:\/\/kontesadora.hr\/stara\/wp-content\/gallery\/javni-sat-sanja-rajko\/thumbs\/thumbs_dsc04812.jpg\"\n                    width=\"100\"\n                    height=\"75\"\n                    style=\"max-width:100%;\"\n                \/>\n            <\/a>\n        <\/div>\n\t\t\t\t\t\t\t<\/div> \n\t\t\t\n        \n\t\t\t\t<div id=\"ngg-image-13\" class=\"ngg-gallery-thumbnail-box\" >\n\t\t\t\t        <div class=\"ngg-gallery-thumbnail\">\n            <a href=\"https:\/\/kontesadora.hr\/stara\/wp-content\/gallery\/javni-sat-sanja-rajko\/dsc04810.jpg\"\n               title=\"\"\n               data-src=\"https:\/\/kontesadora.hr\/stara\/wp-content\/gallery\/javni-sat-sanja-rajko\/dsc04810.jpg\"\n               data-thumbnail=\"https:\/\/kontesadora.hr\/stara\/wp-content\/gallery\/javni-sat-sanja-rajko\/thumbs\/thumbs_dsc04810.jpg\"\n               data-image-id=\"566\"\n               data-title=\"dsc04810\"\n               data-description=\"\"\n               data-image-slug=\"dsc04810\"\n               class=\"shutterset_40d28f5743cb127fe9f38920b6c27d20\">\n                <img\n                    title=\"dsc04810\"\n                    alt=\"dsc04810\"\n                    src=\"https:\/\/kontesadora.hr\/stara\/wp-content\/gallery\/javni-sat-sanja-rajko\/thumbs\/thumbs_dsc04810.jpg\"\n                    width=\"100\"\n                    height=\"75\"\n                    style=\"max-width:100%;\"\n                \/>\n            <\/a>\n        <\/div>\n\t\t\t\t\t\t\t<\/div> \n\t\t\t\n        \n\t\t\t\t<div id=\"ngg-image-14\" class=\"ngg-gallery-thumbnail-box\" >\n\t\t\t\t        <div class=\"ngg-gallery-thumbnail\">\n            <a href=\"https:\/\/kontesadora.hr\/stara\/wp-content\/gallery\/javni-sat-sanja-rajko\/dsc04806.jpg\"\n               title=\"\"\n               data-src=\"https:\/\/kontesadora.hr\/stara\/wp-content\/gallery\/javni-sat-sanja-rajko\/dsc04806.jpg\"\n               data-thumbnail=\"https:\/\/kontesadora.hr\/stara\/wp-content\/gallery\/javni-sat-sanja-rajko\/thumbs\/thumbs_dsc04806.jpg\"\n               data-image-id=\"565\"\n               data-title=\"dsc04806\"\n               data-description=\"\"\n               data-image-slug=\"dsc04806\"\n               class=\"shutterset_40d28f5743cb127fe9f38920b6c27d20\">\n                <img\n                    title=\"dsc04806\"\n                    alt=\"dsc04806\"\n                    src=\"https:\/\/kontesadora.hr\/stara\/wp-content\/gallery\/javni-sat-sanja-rajko\/thumbs\/thumbs_dsc04806.jpg\"\n                    width=\"100\"\n                    height=\"75\"\n                    style=\"max-width:100%;\"\n                \/>\n            <\/a>\n        <\/div>\n\t\t\t\t\t\t\t<\/div> \n\t\t\t\n        \n\t\t\t\t<div id=\"ngg-image-15\" class=\"ngg-gallery-thumbnail-box\" >\n\t\t\t\t        <div class=\"ngg-gallery-thumbnail\">\n            <a href=\"https:\/\/kontesadora.hr\/stara\/wp-content\/gallery\/javni-sat-sanja-rajko\/dsc04805.jpg\"\n               title=\"\"\n               data-src=\"https:\/\/kontesadora.hr\/stara\/wp-content\/gallery\/javni-sat-sanja-rajko\/dsc04805.jpg\"\n               data-thumbnail=\"https:\/\/kontesadora.hr\/stara\/wp-content\/gallery\/javni-sat-sanja-rajko\/thumbs\/thumbs_dsc04805.jpg\"\n               data-image-id=\"564\"\n               data-title=\"dsc04805\"\n               data-description=\"\"\n               data-image-slug=\"dsc04805\"\n               class=\"shutterset_40d28f5743cb127fe9f38920b6c27d20\">\n                <img\n                    title=\"dsc04805\"\n                    alt=\"dsc04805\"\n                    src=\"https:\/\/kontesadora.hr\/stara\/wp-content\/gallery\/javni-sat-sanja-rajko\/thumbs\/thumbs_dsc04805.jpg\"\n                    width=\"100\"\n                    height=\"75\"\n                    style=\"max-width:100%;\"\n                \/>\n            <\/a>\n        <\/div>\n\t\t\t\t\t\t\t<\/div> \n\t\t\t\n        \n\t\t\t\t<div id=\"ngg-image-16\" class=\"ngg-gallery-thumbnail-box\" >\n\t\t\t\t        <div class=\"ngg-gallery-thumbnail\">\n            <a href=\"https:\/\/kontesadora.hr\/stara\/wp-content\/gallery\/javni-sat-sanja-rajko\/dsc04803.jpg\"\n               title=\"\"\n               data-src=\"https:\/\/kontesadora.hr\/stara\/wp-content\/gallery\/javni-sat-sanja-rajko\/dsc04803.jpg\"\n               data-thumbnail=\"https:\/\/kontesadora.hr\/stara\/wp-content\/gallery\/javni-sat-sanja-rajko\/thumbs\/thumbs_dsc04803.jpg\"\n               data-image-id=\"563\"\n               data-title=\"dsc04803\"\n               data-description=\"\"\n               data-image-slug=\"dsc04803\"\n               class=\"shutterset_40d28f5743cb127fe9f38920b6c27d20\">\n                <img\n                    title=\"dsc04803\"\n                    alt=\"dsc04803\"\n                    src=\"https:\/\/kontesadora.hr\/stara\/wp-content\/gallery\/javni-sat-sanja-rajko\/thumbs\/thumbs_dsc04803.jpg\"\n                    width=\"100\"\n                    height=\"75\"\n                    style=\"max-width:100%;\"\n                \/>\n            <\/a>\n        <\/div>\n\t\t\t\t\t\t\t<\/div> \n\t\t\t\n        \n\t\t\t\t<div id=\"ngg-image-17\" class=\"ngg-gallery-thumbnail-box\" >\n\t\t\t\t        <div class=\"ngg-gallery-thumbnail\">\n            <a href=\"https:\/\/kontesadora.hr\/stara\/wp-content\/gallery\/javni-sat-sanja-rajko\/dsc04802.jpg\"\n               title=\"\"\n               data-src=\"https:\/\/kontesadora.hr\/stara\/wp-content\/gallery\/javni-sat-sanja-rajko\/dsc04802.jpg\"\n               data-thumbnail=\"https:\/\/kontesadora.hr\/stara\/wp-content\/gallery\/javni-sat-sanja-rajko\/thumbs\/thumbs_dsc04802.jpg\"\n               data-image-id=\"562\"\n               data-title=\"dsc04802\"\n               data-description=\"\"\n               data-image-slug=\"dsc04802\"\n               class=\"shutterset_40d28f5743cb127fe9f38920b6c27d20\">\n                <img\n                    title=\"dsc04802\"\n                    alt=\"dsc04802\"\n                    src=\"https:\/\/kontesadora.hr\/stara\/wp-content\/gallery\/javni-sat-sanja-rajko\/thumbs\/thumbs_dsc04802.jpg\"\n                    width=\"100\"\n                    height=\"75\"\n                    style=\"max-width:100%;\"\n                \/>\n            <\/a>\n        <\/div>\n\t\t\t\t\t\t\t<\/div> \n\t\t\t\n        \n\t\t\t\t<div id=\"ngg-image-18\" class=\"ngg-gallery-thumbnail-box\" >\n\t\t\t\t        <div class=\"ngg-gallery-thumbnail\">\n            <a href=\"https:\/\/kontesadora.hr\/stara\/wp-content\/gallery\/javni-sat-sanja-rajko\/dsc04800.jpg\"\n               title=\"\"\n               data-src=\"https:\/\/kontesadora.hr\/stara\/wp-content\/gallery\/javni-sat-sanja-rajko\/dsc04800.jpg\"\n               data-thumbnail=\"https:\/\/kontesadora.hr\/stara\/wp-content\/gallery\/javni-sat-sanja-rajko\/thumbs\/thumbs_dsc04800.jpg\"\n               data-image-id=\"561\"\n               data-title=\"dsc04800\"\n               data-description=\"\"\n               data-image-slug=\"dsc04800\"\n               class=\"shutterset_40d28f5743cb127fe9f38920b6c27d20\">\n                <img\n                    title=\"dsc04800\"\n                    alt=\"dsc04800\"\n                    src=\"https:\/\/kontesadora.hr\/stara\/wp-content\/gallery\/javni-sat-sanja-rajko\/thumbs\/thumbs_dsc04800.jpg\"\n                    width=\"100\"\n                    height=\"75\"\n                    style=\"max-width:100%;\"\n                \/>\n            <\/a>\n        <\/div>\n\t\t\t\t\t\t\t<\/div> \n\t\t\t\n        \n\t\t\n\t\t<!-- Pagination -->\n\t<div class='ngg-clear'><\/div>\t<\/div>\n02. prosinca 2010. Javni sat R. Lon\u010dari\u0107a i S. Petrovi\u0107<\/p>\n<!-- index.php -->\n<div\n\tclass=\"ngg-galleryoverview ngg-ajax-pagination-none\"\n\tid=\"ngg-gallery-abae4251bdb66b91b43c2ba9df62547e-1\">\n\n    \t<div class=\"slideshowlink\">\n        <a href='https:\/\/kontesadora.hr\/stara\/galerija\/nggallery\/slideshow'>[Show as slideshow]<\/a>\n\t\t\n\t<\/div>\n\t\t\t<!-- Thumbnails -->\n\t\t\t\t<div id=\"ngg-image-0\" class=\"ngg-gallery-thumbnail-box\" >\n\t\t\t\t        <div class=\"ngg-gallery-thumbnail\">\n            <a href=\"https:\/\/kontesadora.hr\/stara\/wp-content\/gallery\/munchen\/img_0282.jpg\"\n               title=\"\"\n               data-src=\"https:\/\/kontesadora.hr\/stara\/wp-content\/gallery\/munchen\/img_0282.jpg\"\n               data-thumbnail=\"https:\/\/kontesadora.hr\/stara\/wp-content\/gallery\/munchen\/thumbs\/thumbs_img_0282.jpg\"\n               data-image-id=\"665\"\n               data-title=\"img_0282\"\n               data-description=\"\"\n               data-image-slug=\"img_0282\"\n               class=\"shutterset_abae4251bdb66b91b43c2ba9df62547e\">\n                <img\n                    title=\"img_0282\"\n                    alt=\"img_0282\"\n                    src=\"https:\/\/kontesadora.hr\/stara\/wp-content\/gallery\/munchen\/thumbs\/thumbs_img_0282.jpg\"\n                    width=\"100\"\n                    height=\"75\"\n                    style=\"max-width:100%;\"\n                \/>\n            <\/a>\n        <\/div>\n\t\t\t\t\t\t\t<\/div> \n\t\t\t\n        \n\t\t\t\t<div id=\"ngg-image-1\" class=\"ngg-gallery-thumbnail-box\" >\n\t\t\t\t        <div class=\"ngg-gallery-thumbnail\">\n            <a href=\"https:\/\/kontesadora.hr\/stara\/wp-content\/gallery\/munchen\/img_0271.jpg\"\n               title=\"\"\n               data-src=\"https:\/\/kontesadora.hr\/stara\/wp-content\/gallery\/munchen\/img_0271.jpg\"\n               data-thumbnail=\"https:\/\/kontesadora.hr\/stara\/wp-content\/gallery\/munchen\/thumbs\/thumbs_img_0271.jpg\"\n               data-image-id=\"664\"\n               data-title=\"img_0271\"\n               data-description=\"\"\n               data-image-slug=\"img_0271\"\n               class=\"shutterset_abae4251bdb66b91b43c2ba9df62547e\">\n                <img\n                    title=\"img_0271\"\n                    alt=\"img_0271\"\n                    src=\"https:\/\/kontesadora.hr\/stara\/wp-content\/gallery\/munchen\/thumbs\/thumbs_img_0271.jpg\"\n                    width=\"100\"\n                    height=\"75\"\n                    style=\"max-width:100%;\"\n                \/>\n            <\/a>\n        <\/div>\n\t\t\t\t\t\t\t<\/div> \n\t\t\t\n        \n\t\t\t\t<div id=\"ngg-image-2\" class=\"ngg-gallery-thumbnail-box\" >\n\t\t\t\t        <div class=\"ngg-gallery-thumbnail\">\n            <a href=\"https:\/\/kontesadora.hr\/stara\/wp-content\/gallery\/munchen\/img_0262.jpg\"\n               title=\"\"\n               data-src=\"https:\/\/kontesadora.hr\/stara\/wp-content\/gallery\/munchen\/img_0262.jpg\"\n               data-thumbnail=\"https:\/\/kontesadora.hr\/stara\/wp-content\/gallery\/munchen\/thumbs\/thumbs_img_0262.jpg\"\n               data-image-id=\"663\"\n               data-title=\"img_0262\"\n               data-description=\"\"\n               data-image-slug=\"img_0262\"\n               class=\"shutterset_abae4251bdb66b91b43c2ba9df62547e\">\n                <img\n                    title=\"img_0262\"\n                    alt=\"img_0262\"\n                    src=\"https:\/\/kontesadora.hr\/stara\/wp-content\/gallery\/munchen\/thumbs\/thumbs_img_0262.jpg\"\n                    width=\"100\"\n                    height=\"75\"\n                    style=\"max-width:100%;\"\n                \/>\n            <\/a>\n        <\/div>\n\t\t\t\t\t\t\t<\/div> \n\t\t\t\n        \n\t\t\t\t<div id=\"ngg-image-3\" class=\"ngg-gallery-thumbnail-box\" >\n\t\t\t\t        <div class=\"ngg-gallery-thumbnail\">\n            <a href=\"https:\/\/kontesadora.hr\/stara\/wp-content\/gallery\/munchen\/img_0252.jpg\"\n               title=\"\"\n               data-src=\"https:\/\/kontesadora.hr\/stara\/wp-content\/gallery\/munchen\/img_0252.jpg\"\n               data-thumbnail=\"https:\/\/kontesadora.hr\/stara\/wp-content\/gallery\/munchen\/thumbs\/thumbs_img_0252.jpg\"\n               data-image-id=\"662\"\n               data-title=\"img_0252\"\n               data-description=\"\"\n               data-image-slug=\"img_0252\"\n               class=\"shutterset_abae4251bdb66b91b43c2ba9df62547e\">\n                <img\n                    title=\"img_0252\"\n                    alt=\"img_0252\"\n                    src=\"https:\/\/kontesadora.hr\/stara\/wp-content\/gallery\/munchen\/thumbs\/thumbs_img_0252.jpg\"\n                    width=\"100\"\n                    height=\"75\"\n                    style=\"max-width:100%;\"\n                \/>\n            <\/a>\n        <\/div>\n\t\t\t\t\t\t\t<\/div> \n\t\t\t\n        \n\t\t\t\t<div id=\"ngg-image-4\" class=\"ngg-gallery-thumbnail-box\" >\n\t\t\t\t        <div class=\"ngg-gallery-thumbnail\">\n            <a href=\"https:\/\/kontesadora.hr\/stara\/wp-content\/gallery\/munchen\/img_0242.jpg\"\n               title=\"\"\n               data-src=\"https:\/\/kontesadora.hr\/stara\/wp-content\/gallery\/munchen\/img_0242.jpg\"\n               data-thumbnail=\"https:\/\/kontesadora.hr\/stara\/wp-content\/gallery\/munchen\/thumbs\/thumbs_img_0242.jpg\"\n               data-image-id=\"661\"\n               data-title=\"img_0242\"\n               data-description=\"\"\n               data-image-slug=\"img_0242\"\n               class=\"shutterset_abae4251bdb66b91b43c2ba9df62547e\">\n                <img\n                    title=\"img_0242\"\n                    alt=\"img_0242\"\n                    src=\"https:\/\/kontesadora.hr\/stara\/wp-content\/gallery\/munchen\/thumbs\/thumbs_img_0242.jpg\"\n                    width=\"100\"\n                    height=\"75\"\n                    style=\"max-width:100%;\"\n                \/>\n            <\/a>\n        <\/div>\n\t\t\t\t\t\t\t<\/div> \n\t\t\t\n        \n\t\t\t\t<div id=\"ngg-image-5\" class=\"ngg-gallery-thumbnail-box\" >\n\t\t\t\t        <div class=\"ngg-gallery-thumbnail\">\n            <a href=\"https:\/\/kontesadora.hr\/stara\/wp-content\/gallery\/munchen\/img_0238.jpg\"\n               title=\"\"\n               data-src=\"https:\/\/kontesadora.hr\/stara\/wp-content\/gallery\/munchen\/img_0238.jpg\"\n               data-thumbnail=\"https:\/\/kontesadora.hr\/stara\/wp-content\/gallery\/munchen\/thumbs\/thumbs_img_0238.jpg\"\n               data-image-id=\"660\"\n               data-title=\"img_0238\"\n               data-description=\"\"\n               data-image-slug=\"img_0238\"\n               class=\"shutterset_abae4251bdb66b91b43c2ba9df62547e\">\n                <img\n                    title=\"img_0238\"\n                    alt=\"img_0238\"\n                    src=\"https:\/\/kontesadora.hr\/stara\/wp-content\/gallery\/munchen\/thumbs\/thumbs_img_0238.jpg\"\n                    width=\"100\"\n                    height=\"75\"\n                    style=\"max-width:100%;\"\n                \/>\n            <\/a>\n        <\/div>\n\t\t\t\t\t\t\t<\/div> \n\t\t\t\n        \n\t\t\t\t<div id=\"ngg-image-6\" class=\"ngg-gallery-thumbnail-box\" >\n\t\t\t\t        <div class=\"ngg-gallery-thumbnail\">\n            <a href=\"https:\/\/kontesadora.hr\/stara\/wp-content\/gallery\/munchen\/img_0235.jpg\"\n               title=\"\"\n               data-src=\"https:\/\/kontesadora.hr\/stara\/wp-content\/gallery\/munchen\/img_0235.jpg\"\n               data-thumbnail=\"https:\/\/kontesadora.hr\/stara\/wp-content\/gallery\/munchen\/thumbs\/thumbs_img_0235.jpg\"\n               data-image-id=\"659\"\n               data-title=\"img_0235\"\n               data-description=\"\"\n               data-image-slug=\"img_0235\"\n               class=\"shutterset_abae4251bdb66b91b43c2ba9df62547e\">\n                <img\n                    title=\"img_0235\"\n                    alt=\"img_0235\"\n                    src=\"https:\/\/kontesadora.hr\/stara\/wp-content\/gallery\/munchen\/thumbs\/thumbs_img_0235.jpg\"\n                    width=\"100\"\n                    height=\"75\"\n                    style=\"max-width:100%;\"\n                \/>\n            <\/a>\n        <\/div>\n\t\t\t\t\t\t\t<\/div> \n\t\t\t\n        \n\t\t\t\t<div id=\"ngg-image-7\" class=\"ngg-gallery-thumbnail-box\" >\n\t\t\t\t        <div class=\"ngg-gallery-thumbnail\">\n            <a href=\"https:\/\/kontesadora.hr\/stara\/wp-content\/gallery\/munchen\/img_0225.jpg\"\n               title=\"\"\n               data-src=\"https:\/\/kontesadora.hr\/stara\/wp-content\/gallery\/munchen\/img_0225.jpg\"\n               data-thumbnail=\"https:\/\/kontesadora.hr\/stara\/wp-content\/gallery\/munchen\/thumbs\/thumbs_img_0225.jpg\"\n               data-image-id=\"658\"\n               data-title=\"img_0225\"\n               data-description=\"\"\n               data-image-slug=\"img_0225\"\n               class=\"shutterset_abae4251bdb66b91b43c2ba9df62547e\">\n                <img\n                    title=\"img_0225\"\n                    alt=\"img_0225\"\n                    src=\"https:\/\/kontesadora.hr\/stara\/wp-content\/gallery\/munchen\/thumbs\/thumbs_img_0225.jpg\"\n                    width=\"100\"\n                    height=\"75\"\n                    style=\"max-width:100%;\"\n                \/>\n            <\/a>\n        <\/div>\n\t\t\t\t\t\t\t<\/div> \n\t\t\t\n        \n\t\t\t\t<div id=\"ngg-image-8\" class=\"ngg-gallery-thumbnail-box\" >\n\t\t\t\t        <div class=\"ngg-gallery-thumbnail\">\n            <a href=\"https:\/\/kontesadora.hr\/stara\/wp-content\/gallery\/munchen\/img_0222.jpg\"\n               title=\"\"\n               data-src=\"https:\/\/kontesadora.hr\/stara\/wp-content\/gallery\/munchen\/img_0222.jpg\"\n               data-thumbnail=\"https:\/\/kontesadora.hr\/stara\/wp-content\/gallery\/munchen\/thumbs\/thumbs_img_0222.jpg\"\n               data-image-id=\"657\"\n               data-title=\"img_0222\"\n               data-description=\"\"\n               data-image-slug=\"img_0222\"\n               class=\"shutterset_abae4251bdb66b91b43c2ba9df62547e\">\n                <img\n                    title=\"img_0222\"\n                    alt=\"img_0222\"\n                    src=\"https:\/\/kontesadora.hr\/stara\/wp-content\/gallery\/munchen\/thumbs\/thumbs_img_0222.jpg\"\n                    width=\"100\"\n                    height=\"75\"\n                    style=\"max-width:100%;\"\n                \/>\n            <\/a>\n        <\/div>\n\t\t\t\t\t\t\t<\/div> \n\t\t\t\n        \n\t\t\t\t<div id=\"ngg-image-9\" class=\"ngg-gallery-thumbnail-box\" >\n\t\t\t\t        <div class=\"ngg-gallery-thumbnail\">\n            <a href=\"https:\/\/kontesadora.hr\/stara\/wp-content\/gallery\/munchen\/img_0220.jpg\"\n               title=\"\"\n               data-src=\"https:\/\/kontesadora.hr\/stara\/wp-content\/gallery\/munchen\/img_0220.jpg\"\n               data-thumbnail=\"https:\/\/kontesadora.hr\/stara\/wp-content\/gallery\/munchen\/thumbs\/thumbs_img_0220.jpg\"\n               data-image-id=\"656\"\n               data-title=\"img_0220\"\n               data-description=\"\"\n               data-image-slug=\"img_0220\"\n               class=\"shutterset_abae4251bdb66b91b43c2ba9df62547e\">\n                <img\n                    title=\"img_0220\"\n                    alt=\"img_0220\"\n                    src=\"https:\/\/kontesadora.hr\/stara\/wp-content\/gallery\/munchen\/thumbs\/thumbs_img_0220.jpg\"\n                    width=\"100\"\n                    height=\"75\"\n                    style=\"max-width:100%;\"\n                \/>\n            <\/a>\n        <\/div>\n\t\t\t\t\t\t\t<\/div> \n\t\t\t\n        \n\t\t\t\t<div id=\"ngg-image-10\" class=\"ngg-gallery-thumbnail-box\" >\n\t\t\t\t        <div class=\"ngg-gallery-thumbnail\">\n            <a href=\"https:\/\/kontesadora.hr\/stara\/wp-content\/gallery\/munchen\/img_0215.jpg\"\n               title=\"\"\n               data-src=\"https:\/\/kontesadora.hr\/stara\/wp-content\/gallery\/munchen\/img_0215.jpg\"\n               data-thumbnail=\"https:\/\/kontesadora.hr\/stara\/wp-content\/gallery\/munchen\/thumbs\/thumbs_img_0215.jpg\"\n               data-image-id=\"655\"\n               data-title=\"img_0215\"\n               data-description=\"\"\n               data-image-slug=\"img_0215\"\n               class=\"shutterset_abae4251bdb66b91b43c2ba9df62547e\">\n                <img\n                    title=\"img_0215\"\n                    alt=\"img_0215\"\n                    src=\"https:\/\/kontesadora.hr\/stara\/wp-content\/gallery\/munchen\/thumbs\/thumbs_img_0215.jpg\"\n                    width=\"100\"\n                    height=\"75\"\n                    style=\"max-width:100%;\"\n                \/>\n            <\/a>\n        <\/div>\n\t\t\t\t\t\t\t<\/div> \n\t\t\t\n        \n\t\t\t\t<div id=\"ngg-image-11\" class=\"ngg-gallery-thumbnail-box\" >\n\t\t\t\t        <div class=\"ngg-gallery-thumbnail\">\n            <a href=\"https:\/\/kontesadora.hr\/stara\/wp-content\/gallery\/munchen\/img_0214.jpg\"\n               title=\"\"\n               data-src=\"https:\/\/kontesadora.hr\/stara\/wp-content\/gallery\/munchen\/img_0214.jpg\"\n               data-thumbnail=\"https:\/\/kontesadora.hr\/stara\/wp-content\/gallery\/munchen\/thumbs\/thumbs_img_0214.jpg\"\n               data-image-id=\"654\"\n               data-title=\"img_0214\"\n               data-description=\"\"\n               data-image-slug=\"img_0214\"\n               class=\"shutterset_abae4251bdb66b91b43c2ba9df62547e\">\n                <img\n                    title=\"img_0214\"\n                    alt=\"img_0214\"\n                    src=\"https:\/\/kontesadora.hr\/stara\/wp-content\/gallery\/munchen\/thumbs\/thumbs_img_0214.jpg\"\n                    width=\"100\"\n                    height=\"75\"\n                    style=\"max-width:100%;\"\n                \/>\n            <\/a>\n        <\/div>\n\t\t\t\t\t\t\t<\/div> \n\t\t\t\n        \n\t\t\t\t<div id=\"ngg-image-12\" class=\"ngg-gallery-thumbnail-box\" >\n\t\t\t\t        <div class=\"ngg-gallery-thumbnail\">\n            <a href=\"https:\/\/kontesadora.hr\/stara\/wp-content\/gallery\/munchen\/img_0209.jpg\"\n               title=\"\"\n               data-src=\"https:\/\/kontesadora.hr\/stara\/wp-content\/gallery\/munchen\/img_0209.jpg\"\n               data-thumbnail=\"https:\/\/kontesadora.hr\/stara\/wp-content\/gallery\/munchen\/thumbs\/thumbs_img_0209.jpg\"\n               data-image-id=\"653\"\n               data-title=\"img_0209\"\n               data-description=\"\"\n               data-image-slug=\"img_0209\"\n               class=\"shutterset_abae4251bdb66b91b43c2ba9df62547e\">\n                <img\n                    title=\"img_0209\"\n                    alt=\"img_0209\"\n                    src=\"https:\/\/kontesadora.hr\/stara\/wp-content\/gallery\/munchen\/thumbs\/thumbs_img_0209.jpg\"\n                    width=\"100\"\n                    height=\"75\"\n                    style=\"max-width:100%;\"\n                \/>\n            <\/a>\n        <\/div>\n\t\t\t\t\t\t\t<\/div> \n\t\t\t\n        \n\t\t\t\t<div id=\"ngg-image-13\" class=\"ngg-gallery-thumbnail-box\" >\n\t\t\t\t        <div class=\"ngg-gallery-thumbnail\">\n            <a href=\"https:\/\/kontesadora.hr\/stara\/wp-content\/gallery\/munchen\/img_0204.jpg\"\n               title=\"\"\n               data-src=\"https:\/\/kontesadora.hr\/stara\/wp-content\/gallery\/munchen\/img_0204.jpg\"\n               data-thumbnail=\"https:\/\/kontesadora.hr\/stara\/wp-content\/gallery\/munchen\/thumbs\/thumbs_img_0204.jpg\"\n               data-image-id=\"652\"\n               data-title=\"img_0204\"\n               data-description=\"\"\n               data-image-slug=\"img_0204\"\n               class=\"shutterset_abae4251bdb66b91b43c2ba9df62547e\">\n                <img\n                    title=\"img_0204\"\n                    alt=\"img_0204\"\n                    src=\"https:\/\/kontesadora.hr\/stara\/wp-content\/gallery\/munchen\/thumbs\/thumbs_img_0204.jpg\"\n                    width=\"100\"\n                    height=\"75\"\n                    style=\"max-width:100%;\"\n                \/>\n            <\/a>\n        <\/div>\n\t\t\t\t\t\t\t<\/div> \n\t\t\t\n        \n\t\t\t\t<div id=\"ngg-image-14\" class=\"ngg-gallery-thumbnail-box\" >\n\t\t\t\t        <div class=\"ngg-gallery-thumbnail\">\n            <a href=\"https:\/\/kontesadora.hr\/stara\/wp-content\/gallery\/munchen\/img_0203.jpg\"\n               title=\"\"\n               data-src=\"https:\/\/kontesadora.hr\/stara\/wp-content\/gallery\/munchen\/img_0203.jpg\"\n               data-thumbnail=\"https:\/\/kontesadora.hr\/stara\/wp-content\/gallery\/munchen\/thumbs\/thumbs_img_0203.jpg\"\n               data-image-id=\"651\"\n               data-title=\"img_0203\"\n               data-description=\"\"\n               data-image-slug=\"img_0203\"\n               class=\"shutterset_abae4251bdb66b91b43c2ba9df62547e\">\n                <img\n                    title=\"img_0203\"\n                    alt=\"img_0203\"\n                    src=\"https:\/\/kontesadora.hr\/stara\/wp-content\/gallery\/munchen\/thumbs\/thumbs_img_0203.jpg\"\n                    width=\"100\"\n                    height=\"75\"\n                    style=\"max-width:100%;\"\n                \/>\n            <\/a>\n        <\/div>\n\t\t\t\t\t\t\t<\/div> \n\t\t\t\n        \n\t\t\t\t<div id=\"ngg-image-15\" class=\"ngg-gallery-thumbnail-box\" >\n\t\t\t\t        <div class=\"ngg-gallery-thumbnail\">\n            <a href=\"https:\/\/kontesadora.hr\/stara\/wp-content\/gallery\/munchen\/img_0200.jpg\"\n               title=\"\"\n               data-src=\"https:\/\/kontesadora.hr\/stara\/wp-content\/gallery\/munchen\/img_0200.jpg\"\n               data-thumbnail=\"https:\/\/kontesadora.hr\/stara\/wp-content\/gallery\/munchen\/thumbs\/thumbs_img_0200.jpg\"\n               data-image-id=\"650\"\n               data-title=\"img_0200\"\n               data-description=\"\"\n               data-image-slug=\"img_0200\"\n               class=\"shutterset_abae4251bdb66b91b43c2ba9df62547e\">\n                <img\n                    title=\"img_0200\"\n                    alt=\"img_0200\"\n                    src=\"https:\/\/kontesadora.hr\/stara\/wp-content\/gallery\/munchen\/thumbs\/thumbs_img_0200.jpg\"\n                    width=\"100\"\n                    height=\"75\"\n                    style=\"max-width:100%;\"\n                \/>\n            <\/a>\n        <\/div>\n\t\t\t\t\t\t\t<\/div> \n\t\t\t\n        \n\t\t\t\t<div id=\"ngg-image-16\" class=\"ngg-gallery-thumbnail-box\" >\n\t\t\t\t        <div class=\"ngg-gallery-thumbnail\">\n            <a href=\"https:\/\/kontesadora.hr\/stara\/wp-content\/gallery\/munchen\/img_0192.jpg\"\n               title=\"\"\n               data-src=\"https:\/\/kontesadora.hr\/stara\/wp-content\/gallery\/munchen\/img_0192.jpg\"\n               data-thumbnail=\"https:\/\/kontesadora.hr\/stara\/wp-content\/gallery\/munchen\/thumbs\/thumbs_img_0192.jpg\"\n               data-image-id=\"649\"\n               data-title=\"img_0192\"\n               data-description=\"\"\n               data-image-slug=\"img_0192\"\n               class=\"shutterset_abae4251bdb66b91b43c2ba9df62547e\">\n                <img\n                    title=\"img_0192\"\n                    alt=\"img_0192\"\n                    src=\"https:\/\/kontesadora.hr\/stara\/wp-content\/gallery\/munchen\/thumbs\/thumbs_img_0192.jpg\"\n                    width=\"100\"\n                    height=\"75\"\n                    style=\"max-width:100%;\"\n                \/>\n            <\/a>\n        <\/div>\n\t\t\t\t\t\t\t<\/div> \n\t\t\t\n        \n\t\t\t\t<div id=\"ngg-image-17\" class=\"ngg-gallery-thumbnail-box\" >\n\t\t\t\t        <div class=\"ngg-gallery-thumbnail\">\n            <a href=\"https:\/\/kontesadora.hr\/stara\/wp-content\/gallery\/munchen\/img_0188.jpg\"\n               title=\"\"\n               data-src=\"https:\/\/kontesadora.hr\/stara\/wp-content\/gallery\/munchen\/img_0188.jpg\"\n               data-thumbnail=\"https:\/\/kontesadora.hr\/stara\/wp-content\/gallery\/munchen\/thumbs\/thumbs_img_0188.jpg\"\n               data-image-id=\"648\"\n               data-title=\"img_0188\"\n               data-description=\"\"\n               data-image-slug=\"img_0188\"\n               class=\"shutterset_abae4251bdb66b91b43c2ba9df62547e\">\n                <img\n                    title=\"img_0188\"\n                    alt=\"img_0188\"\n                    src=\"https:\/\/kontesadora.hr\/stara\/wp-content\/gallery\/munchen\/thumbs\/thumbs_img_0188.jpg\"\n                    width=\"100\"\n                    height=\"75\"\n                    style=\"max-width:100%;\"\n                \/>\n            <\/a>\n        <\/div>\n\t\t\t\t\t\t\t<\/div> \n\t\t\t\n        \n\t\t\t\t<div id=\"ngg-image-18\" class=\"ngg-gallery-thumbnail-box\" >\n\t\t\t\t        <div class=\"ngg-gallery-thumbnail\">\n            <a href=\"https:\/\/kontesadora.hr\/stara\/wp-content\/gallery\/munchen\/img_0185.jpg\"\n               title=\"\"\n               data-src=\"https:\/\/kontesadora.hr\/stara\/wp-content\/gallery\/munchen\/img_0185.jpg\"\n               data-thumbnail=\"https:\/\/kontesadora.hr\/stara\/wp-content\/gallery\/munchen\/thumbs\/thumbs_img_0185.jpg\"\n               data-image-id=\"647\"\n               data-title=\"img_0185\"\n               data-description=\"\"\n               data-image-slug=\"img_0185\"\n               class=\"shutterset_abae4251bdb66b91b43c2ba9df62547e\">\n                <img\n                    title=\"img_0185\"\n                    alt=\"img_0185\"\n                    src=\"https:\/\/kontesadora.hr\/stara\/wp-content\/gallery\/munchen\/thumbs\/thumbs_img_0185.jpg\"\n                    width=\"100\"\n                    height=\"75\"\n                    style=\"max-width:100%;\"\n                \/>\n            <\/a>\n        <\/div>\n\t\t\t\t\t\t\t<\/div> \n\t\t\t\n        \n\t\t\t\t<div id=\"ngg-image-19\" class=\"ngg-gallery-thumbnail-box\" >\n\t\t\t\t        <div class=\"ngg-gallery-thumbnail\">\n            <a href=\"https:\/\/kontesadora.hr\/stara\/wp-content\/gallery\/munchen\/img_0184.jpg\"\n               title=\"\"\n               data-src=\"https:\/\/kontesadora.hr\/stara\/wp-content\/gallery\/munchen\/img_0184.jpg\"\n               data-thumbnail=\"https:\/\/kontesadora.hr\/stara\/wp-content\/gallery\/munchen\/thumbs\/thumbs_img_0184.jpg\"\n               data-image-id=\"646\"\n               data-title=\"img_0184\"\n               data-description=\"\"\n               data-image-slug=\"img_0184\"\n               class=\"shutterset_abae4251bdb66b91b43c2ba9df62547e\">\n                <img\n                    title=\"img_0184\"\n                    alt=\"img_0184\"\n                    src=\"https:\/\/kontesadora.hr\/stara\/wp-content\/gallery\/munchen\/thumbs\/thumbs_img_0184.jpg\"\n                    width=\"100\"\n                    height=\"75\"\n                    style=\"max-width:100%;\"\n                \/>\n            <\/a>\n        <\/div>\n\t\t\t\t\t\t\t<\/div> \n\t\t\t\n        \n\t\t\n\t\t<!-- Pagination -->\n\t<div class='ngg-navigation'><span class='current'>1<\/span>\n<a class='page-numbers' data-pageid='2' href='https:\/\/kontesadora.hr\/stara\/galerija\/nggallery\/page\/2'>2<\/a>\n<a class='page-numbers' data-pageid='3' href='https:\/\/kontesadora.hr\/stara\/galerija\/nggallery\/page\/3'>3<\/a>\n<a class='prev' href='https:\/\/kontesadora.hr\/stara\/galerija\/nggallery\/page\/2' data-pageid=2>&#9658;<\/a><\/div>\t<\/div>\n2009. Munchen<\/p>\n<!-- index.php -->\n<div\n\tclass=\"ngg-galleryoverview ngg-ajax-pagination-none\"\n\tid=\"ngg-gallery-c29b1a33f8e46d5bb8aa03f5ff9450bf-1\">\n\n    \t<div class=\"slideshowlink\">\n        <a href='https:\/\/kontesadora.hr\/stara\/galerija\/nggallery\/slideshow'>[Show as slideshow]<\/a>\n\t\t\n\t<\/div>\n\t\t\t<!-- Thumbnails -->\n\t\t\t\t<div id=\"ngg-image-0\" class=\"ngg-gallery-thumbnail-box\" >\n\t\t\t\t        <div class=\"ngg-gallery-thumbnail\">\n            <a href=\"https:\/\/kontesadora.hr\/stara\/wp-content\/gallery\/slatina-smotra-violinista\/img_0032.jpg\"\n               title=\"\"\n               data-src=\"https:\/\/kontesadora.hr\/stara\/wp-content\/gallery\/slatina-smotra-violinista\/img_0032.jpg\"\n               data-thumbnail=\"https:\/\/kontesadora.hr\/stara\/wp-content\/gallery\/slatina-smotra-violinista\/thumbs\/thumbs_img_0032.jpg\"\n               data-image-id=\"672\"\n               data-title=\"img_0032\"\n               data-description=\"\"\n               data-image-slug=\"img_0032\"\n               class=\"shutterset_c29b1a33f8e46d5bb8aa03f5ff9450bf\">\n                <img\n                    title=\"img_0032\"\n                    alt=\"img_0032\"\n                    src=\"https:\/\/kontesadora.hr\/stara\/wp-content\/gallery\/slatina-smotra-violinista\/thumbs\/thumbs_img_0032.jpg\"\n                    width=\"100\"\n                    height=\"75\"\n                    style=\"max-width:100%;\"\n                \/>\n            <\/a>\n        <\/div>\n\t\t\t\t\t\t\t<\/div> \n\t\t\t\n        \n\t\t\t\t<div id=\"ngg-image-1\" class=\"ngg-gallery-thumbnail-box\" >\n\t\t\t\t        <div class=\"ngg-gallery-thumbnail\">\n            <a href=\"https:\/\/kontesadora.hr\/stara\/wp-content\/gallery\/slatina-smotra-violinista\/img_0031.jpg\"\n               title=\"\"\n               data-src=\"https:\/\/kontesadora.hr\/stara\/wp-content\/gallery\/slatina-smotra-violinista\/img_0031.jpg\"\n               data-thumbnail=\"https:\/\/kontesadora.hr\/stara\/wp-content\/gallery\/slatina-smotra-violinista\/thumbs\/thumbs_img_0031.jpg\"\n               data-image-id=\"671\"\n               data-title=\"img_0031\"\n               data-description=\"\"\n               data-image-slug=\"img_0031\"\n               class=\"shutterset_c29b1a33f8e46d5bb8aa03f5ff9450bf\">\n                <img\n                    title=\"img_0031\"\n                    alt=\"img_0031\"\n                    src=\"https:\/\/kontesadora.hr\/stara\/wp-content\/gallery\/slatina-smotra-violinista\/thumbs\/thumbs_img_0031.jpg\"\n                    width=\"100\"\n                    height=\"75\"\n                    style=\"max-width:100%;\"\n                \/>\n            <\/a>\n        <\/div>\n\t\t\t\t\t\t\t<\/div> \n\t\t\t\n        \n\t\t\t\t<div id=\"ngg-image-2\" class=\"ngg-gallery-thumbnail-box\" >\n\t\t\t\t        <div class=\"ngg-gallery-thumbnail\">\n            <a href=\"https:\/\/kontesadora.hr\/stara\/wp-content\/gallery\/slatina-smotra-violinista\/img_0030.jpg\"\n               title=\"\"\n               data-src=\"https:\/\/kontesadora.hr\/stara\/wp-content\/gallery\/slatina-smotra-violinista\/img_0030.jpg\"\n               data-thumbnail=\"https:\/\/kontesadora.hr\/stara\/wp-content\/gallery\/slatina-smotra-violinista\/thumbs\/thumbs_img_0030.jpg\"\n               data-image-id=\"670\"\n               data-title=\"img_0030\"\n               data-description=\"\"\n               data-image-slug=\"img_0030\"\n               class=\"shutterset_c29b1a33f8e46d5bb8aa03f5ff9450bf\">\n                <img\n                    title=\"img_0030\"\n                    alt=\"img_0030\"\n                    src=\"https:\/\/kontesadora.hr\/stara\/wp-content\/gallery\/slatina-smotra-violinista\/thumbs\/thumbs_img_0030.jpg\"\n                    width=\"100\"\n                    height=\"75\"\n                    style=\"max-width:100%;\"\n                \/>\n            <\/a>\n        <\/div>\n\t\t\t\t\t\t\t<\/div> \n\t\t\t\n        \n\t\t\t\t<div id=\"ngg-image-3\" class=\"ngg-gallery-thumbnail-box\" >\n\t\t\t\t        <div class=\"ngg-gallery-thumbnail\">\n            <a href=\"https:\/\/kontesadora.hr\/stara\/wp-content\/gallery\/slatina-smotra-violinista\/img_0029.jpg\"\n               title=\"\"\n               data-src=\"https:\/\/kontesadora.hr\/stara\/wp-content\/gallery\/slatina-smotra-violinista\/img_0029.jpg\"\n               data-thumbnail=\"https:\/\/kontesadora.hr\/stara\/wp-content\/gallery\/slatina-smotra-violinista\/thumbs\/thumbs_img_0029.jpg\"\n               data-image-id=\"669\"\n               data-title=\"img_0029\"\n               data-description=\"\"\n               data-image-slug=\"img_0029\"\n               class=\"shutterset_c29b1a33f8e46d5bb8aa03f5ff9450bf\">\n                <img\n                    title=\"img_0029\"\n                    alt=\"img_0029\"\n                    src=\"https:\/\/kontesadora.hr\/stara\/wp-content\/gallery\/slatina-smotra-violinista\/thumbs\/thumbs_img_0029.jpg\"\n                    width=\"100\"\n                    height=\"75\"\n                    style=\"max-width:100%;\"\n                \/>\n            <\/a>\n        <\/div>\n\t\t\t\t\t\t\t<\/div> \n\t\t\t\n        \n\t\t\t\t<div id=\"ngg-image-4\" class=\"ngg-gallery-thumbnail-box\" >\n\t\t\t\t        <div class=\"ngg-gallery-thumbnail\">\n            <a href=\"https:\/\/kontesadora.hr\/stara\/wp-content\/gallery\/slatina-smotra-violinista\/img_0027.jpg\"\n               title=\"\"\n               data-src=\"https:\/\/kontesadora.hr\/stara\/wp-content\/gallery\/slatina-smotra-violinista\/img_0027.jpg\"\n               data-thumbnail=\"https:\/\/kontesadora.hr\/stara\/wp-content\/gallery\/slatina-smotra-violinista\/thumbs\/thumbs_img_0027.jpg\"\n               data-image-id=\"668\"\n               data-title=\"img_0027\"\n               data-description=\"\"\n               data-image-slug=\"img_0027\"\n               class=\"shutterset_c29b1a33f8e46d5bb8aa03f5ff9450bf\">\n                <img\n                    title=\"img_0027\"\n                    alt=\"img_0027\"\n                    src=\"https:\/\/kontesadora.hr\/stara\/wp-content\/gallery\/slatina-smotra-violinista\/thumbs\/thumbs_img_0027.jpg\"\n                    width=\"100\"\n                    height=\"75\"\n                    style=\"max-width:100%;\"\n                \/>\n            <\/a>\n        <\/div>\n\t\t\t\t\t\t\t<\/div> \n\t\t\t\n        \n\t\t\t\t<div id=\"ngg-image-5\" class=\"ngg-gallery-thumbnail-box\" >\n\t\t\t\t        <div class=\"ngg-gallery-thumbnail\">\n            <a href=\"https:\/\/kontesadora.hr\/stara\/wp-content\/gallery\/slatina-smotra-violinista\/img_0025.jpg\"\n               title=\"\"\n               data-src=\"https:\/\/kontesadora.hr\/stara\/wp-content\/gallery\/slatina-smotra-violinista\/img_0025.jpg\"\n               data-thumbnail=\"https:\/\/kontesadora.hr\/stara\/wp-content\/gallery\/slatina-smotra-violinista\/thumbs\/thumbs_img_0025.jpg\"\n               data-image-id=\"667\"\n               data-title=\"img_0025\"\n               data-description=\"\"\n               data-image-slug=\"img_0025\"\n               class=\"shutterset_c29b1a33f8e46d5bb8aa03f5ff9450bf\">\n                <img\n                    title=\"img_0025\"\n                    alt=\"img_0025\"\n                    src=\"https:\/\/kontesadora.hr\/stara\/wp-content\/gallery\/slatina-smotra-violinista\/thumbs\/thumbs_img_0025.jpg\"\n                    width=\"100\"\n                    height=\"75\"\n                    style=\"max-width:100%;\"\n                \/>\n            <\/a>\n        <\/div>\n\t\t\t\t\t\t\t<\/div> \n\t\t\t\n        \n\t\t\t\t<div id=\"ngg-image-6\" class=\"ngg-gallery-thumbnail-box\" >\n\t\t\t\t        <div class=\"ngg-gallery-thumbnail\">\n            <a href=\"https:\/\/kontesadora.hr\/stara\/wp-content\/gallery\/slatina-smotra-violinista\/img_0021.jpg\"\n               title=\"\"\n               data-src=\"https:\/\/kontesadora.hr\/stara\/wp-content\/gallery\/slatina-smotra-violinista\/img_0021.jpg\"\n               data-thumbnail=\"https:\/\/kontesadora.hr\/stara\/wp-content\/gallery\/slatina-smotra-violinista\/thumbs\/thumbs_img_0021.jpg\"\n               data-image-id=\"666\"\n               data-title=\"img_0021\"\n               data-description=\"\"\n               data-image-slug=\"img_0021\"\n               class=\"shutterset_c29b1a33f8e46d5bb8aa03f5ff9450bf\">\n                <img\n                    title=\"img_0021\"\n                    alt=\"img_0021\"\n                    src=\"https:\/\/kontesadora.hr\/stara\/wp-content\/gallery\/slatina-smotra-violinista\/thumbs\/thumbs_img_0021.jpg\"\n                    width=\"100\"\n                    height=\"75\"\n                    style=\"max-width:100%;\"\n                \/>\n            <\/a>\n        <\/div>\n\t\t\t\t\t\t\t<\/div> \n\t\t\t\n        \n\t\t\n\t\t<!-- Pagination -->\n\t<div class='ngg-clear'><\/div>\t<\/div>\n2009. Smotra violinista, Slatina<\/p>\n<!-- index.php -->\n<div\n\tclass=\"ngg-galleryoverview ngg-ajax-pagination-none\"\n\tid=\"ngg-gallery-8a021631cd7484da7e31d8f32f1ceef8-1\">\n\n    \t<div class=\"slideshowlink\">\n        <a href='https:\/\/kontesadora.hr\/stara\/galerija\/nggallery\/slideshow'>[Show as slideshow]<\/a>\n\t\t\n\t<\/div>\n\t\t\t<!-- Thumbnails -->\n\t\t\t\t<div id=\"ngg-image-0\" class=\"ngg-gallery-thumbnail-box\" >\n\t\t\t\t        <div class=\"ngg-gallery-thumbnail\">\n            <a href=\"https:\/\/kontesadora.hr\/stara\/wp-content\/gallery\/koncertni-glasovir\/klavir-yamaha.jpg\"\n               title=\"\"\n               data-src=\"https:\/\/kontesadora.hr\/stara\/wp-content\/gallery\/koncertni-glasovir\/klavir-yamaha.jpg\"\n               data-thumbnail=\"https:\/\/kontesadora.hr\/stara\/wp-content\/gallery\/koncertni-glasovir\/thumbs\/thumbs_klavir-yamaha.jpg\"\n               data-image-id=\"310\"\n               data-title=\"klavir-yamaha\"\n               data-description=\"\"\n               data-image-slug=\"klavir-yamaha\"\n               class=\"shutterset_8a021631cd7484da7e31d8f32f1ceef8\">\n                <img\n                    title=\"klavir-yamaha\"\n                    alt=\"klavir-yamaha\"\n                    src=\"https:\/\/kontesadora.hr\/stara\/wp-content\/gallery\/koncertni-glasovir\/thumbs\/thumbs_klavir-yamaha.jpg\"\n                    width=\"100\"\n                    height=\"75\"\n                    style=\"max-width:100%;\"\n                \/>\n            <\/a>\n        <\/div>\n\t\t\t\t\t\t\t<\/div> \n\t\t\t\n        \n\t\t\t\t<div id=\"ngg-image-1\" class=\"ngg-gallery-thumbnail-box\" >\n\t\t\t\t        <div class=\"ngg-gallery-thumbnail\">\n            <a href=\"https:\/\/kontesadora.hr\/stara\/wp-content\/gallery\/koncertni-glasovir\/img_0119.jpg\"\n               title=\"\"\n               data-src=\"https:\/\/kontesadora.hr\/stara\/wp-content\/gallery\/koncertni-glasovir\/img_0119.jpg\"\n               data-thumbnail=\"https:\/\/kontesadora.hr\/stara\/wp-content\/gallery\/koncertni-glasovir\/thumbs\/thumbs_img_0119.jpg\"\n               data-image-id=\"309\"\n               data-title=\"img_0119\"\n               data-description=\"\"\n               data-image-slug=\"img_0119\"\n               class=\"shutterset_8a021631cd7484da7e31d8f32f1ceef8\">\n                <img\n                    title=\"img_0119\"\n                    alt=\"img_0119\"\n                    src=\"https:\/\/kontesadora.hr\/stara\/wp-content\/gallery\/koncertni-glasovir\/thumbs\/thumbs_img_0119.jpg\"\n                    width=\"100\"\n                    height=\"75\"\n                    style=\"max-width:100%;\"\n                \/>\n            <\/a>\n        <\/div>\n\t\t\t\t\t\t\t<\/div> \n\t\t\t\n        \n\t\t\t\t<div id=\"ngg-image-2\" class=\"ngg-gallery-thumbnail-box\" >\n\t\t\t\t        <div class=\"ngg-gallery-thumbnail\">\n            <a href=\"https:\/\/kontesadora.hr\/stara\/wp-content\/gallery\/koncertni-glasovir\/img_0118.jpg\"\n               title=\"\"\n               data-src=\"https:\/\/kontesadora.hr\/stara\/wp-content\/gallery\/koncertni-glasovir\/img_0118.jpg\"\n               data-thumbnail=\"https:\/\/kontesadora.hr\/stara\/wp-content\/gallery\/koncertni-glasovir\/thumbs\/thumbs_img_0118.jpg\"\n               data-image-id=\"308\"\n               data-title=\"img_0118\"\n               data-description=\"\"\n               data-image-slug=\"img_0118\"\n               class=\"shutterset_8a021631cd7484da7e31d8f32f1ceef8\">\n                <img\n                    title=\"img_0118\"\n                    alt=\"img_0118\"\n                    src=\"https:\/\/kontesadora.hr\/stara\/wp-content\/gallery\/koncertni-glasovir\/thumbs\/thumbs_img_0118.jpg\"\n                    width=\"100\"\n                    height=\"75\"\n                    style=\"max-width:100%;\"\n                \/>\n            <\/a>\n        <\/div>\n\t\t\t\t\t\t\t<\/div> \n\t\t\t\n        \n\t\t\t\t<div id=\"ngg-image-3\" class=\"ngg-gallery-thumbnail-box\" >\n\t\t\t\t        <div class=\"ngg-gallery-thumbnail\">\n            <a href=\"https:\/\/kontesadora.hr\/stara\/wp-content\/gallery\/koncertni-glasovir\/img_0110.jpg\"\n               title=\"\"\n               data-src=\"https:\/\/kontesadora.hr\/stara\/wp-content\/gallery\/koncertni-glasovir\/img_0110.jpg\"\n               data-thumbnail=\"https:\/\/kontesadora.hr\/stara\/wp-content\/gallery\/koncertni-glasovir\/thumbs\/thumbs_img_0110.jpg\"\n               data-image-id=\"307\"\n               data-title=\"img_0110\"\n               data-description=\"\"\n               data-image-slug=\"img_0110\"\n               class=\"shutterset_8a021631cd7484da7e31d8f32f1ceef8\">\n                <img\n                    title=\"img_0110\"\n                    alt=\"img_0110\"\n                    src=\"https:\/\/kontesadora.hr\/stara\/wp-content\/gallery\/koncertni-glasovir\/thumbs\/thumbs_img_0110.jpg\"\n                    width=\"100\"\n                    height=\"75\"\n                    style=\"max-width:100%;\"\n                \/>\n            <\/a>\n        <\/div>\n\t\t\t\t\t\t\t<\/div> \n\t\t\t\n        \n\t\t\t\t<div id=\"ngg-image-4\" class=\"ngg-gallery-thumbnail-box\" >\n\t\t\t\t        <div class=\"ngg-gallery-thumbnail\">\n            <a href=\"https:\/\/kontesadora.hr\/stara\/wp-content\/gallery\/koncertni-glasovir\/img_0108.jpg\"\n               title=\"\"\n               data-src=\"https:\/\/kontesadora.hr\/stara\/wp-content\/gallery\/koncertni-glasovir\/img_0108.jpg\"\n               data-thumbnail=\"https:\/\/kontesadora.hr\/stara\/wp-content\/gallery\/koncertni-glasovir\/thumbs\/thumbs_img_0108.jpg\"\n               data-image-id=\"306\"\n               data-title=\"img_0108\"\n               data-description=\"\"\n               data-image-slug=\"img_0108\"\n               class=\"shutterset_8a021631cd7484da7e31d8f32f1ceef8\">\n                <img\n                    title=\"img_0108\"\n                    alt=\"img_0108\"\n                    src=\"https:\/\/kontesadora.hr\/stara\/wp-content\/gallery\/koncertni-glasovir\/thumbs\/thumbs_img_0108.jpg\"\n                    width=\"100\"\n                    height=\"75\"\n                    style=\"max-width:100%;\"\n                \/>\n            <\/a>\n        <\/div>\n\t\t\t\t\t\t\t<\/div> \n\t\t\t\n        \n\t\t\t\t<div id=\"ngg-image-5\" class=\"ngg-gallery-thumbnail-box\" >\n\t\t\t\t        <div class=\"ngg-gallery-thumbnail\">\n            <a href=\"https:\/\/kontesadora.hr\/stara\/wp-content\/gallery\/koncertni-glasovir\/img_0104.jpg\"\n               title=\"\"\n               data-src=\"https:\/\/kontesadora.hr\/stara\/wp-content\/gallery\/koncertni-glasovir\/img_0104.jpg\"\n               data-thumbnail=\"https:\/\/kontesadora.hr\/stara\/wp-content\/gallery\/koncertni-glasovir\/thumbs\/thumbs_img_0104.jpg\"\n               data-image-id=\"305\"\n               data-title=\"img_0104\"\n               data-description=\"\"\n               data-image-slug=\"img_0104\"\n               class=\"shutterset_8a021631cd7484da7e31d8f32f1ceef8\">\n                <img\n                    title=\"img_0104\"\n                    alt=\"img_0104\"\n                    src=\"https:\/\/kontesadora.hr\/stara\/wp-content\/gallery\/koncertni-glasovir\/thumbs\/thumbs_img_0104.jpg\"\n                    width=\"100\"\n                    height=\"75\"\n                    style=\"max-width:100%;\"\n                \/>\n            <\/a>\n        <\/div>\n\t\t\t\t\t\t\t<\/div> \n\t\t\t\n        \n\t\t\t\t<div id=\"ngg-image-6\" class=\"ngg-gallery-thumbnail-box\" >\n\t\t\t\t        <div class=\"ngg-gallery-thumbnail\">\n            <a href=\"https:\/\/kontesadora.hr\/stara\/wp-content\/gallery\/koncertni-glasovir\/img_0102.jpg\"\n               title=\"\"\n               data-src=\"https:\/\/kontesadora.hr\/stara\/wp-content\/gallery\/koncertni-glasovir\/img_0102.jpg\"\n               data-thumbnail=\"https:\/\/kontesadora.hr\/stara\/wp-content\/gallery\/koncertni-glasovir\/thumbs\/thumbs_img_0102.jpg\"\n               data-image-id=\"304\"\n               data-title=\"img_0102\"\n               data-description=\"\"\n               data-image-slug=\"img_0102\"\n               class=\"shutterset_8a021631cd7484da7e31d8f32f1ceef8\">\n                <img\n                    title=\"img_0102\"\n                    alt=\"img_0102\"\n                    src=\"https:\/\/kontesadora.hr\/stara\/wp-content\/gallery\/koncertni-glasovir\/thumbs\/thumbs_img_0102.jpg\"\n                    width=\"100\"\n                    height=\"75\"\n                    style=\"max-width:100%;\"\n                \/>\n            <\/a>\n        <\/div>\n\t\t\t\t\t\t\t<\/div> \n\t\t\t\n        \n\t\t\t\t<div id=\"ngg-image-7\" class=\"ngg-gallery-thumbnail-box\" >\n\t\t\t\t        <div class=\"ngg-gallery-thumbnail\">\n            <a href=\"https:\/\/kontesadora.hr\/stara\/wp-content\/gallery\/koncertni-glasovir\/img_0101.jpg\"\n               title=\"\"\n               data-src=\"https:\/\/kontesadora.hr\/stara\/wp-content\/gallery\/koncertni-glasovir\/img_0101.jpg\"\n               data-thumbnail=\"https:\/\/kontesadora.hr\/stara\/wp-content\/gallery\/koncertni-glasovir\/thumbs\/thumbs_img_0101.jpg\"\n               data-image-id=\"303\"\n               data-title=\"img_0101\"\n               data-description=\"\"\n               data-image-slug=\"img_0101\"\n               class=\"shutterset_8a021631cd7484da7e31d8f32f1ceef8\">\n                <img\n                    title=\"img_0101\"\n                    alt=\"img_0101\"\n                    src=\"https:\/\/kontesadora.hr\/stara\/wp-content\/gallery\/koncertni-glasovir\/thumbs\/thumbs_img_0101.jpg\"\n                    width=\"100\"\n                    height=\"75\"\n                    style=\"max-width:100%;\"\n                \/>\n            <\/a>\n        <\/div>\n\t\t\t\t\t\t\t<\/div> \n\t\t\t\n        \n\t\t\t\t<div id=\"ngg-image-8\" class=\"ngg-gallery-thumbnail-box\" >\n\t\t\t\t        <div class=\"ngg-gallery-thumbnail\">\n            <a href=\"https:\/\/kontesadora.hr\/stara\/wp-content\/gallery\/koncertni-glasovir\/img_0100.jpg\"\n               title=\"\"\n               data-src=\"https:\/\/kontesadora.hr\/stara\/wp-content\/gallery\/koncertni-glasovir\/img_0100.jpg\"\n               data-thumbnail=\"https:\/\/kontesadora.hr\/stara\/wp-content\/gallery\/koncertni-glasovir\/thumbs\/thumbs_img_0100.jpg\"\n               data-image-id=\"302\"\n               data-title=\"img_0100\"\n               data-description=\"\"\n               data-image-slug=\"img_0100\"\n               class=\"shutterset_8a021631cd7484da7e31d8f32f1ceef8\">\n                <img\n                    title=\"img_0100\"\n                    alt=\"img_0100\"\n                    src=\"https:\/\/kontesadora.hr\/stara\/wp-content\/gallery\/koncertni-glasovir\/thumbs\/thumbs_img_0100.jpg\"\n                    width=\"100\"\n                    height=\"75\"\n                    style=\"max-width:100%;\"\n                \/>\n            <\/a>\n        <\/div>\n\t\t\t\t\t\t\t<\/div> \n\t\t\t\n        \n\t\t\t\t<div id=\"ngg-image-9\" class=\"ngg-gallery-thumbnail-box\" >\n\t\t\t\t        <div class=\"ngg-gallery-thumbnail\">\n            <a href=\"https:\/\/kontesadora.hr\/stara\/wp-content\/gallery\/koncertni-glasovir\/img_0095.jpg\"\n               title=\"\"\n               data-src=\"https:\/\/kontesadora.hr\/stara\/wp-content\/gallery\/koncertni-glasovir\/img_0095.jpg\"\n               data-thumbnail=\"https:\/\/kontesadora.hr\/stara\/wp-content\/gallery\/koncertni-glasovir\/thumbs\/thumbs_img_0095.jpg\"\n               data-image-id=\"301\"\n               data-title=\"img_0095\"\n               data-description=\"\"\n               data-image-slug=\"img_0095\"\n               class=\"shutterset_8a021631cd7484da7e31d8f32f1ceef8\">\n                <img\n                    title=\"img_0095\"\n                    alt=\"img_0095\"\n                    src=\"https:\/\/kontesadora.hr\/stara\/wp-content\/gallery\/koncertni-glasovir\/thumbs\/thumbs_img_0095.jpg\"\n                    width=\"100\"\n                    height=\"75\"\n                    style=\"max-width:100%;\"\n                \/>\n            <\/a>\n        <\/div>\n\t\t\t\t\t\t\t<\/div> \n\t\t\t\n        \n\t\t\t\t<div id=\"ngg-image-10\" class=\"ngg-gallery-thumbnail-box\" >\n\t\t\t\t        <div class=\"ngg-gallery-thumbnail\">\n            <a href=\"https:\/\/kontesadora.hr\/stara\/wp-content\/gallery\/koncertni-glasovir\/img_0090.jpg\"\n               title=\"\"\n               data-src=\"https:\/\/kontesadora.hr\/stara\/wp-content\/gallery\/koncertni-glasovir\/img_0090.jpg\"\n               data-thumbnail=\"https:\/\/kontesadora.hr\/stara\/wp-content\/gallery\/koncertni-glasovir\/thumbs\/thumbs_img_0090.jpg\"\n               data-image-id=\"300\"\n               data-title=\"img_0090\"\n               data-description=\"\"\n               data-image-slug=\"img_0090\"\n               class=\"shutterset_8a021631cd7484da7e31d8f32f1ceef8\">\n                <img\n                    title=\"img_0090\"\n                    alt=\"img_0090\"\n                    src=\"https:\/\/kontesadora.hr\/stara\/wp-content\/gallery\/koncertni-glasovir\/thumbs\/thumbs_img_0090.jpg\"\n                    width=\"100\"\n                    height=\"75\"\n                    style=\"max-width:100%;\"\n                \/>\n            <\/a>\n        <\/div>\n\t\t\t\t\t\t\t<\/div> \n\t\t\t\n        \n\t\t\t\t<div id=\"ngg-image-11\" class=\"ngg-gallery-thumbnail-box\" >\n\t\t\t\t        <div class=\"ngg-gallery-thumbnail\">\n            <a href=\"https:\/\/kontesadora.hr\/stara\/wp-content\/gallery\/koncertni-glasovir\/img_0088.jpg\"\n               title=\"\"\n               data-src=\"https:\/\/kontesadora.hr\/stara\/wp-content\/gallery\/koncertni-glasovir\/img_0088.jpg\"\n               data-thumbnail=\"https:\/\/kontesadora.hr\/stara\/wp-content\/gallery\/koncertni-glasovir\/thumbs\/thumbs_img_0088.jpg\"\n               data-image-id=\"299\"\n               data-title=\"img_0088\"\n               data-description=\"\"\n               data-image-slug=\"img_0088\"\n               class=\"shutterset_8a021631cd7484da7e31d8f32f1ceef8\">\n                <img\n                    title=\"img_0088\"\n                    alt=\"img_0088\"\n                    src=\"https:\/\/kontesadora.hr\/stara\/wp-content\/gallery\/koncertni-glasovir\/thumbs\/thumbs_img_0088.jpg\"\n                    width=\"100\"\n                    height=\"75\"\n                    style=\"max-width:100%;\"\n                \/>\n            <\/a>\n        <\/div>\n\t\t\t\t\t\t\t<\/div> \n\t\t\t\n        \n\t\t\t\t<div id=\"ngg-image-12\" class=\"ngg-gallery-thumbnail-box\" >\n\t\t\t\t        <div class=\"ngg-gallery-thumbnail\">\n            <a href=\"https:\/\/kontesadora.hr\/stara\/wp-content\/gallery\/koncertni-glasovir\/img_0086.jpg\"\n               title=\"\"\n               data-src=\"https:\/\/kontesadora.hr\/stara\/wp-content\/gallery\/koncertni-glasovir\/img_0086.jpg\"\n               data-thumbnail=\"https:\/\/kontesadora.hr\/stara\/wp-content\/gallery\/koncertni-glasovir\/thumbs\/thumbs_img_0086.jpg\"\n               data-image-id=\"298\"\n               data-title=\"img_0086\"\n               data-description=\"\"\n               data-image-slug=\"img_0086\"\n               class=\"shutterset_8a021631cd7484da7e31d8f32f1ceef8\">\n                <img\n                    title=\"img_0086\"\n                    alt=\"img_0086\"\n                    src=\"https:\/\/kontesadora.hr\/stara\/wp-content\/gallery\/koncertni-glasovir\/thumbs\/thumbs_img_0086.jpg\"\n                    width=\"100\"\n                    height=\"75\"\n                    style=\"max-width:100%;\"\n                \/>\n            <\/a>\n        <\/div>\n\t\t\t\t\t\t\t<\/div> \n\t\t\t\n        \n\t\t\t\t<div id=\"ngg-image-13\" class=\"ngg-gallery-thumbnail-box\" >\n\t\t\t\t        <div class=\"ngg-gallery-thumbnail\">\n            <a href=\"https:\/\/kontesadora.hr\/stara\/wp-content\/gallery\/koncertni-glasovir\/img_0085.jpg\"\n               title=\"\"\n               data-src=\"https:\/\/kontesadora.hr\/stara\/wp-content\/gallery\/koncertni-glasovir\/img_0085.jpg\"\n               data-thumbnail=\"https:\/\/kontesadora.hr\/stara\/wp-content\/gallery\/koncertni-glasovir\/thumbs\/thumbs_img_0085.jpg\"\n               data-image-id=\"297\"\n               data-title=\"img_0085\"\n               data-description=\"\"\n               data-image-slug=\"img_0085\"\n               class=\"shutterset_8a021631cd7484da7e31d8f32f1ceef8\">\n                <img\n                    title=\"img_0085\"\n                    alt=\"img_0085\"\n                    src=\"https:\/\/kontesadora.hr\/stara\/wp-content\/gallery\/koncertni-glasovir\/thumbs\/thumbs_img_0085.jpg\"\n                    width=\"100\"\n                    height=\"75\"\n                    style=\"max-width:100%;\"\n                \/>\n            <\/a>\n        <\/div>\n\t\t\t\t\t\t\t<\/div> \n\t\t\t\n        \n\t\t\t\t<div id=\"ngg-image-14\" class=\"ngg-gallery-thumbnail-box\" >\n\t\t\t\t        <div class=\"ngg-gallery-thumbnail\">\n            <a href=\"https:\/\/kontesadora.hr\/stara\/wp-content\/gallery\/koncertni-glasovir\/img_0078.jpg\"\n               title=\"\"\n               data-src=\"https:\/\/kontesadora.hr\/stara\/wp-content\/gallery\/koncertni-glasovir\/img_0078.jpg\"\n               data-thumbnail=\"https:\/\/kontesadora.hr\/stara\/wp-content\/gallery\/koncertni-glasovir\/thumbs\/thumbs_img_0078.jpg\"\n               data-image-id=\"296\"\n               data-title=\"img_0078\"\n               data-description=\"\"\n               data-image-slug=\"img_0078\"\n               class=\"shutterset_8a021631cd7484da7e31d8f32f1ceef8\">\n                <img\n                    title=\"img_0078\"\n                    alt=\"img_0078\"\n                    src=\"https:\/\/kontesadora.hr\/stara\/wp-content\/gallery\/koncertni-glasovir\/thumbs\/thumbs_img_0078.jpg\"\n                    width=\"100\"\n                    height=\"75\"\n                    style=\"max-width:100%;\"\n                \/>\n            <\/a>\n        <\/div>\n\t\t\t\t\t\t\t<\/div> \n\t\t\t\n        \n\t\t\t\t<div id=\"ngg-image-15\" class=\"ngg-gallery-thumbnail-box\" >\n\t\t\t\t        <div class=\"ngg-gallery-thumbnail\">\n            <a href=\"https:\/\/kontesadora.hr\/stara\/wp-content\/gallery\/koncertni-glasovir\/img_0074.jpg\"\n               title=\"\"\n               data-src=\"https:\/\/kontesadora.hr\/stara\/wp-content\/gallery\/koncertni-glasovir\/img_0074.jpg\"\n               data-thumbnail=\"https:\/\/kontesadora.hr\/stara\/wp-content\/gallery\/koncertni-glasovir\/thumbs\/thumbs_img_0074.jpg\"\n               data-image-id=\"295\"\n               data-title=\"img_0074\"\n               data-description=\"\"\n               data-image-slug=\"img_0074\"\n               class=\"shutterset_8a021631cd7484da7e31d8f32f1ceef8\">\n                <img\n                    title=\"img_0074\"\n                    alt=\"img_0074\"\n                    src=\"https:\/\/kontesadora.hr\/stara\/wp-content\/gallery\/koncertni-glasovir\/thumbs\/thumbs_img_0074.jpg\"\n                    width=\"100\"\n                    height=\"75\"\n                    style=\"max-width:100%;\"\n                \/>\n            <\/a>\n        <\/div>\n\t\t\t\t\t\t\t<\/div> \n\t\t\t\n        \n\t\t\t\t<div id=\"ngg-image-16\" class=\"ngg-gallery-thumbnail-box\" >\n\t\t\t\t        <div class=\"ngg-gallery-thumbnail\">\n            <a href=\"https:\/\/kontesadora.hr\/stara\/wp-content\/gallery\/koncertni-glasovir\/img_0070.jpg\"\n               title=\"\"\n               data-src=\"https:\/\/kontesadora.hr\/stara\/wp-content\/gallery\/koncertni-glasovir\/img_0070.jpg\"\n               data-thumbnail=\"https:\/\/kontesadora.hr\/stara\/wp-content\/gallery\/koncertni-glasovir\/thumbs\/thumbs_img_0070.jpg\"\n               data-image-id=\"294\"\n               data-title=\"img_0070\"\n               data-description=\"\"\n               data-image-slug=\"img_0070\"\n               class=\"shutterset_8a021631cd7484da7e31d8f32f1ceef8\">\n                <img\n                    title=\"img_0070\"\n                    alt=\"img_0070\"\n                    src=\"https:\/\/kontesadora.hr\/stara\/wp-content\/gallery\/koncertni-glasovir\/thumbs\/thumbs_img_0070.jpg\"\n                    width=\"100\"\n                    height=\"75\"\n                    style=\"max-width:100%;\"\n                \/>\n            <\/a>\n        <\/div>\n\t\t\t\t\t\t\t<\/div> \n\t\t\t\n        \n\t\t\t\t<div id=\"ngg-image-17\" class=\"ngg-gallery-thumbnail-box\" >\n\t\t\t\t        <div class=\"ngg-gallery-thumbnail\">\n            <a href=\"https:\/\/kontesadora.hr\/stara\/wp-content\/gallery\/koncertni-glasovir\/img_0067.jpg\"\n               title=\"\"\n               data-src=\"https:\/\/kontesadora.hr\/stara\/wp-content\/gallery\/koncertni-glasovir\/img_0067.jpg\"\n               data-thumbnail=\"https:\/\/kontesadora.hr\/stara\/wp-content\/gallery\/koncertni-glasovir\/thumbs\/thumbs_img_0067.jpg\"\n               data-image-id=\"293\"\n               data-title=\"img_0067\"\n               data-description=\"\"\n               data-image-slug=\"img_0067\"\n               class=\"shutterset_8a021631cd7484da7e31d8f32f1ceef8\">\n                <img\n                    title=\"img_0067\"\n                    alt=\"img_0067\"\n                    src=\"https:\/\/kontesadora.hr\/stara\/wp-content\/gallery\/koncertni-glasovir\/thumbs\/thumbs_img_0067.jpg\"\n                    width=\"100\"\n                    height=\"75\"\n                    style=\"max-width:100%;\"\n                \/>\n            <\/a>\n        <\/div>\n\t\t\t\t\t\t\t<\/div> \n\t\t\t\n        \n\t\t\t\t<div id=\"ngg-image-18\" class=\"ngg-gallery-thumbnail-box\" >\n\t\t\t\t        <div class=\"ngg-gallery-thumbnail\">\n            <a href=\"https:\/\/kontesadora.hr\/stara\/wp-content\/gallery\/koncertni-glasovir\/img_0066.jpg\"\n               title=\"\"\n               data-src=\"https:\/\/kontesadora.hr\/stara\/wp-content\/gallery\/koncertni-glasovir\/img_0066.jpg\"\n               data-thumbnail=\"https:\/\/kontesadora.hr\/stara\/wp-content\/gallery\/koncertni-glasovir\/thumbs\/thumbs_img_0066.jpg\"\n               data-image-id=\"292\"\n               data-title=\"img_0066\"\n               data-description=\"\"\n               data-image-slug=\"img_0066\"\n               class=\"shutterset_8a021631cd7484da7e31d8f32f1ceef8\">\n                <img\n                    title=\"img_0066\"\n                    alt=\"img_0066\"\n                    src=\"https:\/\/kontesadora.hr\/stara\/wp-content\/gallery\/koncertni-glasovir\/thumbs\/thumbs_img_0066.jpg\"\n                    width=\"100\"\n                    height=\"75\"\n                    style=\"max-width:100%;\"\n                \/>\n            <\/a>\n        <\/div>\n\t\t\t\t\t\t\t<\/div> \n\t\t\t\n        \n\t\t\t\t<div id=\"ngg-image-19\" class=\"ngg-gallery-thumbnail-box\" >\n\t\t\t\t        <div class=\"ngg-gallery-thumbnail\">\n            <a href=\"https:\/\/kontesadora.hr\/stara\/wp-content\/gallery\/koncertni-glasovir\/img_0058.jpg\"\n               title=\"\"\n               data-src=\"https:\/\/kontesadora.hr\/stara\/wp-content\/gallery\/koncertni-glasovir\/img_0058.jpg\"\n               data-thumbnail=\"https:\/\/kontesadora.hr\/stara\/wp-content\/gallery\/koncertni-glasovir\/thumbs\/thumbs_img_0058.jpg\"\n               data-image-id=\"291\"\n               data-title=\"img_0058\"\n               data-description=\"\"\n               data-image-slug=\"img_0058\"\n               class=\"shutterset_8a021631cd7484da7e31d8f32f1ceef8\">\n                <img\n                    title=\"img_0058\"\n                    alt=\"img_0058\"\n                    src=\"https:\/\/kontesadora.hr\/stara\/wp-content\/gallery\/koncertni-glasovir\/thumbs\/thumbs_img_0058.jpg\"\n                    width=\"100\"\n                    height=\"75\"\n                    style=\"max-width:100%;\"\n                \/>\n            <\/a>\n        <\/div>\n\t\t\t\t\t\t\t<\/div> \n\t\t\t\n        \n\t\t\n\t\t<!-- Pagination -->\n\t<div class='ngg-navigation'><span class='current'>1<\/span>\n<a class='page-numbers' data-pageid='2' href='https:\/\/kontesadora.hr\/stara\/galerija\/nggallery\/page\/2'>2<\/a>\n<a class='prev' href='https:\/\/kontesadora.hr\/stara\/galerija\/nggallery\/page\/2' data-pageid=2>&#9658;<\/a><\/div>\t<\/div>\n12. studenog 2009. godine kuplje je koncertni glasovir sredstvima Osje\u010dko-baranjske \u017eupanije, OG\u0160 &#8220;Kontesa Dora&#8221;, Grada Na\u0161ica, Ana Rucner, Gibonni&#8230; Najve\u0107i teret promoviranja podnio je tambura\u0161ki odjel, tambura\u0161ki orkestar sa svojim solistima i roditelji u\u010denika. Zahvaljujemo svima koji su materijalno pomogli da se ostvari ovaj san: prvi novi koncertni klavir u glazbenoj \u0161koli i Na\u0161icama.<\/p>\n<!-- index.php -->\n<div\n\tclass=\"ngg-galleryoverview ngg-ajax-pagination-none\"\n\tid=\"ngg-gallery-0380a601543b7e094a85146790be7066-1\">\n\n    \t<div class=\"slideshowlink\">\n        <a href='https:\/\/kontesadora.hr\/stara\/galerija\/nggallery\/slideshow'>[Show as slideshow]<\/a>\n\t\t\n\t<\/div>\n\t\t\t<!-- Thumbnails -->\n\t\t\t\t<div id=\"ngg-image-0\" class=\"ngg-gallery-thumbnail-box\" >\n\t\t\t\t        <div class=\"ngg-gallery-thumbnail\">\n            <a href=\"https:\/\/kontesadora.hr\/stara\/wp-content\/gallery\/klasje-2009\/dsc01837.jpg\"\n               title=\"\"\n               data-src=\"https:\/\/kontesadora.hr\/stara\/wp-content\/gallery\/klasje-2009\/dsc01837.jpg\"\n               data-thumbnail=\"https:\/\/kontesadora.hr\/stara\/wp-content\/gallery\/klasje-2009\/thumbs\/thumbs_dsc01837.jpg\"\n               data-image-id=\"537\"\n               data-title=\"dsc01837\"\n               data-description=\"\"\n               data-image-slug=\"dsc01837\"\n               class=\"shutterset_0380a601543b7e094a85146790be7066\">\n                <img\n                    title=\"dsc01837\"\n                    alt=\"dsc01837\"\n                    src=\"https:\/\/kontesadora.hr\/stara\/wp-content\/gallery\/klasje-2009\/thumbs\/thumbs_dsc01837.jpg\"\n                    width=\"100\"\n                    height=\"75\"\n                    style=\"max-width:100%;\"\n                \/>\n            <\/a>\n        <\/div>\n\t\t\t\t\t\t\t<\/div> \n\t\t\t\n        \n\t\t\t\t<div id=\"ngg-image-1\" class=\"ngg-gallery-thumbnail-box\" >\n\t\t\t\t        <div class=\"ngg-gallery-thumbnail\">\n            <a href=\"https:\/\/kontesadora.hr\/stara\/wp-content\/gallery\/klasje-2009\/dsc01832.jpg\"\n               title=\"\"\n               data-src=\"https:\/\/kontesadora.hr\/stara\/wp-content\/gallery\/klasje-2009\/dsc01832.jpg\"\n               data-thumbnail=\"https:\/\/kontesadora.hr\/stara\/wp-content\/gallery\/klasje-2009\/thumbs\/thumbs_dsc01832.jpg\"\n               data-image-id=\"536\"\n               data-title=\"dsc01832\"\n               data-description=\"\"\n               data-image-slug=\"dsc01832\"\n               class=\"shutterset_0380a601543b7e094a85146790be7066\">\n                <img\n                    title=\"dsc01832\"\n                    alt=\"dsc01832\"\n                    src=\"https:\/\/kontesadora.hr\/stara\/wp-content\/gallery\/klasje-2009\/thumbs\/thumbs_dsc01832.jpg\"\n                    width=\"100\"\n                    height=\"75\"\n                    style=\"max-width:100%;\"\n                \/>\n            <\/a>\n        <\/div>\n\t\t\t\t\t\t\t<\/div> \n\t\t\t\n        \n\t\t\t\t<div id=\"ngg-image-2\" class=\"ngg-gallery-thumbnail-box\" >\n\t\t\t\t        <div class=\"ngg-gallery-thumbnail\">\n            <a href=\"https:\/\/kontesadora.hr\/stara\/wp-content\/gallery\/klasje-2009\/dsc01830.jpg\"\n               title=\"\"\n               data-src=\"https:\/\/kontesadora.hr\/stara\/wp-content\/gallery\/klasje-2009\/dsc01830.jpg\"\n               data-thumbnail=\"https:\/\/kontesadora.hr\/stara\/wp-content\/gallery\/klasje-2009\/thumbs\/thumbs_dsc01830.jpg\"\n               data-image-id=\"535\"\n               data-title=\"dsc01830\"\n               data-description=\"\"\n               data-image-slug=\"dsc01830\"\n               class=\"shutterset_0380a601543b7e094a85146790be7066\">\n                <img\n                    title=\"dsc01830\"\n                    alt=\"dsc01830\"\n                    src=\"https:\/\/kontesadora.hr\/stara\/wp-content\/gallery\/klasje-2009\/thumbs\/thumbs_dsc01830.jpg\"\n                    width=\"100\"\n                    height=\"75\"\n                    style=\"max-width:100%;\"\n                \/>\n            <\/a>\n        <\/div>\n\t\t\t\t\t\t\t<\/div> \n\t\t\t\n        \n\t\t\t\t<div id=\"ngg-image-3\" class=\"ngg-gallery-thumbnail-box\" >\n\t\t\t\t        <div class=\"ngg-gallery-thumbnail\">\n            <a href=\"https:\/\/kontesadora.hr\/stara\/wp-content\/gallery\/klasje-2009\/dsc01827.jpg\"\n               title=\"\"\n               data-src=\"https:\/\/kontesadora.hr\/stara\/wp-content\/gallery\/klasje-2009\/dsc01827.jpg\"\n               data-thumbnail=\"https:\/\/kontesadora.hr\/stara\/wp-content\/gallery\/klasje-2009\/thumbs\/thumbs_dsc01827.jpg\"\n               data-image-id=\"534\"\n               data-title=\"dsc01827\"\n               data-description=\"\"\n               data-image-slug=\"dsc01827\"\n               class=\"shutterset_0380a601543b7e094a85146790be7066\">\n                <img\n                    title=\"dsc01827\"\n                    alt=\"dsc01827\"\n                    src=\"https:\/\/kontesadora.hr\/stara\/wp-content\/gallery\/klasje-2009\/thumbs\/thumbs_dsc01827.jpg\"\n                    width=\"100\"\n                    height=\"75\"\n                    style=\"max-width:100%;\"\n                \/>\n            <\/a>\n        <\/div>\n\t\t\t\t\t\t\t<\/div> \n\t\t\t\n        \n\t\t\t\t<div id=\"ngg-image-4\" class=\"ngg-gallery-thumbnail-box\" >\n\t\t\t\t        <div class=\"ngg-gallery-thumbnail\">\n            <a href=\"https:\/\/kontesadora.hr\/stara\/wp-content\/gallery\/klasje-2009\/dsc01821.jpg\"\n               title=\"\"\n               data-src=\"https:\/\/kontesadora.hr\/stara\/wp-content\/gallery\/klasje-2009\/dsc01821.jpg\"\n               data-thumbnail=\"https:\/\/kontesadora.hr\/stara\/wp-content\/gallery\/klasje-2009\/thumbs\/thumbs_dsc01821.jpg\"\n               data-image-id=\"533\"\n               data-title=\"dsc01821\"\n               data-description=\"\"\n               data-image-slug=\"dsc01821\"\n               class=\"shutterset_0380a601543b7e094a85146790be7066\">\n                <img\n                    title=\"dsc01821\"\n                    alt=\"dsc01821\"\n                    src=\"https:\/\/kontesadora.hr\/stara\/wp-content\/gallery\/klasje-2009\/thumbs\/thumbs_dsc01821.jpg\"\n                    width=\"100\"\n                    height=\"75\"\n                    style=\"max-width:100%;\"\n                \/>\n            <\/a>\n        <\/div>\n\t\t\t\t\t\t\t<\/div> \n\t\t\t\n        \n\t\t\t\t<div id=\"ngg-image-5\" class=\"ngg-gallery-thumbnail-box\" >\n\t\t\t\t        <div class=\"ngg-gallery-thumbnail\">\n            <a href=\"https:\/\/kontesadora.hr\/stara\/wp-content\/gallery\/klasje-2009\/dsc01814.jpg\"\n               title=\"\"\n               data-src=\"https:\/\/kontesadora.hr\/stara\/wp-content\/gallery\/klasje-2009\/dsc01814.jpg\"\n               data-thumbnail=\"https:\/\/kontesadora.hr\/stara\/wp-content\/gallery\/klasje-2009\/thumbs\/thumbs_dsc01814.jpg\"\n               data-image-id=\"532\"\n               data-title=\"dsc01814\"\n               data-description=\"\"\n               data-image-slug=\"dsc01814\"\n               class=\"shutterset_0380a601543b7e094a85146790be7066\">\n                <img\n                    title=\"dsc01814\"\n                    alt=\"dsc01814\"\n                    src=\"https:\/\/kontesadora.hr\/stara\/wp-content\/gallery\/klasje-2009\/thumbs\/thumbs_dsc01814.jpg\"\n                    width=\"100\"\n                    height=\"75\"\n                    style=\"max-width:100%;\"\n                \/>\n            <\/a>\n        <\/div>\n\t\t\t\t\t\t\t<\/div> \n\t\t\t\n        \n\t\t\t\t<div id=\"ngg-image-6\" class=\"ngg-gallery-thumbnail-box\" >\n\t\t\t\t        <div class=\"ngg-gallery-thumbnail\">\n            <a href=\"https:\/\/kontesadora.hr\/stara\/wp-content\/gallery\/klasje-2009\/dsc01813.jpg\"\n               title=\"\"\n               data-src=\"https:\/\/kontesadora.hr\/stara\/wp-content\/gallery\/klasje-2009\/dsc01813.jpg\"\n               data-thumbnail=\"https:\/\/kontesadora.hr\/stara\/wp-content\/gallery\/klasje-2009\/thumbs\/thumbs_dsc01813.jpg\"\n               data-image-id=\"531\"\n               data-title=\"dsc01813\"\n               data-description=\"\"\n               data-image-slug=\"dsc01813\"\n               class=\"shutterset_0380a601543b7e094a85146790be7066\">\n                <img\n                    title=\"dsc01813\"\n                    alt=\"dsc01813\"\n                    src=\"https:\/\/kontesadora.hr\/stara\/wp-content\/gallery\/klasje-2009\/thumbs\/thumbs_dsc01813.jpg\"\n                    width=\"100\"\n                    height=\"75\"\n                    style=\"max-width:100%;\"\n                \/>\n            <\/a>\n        <\/div>\n\t\t\t\t\t\t\t<\/div> \n\t\t\t\n        \n\t\t\t\t<div id=\"ngg-image-7\" class=\"ngg-gallery-thumbnail-box\" >\n\t\t\t\t        <div class=\"ngg-gallery-thumbnail\">\n            <a href=\"https:\/\/kontesadora.hr\/stara\/wp-content\/gallery\/klasje-2009\/dsc01812.jpg\"\n               title=\"\"\n               data-src=\"https:\/\/kontesadora.hr\/stara\/wp-content\/gallery\/klasje-2009\/dsc01812.jpg\"\n               data-thumbnail=\"https:\/\/kontesadora.hr\/stara\/wp-content\/gallery\/klasje-2009\/thumbs\/thumbs_dsc01812.jpg\"\n               data-image-id=\"530\"\n               data-title=\"dsc01812\"\n               data-description=\"\"\n               data-image-slug=\"dsc01812\"\n               class=\"shutterset_0380a601543b7e094a85146790be7066\">\n                <img\n                    title=\"dsc01812\"\n                    alt=\"dsc01812\"\n                    src=\"https:\/\/kontesadora.hr\/stara\/wp-content\/gallery\/klasje-2009\/thumbs\/thumbs_dsc01812.jpg\"\n                    width=\"100\"\n                    height=\"75\"\n                    style=\"max-width:100%;\"\n                \/>\n            <\/a>\n        <\/div>\n\t\t\t\t\t\t\t<\/div> \n\t\t\t\n        \n\t\t\t\t<div id=\"ngg-image-8\" class=\"ngg-gallery-thumbnail-box\" >\n\t\t\t\t        <div class=\"ngg-gallery-thumbnail\">\n            <a href=\"https:\/\/kontesadora.hr\/stara\/wp-content\/gallery\/klasje-2009\/dsc01807.jpg\"\n               title=\"\"\n               data-src=\"https:\/\/kontesadora.hr\/stara\/wp-content\/gallery\/klasje-2009\/dsc01807.jpg\"\n               data-thumbnail=\"https:\/\/kontesadora.hr\/stara\/wp-content\/gallery\/klasje-2009\/thumbs\/thumbs_dsc01807.jpg\"\n               data-image-id=\"529\"\n               data-title=\"dsc01807\"\n               data-description=\"\"\n               data-image-slug=\"dsc01807\"\n               class=\"shutterset_0380a601543b7e094a85146790be7066\">\n                <img\n                    title=\"dsc01807\"\n                    alt=\"dsc01807\"\n                    src=\"https:\/\/kontesadora.hr\/stara\/wp-content\/gallery\/klasje-2009\/thumbs\/thumbs_dsc01807.jpg\"\n                    width=\"100\"\n                    height=\"75\"\n                    style=\"max-width:100%;\"\n                \/>\n            <\/a>\n        <\/div>\n\t\t\t\t\t\t\t<\/div> \n\t\t\t\n        \n\t\t\t\t<div id=\"ngg-image-9\" class=\"ngg-gallery-thumbnail-box\" >\n\t\t\t\t        <div class=\"ngg-gallery-thumbnail\">\n            <a href=\"https:\/\/kontesadora.hr\/stara\/wp-content\/gallery\/klasje-2009\/dsc01805.jpg\"\n               title=\"\"\n               data-src=\"https:\/\/kontesadora.hr\/stara\/wp-content\/gallery\/klasje-2009\/dsc01805.jpg\"\n               data-thumbnail=\"https:\/\/kontesadora.hr\/stara\/wp-content\/gallery\/klasje-2009\/thumbs\/thumbs_dsc01805.jpg\"\n               data-image-id=\"528\"\n               data-title=\"dsc01805\"\n               data-description=\"\"\n               data-image-slug=\"dsc01805\"\n               class=\"shutterset_0380a601543b7e094a85146790be7066\">\n                <img\n                    title=\"dsc01805\"\n                    alt=\"dsc01805\"\n                    src=\"https:\/\/kontesadora.hr\/stara\/wp-content\/gallery\/klasje-2009\/thumbs\/thumbs_dsc01805.jpg\"\n                    width=\"100\"\n                    height=\"75\"\n                    style=\"max-width:100%;\"\n                \/>\n            <\/a>\n        <\/div>\n\t\t\t\t\t\t\t<\/div> \n\t\t\t\n        \n\t\t\t\t<div id=\"ngg-image-10\" class=\"ngg-gallery-thumbnail-box\" >\n\t\t\t\t        <div class=\"ngg-gallery-thumbnail\">\n            <a href=\"https:\/\/kontesadora.hr\/stara\/wp-content\/gallery\/klasje-2009\/dsc01804.jpg\"\n               title=\"\"\n               data-src=\"https:\/\/kontesadora.hr\/stara\/wp-content\/gallery\/klasje-2009\/dsc01804.jpg\"\n               data-thumbnail=\"https:\/\/kontesadora.hr\/stara\/wp-content\/gallery\/klasje-2009\/thumbs\/thumbs_dsc01804.jpg\"\n               data-image-id=\"527\"\n               data-title=\"dsc01804\"\n               data-description=\"\"\n               data-image-slug=\"dsc01804\"\n               class=\"shutterset_0380a601543b7e094a85146790be7066\">\n                <img\n                    title=\"dsc01804\"\n                    alt=\"dsc01804\"\n                    src=\"https:\/\/kontesadora.hr\/stara\/wp-content\/gallery\/klasje-2009\/thumbs\/thumbs_dsc01804.jpg\"\n                    width=\"100\"\n                    height=\"75\"\n                    style=\"max-width:100%;\"\n                \/>\n            <\/a>\n        <\/div>\n\t\t\t\t\t\t\t<\/div> \n\t\t\t\n        \n\t\t\t\t<div id=\"ngg-image-11\" class=\"ngg-gallery-thumbnail-box\" >\n\t\t\t\t        <div class=\"ngg-gallery-thumbnail\">\n            <a href=\"https:\/\/kontesadora.hr\/stara\/wp-content\/gallery\/klasje-2009\/dsc01802.jpg\"\n               title=\"\"\n               data-src=\"https:\/\/kontesadora.hr\/stara\/wp-content\/gallery\/klasje-2009\/dsc01802.jpg\"\n               data-thumbnail=\"https:\/\/kontesadora.hr\/stara\/wp-content\/gallery\/klasje-2009\/thumbs\/thumbs_dsc01802.jpg\"\n               data-image-id=\"526\"\n               data-title=\"dsc01802\"\n               data-description=\"\"\n               data-image-slug=\"dsc01802\"\n               class=\"shutterset_0380a601543b7e094a85146790be7066\">\n                <img\n                    title=\"dsc01802\"\n                    alt=\"dsc01802\"\n                    src=\"https:\/\/kontesadora.hr\/stara\/wp-content\/gallery\/klasje-2009\/thumbs\/thumbs_dsc01802.jpg\"\n                    width=\"100\"\n                    height=\"75\"\n                    style=\"max-width:100%;\"\n                \/>\n            <\/a>\n        <\/div>\n\t\t\t\t\t\t\t<\/div> \n\t\t\t\n        \n\t\t\t\t<div id=\"ngg-image-12\" class=\"ngg-gallery-thumbnail-box\" >\n\t\t\t\t        <div class=\"ngg-gallery-thumbnail\">\n            <a href=\"https:\/\/kontesadora.hr\/stara\/wp-content\/gallery\/klasje-2009\/dsc01801.jpg\"\n               title=\"\"\n               data-src=\"https:\/\/kontesadora.hr\/stara\/wp-content\/gallery\/klasje-2009\/dsc01801.jpg\"\n               data-thumbnail=\"https:\/\/kontesadora.hr\/stara\/wp-content\/gallery\/klasje-2009\/thumbs\/thumbs_dsc01801.jpg\"\n               data-image-id=\"525\"\n               data-title=\"dsc01801\"\n               data-description=\"\"\n               data-image-slug=\"dsc01801\"\n               class=\"shutterset_0380a601543b7e094a85146790be7066\">\n                <img\n                    title=\"dsc01801\"\n                    alt=\"dsc01801\"\n                    src=\"https:\/\/kontesadora.hr\/stara\/wp-content\/gallery\/klasje-2009\/thumbs\/thumbs_dsc01801.jpg\"\n                    width=\"100\"\n                    height=\"75\"\n                    style=\"max-width:100%;\"\n                \/>\n            <\/a>\n        <\/div>\n\t\t\t\t\t\t\t<\/div> \n\t\t\t\n        \n\t\t\t\t<div id=\"ngg-image-13\" class=\"ngg-gallery-thumbnail-box\" >\n\t\t\t\t        <div class=\"ngg-gallery-thumbnail\">\n            <a href=\"https:\/\/kontesadora.hr\/stara\/wp-content\/gallery\/klasje-2009\/dsc01796.jpg\"\n               title=\"\"\n               data-src=\"https:\/\/kontesadora.hr\/stara\/wp-content\/gallery\/klasje-2009\/dsc01796.jpg\"\n               data-thumbnail=\"https:\/\/kontesadora.hr\/stara\/wp-content\/gallery\/klasje-2009\/thumbs\/thumbs_dsc01796.jpg\"\n               data-image-id=\"524\"\n               data-title=\"dsc01796\"\n               data-description=\"\"\n               data-image-slug=\"dsc01796\"\n               class=\"shutterset_0380a601543b7e094a85146790be7066\">\n                <img\n                    title=\"dsc01796\"\n                    alt=\"dsc01796\"\n                    src=\"https:\/\/kontesadora.hr\/stara\/wp-content\/gallery\/klasje-2009\/thumbs\/thumbs_dsc01796.jpg\"\n                    width=\"100\"\n                    height=\"75\"\n                    style=\"max-width:100%;\"\n                \/>\n            <\/a>\n        <\/div>\n\t\t\t\t\t\t\t<\/div> \n\t\t\t\n        \n\t\t\t\t<div id=\"ngg-image-14\" class=\"ngg-gallery-thumbnail-box\" >\n\t\t\t\t        <div class=\"ngg-gallery-thumbnail\">\n            <a href=\"https:\/\/kontesadora.hr\/stara\/wp-content\/gallery\/klasje-2009\/dsc01795.jpg\"\n               title=\"\"\n               data-src=\"https:\/\/kontesadora.hr\/stara\/wp-content\/gallery\/klasje-2009\/dsc01795.jpg\"\n               data-thumbnail=\"https:\/\/kontesadora.hr\/stara\/wp-content\/gallery\/klasje-2009\/thumbs\/thumbs_dsc01795.jpg\"\n               data-image-id=\"523\"\n               data-title=\"dsc01795\"\n               data-description=\"\"\n               data-image-slug=\"dsc01795\"\n               class=\"shutterset_0380a601543b7e094a85146790be7066\">\n                <img\n                    title=\"dsc01795\"\n                    alt=\"dsc01795\"\n                    src=\"https:\/\/kontesadora.hr\/stara\/wp-content\/gallery\/klasje-2009\/thumbs\/thumbs_dsc01795.jpg\"\n                    width=\"100\"\n                    height=\"75\"\n                    style=\"max-width:100%;\"\n                \/>\n            <\/a>\n        <\/div>\n\t\t\t\t\t\t\t<\/div> \n\t\t\t\n        \n\t\t\t\t<div id=\"ngg-image-15\" class=\"ngg-gallery-thumbnail-box\" >\n\t\t\t\t        <div class=\"ngg-gallery-thumbnail\">\n            <a href=\"https:\/\/kontesadora.hr\/stara\/wp-content\/gallery\/klasje-2009\/dsc01792.jpg\"\n               title=\"\"\n               data-src=\"https:\/\/kontesadora.hr\/stara\/wp-content\/gallery\/klasje-2009\/dsc01792.jpg\"\n               data-thumbnail=\"https:\/\/kontesadora.hr\/stara\/wp-content\/gallery\/klasje-2009\/thumbs\/thumbs_dsc01792.jpg\"\n               data-image-id=\"522\"\n               data-title=\"dsc01792\"\n               data-description=\"\"\n               data-image-slug=\"dsc01792\"\n               class=\"shutterset_0380a601543b7e094a85146790be7066\">\n                <img\n                    title=\"dsc01792\"\n                    alt=\"dsc01792\"\n                    src=\"https:\/\/kontesadora.hr\/stara\/wp-content\/gallery\/klasje-2009\/thumbs\/thumbs_dsc01792.jpg\"\n                    width=\"100\"\n                    height=\"75\"\n                    style=\"max-width:100%;\"\n                \/>\n            <\/a>\n        <\/div>\n\t\t\t\t\t\t\t<\/div> \n\t\t\t\n        \n\t\t\t\t<div id=\"ngg-image-16\" class=\"ngg-gallery-thumbnail-box\" >\n\t\t\t\t        <div class=\"ngg-gallery-thumbnail\">\n            <a href=\"https:\/\/kontesadora.hr\/stara\/wp-content\/gallery\/klasje-2009\/dsc01791.jpg\"\n               title=\"\"\n               data-src=\"https:\/\/kontesadora.hr\/stara\/wp-content\/gallery\/klasje-2009\/dsc01791.jpg\"\n               data-thumbnail=\"https:\/\/kontesadora.hr\/stara\/wp-content\/gallery\/klasje-2009\/thumbs\/thumbs_dsc01791.jpg\"\n               data-image-id=\"521\"\n               data-title=\"dsc01791\"\n               data-description=\"\"\n               data-image-slug=\"dsc01791\"\n               class=\"shutterset_0380a601543b7e094a85146790be7066\">\n                <img\n                    title=\"dsc01791\"\n                    alt=\"dsc01791\"\n                    src=\"https:\/\/kontesadora.hr\/stara\/wp-content\/gallery\/klasje-2009\/thumbs\/thumbs_dsc01791.jpg\"\n                    width=\"100\"\n                    height=\"75\"\n                    style=\"max-width:100%;\"\n                \/>\n            <\/a>\n        <\/div>\n\t\t\t\t\t\t\t<\/div> \n\t\t\t\n        \n\t\t\t\t<div id=\"ngg-image-17\" class=\"ngg-gallery-thumbnail-box\" >\n\t\t\t\t        <div class=\"ngg-gallery-thumbnail\">\n            <a href=\"https:\/\/kontesadora.hr\/stara\/wp-content\/gallery\/klasje-2009\/dsc01790.jpg\"\n               title=\"\"\n               data-src=\"https:\/\/kontesadora.hr\/stara\/wp-content\/gallery\/klasje-2009\/dsc01790.jpg\"\n               data-thumbnail=\"https:\/\/kontesadora.hr\/stara\/wp-content\/gallery\/klasje-2009\/thumbs\/thumbs_dsc01790.jpg\"\n               data-image-id=\"520\"\n               data-title=\"dsc01790\"\n               data-description=\"\"\n               data-image-slug=\"dsc01790\"\n               class=\"shutterset_0380a601543b7e094a85146790be7066\">\n                <img\n                    title=\"dsc01790\"\n                    alt=\"dsc01790\"\n                    src=\"https:\/\/kontesadora.hr\/stara\/wp-content\/gallery\/klasje-2009\/thumbs\/thumbs_dsc01790.jpg\"\n                    width=\"100\"\n                    height=\"75\"\n                    style=\"max-width:100%;\"\n                \/>\n            <\/a>\n        <\/div>\n\t\t\t\t\t\t\t<\/div> \n\t\t\t\n        \n\t\t\t\t<div id=\"ngg-image-18\" class=\"ngg-gallery-thumbnail-box\" >\n\t\t\t\t        <div class=\"ngg-gallery-thumbnail\">\n            <a href=\"https:\/\/kontesadora.hr\/stara\/wp-content\/gallery\/klasje-2009\/dsc01789.jpg\"\n               title=\"\"\n               data-src=\"https:\/\/kontesadora.hr\/stara\/wp-content\/gallery\/klasje-2009\/dsc01789.jpg\"\n               data-thumbnail=\"https:\/\/kontesadora.hr\/stara\/wp-content\/gallery\/klasje-2009\/thumbs\/thumbs_dsc01789.jpg\"\n               data-image-id=\"519\"\n               data-title=\"dsc01789\"\n               data-description=\"\"\n               data-image-slug=\"dsc01789\"\n               class=\"shutterset_0380a601543b7e094a85146790be7066\">\n                <img\n                    title=\"dsc01789\"\n                    alt=\"dsc01789\"\n                    src=\"https:\/\/kontesadora.hr\/stara\/wp-content\/gallery\/klasje-2009\/thumbs\/thumbs_dsc01789.jpg\"\n                    width=\"100\"\n                    height=\"75\"\n                    style=\"max-width:100%;\"\n                \/>\n            <\/a>\n        <\/div>\n\t\t\t\t\t\t\t<\/div> \n\t\t\t\n        \n\t\t\n\t\t<!-- Pagination -->\n\t<div class='ngg-clear'><\/div>\t<\/div>\n27. velja\u010de 2009. Dom za nezbrinutu djecu Klasje<\/p>\n<!-- index.php -->\n<div\n\tclass=\"ngg-galleryoverview ngg-ajax-pagination-none\"\n\tid=\"ngg-gallery-c5fb3fb0af2c5a4f17f3c065f19fcf8d-1\">\n\n    \t<div class=\"slideshowlink\">\n        <a href='https:\/\/kontesadora.hr\/stara\/galerija\/nggallery\/slideshow'>[Show as slideshow]<\/a>\n\t\t\n\t<\/div>\n\t\t\t<!-- Thumbnails -->\n\t\t\t\t<div id=\"ngg-image-0\" class=\"ngg-gallery-thumbnail-box\" >\n\t\t\t\t        <div class=\"ngg-gallery-thumbnail\">\n            <a href=\"https:\/\/kontesadora.hr\/stara\/wp-content\/gallery\/solfeggio-maskare\/dsc01783.jpg\"\n               title=\"\"\n               data-src=\"https:\/\/kontesadora.hr\/stara\/wp-content\/gallery\/solfeggio-maskare\/dsc01783.jpg\"\n               data-thumbnail=\"https:\/\/kontesadora.hr\/stara\/wp-content\/gallery\/solfeggio-maskare\/thumbs\/thumbs_dsc01783.jpg\"\n               data-image-id=\"518\"\n               data-title=\"dsc01783\"\n               data-description=\"\"\n               data-image-slug=\"dsc01783\"\n               class=\"shutterset_c5fb3fb0af2c5a4f17f3c065f19fcf8d\">\n                <img\n                    title=\"dsc01783\"\n                    alt=\"dsc01783\"\n                    src=\"https:\/\/kontesadora.hr\/stara\/wp-content\/gallery\/solfeggio-maskare\/thumbs\/thumbs_dsc01783.jpg\"\n                    width=\"100\"\n                    height=\"75\"\n                    style=\"max-width:100%;\"\n                \/>\n            <\/a>\n        <\/div>\n\t\t\t\t\t\t\t<\/div> \n\t\t\t\n        \n\t\t\t\t<div id=\"ngg-image-1\" class=\"ngg-gallery-thumbnail-box\" >\n\t\t\t\t        <div class=\"ngg-gallery-thumbnail\">\n            <a href=\"https:\/\/kontesadora.hr\/stara\/wp-content\/gallery\/solfeggio-maskare\/dsc01782.jpg\"\n               title=\"\"\n               data-src=\"https:\/\/kontesadora.hr\/stara\/wp-content\/gallery\/solfeggio-maskare\/dsc01782.jpg\"\n               data-thumbnail=\"https:\/\/kontesadora.hr\/stara\/wp-content\/gallery\/solfeggio-maskare\/thumbs\/thumbs_dsc01782.jpg\"\n               data-image-id=\"517\"\n               data-title=\"dsc01782\"\n               data-description=\"\"\n               data-image-slug=\"dsc01782\"\n               class=\"shutterset_c5fb3fb0af2c5a4f17f3c065f19fcf8d\">\n                <img\n                    title=\"dsc01782\"\n                    alt=\"dsc01782\"\n                    src=\"https:\/\/kontesadora.hr\/stara\/wp-content\/gallery\/solfeggio-maskare\/thumbs\/thumbs_dsc01782.jpg\"\n                    width=\"100\"\n                    height=\"75\"\n                    style=\"max-width:100%;\"\n                \/>\n            <\/a>\n        <\/div>\n\t\t\t\t\t\t\t<\/div> \n\t\t\t\n        \n\t\t\t\t<div id=\"ngg-image-2\" class=\"ngg-gallery-thumbnail-box\" >\n\t\t\t\t        <div class=\"ngg-gallery-thumbnail\">\n            <a href=\"https:\/\/kontesadora.hr\/stara\/wp-content\/gallery\/solfeggio-maskare\/dsc01780.jpg\"\n               title=\"\"\n               data-src=\"https:\/\/kontesadora.hr\/stara\/wp-content\/gallery\/solfeggio-maskare\/dsc01780.jpg\"\n               data-thumbnail=\"https:\/\/kontesadora.hr\/stara\/wp-content\/gallery\/solfeggio-maskare\/thumbs\/thumbs_dsc01780.jpg\"\n               data-image-id=\"516\"\n               data-title=\"dsc01780\"\n               data-description=\"\"\n               data-image-slug=\"dsc01780\"\n               class=\"shutterset_c5fb3fb0af2c5a4f17f3c065f19fcf8d\">\n                <img\n                    title=\"dsc01780\"\n                    alt=\"dsc01780\"\n                    src=\"https:\/\/kontesadora.hr\/stara\/wp-content\/gallery\/solfeggio-maskare\/thumbs\/thumbs_dsc01780.jpg\"\n                    width=\"100\"\n                    height=\"75\"\n                    style=\"max-width:100%;\"\n                \/>\n            <\/a>\n        <\/div>\n\t\t\t\t\t\t\t<\/div> \n\t\t\t\n        \n\t\t\t\t<div id=\"ngg-image-3\" class=\"ngg-gallery-thumbnail-box\" >\n\t\t\t\t        <div class=\"ngg-gallery-thumbnail\">\n            <a href=\"https:\/\/kontesadora.hr\/stara\/wp-content\/gallery\/solfeggio-maskare\/dsc01778.jpg\"\n               title=\"\"\n               data-src=\"https:\/\/kontesadora.hr\/stara\/wp-content\/gallery\/solfeggio-maskare\/dsc01778.jpg\"\n               data-thumbnail=\"https:\/\/kontesadora.hr\/stara\/wp-content\/gallery\/solfeggio-maskare\/thumbs\/thumbs_dsc01778.jpg\"\n               data-image-id=\"515\"\n               data-title=\"dsc01778\"\n               data-description=\"\"\n               data-image-slug=\"dsc01778\"\n               class=\"shutterset_c5fb3fb0af2c5a4f17f3c065f19fcf8d\">\n                <img\n                    title=\"dsc01778\"\n                    alt=\"dsc01778\"\n                    src=\"https:\/\/kontesadora.hr\/stara\/wp-content\/gallery\/solfeggio-maskare\/thumbs\/thumbs_dsc01778.jpg\"\n                    width=\"100\"\n                    height=\"75\"\n                    style=\"max-width:100%;\"\n                \/>\n            <\/a>\n        <\/div>\n\t\t\t\t\t\t\t<\/div> \n\t\t\t\n        \n\t\t\t\t<div id=\"ngg-image-4\" class=\"ngg-gallery-thumbnail-box\" >\n\t\t\t\t        <div class=\"ngg-gallery-thumbnail\">\n            <a href=\"https:\/\/kontesadora.hr\/stara\/wp-content\/gallery\/solfeggio-maskare\/dsc01777.jpg\"\n               title=\"\"\n               data-src=\"https:\/\/kontesadora.hr\/stara\/wp-content\/gallery\/solfeggio-maskare\/dsc01777.jpg\"\n               data-thumbnail=\"https:\/\/kontesadora.hr\/stara\/wp-content\/gallery\/solfeggio-maskare\/thumbs\/thumbs_dsc01777.jpg\"\n               data-image-id=\"514\"\n               data-title=\"dsc01777\"\n               data-description=\"\"\n               data-image-slug=\"dsc01777\"\n               class=\"shutterset_c5fb3fb0af2c5a4f17f3c065f19fcf8d\">\n                <img\n                    title=\"dsc01777\"\n                    alt=\"dsc01777\"\n                    src=\"https:\/\/kontesadora.hr\/stara\/wp-content\/gallery\/solfeggio-maskare\/thumbs\/thumbs_dsc01777.jpg\"\n                    width=\"100\"\n                    height=\"75\"\n                    style=\"max-width:100%;\"\n                \/>\n            <\/a>\n        <\/div>\n\t\t\t\t\t\t\t<\/div> \n\t\t\t\n        \n\t\t\t\t<div id=\"ngg-image-5\" class=\"ngg-gallery-thumbnail-box\" >\n\t\t\t\t        <div class=\"ngg-gallery-thumbnail\">\n            <a href=\"https:\/\/kontesadora.hr\/stara\/wp-content\/gallery\/solfeggio-maskare\/dsc01775.jpg\"\n               title=\"\"\n               data-src=\"https:\/\/kontesadora.hr\/stara\/wp-content\/gallery\/solfeggio-maskare\/dsc01775.jpg\"\n               data-thumbnail=\"https:\/\/kontesadora.hr\/stara\/wp-content\/gallery\/solfeggio-maskare\/thumbs\/thumbs_dsc01775.jpg\"\n               data-image-id=\"513\"\n               data-title=\"dsc01775\"\n               data-description=\"\"\n               data-image-slug=\"dsc01775\"\n               class=\"shutterset_c5fb3fb0af2c5a4f17f3c065f19fcf8d\">\n                <img\n                    title=\"dsc01775\"\n                    alt=\"dsc01775\"\n                    src=\"https:\/\/kontesadora.hr\/stara\/wp-content\/gallery\/solfeggio-maskare\/thumbs\/thumbs_dsc01775.jpg\"\n                    width=\"100\"\n                    height=\"75\"\n                    style=\"max-width:100%;\"\n                \/>\n            <\/a>\n        <\/div>\n\t\t\t\t\t\t\t<\/div> \n\t\t\t\n        \n\t\t\t\t<div id=\"ngg-image-6\" class=\"ngg-gallery-thumbnail-box\" >\n\t\t\t\t        <div class=\"ngg-gallery-thumbnail\">\n            <a href=\"https:\/\/kontesadora.hr\/stara\/wp-content\/gallery\/solfeggio-maskare\/dsc01773.jpg\"\n               title=\"\"\n               data-src=\"https:\/\/kontesadora.hr\/stara\/wp-content\/gallery\/solfeggio-maskare\/dsc01773.jpg\"\n               data-thumbnail=\"https:\/\/kontesadora.hr\/stara\/wp-content\/gallery\/solfeggio-maskare\/thumbs\/thumbs_dsc01773.jpg\"\n               data-image-id=\"512\"\n               data-title=\"dsc01773\"\n               data-description=\"\"\n               data-image-slug=\"dsc01773\"\n               class=\"shutterset_c5fb3fb0af2c5a4f17f3c065f19fcf8d\">\n                <img\n                    title=\"dsc01773\"\n                    alt=\"dsc01773\"\n                    src=\"https:\/\/kontesadora.hr\/stara\/wp-content\/gallery\/solfeggio-maskare\/thumbs\/thumbs_dsc01773.jpg\"\n                    width=\"100\"\n                    height=\"75\"\n                    style=\"max-width:100%;\"\n                \/>\n            <\/a>\n        <\/div>\n\t\t\t\t\t\t\t<\/div> \n\t\t\t\n        \n\t\t\t\t<div id=\"ngg-image-7\" class=\"ngg-gallery-thumbnail-box\" >\n\t\t\t\t        <div class=\"ngg-gallery-thumbnail\">\n            <a href=\"https:\/\/kontesadora.hr\/stara\/wp-content\/gallery\/solfeggio-maskare\/dsc01772.jpg\"\n               title=\"\"\n               data-src=\"https:\/\/kontesadora.hr\/stara\/wp-content\/gallery\/solfeggio-maskare\/dsc01772.jpg\"\n               data-thumbnail=\"https:\/\/kontesadora.hr\/stara\/wp-content\/gallery\/solfeggio-maskare\/thumbs\/thumbs_dsc01772.jpg\"\n               data-image-id=\"511\"\n               data-title=\"dsc01772\"\n               data-description=\"\"\n               data-image-slug=\"dsc01772\"\n               class=\"shutterset_c5fb3fb0af2c5a4f17f3c065f19fcf8d\">\n                <img\n                    title=\"dsc01772\"\n                    alt=\"dsc01772\"\n                    src=\"https:\/\/kontesadora.hr\/stara\/wp-content\/gallery\/solfeggio-maskare\/thumbs\/thumbs_dsc01772.jpg\"\n                    width=\"100\"\n                    height=\"75\"\n                    style=\"max-width:100%;\"\n                \/>\n            <\/a>\n        <\/div>\n\t\t\t\t\t\t\t<\/div> \n\t\t\t\n        \n\t\t\t\t<div id=\"ngg-image-8\" class=\"ngg-gallery-thumbnail-box\" >\n\t\t\t\t        <div class=\"ngg-gallery-thumbnail\">\n            <a href=\"https:\/\/kontesadora.hr\/stara\/wp-content\/gallery\/solfeggio-maskare\/dsc01771.jpg\"\n               title=\"\"\n               data-src=\"https:\/\/kontesadora.hr\/stara\/wp-content\/gallery\/solfeggio-maskare\/dsc01771.jpg\"\n               data-thumbnail=\"https:\/\/kontesadora.hr\/stara\/wp-content\/gallery\/solfeggio-maskare\/thumbs\/thumbs_dsc01771.jpg\"\n               data-image-id=\"510\"\n               data-title=\"dsc01771\"\n               data-description=\"\"\n               data-image-slug=\"dsc01771\"\n               class=\"shutterset_c5fb3fb0af2c5a4f17f3c065f19fcf8d\">\n                <img\n                    title=\"dsc01771\"\n                    alt=\"dsc01771\"\n                    src=\"https:\/\/kontesadora.hr\/stara\/wp-content\/gallery\/solfeggio-maskare\/thumbs\/thumbs_dsc01771.jpg\"\n                    width=\"100\"\n                    height=\"75\"\n                    style=\"max-width:100%;\"\n                \/>\n            <\/a>\n        <\/div>\n\t\t\t\t\t\t\t<\/div> \n\t\t\t\n        \n\t\t\t\t<div id=\"ngg-image-9\" class=\"ngg-gallery-thumbnail-box\" >\n\t\t\t\t        <div class=\"ngg-gallery-thumbnail\">\n            <a href=\"https:\/\/kontesadora.hr\/stara\/wp-content\/gallery\/solfeggio-maskare\/dsc01769.jpg\"\n               title=\"\"\n               data-src=\"https:\/\/kontesadora.hr\/stara\/wp-content\/gallery\/solfeggio-maskare\/dsc01769.jpg\"\n               data-thumbnail=\"https:\/\/kontesadora.hr\/stara\/wp-content\/gallery\/solfeggio-maskare\/thumbs\/thumbs_dsc01769.jpg\"\n               data-image-id=\"509\"\n               data-title=\"dsc01769\"\n               data-description=\"\"\n               data-image-slug=\"dsc01769\"\n               class=\"shutterset_c5fb3fb0af2c5a4f17f3c065f19fcf8d\">\n                <img\n                    title=\"dsc01769\"\n                    alt=\"dsc01769\"\n                    src=\"https:\/\/kontesadora.hr\/stara\/wp-content\/gallery\/solfeggio-maskare\/thumbs\/thumbs_dsc01769.jpg\"\n                    width=\"100\"\n                    height=\"75\"\n                    style=\"max-width:100%;\"\n                \/>\n            <\/a>\n        <\/div>\n\t\t\t\t\t\t\t<\/div> \n\t\t\t\n        \n\t\t\t\t<div id=\"ngg-image-10\" class=\"ngg-gallery-thumbnail-box\" >\n\t\t\t\t        <div class=\"ngg-gallery-thumbnail\">\n            <a href=\"https:\/\/kontesadora.hr\/stara\/wp-content\/gallery\/solfeggio-maskare\/dsc01768.jpg\"\n               title=\"\"\n               data-src=\"https:\/\/kontesadora.hr\/stara\/wp-content\/gallery\/solfeggio-maskare\/dsc01768.jpg\"\n               data-thumbnail=\"https:\/\/kontesadora.hr\/stara\/wp-content\/gallery\/solfeggio-maskare\/thumbs\/thumbs_dsc01768.jpg\"\n               data-image-id=\"508\"\n               data-title=\"dsc01768\"\n               data-description=\"\"\n               data-image-slug=\"dsc01768\"\n               class=\"shutterset_c5fb3fb0af2c5a4f17f3c065f19fcf8d\">\n                <img\n                    title=\"dsc01768\"\n                    alt=\"dsc01768\"\n                    src=\"https:\/\/kontesadora.hr\/stara\/wp-content\/gallery\/solfeggio-maskare\/thumbs\/thumbs_dsc01768.jpg\"\n                    width=\"100\"\n                    height=\"75\"\n                    style=\"max-width:100%;\"\n                \/>\n            <\/a>\n        <\/div>\n\t\t\t\t\t\t\t<\/div> \n\t\t\t\n        \n\t\t\t\t<div id=\"ngg-image-11\" class=\"ngg-gallery-thumbnail-box\" >\n\t\t\t\t        <div class=\"ngg-gallery-thumbnail\">\n            <a href=\"https:\/\/kontesadora.hr\/stara\/wp-content\/gallery\/solfeggio-maskare\/dsc01767.jpg\"\n               title=\"\"\n               data-src=\"https:\/\/kontesadora.hr\/stara\/wp-content\/gallery\/solfeggio-maskare\/dsc01767.jpg\"\n               data-thumbnail=\"https:\/\/kontesadora.hr\/stara\/wp-content\/gallery\/solfeggio-maskare\/thumbs\/thumbs_dsc01767.jpg\"\n               data-image-id=\"507\"\n               data-title=\"dsc01767\"\n               data-description=\"\"\n               data-image-slug=\"dsc01767\"\n               class=\"shutterset_c5fb3fb0af2c5a4f17f3c065f19fcf8d\">\n                <img\n                    title=\"dsc01767\"\n                    alt=\"dsc01767\"\n                    src=\"https:\/\/kontesadora.hr\/stara\/wp-content\/gallery\/solfeggio-maskare\/thumbs\/thumbs_dsc01767.jpg\"\n                    width=\"100\"\n                    height=\"75\"\n                    style=\"max-width:100%;\"\n                \/>\n            <\/a>\n        <\/div>\n\t\t\t\t\t\t\t<\/div> \n\t\t\t\n        \n\t\t\t\t<div id=\"ngg-image-12\" class=\"ngg-gallery-thumbnail-box\" >\n\t\t\t\t        <div class=\"ngg-gallery-thumbnail\">\n            <a href=\"https:\/\/kontesadora.hr\/stara\/wp-content\/gallery\/solfeggio-maskare\/dsc01765.jpg\"\n               title=\"\"\n               data-src=\"https:\/\/kontesadora.hr\/stara\/wp-content\/gallery\/solfeggio-maskare\/dsc01765.jpg\"\n               data-thumbnail=\"https:\/\/kontesadora.hr\/stara\/wp-content\/gallery\/solfeggio-maskare\/thumbs\/thumbs_dsc01765.jpg\"\n               data-image-id=\"506\"\n               data-title=\"dsc01765\"\n               data-description=\"\"\n               data-image-slug=\"dsc01765\"\n               class=\"shutterset_c5fb3fb0af2c5a4f17f3c065f19fcf8d\">\n                <img\n                    title=\"dsc01765\"\n                    alt=\"dsc01765\"\n                    src=\"https:\/\/kontesadora.hr\/stara\/wp-content\/gallery\/solfeggio-maskare\/thumbs\/thumbs_dsc01765.jpg\"\n                    width=\"100\"\n                    height=\"75\"\n                    style=\"max-width:100%;\"\n                \/>\n            <\/a>\n        <\/div>\n\t\t\t\t\t\t\t<\/div> \n\t\t\t\n        \n\t\t\n\t\t<!-- Pagination -->\n\t<div class='ngg-clear'><\/div>\t<\/div>\n24. velja\u010de 2009. Po\u010detni\u010dki solffegio pod maskama<\/p>\n<!-- index.php -->\n<div\n\tclass=\"ngg-galleryoverview ngg-ajax-pagination-none\"\n\tid=\"ngg-gallery-be7794d236de6ddfefb58f9f07646874-1\">\n\n    \t<div class=\"slideshowlink\">\n        <a href='https:\/\/kontesadora.hr\/stara\/galerija\/nggallery\/slideshow'>[Show as slideshow]<\/a>\n\t\t\n\t<\/div>\n\t\t\t<!-- Thumbnails -->\n\t\t\t\t<div id=\"ngg-image-0\" class=\"ngg-gallery-thumbnail-box\" >\n\t\t\t\t        <div class=\"ngg-gallery-thumbnail\">\n            <a href=\"https:\/\/kontesadora.hr\/stara\/wp-content\/gallery\/opatija-2008\/picture-077.jpg\"\n               title=\"\"\n               data-src=\"https:\/\/kontesadora.hr\/stara\/wp-content\/gallery\/opatija-2008\/picture-077.jpg\"\n               data-thumbnail=\"https:\/\/kontesadora.hr\/stara\/wp-content\/gallery\/opatija-2008\/thumbs\/thumbs_picture-077.jpg\"\n               data-image-id=\"1319\"\n               data-title=\"picture-077\"\n               data-description=\"\"\n               data-image-slug=\"picture-077\"\n               class=\"shutterset_be7794d236de6ddfefb58f9f07646874\">\n                <img\n                    title=\"picture-077\"\n                    alt=\"picture-077\"\n                    src=\"https:\/\/kontesadora.hr\/stara\/wp-content\/gallery\/opatija-2008\/thumbs\/thumbs_picture-077.jpg\"\n                    width=\"100\"\n                    height=\"75\"\n                    style=\"max-width:100%;\"\n                \/>\n            <\/a>\n        <\/div>\n\t\t\t\t\t\t\t<\/div> \n\t\t\t\n        \n\t\t\t\t<div id=\"ngg-image-1\" class=\"ngg-gallery-thumbnail-box\" >\n\t\t\t\t        <div class=\"ngg-gallery-thumbnail\">\n            <a href=\"https:\/\/kontesadora.hr\/stara\/wp-content\/gallery\/opatija-2008\/picture-075.jpg\"\n               title=\"\"\n               data-src=\"https:\/\/kontesadora.hr\/stara\/wp-content\/gallery\/opatija-2008\/picture-075.jpg\"\n               data-thumbnail=\"https:\/\/kontesadora.hr\/stara\/wp-content\/gallery\/opatija-2008\/thumbs\/thumbs_picture-075.jpg\"\n               data-image-id=\"1318\"\n               data-title=\"picture-075\"\n               data-description=\"\"\n               data-image-slug=\"picture-075\"\n               class=\"shutterset_be7794d236de6ddfefb58f9f07646874\">\n                <img\n                    title=\"picture-075\"\n                    alt=\"picture-075\"\n                    src=\"https:\/\/kontesadora.hr\/stara\/wp-content\/gallery\/opatija-2008\/thumbs\/thumbs_picture-075.jpg\"\n                    width=\"100\"\n                    height=\"75\"\n                    style=\"max-width:100%;\"\n                \/>\n            <\/a>\n        <\/div>\n\t\t\t\t\t\t\t<\/div> \n\t\t\t\n        \n\t\t\t\t<div id=\"ngg-image-2\" class=\"ngg-gallery-thumbnail-box\" >\n\t\t\t\t        <div class=\"ngg-gallery-thumbnail\">\n            <a href=\"https:\/\/kontesadora.hr\/stara\/wp-content\/gallery\/opatija-2008\/picture-066.jpg\"\n               title=\"\"\n               data-src=\"https:\/\/kontesadora.hr\/stara\/wp-content\/gallery\/opatija-2008\/picture-066.jpg\"\n               data-thumbnail=\"https:\/\/kontesadora.hr\/stara\/wp-content\/gallery\/opatija-2008\/thumbs\/thumbs_picture-066.jpg\"\n               data-image-id=\"1317\"\n               data-title=\"picture-066\"\n               data-description=\"\"\n               data-image-slug=\"picture-066\"\n               class=\"shutterset_be7794d236de6ddfefb58f9f07646874\">\n                <img\n                    title=\"picture-066\"\n                    alt=\"picture-066\"\n                    src=\"https:\/\/kontesadora.hr\/stara\/wp-content\/gallery\/opatija-2008\/thumbs\/thumbs_picture-066.jpg\"\n                    width=\"100\"\n                    height=\"75\"\n                    style=\"max-width:100%;\"\n                \/>\n            <\/a>\n        <\/div>\n\t\t\t\t\t\t\t<\/div> \n\t\t\t\n        \n\t\t\t\t<div id=\"ngg-image-3\" class=\"ngg-gallery-thumbnail-box\" >\n\t\t\t\t        <div class=\"ngg-gallery-thumbnail\">\n            <a href=\"https:\/\/kontesadora.hr\/stara\/wp-content\/gallery\/opatija-2008\/picture-064.jpg\"\n               title=\"\"\n               data-src=\"https:\/\/kontesadora.hr\/stara\/wp-content\/gallery\/opatija-2008\/picture-064.jpg\"\n               data-thumbnail=\"https:\/\/kontesadora.hr\/stara\/wp-content\/gallery\/opatija-2008\/thumbs\/thumbs_picture-064.jpg\"\n               data-image-id=\"1316\"\n               data-title=\"picture-064\"\n               data-description=\"\"\n               data-image-slug=\"picture-064\"\n               class=\"shutterset_be7794d236de6ddfefb58f9f07646874\">\n                <img\n                    title=\"picture-064\"\n                    alt=\"picture-064\"\n                    src=\"https:\/\/kontesadora.hr\/stara\/wp-content\/gallery\/opatija-2008\/thumbs\/thumbs_picture-064.jpg\"\n                    width=\"100\"\n                    height=\"75\"\n                    style=\"max-width:100%;\"\n                \/>\n            <\/a>\n        <\/div>\n\t\t\t\t\t\t\t<\/div> \n\t\t\t\n        \n\t\t\t\t<div id=\"ngg-image-4\" class=\"ngg-gallery-thumbnail-box\" >\n\t\t\t\t        <div class=\"ngg-gallery-thumbnail\">\n            <a href=\"https:\/\/kontesadora.hr\/stara\/wp-content\/gallery\/opatija-2008\/picture-063.jpg\"\n               title=\"\"\n               data-src=\"https:\/\/kontesadora.hr\/stara\/wp-content\/gallery\/opatija-2008\/picture-063.jpg\"\n               data-thumbnail=\"https:\/\/kontesadora.hr\/stara\/wp-content\/gallery\/opatija-2008\/thumbs\/thumbs_picture-063.jpg\"\n               data-image-id=\"1315\"\n               data-title=\"picture-063\"\n               data-description=\"\"\n               data-image-slug=\"picture-063\"\n               class=\"shutterset_be7794d236de6ddfefb58f9f07646874\">\n                <img\n                    title=\"picture-063\"\n                    alt=\"picture-063\"\n                    src=\"https:\/\/kontesadora.hr\/stara\/wp-content\/gallery\/opatija-2008\/thumbs\/thumbs_picture-063.jpg\"\n                    width=\"100\"\n                    height=\"75\"\n                    style=\"max-width:100%;\"\n                \/>\n            <\/a>\n        <\/div>\n\t\t\t\t\t\t\t<\/div> \n\t\t\t\n        \n\t\t\t\t<div id=\"ngg-image-5\" class=\"ngg-gallery-thumbnail-box\" >\n\t\t\t\t        <div class=\"ngg-gallery-thumbnail\">\n            <a href=\"https:\/\/kontesadora.hr\/stara\/wp-content\/gallery\/opatija-2008\/picture-062.jpg\"\n               title=\"\"\n               data-src=\"https:\/\/kontesadora.hr\/stara\/wp-content\/gallery\/opatija-2008\/picture-062.jpg\"\n               data-thumbnail=\"https:\/\/kontesadora.hr\/stara\/wp-content\/gallery\/opatija-2008\/thumbs\/thumbs_picture-062.jpg\"\n               data-image-id=\"1314\"\n               data-title=\"picture-062\"\n               data-description=\"\"\n               data-image-slug=\"picture-062\"\n               class=\"shutterset_be7794d236de6ddfefb58f9f07646874\">\n                <img\n                    title=\"picture-062\"\n                    alt=\"picture-062\"\n                    src=\"https:\/\/kontesadora.hr\/stara\/wp-content\/gallery\/opatija-2008\/thumbs\/thumbs_picture-062.jpg\"\n                    width=\"100\"\n                    height=\"75\"\n                    style=\"max-width:100%;\"\n                \/>\n            <\/a>\n        <\/div>\n\t\t\t\t\t\t\t<\/div> \n\t\t\t\n        \n\t\t\t\t<div id=\"ngg-image-6\" class=\"ngg-gallery-thumbnail-box\" >\n\t\t\t\t        <div class=\"ngg-gallery-thumbnail\">\n            <a href=\"https:\/\/kontesadora.hr\/stara\/wp-content\/gallery\/opatija-2008\/picture-061.jpg\"\n               title=\"\"\n               data-src=\"https:\/\/kontesadora.hr\/stara\/wp-content\/gallery\/opatija-2008\/picture-061.jpg\"\n               data-thumbnail=\"https:\/\/kontesadora.hr\/stara\/wp-content\/gallery\/opatija-2008\/thumbs\/thumbs_picture-061.jpg\"\n               data-image-id=\"1313\"\n               data-title=\"picture-061\"\n               data-description=\"\"\n               data-image-slug=\"picture-061\"\n               class=\"shutterset_be7794d236de6ddfefb58f9f07646874\">\n                <img\n                    title=\"picture-061\"\n                    alt=\"picture-061\"\n                    src=\"https:\/\/kontesadora.hr\/stara\/wp-content\/gallery\/opatija-2008\/thumbs\/thumbs_picture-061.jpg\"\n                    width=\"100\"\n                    height=\"75\"\n                    style=\"max-width:100%;\"\n                \/>\n            <\/a>\n        <\/div>\n\t\t\t\t\t\t\t<\/div> \n\t\t\t\n        \n\t\t\t\t<div id=\"ngg-image-7\" class=\"ngg-gallery-thumbnail-box\" >\n\t\t\t\t        <div class=\"ngg-gallery-thumbnail\">\n            <a href=\"https:\/\/kontesadora.hr\/stara\/wp-content\/gallery\/opatija-2008\/picture-059.jpg\"\n               title=\"\"\n               data-src=\"https:\/\/kontesadora.hr\/stara\/wp-content\/gallery\/opatija-2008\/picture-059.jpg\"\n               data-thumbnail=\"https:\/\/kontesadora.hr\/stara\/wp-content\/gallery\/opatija-2008\/thumbs\/thumbs_picture-059.jpg\"\n               data-image-id=\"1312\"\n               data-title=\"picture-059\"\n               data-description=\"\"\n               data-image-slug=\"picture-059\"\n               class=\"shutterset_be7794d236de6ddfefb58f9f07646874\">\n                <img\n                    title=\"picture-059\"\n                    alt=\"picture-059\"\n                    src=\"https:\/\/kontesadora.hr\/stara\/wp-content\/gallery\/opatija-2008\/thumbs\/thumbs_picture-059.jpg\"\n                    width=\"100\"\n                    height=\"75\"\n                    style=\"max-width:100%;\"\n                \/>\n            <\/a>\n        <\/div>\n\t\t\t\t\t\t\t<\/div> \n\t\t\t\n        \n\t\t\t\t<div id=\"ngg-image-8\" class=\"ngg-gallery-thumbnail-box\" >\n\t\t\t\t        <div class=\"ngg-gallery-thumbnail\">\n            <a href=\"https:\/\/kontesadora.hr\/stara\/wp-content\/gallery\/opatija-2008\/picture-058.jpg\"\n               title=\"\"\n               data-src=\"https:\/\/kontesadora.hr\/stara\/wp-content\/gallery\/opatija-2008\/picture-058.jpg\"\n               data-thumbnail=\"https:\/\/kontesadora.hr\/stara\/wp-content\/gallery\/opatija-2008\/thumbs\/thumbs_picture-058.jpg\"\n               data-image-id=\"1311\"\n               data-title=\"picture-058\"\n               data-description=\"\"\n               data-image-slug=\"picture-058\"\n               class=\"shutterset_be7794d236de6ddfefb58f9f07646874\">\n                <img\n                    title=\"picture-058\"\n                    alt=\"picture-058\"\n                    src=\"https:\/\/kontesadora.hr\/stara\/wp-content\/gallery\/opatija-2008\/thumbs\/thumbs_picture-058.jpg\"\n                    width=\"100\"\n                    height=\"75\"\n                    style=\"max-width:100%;\"\n                \/>\n            <\/a>\n        <\/div>\n\t\t\t\t\t\t\t<\/div> \n\t\t\t\n        \n\t\t\t\t<div id=\"ngg-image-9\" class=\"ngg-gallery-thumbnail-box\" >\n\t\t\t\t        <div class=\"ngg-gallery-thumbnail\">\n            <a href=\"https:\/\/kontesadora.hr\/stara\/wp-content\/gallery\/opatija-2008\/picture-051.jpg\"\n               title=\"\"\n               data-src=\"https:\/\/kontesadora.hr\/stara\/wp-content\/gallery\/opatija-2008\/picture-051.jpg\"\n               data-thumbnail=\"https:\/\/kontesadora.hr\/stara\/wp-content\/gallery\/opatija-2008\/thumbs\/thumbs_picture-051.jpg\"\n               data-image-id=\"1310\"\n               data-title=\"picture-051\"\n               data-description=\"\"\n               data-image-slug=\"picture-051\"\n               class=\"shutterset_be7794d236de6ddfefb58f9f07646874\">\n                <img\n                    title=\"picture-051\"\n                    alt=\"picture-051\"\n                    src=\"https:\/\/kontesadora.hr\/stara\/wp-content\/gallery\/opatija-2008\/thumbs\/thumbs_picture-051.jpg\"\n                    width=\"100\"\n                    height=\"75\"\n                    style=\"max-width:100%;\"\n                \/>\n            <\/a>\n        <\/div>\n\t\t\t\t\t\t\t<\/div> \n\t\t\t\n        \n\t\t\t\t<div id=\"ngg-image-10\" class=\"ngg-gallery-thumbnail-box\" >\n\t\t\t\t        <div class=\"ngg-gallery-thumbnail\">\n            <a href=\"https:\/\/kontesadora.hr\/stara\/wp-content\/gallery\/opatija-2008\/picture-048.jpg\"\n               title=\"\"\n               data-src=\"https:\/\/kontesadora.hr\/stara\/wp-content\/gallery\/opatija-2008\/picture-048.jpg\"\n               data-thumbnail=\"https:\/\/kontesadora.hr\/stara\/wp-content\/gallery\/opatija-2008\/thumbs\/thumbs_picture-048.jpg\"\n               data-image-id=\"1309\"\n               data-title=\"picture-048\"\n               data-description=\"\"\n               data-image-slug=\"picture-048\"\n               class=\"shutterset_be7794d236de6ddfefb58f9f07646874\">\n                <img\n                    title=\"picture-048\"\n                    alt=\"picture-048\"\n                    src=\"https:\/\/kontesadora.hr\/stara\/wp-content\/gallery\/opatija-2008\/thumbs\/thumbs_picture-048.jpg\"\n                    width=\"100\"\n                    height=\"75\"\n                    style=\"max-width:100%;\"\n                \/>\n            <\/a>\n        <\/div>\n\t\t\t\t\t\t\t<\/div> \n\t\t\t\n        \n\t\t\t\t<div id=\"ngg-image-11\" class=\"ngg-gallery-thumbnail-box\" >\n\t\t\t\t        <div class=\"ngg-gallery-thumbnail\">\n            <a href=\"https:\/\/kontesadora.hr\/stara\/wp-content\/gallery\/opatija-2008\/picture-047.jpg\"\n               title=\"\"\n               data-src=\"https:\/\/kontesadora.hr\/stara\/wp-content\/gallery\/opatija-2008\/picture-047.jpg\"\n               data-thumbnail=\"https:\/\/kontesadora.hr\/stara\/wp-content\/gallery\/opatija-2008\/thumbs\/thumbs_picture-047.jpg\"\n               data-image-id=\"1308\"\n               data-title=\"picture-047\"\n               data-description=\"\"\n               data-image-slug=\"picture-047\"\n               class=\"shutterset_be7794d236de6ddfefb58f9f07646874\">\n                <img\n                    title=\"picture-047\"\n                    alt=\"picture-047\"\n                    src=\"https:\/\/kontesadora.hr\/stara\/wp-content\/gallery\/opatija-2008\/thumbs\/thumbs_picture-047.jpg\"\n                    width=\"100\"\n                    height=\"75\"\n                    style=\"max-width:100%;\"\n                \/>\n            <\/a>\n        <\/div>\n\t\t\t\t\t\t\t<\/div> \n\t\t\t\n        \n\t\t\t\t<div id=\"ngg-image-12\" class=\"ngg-gallery-thumbnail-box\" >\n\t\t\t\t        <div class=\"ngg-gallery-thumbnail\">\n            <a href=\"https:\/\/kontesadora.hr\/stara\/wp-content\/gallery\/opatija-2008\/picture-046.jpg\"\n               title=\"\"\n               data-src=\"https:\/\/kontesadora.hr\/stara\/wp-content\/gallery\/opatija-2008\/picture-046.jpg\"\n               data-thumbnail=\"https:\/\/kontesadora.hr\/stara\/wp-content\/gallery\/opatija-2008\/thumbs\/thumbs_picture-046.jpg\"\n               data-image-id=\"1307\"\n               data-title=\"picture-046\"\n               data-description=\"\"\n               data-image-slug=\"picture-046\"\n               class=\"shutterset_be7794d236de6ddfefb58f9f07646874\">\n                <img\n                    title=\"picture-046\"\n                    alt=\"picture-046\"\n                    src=\"https:\/\/kontesadora.hr\/stara\/wp-content\/gallery\/opatija-2008\/thumbs\/thumbs_picture-046.jpg\"\n                    width=\"100\"\n                    height=\"75\"\n                    style=\"max-width:100%;\"\n                \/>\n            <\/a>\n        <\/div>\n\t\t\t\t\t\t\t<\/div> \n\t\t\t\n        \n\t\t\t\t<div id=\"ngg-image-13\" class=\"ngg-gallery-thumbnail-box\" >\n\t\t\t\t        <div class=\"ngg-gallery-thumbnail\">\n            <a href=\"https:\/\/kontesadora.hr\/stara\/wp-content\/gallery\/opatija-2008\/picture-045.jpg\"\n               title=\"\"\n               data-src=\"https:\/\/kontesadora.hr\/stara\/wp-content\/gallery\/opatija-2008\/picture-045.jpg\"\n               data-thumbnail=\"https:\/\/kontesadora.hr\/stara\/wp-content\/gallery\/opatija-2008\/thumbs\/thumbs_picture-045.jpg\"\n               data-image-id=\"1306\"\n               data-title=\"picture-045\"\n               data-description=\"\"\n               data-image-slug=\"picture-045\"\n               class=\"shutterset_be7794d236de6ddfefb58f9f07646874\">\n                <img\n                    title=\"picture-045\"\n                    alt=\"picture-045\"\n                    src=\"https:\/\/kontesadora.hr\/stara\/wp-content\/gallery\/opatija-2008\/thumbs\/thumbs_picture-045.jpg\"\n                    width=\"100\"\n                    height=\"75\"\n                    style=\"max-width:100%;\"\n                \/>\n            <\/a>\n        <\/div>\n\t\t\t\t\t\t\t<\/div> \n\t\t\t\n        \n\t\t\t\t<div id=\"ngg-image-14\" class=\"ngg-gallery-thumbnail-box\" >\n\t\t\t\t        <div class=\"ngg-gallery-thumbnail\">\n            <a href=\"https:\/\/kontesadora.hr\/stara\/wp-content\/gallery\/opatija-2008\/picture-041.jpg\"\n               title=\"\"\n               data-src=\"https:\/\/kontesadora.hr\/stara\/wp-content\/gallery\/opatija-2008\/picture-041.jpg\"\n               data-thumbnail=\"https:\/\/kontesadora.hr\/stara\/wp-content\/gallery\/opatija-2008\/thumbs\/thumbs_picture-041.jpg\"\n               data-image-id=\"1305\"\n               data-title=\"picture-041\"\n               data-description=\"\"\n               data-image-slug=\"picture-041\"\n               class=\"shutterset_be7794d236de6ddfefb58f9f07646874\">\n                <img\n                    title=\"picture-041\"\n                    alt=\"picture-041\"\n                    src=\"https:\/\/kontesadora.hr\/stara\/wp-content\/gallery\/opatija-2008\/thumbs\/thumbs_picture-041.jpg\"\n                    width=\"100\"\n                    height=\"75\"\n                    style=\"max-width:100%;\"\n                \/>\n            <\/a>\n        <\/div>\n\t\t\t\t\t\t\t<\/div> \n\t\t\t\n        \n\t\t\t\t<div id=\"ngg-image-15\" class=\"ngg-gallery-thumbnail-box\" >\n\t\t\t\t        <div class=\"ngg-gallery-thumbnail\">\n            <a href=\"https:\/\/kontesadora.hr\/stara\/wp-content\/gallery\/opatija-2008\/picture-040.jpg\"\n               title=\"\"\n               data-src=\"https:\/\/kontesadora.hr\/stara\/wp-content\/gallery\/opatija-2008\/picture-040.jpg\"\n               data-thumbnail=\"https:\/\/kontesadora.hr\/stara\/wp-content\/gallery\/opatija-2008\/thumbs\/thumbs_picture-040.jpg\"\n               data-image-id=\"1304\"\n               data-title=\"picture-040\"\n               data-description=\"\"\n               data-image-slug=\"picture-040\"\n               class=\"shutterset_be7794d236de6ddfefb58f9f07646874\">\n                <img\n                    title=\"picture-040\"\n                    alt=\"picture-040\"\n                    src=\"https:\/\/kontesadora.hr\/stara\/wp-content\/gallery\/opatija-2008\/thumbs\/thumbs_picture-040.jpg\"\n                    width=\"100\"\n                    height=\"75\"\n                    style=\"max-width:100%;\"\n                \/>\n            <\/a>\n        <\/div>\n\t\t\t\t\t\t\t<\/div> \n\t\t\t\n        \n\t\t\t\t<div id=\"ngg-image-16\" class=\"ngg-gallery-thumbnail-box\" >\n\t\t\t\t        <div class=\"ngg-gallery-thumbnail\">\n            <a href=\"https:\/\/kontesadora.hr\/stara\/wp-content\/gallery\/opatija-2008\/picture-038.jpg\"\n               title=\"\"\n               data-src=\"https:\/\/kontesadora.hr\/stara\/wp-content\/gallery\/opatija-2008\/picture-038.jpg\"\n               data-thumbnail=\"https:\/\/kontesadora.hr\/stara\/wp-content\/gallery\/opatija-2008\/thumbs\/thumbs_picture-038.jpg\"\n               data-image-id=\"1303\"\n               data-title=\"picture-038\"\n               data-description=\"\"\n               data-image-slug=\"picture-038\"\n               class=\"shutterset_be7794d236de6ddfefb58f9f07646874\">\n                <img\n                    title=\"picture-038\"\n                    alt=\"picture-038\"\n                    src=\"https:\/\/kontesadora.hr\/stara\/wp-content\/gallery\/opatija-2008\/thumbs\/thumbs_picture-038.jpg\"\n                    width=\"100\"\n                    height=\"75\"\n                    style=\"max-width:100%;\"\n                \/>\n            <\/a>\n        <\/div>\n\t\t\t\t\t\t\t<\/div> \n\t\t\t\n        \n\t\t\t\t<div id=\"ngg-image-17\" class=\"ngg-gallery-thumbnail-box\" >\n\t\t\t\t        <div class=\"ngg-gallery-thumbnail\">\n            <a href=\"https:\/\/kontesadora.hr\/stara\/wp-content\/gallery\/opatija-2008\/picture-037.jpg\"\n               title=\"\"\n               data-src=\"https:\/\/kontesadora.hr\/stara\/wp-content\/gallery\/opatija-2008\/picture-037.jpg\"\n               data-thumbnail=\"https:\/\/kontesadora.hr\/stara\/wp-content\/gallery\/opatija-2008\/thumbs\/thumbs_picture-037.jpg\"\n               data-image-id=\"1302\"\n               data-title=\"picture-037\"\n               data-description=\"\"\n               data-image-slug=\"picture-037\"\n               class=\"shutterset_be7794d236de6ddfefb58f9f07646874\">\n                <img\n                    title=\"picture-037\"\n                    alt=\"picture-037\"\n                    src=\"https:\/\/kontesadora.hr\/stara\/wp-content\/gallery\/opatija-2008\/thumbs\/thumbs_picture-037.jpg\"\n                    width=\"100\"\n                    height=\"75\"\n                    style=\"max-width:100%;\"\n                \/>\n            <\/a>\n        <\/div>\n\t\t\t\t\t\t\t<\/div> \n\t\t\t\n        \n\t\t\t\t<div id=\"ngg-image-18\" class=\"ngg-gallery-thumbnail-box\" >\n\t\t\t\t        <div class=\"ngg-gallery-thumbnail\">\n            <a href=\"https:\/\/kontesadora.hr\/stara\/wp-content\/gallery\/opatija-2008\/picture-033.jpg\"\n               title=\"\"\n               data-src=\"https:\/\/kontesadora.hr\/stara\/wp-content\/gallery\/opatija-2008\/picture-033.jpg\"\n               data-thumbnail=\"https:\/\/kontesadora.hr\/stara\/wp-content\/gallery\/opatija-2008\/thumbs\/thumbs_picture-033.jpg\"\n               data-image-id=\"1301\"\n               data-title=\"picture-033\"\n               data-description=\"\"\n               data-image-slug=\"picture-033\"\n               class=\"shutterset_be7794d236de6ddfefb58f9f07646874\">\n                <img\n                    title=\"picture-033\"\n                    alt=\"picture-033\"\n                    src=\"https:\/\/kontesadora.hr\/stara\/wp-content\/gallery\/opatija-2008\/thumbs\/thumbs_picture-033.jpg\"\n                    width=\"100\"\n                    height=\"75\"\n                    style=\"max-width:100%;\"\n                \/>\n            <\/a>\n        <\/div>\n\t\t\t\t\t\t\t<\/div> \n\t\t\t\n        \n\t\t\t\t<div id=\"ngg-image-19\" class=\"ngg-gallery-thumbnail-box\" >\n\t\t\t\t        <div class=\"ngg-gallery-thumbnail\">\n            <a href=\"https:\/\/kontesadora.hr\/stara\/wp-content\/gallery\/opatija-2008\/picture-032.jpg\"\n               title=\"\"\n               data-src=\"https:\/\/kontesadora.hr\/stara\/wp-content\/gallery\/opatija-2008\/picture-032.jpg\"\n               data-thumbnail=\"https:\/\/kontesadora.hr\/stara\/wp-content\/gallery\/opatija-2008\/thumbs\/thumbs_picture-032.jpg\"\n               data-image-id=\"1300\"\n               data-title=\"picture-032\"\n               data-description=\"\"\n               data-image-slug=\"picture-032\"\n               class=\"shutterset_be7794d236de6ddfefb58f9f07646874\">\n                <img\n                    title=\"picture-032\"\n                    alt=\"picture-032\"\n                    src=\"https:\/\/kontesadora.hr\/stara\/wp-content\/gallery\/opatija-2008\/thumbs\/thumbs_picture-032.jpg\"\n                    width=\"100\"\n                    height=\"75\"\n                    style=\"max-width:100%;\"\n                \/>\n            <\/a>\n        <\/div>\n\t\t\t\t\t\t\t<\/div> \n\t\t\t\n        \n\t\t\n\t\t<!-- Pagination -->\n\t<div class='ngg-navigation'><span class='current'>1<\/span>\n<a class='page-numbers' data-pageid='2' href='https:\/\/kontesadora.hr\/stara\/galerija\/nggallery\/page\/2'>2<\/a>\n<a class='prev' href='https:\/\/kontesadora.hr\/stara\/galerija\/nggallery\/page\/2' data-pageid=2>&#9658;<\/a><\/div>\t<\/div>\n2. &#8211; 6. prosinca 2008. Opatija, glasovirski duo: Elena Sabljak i Antun Ivi\u0107, mentor: Darija Vlajni\u0107<\/p>\n<!-- index.php -->\n<div\n\tclass=\"ngg-galleryoverview ngg-ajax-pagination-none\"\n\tid=\"ngg-gallery-902aad14f7ae53bf4d3da6c20f6bacb8-1\">\n\n    \t<div class=\"slideshowlink\">\n        <a href='https:\/\/kontesadora.hr\/stara\/galerija\/nggallery\/slideshow'>[Show as slideshow]<\/a>\n\t\t\n\t<\/div>\n\t\t\t<!-- Thumbnails -->\n\t\t\t\t<div id=\"ngg-image-0\" class=\"ngg-gallery-thumbnail-box\" >\n\t\t\t\t        <div class=\"ngg-gallery-thumbnail\">\n            <a href=\"https:\/\/kontesadora.hr\/stara\/wp-content\/gallery\/dan-skole-2008\/dsc00904.jpg\"\n               title=\"\"\n               data-src=\"https:\/\/kontesadora.hr\/stara\/wp-content\/gallery\/dan-skole-2008\/dsc00904.jpg\"\n               data-thumbnail=\"https:\/\/kontesadora.hr\/stara\/wp-content\/gallery\/dan-skole-2008\/thumbs\/thumbs_dsc00904.jpg\"\n               data-image-id=\"505\"\n               data-title=\"dsc00904\"\n               data-description=\"\"\n               data-image-slug=\"dsc00904\"\n               class=\"shutterset_902aad14f7ae53bf4d3da6c20f6bacb8\">\n                <img\n                    title=\"dsc00904\"\n                    alt=\"dsc00904\"\n                    src=\"https:\/\/kontesadora.hr\/stara\/wp-content\/gallery\/dan-skole-2008\/thumbs\/thumbs_dsc00904.jpg\"\n                    width=\"100\"\n                    height=\"75\"\n                    style=\"max-width:100%;\"\n                \/>\n            <\/a>\n        <\/div>\n\t\t\t\t\t\t\t<\/div> \n\t\t\t\n        \n\t\t\t\t<div id=\"ngg-image-1\" class=\"ngg-gallery-thumbnail-box\" >\n\t\t\t\t        <div class=\"ngg-gallery-thumbnail\">\n            <a href=\"https:\/\/kontesadora.hr\/stara\/wp-content\/gallery\/dan-skole-2008\/dsc00883.jpg\"\n               title=\"\"\n               data-src=\"https:\/\/kontesadora.hr\/stara\/wp-content\/gallery\/dan-skole-2008\/dsc00883.jpg\"\n               data-thumbnail=\"https:\/\/kontesadora.hr\/stara\/wp-content\/gallery\/dan-skole-2008\/thumbs\/thumbs_dsc00883.jpg\"\n               data-image-id=\"504\"\n               data-title=\"dsc00883\"\n               data-description=\"\"\n               data-image-slug=\"dsc00883\"\n               class=\"shutterset_902aad14f7ae53bf4d3da6c20f6bacb8\">\n                <img\n                    title=\"dsc00883\"\n                    alt=\"dsc00883\"\n                    src=\"https:\/\/kontesadora.hr\/stara\/wp-content\/gallery\/dan-skole-2008\/thumbs\/thumbs_dsc00883.jpg\"\n                    width=\"100\"\n                    height=\"75\"\n                    style=\"max-width:100%;\"\n                \/>\n            <\/a>\n        <\/div>\n\t\t\t\t\t\t\t<\/div> \n\t\t\t\n        \n\t\t\t\t<div id=\"ngg-image-2\" class=\"ngg-gallery-thumbnail-box\" >\n\t\t\t\t        <div class=\"ngg-gallery-thumbnail\">\n            <a href=\"https:\/\/kontesadora.hr\/stara\/wp-content\/gallery\/dan-skole-2008\/dsc00881.jpg\"\n               title=\"\"\n               data-src=\"https:\/\/kontesadora.hr\/stara\/wp-content\/gallery\/dan-skole-2008\/dsc00881.jpg\"\n               data-thumbnail=\"https:\/\/kontesadora.hr\/stara\/wp-content\/gallery\/dan-skole-2008\/thumbs\/thumbs_dsc00881.jpg\"\n               data-image-id=\"503\"\n               data-title=\"dsc00881\"\n               data-description=\"\"\n               data-image-slug=\"dsc00881\"\n               class=\"shutterset_902aad14f7ae53bf4d3da6c20f6bacb8\">\n                <img\n                    title=\"dsc00881\"\n                    alt=\"dsc00881\"\n                    src=\"https:\/\/kontesadora.hr\/stara\/wp-content\/gallery\/dan-skole-2008\/thumbs\/thumbs_dsc00881.jpg\"\n                    width=\"100\"\n                    height=\"75\"\n                    style=\"max-width:100%;\"\n                \/>\n            <\/a>\n        <\/div>\n\t\t\t\t\t\t\t<\/div> \n\t\t\t\n        \n\t\t\t\t<div id=\"ngg-image-3\" class=\"ngg-gallery-thumbnail-box\" >\n\t\t\t\t        <div class=\"ngg-gallery-thumbnail\">\n            <a href=\"https:\/\/kontesadora.hr\/stara\/wp-content\/gallery\/dan-skole-2008\/dsc00880.jpg\"\n               title=\"\"\n               data-src=\"https:\/\/kontesadora.hr\/stara\/wp-content\/gallery\/dan-skole-2008\/dsc00880.jpg\"\n               data-thumbnail=\"https:\/\/kontesadora.hr\/stara\/wp-content\/gallery\/dan-skole-2008\/thumbs\/thumbs_dsc00880.jpg\"\n               data-image-id=\"502\"\n               data-title=\"dsc00880\"\n               data-description=\"\"\n               data-image-slug=\"dsc00880\"\n               class=\"shutterset_902aad14f7ae53bf4d3da6c20f6bacb8\">\n                <img\n                    title=\"dsc00880\"\n                    alt=\"dsc00880\"\n                    src=\"https:\/\/kontesadora.hr\/stara\/wp-content\/gallery\/dan-skole-2008\/thumbs\/thumbs_dsc00880.jpg\"\n                    width=\"100\"\n                    height=\"75\"\n                    style=\"max-width:100%;\"\n                \/>\n            <\/a>\n        <\/div>\n\t\t\t\t\t\t\t<\/div> \n\t\t\t\n        \n\t\t\t\t<div id=\"ngg-image-4\" class=\"ngg-gallery-thumbnail-box\" >\n\t\t\t\t        <div class=\"ngg-gallery-thumbnail\">\n            <a href=\"https:\/\/kontesadora.hr\/stara\/wp-content\/gallery\/dan-skole-2008\/dsc00879.jpg\"\n               title=\"\"\n               data-src=\"https:\/\/kontesadora.hr\/stara\/wp-content\/gallery\/dan-skole-2008\/dsc00879.jpg\"\n               data-thumbnail=\"https:\/\/kontesadora.hr\/stara\/wp-content\/gallery\/dan-skole-2008\/thumbs\/thumbs_dsc00879.jpg\"\n               data-image-id=\"501\"\n               data-title=\"dsc00879\"\n               data-description=\"\"\n               data-image-slug=\"dsc00879\"\n               class=\"shutterset_902aad14f7ae53bf4d3da6c20f6bacb8\">\n                <img\n                    title=\"dsc00879\"\n                    alt=\"dsc00879\"\n                    src=\"https:\/\/kontesadora.hr\/stara\/wp-content\/gallery\/dan-skole-2008\/thumbs\/thumbs_dsc00879.jpg\"\n                    width=\"100\"\n                    height=\"75\"\n                    style=\"max-width:100%;\"\n                \/>\n            <\/a>\n        <\/div>\n\t\t\t\t\t\t\t<\/div> \n\t\t\t\n        \n\t\t\t\t<div id=\"ngg-image-5\" class=\"ngg-gallery-thumbnail-box\" >\n\t\t\t\t        <div class=\"ngg-gallery-thumbnail\">\n            <a href=\"https:\/\/kontesadora.hr\/stara\/wp-content\/gallery\/dan-skole-2008\/dsc00878.jpg\"\n               title=\"\"\n               data-src=\"https:\/\/kontesadora.hr\/stara\/wp-content\/gallery\/dan-skole-2008\/dsc00878.jpg\"\n               data-thumbnail=\"https:\/\/kontesadora.hr\/stara\/wp-content\/gallery\/dan-skole-2008\/thumbs\/thumbs_dsc00878.jpg\"\n               data-image-id=\"500\"\n               data-title=\"dsc00878\"\n               data-description=\"\"\n               data-image-slug=\"dsc00878\"\n               class=\"shutterset_902aad14f7ae53bf4d3da6c20f6bacb8\">\n                <img\n                    title=\"dsc00878\"\n                    alt=\"dsc00878\"\n                    src=\"https:\/\/kontesadora.hr\/stara\/wp-content\/gallery\/dan-skole-2008\/thumbs\/thumbs_dsc00878.jpg\"\n                    width=\"100\"\n                    height=\"75\"\n                    style=\"max-width:100%;\"\n                \/>\n            <\/a>\n        <\/div>\n\t\t\t\t\t\t\t<\/div> \n\t\t\t\n        \n\t\t\t\t<div id=\"ngg-image-6\" class=\"ngg-gallery-thumbnail-box\" >\n\t\t\t\t        <div class=\"ngg-gallery-thumbnail\">\n            <a href=\"https:\/\/kontesadora.hr\/stara\/wp-content\/gallery\/dan-skole-2008\/dsc00872.jpg\"\n               title=\"\"\n               data-src=\"https:\/\/kontesadora.hr\/stara\/wp-content\/gallery\/dan-skole-2008\/dsc00872.jpg\"\n               data-thumbnail=\"https:\/\/kontesadora.hr\/stara\/wp-content\/gallery\/dan-skole-2008\/thumbs\/thumbs_dsc00872.jpg\"\n               data-image-id=\"499\"\n               data-title=\"dsc00872\"\n               data-description=\"\"\n               data-image-slug=\"dsc00872\"\n               class=\"shutterset_902aad14f7ae53bf4d3da6c20f6bacb8\">\n                <img\n                    title=\"dsc00872\"\n                    alt=\"dsc00872\"\n                    src=\"https:\/\/kontesadora.hr\/stara\/wp-content\/gallery\/dan-skole-2008\/thumbs\/thumbs_dsc00872.jpg\"\n                    width=\"100\"\n                    height=\"75\"\n                    style=\"max-width:100%;\"\n                \/>\n            <\/a>\n        <\/div>\n\t\t\t\t\t\t\t<\/div> \n\t\t\t\n        \n\t\t\t\t<div id=\"ngg-image-7\" class=\"ngg-gallery-thumbnail-box\" >\n\t\t\t\t        <div class=\"ngg-gallery-thumbnail\">\n            <a href=\"https:\/\/kontesadora.hr\/stara\/wp-content\/gallery\/dan-skole-2008\/dsc00870.jpg\"\n               title=\"\"\n               data-src=\"https:\/\/kontesadora.hr\/stara\/wp-content\/gallery\/dan-skole-2008\/dsc00870.jpg\"\n               data-thumbnail=\"https:\/\/kontesadora.hr\/stara\/wp-content\/gallery\/dan-skole-2008\/thumbs\/thumbs_dsc00870.jpg\"\n               data-image-id=\"498\"\n               data-title=\"dsc00870\"\n               data-description=\"\"\n               data-image-slug=\"dsc00870\"\n               class=\"shutterset_902aad14f7ae53bf4d3da6c20f6bacb8\">\n                <img\n                    title=\"dsc00870\"\n                    alt=\"dsc00870\"\n                    src=\"https:\/\/kontesadora.hr\/stara\/wp-content\/gallery\/dan-skole-2008\/thumbs\/thumbs_dsc00870.jpg\"\n                    width=\"100\"\n                    height=\"75\"\n                    style=\"max-width:100%;\"\n                \/>\n            <\/a>\n        <\/div>\n\t\t\t\t\t\t\t<\/div> \n\t\t\t\n        \n\t\t\t\t<div id=\"ngg-image-8\" class=\"ngg-gallery-thumbnail-box\" >\n\t\t\t\t        <div class=\"ngg-gallery-thumbnail\">\n            <a href=\"https:\/\/kontesadora.hr\/stara\/wp-content\/gallery\/dan-skole-2008\/dsc00867.jpg\"\n               title=\"\"\n               data-src=\"https:\/\/kontesadora.hr\/stara\/wp-content\/gallery\/dan-skole-2008\/dsc00867.jpg\"\n               data-thumbnail=\"https:\/\/kontesadora.hr\/stara\/wp-content\/gallery\/dan-skole-2008\/thumbs\/thumbs_dsc00867.jpg\"\n               data-image-id=\"497\"\n               data-title=\"dsc00867\"\n               data-description=\"\"\n               data-image-slug=\"dsc00867\"\n               class=\"shutterset_902aad14f7ae53bf4d3da6c20f6bacb8\">\n                <img\n                    title=\"dsc00867\"\n                    alt=\"dsc00867\"\n                    src=\"https:\/\/kontesadora.hr\/stara\/wp-content\/gallery\/dan-skole-2008\/thumbs\/thumbs_dsc00867.jpg\"\n                    width=\"100\"\n                    height=\"75\"\n                    style=\"max-width:100%;\"\n                \/>\n            <\/a>\n        <\/div>\n\t\t\t\t\t\t\t<\/div> \n\t\t\t\n        \n\t\t\t\t<div id=\"ngg-image-9\" class=\"ngg-gallery-thumbnail-box\" >\n\t\t\t\t        <div class=\"ngg-gallery-thumbnail\">\n            <a href=\"https:\/\/kontesadora.hr\/stara\/wp-content\/gallery\/dan-skole-2008\/dsc00866.jpg\"\n               title=\"\"\n               data-src=\"https:\/\/kontesadora.hr\/stara\/wp-content\/gallery\/dan-skole-2008\/dsc00866.jpg\"\n               data-thumbnail=\"https:\/\/kontesadora.hr\/stara\/wp-content\/gallery\/dan-skole-2008\/thumbs\/thumbs_dsc00866.jpg\"\n               data-image-id=\"496\"\n               data-title=\"dsc00866\"\n               data-description=\"\"\n               data-image-slug=\"dsc00866\"\n               class=\"shutterset_902aad14f7ae53bf4d3da6c20f6bacb8\">\n                <img\n                    title=\"dsc00866\"\n                    alt=\"dsc00866\"\n                    src=\"https:\/\/kontesadora.hr\/stara\/wp-content\/gallery\/dan-skole-2008\/thumbs\/thumbs_dsc00866.jpg\"\n                    width=\"100\"\n                    height=\"75\"\n                    style=\"max-width:100%;\"\n                \/>\n            <\/a>\n        <\/div>\n\t\t\t\t\t\t\t<\/div> \n\t\t\t\n        \n\t\t\t\t<div id=\"ngg-image-10\" class=\"ngg-gallery-thumbnail-box\" >\n\t\t\t\t        <div class=\"ngg-gallery-thumbnail\">\n            <a href=\"https:\/\/kontesadora.hr\/stara\/wp-content\/gallery\/dan-skole-2008\/dsc00854.jpg\"\n               title=\"\"\n               data-src=\"https:\/\/kontesadora.hr\/stara\/wp-content\/gallery\/dan-skole-2008\/dsc00854.jpg\"\n               data-thumbnail=\"https:\/\/kontesadora.hr\/stara\/wp-content\/gallery\/dan-skole-2008\/thumbs\/thumbs_dsc00854.jpg\"\n               data-image-id=\"495\"\n               data-title=\"dsc00854\"\n               data-description=\"\"\n               data-image-slug=\"dsc00854\"\n               class=\"shutterset_902aad14f7ae53bf4d3da6c20f6bacb8\">\n                <img\n                    title=\"dsc00854\"\n                    alt=\"dsc00854\"\n                    src=\"https:\/\/kontesadora.hr\/stara\/wp-content\/gallery\/dan-skole-2008\/thumbs\/thumbs_dsc00854.jpg\"\n                    width=\"100\"\n                    height=\"75\"\n                    style=\"max-width:100%;\"\n                \/>\n            <\/a>\n        <\/div>\n\t\t\t\t\t\t\t<\/div> \n\t\t\t\n        \n\t\t\t\t<div id=\"ngg-image-11\" class=\"ngg-gallery-thumbnail-box\" >\n\t\t\t\t        <div class=\"ngg-gallery-thumbnail\">\n            <a href=\"https:\/\/kontesadora.hr\/stara\/wp-content\/gallery\/dan-skole-2008\/dsc00851.jpg\"\n               title=\"\"\n               data-src=\"https:\/\/kontesadora.hr\/stara\/wp-content\/gallery\/dan-skole-2008\/dsc00851.jpg\"\n               data-thumbnail=\"https:\/\/kontesadora.hr\/stara\/wp-content\/gallery\/dan-skole-2008\/thumbs\/thumbs_dsc00851.jpg\"\n               data-image-id=\"494\"\n               data-title=\"dsc00851\"\n               data-description=\"\"\n               data-image-slug=\"dsc00851\"\n               class=\"shutterset_902aad14f7ae53bf4d3da6c20f6bacb8\">\n                <img\n                    title=\"dsc00851\"\n                    alt=\"dsc00851\"\n                    src=\"https:\/\/kontesadora.hr\/stara\/wp-content\/gallery\/dan-skole-2008\/thumbs\/thumbs_dsc00851.jpg\"\n                    width=\"100\"\n                    height=\"75\"\n                    style=\"max-width:100%;\"\n                \/>\n            <\/a>\n        <\/div>\n\t\t\t\t\t\t\t<\/div> \n\t\t\t\n        \n\t\t\t\t<div id=\"ngg-image-12\" class=\"ngg-gallery-thumbnail-box\" >\n\t\t\t\t        <div class=\"ngg-gallery-thumbnail\">\n            <a href=\"https:\/\/kontesadora.hr\/stara\/wp-content\/gallery\/dan-skole-2008\/dsc00848.jpg\"\n               title=\"\"\n               data-src=\"https:\/\/kontesadora.hr\/stara\/wp-content\/gallery\/dan-skole-2008\/dsc00848.jpg\"\n               data-thumbnail=\"https:\/\/kontesadora.hr\/stara\/wp-content\/gallery\/dan-skole-2008\/thumbs\/thumbs_dsc00848.jpg\"\n               data-image-id=\"493\"\n               data-title=\"dsc00848\"\n               data-description=\"\"\n               data-image-slug=\"dsc00848\"\n               class=\"shutterset_902aad14f7ae53bf4d3da6c20f6bacb8\">\n                <img\n                    title=\"dsc00848\"\n                    alt=\"dsc00848\"\n                    src=\"https:\/\/kontesadora.hr\/stara\/wp-content\/gallery\/dan-skole-2008\/thumbs\/thumbs_dsc00848.jpg\"\n                    width=\"100\"\n                    height=\"75\"\n                    style=\"max-width:100%;\"\n                \/>\n            <\/a>\n        <\/div>\n\t\t\t\t\t\t\t<\/div> \n\t\t\t\n        \n\t\t\t\t<div id=\"ngg-image-13\" class=\"ngg-gallery-thumbnail-box\" >\n\t\t\t\t        <div class=\"ngg-gallery-thumbnail\">\n            <a href=\"https:\/\/kontesadora.hr\/stara\/wp-content\/gallery\/dan-skole-2008\/dsc00844.jpg\"\n               title=\"\"\n               data-src=\"https:\/\/kontesadora.hr\/stara\/wp-content\/gallery\/dan-skole-2008\/dsc00844.jpg\"\n               data-thumbnail=\"https:\/\/kontesadora.hr\/stara\/wp-content\/gallery\/dan-skole-2008\/thumbs\/thumbs_dsc00844.jpg\"\n               data-image-id=\"492\"\n               data-title=\"dsc00844\"\n               data-description=\"\"\n               data-image-slug=\"dsc00844\"\n               class=\"shutterset_902aad14f7ae53bf4d3da6c20f6bacb8\">\n                <img\n                    title=\"dsc00844\"\n                    alt=\"dsc00844\"\n                    src=\"https:\/\/kontesadora.hr\/stara\/wp-content\/gallery\/dan-skole-2008\/thumbs\/thumbs_dsc00844.jpg\"\n                    width=\"100\"\n                    height=\"75\"\n                    style=\"max-width:100%;\"\n                \/>\n            <\/a>\n        <\/div>\n\t\t\t\t\t\t\t<\/div> \n\t\t\t\n        \n\t\t\t\t<div id=\"ngg-image-14\" class=\"ngg-gallery-thumbnail-box\" >\n\t\t\t\t        <div class=\"ngg-gallery-thumbnail\">\n            <a href=\"https:\/\/kontesadora.hr\/stara\/wp-content\/gallery\/dan-skole-2008\/dsc00834.jpg\"\n               title=\"\"\n               data-src=\"https:\/\/kontesadora.hr\/stara\/wp-content\/gallery\/dan-skole-2008\/dsc00834.jpg\"\n               data-thumbnail=\"https:\/\/kontesadora.hr\/stara\/wp-content\/gallery\/dan-skole-2008\/thumbs\/thumbs_dsc00834.jpg\"\n               data-image-id=\"491\"\n               data-title=\"dsc00834\"\n               data-description=\"\"\n               data-image-slug=\"dsc00834\"\n               class=\"shutterset_902aad14f7ae53bf4d3da6c20f6bacb8\">\n                <img\n                    title=\"dsc00834\"\n                    alt=\"dsc00834\"\n                    src=\"https:\/\/kontesadora.hr\/stara\/wp-content\/gallery\/dan-skole-2008\/thumbs\/thumbs_dsc00834.jpg\"\n                    width=\"100\"\n                    height=\"75\"\n                    style=\"max-width:100%;\"\n                \/>\n            <\/a>\n        <\/div>\n\t\t\t\t\t\t\t<\/div> \n\t\t\t\n        \n\t\t\t\t<div id=\"ngg-image-15\" class=\"ngg-gallery-thumbnail-box\" >\n\t\t\t\t        <div class=\"ngg-gallery-thumbnail\">\n            <a href=\"https:\/\/kontesadora.hr\/stara\/wp-content\/gallery\/dan-skole-2008\/dsc00832.jpg\"\n               title=\"\"\n               data-src=\"https:\/\/kontesadora.hr\/stara\/wp-content\/gallery\/dan-skole-2008\/dsc00832.jpg\"\n               data-thumbnail=\"https:\/\/kontesadora.hr\/stara\/wp-content\/gallery\/dan-skole-2008\/thumbs\/thumbs_dsc00832.jpg\"\n               data-image-id=\"490\"\n               data-title=\"dsc00832\"\n               data-description=\"\"\n               data-image-slug=\"dsc00832\"\n               class=\"shutterset_902aad14f7ae53bf4d3da6c20f6bacb8\">\n                <img\n                    title=\"dsc00832\"\n                    alt=\"dsc00832\"\n                    src=\"https:\/\/kontesadora.hr\/stara\/wp-content\/gallery\/dan-skole-2008\/thumbs\/thumbs_dsc00832.jpg\"\n                    width=\"100\"\n                    height=\"75\"\n                    style=\"max-width:100%;\"\n                \/>\n            <\/a>\n        <\/div>\n\t\t\t\t\t\t\t<\/div> \n\t\t\t\n        \n\t\t\t\t<div id=\"ngg-image-16\" class=\"ngg-gallery-thumbnail-box\" >\n\t\t\t\t        <div class=\"ngg-gallery-thumbnail\">\n            <a href=\"https:\/\/kontesadora.hr\/stara\/wp-content\/gallery\/dan-skole-2008\/dsc00828.jpg\"\n               title=\"\"\n               data-src=\"https:\/\/kontesadora.hr\/stara\/wp-content\/gallery\/dan-skole-2008\/dsc00828.jpg\"\n               data-thumbnail=\"https:\/\/kontesadora.hr\/stara\/wp-content\/gallery\/dan-skole-2008\/thumbs\/thumbs_dsc00828.jpg\"\n               data-image-id=\"489\"\n               data-title=\"dsc00828\"\n               data-description=\"\"\n               data-image-slug=\"dsc00828\"\n               class=\"shutterset_902aad14f7ae53bf4d3da6c20f6bacb8\">\n                <img\n                    title=\"dsc00828\"\n                    alt=\"dsc00828\"\n                    src=\"https:\/\/kontesadora.hr\/stara\/wp-content\/gallery\/dan-skole-2008\/thumbs\/thumbs_dsc00828.jpg\"\n                    width=\"100\"\n                    height=\"75\"\n                    style=\"max-width:100%;\"\n                \/>\n            <\/a>\n        <\/div>\n\t\t\t\t\t\t\t<\/div> \n\t\t\t\n        \n\t\t\t\t<div id=\"ngg-image-17\" class=\"ngg-gallery-thumbnail-box\" >\n\t\t\t\t        <div class=\"ngg-gallery-thumbnail\">\n            <a href=\"https:\/\/kontesadora.hr\/stara\/wp-content\/gallery\/dan-skole-2008\/dsc00818.jpg\"\n               title=\"\"\n               data-src=\"https:\/\/kontesadora.hr\/stara\/wp-content\/gallery\/dan-skole-2008\/dsc00818.jpg\"\n               data-thumbnail=\"https:\/\/kontesadora.hr\/stara\/wp-content\/gallery\/dan-skole-2008\/thumbs\/thumbs_dsc00818.jpg\"\n               data-image-id=\"488\"\n               data-title=\"dsc00818\"\n               data-description=\"\"\n               data-image-slug=\"dsc00818\"\n               class=\"shutterset_902aad14f7ae53bf4d3da6c20f6bacb8\">\n                <img\n                    title=\"dsc00818\"\n                    alt=\"dsc00818\"\n                    src=\"https:\/\/kontesadora.hr\/stara\/wp-content\/gallery\/dan-skole-2008\/thumbs\/thumbs_dsc00818.jpg\"\n                    width=\"100\"\n                    height=\"75\"\n                    style=\"max-width:100%;\"\n                \/>\n            <\/a>\n        <\/div>\n\t\t\t\t\t\t\t<\/div> \n\t\t\t\n        \n\t\t\t\t<div id=\"ngg-image-18\" class=\"ngg-gallery-thumbnail-box\" >\n\t\t\t\t        <div class=\"ngg-gallery-thumbnail\">\n            <a href=\"https:\/\/kontesadora.hr\/stara\/wp-content\/gallery\/dan-skole-2008\/dsc00815.jpg\"\n               title=\"\"\n               data-src=\"https:\/\/kontesadora.hr\/stara\/wp-content\/gallery\/dan-skole-2008\/dsc00815.jpg\"\n               data-thumbnail=\"https:\/\/kontesadora.hr\/stara\/wp-content\/gallery\/dan-skole-2008\/thumbs\/thumbs_dsc00815.jpg\"\n               data-image-id=\"487\"\n               data-title=\"dsc00815\"\n               data-description=\"\"\n               data-image-slug=\"dsc00815\"\n               class=\"shutterset_902aad14f7ae53bf4d3da6c20f6bacb8\">\n                <img\n                    title=\"dsc00815\"\n                    alt=\"dsc00815\"\n                    src=\"https:\/\/kontesadora.hr\/stara\/wp-content\/gallery\/dan-skole-2008\/thumbs\/thumbs_dsc00815.jpg\"\n                    width=\"100\"\n                    height=\"75\"\n                    style=\"max-width:100%;\"\n                \/>\n            <\/a>\n        <\/div>\n\t\t\t\t\t\t\t<\/div> \n\t\t\t\n        \n\t\t\t\t<div id=\"ngg-image-19\" class=\"ngg-gallery-thumbnail-box\" >\n\t\t\t\t        <div class=\"ngg-gallery-thumbnail\">\n            <a href=\"https:\/\/kontesadora.hr\/stara\/wp-content\/gallery\/dan-skole-2008\/dsc00813.jpg\"\n               title=\"\"\n               data-src=\"https:\/\/kontesadora.hr\/stara\/wp-content\/gallery\/dan-skole-2008\/dsc00813.jpg\"\n               data-thumbnail=\"https:\/\/kontesadora.hr\/stara\/wp-content\/gallery\/dan-skole-2008\/thumbs\/thumbs_dsc00813.jpg\"\n               data-image-id=\"486\"\n               data-title=\"dsc00813\"\n               data-description=\"\"\n               data-image-slug=\"dsc00813\"\n               class=\"shutterset_902aad14f7ae53bf4d3da6c20f6bacb8\">\n                <img\n                    title=\"dsc00813\"\n                    alt=\"dsc00813\"\n                    src=\"https:\/\/kontesadora.hr\/stara\/wp-content\/gallery\/dan-skole-2008\/thumbs\/thumbs_dsc00813.jpg\"\n                    width=\"100\"\n                    height=\"75\"\n                    style=\"max-width:100%;\"\n                \/>\n            <\/a>\n        <\/div>\n\t\t\t\t\t\t\t<\/div> \n\t\t\t\n        \n\t\t\n\t\t<!-- Pagination -->\n\t<div class='ngg-navigation'><span class='current'>1<\/span>\n<a class='page-numbers' data-pageid='2' href='https:\/\/kontesadora.hr\/stara\/galerija\/nggallery\/page\/2'>2<\/a>\n<a class='page-numbers' data-pageid='3' href='https:\/\/kontesadora.hr\/stara\/galerija\/nggallery\/page\/3'>3<\/a>\n<a class='prev' href='https:\/\/kontesadora.hr\/stara\/galerija\/nggallery\/page\/2' data-pageid=2>&#9658;<\/a><\/div>\t<\/div>\n10. rujna 2008. Dan \u0161kole<\/p>\n<!-- index.php -->\n<div\n\tclass=\"ngg-galleryoverview ngg-ajax-pagination-none\"\n\tid=\"ngg-gallery-5bea09d88ee8d08529d097d711afab73-1\">\n\n    \t<div class=\"slideshowlink\">\n        <a href='https:\/\/kontesadora.hr\/stara\/galerija\/nggallery\/slideshow'>[Show as slideshow]<\/a>\n\t\t\n\t<\/div>\n\t\t\t<!-- Thumbnails -->\n\t\t\t\t<div id=\"ngg-image-0\" class=\"ngg-gallery-thumbnail-box\" >\n\t\t\t\t        <div class=\"ngg-gallery-thumbnail\">\n            <a href=\"https:\/\/kontesadora.hr\/stara\/wp-content\/gallery\/dorina-godisnjica-2008\/dsc09541.jpg\"\n               title=\"\"\n               data-src=\"https:\/\/kontesadora.hr\/stara\/wp-content\/gallery\/dorina-godisnjica-2008\/dsc09541.jpg\"\n               data-thumbnail=\"https:\/\/kontesadora.hr\/stara\/wp-content\/gallery\/dorina-godisnjica-2008\/thumbs\/thumbs_dsc09541.jpg\"\n               data-image-id=\"452\"\n               data-title=\"dsc09541\"\n               data-description=\"\"\n               data-image-slug=\"dsc09541\"\n               class=\"shutterset_5bea09d88ee8d08529d097d711afab73\">\n                <img\n                    title=\"dsc09541\"\n                    alt=\"dsc09541\"\n                    src=\"https:\/\/kontesadora.hr\/stara\/wp-content\/gallery\/dorina-godisnjica-2008\/thumbs\/thumbs_dsc09541.jpg\"\n                    width=\"100\"\n                    height=\"75\"\n                    style=\"max-width:100%;\"\n                \/>\n            <\/a>\n        <\/div>\n\t\t\t\t\t\t\t<\/div> \n\t\t\t\n        \n\t\t\t\t<div id=\"ngg-image-1\" class=\"ngg-gallery-thumbnail-box\" >\n\t\t\t\t        <div class=\"ngg-gallery-thumbnail\">\n            <a href=\"https:\/\/kontesadora.hr\/stara\/wp-content\/gallery\/dorina-godisnjica-2008\/dsc09538.jpg\"\n               title=\"\"\n               data-src=\"https:\/\/kontesadora.hr\/stara\/wp-content\/gallery\/dorina-godisnjica-2008\/dsc09538.jpg\"\n               data-thumbnail=\"https:\/\/kontesadora.hr\/stara\/wp-content\/gallery\/dorina-godisnjica-2008\/thumbs\/thumbs_dsc09538.jpg\"\n               data-image-id=\"451\"\n               data-title=\"dsc09538\"\n               data-description=\"\"\n               data-image-slug=\"dsc09538\"\n               class=\"shutterset_5bea09d88ee8d08529d097d711afab73\">\n                <img\n                    title=\"dsc09538\"\n                    alt=\"dsc09538\"\n                    src=\"https:\/\/kontesadora.hr\/stara\/wp-content\/gallery\/dorina-godisnjica-2008\/thumbs\/thumbs_dsc09538.jpg\"\n                    width=\"100\"\n                    height=\"75\"\n                    style=\"max-width:100%;\"\n                \/>\n            <\/a>\n        <\/div>\n\t\t\t\t\t\t\t<\/div> \n\t\t\t\n        \n\t\t\t\t<div id=\"ngg-image-2\" class=\"ngg-gallery-thumbnail-box\" >\n\t\t\t\t        <div class=\"ngg-gallery-thumbnail\">\n            <a href=\"https:\/\/kontesadora.hr\/stara\/wp-content\/gallery\/dorina-godisnjica-2008\/dsc09536.jpg\"\n               title=\"\"\n               data-src=\"https:\/\/kontesadora.hr\/stara\/wp-content\/gallery\/dorina-godisnjica-2008\/dsc09536.jpg\"\n               data-thumbnail=\"https:\/\/kontesadora.hr\/stara\/wp-content\/gallery\/dorina-godisnjica-2008\/thumbs\/thumbs_dsc09536.jpg\"\n               data-image-id=\"450\"\n               data-title=\"dsc09536\"\n               data-description=\"\"\n               data-image-slug=\"dsc09536\"\n               class=\"shutterset_5bea09d88ee8d08529d097d711afab73\">\n                <img\n                    title=\"dsc09536\"\n                    alt=\"dsc09536\"\n                    src=\"https:\/\/kontesadora.hr\/stara\/wp-content\/gallery\/dorina-godisnjica-2008\/thumbs\/thumbs_dsc09536.jpg\"\n                    width=\"100\"\n                    height=\"75\"\n                    style=\"max-width:100%;\"\n                \/>\n            <\/a>\n        <\/div>\n\t\t\t\t\t\t\t<\/div> \n\t\t\t\n        \n\t\t\t\t<div id=\"ngg-image-3\" class=\"ngg-gallery-thumbnail-box\" >\n\t\t\t\t        <div class=\"ngg-gallery-thumbnail\">\n            <a href=\"https:\/\/kontesadora.hr\/stara\/wp-content\/gallery\/dorina-godisnjica-2008\/dsc09534.jpg\"\n               title=\"\"\n               data-src=\"https:\/\/kontesadora.hr\/stara\/wp-content\/gallery\/dorina-godisnjica-2008\/dsc09534.jpg\"\n               data-thumbnail=\"https:\/\/kontesadora.hr\/stara\/wp-content\/gallery\/dorina-godisnjica-2008\/thumbs\/thumbs_dsc09534.jpg\"\n               data-image-id=\"449\"\n               data-title=\"dsc09534\"\n               data-description=\"\"\n               data-image-slug=\"dsc09534\"\n               class=\"shutterset_5bea09d88ee8d08529d097d711afab73\">\n                <img\n                    title=\"dsc09534\"\n                    alt=\"dsc09534\"\n                    src=\"https:\/\/kontesadora.hr\/stara\/wp-content\/gallery\/dorina-godisnjica-2008\/thumbs\/thumbs_dsc09534.jpg\"\n                    width=\"100\"\n                    height=\"75\"\n                    style=\"max-width:100%;\"\n                \/>\n            <\/a>\n        <\/div>\n\t\t\t\t\t\t\t<\/div> \n\t\t\t\n        \n\t\t\t\t<div id=\"ngg-image-4\" class=\"ngg-gallery-thumbnail-box\" >\n\t\t\t\t        <div class=\"ngg-gallery-thumbnail\">\n            <a href=\"https:\/\/kontesadora.hr\/stara\/wp-content\/gallery\/dorina-godisnjica-2008\/dsc09528.jpg\"\n               title=\"\"\n               data-src=\"https:\/\/kontesadora.hr\/stara\/wp-content\/gallery\/dorina-godisnjica-2008\/dsc09528.jpg\"\n               data-thumbnail=\"https:\/\/kontesadora.hr\/stara\/wp-content\/gallery\/dorina-godisnjica-2008\/thumbs\/thumbs_dsc09528.jpg\"\n               data-image-id=\"448\"\n               data-title=\"dsc09528\"\n               data-description=\"\"\n               data-image-slug=\"dsc09528\"\n               class=\"shutterset_5bea09d88ee8d08529d097d711afab73\">\n                <img\n                    title=\"dsc09528\"\n                    alt=\"dsc09528\"\n                    src=\"https:\/\/kontesadora.hr\/stara\/wp-content\/gallery\/dorina-godisnjica-2008\/thumbs\/thumbs_dsc09528.jpg\"\n                    width=\"100\"\n                    height=\"75\"\n                    style=\"max-width:100%;\"\n                \/>\n            <\/a>\n        <\/div>\n\t\t\t\t\t\t\t<\/div> \n\t\t\t\n        \n\t\t\t\t<div id=\"ngg-image-5\" class=\"ngg-gallery-thumbnail-box\" >\n\t\t\t\t        <div class=\"ngg-gallery-thumbnail\">\n            <a href=\"https:\/\/kontesadora.hr\/stara\/wp-content\/gallery\/dorina-godisnjica-2008\/dsc09521.jpg\"\n               title=\"\"\n               data-src=\"https:\/\/kontesadora.hr\/stara\/wp-content\/gallery\/dorina-godisnjica-2008\/dsc09521.jpg\"\n               data-thumbnail=\"https:\/\/kontesadora.hr\/stara\/wp-content\/gallery\/dorina-godisnjica-2008\/thumbs\/thumbs_dsc09521.jpg\"\n               data-image-id=\"447\"\n               data-title=\"dsc09521\"\n               data-description=\"\"\n               data-image-slug=\"dsc09521\"\n               class=\"shutterset_5bea09d88ee8d08529d097d711afab73\">\n                <img\n                    title=\"dsc09521\"\n                    alt=\"dsc09521\"\n                    src=\"https:\/\/kontesadora.hr\/stara\/wp-content\/gallery\/dorina-godisnjica-2008\/thumbs\/thumbs_dsc09521.jpg\"\n                    width=\"100\"\n                    height=\"75\"\n                    style=\"max-width:100%;\"\n                \/>\n            <\/a>\n        <\/div>\n\t\t\t\t\t\t\t<\/div> \n\t\t\t\n        \n\t\t\t\t<div id=\"ngg-image-6\" class=\"ngg-gallery-thumbnail-box\" >\n\t\t\t\t        <div class=\"ngg-gallery-thumbnail\">\n            <a href=\"https:\/\/kontesadora.hr\/stara\/wp-content\/gallery\/dorina-godisnjica-2008\/dsc09515.jpg\"\n               title=\"\"\n               data-src=\"https:\/\/kontesadora.hr\/stara\/wp-content\/gallery\/dorina-godisnjica-2008\/dsc09515.jpg\"\n               data-thumbnail=\"https:\/\/kontesadora.hr\/stara\/wp-content\/gallery\/dorina-godisnjica-2008\/thumbs\/thumbs_dsc09515.jpg\"\n               data-image-id=\"446\"\n               data-title=\"dsc09515\"\n               data-description=\"\"\n               data-image-slug=\"dsc09515\"\n               class=\"shutterset_5bea09d88ee8d08529d097d711afab73\">\n                <img\n                    title=\"dsc09515\"\n                    alt=\"dsc09515\"\n                    src=\"https:\/\/kontesadora.hr\/stara\/wp-content\/gallery\/dorina-godisnjica-2008\/thumbs\/thumbs_dsc09515.jpg\"\n                    width=\"100\"\n                    height=\"75\"\n                    style=\"max-width:100%;\"\n                \/>\n            <\/a>\n        <\/div>\n\t\t\t\t\t\t\t<\/div> \n\t\t\t\n        \n\t\t\t\t<div id=\"ngg-image-7\" class=\"ngg-gallery-thumbnail-box\" >\n\t\t\t\t        <div class=\"ngg-gallery-thumbnail\">\n            <a href=\"https:\/\/kontesadora.hr\/stara\/wp-content\/gallery\/dorina-godisnjica-2008\/dsc09514.jpg\"\n               title=\"\"\n               data-src=\"https:\/\/kontesadora.hr\/stara\/wp-content\/gallery\/dorina-godisnjica-2008\/dsc09514.jpg\"\n               data-thumbnail=\"https:\/\/kontesadora.hr\/stara\/wp-content\/gallery\/dorina-godisnjica-2008\/thumbs\/thumbs_dsc09514.jpg\"\n               data-image-id=\"445\"\n               data-title=\"dsc09514\"\n               data-description=\"\"\n               data-image-slug=\"dsc09514\"\n               class=\"shutterset_5bea09d88ee8d08529d097d711afab73\">\n                <img\n                    title=\"dsc09514\"\n                    alt=\"dsc09514\"\n                    src=\"https:\/\/kontesadora.hr\/stara\/wp-content\/gallery\/dorina-godisnjica-2008\/thumbs\/thumbs_dsc09514.jpg\"\n                    width=\"100\"\n                    height=\"75\"\n                    style=\"max-width:100%;\"\n                \/>\n            <\/a>\n        <\/div>\n\t\t\t\t\t\t\t<\/div> \n\t\t\t\n        \n\t\t\t\t<div id=\"ngg-image-8\" class=\"ngg-gallery-thumbnail-box\" >\n\t\t\t\t        <div class=\"ngg-gallery-thumbnail\">\n            <a href=\"https:\/\/kontesadora.hr\/stara\/wp-content\/gallery\/dorina-godisnjica-2008\/dsc09512.jpg\"\n               title=\"\"\n               data-src=\"https:\/\/kontesadora.hr\/stara\/wp-content\/gallery\/dorina-godisnjica-2008\/dsc09512.jpg\"\n               data-thumbnail=\"https:\/\/kontesadora.hr\/stara\/wp-content\/gallery\/dorina-godisnjica-2008\/thumbs\/thumbs_dsc09512.jpg\"\n               data-image-id=\"444\"\n               data-title=\"dsc09512\"\n               data-description=\"\"\n               data-image-slug=\"dsc09512\"\n               class=\"shutterset_5bea09d88ee8d08529d097d711afab73\">\n                <img\n                    title=\"dsc09512\"\n                    alt=\"dsc09512\"\n                    src=\"https:\/\/kontesadora.hr\/stara\/wp-content\/gallery\/dorina-godisnjica-2008\/thumbs\/thumbs_dsc09512.jpg\"\n                    width=\"100\"\n                    height=\"75\"\n                    style=\"max-width:100%;\"\n                \/>\n            <\/a>\n        <\/div>\n\t\t\t\t\t\t\t<\/div> \n\t\t\t\n        \n\t\t\t\t<div id=\"ngg-image-9\" class=\"ngg-gallery-thumbnail-box\" >\n\t\t\t\t        <div class=\"ngg-gallery-thumbnail\">\n            <a href=\"https:\/\/kontesadora.hr\/stara\/wp-content\/gallery\/dorina-godisnjica-2008\/dsc09511.jpg\"\n               title=\"\"\n               data-src=\"https:\/\/kontesadora.hr\/stara\/wp-content\/gallery\/dorina-godisnjica-2008\/dsc09511.jpg\"\n               data-thumbnail=\"https:\/\/kontesadora.hr\/stara\/wp-content\/gallery\/dorina-godisnjica-2008\/thumbs\/thumbs_dsc09511.jpg\"\n               data-image-id=\"443\"\n               data-title=\"dsc09511\"\n               data-description=\"\"\n               data-image-slug=\"dsc09511\"\n               class=\"shutterset_5bea09d88ee8d08529d097d711afab73\">\n                <img\n                    title=\"dsc09511\"\n                    alt=\"dsc09511\"\n                    src=\"https:\/\/kontesadora.hr\/stara\/wp-content\/gallery\/dorina-godisnjica-2008\/thumbs\/thumbs_dsc09511.jpg\"\n                    width=\"100\"\n                    height=\"75\"\n                    style=\"max-width:100%;\"\n                \/>\n            <\/a>\n        <\/div>\n\t\t\t\t\t\t\t<\/div> \n\t\t\t\n        \n\t\t\t\t<div id=\"ngg-image-10\" class=\"ngg-gallery-thumbnail-box\" >\n\t\t\t\t        <div class=\"ngg-gallery-thumbnail\">\n            <a href=\"https:\/\/kontesadora.hr\/stara\/wp-content\/gallery\/dorina-godisnjica-2008\/dsc09509.jpg\"\n               title=\"\"\n               data-src=\"https:\/\/kontesadora.hr\/stara\/wp-content\/gallery\/dorina-godisnjica-2008\/dsc09509.jpg\"\n               data-thumbnail=\"https:\/\/kontesadora.hr\/stara\/wp-content\/gallery\/dorina-godisnjica-2008\/thumbs\/thumbs_dsc09509.jpg\"\n               data-image-id=\"442\"\n               data-title=\"dsc09509\"\n               data-description=\"\"\n               data-image-slug=\"dsc09509\"\n               class=\"shutterset_5bea09d88ee8d08529d097d711afab73\">\n                <img\n                    title=\"dsc09509\"\n                    alt=\"dsc09509\"\n                    src=\"https:\/\/kontesadora.hr\/stara\/wp-content\/gallery\/dorina-godisnjica-2008\/thumbs\/thumbs_dsc09509.jpg\"\n                    width=\"100\"\n                    height=\"75\"\n                    style=\"max-width:100%;\"\n                \/>\n            <\/a>\n        <\/div>\n\t\t\t\t\t\t\t<\/div> \n\t\t\t\n        \n\t\t\t\t<div id=\"ngg-image-11\" class=\"ngg-gallery-thumbnail-box\" >\n\t\t\t\t        <div class=\"ngg-gallery-thumbnail\">\n            <a href=\"https:\/\/kontesadora.hr\/stara\/wp-content\/gallery\/dorina-godisnjica-2008\/dsc09507.jpg\"\n               title=\"\"\n               data-src=\"https:\/\/kontesadora.hr\/stara\/wp-content\/gallery\/dorina-godisnjica-2008\/dsc09507.jpg\"\n               data-thumbnail=\"https:\/\/kontesadora.hr\/stara\/wp-content\/gallery\/dorina-godisnjica-2008\/thumbs\/thumbs_dsc09507.jpg\"\n               data-image-id=\"441\"\n               data-title=\"dsc09507\"\n               data-description=\"\"\n               data-image-slug=\"dsc09507\"\n               class=\"shutterset_5bea09d88ee8d08529d097d711afab73\">\n                <img\n                    title=\"dsc09507\"\n                    alt=\"dsc09507\"\n                    src=\"https:\/\/kontesadora.hr\/stara\/wp-content\/gallery\/dorina-godisnjica-2008\/thumbs\/thumbs_dsc09507.jpg\"\n                    width=\"100\"\n                    height=\"75\"\n                    style=\"max-width:100%;\"\n                \/>\n            <\/a>\n        <\/div>\n\t\t\t\t\t\t\t<\/div> \n\t\t\t\n        \n\t\t\t\t<div id=\"ngg-image-12\" class=\"ngg-gallery-thumbnail-box\" >\n\t\t\t\t        <div class=\"ngg-gallery-thumbnail\">\n            <a href=\"https:\/\/kontesadora.hr\/stara\/wp-content\/gallery\/dorina-godisnjica-2008\/dsc09506.jpg\"\n               title=\"\"\n               data-src=\"https:\/\/kontesadora.hr\/stara\/wp-content\/gallery\/dorina-godisnjica-2008\/dsc09506.jpg\"\n               data-thumbnail=\"https:\/\/kontesadora.hr\/stara\/wp-content\/gallery\/dorina-godisnjica-2008\/thumbs\/thumbs_dsc09506.jpg\"\n               data-image-id=\"440\"\n               data-title=\"dsc09506\"\n               data-description=\"\"\n               data-image-slug=\"dsc09506\"\n               class=\"shutterset_5bea09d88ee8d08529d097d711afab73\">\n                <img\n                    title=\"dsc09506\"\n                    alt=\"dsc09506\"\n                    src=\"https:\/\/kontesadora.hr\/stara\/wp-content\/gallery\/dorina-godisnjica-2008\/thumbs\/thumbs_dsc09506.jpg\"\n                    width=\"100\"\n                    height=\"75\"\n                    style=\"max-width:100%;\"\n                \/>\n            <\/a>\n        <\/div>\n\t\t\t\t\t\t\t<\/div> \n\t\t\t\n        \n\t\t\t\t<div id=\"ngg-image-13\" class=\"ngg-gallery-thumbnail-box\" >\n\t\t\t\t        <div class=\"ngg-gallery-thumbnail\">\n            <a href=\"https:\/\/kontesadora.hr\/stara\/wp-content\/gallery\/dorina-godisnjica-2008\/dsc09503.jpg\"\n               title=\"\"\n               data-src=\"https:\/\/kontesadora.hr\/stara\/wp-content\/gallery\/dorina-godisnjica-2008\/dsc09503.jpg\"\n               data-thumbnail=\"https:\/\/kontesadora.hr\/stara\/wp-content\/gallery\/dorina-godisnjica-2008\/thumbs\/thumbs_dsc09503.jpg\"\n               data-image-id=\"439\"\n               data-title=\"dsc09503\"\n               data-description=\"\"\n               data-image-slug=\"dsc09503\"\n               class=\"shutterset_5bea09d88ee8d08529d097d711afab73\">\n                <img\n                    title=\"dsc09503\"\n                    alt=\"dsc09503\"\n                    src=\"https:\/\/kontesadora.hr\/stara\/wp-content\/gallery\/dorina-godisnjica-2008\/thumbs\/thumbs_dsc09503.jpg\"\n                    width=\"100\"\n                    height=\"75\"\n                    style=\"max-width:100%;\"\n                \/>\n            <\/a>\n        <\/div>\n\t\t\t\t\t\t\t<\/div> \n\t\t\t\n        \n\t\t\t\t<div id=\"ngg-image-14\" class=\"ngg-gallery-thumbnail-box\" >\n\t\t\t\t        <div class=\"ngg-gallery-thumbnail\">\n            <a href=\"https:\/\/kontesadora.hr\/stara\/wp-content\/gallery\/dorina-godisnjica-2008\/dsc09499.jpg\"\n               title=\"\"\n               data-src=\"https:\/\/kontesadora.hr\/stara\/wp-content\/gallery\/dorina-godisnjica-2008\/dsc09499.jpg\"\n               data-thumbnail=\"https:\/\/kontesadora.hr\/stara\/wp-content\/gallery\/dorina-godisnjica-2008\/thumbs\/thumbs_dsc09499.jpg\"\n               data-image-id=\"438\"\n               data-title=\"dsc09499\"\n               data-description=\"\"\n               data-image-slug=\"dsc09499\"\n               class=\"shutterset_5bea09d88ee8d08529d097d711afab73\">\n                <img\n                    title=\"dsc09499\"\n                    alt=\"dsc09499\"\n                    src=\"https:\/\/kontesadora.hr\/stara\/wp-content\/gallery\/dorina-godisnjica-2008\/thumbs\/thumbs_dsc09499.jpg\"\n                    width=\"100\"\n                    height=\"75\"\n                    style=\"max-width:100%;\"\n                \/>\n            <\/a>\n        <\/div>\n\t\t\t\t\t\t\t<\/div> \n\t\t\t\n        \n\t\t\n\t\t<!-- Pagination -->\n\t<div class='ngg-clear'><\/div>\t<\/div>\n05. o\u017eujka 2008. Dorina godi\u0161njica<\/p>\n<!-- index.php -->\n<div\n\tclass=\"ngg-galleryoverview ngg-ajax-pagination-none\"\n\tid=\"ngg-gallery-14f6353307606e96bb80d37c4b372db7-1\">\n\n    \t<div class=\"slideshowlink\">\n        <a href='https:\/\/kontesadora.hr\/stara\/galerija\/nggallery\/slideshow'>[Show as slideshow]<\/a>\n\t\t\n\t<\/div>\n\t\t\t<!-- Thumbnails -->\n\t\t\t\t<div id=\"ngg-image-0\" class=\"ngg-gallery-thumbnail-box\" >\n\t\t\t\t        <div class=\"ngg-gallery-thumbnail\">\n            <a href=\"https:\/\/kontesadora.hr\/stara\/wp-content\/gallery\/zadar-2004\/img_5460.jpg\"\n               title=\"\"\n               data-src=\"https:\/\/kontesadora.hr\/stara\/wp-content\/gallery\/zadar-2004\/img_5460.jpg\"\n               data-thumbnail=\"https:\/\/kontesadora.hr\/stara\/wp-content\/gallery\/zadar-2004\/thumbs\/thumbs_img_5460.jpg\"\n               data-image-id=\"1793\"\n               data-title=\"img_5460\"\n               data-description=\"\"\n               data-image-slug=\"img_5460\"\n               class=\"shutterset_14f6353307606e96bb80d37c4b372db7\">\n                <img\n                    title=\"img_5460\"\n                    alt=\"img_5460\"\n                    src=\"https:\/\/kontesadora.hr\/stara\/wp-content\/gallery\/zadar-2004\/thumbs\/thumbs_img_5460.jpg\"\n                    width=\"100\"\n                    height=\"75\"\n                    style=\"max-width:100%;\"\n                \/>\n            <\/a>\n        <\/div>\n\t\t\t\t\t\t\t<\/div> \n\t\t\t\n        \n\t\t\t\t<div id=\"ngg-image-1\" class=\"ngg-gallery-thumbnail-box\" >\n\t\t\t\t        <div class=\"ngg-gallery-thumbnail\">\n            <a href=\"https:\/\/kontesadora.hr\/stara\/wp-content\/gallery\/zadar-2004\/img_5459.jpg\"\n               title=\"\"\n               data-src=\"https:\/\/kontesadora.hr\/stara\/wp-content\/gallery\/zadar-2004\/img_5459.jpg\"\n               data-thumbnail=\"https:\/\/kontesadora.hr\/stara\/wp-content\/gallery\/zadar-2004\/thumbs\/thumbs_img_5459.jpg\"\n               data-image-id=\"1792\"\n               data-title=\"img_5459\"\n               data-description=\"\"\n               data-image-slug=\"img_5459\"\n               class=\"shutterset_14f6353307606e96bb80d37c4b372db7\">\n                <img\n                    title=\"img_5459\"\n                    alt=\"img_5459\"\n                    src=\"https:\/\/kontesadora.hr\/stara\/wp-content\/gallery\/zadar-2004\/thumbs\/thumbs_img_5459.jpg\"\n                    width=\"100\"\n                    height=\"75\"\n                    style=\"max-width:100%;\"\n                \/>\n            <\/a>\n        <\/div>\n\t\t\t\t\t\t\t<\/div> \n\t\t\t\n        \n\t\t\t\t<div id=\"ngg-image-2\" class=\"ngg-gallery-thumbnail-box\" >\n\t\t\t\t        <div class=\"ngg-gallery-thumbnail\">\n            <a href=\"https:\/\/kontesadora.hr\/stara\/wp-content\/gallery\/zadar-2004\/img_5458.jpg\"\n               title=\"\"\n               data-src=\"https:\/\/kontesadora.hr\/stara\/wp-content\/gallery\/zadar-2004\/img_5458.jpg\"\n               data-thumbnail=\"https:\/\/kontesadora.hr\/stara\/wp-content\/gallery\/zadar-2004\/thumbs\/thumbs_img_5458.jpg\"\n               data-image-id=\"1791\"\n               data-title=\"img_5458\"\n               data-description=\"\"\n               data-image-slug=\"img_5458\"\n               class=\"shutterset_14f6353307606e96bb80d37c4b372db7\">\n                <img\n                    title=\"img_5458\"\n                    alt=\"img_5458\"\n                    src=\"https:\/\/kontesadora.hr\/stara\/wp-content\/gallery\/zadar-2004\/thumbs\/thumbs_img_5458.jpg\"\n                    width=\"100\"\n                    height=\"75\"\n                    style=\"max-width:100%;\"\n                \/>\n            <\/a>\n        <\/div>\n\t\t\t\t\t\t\t<\/div> \n\t\t\t\n        \n\t\t\t\t<div id=\"ngg-image-3\" class=\"ngg-gallery-thumbnail-box\" >\n\t\t\t\t        <div class=\"ngg-gallery-thumbnail\">\n            <a href=\"https:\/\/kontesadora.hr\/stara\/wp-content\/gallery\/zadar-2004\/img_5456.jpg\"\n               title=\"\"\n               data-src=\"https:\/\/kontesadora.hr\/stara\/wp-content\/gallery\/zadar-2004\/img_5456.jpg\"\n               data-thumbnail=\"https:\/\/kontesadora.hr\/stara\/wp-content\/gallery\/zadar-2004\/thumbs\/thumbs_img_5456.jpg\"\n               data-image-id=\"1790\"\n               data-title=\"img_5456\"\n               data-description=\"\"\n               data-image-slug=\"img_5456\"\n               class=\"shutterset_14f6353307606e96bb80d37c4b372db7\">\n                <img\n                    title=\"img_5456\"\n                    alt=\"img_5456\"\n                    src=\"https:\/\/kontesadora.hr\/stara\/wp-content\/gallery\/zadar-2004\/thumbs\/thumbs_img_5456.jpg\"\n                    width=\"100\"\n                    height=\"75\"\n                    style=\"max-width:100%;\"\n                \/>\n            <\/a>\n        <\/div>\n\t\t\t\t\t\t\t<\/div> \n\t\t\t\n        \n\t\t\t\t<div id=\"ngg-image-4\" class=\"ngg-gallery-thumbnail-box\" >\n\t\t\t\t        <div class=\"ngg-gallery-thumbnail\">\n            <a href=\"https:\/\/kontesadora.hr\/stara\/wp-content\/gallery\/zadar-2004\/img_5455.jpg\"\n               title=\"\"\n               data-src=\"https:\/\/kontesadora.hr\/stara\/wp-content\/gallery\/zadar-2004\/img_5455.jpg\"\n               data-thumbnail=\"https:\/\/kontesadora.hr\/stara\/wp-content\/gallery\/zadar-2004\/thumbs\/thumbs_img_5455.jpg\"\n               data-image-id=\"1789\"\n               data-title=\"img_5455\"\n               data-description=\"\"\n               data-image-slug=\"img_5455\"\n               class=\"shutterset_14f6353307606e96bb80d37c4b372db7\">\n                <img\n                    title=\"img_5455\"\n                    alt=\"img_5455\"\n                    src=\"https:\/\/kontesadora.hr\/stara\/wp-content\/gallery\/zadar-2004\/thumbs\/thumbs_img_5455.jpg\"\n                    width=\"100\"\n                    height=\"75\"\n                    style=\"max-width:100%;\"\n                \/>\n            <\/a>\n        <\/div>\n\t\t\t\t\t\t\t<\/div> \n\t\t\t\n        \n\t\t\t\t<div id=\"ngg-image-5\" class=\"ngg-gallery-thumbnail-box\" >\n\t\t\t\t        <div class=\"ngg-gallery-thumbnail\">\n            <a href=\"https:\/\/kontesadora.hr\/stara\/wp-content\/gallery\/zadar-2004\/img_5454.jpg\"\n               title=\"\"\n               data-src=\"https:\/\/kontesadora.hr\/stara\/wp-content\/gallery\/zadar-2004\/img_5454.jpg\"\n               data-thumbnail=\"https:\/\/kontesadora.hr\/stara\/wp-content\/gallery\/zadar-2004\/thumbs\/thumbs_img_5454.jpg\"\n               data-image-id=\"1788\"\n               data-title=\"img_5454\"\n               data-description=\"\"\n               data-image-slug=\"img_5454\"\n               class=\"shutterset_14f6353307606e96bb80d37c4b372db7\">\n                <img\n                    title=\"img_5454\"\n                    alt=\"img_5454\"\n                    src=\"https:\/\/kontesadora.hr\/stara\/wp-content\/gallery\/zadar-2004\/thumbs\/thumbs_img_5454.jpg\"\n                    width=\"100\"\n                    height=\"75\"\n                    style=\"max-width:100%;\"\n                \/>\n            <\/a>\n        <\/div>\n\t\t\t\t\t\t\t<\/div> \n\t\t\t\n        \n\t\t\t\t<div id=\"ngg-image-6\" class=\"ngg-gallery-thumbnail-box\" >\n\t\t\t\t        <div class=\"ngg-gallery-thumbnail\">\n            <a href=\"https:\/\/kontesadora.hr\/stara\/wp-content\/gallery\/zadar-2004\/img_5453.jpg\"\n               title=\"\"\n               data-src=\"https:\/\/kontesadora.hr\/stara\/wp-content\/gallery\/zadar-2004\/img_5453.jpg\"\n               data-thumbnail=\"https:\/\/kontesadora.hr\/stara\/wp-content\/gallery\/zadar-2004\/thumbs\/thumbs_img_5453.jpg\"\n               data-image-id=\"1787\"\n               data-title=\"img_5453\"\n               data-description=\"\"\n               data-image-slug=\"img_5453\"\n               class=\"shutterset_14f6353307606e96bb80d37c4b372db7\">\n                <img\n                    title=\"img_5453\"\n                    alt=\"img_5453\"\n                    src=\"https:\/\/kontesadora.hr\/stara\/wp-content\/gallery\/zadar-2004\/thumbs\/thumbs_img_5453.jpg\"\n                    width=\"100\"\n                    height=\"75\"\n                    style=\"max-width:100%;\"\n                \/>\n            <\/a>\n        <\/div>\n\t\t\t\t\t\t\t<\/div> \n\t\t\t\n        \n\t\t\t\t<div id=\"ngg-image-7\" class=\"ngg-gallery-thumbnail-box\" >\n\t\t\t\t        <div class=\"ngg-gallery-thumbnail\">\n            <a href=\"https:\/\/kontesadora.hr\/stara\/wp-content\/gallery\/zadar-2004\/img_5451.jpg\"\n               title=\"\"\n               data-src=\"https:\/\/kontesadora.hr\/stara\/wp-content\/gallery\/zadar-2004\/img_5451.jpg\"\n               data-thumbnail=\"https:\/\/kontesadora.hr\/stara\/wp-content\/gallery\/zadar-2004\/thumbs\/thumbs_img_5451.jpg\"\n               data-image-id=\"1786\"\n               data-title=\"img_5451\"\n               data-description=\"\"\n               data-image-slug=\"img_5451\"\n               class=\"shutterset_14f6353307606e96bb80d37c4b372db7\">\n                <img\n                    title=\"img_5451\"\n                    alt=\"img_5451\"\n                    src=\"https:\/\/kontesadora.hr\/stara\/wp-content\/gallery\/zadar-2004\/thumbs\/thumbs_img_5451.jpg\"\n                    width=\"100\"\n                    height=\"75\"\n                    style=\"max-width:100%;\"\n                \/>\n            <\/a>\n        <\/div>\n\t\t\t\t\t\t\t<\/div> \n\t\t\t\n        \n\t\t\t\t<div id=\"ngg-image-8\" class=\"ngg-gallery-thumbnail-box\" >\n\t\t\t\t        <div class=\"ngg-gallery-thumbnail\">\n            <a href=\"https:\/\/kontesadora.hr\/stara\/wp-content\/gallery\/zadar-2004\/img_5447.jpg\"\n               title=\"\"\n               data-src=\"https:\/\/kontesadora.hr\/stara\/wp-content\/gallery\/zadar-2004\/img_5447.jpg\"\n               data-thumbnail=\"https:\/\/kontesadora.hr\/stara\/wp-content\/gallery\/zadar-2004\/thumbs\/thumbs_img_5447.jpg\"\n               data-image-id=\"1785\"\n               data-title=\"img_5447\"\n               data-description=\"\"\n               data-image-slug=\"img_5447\"\n               class=\"shutterset_14f6353307606e96bb80d37c4b372db7\">\n                <img\n                    title=\"img_5447\"\n                    alt=\"img_5447\"\n                    src=\"https:\/\/kontesadora.hr\/stara\/wp-content\/gallery\/zadar-2004\/thumbs\/thumbs_img_5447.jpg\"\n                    width=\"100\"\n                    height=\"75\"\n                    style=\"max-width:100%;\"\n                \/>\n            <\/a>\n        <\/div>\n\t\t\t\t\t\t\t<\/div> \n\t\t\t\n        \n\t\t\t\t<div id=\"ngg-image-9\" class=\"ngg-gallery-thumbnail-box\" >\n\t\t\t\t        <div class=\"ngg-gallery-thumbnail\">\n            <a href=\"https:\/\/kontesadora.hr\/stara\/wp-content\/gallery\/zadar-2004\/img_5446.jpg\"\n               title=\"\"\n               data-src=\"https:\/\/kontesadora.hr\/stara\/wp-content\/gallery\/zadar-2004\/img_5446.jpg\"\n               data-thumbnail=\"https:\/\/kontesadora.hr\/stara\/wp-content\/gallery\/zadar-2004\/thumbs\/thumbs_img_5446.jpg\"\n               data-image-id=\"1784\"\n               data-title=\"img_5446\"\n               data-description=\"\"\n               data-image-slug=\"img_5446\"\n               class=\"shutterset_14f6353307606e96bb80d37c4b372db7\">\n                <img\n                    title=\"img_5446\"\n                    alt=\"img_5446\"\n                    src=\"https:\/\/kontesadora.hr\/stara\/wp-content\/gallery\/zadar-2004\/thumbs\/thumbs_img_5446.jpg\"\n                    width=\"100\"\n                    height=\"75\"\n                    style=\"max-width:100%;\"\n                \/>\n            <\/a>\n        <\/div>\n\t\t\t\t\t\t\t<\/div> \n\t\t\t\n        \n\t\t\t\t<div id=\"ngg-image-10\" class=\"ngg-gallery-thumbnail-box\" >\n\t\t\t\t        <div class=\"ngg-gallery-thumbnail\">\n            <a href=\"https:\/\/kontesadora.hr\/stara\/wp-content\/gallery\/zadar-2004\/img_5444.jpg\"\n               title=\"\"\n               data-src=\"https:\/\/kontesadora.hr\/stara\/wp-content\/gallery\/zadar-2004\/img_5444.jpg\"\n               data-thumbnail=\"https:\/\/kontesadora.hr\/stara\/wp-content\/gallery\/zadar-2004\/thumbs\/thumbs_img_5444.jpg\"\n               data-image-id=\"1783\"\n               data-title=\"img_5444\"\n               data-description=\"\"\n               data-image-slug=\"img_5444\"\n               class=\"shutterset_14f6353307606e96bb80d37c4b372db7\">\n                <img\n                    title=\"img_5444\"\n                    alt=\"img_5444\"\n                    src=\"https:\/\/kontesadora.hr\/stara\/wp-content\/gallery\/zadar-2004\/thumbs\/thumbs_img_5444.jpg\"\n                    width=\"100\"\n                    height=\"75\"\n                    style=\"max-width:100%;\"\n                \/>\n            <\/a>\n        <\/div>\n\t\t\t\t\t\t\t<\/div> \n\t\t\t\n        \n\t\t\t\t<div id=\"ngg-image-11\" class=\"ngg-gallery-thumbnail-box\" >\n\t\t\t\t        <div class=\"ngg-gallery-thumbnail\">\n            <a href=\"https:\/\/kontesadora.hr\/stara\/wp-content\/gallery\/zadar-2004\/img_5442.jpg\"\n               title=\"\"\n               data-src=\"https:\/\/kontesadora.hr\/stara\/wp-content\/gallery\/zadar-2004\/img_5442.jpg\"\n               data-thumbnail=\"https:\/\/kontesadora.hr\/stara\/wp-content\/gallery\/zadar-2004\/thumbs\/thumbs_img_5442.jpg\"\n               data-image-id=\"1782\"\n               data-title=\"img_5442\"\n               data-description=\"\"\n               data-image-slug=\"img_5442\"\n               class=\"shutterset_14f6353307606e96bb80d37c4b372db7\">\n                <img\n                    title=\"img_5442\"\n                    alt=\"img_5442\"\n                    src=\"https:\/\/kontesadora.hr\/stara\/wp-content\/gallery\/zadar-2004\/thumbs\/thumbs_img_5442.jpg\"\n                    width=\"100\"\n                    height=\"75\"\n                    style=\"max-width:100%;\"\n                \/>\n            <\/a>\n        <\/div>\n\t\t\t\t\t\t\t<\/div> \n\t\t\t\n        \n\t\t\t\t<div id=\"ngg-image-12\" class=\"ngg-gallery-thumbnail-box\" >\n\t\t\t\t        <div class=\"ngg-gallery-thumbnail\">\n            <a href=\"https:\/\/kontesadora.hr\/stara\/wp-content\/gallery\/zadar-2004\/img_5441.jpg\"\n               title=\"\"\n               data-src=\"https:\/\/kontesadora.hr\/stara\/wp-content\/gallery\/zadar-2004\/img_5441.jpg\"\n               data-thumbnail=\"https:\/\/kontesadora.hr\/stara\/wp-content\/gallery\/zadar-2004\/thumbs\/thumbs_img_5441.jpg\"\n               data-image-id=\"1781\"\n               data-title=\"img_5441\"\n               data-description=\"\"\n               data-image-slug=\"img_5441\"\n               class=\"shutterset_14f6353307606e96bb80d37c4b372db7\">\n                <img\n                    title=\"img_5441\"\n                    alt=\"img_5441\"\n                    src=\"https:\/\/kontesadora.hr\/stara\/wp-content\/gallery\/zadar-2004\/thumbs\/thumbs_img_5441.jpg\"\n                    width=\"100\"\n                    height=\"75\"\n                    style=\"max-width:100%;\"\n                \/>\n            <\/a>\n        <\/div>\n\t\t\t\t\t\t\t<\/div> \n\t\t\t\n        \n\t\t\t\t<div id=\"ngg-image-13\" class=\"ngg-gallery-thumbnail-box\" >\n\t\t\t\t        <div class=\"ngg-gallery-thumbnail\">\n            <a href=\"https:\/\/kontesadora.hr\/stara\/wp-content\/gallery\/zadar-2004\/img_5439.jpg\"\n               title=\"\"\n               data-src=\"https:\/\/kontesadora.hr\/stara\/wp-content\/gallery\/zadar-2004\/img_5439.jpg\"\n               data-thumbnail=\"https:\/\/kontesadora.hr\/stara\/wp-content\/gallery\/zadar-2004\/thumbs\/thumbs_img_5439.jpg\"\n               data-image-id=\"1780\"\n               data-title=\"img_5439\"\n               data-description=\"\"\n               data-image-slug=\"img_5439\"\n               class=\"shutterset_14f6353307606e96bb80d37c4b372db7\">\n                <img\n                    title=\"img_5439\"\n                    alt=\"img_5439\"\n                    src=\"https:\/\/kontesadora.hr\/stara\/wp-content\/gallery\/zadar-2004\/thumbs\/thumbs_img_5439.jpg\"\n                    width=\"100\"\n                    height=\"75\"\n                    style=\"max-width:100%;\"\n                \/>\n            <\/a>\n        <\/div>\n\t\t\t\t\t\t\t<\/div> \n\t\t\t\n        \n\t\t\t\t<div id=\"ngg-image-14\" class=\"ngg-gallery-thumbnail-box\" >\n\t\t\t\t        <div class=\"ngg-gallery-thumbnail\">\n            <a href=\"https:\/\/kontesadora.hr\/stara\/wp-content\/gallery\/zadar-2004\/img_5438.jpg\"\n               title=\"\"\n               data-src=\"https:\/\/kontesadora.hr\/stara\/wp-content\/gallery\/zadar-2004\/img_5438.jpg\"\n               data-thumbnail=\"https:\/\/kontesadora.hr\/stara\/wp-content\/gallery\/zadar-2004\/thumbs\/thumbs_img_5438.jpg\"\n               data-image-id=\"1779\"\n               data-title=\"img_5438\"\n               data-description=\"\"\n               data-image-slug=\"img_5438\"\n               class=\"shutterset_14f6353307606e96bb80d37c4b372db7\">\n                <img\n                    title=\"img_5438\"\n                    alt=\"img_5438\"\n                    src=\"https:\/\/kontesadora.hr\/stara\/wp-content\/gallery\/zadar-2004\/thumbs\/thumbs_img_5438.jpg\"\n                    width=\"100\"\n                    height=\"75\"\n                    style=\"max-width:100%;\"\n                \/>\n            <\/a>\n        <\/div>\n\t\t\t\t\t\t\t<\/div> \n\t\t\t\n        \n\t\t\t\t<div id=\"ngg-image-15\" class=\"ngg-gallery-thumbnail-box\" >\n\t\t\t\t        <div class=\"ngg-gallery-thumbnail\">\n            <a href=\"https:\/\/kontesadora.hr\/stara\/wp-content\/gallery\/zadar-2004\/img_5435.jpg\"\n               title=\"\"\n               data-src=\"https:\/\/kontesadora.hr\/stara\/wp-content\/gallery\/zadar-2004\/img_5435.jpg\"\n               data-thumbnail=\"https:\/\/kontesadora.hr\/stara\/wp-content\/gallery\/zadar-2004\/thumbs\/thumbs_img_5435.jpg\"\n               data-image-id=\"1778\"\n               data-title=\"img_5435\"\n               data-description=\"\"\n               data-image-slug=\"img_5435\"\n               class=\"shutterset_14f6353307606e96bb80d37c4b372db7\">\n                <img\n                    title=\"img_5435\"\n                    alt=\"img_5435\"\n                    src=\"https:\/\/kontesadora.hr\/stara\/wp-content\/gallery\/zadar-2004\/thumbs\/thumbs_img_5435.jpg\"\n                    width=\"100\"\n                    height=\"75\"\n                    style=\"max-width:100%;\"\n                \/>\n            <\/a>\n        <\/div>\n\t\t\t\t\t\t\t<\/div> \n\t\t\t\n        \n\t\t\t\t<div id=\"ngg-image-16\" class=\"ngg-gallery-thumbnail-box\" >\n\t\t\t\t        <div class=\"ngg-gallery-thumbnail\">\n            <a href=\"https:\/\/kontesadora.hr\/stara\/wp-content\/gallery\/zadar-2004\/img_5434.jpg\"\n               title=\"\"\n               data-src=\"https:\/\/kontesadora.hr\/stara\/wp-content\/gallery\/zadar-2004\/img_5434.jpg\"\n               data-thumbnail=\"https:\/\/kontesadora.hr\/stara\/wp-content\/gallery\/zadar-2004\/thumbs\/thumbs_img_5434.jpg\"\n               data-image-id=\"1777\"\n               data-title=\"img_5434\"\n               data-description=\"\"\n               data-image-slug=\"img_5434\"\n               class=\"shutterset_14f6353307606e96bb80d37c4b372db7\">\n                <img\n                    title=\"img_5434\"\n                    alt=\"img_5434\"\n                    src=\"https:\/\/kontesadora.hr\/stara\/wp-content\/gallery\/zadar-2004\/thumbs\/thumbs_img_5434.jpg\"\n                    width=\"100\"\n                    height=\"75\"\n                    style=\"max-width:100%;\"\n                \/>\n            <\/a>\n        <\/div>\n\t\t\t\t\t\t\t<\/div> \n\t\t\t\n        \n\t\t\t\t<div id=\"ngg-image-17\" class=\"ngg-gallery-thumbnail-box\" >\n\t\t\t\t        <div class=\"ngg-gallery-thumbnail\">\n            <a href=\"https:\/\/kontesadora.hr\/stara\/wp-content\/gallery\/zadar-2004\/img_5432.jpg\"\n               title=\"\"\n               data-src=\"https:\/\/kontesadora.hr\/stara\/wp-content\/gallery\/zadar-2004\/img_5432.jpg\"\n               data-thumbnail=\"https:\/\/kontesadora.hr\/stara\/wp-content\/gallery\/zadar-2004\/thumbs\/thumbs_img_5432.jpg\"\n               data-image-id=\"1776\"\n               data-title=\"img_5432\"\n               data-description=\"\"\n               data-image-slug=\"img_5432\"\n               class=\"shutterset_14f6353307606e96bb80d37c4b372db7\">\n                <img\n                    title=\"img_5432\"\n                    alt=\"img_5432\"\n                    src=\"https:\/\/kontesadora.hr\/stara\/wp-content\/gallery\/zadar-2004\/thumbs\/thumbs_img_5432.jpg\"\n                    width=\"100\"\n                    height=\"75\"\n                    style=\"max-width:100%;\"\n                \/>\n            <\/a>\n        <\/div>\n\t\t\t\t\t\t\t<\/div> \n\t\t\t\n        \n\t\t\t\t<div id=\"ngg-image-18\" class=\"ngg-gallery-thumbnail-box\" >\n\t\t\t\t        <div class=\"ngg-gallery-thumbnail\">\n            <a href=\"https:\/\/kontesadora.hr\/stara\/wp-content\/gallery\/zadar-2004\/img_5429.jpg\"\n               title=\"\"\n               data-src=\"https:\/\/kontesadora.hr\/stara\/wp-content\/gallery\/zadar-2004\/img_5429.jpg\"\n               data-thumbnail=\"https:\/\/kontesadora.hr\/stara\/wp-content\/gallery\/zadar-2004\/thumbs\/thumbs_img_5429.jpg\"\n               data-image-id=\"1775\"\n               data-title=\"img_5429\"\n               data-description=\"\"\n               data-image-slug=\"img_5429\"\n               class=\"shutterset_14f6353307606e96bb80d37c4b372db7\">\n                <img\n                    title=\"img_5429\"\n                    alt=\"img_5429\"\n                    src=\"https:\/\/kontesadora.hr\/stara\/wp-content\/gallery\/zadar-2004\/thumbs\/thumbs_img_5429.jpg\"\n                    width=\"100\"\n                    height=\"75\"\n                    style=\"max-width:100%;\"\n                \/>\n            <\/a>\n        <\/div>\n\t\t\t\t\t\t\t<\/div> \n\t\t\t\n        \n\t\t\t\t<div id=\"ngg-image-19\" class=\"ngg-gallery-thumbnail-box\" >\n\t\t\t\t        <div class=\"ngg-gallery-thumbnail\">\n            <a href=\"https:\/\/kontesadora.hr\/stara\/wp-content\/gallery\/zadar-2004\/img_5428.jpg\"\n               title=\"\"\n               data-src=\"https:\/\/kontesadora.hr\/stara\/wp-content\/gallery\/zadar-2004\/img_5428.jpg\"\n               data-thumbnail=\"https:\/\/kontesadora.hr\/stara\/wp-content\/gallery\/zadar-2004\/thumbs\/thumbs_img_5428.jpg\"\n               data-image-id=\"1774\"\n               data-title=\"img_5428\"\n               data-description=\"\"\n               data-image-slug=\"img_5428\"\n               class=\"shutterset_14f6353307606e96bb80d37c4b372db7\">\n                <img\n                    title=\"img_5428\"\n                    alt=\"img_5428\"\n                    src=\"https:\/\/kontesadora.hr\/stara\/wp-content\/gallery\/zadar-2004\/thumbs\/thumbs_img_5428.jpg\"\n                    width=\"100\"\n                    height=\"75\"\n                    style=\"max-width:100%;\"\n                \/>\n            <\/a>\n        <\/div>\n\t\t\t\t\t\t\t<\/div> \n\t\t\t\n        \n\t\t\n\t\t<!-- Pagination -->\n\t<div class='ngg-navigation'><span class='current'>1<\/span>\n<a class='page-numbers' data-pageid='2' href='https:\/\/kontesadora.hr\/stara\/galerija\/nggallery\/page\/2'>2<\/a>\n<span class='ellipsis'>...<\/span>\n<a class='page-numbers' data-pageid='7' href='https:\/\/kontesadora.hr\/stara\/galerija\/nggallery\/page\/7'>7<\/a>\n<a class='prev' href='https:\/\/kontesadora.hr\/stara\/galerija\/nggallery\/page\/2' data-pageid=2>&#9658;<\/a><\/div>\t<\/div>\n9. -11. prosinca 2004. Zadar, 42. hrvatsko natjecanje u\u010denika i studenata glazbe &#8211; komorni sastavi<\/p>\n<!-- index.php -->\n<div\n\tclass=\"ngg-galleryoverview ngg-ajax-pagination-none\"\n\tid=\"ngg-gallery-97680e89564d3ae88ea465b41db2c9b7-1\">\n\n    \t<div class=\"slideshowlink\">\n        <a href='https:\/\/kontesadora.hr\/stara\/galerija\/nggallery\/slideshow'>[Show as slideshow]<\/a>\n\t\t\n\t<\/div>\n\t\t\t<!-- Thumbnails -->\n\t\t\t\t<div id=\"ngg-image-0\" class=\"ngg-gallery-thumbnail-box\" >\n\t\t\t\t        <div class=\"ngg-gallery-thumbnail\">\n            <a href=\"https:\/\/kontesadora.hr\/stara\/wp-content\/gallery\/glazbos\/Djecji-zbor-OGS-2020.-prosinac.png\"\n               title=\"\"\n               data-src=\"https:\/\/kontesadora.hr\/stara\/wp-content\/gallery\/glazbos\/Djecji-zbor-OGS-2020.-prosinac.png\"\n               data-thumbnail=\"https:\/\/kontesadora.hr\/stara\/wp-content\/gallery\/glazbos\/thumbs\/thumbs_Djecji-zbor-OGS-2020.-prosinac.png\"\n               data-image-id=\"5124\"\n               data-title=\"Djecji-zbor-OGS-2020.-prosinac\"\n               data-description=\"\"\n               data-image-slug=\"djecji-zbor-ogs-2020-prosinac-5\"\n               class=\"shutterset_97680e89564d3ae88ea465b41db2c9b7\">\n                <img\n                    title=\"Djecji-zbor-OGS-2020.-prosinac\"\n                    alt=\"Djecji-zbor-OGS-2020.-prosinac\"\n                    src=\"https:\/\/kontesadora.hr\/stara\/wp-content\/gallery\/glazbos\/thumbs\/thumbs_Djecji-zbor-OGS-2020.-prosinac.png\"\n                    width=\"100\"\n                    height=\"75\"\n                    style=\"max-width:100%;\"\n                \/>\n            <\/a>\n        <\/div>\n\t\t\t\t\t\t\t<\/div> \n\t\t\t\n        \n\t\t\t\t<div id=\"ngg-image-1\" class=\"ngg-gallery-thumbnail-box\" >\n\t\t\t\t        <div class=\"ngg-gallery-thumbnail\">\n            <a href=\"https:\/\/kontesadora.hr\/stara\/wp-content\/gallery\/glazbos\/svi2.jpg\"\n               title=\"\"\n               data-src=\"https:\/\/kontesadora.hr\/stara\/wp-content\/gallery\/glazbos\/svi2.jpg\"\n               data-thumbnail=\"https:\/\/kontesadora.hr\/stara\/wp-content\/gallery\/glazbos\/thumbs\/thumbs_svi2.jpg\"\n               data-image-id=\"5123\"\n               data-title=\"svi2\"\n               data-description=\"\"\n               data-image-slug=\"svi2-5\"\n               class=\"shutterset_97680e89564d3ae88ea465b41db2c9b7\">\n                <img\n                    title=\"svi2\"\n                    alt=\"svi2\"\n                    src=\"https:\/\/kontesadora.hr\/stara\/wp-content\/gallery\/glazbos\/thumbs\/thumbs_svi2.jpg\"\n                    width=\"100\"\n                    height=\"75\"\n                    style=\"max-width:100%;\"\n                \/>\n            <\/a>\n        <\/div>\n\t\t\t\t\t\t\t<\/div> \n\t\t\t\n        \n\t\t\t\t<div id=\"ngg-image-2\" class=\"ngg-gallery-thumbnail-box\" >\n\t\t\t\t        <div class=\"ngg-gallery-thumbnail\">\n            <a href=\"https:\/\/kontesadora.hr\/stara\/wp-content\/gallery\/glazbos\/GLAZBOS-2020.jpg\"\n               title=\"\"\n               data-src=\"https:\/\/kontesadora.hr\/stara\/wp-content\/gallery\/glazbos\/GLAZBOS-2020.jpg\"\n               data-thumbnail=\"https:\/\/kontesadora.hr\/stara\/wp-content\/gallery\/glazbos\/thumbs\/thumbs_GLAZBOS-2020.jpg\"\n               data-image-id=\"5121\"\n               data-title=\"GLAZBOS-2020\"\n               data-description=\"\"\n               data-image-slug=\"glazbos-2020-5\"\n               class=\"shutterset_97680e89564d3ae88ea465b41db2c9b7\">\n                <img\n                    title=\"GLAZBOS-2020\"\n                    alt=\"GLAZBOS-2020\"\n                    src=\"https:\/\/kontesadora.hr\/stara\/wp-content\/gallery\/glazbos\/thumbs\/thumbs_GLAZBOS-2020.jpg\"\n                    width=\"100\"\n                    height=\"75\"\n                    style=\"max-width:100%;\"\n                \/>\n            <\/a>\n        <\/div>\n\t\t\t\t\t\t\t<\/div> \n\t\t\t\n        \n\t\t\t\t<div id=\"ngg-image-3\" class=\"ngg-gallery-thumbnail-box\" >\n\t\t\t\t        <div class=\"ngg-gallery-thumbnail\">\n            <a href=\"https:\/\/kontesadora.hr\/stara\/wp-content\/gallery\/glazbos\/GLAZBOS-2020-REZULTATI.jpg\"\n               title=\"\"\n               data-src=\"https:\/\/kontesadora.hr\/stara\/wp-content\/gallery\/glazbos\/GLAZBOS-2020-REZULTATI.jpg\"\n               data-thumbnail=\"https:\/\/kontesadora.hr\/stara\/wp-content\/gallery\/glazbos\/thumbs\/thumbs_GLAZBOS-2020-REZULTATI.jpg\"\n               data-image-id=\"5122\"\n               data-title=\"GLAZBOS-2020-REZULTATI\"\n               data-description=\"\"\n               data-image-slug=\"glazbos-2020-rezultati-5\"\n               class=\"shutterset_97680e89564d3ae88ea465b41db2c9b7\">\n                <img\n                    title=\"GLAZBOS-2020-REZULTATI\"\n                    alt=\"GLAZBOS-2020-REZULTATI\"\n                    src=\"https:\/\/kontesadora.hr\/stara\/wp-content\/gallery\/glazbos\/thumbs\/thumbs_GLAZBOS-2020-REZULTATI.jpg\"\n                    width=\"100\"\n                    height=\"75\"\n                    style=\"max-width:100%;\"\n                \/>\n            <\/a>\n        <\/div>\n\t\t\t\t\t\t\t<\/div> \n\t\t\t\n        \n\t\t\n\t\t<!-- Pagination -->\n\t<div class='ngg-clear'><\/div>\t<\/div>\n\n","protected":false},"excerpt":{"rendered":"<p>Fotke sa snimanja &#8211; Vesela igra Koncert \u017divjeti ljubav, 25. lipnja 2020.godine Tambura\u0161ki orkestra Osnovne glazbene \u0161kole Kontesa Dora i Tambura\u0161ko dru\u0161tvo &#8220;Dora Peja\u010devi\u0107&#8221; Na\u0161ice u Ljubljani, 30. i 31. sije\u010dnja 2020.godine 57.hrvatsko natjecanje u\u010denika i studenata glazbe &#8211; Muzi\u010dka akademija Zagreb, 4.-7.12.2019.&nbsp; &nbsp;&nbsp; 3.\u0161kolsko instrumentalno natjecanje &#8220;Moje notice i tri to\u010dkice&#8221;,&nbsp;19. o\u017eujka 2019. &nbsp; 30.11.2018&nbsp;Sve\u010danost povodom predstavljanja 6. broja [&hellip;]<\/p>\n","protected":false},"author":254,"featured_media":0,"parent":0,"menu_order":4,"comment_status":"closed","ping_status":"open","template":"","meta":{"ngg_post_thumbnail":0},"_links":{"self":[{"href":"https:\/\/kontesadora.hr\/stara\/wp-json\/wp\/v2\/pages\/22"}],"collection":[{"href":"https:\/\/kontesadora.hr\/stara\/wp-json\/wp\/v2\/pages"}],"about":[{"href":"https:\/\/kontesadora.hr\/stara\/wp-json\/wp\/v2\/types\/page"}],"author":[{"embeddable":true,"href":"https:\/\/kontesadora.hr\/stara\/wp-json\/wp\/v2\/users\/254"}],"replies":[{"embeddable":true,"href":"https:\/\/kontesadora.hr\/stara\/wp-json\/wp\/v2\/comments?post=22"}],"version-history":[{"count":75,"href":"https:\/\/kontesadora.hr\/stara\/wp-json\/wp\/v2\/pages\/22\/revisions"}],"predecessor-version":[{"id":13518,"href":"https:\/\/kontesadora.hr\/stara\/wp-json\/wp\/v2\/pages\/22\/revisions\/13518"}],"wp:attachment":[{"href":"https:\/\/kontesadora.hr\/stara\/wp-json\/wp\/v2\/media?parent=22"}],"curies":[{"name":"wp","href":"https:\/\/api.w.org\/{rel}","templated":true}]}}