{"id":17,"date":"2010-02-18T08:56:53","date_gmt":"2010-02-18T07:56:53","guid":{"rendered":"http:\/\/kontesadora.com\/?page_id=17"},"modified":"2020-07-05T09:10:05","modified_gmt":"2020-07-05T07:10:05","slug":"odjeli","status":"publish","type":"page","link":"https:\/\/kontesadora.hr\/stara\/odjeli","title":{"rendered":"odjeli"},"content":{"rendered":"<p><a href=\"https:\/\/kontesadora.hr\/wp-content\/uploads\/2020\/02\/PODACI-O-ODJELIMA-I-BROJU-U\u010cENIKA-page0001-1-724x1024.jpg\"><img loading=\"lazy\" class=\"alignleft wp-image-11686 size-large\" src=\"https:\/\/kontesadora.hr\/wp-content\/uploads\/2020\/02\/PODACI-O-ODJELIMA-I-BROJU-U\u010cENIKA-page0001-1-724x1024-724x1024.jpg\" alt=\"\" width=\"724\" height=\"1024\" srcset=\"https:\/\/kontesadora.hr\/stara\/wp-content\/uploads\/2020\/02\/PODACI-O-ODJELIMA-I-BROJU-U\u010cENIKA-page0001-1-724x1024.jpg 724w, https:\/\/kontesadora.hr\/stara\/wp-content\/uploads\/2020\/02\/PODACI-O-ODJELIMA-I-BROJU-U\u010cENIKA-page0001-1-724x1024-212x300.jpg 212w\" sizes=\"(max-width: 724px) 100vw, 724px\" \/><\/a><\/p>\n<p>&nbsp;<\/p>\n<p><a href=\"https:\/\/kontesadora.hr\/wp-content\/uploads\/2020\/02\/PODACI-O-ODJELIMA-I-BROJU-U\u010cENIKA-page0002-1-724x1024.jpg\"><img loading=\"lazy\" class=\"alignleft wp-image-11687 \" src=\"https:\/\/kontesadora.hr\/wp-content\/uploads\/2020\/02\/PODACI-O-ODJELIMA-I-BROJU-U\u010cENIKA-page0002-1-724x1024-724x1024.jpg\" alt=\"\" width=\"540\" height=\"764\" srcset=\"https:\/\/kontesadora.hr\/stara\/wp-content\/uploads\/2020\/02\/PODACI-O-ODJELIMA-I-BROJU-U\u010cENIKA-page0002-1-724x1024.jpg 724w, https:\/\/kontesadora.hr\/stara\/wp-content\/uploads\/2020\/02\/PODACI-O-ODJELIMA-I-BROJU-U\u010cENIKA-page0002-1-724x1024-212x300.jpg 212w\" sizes=\"(max-width: 540px) 100vw, 540px\" \/><\/a><\/p>\n<p><a href=\"https:\/\/kontesadora.hr\/wp-content\/uploads\/2020\/07\/Na\u0161i-uspjesi-u-\u0161kolskoj-2019.2020.ZA-WEB-page0001.jpg\"><img loading=\"lazy\" class=\"alignleft wp-image-12056 size-large\" src=\"https:\/\/kontesadora.hr\/wp-content\/uploads\/2020\/07\/Na\u0161i-uspjesi-u-\u0161kolskoj-2019.2020.ZA-WEB-page0001-724x1024.jpg\" alt=\"\" width=\"724\" height=\"1024\" srcset=\"https:\/\/kontesadora.hr\/stara\/wp-content\/uploads\/2020\/07\/Na\u0161i-uspjesi-u-\u0161kolskoj-2019.2020.ZA-WEB-page0001-724x1024.jpg 724w, https:\/\/kontesadora.hr\/stara\/wp-content\/uploads\/2020\/07\/Na\u0161i-uspjesi-u-\u0161kolskoj-2019.2020.ZA-WEB-page0001-212x300.jpg 212w, https:\/\/kontesadora.hr\/stara\/wp-content\/uploads\/2020\/07\/Na\u0161i-uspjesi-u-\u0161kolskoj-2019.2020.ZA-WEB-page0001-768x1086.jpg 768w, https:\/\/kontesadora.hr\/stara\/wp-content\/uploads\/2020\/07\/Na\u0161i-uspjesi-u-\u0161kolskoj-2019.2020.ZA-WEB-page0001.jpg 1240w\" sizes=\"(max-width: 724px) 100vw, 724px\" \/><\/a><\/p>\n<p>&nbsp;<\/p>\n<p><a href=\"https:\/\/kontesadora.hr\/wp-content\/uploads\/2020\/07\/Na\u0161i-uspjesi-u-\u0161kolskoj-2019.2020.ZA-WEB-page0002.jpg\"><img loading=\"lazy\" class=\"alignleft wp-image-12055 size-large\" src=\"https:\/\/kontesadora.hr\/wp-content\/uploads\/2020\/07\/Na\u0161i-uspjesi-u-\u0161kolskoj-2019.2020.ZA-WEB-page0002-724x1024.jpg\" alt=\"\" width=\"724\" height=\"1024\" srcset=\"https:\/\/kontesadora.hr\/stara\/wp-content\/uploads\/2020\/07\/Na\u0161i-uspjesi-u-\u0161kolskoj-2019.2020.ZA-WEB-page0002-724x1024.jpg 724w, https:\/\/kontesadora.hr\/stara\/wp-content\/uploads\/2020\/07\/Na\u0161i-uspjesi-u-\u0161kolskoj-2019.2020.ZA-WEB-page0002-212x300.jpg 212w, https:\/\/kontesadora.hr\/stara\/wp-content\/uploads\/2020\/07\/Na\u0161i-uspjesi-u-\u0161kolskoj-2019.2020.ZA-WEB-page0002-768x1086.jpg 768w, https:\/\/kontesadora.hr\/stara\/wp-content\/uploads\/2020\/07\/Na\u0161i-uspjesi-u-\u0161kolskoj-2019.2020.ZA-WEB-page0002.jpg 1240w\" sizes=\"(max-width: 724px) 100vw, 724px\" \/><\/a><a href=\"https:\/\/kontesadora.hr\/wp-content\/uploads\/2020\/07\/Na\u0161i-uspjesi-u-\u0161kolskoj-2019.2020.ZA-WEB-page0003.jpg\"><img loading=\"lazy\" class=\"alignleft wp-image-12053 size-large\" src=\"https:\/\/kontesadora.hr\/wp-content\/uploads\/2020\/07\/Na\u0161i-uspjesi-u-\u0161kolskoj-2019.2020.ZA-WEB-page0003-724x1024.jpg\" alt=\"\" width=\"724\" height=\"1024\" srcset=\"https:\/\/kontesadora.hr\/stara\/wp-content\/uploads\/2020\/07\/Na\u0161i-uspjesi-u-\u0161kolskoj-2019.2020.ZA-WEB-page0003-724x1024.jpg 724w, https:\/\/kontesadora.hr\/stara\/wp-content\/uploads\/2020\/07\/Na\u0161i-uspjesi-u-\u0161kolskoj-2019.2020.ZA-WEB-page0003-212x300.jpg 212w, https:\/\/kontesadora.hr\/stara\/wp-content\/uploads\/2020\/07\/Na\u0161i-uspjesi-u-\u0161kolskoj-2019.2020.ZA-WEB-page0003-768x1086.jpg 768w, https:\/\/kontesadora.hr\/stara\/wp-content\/uploads\/2020\/07\/Na\u0161i-uspjesi-u-\u0161kolskoj-2019.2020.ZA-WEB-page0003.jpg 1240w\" sizes=\"(max-width: 724px) 100vw, 724px\" \/><\/a><a href=\"https:\/\/kontesadora.hr\/wp-content\/uploads\/2020\/07\/Na\u0161i-uspjesi-u-\u0161kolskoj-2019.2020.ZA-WEB-page0004.jpg\"><img loading=\"lazy\" class=\"alignleft wp-image-12054 size-large\" src=\"https:\/\/kontesadora.hr\/wp-content\/uploads\/2020\/07\/Na\u0161i-uspjesi-u-\u0161kolskoj-2019.2020.ZA-WEB-page0004-724x1024.jpg\" alt=\"\" width=\"724\" height=\"1024\" srcset=\"https:\/\/kontesadora.hr\/stara\/wp-content\/uploads\/2020\/07\/Na\u0161i-uspjesi-u-\u0161kolskoj-2019.2020.ZA-WEB-page0004-724x1024.jpg 724w, https:\/\/kontesadora.hr\/stara\/wp-content\/uploads\/2020\/07\/Na\u0161i-uspjesi-u-\u0161kolskoj-2019.2020.ZA-WEB-page0004-212x300.jpg 212w, https:\/\/kontesadora.hr\/stara\/wp-content\/uploads\/2020\/07\/Na\u0161i-uspjesi-u-\u0161kolskoj-2019.2020.ZA-WEB-page0004-768x1086.jpg 768w, https:\/\/kontesadora.hr\/stara\/wp-content\/uploads\/2020\/07\/Na\u0161i-uspjesi-u-\u0161kolskoj-2019.2020.ZA-WEB-page0004.jpg 1240w\" sizes=\"(max-width: 724px) 100vw, 724px\" \/><\/a><\/p>\n<p>&nbsp;<\/p>\n<p>&nbsp;<\/p>\n<p>&nbsp;<\/p>\n<p>&nbsp;<\/p>\n<p>&nbsp;<\/p>\n<p><a href=\"https:\/\/kontesadora.hr\/wp-content\/uploads\/2020\/02\/NA\u0160I-USPJESI-U-2018.2019.-\u0160KOLSKOJ-GODINI-page0001.jpg\"><img loading=\"lazy\" class=\"alignleft wp-image-11680 size-large\" src=\"https:\/\/kontesadora.hr\/wp-content\/uploads\/2020\/02\/NA\u0160I-USPJESI-U-2018.2019.-\u0160KOLSKOJ-GODINI-page0001-724x1024.jpg\" alt=\"\" width=\"724\" height=\"1024\" srcset=\"https:\/\/kontesadora.hr\/stara\/wp-content\/uploads\/2020\/02\/NA\u0160I-USPJESI-U-2018.2019.-\u0160KOLSKOJ-GODINI-page0001-724x1024.jpg 724w, https:\/\/kontesadora.hr\/stara\/wp-content\/uploads\/2020\/02\/NA\u0160I-USPJESI-U-2018.2019.-\u0160KOLSKOJ-GODINI-page0001-212x300.jpg 212w, https:\/\/kontesadora.hr\/stara\/wp-content\/uploads\/2020\/02\/NA\u0160I-USPJESI-U-2018.2019.-\u0160KOLSKOJ-GODINI-page0001-768x1086.jpg 768w, https:\/\/kontesadora.hr\/stara\/wp-content\/uploads\/2020\/02\/NA\u0160I-USPJESI-U-2018.2019.-\u0160KOLSKOJ-GODINI-page0001.jpg 1240w\" sizes=\"(max-width: 724px) 100vw, 724px\" \/><\/a><a href=\"https:\/\/kontesadora.hr\/wp-content\/uploads\/2020\/02\/NA\u0160I-USPJESI-U-2018.2019.-\u0160KOLSKOJ-GODINI-page0002.jpg\"><img loading=\"lazy\" class=\"alignleft wp-image-11679 size-large\" src=\"https:\/\/kontesadora.hr\/wp-content\/uploads\/2020\/02\/NA\u0160I-USPJESI-U-2018.2019.-\u0160KOLSKOJ-GODINI-page0002-724x1024.jpg\" alt=\"\" width=\"724\" height=\"1024\" srcset=\"https:\/\/kontesadora.hr\/stara\/wp-content\/uploads\/2020\/02\/NA\u0160I-USPJESI-U-2018.2019.-\u0160KOLSKOJ-GODINI-page0002-724x1024.jpg 724w, https:\/\/kontesadora.hr\/stara\/wp-content\/uploads\/2020\/02\/NA\u0160I-USPJESI-U-2018.2019.-\u0160KOLSKOJ-GODINI-page0002-212x300.jpg 212w, https:\/\/kontesadora.hr\/stara\/wp-content\/uploads\/2020\/02\/NA\u0160I-USPJESI-U-2018.2019.-\u0160KOLSKOJ-GODINI-page0002-768x1086.jpg 768w, https:\/\/kontesadora.hr\/stara\/wp-content\/uploads\/2020\/02\/NA\u0160I-USPJESI-U-2018.2019.-\u0160KOLSKOJ-GODINI-page0002.jpg 1240w\" sizes=\"(max-width: 724px) 100vw, 724px\" \/><\/a><a href=\"https:\/\/kontesadora.hr\/wp-content\/uploads\/2020\/02\/NA\u0160I-USPJESI-U-2018.2019.-\u0160KOLSKOJ-GODINI-page0003.jpg\"><img loading=\"lazy\" class=\"alignleft wp-image-11677 size-large\" src=\"https:\/\/kontesadora.hr\/wp-content\/uploads\/2020\/02\/NA\u0160I-USPJESI-U-2018.2019.-\u0160KOLSKOJ-GODINI-page0003-724x1024.jpg\" alt=\"\" width=\"724\" height=\"1024\" srcset=\"https:\/\/kontesadora.hr\/stara\/wp-content\/uploads\/2020\/02\/NA\u0160I-USPJESI-U-2018.2019.-\u0160KOLSKOJ-GODINI-page0003-724x1024.jpg 724w, https:\/\/kontesadora.hr\/stara\/wp-content\/uploads\/2020\/02\/NA\u0160I-USPJESI-U-2018.2019.-\u0160KOLSKOJ-GODINI-page0003-212x300.jpg 212w, https:\/\/kontesadora.hr\/stara\/wp-content\/uploads\/2020\/02\/NA\u0160I-USPJESI-U-2018.2019.-\u0160KOLSKOJ-GODINI-page0003-768x1086.jpg 768w, https:\/\/kontesadora.hr\/stara\/wp-content\/uploads\/2020\/02\/NA\u0160I-USPJESI-U-2018.2019.-\u0160KOLSKOJ-GODINI-page0003.jpg 1240w\" sizes=\"(max-width: 724px) 100vw, 724px\" \/><\/a><a href=\"https:\/\/kontesadora.hr\/wp-content\/uploads\/2020\/02\/NA\u0160I-USPJESI-U-2018.2019.-\u0160KOLSKOJ-GODINI-page0004.jpg\"><img loading=\"lazy\" class=\"alignleft wp-image-11678 size-large\" src=\"https:\/\/kontesadora.hr\/wp-content\/uploads\/2020\/02\/NA\u0160I-USPJESI-U-2018.2019.-\u0160KOLSKOJ-GODINI-page0004-724x1024.jpg\" alt=\"\" width=\"724\" height=\"1024\" srcset=\"https:\/\/kontesadora.hr\/stara\/wp-content\/uploads\/2020\/02\/NA\u0160I-USPJESI-U-2018.2019.-\u0160KOLSKOJ-GODINI-page0004-724x1024.jpg 724w, https:\/\/kontesadora.hr\/stara\/wp-content\/uploads\/2020\/02\/NA\u0160I-USPJESI-U-2018.2019.-\u0160KOLSKOJ-GODINI-page0004-212x300.jpg 212w, https:\/\/kontesadora.hr\/stara\/wp-content\/uploads\/2020\/02\/NA\u0160I-USPJESI-U-2018.2019.-\u0160KOLSKOJ-GODINI-page0004-768x1086.jpg 768w, https:\/\/kontesadora.hr\/stara\/wp-content\/uploads\/2020\/02\/NA\u0160I-USPJESI-U-2018.2019.-\u0160KOLSKOJ-GODINI-page0004.jpg 1240w\" sizes=\"(max-width: 724px) 100vw, 724px\" \/><\/a><a href=\"https:\/\/kontesadora.hr\/wp-content\/uploads\/2020\/02\/NA\u0160I-USPJESI-U-2018.2019.-\u0160KOLSKOJ-GODINI-page0005.jpg\"><img loading=\"lazy\" class=\"alignleft wp-image-11676 size-large\" src=\"https:\/\/kontesadora.hr\/wp-content\/uploads\/2020\/02\/NA\u0160I-USPJESI-U-2018.2019.-\u0160KOLSKOJ-GODINI-page0005-724x1024.jpg\" alt=\"\" width=\"724\" height=\"1024\" srcset=\"https:\/\/kontesadora.hr\/stara\/wp-content\/uploads\/2020\/02\/NA\u0160I-USPJESI-U-2018.2019.-\u0160KOLSKOJ-GODINI-page0005-724x1024.jpg 724w, https:\/\/kontesadora.hr\/stara\/wp-content\/uploads\/2020\/02\/NA\u0160I-USPJESI-U-2018.2019.-\u0160KOLSKOJ-GODINI-page0005-212x300.jpg 212w, https:\/\/kontesadora.hr\/stara\/wp-content\/uploads\/2020\/02\/NA\u0160I-USPJESI-U-2018.2019.-\u0160KOLSKOJ-GODINI-page0005-768x1086.jpg 768w, https:\/\/kontesadora.hr\/stara\/wp-content\/uploads\/2020\/02\/NA\u0160I-USPJESI-U-2018.2019.-\u0160KOLSKOJ-GODINI-page0005.jpg 1240w\" sizes=\"(max-width: 724px) 100vw, 724px\" \/><\/a><a href=\"https:\/\/kontesadora.hr\/wp-content\/uploads\/2020\/02\/NA\u0160I-USPJESI-U-2018.2019.-\u0160KOLSKOJ-GODINI-page0006.jpg\"><img loading=\"lazy\" class=\"alignleft wp-image-11675 size-large\" src=\"https:\/\/kontesadora.hr\/wp-content\/uploads\/2020\/02\/NA\u0160I-USPJESI-U-2018.2019.-\u0160KOLSKOJ-GODINI-page0006-724x1024.jpg\" alt=\"\" width=\"724\" height=\"1024\" srcset=\"https:\/\/kontesadora.hr\/stara\/wp-content\/uploads\/2020\/02\/NA\u0160I-USPJESI-U-2018.2019.-\u0160KOLSKOJ-GODINI-page0006-724x1024.jpg 724w, https:\/\/kontesadora.hr\/stara\/wp-content\/uploads\/2020\/02\/NA\u0160I-USPJESI-U-2018.2019.-\u0160KOLSKOJ-GODINI-page0006-212x300.jpg 212w, https:\/\/kontesadora.hr\/stara\/wp-content\/uploads\/2020\/02\/NA\u0160I-USPJESI-U-2018.2019.-\u0160KOLSKOJ-GODINI-page0006-768x1086.jpg 768w, https:\/\/kontesadora.hr\/stara\/wp-content\/uploads\/2020\/02\/NA\u0160I-USPJESI-U-2018.2019.-\u0160KOLSKOJ-GODINI-page0006.jpg 1240w\" sizes=\"(max-width: 724px) 100vw, 724px\" \/><\/a><\/p>\n<p>&nbsp;<\/p>\n<p>&nbsp;<\/p>\n<p>&nbsp;<\/p>\n<p>&nbsp;<\/p>\n<p style=\"text-align: justify;\">&nbsp;<\/p>\n<p>&nbsp;<\/p>\n<p>&nbsp;<\/p>\n<p>&nbsp;<\/p>\n<p>&nbsp;<\/p>\n<p>&nbsp;<\/p>\n<p><a href=\"https:\/\/kontesadora.hr\/wp-content\/uploads\/2018\/07\/Na\u0161i-uspjesi-u-\u0161kolskoj-2017.2018.-IZVJE\u0160TAJ-1.jpg\"><img loading=\"lazy\" class=\"alignleft wp-image-9619 size-large\" src=\"https:\/\/kontesadora.hr\/wp-content\/uploads\/2018\/07\/Na\u0161i-uspjesi-u-\u0161kolskoj-2017.2018.-IZVJE\u0160TAJ-1-724x1024.jpg\" alt=\"\" width=\"724\" height=\"1024\" srcset=\"https:\/\/kontesadora.hr\/stara\/wp-content\/uploads\/2018\/07\/Na\u0161i-uspjesi-u-\u0161kolskoj-2017.2018.-IZVJE\u0160TAJ-1-724x1024.jpg 724w, https:\/\/kontesadora.hr\/stara\/wp-content\/uploads\/2018\/07\/Na\u0161i-uspjesi-u-\u0161kolskoj-2017.2018.-IZVJE\u0160TAJ-1-212x300.jpg 212w, https:\/\/kontesadora.hr\/stara\/wp-content\/uploads\/2018\/07\/Na\u0161i-uspjesi-u-\u0161kolskoj-2017.2018.-IZVJE\u0160TAJ-1-768x1087.jpg 768w, https:\/\/kontesadora.hr\/stara\/wp-content\/uploads\/2018\/07\/Na\u0161i-uspjesi-u-\u0161kolskoj-2017.2018.-IZVJE\u0160TAJ-1-1280x1811.jpg 1280w, https:\/\/kontesadora.hr\/stara\/wp-content\/uploads\/2018\/07\/Na\u0161i-uspjesi-u-\u0161kolskoj-2017.2018.-IZVJE\u0160TAJ-1.jpg 1653w\" sizes=\"(max-width: 724px) 100vw, 724px\" \/><\/a><a href=\"https:\/\/kontesadora.hr\/wp-content\/uploads\/2018\/07\/Na\u0161i-uspjesi-u-\u0161kolskoj-2017.2018.-IZVJE\u0160TAJ-2.jpg\"><img loading=\"lazy\" class=\"alignleft wp-image-9620 size-large\" src=\"https:\/\/kontesadora.hr\/wp-content\/uploads\/2018\/07\/Na\u0161i-uspjesi-u-\u0161kolskoj-2017.2018.-IZVJE\u0160TAJ-2-724x1024.jpg\" alt=\"\" width=\"724\" height=\"1024\" srcset=\"https:\/\/kontesadora.hr\/stara\/wp-content\/uploads\/2018\/07\/Na\u0161i-uspjesi-u-\u0161kolskoj-2017.2018.-IZVJE\u0160TAJ-2-724x1024.jpg 724w, https:\/\/kontesadora.hr\/stara\/wp-content\/uploads\/2018\/07\/Na\u0161i-uspjesi-u-\u0161kolskoj-2017.2018.-IZVJE\u0160TAJ-2-212x300.jpg 212w, https:\/\/kontesadora.hr\/stara\/wp-content\/uploads\/2018\/07\/Na\u0161i-uspjesi-u-\u0161kolskoj-2017.2018.-IZVJE\u0160TAJ-2-768x1087.jpg 768w, https:\/\/kontesadora.hr\/stara\/wp-content\/uploads\/2018\/07\/Na\u0161i-uspjesi-u-\u0161kolskoj-2017.2018.-IZVJE\u0160TAJ-2-1280x1811.jpg 1280w, https:\/\/kontesadora.hr\/stara\/wp-content\/uploads\/2018\/07\/Na\u0161i-uspjesi-u-\u0161kolskoj-2017.2018.-IZVJE\u0160TAJ-2.jpg 1653w\" sizes=\"(max-width: 724px) 100vw, 724px\" \/><\/a><a href=\"https:\/\/kontesadora.hr\/wp-content\/uploads\/2018\/07\/Na\u0161i-uspjesi-u-\u0161kolskoj-2017.2018.-IZVJE\u0160TAJ-3.jpg\"><img loading=\"lazy\" class=\"alignleft wp-image-9621 \" src=\"https:\/\/kontesadora.hr\/wp-content\/uploads\/2018\/07\/Na\u0161i-uspjesi-u-\u0161kolskoj-2017.2018.-IZVJE\u0160TAJ-3-724x1024.jpg\" alt=\"\" width=\"700\" height=\"990\" srcset=\"https:\/\/kontesadora.hr\/stara\/wp-content\/uploads\/2018\/07\/Na\u0161i-uspjesi-u-\u0161kolskoj-2017.2018.-IZVJE\u0160TAJ-3-724x1024.jpg 724w, https:\/\/kontesadora.hr\/stara\/wp-content\/uploads\/2018\/07\/Na\u0161i-uspjesi-u-\u0161kolskoj-2017.2018.-IZVJE\u0160TAJ-3-212x300.jpg 212w, https:\/\/kontesadora.hr\/stara\/wp-content\/uploads\/2018\/07\/Na\u0161i-uspjesi-u-\u0161kolskoj-2017.2018.-IZVJE\u0160TAJ-3-768x1087.jpg 768w, https:\/\/kontesadora.hr\/stara\/wp-content\/uploads\/2018\/07\/Na\u0161i-uspjesi-u-\u0161kolskoj-2017.2018.-IZVJE\u0160TAJ-3-1280x1811.jpg 1280w, https:\/\/kontesadora.hr\/stara\/wp-content\/uploads\/2018\/07\/Na\u0161i-uspjesi-u-\u0161kolskoj-2017.2018.-IZVJE\u0160TAJ-3.jpg 1653w\" sizes=\"(max-width: 700px) 100vw, 700px\" \/><\/a><\/p>\n<p style=\"text-align: justify;\">&nbsp;<\/p>\n<p>&nbsp;<\/p>\n<p>&nbsp;<\/p>\n<p>&nbsp;<\/p>\n<p>&nbsp;<\/p>\n<p>&nbsp;<\/p>\n<p style=\"text-align: left;\">&nbsp;<\/p>\n<p style=\"text-align: center;\">&nbsp;<\/p>\n<p style=\"text-align: center;\">&nbsp;<\/p>\n<p style=\"text-align: center;\">&nbsp;<\/p>\n<p style=\"text-align: center;\">&nbsp;<\/p>\n<p style=\"text-align: center;\">&nbsp;<\/p>\n<p>&nbsp;<\/p>\n<p>&nbsp;<\/p>\n<p>&nbsp;<\/p>\n<p>&nbsp;<\/p>\n<p>&nbsp;<\/p>\n<p>&nbsp;<\/p>\n<p>&nbsp;<\/p>\n<p>&nbsp;<\/p>\n<p>&nbsp;<\/p>\n<p>&nbsp;<\/p>\n<p>&nbsp;<\/p>\n<p>&nbsp;<\/p>\n<p>&nbsp;<\/p>\n<p style=\"text-align: center;\">&nbsp;<\/p>\n<p style=\"text-align: center;\">&nbsp;<\/p>\n<p style=\"text-align: center;\">&nbsp;<\/p>\n<p style=\"text-align: center;\">&nbsp;<\/p>\n<p style=\"text-align: center;\">&nbsp;<\/p>\n<p style=\"text-align: center;\">&nbsp;<\/p>\n<p style=\"text-align: center;\">&nbsp;<\/p>\n<p style=\"text-align: center;\">&nbsp;<\/p>\n<p style=\"text-align: center;\">&nbsp;<\/p>\n<p style=\"text-align: center;\">&nbsp;<\/p>\n<p>&nbsp;<\/p>\n<p>&nbsp;<\/p>\n<p style=\"text-align: center;\">&nbsp;<\/p>\n<p style=\"text-align: center;\">&nbsp;<\/p>\n<p style=\"text-align: center;\">&nbsp;<\/p>\n<p style=\"text-align: center;\">&nbsp;<\/p>\n<p style=\"text-align: center;\">&nbsp;<\/p>\n<p style=\"text-align: left;\">&nbsp;<\/p>\n<p style=\"text-align: left;\">&nbsp;<\/p>\n<p>&nbsp;<\/p>\n<p>&nbsp;<\/p>\n<p style=\"text-align: center;\"><a href=\"https:\/\/kontesadora.hr\/wp-content\/uploads\/2017\/07\/Na\u0161i-uspjesi-u-\u0161kolskoj-2016.2017.-IZVJE\u0160TAJ-page-0021.jpg\"><img loading=\"lazy\" class=\"alignleft wp-image-7861 size-large\" src=\"https:\/\/kontesadora.hr\/wp-content\/uploads\/2017\/07\/Na\u0161i-uspjesi-u-\u0161kolskoj-2016.2017.-IZVJE\u0160TAJ-page-0021-891x1024.jpg\" alt=\"\" width=\"891\" height=\"1024\" srcset=\"https:\/\/kontesadora.hr\/stara\/wp-content\/uploads\/2017\/07\/Na\u0161i-uspjesi-u-\u0161kolskoj-2016.2017.-IZVJE\u0160TAJ-page-0021-891x1024.jpg 891w, https:\/\/kontesadora.hr\/stara\/wp-content\/uploads\/2017\/07\/Na\u0161i-uspjesi-u-\u0161kolskoj-2016.2017.-IZVJE\u0160TAJ-page-0021-261x300.jpg 261w, https:\/\/kontesadora.hr\/stara\/wp-content\/uploads\/2017\/07\/Na\u0161i-uspjesi-u-\u0161kolskoj-2016.2017.-IZVJE\u0160TAJ-page-0021-768x882.jpg 768w, https:\/\/kontesadora.hr\/stara\/wp-content\/uploads\/2017\/07\/Na\u0161i-uspjesi-u-\u0161kolskoj-2016.2017.-IZVJE\u0160TAJ-page-0021.jpg 1237w\" sizes=\"(max-width: 891px) 100vw, 891px\" \/><\/a>&nbsp;<\/p>\n<p style=\"text-align: center;\">&nbsp;<\/p>\n<p style=\"text-align: center;\">&nbsp;<\/p>\n<p>&nbsp;<\/p>\n<p>&nbsp;<\/p>\n<p>&nbsp;<\/p>\n<p>&nbsp;<\/p>\n<p>&nbsp;<\/p>\n<p>&nbsp;<\/p>\n<p>&nbsp;<\/p>\n<p>&nbsp;<\/p>\n<p>&nbsp;<\/p>\n<p style=\"text-align: center;\">&nbsp;<\/p>\n<p style=\"text-align: center;\">&nbsp;<\/p>\n<p style=\"text-align: center;\">&nbsp;<\/p>\n<p style=\"text-align: center;\">&nbsp;<\/p>\n<p style=\"text-align: center;\">&nbsp;<\/p>\n<p style=\"text-align: center;\">&nbsp;<\/p>\n<p style=\"text-align: center;\">&nbsp;<\/p>\n<p style=\"text-align: center;\">&nbsp;<\/p>\n<p style=\"text-align: center;\">&nbsp;<\/p>\n<p style=\"text-align: center;\">&nbsp;<\/p>\n<p style=\"text-align: center;\">&nbsp;<\/p>\n<p style=\"text-align: left;\">&nbsp;<\/p>\n<p style=\"text-align: left;\">&nbsp;<\/p>\n<p>&nbsp;<\/p>\n<p>&nbsp;<\/p>\n<p>&nbsp;<\/p>\n<p>&nbsp;<\/p>\n<p>&nbsp;<\/p>\n<p>&nbsp;<\/p>\n<p>&nbsp;<\/p>\n<p>&nbsp;<\/p>\n<p style=\"text-align: center;\">&nbsp;<\/p>\n<p style=\"text-align: center;\">&nbsp;<\/p>\n<p style=\"text-align: center;\">&nbsp;<\/p>\n<p style=\"text-align: center;\">&nbsp;<\/p>\n<p style=\"text-align: center;\">&nbsp;<\/p>\n<p style=\"text-align: center;\">&nbsp;<\/p>\n<p style=\"text-align: center;\">&nbsp;<\/p>\n<p style=\"text-align: center;\">&nbsp;<\/p>\n<p style=\"text-align: center;\">&nbsp;<\/p>\n<p style=\"text-align: center;\">&nbsp;<\/p>\n<p style=\"text-align: center;\">&nbsp;<\/p>\n<p style=\"text-align: center;\">&nbsp;<\/p>\n<p style=\"text-align: center;\"><a href=\"https:\/\/kontesadora.hr\/wp-content\/uploads\/2017\/07\/Na\u0161i-uspjesi-u-\u0161kolskoj-2016.2017.-IZVJE\u0160TAJ-page-0031.jpg\"><img loading=\"lazy\" class=\"alignleft wp-image-7862 size-large\" src=\"https:\/\/kontesadora.hr\/wp-content\/uploads\/2017\/07\/Na\u0161i-uspjesi-u-\u0161kolskoj-2016.2017.-IZVJE\u0160TAJ-page-0031-866x1024.jpg\" alt=\"\" width=\"866\" height=\"1024\" srcset=\"https:\/\/kontesadora.hr\/stara\/wp-content\/uploads\/2017\/07\/Na\u0161i-uspjesi-u-\u0161kolskoj-2016.2017.-IZVJE\u0160TAJ-page-0031-866x1024.jpg 866w, https:\/\/kontesadora.hr\/stara\/wp-content\/uploads\/2017\/07\/Na\u0161i-uspjesi-u-\u0161kolskoj-2016.2017.-IZVJE\u0160TAJ-page-0031-254x300.jpg 254w, https:\/\/kontesadora.hr\/stara\/wp-content\/uploads\/2017\/07\/Na\u0161i-uspjesi-u-\u0161kolskoj-2016.2017.-IZVJE\u0160TAJ-page-0031-768x908.jpg 768w, https:\/\/kontesadora.hr\/stara\/wp-content\/uploads\/2017\/07\/Na\u0161i-uspjesi-u-\u0161kolskoj-2016.2017.-IZVJE\u0160TAJ-page-0031.jpg 1237w\" sizes=\"(max-width: 866px) 100vw, 866px\" \/><\/a>&nbsp;<\/p>\n<p style=\"text-align: center;\">&nbsp;<\/p>\n<p style=\"text-align: center;\">&nbsp;<\/p>\n<p style=\"text-align: center;\">&nbsp;<\/p>\n<p style=\"text-align: center;\">&nbsp;<\/p>\n<p style=\"text-align: center;\">&nbsp;<\/p>\n<p style=\"text-align: center;\">&nbsp;<\/p>\n<p style=\"text-align: center;\">&nbsp;<\/p>\n<p style=\"text-align: center;\">&nbsp;<\/p>\n<p style=\"text-align: center;\">&nbsp;<\/p>\n<p style=\"text-align: center;\">&nbsp;<\/p>\n<p style=\"text-align: center;\">&nbsp;<\/p>\n<p style=\"text-align: center;\">&nbsp;<\/p>\n<p style=\"text-align: center;\">&nbsp;<\/p>\n<p style=\"text-align: center;\">&nbsp;<\/p>\n<p style=\"text-align: center;\">&nbsp;<\/p>\n<p style=\"text-align: center;\">&nbsp;<\/p>\n<p style=\"text-align: center;\">&nbsp;<\/p>\n<p style=\"text-align: center;\">&nbsp;<\/p>\n<p style=\"text-align: center;\">&nbsp;<\/p>\n<p style=\"text-align: center;\">&nbsp;<\/p>\n<p style=\"text-align: center;\">&nbsp;<\/p>\n<p style=\"text-align: center;\">&nbsp;<\/p>\n<p style=\"text-align: center;\">&nbsp;<\/p>\n<p style=\"text-align: center;\">&nbsp;<\/p>\n<p style=\"text-align: center;\">&nbsp;<\/p>\n<p style=\"text-align: center;\">&nbsp;<\/p>\n<p style=\"text-align: center;\"><a href=\"https:\/\/kontesadora.hr\/wp-content\/uploads\/2017\/07\/Na\u0161i-uspjesi-u-\u0161kolskoj-2016.2017.-IZVJE\u0160TAJ-page-0041.jpg\"><img loading=\"lazy\" class=\"alignleft wp-image-7863 size-large\" src=\"https:\/\/kontesadora.hr\/wp-content\/uploads\/2017\/07\/Na\u0161i-uspjesi-u-\u0161kolskoj-2016.2017.-IZVJE\u0160TAJ-page-0041-928x1024.jpg\" alt=\"\" width=\"928\" height=\"1024\" srcset=\"https:\/\/kontesadora.hr\/stara\/wp-content\/uploads\/2017\/07\/Na\u0161i-uspjesi-u-\u0161kolskoj-2016.2017.-IZVJE\u0160TAJ-page-0041-928x1024.jpg 928w, https:\/\/kontesadora.hr\/stara\/wp-content\/uploads\/2017\/07\/Na\u0161i-uspjesi-u-\u0161kolskoj-2016.2017.-IZVJE\u0160TAJ-page-0041-272x300.jpg 272w, https:\/\/kontesadora.hr\/stara\/wp-content\/uploads\/2017\/07\/Na\u0161i-uspjesi-u-\u0161kolskoj-2016.2017.-IZVJE\u0160TAJ-page-0041-768x847.jpg 768w, https:\/\/kontesadora.hr\/stara\/wp-content\/uploads\/2017\/07\/Na\u0161i-uspjesi-u-\u0161kolskoj-2016.2017.-IZVJE\u0160TAJ-page-0041.jpg 1239w\" sizes=\"(max-width: 928px) 100vw, 928px\" \/><\/a>&nbsp;<\/p>\n<p style=\"text-align: center;\">&nbsp;<\/p>\n<p style=\"text-align: center;\">&nbsp;<\/p>\n<p style=\"text-align: center;\">&nbsp;<\/p>\n<p style=\"text-align: center;\">&nbsp;<\/p>\n<p style=\"text-align: center;\">&nbsp;<\/p>\n<p style=\"text-align: center;\">&nbsp;<\/p>\n<p style=\"text-align: center;\">&nbsp;<\/p>\n<p style=\"text-align: center;\">&nbsp;<\/p>\n<p style=\"text-align: center;\">&nbsp;<\/p>\n<p style=\"text-align: center;\">&nbsp;<\/p>\n<p style=\"text-align: center;\">&nbsp;<\/p>\n<p style=\"text-align: center;\">&nbsp;<\/p>\n<p style=\"text-align: center;\">&nbsp;<\/p>\n<p style=\"text-align: center;\">&nbsp;<\/p>\n<p style=\"text-align: center;\">&nbsp;<\/p>\n<p style=\"text-align: center;\">&nbsp;<\/p>\n<p style=\"text-align: center;\">&nbsp;<\/p>\n<p style=\"text-align: center;\">&nbsp;<\/p>\n<p style=\"text-align: center;\">&nbsp;<\/p>\n<p style=\"text-align: center;\">&nbsp;<\/p>\n<p style=\"text-align: center;\">&nbsp;<\/p>\n<p style=\"text-align: center;\">&nbsp;<\/p>\n<p style=\"text-align: center;\">&nbsp;<\/p>\n<p style=\"text-align: center;\">&nbsp;<\/p>\n<p style=\"text-align: center;\">&nbsp;<\/p>\n<p style=\"text-align: center;\">&nbsp;<\/p>\n<p>&nbsp;<\/p>\n<p>&nbsp;<\/p>\n<p>&nbsp;<\/p>\n<p>&nbsp;<\/p>\n<p style=\"text-align: left;\">&nbsp;<\/p>\n<p>&nbsp;<\/p>\n<p>&nbsp;<\/p>\n<p>&nbsp;<\/p>\n<p>&nbsp;<\/p>\n<p>&nbsp;<\/p>\n<p>&nbsp;<\/p>\n<p>&nbsp;<\/p>\n<p>&nbsp;<\/p>\n<p>&nbsp;<\/p>\n<p>&nbsp;<\/p>\n<p>&nbsp;<\/p>\n<p>&nbsp;<\/p>\n<p>&nbsp;<\/p>\n<p>&nbsp;<\/p>\n<p>&nbsp;<\/p>\n<p>&nbsp;<\/p>\n<p>&nbsp;<\/p>\n<p>&nbsp;<\/p>\n<p>&nbsp;<\/p>\n<p>&nbsp;<\/p>\n<p>&nbsp;<\/p>\n<p>&nbsp;<\/p>\n<p>&nbsp;<\/p>\n<p>&nbsp;<\/p>\n<p>&nbsp;<\/p>\n<p>&nbsp;<\/p>\n<p>&nbsp;<\/p>\n<p>&nbsp;<\/p>\n<p>&nbsp;<\/p>\n<p>&nbsp;<\/p>\n<p>&nbsp;<\/p>\n<p>&nbsp;<\/p>\n<p>&nbsp;<\/p>\n<p>&nbsp;<\/p>\n<p>&nbsp;<\/p>\n<p>&nbsp;<\/p>\n<p>&nbsp;<\/p>\n<p>&nbsp;<\/p>\n<p>&nbsp;<\/p>\n<p>&nbsp;<\/p>\n<p>&nbsp;<\/p>\n<p>&nbsp;<\/p>\n<p>&nbsp;<\/p>\n<p>&nbsp;<\/p>\n<p>&nbsp;<\/p>\n<p>&nbsp;<\/p>\n<p>&nbsp;<\/p>\n<p>&nbsp;<\/p>\n<p>&nbsp;<\/p>\n<p>&nbsp;<\/p>\n<p>&nbsp;<\/p>\n<p>&nbsp;<\/p>\n<p>&nbsp;<\/p>\n<p>&nbsp;<\/p>\n<p>&nbsp;<\/p>\n<p>&nbsp;<\/p>\n<p>&nbsp;<\/p>\n<p>&nbsp;<\/p>\n<p>&nbsp;<\/p>\n<p>&nbsp;<\/p>\n<p>&nbsp;<\/p>\n<p>&nbsp;<\/p>\n<p>&nbsp;<\/p>\n<p>&nbsp;<\/p>\n<p>&nbsp;<\/p>\n<p>&nbsp;<\/p>\n<p>&nbsp;<\/p>\n<p>&nbsp;<\/p>\n<p>&nbsp;<\/p>\n<p>&nbsp;<\/p>\n<p>&nbsp;<\/p>\n<p>&nbsp;<\/p>\n<p>&nbsp;<\/p>\n<p>&nbsp;<\/p>\n<p>&nbsp;<\/p>\n<p>&nbsp;<\/p>\n<p>&nbsp;<\/p>\n<p>&nbsp;<\/p>\n<p>&nbsp;<\/p>\n<p>&nbsp;<\/p>\n<p>&nbsp;<\/p>\n<p>&nbsp;<\/p>\n<p>&nbsp;<\/p>\n<p>&nbsp;<\/p>\n<p>&nbsp;<\/p>\n<p>&nbsp;<\/p>\n<p>&nbsp;<\/p>\n<p>&nbsp;<\/p>\n<p>&nbsp;<\/p>\n<p>&nbsp;<\/p>\n<p>&nbsp;<\/p>\n<p>&nbsp;<\/p>\n<p>&nbsp;<\/p>\n<p>&nbsp;<\/p>\n<p>&nbsp;<\/p>\n<p>&nbsp;<\/p>\n<p>&nbsp;<\/p>\n<p>&nbsp;<\/p>\n<p>&nbsp;<\/p>\n<p>&nbsp;<\/p>\n<p>&nbsp;<\/p>\n<p>&nbsp;<\/p>\n<p>&nbsp;<\/p>\n<p>&nbsp;<\/p>\n<p>&nbsp;<\/p>\n<p>&nbsp;<\/p>\n<p>&nbsp;<\/p>\n<p>&nbsp;<\/p>\n<p>&nbsp;<\/p>\n<p>&nbsp;<\/p>\n<p>&nbsp;<\/p>\n<p>&nbsp;<\/p>\n<p>&nbsp;<\/p>\n<p>&nbsp;<\/p>\n<p>&nbsp;<\/p>\n<p>&nbsp;<\/p>\n<p>&nbsp;<\/p>\n<p>&nbsp;<\/p>\n<p>&nbsp;<\/p>\n<p>&nbsp;<\/p>\n<p>&nbsp;<\/p>\n<p>&nbsp;<\/p>\n<p>&nbsp;<\/p>\n<p>&nbsp;<\/p>\n<p>&nbsp;<\/p>\n<p>&nbsp;<\/p>\n<p>&nbsp;<\/p>\n<p>&nbsp;<\/p>\n<p>&nbsp;<\/p>\n<p>&nbsp;<\/p>\n<p>&nbsp;<\/p>\n<p>&nbsp;<\/p>\n<p>&nbsp;<\/p>\n<p>&nbsp;<\/p>\n<p>&nbsp;<\/p>\n<p>&nbsp;<\/p>\n<p>&nbsp;<\/p>\n<p>&nbsp;<\/p>\n<p>&nbsp;<\/p>\n<p>&nbsp;<\/p>\n<p>&nbsp;<\/p>\n<p>&nbsp;<\/p>\n<p>&nbsp;<\/p>\n<p>&nbsp;<\/p>\n<p>&nbsp;<\/p>\n<p>&nbsp;<\/p>\n<p>&nbsp;<\/p>\n<p>&nbsp;<\/p>\n<p>&nbsp;<\/p>\n<p>&nbsp;<\/p>\n<p>&nbsp;<\/p>\n<p>&nbsp;<\/p>\n<p>&nbsp;<\/p>\n<p>&nbsp;<\/p>\n<p>&nbsp;<\/p>\n<p>&nbsp;<\/p>\n<p>&nbsp;<\/p>\n<p>&nbsp;<\/p>\n<p>&nbsp;<\/p>\n<p>&nbsp;<\/p>\n<p>&nbsp;<\/p>\n<p>&nbsp;<\/p>\n<p>&nbsp;<\/p>\n<p>&nbsp;<\/p>\n<p>&nbsp;<\/p>\n<p>&nbsp;<\/p>\n<p>&nbsp;<\/p>\n<p>&nbsp;<\/p>\n<p>&nbsp;<\/p>\n<p>&nbsp;<\/p>\n<p>&nbsp;<\/p>\n<p>&nbsp;<\/p>\n<p>&nbsp;<\/p>\n<p>&nbsp;<\/p>\n<p>&nbsp;<\/p>\n<p>&nbsp;<\/p>\n<p>&nbsp;<\/p>\n<p>&nbsp;<\/p>\n<p>&nbsp;<\/p>\n<p>&nbsp;<\/p>\n<p>&nbsp;<\/p>\n<p>&nbsp;<\/p>\n<p>&nbsp;<\/p>\n<p>&nbsp;<\/p>\n<p>&nbsp;<\/p>\n<p>&nbsp;<\/p>\n<p>&nbsp;<\/p>\n<p>&nbsp;<\/p>\n<p>&nbsp;<\/p>\n<p>&nbsp;<\/p>\n<p>&nbsp;<\/p>\n<p>&nbsp;<\/p>\n<p>&nbsp;<\/p>\n<p>&nbsp;<\/p>\n<p>&nbsp;<\/p>\n<p>&nbsp;<\/p>\n<p>&nbsp;<\/p>\n<p>&nbsp;<\/p>\n<p>&nbsp;<\/p>\n<p>&nbsp;<\/p>\n<p>&nbsp;<\/p>\n<p>&nbsp;<\/p>\n<p>&nbsp;<\/p>\n<p>&nbsp;<\/p>\n<p>&nbsp;<\/p>\n<p>&nbsp;<\/p>\n<p>&nbsp;<\/p>\n<p>&nbsp;<\/p>\n<p>&nbsp;<\/p>\n<p>&nbsp;<\/p>\n<p>&nbsp;<\/p>\n<p>&nbsp;<\/p>\n<p>&nbsp;<\/p>\n<p>&nbsp;<\/p>\n<p>&nbsp;<\/p>\n<p>&nbsp;<\/p>\n<p>&nbsp;<\/p>\n<p>&nbsp;<\/p>\n<p>&nbsp;<\/p>\n<p>&nbsp;<\/p>\n<p>&nbsp;<\/p>\n<p>&nbsp;<\/p>\n<p>&nbsp;<\/p>\n<p>&nbsp;<\/p>\n<p>&nbsp;<\/p>\n<p>&nbsp;<\/p>\n<p>&nbsp;<\/p>\n<p>&nbsp;<\/p>\n<p>&nbsp;<\/p>\n<p>&nbsp;<\/p>\n<p>&nbsp;<\/p>\n<p>&nbsp;<\/p>\n<p>&nbsp;<\/p>\n<p>&nbsp;<\/p>\n<p>&nbsp;<\/p>\n<p>&nbsp;<\/p>\n<p>&nbsp;<\/p>\n<p>&nbsp;<\/p>\n<p>&nbsp;<\/p>\n<p>&nbsp;<\/p>\n<p>&nbsp;<\/p>\n<p>&nbsp;<\/p>\n<p>&nbsp;<\/p>\n<p>&nbsp;<\/p>\n<p>&nbsp;<\/p>\n<p>&nbsp;<\/p>\n<p>&nbsp;<\/p>\n<p>&nbsp;<\/p>\n<p>&nbsp;<\/p>\n<p>&nbsp;<\/p>\n<p>&nbsp;<\/p>\n<p>&nbsp;<\/p>\n<p>&nbsp;<\/p>\n<p style=\"text-align: center;\"><em><strong>Na\u0161i uspjesi u \u0161kolskoj 2015.\/2016. godini<\/strong><\/em><\/p>\n<p style=\"text-align: center;\"><u>&nbsp;<\/u><strong><u>53. regionalno natjecanje u\u010denika i studenata glazbe i plesa, Dom kulture u Bjelovaru, 5.<\/u><\/strong><strong><u> studenog 2015. <\/u><\/strong><\/p>\n<ol>\n<li>U disciplini KOMORNI SASTAVI 6 -9 \u010dlanova natjecao se na\u0161 tambura\u0161ki komorni sastav u I. kategoriji i osvojio<strong>1. nagradu s 94,40 bodova <\/strong>i pravo odlaska na dr\u017eavno natjecanje.<\/li>\n<\/ol>\n<p>U\u010denici, \u010dlanovi komornog sastava: <strong>Bo\u017eidar \u010cernava, Luka Tomljenovi\u0107, Katarina Vrekalovi\u0107, Dino Drgali\u0107, Benjanim \u010cejka, Nina Vukmirovi\u0107, Luka Kolari\u0107, Filip Kasapovi\u0107, Petar Gulja\u0161.<\/strong><\/p>\n<p><strong>&nbsp;<\/strong><strong>Mentor: Dean Kopri, <\/strong>mag.mus.<\/p>\n<p style=\"text-align: center;\"><strong><u>53.dr\u017eavno natjecanje u\u010denika i studenata glazbe i plesa, MA Zagreb, 3. prosinca 2015.<\/u><\/strong><\/p>\n<p>2. Isti KOMORNI SASTAV &nbsp;6-9 \u010dlanova, I. kategorija,&nbsp; osvojio je <strong>1. nagradu i prvo mjesto s 99,10 bodova te je<\/strong> <strong>svirao na<\/strong> <strong>Zavr\u0161nom koncertu prvonagra\u0111enih<\/strong> u koncertnoj dvorani Muzi\u010dke akademije Zagreb, 5. prosinca 2015.<\/p>\n<p>U\u010denici:<\/p>\n<p><strong>Luka Tomljanovi\u0107<\/strong> \u2013 bisernica, &nbsp;&nbsp;&nbsp;&nbsp;&nbsp;&nbsp;&nbsp;&nbsp;&nbsp;&nbsp;&nbsp;&nbsp;&nbsp;&nbsp;&nbsp;&nbsp;&nbsp;&nbsp;&nbsp;&nbsp;&nbsp;&nbsp;&nbsp;&nbsp;<strong>Katarina Vrekalovi\u0107<\/strong> \u2013 bisernica,<\/p>\n<p><strong>Dino Drgali\u0107<\/strong> \u2013 bra\u010d, &nbsp;&nbsp;&nbsp;&nbsp;&nbsp;&nbsp;&nbsp;&nbsp;&nbsp;&nbsp;&nbsp;&nbsp;&nbsp;&nbsp;&nbsp;&nbsp;&nbsp;&nbsp;&nbsp;&nbsp;&nbsp;&nbsp;&nbsp;&nbsp;&nbsp;&nbsp;&nbsp;&nbsp;&nbsp;&nbsp;&nbsp;&nbsp;&nbsp;&nbsp;&nbsp; &nbsp;&nbsp;&nbsp;&nbsp;&nbsp;&nbsp;<strong>Luka Kolari\u0107<\/strong> \u2013 \u010delo,<\/p>\n<p><strong>Petar Gulja\u0161<\/strong> \u2013 berde,&nbsp;&nbsp;&nbsp;&nbsp;&nbsp;&nbsp;&nbsp;&nbsp;&nbsp;&nbsp;&nbsp;&nbsp;&nbsp;&nbsp;&nbsp;&nbsp;&nbsp;&nbsp;&nbsp;&nbsp;&nbsp;&nbsp;&nbsp;&nbsp;&nbsp;&nbsp;&nbsp;&nbsp;&nbsp;&nbsp;&nbsp;&nbsp;&nbsp; &nbsp;&nbsp;&nbsp;&nbsp;&nbsp;&nbsp;&nbsp;<strong>Nina Vukmirovi\u0107<\/strong> \u2013 bra\u010d,<\/p>\n<p><strong>Bo\u017eidar \u010cernava<\/strong> \u2013 bisernica,&nbsp;&nbsp;&nbsp;&nbsp;&nbsp;&nbsp;&nbsp;&nbsp;&nbsp;&nbsp;&nbsp;&nbsp;&nbsp;&nbsp;&nbsp;&nbsp;&nbsp;&nbsp;&nbsp;&nbsp;&nbsp;&nbsp;&nbsp;&nbsp; &nbsp;&nbsp;&nbsp;<strong>Benjamin \u010cejka<\/strong> \u2013 bra\u010d.<\/p>\n<p><strong>&nbsp; &nbsp;&nbsp;&nbsp;&nbsp;&nbsp;&nbsp;&nbsp;&nbsp;&nbsp; &nbsp;&nbsp;&nbsp;&nbsp;&nbsp;&nbsp;Filip Kasapovi\u0107<\/strong> \u2013 bugarija,<\/p>\n<p><strong>Mentor: Dean Kopri<\/strong>, mag.mus.<\/p>\n<p style=\"text-align: center;\"><strong><u>54. regionalno natjecanje u\u010denika i studenata glazbe i plesa, Velika Gorica, 16. velja\u010de 2016. <\/u><\/strong><\/p>\n<p><strong>3. Helena Vuli\u0107<\/strong>, u disciplini SOLO VIOLINA uz glasovirsku pratnju, II. kategorija,&nbsp; osvojila je<\/p>\n<p><strong>1.nagradu s 92<\/strong> <strong>boda<\/strong>, te izborila odlazak na dr\u017eavno natjecanje.<\/p>\n<p><strong>Mentorica: Tatjana Pernicki, <\/strong>prof.<\/p>\n<p><strong>Zamjena mentorice: Ariana \u0160krinjar, <\/strong>mag.mus<strong>.<\/strong><\/p>\n<p><strong>Korepetitorica: Sanja Vazdar<\/strong>, prof.<\/p>\n<p style=\"text-align: center;\"><strong><u>&nbsp;54.&nbsp;<\/u><\/strong><strong><u>regionalno natjecanje u\u010denika i studenata glazbe i plesa, Samobor, 18. velja\u010de 2016.<\/u><\/strong><\/p>\n<p><strong>4. Jana Kraja\u010di\u0107<\/strong>, u disciplini SOLO ROG uz pratnju glasovira, III. kategorija, osvojila je<\/p>\n<p><strong>1.nagradu s<\/strong> <strong>90 bodova<\/strong>, te izborila odlazak na dr\u017eavno natjecanje.<\/p>\n<p><strong>Mentor: Teodor Sucala Matei<\/strong>, prof.<\/p>\n<p><strong>Korepetitorica: Darija Vlajni\u0107<\/strong>, mag.mus.<\/p>\n<p style=\"text-align: center;\"><strong><u>&nbsp;54.&nbsp;<\/u><\/strong><strong><u>dr\u017eavno natjecanje u\u010denika i studenata glazbe i plesa, MA Zagreb, 12. o\u017eujka 2016.<\/u><\/strong><\/p>\n<p style=\"text-align: left;\"><strong>5. Helena Vuli\u0107<\/strong> u disciplini SOLO VIOLINA uz pratnju glasovira, II. kategorija, osvojila je <strong>3<\/strong>.<strong>nagradu s 94,60 bodova<\/strong>.<\/p>\n<p><strong>Mentorica: Tatjana Pernicki<\/strong>, prof.<\/p>\n<p>Zamjena mentorice: Ariana \u0160krinjar, mag.mus.<\/p>\n<p>Korepetitorica: Sanja Vazdar, prof.<\/p>\n<p style=\"text-align: center;\"><u>&nbsp;<\/u><strong><u>54. dr\u017eavno natjecanje u\u010denika i studenata glazbe i plesa, MA Zagreb, 16. o\u017eujka 2016. <\/u><\/strong><\/p>\n<p><strong>6.Jana Kraja\u010di\u0107<\/strong> u disciplini SOLO ROG uz pratnju glasovira, III. kategorija, &nbsp;osvojila je 3.<strong>nagradu s 92,40 bodova.<\/strong><\/p>\n<p><strong>Mentor: Teodor Sucala Matei<\/strong>, prof.<\/p>\n<p><strong>Korepetitorica: Darija Vlajni\u0107<\/strong>, mag.mus.<\/p>\n<p style=\"text-align: center;\"><u>&nbsp;<\/u><strong><u>Natjecanje mladih glazbenika SONUS op. 2, Kri\u017eevci, 5. velja\u010de 2016.<\/u><\/strong><\/p>\n<p>U disciplini KLAVIR, na\u0161i u\u010denici su ostvarili slijede\u0107e rezultate:<\/p>\n<p>I.kategorija:<\/p>\n<p><strong>7. Anja Ergovi\u0107, 2. nagrada s 88,33 boda.<\/strong><\/p>\n<p><strong>Mentorica: Darija Vlajni\u0107, <\/strong>mag.mus.<\/p>\n<p><strong>8. Tereza Sabo, 2. nagrada s 81,00 bodom.<\/strong><\/p>\n<p><strong>Mentorica: Sanja Vazdar<\/strong>, prof.<\/p>\n<p>III. kategorija:<\/p>\n<p><strong>9. Paula Bijukli\u0107, 2. nagrada, 82,00 boda.<\/strong><\/p>\n<p><strong>Mentorica Darija Vlajni\u0107<\/strong>, mag.mus.<\/p>\n<p style=\"text-align: center;\"><strong><u>Natjecanje mladih glazbenika SONUS op. 2, Kri\u017eevci, 6. velja\u010de 2016.<\/u><\/strong><\/p>\n<p>U disciplini VIOLINA, na\u0161i u\u010denici su ostvarili slijede\u0107e rezultate:<\/p>\n<p>II. kategorija:<\/p>\n<p><strong>10. Vinko Balenti\u0107, 1. nagrada s 93,67 bodova.<\/strong><\/p>\n<p><strong>Mentorica: Tatjana Pernicki,<\/strong> prof<strong>. i zamjenica&nbsp; mentorice: Ariana \u0160krinjar, <\/strong>mag.mus.<\/p>\n<p><strong>Korepetitorica: Sanja Vazdar, <\/strong>prof.<\/p>\n<p><strong>11. Jakov Drozdek, 1. nagrada s 93,00 boda.<\/strong><\/p>\n<p><strong>Mentorica: Tatjana Pernicki, <\/strong>prof.<strong> i zamjenica mentorice: Ariana \u0160krinjar, <\/strong>mag.mus.<\/p>\n<p><strong>Korepetitorica: Sanja Vazdar, <\/strong>prof.<\/p>\n<p>III. kategorija:<\/p>\n<p><strong>12. Helena Vuli\u0107, 1. nagrada s 95,00 bodova.<\/strong><\/p>\n<p><strong>&nbsp;&nbsp;&nbsp;&nbsp; &nbsp;Mentorica: Tatjana Pernicki, <\/strong>prof<strong>. i zamjena mentorice: Ariana \u0160krinjar, <\/strong>mag.mus.<\/p>\n<p><strong>&nbsp;&nbsp;&nbsp;&nbsp;&nbsp; Korepetitorica: Sanja Vazdar, <\/strong>prof.<\/p>\n<p style=\"text-align: center;\"><strong><u>&nbsp;<\/u><\/strong><strong><u>4. Me\u0111u\u017eupanijsko natjecanje klavirista \u2013 Viroviti\u010dka klavirijada, 26. travnja 2016.<\/u><\/strong><\/p>\n<p>U disciplini KLAVIR, na\u0161i u\u010denici ostvarili su slijede\u0107e rezultate:<\/p>\n<p>II. kategorija:<\/p>\n<p><strong>13. Anja Ergovi\u0107, 1. nagrada s 93.00 boda. <\/strong><\/p>\n<p><strong>Mentorica: Darija Vlajni\u0107, <\/strong>mag.mus.<\/p>\n<p><strong>14. Hana Kne\u017eevi\u0107, 2. nagrada s 89,00 bodova.<\/strong><\/p>\n<p><strong>Mentorica: Sanja Vazdar, <\/strong>&nbsp;prof.<\/p>\n<p><strong>15. Tereza Sabo, 2. nagrada s ukupno 88,00 bodova.<\/strong><\/p>\n<p><strong>Mentorica: Sanja Vazdar<\/strong>, prof.<\/p>\n<p style=\"text-align: center;\"><u>&nbsp;<\/u><strong><u>XXXIX. Me\u0111unarodni festival hrvatske tambura\u0161ke glazbe Osijek, 22. svibnja 2016., HNK u Osijeku<\/u><\/strong><\/p>\n<p>16. U disciplini TAMBURA\u0160KI ORKESTRI (dje\u010dji) na 39. Me\u0111unarodnom festivalu hrvatske tambura\u0161ke glazbe, <strong>1. nagradu, odnosno Zlatnu plaketu &#8221;Tambura Paje Kolari\u0107a&#8221;<\/strong> <strong>s 92 boda,<\/strong> zajedni\u010dki su osvojili \u010dlanovi Tambura\u0161kog orkestra OG\u0160 Kontesa Dora i Tambura\u0161kog dru\u0161tva &#8221;Dora Peja\u010devi\u0107&#8221; Na\u0161ice:<\/p>\n<p>Andrea Rajs, &nbsp;&nbsp;&nbsp;&nbsp;&nbsp;&nbsp;&nbsp;&nbsp;&nbsp;&nbsp;&nbsp;&nbsp;&nbsp;&nbsp;&nbsp;&nbsp;&nbsp;&nbsp;&nbsp;&nbsp;&nbsp;&nbsp;&nbsp;&nbsp;&nbsp;Luka Tomljanovi\u0107,&nbsp;&nbsp;&nbsp;&nbsp;&nbsp;&nbsp;&nbsp;&nbsp;&nbsp;&nbsp;&nbsp;&nbsp;&nbsp;&nbsp;&nbsp;&nbsp;&nbsp;&nbsp;&nbsp;&nbsp; &nbsp;<strong>Dirigentica: Marina Kopri<\/strong>, prof.<\/p>\n<p>Margareta Gulja\u0161,&nbsp;&nbsp;&nbsp;&nbsp;&nbsp;&nbsp;&nbsp;&nbsp;&nbsp;&nbsp;&nbsp;&nbsp;&nbsp;&nbsp;&nbsp;&nbsp;&nbsp; Bo\u017eidar \u010cernava, &nbsp;&nbsp;&nbsp;&nbsp;&nbsp;&nbsp;&nbsp;&nbsp;&nbsp;&nbsp;&nbsp;&nbsp;&nbsp;&nbsp;&nbsp;&nbsp;&nbsp;&nbsp;&nbsp;&nbsp;&nbsp;&nbsp;&nbsp;Voditelj orkestra: Daniel Kopri, prof.<\/p>\n<p>Dino Drgali\u0107,&nbsp; &nbsp;&nbsp;&nbsp;&nbsp;&nbsp;&nbsp;&nbsp;&nbsp;&nbsp;&nbsp;&nbsp;&nbsp;&nbsp;&nbsp;&nbsp;&nbsp;&nbsp;&nbsp;&nbsp;&nbsp;&nbsp;&nbsp;&nbsp;Petar Gulja\u0161,&nbsp;&nbsp;&nbsp; &nbsp;&nbsp;&nbsp;&nbsp;&nbsp;&nbsp;&nbsp;&nbsp;&nbsp;&nbsp;&nbsp;&nbsp;&nbsp;&nbsp;&nbsp;&nbsp;&nbsp;&nbsp;&nbsp;&nbsp;&nbsp;&nbsp;&nbsp;&nbsp;&nbsp;&nbsp;&nbsp;&nbsp;Orkestar pripremili: Daniel Kopri,<\/p>\n<p>Renato Gulja\u0161,&nbsp;&nbsp;&nbsp;&nbsp;&nbsp;&nbsp;&nbsp;&nbsp;&nbsp;&nbsp;&nbsp;&nbsp;&nbsp;&nbsp;&nbsp;&nbsp;&nbsp;&nbsp;&nbsp;&nbsp;&nbsp;&nbsp; Filip Kasapovi\u0107,&nbsp;&nbsp;&nbsp;&nbsp;&nbsp;&nbsp;&nbsp;&nbsp;&nbsp;&nbsp;&nbsp;&nbsp;&nbsp;&nbsp;&nbsp;&nbsp;&nbsp;&nbsp;&nbsp;&nbsp;&nbsp; &nbsp;&nbsp;&nbsp;&nbsp;&nbsp;Luka Pavlekovi\u0107, Dean Kopri i<\/p>\n<p>Katarina Vrekalovi\u0107,&nbsp;&nbsp;&nbsp;&nbsp;&nbsp;&nbsp;&nbsp;&nbsp;&nbsp;&nbsp;&nbsp;&nbsp; Luka Mihalj, &nbsp;&nbsp;&nbsp;&nbsp;&nbsp;&nbsp;&nbsp;&nbsp;&nbsp;&nbsp;&nbsp;&nbsp;&nbsp;&nbsp;&nbsp;&nbsp;&nbsp;&nbsp;&nbsp;&nbsp;&nbsp;&nbsp;&nbsp;&nbsp;&nbsp;&nbsp;&nbsp;&nbsp;&nbsp;&nbsp;&nbsp;&nbsp;Matija Medverec<\/p>\n<p>Nina Vukmirovi\u0107,&nbsp;&nbsp;&nbsp;&nbsp;&nbsp;&nbsp;&nbsp;&nbsp;&nbsp;&nbsp;&nbsp;&nbsp;&nbsp;&nbsp;&nbsp;&nbsp; Benjamin \u010cejka,<\/p>\n<p>Kristijan Rajs,&nbsp;&nbsp;&nbsp;&nbsp;&nbsp;&nbsp;&nbsp;&nbsp;&nbsp;&nbsp;&nbsp;&nbsp;&nbsp;&nbsp;&nbsp;&nbsp;&nbsp;&nbsp;&nbsp;&nbsp;&nbsp;&nbsp; Tamara Stipi\u0107,<\/p>\n<p>Mihaela Suk,&nbsp;&nbsp;&nbsp;&nbsp;&nbsp;&nbsp;&nbsp;&nbsp;&nbsp;&nbsp;&nbsp;&nbsp;&nbsp;&nbsp;&nbsp;&nbsp;&nbsp;&nbsp;&nbsp;&nbsp;&nbsp;&nbsp;&nbsp;&nbsp;&nbsp; Luka Kolari\u0107,<\/p>\n<p>Ana Pri\u0161\u0107,&nbsp;&nbsp;&nbsp;&nbsp; &nbsp;&nbsp;&nbsp;&nbsp;&nbsp;&nbsp;&nbsp;&nbsp;&nbsp;&nbsp;&nbsp;&nbsp;&nbsp;&nbsp;&nbsp;&nbsp;&nbsp;&nbsp;&nbsp;&nbsp;&nbsp;&nbsp;&nbsp;&nbsp;&nbsp;Marija Potolovec,<\/p>\n<p>Bruno Zahirovi\u0107,&nbsp;&nbsp;&nbsp;&nbsp;&nbsp;&nbsp;&nbsp;&nbsp;&nbsp;&nbsp;&nbsp;&nbsp;&nbsp;&nbsp;&nbsp;&nbsp;&nbsp;&nbsp;&nbsp; Nikolina Pintari\u0107,<\/p>\n<p>Ivan Vrekalovi\u0107,&nbsp;&nbsp;&nbsp;&nbsp;&nbsp;&nbsp;&nbsp;&nbsp;&nbsp;&nbsp;&nbsp;&nbsp;&nbsp;&nbsp;&nbsp;&nbsp;&nbsp;&nbsp;&nbsp;&nbsp; Marina Marenjak,<\/p>\n<p>Antonio Katavi\u0107,&nbsp;&nbsp;&nbsp;&nbsp;&nbsp; &nbsp;&nbsp;&nbsp;&nbsp;&nbsp;&nbsp;&nbsp;&nbsp;&nbsp;&nbsp;&nbsp;&nbsp;&nbsp;&nbsp;&nbsp;Sabrina Broz,<\/p>\n<p>Marin Hasanovi\u0107,&nbsp;&nbsp;&nbsp;&nbsp;&nbsp;&nbsp;&nbsp;&nbsp;&nbsp;&nbsp;&nbsp;&nbsp;&nbsp;&nbsp;&nbsp;&nbsp;&nbsp;&nbsp;&nbsp; Iva Osje\u010danin,<\/p>\n<p>Jakov Petrovi\u0107,&nbsp; &nbsp;&nbsp;&nbsp;&nbsp;&nbsp;&nbsp;&nbsp;&nbsp;&nbsp;&nbsp;&nbsp;&nbsp;&nbsp;&nbsp;&nbsp;&nbsp;&nbsp;&nbsp;&nbsp;&nbsp;&nbsp;&nbsp;Mihael \u0160krnjug,<\/p>\n<p>Stela Javor\u010dek (vokalna solistica).<\/p>\n<ol>\n<li><u>&nbsp;<strong>OSKAR ZNANJA<\/strong><\/u>, najzna\u010dajnije priznanje u obrazovanju kojima se ve\u0107 dvanaest godina nagra\u0111uju najuspje\u0161niji i najizvrsniji u\u010denici te njihovi u\u010ditelji mentori, uru\u010deno je <strong>KOMORNOM &nbsp;SASTAVU<\/strong> &nbsp;<strong>OG\u0160 Kontesa Dora za 1. mjesto i 1. nagradu na dr\u017eavnom natjecanju u\u010denika i studenata glazbe i plesa.<\/strong> Sve\u010dana dodjela odr\u017eala se u atriju pala\u010de Hrvatske akademije znanosti i umjetnosti (HAZU) \u2013 Trg Nikole \u0160ubi\u0107a Zrinskog 11 u Zagrebu, 17. lipnja 2016.u 12 sati.<\/li>\n<\/ol>\n<p>Prigodni kipi\u0107 i Zahvalnicu dobili su u\u010denici odjela tambure i mentor:<\/p>\n<p><strong>Luka Tomljanovi\u0107<\/strong> \u2013 bisernica, &nbsp;&nbsp;&nbsp;&nbsp;&nbsp;&nbsp;&nbsp;&nbsp;&nbsp;&nbsp;&nbsp;&nbsp;&nbsp;&nbsp;&nbsp;&nbsp;&nbsp;&nbsp;&nbsp;&nbsp;&nbsp;&nbsp;&nbsp;&nbsp;<strong>Katarina Vrekalovi\u0107<\/strong> \u2013 bisernica,<\/p>\n<p><strong>Dino Drgali\u0107<\/strong> \u2013 bra\u010d, &nbsp;&nbsp;&nbsp;&nbsp;&nbsp;&nbsp;&nbsp;&nbsp;&nbsp;&nbsp;&nbsp;&nbsp;&nbsp;&nbsp;&nbsp;&nbsp;&nbsp;&nbsp;&nbsp;&nbsp;&nbsp;&nbsp;&nbsp;&nbsp;&nbsp;&nbsp;&nbsp;&nbsp;&nbsp;&nbsp;&nbsp;&nbsp;&nbsp;&nbsp;&nbsp; &nbsp;&nbsp;&nbsp;&nbsp;&nbsp;&nbsp;<strong>Luka Kolari\u0107<\/strong> \u2013 \u010delo,<\/p>\n<p><strong>Petar Gulja\u0161<\/strong> \u2013 berde,&nbsp;&nbsp;&nbsp;&nbsp;&nbsp;&nbsp;&nbsp;&nbsp;&nbsp;&nbsp;&nbsp;&nbsp;&nbsp;&nbsp;&nbsp;&nbsp;&nbsp;&nbsp;&nbsp;&nbsp;&nbsp;&nbsp;&nbsp;&nbsp;&nbsp;&nbsp;&nbsp;&nbsp;&nbsp;&nbsp;&nbsp;&nbsp;&nbsp; &nbsp;&nbsp;&nbsp;&nbsp;&nbsp;&nbsp;&nbsp;<strong>Nina Vukmirovi\u0107<\/strong> \u2013 bra\u010d,<\/p>\n<p><strong>Bo\u017eidar \u010cernava<\/strong> \u2013 bisernica,&nbsp;&nbsp;&nbsp;&nbsp;&nbsp;&nbsp;&nbsp;&nbsp;&nbsp;&nbsp;&nbsp;&nbsp;&nbsp;&nbsp;&nbsp;&nbsp;&nbsp;&nbsp;&nbsp;&nbsp; &nbsp;&nbsp;&nbsp;&nbsp;&nbsp;&nbsp;&nbsp;<strong>Benjamin \u010cejka<\/strong> \u2013 bra\u010d,<\/p>\n<p><strong>&nbsp;&nbsp;&nbsp;&nbsp;&nbsp;&nbsp;&nbsp;&nbsp;&nbsp;&nbsp;&nbsp;&nbsp;&nbsp;&nbsp;&nbsp;&nbsp;&nbsp; Filip Kasapovi\u0107<\/strong> \u2013 bugarija.<\/p>\n<p><strong>Mentor: Dean Kopri<\/strong>, mag.mus.<\/p>\n<p>Nagra\u0111ivanje organizira Agencija za odgoj i obrazovanje, Ministarstvo znanosti, obrazovanja&nbsp; i sporta i Hrvatsko dru\u0161tvo glazbenih i plesnih pedagoga.<\/p>\n<p>&nbsp;<\/p>\n<p><span style=\"color: #993300;\"><strong>USPJESI U\u010cENIKA NA REGIONALNIM, DR\u017dAVNIM I ME\u0110UNARODNIM&nbsp; NATJECANJIMA U \u0160KOLSKOJ GODINI 2014.\/2015.<\/strong><\/span><\/p>\n<p><span style=\"color: #993300;\"><strong>52. hrvatsko regionalno natjecanje u\u010denika i studenata glazbe i plesa:<\/strong><\/span><br \/>\n<span style=\"color: #993300;\">DISCIPLINA: KOMORNI SASTAVI 6\u20139 \u010cLANOVA \u2013 I. kategorija.<\/span><br \/>\n<span style=\"color: #993300;\">Bjelovar, 7. studenog 2014., sinagoga:<\/span><br \/>\n<span style=\"color: #993300;\"><strong>1.<\/strong>&nbsp; &nbsp;TAMBURA\u0160KI KOMORNI sastav osvojio je 1. nagradu sa 92,33 boda i izborio pravo natjecanja na dr\u017eavnom natjecanju u Opatiji.<\/span><\/p>\n<p><span style=\"color: #993300;\">Mentor: Dean Kopri, mag.mus.<\/span><\/p>\n<p><span style=\"color: #993300;\">U\u010denici \u2013 \u010dlanovi komornog sastava: LEONA \u010cAKI\u0106, 6.r. \u2013 violina, PETRA STRA\u017dAN\u010cEK, 6.r. \u2013 bisernica, PETRA POTOLOVEC, 6.r. \u2013 bisernica, BRUNO ZAHIROVI\u0106, 6.r. \u2013 bra\u010d, FILIP \u0106URI\u0106, 6.r. &#8211; bra\u010d, BENJAMIN \u010cEJKA, 5.r. \u2013 bra\u010d, TIHA ZUP\u010cI\u0106, 6.r. \u2013 bra\u010d, PETAR GULJA\u0160, 4.r. &#8211; berde, FILIP KASAPOVI\u0106, 5.r. \u2013 bugarija.<\/span><\/p>\n<p><span style=\"color: #993300;\"><strong>52. hrvatsko dr\u017eavno natjecanje u\u010denika i studenata glazbe i plesa:<\/strong><\/span><br \/>\n<span style=\"color: #993300;\">DISCIPLINA: KOMORNI SASTAVI 6\u20139 \u010cLANOVA, I. kategorija.<\/span><br \/>\n<span style=\"color: #993300;\">Opatija, 6. prosinca 2014., koncertna dvorana Hotela Palace-Belevue:<\/span><br \/>\n<span style=\"color: #993300;\"><strong>2.<\/strong> &nbsp; &nbsp;TAMBURA\u0160KI KOMORNI sastav osvojio je 1. nagradu s 99,09 bodova. Komorni sastav svirao je i na Zavr\u0161nom koncertu prvonagra\u0111enih u koncertnoj dvorani Hotela Palace-Belevue.<\/span><\/p>\n<p><span style=\"color: #993300;\">Mentor: Dean Kopri, mag.mus.<\/span><\/p>\n<p><span style=\"color: #993300;\">U\u010denici OG\u0160 \u2013 \u010dlanovi komornog sastava: LEONA \u010cAKI\u0106, PETRA STRA\u017dAN\u010cEK, PETRA POTOLOVEC, BRUNO ZAHIROVI\u0106, FILIP \u0106URI\u0106, BENJAMIN \u010cEJKA, TIHA ZUP\u010cI\u0106, PETAR GULJA\u0160, FILIP KASAPOVI\u0106.<\/span><\/p>\n<p><span style=\"color: #993300;\"><strong>53. regionalno natjecanje u\u010denika i studenata glazbe i plesa<\/strong><\/span><br \/>\n<span style=\"color: #993300;\">Disciplina ORKESTRI, I. kategorija.<\/span><br \/>\n<span style=\"color: #993300;\">Na\u0161ice, 14. velja\u010de 2015., koncertna dvorana glazbene \u0161kole:<\/span><br \/>\n<span style=\"color: #993300;\"><strong>3<\/strong>. &nbsp; &nbsp;TAMBURA\u0160KI ORKESTAR je osvojio 1. nagradu s 95 bodova.<\/span><\/p>\n<p><span style=\"color: #993300;\">U\u010denici: Leona \u010caki\u0107 (violina solo), Andrea Rajs, Petra Stra\u017ean\u010dek, Luka Tomljanovi\u0107, Petra Potolovec, Margareta Gulja\u0161, Bruno Zahirovi\u0107, Bo\u017eidar \u010cernava, Dino Drgali\u0107, Ivan Vrekalovi\u0107, Petar Gulja\u0161, Gulja\u0161, Marina Marenjak, Filip Kasapovi\u0107, Antonio Katavi\u0107, Katarina Vrekalovi\u0107, Matija Mitri\u0107, Luka Kolari\u0107, Kristijan Rajs, Filip \u0106uri\u0107, Tiha Zup\u010di\u0107, Nina Vukmirovi\u0107, Benjamin \u010cejka.<\/span><\/p>\n<p><span style=\"color: #993300;\">Dirigentica: Marina Kopri<\/span><br \/>\n<span style=\"color: #993300;\">Voditelj orkestra: Daniel Kopri<\/span><\/p>\n<p><span style=\"color: #993300;\"><strong>53. regionalno natjecanje u\u010denika i studenata glazbe i plesa<\/strong><\/span><br \/>\n<span style=\"color: #993300;\">Disciplina SOLO TAMBURA uz pratnju glasovira, II. kategorija.<\/span><br \/>\n<span style=\"color: #993300;\">Po\u017eega, 2. o\u017eujka 2015., Glazbena \u0161kola Po\u017eega:<\/span><br \/>\n<span style=\"color: #993300;\"><strong>4<\/strong>. &nbsp; &nbsp;u\u010denik LUKA TOMLJANOVI\u0106, 3.r. \u2013 bisernica, osvojio je 1. nagradu s 98,64 boda.<\/span><\/p>\n<p><span style=\"color: #993300;\">Mentorica: Andrea Kopri Lon\u010dari\u0107, mag.mus.<\/span><br \/>\n<span style=\"color: #993300;\">Korepetitor: Rajko Lon\u010dari\u0107, prof.<\/span><\/p>\n<p><span style=\"color: #993300;\"><strong>53. regionalno natjecanje u\u010denika i studenata glazbe i plesa<\/strong><\/span><br \/>\n<span style=\"color: #993300;\">Disciplina SOLO TAMBURA uz pratnju glasovira, II. kategorija.<\/span><br \/>\n<span style=\"color: #993300;\">Po\u017eega, 2. o\u017eujka 2015., Glazbena \u0161kola Po\u017eega:<\/span><br \/>\n<span style=\"color: #993300;\"><strong>5<\/strong>. &nbsp; &nbsp;u\u010denik BO\u017dIDAR \u010cERNAVA, 4.r. \u2013 bisernica, osvojio je 2. nagradu s 88,40 bodova.<\/span><\/p>\n<p><span style=\"color: #993300;\">Mentor: Dean Kopri, mag.mus.<\/span><br \/>\n<span style=\"color: #993300;\">Korepetitor: Rajko Lon\u010dari\u0107, prof.<\/span><\/p>\n<p><span style=\"color: #993300;\"><strong>53. dr\u017eavno natjecanje u\u010denika i studenata glazbe i plesa<\/strong><\/span><br \/>\n<span style=\"color: #993300;\">Disciplina ORKESTRI, I. kategorija.<\/span><br \/>\n<span style=\"color: #993300;\">Primo\u0161ten, 6. o\u017eujka 2015., koncertna dvorana Hotela Zora:<\/span><br \/>\n<span style=\"color: #993300;\"><strong>6.<\/strong>&nbsp; &nbsp; TAMBURA\u0160KI ORKESTAR osvojio je 1. nagradu s 98,82 boda.<\/span><\/p>\n<p><span style=\"color: #993300;\">U\u010denici: Leona \u010caki\u0107 (violina solo), Andrea Rajs, Petra Stra\u017ean\u010dek, Luka Tomljanovi\u0107, Petra Potolovec, Margareta Gulja\u0161, Bruno Zahirovi\u0107, Bo\u017eidar \u010cernava, Dino Drgali\u0107, Ivan Vrekalovi\u0107, Petar Gulja\u0161, Marina Marenjak, Filip Kasapovi\u0107, Antonio Katavi\u0107, Katarina Vrekalovi\u0107, Matija Mitri\u0107, Luka Kolari\u0107, Kristijan Rajs, Filip \u0106uri\u0107, Tiha Zup\u010di\u0107, Nina Vukmirovi\u0107, Benjamin \u010cejka.<\/span><\/p>\n<p><span style=\"color: #993300;\">Dirigentica: Marina Kopri, prof.<\/span><br \/>\n<span style=\"color: #993300;\">Voditelj orkestra: Daniel Kopri, prof.<\/span><\/p>\n<p><span style=\"color: #993300;\"><strong>53. dr\u017eavno natjecanje u\u010denika i studenata glazbe i plesa<\/strong><\/span><br \/>\n<span style=\"color: #993300;\">Disciplina SOLO TAMBURA uz pratnju glasovira, II.kategorija.<\/span><br \/>\n<span style=\"color: #993300;\">Dubrovnik, 21.o\u017eujka 2015., Umjetni\u010dka akademija Luke Sorko\u010devi\u0107a:<\/span><br \/>\n<span style=\"color: #993300;\"><strong>7.<\/strong>&nbsp; &nbsp; u\u010denik LUKA TOMLJANOVI\u0106 osvojio je 1. nagradu s 98,64 boda.<\/span><\/p>\n<p><span style=\"color: #993300;\">Mentorica: Andrea Kopri Lon\u010dari\u0107, mag.mus.<\/span><br \/>\n<span style=\"color: #993300;\">Korepetitor: Rajko Lon\u010dari\u0107, prof.<\/span><\/p>\n<p><span style=\"color: #993300;\"><strong>Me\u0111unarodno natjecanje \u201eMemorijal Jurica Murai\u201c<\/strong><\/span><br \/>\n<span style=\"color: #993300;\">Disciplina klavir &#8211; B kategorija.<\/span><br \/>\n<span style=\"color: #993300;\">Vara\u017edin, 22. travnja 2015., Glazbena \u0161kola Vara\u017edin:<\/span><br \/>\n<span style=\"color: #993300;\"><strong>8<\/strong>. &nbsp; &nbsp;u\u010denica PATRICIA MANDI\u0106, 2.r. \u2013 klavir, osvojila je III. nagradu s 85 bodova.<\/span><\/p>\n<p><span style=\"color: #993300;\">Mentorica: Sanja Vazdar, prof.<\/span><\/p>\n<p><span style=\"color: #993300;\"><strong>XXXVIII. Me\u0111unarodni festival hrvatske tambura\u0161ke glazbe u Osijeku \u2013 MFHTG Osijek<\/strong><\/span><br \/>\n<span style=\"color: #993300;\">Osijek, Dom \u017deljezni\u010dara, 10. svibnja 2015. Natjecanje u kategoriji dje\u010djih orkestara:<\/span><br \/>\n<span style=\"color: #993300;\"><strong>9<\/strong>. &nbsp; &nbsp;TAMBURA\u0160KI ORKESTAR OG\u0160 Kontesa Dora i Tambura\u0161kog dru\u0161tva \u201eDora Peja\u010devi\u0107\u201c osvojio je Zlatnu plaketu \u201cTambura Paje Kolari\u0107a\u201d s 97 bodova.<\/span><\/p>\n<p><span style=\"color: #993300;\">Dirigentica: Marina Kopri, prof.<\/span><br \/>\n<span style=\"color: #993300;\">Vokalna solistica: Lidija Horvat Dunjko<\/span><br \/>\n<span style=\"color: #993300;\">Voditelj orkestra: Daniel Kopri, prof.<\/span><\/p>\n<p><span style=\"color: #993300;\">U\u010denici i \u010dlanovi tambura\u0161kog orkestra:<\/span><\/p>\n<p><span style=\"color: #993300;\">Luka Tomljanovi\u0107, Margareta Gulja\u0161, Bo\u017eidar \u010cernava, Dino Drgali\u0107, Petar Gulja\u0161,<\/span><br \/>\n<span style=\"color: #993300;\">Filip Kasapovi\u0107, Katarina Vrekalovi\u0107, Luka Kolari\u0107, Nina Vukmirovi\u0107, Benjamin \u010cejka,<\/span><br \/>\n<span style=\"color: #993300;\">Filip \u0106uri\u0107, Tiha Zup\u010di\u0107, Petra Stra\u017ean\u010dek, Petra Potolovec, Bruno Zahirovi\u0107, Ivan Vrekalovi\u0107, Marina Marenjak, Antonio Katavi\u0107, Matija Mitri\u0107, Nikolina Pintari\u0107, Marin Hasanovi\u0107, Krunoslav Mihaljevi\u0107, Emin Osmanovi\u0107, Dra\u017een Kopriv\u010di\u0107 i Renato Gulja\u0161.<\/span><\/p>\n<p><span style=\"color: #993300;\"><strong>3. Me\u0111u\u017eupanijsko natjecanje klavirista \u2013 \u201eViroviti\u010dka klavirijada\u201c<\/strong><\/span><br \/>\n<span style=\"color: #993300;\">Virovitica, 12. svibnja 2015., , G\u0160 Jan Vla\u0161imsky, klavir &#8211; 1. kategorija:<\/span><br \/>\n<span style=\"color: #993300;\"><strong>10.<\/strong>&nbsp; &nbsp; u\u010denica ANJA ERGOVI\u0106, 1.r. \u2013 klavir, osvojila je 1. nagradu s 96,67 bodova.<\/span><\/p>\n<p><span style=\"color: #993300;\">Mentorica: Darija Vlajni\u0107, mag.mus.<\/span><\/p>\n<p><span style=\"color: #993300;\"><strong>Sve\u010dana dodjela OSKARA ZNANJA u\u010denicima i studentima glazbenih i plesnih \u0161kola i umjetni\u010dkih akademija<\/strong> koji su osvojili prve nagrade i prva mjesta na dr\u017eavnom natjecanju u \u0161kolskoj godini 2014.\/2015., i zahvalnicama njihovim mentorima.<\/span><br \/>\n<span style=\"color: #993300;\">Zagreb, 1. srpnja 2015., pala\u010de Hrvatske akademije znanosti i umjetnosti:<\/span><br \/>\n<span style=\"color: #993300;\">Oskar znanja za prve nagrade i prva mjesta na dr\u017eavnom natjecanju primili su na\u0161i u\u010denici i profesori:<\/span><br \/>\n<span style=\"color: #993300;\"><strong>11.<\/strong>&nbsp; &nbsp; Komorni sastav 6-9 \u010dlanova: LEONA \u010cAKI\u0106, PETRA STRA\u017dAN\u010cEK, PETRA POTOLOVEC, BRUNO ZAHIROVI\u0106, FILIP \u0106URI\u0106, BENJAMIN \u010cEJKA, TIHA ZUP\u010cI\u0106, PETAR GULJA\u0160,<\/span><br \/>\n<span style=\"color: #993300;\">FILIP KASAPOVI\u0106.<\/span><br \/>\n<span style=\"color: #993300;\">Mentor: Dean Kopri<\/span><\/p>\n<p><span style=\"color: #993300;\"><strong>12.<\/strong>&nbsp; &nbsp; Solo bisernica uz klavirsku pratnju: LUKA TOMLJANOVI\u0106.<\/span><br \/>\n<span style=\"color: #993300;\">Mentor: Andrea Kopri Lon\u010dari\u0107<\/span><\/p>\n<p><span style=\"color: #993300;\"><strong>13.<\/strong>&nbsp; &nbsp; Tambura\u0161ki orkestar \u2013 u\u010denici od 2.do 6.razreda odjela tambure:<\/span><br \/>\n<span style=\"color: #993300;\">LEONA \u010cAKI\u0106 (violina solo), ANDREA RAJS, PETRA STRA\u017dAN\u010cEK, LUKA TOMLJANOVI\u0106,<\/span><br \/>\n<span style=\"color: #993300;\">PETRA POTOLOVEC, MARGARETA GULJA\u0160, BRUNO ZAHIROVI\u0106, BO\u017dIDAR \u010cERNAVA,<\/span><br \/>\n<span style=\"color: #993300;\">DINO DRGALI\u0106, IVAN VREKALOVI\u0106, PETAR GULJA\u0160, MARINA MARENJAK, FILIP KASAPOVI\u0106, ANTONIO KATAVI\u0106, KATARINA VREKALOVI\u0106, MATIJA MITRI\u0106, LUKA KOLARI\u0106, KRISTIJAN RAJS, FILIP \u0106URI\u0106, TIHA ZUP\u010cI\u0106, NINA VUKMIROVI\u0106, BENJAMIN \u010cEJKA.<\/span><br \/>\n<span style=\"color: #993300;\">Dirigentica: Marina Kopri<\/span><\/p>\n<p><span style=\"color: #993300;\">Tambura\u0161ki orkestar sudjelovao je u glazbenom programu Sve\u010dane dodjele. Vokalna solistica bila je Lidija Horvat Dunjko<\/span><\/p>\n<p style=\"text-align: center;\"><strong>USPJESI U\u010cENIKA NA REGIONALNIM, DR\u017dAVNIM I ME\u0110UNARODNIM&nbsp; NATJECANJIMA U \u0160KOLSKOJ GODINI 2013.\/2014.<\/strong><\/p>\n<p style=\"text-align: justify;\">51. EURO&nbsp; GLAZBENI DANI&nbsp; U&nbsp; B\u0150SELU &#8211; ME\u0110UNARODNO NATJECANJE ORKESTARA I MA\u017dORETKINJA:<br \/>\nB\u00f6sel, Njema\u010dka, 4. &#8211; 9. rujna 2013.<br \/>\n1.&nbsp;&nbsp;&nbsp;&nbsp;&nbsp; Tambura\u0161ki orkestar je osvojio&nbsp;&nbsp; 3. mjesto&nbsp; u A kategoriji orkestara sa ukupno<br \/>\nosvojenih 107,2 boda ( orkestar 53,4 \/ 8,5 bodova od mogu\u0107ih 60\/10); pehar<\/p>\n<p>Dirigentica: Marina Kopri (dirigentica 53,8 \/ 8,9 bodova od 60\/10)<\/p>\n<p>\u010clanovi Tambura\u0161kog orkestra:<br \/>\nBarbara Bistrovi\u0107, Ivona Flam, Dora Kova\u010devi\u0107, Tina Miki\u010di\u0107, Tiha Zup\u010di\u0107, Petra Stra\u017ean\u010dek, Filip Kasapovi\u0107, Nina Vukmirovi\u0107, Nikolina Pintari\u0107, Katarina Vrekalovi\u0107, Marin Hasanovi\u0107, Alen Galinec, Filip \u0106uri\u0107, Matea Mi\u0111i\u0107, Nives Luka\u010di\u0107, Kristijan Rajs, Benjamin \u010cejka, Luka Kolari\u0107, Izidora Kova\u010devi\u0107, Kristina Puhani\u0107, Bruno Zahirovi\u0107, Renato Gulja\u0161, Krunoslav Ive\u0161i\u0107, Ivan Vuli\u0107, Ana Jazbec, Emin Osmanovi\u0107, Marija Benoti\u0107, Domagoj Pintari\u0107, Vatroslav Kati\u0107, Mihael Katavi\u0107, Filip Suk, Krunoslav Mihaljevi\u0107 i Mihaela Bosak.<br \/>\nPod motom &#8221;DOBRODO\u0160LA HRVATSKA&#8221; nastupili su u revijalnom dijelu Tambura\u0161ki orkestar OG\u0160 i TD &#8220;Dora Peja\u010devi\u0107&#8221;, MPZbor &#8220;Ad libitum&#8221; i solisti: Kristina Brki\u0107, Antonia Dunjko, Kristina Minarik, Dean Kopri, Andrea Kopri Lon\u010dari\u0107, Rajko Lon\u010dari\u0107, Marko Galeti\u0107, Mario Huj i Tatjana Pernicki na 3 nastupa i na katoli\u010dkoj misi u crkvi St.Cecilia, B\u00f6sel.<br \/>\nDirigentice: Marina Kopri&nbsp; i&nbsp; Andrea Kopri Lon\u010dari\u0107<br \/>\nVoditelj orkestra: Daniel Kopri, prof.<\/p>\n<p>51. hrvatsko dr\u017eavno natjecanje u\u010denika i studenata glazbe i plesa:<br \/>\nDISCIPLINA: TAMBURA\u0160KI KOMORNI SASTAVI 5 \u2013 12 \u010cLANOVA \u2013 I. kategorija<br \/>\nOpatija, 7. prosinca 2013.<br \/>\n2.&nbsp;&nbsp;&nbsp;&nbsp; Tambura\u0161ki komorni sastav osvojio je&nbsp; 1. nagradu&nbsp; sa 98,40 bodova<\/p>\n<p>Mentor: Dean Kopri, mag.mus.<\/p>\n<p>U\u010denici OG\u0160 \u2013 \u010dlanovi komornog sastava:<br \/>\nIvona Flam, Dora Kova\u010devi\u0107, Tina Miki\u010di\u0107, Nikolina Pintari\u0107, Alen Galinec, Filip \u0106uri\u0107, Marin Hasanovi\u0107, Matea Mi\u0111i\u0107, Kristina Puhani\u0107, Isidora Kova\u010devi\u0107, Ivan Vuli\u0107 i Renato Gulja\u0161.<\/p>\n<p>52. hrvatsko regionalno natjecanje u\u010denika i studenata glazbe i plesa:<br \/>\nDISCIPLINA: DJE\u010cJI VI\u0160EGLASNI ZBOR \u2013 II. kategorija, Na\u0161ice, 22. velja\u010de 2014.<\/p>\n<p>3.&nbsp;&nbsp;&nbsp;&nbsp; Dje\u010dji pjeva\u010dki zbor osvojio je&nbsp;&nbsp; 1. nagradu sa 92,33 boda<\/p>\n<p>Mentorica i dirigentica: Andrea Kopri Lon\u010dari\u0107, mag.mus.<br \/>\nKorepetitor: Dean Kopri, mag.mus.<\/p>\n<p>U\u010denici OG\u0160 \u2013 \u010dlanovi dje\u010djeg pjeva\u010dkog zbora:<br \/>\nLana Bla\u017eevi\u0107, Lucija Drozd, Leona \u010caki\u0107, Andrea Hulak, Magdalena Kubica, Luka Zidar, Fabijan Brki\u0107, Laura \u0160pek, Lada \u0160teher, Ivan Damjanovi\u0107, Karla \u017diha, Stela Perkovi\u0107, Veronika Balenti\u0107, Ivan Greguri\u0107, Helena Mendro\u0161, Mia Ile\u0161, Sonja Perkovi\u0107, Karla Komak, Lucija Vu\u010demilovi\u0107 Juri\u0107, David Drozdek, Petra Justi\u0107, Sara Mendro\u0161, \u0160imun Neki\u0107, Iva Mihalj, Andrea Rajs i Helena Horvatin.<\/p>\n<p>DISCIPLINA:&nbsp; ROG solo uz pratnju glasovira, II. kategorija, 13.3.2014.,Vrbovec<br \/>\n4.&nbsp;&nbsp;&nbsp;&nbsp; JANA KRAJA\u010cI\u0106&nbsp; je osvojila&nbsp;&nbsp; 1. nagradu sa 93 boda<\/p>\n<p>Mentor: Teodor Sucala Matei,prof.<br \/>\nKorepetitor: Darija Vlajni\u0107, mag.mus.<\/p>\n<p>DISCIPLINA: TRUBA solo uz pratnju glasovira, III.kategorija, 14.3.2014., Vrbovec<br \/>\n5.&nbsp;&nbsp;&nbsp;&nbsp; LUKA VLAJNI\u0106&nbsp; je osvojio&nbsp;&nbsp; 1. nagradu sa 90,60 bodova<\/p>\n<p>Mentor: Teodor Sucala Matei,prof.<br \/>\nKorepetitor: Darija Vlajni\u0107, mag.mus.<\/p>\n<p>DISCIPLINA:VIOLINA solo uz pratnju glasovira,III.kategorija, 8.o\u017eujka 2014.VelikaGorica<br \/>\n6.&nbsp;&nbsp;&nbsp;&nbsp; LEONA \u010cAKI\u0106&nbsp; je osvojila&nbsp;&nbsp; 2. nagradu sa&nbsp; 87,60 bodova<\/p>\n<p>Mentorica: Dubravka Balent, prof.<br \/>\nKorepetitor: Rajko Lon\u010dari\u0107, mag.mus.<\/p>\n<p>DISCIPLINA: KLARINET solo uz pratnju glasovira, II.kategorija,10.o\u017eujka 2014.,Samobor<br \/>\n7.&nbsp;&nbsp; EJLA PLEMENITI&nbsp;&nbsp; je osvojila&nbsp; priznanje sa 60,44 boda<\/p>\n<p>Mentor: Ivan Kraja\u010di\u0107,prof.<br \/>\nKorepetitor: Darija Vjajni\u0107, mag.mus.<\/p>\n<p>52. hrvatsko dr\u017eavno natjecanje u\u010denika i studenata glazbe i plesa:<br \/>\nDISCIPLINA: DJE\u010cJI VI\u0160EGLASNI ZBOR \u2013 II. kategorija, Primo\u0161ten, 29. o\u017eujka 2014.<\/p>\n<p>8.&nbsp;&nbsp;&nbsp;&nbsp; Dje\u010dji pjeva\u010dki zbor osvojio je&nbsp; 3. nagradu sa 94,33 boda<\/p>\n<p>Mentorica: Andrea Kopri Lon\u010dari\u0107, mag.mus.<br \/>\nKorepetitor: Dean Kopri, mag.mus.<\/p>\n<p>U\u010denici OG\u0160 \u2013 \u010dlanovi dje\u010djeg pjeva\u010dkog zbora:<br \/>\nLana Bla\u017eevi\u0107, Lucija Drozd, Leona \u010caki\u0107, Andrea Hulak, Magdalena Kubica, Luka Zidar, Fabijan Brki\u0107, Laura \u0160pek, Lada \u0160teher, Ivan Damjanovi\u0107, Karla \u017diha, Stela Perkovi\u0107, Veronika Balenti\u0107, Ivan Greguri\u0107, Helena Mendro\u0161, Mia Ile\u0161, Sonja Perkovi\u0107, Karla Komak, Lucija Vu\u010demilovi\u0107 Juri\u0107, David Drozdek, Petra Justi\u0107, Sara Mendro\u0161, \u0160imun Neki\u0107, Iva Mihalj, Andrea Rajs i Helena Horvatin.<\/p>\n<p>DISCIPLINA: TRUBA \u2013 III. kategorija, Samobor, 8. travnja 2014.<br \/>\n9.&nbsp;&nbsp;&nbsp;&nbsp;&nbsp; LUKA VLAJNI\u0106&nbsp; je osvojio&nbsp;&nbsp; 2. nagradu sa 96,20 bodova<\/p>\n<p>Mentor: Teodor Sucala Matei, prof.<br \/>\nKorepetitor: Darija Vlajni\u0107, mag.mus.<\/p>\n<p>DISCIPLINA: ROG \u2013 II. kategorija, Samobor, 9. travnja 2014.<br \/>\n10.&nbsp;&nbsp;&nbsp;&nbsp; JANA KRAJA\u010cI\u0106&nbsp; je osvojila&nbsp;&nbsp; 2. nagradu sa 95,75 bodova<\/p>\n<p>Mentor: Teodor Sucala Matei, prof.<br \/>\nKorepetitor: Darija Vlajni\u0107, mag.mus.<\/p>\n<p>XXXVII. Me\u0111unarodni festival hrvatske tambura\u0161ke glazbe u Osijeku \u2013 MFHTG Osijek, 24. travnja 2014.<\/p>\n<p>11.&nbsp;&nbsp; Tambura\u0161ki orkestar je osvojio&nbsp; Zlatnu plaketu &#8220;Tambura Paje Kolari\u0107a&#8221; sa 98 bodova<\/p>\n<p>Dirigentica: Marina Kopri, prof.<br \/>\nVokalni solist: Dean Kopri, mag.mus.<br \/>\nVoditelj orkestra: Daniel Kopri, prof.<\/p>\n<p>U\u010denici i \u010dlanovi tambura\u0161kog orkestra:<br \/>\nBarbara Bistrovi\u0107, Ivona Flam, Dora Kova\u010devi\u0107, Tina Miki\u010di\u0107, Tiha Zup\u010di\u0107, Petra Stra\u017ean\u010dek, Filip Kasapovi\u0107, Nina Vukmirovi\u0107, Nikolina Pintari\u0107, Katarina Vrekalovi\u0107, Marin Hasanovi\u0107, Alen Galinec, Filip \u0106uri\u0107, Matea Mi\u0111i\u0107, Nives Luka\u010di\u0107, Kristijan Rajs, Benjamin \u010cejka, Luka Kolari\u0107, Izidora Kova\u010devi\u0107, Kristina Puhani\u0107, Renato Gulja\u0161, Krunoslav Ive\u0161i\u0107, Bo\u017eidar \u010cernava, Dino Drgali\u0107, Petra Potolovec, Bruno Zahirovi\u0107,<br \/>\nMihael Katavi\u0107, Filip Suk, Domagoj Pintari\u0107, Krunoslav Mihaljevi\u0107, Emin Osmanovi\u0107, Dra\u017een Kopriv\u010di\u0107 i Vatroslav Kati\u0107.<\/p>\n<p>8. ME\u0110UNARODNO NATJECANJE MLADIH PIJANISTA &#8221;ZLATKO GRGO\u0160EVI\u0106&#8221;<br \/>\nSesvete, 12. i 13. svibnja 2014.<br \/>\nKlaviristi, u\u010denici OG\u0160 Kontesa Dora ostvarili su slijede\u0107e rezultate:<\/p>\n<p>12.&nbsp;&nbsp;&nbsp; PAULA BIJUKLI\u0106 \u2013&nbsp;&nbsp; 3. nagrada&nbsp; u B kategoriji sa osvojenih 13,40 bodova<br \/>\nMentorica: Darija Vlajni\u0107, mag.mus.<\/p>\n<p>13.&nbsp;&nbsp;&nbsp; SARA MENDRO\u0160 \u2013 3. nagrada u B kategoriji sa osvojenih 13,70 bodova<br \/>\nMentorica: Darija Valjni\u0107, mag.mus.<\/p>\n<p>14.&nbsp;&nbsp;&nbsp; HELENA MENDRO\u0160 \u2013 3. nagrada u B kategoriji sa osvojenih 13,70 bodova<br \/>\nMentorica: Sanja Vazdar, prof.<\/p>\n<p>15.&nbsp;&nbsp;&nbsp; LUKA ZIDAR \u2013 priznanje u C kategoriji<br \/>\nMentorica: Sanja Vazdar, prof.<\/p>\n<p>INTERNACIONAL MUSIC COMPETITION, &#8220;Musiekstraat&#8221; \u2013 Amsterdam, Niederland<br \/>\n(kao dio ve\u0107eg umjetni\u010dkog udru\u017eenja &#8220;Broedenstraaten&#8221;): natjecanje u internetskom obliku na koji su svoj video uradak poslale u\u010denice u travnju 2014.:<\/p>\n<p>16.&nbsp;&nbsp; HELENA VULI\u0106, violina, osvojila je&nbsp;&nbsp; 3. nagradu sa 90 bodova<br \/>\nDISCIPLINA: &#8220;Kleine virtuosen&#8221;<br \/>\nMentorica: Dubravka Balent, prof.<\/p>\n<p>17.&nbsp;&nbsp; LEONA \u010cAKI\u0106, violina, osvojila je&nbsp; Honour diplomu sa 88,5 bodova<br \/>\nDISCIPLINA: &#8220;Virtuosen&#8221;<br \/>\nMentorica: Dubravka Balent, prof.<\/p>\n<p>\u010cestitke svim sudionicima natjecanja, a roditeljima velika zahvala na podr\u0161ci i razumijevanju.<\/p>\n<p>U Na\u0161icama, 11. srpnja 2014.&nbsp;&nbsp;&nbsp;&nbsp;&nbsp;&nbsp;&nbsp;&nbsp;&nbsp;&nbsp;&nbsp;&nbsp;&nbsp;&nbsp;&nbsp;&nbsp;&nbsp;&nbsp;&nbsp;&nbsp;&nbsp;&nbsp;&nbsp;&nbsp;&nbsp;&nbsp;&nbsp;&nbsp; Ravnateljica: Marina Kopri,prof.<\/p>\n<p style=\"text-align: justify;\">________________________________________________________________________________________<\/p>\n<p style=\"text-align: center;\"><strong>NA\u0160I USPJESI u \u0161kolskoj godini 2012. \/ 2013.<\/strong><\/p>\n<p style=\"text-align: justify;\">Na dr\u017eavnom&nbsp; 50. hrvatskom natjecanju u\u010denika i studenata glazbe i plesa &#8211; KOMORNI SASTAVI, Opatija, 5. prosinac 2012. u disciplini GLASOVIRSKA DUA,<br \/>\nuspje\u0161ni u\u010denici su:<br \/>\n1.&nbsp;&nbsp;&nbsp;&nbsp; SARA&nbsp; MENDRO\u0160&nbsp; i&nbsp; PAULA BIJUKLI\u0106, 1.kategorija, priznanje, 88,25 bodova<br \/>\nMentor: DARIJA VLAJNI\u0106, prof.<br \/>\n2.&nbsp;&nbsp;&nbsp;&nbsp; \u0160IMUN NEKI\u0106&nbsp; i&nbsp; HELENA MENDRO\u0160, 1.kategorija, priznanje, 89,25 bodova<br \/>\nMentor: SANJA PETROVI\u0106, prof.<br \/>\n3.&nbsp;&nbsp;&nbsp;&nbsp; FABIJAN BRKI\u0106&nbsp; i&nbsp; LUKA ZIDAR, 2. kategorija, priznanje, 86,00 bodova<br \/>\nMentor: RAJKO LON\u010cARI\u0106, prof.<\/p>\n<p>Na dr\u017eavnom&nbsp; 50. hrvatskom natjecanju u\u010denika i studenata glazbe i plesa &#8211; KOMORNI SASTAVI, Opatija, 8. prosinca 2012., natjecao se:<br \/>\n4.&nbsp;&nbsp; TAMBURA\u0160KI KOMORNI SASTAV od 5 do 12 \u010dlanova i osvojio 1. nagradu sa&nbsp; 98,46 bodova.<br \/>\n\u010clanovi: BARBARA BISTROVI\u0106, STELA JAVOR\u010cEK, IVONA FLAM, MARIN HASANOVI\u0106, NIKOLINA PINTARI\u0106, ALEN GALINEC, NIVES LUKA\u010cI\u0106, MATEA MI\u0110I\u0106, ANA JAK\u0160I\u0106, MATEJA MIKI\u010cI\u0106, IVAN VULI\u0106 I RENATO GULJA\u0160<br \/>\nMentor: DEAN KOPRI, mag.gl.ped.<\/p>\n<p>Na 14. ME\u0110UNARODNOM GUDA\u010cKOM NATJECANJU RUDOLF MATZ, u \u010cakovcu, od 3. do13. sije\u010dnja 2013., po prvi puta se natjecala na\u0161a \u0161kola, u\u010denice odjela violine koje su uz diplome dobile i svaka po set profesionalnih violinskih \u017eica u vrijednosti od 400 kn<br \/>\n5.&nbsp;&nbsp;&nbsp;&nbsp; HELENA VULI\u0106, 1. kategorija<br \/>\n6.&nbsp;&nbsp;&nbsp;&nbsp; LEONA \u010cAKI\u0106, 3. kategorija.<br \/>\nMentor: TATJANA STEHLIK, prof.<\/p>\n<p>Na regionalnom&nbsp; 51. natjecanju u\u010denika i studenata glazbe i plesa u disciplini ORKESTRI, Na\u0161ice (komisija obilazi \u0161kole u gradovima koji su se prijavili), 9.velja\u010de 2013., u 1. kategoriji:<br \/>\n7.&nbsp;&nbsp;&nbsp; TAMBURA\u0160KI&nbsp; ORKESTAR OG\u0160 osvojio je 1. nagradu sa 92,00 boda<br \/>\nDirigent: MARINA KOPRI, prof.<\/p>\n<p>Na dr\u017eavnom 51. hrvatskom natjecanju u\u010denika i studenata glazbe i plesa u Primo\u0161tenu, 9.o\u017eujka 2013., u disciplini ORKESTRI natjecao se:<br \/>\n8.&nbsp;&nbsp;&nbsp; TAMBURA\u0160KI ORKESTAR OG\u0160 u 1. kategoriji i osvojio&nbsp; 2. nagradu sa 97,40 bodova<br \/>\nDirigentica: MARINA KOPRI, prof.<br \/>\nVoditelj: DANIEL KOPRI prof.<\/p>\n<p>Na regionalnom&nbsp; 51. hrvatskom natjecanju u\u010denika i studenata glazbe i plesa, Na\u0161ice, 12.i 13. velja\u010de 2013., u disciplini SOLO TAMBURA UZ PRATNJU GLASOVIRA, natjecali su se u disciplini SOLO BISERNICA:<br \/>\n9.&nbsp;&nbsp;&nbsp;&nbsp;&nbsp; PETRA POTOLOVEC, 2. kategorija, 3. nagrada, 76,40 bodova<br \/>\nMentor: ANDREA KOPRI LON\u010cARI\u0106, prof<br \/>\nKlavirska pratnja: RAJKO LON\u010cARI\u0106, prof.<br \/>\n10.&nbsp;&nbsp;&nbsp;&nbsp;&nbsp; IVONA FLAM, 3. kategorija, 2. nagrada, 89,40 bodova<br \/>\nMentor: ANDREA KOPRI LON\u010cARI\u0106, prof.<br \/>\nKlavirska pratnja: RAJKO LON\u010cARI\u0106, prof.<br \/>\n11.&nbsp;&nbsp;&nbsp; DORA KOVA\u010cEVI\u0106, 3. kategorija, 2. nagrada, 89,00 bodova<br \/>\nMentor: ANDREA KOPRI LON\u010cARI\u0106, prof.<br \/>\nKlavirska pratnja: RAJKO LON\u010cARI\u0106, prof.<\/p>\n<p>U disciplini SOLO BRA\u010c natjecali su se:<br \/>\n12.&nbsp;&nbsp;&nbsp;&nbsp; MARIN HASANOVI\u0106, 3. kategorija, 1. nagrada,&nbsp; 90,60 bodova<br \/>\nMentor: ANDREA KOPRI LON\u010cARI\u0106, prof.<br \/>\nKlavirska pratnja: RAJKO LON\u010cARI\u0106, prof.<br \/>\n13.&nbsp;&nbsp;&nbsp;&nbsp;&nbsp; ALEN GALINEC, 3. kategorija, 2. nagrada, 89,16 bodova<br \/>\nMentor: DEAN KOPRI, mag.gl.ped.<br \/>\nKlavirska pratnja: RAJKO LON\u010cARI\u0106, prof.<br \/>\n14.&nbsp;&nbsp;&nbsp;&nbsp;&nbsp; NIKOLINA PINTARI\u0106, 3. kategorija, 2. nagrada, 89,10 bodova<br \/>\nMentor: DEAN KOPRI, mag.gl.ped.<br \/>\nKlavirska pratnja: RAJKO LON\u010cARI\u0106, prof.<\/p>\n<p>Na me\u0111u\u017eupanijskom&nbsp; 51. hrvatskom natjecanju u\u010denika i studenata glazbe i plesa &#8211;&nbsp; NATJECANJE U DISCIPLINI SOLO GLASOVIR, Vara\u017edin, 21. velja\u010de 2013., nastupila je:<br \/>\n15.&nbsp;&nbsp;&nbsp;&nbsp; HELENA MENDRO\u0160, klavir, 1. kategorija, 3. nagrada, 70,60 bodova<br \/>\nMentor: SANJA PETROVI\u0106, prof.<\/p>\n<p>Na me\u0111u\u017eupanijskom 51. hrvatskom natjecanju u\u010denika i studenata glazbe i plesa&nbsp; &#8211;&nbsp; NATJECANJE U DISCIPLINI SOLO GITARA, Velika Gorica, Umjetni\u010dka \u0161kola Franje Lu\u010di\u0107a, 23. velja\u010de 2013., nastupio je:<br \/>\n16.&nbsp;&nbsp;&nbsp;&nbsp; IVAN DAMJANOVI\u0106, gitara, 2. kategorija, 2. nagrada, 80,00 bodova<br \/>\nMentor: MARIO HUJ<\/p>\n<p>Na dr\u017eavnom 51. hrvatskom natjecanju u\u010denika i studenata glazbe i plesa &#8211; u disciplini SOLO TAMBURE&nbsp; uz klavirsku pratnju u Dubrovniku, 22. o\u017eujka 2013., u disciplini SOLO BRA\u010c uz pratnju klavira nastupio je:<br \/>\n17.&nbsp;&nbsp;&nbsp;&nbsp; MARIN HASANOVI\u0106, 3. kategorija, 2. nagrada, 96,56 bodova<br \/>\nKorepetitor: RAJKO LON\u010cARI\u0106, prof.<br \/>\nMentorica: ANDREA KOPRI LON\u010cARI\u0106, prof.<\/p>\n<p>Na&nbsp; XXXVI. ME\u0110UNARODNOM FESTIVALU HRVATSKE TAMBURA\u0160KE GLAZBE OSIJEK (MFHTG) u Vukovaru, 12. svibnja 2013., nastupio je u Dje\u010dji kategoriji:<br \/>\n18.&nbsp;&nbsp;&nbsp;&nbsp; TAMBURA\u0160KI ORKESTAR&nbsp; OG\u0160 KONTESA DORA&nbsp; i&nbsp; TAMBURA\u0160KOG DRU\u0160TVA \u201cDORA PEJA\u010cEVI\u0106\u201d koji je sa najvi\u0161im ocjenama u svojoj kategoriji,&nbsp; 99 bodova, osvojio Zlatnu plaketu &#8220;Tambura Paje Kolari\u0107a&#8221;. Vokalna solistica u pjesmi \u201cSlavonijo moja, pjesmom me probudi\u201d je bila ANTONIA DUNJKO, Zagreb<br \/>\nDirigentica:&nbsp; MARINA KOPRI, prof.<br \/>\nVoditelj tambura\u0161kog orkestra: DANIEL KOPRI, prof.<\/p>\n<p>Ove \u0161kolske 2012.\/2013. godine na\u0161a \u0161kola je polu\u010dila ukupno 18 nagrada i priznanja sa natjecanja na kojima se moglo bodovima ocijeniti i rangirati na\u0161e u\u010denike. Osim toga, doprinos prepoznatljivosi na\u0161e \u0161kole dali su u\u010denici i njihovi profesori na smotrama, susretima \u0161kola i brojnim Javnim glazbenim satima i koncertima. \u010cestitke svima!<\/p>\n<p>U Na\u0161icama, 28.lipnja 2013.<\/p>\n<p style=\"text-align: justify;\">Ravnateljica:<br \/>\nMarina Kopri,prof.<\/p>\n<p style=\"text-align: center;\"><strong>NA\u0160I USPJESI NA NATJECANJIMA U 2011.\/2012. \u0160KOLSKOJ GODINI<\/strong><\/p>\n<p style=\"text-align: justify;\">49. HRVATSKO NATJECANJE U\u010cENIKA I STUDENATA GLAZBE I PLESA \u2013 DR\u017dAVNO \u2013 OPATIJA \u2013 06.-10. STUDENOG 2011.GODINE<\/p>\n<p>1. Glasovirski duo:&nbsp; KARLA \u017dIHA<br \/>\nLUKA ZIDAR<br \/>\nMentori: Darija Vlajni\u0107, prof.&nbsp; i Sanja Petrovi\u0107, prof. \u2013 98, 10 bodova, I. nagrada<br \/>\n2. Glasovirski duo: REA PINTAR<br \/>\nFABIJAN BRKI\u0106<br \/>\nMentori: Rajko Lon\u010dari\u0107, prof. i Darija Vlajni\u0107, prof.&nbsp; \u2013 95,60 bodova, II. nagrada<br \/>\n3. Tambura\u0161ki komorni sastav 5 \u2013 12 \u010dlanova ( stariji )<br \/>\nMentor: Dean Kopri, mag.gl.ped. \u2013 99,26 bodova , I. nagrada<br \/>\n4. Tambura\u0161ki komorni sastav 5 \u2013 12 \u010dlanova ( mla\u0111i)<br \/>\nMentor: Daniel Kopri, prof.&nbsp; &#8211; 98,24 bodova, I. nagrada<\/p>\n<p>50. HRVATSKO NATJECANJE U\u010cENIKA I STUDENATA GLAZBE I PLESA- REGIONALNO- NA\u0160ICE I SAMOBOR \u2013 24.02.-08.03.2012. GODINE<\/p>\n<p>1.&nbsp; Disciplina klarinet 2. kategorija:<br \/>\nINA MIHALJ&nbsp;&nbsp;&nbsp;&nbsp;&nbsp;&nbsp;&nbsp;&nbsp;&nbsp;&nbsp;&nbsp;&nbsp;&nbsp;&nbsp;&nbsp;&nbsp;&nbsp;&nbsp;&nbsp;&nbsp; &#8211; 67,75 bodova, priznanje<br \/>\nMARTA PLEHAND\u017dI\u0106&nbsp;&nbsp;&nbsp; &#8211;&nbsp; 62,00 boda&nbsp;&nbsp;&nbsp;&nbsp; , priznanje<br \/>\nMentor:&nbsp; Ivan Kraja\u010di\u0107, prof.&nbsp;&nbsp;&nbsp;&nbsp;&nbsp;&nbsp;&nbsp;&nbsp; Korepetitor: Rajko Lon\u010dari\u0107, prof.<br \/>\n2.&nbsp; Disciplina flauta 3. kategorija:<br \/>\nDIANA MIHI\u0106&nbsp;&nbsp;&nbsp;&nbsp;&nbsp;&nbsp;&nbsp;&nbsp;&nbsp;&nbsp;&nbsp;&nbsp;&nbsp;&nbsp;&nbsp;&nbsp;&nbsp; &#8211; 77,00 bodova, III. nagrada<br \/>\nMentor:&nbsp; Ivan Kraja\u010di\u0107, prof.&nbsp;&nbsp;&nbsp;&nbsp;&nbsp;&nbsp;&nbsp;&nbsp; Korepetitor: Rajko Lon\u010dari\u0107, prof.<br \/>\n3.&nbsp; Disciplina truba 1. kategorija:<br \/>\nLUKA VLAJNI\u0106&nbsp;&nbsp;&nbsp;&nbsp;&nbsp;&nbsp;&nbsp;&nbsp;&nbsp;&nbsp;&nbsp;&nbsp;&nbsp;&nbsp;&nbsp;&nbsp; &#8211; 95,40 BODOVA, I. nagrada<br \/>\nMentor: Teodor sucala Matei, prof.&nbsp;&nbsp;&nbsp; Korepetitor: Rajko Lon\u010dari\u0107, prof.<\/p>\n<p>4. Disciplina zbor ( Dje\u010dji vi\u0161eglasni zbor) 2. kategorija &#8211; 93,00 boda,<br \/>\nI. nagrada<br \/>\nDirigentica:&nbsp; Andrea Kopri, prof.&nbsp;&nbsp;&nbsp;&nbsp;&nbsp; Korepetitor: Dean Kopri, mag.gl.ped.<\/p>\n<p>50. HRVATSKO NATJECANJE U\u010cENIKA I STUDENATA GLAZBE I PLESA \u2013 DR\u017dAVNO- VARA\u017dDIN I PRIMO\u0160TEN- 23.-31. 03.2012.GODINE<\/p>\n<p>1.&nbsp; Disciplina truba 1. kategorija:<br \/>\nLUKA VLAJNI\u0106&nbsp;&nbsp;&nbsp;&nbsp;&nbsp;&nbsp;&nbsp;&nbsp;&nbsp;&nbsp;&nbsp;&nbsp;&nbsp;&nbsp;&nbsp;&nbsp; &#8211; 95,10 BODOVA, II. nagrada<br \/>\nMentor: Teodor sucala Matei, prof.&nbsp;&nbsp;&nbsp; Korepetitor: Rajko Lon\u010dari\u0107, prof.<br \/>\n2. Disciplina zbor ( Dje\u010dji vi\u0161eglasni zbor) 2. kategorija \u2013 90,44 bodova<br \/>\nIII. nagrada<br \/>\nDirigentica:&nbsp; Andrea Kopri, prof.&nbsp;&nbsp;&nbsp;&nbsp;&nbsp; Korepetitor: Dean Kopri, mag.gl.ped.<\/p>\n<p>7. ME\u0110UNARODNO NATJECANJE MLADIH PIJANISTA&nbsp; \u201c ZLATKO GRGO\u0160EVI\u0106\u201c \u2013 SESVETE \u2013 15. 05.2012. GODINE<\/p>\n<p>1.&nbsp; KLAVIR :&nbsp; LUKA ZIDAR&nbsp; 3.r.&nbsp;&nbsp; &#8211;&nbsp;&nbsp; III. nagrada<br \/>\nMentor: Sanja Petrovi\u0107, prof.<\/p>\n<p>35.&nbsp; ME\u0110UNARODNI FESTIVAL HRVATSKE TAMBURA\u0160KE GLAZBE \u2013 OSIJEK-<br \/>\nZAVR\u0160NO VE\u010cE FESTIVALA \u2013 NA\u0160ICE &#8211; 20. 05.2012. GODINE<\/p>\n<p>1.&nbsp; TAMBURA\u0160KI ORKESTAR OSNOVNE GLAZBENE \u0160KOLE \u201c KONTESA DORA\u201c I TAMBURA\u0160KOG DRU\u0160TVA \u201c DORA PEJA\u010cEVI\u0106\u201c \u2013 99 bodova<br \/>\nZlatna plaketa \u201c Tambura Paje Kolari\u0107a\u201c<br \/>\n2.&nbsp; Praizvedba Daniela Kopria \u201cTambura\u0161ka pripetavanja\u201c-<br \/>\nSolisti:&nbsp; BARBARA BISTROVI\u0106<br \/>\nJASMIN RAMI\u0106<br \/>\nZlatna plaketa&nbsp; \u201c Tambura Paje Kolari\u0107a\u201c<br \/>\nVokalna solistica : KRISTINA BRKI\u0106, prof.<br \/>\nVokalna pratnja:&nbsp;&nbsp; ANDREA KOPRI, prof.<br \/>\nDirigentica:&nbsp; Marina Kopri, prof.<br \/>\nMentori: Daniel Kopri, prof., Andrea Kopri, prof. i Dean Kopri, mag.gl.ped.<\/p>\n<p style=\"text-align: center;\"><strong>NA\u0160I USPJESI<\/strong><br \/>\nu \u0161k.god. 2010.\/2011.<\/p>\n<p style=\"text-align: justify;\">1. <strong>Na Dr\u017eavnom&nbsp; 48. natjecanju<\/strong> u\u010denika i studenata glazbe u disciplini KOMORNI SASTAVI, Opatija, 5.12.2010., MLA\u0110I TAMBURA\u0160KI <a href=\"http:\/\/kontesadora.hr\/pdf_dokumenti\/odjel_tambure_komorni_sastavi.pdf\" target=\"_blank\" rel=\"noopener noreferrer\">KOMORNI SASTAV<\/a> od 5-12 \u010dlanova u 1. kategoriji osvojio je&nbsp; 3. nagradu&nbsp; sa&nbsp; 94.70 bodova.&nbsp; Mentor DANIEL KOPRI,<\/p>\n<p style=\"text-align: justify;\">2. a STARIJI TAMBURA\u0160KI&nbsp; KOMORNI SASTAV od 5 do 12 \u010dlanova u 1. kategoriji osvojio je&nbsp; 2. nagradu&nbsp; sa&nbsp; 96.66 bodova. Mentorica ANDREA KOPRI.<\/p>\n<p>3.&nbsp; <strong>Na 49. regionalnom&nbsp; natjecanju<\/strong> u\u010denika i studenata glazbe i plesa u Kri\u017eevcima,<br \/>\n5. i&nbsp; 6. 03.2011.god. u disciplini: SOLO TAMBURE UZ PRATNJU GLASOVIRA,<br \/>\nna BISERNICI u 1. kategoriji uspje\u0161ni u\u010denici su:<\/p>\n<p>STELA JAVOR\u010cEK,&nbsp; 92,20 boda,&nbsp; 1. nagrada,&nbsp; nastavnik Andrea Kopri<br \/>\nBARBARA BISTROVI\u0106,&nbsp; 90,78 boda, 1. nagrada,&nbsp; nastavnik Andrea Kopri<br \/>\nIVONA FLAM, 88,40 boda,&nbsp; 2. nagrada, nastavnik Andrea Kopri<\/p>\n<p>na BISERNICI u 2. kategoriji:<br \/>\nJASMIN RAMI\u0106, 91,10 boda, 1. nagrada,&nbsp;&nbsp; nastavnik Andrea Kopri<br \/>\nANA KOZINA,&nbsp; 88,96 boda, 2. nagrada,&nbsp; nastavnik Dean K.Kopri<\/p>\n<p>na BRA\u010cU u 1. kategoriji:<br \/>\nMARIN HASANOVI\u0106,&nbsp; 89,60 boda, 2. nagrada,&nbsp; nastavnik Andrea Kopri<br \/>\nALEN GALINEC, 88,80 boda 2. nagrada,&nbsp; nastavnik Dean K. Kopri<br \/>\nKorepetitor svim natjecateljima je RAJKO LON\u010cARI\u0106, prof.<\/p>\n<p>4. <strong>Na&nbsp; 49. regionalnom natjecanju<\/strong> u disciplini ORKESTRI, 10.03.2011. u Na\u0161icama, TAMBURA\u0160KI ORKESTAR je u 1. kategoriji&nbsp; osvojio 1. nagradu&nbsp; sa&nbsp; 95 boda. Solistica na violini: IVA \u0160ALI\u0106, u\u010denica prof. EVE HUHN iz&nbsp; Glazbene \u0161kole F.Kuha\u010da iz Osijeka.&nbsp; Dirigentica&nbsp; MARINA KOPRI.<\/p>\n<p>5. DJE\u010cJI PJEVA\u010cKI ZBOR&nbsp; je&nbsp; <strong>na \u017eupanijskom&nbsp; natjecanju<\/strong> 12.04.2011. u Beli\u0161\u0107u,<br \/>\nstekao pravo za odlazak na&nbsp; 54. VARA\u017dDINSKE&nbsp; GLAZBENE&nbsp; SVE\u010cANOSTI. Dirigentica ANDREA KOPRI&nbsp; i&nbsp; korepetitor DEAN&nbsp; K. KOPRI.<\/p>\n<p>6.&nbsp; <strong>Na&nbsp; 49. dr\u017eavnom&nbsp; natjecanju<\/strong> u\u010denika i studenata glazbe i plesa u disciplini SOLO TAMBURE UZ PRATNJU GLASOVIRA, u&nbsp; Dubrovniku, 14. 04. 2011.&nbsp; na BISERNICI&nbsp;&nbsp; u 1. kategoriji uspje\u0161ni u\u010denici su:<\/p>\n<p>STELA JAVOR\u010cEK,&nbsp; 97,40 boda, 2. nagrada,&nbsp; nastavnik Andrea Kopri<br \/>\nBARBARA&nbsp; BISTROVI\u0106,&nbsp; 96,56 boda,&nbsp; 2. nagrada, nastavnik Andrea Kopri<\/p>\n<p>a na BISERNICI u 2. kategoriji<br \/>\nJASMIN RAMI\u0106,&nbsp; 96,80 boda, 2. nagrada,&nbsp; nastavnik Andrea Kopri<br \/>\nKorepetitor svim natjecateljima je RAJKO LON\u010cARI\u0106,prof.<\/p>\n<p>DANIEL KOPRI, profesor \u2013 djelatnik na\u0161e glazbene \u0161kole i ove je godine vr\u0161io prosudbu na&nbsp; 49. hrvatskom natjecanju u\u010denika i studenata glazbe i plesa u disciplini tambure&nbsp; na regionalnom u Kri\u017eevcima i na dr\u017eavnom natjecanju u Dubrovniku.<\/p>\n<p>7.&nbsp; <strong>Na 49. dr\u017eavnom natjecanju<\/strong> u\u010denika i studenata glazbe i plesa u Dubrovniku, 15.04.2011.,&nbsp; u disciplini&nbsp; ORKESTRI&nbsp; u 1. kategoriji,&nbsp; TAMBURA\u0160KI ORKESTAR OSNOVNE GLAZBENE \u0160KOLE je osvojio&nbsp; 1. nagradu&nbsp; s 98,06 boda.<br \/>\nSolistica na violini: IVA \u0160ALI\u0106, u\u010denica Glazbene \u0161kole Franje Kuha\u010da Osijek.&nbsp; Dirigentica: MARINA KOPRI.<\/p>\n<p>ORKESTAR OG\u0160&nbsp; i&nbsp; TD \u201cDora Peja\u010devi\u0107\u201d je uz soliste Kristinu Brki\u0107, Andreu Kopri, Kristinu Minarik, Deana Koprija, Marka Galeti\u0107a-gitara, Tomislava \u0160timca-bubnjevi, Rajka Lon\u010dari\u0107a, uspje\u0161no izveo jednosatni zabavni program u Dubrovniku na&nbsp; STRADUNU pred turistima, u subotu, 16.04.2011. od 11 sati.&nbsp; Dirigenti: Marina Kopri i Dean Kopri.<\/p>\n<p>8.&nbsp; DJE\u010cJI PJEVA\u010cKI ZBOR&nbsp;&nbsp; je&nbsp; <strong>na 54. GLAZBENIM&nbsp; SVE\u010cANOSTIMA <\/strong>HRVATSKE&nbsp; MLADE\u017dI&nbsp; u Vara\u017edinu, 12.05.2011., osvojio 3. mjesto \u2013 zlato, s 90,20 bodova u kategoriji: troglasni dje\u010dji zbor starijeg uzrasta osnovnih glazbenih \u0161kola, u konkurenciji od&nbsp; 9 zborova.&nbsp; Dirigentica: ANDREA KOPRI, prof.,&nbsp; korepetitor DEAN KOPRI.<\/p>\n<p>9.&nbsp; <strong>Na&nbsp; Sve\u010danom otvorenju u HNK&nbsp; na&nbsp; XXXIV.&nbsp; Me\u0111unarodnom festivalu<\/strong> hrvatske tambura\u0161ke glazbe u Osijeku, 13.05.2011., Tambura\u0161ki orkestar OG\u0160&nbsp; i TD \u201cDora Peja\u010devi\u0107\u201d izveo je svoj natjecateljski program i osvojio&nbsp; 99 bodova, odnosno Zlatnu plaketu \u201cTambura Paje Kolari\u0107a\u201d.&nbsp; Solisti u praizvedbi su bili: u\u010denici&nbsp; JASMIN RAMI\u0106 \u2013 bisernica&nbsp; i IVAN VULI\u0106 \u2013 berde,&nbsp;&nbsp; a&nbsp; profesorica KRISTINA BRKI\u0106&nbsp; u vokalnoj kompoziciji&nbsp; \u201cDo\u0111i \u017eeljo\u201d Z. Poto\u010dnika.&nbsp; Stru\u010dno povjerenstvo za ocjenjivanje&nbsp; praizvedenih koncertnih skladbi odlu\u010dilo je dodijeliti&nbsp; ZLATNU PLAKETU TAMBURA&nbsp; PAJE&nbsp; KOLARI\u0106A&nbsp; skladatelju DANIELU KOPRIJU&nbsp; za autorski rad<br \/>\n(praizvedbu)&nbsp; \u201cGlazbena skica za bisernicu i berde\u201d.&nbsp; Dirigentica: MARINA KOPRI.<\/p>\n<p>U Na\u0161icama, 24.svibnja 2011.<\/p>\n<p>Ravnateljica:<br \/>\nMarina Kopri, prof.<\/p>\n<p style=\"text-align: center;\">&nbsp;<\/p>\n","protected":false},"excerpt":{"rendered":"<p>&nbsp; &nbsp; &nbsp; &nbsp; &nbsp; &nbsp; &nbsp; &nbsp; &nbsp; &nbsp; &nbsp; &nbsp; &nbsp; &nbsp; &nbsp; &nbsp; &nbsp; &nbsp; &nbsp; &nbsp; &nbsp; &nbsp; &nbsp; &nbsp; &nbsp; &nbsp; &nbsp; &nbsp; &nbsp; &nbsp; &nbsp; &nbsp; &nbsp; &nbsp; &nbsp; &nbsp; &nbsp; &nbsp; &nbsp; &nbsp; &nbsp; &nbsp; &nbsp; &nbsp; &nbsp; &nbsp; &nbsp; &nbsp; &nbsp; &nbsp; &nbsp; &nbsp; &nbsp; &nbsp; &nbsp; &nbsp; &nbsp; &nbsp; &nbsp; &nbsp; [&hellip;]<\/p>\n","protected":false},"author":254,"featured_media":0,"parent":0,"menu_order":2,"comment_status":"closed","ping_status":"open","template":"","meta":{"ngg_post_thumbnail":0},"_links":{"self":[{"href":"https:\/\/kontesadora.hr\/stara\/wp-json\/wp\/v2\/pages\/17"}],"collection":[{"href":"https:\/\/kontesadora.hr\/stara\/wp-json\/wp\/v2\/pages"}],"about":[{"href":"https:\/\/kontesadora.hr\/stara\/wp-json\/wp\/v2\/types\/page"}],"author":[{"embeddable":true,"href":"https:\/\/kontesadora.hr\/stara\/wp-json\/wp\/v2\/users\/254"}],"replies":[{"embeddable":true,"href":"https:\/\/kontesadora.hr\/stara\/wp-json\/wp\/v2\/comments?post=17"}],"version-history":[{"count":41,"href":"https:\/\/kontesadora.hr\/stara\/wp-json\/wp\/v2\/pages\/17\/revisions"}],"predecessor-version":[{"id":12061,"href":"https:\/\/kontesadora.hr\/stara\/wp-json\/wp\/v2\/pages\/17\/revisions\/12061"}],"wp:attachment":[{"href":"https:\/\/kontesadora.hr\/stara\/wp-json\/wp\/v2\/media?parent=17"}],"curies":[{"name":"wp","href":"https:\/\/api.w.org\/{rel}","templated":true}]}}